{"id":1896,"date":"2020-09-19T10:16:12","date_gmt":"2020-09-19T08:16:12","guid":{"rendered":"http:\/\/festival-livre-jeunesse.fr\/2021\/?page_id=1896"},"modified":"2021-01-11T23:32:26","modified_gmt":"2021-01-11T22:32:26","slug":"infos-pratiques","status":"publish","type":"page","link":"https:\/\/festival-livre-jeunesse.fr\/2021\/infos-pratiques\/","title":{"rendered":"infos pratiques"},"content":{"rendered":"\t\t<div data-elementor-type=\"wp-page\" data-elementor-id=\"1896\" class=\"elementor elementor-1896\">\n\t\t\t\t\t\t<section class=\"elementor-section elementor-top-section elementor-element elementor-element-45a7ec3 elementor-section-boxed elementor-section-height-default elementor-section-height-default\" data-id=\"45a7ec3\" data-element_type=\"section\" data-e-type=\"section\">\n\t\t\t\t\t\t<div class=\"elementor-container elementor-column-gap-default\">\n\t\t\t\t\t<div class=\"elementor-column elementor-col-16 elementor-top-column elementor-element elementor-element-c38469f\" data-id=\"c38469f\" data-element_type=\"column\" data-e-type=\"column\">\n\t\t\t<div class=\"elementor-widget-wrap\">\n\t\t\t\t\t\t\t<\/div>\n\t\t<\/div>\n\t\t\t\t<div class=\"elementor-column elementor-col-66 elementor-top-column elementor-element elementor-element-3872057\" data-id=\"3872057\" data-element_type=\"column\" data-e-type=\"column\">\n\t\t\t<div class=\"elementor-widget-wrap elementor-element-populated\">\n\t\t\t\t\t\t<div class=\"elementor-element elementor-element-d4aa320 elementor-widget elementor-widget-text-editor\" data-id=\"d4aa320\" data-element_type=\"widget\" data-e-type=\"widget\" data-widget_type=\"text-editor.default\">\n\t\t\t\t<div class=\"elementor-widget-container\">\n\t\t\t\t\t\t\t\t\t<h5><strong>Dates<\/strong><\/h5><p>* Journ\u00e9e scolaire : vendredi 29 janvier 2021 dans les classes<br class=\"autobr\" \/>* Journ\u00e9e professionnelle : vendredi 29 janvier en visioconf\u00e9rence<br class=\"autobr\" \/>* ateliers ouverts au public : samedi 30 et dimanche 31 janvier <br class=\"autobr\" \/><br class=\"autobr\" \/><\/p><h5><strong>Horaires<\/strong><\/h5><p><strong>A Saint-Orens de gameville\u00a0 <\/strong><\/p><ul><li>samedi 30 et dimanche 31 \u00e0 la m\u00e9diath\u00e8que et \u00e0 l&rsquo;espace Altigone,<strong style=\"font-size: 16px;\">\u00a0\u00a0<\/strong><\/li><\/ul><p><strong>Hors les murs<\/strong><\/p><ul><li>sur radio Cave Po&rsquo;<\/li><li>dans les librairies et les m\u00e9diath\u00e8ques partenaires,<\/li><li>sur les sites-animations\u00a0 propos\u00e9s par des partenaires<\/li><\/ul>\t\t\t\t\t\t\t\t<\/div>\n\t\t\t\t<\/div>\n\t\t\t\t<div class=\"elementor-element elementor-element-8d06058 elementor-widget-divider--view-line elementor-widget elementor-widget-divider\" data-id=\"8d06058\" data-element_type=\"widget\" data-e-type=\"widget\" data-widget_type=\"divider.default\">\n\t\t\t\t<div class=\"elementor-widget-container\">\n\t\t\t\t\t\t\t<div class=\"elementor-divider\">\n\t\t\t<span class=\"elementor-divider-separator\">\n\t\t\t\t\t\t<\/span>\n\t\t<\/div>\n\t\t\t\t\t\t<\/div>\n\t\t\t\t<\/div>\n\t\t\t\t<div class=\"elementor-element elementor-element-e024646 elementor-widget elementor-widget-text-editor\" data-id=\"e024646\" data-element_type=\"widget\" data-e-type=\"widget\" data-widget_type=\"text-editor.default\">\n\t\t\t\t<div class=\"elementor-widget-container\">\n\t\t\t\t\t\t\t\t\t<p style=\"font-size: 12px; font-style: normal; font-weight: 400;\"><span style=\"font-weight: 400;\">Le festival <\/span>sera actif (pr\u00e9sentiel ou virtuel) dans les <span style=\"font-size: 12px; font-weight: bold;\">communes de Toulouse<\/span>\u00a0<span style=\"font-size: 12px; font-weight: bold;\">M\u00e9tropole:<\/span> les m\u00e9diath\u00e8ques, La Cit\u00e9 de l\u2019espace, le Mus\u00e9um d\u2019histoire naturelle, le Quai des savoirs, la Cave Po\u00e9sie&#8230; \u00e0 travers des expositions, des rencontres dans les librairies&#8230;\u00a0<\/p><p style=\"font-size: 12px; font-style: normal; font-weight: 400;\">Ces lieux et ce qui s\u2019y passe seront indiqu\u00e9s dans la carte ci-apr\u00e8s :\u00a0<\/p>\t\t\t\t\t\t\t\t<\/div>\n\t\t\t\t<\/div>\n\t\t\t\t\t<\/div>\n\t\t<\/div>\n\t\t\t\t<div class=\"elementor-column elementor-col-16 elementor-top-column elementor-element elementor-element-e5f1743\" data-id=\"e5f1743\" data-element_type=\"column\" data-e-type=\"column\">\n\t\t\t<div class=\"elementor-widget-wrap elementor-element-populated\">\n\t\t\t\t\t\t<div class=\"elementor-element elementor-element-2b71827 elementor-widget elementor-widget-toggle\" data-id=\"2b71827\" data-element_type=\"widget\" data-e-type=\"widget\" data-widget_type=\"toggle.default\">\n\t\t\t\t<div class=\"elementor-widget-container\">\n\t\t\t\t\t\t\t<div class=\"elementor-toggle\">\n\t\t\t\t\t\t\t<div class=\"elementor-toggle-item\">\n\t\t\t\t\t<div id=\"elementor-tab-title-4551\" class=\"elementor-tab-title\" data-tab=\"1\" role=\"button\" aria-controls=\"elementor-tab-content-4551\" aria-expanded=\"false\">\n\t\t\t\t\t\t\t\t\t\t\t\t<span class=\"elementor-toggle-icon elementor-toggle-icon-left\" aria-hidden=\"true\">\n\t\t\t\t\t\t\t\t\t\t\t\t\t\t\t<span class=\"elementor-toggle-icon-closed\"><i class=\"fas fa-caret-right\"><\/i><\/span>\n\t\t\t\t\t\t\t\t<span class=\"elementor-toggle-icon-opened\"><i class=\"elementor-toggle-icon-opened fas fa-caret-up\"><\/i><\/span>\n\t\t\t\t\t\t\t\t\t\t\t\t\t<\/span>\n\t\t\t\t\t\t\t\t\t\t\t\t<a class=\"elementor-toggle-title\" tabindex=\"0\">Qui sommes-nous?<\/a>\n\t\t\t\t\t<\/div>\n\n\t\t\t\t\t<div id=\"elementor-tab-content-4551\" class=\"elementor-tab-content elementor-clearfix\" data-tab=\"1\" role=\"region\" aria-labelledby=\"elementor-tab-title-4551\"><p style=\"text-align: left;\">Le Festival du Livre de Jeunesse Occitanie est organis\u00e9 par l\u2019association FLJ, cr\u00e9\u00e9e en juin 2002 avec comme objectifs la lutte contre l\u2019illettrisme, le d\u00e9veloppement de la lecture et de l\u2019\u00e9criture et la promotion de la litt\u00e9rature jeunesse. Pour cela, elle m\u00e8ne des initiatives diverses dans l\u2019agglom\u00e9ration toulousaine et en r\u00e9gion en amont des trois journ\u00e9es qui sont le temps fort du festival : \u2022 une journ\u00e9e scolaire : temps de m\u00e9diation autour du livre o\u00f9 des classes rencontrent des auteurs et des illustrateurs, \u2022 une journ\u00e9e professionnelle : temps d\u2019\u00e9changes, de d\u00e9bats et de rencontres s\u2019adressant aux acteurs de la cha\u00eene du livre (auteurs, libraires, \u00e9diteurs, biblioth\u00e9caires, etc.), de l\u2019\u00e9ducation, de la culture et plus globalement, \u00e0 toute personne s\u2019int\u00e9ressant \u00e0 la litt\u00e9rature jeunesse, \u2022 deux journ\u00e9es de f\u00eate du livre : invitation d\u2019auteurs, d\u2019illustrateurs, d\u2019\u00e9diteurs, organisation de d\u00e9bats, de rencontres, de spectacles, d\u2019ateliers, pr\u00e9sence d\u2019une librairie jeunesse riche de plus de 30000 titres repr\u00e9sentant plus de 200 \u00e9diteurs. En outre, l\u2019association du Festival d\u00e9veloppe des actions culturelles d\u00e8s le mois de novembre avec l\u2019organisation d\u2019un Prix des Enfants du Livre en partenariat avec les CLAE de l\u2019Amicale La\u00efque de Saint-Orens, un jeu-concours d\u2019affiches avec la biblioth\u00e8que de St Orens de Gameville, puis tout au long des mois de d\u00e9cembre et janvier avec des initiatives litt\u00e9raires men\u00e9es en partenariat avec des acteurs du livre et de la culture r\u00e9gionaux. Le Festival du Livre de Jeunesse Occitanie est devenu un \u00e9v\u00e9nement litt\u00e9raire attendu tant du public, des enseignants que des professionnels du livre et de la culture.<\/p><\/div><\/div><\/div><\/div><\/div><\/div><\/div><\/div><\/section><\/div> &hellip;<p class=\"ast-the-content-more-link\"> <a class=\"\" href=\"https:\/\/festival-livre-jeunesse.fr\/2021\/infos-pratiques\/\"> <span class=\"screen-reader-text\">infos pratiques<\/span>Lire la suite\u00a0\u00bb<\/a><\/p>","protected":false},"excerpt":{"rendered":"<p>Dates * Journ\u00e9e scolaire : vendredi 29 janvier 2021 dans les classes* Journ\u00e9e professionnelle : vendredi 29 janvier en visioconf\u00e9rence* ateliers ouverts au public : samedi 30 et dimanche 31 janvier Horaires A Saint-Orens de gameville\u00a0 samedi 30 et dimanche 31 \u00e0 la m\u00e9diath\u00e8que et \u00e0 l&rsquo;espace Altigone,\u00a0\u00a0 Hors les murs sur radio Cave Po&rsquo; &hellip;<\/p>\n<p class=\"read-more\"> <a class=\"\" href=\"https:\/\/festival-livre-jeunesse.fr\/2021\/infos-pratiques\/\"> <span class=\"screen-reader-text\">infos pratiques<\/span> Lire la suite\u00a0\u00bb<\/a><\/p>\n","protected":false},"author":1,"featured_media":0,"parent":0,"menu_order":0,"comment_status":"closed","ping_status":"closed","template":"","meta":{"_uag_custom_page_level_css":"","footnotes":""},"class_list":["post-1896","page","type-page","status-publish","hentry"],"yoast_head":"<!-- This site is optimized with the Yoast SEO plugin v25.3.1 - https:\/\/yoast.com\/wordpress\/plugins\/seo\/ -->\n<title>infos pratiques - Festival du Livre de Jeunesse Occitanie<\/title>\n<meta name=\"robots\" content=\"index, follow, max-snippet:-1, max-image-preview:large, max-video-preview:-1\" \/>\n<link rel=\"canonical\" href=\"https:\/\/festival-livre-jeunesse.fr\/2021\/infos-pratiques\/\" \/>\n<meta property=\"og:locale\" content=\"fr_FR\" \/>\n<meta property=\"og:type\" content=\"article\" \/>\n<meta property=\"og:title\" content=\"infos pratiques - Festival du Livre de Jeunesse Occitanie\" \/>\n<meta property=\"og:description\" content=\"Dates * Journ\u00e9e scolaire : vendredi 29 janvier 2021 dans les classes* Journ\u00e9e professionnelle : vendredi 29 janvier en visioconf\u00e9rence* ateliers ouverts au public : samedi 30 et dimanche 31 janvier Horaires A Saint-Orens de gameville\u00a0 samedi 30 et dimanche 31 \u00e0 la m\u00e9diath\u00e8que et \u00e0 l&rsquo;espace Altigone,\u00a0\u00a0 Hors les murs sur radio Cave Po&rsquo; &hellip; infos pratiques Lire la suite\u00a0\u00bb\" \/>\n<meta property=\"og:url\" content=\"https:\/\/festival-livre-jeunesse.fr\/2021\/infos-pratiques\/\" \/>\n<meta property=\"og:site_name\" content=\"Festival du Livre de Jeunesse Occitanie\" \/>\n<meta property=\"article:modified_time\" content=\"2021-01-11T22:32:26+00:00\" \/>\n<meta name=\"twitter:card\" content=\"summary_large_image\" \/>\n<meta name=\"twitter:label1\" content=\"Dur\u00e9e de lecture estim\u00e9e\" \/>\n\t<meta name=\"twitter:data1\" content=\"3 minutes\" \/>\n<script type=\"application\/ld+json\" class=\"yoast-schema-graph\">{\"@context\":\"https:\/\/schema.org\",\"@graph\":[{\"@type\":\"WebPage\",\"@id\":\"https:\/\/festival-livre-jeunesse.fr\/2021\/infos-pratiques\/\",\"url\":\"https:\/\/festival-livre-jeunesse.fr\/2021\/infos-pratiques\/\",\"name\":\"infos pratiques - Festival du Livre de Jeunesse Occitanie\",\"isPartOf\":{\"@id\":\"https:\/\/festival-livre-jeunesse.fr\/2021\/#website\"},\"datePublished\":\"2020-09-19T08:16:12+00:00\",\"dateModified\":\"2021-01-11T22:32:26+00:00\",\"breadcrumb\":{\"@id\":\"https:\/\/festival-livre-jeunesse.fr\/2021\/infos-pratiques\/#breadcrumb\"},\"inLanguage\":\"fr-FR\",\"potentialAction\":[{\"@type\":\"ReadAction\",\"target\":[\"https:\/\/festival-livre-jeunesse.fr\/2021\/infos-pratiques\/\"]}]},{\"@type\":\"BreadcrumbList\",\"@id\":\"https:\/\/festival-livre-jeunesse.fr\/2021\/infos-pratiques\/#breadcrumb\",\"itemListElement\":[{\"@type\":\"ListItem\",\"position\":1,\"name\":\"Accueil\",\"item\":\"https:\/\/festival-livre-jeunesse.fr\/2021\/\"},{\"@type\":\"ListItem\",\"position\":2,\"name\":\"infos pratiques\"}]},{\"@type\":\"WebSite\",\"@id\":\"https:\/\/festival-livre-jeunesse.fr\/2021\/#website\",\"url\":\"https:\/\/festival-livre-jeunesse.fr\/2021\/\",\"name\":\"Festival du Livre de Jeunesse Occitanie\",\"description\":\"19\u00e8me \u00e9dition\",\"potentialAction\":[{\"@type\":\"SearchAction\",\"target\":{\"@type\":\"EntryPoint\",\"urlTemplate\":\"https:\/\/festival-livre-jeunesse.fr\/2021\/?s={search_term_string}\"},\"query-input\":{\"@type\":\"PropertyValueSpecification\",\"valueRequired\":true,\"valueName\":\"search_term_string\"}}],\"inLanguage\":\"fr-FR\"}]}<\/script>\n<!-- \/ Yoast SEO plugin. -->","yoast_head_json":{"title":"infos pratiques - Festival du Livre de Jeunesse Occitanie","robots":{"index":"index","follow":"follow","max-snippet":"max-snippet:-1","max-image-preview":"max-image-preview:large","max-video-preview":"max-video-preview:-1"},"canonical":"https:\/\/festival-livre-jeunesse.fr\/2021\/infos-pratiques\/","og_locale":"fr_FR","og_type":"article","og_title":"infos pratiques - Festival du Livre de Jeunesse Occitanie","og_description":"Dates * Journ\u00e9e scolaire : vendredi 29 janvier 2021 dans les classes* Journ\u00e9e professionnelle : vendredi 29 janvier en visioconf\u00e9rence* ateliers ouverts au public : samedi 30 et dimanche 31 janvier Horaires A Saint-Orens de gameville\u00a0 samedi 30 et dimanche 31 \u00e0 la m\u00e9diath\u00e8que et \u00e0 l&rsquo;espace Altigone,\u00a0\u00a0 Hors les murs sur radio Cave Po&rsquo; &hellip; infos pratiques Lire la suite\u00a0\u00bb","og_url":"https:\/\/festival-livre-jeunesse.fr\/2021\/infos-pratiques\/","og_site_name":"Festival du Livre de Jeunesse Occitanie","article_modified_time":"2021-01-11T22:32:26+00:00","twitter_card":"summary_large_image","twitter_misc":{"Dur\u00e9e de lecture estim\u00e9e":"3 minutes"},"schema":{"@context":"https:\/\/schema.org","@graph":[{"@type":"WebPage","@id":"https:\/\/festival-livre-jeunesse.fr\/2021\/infos-pratiques\/","url":"https:\/\/festival-livre-jeunesse.fr\/2021\/infos-pratiques\/","name":"infos pratiques - Festival du Livre de Jeunesse Occitanie","isPartOf":{"@id":"https:\/\/festival-livre-jeunesse.fr\/2021\/#website"},"datePublished":"2020-09-19T08:16:12+00:00","dateModified":"2021-01-11T22:32:26+00:00","breadcrumb":{"@id":"https:\/\/festival-livre-jeunesse.fr\/2021\/infos-pratiques\/#breadcrumb"},"inLanguage":"fr-FR","potentialAction":[{"@type":"ReadAction","target":["https:\/\/festival-livre-jeunesse.fr\/2021\/infos-pratiques\/"]}]},{"@type":"BreadcrumbList","@id":"https:\/\/festival-livre-jeunesse.fr\/2021\/infos-pratiques\/#breadcrumb","itemListElement":[{"@type":"ListItem","position":1,"name":"Accueil","item":"https:\/\/festival-livre-jeunesse.fr\/2021\/"},{"@type":"ListItem","position":2,"name":"infos pratiques"}]},{"@type":"WebSite","@id":"https:\/\/festival-livre-jeunesse.fr\/2021\/#website","url":"https:\/\/festival-livre-jeunesse.fr\/2021\/","name":"Festival du Livre de Jeunesse Occitanie","description":"19\u00e8me \u00e9dition","potentialAction":[{"@type":"SearchAction","target":{"@type":"EntryPoint","urlTemplate":"https:\/\/festival-livre-jeunesse.fr\/2021\/?s={search_term_string}"},"query-input":{"@type":"PropertyValueSpecification","valueRequired":true,"valueName":"search_term_string"}}],"inLanguage":"fr-FR"}]}},"uagb_featured_image_src":{"full":false,"thumbnail":false,"medium":false,"medium_large":false,"large":false,"1536x1536":false,"2048x2048":false},"uagb_author_info":{"display_name":"festival","author_link":"https:\/\/festival-livre-jeunesse.fr\/2021\/author\/festival\/"},"uagb_comment_info":0,"uagb_excerpt":"Dates * Journ\u00e9e scolaire : vendredi 29 janvier 2021 dans les classes* Journ\u00e9e professionnelle : vendredi 29 janvier en visioconf\u00e9rence* ateliers ouverts au public : samedi 30 et dimanche 31 janvier Horaires A Saint-Orens de gameville\u00a0 samedi 30 et dimanche 31 \u00e0 la m\u00e9diath\u00e8que et \u00e0 l&rsquo;espace Altigone,\u00a0\u00a0 Hors les murs sur radio Cave Po&rsquo;\u2026","_links":{"self":[{"href":"https:\/\/festival-livre-jeunesse.fr\/2021\/wp-json\/wp\/v2\/pages\/1896","targetHints":{"allow":["GET"]}}],"collection":[{"href":"https:\/\/festival-livre-jeunesse.fr\/2021\/wp-json\/wp\/v2\/pages"}],"about":[{"href":"https:\/\/festival-livre-jeunesse.fr\/2021\/wp-json\/wp\/v2\/types\/page"}],"author":[{"embeddable":true,"href":"https:\/\/festival-livre-jeunesse.fr\/2021\/wp-json\/wp\/v2\/users\/1"}],"replies":[{"embeddable":true,"href":"https:\/\/festival-livre-jeunesse.fr\/2021\/wp-json\/wp\/v2\/comments?post=1896"}],"version-history":[{"count":65,"href":"https:\/\/festival-livre-jeunesse.fr\/2021\/wp-json\/wp\/v2\/pages\/1896\/revisions"}],"predecessor-version":[{"id":5081,"href":"https:\/\/festival-livre-jeunesse.fr\/2021\/wp-json\/wp\/v2\/pages\/1896\/revisions\/5081"}],"wp:attachment":[{"href":"https:\/\/festival-livre-jeunesse.fr\/2021\/wp-json\/wp\/v2\/media?parent=1896"}],"curies":[{"name":"wp","href":"https:\/\/api.w.org\/{rel}","templated":true}]}}