{"id":208,"date":"2020-09-01T15:30:48","date_gmt":"2020-09-01T13:30:48","guid":{"rendered":"http:\/\/festival-livre-jeunesse.fr\/2021\/?page_id=208"},"modified":"2021-01-18T11:40:19","modified_gmt":"2021-01-18T10:40:19","slug":"anne-brouillard-2","status":"publish","type":"page","link":"https:\/\/festival-livre-jeunesse.fr\/2021\/auteurs\/anne-brouillard-2\/","title":{"rendered":"Anne Brouillard"},"content":{"rendered":"\t\t<div data-elementor-type=\"wp-page\" data-elementor-id=\"208\" class=\"elementor elementor-208\">\n\t\t\t\t\t\t<section class=\"elementor-section elementor-top-section elementor-element elementor-element-0a65f2e elementor-section-boxed elementor-section-height-default elementor-section-height-default\" data-id=\"0a65f2e\" data-element_type=\"section\" data-e-type=\"section\">\n\t\t\t\t\t\t<div class=\"elementor-container elementor-column-gap-default\">\n\t\t\t\t\t<div class=\"elementor-column elementor-col-100 elementor-top-column elementor-element elementor-element-72cade9\" data-id=\"72cade9\" data-element_type=\"column\" data-e-type=\"column\">\n\t\t\t<div class=\"elementor-widget-wrap elementor-element-populated\">\n\t\t\t\t\t\t<div class=\"elementor-element elementor-element-363d029 elementor-widget elementor-widget-spacer\" data-id=\"363d029\" data-element_type=\"widget\" data-e-type=\"widget\" data-widget_type=\"spacer.default\">\n\t\t\t\t<div class=\"elementor-widget-container\">\n\t\t\t\t\t\t\t<div class=\"elementor-spacer\">\n\t\t\t<div class=\"elementor-spacer-inner\"><\/div>\n\t\t<\/div>\n\t\t\t\t\t\t<\/div>\n\t\t\t\t<\/div>\n\t\t\t\t\t<\/div>\n\t\t<\/div>\n\t\t\t\t\t<\/div>\n\t\t<\/section>\n\t\t\t\t<section class=\"elementor-section elementor-top-section elementor-element elementor-element-b06c28b elementor-section-boxed elementor-section-height-default elementor-section-height-default\" data-id=\"b06c28b\" data-element_type=\"section\" data-e-type=\"section\">\n\t\t\t\t\t\t<div class=\"elementor-container elementor-column-gap-default\">\n\t\t\t\t\t<div class=\"elementor-column elementor-col-50 elementor-top-column elementor-element elementor-element-f615377\" data-id=\"f615377\" data-element_type=\"column\" data-e-type=\"column\">\n\t\t\t<div class=\"elementor-widget-wrap elementor-element-populated\">\n\t\t\t\t\t\t<div class=\"elementor-element elementor-element-9dddcb5 elementor-widget elementor-widget-image\" data-id=\"9dddcb5\" data-element_type=\"widget\" data-e-type=\"widget\" data-widget_type=\"image.default\">\n\t\t\t\t<div class=\"elementor-widget-container\">\n\t\t\t\t\t\t\t\t\t\t\t\t\t\t\t<img fetchpriority=\"high\" decoding=\"async\" width=\"400\" height=\"528\" src=\"https:\/\/festival-livre-jeunesse.fr\/2021\/wp-content\/uploads\/2020\/08\/Anne-Brouillard.png\" class=\"attachment-full size-full wp-image-110\" alt=\"\" srcset=\"https:\/\/festival-livre-jeunesse.fr\/2021\/wp-content\/uploads\/2020\/08\/Anne-Brouillard.png 400w, https:\/\/festival-livre-jeunesse.fr\/2021\/wp-content\/uploads\/2020\/08\/Anne-Brouillard-227x300.png 227w\" sizes=\"(max-width: 400px) 100vw, 400px\" \/>\t\t\t\t\t\t\t\t\t\t\t\t\t\t\t<\/div>\n\t\t\t\t<\/div>\n\t\t\t\t\t<\/div>\n\t\t<\/div>\n\t\t\t\t<div class=\"elementor-column elementor-col-50 elementor-top-column elementor-element elementor-element-c0ede70\" data-id=\"c0ede70\" data-element_type=\"column\" data-e-type=\"column\">\n\t\t\t<div class=\"elementor-widget-wrap elementor-element-populated\">\n\t\t\t\t\t\t<div class=\"elementor-element elementor-element-974beb2 elementor-widget elementor-widget-heading\" data-id=\"974beb2\" data-element_type=\"widget\" data-e-type=\"widget\" data-widget_type=\"heading.default\">\n\t\t\t\t<div class=\"elementor-widget-container\">\n\t\t\t\t\t<h1 class=\"elementor-heading-title elementor-size-xl\">Anne BROUILLARD<\/h1>\t\t\t\t<\/div>\n\t\t\t\t<\/div>\n\t\t\t\t<div class=\"elementor-element elementor-element-7481c88 elementor-widget elementor-widget-text-editor\" data-id=\"7481c88\" data-element_type=\"widget\" data-e-type=\"widget\" data-widget_type=\"text-editor.default\">\n\t\t\t\t<div class=\"elementor-widget-container\">\n\t\t\t\t\t\t\t\t\t<p>Anne Brouillard est auteur-illustratrice. N\u00e9e en Belgique en 1967 \u00e0 Leuven, d&rsquo;une m\u00e8re su\u00e9doise et d&rsquo;un p\u00e8re belge, elle y grandit et suit quelques ann\u00e9es plus tard des \u00e9tudes artistiques \u00e0 l&rsquo;Institut Saint-Luc \u00e0 Bruxelles. Elle publie son premier album en 1990. Cet ouvrage intitul\u00e9 <em>Les trois chats<\/em> est tr\u00e8s vite reconnu. Il est annonciateur du talent d&rsquo;Anne Brouillard et se voit rapidement \u00e9dit\u00e9 en Allemagne et aux Etats-Unis.<\/p><p>En 1993, <em>Le sourire au loup<\/em>, son quatri\u00e8me livre, est couronn\u00e9 au salon de Bologne et obtient ensuite le prix de la Pomme d&rsquo;Or \u00e0 la biennale de Bratislava. Enfin en 1994 il obtient le prix Maeterlink.<\/p><p>Elle est reconnue par la critique par la singularit\u00e9 de son univers et ses livres inclassables (entre l&rsquo;album, la BD ou le conte). Certains th\u00e8mes sont r\u00e9currents dans son oeuvre\u00a0: le voyage, la nature et les \u00eatres vivants<sup id=\"cite_ref-pays_2-1\" class=\"reference\"><a href=\"https:\/\/fr.wikipedia.org\/wiki\/Anne_Brouillard#cite_note-pays-2\">2<\/a><\/sup><sup class=\"reference cite_virgule\">,<\/sup><sup id=\"cite_ref-:1_7-1\" class=\"reference\"><a href=\"https:\/\/fr.wikipedia.org\/wiki\/Anne_Brouillard#cite_note-:1-7\">7<\/a><\/sup><sup class=\"reference cite_virgule\">,<\/sup><sup id=\"cite_ref-:2_9-0\" class=\"reference\"><a href=\"https:\/\/fr.wikipedia.org\/wiki\/Anne_Brouillard#cite_note-:2-9\">9<\/a><\/sup><sup class=\"reference cite_virgule\">,<\/sup><sup id=\"cite_ref-10\" class=\"reference\"><a href=\"https:\/\/fr.wikipedia.org\/wiki\/Anne_Brouillard#cite_note-10\">10<\/a><\/sup>.<\/p><p>En 2020, elle est s\u00e9lectionn\u00e9e pour le prestigieux prix international su\u00e9dois, le\u00a0<a title=\"Prix comm\u00e9moratif Astrid-Lindgren\" href=\"https:\/\/fr.wikipedia.org\/wiki\/Prix_comm%C3%A9moratif_Astrid-Lindgren\">Prix comm\u00e9moratif Astrid-Lindgren<\/a><sup id=\"cite_ref-almase_11-0\" class=\"reference\"><a href=\"https:\/\/fr.wikipedia.org\/wiki\/Anne_Brouillard#cite_note-almase-11\">11<\/a><\/sup>, et est \u00e9galement l&rsquo;artiste s\u00e9lectionn\u00e9e pour repr\u00e9senter son pays, la Belgique, pour le\u00a0<a title=\"Prix Hans-Christian-Andersen\" href=\"https:\/\/fr.wikipedia.org\/wiki\/Prix_Hans-Christian-Andersen\">Prix Hans-Christian-Andersen<\/a>\u00a02020, dans la cat\u00e9gorie Illustration<sup id=\"cite_ref-prixhca2020_12-0\" class=\"reference\"><a href=\"https:\/\/fr.wikipedia.org\/wiki\/Anne_Brouillard#cite_note-prixhca2020-12\">12<\/a><\/sup>, prix international danois.<\/p><p>\u00a0<\/p><h1><u>Les derni\u00e8res parutions<\/u><\/h1><ul><li>Les \u00eeles : le pays des Chintiens, Editions l\u2019Ecole des Loisirs<\/li><li>\u00a0La grande for\u00eat : le pays des Chintiens,\u00a0 Editions l\u2019Ecole des Loisirs<\/li><li>\u00a0Les aventuriers du soir,\u00a0Editions l\u2019Ecole des Loisirs<\/li><\/ul>\t\t\t\t\t\t\t\t<\/div>\n\t\t\t\t<\/div>\n\t\t\t\t\t<\/div>\n\t\t<\/div>\n\t\t\t\t\t<\/div>\n\t\t<\/section>\n\t\t\t\t<section class=\"elementor-section elementor-top-section elementor-element elementor-element-fce000f elementor-section-boxed elementor-section-height-default elementor-section-height-default\" data-id=\"fce000f\" data-element_type=\"section\" data-e-type=\"section\">\n\t\t\t\t\t\t<div class=\"elementor-container elementor-column-gap-wide\">\n\t\t\t\t\t<div class=\"elementor-column elementor-col-50 elementor-top-column elementor-element elementor-element-b750dad\" data-id=\"b750dad\" data-element_type=\"column\" data-e-type=\"column\">\n\t\t\t<div class=\"elementor-widget-wrap elementor-element-populated\">\n\t\t\t\t\t\t<div class=\"elementor-element elementor-element-fc440e6 elementor-widget elementor-widget-text-editor\" data-id=\"fc440e6\" data-element_type=\"widget\" data-e-type=\"widget\" data-widget_type=\"text-editor.default\">\n\t\t\t\t<div class=\"elementor-widget-container\">\n\t\t\t\t\t\t\t\t\t<h5>Quelques distinctions<\/h5><ul><li>1993\u00a0:\u00a0<span class=\"flagicon\"><a class=\"image\" title=\"Drapeau\u00a0: Slovaquie\" href=\"https:\/\/commons.wikimedia.org\/wiki\/File:Flag_of_Slovakia.svg?uselang=fr\"><img decoding=\"async\" class=\"noviewer thumbborder\" src=\"https:\/\/upload.wikimedia.org\/wikipedia\/commons\/thumb\/e\/e6\/Flag_of_Slovakia.svg\/20px-Flag_of_Slovakia.svg.png\" srcset=\"\/\/upload.wikimedia.org\/wikipedia\/commons\/thumb\/e\/e6\/Flag_of_Slovakia.svg\/30px-Flag_of_Slovakia.svg.png 1.5x, \/\/upload.wikimedia.org\/wikipedia\/commons\/thumb\/e\/e6\/Flag_of_Slovakia.svg\/40px-Flag_of_Slovakia.svg.png 2x\" alt=\"Drapeau\u00a0: Slovaquie\" width=\"20\" height=\"13\" data-file-width=\"512\" data-file-height=\"341\" \/><\/a><\/span>\u00a0:\u00a0<a title=\"Pomme d'Or de Bratislava\" href=\"https:\/\/fr.wikipedia.org\/wiki\/Pomme_d%27Or_de_Bratislava\">Pomme d&rsquo;Or de Bratislava<\/a><sup id=\"cite_ref-pomme_5-1\" class=\"reference\"><a href=\"https:\/\/fr.wikipedia.org\/wiki\/Anne_Brouillard#cite_note-pomme-5\">5<\/a><\/sup>, lors de la\u00a0<a title=\"Biennale d'illustration de Bratislava\" href=\"https:\/\/fr.wikipedia.org\/wiki\/Biennale_d%27illustration_de_Bratislava\">Biennale d&rsquo;illustration de Bratislava<\/a>, pour\u00a0<i>Le Sourire du loup<\/i><\/li><li>1993\u00a0:\u00a0<span class=\"flagicon\"><a class=\"image\" title=\"Drapeau\u00a0: Italie\" href=\"https:\/\/commons.wikimedia.org\/wiki\/File:Flag_of_Italy.svg?uselang=fr\"><img decoding=\"async\" class=\"noviewer thumbborder\" src=\"https:\/\/upload.wikimedia.org\/wikipedia\/commons\/thumb\/0\/03\/Flag_of_Italy.svg\/20px-Flag_of_Italy.svg.png\" srcset=\"\/\/upload.wikimedia.org\/wikipedia\/commons\/thumb\/0\/03\/Flag_of_Italy.svg\/30px-Flag_of_Italy.svg.png 1.5x, \/\/upload.wikimedia.org\/wikipedia\/commons\/thumb\/0\/03\/Flag_of_Italy.svg\/40px-Flag_of_Italy.svg.png 2x\" alt=\"Drapeau\u00a0: Italie\" width=\"20\" height=\"13\" data-file-width=\"1500\" data-file-height=\"1000\" \/><\/a><\/span>\u00a0\u00ab\u00a0Mention\u00a0\u00bb Premio Grafico Fiera di Bologna per l&rsquo;Infanzia de la\u00a0<a title=\"Foire du livre de jeunesse de Bologne\" href=\"https:\/\/fr.wikipedia.org\/wiki\/Foire_du_livre_de_jeunesse_de_Bologne\">Foire du livre de jeunesse de Bologne<\/a><sup id=\"cite_ref-bologne1993_4-1\" class=\"reference\"><a href=\"https:\/\/fr.wikipedia.org\/wiki\/Anne_Brouillard#cite_note-bologne1993-4\">4<\/a><\/sup>\u00a0(Italie) pour\u00a0<i>Le sourire du loup<\/i><\/li><li>1994\u00a0: Prix Maeterlinck pour\u00a0<i>Le sourire du loup<\/i><\/li><li>2000\u00a0:\u00a0<span class=\"flagicon\"><a class=\"image\" title=\"Drapeau\u00a0: Italie\" href=\"https:\/\/commons.wikimedia.org\/wiki\/File:Flag_of_Italy.svg?uselang=fr\"><img decoding=\"async\" class=\"noviewer thumbborder\" src=\"https:\/\/upload.wikimedia.org\/wikipedia\/commons\/thumb\/0\/03\/Flag_of_Italy.svg\/20px-Flag_of_Italy.svg.png\" srcset=\"\/\/upload.wikimedia.org\/wikipedia\/commons\/thumb\/0\/03\/Flag_of_Italy.svg\/30px-Flag_of_Italy.svg.png 1.5x, \/\/upload.wikimedia.org\/wikipedia\/commons\/thumb\/0\/03\/Flag_of_Italy.svg\/40px-Flag_of_Italy.svg.png 2x\" alt=\"Drapeau\u00a0: Italie\" width=\"20\" height=\"13\" data-file-width=\"1500\" data-file-height=\"1000\" \/><\/a><\/span>\u00a0\u00ab\u00a0Mention\u00a0\u00bb Fiction Young Adults de la\u00a0<a title=\"Foire du livre de jeunesse de Bologne\" href=\"https:\/\/fr.wikipedia.org\/wiki\/Foire_du_livre_de_jeunesse_de_Bologne\">Foire du livre de jeunesse de Bologne<\/a><sup id=\"cite_ref-bologne2000_13-0\" class=\"reference\"><a href=\"https:\/\/fr.wikipedia.org\/wiki\/Anne_Brouillard#cite_note-bologne2000-13\">13<\/a><\/sup>\u00a0(Italie) pour\u00a0<i>Le grand murmure<\/i><\/li><li>Grand Prix Triennal de Litt\u00e9rature de Jeunesse 2015-2018 de la F\u00e9d\u00e9ration Wallonie-Bruxelles<sup id=\"cite_ref-14\" class=\"reference\"><a href=\"https:\/\/fr.wikipedia.org\/wiki\/Anne_Brouillard#cite_note-14\">14<\/a><\/sup><\/li><li>2020\u00a0:\u00a0<span class=\"flagicon\"><a class=\"image\" title=\"Drapeau\u00a0: Su\u00e8de\" href=\"https:\/\/commons.wikimedia.org\/wiki\/File:Flag_of_Sweden.svg?uselang=fr\"><img loading=\"lazy\" decoding=\"async\" class=\"noviewer thumbborder\" src=\"https:\/\/upload.wikimedia.org\/wikipedia\/commons\/thumb\/4\/4c\/Flag_of_Sweden.svg\/20px-Flag_of_Sweden.svg.png\" srcset=\"\/\/upload.wikimedia.org\/wikipedia\/commons\/thumb\/4\/4c\/Flag_of_Sweden.svg\/30px-Flag_of_Sweden.svg.png 1.5x, \/\/upload.wikimedia.org\/wikipedia\/commons\/thumb\/4\/4c\/Flag_of_Sweden.svg\/40px-Flag_of_Sweden.svg.png 2x\" alt=\"Drapeau\u00a0: Su\u00e8de\" width=\"20\" height=\"13\" data-file-width=\"512\" data-file-height=\"320\" \/><\/a><\/span>\u00a0S\u00e9lection pour le\u00a0<a title=\"Prix comm\u00e9moratif Astrid-Lindgren\" href=\"https:\/\/fr.wikipedia.org\/wiki\/Prix_comm%C3%A9moratif_Astrid-Lindgren\">Prix comm\u00e9moratif Astrid-Lindgren<\/a><sup id=\"cite_ref-almase_11-1\" class=\"reference\"><a href=\"https:\/\/fr.wikipedia.org\/wiki\/Anne_Brouillard#cite_note-almase-11\">11<\/a><\/sup><\/li><li>2020\u00a0:\u00a0<span class=\"flagicon\"><a class=\"image\" title=\"Drapeau\u00a0: Danemark\" href=\"https:\/\/commons.wikimedia.org\/wiki\/File:Flag_of_Denmark.svg?uselang=fr\"><img loading=\"lazy\" decoding=\"async\" class=\"noviewer thumbborder\" src=\"https:\/\/upload.wikimedia.org\/wikipedia\/commons\/thumb\/9\/9c\/Flag_of_Denmark.svg\/20px-Flag_of_Denmark.svg.png\" srcset=\"\/\/upload.wikimedia.org\/wikipedia\/commons\/thumb\/9\/9c\/Flag_of_Denmark.svg\/30px-Flag_of_Denmark.svg.png 1.5x, \/\/upload.wikimedia.org\/wikipedia\/commons\/thumb\/9\/9c\/Flag_of_Denmark.svg\/40px-Flag_of_Denmark.svg.png 2x\" alt=\"Drapeau\u00a0: Danemark\" width=\"20\" height=\"15\" data-file-width=\"512\" data-file-height=\"387\" \/><\/a><\/span>\u00a0S\u00e9lection belge du\u00a0<a title=\"Prix Hans-Christian-Andersen\" href=\"https:\/\/fr.wikipedia.org\/wiki\/Prix_Hans-Christian-Andersen\">Prix Hans-Christian-Andersen<\/a>, dans la cat\u00e9gorie Illustration<sup id=\"cite_ref-prixhca2020_12-1\" class=\"reference\"><a href=\"https:\/\/fr.wikipedia.org\/wiki\/Anne_Brouillard#cite_note-prixhca2020-12\">12<\/a><\/sup><\/li><\/ul>\t\t\t\t\t\t\t\t<\/div>\n\t\t\t\t<\/div>\n\t\t\t\t\t<\/div>\n\t\t<\/div>\n\t\t\t\t<div class=\"elementor-column elementor-col-50 elementor-top-column elementor-element elementor-element-7a8a8e6\" data-id=\"7a8a8e6\" data-element_type=\"column\" data-e-type=\"column\">\n\t\t\t<div class=\"elementor-widget-wrap elementor-element-populated\">\n\t\t\t\t\t\t<div class=\"elementor-element elementor-element-bbd7f10 elementor-widget elementor-widget-text-editor\" data-id=\"bbd7f10\" data-element_type=\"widget\" data-e-type=\"widget\" data-widget_type=\"text-editor.default\">\n\t\t\t\t<div class=\"elementor-widget-container\">\n\t\t\t\t\t\t\t\t\t<h5>Bibliographie<\/h5><ul><li><i>Trois chats<\/i>, Paris, \u00c9ditions du Sorbier,\u00a0<a title=\"1990 en litt\u00e9rature\" href=\"https:\/\/fr.wikipedia.org\/wiki\/1990_en_litt%C3%A9rature\">1990<\/a><\/li><li><i>Le Sourire du loup<\/i>, Paris, \u00c9ditions \u00c9pigones, coll. \u00ab\u00a0La Langue au chat\u00a0\u00bb,\u00a0<a title=\"1992 en litt\u00e9rature\" href=\"https:\/\/fr.wikipedia.org\/wiki\/1992_en_litt%C3%A9rature\">1992<\/a><\/li><li><i>Petites histoire<\/i>, Syros, 1993\u00a0<\/li><\/ul><dl><dd><dl><\/dl><\/dd><\/dl><ul><li><i>Reviens sapin<\/i>, Paris, \u00c9ditions du Sorbier,\u00a0<a title=\"1994 en litt\u00e9rature\" href=\"https:\/\/fr.wikipedia.org\/wiki\/1994_en_litt%C3%A9rature\">1994<\/a><\/li><li><i>Cartes postales<\/i>, Paris, \u00c9ditions du Sorbier,\u00a0<a title=\"1994 en litt\u00e9rature\" href=\"https:\/\/fr.wikipedia.org\/wiki\/1994_en_litt%C3%A9rature\">1994<\/a><\/li><li><i>Il va neiger<\/i>, Syros, 1994<\/li><li><i>Voyage<\/i>, Grandir, 1994\u00a0<\/li><li><i>La Maison de Martin<\/i>, Paris, \u00c9ditions du Sorbier,\u00a0<a title=\"1996 en litt\u00e9rature\" href=\"https:\/\/fr.wikipedia.org\/wiki\/1996_en_litt%C3%A9rature\">1996<\/a><\/li><li><i>Promenade au bord de l&rsquo;eau<\/i>, Paris, \u00c9ditions du Sorbier,\u00a0<a title=\"1996 en litt\u00e9rature\" href=\"https:\/\/fr.wikipedia.org\/wiki\/1996_en_litt%C3%A9rature\">1996<\/a><\/li><li><i>Le Pays du r\u00eave<\/i>, Tournai, Paris, \u00c9ditions Casterman, coll. \u00ab\u00a0Les albums Duculot\u00a0\u00bb,\u00a0<a title=\"1996 en litt\u00e9rature\" href=\"https:\/\/fr.wikipedia.org\/wiki\/1996_en_litt%C3%A9rature\">1996<\/a>,<\/li><li><i>La Terre tourne<\/i>, Paris, \u00c9ditions du Sorbier,\u00a0<a title=\"1997 en litt\u00e9rature\" href=\"https:\/\/fr.wikipedia.org\/wiki\/1997_en_litt%C3%A9rature\">1997<\/a><\/li><li><i>L&rsquo;orage<\/i>, Grandir, 1998<\/li><li><i>Myst\u00e8re<\/i>, Paris, \u00c9ditions l\u2019\u00c9cole des Loisirs, coll. \u00ab\u00a0Pastel\u00a0\u00bb,\u00a0<a title=\"1998 en litt\u00e9rature\" href=\"https:\/\/fr.wikipedia.org\/wiki\/1998_en_litt%C3%A9rature\">1998<\/a>,<small><\/small><\/li><li><i>Le Bain de la cantatrice<\/i>, Paris, \u00c9ditions du Sorbier,\u00a0<a title=\"1999 en litt\u00e9rature\" href=\"https:\/\/fr.wikipedia.org\/wiki\/1999_en_litt%C3%A9rature\">1999<\/a><\/li><li><i>Petites histoires simples<\/i>, Paris, \u00c9ditions Syros Jeunesse,\u00a0<a title=\"1999 en litt\u00e9rature\" href=\"https:\/\/fr.wikipedia.org\/wiki\/1999_en_litt%C3%A9rature\">1999<\/a><\/li><li><i>Petites histoires \u00e9tranges<\/i>, Paris, \u00c9ditions Syros Jeunesse,\u00a0<a title=\"1999 en litt\u00e9rature\" href=\"https:\/\/fr.wikipedia.org\/wiki\/1999_en_litt%C3%A9rature\">1999<\/a><\/li><li><i>Le Grand Murmure<\/i>, Toulouse, France, \u00c9ditions Milan, coll. \u00ab\u00a0Jeunesse\u00a0\u00bb,\u00a0<a title=\"1999 en litt\u00e9rature\" href=\"https:\/\/fr.wikipedia.org\/wiki\/1999_en_litt%C3%A9rature\">1999<\/a><\/li><\/ul><dl><dd><dl><\/dl><\/dd><\/dl><ul><li><i>Le Temps d&rsquo;une lessive<\/i>, Paris, \u00c9ditions Syros Jeunesse, coll. \u00ab\u00a0Les petits voisins\u00a0\u00bb,\u00a0<a title=\"2000 en litt\u00e9rature\" href=\"https:\/\/fr.wikipedia.org\/wiki\/2000_en_litt%C3%A9rature\">2000<\/a><\/li><li><i>Sept minutes et demie<\/i>, Paris, \u00c9ditions Thierry Magnier, coll. \u00ab\u00a0T\u00eate de lard\u00a0\u00bb,\u00a0<a title=\"2002 en litt\u00e9rature\" href=\"https:\/\/fr.wikipedia.org\/wiki\/2002_en_litt%C3%A9rature\">2002<\/a><\/li><li><i>La Grande Vague<\/i>, N\u00eemes, France, \u00c9ditions Grandir,\u00a0<a title=\"2003 en litt\u00e9rature\" href=\"https:\/\/fr.wikipedia.org\/wiki\/2003_en_litt%C3%A9rature\">2003<\/a><\/li><li><i>Le Chemin bleu<\/i>, Paris, \u00c9ditions du Seuil Jeunesse,\u00a0<a title=\"2004 en litt\u00e9rature\" href=\"https:\/\/fr.wikipedia.org\/wiki\/2004_en_litt%C3%A9rature\">2004<\/a><\/li><li><i>Le Voyageur et les Oiseaux<\/i>, Paris, \u00c9ditions du Seuil Jeunesse,\u00a0<a title=\"2006 en litt\u00e9rature\" href=\"https:\/\/fr.wikipedia.org\/wiki\/2006_en_litt%C3%A9rature\">2006<\/a><\/li><li><i>Le P\u00eacheur et l\u2019Oie<\/i>, Paris, \u00c9ditions du Seuil Jeunesse,\u00a0<a title=\"2006 en litt\u00e9rature\" href=\"https:\/\/fr.wikipedia.org\/wiki\/2006_en_litt%C3%A9rature\">2006<\/a>,<\/li><li><i>La Famille Foulque<\/i>, Paris, \u00c9ditions du Seuil Jeunesse,\u00a0<a title=\"2007 en litt\u00e9rature\" href=\"https:\/\/fr.wikipedia.org\/wiki\/2007_en_litt%C3%A9rature\">2007<\/a><\/li><li><i>La Vieille Dame et les Souris<\/i>, Paris, \u00c9ditions du Seuil Jeunesse,\u00a0<a title=\"2007 en litt\u00e9rature\" href=\"https:\/\/fr.wikipedia.org\/wiki\/2007_en_litt%C3%A9rature\">2007<\/a><\/li><li><i>Le R\u00eave du poisson<\/i>, Paris, \u00c9ditions Sarbacane,\u00a0<a title=\"2009 en litt\u00e9rature\" href=\"https:\/\/fr.wikipedia.org\/wiki\/2009_en_litt%C3%A9rature\">2009<\/a><\/li><li><i>De l\u2019autre c\u00f4t\u00e9 du lac<\/i>, Paris, \u00c9ditions du Sorbier,\u00a0<a title=\"2011 en litt\u00e9rature\" href=\"https:\/\/fr.wikipedia.org\/wiki\/2011_en_litt%C3%A9rature\">2011<\/a><\/li><li><i>Berceuse du merle<\/i>, Paris, \u00c9ditions du Seuil Jeunesse,\u00a0<a title=\"2011 en litt\u00e9rature\" href=\"https:\/\/fr.wikipedia.org\/wiki\/2011_en_litt%C3%A9rature\">2011<\/a><sup id=\"cite_ref-lalib_16-0\" class=\"reference\"><\/sup><\/li><li><i>Lieux r\u00e9els, lieux imaginaires<\/i>, Paris, \u00c9ditions l\u2019Art \u00e0 la page, coll. \u00ab\u00a0Les carnets\u00a0\u00bb,\u00a0<a title=\"2011 en litt\u00e9rature\" href=\"https:\/\/fr.wikipedia.org\/wiki\/2011_en_litt%C3%A9rature\">2011<\/a><\/li><li><i>Petit chien<\/i>, Paris, \u00c9ditions du Seuil Jeunesse,\u00a0<a title=\"2012 en litt\u00e9rature\" href=\"https:\/\/fr.wikipedia.org\/wiki\/2012_en_litt%C3%A9rature\">2012<\/a><sup id=\"cite_ref-lalib_16-1\" class=\"reference\"><\/sup><\/li><li><i>Voyage d\u2019hiver<\/i>, Noville-sur-Mehaigne, Belgique, L\u2019Esperlu\u00e8te \u00c9ditions,\u00a0<a title=\"2013 en litt\u00e9rature\" href=\"https:\/\/fr.wikipedia.org\/wiki\/2013_en_litt%C3%A9rature\">2013<\/a><sup id=\"cite_ref-:2_9-1\" class=\"reference\"><\/sup><\/li><li><i>Petit somme<\/i>, Seuil jeunesse, 2014<\/li><li><i>Les aventuriers du soir,<\/i>\u00a0<a title=\"Les \u00c9ditions des \u00c9l\u00e9phants\" href=\"https:\/\/fr.wikipedia.org\/wiki\/Les_%C3%89ditions_des_%C3%89l%C3%A9phants\">les \u00c9ditions des \u00c9l\u00e9phants<\/a>, 2015<\/li><li><i>Le pays des Chintiens, 1\u00a0: La grande for\u00eat<\/i>,\u00a0<a title=\"L'\u00c9cole des loisirs\" href=\"https:\/\/fr.wikipedia.org\/wiki\/L%27%C3%89cole_des_loisirs\">L&rsquo;\u00c9cole des loisirs<\/a>, 2016<\/li><li><i>Le pays des Chintiens, 2\u00a0: Les \u00eeles<\/i>,\u00a0<a title=\"L'\u00c9cole des loisirs\" href=\"https:\/\/fr.wikipedia.org\/wiki\/L%27%C3%89cole_des_loisirs\">L&rsquo;\u00c9cole des loisirs<\/a>, 2019<\/li><\/ul>\t\t\t\t\t\t\t\t<\/div>\n\t\t\t\t<\/div>\n\t\t\t\t\t<\/div>\n\t\t<\/div>\n\t\t\t\t\t<\/div>\n\t\t<\/section>\n\t\t\t\t<\/div>\n\t\t","protected":false},"excerpt":{"rendered":"<p>Anne BROUILLARD Anne Brouillard est auteur-illustratrice. N\u00e9e en Belgique en 1967 \u00e0 Leuven, d&rsquo;une m\u00e8re su\u00e9doise et d&rsquo;un p\u00e8re belge, elle y grandit et suit quelques ann\u00e9es plus tard des \u00e9tudes artistiques \u00e0 l&rsquo;Institut Saint-Luc \u00e0 Bruxelles. Elle publie son premier album en 1990. Cet ouvrage intitul\u00e9 Les trois chats est tr\u00e8s vite reconnu. Il &hellip;<\/p>\n<p class=\"read-more\"> <a class=\"\" href=\"https:\/\/festival-livre-jeunesse.fr\/2021\/auteurs\/anne-brouillard-2\/\"> <span class=\"screen-reader-text\">Anne Brouillard<\/span> Lire la suite\u00a0\u00bb<\/a><\/p>\n","protected":false},"author":1,"featured_media":0,"parent":377,"menu_order":0,"comment_status":"closed","ping_status":"closed","template":"","meta":{"_uag_custom_page_level_css":"","footnotes":""},"class_list":["post-208","page","type-page","status-publish","hentry"],"yoast_head":"<!-- This site is optimized with the Yoast SEO plugin v25.3.1 - https:\/\/yoast.com\/wordpress\/plugins\/seo\/ -->\n<title>Anne Brouillard - Festival du Livre de Jeunesse Occitanie<\/title>\n<meta name=\"robots\" content=\"index, follow, max-snippet:-1, max-image-preview:large, max-video-preview:-1\" \/>\n<link rel=\"canonical\" href=\"https:\/\/festival-livre-jeunesse.fr\/2021\/auteurs\/anne-brouillard-2\/\" \/>\n<meta property=\"og:locale\" content=\"fr_FR\" \/>\n<meta property=\"og:type\" content=\"article\" \/>\n<meta property=\"og:title\" content=\"Anne Brouillard - Festival du Livre de Jeunesse Occitanie\" \/>\n<meta property=\"og:description\" content=\"Anne BROUILLARD Anne Brouillard est auteur-illustratrice. N\u00e9e en Belgique en 1967 \u00e0 Leuven, d&rsquo;une m\u00e8re su\u00e9doise et d&rsquo;un p\u00e8re belge, elle y grandit et suit quelques ann\u00e9es plus tard des \u00e9tudes artistiques \u00e0 l&rsquo;Institut Saint-Luc \u00e0 Bruxelles. Elle publie son premier album en 1990. Cet ouvrage intitul\u00e9 Les trois chats est tr\u00e8s vite reconnu. Il &hellip; Anne Brouillard Lire la suite\u00a0\u00bb\" \/>\n<meta property=\"og:url\" content=\"https:\/\/festival-livre-jeunesse.fr\/2021\/auteurs\/anne-brouillard-2\/\" \/>\n<meta property=\"og:site_name\" content=\"Festival du Livre de Jeunesse Occitanie\" \/>\n<meta property=\"article:modified_time\" content=\"2021-01-18T10:40:19+00:00\" \/>\n<meta property=\"og:image\" content=\"http:\/\/festival-livre-jeunesse.fr\/2021\/wp-content\/uploads\/2020\/08\/Anne-Brouillard.png\" \/>\n<meta name=\"twitter:card\" content=\"summary_large_image\" \/>\n<meta name=\"twitter:label1\" content=\"Dur\u00e9e de lecture estim\u00e9e\" \/>\n\t<meta name=\"twitter:data1\" content=\"3 minutes\" \/>\n<script type=\"application\/ld+json\" class=\"yoast-schema-graph\">{\"@context\":\"https:\/\/schema.org\",\"@graph\":[{\"@type\":\"WebPage\",\"@id\":\"https:\/\/festival-livre-jeunesse.fr\/2021\/auteurs\/anne-brouillard-2\/\",\"url\":\"https:\/\/festival-livre-jeunesse.fr\/2021\/auteurs\/anne-brouillard-2\/\",\"name\":\"Anne Brouillard - Festival du Livre de Jeunesse Occitanie\",\"isPartOf\":{\"@id\":\"https:\/\/festival-livre-jeunesse.fr\/2021\/#website\"},\"primaryImageOfPage\":{\"@id\":\"https:\/\/festival-livre-jeunesse.fr\/2021\/auteurs\/anne-brouillard-2\/#primaryimage\"},\"image\":{\"@id\":\"https:\/\/festival-livre-jeunesse.fr\/2021\/auteurs\/anne-brouillard-2\/#primaryimage\"},\"thumbnailUrl\":\"http:\/\/festival-livre-jeunesse.fr\/2021\/wp-content\/uploads\/2020\/08\/Anne-Brouillard.png\",\"datePublished\":\"2020-09-01T13:30:48+00:00\",\"dateModified\":\"2021-01-18T10:40:19+00:00\",\"breadcrumb\":{\"@id\":\"https:\/\/festival-livre-jeunesse.fr\/2021\/auteurs\/anne-brouillard-2\/#breadcrumb\"},\"inLanguage\":\"fr-FR\",\"potentialAction\":[{\"@type\":\"ReadAction\",\"target\":[\"https:\/\/festival-livre-jeunesse.fr\/2021\/auteurs\/anne-brouillard-2\/\"]}]},{\"@type\":\"ImageObject\",\"inLanguage\":\"fr-FR\",\"@id\":\"https:\/\/festival-livre-jeunesse.fr\/2021\/auteurs\/anne-brouillard-2\/#primaryimage\",\"url\":\"http:\/\/festival-livre-jeunesse.fr\/2021\/wp-content\/uploads\/2020\/08\/Anne-Brouillard.png\",\"contentUrl\":\"http:\/\/festival-livre-jeunesse.fr\/2021\/wp-content\/uploads\/2020\/08\/Anne-Brouillard.png\"},{\"@type\":\"BreadcrumbList\",\"@id\":\"https:\/\/festival-livre-jeunesse.fr\/2021\/auteurs\/anne-brouillard-2\/#breadcrumb\",\"itemListElement\":[{\"@type\":\"ListItem\",\"position\":1,\"name\":\"Accueil\",\"item\":\"https:\/\/festival-livre-jeunesse.fr\/2021\/\"},{\"@type\":\"ListItem\",\"position\":2,\"name\":\"Auteurs\",\"item\":\"https:\/\/festival-livre-jeunesse.fr\/2021\/auteurs\/\"},{\"@type\":\"ListItem\",\"position\":3,\"name\":\"Anne Brouillard\"}]},{\"@type\":\"WebSite\",\"@id\":\"https:\/\/festival-livre-jeunesse.fr\/2021\/#website\",\"url\":\"https:\/\/festival-livre-jeunesse.fr\/2021\/\",\"name\":\"Festival du Livre de Jeunesse Occitanie\",\"description\":\"19\u00e8me \u00e9dition\",\"potentialAction\":[{\"@type\":\"SearchAction\",\"target\":{\"@type\":\"EntryPoint\",\"urlTemplate\":\"https:\/\/festival-livre-jeunesse.fr\/2021\/?s={search_term_string}\"},\"query-input\":{\"@type\":\"PropertyValueSpecification\",\"valueRequired\":true,\"valueName\":\"search_term_string\"}}],\"inLanguage\":\"fr-FR\"}]}<\/script>\n<!-- \/ Yoast SEO plugin. -->","yoast_head_json":{"title":"Anne Brouillard - Festival du Livre de Jeunesse Occitanie","robots":{"index":"index","follow":"follow","max-snippet":"max-snippet:-1","max-image-preview":"max-image-preview:large","max-video-preview":"max-video-preview:-1"},"canonical":"https:\/\/festival-livre-jeunesse.fr\/2021\/auteurs\/anne-brouillard-2\/","og_locale":"fr_FR","og_type":"article","og_title":"Anne Brouillard - Festival du Livre de Jeunesse Occitanie","og_description":"Anne BROUILLARD Anne Brouillard est auteur-illustratrice. N\u00e9e en Belgique en 1967 \u00e0 Leuven, d&rsquo;une m\u00e8re su\u00e9doise et d&rsquo;un p\u00e8re belge, elle y grandit et suit quelques ann\u00e9es plus tard des \u00e9tudes artistiques \u00e0 l&rsquo;Institut Saint-Luc \u00e0 Bruxelles. Elle publie son premier album en 1990. Cet ouvrage intitul\u00e9 Les trois chats est tr\u00e8s vite reconnu. Il &hellip; Anne Brouillard Lire la suite\u00a0\u00bb","og_url":"https:\/\/festival-livre-jeunesse.fr\/2021\/auteurs\/anne-brouillard-2\/","og_site_name":"Festival du Livre de Jeunesse Occitanie","article_modified_time":"2021-01-18T10:40:19+00:00","og_image":[{"url":"http:\/\/festival-livre-jeunesse.fr\/2021\/wp-content\/uploads\/2020\/08\/Anne-Brouillard.png","type":"","width":"","height":""}],"twitter_card":"summary_large_image","twitter_misc":{"Dur\u00e9e de lecture estim\u00e9e":"3 minutes"},"schema":{"@context":"https:\/\/schema.org","@graph":[{"@type":"WebPage","@id":"https:\/\/festival-livre-jeunesse.fr\/2021\/auteurs\/anne-brouillard-2\/","url":"https:\/\/festival-livre-jeunesse.fr\/2021\/auteurs\/anne-brouillard-2\/","name":"Anne Brouillard - Festival du Livre de Jeunesse Occitanie","isPartOf":{"@id":"https:\/\/festival-livre-jeunesse.fr\/2021\/#website"},"primaryImageOfPage":{"@id":"https:\/\/festival-livre-jeunesse.fr\/2021\/auteurs\/anne-brouillard-2\/#primaryimage"},"image":{"@id":"https:\/\/festival-livre-jeunesse.fr\/2021\/auteurs\/anne-brouillard-2\/#primaryimage"},"thumbnailUrl":"http:\/\/festival-livre-jeunesse.fr\/2021\/wp-content\/uploads\/2020\/08\/Anne-Brouillard.png","datePublished":"2020-09-01T13:30:48+00:00","dateModified":"2021-01-18T10:40:19+00:00","breadcrumb":{"@id":"https:\/\/festival-livre-jeunesse.fr\/2021\/auteurs\/anne-brouillard-2\/#breadcrumb"},"inLanguage":"fr-FR","potentialAction":[{"@type":"ReadAction","target":["https:\/\/festival-livre-jeunesse.fr\/2021\/auteurs\/anne-brouillard-2\/"]}]},{"@type":"ImageObject","inLanguage":"fr-FR","@id":"https:\/\/festival-livre-jeunesse.fr\/2021\/auteurs\/anne-brouillard-2\/#primaryimage","url":"http:\/\/festival-livre-jeunesse.fr\/2021\/wp-content\/uploads\/2020\/08\/Anne-Brouillard.png","contentUrl":"http:\/\/festival-livre-jeunesse.fr\/2021\/wp-content\/uploads\/2020\/08\/Anne-Brouillard.png"},{"@type":"BreadcrumbList","@id":"https:\/\/festival-livre-jeunesse.fr\/2021\/auteurs\/anne-brouillard-2\/#breadcrumb","itemListElement":[{"@type":"ListItem","position":1,"name":"Accueil","item":"https:\/\/festival-livre-jeunesse.fr\/2021\/"},{"@type":"ListItem","position":2,"name":"Auteurs","item":"https:\/\/festival-livre-jeunesse.fr\/2021\/auteurs\/"},{"@type":"ListItem","position":3,"name":"Anne Brouillard"}]},{"@type":"WebSite","@id":"https:\/\/festival-livre-jeunesse.fr\/2021\/#website","url":"https:\/\/festival-livre-jeunesse.fr\/2021\/","name":"Festival du Livre de Jeunesse Occitanie","description":"19\u00e8me \u00e9dition","potentialAction":[{"@type":"SearchAction","target":{"@type":"EntryPoint","urlTemplate":"https:\/\/festival-livre-jeunesse.fr\/2021\/?s={search_term_string}"},"query-input":{"@type":"PropertyValueSpecification","valueRequired":true,"valueName":"search_term_string"}}],"inLanguage":"fr-FR"}]}},"uagb_featured_image_src":{"full":false,"thumbnail":false,"medium":false,"medium_large":false,"large":false,"1536x1536":false,"2048x2048":false},"uagb_author_info":{"display_name":"festival","author_link":"https:\/\/festival-livre-jeunesse.fr\/2021\/author\/festival\/"},"uagb_comment_info":0,"uagb_excerpt":"Anne BROUILLARD Anne Brouillard est auteur-illustratrice. N\u00e9e en Belgique en 1967 \u00e0 Leuven, d&rsquo;une m\u00e8re su\u00e9doise et d&rsquo;un p\u00e8re belge, elle y grandit et suit quelques ann\u00e9es plus tard des \u00e9tudes artistiques \u00e0 l&rsquo;Institut Saint-Luc \u00e0 Bruxelles. Elle publie son premier album en 1990. Cet ouvrage intitul\u00e9 Les trois chats est tr\u00e8s vite reconnu. Il\u2026","_links":{"self":[{"href":"https:\/\/festival-livre-jeunesse.fr\/2021\/wp-json\/wp\/v2\/pages\/208","targetHints":{"allow":["GET"]}}],"collection":[{"href":"https:\/\/festival-livre-jeunesse.fr\/2021\/wp-json\/wp\/v2\/pages"}],"about":[{"href":"https:\/\/festival-livre-jeunesse.fr\/2021\/wp-json\/wp\/v2\/types\/page"}],"author":[{"embeddable":true,"href":"https:\/\/festival-livre-jeunesse.fr\/2021\/wp-json\/wp\/v2\/users\/1"}],"replies":[{"embeddable":true,"href":"https:\/\/festival-livre-jeunesse.fr\/2021\/wp-json\/wp\/v2\/comments?post=208"}],"version-history":[{"count":45,"href":"https:\/\/festival-livre-jeunesse.fr\/2021\/wp-json\/wp\/v2\/pages\/208\/revisions"}],"predecessor-version":[{"id":6668,"href":"https:\/\/festival-livre-jeunesse.fr\/2021\/wp-json\/wp\/v2\/pages\/208\/revisions\/6668"}],"up":[{"embeddable":true,"href":"https:\/\/festival-livre-jeunesse.fr\/2021\/wp-json\/wp\/v2\/pages\/377"}],"wp:attachment":[{"href":"https:\/\/festival-livre-jeunesse.fr\/2021\/wp-json\/wp\/v2\/media?parent=208"}],"curies":[{"name":"wp","href":"https:\/\/api.w.org\/{rel}","templated":true}]}}