{"id":2299,"date":"2020-09-30T22:19:25","date_gmt":"2020-09-30T20:19:25","guid":{"rendered":"http:\/\/festival-livre-jeunesse.fr\/2021\/?page_id=2299"},"modified":"2020-12-13T23:39:43","modified_gmt":"2020-12-13T22:39:43","slug":"e-conteurs-de-sciences","status":"publish","type":"page","link":"https:\/\/festival-livre-jeunesse.fr\/2021\/e-conteurs-de-sciences\/","title":{"rendered":"e-conteurs-de-sciences"},"content":{"rendered":"\t\t<div data-elementor-type=\"wp-page\" data-elementor-id=\"2299\" class=\"elementor elementor-2299\">\n\t\t\t\t\t\t<section class=\"elementor-section elementor-top-section elementor-element elementor-element-33a8fee elementor-section-boxed elementor-section-height-default elementor-section-height-default\" data-id=\"33a8fee\" data-element_type=\"section\" data-e-type=\"section\">\n\t\t\t\t\t\t<div class=\"elementor-container elementor-column-gap-default\">\n\t\t\t\t\t<div class=\"elementor-column elementor-col-50 elementor-top-column elementor-element elementor-element-027bdca\" data-id=\"027bdca\" data-element_type=\"column\" data-e-type=\"column\">\n\t\t\t<div class=\"elementor-widget-wrap\">\n\t\t\t\t\t\t\t<\/div>\n\t\t<\/div>\n\t\t\t\t<div class=\"elementor-column elementor-col-50 elementor-top-column elementor-element elementor-element-a457df2\" data-id=\"a457df2\" data-element_type=\"column\" data-e-type=\"column\">\n\t\t\t<div class=\"elementor-widget-wrap elementor-element-populated\">\n\t\t\t\t\t\t<div class=\"elementor-element elementor-element-6e24c2f elementor-widget elementor-widget-heading\" data-id=\"6e24c2f\" data-element_type=\"widget\" data-e-type=\"widget\" data-widget_type=\"heading.default\">\n\t\t\t\t<div class=\"elementor-widget-container\">\n\t\t\t\t\t<h1 class=\"elementor-heading-title elementor-size-large\">e-conteurs de science<\/h1>\t\t\t\t<\/div>\n\t\t\t\t<\/div>\n\t\t\t\t<div class=\"elementor-element elementor-element-b613062 elementor-widget elementor-widget-text-editor\" data-id=\"b613062\" data-element_type=\"widget\" data-e-type=\"widget\" data-widget_type=\"text-editor.default\">\n\t\t\t\t<div class=\"elementor-widget-container\">\n\t\t\t\t\t\t\t\t\t<p>\u00a0<\/p><p>Dans le cadre du festival du Livre Jeunesse Occitanie et en partenariat avec la Cit\u00e9 de l\u2019espace, les \u00e9l\u00e8ves de coll\u00e8ges et lyc\u00e9es\u00a0<\/p><p>de l\u2019acad\u00e9mie de Toulouse sont invit\u00e9s \u00e0 participer \u00e0 la cinqui\u00e8me \u00e9dition du projet \u00ab e-conteurs de Sciences \u00bb.<\/p><p>Ce projet interdisciplinaire, m\u00ealant sciences, art, num\u00e9rique et lettres, vise \u00e0 faire dialoguer des images scientifiques.\u00a0<\/p><p>A l\u2019aide de proc\u00e9d\u00e9s num\u00e9riques, les \u00e9l\u00e8ves produisent une vid\u00e9o qui est le r\u00e9sultat d\u2019un dialogue construit entre l\u2019image et le r\u00e9cit.<\/p><p>\u00a0<\/p>\t\t\t\t\t\t\t\t<\/div>\n\t\t\t\t<\/div>\n\t\t\t\t\t<\/div>\n\t\t<\/div>\n\t\t\t\t\t<\/div>\n\t\t<\/section>\n\t\t\t\t<section class=\"elementor-section elementor-top-section elementor-element elementor-element-c80cb24 elementor-section-boxed elementor-section-height-default elementor-section-height-default\" data-id=\"c80cb24\" data-element_type=\"section\" data-e-type=\"section\">\n\t\t\t\t\t\t<div class=\"elementor-container elementor-column-gap-default\">\n\t\t\t\t\t<div class=\"elementor-column elementor-col-33 elementor-top-column elementor-element elementor-element-792bd9d\" data-id=\"792bd9d\" data-element_type=\"column\" data-e-type=\"column\">\n\t\t\t<div class=\"elementor-widget-wrap\">\n\t\t\t\t\t\t\t<\/div>\n\t\t<\/div>\n\t\t\t\t<div class=\"elementor-column elementor-col-33 elementor-top-column elementor-element elementor-element-bbdac61\" data-id=\"bbdac61\" data-element_type=\"column\" data-e-type=\"column\">\n\t\t\t<div class=\"elementor-widget-wrap elementor-element-populated\">\n\t\t\t\t\t\t<div class=\"elementor-element elementor-element-bc39f52 elementor-position-top elementor-widget elementor-widget-image-box\" data-id=\"bc39f52\" data-element_type=\"widget\" data-e-type=\"widget\" data-widget_type=\"image-box.default\">\n\t\t\t\t<div class=\"elementor-widget-container\">\n\t\t\t\t\t<div class=\"elementor-image-box-wrapper\"><figure class=\"elementor-image-box-img\"><img fetchpriority=\"high\" decoding=\"async\" width=\"1169\" height=\"827\" src=\"https:\/\/festival-livre-jeunesse.fr\/2021\/wp-content\/uploads\/2020\/09\/E-conteurs-appel-a-participation-2020-2021-01.png\" class=\"attachment-full size-full wp-image-2045\" alt=\"\" srcset=\"https:\/\/festival-livre-jeunesse.fr\/2021\/wp-content\/uploads\/2020\/09\/E-conteurs-appel-a-participation-2020-2021-01.png 1169w, https:\/\/festival-livre-jeunesse.fr\/2021\/wp-content\/uploads\/2020\/09\/E-conteurs-appel-a-participation-2020-2021-01-1024x724.png 1024w, https:\/\/festival-livre-jeunesse.fr\/2021\/wp-content\/uploads\/2020\/09\/E-conteurs-appel-a-participation-2020-2021-01-1131x800.png 1131w, https:\/\/festival-livre-jeunesse.fr\/2021\/wp-content\/uploads\/2020\/09\/E-conteurs-appel-a-participation-2020-2021-01-768x543.png 768w\" sizes=\"(max-width: 1169px) 100vw, 1169px\" \/><\/figure><div class=\"elementor-image-box-content\"><h1 class=\"elementor-image-box-title\">Appel \u00e0 participation<\/h1><p class=\"elementor-image-box-description\">En partenariat avec la Cit\u00e9 de l\u2019Espace et l\u2019Acad\u00e9mie de Toulouse<\/p><\/div><\/div>\t\t\t\t<\/div>\n\t\t\t\t<\/div>\n\t\t\t\t\t<\/div>\n\t\t<\/div>\n\t\t\t\t<div class=\"elementor-column elementor-col-33 elementor-top-column elementor-element elementor-element-0013d58\" data-id=\"0013d58\" data-element_type=\"column\" data-e-type=\"column\">\n\t\t\t<div class=\"elementor-widget-wrap elementor-element-populated\">\n\t\t\t\t\t\t<div class=\"elementor-element elementor-element-5ea8d29 elementor-position-top elementor-widget elementor-widget-image-box\" data-id=\"5ea8d29\" data-element_type=\"widget\" data-e-type=\"widget\" data-widget_type=\"image-box.default\">\n\t\t\t\t<div class=\"elementor-widget-container\">\n\t\t\t\t\t<div class=\"elementor-image-box-wrapper\"><figure class=\"elementor-image-box-img\"><img decoding=\"async\" width=\"1169\" height=\"826\" src=\"https:\/\/festival-livre-jeunesse.fr\/2021\/wp-content\/uploads\/2020\/09\/E-conteurs-appel-a-participation-2020-2021-02.png\" class=\"attachment-full size-full wp-image-2046\" alt=\"\" srcset=\"https:\/\/festival-livre-jeunesse.fr\/2021\/wp-content\/uploads\/2020\/09\/E-conteurs-appel-a-participation-2020-2021-02.png 1169w, https:\/\/festival-livre-jeunesse.fr\/2021\/wp-content\/uploads\/2020\/09\/E-conteurs-appel-a-participation-2020-2021-02-1024x724.png 1024w, https:\/\/festival-livre-jeunesse.fr\/2021\/wp-content\/uploads\/2020\/09\/E-conteurs-appel-a-participation-2020-2021-02-1132x800.png 1132w, https:\/\/festival-livre-jeunesse.fr\/2021\/wp-content\/uploads\/2020\/09\/E-conteurs-appel-a-participation-2020-2021-02-768x543.png 768w\" sizes=\"(max-width: 1169px) 100vw, 1169px\" \/><\/figure><div class=\"elementor-image-box-content\"><h1 class=\"elementor-image-box-title\">Les photos propos\u00e9es<\/h1><\/div><\/div>\t\t\t\t<\/div>\n\t\t\t\t<\/div>\n\t\t\t\t\t<\/div>\n\t\t<\/div>\n\t\t\t\t\t<\/div>\n\t\t<\/section>\n\t\t\t\t<\/div>\n\t\t","protected":false},"excerpt":{"rendered":"<p>e-conteurs de science \u00a0 Dans le cadre du festival du Livre Jeunesse Occitanie et en partenariat avec la Cit\u00e9 de l\u2019espace, les \u00e9l\u00e8ves de coll\u00e8ges et lyc\u00e9es\u00a0 de l\u2019acad\u00e9mie de Toulouse sont invit\u00e9s \u00e0 participer \u00e0 la cinqui\u00e8me \u00e9dition du projet \u00ab e-conteurs de Sciences \u00bb. Ce projet interdisciplinaire, m\u00ealant sciences, art, num\u00e9rique et lettres, &hellip;<\/p>\n<p class=\"read-more\"> <a class=\"\" href=\"https:\/\/festival-livre-jeunesse.fr\/2021\/e-conteurs-de-sciences\/\"> <span class=\"screen-reader-text\">e-conteurs-de-sciences<\/span> Lire la suite\u00a0\u00bb<\/a><\/p>\n","protected":false},"author":1,"featured_media":0,"parent":0,"menu_order":0,"comment_status":"closed","ping_status":"closed","template":"","meta":{"_uag_custom_page_level_css":"","footnotes":""},"class_list":["post-2299","page","type-page","status-publish","hentry"],"yoast_head":"<!-- This site is optimized with the Yoast SEO plugin v25.3.1 - https:\/\/yoast.com\/wordpress\/plugins\/seo\/ -->\n<title>e-conteurs-de-sciences - Festival du Livre de Jeunesse Occitanie<\/title>\n<meta name=\"robots\" content=\"index, follow, max-snippet:-1, max-image-preview:large, max-video-preview:-1\" \/>\n<link rel=\"canonical\" href=\"https:\/\/festival-livre-jeunesse.fr\/2021\/e-conteurs-de-sciences\/\" \/>\n<meta property=\"og:locale\" content=\"fr_FR\" \/>\n<meta property=\"og:type\" content=\"article\" \/>\n<meta property=\"og:title\" content=\"e-conteurs-de-sciences - Festival du Livre de Jeunesse Occitanie\" \/>\n<meta property=\"og:description\" content=\"e-conteurs de science \u00a0 Dans le cadre du festival du Livre Jeunesse Occitanie et en partenariat avec la Cit\u00e9 de l\u2019espace, les \u00e9l\u00e8ves de coll\u00e8ges et lyc\u00e9es\u00a0 de l\u2019acad\u00e9mie de Toulouse sont invit\u00e9s \u00e0 participer \u00e0 la cinqui\u00e8me \u00e9dition du projet \u00ab e-conteurs de Sciences \u00bb. Ce projet interdisciplinaire, m\u00ealant sciences, art, num\u00e9rique et lettres, &hellip; e-conteurs-de-sciences Lire la suite\u00a0\u00bb\" \/>\n<meta property=\"og:url\" content=\"https:\/\/festival-livre-jeunesse.fr\/2021\/e-conteurs-de-sciences\/\" \/>\n<meta property=\"og:site_name\" content=\"Festival du Livre de Jeunesse Occitanie\" \/>\n<meta property=\"article:modified_time\" content=\"2020-12-13T22:39:43+00:00\" \/>\n<meta property=\"og:image\" content=\"http:\/\/festival-livre-jeunesse.fr\/2021\/wp-content\/uploads\/2020\/09\/E-conteurs-appel-a-participation-2020-2021-01.png\" \/>\n<meta name=\"twitter:card\" content=\"summary_large_image\" \/>\n<meta name=\"twitter:label1\" content=\"Dur\u00e9e de lecture estim\u00e9e\" \/>\n\t<meta name=\"twitter:data1\" content=\"1 minute\" \/>\n<script type=\"application\/ld+json\" class=\"yoast-schema-graph\">{\"@context\":\"https:\/\/schema.org\",\"@graph\":[{\"@type\":\"WebPage\",\"@id\":\"https:\/\/festival-livre-jeunesse.fr\/2021\/e-conteurs-de-sciences\/\",\"url\":\"https:\/\/festival-livre-jeunesse.fr\/2021\/e-conteurs-de-sciences\/\",\"name\":\"e-conteurs-de-sciences - Festival du Livre de Jeunesse Occitanie\",\"isPartOf\":{\"@id\":\"https:\/\/festival-livre-jeunesse.fr\/2021\/#website\"},\"primaryImageOfPage\":{\"@id\":\"https:\/\/festival-livre-jeunesse.fr\/2021\/e-conteurs-de-sciences\/#primaryimage\"},\"image\":{\"@id\":\"https:\/\/festival-livre-jeunesse.fr\/2021\/e-conteurs-de-sciences\/#primaryimage\"},\"thumbnailUrl\":\"http:\/\/festival-livre-jeunesse.fr\/2021\/wp-content\/uploads\/2020\/09\/E-conteurs-appel-a-participation-2020-2021-01.png\",\"datePublished\":\"2020-09-30T20:19:25+00:00\",\"dateModified\":\"2020-12-13T22:39:43+00:00\",\"breadcrumb\":{\"@id\":\"https:\/\/festival-livre-jeunesse.fr\/2021\/e-conteurs-de-sciences\/#breadcrumb\"},\"inLanguage\":\"fr-FR\",\"potentialAction\":[{\"@type\":\"ReadAction\",\"target\":[\"https:\/\/festival-livre-jeunesse.fr\/2021\/e-conteurs-de-sciences\/\"]}]},{\"@type\":\"ImageObject\",\"inLanguage\":\"fr-FR\",\"@id\":\"https:\/\/festival-livre-jeunesse.fr\/2021\/e-conteurs-de-sciences\/#primaryimage\",\"url\":\"http:\/\/festival-livre-jeunesse.fr\/2021\/wp-content\/uploads\/2020\/09\/E-conteurs-appel-a-participation-2020-2021-01.png\",\"contentUrl\":\"http:\/\/festival-livre-jeunesse.fr\/2021\/wp-content\/uploads\/2020\/09\/E-conteurs-appel-a-participation-2020-2021-01.png\"},{\"@type\":\"BreadcrumbList\",\"@id\":\"https:\/\/festival-livre-jeunesse.fr\/2021\/e-conteurs-de-sciences\/#breadcrumb\",\"itemListElement\":[{\"@type\":\"ListItem\",\"position\":1,\"name\":\"Accueil\",\"item\":\"https:\/\/festival-livre-jeunesse.fr\/2021\/\"},{\"@type\":\"ListItem\",\"position\":2,\"name\":\"e-conteurs-de-sciences\"}]},{\"@type\":\"WebSite\",\"@id\":\"https:\/\/festival-livre-jeunesse.fr\/2021\/#website\",\"url\":\"https:\/\/festival-livre-jeunesse.fr\/2021\/\",\"name\":\"Festival du Livre de Jeunesse Occitanie\",\"description\":\"19\u00e8me \u00e9dition\",\"potentialAction\":[{\"@type\":\"SearchAction\",\"target\":{\"@type\":\"EntryPoint\",\"urlTemplate\":\"https:\/\/festival-livre-jeunesse.fr\/2021\/?s={search_term_string}\"},\"query-input\":{\"@type\":\"PropertyValueSpecification\",\"valueRequired\":true,\"valueName\":\"search_term_string\"}}],\"inLanguage\":\"fr-FR\"}]}<\/script>\n<!-- \/ Yoast SEO plugin. -->","yoast_head_json":{"title":"e-conteurs-de-sciences - Festival du Livre de Jeunesse Occitanie","robots":{"index":"index","follow":"follow","max-snippet":"max-snippet:-1","max-image-preview":"max-image-preview:large","max-video-preview":"max-video-preview:-1"},"canonical":"https:\/\/festival-livre-jeunesse.fr\/2021\/e-conteurs-de-sciences\/","og_locale":"fr_FR","og_type":"article","og_title":"e-conteurs-de-sciences - Festival du Livre de Jeunesse Occitanie","og_description":"e-conteurs de science \u00a0 Dans le cadre du festival du Livre Jeunesse Occitanie et en partenariat avec la Cit\u00e9 de l\u2019espace, les \u00e9l\u00e8ves de coll\u00e8ges et lyc\u00e9es\u00a0 de l\u2019acad\u00e9mie de Toulouse sont invit\u00e9s \u00e0 participer \u00e0 la cinqui\u00e8me \u00e9dition du projet \u00ab e-conteurs de Sciences \u00bb. Ce projet interdisciplinaire, m\u00ealant sciences, art, num\u00e9rique et lettres, &hellip; e-conteurs-de-sciences Lire la suite\u00a0\u00bb","og_url":"https:\/\/festival-livre-jeunesse.fr\/2021\/e-conteurs-de-sciences\/","og_site_name":"Festival du Livre de Jeunesse Occitanie","article_modified_time":"2020-12-13T22:39:43+00:00","og_image":[{"url":"http:\/\/festival-livre-jeunesse.fr\/2021\/wp-content\/uploads\/2020\/09\/E-conteurs-appel-a-participation-2020-2021-01.png","type":"","width":"","height":""}],"twitter_card":"summary_large_image","twitter_misc":{"Dur\u00e9e de lecture estim\u00e9e":"1 minute"},"schema":{"@context":"https:\/\/schema.org","@graph":[{"@type":"WebPage","@id":"https:\/\/festival-livre-jeunesse.fr\/2021\/e-conteurs-de-sciences\/","url":"https:\/\/festival-livre-jeunesse.fr\/2021\/e-conteurs-de-sciences\/","name":"e-conteurs-de-sciences - Festival du Livre de Jeunesse Occitanie","isPartOf":{"@id":"https:\/\/festival-livre-jeunesse.fr\/2021\/#website"},"primaryImageOfPage":{"@id":"https:\/\/festival-livre-jeunesse.fr\/2021\/e-conteurs-de-sciences\/#primaryimage"},"image":{"@id":"https:\/\/festival-livre-jeunesse.fr\/2021\/e-conteurs-de-sciences\/#primaryimage"},"thumbnailUrl":"http:\/\/festival-livre-jeunesse.fr\/2021\/wp-content\/uploads\/2020\/09\/E-conteurs-appel-a-participation-2020-2021-01.png","datePublished":"2020-09-30T20:19:25+00:00","dateModified":"2020-12-13T22:39:43+00:00","breadcrumb":{"@id":"https:\/\/festival-livre-jeunesse.fr\/2021\/e-conteurs-de-sciences\/#breadcrumb"},"inLanguage":"fr-FR","potentialAction":[{"@type":"ReadAction","target":["https:\/\/festival-livre-jeunesse.fr\/2021\/e-conteurs-de-sciences\/"]}]},{"@type":"ImageObject","inLanguage":"fr-FR","@id":"https:\/\/festival-livre-jeunesse.fr\/2021\/e-conteurs-de-sciences\/#primaryimage","url":"http:\/\/festival-livre-jeunesse.fr\/2021\/wp-content\/uploads\/2020\/09\/E-conteurs-appel-a-participation-2020-2021-01.png","contentUrl":"http:\/\/festival-livre-jeunesse.fr\/2021\/wp-content\/uploads\/2020\/09\/E-conteurs-appel-a-participation-2020-2021-01.png"},{"@type":"BreadcrumbList","@id":"https:\/\/festival-livre-jeunesse.fr\/2021\/e-conteurs-de-sciences\/#breadcrumb","itemListElement":[{"@type":"ListItem","position":1,"name":"Accueil","item":"https:\/\/festival-livre-jeunesse.fr\/2021\/"},{"@type":"ListItem","position":2,"name":"e-conteurs-de-sciences"}]},{"@type":"WebSite","@id":"https:\/\/festival-livre-jeunesse.fr\/2021\/#website","url":"https:\/\/festival-livre-jeunesse.fr\/2021\/","name":"Festival du Livre de Jeunesse Occitanie","description":"19\u00e8me \u00e9dition","potentialAction":[{"@type":"SearchAction","target":{"@type":"EntryPoint","urlTemplate":"https:\/\/festival-livre-jeunesse.fr\/2021\/?s={search_term_string}"},"query-input":{"@type":"PropertyValueSpecification","valueRequired":true,"valueName":"search_term_string"}}],"inLanguage":"fr-FR"}]}},"uagb_featured_image_src":{"full":false,"thumbnail":false,"medium":false,"medium_large":false,"large":false,"1536x1536":false,"2048x2048":false},"uagb_author_info":{"display_name":"festival","author_link":"https:\/\/festival-livre-jeunesse.fr\/2021\/author\/festival\/"},"uagb_comment_info":0,"uagb_excerpt":"e-conteurs de science \u00a0 Dans le cadre du festival du Livre Jeunesse Occitanie et en partenariat avec la Cit\u00e9 de l\u2019espace, les \u00e9l\u00e8ves de coll\u00e8ges et lyc\u00e9es\u00a0 de l\u2019acad\u00e9mie de Toulouse sont invit\u00e9s \u00e0 participer \u00e0 la cinqui\u00e8me \u00e9dition du projet \u00ab e-conteurs de Sciences \u00bb. Ce projet interdisciplinaire, m\u00ealant sciences, art, num\u00e9rique et lettres,\u2026","_links":{"self":[{"href":"https:\/\/festival-livre-jeunesse.fr\/2021\/wp-json\/wp\/v2\/pages\/2299","targetHints":{"allow":["GET"]}}],"collection":[{"href":"https:\/\/festival-livre-jeunesse.fr\/2021\/wp-json\/wp\/v2\/pages"}],"about":[{"href":"https:\/\/festival-livre-jeunesse.fr\/2021\/wp-json\/wp\/v2\/types\/page"}],"author":[{"embeddable":true,"href":"https:\/\/festival-livre-jeunesse.fr\/2021\/wp-json\/wp\/v2\/users\/1"}],"replies":[{"embeddable":true,"href":"https:\/\/festival-livre-jeunesse.fr\/2021\/wp-json\/wp\/v2\/comments?post=2299"}],"version-history":[{"count":32,"href":"https:\/\/festival-livre-jeunesse.fr\/2021\/wp-json\/wp\/v2\/pages\/2299\/revisions"}],"predecessor-version":[{"id":4164,"href":"https:\/\/festival-livre-jeunesse.fr\/2021\/wp-json\/wp\/v2\/pages\/2299\/revisions\/4164"}],"wp:attachment":[{"href":"https:\/\/festival-livre-jeunesse.fr\/2021\/wp-json\/wp\/v2\/media?parent=2299"}],"curies":[{"name":"wp","href":"https:\/\/api.w.org\/{rel}","templated":true}]}}