{"id":2530,"date":"2020-11-24T16:45:59","date_gmt":"2020-11-24T15:45:59","guid":{"rendered":"http:\/\/festival-livre-jeunesse.fr\/2021\/?page_id=2530"},"modified":"2021-01-12T12:24:44","modified_gmt":"2021-01-12T11:24:44","slug":"communique-de-presse","status":"publish","type":"page","link":"https:\/\/festival-livre-jeunesse.fr\/2021\/presse\/communique-de-presse\/","title":{"rendered":"Communiqu\u00e9 de presse"},"content":{"rendered":"\t\t<div data-elementor-type=\"wp-page\" data-elementor-id=\"2530\" class=\"elementor elementor-2530\">\n\t\t\t\t\t\t<section class=\"elementor-section elementor-top-section elementor-element elementor-element-483a174 elementor-section-full_width elementor-section-height-default elementor-section-height-default\" data-id=\"483a174\" data-element_type=\"section\" data-e-type=\"section\">\n\t\t\t\t\t\t\t<div class=\"elementor-background-overlay\"><\/div>\n\t\t\t\t\t\t\t<div class=\"elementor-container elementor-column-gap-default\">\n\t\t\t\t\t<div class=\"elementor-column elementor-col-50 elementor-top-column elementor-element elementor-element-d0f0f2e\" data-id=\"d0f0f2e\" data-element_type=\"column\" data-e-type=\"column\">\n\t\t\t<div class=\"elementor-widget-wrap\">\n\t\t\t\t\t\t\t<\/div>\n\t\t<\/div>\n\t\t\t\t<div class=\"elementor-column elementor-col-50 elementor-top-column elementor-element elementor-element-141c411\" data-id=\"141c411\" data-element_type=\"column\" data-e-type=\"column\">\n\t\t\t<div class=\"elementor-widget-wrap elementor-element-populated\">\n\t\t\t\t\t\t<div class=\"elementor-element elementor-element-f43f092 elementor-widget elementor-widget-heading\" data-id=\"f43f092\" data-element_type=\"widget\" data-e-type=\"widget\" data-widget_type=\"heading.default\">\n\t\t\t\t<div class=\"elementor-widget-container\">\n\t\t\t\t\t<h2 class=\"elementor-heading-title elementor-size-default\">COMMUNIQU\u00e9 DE PRESSE<\/h2>\t\t\t\t<\/div>\n\t\t\t\t<\/div>\n\t\t\t\t<div class=\"elementor-element elementor-element-2bdae9f elementor-widget elementor-widget-text-editor\" data-id=\"2bdae9f\" data-element_type=\"widget\" data-e-type=\"widget\" data-widget_type=\"text-editor.default\">\n\t\t\t\t<div class=\"elementor-widget-container\">\n\t\t\t\t\t\t\t\t\t<p><strong>\u00ab\u00a0Histoires de temps\u00a0\u00bb, th\u00e8me du Festival 2020<\/strong><\/p><p><a href=\"http:\/\/festival-livre-jeunesse.fr\/2021\/e-conteur-de-sciences\/logo-flj-petit\/\" rel=\"attachment wp-att-2047\"><img decoding=\"async\" class=\" wp-image-2047 alignright\" src=\"http:\/\/festival-livre-jeunesse.fr\/2021\/wp-content\/uploads\/2020\/09\/Logo-FLJ-petit.png\" alt=\"\" width=\"153\" height=\"150\" \/><\/a><\/p><p>Le 19<sup>\u00e8me<\/sup> Festival du Livre de Jeunesse Occitanie se tiendra les 29, 30 et 31 janvier 2021 \u00e0 Saint-Orens de Gameville et d\u00e8s le mois janvier 2020 dans les communes de Toulouse M\u00e9tropole avec pour th\u00e8me \u00ab\u00a0Histoires de temps\u00a0\u00bb<\/p><p>\u00a0<\/p><p>Du 23 au 31 janvier 2021, le Festival du Livre de Jeunesse Occitanie sera de retour \u00e0 Saint-Orens de Gameville et dans les communes de Toulouse M\u00e9tropole pour sa 19\u00e8me \u00e9dition.<\/p><p>Ev\u00e9nement r\u00e9gional fr\u00e9quent\u00e9 par des professionnels et les amateurs de litt\u00e9rature jeunesse, le Festival offre cette ann\u00e9e une programmation autour de ces livres pour enfants qui parlent de notre rapport au temps.<\/p><p>\u00a0<\/p><p>Cette \u00e9dition invitera petits et grands \u00e0 conjuguer le Temps \u00e0 tous les temps. Celui qui passe, qui reste, qui nous \u00e9chappe\u2026 celui de l\u2019enfance, \u00e0 la fois bref et vaste, des secrets, des souvenirs. L\u2019\u00e9coulement du temps permanent et in\u00e9luctable ne cesse de nous rappeler qu\u2019il ne faut pas le perdre. La th\u00e9matique du temps est une notion r\u00e9currente en litt\u00e9rature jeunesse. De la ritualisation du temps dans la petite enfance \u00e0 la dystopie, miroir de l\u2019adolescence, nous questionnerons ce sujet crucial qu\u2019est le temps et ses histoires.<\/p><p>A chaque \u00e9dition, \u00e0 partir d\u2019une th\u00e9matique (en 2021, ce sera \u00abhistoires de temps\u00bb), nous mettons en lumi\u00e8re un \u00e9diteur jeunesse francophone et des auteurs et illustrateurs. Cette ann\u00e9e, le choix s\u2019est port\u00e9 sur l\u2019\u00e9diteur \u00ab L\u2019atelier du poisson soluble\u00bb, qui d\u00e9fend la libert\u00e9 de cr\u00e9ation en soutenant des projets atypiques, avec une originalit\u00e9 graphique, des histoires d\u00e9cal\u00e9es et des th\u00e9matiques rarement abord\u00e9es. Une place privil\u00e9gi\u00e9e sera offerte \u00e0 une nouvelle g\u00e9n\u00e9ration d\u2019auteurs et illustrateurs r\u00e9gionaux par des d\u00e9bats, des ateliers d\u2019illustration et des d\u00e9dicaces durant tout le week-end.<\/p><p>A partir du 23 janvier 2021, venez d\u00e9couvrir des auteurs et illustrateurs \u00e0 travers des expositions, des lectures, des spectacles, des ateliers d\u2019illustration, des ateliers d\u2019\u00e9criture, des rencontres en librairie,\u2026<\/p><p><strong><u>AUTEURS PRESENTS\u00a0: <\/u><\/strong>Ga\u00ebl AYMON, Romain BERNARD, Said BENJELLOUN, Aur\u00e9lie BORDENAVE, Anne BROUILLARD, Audrey CALLEJA, Davide CALI, Alex COUSSEAU, Joanna CONCEJO, Sylvie DESHORS, Laura FANELLI, Florence HINCKEL, R\u00e9gis LEJONC, Henri MEUNIER, Laurent MOREAU, Philippe NESSMANN, Fanny PAGEAUD, Ghislaine ROMAN, Pef, Cl\u00e9mence SABBAGH, Pierre SOLETTI, Florence THINARD, Elis WILK, Silvia LOPEZ CABACO, \u2026<\/p><p><strong><u>\u00a0<\/u><\/strong><\/p>\t\t\t\t\t\t\t\t<\/div>\n\t\t\t\t<\/div>\n\t\t\t\t<section class=\"elementor-section elementor-inner-section elementor-element elementor-element-5bff9a5 elementor-section-boxed elementor-section-height-default elementor-section-height-default\" data-id=\"5bff9a5\" data-element_type=\"section\" data-e-type=\"section\">\n\t\t\t\t\t\t<div class=\"elementor-container elementor-column-gap-default\">\n\t\t\t\t\t<div class=\"elementor-column elementor-col-33 elementor-inner-column elementor-element elementor-element-8761629\" data-id=\"8761629\" data-element_type=\"column\" data-e-type=\"column\">\n\t\t\t<div class=\"elementor-widget-wrap\">\n\t\t\t\t\t\t\t<\/div>\n\t\t<\/div>\n\t\t\t\t<div class=\"elementor-column elementor-col-33 elementor-inner-column elementor-element elementor-element-d4d421e\" data-id=\"d4d421e\" data-element_type=\"column\" data-e-type=\"column\">\n\t\t\t<div class=\"elementor-widget-wrap elementor-element-populated\">\n\t\t\t\t\t\t<div class=\"elementor-element elementor-element-83cab12 elementor-widget elementor-widget-text-editor\" data-id=\"83cab12\" data-element_type=\"widget\" data-e-type=\"widget\" data-widget_type=\"text-editor.default\">\n\t\t\t\t<div class=\"elementor-widget-container\">\n\t\t\t\t\t\t\t\t\t<p class=\"MsoNormal\" style=\"text-align: center;\" align=\"center\"><b>UNE 19<sup>EME<\/sup> EDITION QUI\u00a0 S\u2019ADAPTE\u2026<\/b><\/p><p class=\"MsoNormal\"><b>4 Expositions \u2013 4 Lectures performances \u2013 42 ateliers\u2013 67 rencontres scolaires \u2013 1 journ\u00e9e professionnelle \u2013 des d\u00e9dicaces en librairie \u2013 Une programmation digitale<\/b><\/p><p class=\"MsoNormal\">La 19e \u00e9dition du Festival du Livre de Jeunesse, pr\u00e9vu du 30 au 31 janvier au Gymnase du Lyc\u00e9e Pierre Paul Riquet de Saint-Orens de Gameville, se r\u00e9invente\u00a0: une nouvelle formule adapt\u00e9e \u00e0 la situation sanitaire qui \u00a0rayonnera \u00a0hors les murs et en virtuel.<\/p><p class=\"MsoNormal\">\u00c9coles, Universit\u00e9s, m\u00e9diath\u00e8ques et librairies vont \u00eatre investies pour permettre aux petits et aux grands de renouer avec le livre. Malgr\u00e9 le contexte, toute l\u2019\u00e9quipe du Festival du Livre de jeunesse Occitanie se mobilise pour le maintien de la manifestation\u00a0: le partage entre les auteurs et leurs lecteurs.<\/p><p class=\"MsoNormal\"><b>Une programmation hors-les-murs<\/b><\/p><p class=\"MsoNormal\">Notre programmation aupr\u00e8s des scolaires est maintenue dans 33 \u00e9tablissements de la ville de Saint Orens de Gameville, Toulouse M\u00e9tropole et dans d\u2019autres communes de la r\u00e9gion associ\u00e9es au FLJ. Exceptionnellement, la journ\u00e9e professionnelle sera \u00a0rendue accessible gratuitement \u00a0en visioconf\u00e9rence. Nous mettrons en ligne\u00a0 \u00e0 disposition des participants les bibliographies pr\u00e9sent\u00e9es \u00a0par les intervenants. \u00a0Une nouveaut\u00e9 en 2021, le Festival investit durant le week-end la salle de spectacle la Cave Po\u00e9sie \u00e0 Toulouse en proposant un programme de rencontres d\u00e9bats sur la webradio Cave Po\u2019.<\/p><p class=\"MsoNormal\">A compter du 23 janvier 2021, seront organis\u00e9s dans plusieurs lieux 42 ateliers \u00e0 destination du grand public, des rencontres et des d\u00e9dicaces en librairies. La grande majorit\u00e9 des activit\u00e9s est limit\u00e9e \u00e0 des jauges de 6 personnes, donc sur r\u00e9servation pr\u00e9alable.<\/p><p class=\"MsoNormal\">Retrouvez le programme et les modalit\u00e9s d\u2019inscription sur le site Internet du Festival \u00a0<a href=\"https:\/\/festival-livre-jeunesse.fr\/\">https:\/\/festival-livre-jeunesse.fr\/<\/a><\/p><p>\u00a0<\/p><p class=\"MsoNormal\"><b>ATTENTION : La programmation est soumise \u00e0 des changements en fonction de l\u2019\u00e9volution de la situation sanitaire et des restrictions qui nous seront impos\u00e9es. Merci de consulter r\u00e9guli\u00e8rement notre site internet ou nos r\u00e9seaux sociaux pour \u00eatre inform\u00e9 (e) s des derni\u00e8res modifications.<\/b><\/p>\t\t\t\t\t\t\t\t<\/div>\n\t\t\t\t<\/div>\n\t\t\t\t\t<\/div>\n\t\t<\/div>\n\t\t\t\t<div class=\"elementor-column elementor-col-33 elementor-inner-column elementor-element elementor-element-6a62afa\" data-id=\"6a62afa\" data-element_type=\"column\" data-e-type=\"column\">\n\t\t\t<div class=\"elementor-widget-wrap\">\n\t\t\t\t\t\t\t<\/div>\n\t\t<\/div>\n\t\t\t\t\t<\/div>\n\t\t<\/section>\n\t\t\t\t<section class=\"elementor-section elementor-inner-section elementor-element elementor-element-50fa2e2 elementor-section-boxed elementor-section-height-default elementor-section-height-default\" data-id=\"50fa2e2\" data-element_type=\"section\" data-e-type=\"section\">\n\t\t\t\t\t\t<div class=\"elementor-container elementor-column-gap-default\">\n\t\t\t\t\t<div class=\"elementor-column elementor-col-100 elementor-inner-column elementor-element elementor-element-a13dd86\" data-id=\"a13dd86\" data-element_type=\"column\" data-e-type=\"column\">\n\t\t\t<div class=\"elementor-widget-wrap elementor-element-populated\">\n\t\t\t\t\t\t<div class=\"elementor-element elementor-element-80bb96e elementor-widget elementor-widget-text-editor\" data-id=\"80bb96e\" data-element_type=\"widget\" data-e-type=\"widget\" data-widget_type=\"text-editor.default\">\n\t\t\t\t<div class=\"elementor-widget-container\">\n\t\t\t\t\t\t\t\t\t<p>Suivez-nous sur notre page facebook\u00a0 <a href=\"https:\/\/www.facebook.com\/FestivalLivreJeunesseOccitanie\/\">https:\/\/www.facebook.com\/FestivalLivreJeunesseOccitanie\/<\/a> et sur Twitter @FljOccitanie<\/p>\t\t\t\t\t\t\t\t<\/div>\n\t\t\t\t<\/div>\n\t\t\t\t\t<\/div>\n\t\t<\/div>\n\t\t\t\t\t<\/div>\n\t\t<\/section>\n\t\t\t\t<section class=\"elementor-section elementor-inner-section elementor-element elementor-element-367537a elementor-section-boxed elementor-section-height-default elementor-section-height-default\" data-id=\"367537a\" data-element_type=\"section\" data-e-type=\"section\">\n\t\t\t\t\t\t<div class=\"elementor-container elementor-column-gap-default\">\n\t\t\t\t\t<div class=\"elementor-column elementor-col-50 elementor-inner-column elementor-element elementor-element-e808be5\" data-id=\"e808be5\" data-element_type=\"column\" data-e-type=\"column\">\n\t\t\t<div class=\"elementor-widget-wrap elementor-element-populated\">\n\t\t\t\t\t\t<div class=\"elementor-element elementor-element-1a4226c elementor-view-default elementor-position-block-start elementor-mobile-position-block-start elementor-widget elementor-widget-icon-box\" data-id=\"1a4226c\" data-element_type=\"widget\" data-e-type=\"widget\" data-widget_type=\"icon-box.default\">\n\t\t\t\t<div class=\"elementor-widget-container\">\n\t\t\t\t\t\t\t<div class=\"elementor-icon-box-wrapper\">\n\n\t\t\t\t\t\t<div class=\"elementor-icon-box-icon\">\n\t\t\t\t<a href=\"http:\/\/festival-livre-jeunesse.fr\/2021\/wp-content\/uploads\/2020\/11\/COMMUNIQUE-DE-PRESSE.docx\" class=\"elementor-icon\" tabindex=\"-1\" aria-label=\"t\u00e9l\u00e9charger\">\n\t\t\t\t<i aria-hidden=\"true\" class=\"fas fa-download\"><\/i>\t\t\t\t<\/a>\n\t\t\t<\/div>\n\t\t\t\n\t\t\t\t\t\t<div class=\"elementor-icon-box-content\">\n\n\t\t\t\t\t\t\t\t\t<h6 class=\"elementor-icon-box-title\">\n\t\t\t\t\t\t<a href=\"http:\/\/festival-livre-jeunesse.fr\/2021\/wp-content\/uploads\/2020\/11\/COMMUNIQUE-DE-PRESSE.docx\" >\n\t\t\t\t\t\t\tt\u00e9l\u00e9charger\t\t\t\t\t\t<\/a>\n\t\t\t\t\t<\/h6>\n\t\t\t\t\n\t\t\t\t\n\t\t\t<\/div>\n\t\t\t\n\t\t<\/div>\n\t\t\t\t\t\t<\/div>\n\t\t\t\t<\/div>\n\t\t\t\t\t<\/div>\n\t\t<\/div>\n\t\t\t\t<div class=\"elementor-column elementor-col-50 elementor-inner-column elementor-element elementor-element-9f745a8\" data-id=\"9f745a8\" data-element_type=\"column\" data-e-type=\"column\">\n\t\t\t<div class=\"elementor-widget-wrap\">\n\t\t\t\t\t\t\t<\/div>\n\t\t<\/div>\n\t\t\t\t\t<\/div>\n\t\t<\/section>\n\t\t\t\t\t<\/div>\n\t\t<\/div>\n\t\t\t\t\t<\/div>\n\t\t<\/section>\n\t\t\t\t<\/div>\n\t\t","protected":false},"excerpt":{"rendered":"<p>COMMUNIQU\u00e9 DE PRESSE \u00ab\u00a0Histoires de temps\u00a0\u00bb, th\u00e8me du Festival 2020 Le 19\u00e8me Festival du Livre de Jeunesse Occitanie se tiendra les 29, 30 et 31 janvier 2021 \u00e0 Saint-Orens de Gameville et d\u00e8s le mois janvier 2020 dans les communes de Toulouse M\u00e9tropole avec pour th\u00e8me \u00ab\u00a0Histoires de temps\u00a0\u00bb \u00a0 Du 23 au 31 janvier &hellip;<\/p>\n<p class=\"read-more\"> <a class=\"\" href=\"https:\/\/festival-livre-jeunesse.fr\/2021\/presse\/communique-de-presse\/\"> <span class=\"screen-reader-text\">Communiqu\u00e9 de presse<\/span> Lire la suite\u00a0\u00bb<\/a><\/p>\n","protected":false},"author":1,"featured_media":0,"parent":2497,"menu_order":0,"comment_status":"closed","ping_status":"closed","template":"","meta":{"_uag_custom_page_level_css":"","footnotes":""},"class_list":["post-2530","page","type-page","status-publish","hentry"],"yoast_head":"<!-- This site is optimized with the Yoast SEO plugin v25.3.1 - https:\/\/yoast.com\/wordpress\/plugins\/seo\/ -->\n<title>Communiqu\u00e9 de presse - Festival du Livre de Jeunesse Occitanie<\/title>\n<meta name=\"robots\" content=\"index, follow, max-snippet:-1, max-image-preview:large, max-video-preview:-1\" \/>\n<link rel=\"canonical\" href=\"https:\/\/festival-livre-jeunesse.fr\/2021\/presse\/communique-de-presse\/\" \/>\n<meta property=\"og:locale\" content=\"fr_FR\" \/>\n<meta property=\"og:type\" content=\"article\" \/>\n<meta property=\"og:title\" content=\"Communiqu\u00e9 de presse - Festival du Livre de Jeunesse Occitanie\" \/>\n<meta property=\"og:description\" content=\"COMMUNIQU\u00e9 DE PRESSE \u00ab\u00a0Histoires de temps\u00a0\u00bb, th\u00e8me du Festival 2020 Le 19\u00e8me Festival du Livre de Jeunesse Occitanie se tiendra les 29, 30 et 31 janvier 2021 \u00e0 Saint-Orens de Gameville et d\u00e8s le mois janvier 2020 dans les communes de Toulouse M\u00e9tropole avec pour th\u00e8me \u00ab\u00a0Histoires de temps\u00a0\u00bb \u00a0 Du 23 au 31 janvier &hellip; Communiqu\u00e9 de presse Lire la suite\u00a0\u00bb\" \/>\n<meta property=\"og:url\" content=\"https:\/\/festival-livre-jeunesse.fr\/2021\/presse\/communique-de-presse\/\" \/>\n<meta property=\"og:site_name\" content=\"Festival du Livre de Jeunesse Occitanie\" \/>\n<meta property=\"article:modified_time\" content=\"2021-01-12T11:24:44+00:00\" \/>\n<meta property=\"og:image\" content=\"https:\/\/festival-livre-jeunesse.fr\/2021\/wp-content\/uploads\/2020\/09\/Logo-FLJ-petit.png\" \/>\n\t<meta property=\"og:image:width\" content=\"204\" \/>\n\t<meta property=\"og:image:height\" content=\"200\" \/>\n\t<meta property=\"og:image:type\" content=\"image\/png\" \/>\n<meta name=\"twitter:card\" content=\"summary_large_image\" \/>\n<meta name=\"twitter:label1\" content=\"Dur\u00e9e de lecture estim\u00e9e\" \/>\n\t<meta name=\"twitter:data1\" content=\"4 minutes\" \/>\n<script type=\"application\/ld+json\" class=\"yoast-schema-graph\">{\"@context\":\"https:\/\/schema.org\",\"@graph\":[{\"@type\":\"WebPage\",\"@id\":\"https:\/\/festival-livre-jeunesse.fr\/2021\/presse\/communique-de-presse\/\",\"url\":\"https:\/\/festival-livre-jeunesse.fr\/2021\/presse\/communique-de-presse\/\",\"name\":\"Communiqu\u00e9 de presse - Festival du Livre de Jeunesse Occitanie\",\"isPartOf\":{\"@id\":\"https:\/\/festival-livre-jeunesse.fr\/2021\/#website\"},\"primaryImageOfPage\":{\"@id\":\"https:\/\/festival-livre-jeunesse.fr\/2021\/presse\/communique-de-presse\/#primaryimage\"},\"image\":{\"@id\":\"https:\/\/festival-livre-jeunesse.fr\/2021\/presse\/communique-de-presse\/#primaryimage\"},\"thumbnailUrl\":\"http:\/\/festival-livre-jeunesse.fr\/2021\/wp-content\/uploads\/2020\/09\/Logo-FLJ-petit.png\",\"datePublished\":\"2020-11-24T15:45:59+00:00\",\"dateModified\":\"2021-01-12T11:24:44+00:00\",\"breadcrumb\":{\"@id\":\"https:\/\/festival-livre-jeunesse.fr\/2021\/presse\/communique-de-presse\/#breadcrumb\"},\"inLanguage\":\"fr-FR\",\"potentialAction\":[{\"@type\":\"ReadAction\",\"target\":[\"https:\/\/festival-livre-jeunesse.fr\/2021\/presse\/communique-de-presse\/\"]}]},{\"@type\":\"ImageObject\",\"inLanguage\":\"fr-FR\",\"@id\":\"https:\/\/festival-livre-jeunesse.fr\/2021\/presse\/communique-de-presse\/#primaryimage\",\"url\":\"https:\/\/festival-livre-jeunesse.fr\/2021\/wp-content\/uploads\/2020\/09\/Logo-FLJ-petit.png\",\"contentUrl\":\"https:\/\/festival-livre-jeunesse.fr\/2021\/wp-content\/uploads\/2020\/09\/Logo-FLJ-petit.png\",\"width\":204,\"height\":200},{\"@type\":\"BreadcrumbList\",\"@id\":\"https:\/\/festival-livre-jeunesse.fr\/2021\/presse\/communique-de-presse\/#breadcrumb\",\"itemListElement\":[{\"@type\":\"ListItem\",\"position\":1,\"name\":\"Accueil\",\"item\":\"https:\/\/festival-livre-jeunesse.fr\/2021\/\"},{\"@type\":\"ListItem\",\"position\":2,\"name\":\"Presse\",\"item\":\"https:\/\/festival-livre-jeunesse.fr\/2021\/presse\/\"},{\"@type\":\"ListItem\",\"position\":3,\"name\":\"Communiqu\u00e9 de presse\"}]},{\"@type\":\"WebSite\",\"@id\":\"https:\/\/festival-livre-jeunesse.fr\/2021\/#website\",\"url\":\"https:\/\/festival-livre-jeunesse.fr\/2021\/\",\"name\":\"Festival du Livre de Jeunesse Occitanie\",\"description\":\"19\u00e8me \u00e9dition\",\"potentialAction\":[{\"@type\":\"SearchAction\",\"target\":{\"@type\":\"EntryPoint\",\"urlTemplate\":\"https:\/\/festival-livre-jeunesse.fr\/2021\/?s={search_term_string}\"},\"query-input\":{\"@type\":\"PropertyValueSpecification\",\"valueRequired\":true,\"valueName\":\"search_term_string\"}}],\"inLanguage\":\"fr-FR\"}]}<\/script>\n<!-- \/ Yoast SEO plugin. -->","yoast_head_json":{"title":"Communiqu\u00e9 de presse - Festival du Livre de Jeunesse Occitanie","robots":{"index":"index","follow":"follow","max-snippet":"max-snippet:-1","max-image-preview":"max-image-preview:large","max-video-preview":"max-video-preview:-1"},"canonical":"https:\/\/festival-livre-jeunesse.fr\/2021\/presse\/communique-de-presse\/","og_locale":"fr_FR","og_type":"article","og_title":"Communiqu\u00e9 de presse - Festival du Livre de Jeunesse Occitanie","og_description":"COMMUNIQU\u00e9 DE PRESSE \u00ab\u00a0Histoires de temps\u00a0\u00bb, th\u00e8me du Festival 2020 Le 19\u00e8me Festival du Livre de Jeunesse Occitanie se tiendra les 29, 30 et 31 janvier 2021 \u00e0 Saint-Orens de Gameville et d\u00e8s le mois janvier 2020 dans les communes de Toulouse M\u00e9tropole avec pour th\u00e8me \u00ab\u00a0Histoires de temps\u00a0\u00bb \u00a0 Du 23 au 31 janvier &hellip; Communiqu\u00e9 de presse Lire la suite\u00a0\u00bb","og_url":"https:\/\/festival-livre-jeunesse.fr\/2021\/presse\/communique-de-presse\/","og_site_name":"Festival du Livre de Jeunesse Occitanie","article_modified_time":"2021-01-12T11:24:44+00:00","og_image":[{"width":204,"height":200,"url":"https:\/\/festival-livre-jeunesse.fr\/2021\/wp-content\/uploads\/2020\/09\/Logo-FLJ-petit.png","type":"image\/png"}],"twitter_card":"summary_large_image","twitter_misc":{"Dur\u00e9e de lecture estim\u00e9e":"4 minutes"},"schema":{"@context":"https:\/\/schema.org","@graph":[{"@type":"WebPage","@id":"https:\/\/festival-livre-jeunesse.fr\/2021\/presse\/communique-de-presse\/","url":"https:\/\/festival-livre-jeunesse.fr\/2021\/presse\/communique-de-presse\/","name":"Communiqu\u00e9 de presse - Festival du Livre de Jeunesse Occitanie","isPartOf":{"@id":"https:\/\/festival-livre-jeunesse.fr\/2021\/#website"},"primaryImageOfPage":{"@id":"https:\/\/festival-livre-jeunesse.fr\/2021\/presse\/communique-de-presse\/#primaryimage"},"image":{"@id":"https:\/\/festival-livre-jeunesse.fr\/2021\/presse\/communique-de-presse\/#primaryimage"},"thumbnailUrl":"http:\/\/festival-livre-jeunesse.fr\/2021\/wp-content\/uploads\/2020\/09\/Logo-FLJ-petit.png","datePublished":"2020-11-24T15:45:59+00:00","dateModified":"2021-01-12T11:24:44+00:00","breadcrumb":{"@id":"https:\/\/festival-livre-jeunesse.fr\/2021\/presse\/communique-de-presse\/#breadcrumb"},"inLanguage":"fr-FR","potentialAction":[{"@type":"ReadAction","target":["https:\/\/festival-livre-jeunesse.fr\/2021\/presse\/communique-de-presse\/"]}]},{"@type":"ImageObject","inLanguage":"fr-FR","@id":"https:\/\/festival-livre-jeunesse.fr\/2021\/presse\/communique-de-presse\/#primaryimage","url":"https:\/\/festival-livre-jeunesse.fr\/2021\/wp-content\/uploads\/2020\/09\/Logo-FLJ-petit.png","contentUrl":"https:\/\/festival-livre-jeunesse.fr\/2021\/wp-content\/uploads\/2020\/09\/Logo-FLJ-petit.png","width":204,"height":200},{"@type":"BreadcrumbList","@id":"https:\/\/festival-livre-jeunesse.fr\/2021\/presse\/communique-de-presse\/#breadcrumb","itemListElement":[{"@type":"ListItem","position":1,"name":"Accueil","item":"https:\/\/festival-livre-jeunesse.fr\/2021\/"},{"@type":"ListItem","position":2,"name":"Presse","item":"https:\/\/festival-livre-jeunesse.fr\/2021\/presse\/"},{"@type":"ListItem","position":3,"name":"Communiqu\u00e9 de presse"}]},{"@type":"WebSite","@id":"https:\/\/festival-livre-jeunesse.fr\/2021\/#website","url":"https:\/\/festival-livre-jeunesse.fr\/2021\/","name":"Festival du Livre de Jeunesse Occitanie","description":"19\u00e8me \u00e9dition","potentialAction":[{"@type":"SearchAction","target":{"@type":"EntryPoint","urlTemplate":"https:\/\/festival-livre-jeunesse.fr\/2021\/?s={search_term_string}"},"query-input":{"@type":"PropertyValueSpecification","valueRequired":true,"valueName":"search_term_string"}}],"inLanguage":"fr-FR"}]}},"uagb_featured_image_src":{"full":false,"thumbnail":false,"medium":false,"medium_large":false,"large":false,"1536x1536":false,"2048x2048":false},"uagb_author_info":{"display_name":"festival","author_link":"https:\/\/festival-livre-jeunesse.fr\/2021\/author\/festival\/"},"uagb_comment_info":0,"uagb_excerpt":"COMMUNIQU\u00e9 DE PRESSE \u00ab\u00a0Histoires de temps\u00a0\u00bb, th\u00e8me du Festival 2020 Le 19\u00e8me Festival du Livre de Jeunesse Occitanie se tiendra les 29, 30 et 31 janvier 2021 \u00e0 Saint-Orens de Gameville et d\u00e8s le mois janvier 2020 dans les communes de Toulouse M\u00e9tropole avec pour th\u00e8me \u00ab\u00a0Histoires de temps\u00a0\u00bb \u00a0 Du 23 au 31 janvier\u2026","_links":{"self":[{"href":"https:\/\/festival-livre-jeunesse.fr\/2021\/wp-json\/wp\/v2\/pages\/2530","targetHints":{"allow":["GET"]}}],"collection":[{"href":"https:\/\/festival-livre-jeunesse.fr\/2021\/wp-json\/wp\/v2\/pages"}],"about":[{"href":"https:\/\/festival-livre-jeunesse.fr\/2021\/wp-json\/wp\/v2\/types\/page"}],"author":[{"embeddable":true,"href":"https:\/\/festival-livre-jeunesse.fr\/2021\/wp-json\/wp\/v2\/users\/1"}],"replies":[{"embeddable":true,"href":"https:\/\/festival-livre-jeunesse.fr\/2021\/wp-json\/wp\/v2\/comments?post=2530"}],"version-history":[{"count":64,"href":"https:\/\/festival-livre-jeunesse.fr\/2021\/wp-json\/wp\/v2\/pages\/2530\/revisions"}],"predecessor-version":[{"id":5091,"href":"https:\/\/festival-livre-jeunesse.fr\/2021\/wp-json\/wp\/v2\/pages\/2530\/revisions\/5091"}],"up":[{"embeddable":true,"href":"https:\/\/festival-livre-jeunesse.fr\/2021\/wp-json\/wp\/v2\/pages\/2497"}],"wp:attachment":[{"href":"https:\/\/festival-livre-jeunesse.fr\/2021\/wp-json\/wp\/v2\/media?parent=2530"}],"curies":[{"name":"wp","href":"https:\/\/api.w.org\/{rel}","templated":true}]}}