{"id":342,"date":"2020-09-02T22:04:02","date_gmt":"2020-09-02T20:04:02","guid":{"rendered":"http:\/\/festival-livre-jeunesse.fr\/2021\/?page_id=342"},"modified":"2020-09-09T15:50:23","modified_gmt":"2020-09-09T13:50:23","slug":"laura-fanelli","status":"publish","type":"page","link":"https:\/\/festival-livre-jeunesse.fr\/2021\/laura-fanelli\/","title":{"rendered":"Laura Fanelli"},"content":{"rendered":"\t\t<div data-elementor-type=\"wp-page\" data-elementor-id=\"342\" class=\"elementor elementor-342\">\n\t\t\t\t\t\t<section class=\"elementor-section elementor-top-section elementor-element elementor-element-bc07c19 elementor-section-boxed elementor-section-height-default elementor-section-height-default\" data-id=\"bc07c19\" data-element_type=\"section\" data-e-type=\"section\">\n\t\t\t\t\t\t<div class=\"elementor-container elementor-column-gap-default\">\n\t\t\t\t\t<div class=\"elementor-column elementor-col-50 elementor-top-column elementor-element elementor-element-e669c77\" data-id=\"e669c77\" data-element_type=\"column\" data-e-type=\"column\">\n\t\t\t<div class=\"elementor-widget-wrap elementor-element-populated\">\n\t\t\t\t\t\t<div class=\"elementor-element elementor-element-c5ee996 elementor-widget elementor-widget-image\" data-id=\"c5ee996\" data-element_type=\"widget\" data-e-type=\"widget\" data-widget_type=\"image.default\">\n\t\t\t\t<div class=\"elementor-widget-container\">\n\t\t\t\t\t\t\t\t\t\t\t\t\t\t\t<img fetchpriority=\"high\" decoding=\"async\" width=\"400\" height=\"528\" src=\"https:\/\/festival-livre-jeunesse.fr\/2021\/wp-content\/uploads\/2020\/08\/Laura-Fanelli.png\" class=\"attachment-large size-large wp-image-121\" alt=\"\" srcset=\"https:\/\/festival-livre-jeunesse.fr\/2021\/wp-content\/uploads\/2020\/08\/Laura-Fanelli.png 400w, https:\/\/festival-livre-jeunesse.fr\/2021\/wp-content\/uploads\/2020\/08\/Laura-Fanelli-227x300.png 227w\" sizes=\"(max-width: 400px) 100vw, 400px\" \/>\t\t\t\t\t\t\t\t\t\t\t\t\t\t\t<\/div>\n\t\t\t\t<\/div>\n\t\t\t\t\t<\/div>\n\t\t<\/div>\n\t\t\t\t<div class=\"elementor-column elementor-col-50 elementor-top-column elementor-element elementor-element-97744f9\" data-id=\"97744f9\" data-element_type=\"column\" data-e-type=\"column\">\n\t\t\t<div class=\"elementor-widget-wrap elementor-element-populated\">\n\t\t\t\t\t\t<div class=\"elementor-element elementor-element-f1fd261 elementor-widget elementor-widget-text-editor\" data-id=\"f1fd261\" data-element_type=\"widget\" data-e-type=\"widget\" data-widget_type=\"text-editor.default\">\n\t\t\t\t<div class=\"elementor-widget-container\">\n\t\t\t\t\t\t\t\t\t<div>\u00a0<\/div><div>\u00a0<\/div><div>\u00a0<\/div><div>\u00a0<\/div><div>\u00a0<\/div><div>\u00a0<\/div><div>Graphiste et illustratrice italienne bas\u00e9e \u00e0 Toulouse,\u00a0<a href=\"http:\/\/laurafanelli.blogspot.com\/\" target=\"_blank\" rel=\"noopener noreferrer\">Laura Fanelli<\/a>\u00a0a \u00e9tudi\u00e9 la communication visuelle \u00e0 l\u2019ISIA, Urbino en Italie et \u00e0 l\u2019ESA Institut Saint Luc \u00e0 Bruxelles.<\/div><div>Apr\u00e8s avoir travaill\u00e9 comme graphiste dans des agences de Bruxelles, Rome, La Corogne ou Bergame, elle travaille actuellement \u00e0 Toulouse au sein du collectif de l\u2019<a href=\"https:\/\/www.facebook.com\/atelierlecanapetoulouse\/timeline\" target=\"_blank\" rel=\"noopener noreferrer\">Atelier du canap\u00e9<\/a>\u00a0o\u00f9 sont organis\u00e9s des expositions et ateliers.<\/div><div><p>Laura Fanelli\u00a0\u00a0illustre des livres pour plusieurs \u00e9diteurs, en Italie et en France.<\/p><\/div><p><strong>Bibliographie<\/strong><\/p><div class=\"row\"><ul><li><em>Vassilia et l\u2019ours<\/em>, texte de Fran\u00e7oise Guibert, Seuil Jeunesse, 2019<\/li><li><i>Le secret du renard<\/i>, \u00e9d. Ecole des loisirs, 2019<\/li><li><i>Ribambelle<\/i>, \u00e9d. Lirabelle, 2018<\/li><li><em>Pinna morsicata<\/em>, Ed. Marcos y Marcos, 2016<\/li><li><em>Le cheval, mythologie et l\u00e9gendes<\/em>, Ed. Bulles de savon, 2016<\/li><li><em>La grande battaglia musicale<\/em>, Ed. Marcos y Marcos, 2015<\/li><li><em>La grande histoire du monde arabe<\/em>, texte de Fran\u00e7ois Reynaert. Ed. Bulles de savon, 2015<\/li><\/ul><\/div>\t\t\t\t\t\t\t\t<\/div>\n\t\t\t\t<\/div>\n\t\t\t\t\t<\/div>\n\t\t<\/div>\n\t\t\t\t\t<\/div>\n\t\t<\/section>\n\t\t\t\t<\/div>\n\t\t","protected":false},"excerpt":{"rendered":"<p>\u00a0\u00a0\u00a0\u00a0\u00a0\u00a0Graphiste et illustratrice italienne bas\u00e9e \u00e0 Toulouse,\u00a0Laura Fanelli\u00a0a \u00e9tudi\u00e9 la communication visuelle \u00e0 l\u2019ISIA, Urbino en Italie et \u00e0 l\u2019ESA Institut Saint Luc \u00e0 Bruxelles.Apr\u00e8s avoir travaill\u00e9 comme graphiste dans des agences de Bruxelles, Rome, La Corogne ou Bergame, elle travaille actuellement \u00e0 Toulouse au sein du collectif de l\u2019Atelier du canap\u00e9\u00a0o\u00f9 sont organis\u00e9s des &hellip;<\/p>\n<p class=\"read-more\"> <a class=\"\" href=\"https:\/\/festival-livre-jeunesse.fr\/2021\/laura-fanelli\/\"> <span class=\"screen-reader-text\">Laura Fanelli<\/span> Lire la suite\u00a0\u00bb<\/a><\/p>\n","protected":false},"author":1,"featured_media":0,"parent":0,"menu_order":0,"comment_status":"closed","ping_status":"closed","template":"","meta":{"_uag_custom_page_level_css":"","footnotes":""},"class_list":["post-342","page","type-page","status-publish","hentry"],"yoast_head":"<!-- This site is optimized with the Yoast SEO plugin v25.3.1 - https:\/\/yoast.com\/wordpress\/plugins\/seo\/ -->\n<title>Laura Fanelli - Festival du Livre de Jeunesse Occitanie<\/title>\n<meta name=\"robots\" content=\"index, follow, max-snippet:-1, max-image-preview:large, max-video-preview:-1\" \/>\n<link rel=\"canonical\" href=\"https:\/\/festival-livre-jeunesse.fr\/2021\/laura-fanelli\/\" \/>\n<meta property=\"og:locale\" content=\"fr_FR\" \/>\n<meta property=\"og:type\" content=\"article\" \/>\n<meta property=\"og:title\" content=\"Laura Fanelli - Festival du Livre de Jeunesse Occitanie\" \/>\n<meta property=\"og:description\" content=\"\u00a0\u00a0\u00a0\u00a0\u00a0\u00a0Graphiste et illustratrice italienne bas\u00e9e \u00e0 Toulouse,\u00a0Laura Fanelli\u00a0a \u00e9tudi\u00e9 la communication visuelle \u00e0 l\u2019ISIA, Urbino en Italie et \u00e0 l\u2019ESA Institut Saint Luc \u00e0 Bruxelles.Apr\u00e8s avoir travaill\u00e9 comme graphiste dans des agences de Bruxelles, Rome, La Corogne ou Bergame, elle travaille actuellement \u00e0 Toulouse au sein du collectif de l\u2019Atelier du canap\u00e9\u00a0o\u00f9 sont organis\u00e9s des &hellip; Laura Fanelli Lire la suite\u00a0\u00bb\" \/>\n<meta property=\"og:url\" content=\"https:\/\/festival-livre-jeunesse.fr\/2021\/laura-fanelli\/\" \/>\n<meta property=\"og:site_name\" content=\"Festival du Livre de Jeunesse Occitanie\" \/>\n<meta property=\"article:modified_time\" content=\"2020-09-09T13:50:23+00:00\" \/>\n<meta property=\"og:image\" content=\"http:\/\/festival-livre-jeunesse.fr\/2021\/wp-content\/uploads\/2020\/08\/Laura-Fanelli.png\" \/>\n<meta name=\"twitter:card\" content=\"summary_large_image\" \/>\n<meta name=\"twitter:label1\" content=\"Dur\u00e9e de lecture estim\u00e9e\" \/>\n\t<meta name=\"twitter:data1\" content=\"1 minute\" \/>\n<script type=\"application\/ld+json\" class=\"yoast-schema-graph\">{\"@context\":\"https:\/\/schema.org\",\"@graph\":[{\"@type\":\"WebPage\",\"@id\":\"https:\/\/festival-livre-jeunesse.fr\/2021\/laura-fanelli\/\",\"url\":\"https:\/\/festival-livre-jeunesse.fr\/2021\/laura-fanelli\/\",\"name\":\"Laura Fanelli - Festival du Livre de Jeunesse Occitanie\",\"isPartOf\":{\"@id\":\"https:\/\/festival-livre-jeunesse.fr\/2021\/#website\"},\"primaryImageOfPage\":{\"@id\":\"https:\/\/festival-livre-jeunesse.fr\/2021\/laura-fanelli\/#primaryimage\"},\"image\":{\"@id\":\"https:\/\/festival-livre-jeunesse.fr\/2021\/laura-fanelli\/#primaryimage\"},\"thumbnailUrl\":\"http:\/\/festival-livre-jeunesse.fr\/2021\/wp-content\/uploads\/2020\/08\/Laura-Fanelli.png\",\"datePublished\":\"2020-09-02T20:04:02+00:00\",\"dateModified\":\"2020-09-09T13:50:23+00:00\",\"breadcrumb\":{\"@id\":\"https:\/\/festival-livre-jeunesse.fr\/2021\/laura-fanelli\/#breadcrumb\"},\"inLanguage\":\"fr-FR\",\"potentialAction\":[{\"@type\":\"ReadAction\",\"target\":[\"https:\/\/festival-livre-jeunesse.fr\/2021\/laura-fanelli\/\"]}]},{\"@type\":\"ImageObject\",\"inLanguage\":\"fr-FR\",\"@id\":\"https:\/\/festival-livre-jeunesse.fr\/2021\/laura-fanelli\/#primaryimage\",\"url\":\"http:\/\/festival-livre-jeunesse.fr\/2021\/wp-content\/uploads\/2020\/08\/Laura-Fanelli.png\",\"contentUrl\":\"http:\/\/festival-livre-jeunesse.fr\/2021\/wp-content\/uploads\/2020\/08\/Laura-Fanelli.png\"},{\"@type\":\"BreadcrumbList\",\"@id\":\"https:\/\/festival-livre-jeunesse.fr\/2021\/laura-fanelli\/#breadcrumb\",\"itemListElement\":[{\"@type\":\"ListItem\",\"position\":1,\"name\":\"Accueil\",\"item\":\"https:\/\/festival-livre-jeunesse.fr\/2021\/\"},{\"@type\":\"ListItem\",\"position\":2,\"name\":\"Laura Fanelli\"}]},{\"@type\":\"WebSite\",\"@id\":\"https:\/\/festival-livre-jeunesse.fr\/2021\/#website\",\"url\":\"https:\/\/festival-livre-jeunesse.fr\/2021\/\",\"name\":\"Festival du Livre de Jeunesse Occitanie\",\"description\":\"19\u00e8me \u00e9dition\",\"potentialAction\":[{\"@type\":\"SearchAction\",\"target\":{\"@type\":\"EntryPoint\",\"urlTemplate\":\"https:\/\/festival-livre-jeunesse.fr\/2021\/?s={search_term_string}\"},\"query-input\":{\"@type\":\"PropertyValueSpecification\",\"valueRequired\":true,\"valueName\":\"search_term_string\"}}],\"inLanguage\":\"fr-FR\"}]}<\/script>\n<!-- \/ Yoast SEO plugin. -->","yoast_head_json":{"title":"Laura Fanelli - Festival du Livre de Jeunesse Occitanie","robots":{"index":"index","follow":"follow","max-snippet":"max-snippet:-1","max-image-preview":"max-image-preview:large","max-video-preview":"max-video-preview:-1"},"canonical":"https:\/\/festival-livre-jeunesse.fr\/2021\/laura-fanelli\/","og_locale":"fr_FR","og_type":"article","og_title":"Laura Fanelli - Festival du Livre de Jeunesse Occitanie","og_description":"\u00a0\u00a0\u00a0\u00a0\u00a0\u00a0Graphiste et illustratrice italienne bas\u00e9e \u00e0 Toulouse,\u00a0Laura Fanelli\u00a0a \u00e9tudi\u00e9 la communication visuelle \u00e0 l\u2019ISIA, Urbino en Italie et \u00e0 l\u2019ESA Institut Saint Luc \u00e0 Bruxelles.Apr\u00e8s avoir travaill\u00e9 comme graphiste dans des agences de Bruxelles, Rome, La Corogne ou Bergame, elle travaille actuellement \u00e0 Toulouse au sein du collectif de l\u2019Atelier du canap\u00e9\u00a0o\u00f9 sont organis\u00e9s des &hellip; Laura Fanelli Lire la suite\u00a0\u00bb","og_url":"https:\/\/festival-livre-jeunesse.fr\/2021\/laura-fanelli\/","og_site_name":"Festival du Livre de Jeunesse Occitanie","article_modified_time":"2020-09-09T13:50:23+00:00","og_image":[{"url":"http:\/\/festival-livre-jeunesse.fr\/2021\/wp-content\/uploads\/2020\/08\/Laura-Fanelli.png","type":"","width":"","height":""}],"twitter_card":"summary_large_image","twitter_misc":{"Dur\u00e9e de lecture estim\u00e9e":"1 minute"},"schema":{"@context":"https:\/\/schema.org","@graph":[{"@type":"WebPage","@id":"https:\/\/festival-livre-jeunesse.fr\/2021\/laura-fanelli\/","url":"https:\/\/festival-livre-jeunesse.fr\/2021\/laura-fanelli\/","name":"Laura Fanelli - Festival du Livre de Jeunesse Occitanie","isPartOf":{"@id":"https:\/\/festival-livre-jeunesse.fr\/2021\/#website"},"primaryImageOfPage":{"@id":"https:\/\/festival-livre-jeunesse.fr\/2021\/laura-fanelli\/#primaryimage"},"image":{"@id":"https:\/\/festival-livre-jeunesse.fr\/2021\/laura-fanelli\/#primaryimage"},"thumbnailUrl":"http:\/\/festival-livre-jeunesse.fr\/2021\/wp-content\/uploads\/2020\/08\/Laura-Fanelli.png","datePublished":"2020-09-02T20:04:02+00:00","dateModified":"2020-09-09T13:50:23+00:00","breadcrumb":{"@id":"https:\/\/festival-livre-jeunesse.fr\/2021\/laura-fanelli\/#breadcrumb"},"inLanguage":"fr-FR","potentialAction":[{"@type":"ReadAction","target":["https:\/\/festival-livre-jeunesse.fr\/2021\/laura-fanelli\/"]}]},{"@type":"ImageObject","inLanguage":"fr-FR","@id":"https:\/\/festival-livre-jeunesse.fr\/2021\/laura-fanelli\/#primaryimage","url":"http:\/\/festival-livre-jeunesse.fr\/2021\/wp-content\/uploads\/2020\/08\/Laura-Fanelli.png","contentUrl":"http:\/\/festival-livre-jeunesse.fr\/2021\/wp-content\/uploads\/2020\/08\/Laura-Fanelli.png"},{"@type":"BreadcrumbList","@id":"https:\/\/festival-livre-jeunesse.fr\/2021\/laura-fanelli\/#breadcrumb","itemListElement":[{"@type":"ListItem","position":1,"name":"Accueil","item":"https:\/\/festival-livre-jeunesse.fr\/2021\/"},{"@type":"ListItem","position":2,"name":"Laura Fanelli"}]},{"@type":"WebSite","@id":"https:\/\/festival-livre-jeunesse.fr\/2021\/#website","url":"https:\/\/festival-livre-jeunesse.fr\/2021\/","name":"Festival du Livre de Jeunesse Occitanie","description":"19\u00e8me \u00e9dition","potentialAction":[{"@type":"SearchAction","target":{"@type":"EntryPoint","urlTemplate":"https:\/\/festival-livre-jeunesse.fr\/2021\/?s={search_term_string}"},"query-input":{"@type":"PropertyValueSpecification","valueRequired":true,"valueName":"search_term_string"}}],"inLanguage":"fr-FR"}]}},"uagb_featured_image_src":{"full":false,"thumbnail":false,"medium":false,"medium_large":false,"large":false,"1536x1536":false,"2048x2048":false},"uagb_author_info":{"display_name":"festival","author_link":"https:\/\/festival-livre-jeunesse.fr\/2021\/author\/festival\/"},"uagb_comment_info":0,"uagb_excerpt":"\u00a0\u00a0\u00a0\u00a0\u00a0\u00a0Graphiste et illustratrice italienne bas\u00e9e \u00e0 Toulouse,\u00a0Laura Fanelli\u00a0a \u00e9tudi\u00e9 la communication visuelle \u00e0 l\u2019ISIA, Urbino en Italie et \u00e0 l\u2019ESA Institut Saint Luc \u00e0 Bruxelles.Apr\u00e8s avoir travaill\u00e9 comme graphiste dans des agences de Bruxelles, Rome, La Corogne ou Bergame, elle travaille actuellement \u00e0 Toulouse au sein du collectif de l\u2019Atelier du canap\u00e9\u00a0o\u00f9 sont organis\u00e9s des\u2026","_links":{"self":[{"href":"https:\/\/festival-livre-jeunesse.fr\/2021\/wp-json\/wp\/v2\/pages\/342","targetHints":{"allow":["GET"]}}],"collection":[{"href":"https:\/\/festival-livre-jeunesse.fr\/2021\/wp-json\/wp\/v2\/pages"}],"about":[{"href":"https:\/\/festival-livre-jeunesse.fr\/2021\/wp-json\/wp\/v2\/types\/page"}],"author":[{"embeddable":true,"href":"https:\/\/festival-livre-jeunesse.fr\/2021\/wp-json\/wp\/v2\/users\/1"}],"replies":[{"embeddable":true,"href":"https:\/\/festival-livre-jeunesse.fr\/2021\/wp-json\/wp\/v2\/comments?post=342"}],"version-history":[{"count":6,"href":"https:\/\/festival-livre-jeunesse.fr\/2021\/wp-json\/wp\/v2\/pages\/342\/revisions"}],"predecessor-version":[{"id":752,"href":"https:\/\/festival-livre-jeunesse.fr\/2021\/wp-json\/wp\/v2\/pages\/342\/revisions\/752"}],"wp:attachment":[{"href":"https:\/\/festival-livre-jeunesse.fr\/2021\/wp-json\/wp\/v2\/media?parent=342"}],"curies":[{"name":"wp","href":"https:\/\/api.w.org\/{rel}","templated":true}]}}