{"id":3698,"date":"2020-12-08T12:25:54","date_gmt":"2020-12-08T11:25:54","guid":{"rendered":"http:\/\/festival-livre-jeunesse.fr\/2021\/?page_id=3698"},"modified":"2021-01-26T08:29:05","modified_gmt":"2021-01-26T07:29:05","slug":"universite","status":"publish","type":"page","link":"https:\/\/festival-livre-jeunesse.fr\/2021\/universite\/","title":{"rendered":"Universit\u00e9"},"content":{"rendered":"\t\t<div data-elementor-type=\"wp-page\" data-elementor-id=\"3698\" class=\"elementor elementor-3698\">\n\t\t\t\t\t\t<section class=\"elementor-section elementor-top-section elementor-element elementor-element-19a7f923 elementor-section-boxed elementor-section-height-default elementor-section-height-default\" data-id=\"19a7f923\" data-element_type=\"section\" data-e-type=\"section\">\n\t\t\t\t\t\t<div class=\"elementor-container elementor-column-gap-default\">\n\t\t\t\t\t<div class=\"elementor-column elementor-col-100 elementor-top-column elementor-element elementor-element-3b9ba4d9\" data-id=\"3b9ba4d9\" data-element_type=\"column\" data-e-type=\"column\">\n\t\t\t<div class=\"elementor-widget-wrap elementor-element-populated\">\n\t\t\t\t\t\t<div class=\"elementor-element elementor-element-5f88be93 elementor-widget elementor-widget-spacer\" data-id=\"5f88be93\" data-element_type=\"widget\" data-e-type=\"widget\" data-widget_type=\"spacer.default\">\n\t\t\t\t<div class=\"elementor-widget-container\">\n\t\t\t\t\t\t\t<div class=\"elementor-spacer\">\n\t\t\t<div class=\"elementor-spacer-inner\"><\/div>\n\t\t<\/div>\n\t\t\t\t\t\t<\/div>\n\t\t\t\t<\/div>\n\t\t\t\t<div class=\"elementor-element elementor-element-b562f3a elementor-widget elementor-widget-image\" data-id=\"b562f3a\" data-element_type=\"widget\" data-e-type=\"widget\" data-widget_type=\"image.default\">\n\t\t\t\t<div class=\"elementor-widget-container\">\n\t\t\t\t\t\t\t\t\t\t\t\t\t\t\t<img fetchpriority=\"high\" decoding=\"async\" width=\"1600\" height=\"400\" src=\"https:\/\/festival-livre-jeunesse.fr\/2021\/wp-content\/uploads\/2021\/01\/fond-universite.png\" class=\"attachment-large size-large wp-image-8359\" alt=\"\" srcset=\"https:\/\/festival-livre-jeunesse.fr\/2021\/wp-content\/uploads\/2021\/01\/fond-universite.png 1600w, https:\/\/festival-livre-jeunesse.fr\/2021\/wp-content\/uploads\/2021\/01\/fond-universite-1024x256.png 1024w, https:\/\/festival-livre-jeunesse.fr\/2021\/wp-content\/uploads\/2021\/01\/fond-universite-768x192.png 768w, https:\/\/festival-livre-jeunesse.fr\/2021\/wp-content\/uploads\/2021\/01\/fond-universite-1536x384.png 1536w\" sizes=\"(max-width: 1600px) 100vw, 1600px\" \/>\t\t\t\t\t\t\t\t\t\t\t\t\t\t\t<\/div>\n\t\t\t\t<\/div>\n\t\t\t\t<div class=\"elementor-element elementor-element-69b8b3bb elementor-widget elementor-widget-heading\" data-id=\"69b8b3bb\" data-element_type=\"widget\" data-e-type=\"widget\" data-widget_type=\"heading.default\">\n\t\t\t\t<div class=\"elementor-widget-container\">\n\t\t\t\t\t<h1 class=\"elementor-heading-title elementor-size-xl\">QUAND LA LITT\u00c9RATURE S'INVITE \u00c0 L'UNIVERSIT\u00c9<br><\/h1>\t\t\t\t<\/div>\n\t\t\t\t<\/div>\n\t\t\t\t<div class=\"elementor-element elementor-element-11095af3 elementor-widget elementor-widget-text-editor\" data-id=\"11095af3\" data-element_type=\"widget\" data-e-type=\"widget\" data-widget_type=\"text-editor.default\">\n\t\t\t\t<div class=\"elementor-widget-container\">\n\t\t\t\t\t\t\t\t\t<p>Des auteurs jeunesse seront accueillis \u00e0 l\u2019Universit\u00e9 Jean Jaur\u00e8s Toulouse,\u00a0\u00e0 l\u2019Institut national sup\u00e9rieur du professorat et de l\u2019\u00e9ducation de Toulouse Occitanie-Pyr\u00e9n\u00e9es (<a href=\"https:\/\/espe.univ-toulouse.fr\/accueil-\/navigation\/l-espe\/l-espe-toulouse-midi-pyrenees-239883.kjsp\">Insp\u00e9<\/a>)\u00a0et au\u00a0Centre de Traduction, d\u2019Interpr\u00e9tation et de M\u00e9diation Linguistique (<a href=\"https:\/\/cetim.univ-tlse2.fr\/\">CeTIM<\/a>).<\/p><p>\u00a0<\/p><p>Poursuivant la collaboration avec l\u2019Insp\u00e9 , le partenariat avec l\u2019Universit\u00e9 Jean Jaur\u00e8s se d\u00e9veloppe par un programme de rencontres d\u2019auteurs et d\u2019acteurs de la litt\u00e9rature jeunesse \u00e0 l\u2019Universit\u00e9 \u00e0 destination des \u00e9tudiants, des enseignants et du grand public.<\/p>\t\t\t\t\t\t\t\t<\/div>\n\t\t\t\t<\/div>\n\t\t\t\t\t<\/div>\n\t\t<\/div>\n\t\t\t\t\t<\/div>\n\t\t<\/section>\n\t\t\t\t<section class=\"elementor-section elementor-top-section elementor-element elementor-element-713a4cd4 elementor-section-boxed elementor-section-height-default elementor-section-height-default\" data-id=\"713a4cd4\" data-element_type=\"section\" data-e-type=\"section\">\n\t\t\t\t\t\t<div class=\"elementor-container elementor-column-gap-default\">\n\t\t\t\t\t<div class=\"elementor-column elementor-col-100 elementor-top-column elementor-element elementor-element-2775706f\" data-id=\"2775706f\" data-element_type=\"column\" data-e-type=\"column\">\n\t\t\t<div class=\"elementor-widget-wrap elementor-element-populated\">\n\t\t\t\t\t\t<div class=\"elementor-element elementor-element-711dafad elementor-widget elementor-widget-spacer\" data-id=\"711dafad\" data-element_type=\"widget\" data-e-type=\"widget\" data-widget_type=\"spacer.default\">\n\t\t\t\t<div class=\"elementor-widget-container\">\n\t\t\t\t\t\t\t<div class=\"elementor-spacer\">\n\t\t\t<div class=\"elementor-spacer-inner\"><\/div>\n\t\t<\/div>\n\t\t\t\t\t\t<\/div>\n\t\t\t\t<\/div>\n\t\t\t\t\t<\/div>\n\t\t<\/div>\n\t\t\t\t\t<\/div>\n\t\t<\/section>\n\t\t\t\t<section class=\"elementor-section elementor-top-section elementor-element elementor-element-c28f928 elementor-section-boxed elementor-section-height-default elementor-section-height-default\" data-id=\"c28f928\" data-element_type=\"section\" data-e-type=\"section\">\n\t\t\t\t\t\t<div class=\"elementor-container elementor-column-gap-default\">\n\t\t\t\t\t<div class=\"elementor-column elementor-col-100 elementor-top-column elementor-element elementor-element-e2e0d51\" data-id=\"e2e0d51\" data-element_type=\"column\" data-e-type=\"column\">\n\t\t\t<div class=\"elementor-widget-wrap elementor-element-populated\">\n\t\t\t\t\t\t<section class=\"elementor-section elementor-inner-section elementor-element elementor-element-2f98881 elementor-section-boxed elementor-section-height-default elementor-section-height-default\" data-id=\"2f98881\" data-element_type=\"section\" data-e-type=\"section\">\n\t\t\t\t\t\t<div class=\"elementor-container elementor-column-gap-default\">\n\t\t\t\t\t<div class=\"elementor-column elementor-col-50 elementor-inner-column elementor-element elementor-element-683bd62\" data-id=\"683bd62\" data-element_type=\"column\" data-e-type=\"column\">\n\t\t\t<div class=\"elementor-widget-wrap elementor-element-populated\">\n\t\t\t\t\t\t<div class=\"elementor-element elementor-element-c01e89a elementor-widget elementor-widget-heading\" data-id=\"c01e89a\" data-element_type=\"widget\" data-e-type=\"widget\" data-widget_type=\"heading.default\">\n\t\t\t\t<div class=\"elementor-widget-container\">\n\t\t\t\t\t<h1 class=\"elementor-heading-title elementor-size-large\">INSPE Toulouse<\/h1>\t\t\t\t<\/div>\n\t\t\t\t<\/div>\n\t\t\t\t<div class=\"elementor-element elementor-element-e99c033 elementor-widget elementor-widget-text-editor\" data-id=\"e99c033\" data-element_type=\"widget\" data-e-type=\"widget\" data-widget_type=\"text-editor.default\">\n\t\t\t\t<div class=\"elementor-widget-container\">\n\t\t\t\t\t\t\t\t\t<p>Projet interdisciplinaire MEEF Arts plastiques &amp; Documentation &#8211; Master classe [\u00e0 distance] avec JOANNA CONCEJO. Projet soutenu par La Maison des \u00e9crivains et de la litt\u00e9rature.<\/p>\t\t\t\t\t\t\t\t<\/div>\n\t\t\t\t<\/div>\n\t\t\t\t<div class=\"elementor-element elementor-element-44224aa elementor-widget elementor-widget-button\" data-id=\"44224aa\" data-element_type=\"widget\" data-e-type=\"widget\" data-widget_type=\"button.default\">\n\t\t\t\t<div class=\"elementor-widget-container\">\n\t\t\t\t\t\t\t\t\t<div class=\"elementor-button-wrapper\">\n\t\t\t\t\t<a class=\"elementor-button elementor-button-link elementor-size-sm\" href=\"https:\/\/inspe.univ-toulouse.fr\/projets-artistiques-et-culturels-a-l-inspe\/projet-interdisciplinaire-meef-arts-plastiques-documentation-master-classe-a-distance-avec-joanna-concejo-806755.kjsp?RH=FR_06-02\">\n\t\t\t\t\t\t<span class=\"elementor-button-content-wrapper\">\n\t\t\t\t\t\t\t\t\t<span class=\"elementor-button-text\">En savoir +<\/span>\n\t\t\t\t\t<\/span>\n\t\t\t\t\t<\/a>\n\t\t\t\t<\/div>\n\t\t\t\t\t\t\t\t<\/div>\n\t\t\t\t<\/div>\n\t\t\t\t\t<\/div>\n\t\t<\/div>\n\t\t\t\t<div class=\"elementor-column elementor-col-50 elementor-inner-column elementor-element elementor-element-537ca93\" data-id=\"537ca93\" data-element_type=\"column\" data-e-type=\"column\">\n\t\t\t<div class=\"elementor-widget-wrap elementor-element-populated\">\n\t\t\t\t\t\t<div class=\"elementor-element elementor-element-ac273db elementor-widget elementor-widget-heading\" data-id=\"ac273db\" data-element_type=\"widget\" data-e-type=\"widget\" data-widget_type=\"heading.default\">\n\t\t\t\t<div class=\"elementor-widget-container\">\n\t\t\t\t\t<h1 class=\"elementor-heading-title elementor-size-large\">CeTIM<\/h1>\t\t\t\t<\/div>\n\t\t\t\t<\/div>\n\t\t\t\t<div class=\"elementor-element elementor-element-f8710dc elementor-widget elementor-widget-text-editor\" data-id=\"f8710dc\" data-element_type=\"widget\" data-e-type=\"widget\" data-widget_type=\"text-editor.default\">\n\t\t\t\t<div class=\"elementor-widget-container\">\n\t\t\t\t\t\t\t\t\t<p>Initiatives d&rsquo;accessibilit\u00e9 en LSF autour de la litt\u00e9rature jeunesse.<span style=\"font-size: 12px; font-style: normal; font-weight: 400;\">(en cours)<\/span><\/p>\t\t\t\t\t\t\t\t<\/div>\n\t\t\t\t<\/div>\n\t\t\t\t\t<\/div>\n\t\t<\/div>\n\t\t\t\t\t<\/div>\n\t\t<\/section>\n\t\t\t\t\t<\/div>\n\t\t<\/div>\n\t\t\t\t\t<\/div>\n\t\t<\/section>\n\t\t\t\t<\/div>\n\t\t","protected":false},"excerpt":{"rendered":"<p>QUAND LA LITT\u00c9RATURE S&rsquo;INVITE \u00c0 L&rsquo;UNIVERSIT\u00c9 Des auteurs jeunesse seront accueillis \u00e0 l\u2019Universit\u00e9 Jean Jaur\u00e8s Toulouse,\u00a0\u00e0 l\u2019Institut national sup\u00e9rieur du professorat et de l\u2019\u00e9ducation de Toulouse Occitanie-Pyr\u00e9n\u00e9es (Insp\u00e9)\u00a0et au\u00a0Centre de Traduction, d\u2019Interpr\u00e9tation et de M\u00e9diation Linguistique (CeTIM). \u00a0 Poursuivant la collaboration avec l\u2019Insp\u00e9 , le partenariat avec l\u2019Universit\u00e9 Jean Jaur\u00e8s se d\u00e9veloppe par un programme &hellip;<\/p>\n<p class=\"read-more\"> <a class=\"\" href=\"https:\/\/festival-livre-jeunesse.fr\/2021\/universite\/\"> <span class=\"screen-reader-text\">Universit\u00e9<\/span> Lire la suite\u00a0\u00bb<\/a><\/p>\n","protected":false},"author":2,"featured_media":0,"parent":0,"menu_order":0,"comment_status":"closed","ping_status":"closed","template":"","meta":{"_uag_custom_page_level_css":"","footnotes":""},"class_list":["post-3698","page","type-page","status-publish","hentry"],"yoast_head":"<!-- This site is optimized with the Yoast SEO plugin v25.3.1 - https:\/\/yoast.com\/wordpress\/plugins\/seo\/ -->\n<title>Universit\u00e9 - Festival du Livre de Jeunesse Occitanie<\/title>\n<meta name=\"robots\" content=\"index, follow, max-snippet:-1, max-image-preview:large, max-video-preview:-1\" \/>\n<link rel=\"canonical\" href=\"https:\/\/festival-livre-jeunesse.fr\/2021\/universite\/\" \/>\n<meta property=\"og:locale\" content=\"fr_FR\" \/>\n<meta property=\"og:type\" content=\"article\" \/>\n<meta property=\"og:title\" content=\"Universit\u00e9 - Festival du Livre de Jeunesse Occitanie\" \/>\n<meta property=\"og:description\" content=\"QUAND LA LITT\u00c9RATURE S&rsquo;INVITE \u00c0 L&rsquo;UNIVERSIT\u00c9 Des auteurs jeunesse seront accueillis \u00e0 l\u2019Universit\u00e9 Jean Jaur\u00e8s Toulouse,\u00a0\u00e0 l\u2019Institut national sup\u00e9rieur du professorat et de l\u2019\u00e9ducation de Toulouse Occitanie-Pyr\u00e9n\u00e9es (Insp\u00e9)\u00a0et au\u00a0Centre de Traduction, d\u2019Interpr\u00e9tation et de M\u00e9diation Linguistique (CeTIM). \u00a0 Poursuivant la collaboration avec l\u2019Insp\u00e9 , le partenariat avec l\u2019Universit\u00e9 Jean Jaur\u00e8s se d\u00e9veloppe par un programme &hellip; Universit\u00e9 Lire la suite\u00a0\u00bb\" \/>\n<meta property=\"og:url\" content=\"https:\/\/festival-livre-jeunesse.fr\/2021\/universite\/\" \/>\n<meta property=\"og:site_name\" content=\"Festival du Livre de Jeunesse Occitanie\" \/>\n<meta property=\"article:modified_time\" content=\"2021-01-26T07:29:05+00:00\" \/>\n<meta property=\"og:image\" content=\"http:\/\/festival-livre-jeunesse.fr\/2021\/wp-content\/uploads\/2021\/01\/fond-universite.png\" \/>\n<meta name=\"twitter:card\" content=\"summary_large_image\" \/>\n<meta name=\"twitter:label1\" content=\"Dur\u00e9e de lecture estim\u00e9e\" \/>\n\t<meta name=\"twitter:data1\" content=\"1 minute\" \/>\n<script type=\"application\/ld+json\" class=\"yoast-schema-graph\">{\"@context\":\"https:\/\/schema.org\",\"@graph\":[{\"@type\":\"WebPage\",\"@id\":\"https:\/\/festival-livre-jeunesse.fr\/2021\/universite\/\",\"url\":\"https:\/\/festival-livre-jeunesse.fr\/2021\/universite\/\",\"name\":\"Universit\u00e9 - Festival du Livre de Jeunesse Occitanie\",\"isPartOf\":{\"@id\":\"https:\/\/festival-livre-jeunesse.fr\/2021\/#website\"},\"primaryImageOfPage\":{\"@id\":\"https:\/\/festival-livre-jeunesse.fr\/2021\/universite\/#primaryimage\"},\"image\":{\"@id\":\"https:\/\/festival-livre-jeunesse.fr\/2021\/universite\/#primaryimage\"},\"thumbnailUrl\":\"http:\/\/festival-livre-jeunesse.fr\/2021\/wp-content\/uploads\/2021\/01\/fond-universite.png\",\"datePublished\":\"2020-12-08T11:25:54+00:00\",\"dateModified\":\"2021-01-26T07:29:05+00:00\",\"breadcrumb\":{\"@id\":\"https:\/\/festival-livre-jeunesse.fr\/2021\/universite\/#breadcrumb\"},\"inLanguage\":\"fr-FR\",\"potentialAction\":[{\"@type\":\"ReadAction\",\"target\":[\"https:\/\/festival-livre-jeunesse.fr\/2021\/universite\/\"]}]},{\"@type\":\"ImageObject\",\"inLanguage\":\"fr-FR\",\"@id\":\"https:\/\/festival-livre-jeunesse.fr\/2021\/universite\/#primaryimage\",\"url\":\"http:\/\/festival-livre-jeunesse.fr\/2021\/wp-content\/uploads\/2021\/01\/fond-universite.png\",\"contentUrl\":\"http:\/\/festival-livre-jeunesse.fr\/2021\/wp-content\/uploads\/2021\/01\/fond-universite.png\"},{\"@type\":\"BreadcrumbList\",\"@id\":\"https:\/\/festival-livre-jeunesse.fr\/2021\/universite\/#breadcrumb\",\"itemListElement\":[{\"@type\":\"ListItem\",\"position\":1,\"name\":\"Accueil\",\"item\":\"https:\/\/festival-livre-jeunesse.fr\/2021\/\"},{\"@type\":\"ListItem\",\"position\":2,\"name\":\"Universit\u00e9\"}]},{\"@type\":\"WebSite\",\"@id\":\"https:\/\/festival-livre-jeunesse.fr\/2021\/#website\",\"url\":\"https:\/\/festival-livre-jeunesse.fr\/2021\/\",\"name\":\"Festival du Livre de Jeunesse Occitanie\",\"description\":\"19\u00e8me \u00e9dition\",\"potentialAction\":[{\"@type\":\"SearchAction\",\"target\":{\"@type\":\"EntryPoint\",\"urlTemplate\":\"https:\/\/festival-livre-jeunesse.fr\/2021\/?s={search_term_string}\"},\"query-input\":{\"@type\":\"PropertyValueSpecification\",\"valueRequired\":true,\"valueName\":\"search_term_string\"}}],\"inLanguage\":\"fr-FR\"}]}<\/script>\n<!-- \/ Yoast SEO plugin. -->","yoast_head_json":{"title":"Universit\u00e9 - Festival du Livre de Jeunesse Occitanie","robots":{"index":"index","follow":"follow","max-snippet":"max-snippet:-1","max-image-preview":"max-image-preview:large","max-video-preview":"max-video-preview:-1"},"canonical":"https:\/\/festival-livre-jeunesse.fr\/2021\/universite\/","og_locale":"fr_FR","og_type":"article","og_title":"Universit\u00e9 - Festival du Livre de Jeunesse Occitanie","og_description":"QUAND LA LITT\u00c9RATURE S&rsquo;INVITE \u00c0 L&rsquo;UNIVERSIT\u00c9 Des auteurs jeunesse seront accueillis \u00e0 l\u2019Universit\u00e9 Jean Jaur\u00e8s Toulouse,\u00a0\u00e0 l\u2019Institut national sup\u00e9rieur du professorat et de l\u2019\u00e9ducation de Toulouse Occitanie-Pyr\u00e9n\u00e9es (Insp\u00e9)\u00a0et au\u00a0Centre de Traduction, d\u2019Interpr\u00e9tation et de M\u00e9diation Linguistique (CeTIM). \u00a0 Poursuivant la collaboration avec l\u2019Insp\u00e9 , le partenariat avec l\u2019Universit\u00e9 Jean Jaur\u00e8s se d\u00e9veloppe par un programme &hellip; Universit\u00e9 Lire la suite\u00a0\u00bb","og_url":"https:\/\/festival-livre-jeunesse.fr\/2021\/universite\/","og_site_name":"Festival du Livre de Jeunesse Occitanie","article_modified_time":"2021-01-26T07:29:05+00:00","og_image":[{"url":"http:\/\/festival-livre-jeunesse.fr\/2021\/wp-content\/uploads\/2021\/01\/fond-universite.png","type":"","width":"","height":""}],"twitter_card":"summary_large_image","twitter_misc":{"Dur\u00e9e de lecture estim\u00e9e":"1 minute"},"schema":{"@context":"https:\/\/schema.org","@graph":[{"@type":"WebPage","@id":"https:\/\/festival-livre-jeunesse.fr\/2021\/universite\/","url":"https:\/\/festival-livre-jeunesse.fr\/2021\/universite\/","name":"Universit\u00e9 - Festival du Livre de Jeunesse Occitanie","isPartOf":{"@id":"https:\/\/festival-livre-jeunesse.fr\/2021\/#website"},"primaryImageOfPage":{"@id":"https:\/\/festival-livre-jeunesse.fr\/2021\/universite\/#primaryimage"},"image":{"@id":"https:\/\/festival-livre-jeunesse.fr\/2021\/universite\/#primaryimage"},"thumbnailUrl":"http:\/\/festival-livre-jeunesse.fr\/2021\/wp-content\/uploads\/2021\/01\/fond-universite.png","datePublished":"2020-12-08T11:25:54+00:00","dateModified":"2021-01-26T07:29:05+00:00","breadcrumb":{"@id":"https:\/\/festival-livre-jeunesse.fr\/2021\/universite\/#breadcrumb"},"inLanguage":"fr-FR","potentialAction":[{"@type":"ReadAction","target":["https:\/\/festival-livre-jeunesse.fr\/2021\/universite\/"]}]},{"@type":"ImageObject","inLanguage":"fr-FR","@id":"https:\/\/festival-livre-jeunesse.fr\/2021\/universite\/#primaryimage","url":"http:\/\/festival-livre-jeunesse.fr\/2021\/wp-content\/uploads\/2021\/01\/fond-universite.png","contentUrl":"http:\/\/festival-livre-jeunesse.fr\/2021\/wp-content\/uploads\/2021\/01\/fond-universite.png"},{"@type":"BreadcrumbList","@id":"https:\/\/festival-livre-jeunesse.fr\/2021\/universite\/#breadcrumb","itemListElement":[{"@type":"ListItem","position":1,"name":"Accueil","item":"https:\/\/festival-livre-jeunesse.fr\/2021\/"},{"@type":"ListItem","position":2,"name":"Universit\u00e9"}]},{"@type":"WebSite","@id":"https:\/\/festival-livre-jeunesse.fr\/2021\/#website","url":"https:\/\/festival-livre-jeunesse.fr\/2021\/","name":"Festival du Livre de Jeunesse Occitanie","description":"19\u00e8me \u00e9dition","potentialAction":[{"@type":"SearchAction","target":{"@type":"EntryPoint","urlTemplate":"https:\/\/festival-livre-jeunesse.fr\/2021\/?s={search_term_string}"},"query-input":{"@type":"PropertyValueSpecification","valueRequired":true,"valueName":"search_term_string"}}],"inLanguage":"fr-FR"}]}},"uagb_featured_image_src":{"full":false,"thumbnail":false,"medium":false,"medium_large":false,"large":false,"1536x1536":false,"2048x2048":false},"uagb_author_info":{"display_name":"Katell Abgrall","author_link":"https:\/\/festival-livre-jeunesse.fr\/2021\/author\/coordinatrice\/"},"uagb_comment_info":0,"uagb_excerpt":"QUAND LA LITT\u00c9RATURE S&rsquo;INVITE \u00c0 L&rsquo;UNIVERSIT\u00c9 Des auteurs jeunesse seront accueillis \u00e0 l\u2019Universit\u00e9 Jean Jaur\u00e8s Toulouse,\u00a0\u00e0 l\u2019Institut national sup\u00e9rieur du professorat et de l\u2019\u00e9ducation de Toulouse Occitanie-Pyr\u00e9n\u00e9es (Insp\u00e9)\u00a0et au\u00a0Centre de Traduction, d\u2019Interpr\u00e9tation et de M\u00e9diation Linguistique (CeTIM). \u00a0 Poursuivant la collaboration avec l\u2019Insp\u00e9 , le partenariat avec l\u2019Universit\u00e9 Jean Jaur\u00e8s se d\u00e9veloppe par un programme\u2026","_links":{"self":[{"href":"https:\/\/festival-livre-jeunesse.fr\/2021\/wp-json\/wp\/v2\/pages\/3698","targetHints":{"allow":["GET"]}}],"collection":[{"href":"https:\/\/festival-livre-jeunesse.fr\/2021\/wp-json\/wp\/v2\/pages"}],"about":[{"href":"https:\/\/festival-livre-jeunesse.fr\/2021\/wp-json\/wp\/v2\/types\/page"}],"author":[{"embeddable":true,"href":"https:\/\/festival-livre-jeunesse.fr\/2021\/wp-json\/wp\/v2\/users\/2"}],"replies":[{"embeddable":true,"href":"https:\/\/festival-livre-jeunesse.fr\/2021\/wp-json\/wp\/v2\/comments?post=3698"}],"version-history":[{"count":19,"href":"https:\/\/festival-livre-jeunesse.fr\/2021\/wp-json\/wp\/v2\/pages\/3698\/revisions"}],"predecessor-version":[{"id":8365,"href":"https:\/\/festival-livre-jeunesse.fr\/2021\/wp-json\/wp\/v2\/pages\/3698\/revisions\/8365"}],"wp:attachment":[{"href":"https:\/\/festival-livre-jeunesse.fr\/2021\/wp-json\/wp\/v2\/media?parent=3698"}],"curies":[{"name":"wp","href":"https:\/\/api.w.org\/{rel}","templated":true}]}}