{"id":533,"date":"2020-09-06T22:39:26","date_gmt":"2020-09-06T20:39:26","guid":{"rendered":"http:\/\/festival-livre-jeunesse.fr\/2021\/?page_id=533"},"modified":"2020-11-25T22:47:15","modified_gmt":"2020-11-25T21:47:15","slug":"qui-sommes-nous","status":"publish","type":"page","link":"https:\/\/festival-livre-jeunesse.fr\/2021\/qui-sommes-nous\/","title":{"rendered":"Qui sommes nous"},"content":{"rendered":"\t\t<div data-elementor-type=\"wp-page\" data-elementor-id=\"533\" class=\"elementor elementor-533\">\n\t\t\t\t\t\t<section class=\"elementor-section elementor-top-section elementor-element elementor-element-f295994 elementor-section-boxed elementor-section-height-default elementor-section-height-default\" data-id=\"f295994\" data-element_type=\"section\" data-e-type=\"section\">\n\t\t\t\t\t\t<div class=\"elementor-container elementor-column-gap-wider\">\n\t\t\t\t\t<div class=\"elementor-column elementor-col-33 elementor-top-column elementor-element elementor-element-38322fe\" data-id=\"38322fe\" data-element_type=\"column\" data-e-type=\"column\">\n\t\t\t<div class=\"elementor-widget-wrap\">\n\t\t\t\t\t\t\t<\/div>\n\t\t<\/div>\n\t\t\t\t<div class=\"elementor-column elementor-col-33 elementor-top-column elementor-element elementor-element-267879d\" data-id=\"267879d\" data-element_type=\"column\" data-e-type=\"column\">\n\t\t\t<div class=\"elementor-widget-wrap elementor-element-populated\">\n\t\t\t\t\t\t<div class=\"elementor-element elementor-element-d2a7b68 elementor-widget elementor-widget-heading\" data-id=\"d2a7b68\" data-element_type=\"widget\" data-e-type=\"widget\" data-widget_type=\"heading.default\">\n\t\t\t\t<div class=\"elementor-widget-container\">\n\t\t\t\t\t<h1 class=\"elementor-heading-title elementor-size-default\">Festival du livre de jeunesse Occitanie<\/h1>\t\t\t\t<\/div>\n\t\t\t\t<\/div>\n\t\t\t\t<div class=\"elementor-element elementor-element-c5da447 elementor-widget elementor-widget-text-editor\" data-id=\"c5da447\" data-element_type=\"widget\" data-e-type=\"widget\" data-widget_type=\"text-editor.default\">\n\t\t\t\t<div class=\"elementor-widget-container\">\n\t\t\t\t\t\t\t\t\t<p>Le Festival du Livre de Jeunesse Occitanie\u00a0est organis\u00e9 par l\u2019association FLJ, cr\u00e9\u00e9e en juin 2002 avec comme objectifs la lutte contre l\u2019illettrisme, le d\u00e9veloppement de la lecture et de l\u2019\u00e9criture et la promotion de la litt\u00e9rature jeunesse.\u00a0<\/p><p>Pour cela, elle m\u00e8ne des initiatives diverses\u00a0 dans l&rsquo;agglom\u00e9ration toulousaine et en r\u00e9gion\u00a0en amont des trois journ\u00e9es qui sont le temps fort du festival :<\/p><ul><li>une\u00a0<strong>journ\u00e9e scolaire\u00a0<\/strong>: temps de m\u00e9diation autour du livre o\u00f9 des classes rencontrent des auteurs et des illustrateurs,<\/li><\/ul><ul><li>une\u00a0<strong>journ\u00e9e professionnelle<\/strong> : temps d&rsquo;\u00e9changes, de d\u00e9bats et de rencontres s&rsquo;adressant aux acteurs de la cha\u00eene du livre (auteurs, libraires, \u00e9diteurs, biblioth\u00e9caires, etc.), de l&rsquo;\u00e9ducation, de la culture et plus globalement, \u00e0 toute personne s&rsquo;int\u00e9ressant \u00e0 la litt\u00e9rature jeunesse,\u00a0<\/li><li><strong>deux journ\u00e9es de f\u00eate du livre<\/strong>\u00a0: invitation d&rsquo;auteurs, d&rsquo;illustrateurs, d&rsquo;\u00e9diteurs, organisation de d\u00e9bats, de rencontres, de spectacles, d\u2019ateliers, pr\u00e9sence d&rsquo;une\u00a0<a href=\"http:\/\/www.librairie-renaissance.fr\/\">librairie jeunesse<\/a>\u00a0riche de plus de 30000 titres repr\u00e9sentant plus de 200 \u00e9diteurs.<\/li><\/ul><p>En outre, l&rsquo;association du Festival d\u00e9veloppe des<strong> actions culturelles<\/strong> d\u00e8s le mois de novembre avec l&rsquo;organisation d&rsquo;un <strong>Prix des Enfants du Livre<\/strong> en partenariat avec les CLAE de l&rsquo;Amicale La\u00efque de Saint-Orens, un <strong>jeu-concours d&rsquo;affiches<\/strong> avec\u00a0 la biblioth\u00e8que de St Orens de Gameville, puis tout au long des mois de d\u00e9cembre et janvier avec des <strong>initiatives litt\u00e9raires<\/strong> men\u00e9es\u00a0en partenariat avec des acteurs du livre et de la culture r\u00e9gionaux.<\/p><p>Le Festival du Livre de Jeunesse Occitanie est devenu un \u00e9v\u00e9nement litt\u00e9raire<br \/>attendu tant du public, des enseignants que des professionnels du livre et de<br \/>la culture.<\/p>\t\t\t\t\t\t\t\t<\/div>\n\t\t\t\t<\/div>\n\t\t\t\t\t<\/div>\n\t\t<\/div>\n\t\t\t\t<div class=\"elementor-column elementor-col-33 elementor-top-column elementor-element elementor-element-89cce92\" data-id=\"89cce92\" data-element_type=\"column\" data-e-type=\"column\">\n\t\t\t<div class=\"elementor-widget-wrap elementor-element-populated\">\n\t\t\t\t\t\t<div class=\"elementor-element elementor-element-b2e335d elementor-widget elementor-widget-heading\" data-id=\"b2e335d\" data-element_type=\"widget\" data-e-type=\"widget\" data-widget_type=\"heading.default\">\n\t\t\t\t<div class=\"elementor-widget-container\">\n\t\t\t\t\t<h1 class=\"elementor-heading-title elementor-size-default\">L'\u00e9quipe<\/h1>\t\t\t\t<\/div>\n\t\t\t\t<\/div>\n\t\t\t\t<div class=\"elementor-element elementor-element-191402e elementor-drop-cap-yes elementor-drop-cap-view-default elementor-widget elementor-widget-text-editor\" data-id=\"191402e\" data-element_type=\"widget\" data-e-type=\"widget\" data-settings=\"{&quot;drop_cap&quot;:&quot;yes&quot;}\" data-widget_type=\"text-editor.default\">\n\t\t\t\t<div class=\"elementor-widget-container\">\n\t\t\t\t\t\t\t\t\t<p><strong>Bureau\u00a0de l\u2019association<\/strong>:<\/p><p>Pr\u00e9sidente :\u00a0 Nicole Pujado<\/p><p>Vice-pr\u00e9sident : Emile Ochando\u00a0<\/p><p>Tr\u00e9sori\u00e8re : Martine Blanco &#8211;<\/p><p>Secr\u00e9taire : Sylvie Gutierrez<\/p><p><strong>Coordinatrice\u00a0<\/strong>\u00a0: Katell Gabriel &#8211; Abgrall<\/p><p>&#8230; et la cinquantaine de b\u00e9n\u00e9voles qui se mobilisent pour la r\u00e9ussite du Festival : du montage au d\u00e9montage, en passant par l\u2019accompagnement des classes pour la journ\u00e9e scolaire, l\u2019accueil de la journ\u00e9e professionnelle, du public et des auteurs -sans oublier leur transport-, l\u2019animation des rencontres litt\u00e9raires, la communication et la d\u00e9coration. Merci \u00e0 eux sans qui cette belle manifestation ne pourrait exister et ne serait pas celle qu\u2019elle est aujourd\u2019hui &#8230; 19 ans apr\u00e8s sa cr\u00e9ation<\/p>\t\t\t\t\t\t\t\t<\/div>\n\t\t\t\t<\/div>\n\t\t\t\t\t<\/div>\n\t\t<\/div>\n\t\t\t\t\t<\/div>\n\t\t<\/section>\n\t\t\t\t<\/div>\n\t\t","protected":false},"excerpt":{"rendered":"<p>Festival du livre de jeunesse Occitanie Le Festival du Livre de Jeunesse Occitanie\u00a0est organis\u00e9 par l\u2019association FLJ, cr\u00e9\u00e9e en juin 2002 avec comme objectifs la lutte contre l\u2019illettrisme, le d\u00e9veloppement de la lecture et de l\u2019\u00e9criture et la promotion de la litt\u00e9rature jeunesse.\u00a0 Pour cela, elle m\u00e8ne des initiatives diverses\u00a0 dans l&rsquo;agglom\u00e9ration toulousaine et en &hellip;<\/p>\n<p class=\"read-more\"> <a class=\"\" href=\"https:\/\/festival-livre-jeunesse.fr\/2021\/qui-sommes-nous\/\"> <span class=\"screen-reader-text\">Qui sommes nous<\/span> Lire la suite\u00a0\u00bb<\/a><\/p>\n","protected":false},"author":1,"featured_media":0,"parent":0,"menu_order":0,"comment_status":"closed","ping_status":"closed","template":"","meta":{"_uag_custom_page_level_css":"","footnotes":""},"class_list":["post-533","page","type-page","status-publish","hentry"],"yoast_head":"<!-- This site is optimized with the Yoast SEO plugin v25.3.1 - https:\/\/yoast.com\/wordpress\/plugins\/seo\/ -->\n<title>Qui sommes nous - Festival du Livre de Jeunesse Occitanie<\/title>\n<meta name=\"robots\" content=\"index, follow, max-snippet:-1, max-image-preview:large, max-video-preview:-1\" \/>\n<link rel=\"canonical\" href=\"https:\/\/festival-livre-jeunesse.fr\/2021\/qui-sommes-nous\/\" \/>\n<meta property=\"og:locale\" content=\"fr_FR\" \/>\n<meta property=\"og:type\" content=\"article\" \/>\n<meta property=\"og:title\" content=\"Qui sommes nous - Festival du Livre de Jeunesse Occitanie\" \/>\n<meta property=\"og:description\" content=\"Festival du livre de jeunesse Occitanie Le Festival du Livre de Jeunesse Occitanie\u00a0est organis\u00e9 par l\u2019association FLJ, cr\u00e9\u00e9e en juin 2002 avec comme objectifs la lutte contre l\u2019illettrisme, le d\u00e9veloppement de la lecture et de l\u2019\u00e9criture et la promotion de la litt\u00e9rature jeunesse.\u00a0 Pour cela, elle m\u00e8ne des initiatives diverses\u00a0 dans l&rsquo;agglom\u00e9ration toulousaine et en &hellip; Qui sommes nous Lire la suite\u00a0\u00bb\" \/>\n<meta property=\"og:url\" content=\"https:\/\/festival-livre-jeunesse.fr\/2021\/qui-sommes-nous\/\" \/>\n<meta property=\"og:site_name\" content=\"Festival du Livre de Jeunesse Occitanie\" \/>\n<meta property=\"article:modified_time\" content=\"2020-11-25T21:47:15+00:00\" \/>\n<meta name=\"twitter:card\" content=\"summary_large_image\" \/>\n<meta name=\"twitter:label1\" content=\"Dur\u00e9e de lecture estim\u00e9e\" \/>\n\t<meta name=\"twitter:data1\" content=\"2 minutes\" \/>\n<script type=\"application\/ld+json\" class=\"yoast-schema-graph\">{\"@context\":\"https:\/\/schema.org\",\"@graph\":[{\"@type\":\"WebPage\",\"@id\":\"https:\/\/festival-livre-jeunesse.fr\/2021\/qui-sommes-nous\/\",\"url\":\"https:\/\/festival-livre-jeunesse.fr\/2021\/qui-sommes-nous\/\",\"name\":\"Qui sommes nous - Festival du Livre de Jeunesse Occitanie\",\"isPartOf\":{\"@id\":\"https:\/\/festival-livre-jeunesse.fr\/2021\/#website\"},\"datePublished\":\"2020-09-06T20:39:26+00:00\",\"dateModified\":\"2020-11-25T21:47:15+00:00\",\"breadcrumb\":{\"@id\":\"https:\/\/festival-livre-jeunesse.fr\/2021\/qui-sommes-nous\/#breadcrumb\"},\"inLanguage\":\"fr-FR\",\"potentialAction\":[{\"@type\":\"ReadAction\",\"target\":[\"https:\/\/festival-livre-jeunesse.fr\/2021\/qui-sommes-nous\/\"]}]},{\"@type\":\"BreadcrumbList\",\"@id\":\"https:\/\/festival-livre-jeunesse.fr\/2021\/qui-sommes-nous\/#breadcrumb\",\"itemListElement\":[{\"@type\":\"ListItem\",\"position\":1,\"name\":\"Accueil\",\"item\":\"https:\/\/festival-livre-jeunesse.fr\/2021\/\"},{\"@type\":\"ListItem\",\"position\":2,\"name\":\"Qui sommes nous\"}]},{\"@type\":\"WebSite\",\"@id\":\"https:\/\/festival-livre-jeunesse.fr\/2021\/#website\",\"url\":\"https:\/\/festival-livre-jeunesse.fr\/2021\/\",\"name\":\"Festival du Livre de Jeunesse Occitanie\",\"description\":\"19\u00e8me \u00e9dition\",\"potentialAction\":[{\"@type\":\"SearchAction\",\"target\":{\"@type\":\"EntryPoint\",\"urlTemplate\":\"https:\/\/festival-livre-jeunesse.fr\/2021\/?s={search_term_string}\"},\"query-input\":{\"@type\":\"PropertyValueSpecification\",\"valueRequired\":true,\"valueName\":\"search_term_string\"}}],\"inLanguage\":\"fr-FR\"}]}<\/script>\n<!-- \/ Yoast SEO plugin. -->","yoast_head_json":{"title":"Qui sommes nous - Festival du Livre de Jeunesse Occitanie","robots":{"index":"index","follow":"follow","max-snippet":"max-snippet:-1","max-image-preview":"max-image-preview:large","max-video-preview":"max-video-preview:-1"},"canonical":"https:\/\/festival-livre-jeunesse.fr\/2021\/qui-sommes-nous\/","og_locale":"fr_FR","og_type":"article","og_title":"Qui sommes nous - Festival du Livre de Jeunesse Occitanie","og_description":"Festival du livre de jeunesse Occitanie Le Festival du Livre de Jeunesse Occitanie\u00a0est organis\u00e9 par l\u2019association FLJ, cr\u00e9\u00e9e en juin 2002 avec comme objectifs la lutte contre l\u2019illettrisme, le d\u00e9veloppement de la lecture et de l\u2019\u00e9criture et la promotion de la litt\u00e9rature jeunesse.\u00a0 Pour cela, elle m\u00e8ne des initiatives diverses\u00a0 dans l&rsquo;agglom\u00e9ration toulousaine et en &hellip; Qui sommes nous Lire la suite\u00a0\u00bb","og_url":"https:\/\/festival-livre-jeunesse.fr\/2021\/qui-sommes-nous\/","og_site_name":"Festival du Livre de Jeunesse Occitanie","article_modified_time":"2020-11-25T21:47:15+00:00","twitter_card":"summary_large_image","twitter_misc":{"Dur\u00e9e de lecture estim\u00e9e":"2 minutes"},"schema":{"@context":"https:\/\/schema.org","@graph":[{"@type":"WebPage","@id":"https:\/\/festival-livre-jeunesse.fr\/2021\/qui-sommes-nous\/","url":"https:\/\/festival-livre-jeunesse.fr\/2021\/qui-sommes-nous\/","name":"Qui sommes nous - Festival du Livre de Jeunesse Occitanie","isPartOf":{"@id":"https:\/\/festival-livre-jeunesse.fr\/2021\/#website"},"datePublished":"2020-09-06T20:39:26+00:00","dateModified":"2020-11-25T21:47:15+00:00","breadcrumb":{"@id":"https:\/\/festival-livre-jeunesse.fr\/2021\/qui-sommes-nous\/#breadcrumb"},"inLanguage":"fr-FR","potentialAction":[{"@type":"ReadAction","target":["https:\/\/festival-livre-jeunesse.fr\/2021\/qui-sommes-nous\/"]}]},{"@type":"BreadcrumbList","@id":"https:\/\/festival-livre-jeunesse.fr\/2021\/qui-sommes-nous\/#breadcrumb","itemListElement":[{"@type":"ListItem","position":1,"name":"Accueil","item":"https:\/\/festival-livre-jeunesse.fr\/2021\/"},{"@type":"ListItem","position":2,"name":"Qui sommes nous"}]},{"@type":"WebSite","@id":"https:\/\/festival-livre-jeunesse.fr\/2021\/#website","url":"https:\/\/festival-livre-jeunesse.fr\/2021\/","name":"Festival du Livre de Jeunesse Occitanie","description":"19\u00e8me \u00e9dition","potentialAction":[{"@type":"SearchAction","target":{"@type":"EntryPoint","urlTemplate":"https:\/\/festival-livre-jeunesse.fr\/2021\/?s={search_term_string}"},"query-input":{"@type":"PropertyValueSpecification","valueRequired":true,"valueName":"search_term_string"}}],"inLanguage":"fr-FR"}]}},"uagb_featured_image_src":{"full":false,"thumbnail":false,"medium":false,"medium_large":false,"large":false,"1536x1536":false,"2048x2048":false},"uagb_author_info":{"display_name":"festival","author_link":"https:\/\/festival-livre-jeunesse.fr\/2021\/author\/festival\/"},"uagb_comment_info":0,"uagb_excerpt":"Festival du livre de jeunesse Occitanie Le Festival du Livre de Jeunesse Occitanie\u00a0est organis\u00e9 par l\u2019association FLJ, cr\u00e9\u00e9e en juin 2002 avec comme objectifs la lutte contre l\u2019illettrisme, le d\u00e9veloppement de la lecture et de l\u2019\u00e9criture et la promotion de la litt\u00e9rature jeunesse.\u00a0 Pour cela, elle m\u00e8ne des initiatives diverses\u00a0 dans l&rsquo;agglom\u00e9ration toulousaine et en\u2026","_links":{"self":[{"href":"https:\/\/festival-livre-jeunesse.fr\/2021\/wp-json\/wp\/v2\/pages\/533","targetHints":{"allow":["GET"]}}],"collection":[{"href":"https:\/\/festival-livre-jeunesse.fr\/2021\/wp-json\/wp\/v2\/pages"}],"about":[{"href":"https:\/\/festival-livre-jeunesse.fr\/2021\/wp-json\/wp\/v2\/types\/page"}],"author":[{"embeddable":true,"href":"https:\/\/festival-livre-jeunesse.fr\/2021\/wp-json\/wp\/v2\/users\/1"}],"replies":[{"embeddable":true,"href":"https:\/\/festival-livre-jeunesse.fr\/2021\/wp-json\/wp\/v2\/comments?post=533"}],"version-history":[{"count":69,"href":"https:\/\/festival-livre-jeunesse.fr\/2021\/wp-json\/wp\/v2\/pages\/533\/revisions"}],"predecessor-version":[{"id":2717,"href":"https:\/\/festival-livre-jeunesse.fr\/2021\/wp-json\/wp\/v2\/pages\/533\/revisions\/2717"}],"wp:attachment":[{"href":"https:\/\/festival-livre-jeunesse.fr\/2021\/wp-json\/wp\/v2\/media?parent=533"}],"curies":[{"name":"wp","href":"https:\/\/api.w.org\/{rel}","templated":true}]}}