{"id":6532,"date":"2021-01-17T23:01:20","date_gmt":"2021-01-17T22:01:20","guid":{"rendered":"https:\/\/festival-livre-jeunesse.fr\/2021\/?page_id=6532"},"modified":"2021-01-17T23:18:55","modified_gmt":"2021-01-17T22:18:55","slug":"bibliographie-sophie-van-der-linden","status":"publish","type":"page","link":"https:\/\/festival-livre-jeunesse.fr\/2021\/bibliographie-sophie-van-der-linden\/","title":{"rendered":"bibliographie Sophie van der linden"},"content":{"rendered":"\t\t<div data-elementor-type=\"wp-page\" data-elementor-id=\"6532\" class=\"elementor elementor-6532\">\n\t\t\t\t\t\t<section class=\"elementor-section elementor-top-section elementor-element elementor-element-062c04a elementor-section-boxed elementor-section-height-default elementor-section-height-default\" data-id=\"062c04a\" data-element_type=\"section\" data-e-type=\"section\">\n\t\t\t\t\t\t<div class=\"elementor-container elementor-column-gap-default\">\n\t\t\t\t\t<div class=\"elementor-column elementor-col-100 elementor-top-column elementor-element elementor-element-d991ffc\" data-id=\"d991ffc\" data-element_type=\"column\" data-e-type=\"column\">\n\t\t\t<div class=\"elementor-widget-wrap elementor-element-populated\">\n\t\t\t\t\t\t<div class=\"elementor-element elementor-element-583f2f0 elementor-widget elementor-widget-heading\" data-id=\"583f2f0\" data-element_type=\"widget\" data-e-type=\"widget\" data-widget_type=\"heading.default\">\n\t\t\t\t<div class=\"elementor-widget-container\">\n\t\t\t\t\t<h2 class=\"elementor-heading-title elementor-size-default\">bibliographie Sophie van der linden<\/h2>\t\t\t\t<\/div>\n\t\t\t\t<\/div>\n\t\t\t\t\t<\/div>\n\t\t<\/div>\n\t\t\t\t\t<\/div>\n\t\t<\/section>\n\t\t\t\t<section class=\"elementor-section elementor-top-section elementor-element elementor-element-fcf3473 elementor-section-boxed elementor-section-height-default elementor-section-height-default\" data-id=\"fcf3473\" data-element_type=\"section\" data-e-type=\"section\">\n\t\t\t\t\t\t<div class=\"elementor-container elementor-column-gap-default\">\n\t\t\t\t\t<div class=\"elementor-column elementor-col-16 elementor-top-column elementor-element elementor-element-ad3f793\" data-id=\"ad3f793\" data-element_type=\"column\" data-e-type=\"column\">\n\t\t\t<div class=\"elementor-widget-wrap elementor-element-populated\">\n\t\t\t\t\t\t<div class=\"elementor-element elementor-element-2542fee elementor-position-top elementor-widget elementor-widget-image-box\" data-id=\"2542fee\" data-element_type=\"widget\" data-e-type=\"widget\" data-widget_type=\"image-box.default\">\n\t\t\t\t<div class=\"elementor-widget-container\">\n\t\t\t\t\t<div class=\"elementor-image-box-wrapper\"><figure class=\"elementor-image-box-img\"><a href=\"http:\/\/www.librairie-renaissance.fr\/listeliv.php?RECHERCHE=simple&#038;LIVREANCIEN=2&#038;MOTS=Van%20Der%20Linden%20-%20Lire%20l%27album\" tabindex=\"-1\"><img decoding=\"async\" width=\"150\" height=\"146\" src=\"https:\/\/festival-livre-jeunesse.fr\/2021\/wp-content\/uploads\/2021\/01\/Lire-album.jpg\" class=\"attachment-thumbnail size-thumbnail wp-image-6544\" alt=\"\" \/><\/a><\/figure><div class=\"elementor-image-box-content\"><h3 class=\"elementor-image-box-title\"><a href=\"http:\/\/www.librairie-renaissance.fr\/listeliv.php?RECHERCHE=simple&#038;LIVREANCIEN=2&#038;MOTS=Van%20Der%20Linden%20-%20Lire%20l%27album\"><br>Lire l\u2019album <br>de Sophie Van der Linden<\/a><\/h3><p class=\"elementor-image-box-description\">Mobilisant des outils ainsi qu'une r\u00e9flexion th\u00e9orique rigoureuse, d\u00e9veloppant un propos clair et accessible appuy\u00e9 sur de nombreux exemples en images, cet ouvrage s'adresse \u00e0 tous ceux qui souhaitent mieux comprendre le fonctionnement de l'album et approfondir leur lecture : enseignants, biblioth\u00e9caires, m\u00e9diateurs, \u00e9tudiants, illustrateurs...<\/p><\/div><\/div>\t\t\t\t<\/div>\n\t\t\t\t<\/div>\n\t\t\t\t<div class=\"elementor-element elementor-element-8546f61 elementor-widget elementor-widget-button\" data-id=\"8546f61\" data-element_type=\"widget\" data-e-type=\"widget\" data-widget_type=\"button.default\">\n\t\t\t\t<div class=\"elementor-widget-container\">\n\t\t\t\t\t\t\t\t\t<div class=\"elementor-button-wrapper\">\n\t\t\t\t\t<a class=\"elementor-button elementor-button-link elementor-size-sm\" href=\"http:\/\/www.librairie-renaissance.fr\/listeliv.php?RECHERCHE=simple&#038;LIVREANCIEN=2&#038;MOTS=Van%20Der%20Linden%20-%20Lire%20l%27album\">\n\t\t\t\t\t\t<span class=\"elementor-button-content-wrapper\">\n\t\t\t\t\t\t\t\t\t<span class=\"elementor-button-text\">En savoir +<\/span>\n\t\t\t\t\t<\/span>\n\t\t\t\t\t<\/a>\n\t\t\t\t<\/div>\n\t\t\t\t\t\t\t\t<\/div>\n\t\t\t\t<\/div>\n\t\t\t\t\t<\/div>\n\t\t<\/div>\n\t\t\t\t<div class=\"elementor-column elementor-col-16 elementor-top-column elementor-element elementor-element-43b6efc\" data-id=\"43b6efc\" data-element_type=\"column\" data-e-type=\"column\">\n\t\t\t<div class=\"elementor-widget-wrap elementor-element-populated\">\n\t\t\t\t\t\t<div class=\"elementor-element elementor-element-ab1dc8d elementor-position-top elementor-widget elementor-widget-image-box\" data-id=\"ab1dc8d\" data-element_type=\"widget\" data-e-type=\"widget\" data-widget_type=\"image-box.default\">\n\t\t\t\t<div class=\"elementor-widget-container\">\n\t\t\t\t\t<div class=\"elementor-image-box-wrapper\"><figure class=\"elementor-image-box-img\"><a href=\"http:\/\/www.librairie-renaissance.fr\/9782330025465-album-s-sophie-van-der-linden\/\" tabindex=\"-1\"><img decoding=\"async\" width=\"150\" height=\"150\" src=\"https:\/\/festival-livre-jeunesse.fr\/2021\/wp-content\/uploads\/2021\/01\/Albums-150x150.jpg\" class=\"attachment-thumbnail size-thumbnail wp-image-6551\" alt=\"\" \/><\/a><\/figure><div class=\"elementor-image-box-content\"><h3 class=\"elementor-image-box-title\"><a href=\"http:\/\/www.librairie-renaissance.fr\/9782330025465-album-s-sophie-van-der-linden\/\">Album[s]<br>de Sophie Van der linden<\/a><\/h3><p class=\"elementor-image-box-description\">Petite phrase : Aux origines de l'album est le blanc. Celui de la page, sur laquelle s'inscrivent du texte et des images. De leurs combinaisons naissent des r\u00e9alisations quasi infinies, qui ouvrent grand le champ de la cr\u00e9ation. Album[s] en explore les multiples aspects, donne \u00e0 comprendre ses principes fondateurs, ses m\u00e9canismes profonds comme toutes ses \u00e9volutions, jusqu'aux plus r\u00e9centes. La mise en sc\u00e8ne d'un regard critique est l'enjeu, in\u00e9dit, de cet ouvrage, dont la conception graphique originale offre une richesse iconographique \u00e9tudi\u00e9e.<\/p><\/div><\/div>\t\t\t\t<\/div>\n\t\t\t\t<\/div>\n\t\t\t\t<div class=\"elementor-element elementor-element-125277f elementor-widget elementor-widget-button\" data-id=\"125277f\" data-element_type=\"widget\" data-e-type=\"widget\" data-widget_type=\"button.default\">\n\t\t\t\t<div class=\"elementor-widget-container\">\n\t\t\t\t\t\t\t\t\t<div class=\"elementor-button-wrapper\">\n\t\t\t\t\t<a class=\"elementor-button elementor-button-link elementor-size-sm\" href=\"http:\/\/www.librairie-renaissance.fr\/9782330025465-album-s-sophie-van-der-linden\/\">\n\t\t\t\t\t\t<span class=\"elementor-button-content-wrapper\">\n\t\t\t\t\t\t\t\t\t<span class=\"elementor-button-text\">En savoir +<\/span>\n\t\t\t\t\t<\/span>\n\t\t\t\t\t<\/a>\n\t\t\t\t<\/div>\n\t\t\t\t\t\t\t\t<\/div>\n\t\t\t\t<\/div>\n\t\t\t\t\t<\/div>\n\t\t<\/div>\n\t\t\t\t<div class=\"elementor-column elementor-col-16 elementor-top-column elementor-element elementor-element-d52518d\" data-id=\"d52518d\" data-element_type=\"column\" data-e-type=\"column\">\n\t\t\t<div class=\"elementor-widget-wrap elementor-element-populated\">\n\t\t\t\t\t\t<div class=\"elementor-element elementor-element-87c6988 elementor-position-top elementor-widget elementor-widget-image-box\" data-id=\"87c6988\" data-element_type=\"widget\" data-e-type=\"widget\" data-widget_type=\"image-box.default\">\n\t\t\t\t<div class=\"elementor-widget-container\">\n\t\t\t\t\t<div class=\"elementor-image-box-wrapper\"><figure class=\"elementor-image-box-img\"><a href=\"http:\/\/www.librairie-renaissance.fr\/9782072803345-apres-constantinople-sophie-van-der-linden\/\" tabindex=\"-1\"><img decoding=\"async\" width=\"150\" height=\"150\" src=\"https:\/\/festival-livre-jeunesse.fr\/2021\/wp-content\/uploads\/2021\/01\/Constantinople-150x150.jpg\" class=\"attachment-thumbnail size-thumbnail wp-image-6567\" alt=\"\" \/><\/a><\/figure><div class=\"elementor-image-box-content\"><h3 class=\"elementor-image-box-title\"><a href=\"http:\/\/www.librairie-renaissance.fr\/9782072803345-apres-constantinople-sophie-van-der-linden\/\">Apr\u00e8s Constantinople<br> de Sophie Van der Linden<\/a><\/h3><p class=\"elementor-image-box-description\">Au d\u00e9but du XIXe si\u00e8cle, un peintre parisien s'\u00e9gare dans les confins balkaniques de l'Empire ottoman. Il se retrouve prisonnier d'un domaine retranch\u00e9 dans les montagnes et de sa singuli\u00e8re intendante, avec laquelle il noue des conversations qui bouleversent ses certitudes tout en nourrissant ses fantasmes. Dans ce conte \u00e0 l'action tendue, sensuel et po\u00e9tique, Sophie Van der Linden joue avec l'esth\u00e9tique orientaliste pour interroger l'art et la repr\u00e9sentation, la place des femmes, notre relation \u00e0 l'Orient...<\/p><\/div><\/div>\t\t\t\t<\/div>\n\t\t\t\t<\/div>\n\t\t\t\t<div class=\"elementor-element elementor-element-d7cad70 elementor-widget elementor-widget-button\" data-id=\"d7cad70\" data-element_type=\"widget\" data-e-type=\"widget\" data-widget_type=\"button.default\">\n\t\t\t\t<div class=\"elementor-widget-container\">\n\t\t\t\t\t\t\t\t\t<div class=\"elementor-button-wrapper\">\n\t\t\t\t\t<a class=\"elementor-button elementor-button-link elementor-size-sm\" href=\"http:\/\/www.librairie-renaissance.fr\/9782072803345-apres-constantinople-sophie-van-der-linden\/\">\n\t\t\t\t\t\t<span class=\"elementor-button-content-wrapper\">\n\t\t\t\t\t\t\t\t\t<span class=\"elementor-button-text\">En savoir +<\/span>\n\t\t\t\t\t<\/span>\n\t\t\t\t\t<\/a>\n\t\t\t\t<\/div>\n\t\t\t\t\t\t\t\t<\/div>\n\t\t\t\t<\/div>\n\t\t\t\t\t<\/div>\n\t\t<\/div>\n\t\t\t\t<div class=\"elementor-column elementor-col-16 elementor-top-column elementor-element elementor-element-f263f94\" data-id=\"f263f94\" data-element_type=\"column\" data-e-type=\"column\">\n\t\t\t<div class=\"elementor-widget-wrap elementor-element-populated\">\n\t\t\t\t\t\t<div class=\"elementor-element elementor-element-4c3b8ad elementor-position-top elementor-widget elementor-widget-image-box\" data-id=\"4c3b8ad\" data-element_type=\"widget\" data-e-type=\"widget\" data-widget_type=\"image-box.default\">\n\t\t\t\t<div class=\"elementor-widget-container\">\n\t\t\t\t\t<div class=\"elementor-image-box-wrapper\"><figure class=\"elementor-image-box-img\"><a href=\"http:\/\/www.librairie-renaissance.fr\/9782211222716-max-et-les-maximonstres-maurice-sendak\/\" tabindex=\"-1\"><img loading=\"lazy\" decoding=\"async\" width=\"150\" height=\"137\" src=\"https:\/\/festival-livre-jeunesse.fr\/2021\/wp-content\/uploads\/2021\/01\/Max.jpg\" class=\"attachment-thumbnail size-thumbnail wp-image-6230\" alt=\"\" \/><\/a><\/figure><div class=\"elementor-image-box-content\"><h3 class=\"elementor-image-box-title\"><a href=\"http:\/\/www.librairie-renaissance.fr\/9782211222716-max-et-les-maximonstres-maurice-sendak\/\">Max et les maximonstres<br>de Maurice Sendak<\/a><\/h3><p class=\"elementor-image-box-description\">\u00c0 force de faire b\u00eatise sur b\u00eatise dans son terrible costume de loup, Max s'est retrouv\u00e9 puni et enferm\u00e9 dans sa chambre. Mais pas seulement. Voil\u00e0 qu'il se retrouve aussi roi d'une arm\u00e9e de b\u00eates immondes, les Maximonstres. Max le maudit les a dompt\u00e9s. <\/p><\/div><\/div>\t\t\t\t<\/div>\n\t\t\t\t<\/div>\n\t\t\t\t<div class=\"elementor-element elementor-element-1f871f4 elementor-widget elementor-widget-button\" data-id=\"1f871f4\" data-element_type=\"widget\" data-e-type=\"widget\" data-widget_type=\"button.default\">\n\t\t\t\t<div class=\"elementor-widget-container\">\n\t\t\t\t\t\t\t\t\t<div class=\"elementor-button-wrapper\">\n\t\t\t\t\t<a class=\"elementor-button elementor-button-link elementor-size-sm\" href=\"http:\/\/www.librairie-renaissance.fr\/9782211222716-max-et-les-maximonstres-maurice-sendak\/\">\n\t\t\t\t\t\t<span class=\"elementor-button-content-wrapper\">\n\t\t\t\t\t\t\t\t\t<span class=\"elementor-button-text\">En savoir +<\/span>\n\t\t\t\t\t<\/span>\n\t\t\t\t\t<\/a>\n\t\t\t\t<\/div>\n\t\t\t\t\t\t\t\t<\/div>\n\t\t\t\t<\/div>\n\t\t\t\t\t<\/div>\n\t\t<\/div>\n\t\t\t\t<div class=\"elementor-column elementor-col-16 elementor-top-column elementor-element elementor-element-68f1487\" data-id=\"68f1487\" data-element_type=\"column\" data-e-type=\"column\">\n\t\t\t<div class=\"elementor-widget-wrap elementor-element-populated\">\n\t\t\t\t\t\t<div class=\"elementor-element elementor-element-d58b274 elementor-position-top elementor-widget elementor-widget-image-box\" data-id=\"d58b274\" data-element_type=\"widget\" data-e-type=\"widget\" data-widget_type=\"image-box.default\">\n\t\t\t\t<div class=\"elementor-widget-container\">\n\t\t\t\t\t<div class=\"elementor-image-box-wrapper\"><figure class=\"elementor-image-box-img\"><a href=\"http:\/\/www.librairie-renaissance.fr\/listeliv.php?RECHERCHE=simple&#038;LIVREANCIEN=2&#038;MOTS=Maurice%20Sendak%20-%20On%20est%20tous%20dans%20la%20gadoue\" tabindex=\"-1\"><img loading=\"lazy\" decoding=\"async\" width=\"150\" height=\"116\" src=\"https:\/\/festival-livre-jeunesse.fr\/2021\/wp-content\/uploads\/2021\/01\/Gadoue.jpg\" class=\"attachment-thumbnail size-thumbnail wp-image-6240\" alt=\"\" \/><\/a><\/figure><div class=\"elementor-image-box-content\"><h3 class=\"elementor-image-box-title\"><a href=\"http:\/\/www.librairie-renaissance.fr\/listeliv.php?RECHERCHE=simple&#038;LIVREANCIEN=2&#038;MOTS=Maurice%20Sendak%20-%20On%20est%20tous%20dans%20la%20gadoue\"><br>On est tous dans la gadoue <br>de Maurice Sendak<\/a><\/h3><p class=\"elementor-image-box-description\">Car c'est le rat qui prend tout ! Les chatons sont mis au trou, le b\u00e9b\u00e9 n'est plus \u00e0 nous... Et notre lune est en courroux ! On est tous dans la gadoue, suivi de Jack et Guy, deux comptines illustr\u00e9es par le grand Maurice Sendak.<\/p><\/div><\/div>\t\t\t\t<\/div>\n\t\t\t\t<\/div>\n\t\t\t\t<div class=\"elementor-element elementor-element-80f0447 elementor-widget elementor-widget-button\" data-id=\"80f0447\" data-element_type=\"widget\" data-e-type=\"widget\" data-widget_type=\"button.default\">\n\t\t\t\t<div class=\"elementor-widget-container\">\n\t\t\t\t\t\t\t\t\t<div class=\"elementor-button-wrapper\">\n\t\t\t\t\t<a class=\"elementor-button elementor-button-link elementor-size-sm\" href=\"http:\/\/www.librairie-renaissance.fr\/listeliv.php?RECHERCHE=simple&#038;LIVREANCIEN=2&#038;MOTS=Maurice%20Sendak%20-%20On%20est%20tous%20dans%20la%20gadoue\">\n\t\t\t\t\t\t<span class=\"elementor-button-content-wrapper\">\n\t\t\t\t\t\t\t\t\t<span class=\"elementor-button-text\">En savoir +<\/span>\n\t\t\t\t\t<\/span>\n\t\t\t\t\t<\/a>\n\t\t\t\t<\/div>\n\t\t\t\t\t\t\t\t<\/div>\n\t\t\t\t<\/div>\n\t\t\t\t\t<\/div>\n\t\t<\/div>\n\t\t\t\t<div class=\"elementor-column elementor-col-16 elementor-top-column elementor-element elementor-element-a54b97e\" data-id=\"a54b97e\" data-element_type=\"column\" data-e-type=\"column\">\n\t\t\t<div class=\"elementor-widget-wrap elementor-element-populated\">\n\t\t\t\t\t\t<div class=\"elementor-element elementor-element-d53283e elementor-position-top elementor-widget elementor-widget-image-box\" data-id=\"d53283e\" data-element_type=\"widget\" data-e-type=\"widget\" data-widget_type=\"image-box.default\">\n\t\t\t\t<div class=\"elementor-widget-container\">\n\t\t\t\t\t<div class=\"elementor-image-box-wrapper\"><figure class=\"elementor-image-box-img\"><a href=\"http:\/\/www.librairie-renaissance.fr\/listeliv.php?RECHERCHE=simple&#038;LIVREANCIEN=2&#038;MOTS=katy%20couprie%20Tout%20un%20monde\" tabindex=\"-1\"><img loading=\"lazy\" decoding=\"async\" width=\"150\" height=\"150\" src=\"https:\/\/festival-livre-jeunesse.fr\/2021\/wp-content\/uploads\/2021\/01\/Tout-un-monde-150x150.jpg\" class=\"attachment-thumbnail size-thumbnail wp-image-6251\" alt=\"\" \/><\/a><\/figure><div class=\"elementor-image-box-content\"><h3 class=\"elementor-image-box-title\"><a href=\"http:\/\/www.librairie-renaissance.fr\/listeliv.php?RECHERCHE=simple&#038;LIVREANCIEN=2&#038;MOTS=katy%20couprie%20Tout%20un%20monde\">Tout un monde<br>de Katy Couprie et Antonin Louchard<\/a><\/h3><p class=\"elementor-image-box-description\">Pour f\u00eater les 20 ans de la premi\u00e8re \u00e9dition, le c\u00e9l\u00e8bre imagier \u00abTout un monde\u00bb se pare d'un coffret collector et de 30 cartes \u00e0 jouer qui s'associent entre elles et permettent de cr\u00e9er des histoires \u00e0 l'infini.\n<\/p><\/div><\/div>\t\t\t\t<\/div>\n\t\t\t\t<\/div>\n\t\t\t\t<div class=\"elementor-element elementor-element-39ee229 elementor-widget elementor-widget-button\" data-id=\"39ee229\" data-element_type=\"widget\" data-e-type=\"widget\" data-widget_type=\"button.default\">\n\t\t\t\t<div class=\"elementor-widget-container\">\n\t\t\t\t\t\t\t\t\t<div class=\"elementor-button-wrapper\">\n\t\t\t\t\t<a class=\"elementor-button elementor-button-link elementor-size-sm\" href=\"http:\/\/www.librairie-renaissance.fr\/listeliv.php?RECHERCHE=simple&#038;LIVREANCIEN=2&#038;MOTS=katy%20couprie%20Tout%20un%20monde\">\n\t\t\t\t\t\t<span class=\"elementor-button-content-wrapper\">\n\t\t\t\t\t\t\t\t\t<span class=\"elementor-button-text\">En savoir +<\/span>\n\t\t\t\t\t<\/span>\n\t\t\t\t\t<\/a>\n\t\t\t\t<\/div>\n\t\t\t\t\t\t\t\t<\/div>\n\t\t\t\t<\/div>\n\t\t\t\t\t<\/div>\n\t\t<\/div>\n\t\t\t\t\t<\/div>\n\t\t<\/section>\n\t\t\t\t<\/div>\n\t\t","protected":false},"excerpt":{"rendered":"<p>bibliographie Sophie van der linden Lire l\u2019album de Sophie Van der Linden Mobilisant des outils ainsi qu&rsquo;une r\u00e9flexion th\u00e9orique rigoureuse, d\u00e9veloppant un propos clair et accessible appuy\u00e9 sur de nombreux exemples en images, cet ouvrage s&rsquo;adresse \u00e0 tous ceux qui souhaitent mieux comprendre le fonctionnement de l&rsquo;album et approfondir leur lecture : enseignants, biblioth\u00e9caires, m\u00e9diateurs, &hellip;<\/p>\n<p class=\"read-more\"> <a class=\"\" href=\"https:\/\/festival-livre-jeunesse.fr\/2021\/bibliographie-sophie-van-der-linden\/\"> <span class=\"screen-reader-text\">bibliographie Sophie van der linden<\/span> Lire la suite\u00a0\u00bb<\/a><\/p>\n","protected":false},"author":1,"featured_media":0,"parent":0,"menu_order":0,"comment_status":"closed","ping_status":"closed","template":"","meta":{"_uag_custom_page_level_css":"","footnotes":""},"class_list":["post-6532","page","type-page","status-publish","hentry"],"yoast_head":"<!-- This site is optimized with the Yoast SEO plugin v25.3.1 - https:\/\/yoast.com\/wordpress\/plugins\/seo\/ -->\n<title>bibliographie Sophie van der linden - Festival du Livre de Jeunesse Occitanie<\/title>\n<meta name=\"robots\" content=\"index, follow, max-snippet:-1, max-image-preview:large, max-video-preview:-1\" \/>\n<link rel=\"canonical\" href=\"https:\/\/festival-livre-jeunesse.fr\/2021\/bibliographie-sophie-van-der-linden\/\" \/>\n<meta property=\"og:locale\" content=\"fr_FR\" \/>\n<meta property=\"og:type\" content=\"article\" \/>\n<meta property=\"og:title\" content=\"bibliographie Sophie van der linden - Festival du Livre de Jeunesse Occitanie\" \/>\n<meta property=\"og:description\" content=\"bibliographie Sophie van der linden Lire l\u2019album de Sophie Van der Linden Mobilisant des outils ainsi qu&rsquo;une r\u00e9flexion th\u00e9orique rigoureuse, d\u00e9veloppant un propos clair et accessible appuy\u00e9 sur de nombreux exemples en images, cet ouvrage s&rsquo;adresse \u00e0 tous ceux qui souhaitent mieux comprendre le fonctionnement de l&rsquo;album et approfondir leur lecture : enseignants, biblioth\u00e9caires, m\u00e9diateurs, &hellip; bibliographie Sophie van der linden Lire la suite\u00a0\u00bb\" \/>\n<meta property=\"og:url\" content=\"https:\/\/festival-livre-jeunesse.fr\/2021\/bibliographie-sophie-van-der-linden\/\" \/>\n<meta property=\"og:site_name\" content=\"Festival du Livre de Jeunesse Occitanie\" \/>\n<meta property=\"article:modified_time\" content=\"2021-01-17T22:18:55+00:00\" \/>\n<meta property=\"og:image\" content=\"http:\/\/festival-livre-jeunesse.fr\/2021\/wp-content\/uploads\/2021\/01\/Lire-album.jpg\" \/>\n<meta name=\"twitter:card\" content=\"summary_large_image\" \/>\n<meta name=\"twitter:label1\" content=\"Dur\u00e9e de lecture estim\u00e9e\" \/>\n\t<meta name=\"twitter:data1\" content=\"2 minutes\" \/>\n<script type=\"application\/ld+json\" class=\"yoast-schema-graph\">{\"@context\":\"https:\/\/schema.org\",\"@graph\":[{\"@type\":\"WebPage\",\"@id\":\"https:\/\/festival-livre-jeunesse.fr\/2021\/bibliographie-sophie-van-der-linden\/\",\"url\":\"https:\/\/festival-livre-jeunesse.fr\/2021\/bibliographie-sophie-van-der-linden\/\",\"name\":\"bibliographie Sophie van der linden - Festival du Livre de Jeunesse Occitanie\",\"isPartOf\":{\"@id\":\"https:\/\/festival-livre-jeunesse.fr\/2021\/#website\"},\"primaryImageOfPage\":{\"@id\":\"https:\/\/festival-livre-jeunesse.fr\/2021\/bibliographie-sophie-van-der-linden\/#primaryimage\"},\"image\":{\"@id\":\"https:\/\/festival-livre-jeunesse.fr\/2021\/bibliographie-sophie-van-der-linden\/#primaryimage\"},\"thumbnailUrl\":\"http:\/\/festival-livre-jeunesse.fr\/2021\/wp-content\/uploads\/2021\/01\/Lire-album.jpg\",\"datePublished\":\"2021-01-17T22:01:20+00:00\",\"dateModified\":\"2021-01-17T22:18:55+00:00\",\"breadcrumb\":{\"@id\":\"https:\/\/festival-livre-jeunesse.fr\/2021\/bibliographie-sophie-van-der-linden\/#breadcrumb\"},\"inLanguage\":\"fr-FR\",\"potentialAction\":[{\"@type\":\"ReadAction\",\"target\":[\"https:\/\/festival-livre-jeunesse.fr\/2021\/bibliographie-sophie-van-der-linden\/\"]}]},{\"@type\":\"ImageObject\",\"inLanguage\":\"fr-FR\",\"@id\":\"https:\/\/festival-livre-jeunesse.fr\/2021\/bibliographie-sophie-van-der-linden\/#primaryimage\",\"url\":\"http:\/\/festival-livre-jeunesse.fr\/2021\/wp-content\/uploads\/2021\/01\/Lire-album.jpg\",\"contentUrl\":\"http:\/\/festival-livre-jeunesse.fr\/2021\/wp-content\/uploads\/2021\/01\/Lire-album.jpg\"},{\"@type\":\"BreadcrumbList\",\"@id\":\"https:\/\/festival-livre-jeunesse.fr\/2021\/bibliographie-sophie-van-der-linden\/#breadcrumb\",\"itemListElement\":[{\"@type\":\"ListItem\",\"position\":1,\"name\":\"Accueil\",\"item\":\"https:\/\/festival-livre-jeunesse.fr\/2021\/\"},{\"@type\":\"ListItem\",\"position\":2,\"name\":\"bibliographie Sophie van der linden\"}]},{\"@type\":\"WebSite\",\"@id\":\"https:\/\/festival-livre-jeunesse.fr\/2021\/#website\",\"url\":\"https:\/\/festival-livre-jeunesse.fr\/2021\/\",\"name\":\"Festival du Livre de Jeunesse Occitanie\",\"description\":\"19\u00e8me \u00e9dition\",\"potentialAction\":[{\"@type\":\"SearchAction\",\"target\":{\"@type\":\"EntryPoint\",\"urlTemplate\":\"https:\/\/festival-livre-jeunesse.fr\/2021\/?s={search_term_string}\"},\"query-input\":{\"@type\":\"PropertyValueSpecification\",\"valueRequired\":true,\"valueName\":\"search_term_string\"}}],\"inLanguage\":\"fr-FR\"}]}<\/script>\n<!-- \/ Yoast SEO plugin. -->","yoast_head_json":{"title":"bibliographie Sophie van der linden - Festival du Livre de Jeunesse Occitanie","robots":{"index":"index","follow":"follow","max-snippet":"max-snippet:-1","max-image-preview":"max-image-preview:large","max-video-preview":"max-video-preview:-1"},"canonical":"https:\/\/festival-livre-jeunesse.fr\/2021\/bibliographie-sophie-van-der-linden\/","og_locale":"fr_FR","og_type":"article","og_title":"bibliographie Sophie van der linden - Festival du Livre de Jeunesse Occitanie","og_description":"bibliographie Sophie van der linden Lire l\u2019album de Sophie Van der Linden Mobilisant des outils ainsi qu&rsquo;une r\u00e9flexion th\u00e9orique rigoureuse, d\u00e9veloppant un propos clair et accessible appuy\u00e9 sur de nombreux exemples en images, cet ouvrage s&rsquo;adresse \u00e0 tous ceux qui souhaitent mieux comprendre le fonctionnement de l&rsquo;album et approfondir leur lecture : enseignants, biblioth\u00e9caires, m\u00e9diateurs, &hellip; bibliographie Sophie van der linden Lire la suite\u00a0\u00bb","og_url":"https:\/\/festival-livre-jeunesse.fr\/2021\/bibliographie-sophie-van-der-linden\/","og_site_name":"Festival du Livre de Jeunesse Occitanie","article_modified_time":"2021-01-17T22:18:55+00:00","og_image":[{"url":"http:\/\/festival-livre-jeunesse.fr\/2021\/wp-content\/uploads\/2021\/01\/Lire-album.jpg","type":"","width":"","height":""}],"twitter_card":"summary_large_image","twitter_misc":{"Dur\u00e9e de lecture estim\u00e9e":"2 minutes"},"schema":{"@context":"https:\/\/schema.org","@graph":[{"@type":"WebPage","@id":"https:\/\/festival-livre-jeunesse.fr\/2021\/bibliographie-sophie-van-der-linden\/","url":"https:\/\/festival-livre-jeunesse.fr\/2021\/bibliographie-sophie-van-der-linden\/","name":"bibliographie Sophie van der linden - Festival du Livre de Jeunesse Occitanie","isPartOf":{"@id":"https:\/\/festival-livre-jeunesse.fr\/2021\/#website"},"primaryImageOfPage":{"@id":"https:\/\/festival-livre-jeunesse.fr\/2021\/bibliographie-sophie-van-der-linden\/#primaryimage"},"image":{"@id":"https:\/\/festival-livre-jeunesse.fr\/2021\/bibliographie-sophie-van-der-linden\/#primaryimage"},"thumbnailUrl":"http:\/\/festival-livre-jeunesse.fr\/2021\/wp-content\/uploads\/2021\/01\/Lire-album.jpg","datePublished":"2021-01-17T22:01:20+00:00","dateModified":"2021-01-17T22:18:55+00:00","breadcrumb":{"@id":"https:\/\/festival-livre-jeunesse.fr\/2021\/bibliographie-sophie-van-der-linden\/#breadcrumb"},"inLanguage":"fr-FR","potentialAction":[{"@type":"ReadAction","target":["https:\/\/festival-livre-jeunesse.fr\/2021\/bibliographie-sophie-van-der-linden\/"]}]},{"@type":"ImageObject","inLanguage":"fr-FR","@id":"https:\/\/festival-livre-jeunesse.fr\/2021\/bibliographie-sophie-van-der-linden\/#primaryimage","url":"http:\/\/festival-livre-jeunesse.fr\/2021\/wp-content\/uploads\/2021\/01\/Lire-album.jpg","contentUrl":"http:\/\/festival-livre-jeunesse.fr\/2021\/wp-content\/uploads\/2021\/01\/Lire-album.jpg"},{"@type":"BreadcrumbList","@id":"https:\/\/festival-livre-jeunesse.fr\/2021\/bibliographie-sophie-van-der-linden\/#breadcrumb","itemListElement":[{"@type":"ListItem","position":1,"name":"Accueil","item":"https:\/\/festival-livre-jeunesse.fr\/2021\/"},{"@type":"ListItem","position":2,"name":"bibliographie Sophie van der linden"}]},{"@type":"WebSite","@id":"https:\/\/festival-livre-jeunesse.fr\/2021\/#website","url":"https:\/\/festival-livre-jeunesse.fr\/2021\/","name":"Festival du Livre de Jeunesse Occitanie","description":"19\u00e8me \u00e9dition","potentialAction":[{"@type":"SearchAction","target":{"@type":"EntryPoint","urlTemplate":"https:\/\/festival-livre-jeunesse.fr\/2021\/?s={search_term_string}"},"query-input":{"@type":"PropertyValueSpecification","valueRequired":true,"valueName":"search_term_string"}}],"inLanguage":"fr-FR"}]}},"uagb_featured_image_src":{"full":false,"thumbnail":false,"medium":false,"medium_large":false,"large":false,"1536x1536":false,"2048x2048":false},"uagb_author_info":{"display_name":"festival","author_link":"https:\/\/festival-livre-jeunesse.fr\/2021\/author\/festival\/"},"uagb_comment_info":0,"uagb_excerpt":"bibliographie Sophie van der linden Lire l\u2019album de Sophie Van der Linden Mobilisant des outils ainsi qu&rsquo;une r\u00e9flexion th\u00e9orique rigoureuse, d\u00e9veloppant un propos clair et accessible appuy\u00e9 sur de nombreux exemples en images, cet ouvrage s&rsquo;adresse \u00e0 tous ceux qui souhaitent mieux comprendre le fonctionnement de l&rsquo;album et approfondir leur lecture : enseignants, biblioth\u00e9caires, m\u00e9diateurs,\u2026","_links":{"self":[{"href":"https:\/\/festival-livre-jeunesse.fr\/2021\/wp-json\/wp\/v2\/pages\/6532","targetHints":{"allow":["GET"]}}],"collection":[{"href":"https:\/\/festival-livre-jeunesse.fr\/2021\/wp-json\/wp\/v2\/pages"}],"about":[{"href":"https:\/\/festival-livre-jeunesse.fr\/2021\/wp-json\/wp\/v2\/types\/page"}],"author":[{"embeddable":true,"href":"https:\/\/festival-livre-jeunesse.fr\/2021\/wp-json\/wp\/v2\/users\/1"}],"replies":[{"embeddable":true,"href":"https:\/\/festival-livre-jeunesse.fr\/2021\/wp-json\/wp\/v2\/comments?post=6532"}],"version-history":[{"count":36,"href":"https:\/\/festival-livre-jeunesse.fr\/2021\/wp-json\/wp\/v2\/pages\/6532\/revisions"}],"predecessor-version":[{"id":6573,"href":"https:\/\/festival-livre-jeunesse.fr\/2021\/wp-json\/wp\/v2\/pages\/6532\/revisions\/6573"}],"wp:attachment":[{"href":"https:\/\/festival-livre-jeunesse.fr\/2021\/wp-json\/wp\/v2\/media?parent=6532"}],"curies":[{"name":"wp","href":"https:\/\/api.w.org\/{rel}","templated":true}]}}