{"id":6967,"date":"2021-01-21T20:58:28","date_gmt":"2021-01-21T19:58:28","guid":{"rendered":"https:\/\/festival-livre-jeunesse.fr\/2021\/?page_id=6967"},"modified":"2021-01-22T20:28:07","modified_gmt":"2021-01-22T19:28:07","slug":"grandir","status":"publish","type":"page","link":"https:\/\/festival-livre-jeunesse.fr\/2021\/grandir\/","title":{"rendered":"Grandir"},"content":{"rendered":"\t\t<div data-elementor-type=\"wp-page\" data-elementor-id=\"6967\" class=\"elementor elementor-6967\">\n\t\t\t\t\t\t<section class=\"elementor-section elementor-top-section elementor-element elementor-element-3614470 elementor-section-boxed elementor-section-height-default elementor-section-height-default\" data-id=\"3614470\" data-element_type=\"section\" data-e-type=\"section\">\n\t\t\t\t\t\t<div class=\"elementor-container elementor-column-gap-default\">\n\t\t\t\t\t<div class=\"elementor-column elementor-col-100 elementor-top-column elementor-element elementor-element-aa301c8\" data-id=\"aa301c8\" data-element_type=\"column\" data-e-type=\"column\">\n\t\t\t<div class=\"elementor-widget-wrap elementor-element-populated\">\n\t\t\t\t\t\t<div class=\"elementor-element elementor-element-92ac93f elementor-widget elementor-widget-heading\" data-id=\"92ac93f\" data-element_type=\"widget\" data-e-type=\"widget\" data-widget_type=\"heading.default\">\n\t\t\t\t<div class=\"elementor-widget-container\">\n\t\t\t\t\t<h2 class=\"elementor-heading-title elementor-size-default\">grandir<\/h2>\t\t\t\t<\/div>\n\t\t\t\t<\/div>\n\t\t\t\t\t<\/div>\n\t\t<\/div>\n\t\t\t\t\t<\/div>\n\t\t<\/section>\n\t\t\t\t<section class=\"elementor-section elementor-top-section elementor-element elementor-element-7676679 elementor-section-boxed elementor-section-height-default elementor-section-height-default\" data-id=\"7676679\" data-element_type=\"section\" data-e-type=\"section\">\n\t\t\t\t\t\t<div class=\"elementor-container elementor-column-gap-default\">\n\t\t\t\t\t<div class=\"elementor-column elementor-col-16 elementor-top-column elementor-element elementor-element-1ab6f26\" data-id=\"1ab6f26\" data-element_type=\"column\" data-e-type=\"column\">\n\t\t\t<div class=\"elementor-widget-wrap elementor-element-populated\">\n\t\t\t\t\t\t<div class=\"elementor-element elementor-element-491d6e4 elementor-position-top elementor-widget elementor-widget-image-box\" data-id=\"491d6e4\" data-element_type=\"widget\" data-e-type=\"widget\" data-widget_type=\"image-box.default\">\n\t\t\t\t<div class=\"elementor-widget-container\">\n\t\t\t\t\t<div class=\"elementor-image-box-wrapper\"><figure class=\"elementor-image-box-img\"><a href=\"http:\/\/www.librairie-renaissance.fr\/9782212567373-16-nuances-de-premiere-fois-manu-causse-severine-vidal\/\" tabindex=\"-1\"><img decoding=\"async\" width=\"150\" height=\"150\" src=\"https:\/\/festival-livre-jeunesse.fr\/2021\/wp-content\/uploads\/2021\/01\/Nuances-150x150.jpg\" class=\"attachment-thumbnail size-thumbnail wp-image-6988\" alt=\"\" \/><\/a><\/figure><div class=\"elementor-image-box-content\"><h3 class=\"elementor-image-box-title\"><a href=\"http:\/\/www.librairie-renaissance.fr\/9782212567373-16-nuances-de-premiere-fois-manu-causse-severine-vidal\/\">16 nuances de premi\u00e8res fois<\/a><\/h3><p class=\"elementor-image-box-description\">de <b>Manu Causse et S\u00e9verine Vidal<\/b><br>\n\nOn se dit que la premi\u00e8re fois \u00e7a va \u00eatre G\u00c9NIAL. Et puis en fait c'est juste CHELOU. \u00c7a fait parfois peur. Et puis en fait c'est... Flippant, beau,OMG !!!, Hott !!!, Sublime. Sinon on peut toujours s'y reprendre \u00e0 plusieurs fois.\n\n<\/p><\/div><\/div>\t\t\t\t<\/div>\n\t\t\t\t<\/div>\n\t\t\t\t<div class=\"elementor-element elementor-element-7aaa225 elementor-widget elementor-widget-button\" data-id=\"7aaa225\" data-element_type=\"widget\" data-e-type=\"widget\" data-widget_type=\"button.default\">\n\t\t\t\t<div class=\"elementor-widget-container\">\n\t\t\t\t\t\t\t\t\t<div class=\"elementor-button-wrapper\">\n\t\t\t\t\t<a class=\"elementor-button elementor-button-link elementor-size-sm\" href=\"http:\/\/www.librairie-renaissance.fr\/9782212567373-16-nuances-de-premiere-fois-manu-causse-severine-vidal\/\">\n\t\t\t\t\t\t<span class=\"elementor-button-content-wrapper\">\n\t\t\t\t\t\t\t\t\t<span class=\"elementor-button-text\">En savoir +<\/span>\n\t\t\t\t\t<\/span>\n\t\t\t\t\t<\/a>\n\t\t\t\t<\/div>\n\t\t\t\t\t\t\t\t<\/div>\n\t\t\t\t<\/div>\n\t\t\t\t\t<\/div>\n\t\t<\/div>\n\t\t\t\t<div class=\"elementor-column elementor-col-16 elementor-top-column elementor-element elementor-element-58333cd\" data-id=\"58333cd\" data-element_type=\"column\" data-e-type=\"column\">\n\t\t\t<div class=\"elementor-widget-wrap elementor-element-populated\">\n\t\t\t\t\t\t<div class=\"elementor-element elementor-element-aa3be11 elementor-position-top elementor-widget elementor-widget-image-box\" data-id=\"aa3be11\" data-element_type=\"widget\" data-e-type=\"widget\" data-widget_type=\"image-box.default\">\n\t\t\t\t<div class=\"elementor-widget-container\">\n\t\t\t\t\t<div class=\"elementor-image-box-wrapper\"><figure class=\"elementor-image-box-img\"><a href=\"http:\/\/www.librairie-renaissance.fr\/9782377312047-l-age-des-secrets-magnhild-winsnes\/\" tabindex=\"-1\"><img decoding=\"async\" width=\"150\" height=\"150\" src=\"https:\/\/festival-livre-jeunesse.fr\/2021\/wp-content\/uploads\/2021\/01\/Age-secrets-150x150.jpg\" class=\"attachment-thumbnail size-thumbnail wp-image-7001\" alt=\"\" \/><\/a><\/figure><div class=\"elementor-image-box-content\"><h3 class=\"elementor-image-box-title\"><a href=\"http:\/\/www.librairie-renaissance.fr\/9782377312047-l-age-des-secrets-magnhild-winsnes\/\">L\u2019\u00e2ge des secrets<\/a><\/h3><p class=\"elementor-image-box-description\">de <b>Magnhild Winsnes<\/b><br>\nHanna passe tous ses \u00e9t\u00e9s avec ses amies Siv et Mette : elles jouent aux Sioux et battent le record du nombre de scarab\u00e9es captur\u00e9s. Mais cette ann\u00e9e, quand Hanna d\u00e9barque, Siv n'en a plus rien \u00e0 faire des scarab\u00e9es, Mette a pris trois tailles de seins, et elles ne parlent plus que du beau Sindre. Superbe roman graphique dr\u00f4le et troublant qui saisit \u00e0 la perfection cet \u00e9trange instant de bascule o\u00f9 l'on est encore un enfant, au milieu d'ados qui jouent d\u00e9j\u00e0 aux adultes.\n\n\n<\/p><\/div><\/div>\t\t\t\t<\/div>\n\t\t\t\t<\/div>\n\t\t\t\t<div class=\"elementor-element elementor-element-67dee52 elementor-widget elementor-widget-button\" data-id=\"67dee52\" data-element_type=\"widget\" data-e-type=\"widget\" data-widget_type=\"button.default\">\n\t\t\t\t<div class=\"elementor-widget-container\">\n\t\t\t\t\t\t\t\t\t<div class=\"elementor-button-wrapper\">\n\t\t\t\t\t<a class=\"elementor-button elementor-button-link elementor-size-sm\" href=\"http:\/\/www.librairie-renaissance.fr\/9782377312047-l-age-des-secrets-magnhild-winsnes\/\">\n\t\t\t\t\t\t<span class=\"elementor-button-content-wrapper\">\n\t\t\t\t\t\t\t\t\t<span class=\"elementor-button-text\">En savoir +<\/span>\n\t\t\t\t\t<\/span>\n\t\t\t\t\t<\/a>\n\t\t\t\t<\/div>\n\t\t\t\t\t\t\t\t<\/div>\n\t\t\t\t<\/div>\n\t\t\t\t\t<\/div>\n\t\t<\/div>\n\t\t\t\t<div class=\"elementor-column elementor-col-16 elementor-top-column elementor-element elementor-element-4485a51\" data-id=\"4485a51\" data-element_type=\"column\" data-e-type=\"column\">\n\t\t\t<div class=\"elementor-widget-wrap elementor-element-populated\">\n\t\t\t\t\t\t<div class=\"elementor-element elementor-element-0c38425 elementor-position-top elementor-widget elementor-widget-image-box\" data-id=\"0c38425\" data-element_type=\"widget\" data-e-type=\"widget\" data-widget_type=\"image-box.default\">\n\t\t\t\t<div class=\"elementor-widget-container\">\n\t\t\t\t\t<div class=\"elementor-image-box-wrapper\"><figure class=\"elementor-image-box-img\"><a href=\"http:\/\/www.librairie-renaissance.fr\/9782381960081-anne-de-green-gables-lucy-maud-montgomery-paul-blow\/\" tabindex=\"-1\"><img decoding=\"async\" width=\"150\" height=\"150\" src=\"https:\/\/festival-livre-jeunesse.fr\/2021\/wp-content\/uploads\/2021\/01\/Green-150x150.jpg\" class=\"attachment-thumbnail size-thumbnail wp-image-7014\" alt=\"\" \/><\/a><\/figure><div class=\"elementor-image-box-content\"><h3 class=\"elementor-image-box-title\"><a href=\"http:\/\/www.librairie-renaissance.fr\/9782381960081-anne-de-green-gables-lucy-maud-montgomery-paul-blow\/\">Anne de Green Gables<\/a><\/h3><p class=\"elementor-image-box-description\">\nVendu \u00e0 60 millions d'exemplaires \u00e0 travers le monde, adapt\u00e9 des dizaines de fois , aim\u00e9 par des g\u00e9n\u00e9rations de lecteurs, Anne de Green Gables de Lucy Maud Montgomery est un hymne \u00e0 la joie et au pouvoir de l'imagination. Magnifiquement \u00e9crit, construit autour d'une h\u00e9ro\u00efne parfaitement imparfaite, f\u00e9ministe involontaire et romantique imp\u00e9nitente, ce roman empreint de po\u00e9sie et d'humour est bien plus que la vie d'une orpheline qui va bousculer le calme de son nouveau foyer. \n<\/p><\/div><\/div>\t\t\t\t<\/div>\n\t\t\t\t<\/div>\n\t\t\t\t<div class=\"elementor-element elementor-element-d485db3 elementor-widget elementor-widget-button\" data-id=\"d485db3\" data-element_type=\"widget\" data-e-type=\"widget\" data-widget_type=\"button.default\">\n\t\t\t\t<div class=\"elementor-widget-container\">\n\t\t\t\t\t\t\t\t\t<div class=\"elementor-button-wrapper\">\n\t\t\t\t\t<a class=\"elementor-button elementor-button-link elementor-size-sm\" href=\"http:\/\/www.librairie-renaissance.fr\/9782381960081-anne-de-green-gables-lucy-maud-montgomery-paul-blow\/\">\n\t\t\t\t\t\t<span class=\"elementor-button-content-wrapper\">\n\t\t\t\t\t\t\t\t\t<span class=\"elementor-button-text\">En savoir +<\/span>\n\t\t\t\t\t<\/span>\n\t\t\t\t\t<\/a>\n\t\t\t\t<\/div>\n\t\t\t\t\t\t\t\t<\/div>\n\t\t\t\t<\/div>\n\t\t\t\t\t<\/div>\n\t\t<\/div>\n\t\t\t\t<div class=\"elementor-column elementor-col-16 elementor-top-column elementor-element elementor-element-b96d86c\" data-id=\"b96d86c\" data-element_type=\"column\" data-e-type=\"column\">\n\t\t\t<div class=\"elementor-widget-wrap elementor-element-populated\">\n\t\t\t\t\t\t<div class=\"elementor-element elementor-element-5563387 elementor-position-top elementor-widget elementor-widget-image-box\" data-id=\"5563387\" data-element_type=\"widget\" data-e-type=\"widget\" data-widget_type=\"image-box.default\">\n\t\t\t\t<div class=\"elementor-widget-container\">\n\t\t\t\t\t<div class=\"elementor-image-box-wrapper\"><figure class=\"elementor-image-box-img\"><a href=\"http:\/\/www.librairie-renaissance.fr\/9782330077297-bon-voyage-bebe-beatrice-alemagna\/\" tabindex=\"-1\"><img loading=\"lazy\" decoding=\"async\" width=\"150\" height=\"150\" src=\"https:\/\/festival-livre-jeunesse.fr\/2021\/wp-content\/uploads\/2021\/01\/Bebe-150x150.jpg\" class=\"attachment-thumbnail size-thumbnail wp-image-7027\" alt=\"\" \/><\/a><\/figure><div class=\"elementor-image-box-content\"><h3 class=\"elementor-image-box-title\"><a href=\"http:\/\/www.librairie-renaissance.fr\/9782330077297-bon-voyage-bebe-beatrice-alemagna\/\">Bon voyage b\u00e9b\u00e9<\/a><\/h3><p class=\"elementor-image-box-description\">de <b>B\u00e9atrice Alemagna<\/b><br>\nC'est le moment : il faut se pr\u00e9parer, choisir les jouets \u00e0 ranger dans sa valise, enfiler une tenue adapt\u00e9e, embrasser papa et maman, surtout ne pas oublier son livre pr\u00e9f\u00e9r\u00e9 et... plonger dans son lit ! Nouvelle \u00e9dition tout carton\n<\/p><\/div><\/div>\t\t\t\t<\/div>\n\t\t\t\t<\/div>\n\t\t\t\t<div class=\"elementor-element elementor-element-6533e71 elementor-widget elementor-widget-button\" data-id=\"6533e71\" data-element_type=\"widget\" data-e-type=\"widget\" data-widget_type=\"button.default\">\n\t\t\t\t<div class=\"elementor-widget-container\">\n\t\t\t\t\t\t\t\t\t<div class=\"elementor-button-wrapper\">\n\t\t\t\t\t<a class=\"elementor-button elementor-button-link elementor-size-sm\" href=\"http:\/\/www.librairie-renaissance.fr\/9782330077297-bon-voyage-bebe-beatrice-alemagna\/\">\n\t\t\t\t\t\t<span class=\"elementor-button-content-wrapper\">\n\t\t\t\t\t\t\t\t\t<span class=\"elementor-button-text\">En savoir +<\/span>\n\t\t\t\t\t<\/span>\n\t\t\t\t\t<\/a>\n\t\t\t\t<\/div>\n\t\t\t\t\t\t\t\t<\/div>\n\t\t\t\t<\/div>\n\t\t\t\t\t<\/div>\n\t\t<\/div>\n\t\t\t\t<div class=\"elementor-column elementor-col-16 elementor-top-column elementor-element elementor-element-d10f93c\" data-id=\"d10f93c\" data-element_type=\"column\" data-e-type=\"column\">\n\t\t\t<div class=\"elementor-widget-wrap elementor-element-populated\">\n\t\t\t\t\t\t<div class=\"elementor-element elementor-element-3654d90 elementor-position-top elementor-widget elementor-widget-image-box\" data-id=\"3654d90\" data-element_type=\"widget\" data-e-type=\"widget\" data-widget_type=\"image-box.default\">\n\t\t\t\t<div class=\"elementor-widget-container\">\n\t\t\t\t\t<div class=\"elementor-image-box-wrapper\"><figure class=\"elementor-image-box-img\"><a href=\"http:\/\/www.librairie-renaissance.fr\/9782930787497-la-bonne-place-clemence-sabbagh-francoise-rogier\/\" tabindex=\"-1\"><img loading=\"lazy\" decoding=\"async\" width=\"150\" height=\"150\" src=\"https:\/\/festival-livre-jeunesse.fr\/2021\/wp-content\/uploads\/2021\/01\/Bonne-place-150x150.jpg\" class=\"attachment-thumbnail size-thumbnail wp-image-7040\" alt=\"\" \/><\/a><\/figure><div class=\"elementor-image-box-content\"><h3 class=\"elementor-image-box-title\"><a href=\"http:\/\/www.librairie-renaissance.fr\/9782930787497-la-bonne-place-clemence-sabbagh-francoise-rogier\/\">La bonne place<\/a><\/h3><p class=\"elementor-image-box-description\">de <b>Cl\u00e9mence Sabbagh et Fran\u00e7oise Rogier<\/b><br>\nEliza va assister \u00e0 un grand spectacle. Dans la salle de th\u00e9\u00e2tre, elle cherche sa place. Pas forc\u00e9ment la meilleure place, mais une place o\u00f9 elle est \u00e0 l'aise. Le spectacle va bient\u00f4t commencer ! Vite, vite, elle essaye tous les si\u00e8ges - grands, petits, moelleux... mais aucun ne lui va.\n<\/p><\/div><\/div>\t\t\t\t<\/div>\n\t\t\t\t<\/div>\n\t\t\t\t<div class=\"elementor-element elementor-element-bfa358b elementor-widget elementor-widget-button\" data-id=\"bfa358b\" data-element_type=\"widget\" data-e-type=\"widget\" data-widget_type=\"button.default\">\n\t\t\t\t<div class=\"elementor-widget-container\">\n\t\t\t\t\t\t\t\t\t<div class=\"elementor-button-wrapper\">\n\t\t\t\t\t<a class=\"elementor-button elementor-button-link elementor-size-sm\" href=\"http:\/\/www.librairie-renaissance.fr\/9782930787497-la-bonne-place-clemence-sabbagh-francoise-rogier\/\">\n\t\t\t\t\t\t<span class=\"elementor-button-content-wrapper\">\n\t\t\t\t\t\t\t\t\t<span class=\"elementor-button-text\">En savoir +<\/span>\n\t\t\t\t\t<\/span>\n\t\t\t\t\t<\/a>\n\t\t\t\t<\/div>\n\t\t\t\t\t\t\t\t<\/div>\n\t\t\t\t<\/div>\n\t\t\t\t\t<\/div>\n\t\t<\/div>\n\t\t\t\t<div class=\"elementor-column elementor-col-16 elementor-top-column elementor-element elementor-element-83ffe01\" data-id=\"83ffe01\" data-element_type=\"column\" data-e-type=\"column\">\n\t\t\t<div class=\"elementor-widget-wrap elementor-element-populated\">\n\t\t\t\t\t\t<div class=\"elementor-element elementor-element-5069b4d elementor-position-top elementor-widget elementor-widget-image-box\" data-id=\"5069b4d\" data-element_type=\"widget\" data-e-type=\"widget\" data-widget_type=\"image-box.default\">\n\t\t\t\t<div class=\"elementor-widget-container\">\n\t\t\t\t\t<div class=\"elementor-image-box-wrapper\"><figure class=\"elementor-image-box-img\"><a href=\"http:\/\/www.librairie-renaissance.fr\/9782352894698-chatchat-le-chat-du-chien-melanie-rutten\/\" tabindex=\"-1\"><img loading=\"lazy\" decoding=\"async\" width=\"150\" height=\"150\" src=\"https:\/\/festival-livre-jeunesse.fr\/2021\/wp-content\/uploads\/2021\/01\/Chatchat-150x150.jpg\" class=\"attachment-thumbnail size-thumbnail wp-image-7056\" alt=\"\" \/><\/a><\/figure><div class=\"elementor-image-box-content\"><h3 class=\"elementor-image-box-title\"><a href=\"http:\/\/www.librairie-renaissance.fr\/9782352894698-chatchat-le-chat-du-chien-melanie-rutten\/\">Chatchat, le chat du chien<\/a><\/h3><p class=\"elementor-image-box-description\">de <b>M\u00e9lanie Rutten<\/b><br>\nChatchat, le chat du Chien est l'histoire de la relation entre deux personnages, un petit (le petit Chat) et un grand (Chienchien), le long d'une promenade et au fil d'une journ\u00e9e. Le lien est au coeur de cet album, qu'il soit avec l'autre, avec le monde ou avec soi-m\u00eame. Laisser le champ libre quant \u00e0 l'identit\u00e9 des personnages et \u00e0 la relation qui les lie, tout en les ancrant profond\u00e9ment dans une histoire, est une mani\u00e8re de laisser d\u00e8s le d\u00e9part la place aux sc\u00e9narios les plus intimes de chacun.\n<\/p><\/div><\/div>\t\t\t\t<\/div>\n\t\t\t\t<\/div>\n\t\t\t\t<div class=\"elementor-element elementor-element-fb70385 elementor-widget elementor-widget-button\" data-id=\"fb70385\" data-element_type=\"widget\" data-e-type=\"widget\" data-widget_type=\"button.default\">\n\t\t\t\t<div class=\"elementor-widget-container\">\n\t\t\t\t\t\t\t\t\t<div class=\"elementor-button-wrapper\">\n\t\t\t\t\t<a class=\"elementor-button elementor-button-link elementor-size-sm\" href=\"http:\/\/www.librairie-renaissance.fr\/9782352894698-chatchat-le-chat-du-chien-melanie-rutten\/\">\n\t\t\t\t\t\t<span class=\"elementor-button-content-wrapper\">\n\t\t\t\t\t\t\t\t\t<span class=\"elementor-button-text\">En savoir +<\/span>\n\t\t\t\t\t<\/span>\n\t\t\t\t\t<\/a>\n\t\t\t\t<\/div>\n\t\t\t\t\t\t\t\t<\/div>\n\t\t\t\t<\/div>\n\t\t\t\t\t<\/div>\n\t\t<\/div>\n\t\t\t\t\t<\/div>\n\t\t<\/section>\n\t\t\t\t<section class=\"elementor-section elementor-top-section elementor-element elementor-element-f684198 elementor-section-boxed elementor-section-height-default elementor-section-height-default\" data-id=\"f684198\" data-element_type=\"section\" data-e-type=\"section\">\n\t\t\t\t\t\t<div class=\"elementor-container elementor-column-gap-default\">\n\t\t\t\t\t<div class=\"elementor-column elementor-col-16 elementor-top-column elementor-element elementor-element-a7e7b26\" data-id=\"a7e7b26\" data-element_type=\"column\" data-e-type=\"column\">\n\t\t\t<div class=\"elementor-widget-wrap elementor-element-populated\">\n\t\t\t\t\t\t<div class=\"elementor-element elementor-element-3af77cd elementor-position-top elementor-widget elementor-widget-image-box\" data-id=\"3af77cd\" data-element_type=\"widget\" data-e-type=\"widget\" data-widget_type=\"image-box.default\">\n\t\t\t\t<div class=\"elementor-widget-container\">\n\t\t\t\t\t<div class=\"elementor-image-box-wrapper\"><figure class=\"elementor-image-box-img\"><a href=\"http:\/\/www.librairie-renaissance.fr\/9782330124465-les-choses-qui-s-en-vont-beatrice-alemagna\/\" tabindex=\"-1\"><img loading=\"lazy\" decoding=\"async\" width=\"150\" height=\"150\" src=\"https:\/\/festival-livre-jeunesse.fr\/2021\/wp-content\/uploads\/2021\/01\/Choses-150x150.jpg\" class=\"attachment-thumbnail size-thumbnail wp-image-7075\" alt=\"\" \/><\/a><\/figure><div class=\"elementor-image-box-content\"><h3 class=\"elementor-image-box-title\"><a href=\"http:\/\/www.librairie-renaissance.fr\/9782330124465-les-choses-qui-s-en-vont-beatrice-alemagna\/\">Les choses qui s\u2019en vont<\/a><\/h3><p class=\"elementor-image-box-description\">de <b>B\u00e9atrice Alemagna<\/b><br>\n\n\u00ab Dans la vie, beaucoup de choses se transforment et passent. Toutes sauf une. \u00bb  Un album rare et sensible sign\u00e9 Beatrice Alemagna sur les mouvements de l'existence et le temps qui fait grandir, o\u00f9 les images changent lorsque l'on tourne de douces pages de calque. Livre offert aux b\u00e9b\u00e9s n\u00e9s dans le Val-de-Marne en 2020.  \u00c0 partir de 3 ans.\n\n\n<\/p><\/div><\/div>\t\t\t\t<\/div>\n\t\t\t\t<\/div>\n\t\t\t\t<div class=\"elementor-element elementor-element-5d13af8 elementor-widget elementor-widget-button\" data-id=\"5d13af8\" data-element_type=\"widget\" data-e-type=\"widget\" data-widget_type=\"button.default\">\n\t\t\t\t<div class=\"elementor-widget-container\">\n\t\t\t\t\t\t\t\t\t<div class=\"elementor-button-wrapper\">\n\t\t\t\t\t<a class=\"elementor-button elementor-button-link elementor-size-sm\" href=\"http:\/\/www.librairie-renaissance.fr\/9782330124465-les-choses-qui-s-en-vont-beatrice-alemagna\/\">\n\t\t\t\t\t\t<span class=\"elementor-button-content-wrapper\">\n\t\t\t\t\t\t\t\t\t<span class=\"elementor-button-text\">En savoir +<\/span>\n\t\t\t\t\t<\/span>\n\t\t\t\t\t<\/a>\n\t\t\t\t<\/div>\n\t\t\t\t\t\t\t\t<\/div>\n\t\t\t\t<\/div>\n\t\t\t\t\t<\/div>\n\t\t<\/div>\n\t\t\t\t<div class=\"elementor-column elementor-col-16 elementor-top-column elementor-element elementor-element-899d29d\" data-id=\"899d29d\" data-element_type=\"column\" data-e-type=\"column\">\n\t\t\t<div class=\"elementor-widget-wrap elementor-element-populated\">\n\t\t\t\t\t\t<div class=\"elementor-element elementor-element-016b21a elementor-position-top elementor-widget elementor-widget-image-box\" data-id=\"016b21a\" data-element_type=\"widget\" data-e-type=\"widget\" data-widget_type=\"image-box.default\">\n\t\t\t\t<div class=\"elementor-widget-container\">\n\t\t\t\t\t<div class=\"elementor-image-box-wrapper\"><figure class=\"elementor-image-box-img\"><a href=\"http:\/\/www.librairie-renaissance.fr\/9782970106890-coeur-de-bois-henri-meunier-regis-lejonc\/\" tabindex=\"-1\"><img loading=\"lazy\" decoding=\"async\" width=\"150\" height=\"150\" src=\"https:\/\/festival-livre-jeunesse.fr\/2021\/wp-content\/uploads\/2021\/01\/Coeur-de-bois-150x150.jpg\" class=\"attachment-thumbnail size-thumbnail wp-image-7091\" alt=\"\" \/><\/a><\/figure><div class=\"elementor-image-box-content\"><h3 class=\"elementor-image-box-title\"><a href=\"http:\/\/www.librairie-renaissance.fr\/9782970106890-coeur-de-bois-henri-meunier-regis-lejonc\/\">C\u0153ur de bois<\/a><\/h3><p class=\"elementor-image-box-description\">de <b>Henri Meunier et R\u00e9gis Lejonc<\/b><br>\n\nAurore est une jeune femme \u00e9quilibr\u00e9e, attentive \u00e0 elle-m\u00eame et \u00e0 ses enfants. Elle conduit sa vie avec assurance, comme sa voiture, qu'elle prend r\u00e9guli\u00e8rement pour effectuer des visites de courtoisie \u00e0 un personnage solitaire, reclus dans sa maison au plus profond de la for\u00eat : le loup. \n\n\n<\/p><\/div><\/div>\t\t\t\t<\/div>\n\t\t\t\t<\/div>\n\t\t\t\t<div class=\"elementor-element elementor-element-6293afd elementor-widget elementor-widget-button\" data-id=\"6293afd\" data-element_type=\"widget\" data-e-type=\"widget\" data-widget_type=\"button.default\">\n\t\t\t\t<div class=\"elementor-widget-container\">\n\t\t\t\t\t\t\t\t\t<div class=\"elementor-button-wrapper\">\n\t\t\t\t\t<a class=\"elementor-button elementor-button-link elementor-size-sm\" href=\"http:\/\/www.librairie-renaissance.fr\/9782970106890-coeur-de-bois-henri-meunier-regis-lejonc\/\">\n\t\t\t\t\t\t<span class=\"elementor-button-content-wrapper\">\n\t\t\t\t\t\t\t\t\t<span class=\"elementor-button-text\">En savoir +<\/span>\n\t\t\t\t\t<\/span>\n\t\t\t\t\t<\/a>\n\t\t\t\t<\/div>\n\t\t\t\t\t\t\t\t<\/div>\n\t\t\t\t<\/div>\n\t\t\t\t\t<\/div>\n\t\t<\/div>\n\t\t\t\t<div class=\"elementor-column elementor-col-16 elementor-top-column elementor-element elementor-element-0976c2d\" data-id=\"0976c2d\" data-element_type=\"column\" data-e-type=\"column\">\n\t\t\t<div class=\"elementor-widget-wrap elementor-element-populated\">\n\t\t\t\t\t\t<div class=\"elementor-element elementor-element-51cd227 elementor-position-top elementor-widget elementor-widget-image-box\" data-id=\"51cd227\" data-element_type=\"widget\" data-e-type=\"widget\" data-widget_type=\"image-box.default\">\n\t\t\t\t<div class=\"elementor-widget-container\">\n\t\t\t\t\t<div class=\"elementor-image-box-wrapper\"><figure class=\"elementor-image-box-img\"><a href=\"http:\/\/www.librairie-renaissance.fr\/9782355041372-dans-combien-de-temps-je-serai-grand-stephane-servant-sandra-poirot-cherif\/\" tabindex=\"-1\"><img loading=\"lazy\" decoding=\"async\" width=\"150\" height=\"150\" src=\"https:\/\/festival-livre-jeunesse.fr\/2021\/wp-content\/uploads\/2021\/01\/Serai-grand-150x150.jpg\" class=\"attachment-thumbnail size-thumbnail wp-image-7107\" alt=\"\" \/><\/a><\/figure><div class=\"elementor-image-box-content\"><h3 class=\"elementor-image-box-title\"><a href=\"http:\/\/www.librairie-renaissance.fr\/9782355041372-dans-combien-de-temps-je-serai-grand-stephane-servant-sandra-poirot-cherif\/\">Dans combien de temps je serai grand<\/a><\/h3><p class=\"elementor-image-box-description\">de <b>Stephane Servant et Sandra Poiroit<\/b><br>\nC'est une de ces questions toute b\u00eates qui jaillissent au bord du soir. Avec tendresse, le livre r\u00e9pond : \u00ab C'est pour tr\u00e8s bient\u00f4t ! \u00bb Juste le temps des exp\u00e9riences, des \u00e9preuves, des plaisirs qui jalonnent l'enfance. Attraper un ballon, retirer les petites roues, \u00eatre seul, apprendre \u00e0 lire, d\u00e9laisser son doudou. Une r\u00e9ponse ouverte, qu'on peut s'amuser \u00e0 compl\u00e9ter \u00e0 l'infini parce que, les \u00ab grands \u00bb le savent bien, on n'en finit pas de grandir !\n\n<\/p><\/div><\/div>\t\t\t\t<\/div>\n\t\t\t\t<\/div>\n\t\t\t\t<div class=\"elementor-element elementor-element-f57cd55 elementor-widget elementor-widget-button\" data-id=\"f57cd55\" data-element_type=\"widget\" data-e-type=\"widget\" data-widget_type=\"button.default\">\n\t\t\t\t<div class=\"elementor-widget-container\">\n\t\t\t\t\t\t\t\t\t<div class=\"elementor-button-wrapper\">\n\t\t\t\t\t<a class=\"elementor-button elementor-button-link elementor-size-sm\" href=\"http:\/\/www.librairie-renaissance.fr\/9782355041372-dans-combien-de-temps-je-serai-grand-stephane-servant-sandra-poirot-cherif\/\">\n\t\t\t\t\t\t<span class=\"elementor-button-content-wrapper\">\n\t\t\t\t\t\t\t\t\t<span class=\"elementor-button-text\">En savoir +<\/span>\n\t\t\t\t\t<\/span>\n\t\t\t\t\t<\/a>\n\t\t\t\t<\/div>\n\t\t\t\t\t\t\t\t<\/div>\n\t\t\t\t<\/div>\n\t\t\t\t\t<\/div>\n\t\t<\/div>\n\t\t\t\t<div class=\"elementor-column elementor-col-16 elementor-top-column elementor-element elementor-element-855a8e4\" data-id=\"855a8e4\" data-element_type=\"column\" data-e-type=\"column\">\n\t\t\t<div class=\"elementor-widget-wrap elementor-element-populated\">\n\t\t\t\t\t\t<div class=\"elementor-element elementor-element-1b87cad elementor-position-top elementor-widget elementor-widget-image-box\" data-id=\"1b87cad\" data-element_type=\"widget\" data-e-type=\"widget\" data-widget_type=\"image-box.default\">\n\t\t\t\t<div class=\"elementor-widget-container\">\n\t\t\t\t\t<div class=\"elementor-image-box-wrapper\"><figure class=\"elementor-image-box-img\"><a href=\"http:\/\/www.librairie-renaissance.fr\/9791023509267-grandir-pavel-roland-garrigue\/\" tabindex=\"-1\"><img loading=\"lazy\" decoding=\"async\" width=\"150\" height=\"150\" src=\"https:\/\/festival-livre-jeunesse.fr\/2021\/wp-content\/uploads\/2021\/01\/Grandir-150x150.jpg\" class=\"attachment-thumbnail size-thumbnail wp-image-7124\" alt=\"\" \/><\/a><\/figure><div class=\"elementor-image-box-content\"><h3 class=\"elementor-image-box-title\"><a href=\"http:\/\/www.librairie-renaissance.fr\/9791023509267-grandir-pavel-roland-garrigue\/\">Grandir<\/a><\/h3><p class=\"elementor-image-box-description\">de <b>St\u00e9phane Servanr<\/b><br>\nGr\u00e2ce \u00e0 un ing\u00e9nieux syst\u00e8me de feuilles d\u00e9pli\u00e9es, des dessins grandissent et se modifient sous nos yeux : une petite fus\u00e9e au sol se met \u00e0 d\u00e9coller, un minuscule g\u00e2teau devient soudain immense, les jambes des enfants poussent, une adorable chenille se transforme en papillon... Au fil des pages, le narrateur s'adresse \u00e0 l'enfant et lui raconte ce que c'est d'\u00eatre grand. Un livre \u00e0 syst\u00e8mes \u00e9bouriffant, plein d'humour et de surprises, pour aborder une question clef de l'enfance.\n\n<\/p><\/div><\/div>\t\t\t\t<\/div>\n\t\t\t\t<\/div>\n\t\t\t\t<div class=\"elementor-element elementor-element-298c0f6 elementor-widget elementor-widget-button\" data-id=\"298c0f6\" data-element_type=\"widget\" data-e-type=\"widget\" data-widget_type=\"button.default\">\n\t\t\t\t<div class=\"elementor-widget-container\">\n\t\t\t\t\t\t\t\t\t<div class=\"elementor-button-wrapper\">\n\t\t\t\t\t<a class=\"elementor-button elementor-button-link elementor-size-sm\" href=\"http:\/\/www.librairie-renaissance.fr\/9791023509267-grandir-pavel-roland-garrigue\/\">\n\t\t\t\t\t\t<span class=\"elementor-button-content-wrapper\">\n\t\t\t\t\t\t\t\t\t<span class=\"elementor-button-text\">En savoir +<\/span>\n\t\t\t\t\t<\/span>\n\t\t\t\t\t<\/a>\n\t\t\t\t<\/div>\n\t\t\t\t\t\t\t\t<\/div>\n\t\t\t\t<\/div>\n\t\t\t\t\t<\/div>\n\t\t<\/div>\n\t\t\t\t<div class=\"elementor-column elementor-col-16 elementor-top-column elementor-element elementor-element-e5c01da\" data-id=\"e5c01da\" data-element_type=\"column\" data-e-type=\"column\">\n\t\t\t<div class=\"elementor-widget-wrap elementor-element-populated\">\n\t\t\t\t\t\t<div class=\"elementor-element elementor-element-73a2c57 elementor-position-top elementor-widget elementor-widget-image-box\" data-id=\"73a2c57\" data-element_type=\"widget\" data-e-type=\"widget\" data-widget_type=\"image-box.default\">\n\t\t\t\t<div class=\"elementor-widget-container\">\n\t\t\t\t\t<div class=\"elementor-image-box-wrapper\"><figure class=\"elementor-image-box-img\"><a href=\"http:\/\/www.librairie-renaissance.fr\/9782366245110-le-jour-ou-on-a-trouve-bertule-emma-adbage\/\" tabindex=\"-1\"><img loading=\"lazy\" decoding=\"async\" width=\"150\" height=\"150\" src=\"https:\/\/festival-livre-jeunesse.fr\/2021\/wp-content\/uploads\/2021\/01\/Bertule-150x150.jpg\" class=\"attachment-thumbnail size-thumbnail wp-image-7137\" alt=\"\" \/><\/a><\/figure><div class=\"elementor-image-box-content\"><h3 class=\"elementor-image-box-title\"><a href=\"http:\/\/www.librairie-renaissance.fr\/9782366245110-le-jour-ou-on-a-trouve-bertule-emma-adbage\/\">Le jour o\u00f9 on a trouv\u00e9 Bertule<\/a><\/h3><p class=\"elementor-image-box-description\">de <b>Emma Adbage<\/b><br>\n\nApr\u00e8s  le succ\u00e8s de \u00ab Repaire \u00bb, un nouvel album enti\u00e8rement con\u00e7u par Emma Adbage. C'est l'\u00e9t\u00e9: une maman et ses deux enfants partent pour passer la journ\u00e9e \u00e0 la plage. Ils y vont pour nager, faire des p\u00e2t\u00e9s de sable, prendre leur go\u00fbter m\u00eame s'il est tomb\u00e9 dans le sable et qu'il croque... mais aussi pour d\u00e9couvrir toutes sortes d'animaux, crabes, col\u00e9opt\u00e8res et m\u00eame des h\u00e9rissons...\n\n\n<\/p><\/div><\/div>\t\t\t\t<\/div>\n\t\t\t\t<\/div>\n\t\t\t\t<div class=\"elementor-element elementor-element-de33c49 elementor-widget elementor-widget-button\" data-id=\"de33c49\" data-element_type=\"widget\" data-e-type=\"widget\" data-widget_type=\"button.default\">\n\t\t\t\t<div class=\"elementor-widget-container\">\n\t\t\t\t\t\t\t\t\t<div class=\"elementor-button-wrapper\">\n\t\t\t\t\t<a class=\"elementor-button elementor-button-link elementor-size-sm\" href=\"http:\/\/www.librairie-renaissance.fr\/9782366245110-le-jour-ou-on-a-trouve-bertule-emma-adbage\/\">\n\t\t\t\t\t\t<span class=\"elementor-button-content-wrapper\">\n\t\t\t\t\t\t\t\t\t<span class=\"elementor-button-text\">En savoir +<\/span>\n\t\t\t\t\t<\/span>\n\t\t\t\t\t<\/a>\n\t\t\t\t<\/div>\n\t\t\t\t\t\t\t\t<\/div>\n\t\t\t\t<\/div>\n\t\t\t\t\t<\/div>\n\t\t<\/div>\n\t\t\t\t<div class=\"elementor-column elementor-col-16 elementor-top-column elementor-element elementor-element-01d44d5\" data-id=\"01d44d5\" data-element_type=\"column\" data-e-type=\"column\">\n\t\t\t<div class=\"elementor-widget-wrap elementor-element-populated\">\n\t\t\t\t\t\t<div class=\"elementor-element elementor-element-f0a76c5 elementor-position-top elementor-widget elementor-widget-image-box\" data-id=\"f0a76c5\" data-element_type=\"widget\" data-e-type=\"widget\" data-widget_type=\"image-box.default\">\n\t\t\t\t<div class=\"elementor-widget-container\">\n\t\t\t\t\t<div class=\"elementor-image-box-wrapper\"><figure class=\"elementor-image-box-img\"><a href=\"http:\/\/www.librairie-renaissance.fr\/9782732490632-un-jour-guillaume-gueraud-sebastien-mourrain\/\" tabindex=\"-1\"><img loading=\"lazy\" decoding=\"async\" width=\"150\" height=\"150\" src=\"https:\/\/festival-livre-jeunesse.fr\/2021\/wp-content\/uploads\/2021\/01\/Un-jour-150x150.jpg\" class=\"attachment-thumbnail size-thumbnail wp-image-7147\" alt=\"\" \/><\/a><\/figure><div class=\"elementor-image-box-content\"><h3 class=\"elementor-image-box-title\"><a href=\"http:\/\/www.librairie-renaissance.fr\/9782732490632-un-jour-guillaume-gueraud-sebastien-mourrain\/\">Un jour\u2026<\/a><\/h3><p class=\"elementor-image-box-description\">de <b>Guillaume Gueraud et Sebastien Mourrain<\/b><br>\n\nJe m'en fiche d'\u00eatre puni. Un jour, mon p\u00e8re ne pourra plus me priver de dessert, m\u00eame quand je ferai des b\u00eatises. Parce que les desserts, c'est moi qui les cuisinerai, vu que je serai p\u00e2tissier trois \u00e9toiles. Et je m'en fiche que ma m\u00e8re me prive d'une histoire. Parce qu'un jour, je saurai lire tout seul. Je comprendrai m\u00eame des mots compliqu\u00e9s comme \u00ab m\u00e9tamorphose \u00bb et \u00ab fantasmagorie \u00bb.\n\n\n<\/p><\/div><\/div>\t\t\t\t<\/div>\n\t\t\t\t<\/div>\n\t\t\t\t<div class=\"elementor-element elementor-element-926584c elementor-widget elementor-widget-button\" data-id=\"926584c\" data-element_type=\"widget\" data-e-type=\"widget\" data-widget_type=\"button.default\">\n\t\t\t\t<div class=\"elementor-widget-container\">\n\t\t\t\t\t\t\t\t\t<div class=\"elementor-button-wrapper\">\n\t\t\t\t\t<a class=\"elementor-button elementor-button-link elementor-size-sm\" href=\"http:\/\/www.librairie-renaissance.fr\/9782732490632-un-jour-guillaume-gueraud-sebastien-mourrain\/\">\n\t\t\t\t\t\t<span class=\"elementor-button-content-wrapper\">\n\t\t\t\t\t\t\t\t\t<span class=\"elementor-button-text\">En savoir +<\/span>\n\t\t\t\t\t<\/span>\n\t\t\t\t\t<\/a>\n\t\t\t\t<\/div>\n\t\t\t\t\t\t\t\t<\/div>\n\t\t\t\t<\/div>\n\t\t\t\t\t<\/div>\n\t\t<\/div>\n\t\t\t\t\t<\/div>\n\t\t<\/section>\n\t\t\t\t<section class=\"elementor-section elementor-top-section elementor-element elementor-element-d118d6f elementor-section-boxed elementor-section-height-default elementor-section-height-default\" data-id=\"d118d6f\" data-element_type=\"section\" data-e-type=\"section\">\n\t\t\t\t\t\t<div class=\"elementor-container elementor-column-gap-default\">\n\t\t\t\t\t<div class=\"elementor-column elementor-col-16 elementor-top-column elementor-element elementor-element-0d5a96a\" data-id=\"0d5a96a\" data-element_type=\"column\" data-e-type=\"column\">\n\t\t\t<div class=\"elementor-widget-wrap elementor-element-populated\">\n\t\t\t\t\t\t<div class=\"elementor-element elementor-element-b7c8e6d elementor-position-top elementor-widget elementor-widget-image-box\" data-id=\"b7c8e6d\" data-element_type=\"widget\" data-e-type=\"widget\" data-widget_type=\"image-box.default\">\n\t\t\t\t<div class=\"elementor-widget-container\">\n\t\t\t\t\t<div class=\"elementor-image-box-wrapper\"><figure class=\"elementor-image-box-img\"><a href=\"http:\/\/www.librairie-renaissance.fr\/9782369021094-une-maman-c-est-comme-une-maison-aurore-petit\/\" tabindex=\"-1\"><img loading=\"lazy\" decoding=\"async\" width=\"150\" height=\"150\" src=\"https:\/\/festival-livre-jeunesse.fr\/2021\/wp-content\/uploads\/2021\/01\/Maman-maison-150x150.jpg\" class=\"attachment-thumbnail size-thumbnail wp-image-7172\" alt=\"\" \/><\/a><\/figure><div class=\"elementor-image-box-content\"><h3 class=\"elementor-image-box-title\"><a href=\"http:\/\/www.librairie-renaissance.fr\/9782369021094-une-maman-c-est-comme-une-maison-aurore-petit\/\">Une maman c\u2019est comme une maison<\/a><\/h3><p class=\"elementor-image-box-description\">de <b>Aurore Petit<\/b><br>\n\n\nUne maman, c'est comme un nid, une maman, c'est comme un v\u00e9hicule, une maman c'est comme une fontaine... A la mani\u00e8re d'une comptine, ces phrases courtes accompagnent chaque \u00e9tape du quotidien d'un b\u00e9b\u00e9. Au fil des pages l'enfant grandit et passe par diff\u00e9rents apprentissages. Le lecteur suit l'enfant au fil de ces petits pas qui sont de grandes \u00e9tapes pour lui. La maman qui \u00e9tait un nid, un refuge pour le nouveau-n\u00e9 devient une route, une histoire ou un spectacle pour l'enfant qui joue. \n\n\n<\/p><\/div><\/div>\t\t\t\t<\/div>\n\t\t\t\t<\/div>\n\t\t\t\t<div class=\"elementor-element elementor-element-91b8d85 elementor-widget elementor-widget-button\" data-id=\"91b8d85\" data-element_type=\"widget\" data-e-type=\"widget\" data-widget_type=\"button.default\">\n\t\t\t\t<div class=\"elementor-widget-container\">\n\t\t\t\t\t\t\t\t\t<div class=\"elementor-button-wrapper\">\n\t\t\t\t\t<a class=\"elementor-button elementor-button-link elementor-size-sm\" href=\"http:\/\/www.librairie-renaissance.fr\/9782369021094-une-maman-c-est-comme-une-maison-aurore-petit\/\">\n\t\t\t\t\t\t<span class=\"elementor-button-content-wrapper\">\n\t\t\t\t\t\t\t\t\t<span class=\"elementor-button-text\">En savoir +<\/span>\n\t\t\t\t\t<\/span>\n\t\t\t\t\t<\/a>\n\t\t\t\t<\/div>\n\t\t\t\t\t\t\t\t<\/div>\n\t\t\t\t<\/div>\n\t\t\t\t\t<\/div>\n\t\t<\/div>\n\t\t\t\t<div class=\"elementor-column elementor-col-16 elementor-top-column elementor-element elementor-element-3d426c3\" data-id=\"3d426c3\" data-element_type=\"column\" data-e-type=\"column\">\n\t\t\t<div class=\"elementor-widget-wrap elementor-element-populated\">\n\t\t\t\t\t\t<div class=\"elementor-element elementor-element-57a21ff elementor-position-top elementor-widget elementor-widget-image-box\" data-id=\"57a21ff\" data-element_type=\"widget\" data-e-type=\"widget\" data-widget_type=\"image-box.default\">\n\t\t\t\t<div class=\"elementor-widget-container\">\n\t\t\t\t\t<div class=\"elementor-image-box-wrapper\"><figure class=\"elementor-image-box-img\"><a href=\"http:\/\/www.librairie-renaissance.fr\/9782848650647-moi-j-attends-davide-cali-serge-bloch\/\" tabindex=\"-1\"><img loading=\"lazy\" decoding=\"async\" width=\"150\" height=\"60\" src=\"https:\/\/festival-livre-jeunesse.fr\/2021\/wp-content\/uploads\/2021\/01\/Attends.jpg\" class=\"attachment-full size-full wp-image-7185\" alt=\"\" \/><\/a><\/figure><div class=\"elementor-image-box-content\"><h3 class=\"elementor-image-box-title\"><a href=\"http:\/\/www.librairie-renaissance.fr\/9782848650647-moi-j-attends-davide-cali-serge-bloch\/\">Moi j\u2019attends<\/a><\/h3><p class=\"elementor-image-box-description\">de <b>Davide Cali et Serge Bloch<\/b><br>\n\n<br>\nEn reprenant les petits et grands moments de la vie d'un homme, cet album parle du temps qui s'\u00e9gr\u00e8ne lentement et montre que chacun attend quelque chose : la venue du printemps, la fin de la guerre, un bisou avant de dormir, etc.\n\n\n\n\n<\/p><\/div><\/div>\t\t\t\t<\/div>\n\t\t\t\t<\/div>\n\t\t\t\t<div class=\"elementor-element elementor-element-432f105 elementor-widget elementor-widget-button\" data-id=\"432f105\" data-element_type=\"widget\" data-e-type=\"widget\" data-widget_type=\"button.default\">\n\t\t\t\t<div class=\"elementor-widget-container\">\n\t\t\t\t\t\t\t\t\t<div class=\"elementor-button-wrapper\">\n\t\t\t\t\t<a class=\"elementor-button elementor-button-link elementor-size-sm\" href=\"http:\/\/www.librairie-renaissance.fr\/9782848650647-moi-j-attends-davide-cali-serge-bloch\/\">\n\t\t\t\t\t\t<span class=\"elementor-button-content-wrapper\">\n\t\t\t\t\t\t\t\t\t<span class=\"elementor-button-text\">En savoir +<\/span>\n\t\t\t\t\t<\/span>\n\t\t\t\t\t<\/a>\n\t\t\t\t<\/div>\n\t\t\t\t\t\t\t\t<\/div>\n\t\t\t\t<\/div>\n\t\t\t\t\t<\/div>\n\t\t<\/div>\n\t\t\t\t<div class=\"elementor-column elementor-col-16 elementor-top-column elementor-element elementor-element-0dda303\" data-id=\"0dda303\" data-element_type=\"column\" data-e-type=\"column\">\n\t\t\t<div class=\"elementor-widget-wrap elementor-element-populated\">\n\t\t\t\t\t\t<div class=\"elementor-element elementor-element-42a1e41 elementor-position-top elementor-widget elementor-widget-image-box\" data-id=\"42a1e41\" data-element_type=\"widget\" data-e-type=\"widget\" data-widget_type=\"image-box.default\">\n\t\t\t\t<div class=\"elementor-widget-container\">\n\t\t\t\t\t<div class=\"elementor-image-box-wrapper\"><figure class=\"elementor-image-box-img\"><a href=\"http:\/\/www.librairie-renaissance.fr\/9782075148573-mon-corps-qui-change-50-conseils-pour-apprendre-a-s-aimer-marawa-ibrahim-sinem-erkas\/\" tabindex=\"-1\"><img loading=\"lazy\" decoding=\"async\" width=\"150\" height=\"150\" src=\"https:\/\/festival-livre-jeunesse.fr\/2021\/wp-content\/uploads\/2021\/01\/Corps-change-150x150.jpg\" class=\"attachment-thumbnail size-thumbnail wp-image-7198\" alt=\"\" \/><\/a><\/figure><div class=\"elementor-image-box-content\"><h3 class=\"elementor-image-box-title\"><a href=\"http:\/\/www.librairie-renaissance.fr\/9782075148573-mon-corps-qui-change-50-conseils-pour-apprendre-a-s-aimer-marawa-ibrahim-sinem-erkas\/\">Mon corps change<\/a><\/h3><p class=\"elementor-image-box-description\">50 conseils pour apprendre \u00e0 s'aimer<br>de <b>Marawa Ibrahim et Sinem Erkas<\/b><br>\n\nUn guide pop et chaleureux, indispensable pour bien vivre sa pubert\u00e9. Sans tabou mais avec d\u00e9licatesse et humour, ce livre r\u00e9pond \u00e0 toutes les questions, m\u00eame les plus intimes, qui se posent \u00e0 la pubert\u00e9, afin de permettre aux filles de s'affranchir des normes et de s'aimer telles qu'elles sont. \n\n\n\n<\/p><\/div><\/div>\t\t\t\t<\/div>\n\t\t\t\t<\/div>\n\t\t\t\t<div class=\"elementor-element elementor-element-474ab81 elementor-widget elementor-widget-button\" data-id=\"474ab81\" data-element_type=\"widget\" data-e-type=\"widget\" data-widget_type=\"button.default\">\n\t\t\t\t<div class=\"elementor-widget-container\">\n\t\t\t\t\t\t\t\t\t<div class=\"elementor-button-wrapper\">\n\t\t\t\t\t<a class=\"elementor-button elementor-button-link elementor-size-sm\" href=\"http:\/\/www.librairie-renaissance.fr\/9782075148573-mon-corps-qui-change-50-conseils-pour-apprendre-a-s-aimer-marawa-ibrahim-sinem-erkas\/\">\n\t\t\t\t\t\t<span class=\"elementor-button-content-wrapper\">\n\t\t\t\t\t\t\t\t\t<span class=\"elementor-button-text\">En savoir +<\/span>\n\t\t\t\t\t<\/span>\n\t\t\t\t\t<\/a>\n\t\t\t\t<\/div>\n\t\t\t\t\t\t\t\t<\/div>\n\t\t\t\t<\/div>\n\t\t\t\t\t<\/div>\n\t\t<\/div>\n\t\t\t\t<div class=\"elementor-column elementor-col-16 elementor-top-column elementor-element elementor-element-2fcb5a5\" data-id=\"2fcb5a5\" data-element_type=\"column\" data-e-type=\"column\">\n\t\t\t<div class=\"elementor-widget-wrap elementor-element-populated\">\n\t\t\t\t\t\t<div class=\"elementor-element elementor-element-bad0b1a elementor-position-top elementor-widget elementor-widget-image-box\" data-id=\"bad0b1a\" data-element_type=\"widget\" data-e-type=\"widget\" data-widget_type=\"image-box.default\">\n\t\t\t\t<div class=\"elementor-widget-container\">\n\t\t\t\t\t<div class=\"elementor-image-box-wrapper\"><figure class=\"elementor-image-box-img\"><a href=\"http:\/\/www.librairie-renaissance.fr\/9782226195661-pomelo-grandit-ramona-badescu-benjamin-chaud\/\" tabindex=\"-1\"><img loading=\"lazy\" decoding=\"async\" width=\"150\" height=\"150\" src=\"https:\/\/festival-livre-jeunesse.fr\/2021\/wp-content\/uploads\/2021\/01\/Pomelo-150x150.jpg\" class=\"attachment-thumbnail size-thumbnail wp-image-7211\" alt=\"\" \/><\/a><\/figure><div class=\"elementor-image-box-content\"><h3 class=\"elementor-image-box-title\"><a href=\"http:\/\/www.librairie-renaissance.fr\/9782226195661-pomelo-grandit-ramona-badescu-benjamin-chaud\/\">Pomelo grandit<\/a><\/h3><p class=\"elementor-image-box-description\">de <b>Ramona Radescu et Benjamin Chaud<\/b><br>\nSur son chemin du matin, Pomelo croise un pissenlit \u00e9tonnamment petit \u00c7a alors ! Pomelo a grandi ! Du coup, il voudrait bien faire quelque chose de grand, plus grand que tout ce qu'il a fait jusqu'ici. Mais Ne faut-il pas \u00eatre moyen avant d'\u00eatre grand ? Et puis d'abord, grandira-t-il uniform\u00e9ment ? Deviendra-t-il tout gris ? Aimera-t-il des choses qu'il n'aimait pas avant ? Devra-t-il faire des choix et de nouvelles exp\u00e9riences ? \n\n\n\n<\/p><\/div><\/div>\t\t\t\t<\/div>\n\t\t\t\t<\/div>\n\t\t\t\t<div class=\"elementor-element elementor-element-dfed409 elementor-widget elementor-widget-button\" data-id=\"dfed409\" data-element_type=\"widget\" data-e-type=\"widget\" data-widget_type=\"button.default\">\n\t\t\t\t<div class=\"elementor-widget-container\">\n\t\t\t\t\t\t\t\t\t<div class=\"elementor-button-wrapper\">\n\t\t\t\t\t<a class=\"elementor-button elementor-button-link elementor-size-sm\" href=\"http:\/\/www.librairie-renaissance.fr\/9782226195661-pomelo-grandit-ramona-badescu-benjamin-chaud\/\">\n\t\t\t\t\t\t<span class=\"elementor-button-content-wrapper\">\n\t\t\t\t\t\t\t\t\t<span class=\"elementor-button-text\">En savoir +<\/span>\n\t\t\t\t\t<\/span>\n\t\t\t\t\t<\/a>\n\t\t\t\t<\/div>\n\t\t\t\t\t\t\t\t<\/div>\n\t\t\t\t<\/div>\n\t\t\t\t\t<\/div>\n\t\t<\/div>\n\t\t\t\t<div class=\"elementor-column elementor-col-16 elementor-top-column elementor-element elementor-element-9c02cbf\" data-id=\"9c02cbf\" data-element_type=\"column\" data-e-type=\"column\">\n\t\t\t<div class=\"elementor-widget-wrap\">\n\t\t\t\t\t\t\t<\/div>\n\t\t<\/div>\n\t\t\t\t<div class=\"elementor-column elementor-col-16 elementor-top-column elementor-element elementor-element-37a2958\" data-id=\"37a2958\" data-element_type=\"column\" data-e-type=\"column\">\n\t\t\t<div class=\"elementor-widget-wrap\">\n\t\t\t\t\t\t\t<\/div>\n\t\t<\/div>\n\t\t\t\t\t<\/div>\n\t\t<\/section>\n\t\t\t\t<section class=\"elementor-section elementor-top-section elementor-element elementor-element-e73d72f elementor-section-boxed elementor-section-height-default elementor-section-height-default\" data-id=\"e73d72f\" data-element_type=\"section\" data-e-type=\"section\">\n\t\t\t\t\t\t<div class=\"elementor-container elementor-column-gap-default\">\n\t\t\t\t\t<div class=\"elementor-column elementor-col-100 elementor-top-column elementor-element elementor-element-f94aeec\" data-id=\"f94aeec\" data-element_type=\"column\" data-e-type=\"column\">\n\t\t\t<div class=\"elementor-widget-wrap elementor-element-populated\">\n\t\t\t\t\t\t<div class=\"elementor-element elementor-element-932f031 elementor-widget elementor-widget-spacer\" data-id=\"932f031\" data-element_type=\"widget\" data-e-type=\"widget\" data-widget_type=\"spacer.default\">\n\t\t\t\t<div class=\"elementor-widget-container\">\n\t\t\t\t\t\t\t<div class=\"elementor-spacer\">\n\t\t\t<div class=\"elementor-spacer-inner\"><\/div>\n\t\t<\/div>\n\t\t\t\t\t\t<\/div>\n\t\t\t\t<\/div>\n\t\t\t\t\t<\/div>\n\t\t<\/div>\n\t\t\t\t\t<\/div>\n\t\t<\/section>\n\t\t\t\t<\/div>\n\t\t","protected":false},"excerpt":{"rendered":"<p>grandir 16 nuances de premi\u00e8res fois de Manu Causse et S\u00e9verine Vidal On se dit que la premi\u00e8re fois \u00e7a va \u00eatre G\u00c9NIAL. Et puis en fait c&rsquo;est juste CHELOU. \u00c7a fait parfois peur. Et puis en fait c&rsquo;est&#8230; Flippant, beau,OMG !!!, Hott !!!, Sublime. Sinon on peut toujours s&rsquo;y reprendre \u00e0 plusieurs fois. En &hellip;<\/p>\n<p class=\"read-more\"> <a class=\"\" href=\"https:\/\/festival-livre-jeunesse.fr\/2021\/grandir\/\"> <span class=\"screen-reader-text\">Grandir<\/span> Lire la suite\u00a0\u00bb<\/a><\/p>\n","protected":false},"author":1,"featured_media":0,"parent":0,"menu_order":0,"comment_status":"closed","ping_status":"closed","template":"","meta":{"_uag_custom_page_level_css":"","footnotes":""},"class_list":["post-6967","page","type-page","status-publish","hentry"],"yoast_head":"<!-- This site is optimized with the Yoast SEO plugin v25.3.1 - https:\/\/yoast.com\/wordpress\/plugins\/seo\/ -->\n<title>Grandir - Festival du Livre de Jeunesse Occitanie<\/title>\n<meta name=\"robots\" content=\"index, follow, max-snippet:-1, max-image-preview:large, max-video-preview:-1\" \/>\n<link rel=\"canonical\" href=\"https:\/\/festival-livre-jeunesse.fr\/2021\/grandir\/\" \/>\n<meta property=\"og:locale\" content=\"fr_FR\" \/>\n<meta property=\"og:type\" content=\"article\" \/>\n<meta property=\"og:title\" content=\"Grandir - Festival du Livre de Jeunesse Occitanie\" \/>\n<meta property=\"og:description\" content=\"grandir 16 nuances de premi\u00e8res fois de Manu Causse et S\u00e9verine Vidal On se dit que la premi\u00e8re fois \u00e7a va \u00eatre G\u00c9NIAL. Et puis en fait c&rsquo;est juste CHELOU. \u00c7a fait parfois peur. Et puis en fait c&rsquo;est&#8230; Flippant, beau,OMG !!!, Hott !!!, Sublime. Sinon on peut toujours s&rsquo;y reprendre \u00e0 plusieurs fois. En &hellip; Grandir Lire la suite\u00a0\u00bb\" \/>\n<meta property=\"og:url\" content=\"https:\/\/festival-livre-jeunesse.fr\/2021\/grandir\/\" \/>\n<meta property=\"og:site_name\" content=\"Festival du Livre de Jeunesse Occitanie\" \/>\n<meta property=\"article:modified_time\" content=\"2021-01-22T19:28:07+00:00\" \/>\n<meta property=\"og:image\" content=\"http:\/\/festival-livre-jeunesse.fr\/2021\/wp-content\/uploads\/2021\/01\/Nuances-150x150.jpg\" \/>\n<meta name=\"twitter:card\" content=\"summary_large_image\" \/>\n<meta name=\"twitter:label1\" content=\"Dur\u00e9e de lecture estim\u00e9e\" \/>\n\t<meta name=\"twitter:data1\" content=\"6 minutes\" \/>\n<script type=\"application\/ld+json\" class=\"yoast-schema-graph\">{\"@context\":\"https:\/\/schema.org\",\"@graph\":[{\"@type\":\"WebPage\",\"@id\":\"https:\/\/festival-livre-jeunesse.fr\/2021\/grandir\/\",\"url\":\"https:\/\/festival-livre-jeunesse.fr\/2021\/grandir\/\",\"name\":\"Grandir - Festival du Livre de Jeunesse Occitanie\",\"isPartOf\":{\"@id\":\"https:\/\/festival-livre-jeunesse.fr\/2021\/#website\"},\"primaryImageOfPage\":{\"@id\":\"https:\/\/festival-livre-jeunesse.fr\/2021\/grandir\/#primaryimage\"},\"image\":{\"@id\":\"https:\/\/festival-livre-jeunesse.fr\/2021\/grandir\/#primaryimage\"},\"thumbnailUrl\":\"http:\/\/festival-livre-jeunesse.fr\/2021\/wp-content\/uploads\/2021\/01\/Nuances-150x150.jpg\",\"datePublished\":\"2021-01-21T19:58:28+00:00\",\"dateModified\":\"2021-01-22T19:28:07+00:00\",\"breadcrumb\":{\"@id\":\"https:\/\/festival-livre-jeunesse.fr\/2021\/grandir\/#breadcrumb\"},\"inLanguage\":\"fr-FR\",\"potentialAction\":[{\"@type\":\"ReadAction\",\"target\":[\"https:\/\/festival-livre-jeunesse.fr\/2021\/grandir\/\"]}]},{\"@type\":\"ImageObject\",\"inLanguage\":\"fr-FR\",\"@id\":\"https:\/\/festival-livre-jeunesse.fr\/2021\/grandir\/#primaryimage\",\"url\":\"http:\/\/festival-livre-jeunesse.fr\/2021\/wp-content\/uploads\/2021\/01\/Nuances-150x150.jpg\",\"contentUrl\":\"http:\/\/festival-livre-jeunesse.fr\/2021\/wp-content\/uploads\/2021\/01\/Nuances-150x150.jpg\"},{\"@type\":\"BreadcrumbList\",\"@id\":\"https:\/\/festival-livre-jeunesse.fr\/2021\/grandir\/#breadcrumb\",\"itemListElement\":[{\"@type\":\"ListItem\",\"position\":1,\"name\":\"Accueil\",\"item\":\"https:\/\/festival-livre-jeunesse.fr\/2021\/\"},{\"@type\":\"ListItem\",\"position\":2,\"name\":\"Grandir\"}]},{\"@type\":\"WebSite\",\"@id\":\"https:\/\/festival-livre-jeunesse.fr\/2021\/#website\",\"url\":\"https:\/\/festival-livre-jeunesse.fr\/2021\/\",\"name\":\"Festival du Livre de Jeunesse Occitanie\",\"description\":\"19\u00e8me \u00e9dition\",\"potentialAction\":[{\"@type\":\"SearchAction\",\"target\":{\"@type\":\"EntryPoint\",\"urlTemplate\":\"https:\/\/festival-livre-jeunesse.fr\/2021\/?s={search_term_string}\"},\"query-input\":{\"@type\":\"PropertyValueSpecification\",\"valueRequired\":true,\"valueName\":\"search_term_string\"}}],\"inLanguage\":\"fr-FR\"}]}<\/script>\n<!-- \/ Yoast SEO plugin. -->","yoast_head_json":{"title":"Grandir - Festival du Livre de Jeunesse Occitanie","robots":{"index":"index","follow":"follow","max-snippet":"max-snippet:-1","max-image-preview":"max-image-preview:large","max-video-preview":"max-video-preview:-1"},"canonical":"https:\/\/festival-livre-jeunesse.fr\/2021\/grandir\/","og_locale":"fr_FR","og_type":"article","og_title":"Grandir - Festival du Livre de Jeunesse Occitanie","og_description":"grandir 16 nuances de premi\u00e8res fois de Manu Causse et S\u00e9verine Vidal On se dit que la premi\u00e8re fois \u00e7a va \u00eatre G\u00c9NIAL. Et puis en fait c&rsquo;est juste CHELOU. \u00c7a fait parfois peur. Et puis en fait c&rsquo;est&#8230; Flippant, beau,OMG !!!, Hott !!!, Sublime. Sinon on peut toujours s&rsquo;y reprendre \u00e0 plusieurs fois. En &hellip; Grandir Lire la suite\u00a0\u00bb","og_url":"https:\/\/festival-livre-jeunesse.fr\/2021\/grandir\/","og_site_name":"Festival du Livre de Jeunesse Occitanie","article_modified_time":"2021-01-22T19:28:07+00:00","og_image":[{"url":"http:\/\/festival-livre-jeunesse.fr\/2021\/wp-content\/uploads\/2021\/01\/Nuances-150x150.jpg","type":"","width":"","height":""}],"twitter_card":"summary_large_image","twitter_misc":{"Dur\u00e9e de lecture estim\u00e9e":"6 minutes"},"schema":{"@context":"https:\/\/schema.org","@graph":[{"@type":"WebPage","@id":"https:\/\/festival-livre-jeunesse.fr\/2021\/grandir\/","url":"https:\/\/festival-livre-jeunesse.fr\/2021\/grandir\/","name":"Grandir - Festival du Livre de Jeunesse Occitanie","isPartOf":{"@id":"https:\/\/festival-livre-jeunesse.fr\/2021\/#website"},"primaryImageOfPage":{"@id":"https:\/\/festival-livre-jeunesse.fr\/2021\/grandir\/#primaryimage"},"image":{"@id":"https:\/\/festival-livre-jeunesse.fr\/2021\/grandir\/#primaryimage"},"thumbnailUrl":"http:\/\/festival-livre-jeunesse.fr\/2021\/wp-content\/uploads\/2021\/01\/Nuances-150x150.jpg","datePublished":"2021-01-21T19:58:28+00:00","dateModified":"2021-01-22T19:28:07+00:00","breadcrumb":{"@id":"https:\/\/festival-livre-jeunesse.fr\/2021\/grandir\/#breadcrumb"},"inLanguage":"fr-FR","potentialAction":[{"@type":"ReadAction","target":["https:\/\/festival-livre-jeunesse.fr\/2021\/grandir\/"]}]},{"@type":"ImageObject","inLanguage":"fr-FR","@id":"https:\/\/festival-livre-jeunesse.fr\/2021\/grandir\/#primaryimage","url":"http:\/\/festival-livre-jeunesse.fr\/2021\/wp-content\/uploads\/2021\/01\/Nuances-150x150.jpg","contentUrl":"http:\/\/festival-livre-jeunesse.fr\/2021\/wp-content\/uploads\/2021\/01\/Nuances-150x150.jpg"},{"@type":"BreadcrumbList","@id":"https:\/\/festival-livre-jeunesse.fr\/2021\/grandir\/#breadcrumb","itemListElement":[{"@type":"ListItem","position":1,"name":"Accueil","item":"https:\/\/festival-livre-jeunesse.fr\/2021\/"},{"@type":"ListItem","position":2,"name":"Grandir"}]},{"@type":"WebSite","@id":"https:\/\/festival-livre-jeunesse.fr\/2021\/#website","url":"https:\/\/festival-livre-jeunesse.fr\/2021\/","name":"Festival du Livre de Jeunesse Occitanie","description":"19\u00e8me \u00e9dition","potentialAction":[{"@type":"SearchAction","target":{"@type":"EntryPoint","urlTemplate":"https:\/\/festival-livre-jeunesse.fr\/2021\/?s={search_term_string}"},"query-input":{"@type":"PropertyValueSpecification","valueRequired":true,"valueName":"search_term_string"}}],"inLanguage":"fr-FR"}]}},"uagb_featured_image_src":{"full":false,"thumbnail":false,"medium":false,"medium_large":false,"large":false,"1536x1536":false,"2048x2048":false},"uagb_author_info":{"display_name":"festival","author_link":"https:\/\/festival-livre-jeunesse.fr\/2021\/author\/festival\/"},"uagb_comment_info":0,"uagb_excerpt":"grandir 16 nuances de premi\u00e8res fois de Manu Causse et S\u00e9verine Vidal On se dit que la premi\u00e8re fois \u00e7a va \u00eatre G\u00c9NIAL. Et puis en fait c&rsquo;est juste CHELOU. \u00c7a fait parfois peur. Et puis en fait c&rsquo;est&#8230; Flippant, beau,OMG !!!, Hott !!!, Sublime. Sinon on peut toujours s&rsquo;y reprendre \u00e0 plusieurs fois. En\u2026","_links":{"self":[{"href":"https:\/\/festival-livre-jeunesse.fr\/2021\/wp-json\/wp\/v2\/pages\/6967","targetHints":{"allow":["GET"]}}],"collection":[{"href":"https:\/\/festival-livre-jeunesse.fr\/2021\/wp-json\/wp\/v2\/pages"}],"about":[{"href":"https:\/\/festival-livre-jeunesse.fr\/2021\/wp-json\/wp\/v2\/types\/page"}],"author":[{"embeddable":true,"href":"https:\/\/festival-livre-jeunesse.fr\/2021\/wp-json\/wp\/v2\/users\/1"}],"replies":[{"embeddable":true,"href":"https:\/\/festival-livre-jeunesse.fr\/2021\/wp-json\/wp\/v2\/comments?post=6967"}],"version-history":[{"count":232,"href":"https:\/\/festival-livre-jeunesse.fr\/2021\/wp-json\/wp\/v2\/pages\/6967\/revisions"}],"predecessor-version":[{"id":7217,"href":"https:\/\/festival-livre-jeunesse.fr\/2021\/wp-json\/wp\/v2\/pages\/6967\/revisions\/7217"}],"wp:attachment":[{"href":"https:\/\/festival-livre-jeunesse.fr\/2021\/wp-json\/wp\/v2\/media?parent=6967"}],"curies":[{"name":"wp","href":"https:\/\/api.w.org\/{rel}","templated":true}]}}