{"id":7890,"date":"2021-01-23T20:24:51","date_gmt":"2021-01-23T19:24:51","guid":{"rendered":"https:\/\/festival-livre-jeunesse.fr\/2021\/?page_id=7890"},"modified":"2021-01-25T13:04:53","modified_gmt":"2021-01-25T12:04:53","slug":"prendre-le-temps","status":"publish","type":"page","link":"https:\/\/festival-livre-jeunesse.fr\/2021\/prendre-le-temps\/","title":{"rendered":"Prendre le temps"},"content":{"rendered":"\t\t<div data-elementor-type=\"wp-page\" data-elementor-id=\"7890\" class=\"elementor elementor-7890\">\n\t\t\t\t\t\t<section class=\"elementor-section elementor-top-section elementor-element elementor-element-9ff4551 elementor-section-boxed elementor-section-height-default elementor-section-height-default\" data-id=\"9ff4551\" data-element_type=\"section\" data-e-type=\"section\">\n\t\t\t\t\t\t<div class=\"elementor-container elementor-column-gap-default\">\n\t\t\t\t\t<div class=\"elementor-column elementor-col-100 elementor-top-column elementor-element elementor-element-274bac7\" data-id=\"274bac7\" data-element_type=\"column\" data-e-type=\"column\">\n\t\t\t<div class=\"elementor-widget-wrap elementor-element-populated\">\n\t\t\t\t\t\t<div class=\"elementor-element elementor-element-f3305d1 elementor-widget elementor-widget-heading\" data-id=\"f3305d1\" data-element_type=\"widget\" data-e-type=\"widget\" data-widget_type=\"heading.default\">\n\t\t\t\t<div class=\"elementor-widget-container\">\n\t\t\t\t\t<h2 class=\"elementor-heading-title elementor-size-default\">Prendre le temps<\/h2>\t\t\t\t<\/div>\n\t\t\t\t<\/div>\n\t\t\t\t\t<\/div>\n\t\t<\/div>\n\t\t\t\t\t<\/div>\n\t\t<\/section>\n\t\t\t\t<section class=\"elementor-section elementor-top-section elementor-element elementor-element-65446a9 elementor-section-boxed elementor-section-height-default elementor-section-height-default\" data-id=\"65446a9\" data-element_type=\"section\" data-e-type=\"section\">\n\t\t\t\t\t\t<div class=\"elementor-container elementor-column-gap-default\">\n\t\t\t\t\t<div class=\"elementor-column elementor-col-16 elementor-top-column elementor-element elementor-element-52d68ff\" data-id=\"52d68ff\" data-element_type=\"column\" data-e-type=\"column\">\n\t\t\t<div class=\"elementor-widget-wrap elementor-element-populated\">\n\t\t\t\t\t\t<div class=\"elementor-element elementor-element-ab98153 elementor-position-top elementor-widget elementor-widget-image-box\" data-id=\"ab98153\" data-element_type=\"widget\" data-e-type=\"widget\" data-widget_type=\"image-box.default\">\n\t\t\t\t<div class=\"elementor-widget-container\">\n\t\t\t\t\t<div class=\"elementor-image-box-wrapper\"><figure class=\"elementor-image-box-img\"><a href=\"http:\/\/www.librairie-renaissance.fr\/9782812615955-un-temps-henri-meunier-aurore-petit\/\" tabindex=\"-1\"><img decoding=\"async\" src=\"https:\/\/festival-livre-jeunesse.fr\/2021\/wp-content\/uploads\/elementor\/thumbs\/9782812615955-0-4876342-p1vr0oe31dlrc25xgw3pdygkq9v7tsl0n9zddw2hu2.jpg\" title=\"9782812615955, 0-4876342\" alt=\"9782812615955, 0-4876342\" loading=\"lazy\" \/><\/a><\/figure><div class=\"elementor-image-box-content\"><h3 class=\"elementor-image-box-title\"><a href=\"http:\/\/www.librairie-renaissance.fr\/9782812615955-un-temps-henri-meunier-aurore-petit\/\">1 temps<\/a><\/h3><p class=\"elementor-image-box-description\">de <b>Henri Meunier et Aurore Petit<\/b><br>\nTemps avec un \"s\" pluriel \u00e0 la fin, comme si le temps \u00e9tait multiple. Henri Meunier prend le mot au pied de la lettre pour donner, avec une seule image qui se construit au fil du livre, au temps mille facettes, mille mani\u00e8res de l'appr\u00e9cier. Ainsi, le caillou qu'un enfant laisse tomber au d\u00e9but de \"l'histoire\", finira par faire plouf \u00e0 la fin, c'est le temps d'une lecture. L'image d'Aurore Petit \u00e9volue autour de cet enfant assis sur un ponton qui vit son temps singuli\u00e8rement, indiff\u00e9rent au paysage en arri\u00e8re-plan o\u00f9 se jouent des histoires aux temps diff\u00e9rents... micro \u00e9v\u00e9nements ou pages d'histoire. L'image invite le lecteur \u00e0 suivre des parcours, des \u00e9volutions, des trajectoires, des constructions, avec la possibilit\u00e9 de revenir en arri\u00e8re pour comprendre tous les chemins emprunt\u00e9s par ce temps.\n\n\n\n\n\n\n<\/p><\/div><\/div>\t\t\t\t<\/div>\n\t\t\t\t<\/div>\n\t\t\t\t<div class=\"elementor-element elementor-element-6641bb3 elementor-widget elementor-widget-button\" data-id=\"6641bb3\" data-element_type=\"widget\" data-e-type=\"widget\" data-widget_type=\"button.default\">\n\t\t\t\t<div class=\"elementor-widget-container\">\n\t\t\t\t\t\t\t\t\t<div class=\"elementor-button-wrapper\">\n\t\t\t\t\t<a class=\"elementor-button elementor-button-link elementor-size-sm\" href=\"http:\/\/www.librairie-renaissance.fr\/9782812615955-un-temps-henri-meunier-aurore-petit\/\">\n\t\t\t\t\t\t<span class=\"elementor-button-content-wrapper\">\n\t\t\t\t\t\t\t\t\t<span class=\"elementor-button-text\">En savoir +<\/span>\n\t\t\t\t\t<\/span>\n\t\t\t\t\t<\/a>\n\t\t\t\t<\/div>\n\t\t\t\t\t\t\t\t<\/div>\n\t\t\t\t<\/div>\n\t\t\t\t\t<\/div>\n\t\t<\/div>\n\t\t\t\t<div class=\"elementor-column elementor-col-16 elementor-top-column elementor-element elementor-element-16d035b\" data-id=\"16d035b\" data-element_type=\"column\" data-e-type=\"column\">\n\t\t\t<div class=\"elementor-widget-wrap elementor-element-populated\">\n\t\t\t\t\t\t<div class=\"elementor-element elementor-element-fe4f211 elementor-position-top elementor-widget elementor-widget-image-box\" data-id=\"fe4f211\" data-element_type=\"widget\" data-e-type=\"widget\" data-widget_type=\"image-box.default\">\n\t\t\t\t<div class=\"elementor-widget-container\">\n\t\t\t\t\t<div class=\"elementor-image-box-wrapper\"><figure class=\"elementor-image-box-img\"><a href=\"http:\/\/www.librairie-renaissance.fr\/9782889084258-antonino-contre-le-temps-juan-arjona\/\" tabindex=\"-1\"><img decoding=\"async\" width=\"150\" height=\"150\" src=\"https:\/\/festival-livre-jeunesse.fr\/2021\/wp-content\/uploads\/2021\/01\/9782889084258-0-5208702-150x150.jpg\" class=\"attachment-thumbnail size-thumbnail wp-image-7994\" alt=\"\" \/><\/a><\/figure><div class=\"elementor-image-box-content\"><h3 class=\"elementor-image-box-title\"><a href=\"http:\/\/www.librairie-renaissance.fr\/9782889084258-antonino-contre-le-temps-juan-arjona\/\">Antonino contre le temps<\/a><\/h3><p class=\"elementor-image-box-description\">de <b>Juan Arjona<\/b><br>\n\nAntonino est un petit homme anim\u00e9 d'un bel esprit d'aventure. Son envie d'explorer le monde est immense et aucun obstacle ne lui fait peur. Aussi, lorsqu'il tombe sur ce pauvre ours la patte coinc\u00e9e dans un pi\u00e8ge, il n'h\u00e9site pas, il coupe la cha\u00eene du pi\u00e8ge et soul\u00e8ve \u00e0 bout de bras le pauvre animal. Direction l'h\u00f4pital ! Mais avant d'y arriver, il lui faut traverser en courant, car le temps presse, la for\u00eat, la montagne, les mar\u00e9cages, la rivi\u00e8re... Antonino contre le temps est le premier opus d'une s\u00e9rie de trois histoires. Dans chaque livre, Antonino et son ours vivent une aventure extraordinaire intimement li\u00e9e aux besoins quotidiens de l'enfant : manger, dormir, se sentir aim\u00e9, d\u00e9couvrir...\n\n\n\n\n\n\n\n\n<\/p><\/div><\/div>\t\t\t\t<\/div>\n\t\t\t\t<\/div>\n\t\t\t\t<div class=\"elementor-element elementor-element-abf5d88 elementor-widget elementor-widget-button\" data-id=\"abf5d88\" data-element_type=\"widget\" data-e-type=\"widget\" data-widget_type=\"button.default\">\n\t\t\t\t<div class=\"elementor-widget-container\">\n\t\t\t\t\t\t\t\t\t<div class=\"elementor-button-wrapper\">\n\t\t\t\t\t<a class=\"elementor-button elementor-button-link elementor-size-sm\" href=\"http:\/\/www.librairie-renaissance.fr\/9782889084258-antonino-contre-le-temps-juan-arjona\/\">\n\t\t\t\t\t\t<span class=\"elementor-button-content-wrapper\">\n\t\t\t\t\t\t\t\t\t<span class=\"elementor-button-text\">En savoir +<\/span>\n\t\t\t\t\t<\/span>\n\t\t\t\t\t<\/a>\n\t\t\t\t<\/div>\n\t\t\t\t\t\t\t\t<\/div>\n\t\t\t\t<\/div>\n\t\t\t\t\t<\/div>\n\t\t<\/div>\n\t\t\t\t<div class=\"elementor-column elementor-col-16 elementor-top-column elementor-element elementor-element-36f99cc\" data-id=\"36f99cc\" data-element_type=\"column\" data-e-type=\"column\">\n\t\t\t<div class=\"elementor-widget-wrap elementor-element-populated\">\n\t\t\t\t\t\t<div class=\"elementor-element elementor-element-b21cbc5 elementor-position-top elementor-widget elementor-widget-image-box\" data-id=\"b21cbc5\" data-element_type=\"widget\" data-e-type=\"widget\" data-widget_type=\"image-box.default\">\n\t\t\t\t<div class=\"elementor-widget-container\">\n\t\t\t\t\t<div class=\"elementor-image-box-wrapper\"><figure class=\"elementor-image-box-img\"><a href=\"http:\/\/www.librairie-renaissance.fr\/9782330018375-apres-laurent-moreau\/\" tabindex=\"-1\"><img decoding=\"async\" width=\"150\" height=\"150\" src=\"https:\/\/festival-livre-jeunesse.fr\/2021\/wp-content\/uploads\/2021\/01\/Rien-150x150.jpg\" class=\"attachment-thumbnail size-thumbnail wp-image-7726\" alt=\"\" \/><\/a><\/figure><div class=\"elementor-image-box-content\"><h3 class=\"elementor-image-box-title\"><a href=\"http:\/\/www.librairie-renaissance.fr\/9782330018375-apres-laurent-moreau\/\">Apr\u00e8s<\/a><\/h3><p class=\"elementor-image-box-description\">de <b>Laurent Moreau<\/b><br><br>\n\nApr\u00e8s l'hiver, le printemps redonne des couleurs. Apr\u00e8s la temp\u00eate, le soleil transperce les nuages. Apr\u00e8s le bain, ma peau est toute frip\u00e9e. Apr\u00e8s le film, je n'arrive pas \u00e0 m'endormir. Apr\u00e8s l'attente, il y a les retrouvailles. Un livre qui donne toute sa place \u00e0 l'imaginaire du lecteur pour parler des sentiments et des sensations. Que se passe-t-il apr\u00e8s ? Chaque page est ainsi le pr\u00e9texte \u00e0 une r\u00e9flexion sensible et accesible \u00e0 tous. Que ce soit apr\u00e8s la pluie, apr\u00e8s une dispute ou apr\u00e8s une promenade en for\u00eat, qu'il s'agisse de petits tracas, d'un \u00e9tat physique ou de souvenirs (lorsque la mer enfin se r\u00e9v\u00e8le, cach\u00e9e derri\u00e8re la derni\u00e8re dune de sable !), \n\n\n\n\n\n<\/p><\/div><\/div>\t\t\t\t<\/div>\n\t\t\t\t<\/div>\n\t\t\t\t<div class=\"elementor-element elementor-element-6fa1bdd elementor-widget elementor-widget-button\" data-id=\"6fa1bdd\" data-element_type=\"widget\" data-e-type=\"widget\" data-widget_type=\"button.default\">\n\t\t\t\t<div class=\"elementor-widget-container\">\n\t\t\t\t\t\t\t\t\t<div class=\"elementor-button-wrapper\">\n\t\t\t\t\t<a class=\"elementor-button elementor-button-link elementor-size-sm\" href=\"http:\/\/www.librairie-renaissance.fr\/9782330018375-apres-laurent-moreau\/\">\n\t\t\t\t\t\t<span class=\"elementor-button-content-wrapper\">\n\t\t\t\t\t\t\t\t\t<span class=\"elementor-button-text\">En savoir +<\/span>\n\t\t\t\t\t<\/span>\n\t\t\t\t\t<\/a>\n\t\t\t\t<\/div>\n\t\t\t\t\t\t\t\t<\/div>\n\t\t\t\t<\/div>\n\t\t\t\t\t<\/div>\n\t\t<\/div>\n\t\t\t\t<div class=\"elementor-column elementor-col-16 elementor-top-column elementor-element elementor-element-da25e20\" data-id=\"da25e20\" data-element_type=\"column\" data-e-type=\"column\">\n\t\t\t<div class=\"elementor-widget-wrap elementor-element-populated\">\n\t\t\t\t\t\t<div class=\"elementor-element elementor-element-8ce8e07 elementor-position-top elementor-widget elementor-widget-image-box\" data-id=\"8ce8e07\" data-element_type=\"widget\" data-e-type=\"widget\" data-widget_type=\"image-box.default\">\n\t\t\t\t<div class=\"elementor-widget-container\">\n\t\t\t\t\t<div class=\"elementor-image-box-wrapper\"><figure class=\"elementor-image-box-img\"><a href=\"http:\/\/www.librairie-renaissance.fr\/9780714874296-avant-apres-jean-jullien\/\" tabindex=\"-1\"><img decoding=\"async\" width=\"150\" height=\"150\" src=\"https:\/\/festival-livre-jeunesse.fr\/2021\/wp-content\/uploads\/2021\/01\/9780714874296-0-4157740-150x150.jpg\" class=\"attachment-thumbnail size-thumbnail wp-image-8035\" alt=\"\" \/><\/a><\/figure><div class=\"elementor-image-box-content\"><h3 class=\"elementor-image-box-title\"><a href=\"http:\/\/www.librairie-renaissance.fr\/9780714874296-avant-apres-jean-jullien\/\">Avant apr\u00e8s<\/a><\/h3><p class=\"elementor-image-box-description\">de <b>Jean Jullien<\/b><br><br>\n\nGraphiste et illustrateur, Jean Jullien imagine une s\u00e9rie d'amusants sc\u00e9narios en deux \u00e9tapes, d\u00e9clin\u00e9s avec humour et esprit autour du th\u00e8me \u00ab avant\/apr\u00e8s \u00bb. Ainsi passe-t-on d'une peau blanch\u00e2tre \u00e0 une peau rougie par le soleil, du sale au propre, des cheveux longs \u00e0 des cheveux courts (puis, finalement, mi-longs), etc. En m\u00e9nageant un parfait \u00e9quilibre entre le pr\u00e9visible et l'impr\u00e9visible, ce livre saura \u00e9merveiller et amuser le jeune lecteur. La suite id\u00e9ale du premier best-seller du m\u00eame auteur, Ceci n'est pas un livre. - Avec plus de 600 000 abonn\u00e9s sur Instagram, Jean Jullien figure parmi les artistes les plus appr\u00e9ci\u00e9s du moment. \n\n\n\n\n\n<\/p><\/div><\/div>\t\t\t\t<\/div>\n\t\t\t\t<\/div>\n\t\t\t\t<div class=\"elementor-element elementor-element-cb9b533 elementor-widget elementor-widget-button\" data-id=\"cb9b533\" data-element_type=\"widget\" data-e-type=\"widget\" data-widget_type=\"button.default\">\n\t\t\t\t<div class=\"elementor-widget-container\">\n\t\t\t\t\t\t\t\t\t<div class=\"elementor-button-wrapper\">\n\t\t\t\t\t<a class=\"elementor-button elementor-button-link elementor-size-sm\" href=\"http:\/\/www.librairie-renaissance.fr\/9780714874296-avant-apres-jean-jullien\/\">\n\t\t\t\t\t\t<span class=\"elementor-button-content-wrapper\">\n\t\t\t\t\t\t\t\t\t<span class=\"elementor-button-text\">En savoir +<\/span>\n\t\t\t\t\t<\/span>\n\t\t\t\t\t<\/a>\n\t\t\t\t<\/div>\n\t\t\t\t\t\t\t\t<\/div>\n\t\t\t\t<\/div>\n\t\t\t\t\t<\/div>\n\t\t<\/div>\n\t\t\t\t<div class=\"elementor-column elementor-col-16 elementor-top-column elementor-element elementor-element-d085d52\" data-id=\"d085d52\" data-element_type=\"column\" data-e-type=\"column\">\n\t\t\t<div class=\"elementor-widget-wrap elementor-element-populated\">\n\t\t\t\t\t\t<div class=\"elementor-element elementor-element-ad47656 elementor-position-top elementor-widget elementor-widget-image-box\" data-id=\"ad47656\" data-element_type=\"widget\" data-e-type=\"widget\" data-widget_type=\"image-box.default\">\n\t\t\t\t<div class=\"elementor-widget-container\">\n\t\t\t\t\t<div class=\"elementor-image-box-wrapper\"><figure class=\"elementor-image-box-img\"><a href=\"http:\/\/www.librairie-renaissance.fr\/9782278085439-cavale-stephane-servant\/\" tabindex=\"-1\"><img loading=\"lazy\" decoding=\"async\" width=\"150\" height=\"150\" src=\"https:\/\/festival-livre-jeunesse.fr\/2021\/wp-content\/uploads\/2021\/01\/9782278085439-0-4440924-150x150.jpg\" class=\"attachment-thumbnail size-thumbnail wp-image-8034\" alt=\"\" \/><\/a><\/figure><div class=\"elementor-image-box-content\"><h3 class=\"elementor-image-box-title\"><a href=\"http:\/\/www.librairie-renaissance.fr\/9782278085439-cavale-stephane-servant\/\">Cavale<\/a><\/h3><p class=\"elementor-image-box-description\">de <b>St\u00e9phane Servant<\/b><br>\n\n\nOn l'appelle Cavale parce que Cavale court tout le temps. Il a d\u00e9j\u00e0 fait cent fois le tour de la Terre sans rien en voir. Car Cavale court sans s'arr\u00eater. Il ne craint rien, sauf Fin, qui un jour le rattrapera. Montagne, elle, pr\u00e9f\u00e8re rester silencieuse et immobile. Pour \u00e9chapper \u00e0 Fin, elle aussi. Et quand Cavale trouve sur son chemin Montagne qui lui barre la route, celui-ci est bien oblig\u00e9 de s'arr\u00eater... Un texte de St\u00e9phane Servant, parfait pour la lecture \u00e0 voix haute, aux accents all\u00e9goriques doubl\u00e9 d'une belle m\u00e9taphore sur le temps qui passe, l'amour et la mort,  sublim\u00e9 par les dessins \u00e9l\u00e9gants et subtils d'une grande illustratrice, R\u00e9becca Dautremer.\n\n\n\n\n\n\n<\/p><\/div><\/div>\t\t\t\t<\/div>\n\t\t\t\t<\/div>\n\t\t\t\t<div class=\"elementor-element elementor-element-d1842b5 elementor-widget elementor-widget-button\" data-id=\"d1842b5\" data-element_type=\"widget\" data-e-type=\"widget\" data-widget_type=\"button.default\">\n\t\t\t\t<div class=\"elementor-widget-container\">\n\t\t\t\t\t\t\t\t\t<div class=\"elementor-button-wrapper\">\n\t\t\t\t\t<a class=\"elementor-button elementor-button-link elementor-size-sm\" href=\"http:\/\/www.librairie-renaissance.fr\/9782278085439-cavale-stephane-servant\/\">\n\t\t\t\t\t\t<span class=\"elementor-button-content-wrapper\">\n\t\t\t\t\t\t\t\t\t<span class=\"elementor-button-text\">En savoir +<\/span>\n\t\t\t\t\t<\/span>\n\t\t\t\t\t<\/a>\n\t\t\t\t<\/div>\n\t\t\t\t\t\t\t\t<\/div>\n\t\t\t\t<\/div>\n\t\t\t\t\t<\/div>\n\t\t<\/div>\n\t\t\t\t<div class=\"elementor-column elementor-col-16 elementor-top-column elementor-element elementor-element-4ce4266\" data-id=\"4ce4266\" data-element_type=\"column\" data-e-type=\"column\">\n\t\t\t<div class=\"elementor-widget-wrap elementor-element-populated\">\n\t\t\t\t\t\t<div class=\"elementor-element elementor-element-a5db927 elementor-position-top elementor-widget elementor-widget-image-box\" data-id=\"a5db927\" data-element_type=\"widget\" data-e-type=\"widget\" data-widget_type=\"image-box.default\">\n\t\t\t\t<div class=\"elementor-widget-container\">\n\t\t\t\t\t<div class=\"elementor-image-box-wrapper\"><figure class=\"elementor-image-box-img\"><a href=\"http:\/\/www.librairie-renaissance.fr\/9782330111441-chaque-seconde-dans-le-monde-bruno-gibert\/\" tabindex=\"-1\"><img loading=\"lazy\" decoding=\"async\" width=\"150\" height=\"150\" src=\"https:\/\/festival-livre-jeunesse.fr\/2021\/wp-content\/uploads\/2021\/01\/9782330111441-0-5417619-150x150.jpg\" class=\"attachment-thumbnail size-thumbnail wp-image-8048\" alt=\"\" \/><\/a><\/figure><div class=\"elementor-image-box-content\"><h3 class=\"elementor-image-box-title\"><a href=\"http:\/\/www.librairie-renaissance.fr\/9782330111441-chaque-seconde-dans-le-monde-bruno-gibert\/\">Chaque seconde dans le monde<\/a><\/h3><p class=\"elementor-image-box-description\">de <b>Bruno Gibert<\/b><br>\n\nChaque seconde dans le monde, 1 avion d\u00e9colle, 1 avion atterrit, 130 passagers embarquent. 40 arbres sont coup\u00e9s, 32 arbres sont plant\u00e9s ; 4 b\u00e9b\u00e9s naissent, deux personnes meurent... Un bel album aux images et aux chiffres percutants pour comprendre un monde o\u00f9 tout va de plus en plus vite !  \n\n\n\n\n<\/p><\/div><\/div>\t\t\t\t<\/div>\n\t\t\t\t<\/div>\n\t\t\t\t<div class=\"elementor-element elementor-element-9d8a9ce elementor-widget elementor-widget-button\" data-id=\"9d8a9ce\" data-element_type=\"widget\" data-e-type=\"widget\" data-widget_type=\"button.default\">\n\t\t\t\t<div class=\"elementor-widget-container\">\n\t\t\t\t\t\t\t\t\t<div class=\"elementor-button-wrapper\">\n\t\t\t\t\t<a class=\"elementor-button elementor-button-link elementor-size-sm\" href=\"http:\/\/www.librairie-renaissance.fr\/9782330111441-chaque-seconde-dans-le-monde-bruno-gibert\/\">\n\t\t\t\t\t\t<span class=\"elementor-button-content-wrapper\">\n\t\t\t\t\t\t\t\t\t<span class=\"elementor-button-text\">En savoir +<\/span>\n\t\t\t\t\t<\/span>\n\t\t\t\t\t<\/a>\n\t\t\t\t<\/div>\n\t\t\t\t\t\t\t\t<\/div>\n\t\t\t\t<\/div>\n\t\t\t\t\t<\/div>\n\t\t<\/div>\n\t\t\t\t\t<\/div>\n\t\t<\/section>\n\t\t\t\t<section class=\"elementor-section elementor-top-section elementor-element elementor-element-206915a elementor-section-boxed elementor-section-height-default elementor-section-height-default\" data-id=\"206915a\" data-element_type=\"section\" data-e-type=\"section\">\n\t\t\t\t\t\t<div class=\"elementor-container elementor-column-gap-default\">\n\t\t\t\t\t<div class=\"elementor-column elementor-col-16 elementor-top-column elementor-element elementor-element-08847bb\" data-id=\"08847bb\" data-element_type=\"column\" data-e-type=\"column\">\n\t\t\t<div class=\"elementor-widget-wrap elementor-element-populated\">\n\t\t\t\t\t\t<div class=\"elementor-element elementor-element-97287d7 elementor-position-top elementor-widget elementor-widget-image-box\" data-id=\"97287d7\" data-element_type=\"widget\" data-e-type=\"widget\" data-widget_type=\"image-box.default\">\n\t\t\t\t<div class=\"elementor-widget-container\">\n\t\t\t\t\t<div class=\"elementor-image-box-wrapper\"><figure class=\"elementor-image-box-img\"><a href=\"http:\/\/www.librairie-renaissance.fr\/9782831101101-cinq-minutes-scanlon-liz-garton-audrey-vernick-olivier-tallec\/\" tabindex=\"-1\"><img loading=\"lazy\" decoding=\"async\" width=\"150\" height=\"150\" src=\"https:\/\/festival-livre-jeunesse.fr\/2021\/wp-content\/uploads\/2021\/01\/9782831101101-0-6387779-150x150.jpg\" class=\"attachment-thumbnail size-thumbnail wp-image-8076\" alt=\"\" srcset=\"https:\/\/festival-livre-jeunesse.fr\/2021\/wp-content\/uploads\/2021\/01\/9782831101101-0-6387779-150x150.jpg 150w, https:\/\/festival-livre-jeunesse.fr\/2021\/wp-content\/uploads\/2021\/01\/9782831101101-0-6387779.jpg 400w\" sizes=\"(max-width: 150px) 100vw, 150px\" \/><\/a><\/figure><div class=\"elementor-image-box-content\"><h3 class=\"elementor-image-box-title\"><a href=\"http:\/\/www.librairie-renaissance.fr\/9782831101101-cinq-minutes-scanlon-liz-garton-audrey-vernick-olivier-tallec\/\">Cinq minutes<\/a><\/h3><p class=\"elementor-image-box-description\">de <b>Scanlon Liz-Garton, Audrey Vernick et Olivier Tallec<\/b><br>\n\nAllez ! Encore juste cinq minutes ! Cinq minutes, c'est tr\u00e8s court ! Ou tr\u00e8s long... tout d\u00e9pend de ce qu'on est en train de faire. Cinq minutes de vaisselle, c'est horriblement long. Cinq minutes, quand on est au parc d'attraction ou dans un magasin de jouets, c'est toujours trop court.\n\n\n\n\n\n\n\n\n<\/p><\/div><\/div>\t\t\t\t<\/div>\n\t\t\t\t<\/div>\n\t\t\t\t<div class=\"elementor-element elementor-element-03092b3 elementor-widget elementor-widget-button\" data-id=\"03092b3\" data-element_type=\"widget\" data-e-type=\"widget\" data-widget_type=\"button.default\">\n\t\t\t\t<div class=\"elementor-widget-container\">\n\t\t\t\t\t\t\t\t\t<div class=\"elementor-button-wrapper\">\n\t\t\t\t\t<a class=\"elementor-button elementor-button-link elementor-size-sm\" href=\"http:\/\/www.librairie-renaissance.fr\/9782831101101-cinq-minutes-scanlon-liz-garton-audrey-vernick-olivier-tallec\/\">\n\t\t\t\t\t\t<span class=\"elementor-button-content-wrapper\">\n\t\t\t\t\t\t\t\t\t<span class=\"elementor-button-text\">En savoir +<\/span>\n\t\t\t\t\t<\/span>\n\t\t\t\t\t<\/a>\n\t\t\t\t<\/div>\n\t\t\t\t\t\t\t\t<\/div>\n\t\t\t\t<\/div>\n\t\t\t\t\t<\/div>\n\t\t<\/div>\n\t\t\t\t<div class=\"elementor-column elementor-col-16 elementor-top-column elementor-element elementor-element-562f498\" data-id=\"562f498\" data-element_type=\"column\" data-e-type=\"column\">\n\t\t\t<div class=\"elementor-widget-wrap elementor-element-populated\">\n\t\t\t\t\t\t<div class=\"elementor-element elementor-element-4238182 elementor-position-top elementor-widget elementor-widget-image-box\" data-id=\"4238182\" data-element_type=\"widget\" data-e-type=\"widget\" data-widget_type=\"image-box.default\">\n\t\t\t\t<div class=\"elementor-widget-container\">\n\t\t\t\t\t<div class=\"elementor-image-box-wrapper\"><figure class=\"elementor-image-box-img\"><a href=\"http:\/\/www.librairie-renaissance.fr\/9791094908112-cru-cuit-matthieu-saintier\/\" tabindex=\"-1\"><img loading=\"lazy\" decoding=\"async\" width=\"150\" height=\"150\" src=\"https:\/\/festival-livre-jeunesse.fr\/2021\/wp-content\/uploads\/2021\/01\/Cru-cuit-150x150.png\" class=\"attachment-thumbnail size-thumbnail wp-image-8089\" alt=\"\" \/><\/a><\/figure><div class=\"elementor-image-box-content\"><h3 class=\"elementor-image-box-title\"><a href=\"http:\/\/www.librairie-renaissance.fr\/9791094908112-cru-cuit-matthieu-saintier\/\">Cru cuit<\/a><\/h3><p class=\"elementor-image-box-description\">de <b>Matthieu Saintier<\/b><br>\n\nCru cuit est un imagier photo destin\u00e9 aux jeunes enfants qui propose de mettre en regard des ingr\u00e9dients crus et leur version cuite. Sur chaque page de gauche on pr\u00e9sente l'aliment cru et sur chaque page de droite l'aliment cuit, accompagn\u00e9 du nom de l'ingr\u00e9dient.\n\n\n\n\n\n\n\n\n\n\n<\/p><\/div><\/div>\t\t\t\t<\/div>\n\t\t\t\t<\/div>\n\t\t\t\t<div class=\"elementor-element elementor-element-8da5713 elementor-widget elementor-widget-button\" data-id=\"8da5713\" data-element_type=\"widget\" data-e-type=\"widget\" data-widget_type=\"button.default\">\n\t\t\t\t<div class=\"elementor-widget-container\">\n\t\t\t\t\t\t\t\t\t<div class=\"elementor-button-wrapper\">\n\t\t\t\t\t<a class=\"elementor-button elementor-button-link elementor-size-sm\" href=\"http:\/\/www.librairie-renaissance.fr\/9791094908112-cru-cuit-matthieu-saintier\/\">\n\t\t\t\t\t\t<span class=\"elementor-button-content-wrapper\">\n\t\t\t\t\t\t\t\t\t<span class=\"elementor-button-text\">En savoir +<\/span>\n\t\t\t\t\t<\/span>\n\t\t\t\t\t<\/a>\n\t\t\t\t<\/div>\n\t\t\t\t\t\t\t\t<\/div>\n\t\t\t\t<\/div>\n\t\t\t\t\t<\/div>\n\t\t<\/div>\n\t\t\t\t<div class=\"elementor-column elementor-col-16 elementor-top-column elementor-element elementor-element-f9fb666\" data-id=\"f9fb666\" data-element_type=\"column\" data-e-type=\"column\">\n\t\t\t<div class=\"elementor-widget-wrap elementor-element-populated\">\n\t\t\t\t\t\t<div class=\"elementor-element elementor-element-62e3102 elementor-position-top elementor-widget elementor-widget-image-box\" data-id=\"62e3102\" data-element_type=\"widget\" data-e-type=\"widget\" data-widget_type=\"image-box.default\">\n\t\t\t\t<div class=\"elementor-widget-container\">\n\t\t\t\t\t<div class=\"elementor-image-box-wrapper\"><figure class=\"elementor-image-box-img\"><a href=\"http:\/\/www.librairie-renaissance.fr\/9782226447159-en-4-temps-bernadette-gervais\/\" tabindex=\"-1\"><img loading=\"lazy\" decoding=\"async\" width=\"150\" height=\"150\" src=\"https:\/\/festival-livre-jeunesse.fr\/2021\/wp-content\/uploads\/2021\/01\/9782226447159-0-6253187-150x150.jpg\" class=\"attachment-thumbnail size-thumbnail wp-image-8108\" alt=\"\" \/><\/a><\/figure><div class=\"elementor-image-box-content\"><h3 class=\"elementor-image-box-title\"><a href=\"http:\/\/www.librairie-renaissance.fr\/9782226447159-en-4-temps-bernadette-gervais\/\">En 4 temps<\/a><\/h3><p class=\"elementor-image-box-description\">de <b>Bernadette Gervais<\/b><br><br>\n\nBernadette Gervais d\u00e9coupe le temps en quatre moments et d\u00e9compose ainsi mouvements, transformations et m\u00e9tamorphoses. Si, dans certaines s\u00e9quences, quelques secondes seulement s\u00e9parent la premi\u00e8re de la derni\u00e8re image, dans d'autres, ce sont des heures ou des ann\u00e9es. Le li\u00e8vre fait si vite son chemin qu'on le voit \u00e0 peine traverser les cases, mais il faut plusieurs jours au coquelicot pour bourgeonner, fleurir et fl\u00e9trir, et toute une ann\u00e9e pour voir les quatre saisons transformer le paysage autour de la maison. Questionnement sur l'\u00e9lasticit\u00e9 du temps, la fa\u00e7on dont il agit sur les \u00eatres et les choses, les modifie et les d\u00e9place, jeu sur les \u00e9chos... L'enfant, d'une page \u00e0 l'autre, s'amuse de voir qu'il faudra au moins huit cases \u00e0 l'escargot pour dispara\u00eetre de son champ de vision !\n\n\n\n\n\n\n\n<\/p><\/div><\/div>\t\t\t\t<\/div>\n\t\t\t\t<\/div>\n\t\t\t\t<div class=\"elementor-element elementor-element-2ed6b96 elementor-widget elementor-widget-button\" data-id=\"2ed6b96\" data-element_type=\"widget\" data-e-type=\"widget\" data-widget_type=\"button.default\">\n\t\t\t\t<div class=\"elementor-widget-container\">\n\t\t\t\t\t\t\t\t\t<div class=\"elementor-button-wrapper\">\n\t\t\t\t\t<a class=\"elementor-button elementor-button-link elementor-size-sm\" href=\"http:\/\/www.librairie-renaissance.fr\/9782226447159-en-4-temps-bernadette-gervais\/\">\n\t\t\t\t\t\t<span class=\"elementor-button-content-wrapper\">\n\t\t\t\t\t\t\t\t\t<span class=\"elementor-button-text\">En savoir +<\/span>\n\t\t\t\t\t<\/span>\n\t\t\t\t\t<\/a>\n\t\t\t\t<\/div>\n\t\t\t\t\t\t\t\t<\/div>\n\t\t\t\t<\/div>\n\t\t\t\t\t<\/div>\n\t\t<\/div>\n\t\t\t\t<div class=\"elementor-column elementor-col-16 elementor-top-column elementor-element elementor-element-6d73b24\" data-id=\"6d73b24\" data-element_type=\"column\" data-e-type=\"column\">\n\t\t\t<div class=\"elementor-widget-wrap elementor-element-populated\">\n\t\t\t\t\t\t<div class=\"elementor-element elementor-element-d9361b3 elementor-position-top elementor-widget elementor-widget-image-box\" data-id=\"d9361b3\" data-element_type=\"widget\" data-e-type=\"widget\" data-widget_type=\"image-box.default\">\n\t\t\t\t<div class=\"elementor-widget-container\">\n\t\t\t\t\t<div class=\"elementor-image-box-wrapper\"><figure class=\"elementor-image-box-img\"><a href=\"http:\/\/www.librairie-renaissance.fr\/9782369021261-la-grande-course-des-jean-clemence-sabbagh-magali-le-huche\/\" tabindex=\"-1\"><img loading=\"lazy\" decoding=\"async\" width=\"150\" height=\"150\" src=\"https:\/\/festival-livre-jeunesse.fr\/2021\/wp-content\/uploads\/2021\/01\/Course-150x150.jpg\" class=\"attachment-thumbnail size-thumbnail wp-image-8127\" alt=\"\" \/><\/a><\/figure><div class=\"elementor-image-box-content\"><h3 class=\"elementor-image-box-title\"><a href=\"http:\/\/www.librairie-renaissance.fr\/9782369021261-la-grande-course-des-jean-clemence-sabbagh-magali-le-huche\/\">La grande course des Jean<\/a><\/h3><p class=\"elementor-image-box-description\">de <b>Clemence Sabbagh et Magali le huche<\/b><br>\nC'est le jour de la \"Mteourse\". L'objectif : franchir la ligne d'arriv\u00e9e en premier. Qui de Jean-Brice, Jean-Maurice, Jean-Alfred, ou encore Jean- Serge sortira vainqueur de l'\u00e9preuve ? Avec ses 3721 Jean participants, ses emb\u00fbches et pi\u00e8ges vari\u00e9s, la comp\u00e9tition est pleine de surprises et les Jean se d\u00e9marquent les uns apr\u00e8s les autres par leur originalit\u00e9. Le texte de Cl\u00e9mence Sabbagh est un commentaire sportif haletant, emphatique et tonique, ponctu\u00e9 d'acc\u00e9l\u00e9rations enjou\u00e9es et parfois de suspense. Un r\u00e9gal \u00e0 lire \u00e0 voix haute. Magali Le Huche dresse d'un coup de crayon expert et dr\u00f4le les portraits de ces Jean sportifs et intr\u00e9pides, dans une ambiance foutraque et jubilatoire. Mieux vaut \u00eatre un Jean heureux qu'un Jean Portelavictoire !\n\n\n\n\n\n\n\n<\/p><\/div><\/div>\t\t\t\t<\/div>\n\t\t\t\t<\/div>\n\t\t\t\t<div class=\"elementor-element elementor-element-b52ea40 elementor-widget elementor-widget-button\" data-id=\"b52ea40\" data-element_type=\"widget\" data-e-type=\"widget\" data-widget_type=\"button.default\">\n\t\t\t\t<div class=\"elementor-widget-container\">\n\t\t\t\t\t\t\t\t\t<div class=\"elementor-button-wrapper\">\n\t\t\t\t\t<a class=\"elementor-button elementor-button-link elementor-size-sm\" href=\"http:\/\/www.librairie-renaissance.fr\/9782369021261-la-grande-course-des-jean-clemence-sabbagh-magali-le-huche\/\">\n\t\t\t\t\t\t<span class=\"elementor-button-content-wrapper\">\n\t\t\t\t\t\t\t\t\t<span class=\"elementor-button-text\">En savoir +<\/span>\n\t\t\t\t\t<\/span>\n\t\t\t\t\t<\/a>\n\t\t\t\t<\/div>\n\t\t\t\t\t\t\t\t<\/div>\n\t\t\t\t<\/div>\n\t\t\t\t\t<\/div>\n\t\t<\/div>\n\t\t\t\t<div class=\"elementor-column elementor-col-16 elementor-top-column elementor-element elementor-element-22acfe9\" data-id=\"22acfe9\" data-element_type=\"column\" data-e-type=\"column\">\n\t\t\t<div class=\"elementor-widget-wrap elementor-element-populated\">\n\t\t\t\t\t\t<div class=\"elementor-element elementor-element-63cf3be elementor-position-top elementor-widget elementor-widget-image-box\" data-id=\"63cf3be\" data-element_type=\"widget\" data-e-type=\"widget\" data-widget_type=\"image-box.default\">\n\t\t\t\t<div class=\"elementor-widget-container\">\n\t\t\t\t\t<div class=\"elementor-image-box-wrapper\"><figure class=\"elementor-image-box-img\"><a href=\"http:\/\/www.librairie-renaissance.fr\/9782330037666-je-suis-en-retard-a-l-ecole-parce-que-davide-cali-benjamin-chaud\/\" tabindex=\"-1\"><img loading=\"lazy\" decoding=\"async\" width=\"150\" height=\"150\" src=\"https:\/\/festival-livre-jeunesse.fr\/2021\/wp-content\/uploads\/2021\/01\/9782330037666-0-2474679-150x150.jpg\" class=\"attachment-thumbnail size-thumbnail wp-image-8140\" alt=\"\" \/><\/a><\/figure><div class=\"elementor-image-box-content\"><h3 class=\"elementor-image-box-title\"><a href=\"http:\/\/www.librairie-renaissance.fr\/9782330037666-je-suis-en-retard-a-l-ecole-parce-que-davide-cali-benjamin-chaud\/\">Je suis en retard \u00e0 l\u2019\u00e9cole parce que<\/a><\/h3><p class=\"elementor-image-box-description\">de <b>-Davide Cali et Benjamin Chaud<\/b><br>\n\nNotre retardataire est victime ce jour-l\u00e0 d'une s\u00e9rie de catastrophes qui s'encha\u00eenent \u00e0 un rythme tr\u00e9pidant, montant crescendo dans le farfelu ! Les excuses se transforment en une aventure insens\u00e9e qui d\u00e9marre d\u00e8s le petit d\u00e9jeuner (o\u00f9 des fourmis g\u00e9antes sont attabl\u00e9es !) et se termine... Au temps des dinosaures, apr\u00e8s un passage dans la for\u00eat des contes !\n\n\n\n\n\n\n\n\n<\/p><\/div><\/div>\t\t\t\t<\/div>\n\t\t\t\t<\/div>\n\t\t\t\t<div class=\"elementor-element elementor-element-1568a8a elementor-widget elementor-widget-button\" data-id=\"1568a8a\" data-element_type=\"widget\" data-e-type=\"widget\" data-widget_type=\"button.default\">\n\t\t\t\t<div class=\"elementor-widget-container\">\n\t\t\t\t\t\t\t\t\t<div class=\"elementor-button-wrapper\">\n\t\t\t\t\t<a class=\"elementor-button elementor-button-link elementor-size-sm\" href=\"http:\/\/www.librairie-renaissance.fr\/9782330037666-je-suis-en-retard-a-l-ecole-parce-que-davide-cali-benjamin-chaud\/\">\n\t\t\t\t\t\t<span class=\"elementor-button-content-wrapper\">\n\t\t\t\t\t\t\t\t\t<span class=\"elementor-button-text\">En savoir +<\/span>\n\t\t\t\t\t<\/span>\n\t\t\t\t\t<\/a>\n\t\t\t\t<\/div>\n\t\t\t\t\t\t\t\t<\/div>\n\t\t\t\t<\/div>\n\t\t\t\t\t<\/div>\n\t\t<\/div>\n\t\t\t\t<div class=\"elementor-column elementor-col-16 elementor-top-column elementor-element elementor-element-d24b1f4\" data-id=\"d24b1f4\" data-element_type=\"column\" data-e-type=\"column\">\n\t\t\t<div class=\"elementor-widget-wrap elementor-element-populated\">\n\t\t\t\t\t\t<div class=\"elementor-element elementor-element-92989ca elementor-position-top elementor-widget elementor-widget-image-box\" data-id=\"92989ca\" data-element_type=\"widget\" data-e-type=\"widget\" data-widget_type=\"image-box.default\">\n\t\t\t\t<div class=\"elementor-widget-container\">\n\t\t\t\t\t<div class=\"elementor-image-box-wrapper\"><figure class=\"elementor-image-box-img\"><a href=\"http:\/\/www.librairie-renaissance.fr\/9782812614897-loupe-christian-voltz\/\" tabindex=\"-1\"><img loading=\"lazy\" decoding=\"async\" width=\"150\" height=\"150\" src=\"https:\/\/festival-livre-jeunesse.fr\/2021\/wp-content\/uploads\/2021\/01\/9782812614897-0-4499116-150x150.jpg\" class=\"attachment-thumbnail size-thumbnail wp-image-8159\" alt=\"\" srcset=\"https:\/\/festival-livre-jeunesse.fr\/2021\/wp-content\/uploads\/2021\/01\/9782812614897-0-4499116-150x150.jpg 150w, https:\/\/festival-livre-jeunesse.fr\/2021\/wp-content\/uploads\/2021\/01\/9782812614897-0-4499116.jpg 400w\" sizes=\"(max-width: 150px) 100vw, 150px\" \/><\/a><\/figure><div class=\"elementor-image-box-content\"><h3 class=\"elementor-image-box-title\"><a href=\"http:\/\/www.librairie-renaissance.fr\/9782812614897-loupe-christian-voltz\/\">Loup\u00e9 !<\/a><\/h3><p class=\"elementor-image-box-description\">de <b>Christian Voltz<\/b><br>\n\nUne ligne de bus, un arr\u00eat, deux personnages, deux g\u00e9n\u00e9rations qui attendent. Un jeune, debout, suspendu \u00e0 son smartphone, avec lequel il \u00e9change des textos, fait des selfies, consulte l'heure, joue \u00e0 Candy Crush, \u00e9coute de la musique... sans un regard sur la vie qui l'entoure. Non loin de lui, se tient un homme plus \u00e2g\u00e9 ; il est assis et semble totalement satisfait du petit spectacle qui se pr\u00e9sente. Seuls ses yeux bougent et observent : une colonie de fourmis passe, une araign\u00e9e se suspend, une petite plante pousse sur le trottoir. Bient\u00f4t le bus va arriver et l'un des personnages va le louper !\n\n\n\n\n\n\n<\/p><\/div><\/div>\t\t\t\t<\/div>\n\t\t\t\t<\/div>\n\t\t\t\t<div class=\"elementor-element elementor-element-7e84247 elementor-widget elementor-widget-button\" data-id=\"7e84247\" data-element_type=\"widget\" data-e-type=\"widget\" data-widget_type=\"button.default\">\n\t\t\t\t<div class=\"elementor-widget-container\">\n\t\t\t\t\t\t\t\t\t<div class=\"elementor-button-wrapper\">\n\t\t\t\t\t<a class=\"elementor-button elementor-button-link elementor-size-sm\" href=\"http:\/\/www.librairie-renaissance.fr\/9782812614897-loupe-christian-voltz\/\">\n\t\t\t\t\t\t<span class=\"elementor-button-content-wrapper\">\n\t\t\t\t\t\t\t\t\t<span class=\"elementor-button-text\">En savoir +<\/span>\n\t\t\t\t\t<\/span>\n\t\t\t\t\t<\/a>\n\t\t\t\t<\/div>\n\t\t\t\t\t\t\t\t<\/div>\n\t\t\t\t<\/div>\n\t\t\t\t\t<\/div>\n\t\t<\/div>\n\t\t\t\t\t<\/div>\n\t\t<\/section>\n\t\t\t\t<section class=\"elementor-section elementor-top-section elementor-element elementor-element-1f3e995 elementor-section-boxed elementor-section-height-default elementor-section-height-default\" data-id=\"1f3e995\" data-element_type=\"section\" data-e-type=\"section\">\n\t\t\t\t\t\t<div class=\"elementor-container elementor-column-gap-default\">\n\t\t\t\t\t<div class=\"elementor-column elementor-col-16 elementor-top-column elementor-element elementor-element-bd58358\" data-id=\"bd58358\" data-element_type=\"column\" data-e-type=\"column\">\n\t\t\t<div class=\"elementor-widget-wrap elementor-element-populated\">\n\t\t\t\t\t\t<div class=\"elementor-element elementor-element-f485caa elementor-position-top elementor-widget elementor-widget-image-box\" data-id=\"f485caa\" data-element_type=\"widget\" data-e-type=\"widget\" data-widget_type=\"image-box.default\">\n\t\t\t\t<div class=\"elementor-widget-container\">\n\t\t\t\t\t<div class=\"elementor-image-box-wrapper\"><figure class=\"elementor-image-box-img\"><a href=\"http:\/\/www.librairie-renaissance.fr\/9782877678261-on-verra-demain-michael-escoffier-kris-di-giacomo\/\" tabindex=\"-1\"><img loading=\"lazy\" decoding=\"async\" width=\"150\" height=\"150\" src=\"https:\/\/festival-livre-jeunesse.fr\/2021\/wp-content\/uploads\/2021\/01\/9782877678261-0-2306218-150x150.jpg\" class=\"attachment-thumbnail size-thumbnail wp-image-8178\" alt=\"\" \/><\/a><\/figure><div class=\"elementor-image-box-content\"><h3 class=\"elementor-image-box-title\"><a href=\"http:\/\/www.librairie-renaissance.fr\/9782877678261-on-verra-demain-michael-escoffier-kris-di-giacomo\/\">On verra demain<\/a><\/h3><p class=\"elementor-image-box-description\">de <b>Michael Escoffier et Kris di Giacomo<\/b><br>\n\n\u00ab On verra demain \u00bb, r\u00e9pondait Paco lorsqu'on lui demandait de ranger sa chambre.\u00ab On verra demain \u00bb, r\u00e9p\u00e9tait-il au lieu d'aider les autres. \u00ab On verra demain... \u00bb Et puis un jour, demain est arriv\u00e9.\n\n\n\n\n\n\n\n\n\n<\/p><\/div><\/div>\t\t\t\t<\/div>\n\t\t\t\t<\/div>\n\t\t\t\t<div class=\"elementor-element elementor-element-9104d9b elementor-widget elementor-widget-button\" data-id=\"9104d9b\" data-element_type=\"widget\" data-e-type=\"widget\" data-widget_type=\"button.default\">\n\t\t\t\t<div class=\"elementor-widget-container\">\n\t\t\t\t\t\t\t\t\t<div class=\"elementor-button-wrapper\">\n\t\t\t\t\t<a class=\"elementor-button elementor-button-link elementor-size-sm\" href=\"http:\/\/www.librairie-renaissance.fr\/9782877678261-on-verra-demain-michael-escoffier-kris-di-giacomo\/\">\n\t\t\t\t\t\t<span class=\"elementor-button-content-wrapper\">\n\t\t\t\t\t\t\t\t\t<span class=\"elementor-button-text\">En savoir +<\/span>\n\t\t\t\t\t<\/span>\n\t\t\t\t\t<\/a>\n\t\t\t\t<\/div>\n\t\t\t\t\t\t\t\t<\/div>\n\t\t\t\t<\/div>\n\t\t\t\t\t<\/div>\n\t\t<\/div>\n\t\t\t\t<div class=\"elementor-column elementor-col-16 elementor-top-column elementor-element elementor-element-802cb1c\" data-id=\"802cb1c\" data-element_type=\"column\" data-e-type=\"column\">\n\t\t\t<div class=\"elementor-widget-wrap elementor-element-populated\">\n\t\t\t\t\t\t<div class=\"elementor-element elementor-element-8b39173 elementor-position-top elementor-widget elementor-widget-image-box\" data-id=\"8b39173\" data-element_type=\"widget\" data-e-type=\"widget\" data-widget_type=\"image-box.default\">\n\t\t\t\t<div class=\"elementor-widget-container\">\n\t\t\t\t\t<div class=\"elementor-image-box-wrapper\"><figure class=\"elementor-image-box-img\"><a href=\"http:\/\/www.librairie-renaissance.fr\/9782377314621-parfois-on-a-l-impression-qu-il-ne-se-passe-rien-simon-priem-stephane-poulin\/\" tabindex=\"-1\"><img loading=\"lazy\" decoding=\"async\" width=\"150\" height=\"150\" src=\"https:\/\/festival-livre-jeunesse.fr\/2021\/wp-content\/uploads\/2021\/01\/9782377314621-0-6882148-150x150.jpg\" class=\"attachment-thumbnail size-thumbnail wp-image-8191\" alt=\"\" \/><\/a><\/figure><div class=\"elementor-image-box-content\"><h3 class=\"elementor-image-box-title\"><a href=\"http:\/\/www.librairie-renaissance.fr\/9782377314621-parfois-on-a-l-impression-qu-il-ne-se-passe-rien-simon-priem-stephane-poulin\/\">Parfois on a l\u2019impression qu\u2019il ne se passe rien<\/a><\/h3><p class=\"elementor-image-box-description\">de <b>Stephane Poulin<\/b><br>\n\nParfois, on a l'impression qu'il ne se passe rien. Le temps passe sous notre nez sans se presser. Et parfois, c'est diff\u00e9rent.<\/p><\/div><\/div>\t\t\t\t<\/div>\n\t\t\t\t<\/div>\n\t\t\t\t<div class=\"elementor-element elementor-element-dba7b3a elementor-widget elementor-widget-button\" data-id=\"dba7b3a\" data-element_type=\"widget\" data-e-type=\"widget\" data-widget_type=\"button.default\">\n\t\t\t\t<div class=\"elementor-widget-container\">\n\t\t\t\t\t\t\t\t\t<div class=\"elementor-button-wrapper\">\n\t\t\t\t\t<a class=\"elementor-button elementor-button-link elementor-size-sm\" href=\"http:\/\/www.librairie-renaissance.fr\/9782377314621-parfois-on-a-l-impression-qu-il-ne-se-passe-rien-simon-priem-stephane-poulin\/\">\n\t\t\t\t\t\t<span class=\"elementor-button-content-wrapper\">\n\t\t\t\t\t\t\t\t\t<span class=\"elementor-button-text\">En savoir +<\/span>\n\t\t\t\t\t<\/span>\n\t\t\t\t\t<\/a>\n\t\t\t\t<\/div>\n\t\t\t\t\t\t\t\t<\/div>\n\t\t\t\t<\/div>\n\t\t\t\t\t<\/div>\n\t\t<\/div>\n\t\t\t\t<div class=\"elementor-column elementor-col-16 elementor-top-column elementor-element elementor-element-07afa6a\" data-id=\"07afa6a\" data-element_type=\"column\" data-e-type=\"column\">\n\t\t\t<div class=\"elementor-widget-wrap elementor-element-populated\">\n\t\t\t\t\t\t<div class=\"elementor-element elementor-element-33c1f7d elementor-position-top elementor-widget elementor-widget-image-box\" data-id=\"33c1f7d\" data-element_type=\"widget\" data-e-type=\"widget\" data-widget_type=\"image-box.default\">\n\t\t\t\t<div class=\"elementor-widget-container\">\n\t\t\t\t\t<div class=\"elementor-image-box-wrapper\"><figure class=\"elementor-image-box-img\"><a href=\"http:\/\/www.librairie-renaissance.fr\/9782352414384-pas-deja-au-lit-ghislaine-roman-csil\/\" tabindex=\"-1\"><img loading=\"lazy\" decoding=\"async\" width=\"150\" height=\"150\" src=\"https:\/\/festival-livre-jeunesse.fr\/2021\/wp-content\/uploads\/2021\/01\/9782352414384-0-6729105-150x150.jpg\" class=\"attachment-thumbnail size-thumbnail wp-image-8204\" alt=\"\" \/><\/a><\/figure><div class=\"elementor-image-box-content\"><h3 class=\"elementor-image-box-title\"><a href=\"http:\/\/www.librairie-renaissance.fr\/9782352414384-pas-deja-au-lit-ghislaine-roman-csil\/\">Pas d\u00e9j\u00e0 (au lit) !<\/a><\/h3><p class=\"elementor-image-box-description\">de <b>Ghislaine Roman<\/b><br><br>\n\nPas facile d'aller se coucher ! Tous les pr\u00e9textes sont bons. La peur du noir, la couette qui n'est pas la bonne, les mauvais r\u00eaves... C'est aussi et surtout le moment o\u00f9 le parent va lire une histoire, ou deux, ou trois... Chanter une petite chanson douce... Tout est bon pour rester ensemble. Heureusement, la bienveillance et le doudou va prendre le relais...\n\n\n\n\n\n\n\n\n\n<\/p><\/div><\/div>\t\t\t\t<\/div>\n\t\t\t\t<\/div>\n\t\t\t\t<div class=\"elementor-element elementor-element-e3f381a elementor-widget elementor-widget-button\" data-id=\"e3f381a\" data-element_type=\"widget\" data-e-type=\"widget\" data-widget_type=\"button.default\">\n\t\t\t\t<div class=\"elementor-widget-container\">\n\t\t\t\t\t\t\t\t\t<div class=\"elementor-button-wrapper\">\n\t\t\t\t\t<a class=\"elementor-button elementor-button-link elementor-size-sm\" href=\"http:\/\/www.librairie-renaissance.fr\/9782352414384-pas-deja-au-lit-ghislaine-roman-csil\/\">\n\t\t\t\t\t\t<span class=\"elementor-button-content-wrapper\">\n\t\t\t\t\t\t\t\t\t<span class=\"elementor-button-text\">En savoir +<\/span>\n\t\t\t\t\t<\/span>\n\t\t\t\t\t<\/a>\n\t\t\t\t<\/div>\n\t\t\t\t\t\t\t\t<\/div>\n\t\t\t\t<\/div>\n\t\t\t\t\t<\/div>\n\t\t<\/div>\n\t\t\t\t<div class=\"elementor-column elementor-col-16 elementor-top-column elementor-element elementor-element-d12abc0\" data-id=\"d12abc0\" data-element_type=\"column\" data-e-type=\"column\">\n\t\t\t<div class=\"elementor-widget-wrap elementor-element-populated\">\n\t\t\t\t\t\t<div class=\"elementor-element elementor-element-696926b elementor-position-top elementor-widget elementor-widget-image-box\" data-id=\"696926b\" data-element_type=\"widget\" data-e-type=\"widget\" data-widget_type=\"image-box.default\">\n\t\t\t\t<div class=\"elementor-widget-container\">\n\t\t\t\t\t<div class=\"elementor-image-box-wrapper\"><figure class=\"elementor-image-box-img\"><a href=\"http:\/\/www.librairie-renaissance.fr\/9782366244229-pendant-ce-temps-lisen-adbage\/\" tabindex=\"-1\"><img loading=\"lazy\" decoding=\"async\" width=\"150\" height=\"150\" src=\"https:\/\/festival-livre-jeunesse.fr\/2021\/wp-content\/uploads\/2021\/01\/9782366244229-0-6058994-150x150.jpg\" class=\"attachment-thumbnail size-thumbnail wp-image-8220\" alt=\"\" \/><\/a><\/figure><div class=\"elementor-image-box-content\"><h3 class=\"elementor-image-box-title\"><a href=\"http:\/\/www.librairie-renaissance.fr\/9782366244229-pendant-ce-temps-lisen-adbage\/\">Pendant ce temps<\/a><\/h3><p class=\"elementor-image-box-description\">de <b>Lisen Adbage<\/b><br>\n\nCet album prim\u00e9 en Su\u00e8de rel\u00e8ve le d\u00e9fi de raconter aux enfants un instant sur Terre : l'infinit\u00e9 de ce qui s'y passe \u00e0 chaque instant, le d\u00e9calage horaire, le quotidien de chacun d'un bout \u00e0 l'autre du globe. Pendant que tu enfiles tes habits, une personne donne \u00e0 manger \u00e0 son chien, une autre joue au foot, une autre voyage en bus...\n\n\n\n\n\n\n\n\n\n<\/p><\/div><\/div>\t\t\t\t<\/div>\n\t\t\t\t<\/div>\n\t\t\t\t<div class=\"elementor-element elementor-element-41a421f elementor-widget elementor-widget-button\" data-id=\"41a421f\" data-element_type=\"widget\" data-e-type=\"widget\" data-widget_type=\"button.default\">\n\t\t\t\t<div class=\"elementor-widget-container\">\n\t\t\t\t\t\t\t\t\t<div class=\"elementor-button-wrapper\">\n\t\t\t\t\t<a class=\"elementor-button elementor-button-link elementor-size-sm\" href=\"http:\/\/www.librairie-renaissance.fr\/9782366244229-pendant-ce-temps-lisen-adbage\/\">\n\t\t\t\t\t\t<span class=\"elementor-button-content-wrapper\">\n\t\t\t\t\t\t\t\t\t<span class=\"elementor-button-text\">En savoir +<\/span>\n\t\t\t\t\t<\/span>\n\t\t\t\t\t<\/a>\n\t\t\t\t<\/div>\n\t\t\t\t\t\t\t\t<\/div>\n\t\t\t\t<\/div>\n\t\t\t\t\t<\/div>\n\t\t<\/div>\n\t\t\t\t<div class=\"elementor-column elementor-col-16 elementor-top-column elementor-element elementor-element-78f7fea\" data-id=\"78f7fea\" data-element_type=\"column\" data-e-type=\"column\">\n\t\t\t<div class=\"elementor-widget-wrap elementor-element-populated\">\n\t\t\t\t\t\t<div class=\"elementor-element elementor-element-da2a0fc elementor-position-top elementor-widget elementor-widget-image-box\" data-id=\"da2a0fc\" data-element_type=\"widget\" data-e-type=\"widget\" data-widget_type=\"image-box.default\">\n\t\t\t\t<div class=\"elementor-widget-container\">\n\t\t\t\t\t<div class=\"elementor-image-box-wrapper\"><figure class=\"elementor-image-box-img\"><a href=\"http:\/\/www.librairie-renaissance.fr\/9791097340087-petit-eloge-de-la-lenteur-doucey-zau\/\" tabindex=\"-1\"><img loading=\"lazy\" decoding=\"async\" width=\"150\" height=\"150\" src=\"https:\/\/festival-livre-jeunesse.fr\/2021\/wp-content\/uploads\/2021\/01\/9791097340087-0-6321660-150x150.jpg\" class=\"attachment-thumbnail size-thumbnail wp-image-8237\" alt=\"\" \/><\/a><\/figure><div class=\"elementor-image-box-content\"><h3 class=\"elementor-image-box-title\"><a href=\"http:\/\/www.librairie-renaissance.fr\/9791097340087-petit-eloge-de-la-lenteur-doucey-zau\/\">Petit \u00e9loge de la lenteur<\/a><\/h3><p class=\"elementor-image-box-description\">de <b>-Bruno Doucey et Zau<\/b><br>\n\n\n\u00c0 tous les \u00e2ges de la vie, il y a toujours quelqu'un qui nous demande de nous d\u00e9p\u00eacher, d'aller plus vite. Notre civilisation occidentale a le culte de la vitesse et voudrait nous l'imposer comme mod\u00e8le incontournable. Sous forme de textes courts, parfois d'aphorismes, ce livre nous rappelle avec malice et po\u00e9sie que beaucoup d'actes de notre vie ne peuvent s'effectuer que dans la lenteur : Na\u00eetre, Lire, R\u00eaver, Aimer...\n<\/p><\/div><\/div>\t\t\t\t<\/div>\n\t\t\t\t<\/div>\n\t\t\t\t<div class=\"elementor-element elementor-element-42108fc elementor-widget elementor-widget-button\" data-id=\"42108fc\" data-element_type=\"widget\" data-e-type=\"widget\" data-widget_type=\"button.default\">\n\t\t\t\t<div class=\"elementor-widget-container\">\n\t\t\t\t\t\t\t\t\t<div class=\"elementor-button-wrapper\">\n\t\t\t\t\t<a class=\"elementor-button elementor-button-link elementor-size-sm\" href=\"http:\/\/www.librairie-renaissance.fr\/9791097340087-petit-eloge-de-la-lenteur-doucey-zau\/\">\n\t\t\t\t\t\t<span class=\"elementor-button-content-wrapper\">\n\t\t\t\t\t\t\t\t\t<span class=\"elementor-button-text\">En savoir +<\/span>\n\t\t\t\t\t<\/span>\n\t\t\t\t\t<\/a>\n\t\t\t\t<\/div>\n\t\t\t\t\t\t\t\t<\/div>\n\t\t\t\t<\/div>\n\t\t\t\t\t<\/div>\n\t\t<\/div>\n\t\t\t\t<div class=\"elementor-column elementor-col-16 elementor-top-column elementor-element elementor-element-def33c8\" data-id=\"def33c8\" data-element_type=\"column\" data-e-type=\"column\">\n\t\t\t<div class=\"elementor-widget-wrap elementor-element-populated\">\n\t\t\t\t\t\t<div class=\"elementor-element elementor-element-244ec77 elementor-position-top elementor-widget elementor-widget-image-box\" data-id=\"244ec77\" data-element_type=\"widget\" data-e-type=\"widget\" data-widget_type=\"image-box.default\">\n\t\t\t\t<div class=\"elementor-widget-container\">\n\t\t\t\t\t<div class=\"elementor-image-box-wrapper\"><figure class=\"elementor-image-box-img\"><a href=\"http:\/\/www.librairie-renaissance.fr\/9782075131025-la-petite-fille-et-le-temps-louise-greig-ashling-lindsay\/\" tabindex=\"-1\"><img loading=\"lazy\" decoding=\"async\" width=\"150\" height=\"150\" src=\"https:\/\/festival-livre-jeunesse.fr\/2021\/wp-content\/uploads\/2021\/01\/9782075131025-0-6240462-150x150.jpg\" class=\"attachment-thumbnail size-thumbnail wp-image-8253\" alt=\"\" \/><\/a><\/figure><div class=\"elementor-image-box-content\"><h3 class=\"elementor-image-box-title\"><a href=\"http:\/\/www.librairie-renaissance.fr\/9782075131025-la-petite-fille-et-le-temps-louise-greig-ashling-lindsay\/\">La petite fille et le temps<\/a><\/h3><p class=\"elementor-image-box-description\">de <b>Louise Greig et Ashling Lindsay<\/b><br>\n\nTic-tac, tic-tac. La rue gronde. Tic-tac, tic-tac. Les tramways grognent. La ville est trop occup\u00e9e : Lise sait qu'il est temps d'arr\u00eater l'horloge et de figer le temps. Pendant cette seconde suspendue, la petite fille r\u00e9concilie deux dames dans la rue, sauve un petit chat, retrouve un doudou \u00e9gar\u00e9... Regarder autour de soi, prendre le temps, se r\u00e9concilier, prendre soin d'un autre... et vivre !\n<\/p><\/div><\/div>\t\t\t\t<\/div>\n\t\t\t\t<\/div>\n\t\t\t\t<div class=\"elementor-element elementor-element-c50e7e7 elementor-widget elementor-widget-button\" data-id=\"c50e7e7\" data-element_type=\"widget\" data-e-type=\"widget\" data-widget_type=\"button.default\">\n\t\t\t\t<div class=\"elementor-widget-container\">\n\t\t\t\t\t\t\t\t\t<div class=\"elementor-button-wrapper\">\n\t\t\t\t\t<a class=\"elementor-button elementor-button-link elementor-size-sm\" href=\"http:\/\/www.librairie-renaissance.fr\/9782075131025-la-petite-fille-et-le-temps-louise-greig-ashling-lindsay\/\">\n\t\t\t\t\t\t<span class=\"elementor-button-content-wrapper\">\n\t\t\t\t\t\t\t\t\t<span class=\"elementor-button-text\">En savoir +<\/span>\n\t\t\t\t\t<\/span>\n\t\t\t\t\t<\/a>\n\t\t\t\t<\/div>\n\t\t\t\t\t\t\t\t<\/div>\n\t\t\t\t<\/div>\n\t\t\t\t\t<\/div>\n\t\t<\/div>\n\t\t\t\t\t<\/div>\n\t\t<\/section>\n\t\t\t\t<section class=\"elementor-section elementor-top-section elementor-element elementor-element-ead103e elementor-section-boxed elementor-section-height-default elementor-section-height-default\" data-id=\"ead103e\" data-element_type=\"section\" data-e-type=\"section\">\n\t\t\t\t\t\t<div class=\"elementor-container elementor-column-gap-default\">\n\t\t\t\t\t<div class=\"elementor-column elementor-col-16 elementor-top-column elementor-element elementor-element-3786924\" data-id=\"3786924\" data-element_type=\"column\" data-e-type=\"column\">\n\t\t\t<div class=\"elementor-widget-wrap elementor-element-populated\">\n\t\t\t\t\t\t<div class=\"elementor-element elementor-element-96522c9 elementor-position-top elementor-widget elementor-widget-image-box\" data-id=\"96522c9\" data-element_type=\"widget\" data-e-type=\"widget\" data-widget_type=\"image-box.default\">\n\t\t\t\t<div class=\"elementor-widget-container\">\n\t\t\t\t\t<div class=\"elementor-image-box-wrapper\"><figure class=\"elementor-image-box-img\"><a href=\"http:\/\/www.librairie-renaissance.fr\/9782889082186-que-s-est-il-passe-nicolette-humbert\/\" tabindex=\"-1\"><img loading=\"lazy\" decoding=\"async\" width=\"150\" height=\"150\" src=\"https:\/\/festival-livre-jeunesse.fr\/2021\/wp-content\/uploads\/2021\/01\/9782889082186-0-2019843-150x150.jpg\" class=\"attachment-thumbnail size-thumbnail wp-image-8272\" alt=\"\" \/><\/a><\/figure><div class=\"elementor-image-box-content\"><h3 class=\"elementor-image-box-title\"><a href=\"http:\/\/www.librairie-renaissance.fr\/9782889082186-que-s-est-il-passe-nicolette-humbert\/\">Que s\u2019est-il pass\u00e9 ?<\/a><\/h3><p class=\"elementor-image-box-description\">de <b>Nicolette Humbert<\/b><br>\n\nLa talentueuse photographe Nicolette Humbert s'est amus\u00e9e \u00e0 un avant-apr\u00e8s original. Sur la page de gauche une situation initiale chamboul\u00e9e sur la page de droite par un \u00e9v\u00e9nement ext\u00e9rieur : le ch\u00e2teau de sable renvers\u00e9 par une vague, le pommier plein de fruits puis apr\u00e8s la cueillette, la piscine vide qui se remplit. La subtilit\u00e9 du livre tient au fait que l'action n'est pas repr\u00e9sent\u00e9e, elle est entre deux pages. Au lecteur de deviner. Une lecture et un jeu \u00e0 partager avec les plus petits.\n\n\n\n\n\n\n\n\n\n\n\n<\/p><\/div><\/div>\t\t\t\t<\/div>\n\t\t\t\t<\/div>\n\t\t\t\t<div class=\"elementor-element elementor-element-5205f3e elementor-widget elementor-widget-button\" data-id=\"5205f3e\" data-element_type=\"widget\" data-e-type=\"widget\" data-widget_type=\"button.default\">\n\t\t\t\t<div class=\"elementor-widget-container\">\n\t\t\t\t\t\t\t\t\t<div class=\"elementor-button-wrapper\">\n\t\t\t\t\t<a class=\"elementor-button elementor-button-link elementor-size-sm\" href=\"http:\/\/www.librairie-renaissance.fr\/9782889082186-que-s-est-il-passe-nicolette-humbert\/\">\n\t\t\t\t\t\t<span class=\"elementor-button-content-wrapper\">\n\t\t\t\t\t\t\t\t\t<span class=\"elementor-button-text\">En savoir +<\/span>\n\t\t\t\t\t<\/span>\n\t\t\t\t\t<\/a>\n\t\t\t\t<\/div>\n\t\t\t\t\t\t\t\t<\/div>\n\t\t\t\t<\/div>\n\t\t\t\t\t<\/div>\n\t\t<\/div>\n\t\t\t\t<div class=\"elementor-column elementor-col-16 elementor-top-column elementor-element elementor-element-b1ab5ee\" data-id=\"b1ab5ee\" data-element_type=\"column\" data-e-type=\"column\">\n\t\t\t<div class=\"elementor-widget-wrap elementor-element-populated\">\n\t\t\t\t\t\t<div class=\"elementor-element elementor-element-b09374a elementor-position-top elementor-widget elementor-widget-image-box\" data-id=\"b09374a\" data-element_type=\"widget\" data-e-type=\"widget\" data-widget_type=\"image-box.default\">\n\t\t\t\t<div class=\"elementor-widget-container\">\n\t\t\t\t\t<div class=\"elementor-image-box-wrapper\"><figure class=\"elementor-image-box-img\"><a href=\"http:\/\/www.librairie-renaissance.fr\/9791096067251-sur-le-chemin-de-l-ecole-anne-loyer-lili-labaleine\/\" tabindex=\"-1\"><img loading=\"lazy\" decoding=\"async\" width=\"150\" height=\"150\" src=\"https:\/\/festival-livre-jeunesse.fr\/2021\/wp-content\/uploads\/2021\/01\/9791096067251-0-6762469-150x150.jpg\" class=\"attachment-thumbnail size-thumbnail wp-image-8288\" alt=\"\" \/><\/a><\/figure><div class=\"elementor-image-box-content\"><h3 class=\"elementor-image-box-title\"><a href=\"http:\/\/www.librairie-renaissance.fr\/9791096067251-sur-le-chemin-de-l-ecole-anne-loyer-lili-labaleine\/\">Sur le chemin de l\u2019\u00e9cole<\/a><\/h3><p class=\"elementor-image-box-description\">de <b>Anne Loyer- et Lili Labaleine<\/b><br>\n\nVoici l'histoire d'Ada, une petite fille que l'on presse encore et toujours chaque jour. Sur le chemin de l'\u00e9cole, Ada est tiraill\u00e9e entre ses r\u00eaveries et l'heure de la sonnerie...\n\n\n\n\n\n\n\n\n\n\n\n\n\n\n<\/p><\/div><\/div>\t\t\t\t<\/div>\n\t\t\t\t<\/div>\n\t\t\t\t<div class=\"elementor-element elementor-element-a389892 elementor-widget elementor-widget-button\" data-id=\"a389892\" data-element_type=\"widget\" data-e-type=\"widget\" data-widget_type=\"button.default\">\n\t\t\t\t<div class=\"elementor-widget-container\">\n\t\t\t\t\t\t\t\t\t<div class=\"elementor-button-wrapper\">\n\t\t\t\t\t<a class=\"elementor-button elementor-button-link elementor-size-sm\" href=\"http:\/\/www.librairie-renaissance.fr\/9791096067251-sur-le-chemin-de-l-ecole-anne-loyer-lili-labaleine\/\">\n\t\t\t\t\t\t<span class=\"elementor-button-content-wrapper\">\n\t\t\t\t\t\t\t\t\t<span class=\"elementor-button-text\">En savoir +<\/span>\n\t\t\t\t\t<\/span>\n\t\t\t\t\t<\/a>\n\t\t\t\t<\/div>\n\t\t\t\t\t\t\t\t<\/div>\n\t\t\t\t<\/div>\n\t\t\t\t\t<\/div>\n\t\t<\/div>\n\t\t\t\t<div class=\"elementor-column elementor-col-16 elementor-top-column elementor-element elementor-element-7256327\" data-id=\"7256327\" data-element_type=\"column\" data-e-type=\"column\">\n\t\t\t<div class=\"elementor-widget-wrap elementor-element-populated\">\n\t\t\t\t\t\t<div class=\"elementor-element elementor-element-aeddd2f elementor-position-top elementor-widget elementor-widget-image-box\" data-id=\"aeddd2f\" data-element_type=\"widget\" data-e-type=\"widget\" data-widget_type=\"image-box.default\">\n\t\t\t\t<div class=\"elementor-widget-container\">\n\t\t\t\t\t<div class=\"elementor-image-box-wrapper\"><figure class=\"elementor-image-box-img\"><a href=\"http:\/\/www.librairie-renaissance.fr\/9782355045882-vite-vite-vite-perrin\/\" tabindex=\"-1\"><img loading=\"lazy\" decoding=\"async\" width=\"150\" height=\"150\" src=\"https:\/\/festival-livre-jeunesse.fr\/2021\/wp-content\/uploads\/2021\/01\/9782355045882-0-6053407-150x150.jpg\" class=\"attachment-thumbnail size-thumbnail wp-image-8304\" alt=\"\" \/><\/a><\/figure><div class=\"elementor-image-box-content\"><h3 class=\"elementor-image-box-title\"><a href=\"http:\/\/www.librairie-renaissance.fr\/9782355045882-vite-vite-vite-perrin\/\">Vite vite vite<\/a><\/h3><p class=\"elementor-image-box-description\">de <b>Clotilde Perrin<\/b><br><br>\n\nC'est une histoire qui va \u00e0 mille \u00e0 l'heure... jusqu'\u00e0 ce que tout bascule ! Le r\u00e9veil sonne, le petit h\u00e9ros se h\u00e2te, habillage et brossage de dents vite exp\u00e9di\u00e9s, petit-d\u00e9jeuner oubli\u00e9. La journ\u00e9e commence sur les chapeaux de roue... \u00e0 bord d'un bus express. Puis il poursuit sa course effr\u00e9n\u00e9e sur un hors-bord pour tenter d'embarquer \u00e0 bord d'un avion ultrasonique... Mais notre personnage ne court pas encore assez vite, il n'a plus qu'\u00e0 faire demi-tour. Et l\u00e0, seul sur le chemin, il prend son temps. Il peut enfin \u00e9couter le ronron du chat ou sentir une goutte de pluie tomber sur sa peau. \n\n\n\n\n\n\n\n\n\n\n\n<\/p><\/div><\/div>\t\t\t\t<\/div>\n\t\t\t\t<\/div>\n\t\t\t\t<div class=\"elementor-element elementor-element-5869590 elementor-widget elementor-widget-button\" data-id=\"5869590\" data-element_type=\"widget\" data-e-type=\"widget\" data-widget_type=\"button.default\">\n\t\t\t\t<div class=\"elementor-widget-container\">\n\t\t\t\t\t\t\t\t\t<div class=\"elementor-button-wrapper\">\n\t\t\t\t\t<a class=\"elementor-button elementor-button-link elementor-size-sm\" href=\"http:\/\/www.librairie-renaissance.fr\/9782355045882-vite-vite-vite-perrin\/\">\n\t\t\t\t\t\t<span class=\"elementor-button-content-wrapper\">\n\t\t\t\t\t\t\t\t\t<span class=\"elementor-button-text\">En savoir +<\/span>\n\t\t\t\t\t<\/span>\n\t\t\t\t\t<\/a>\n\t\t\t\t<\/div>\n\t\t\t\t\t\t\t\t<\/div>\n\t\t\t\t<\/div>\n\t\t\t\t\t<\/div>\n\t\t<\/div>\n\t\t\t\t<div class=\"elementor-column elementor-col-16 elementor-top-column elementor-element elementor-element-14c923c\" data-id=\"14c923c\" data-element_type=\"column\" data-e-type=\"column\">\n\t\t\t<div class=\"elementor-widget-wrap\">\n\t\t\t\t\t\t\t<\/div>\n\t\t<\/div>\n\t\t\t\t<div class=\"elementor-column elementor-col-16 elementor-top-column elementor-element elementor-element-bf40eb8\" data-id=\"bf40eb8\" data-element_type=\"column\" data-e-type=\"column\">\n\t\t\t<div class=\"elementor-widget-wrap\">\n\t\t\t\t\t\t\t<\/div>\n\t\t<\/div>\n\t\t\t\t<div class=\"elementor-column elementor-col-16 elementor-top-column elementor-element elementor-element-579f271\" data-id=\"579f271\" data-element_type=\"column\" data-e-type=\"column\">\n\t\t\t<div class=\"elementor-widget-wrap\">\n\t\t\t\t\t\t\t<\/div>\n\t\t<\/div>\n\t\t\t\t\t<\/div>\n\t\t<\/section>\n\t\t\t\t<section class=\"elementor-section elementor-top-section elementor-element elementor-element-49d727d elementor-section-boxed elementor-section-height-default elementor-section-height-default\" data-id=\"49d727d\" data-element_type=\"section\" data-e-type=\"section\">\n\t\t\t\t\t\t<div class=\"elementor-container elementor-column-gap-default\">\n\t\t\t\t\t<div class=\"elementor-column elementor-col-100 elementor-top-column elementor-element elementor-element-eb7c2c6\" data-id=\"eb7c2c6\" data-element_type=\"column\" data-e-type=\"column\">\n\t\t\t<div class=\"elementor-widget-wrap elementor-element-populated\">\n\t\t\t\t\t\t<div class=\"elementor-element elementor-element-4a5e89d elementor-widget elementor-widget-spacer\" data-id=\"4a5e89d\" data-element_type=\"widget\" data-e-type=\"widget\" data-widget_type=\"spacer.default\">\n\t\t\t\t<div class=\"elementor-widget-container\">\n\t\t\t\t\t\t\t<div class=\"elementor-spacer\">\n\t\t\t<div class=\"elementor-spacer-inner\"><\/div>\n\t\t<\/div>\n\t\t\t\t\t\t<\/div>\n\t\t\t\t<\/div>\n\t\t\t\t\t<\/div>\n\t\t<\/div>\n\t\t\t\t\t<\/div>\n\t\t<\/section>\n\t\t\t\t<\/div>\n\t\t","protected":false},"excerpt":{"rendered":"<p>Prendre le temps 1 temps de Henri Meunier et Aurore Petit Temps avec un \u00ab\u00a0s\u00a0\u00bb pluriel \u00e0 la fin, comme si le temps \u00e9tait multiple. Henri Meunier prend le mot au pied de la lettre pour donner, avec une seule image qui se construit au fil du livre, au temps mille facettes, mille mani\u00e8res de &hellip;<\/p>\n<p class=\"read-more\"> <a class=\"\" href=\"https:\/\/festival-livre-jeunesse.fr\/2021\/prendre-le-temps\/\"> <span class=\"screen-reader-text\">Prendre le temps<\/span> Lire la suite\u00a0\u00bb<\/a><\/p>\n","protected":false},"author":1,"featured_media":0,"parent":0,"menu_order":0,"comment_status":"closed","ping_status":"closed","template":"","meta":{"_uag_custom_page_level_css":"","footnotes":""},"class_list":["post-7890","page","type-page","status-publish","hentry"],"yoast_head":"<!-- This site is optimized with the Yoast SEO plugin v25.3.1 - https:\/\/yoast.com\/wordpress\/plugins\/seo\/ -->\n<title>Prendre le temps - Festival du Livre de Jeunesse Occitanie<\/title>\n<meta name=\"robots\" content=\"index, follow, max-snippet:-1, max-image-preview:large, max-video-preview:-1\" \/>\n<link rel=\"canonical\" href=\"https:\/\/festival-livre-jeunesse.fr\/2021\/prendre-le-temps\/\" \/>\n<meta property=\"og:locale\" content=\"fr_FR\" \/>\n<meta property=\"og:type\" content=\"article\" \/>\n<meta property=\"og:title\" content=\"Prendre le temps - Festival du Livre de Jeunesse Occitanie\" \/>\n<meta property=\"og:description\" content=\"Prendre le temps 1 temps de Henri Meunier et Aurore Petit Temps avec un \u00ab\u00a0s\u00a0\u00bb pluriel \u00e0 la fin, comme si le temps \u00e9tait multiple. Henri Meunier prend le mot au pied de la lettre pour donner, avec une seule image qui se construit au fil du livre, au temps mille facettes, mille mani\u00e8res de &hellip; Prendre le temps Lire la suite\u00a0\u00bb\" \/>\n<meta property=\"og:url\" content=\"https:\/\/festival-livre-jeunesse.fr\/2021\/prendre-le-temps\/\" \/>\n<meta property=\"og:site_name\" content=\"Festival du Livre de Jeunesse Occitanie\" \/>\n<meta property=\"article:modified_time\" content=\"2021-01-25T12:04:53+00:00\" \/>\n<meta property=\"og:image\" content=\"http:\/\/festival-livre-jeunesse.fr\/2021\/wp-content\/uploads\/elementor\/thumbs\/9782812615955-0-4876342-p1vr0oe31dlrc25xgw3pdygkq9v7tsl0n9zddw2hu2.jpg\" \/>\n<meta name=\"twitter:card\" content=\"summary_large_image\" \/>\n<meta name=\"twitter:label1\" content=\"Dur\u00e9e de lecture estim\u00e9e\" \/>\n\t<meta name=\"twitter:data1\" content=\"10 minutes\" \/>\n<script type=\"application\/ld+json\" class=\"yoast-schema-graph\">{\"@context\":\"https:\/\/schema.org\",\"@graph\":[{\"@type\":\"WebPage\",\"@id\":\"https:\/\/festival-livre-jeunesse.fr\/2021\/prendre-le-temps\/\",\"url\":\"https:\/\/festival-livre-jeunesse.fr\/2021\/prendre-le-temps\/\",\"name\":\"Prendre le temps - Festival du Livre de Jeunesse Occitanie\",\"isPartOf\":{\"@id\":\"https:\/\/festival-livre-jeunesse.fr\/2021\/#website\"},\"primaryImageOfPage\":{\"@id\":\"https:\/\/festival-livre-jeunesse.fr\/2021\/prendre-le-temps\/#primaryimage\"},\"image\":{\"@id\":\"https:\/\/festival-livre-jeunesse.fr\/2021\/prendre-le-temps\/#primaryimage\"},\"thumbnailUrl\":\"http:\/\/festival-livre-jeunesse.fr\/2021\/wp-content\/uploads\/elementor\/thumbs\/9782812615955-0-4876342-p1vr0oe31dlrc25xgw3pdygkq9v7tsl0n9zddw2hu2.jpg\",\"datePublished\":\"2021-01-23T19:24:51+00:00\",\"dateModified\":\"2021-01-25T12:04:53+00:00\",\"breadcrumb\":{\"@id\":\"https:\/\/festival-livre-jeunesse.fr\/2021\/prendre-le-temps\/#breadcrumb\"},\"inLanguage\":\"fr-FR\",\"potentialAction\":[{\"@type\":\"ReadAction\",\"target\":[\"https:\/\/festival-livre-jeunesse.fr\/2021\/prendre-le-temps\/\"]}]},{\"@type\":\"ImageObject\",\"inLanguage\":\"fr-FR\",\"@id\":\"https:\/\/festival-livre-jeunesse.fr\/2021\/prendre-le-temps\/#primaryimage\",\"url\":\"http:\/\/festival-livre-jeunesse.fr\/2021\/wp-content\/uploads\/elementor\/thumbs\/9782812615955-0-4876342-p1vr0oe31dlrc25xgw3pdygkq9v7tsl0n9zddw2hu2.jpg\",\"contentUrl\":\"http:\/\/festival-livre-jeunesse.fr\/2021\/wp-content\/uploads\/elementor\/thumbs\/9782812615955-0-4876342-p1vr0oe31dlrc25xgw3pdygkq9v7tsl0n9zddw2hu2.jpg\"},{\"@type\":\"BreadcrumbList\",\"@id\":\"https:\/\/festival-livre-jeunesse.fr\/2021\/prendre-le-temps\/#breadcrumb\",\"itemListElement\":[{\"@type\":\"ListItem\",\"position\":1,\"name\":\"Accueil\",\"item\":\"https:\/\/festival-livre-jeunesse.fr\/2021\/\"},{\"@type\":\"ListItem\",\"position\":2,\"name\":\"Prendre le temps\"}]},{\"@type\":\"WebSite\",\"@id\":\"https:\/\/festival-livre-jeunesse.fr\/2021\/#website\",\"url\":\"https:\/\/festival-livre-jeunesse.fr\/2021\/\",\"name\":\"Festival du Livre de Jeunesse Occitanie\",\"description\":\"19\u00e8me \u00e9dition\",\"potentialAction\":[{\"@type\":\"SearchAction\",\"target\":{\"@type\":\"EntryPoint\",\"urlTemplate\":\"https:\/\/festival-livre-jeunesse.fr\/2021\/?s={search_term_string}\"},\"query-input\":{\"@type\":\"PropertyValueSpecification\",\"valueRequired\":true,\"valueName\":\"search_term_string\"}}],\"inLanguage\":\"fr-FR\"}]}<\/script>\n<!-- \/ Yoast SEO plugin. -->","yoast_head_json":{"title":"Prendre le temps - Festival du Livre de Jeunesse Occitanie","robots":{"index":"index","follow":"follow","max-snippet":"max-snippet:-1","max-image-preview":"max-image-preview:large","max-video-preview":"max-video-preview:-1"},"canonical":"https:\/\/festival-livre-jeunesse.fr\/2021\/prendre-le-temps\/","og_locale":"fr_FR","og_type":"article","og_title":"Prendre le temps - Festival du Livre de Jeunesse Occitanie","og_description":"Prendre le temps 1 temps de Henri Meunier et Aurore Petit Temps avec un \u00ab\u00a0s\u00a0\u00bb pluriel \u00e0 la fin, comme si le temps \u00e9tait multiple. Henri Meunier prend le mot au pied de la lettre pour donner, avec une seule image qui se construit au fil du livre, au temps mille facettes, mille mani\u00e8res de &hellip; Prendre le temps Lire la suite\u00a0\u00bb","og_url":"https:\/\/festival-livre-jeunesse.fr\/2021\/prendre-le-temps\/","og_site_name":"Festival du Livre de Jeunesse Occitanie","article_modified_time":"2021-01-25T12:04:53+00:00","og_image":[{"url":"http:\/\/festival-livre-jeunesse.fr\/2021\/wp-content\/uploads\/elementor\/thumbs\/9782812615955-0-4876342-p1vr0oe31dlrc25xgw3pdygkq9v7tsl0n9zddw2hu2.jpg","type":"","width":"","height":""}],"twitter_card":"summary_large_image","twitter_misc":{"Dur\u00e9e de lecture estim\u00e9e":"10 minutes"},"schema":{"@context":"https:\/\/schema.org","@graph":[{"@type":"WebPage","@id":"https:\/\/festival-livre-jeunesse.fr\/2021\/prendre-le-temps\/","url":"https:\/\/festival-livre-jeunesse.fr\/2021\/prendre-le-temps\/","name":"Prendre le temps - Festival du Livre de Jeunesse Occitanie","isPartOf":{"@id":"https:\/\/festival-livre-jeunesse.fr\/2021\/#website"},"primaryImageOfPage":{"@id":"https:\/\/festival-livre-jeunesse.fr\/2021\/prendre-le-temps\/#primaryimage"},"image":{"@id":"https:\/\/festival-livre-jeunesse.fr\/2021\/prendre-le-temps\/#primaryimage"},"thumbnailUrl":"http:\/\/festival-livre-jeunesse.fr\/2021\/wp-content\/uploads\/elementor\/thumbs\/9782812615955-0-4876342-p1vr0oe31dlrc25xgw3pdygkq9v7tsl0n9zddw2hu2.jpg","datePublished":"2021-01-23T19:24:51+00:00","dateModified":"2021-01-25T12:04:53+00:00","breadcrumb":{"@id":"https:\/\/festival-livre-jeunesse.fr\/2021\/prendre-le-temps\/#breadcrumb"},"inLanguage":"fr-FR","potentialAction":[{"@type":"ReadAction","target":["https:\/\/festival-livre-jeunesse.fr\/2021\/prendre-le-temps\/"]}]},{"@type":"ImageObject","inLanguage":"fr-FR","@id":"https:\/\/festival-livre-jeunesse.fr\/2021\/prendre-le-temps\/#primaryimage","url":"http:\/\/festival-livre-jeunesse.fr\/2021\/wp-content\/uploads\/elementor\/thumbs\/9782812615955-0-4876342-p1vr0oe31dlrc25xgw3pdygkq9v7tsl0n9zddw2hu2.jpg","contentUrl":"http:\/\/festival-livre-jeunesse.fr\/2021\/wp-content\/uploads\/elementor\/thumbs\/9782812615955-0-4876342-p1vr0oe31dlrc25xgw3pdygkq9v7tsl0n9zddw2hu2.jpg"},{"@type":"BreadcrumbList","@id":"https:\/\/festival-livre-jeunesse.fr\/2021\/prendre-le-temps\/#breadcrumb","itemListElement":[{"@type":"ListItem","position":1,"name":"Accueil","item":"https:\/\/festival-livre-jeunesse.fr\/2021\/"},{"@type":"ListItem","position":2,"name":"Prendre le temps"}]},{"@type":"WebSite","@id":"https:\/\/festival-livre-jeunesse.fr\/2021\/#website","url":"https:\/\/festival-livre-jeunesse.fr\/2021\/","name":"Festival du Livre de Jeunesse Occitanie","description":"19\u00e8me \u00e9dition","potentialAction":[{"@type":"SearchAction","target":{"@type":"EntryPoint","urlTemplate":"https:\/\/festival-livre-jeunesse.fr\/2021\/?s={search_term_string}"},"query-input":{"@type":"PropertyValueSpecification","valueRequired":true,"valueName":"search_term_string"}}],"inLanguage":"fr-FR"}]}},"uagb_featured_image_src":{"full":false,"thumbnail":false,"medium":false,"medium_large":false,"large":false,"1536x1536":false,"2048x2048":false},"uagb_author_info":{"display_name":"festival","author_link":"https:\/\/festival-livre-jeunesse.fr\/2021\/author\/festival\/"},"uagb_comment_info":0,"uagb_excerpt":"Prendre le temps 1 temps de Henri Meunier et Aurore Petit Temps avec un \u00ab\u00a0s\u00a0\u00bb pluriel \u00e0 la fin, comme si le temps \u00e9tait multiple. Henri Meunier prend le mot au pied de la lettre pour donner, avec une seule image qui se construit au fil du livre, au temps mille facettes, mille mani\u00e8res de\u2026","_links":{"self":[{"href":"https:\/\/festival-livre-jeunesse.fr\/2021\/wp-json\/wp\/v2\/pages\/7890","targetHints":{"allow":["GET"]}}],"collection":[{"href":"https:\/\/festival-livre-jeunesse.fr\/2021\/wp-json\/wp\/v2\/pages"}],"about":[{"href":"https:\/\/festival-livre-jeunesse.fr\/2021\/wp-json\/wp\/v2\/types\/page"}],"author":[{"embeddable":true,"href":"https:\/\/festival-livre-jeunesse.fr\/2021\/wp-json\/wp\/v2\/users\/1"}],"replies":[{"embeddable":true,"href":"https:\/\/festival-livre-jeunesse.fr\/2021\/wp-json\/wp\/v2\/comments?post=7890"}],"version-history":[{"count":349,"href":"https:\/\/festival-livre-jeunesse.fr\/2021\/wp-json\/wp\/v2\/pages\/7890\/revisions"}],"predecessor-version":[{"id":8322,"href":"https:\/\/festival-livre-jeunesse.fr\/2021\/wp-json\/wp\/v2\/pages\/7890\/revisions\/8322"}],"wp:attachment":[{"href":"https:\/\/festival-livre-jeunesse.fr\/2021\/wp-json\/wp\/v2\/media?parent=7890"}],"curies":[{"name":"wp","href":"https:\/\/api.w.org\/{rel}","templated":true}]}}