{"id":9452,"date":"2021-02-08T14:13:38","date_gmt":"2021-02-08T13:13:38","guid":{"rendered":"https:\/\/festival-livre-jeunesse.fr\/2021\/?page_id=9452"},"modified":"2021-02-08T16:46:01","modified_gmt":"2021-02-08T15:46:01","slug":"coup-de-projecteur-sur-la-jeune-creation-regionale","status":"publish","type":"page","link":"https:\/\/festival-livre-jeunesse.fr\/2021\/coup-de-projecteur-sur-la-jeune-creation-regionale\/","title":{"rendered":"Coup de projecteur sur la jeune cr\u00e9ation r\u00e9gionale"},"content":{"rendered":"\t\t<div data-elementor-type=\"wp-page\" data-elementor-id=\"9452\" class=\"elementor elementor-9452\">\n\t\t\t\t\t\t<section class=\"elementor-section elementor-top-section elementor-element elementor-element-64c5f46d elementor-section-boxed elementor-section-height-default elementor-section-height-default\" data-id=\"64c5f46d\" data-element_type=\"section\" data-e-type=\"section\">\n\t\t\t\t\t\t<div class=\"elementor-container elementor-column-gap-default\">\n\t\t\t\t\t<div class=\"elementor-column elementor-col-100 elementor-top-column elementor-element elementor-element-2e7fa465\" data-id=\"2e7fa465\" data-element_type=\"column\" data-e-type=\"column\">\n\t\t\t<div class=\"elementor-widget-wrap elementor-element-populated\">\n\t\t\t\t\t\t<div class=\"elementor-element elementor-element-553cee7 elementor-widget elementor-widget-spacer\" data-id=\"553cee7\" data-element_type=\"widget\" data-e-type=\"widget\" data-widget_type=\"spacer.default\">\n\t\t\t\t<div class=\"elementor-widget-container\">\n\t\t\t\t\t\t\t<div class=\"elementor-spacer\">\n\t\t\t<div class=\"elementor-spacer-inner\"><\/div>\n\t\t<\/div>\n\t\t\t\t\t\t<\/div>\n\t\t\t\t<\/div>\n\t\t\t\t\t<\/div>\n\t\t<\/div>\n\t\t\t\t\t<\/div>\n\t\t<\/section>\n\t\t\t\t<section class=\"elementor-section elementor-top-section elementor-element elementor-element-45e6e41b elementor-section-boxed elementor-section-height-default elementor-section-height-default\" data-id=\"45e6e41b\" data-element_type=\"section\" data-e-type=\"section\">\n\t\t\t\t\t\t<div class=\"elementor-container elementor-column-gap-default\">\n\t\t\t\t\t<div class=\"elementor-column elementor-col-100 elementor-top-column elementor-element elementor-element-70c77440\" data-id=\"70c77440\" data-element_type=\"column\" data-e-type=\"column\">\n\t\t\t<div class=\"elementor-widget-wrap elementor-element-populated\">\n\t\t\t\t\t\t<div class=\"elementor-element elementor-element-7764e0c5 elementor-widget elementor-widget-image\" data-id=\"7764e0c5\" data-element_type=\"widget\" data-e-type=\"widget\" data-widget_type=\"image.default\">\n\t\t\t\t<div class=\"elementor-widget-container\">\n\t\t\t\t\t\t\t\t\t\t\t\t\t\t\t<img fetchpriority=\"high\" decoding=\"async\" width=\"512\" height=\"169\" src=\"https:\/\/festival-livre-jeunesse.fr\/2021\/wp-content\/uploads\/2021\/02\/jeune-creation.png\" class=\"attachment-full size-full wp-image-9359\" alt=\"\" \/>\t\t\t\t\t\t\t\t\t\t\t\t\t\t\t<\/div>\n\t\t\t\t<\/div>\n\t\t\t\t\t<\/div>\n\t\t<\/div>\n\t\t\t\t\t<\/div>\n\t\t<\/section>\n\t\t\t\t<section class=\"elementor-section elementor-top-section elementor-element elementor-element-35428127 elementor-section-boxed elementor-section-height-default elementor-section-height-default\" data-id=\"35428127\" data-element_type=\"section\" data-e-type=\"section\">\n\t\t\t\t\t\t<div class=\"elementor-container elementor-column-gap-default\">\n\t\t\t\t\t<div class=\"elementor-column elementor-col-100 elementor-top-column elementor-element elementor-element-5d3769b6\" data-id=\"5d3769b6\" data-element_type=\"column\" data-e-type=\"column\">\n\t\t\t<div class=\"elementor-widget-wrap elementor-element-populated\">\n\t\t\t\t\t\t<div class=\"elementor-element elementor-element-17053de0 elementor-widget elementor-widget-heading\" data-id=\"17053de0\" data-element_type=\"widget\" data-e-type=\"widget\" data-widget_type=\"heading.default\">\n\t\t\t\t<div class=\"elementor-widget-container\">\n\t\t\t\t\t<h3 class=\"elementor-heading-title elementor-size-large\">\"Coup de projecteur sur la jeune cr\u00e9ation r\u00e9gionale\"<\/h3>\t\t\t\t<\/div>\n\t\t\t\t<\/div>\n\t\t\t\t<div class=\"elementor-element elementor-element-10932c6c elementor-widget elementor-widget-heading\" data-id=\"10932c6c\" data-element_type=\"widget\" data-e-type=\"widget\" data-widget_type=\"heading.default\">\n\t\t\t\t<div class=\"elementor-widget-container\">\n\t\t\t\t\t<h3 class=\"elementor-heading-title elementor-size-default\">RENCONTRE AVEC Elis Wilk, Romain Bernard et Silvia Cabaco Lopez<\/h3>\t\t\t\t<\/div>\n\t\t\t\t<\/div>\n\t\t\t\t\t<\/div>\n\t\t<\/div>\n\t\t\t\t\t<\/div>\n\t\t<\/section>\n\t\t\t\t<section class=\"elementor-section elementor-top-section elementor-element elementor-element-2f1e7c47 elementor-section-boxed elementor-section-height-default elementor-section-height-default\" data-id=\"2f1e7c47\" data-element_type=\"section\" data-e-type=\"section\">\n\t\t\t\t\t\t<div class=\"elementor-container elementor-column-gap-default\">\n\t\t\t\t\t<div class=\"elementor-column elementor-col-100 elementor-top-column elementor-element elementor-element-719b9ad0\" data-id=\"719b9ad0\" data-element_type=\"column\" data-e-type=\"column\">\n\t\t\t<div class=\"elementor-widget-wrap elementor-element-populated\">\n\t\t\t\t\t\t<div class=\"elementor-element elementor-element-10797743 elementor-widget elementor-widget-text-editor\" data-id=\"10797743\" data-element_type=\"widget\" data-e-type=\"widget\" data-widget_type=\"text-editor.default\">\n\t\t\t\t<div class=\"elementor-widget-container\">\n\t\t\t\t\t\t\t\t\t<p><strong>Rencontre anim\u00e9e par Martine Abadia, CRILJ Midi-Pyr\u00e9n\u00e9es<\/strong><\/p>\t\t\t\t\t\t\t\t<\/div>\n\t\t\t\t<\/div>\n\t\t\t\t\t<\/div>\n\t\t<\/div>\n\t\t\t\t\t<\/div>\n\t\t<\/section>\n\t\t\t\t<section class=\"elementor-section elementor-top-section elementor-element elementor-element-76df3c1 elementor-section-boxed elementor-section-height-default elementor-section-height-default\" data-id=\"76df3c1\" data-element_type=\"section\" data-e-type=\"section\">\n\t\t\t\t\t\t<div class=\"elementor-container elementor-column-gap-default\">\n\t\t\t\t\t<div class=\"elementor-column elementor-col-100 elementor-top-column elementor-element elementor-element-1c8f81c0\" data-id=\"1c8f81c0\" data-element_type=\"column\" data-e-type=\"column\">\n\t\t\t<div class=\"elementor-widget-wrap elementor-element-populated\">\n\t\t\t\t\t\t<div class=\"elementor-element elementor-element-1c06bf69 elementor-widget elementor-widget-video\" data-id=\"1c06bf69\" data-element_type=\"widget\" data-e-type=\"widget\" data-settings=\"{&quot;video_type&quot;:&quot;hosted&quot;,&quot;controls&quot;:&quot;yes&quot;}\" data-widget_type=\"video.default\">\n\t\t\t\t<div class=\"elementor-widget-container\">\n\t\t\t\t\t\t\t<div class=\"e-hosted-video elementor-wrapper elementor-open-inline\">\n\t\t\t\t\t<video class=\"elementor-video\" src=\"http:\/\/festival-livre-jeunesse.fr\/2021\/wp-content\/uploads\/2021\/02\/FLJ-310121-Rencontre-auteurs-occitanie-BUTT-1.mp3\" controls=\"\" preload=\"metadata\" controlsList=\"nodownload\" poster=\"http:\/\/festival-livre-jeunesse.fr\/2021\/wp-content\/uploads\/2021\/02\/jeune-creation.png\"><\/video>\n\t\t\t\t<\/div>\n\t\t\t\t\t\t<\/div>\n\t\t\t\t<\/div>\n\t\t\t\t\t<\/div>\n\t\t<\/div>\n\t\t\t\t\t<\/div>\n\t\t<\/section>\n\t\t\t\t<section class=\"elementor-section elementor-top-section elementor-element elementor-element-79f70fd elementor-section-boxed elementor-section-height-default elementor-section-height-default\" data-id=\"79f70fd\" data-element_type=\"section\" data-e-type=\"section\">\n\t\t\t\t\t\t<div class=\"elementor-container elementor-column-gap-default\">\n\t\t\t\t\t<div class=\"elementor-column elementor-col-33 elementor-top-column elementor-element elementor-element-3326622\" data-id=\"3326622\" data-element_type=\"column\" data-e-type=\"column\">\n\t\t\t<div class=\"elementor-widget-wrap elementor-element-populated\">\n\t\t\t\t\t\t<div class=\"elementor-element elementor-element-4fcd306 elementor-widget elementor-widget-heading\" data-id=\"4fcd306\" data-element_type=\"widget\" data-e-type=\"widget\" data-widget_type=\"heading.default\">\n\t\t\t\t<div class=\"elementor-widget-container\">\n\t\t\t\t\t<h3 class=\"elementor-heading-title elementor-size-medium\">\"Je suis\", Elis Wilk, Editions beurre sal\u00e9e<\/h3>\t\t\t\t<\/div>\n\t\t\t\t<\/div>\n\t\t\t\t<section class=\"elementor-section elementor-inner-section elementor-element elementor-element-0e8a982 elementor-section-boxed elementor-section-height-default elementor-section-height-default\" data-id=\"0e8a982\" data-element_type=\"section\" data-e-type=\"section\">\n\t\t\t\t\t\t<div class=\"elementor-container elementor-column-gap-default\">\n\t\t\t\t\t<div class=\"elementor-column elementor-col-50 elementor-inner-column elementor-element elementor-element-6cece41\" data-id=\"6cece41\" data-element_type=\"column\" data-e-type=\"column\">\n\t\t\t<div class=\"elementor-widget-wrap elementor-element-populated\">\n\t\t\t\t\t\t<div class=\"elementor-element elementor-element-88390fa elementor-widget elementor-widget-image\" data-id=\"88390fa\" data-element_type=\"widget\" data-e-type=\"widget\" data-widget_type=\"image.default\">\n\t\t\t\t<div class=\"elementor-widget-container\">\n\t\t\t\t\t\t\t\t\t\t\t\t\t\t\t<img decoding=\"async\" width=\"771\" height=\"1080\" src=\"https:\/\/festival-livre-jeunesse.fr\/2021\/wp-content\/uploads\/2021\/01\/JeSuisMaquetteWEB-771x1080.png\" class=\"attachment-large size-large wp-image-5161\" alt=\"\" srcset=\"https:\/\/festival-livre-jeunesse.fr\/2021\/wp-content\/uploads\/2021\/01\/JeSuisMaquetteWEB-771x1080.png 771w, https:\/\/festival-livre-jeunesse.fr\/2021\/wp-content\/uploads\/2021\/01\/JeSuisMaquetteWEB-731x1024.png 731w, https:\/\/festival-livre-jeunesse.fr\/2021\/wp-content\/uploads\/2021\/01\/JeSuisMaquetteWEB-768x1075.png 768w, https:\/\/festival-livre-jeunesse.fr\/2021\/wp-content\/uploads\/2021\/01\/JeSuisMaquetteWEB.png 787w\" sizes=\"(max-width: 771px) 100vw, 771px\" \/>\t\t\t\t\t\t\t\t\t\t\t\t\t\t\t<\/div>\n\t\t\t\t<\/div>\n\t\t\t\t\t<\/div>\n\t\t<\/div>\n\t\t\t\t<div class=\"elementor-column elementor-col-50 elementor-inner-column elementor-element elementor-element-6aaa02a\" data-id=\"6aaa02a\" data-element_type=\"column\" data-e-type=\"column\">\n\t\t\t<div class=\"elementor-widget-wrap elementor-element-populated\">\n\t\t\t\t\t\t<div class=\"elementor-element elementor-element-487e83c elementor-widget elementor-widget-text-editor\" data-id=\"487e83c\" data-element_type=\"widget\" data-e-type=\"widget\" data-widget_type=\"text-editor.default\">\n\t\t\t\t<div class=\"elementor-widget-container\">\n\t\t\t\t\t\t\t\t\t<p>Une balade po\u00e9tique, graphique et color\u00e9e au c\u0153ur des petits instants pr\u00e9cieux de l\u2019existence qui naissent sous les yeux attentifs et curieux des enfants\u2009: un rire, un caillou, une ombre, ces petites choses anodines et pourtant fondamentales.<\/p>\t\t\t\t\t\t\t\t<\/div>\n\t\t\t\t<\/div>\n\t\t\t\t\t<\/div>\n\t\t<\/div>\n\t\t\t\t\t<\/div>\n\t\t<\/section>\n\t\t\t\t\t<\/div>\n\t\t<\/div>\n\t\t\t\t<div class=\"elementor-column elementor-col-33 elementor-top-column elementor-element elementor-element-2f197ec\" data-id=\"2f197ec\" data-element_type=\"column\" data-e-type=\"column\">\n\t\t\t<div class=\"elementor-widget-wrap elementor-element-populated\">\n\t\t\t\t\t\t<div class=\"elementor-element elementor-element-9d38072 elementor-widget elementor-widget-heading\" data-id=\"9d38072\" data-element_type=\"widget\" data-e-type=\"widget\" data-widget_type=\"heading.default\">\n\t\t\t\t<div class=\"elementor-widget-container\">\n\t\t\t\t\t<h3 class=\"elementor-heading-title elementor-size-medium\">\"Jour apr\u00e8s jour\", Romain Bernard, Editions La Martini\u00e8re Jeunesse<\/h3>\t\t\t\t<\/div>\n\t\t\t\t<\/div>\n\t\t\t\t<section class=\"elementor-section elementor-inner-section elementor-element elementor-element-3766da6 elementor-section-boxed elementor-section-height-default elementor-section-height-default\" data-id=\"3766da6\" data-element_type=\"section\" data-e-type=\"section\">\n\t\t\t\t\t\t<div class=\"elementor-container elementor-column-gap-default\">\n\t\t\t\t\t<div class=\"elementor-column elementor-col-50 elementor-inner-column elementor-element elementor-element-fb90954\" data-id=\"fb90954\" data-element_type=\"column\" data-e-type=\"column\">\n\t\t\t<div class=\"elementor-widget-wrap elementor-element-populated\">\n\t\t\t\t\t\t<div class=\"elementor-element elementor-element-9cf2209 elementor-widget elementor-widget-image\" data-id=\"9cf2209\" data-element_type=\"widget\" data-e-type=\"widget\" data-widget_type=\"image.default\">\n\t\t\t\t<div class=\"elementor-widget-container\">\n\t\t\t\t\t\t\t\t\t\t\t\t\t\t\t<img decoding=\"async\" width=\"998\" height=\"800\" src=\"https:\/\/festival-livre-jeunesse.fr\/2021\/wp-content\/uploads\/2020\/12\/142133_couverture_Hres_0-998x800.jpg\" class=\"attachment-large size-large wp-image-3222\" alt=\"\" srcset=\"https:\/\/festival-livre-jeunesse.fr\/2021\/wp-content\/uploads\/2020\/12\/142133_couverture_Hres_0-998x800.jpg 998w, https:\/\/festival-livre-jeunesse.fr\/2021\/wp-content\/uploads\/2020\/12\/142133_couverture_Hres_0-1024x821.jpg 1024w, https:\/\/festival-livre-jeunesse.fr\/2021\/wp-content\/uploads\/2020\/12\/142133_couverture_Hres_0-768x616.jpg 768w, https:\/\/festival-livre-jeunesse.fr\/2021\/wp-content\/uploads\/2020\/12\/142133_couverture_Hres_0-1536x1231.jpg 1536w, https:\/\/festival-livre-jeunesse.fr\/2021\/wp-content\/uploads\/2020\/12\/142133_couverture_Hres_0.jpg 2000w\" sizes=\"(max-width: 998px) 100vw, 998px\" \/>\t\t\t\t\t\t\t\t\t\t\t\t\t\t\t<\/div>\n\t\t\t\t<\/div>\n\t\t\t\t\t<\/div>\n\t\t<\/div>\n\t\t\t\t<div class=\"elementor-column elementor-col-50 elementor-inner-column elementor-element elementor-element-54bedb3\" data-id=\"54bedb3\" data-element_type=\"column\" data-e-type=\"column\">\n\t\t\t<div class=\"elementor-widget-wrap elementor-element-populated\">\n\t\t\t\t\t\t<div class=\"elementor-element elementor-element-c75fae0 elementor-widget elementor-widget-text-editor\" data-id=\"c75fae0\" data-element_type=\"widget\" data-e-type=\"widget\" data-widget_type=\"text-editor.default\">\n\t\t\t\t<div class=\"elementor-widget-container\">\n\t\t\t\t\t\t\t\t\t<p>Aim\u00e9 vit \u00e0 la ferme avec sa maman. Tandis qu\u2019il grandit, il constate et immortalise avec son appareil photo les petites variations de son environnement, puis les plus grands bouleversements. Le paysage s\u2019anime de nouvelles activit\u00e9s : le passage du chemin de fer, la construction d\u2019une usine, d\u2019un barrage. Puis l\u2019usine ferme, la campagne se d\u00e9peuple, et Aim\u00e9, d\u00e9j\u00e0 vieux, se retrouve seul apr\u00e8s le d\u00e9c\u00e8s de sa m\u00e8re. De curieux nouveaux venus vont alors r\u00e9veiller le paysage&#8230;<\/p><p>Un album OVNI sur le temps qui passe et les alt\u00e9rations du paysage, ainsi que sur l&rsquo;amour et la transmission. Et aussi une bonne occasion pour les enfants d&rsquo;aiguiser leur sens de l&rsquo;observation !<\/p>\t\t\t\t\t\t\t\t<\/div>\n\t\t\t\t<\/div>\n\t\t\t\t\t<\/div>\n\t\t<\/div>\n\t\t\t\t\t<\/div>\n\t\t<\/section>\n\t\t\t\t\t<\/div>\n\t\t<\/div>\n\t\t\t\t<div class=\"elementor-column elementor-col-33 elementor-top-column elementor-element elementor-element-33430a5\" data-id=\"33430a5\" data-element_type=\"column\" data-e-type=\"column\">\n\t\t\t<div class=\"elementor-widget-wrap elementor-element-populated\">\n\t\t\t\t\t\t<div class=\"elementor-element elementor-element-e177312 elementor-widget elementor-widget-heading\" data-id=\"e177312\" data-element_type=\"widget\" data-e-type=\"widget\" data-widget_type=\"heading.default\">\n\t\t\t\t<div class=\"elementor-widget-container\">\n\t\t\t\t\t<h3 class=\"elementor-heading-title elementor-size-medium\">\"Un monde \u00e0 tomber par terre\", Silvia Cabaco Lopez, Editions A2MIMO<\/h3>\t\t\t\t<\/div>\n\t\t\t\t<\/div>\n\t\t\t\t<section class=\"elementor-section elementor-inner-section elementor-element elementor-element-e384ca9 elementor-section-boxed elementor-section-height-default elementor-section-height-default\" data-id=\"e384ca9\" data-element_type=\"section\" data-e-type=\"section\">\n\t\t\t\t\t\t<div class=\"elementor-container elementor-column-gap-default\">\n\t\t\t\t\t<div class=\"elementor-column elementor-col-50 elementor-inner-column elementor-element elementor-element-06c2f16\" data-id=\"06c2f16\" data-element_type=\"column\" data-e-type=\"column\">\n\t\t\t<div class=\"elementor-widget-wrap elementor-element-populated\">\n\t\t\t\t\t\t<div class=\"elementor-element elementor-element-25642a6 elementor-widget elementor-widget-image\" data-id=\"25642a6\" data-element_type=\"widget\" data-e-type=\"widget\" data-widget_type=\"image.default\">\n\t\t\t\t<div class=\"elementor-widget-container\">\n\t\t\t\t\t\t\t\t\t\t\t\t\t\t\t<img loading=\"lazy\" decoding=\"async\" width=\"250\" height=\"250\" src=\"https:\/\/festival-livre-jeunesse.fr\/2021\/wp-content\/uploads\/2021\/02\/vignette_bio_1monde_250x250px.jpg\" class=\"attachment-large size-large wp-image-9458\" alt=\"\" srcset=\"https:\/\/festival-livre-jeunesse.fr\/2021\/wp-content\/uploads\/2021\/02\/vignette_bio_1monde_250x250px.jpg 250w, https:\/\/festival-livre-jeunesse.fr\/2021\/wp-content\/uploads\/2021\/02\/vignette_bio_1monde_250x250px-150x150.jpg 150w\" sizes=\"(max-width: 250px) 100vw, 250px\" \/>\t\t\t\t\t\t\t\t\t\t\t\t\t\t\t<\/div>\n\t\t\t\t<\/div>\n\t\t\t\t\t<\/div>\n\t\t<\/div>\n\t\t\t\t<div class=\"elementor-column elementor-col-50 elementor-inner-column elementor-element elementor-element-5b68a97\" data-id=\"5b68a97\" data-element_type=\"column\" data-e-type=\"column\">\n\t\t\t<div class=\"elementor-widget-wrap elementor-element-populated\">\n\t\t\t\t\t\t<div class=\"elementor-element elementor-element-9c6fc1b elementor-widget elementor-widget-text-editor\" data-id=\"9c6fc1b\" data-element_type=\"widget\" data-e-type=\"widget\" data-widget_type=\"text-editor.default\">\n\t\t\t\t<div class=\"elementor-widget-container\">\n\t\t\t\t\t\t\t\t\t<p class=\"resume\">L\u00e9on tombe toujours par terre. Il collectionne les pansements sur tout son corps. Pour lui les images du monde sont des t\u00e2ches floues qui s\u2019entrem\u00ealent. \u00c0 la suite d\u2019une visite chez l\u2019ophtalmologue, L\u00e9on d\u00e9couvre d\u2019abord effray\u00e9 la barbe hirsute de son p\u00e8re !<\/p><p class=\"resume\">Mais petit \u00e0 petit une multitude de d\u00e9tails, de fins contours et de petites subtilit\u00e9s vont s\u2019offrir \u00e0 lui. L\u00e9on va alors s\u2019\u00e9merveiller de cette nouvelle vision du monde qui lui avait alors \u00e9t\u00e9 cach\u00e9e jusqu\u2019ici.<\/p>\t\t\t\t\t\t\t\t<\/div>\n\t\t\t\t<\/div>\n\t\t\t\t\t<\/div>\n\t\t<\/div>\n\t\t\t\t\t<\/div>\n\t\t<\/section>\n\t\t\t\t\t<\/div>\n\t\t<\/div>\n\t\t\t\t\t<\/div>\n\t\t<\/section>\n\t\t\t\t<\/div>\n\t\t","protected":false},"excerpt":{"rendered":"<p>\u00ab\u00a0Coup de projecteur sur la jeune cr\u00e9ation r\u00e9gionale\u00a0\u00bb RENCONTRE AVEC Elis Wilk, Romain Bernard et Silvia Cabaco Lopez Rencontre anim\u00e9e par Martine Abadia, CRILJ Midi-Pyr\u00e9n\u00e9es http:\/\/festival-livre-jeunesse.fr\/2021\/wp-content\/uploads\/2021\/02\/FLJ-310121-Rencontre-auteurs-occitanie-BUTT-1.mp3 \u00ab\u00a0Je suis\u00a0\u00bb, Elis Wilk, Editions beurre sal\u00e9e Une balade po\u00e9tique, graphique et color\u00e9e au c\u0153ur des petits instants pr\u00e9cieux de l\u2019existence qui naissent sous les yeux attentifs et curieux &hellip;<\/p>\n<p class=\"read-more\"> <a class=\"\" href=\"https:\/\/festival-livre-jeunesse.fr\/2021\/coup-de-projecteur-sur-la-jeune-creation-regionale\/\"> <span class=\"screen-reader-text\">Coup de projecteur sur la jeune cr\u00e9ation r\u00e9gionale<\/span> Lire la suite\u00a0\u00bb<\/a><\/p>\n","protected":false},"author":2,"featured_media":0,"parent":0,"menu_order":0,"comment_status":"closed","ping_status":"closed","template":"","meta":{"_uag_custom_page_level_css":"","footnotes":""},"class_list":["post-9452","page","type-page","status-publish","hentry"],"yoast_head":"<!-- This site is optimized with the Yoast SEO plugin v25.3.1 - https:\/\/yoast.com\/wordpress\/plugins\/seo\/ -->\n<title>Coup de projecteur sur la jeune cr\u00e9ation r\u00e9gionale - Festival du Livre de Jeunesse Occitanie<\/title>\n<meta name=\"robots\" content=\"index, follow, max-snippet:-1, max-image-preview:large, max-video-preview:-1\" \/>\n<link rel=\"canonical\" href=\"https:\/\/festival-livre-jeunesse.fr\/2021\/coup-de-projecteur-sur-la-jeune-creation-regionale\/\" \/>\n<meta property=\"og:locale\" content=\"fr_FR\" \/>\n<meta property=\"og:type\" content=\"article\" \/>\n<meta property=\"og:title\" content=\"Coup de projecteur sur la jeune cr\u00e9ation r\u00e9gionale - Festival du Livre de Jeunesse Occitanie\" \/>\n<meta property=\"og:description\" content=\"\u00ab\u00a0Coup de projecteur sur la jeune cr\u00e9ation r\u00e9gionale\u00a0\u00bb RENCONTRE AVEC Elis Wilk, Romain Bernard et Silvia Cabaco Lopez Rencontre anim\u00e9e par Martine Abadia, CRILJ Midi-Pyr\u00e9n\u00e9es http:\/\/festival-livre-jeunesse.fr\/2021\/wp-content\/uploads\/2021\/02\/FLJ-310121-Rencontre-auteurs-occitanie-BUTT-1.mp3 \u00ab\u00a0Je suis\u00a0\u00bb, Elis Wilk, Editions beurre sal\u00e9e Une balade po\u00e9tique, graphique et color\u00e9e au c\u0153ur des petits instants pr\u00e9cieux de l\u2019existence qui naissent sous les yeux attentifs et curieux &hellip; Coup de projecteur sur la jeune cr\u00e9ation r\u00e9gionale Lire la suite\u00a0\u00bb\" \/>\n<meta property=\"og:url\" content=\"https:\/\/festival-livre-jeunesse.fr\/2021\/coup-de-projecteur-sur-la-jeune-creation-regionale\/\" \/>\n<meta property=\"og:site_name\" content=\"Festival du Livre de Jeunesse Occitanie\" \/>\n<meta property=\"article:modified_time\" content=\"2021-02-08T15:46:01+00:00\" \/>\n<meta property=\"og:image\" content=\"http:\/\/festival-livre-jeunesse.fr\/2021\/wp-content\/uploads\/2021\/02\/jeune-creation.png\" \/>\n<meta name=\"twitter:card\" content=\"summary_large_image\" \/>\n<meta name=\"twitter:label1\" content=\"Dur\u00e9e de lecture estim\u00e9e\" \/>\n\t<meta name=\"twitter:data1\" content=\"2 minutes\" \/>\n<script type=\"application\/ld+json\" class=\"yoast-schema-graph\">{\"@context\":\"https:\/\/schema.org\",\"@graph\":[{\"@type\":\"WebPage\",\"@id\":\"https:\/\/festival-livre-jeunesse.fr\/2021\/coup-de-projecteur-sur-la-jeune-creation-regionale\/\",\"url\":\"https:\/\/festival-livre-jeunesse.fr\/2021\/coup-de-projecteur-sur-la-jeune-creation-regionale\/\",\"name\":\"Coup de projecteur sur la jeune cr\u00e9ation r\u00e9gionale - Festival du Livre de Jeunesse Occitanie\",\"isPartOf\":{\"@id\":\"https:\/\/festival-livre-jeunesse.fr\/2021\/#website\"},\"primaryImageOfPage\":{\"@id\":\"https:\/\/festival-livre-jeunesse.fr\/2021\/coup-de-projecteur-sur-la-jeune-creation-regionale\/#primaryimage\"},\"image\":{\"@id\":\"https:\/\/festival-livre-jeunesse.fr\/2021\/coup-de-projecteur-sur-la-jeune-creation-regionale\/#primaryimage\"},\"thumbnailUrl\":\"http:\/\/festival-livre-jeunesse.fr\/2021\/wp-content\/uploads\/2021\/02\/jeune-creation.png\",\"datePublished\":\"2021-02-08T13:13:38+00:00\",\"dateModified\":\"2021-02-08T15:46:01+00:00\",\"breadcrumb\":{\"@id\":\"https:\/\/festival-livre-jeunesse.fr\/2021\/coup-de-projecteur-sur-la-jeune-creation-regionale\/#breadcrumb\"},\"inLanguage\":\"fr-FR\",\"potentialAction\":[{\"@type\":\"ReadAction\",\"target\":[\"https:\/\/festival-livre-jeunesse.fr\/2021\/coup-de-projecteur-sur-la-jeune-creation-regionale\/\"]}]},{\"@type\":\"ImageObject\",\"inLanguage\":\"fr-FR\",\"@id\":\"https:\/\/festival-livre-jeunesse.fr\/2021\/coup-de-projecteur-sur-la-jeune-creation-regionale\/#primaryimage\",\"url\":\"http:\/\/festival-livre-jeunesse.fr\/2021\/wp-content\/uploads\/2021\/02\/jeune-creation.png\",\"contentUrl\":\"http:\/\/festival-livre-jeunesse.fr\/2021\/wp-content\/uploads\/2021\/02\/jeune-creation.png\"},{\"@type\":\"BreadcrumbList\",\"@id\":\"https:\/\/festival-livre-jeunesse.fr\/2021\/coup-de-projecteur-sur-la-jeune-creation-regionale\/#breadcrumb\",\"itemListElement\":[{\"@type\":\"ListItem\",\"position\":1,\"name\":\"Accueil\",\"item\":\"https:\/\/festival-livre-jeunesse.fr\/2021\/\"},{\"@type\":\"ListItem\",\"position\":2,\"name\":\"Coup de projecteur sur la jeune cr\u00e9ation r\u00e9gionale\"}]},{\"@type\":\"WebSite\",\"@id\":\"https:\/\/festival-livre-jeunesse.fr\/2021\/#website\",\"url\":\"https:\/\/festival-livre-jeunesse.fr\/2021\/\",\"name\":\"Festival du Livre de Jeunesse Occitanie\",\"description\":\"19\u00e8me \u00e9dition\",\"potentialAction\":[{\"@type\":\"SearchAction\",\"target\":{\"@type\":\"EntryPoint\",\"urlTemplate\":\"https:\/\/festival-livre-jeunesse.fr\/2021\/?s={search_term_string}\"},\"query-input\":{\"@type\":\"PropertyValueSpecification\",\"valueRequired\":true,\"valueName\":\"search_term_string\"}}],\"inLanguage\":\"fr-FR\"}]}<\/script>\n<!-- \/ Yoast SEO plugin. -->","yoast_head_json":{"title":"Coup de projecteur sur la jeune cr\u00e9ation r\u00e9gionale - Festival du Livre de Jeunesse Occitanie","robots":{"index":"index","follow":"follow","max-snippet":"max-snippet:-1","max-image-preview":"max-image-preview:large","max-video-preview":"max-video-preview:-1"},"canonical":"https:\/\/festival-livre-jeunesse.fr\/2021\/coup-de-projecteur-sur-la-jeune-creation-regionale\/","og_locale":"fr_FR","og_type":"article","og_title":"Coup de projecteur sur la jeune cr\u00e9ation r\u00e9gionale - Festival du Livre de Jeunesse Occitanie","og_description":"\u00ab\u00a0Coup de projecteur sur la jeune cr\u00e9ation r\u00e9gionale\u00a0\u00bb RENCONTRE AVEC Elis Wilk, Romain Bernard et Silvia Cabaco Lopez Rencontre anim\u00e9e par Martine Abadia, CRILJ Midi-Pyr\u00e9n\u00e9es http:\/\/festival-livre-jeunesse.fr\/2021\/wp-content\/uploads\/2021\/02\/FLJ-310121-Rencontre-auteurs-occitanie-BUTT-1.mp3 \u00ab\u00a0Je suis\u00a0\u00bb, Elis Wilk, Editions beurre sal\u00e9e Une balade po\u00e9tique, graphique et color\u00e9e au c\u0153ur des petits instants pr\u00e9cieux de l\u2019existence qui naissent sous les yeux attentifs et curieux &hellip; Coup de projecteur sur la jeune cr\u00e9ation r\u00e9gionale Lire la suite\u00a0\u00bb","og_url":"https:\/\/festival-livre-jeunesse.fr\/2021\/coup-de-projecteur-sur-la-jeune-creation-regionale\/","og_site_name":"Festival du Livre de Jeunesse Occitanie","article_modified_time":"2021-02-08T15:46:01+00:00","og_image":[{"url":"http:\/\/festival-livre-jeunesse.fr\/2021\/wp-content\/uploads\/2021\/02\/jeune-creation.png","type":"","width":"","height":""}],"twitter_card":"summary_large_image","twitter_misc":{"Dur\u00e9e de lecture estim\u00e9e":"2 minutes"},"schema":{"@context":"https:\/\/schema.org","@graph":[{"@type":"WebPage","@id":"https:\/\/festival-livre-jeunesse.fr\/2021\/coup-de-projecteur-sur-la-jeune-creation-regionale\/","url":"https:\/\/festival-livre-jeunesse.fr\/2021\/coup-de-projecteur-sur-la-jeune-creation-regionale\/","name":"Coup de projecteur sur la jeune cr\u00e9ation r\u00e9gionale - Festival du Livre de Jeunesse Occitanie","isPartOf":{"@id":"https:\/\/festival-livre-jeunesse.fr\/2021\/#website"},"primaryImageOfPage":{"@id":"https:\/\/festival-livre-jeunesse.fr\/2021\/coup-de-projecteur-sur-la-jeune-creation-regionale\/#primaryimage"},"image":{"@id":"https:\/\/festival-livre-jeunesse.fr\/2021\/coup-de-projecteur-sur-la-jeune-creation-regionale\/#primaryimage"},"thumbnailUrl":"http:\/\/festival-livre-jeunesse.fr\/2021\/wp-content\/uploads\/2021\/02\/jeune-creation.png","datePublished":"2021-02-08T13:13:38+00:00","dateModified":"2021-02-08T15:46:01+00:00","breadcrumb":{"@id":"https:\/\/festival-livre-jeunesse.fr\/2021\/coup-de-projecteur-sur-la-jeune-creation-regionale\/#breadcrumb"},"inLanguage":"fr-FR","potentialAction":[{"@type":"ReadAction","target":["https:\/\/festival-livre-jeunesse.fr\/2021\/coup-de-projecteur-sur-la-jeune-creation-regionale\/"]}]},{"@type":"ImageObject","inLanguage":"fr-FR","@id":"https:\/\/festival-livre-jeunesse.fr\/2021\/coup-de-projecteur-sur-la-jeune-creation-regionale\/#primaryimage","url":"http:\/\/festival-livre-jeunesse.fr\/2021\/wp-content\/uploads\/2021\/02\/jeune-creation.png","contentUrl":"http:\/\/festival-livre-jeunesse.fr\/2021\/wp-content\/uploads\/2021\/02\/jeune-creation.png"},{"@type":"BreadcrumbList","@id":"https:\/\/festival-livre-jeunesse.fr\/2021\/coup-de-projecteur-sur-la-jeune-creation-regionale\/#breadcrumb","itemListElement":[{"@type":"ListItem","position":1,"name":"Accueil","item":"https:\/\/festival-livre-jeunesse.fr\/2021\/"},{"@type":"ListItem","position":2,"name":"Coup de projecteur sur la jeune cr\u00e9ation r\u00e9gionale"}]},{"@type":"WebSite","@id":"https:\/\/festival-livre-jeunesse.fr\/2021\/#website","url":"https:\/\/festival-livre-jeunesse.fr\/2021\/","name":"Festival du Livre de Jeunesse Occitanie","description":"19\u00e8me \u00e9dition","potentialAction":[{"@type":"SearchAction","target":{"@type":"EntryPoint","urlTemplate":"https:\/\/festival-livre-jeunesse.fr\/2021\/?s={search_term_string}"},"query-input":{"@type":"PropertyValueSpecification","valueRequired":true,"valueName":"search_term_string"}}],"inLanguage":"fr-FR"}]}},"uagb_featured_image_src":{"full":false,"thumbnail":false,"medium":false,"medium_large":false,"large":false,"1536x1536":false,"2048x2048":false},"uagb_author_info":{"display_name":"Katell Abgrall","author_link":"https:\/\/festival-livre-jeunesse.fr\/2021\/author\/coordinatrice\/"},"uagb_comment_info":0,"uagb_excerpt":"\u00ab\u00a0Coup de projecteur sur la jeune cr\u00e9ation r\u00e9gionale\u00a0\u00bb RENCONTRE AVEC Elis Wilk, Romain Bernard et Silvia Cabaco Lopez Rencontre anim\u00e9e par Martine Abadia, CRILJ Midi-Pyr\u00e9n\u00e9es http:\/\/festival-livre-jeunesse.fr\/2021\/wp-content\/uploads\/2021\/02\/FLJ-310121-Rencontre-auteurs-occitanie-BUTT-1.mp3 \u00ab\u00a0Je suis\u00a0\u00bb, Elis Wilk, Editions beurre sal\u00e9e Une balade po\u00e9tique, graphique et color\u00e9e au c\u0153ur des petits instants pr\u00e9cieux de l\u2019existence qui naissent sous les yeux attentifs et curieux\u2026","_links":{"self":[{"href":"https:\/\/festival-livre-jeunesse.fr\/2021\/wp-json\/wp\/v2\/pages\/9452","targetHints":{"allow":["GET"]}}],"collection":[{"href":"https:\/\/festival-livre-jeunesse.fr\/2021\/wp-json\/wp\/v2\/pages"}],"about":[{"href":"https:\/\/festival-livre-jeunesse.fr\/2021\/wp-json\/wp\/v2\/types\/page"}],"author":[{"embeddable":true,"href":"https:\/\/festival-livre-jeunesse.fr\/2021\/wp-json\/wp\/v2\/users\/2"}],"replies":[{"embeddable":true,"href":"https:\/\/festival-livre-jeunesse.fr\/2021\/wp-json\/wp\/v2\/comments?post=9452"}],"version-history":[{"count":13,"href":"https:\/\/festival-livre-jeunesse.fr\/2021\/wp-json\/wp\/v2\/pages\/9452\/revisions"}],"predecessor-version":[{"id":9499,"href":"https:\/\/festival-livre-jeunesse.fr\/2021\/wp-json\/wp\/v2\/pages\/9452\/revisions\/9499"}],"wp:attachment":[{"href":"https:\/\/festival-livre-jeunesse.fr\/2021\/wp-json\/wp\/v2\/media?parent=9452"}],"curies":[{"name":"wp","href":"https:\/\/api.w.org\/{rel}","templated":true}]}}