{"id":11371,"date":"2022-11-29T15:54:13","date_gmt":"2022-11-29T14:54:13","guid":{"rendered":"https:\/\/festival-livre-jeunesse.fr\/2023\/?page_id=11371"},"modified":"2023-01-18T20:09:30","modified_gmt":"2023-01-18T19:09:30","slug":"lectures-et-spectacles-3","status":"publish","type":"page","link":"https:\/\/festival-livre-jeunesse.fr\/2023\/lectures-et-spectacles-3\/","title":{"rendered":"Lectures et spectacles"},"content":{"rendered":"\t\t<div data-elementor-type=\"wp-page\" data-elementor-id=\"11371\" class=\"elementor elementor-11371\">\n\t\t\t\t\t\t<div class=\"elementor-inner\">\n\t\t\t\t<div class=\"elementor-section-wrap\">\n\t\t\t\t\t\t\t\t\t<section class=\"elementor-section elementor-top-section elementor-element elementor-element-8b5d640 elementor-section-boxed elementor-section-height-default elementor-section-height-default\" data-id=\"8b5d640\" data-element_type=\"section\">\n\t\t\t\t\t\t<div class=\"elementor-container elementor-column-gap-default\">\n\t\t\t\t\t\t\t<div class=\"elementor-row\">\n\t\t\t\t\t<div class=\"elementor-column elementor-col-50 elementor-top-column elementor-element elementor-element-715fe75\" data-id=\"715fe75\" data-element_type=\"column\">\n\t\t\t<div class=\"elementor-column-wrap\">\n\t\t\t\t\t\t\t<div class=\"elementor-widget-wrap\">\n\t\t\t\t\t\t\t\t<\/div>\n\t\t\t\t\t<\/div>\n\t\t<\/div>\n\t\t\t\t<div class=\"elementor-column elementor-col-50 elementor-top-column elementor-element elementor-element-98b450c\" data-id=\"98b450c\" data-element_type=\"column\">\n\t\t\t<div class=\"elementor-column-wrap elementor-element-populated\">\n\t\t\t\t\t\t\t<div class=\"elementor-widget-wrap\">\n\t\t\t\t\t\t<div class=\"elementor-element elementor-element-ac751fe elementor-widget elementor-widget-spacer\" data-id=\"ac751fe\" data-element_type=\"widget\" data-widget_type=\"spacer.default\">\n\t\t\t\t<div class=\"elementor-widget-container\">\n\t\t\t\t\t<div class=\"elementor-spacer\">\n\t\t\t<div class=\"elementor-spacer-inner\"><\/div>\n\t\t<\/div>\n\t\t\t\t<\/div>\n\t\t\t\t<\/div>\n\t\t\t\t<div class=\"elementor-element elementor-element-66a3291 elementor-widget-mobile__width-inherit elementor-widget elementor-widget-heading\" data-id=\"66a3291\" data-element_type=\"widget\" data-widget_type=\"heading.default\">\n\t\t\t\t<div class=\"elementor-widget-container\">\n\t\t\t<h2 class=\"elementor-heading-title elementor-size-xl\">Lectures et spectacles<\/h2>\t\t<\/div>\n\t\t\t\t<\/div>\n\t\t\t\t\t\t<\/div>\n\t\t\t\t\t<\/div>\n\t\t<\/div>\n\t\t\t\t\t\t\t\t<\/div>\n\t\t\t\t\t<\/div>\n\t\t<\/section>\n\t\t\t\t<section class=\"elementor-section elementor-top-section elementor-element elementor-element-e8122ba elementor-section-boxed elementor-section-height-default elementor-section-height-default\" data-id=\"e8122ba\" data-element_type=\"section\" data-settings=\"{&quot;background_background&quot;:&quot;classic&quot;}\">\n\t\t\t\t\t\t<div class=\"elementor-container elementor-column-gap-default\">\n\t\t\t\t\t\t\t<div class=\"elementor-row\">\n\t\t\t\t\t<div class=\"elementor-column elementor-col-20 elementor-top-column elementor-element elementor-element-da70aad\" data-id=\"da70aad\" data-element_type=\"column\">\n\t\t\t<div class=\"elementor-column-wrap\">\n\t\t\t\t\t\t\t<div class=\"elementor-widget-wrap\">\n\t\t\t\t\t\t\t\t<\/div>\n\t\t\t\t\t<\/div>\n\t\t<\/div>\n\t\t\t\t<div class=\"elementor-column elementor-col-20 elementor-top-column elementor-element elementor-element-34a9160\" data-id=\"34a9160\" data-element_type=\"column\" data-settings=\"{&quot;background_background&quot;:&quot;classic&quot;}\">\n\t\t\t<div class=\"elementor-column-wrap elementor-element-populated\">\n\t\t\t\t\t\t\t<div class=\"elementor-widget-wrap\">\n\t\t\t\t\t\t<div class=\"elementor-element elementor-element-2102ca1 elementor-widget elementor-widget-heading\" data-id=\"2102ca1\" data-element_type=\"widget\" data-widget_type=\"heading.default\">\n\t\t\t\t<div class=\"elementor-widget-container\">\n\t\t\t<h3 class=\"elementor-heading-title elementor-size-default\">8\u00e8me Nuits de la lecture<\/h3>\t\t<\/div>\n\t\t\t\t<\/div>\n\t\t\t\t<div class=\"elementor-element elementor-element-b651545 elementor-widget elementor-widget-heading\" data-id=\"b651545\" data-element_type=\"widget\" data-widget_type=\"heading.default\">\n\t\t\t\t<div class=\"elementor-widget-container\">\n\t\t\t<h2 class=\"elementor-heading-title elementor-size-default\">Ours \u00e0 New York<\/h2>\t\t<\/div>\n\t\t\t\t<\/div>\n\t\t\t\t<div class=\"elementor-element elementor-element-7b42452 elementor-position-top elementor-widget elementor-widget-image-box\" data-id=\"7b42452\" data-element_type=\"widget\" data-widget_type=\"image-box.default\">\n\t\t\t\t<div class=\"elementor-widget-container\">\n\t\t\t<div class=\"elementor-image-box-wrapper\"><figure class=\"elementor-image-box-img\"><img width=\"187\" height=\"269\" src=\"https:\/\/festival-livre-jeunesse.fr\/2023\/wp-content\/uploads\/2022\/11\/Ours_New-York.jpg\" class=\"attachment-medium size-medium wp-image-11376\" alt=\"\" loading=\"lazy\" \/><\/figure><div class=\"elementor-image-box-content\"><h5 class=\"elementor-image-box-title\">Toulouse | M\u00e9diath\u00e8que Grand M<br>19h - Ven. 20 Janvier<\/span><\/h5><p class=\"elementor-image-box-description\">Lecture dessin\u00e9e et musicale\n<b>Gaya Wisniewski et Hugues Mayot.<\/b>\nUne fresque en musique qui retrace l'histoire d' Ours \u00e0 New York.\nDes dessins \u00e0 l'encre noire de Gaya Wisniewski  accompagn\u00e9s d'une musique au saxophone de Hugues Mayot , pour s'interroger sur ses r\u00eaves d\u2019enfant et retrouver  ses envies .\nOurs vous fera voyager dans les petites rues de la vie , peut-\u00eatre prendrez-vous un autre chemin?\nAlbum \"Ours \u00e0 New York , de Gaya Wisniewski parut aux \u00e9ditions MeMo \n\n<\/p><\/div><\/div>\t\t<\/div>\n\t\t\t\t<\/div>\n\t\t\t\t\t\t<\/div>\n\t\t\t\t\t<\/div>\n\t\t<\/div>\n\t\t\t\t<div class=\"elementor-column elementor-col-20 elementor-top-column elementor-element elementor-element-8823ab8\" data-id=\"8823ab8\" data-element_type=\"column\">\n\t\t\t<div class=\"elementor-column-wrap elementor-element-populated\">\n\t\t\t\t\t\t\t<div class=\"elementor-widget-wrap\">\n\t\t\t\t\t\t<div class=\"elementor-element elementor-element-5d41081 elementor-widget elementor-widget-spacer\" data-id=\"5d41081\" data-element_type=\"widget\" data-widget_type=\"spacer.default\">\n\t\t\t\t<div class=\"elementor-widget-container\">\n\t\t\t\t\t<div class=\"elementor-spacer\">\n\t\t\t<div class=\"elementor-spacer-inner\"><\/div>\n\t\t<\/div>\n\t\t\t\t<\/div>\n\t\t\t\t<\/div>\n\t\t\t\t<div class=\"elementor-element elementor-element-fd3db0a elementor-widget elementor-widget-heading\" data-id=\"fd3db0a\" data-element_type=\"widget\" data-widget_type=\"heading.default\">\n\t\t\t\t<div class=\"elementor-widget-container\">\n\t\t\t<h2 class=\"elementor-heading-title elementor-size-default\">Le livre autrement <\/h2>\t\t<\/div>\n\t\t\t\t<\/div>\n\t\t\t\t<div class=\"elementor-element elementor-element-7181c3a elementor-widget elementor-widget-text-editor\" data-id=\"7181c3a\" data-element_type=\"widget\" data-widget_type=\"text-editor.default\">\n\t\t\t\t<div class=\"elementor-widget-container\">\n\t\t\t\t\t\t\t\t<div class=\"elementor-text-editor elementor-clearfix\">\n\t\t\t\t<p>Grand nombre d\u2019auteurs et d\u2019illustrateurs jeunesse d\u00e9veloppent aujourd\u2019hui des formes extra-livresques. La programmation de ces lectures ou performances permet d\u2019offrir une<br>programmation riche et diverse durant l\u2019\u00e9v\u00e8nement et d\u2019ouvrir le Festival \u00e0 de nouveaux publics. Mais, c\u2019est \u00e9galement, l\u2019occasion de valoriser ces cr\u00e9ations singuli\u00e8res et transdisciplinaires qui participent \u00e0 la diffusion de la litt\u00e9rature jeunesse, qui forme les lecteurs adulte de demain.<\/p>\t\t\t\t\t<\/div>\n\t\t\t\t\t\t<\/div>\n\t\t\t\t<\/div>\n\t\t\t\t\t\t<\/div>\n\t\t\t\t\t<\/div>\n\t\t<\/div>\n\t\t\t\t<div class=\"elementor-column elementor-col-20 elementor-top-column elementor-element elementor-element-b7f04ff\" data-id=\"b7f04ff\" data-element_type=\"column\" data-settings=\"{&quot;background_background&quot;:&quot;classic&quot;}\">\n\t\t\t<div class=\"elementor-column-wrap elementor-element-populated\">\n\t\t\t\t\t\t\t<div class=\"elementor-widget-wrap\">\n\t\t\t\t\t\t<div class=\"elementor-element elementor-element-f4b9ab8 elementor-widget elementor-widget-heading\" data-id=\"f4b9ab8\" data-element_type=\"widget\" data-widget_type=\"heading.default\">\n\t\t\t\t<div class=\"elementor-widget-container\">\n\t\t\t<h2 class=\"elementor-heading-title elementor-size-default\">L'appel de la lune<\/h2>\t\t<\/div>\n\t\t\t\t<\/div>\n\t\t\t\t<div class=\"elementor-element elementor-element-4f2cbb0 elementor-position-top elementor-widget elementor-widget-image-box\" data-id=\"4f2cbb0\" data-element_type=\"widget\" data-widget_type=\"image-box.default\">\n\t\t\t\t<div class=\"elementor-widget-container\">\n\t\t\t<div class=\"elementor-image-box-wrapper\"><figure class=\"elementor-image-box-img\"><img width=\"241\" height=\"300\" src=\"https:\/\/festival-livre-jeunesse.fr\/2023\/wp-content\/uploads\/2022\/11\/appel_lune-241x300.jpg\" class=\"attachment-medium size-medium wp-image-11384\" alt=\"\" loading=\"lazy\" srcset=\"https:\/\/festival-livre-jeunesse.fr\/2023\/wp-content\/uploads\/2022\/11\/appel_lune-241x300.jpg 241w, https:\/\/festival-livre-jeunesse.fr\/2023\/wp-content\/uploads\/2022\/11\/appel_lune.jpg 302w\" sizes=\"(max-width: 241px) 100vw, 241px\" \/><\/figure><div class=\"elementor-image-box-content\"><h5 class=\"elementor-image-box-title\">Mondonville | M\u00e9diath\u00e8que <br>19 h 30 - Ven. 20 janvier<\/h5><p class=\"elementor-image-box-description\"><br>Elis Wilk propose un dialogue entre deux univers artistiques singuliers : les explorations sonores de Delphine Dora et les cr\u00e9ations visuelles d\u2019Elis Wilk. A travers cette promenade po\u00e9tique, tout en sonorit\u00e9s\net sensorialit\u00e9, l\u2019autrice nous invite \u00e0 accompagner la petite Lulu de l\u2019album <i>l\u2019Appel de la lune<\/i>, \u00e9ditions Versant sud Jeunesse, dans un monde\npo\u00e9tique et sauvage.\n\n\n<b>  Dur\u00e9e : 25 min.<br>\n\nPerformance : <b>Elis Wilk<\/b><br>\nBande son :<b> Delphine Dora <\/b>  \n<\/p><\/div><\/div>\t\t<\/div>\n\t\t\t\t<\/div>\n\t\t\t\t\t\t<\/div>\n\t\t\t\t\t<\/div>\n\t\t<\/div>\n\t\t\t\t<div class=\"elementor-column elementor-col-20 elementor-top-column elementor-element elementor-element-033bdd5\" data-id=\"033bdd5\" data-element_type=\"column\">\n\t\t\t<div class=\"elementor-column-wrap\">\n\t\t\t\t\t\t\t<div class=\"elementor-widget-wrap\">\n\t\t\t\t\t\t\t\t<\/div>\n\t\t\t\t\t<\/div>\n\t\t<\/div>\n\t\t\t\t\t\t\t\t<\/div>\n\t\t\t\t\t<\/div>\n\t\t<\/section>\n\t\t\t\t<section class=\"elementor-section elementor-top-section elementor-element elementor-element-d55071a elementor-section-boxed elementor-section-height-default elementor-section-height-default\" data-id=\"d55071a\" data-element_type=\"section\" data-settings=\"{&quot;background_background&quot;:&quot;classic&quot;}\">\n\t\t\t\t\t\t<div class=\"elementor-container elementor-column-gap-default\">\n\t\t\t\t\t\t\t<div class=\"elementor-row\">\n\t\t\t\t\t<div class=\"elementor-column elementor-col-20 elementor-top-column elementor-element elementor-element-fd41d45\" data-id=\"fd41d45\" data-element_type=\"column\">\n\t\t\t<div class=\"elementor-column-wrap\">\n\t\t\t\t\t\t\t<div class=\"elementor-widget-wrap\">\n\t\t\t\t\t\t\t\t<\/div>\n\t\t\t\t\t<\/div>\n\t\t<\/div>\n\t\t\t\t<div class=\"elementor-column elementor-col-20 elementor-top-column elementor-element elementor-element-e42bdb9\" data-id=\"e42bdb9\" data-element_type=\"column\" data-settings=\"{&quot;background_background&quot;:&quot;classic&quot;}\">\n\t\t\t<div class=\"elementor-column-wrap elementor-element-populated\">\n\t\t\t\t\t\t\t<div class=\"elementor-widget-wrap\">\n\t\t\t\t\t\t<div class=\"elementor-element elementor-element-6370487 elementor-widget elementor-widget-heading\" data-id=\"6370487\" data-element_type=\"widget\" data-widget_type=\"heading.default\">\n\t\t\t\t<div class=\"elementor-widget-container\">\n\t\t\t<h2 class=\"elementor-heading-title elementor-size-default\">L\u2019autre c\u00f4t\u00e9 de la montagne <\/h2>\t\t<\/div>\n\t\t\t\t<\/div>\n\t\t\t\t<div class=\"elementor-element elementor-element-dfbcfb8 elementor-position-top elementor-widget elementor-widget-image-box\" data-id=\"dfbcfb8\" data-element_type=\"widget\" data-widget_type=\"image-box.default\">\n\t\t\t\t<div class=\"elementor-widget-container\">\n\t\t\t<div class=\"elementor-image-box-wrapper\"><figure class=\"elementor-image-box-img\"><img width=\"200\" height=\"300\" src=\"https:\/\/festival-livre-jeunesse.fr\/2023\/wp-content\/uploads\/2023\/01\/Lautre-co\u0302te\u0301-de-la-montagne_COUV-680x1020-1-200x300.png\" class=\"attachment-medium size-medium wp-image-12475\" alt=\"\" loading=\"lazy\" srcset=\"https:\/\/festival-livre-jeunesse.fr\/2023\/wp-content\/uploads\/2023\/01\/Lautre-co\u0302te\u0301-de-la-montagne_COUV-680x1020-1-200x300.png 200w, https:\/\/festival-livre-jeunesse.fr\/2023\/wp-content\/uploads\/2023\/01\/elementor\/thumbs\/Lautre-co\u0302te\u0301-de-la-montagne_COUV-680x1020-1-q02pyzy3o33quvwq343v2ze7pp21ljita0z1c7f1bk.png 400w, https:\/\/festival-livre-jeunesse.fr\/2023\/wp-content\/uploads\/2023\/01\/Lautre-co\u0302te\u0301-de-la-montagne_COUV-680x1020-1.png 680w\" sizes=\"(max-width: 200px) 100vw, 200px\" \/><\/figure><div class=\"elementor-image-box-content\"><h5 class=\"elementor-image-box-title\">Samatan | salle Brialy <br>16 h 30 - Mer. 25 janv. 2023<\/h5><p class=\"elementor-image-box-description\">\n<br>avec G\u00e9raldine Alibeu<br>\nConcert dessin\u00e9 - \u00e0 partir de 6 ans - 45 min.<br>\nL'album \u00ab L\u2019autre c\u00f4t\u00e9 de la montagne \u00bb donne lieu \u00e0 un spectacle vivant unique : mise en voix du texte, musique par les\n\u00e9l\u00e8ves d\u2019Harmonie de la Save et surtout dessins en direct de\nG\u00e9raldine Alibeu. Gratuit sans inscription.<\/p><\/div><\/div>\t\t<\/div>\n\t\t\t\t<\/div>\n\t\t\t\t\t\t<\/div>\n\t\t\t\t\t<\/div>\n\t\t<\/div>\n\t\t\t\t<div class=\"elementor-column elementor-col-20 elementor-top-column elementor-element elementor-element-091b0a6\" data-id=\"091b0a6\" data-element_type=\"column\" data-settings=\"{&quot;background_background&quot;:&quot;classic&quot;}\">\n\t\t\t<div class=\"elementor-column-wrap elementor-element-populated\">\n\t\t\t\t\t\t\t<div class=\"elementor-widget-wrap\">\n\t\t\t\t\t\t<div class=\"elementor-element elementor-element-6ee96a8 elementor-widget elementor-widget-heading\" data-id=\"6ee96a8\" data-element_type=\"widget\" data-widget_type=\"heading.default\">\n\t\t\t\t<div class=\"elementor-widget-container\">\n\t\t\t<h2 class=\"elementor-heading-title elementor-size-default\">Flammes et Slam !<\/h2>\t\t<\/div>\n\t\t\t\t<\/div>\n\t\t\t\t<div class=\"elementor-element elementor-element-afea5af elementor-position-top elementor-widget elementor-widget-image-box\" data-id=\"afea5af\" data-element_type=\"widget\" data-widget_type=\"image-box.default\">\n\t\t\t\t<div class=\"elementor-widget-container\">\n\t\t\t<div class=\"elementor-image-box-wrapper\"><figure class=\"elementor-image-box-img\"><img width=\"202\" height=\"300\" src=\"https:\/\/festival-livre-jeunesse.fr\/2023\/wp-content\/uploads\/2022\/11\/flammes-202x300.webp\" class=\"attachment-medium size-medium wp-image-11394\" alt=\"\" loading=\"lazy\" srcset=\"https:\/\/festival-livre-jeunesse.fr\/2023\/wp-content\/uploads\/2022\/11\/flammes-202x300.webp 202w, https:\/\/festival-livre-jeunesse.fr\/2023\/wp-content\/uploads\/2022\/11\/flammes-689x1024.webp 689w, https:\/\/festival-livre-jeunesse.fr\/2023\/wp-content\/uploads\/2022\/11\/flammes.webp 768w\" sizes=\"(max-width: 202px) 100vw, 202px\" \/><\/figure><div class=\"elementor-image-box-content\"><h5 class=\"elementor-image-box-title\">Fonbeauzard  | Salle Gentillet <br>14h30 - Mer.25 janv.<\/h5><p class=\"elementor-image-box-description\">\n Cie Clak<br>\nSpectacle musical interactif pour deux dragons et un public<br>\n\u00e0 partir de 6 ans. Dur\u00e9e 50 mn.<br>\n<i>D\u2019apr\u00e8s l\u2019album Charles amoureux d\u2019une princesse d\u2019Alex Cousseau\net Philippe-Henri Turin, \u00c9dition Seuil Jeunesse 2015.<br>\nUn dragon po\u00e8te et freluquet imagine la vie \u00e0 travers ses livres. Les\nhistoires racontent qu\u2019il y a dans le monde des princesses \u00e0 sauver,\nmais il n\u2019est pas tout \u00e0 fait s\u00fbr de savoir \u00e0 quoi elles ressemblent.\nLa terrifiante dragonne qu\u2019il rencontre va l\u2019aider \u00e0 y voir plus clair.<\/i><br>\nGratuit \u2013 r\u00e9servation : culture@ville-aucamville.fr<\/p><\/div><\/div>\t\t<\/div>\n\t\t\t\t<\/div>\n\t\t\t\t\t\t<\/div>\n\t\t\t\t\t<\/div>\n\t\t<\/div>\n\t\t\t\t<div class=\"elementor-column elementor-col-20 elementor-top-column elementor-element elementor-element-973d0e6\" data-id=\"973d0e6\" data-element_type=\"column\">\n\t\t\t<div class=\"elementor-column-wrap elementor-element-populated\">\n\t\t\t\t\t\t\t<div class=\"elementor-widget-wrap\">\n\t\t\t\t\t\t<div class=\"elementor-element elementor-element-bedc17f elementor-widget elementor-widget-heading\" data-id=\"bedc17f\" data-element_type=\"widget\" data-widget_type=\"heading.default\">\n\t\t\t\t<div class=\"elementor-widget-container\">\n\t\t\t<h2 class=\"elementor-heading-title elementor-size-default\">L\u2019exp\u00e9dition<\/h2>\t\t<\/div>\n\t\t\t\t<\/div>\n\t\t\t\t<div class=\"elementor-element elementor-element-aa2ed32 elementor-position-top elementor-widget elementor-widget-image-box\" data-id=\"aa2ed32\" data-element_type=\"widget\" data-widget_type=\"image-box.default\">\n\t\t\t\t<div class=\"elementor-widget-container\">\n\t\t\t<div class=\"elementor-image-box-wrapper\"><figure class=\"elementor-image-box-img\"><a href=\"https:\/\/festival-livre-jeunesse.fr\/2023\/bourse-de-creation-2022\/\"><img width=\"225\" height=\"300\" src=\"https:\/\/festival-livre-jeunesse.fr\/2023\/wp-content\/uploads\/2022\/05\/20220428_080926-225x300.jpg\" class=\"attachment-medium size-medium wp-image-9157\" alt=\"\" loading=\"lazy\" srcset=\"https:\/\/festival-livre-jeunesse.fr\/2023\/wp-content\/uploads\/2022\/05\/20220428_080926-225x300.jpg 225w, https:\/\/festival-livre-jeunesse.fr\/2023\/wp-content\/uploads\/2022\/05\/20220428_080926-768x1024.jpg 768w, https:\/\/festival-livre-jeunesse.fr\/2023\/wp-content\/uploads\/2022\/05\/20220428_080926-1152x1536.jpg 1152w, https:\/\/festival-livre-jeunesse.fr\/2023\/wp-content\/uploads\/2022\/05\/20220428_080926-1536x2048.jpg 1536w, https:\/\/festival-livre-jeunesse.fr\/2023\/wp-content\/uploads\/2022\/05\/20220428_080926-scaled.jpg 1920w\" sizes=\"(max-width: 225px) 100vw, 225px\" \/><\/a><\/figure><div class=\"elementor-image-box-content\"><h5 class=\"elementor-image-box-title\"><a href=\"https:\/\/festival-livre-jeunesse.fr\/2023\/bourse-de-creation-2022\/\">Pibrac- Th\u00e9\u00e2tre Municipal <br>16 h 30 - Mer. 15 F\u00e9v.<\/a><\/h5><p class=\"elementor-image-box-description\">\n\n Lecture musicale et dessin\u00e9e\n<b>St\u00e9phane Servant, Audrey Spiry\net Jean-Marc Parayre<\/b><br>\n\u00c0 partir de 5 ans. Dur\u00e9e 35 min.<br>\nAdaptation de l\u2019album L\u2019exp\u00e9dition, les images\nvibrantes d\u2019Audrey Spiry viennent donner corps et\nvie \u00e0 la mer toujours pr\u00e9sente et \u00e0 cette enfant indomptable.\nDurant tout le spectacle, musique, mots\net dessins donneront de la mati\u00e8re \u00e0 cet univers\nmaritime et des \u00eeles de l\u2019Oc\u00e9an Indien. La musique\nfait la part belle aux instruments traditionnels.<br>\nGratuit sur inscription aupr\u00e8s\nde la m\u00e9diath\u00e8que.<\/p><\/div><\/div>\t\t<\/div>\n\t\t\t\t<\/div>\n\t\t\t\t\t\t<\/div>\n\t\t\t\t\t<\/div>\n\t\t<\/div>\n\t\t\t\t<div class=\"elementor-column elementor-col-20 elementor-top-column elementor-element elementor-element-731cb69\" data-id=\"731cb69\" data-element_type=\"column\">\n\t\t\t<div class=\"elementor-column-wrap\">\n\t\t\t\t\t\t\t<div class=\"elementor-widget-wrap\">\n\t\t\t\t\t\t\t\t<\/div>\n\t\t\t\t\t<\/div>\n\t\t<\/div>\n\t\t\t\t\t\t\t\t<\/div>\n\t\t\t\t\t<\/div>\n\t\t<\/section>\n\t\t\t\t<section class=\"elementor-section elementor-top-section elementor-element elementor-element-2d3def6 elementor-section-boxed elementor-section-height-default elementor-section-height-default\" data-id=\"2d3def6\" data-element_type=\"section\">\n\t\t\t\t\t\t<div class=\"elementor-container elementor-column-gap-default\">\n\t\t\t\t\t\t\t<div class=\"elementor-row\">\n\t\t\t\t\t<div class=\"elementor-column elementor-col-100 elementor-top-column elementor-element elementor-element-842f688\" data-id=\"842f688\" data-element_type=\"column\">\n\t\t\t<div class=\"elementor-column-wrap elementor-element-populated\">\n\t\t\t\t\t\t\t<div class=\"elementor-widget-wrap\">\n\t\t\t\t\t\t<div class=\"elementor-element elementor-element-df8d9ee elementor-widget elementor-widget-spacer\" data-id=\"df8d9ee\" data-element_type=\"widget\" data-widget_type=\"spacer.default\">\n\t\t\t\t<div class=\"elementor-widget-container\">\n\t\t\t\t\t<div class=\"elementor-spacer\">\n\t\t\t<div class=\"elementor-spacer-inner\"><\/div>\n\t\t<\/div>\n\t\t\t\t<\/div>\n\t\t\t\t<\/div>\n\t\t\t\t\t\t<\/div>\n\t\t\t\t\t<\/div>\n\t\t<\/div>\n\t\t\t\t\t\t\t\t<\/div>\n\t\t\t\t\t<\/div>\n\t\t<\/section>\n\t\t\t\t<section class=\"elementor-section elementor-top-section elementor-element elementor-element-a3f2bb6 elementor-section-full_width elementor-section-height-default elementor-section-height-default\" data-id=\"a3f2bb6\" data-element_type=\"section\">\n\t\t\t\t\t\t<div class=\"elementor-container elementor-column-gap-default\">\n\t\t\t\t\t\t\t<div class=\"elementor-row\">\n\t\t\t\t\t<div class=\"elementor-column elementor-col-100 elementor-top-column elementor-element elementor-element-a1ad6bb\" data-id=\"a1ad6bb\" data-element_type=\"column\">\n\t\t\t<div class=\"elementor-column-wrap elementor-element-populated\">\n\t\t\t\t\t\t\t<div class=\"elementor-widget-wrap\">\n\t\t\t\t\t\t<div class=\"elementor-element elementor-element-f8b777f elementor-pagination-position-inside elementor-arrows-position-inside elementor-widget elementor-widget-image-carousel\" data-id=\"f8b777f\" data-element_type=\"widget\" data-settings=\"{&quot;slides_to_show&quot;:&quot;10&quot;,&quot;image_spacing_custom&quot;:{&quot;unit&quot;:&quot;px&quot;,&quot;size&quot;:0,&quot;sizes&quot;:[]},&quot;navigation&quot;:&quot;both&quot;,&quot;autoplay&quot;:&quot;yes&quot;,&quot;pause_on_hover&quot;:&quot;yes&quot;,&quot;pause_on_interaction&quot;:&quot;yes&quot;,&quot;autoplay_speed&quot;:5000,&quot;infinite&quot;:&quot;yes&quot;,&quot;speed&quot;:500,&quot;image_spacing_custom_tablet&quot;:{&quot;unit&quot;:&quot;px&quot;,&quot;size&quot;:&quot;&quot;,&quot;sizes&quot;:[]},&quot;image_spacing_custom_mobile&quot;:{&quot;unit&quot;:&quot;px&quot;,&quot;size&quot;:&quot;&quot;,&quot;sizes&quot;:[]}}\" data-widget_type=\"image-carousel.default\">\n\t\t\t\t<div class=\"elementor-widget-container\">\n\t\t\t\t\t<div class=\"elementor-image-carousel-wrapper swiper-container\" dir=\"ltr\">\n\t\t\t<div class=\"elementor-image-carousel swiper-wrapper\" aria-live=\"off\">\n\t\t\t\t\t\t\t\t<div class=\"swiper-slide\" role=\"group\" aria-roledescription=\"slide\" aria-label=\"1 sur 18\"><a data-elementor-open-lightbox=\"yes\" data-elementor-lightbox-slideshow=\"f8b777f\" data-elementor-lightbox-title=\"saint-orens\" data-e-action-hash=\"#elementor-action%3Aaction%3Dlightbox%26settings%3DeyJpZCI6MjY3NCwidXJsIjoiaHR0cHM6XC9cL2Zlc3RpdmFsLWxpdnJlLWpldW5lc3NlLmZyXC8yMDIzXC93cC1jb250ZW50XC91cGxvYWRzXC8yMDIxXC8wNVwvc2FpbnQtb3JlbnMucG5nIiwic2xpZGVzaG93IjoiZjhiNzc3ZiJ9\" href=\"https:\/\/festival-livre-jeunesse.fr\/2023\/partenaires\/\"><figure class=\"swiper-slide-inner\"><img class=\"swiper-slide-image\" src=\"https:\/\/festival-livre-jeunesse.fr\/2023\/wp-content\/uploads\/elementor\/thumbs\/saint-orens-p6ymt8tvw8mgf8vq6obkwso1q4jr5fpwv7ap524qg8.png\" alt=\"Ville de Saint-Orens de Gameville\" \/><\/figure><\/a><\/div><div class=\"swiper-slide\" role=\"group\" aria-roledescription=\"slide\" aria-label=\"2 sur 18\"><a data-elementor-open-lightbox=\"yes\" data-elementor-lightbox-slideshow=\"f8b777f\" data-elementor-lightbox-title=\"toulouse m\u00e9tropole\" data-e-action-hash=\"#elementor-action%3Aaction%3Dlightbox%26settings%3DeyJpZCI6MjY3NSwidXJsIjoiaHR0cHM6XC9cL2Zlc3RpdmFsLWxpdnJlLWpldW5lc3NlLmZyXC8yMDIzXC93cC1jb250ZW50XC91cGxvYWRzXC8yMDIxXC8wNVwvdG91bG91c2UtbWV0cm9wb2xlLnBuZyIsInNsaWRlc2hvdyI6ImY4Yjc3N2YifQ%3D%3D\" href=\"https:\/\/festival-livre-jeunesse.fr\/2023\/partenaires\/\"><figure class=\"swiper-slide-inner\"><img class=\"swiper-slide-image\" src=\"https:\/\/festival-livre-jeunesse.fr\/2023\/wp-content\/uploads\/elementor\/thumbs\/toulouse-metropole-p6ymt9rq32nqquud16q7hafibif4d4tn7by6mc3ca0.png\" alt=\"Toulouse M\u00e9tropole\" \/><\/figure><\/a><\/div><div class=\"swiper-slide\" role=\"group\" aria-roledescription=\"slide\" aria-label=\"3 sur 18\"><a data-elementor-open-lightbox=\"yes\" data-elementor-lightbox-slideshow=\"f8b777f\" data-elementor-lightbox-title=\"cd31\" data-e-action-hash=\"#elementor-action%3Aaction%3Dlightbox%26settings%3DeyJpZCI6MjY3MywidXJsIjoiaHR0cHM6XC9cL2Zlc3RpdmFsLWxpdnJlLWpldW5lc3NlLmZyXC8yMDIzXC93cC1jb250ZW50XC91cGxvYWRzXC8yMDIxXC8wNVwvY2QzMS5wbmciLCJzbGlkZXNob3ciOiJmOGI3NzdmIn0%3D\" href=\"https:\/\/festival-livre-jeunesse.fr\/2023\/partenaires\/\"><figure class=\"swiper-slide-inner\"><img class=\"swiper-slide-image\" src=\"https:\/\/festival-livre-jeunesse.fr\/2023\/wp-content\/uploads\/elementor\/thumbs\/cd31-p6ymt7w1pel63mx3c5wycawl4qodxqm6j2n7ns64mg.png\" alt=\"CD31\" \/><\/figure><\/a><\/div><div class=\"swiper-slide\" role=\"group\" aria-roledescription=\"slide\" aria-label=\"4 sur 18\"><a data-elementor-open-lightbox=\"yes\" data-elementor-lightbox-slideshow=\"f8b777f\" data-elementor-lightbox-title=\"r\u00e9gion occitanie\" data-e-action-hash=\"#elementor-action%3Aaction%3Dlightbox%26settings%3DeyJpZCI6MjY3MSwidXJsIjoiaHR0cHM6XC9cL2Zlc3RpdmFsLWxpdnJlLWpldW5lc3NlLmZyXC8yMDIzXC93cC1jb250ZW50XC91cGxvYWRzXC8yMDIxXC8wNVwvcmVnaW9uLW9jY2l0YW5pZS5wbmciLCJzbGlkZXNob3ciOiJmOGI3NzdmIn0%3D\" href=\"https:\/\/festival-livre-jeunesse.fr\/2023\/partenaires\/\"><figure class=\"swiper-slide-inner\"><img class=\"swiper-slide-image\" src=\"https:\/\/festival-livre-jeunesse.fr\/2023\/wp-content\/uploads\/elementor\/thumbs\/region-occitanie-p6ymfjcm87ux3ysj890g1r71uu41wcatzcss6sgf6w.png\" alt=\"R\u00e9gion Occitanie\" \/><\/figure><\/a><\/div><div class=\"swiper-slide\" role=\"group\" aria-roledescription=\"slide\" aria-label=\"5 sur 18\"><a data-elementor-open-lightbox=\"yes\" data-elementor-lightbox-slideshow=\"f8b777f\" data-elementor-lightbox-title=\"cnl\" data-e-action-hash=\"#elementor-action%3Aaction%3Dlightbox%26settings%3DeyJpZCI6MjY3OSwidXJsIjoiaHR0cHM6XC9cL2Zlc3RpdmFsLWxpdnJlLWpldW5lc3NlLmZyXC8yMDIzXC93cC1jb250ZW50XC91cGxvYWRzXC8yMDIxXC8wNVwvY25sLnBuZyIsInNsaWRlc2hvdyI6ImY4Yjc3N2YifQ%3D%3D\" href=\"https:\/\/festival-livre-jeunesse.fr\/2023\/partenaires\/\"><figure class=\"swiper-slide-inner\"><img class=\"swiper-slide-image\" src=\"https:\/\/festival-livre-jeunesse.fr\/2023\/wp-content\/uploads\/elementor\/thumbs\/cnl-p6ynsocvif4k23eyahobecsjtzwuapdo2kkldjlhwo.png\" alt=\"CNL\" \/><\/figure><\/a><\/div><div class=\"swiper-slide\" role=\"group\" aria-roledescription=\"slide\" aria-label=\"6 sur 18\"><a data-elementor-open-lightbox=\"yes\" data-elementor-lightbox-slideshow=\"f8b777f\" data-elementor-lightbox-title=\"Logo Sofia\" data-e-action-hash=\"#elementor-action%3Aaction%3Dlightbox%26settings%3DeyJpZCI6MjY4OCwidXJsIjoiaHR0cHM6XC9cL2Zlc3RpdmFsLWxpdnJlLWpldW5lc3NlLmZyXC8yMDIzXC93cC1jb250ZW50XC91cGxvYWRzXC8yMDIxXC8wNVwvTG9nby1Tb2ZpYS5wbmciLCJzbGlkZXNob3ciOiJmOGI3NzdmIn0%3D\" href=\"https:\/\/festival-livre-jeunesse.fr\/2023\/partenaires\/\"><figure class=\"swiper-slide-inner\"><img class=\"swiper-slide-image\" src=\"https:\/\/festival-livre-jeunesse.fr\/2023\/wp-content\/uploads\/elementor\/thumbs\/Logo-Sofia-p6yosagqgfvny7ombvvfvd9a3kdhxurjmuevyysi5k.png\" alt=\"SOFIA Action culturelle\" \/><\/figure><\/a><\/div><div class=\"swiper-slide\" role=\"group\" aria-roledescription=\"slide\" aria-label=\"7 sur 18\"><a data-elementor-open-lightbox=\"yes\" data-elementor-lightbox-slideshow=\"f8b777f\" data-elementor-lightbox-title=\"copie priv\u00e9e\" data-e-action-hash=\"#elementor-action%3Aaction%3Dlightbox%26settings%3DeyJpZCI6MjY4NSwidXJsIjoiaHR0cHM6XC9cL2Zlc3RpdmFsLWxpdnJlLWpldW5lc3NlLmZyXC8yMDIzXC93cC1jb250ZW50XC91cGxvYWRzXC8yMDIxXC8wNVwvY29waWUtcHJpdmVlLnBuZyIsInNsaWRlc2hvdyI6ImY4Yjc3N2YifQ%3D%3D\" href=\"https:\/\/festival-livre-jeunesse.fr\/2023\/partenaires\/\"><figure class=\"swiper-slide-inner\"><img class=\"swiper-slide-image\" src=\"https:\/\/festival-livre-jeunesse.fr\/2023\/wp-content\/uploads\/elementor\/thumbs\/copie-privee-p6yoqttrtpvlw1t2v94bzqjgtzkxysykrlvp3gyju0.png\" alt=\"Copie Priv\u00e9e\" \/><\/figure><\/a><\/div><div class=\"swiper-slide\" role=\"group\" aria-roledescription=\"slide\" aria-label=\"8 sur 18\"><a data-elementor-open-lightbox=\"yes\" data-elementor-lightbox-slideshow=\"f8b777f\" data-elementor-lightbox-title=\"saif\" data-e-action-hash=\"#elementor-action%3Aaction%3Dlightbox%26settings%3DeyJpZCI6MjY4NiwidXJsIjoiaHR0cHM6XC9cL2Zlc3RpdmFsLWxpdnJlLWpldW5lc3NlLmZyXC8yMDIzXC93cC1jb250ZW50XC91cGxvYWRzXC8yMDIxXC8wNVwvc2FpZi5wbmciLCJzbGlkZXNob3ciOiJmOGI3NzdmIn0%3D\" href=\"https:\/\/festival-livre-jeunesse.fr\/2023\/partenaires\/\"><figure class=\"swiper-slide-inner\"><img class=\"swiper-slide-image\" src=\"https:\/\/festival-livre-jeunesse.fr\/2023\/wp-content\/uploads\/elementor\/thumbs\/saif-p6yoqurm0jww7nrppriyk8axfdgb6i2b3qj6kqx5ns.png\" alt=\"Saif Action culturelle\" \/><\/figure><\/a><\/div><div class=\"swiper-slide\" role=\"group\" aria-roledescription=\"slide\" aria-label=\"9 sur 18\"><a data-elementor-open-lightbox=\"yes\" data-elementor-lightbox-slideshow=\"f8b777f\" data-elementor-lightbox-title=\"LOGO_CFC_2022-700x700px\" data-e-action-hash=\"#elementor-action%3Aaction%3Dlightbox%26settings%3DeyJpZCI6MTAxNjcsInVybCI6Imh0dHBzOlwvXC9mZXN0aXZhbC1saXZyZS1qZXVuZXNzZS5mclwvMjAyM1wvd3AtY29udGVudFwvdXBsb2Fkc1wvMjAyMlwvMTBcL0xPR09fQ0ZDXzIwMjItNzAweDcwMHB4LnBuZyIsInNsaWRlc2hvdyI6ImY4Yjc3N2YifQ%3D%3D\" href=\"https:\/\/festival-livre-jeunesse.fr\/2023\/partenaires\/\"><figure class=\"swiper-slide-inner\"><img class=\"swiper-slide-image\" src=\"https:\/\/festival-livre-jeunesse.fr\/2023\/wp-content\/uploads\/elementor\/thumbs\/LOGO_CFC_2022-700x700px-pw7by7ni524th96t7am4s4i6dke4vhrlv75g2momaw.png\" alt=\"Centre Fran\u00e7ais du droit de Copie\" \/><\/figure><\/a><\/div><div class=\"swiper-slide\" role=\"group\" aria-roledescription=\"slide\" aria-label=\"10 sur 18\"><a data-elementor-open-lightbox=\"yes\" data-elementor-lightbox-slideshow=\"f8b777f\" data-elementor-lightbox-title=\"FCM\" data-e-action-hash=\"#elementor-action%3Aaction%3Dlightbox%26settings%3DeyJpZCI6MTE4MjEsInVybCI6Imh0dHBzOlwvXC9mZXN0aXZhbC1saXZyZS1qZXVuZXNzZS5mclwvMjAyM1wvd3AtY29udGVudFwvdXBsb2Fkc1wvMjAyMlwvMTJcL0ZDTS5qcGciLCJzbGlkZXNob3ciOiJmOGI3NzdmIn0%3D\" href=\"https:\/\/festival-livre-jeunesse.fr\/2023\/partenaires\/\"><figure class=\"swiper-slide-inner\"><img class=\"swiper-slide-image\" src=\"https:\/\/festival-livre-jeunesse.fr\/2023\/wp-content\/uploads\/elementor\/thumbs\/FCM-pyrxpmbh9e6fto43im50knl1ezq4kum54b9ijun5d4.jpg\" alt=\"Fondation Cr\u00e9dit Mutuel\" \/><\/figure><\/a><\/div><div class=\"swiper-slide\" role=\"group\" aria-roledescription=\"slide\" aria-label=\"11 sur 18\"><a data-elementor-open-lightbox=\"yes\" data-elementor-lightbox-slideshow=\"f8b777f\" data-elementor-lightbox-title=\"Logo_Tisseo-Collectivites\" data-e-action-hash=\"#elementor-action%3Aaction%3Dlightbox%26settings%3DeyJpZCI6MTIyMDIsInVybCI6Imh0dHBzOlwvXC9mZXN0aXZhbC1saXZyZS1qZXVuZXNzZS5mclwvMjAyM1wvd3AtY29udGVudFwvdXBsb2Fkc1wvMjAyMlwvMTJcL0xvZ29fVGlzc2VvLUNvbGxlY3Rpdml0ZXMucG5nIiwic2xpZGVzaG93IjoiZjhiNzc3ZiJ9\" href=\"https:\/\/festival-livre-jeunesse.fr\/2023\/partenaires\/\"><figure class=\"swiper-slide-inner\"><img class=\"swiper-slide-image\" src=\"https:\/\/festival-livre-jeunesse.fr\/2023\/wp-content\/uploads\/elementor\/thumbs\/Logo_Tisseo-Collectivites-pze67x3p229awhxbvzemmyh2crzu1i9llnhig7go2w.png\" alt=\"Tiss\u00e9o\" \/><\/figure><\/a><\/div><div class=\"swiper-slide\" role=\"group\" aria-roledescription=\"slide\" aria-label=\"12 sur 18\"><a data-elementor-open-lightbox=\"yes\" data-elementor-lightbox-slideshow=\"f8b777f\" data-elementor-lightbox-title=\"minist\u00e8re de la culture\" data-e-action-hash=\"#elementor-action%3Aaction%3Dlightbox%26settings%3DeyJpZCI6Mjc1OSwidXJsIjoiaHR0cHM6XC9cL2Zlc3RpdmFsLWxpdnJlLWpldW5lc3NlLmZyXC8yMDIzXC93cC1jb250ZW50XC91cGxvYWRzXC8yMDIxXC8wNVwvbWluaXN0ZXJlLWRlLWxhLWN1bHR1cmUucG5nIiwic2xpZGVzaG93IjoiZjhiNzc3ZiJ9\" href=\"https:\/\/festival-livre-jeunesse.fr\/2023\/partenaires\/\"><figure class=\"swiper-slide-inner\"><img class=\"swiper-slide-image\" src=\"https:\/\/festival-livre-jeunesse.fr\/2023\/wp-content\/uploads\/elementor\/thumbs\/ministere-de-la-culture-p6ytnp4htfzyikw82pf463rwu3tcch4b312tzupp0o.png\" alt=\"Minist\u00e8re de la culture\" \/><\/figure><\/a><\/div><div class=\"swiper-slide\" role=\"group\" aria-roledescription=\"slide\" aria-label=\"13 sur 18\"><a data-elementor-open-lightbox=\"yes\" data-elementor-lightbox-slideshow=\"f8b777f\" data-elementor-lightbox-title=\"acad\u00e9mie toulouse\" data-e-action-hash=\"#elementor-action%3Aaction%3Dlightbox%26settings%3DeyJpZCI6MjY3MCwidXJsIjoiaHR0cHM6XC9cL2Zlc3RpdmFsLWxpdnJlLWpldW5lc3NlLmZyXC8yMDIzXC93cC1jb250ZW50XC91cGxvYWRzXC8yMDIxXC8wNVwvYWNhZGVtaWUtdG91bG91c2UucG5nIiwic2xpZGVzaG93IjoiZjhiNzc3ZiJ9\" href=\"https:\/\/festival-livre-jeunesse.fr\/2023\/partenaires\/\"><figure class=\"swiper-slide-inner\"><img class=\"swiper-slide-image\" src=\"https:\/\/festival-livre-jeunesse.fr\/2023\/wp-content\/uploads\/elementor\/thumbs\/academie-toulouse-p6ymfies1dtmsctwdqlth9fl9g8oon73n85apihtd4.png\" alt=\"Acad\u00e9mie de Toulouse\" \/><\/figure><\/a><\/div><div class=\"swiper-slide\" role=\"group\" aria-roledescription=\"slide\" aria-label=\"14 sur 18\"><a data-elementor-open-lightbox=\"yes\" data-elementor-lightbox-slideshow=\"f8b777f\" data-elementor-lightbox-title=\"universit\u00e9\" data-e-action-hash=\"#elementor-action%3Aaction%3Dlightbox%26settings%3DeyJpZCI6MjY4NywidXJsIjoiaHR0cHM6XC9cL2Zlc3RpdmFsLWxpdnJlLWpldW5lc3NlLmZyXC8yMDIzXC93cC1jb250ZW50XC91cGxvYWRzXC8yMDIxXC8wNVwvdW5pdmVyc2l0ZS5wbmciLCJzbGlkZXNob3ciOiJmOGI3NzdmIn0%3D\" href=\"https:\/\/festival-livre-jeunesse.fr\/2023\/partenaires\/\"><figure class=\"swiper-slide-inner\"><img class=\"swiper-slide-image\" src=\"https:\/\/festival-livre-jeunesse.fr\/2023\/wp-content\/uploads\/elementor\/thumbs\/universite-p6yoqvpg7dy6j9qck9xl4q2e0rboe761fv6o20vrhk.png\" alt=\"Universit\u00e9 Jean Jaur\u00e8s\" \/><\/figure><\/a><\/div><div class=\"swiper-slide\" role=\"group\" aria-roledescription=\"slide\" aria-label=\"15 sur 18\"><a data-elementor-open-lightbox=\"yes\" data-elementor-lightbox-slideshow=\"f8b777f\" data-elementor-lightbox-title=\"INSPE\" data-e-action-hash=\"#elementor-action%3Aaction%3Dlightbox%26settings%3DeyJpZCI6MjY4MCwidXJsIjoiaHR0cHM6XC9cL2Zlc3RpdmFsLWxpdnJlLWpldW5lc3NlLmZyXC8yMDIzXC93cC1jb250ZW50XC91cGxvYWRzXC8yMDIxXC8wNVwvSU5TUEUuanBnIiwic2xpZGVzaG93IjoiZjhiNzc3ZiJ9\" href=\"https:\/\/festival-livre-jeunesse.fr\/2023\/partenaires\/\"><figure class=\"swiper-slide-inner\"><img class=\"swiper-slide-image\" src=\"https:\/\/festival-livre-jeunesse.fr\/2023\/wp-content\/uploads\/elementor\/thumbs\/INSPE-p6ynspapp95udpdl502xyuk0fds7ieheep82utk3qg.jpg\" alt=\"Inspe Toulouse\" \/><\/figure><\/a><\/div><div class=\"swiper-slide\" role=\"group\" aria-roledescription=\"slide\" aria-label=\"16 sur 18\"><a data-elementor-open-lightbox=\"yes\" data-elementor-lightbox-slideshow=\"f8b777f\" data-elementor-lightbox-title=\"mgen_Groupe_VYV\" data-e-action-hash=\"#elementor-action%3Aaction%3Dlightbox%26settings%3DeyJpZCI6MTIyMDYsInVybCI6Imh0dHBzOlwvXC9mZXN0aXZhbC1saXZyZS1qZXVuZXNzZS5mclwvMjAyM1wvd3AtY29udGVudFwvdXBsb2Fkc1wvMjAyMlwvMTJcL21nZW5fR3JvdXBlX1ZZVi53ZWJwIiwic2xpZGVzaG93IjoiZjhiNzc3ZiJ9\" href=\"https:\/\/festival-livre-jeunesse.fr\/2023\/partenaires\/\"><figure class=\"swiper-slide-inner\"><img class=\"swiper-slide-image\" src=\"https:\/\/festival-livre-jeunesse.fr\/2023\/wp-content\/uploads\/elementor\/thumbs\/mgen_Groupe_VYV-pze6erdesnmfebzlxxuvs8btzqa027f9vieq6pbiso.webp\" alt=\"Mgen\" \/><\/figure><\/a><\/div><div class=\"swiper-slide\" role=\"group\" aria-roledescription=\"slide\" aria-label=\"17 sur 18\"><a data-elementor-open-lightbox=\"yes\" data-elementor-lightbox-slideshow=\"f8b777f\" data-elementor-lightbox-title=\"AMC_2\" data-e-action-hash=\"#elementor-action%3Aaction%3Dlightbox%26settings%3DeyJpZCI6MTIzMTYsInVybCI6Imh0dHBzOlwvXC9mZXN0aXZhbC1saXZyZS1qZXVuZXNzZS5mclwvMjAyM1wvd3AtY29udGVudFwvdXBsb2Fkc1wvMjAyMlwvMTJcL0FNQ18yLmpwZyIsInNsaWRlc2hvdyI6ImY4Yjc3N2YifQ%3D%3D\" href=\"https:\/\/festival-livre-jeunesse.fr\/2023\/partenaires\/\"><figure class=\"swiper-slide-inner\"><img class=\"swiper-slide-image\" src=\"https:\/\/festival-livre-jeunesse.fr\/2023\/wp-content\/uploads\/elementor\/thumbs\/AMC_2-pzg8o6y6y5cmnqofz1o913lhzf9nqvrlrrvzhje7l4.jpg\" alt=\"AMC_2\" \/><\/figure><\/a><\/div><div class=\"swiper-slide\" role=\"group\" aria-roledescription=\"slide\" aria-label=\"18 sur 18\"><a data-elementor-open-lightbox=\"yes\" data-elementor-lightbox-slideshow=\"f8b777f\" data-elementor-lightbox-title=\"FB_occitanie_CMJN\" data-e-action-hash=\"#elementor-action%3Aaction%3Dlightbox%26settings%3DeyJpZCI6MTI3MjcsInVybCI6Imh0dHBzOlwvXC9mZXN0aXZhbC1saXZyZS1qZXVuZXNzZS5mclwvMjAyM1wvd3AtY29udGVudFwvdXBsb2Fkc1wvMjAyM1wvMDFcL0ZCX29jY2l0YW5pZV9DTUpOLmpwZyIsInNsaWRlc2hvdyI6ImY4Yjc3N2YifQ%3D%3D\" href=\"https:\/\/festival-livre-jeunesse.fr\/2023\/partenaires\/\"><figure class=\"swiper-slide-inner\"><img class=\"swiper-slide-image\" src=\"https:\/\/festival-livre-jeunesse.fr\/2023\/wp-content\/uploads\/elementor\/thumbs\/FB_occitanie_CMJN-q09q3kt6jnutosidbmlqw38njy7qzrbeckjofkzrag.jpg\" alt=\"FB_occitanie_CMJN\" \/><\/figure><\/a><\/div>\t\t\t<\/div>\n\t\t\t\t\t\t\t\t\t\t\t\t<div class=\"elementor-swiper-button elementor-swiper-button-prev\" role=\"button\" tabindex=\"0\">\n\t\t\t\t\t\t<i aria-hidden=\"true\" class=\"eicon-chevron-left\"><\/i>\t\t\t\t\t<\/div>\n\t\t\t\t\t<div class=\"elementor-swiper-button elementor-swiper-button-next\" role=\"button\" tabindex=\"0\">\n\t\t\t\t\t\t<i aria-hidden=\"true\" class=\"eicon-chevron-right\"><\/i>\t\t\t\t\t<\/div>\n\t\t\t\t\n\t\t\t\t\t\t\t\t\t<div class=\"swiper-pagination\"><\/div>\n\t\t\t\t\t\t\t\t\t<\/div>\n\t\t\t\t<\/div>\n\t\t\t\t<\/div>\n\t\t\t\t\t\t<\/div>\n\t\t\t\t\t<\/div>\n\t\t<\/div>\n\t\t\t\t\t\t\t\t<\/div>\n\t\t\t\t\t<\/div>\n\t\t<\/section>\n\t\t\t\t\t\t\t\t\t<\/div>\n\t\t\t<\/div>\n\t\t\t\t\t<\/div>\n\t\t","protected":false},"excerpt":{"rendered":"<p>Lectures et spectacles 8\u00e8me Nuits de la lecture Ours \u00e0 New York Toulouse | M\u00e9diath\u00e8que Grand M19h &#8211; Ven. 20 Janvier Lecture dessin\u00e9e et musicale Gaya Wisniewski et Hugues Mayot. Une fresque en musique qui retrace l&#8217;histoire d&#8217; Ours \u00e0 New York. Des dessins \u00e0 l&#8217;encre noire de Gaya Wisniewski accompagn\u00e9s d&#8217;une musique au saxophone &hellip;<\/p>\n<p class=\"read-more\"> <a class=\"\" href=\"https:\/\/festival-livre-jeunesse.fr\/2023\/lectures-et-spectacles-3\/\"> <span class=\"screen-reader-text\">Lectures et spectacles<\/span> Lire la suite\u00a0\u00bb<\/a><\/p>\n","protected":false},"author":1,"featured_media":0,"parent":0,"menu_order":0,"comment_status":"closed","ping_status":"closed","template":"","meta":{"site-sidebar-layout":"no-sidebar","site-content-layout":"page-builder","ast-main-header-display":"","ast-hfb-above-header-display":"","ast-hfb-below-header-display":"","ast-hfb-mobile-header-display":"","site-post-title":"disabled","ast-breadcrumbs-content":"","ast-featured-img":"disabled","footer-sml-layout":"","theme-transparent-header-meta":"","adv-header-id-meta":"","stick-header-meta":"","header-above-stick-meta":"","header-main-stick-meta":"","header-below-stick-meta":""},"yoast_head":"<!-- This site is optimized with the Yoast SEO plugin v19.7.2 - https:\/\/yoast.com\/wordpress\/plugins\/seo\/ -->\n<title>Lectures et spectacles - Festival Livre Jeunesse Occitanie<\/title>\n<meta name=\"robots\" content=\"index, follow, max-snippet:-1, max-image-preview:large, max-video-preview:-1\" \/>\n<link rel=\"canonical\" href=\"https:\/\/festival-livre-jeunesse.fr\/2023\/lectures-et-spectacles-3\/\" \/>\n<meta property=\"og:locale\" content=\"fr_FR\" \/>\n<meta property=\"og:type\" content=\"article\" \/>\n<meta property=\"og:title\" content=\"Lectures et spectacles - Festival Livre Jeunesse Occitanie\" \/>\n<meta property=\"og:description\" content=\"Lectures et spectacles 8\u00e8me Nuits de la lecture Ours \u00e0 New York Toulouse | M\u00e9diath\u00e8que Grand M19h &#8211; Ven. 20 Janvier Lecture dessin\u00e9e et musicale Gaya Wisniewski et Hugues Mayot. Une fresque en musique qui retrace l&#8217;histoire d&#8217; Ours \u00e0 New York. Des dessins \u00e0 l&#8217;encre noire de Gaya Wisniewski accompagn\u00e9s d&#8217;une musique au saxophone &hellip; Lectures et spectacles Lire la suite\u00a0\u00bb\" \/>\n<meta property=\"og:url\" content=\"https:\/\/festival-livre-jeunesse.fr\/2023\/lectures-et-spectacles-3\/\" \/>\n<meta property=\"og:site_name\" content=\"Festival Livre Jeunesse Occitanie\" \/>\n<meta property=\"article:publisher\" content=\"https:\/\/www.facebook.com\/FestivalLivreJeunesseOccitanie\" \/>\n<meta property=\"article:modified_time\" content=\"2023-01-18T19:09:30+00:00\" \/>\n<meta property=\"og:image\" content=\"https:\/\/festival-livre-jeunesse.fr\/2023\/wp-content\/uploads\/2022\/11\/Ours_New-York.jpg\" \/>\n<meta name=\"twitter:card\" content=\"summary_large_image\" \/>\n<meta name=\"twitter:site\" content=\"@FljOccitanie\" \/>\n<meta name=\"twitter:label1\" content=\"Dur\u00e9e de lecture estim\u00e9e\" \/>\n\t<meta name=\"twitter:data1\" content=\"3 minutes\" \/>\n<script type=\"application\/ld+json\" class=\"yoast-schema-graph\">{\"@context\":\"https:\/\/schema.org\",\"@graph\":[{\"@type\":\"WebPage\",\"@id\":\"https:\/\/festival-livre-jeunesse.fr\/2023\/lectures-et-spectacles-3\/\",\"url\":\"https:\/\/festival-livre-jeunesse.fr\/2023\/lectures-et-spectacles-3\/\",\"name\":\"Lectures et spectacles - Festival Livre Jeunesse Occitanie\",\"isPartOf\":{\"@id\":\"https:\/\/festival-livre-jeunesse.fr\/2023\/#website\"},\"datePublished\":\"2022-11-29T14:54:13+00:00\",\"dateModified\":\"2023-01-18T19:09:30+00:00\",\"breadcrumb\":{\"@id\":\"https:\/\/festival-livre-jeunesse.fr\/2023\/lectures-et-spectacles-3\/#breadcrumb\"},\"inLanguage\":\"fr-FR\",\"potentialAction\":[{\"@type\":\"ReadAction\",\"target\":[\"https:\/\/festival-livre-jeunesse.fr\/2023\/lectures-et-spectacles-3\/\"]}]},{\"@type\":\"BreadcrumbList\",\"@id\":\"https:\/\/festival-livre-jeunesse.fr\/2023\/lectures-et-spectacles-3\/#breadcrumb\",\"itemListElement\":[{\"@type\":\"ListItem\",\"position\":1,\"name\":\"Accueil\",\"item\":\"https:\/\/festival-livre-jeunesse.fr\/2023\/\"},{\"@type\":\"ListItem\",\"position\":2,\"name\":\"Lectures et spectacles\"}]},{\"@type\":\"WebSite\",\"@id\":\"https:\/\/festival-livre-jeunesse.fr\/2023\/#website\",\"url\":\"https:\/\/festival-livre-jeunesse.fr\/2023\/\",\"name\":\"Festival Livre Jeunesse Occitanie\",\"description\":\"21\u00e8me \u00e9dition - janvier 2023\",\"publisher\":{\"@id\":\"https:\/\/festival-livre-jeunesse.fr\/2023\/#organization\"},\"potentialAction\":[{\"@type\":\"SearchAction\",\"target\":{\"@type\":\"EntryPoint\",\"urlTemplate\":\"https:\/\/festival-livre-jeunesse.fr\/2023\/?s={search_term_string}\"},\"query-input\":\"required name=search_term_string\"}],\"inLanguage\":\"fr-FR\"},{\"@type\":\"Organization\",\"@id\":\"https:\/\/festival-livre-jeunesse.fr\/2023\/#organization\",\"name\":\"festival livre jeunesse occitanie\",\"url\":\"https:\/\/festival-livre-jeunesse.fr\/2023\/\",\"sameAs\":[\"https:\/\/www.facebook.com\/FestivalLivreJeunesseOccitanie\",\"https:\/\/twitter.com\/FljOccitanie\"],\"logo\":{\"@type\":\"ImageObject\",\"inLanguage\":\"fr-FR\",\"@id\":\"https:\/\/festival-livre-jeunesse.fr\/2023\/#\/schema\/logo\/image\/\",\"url\":\"https:\/\/festival-livre-jeunesse.fr\/2023\/wp-content\/uploads\/2021\/05\/Logo-FLJ-petit.png\",\"contentUrl\":\"https:\/\/festival-livre-jeunesse.fr\/2023\/wp-content\/uploads\/2021\/05\/Logo-FLJ-petit.png\",\"width\":204,\"height\":200,\"caption\":\"festival livre jeunesse occitanie\"},\"image\":{\"@id\":\"https:\/\/festival-livre-jeunesse.fr\/2023\/#\/schema\/logo\/image\/\"}}]}<\/script>\n<!-- \/ Yoast SEO plugin. -->","yoast_head_json":{"title":"Lectures et spectacles - Festival Livre Jeunesse Occitanie","robots":{"index":"index","follow":"follow","max-snippet":"max-snippet:-1","max-image-preview":"max-image-preview:large","max-video-preview":"max-video-preview:-1"},"canonical":"https:\/\/festival-livre-jeunesse.fr\/2023\/lectures-et-spectacles-3\/","og_locale":"fr_FR","og_type":"article","og_title":"Lectures et spectacles - Festival Livre Jeunesse Occitanie","og_description":"Lectures et spectacles 8\u00e8me Nuits de la lecture Ours \u00e0 New York Toulouse | M\u00e9diath\u00e8que Grand M19h &#8211; Ven. 20 Janvier Lecture dessin\u00e9e et musicale Gaya Wisniewski et Hugues Mayot. Une fresque en musique qui retrace l&#8217;histoire d&#8217; Ours \u00e0 New York. Des dessins \u00e0 l&#8217;encre noire de Gaya Wisniewski accompagn\u00e9s d&#8217;une musique au saxophone &hellip; Lectures et spectacles Lire la suite\u00a0\u00bb","og_url":"https:\/\/festival-livre-jeunesse.fr\/2023\/lectures-et-spectacles-3\/","og_site_name":"Festival Livre Jeunesse Occitanie","article_publisher":"https:\/\/www.facebook.com\/FestivalLivreJeunesseOccitanie","article_modified_time":"2023-01-18T19:09:30+00:00","og_image":[{"url":"https:\/\/festival-livre-jeunesse.fr\/2023\/wp-content\/uploads\/2022\/11\/Ours_New-York.jpg"}],"twitter_card":"summary_large_image","twitter_site":"@FljOccitanie","twitter_misc":{"Dur\u00e9e de lecture estim\u00e9e":"3 minutes"},"schema":{"@context":"https:\/\/schema.org","@graph":[{"@type":"WebPage","@id":"https:\/\/festival-livre-jeunesse.fr\/2023\/lectures-et-spectacles-3\/","url":"https:\/\/festival-livre-jeunesse.fr\/2023\/lectures-et-spectacles-3\/","name":"Lectures et spectacles - Festival Livre Jeunesse Occitanie","isPartOf":{"@id":"https:\/\/festival-livre-jeunesse.fr\/2023\/#website"},"datePublished":"2022-11-29T14:54:13+00:00","dateModified":"2023-01-18T19:09:30+00:00","breadcrumb":{"@id":"https:\/\/festival-livre-jeunesse.fr\/2023\/lectures-et-spectacles-3\/#breadcrumb"},"inLanguage":"fr-FR","potentialAction":[{"@type":"ReadAction","target":["https:\/\/festival-livre-jeunesse.fr\/2023\/lectures-et-spectacles-3\/"]}]},{"@type":"BreadcrumbList","@id":"https:\/\/festival-livre-jeunesse.fr\/2023\/lectures-et-spectacles-3\/#breadcrumb","itemListElement":[{"@type":"ListItem","position":1,"name":"Accueil","item":"https:\/\/festival-livre-jeunesse.fr\/2023\/"},{"@type":"ListItem","position":2,"name":"Lectures et spectacles"}]},{"@type":"WebSite","@id":"https:\/\/festival-livre-jeunesse.fr\/2023\/#website","url":"https:\/\/festival-livre-jeunesse.fr\/2023\/","name":"Festival Livre Jeunesse Occitanie","description":"21\u00e8me \u00e9dition - janvier 2023","publisher":{"@id":"https:\/\/festival-livre-jeunesse.fr\/2023\/#organization"},"potentialAction":[{"@type":"SearchAction","target":{"@type":"EntryPoint","urlTemplate":"https:\/\/festival-livre-jeunesse.fr\/2023\/?s={search_term_string}"},"query-input":"required name=search_term_string"}],"inLanguage":"fr-FR"},{"@type":"Organization","@id":"https:\/\/festival-livre-jeunesse.fr\/2023\/#organization","name":"festival livre jeunesse occitanie","url":"https:\/\/festival-livre-jeunesse.fr\/2023\/","sameAs":["https:\/\/www.facebook.com\/FestivalLivreJeunesseOccitanie","https:\/\/twitter.com\/FljOccitanie"],"logo":{"@type":"ImageObject","inLanguage":"fr-FR","@id":"https:\/\/festival-livre-jeunesse.fr\/2023\/#\/schema\/logo\/image\/","url":"https:\/\/festival-livre-jeunesse.fr\/2023\/wp-content\/uploads\/2021\/05\/Logo-FLJ-petit.png","contentUrl":"https:\/\/festival-livre-jeunesse.fr\/2023\/wp-content\/uploads\/2021\/05\/Logo-FLJ-petit.png","width":204,"height":200,"caption":"festival livre jeunesse occitanie"},"image":{"@id":"https:\/\/festival-livre-jeunesse.fr\/2023\/#\/schema\/logo\/image\/"}}]}},"_links":{"self":[{"href":"https:\/\/festival-livre-jeunesse.fr\/2023\/wp-json\/wp\/v2\/pages\/11371"}],"collection":[{"href":"https:\/\/festival-livre-jeunesse.fr\/2023\/wp-json\/wp\/v2\/pages"}],"about":[{"href":"https:\/\/festival-livre-jeunesse.fr\/2023\/wp-json\/wp\/v2\/types\/page"}],"author":[{"embeddable":true,"href":"https:\/\/festival-livre-jeunesse.fr\/2023\/wp-json\/wp\/v2\/users\/1"}],"replies":[{"embeddable":true,"href":"https:\/\/festival-livre-jeunesse.fr\/2023\/wp-json\/wp\/v2\/comments?post=11371"}],"version-history":[{"count":76,"href":"https:\/\/festival-livre-jeunesse.fr\/2023\/wp-json\/wp\/v2\/pages\/11371\/revisions"}],"predecessor-version":[{"id":13072,"href":"https:\/\/festival-livre-jeunesse.fr\/2023\/wp-json\/wp\/v2\/pages\/11371\/revisions\/13072"}],"wp:attachment":[{"href":"https:\/\/festival-livre-jeunesse.fr\/2023\/wp-json\/wp\/v2\/media?parent=11371"}],"curies":[{"name":"wp","href":"https:\/\/api.w.org\/{rel}","templated":true}]}}