{"id":13780,"date":"2023-06-29T14:47:25","date_gmt":"2023-06-29T12:47:25","guid":{"rendered":"https:\/\/festival-livre-jeunesse.fr\/2023\/?page_id=13780"},"modified":"2023-09-08T18:18:51","modified_gmt":"2023-09-08T16:18:51","slug":"offres-scolaires-flj-2024","status":"publish","type":"page","link":"https:\/\/festival-livre-jeunesse.fr\/2023\/offres-scolaires-flj-2024\/","title":{"rendered":"Offres scolaires FLJ 2024"},"content":{"rendered":"\t\t<div data-elementor-type=\"wp-page\" data-elementor-id=\"13780\" class=\"elementor elementor-13780\">\n\t\t\t\t\t\t<div class=\"elementor-inner\">\n\t\t\t\t<div class=\"elementor-section-wrap\">\n\t\t\t\t\t\t\t\t\t<section class=\"elementor-section elementor-top-section elementor-element elementor-element-51f5ade2 elementor-section-full_width elementor-section-height-default elementor-section-height-default\" data-id=\"51f5ade2\" data-element_type=\"section\">\n\t\t\t\t\t\t<div class=\"elementor-container elementor-column-gap-default\">\n\t\t\t\t\t\t\t<div class=\"elementor-row\">\n\t\t\t\t\t<div class=\"elementor-column elementor-col-100 elementor-top-column elementor-element elementor-element-2fc0b92b\" data-id=\"2fc0b92b\" data-element_type=\"column\">\n\t\t\t<div class=\"elementor-column-wrap elementor-element-populated\">\n\t\t\t\t\t\t\t<div class=\"elementor-widget-wrap\">\n\t\t\t\t\t\t<div class=\"elementor-element elementor-element-f7adcd3 elementor-widget elementor-widget-spacer\" data-id=\"f7adcd3\" data-element_type=\"widget\" data-widget_type=\"spacer.default\">\n\t\t\t\t<div class=\"elementor-widget-container\">\n\t\t\t\t\t<div class=\"elementor-spacer\">\n\t\t\t<div class=\"elementor-spacer-inner\"><\/div>\n\t\t<\/div>\n\t\t\t\t<\/div>\n\t\t\t\t<\/div>\n\t\t\t\t\t\t<\/div>\n\t\t\t\t\t<\/div>\n\t\t<\/div>\n\t\t\t\t\t\t\t\t<\/div>\n\t\t\t\t\t<\/div>\n\t\t<\/section>\n\t\t\t\t<section class=\"elementor-section elementor-top-section elementor-element elementor-element-935e871 elementor-section-boxed elementor-section-height-default elementor-section-height-default\" data-id=\"935e871\" data-element_type=\"section\">\n\t\t\t\t\t\t<div class=\"elementor-container elementor-column-gap-default\">\n\t\t\t\t\t\t\t<div class=\"elementor-row\">\n\t\t\t\t\t<div class=\"elementor-column elementor-col-100 elementor-top-column elementor-element elementor-element-6f28215\" data-id=\"6f28215\" data-element_type=\"column\">\n\t\t\t<div class=\"elementor-column-wrap\">\n\t\t\t\t\t\t\t<div class=\"elementor-widget-wrap\">\n\t\t\t\t\t\t\t\t<\/div>\n\t\t\t\t\t<\/div>\n\t\t<\/div>\n\t\t\t\t\t\t\t\t<\/div>\n\t\t\t\t\t<\/div>\n\t\t<\/section>\n\t\t\t\t<section class=\"elementor-section elementor-top-section elementor-element elementor-element-f92015f elementor-section-boxed elementor-section-height-default elementor-section-height-default\" data-id=\"f92015f\" data-element_type=\"section\">\n\t\t\t\t\t\t<div class=\"elementor-container elementor-column-gap-default\">\n\t\t\t\t\t\t\t<div class=\"elementor-row\">\n\t\t\t\t\t<div class=\"elementor-column elementor-col-33 elementor-top-column elementor-element elementor-element-717356c\" data-id=\"717356c\" data-element_type=\"column\">\n\t\t\t<div class=\"elementor-column-wrap\">\n\t\t\t\t\t\t\t<div class=\"elementor-widget-wrap\">\n\t\t\t\t\t\t\t\t<\/div>\n\t\t\t\t\t<\/div>\n\t\t<\/div>\n\t\t\t\t<div class=\"elementor-column elementor-col-33 elementor-top-column elementor-element elementor-element-81a53db\" data-id=\"81a53db\" data-element_type=\"column\">\n\t\t\t<div class=\"elementor-column-wrap elementor-element-populated\">\n\t\t\t\t\t\t\t<div class=\"elementor-widget-wrap\">\n\t\t\t\t\t\t<div class=\"elementor-element elementor-element-60cc74d elementor-widget elementor-widget-heading\" data-id=\"60cc74d\" data-element_type=\"widget\" data-widget_type=\"heading.default\">\n\t\t\t\t<div class=\"elementor-widget-container\">\n\t\t\t<h4 class=\"elementor-heading-title elementor-size-xl\">OFFRES SCOLAIRES 2024<\/h4>\t\t<\/div>\n\t\t\t\t<\/div>\n\t\t\t\t\t\t<\/div>\n\t\t\t\t\t<\/div>\n\t\t<\/div>\n\t\t\t\t<div class=\"elementor-column elementor-col-33 elementor-top-column elementor-element elementor-element-35b1a79\" data-id=\"35b1a79\" data-element_type=\"column\">\n\t\t\t<div class=\"elementor-column-wrap\">\n\t\t\t\t\t\t\t<div class=\"elementor-widget-wrap\">\n\t\t\t\t\t\t\t\t<\/div>\n\t\t\t\t\t<\/div>\n\t\t<\/div>\n\t\t\t\t\t\t\t\t<\/div>\n\t\t\t\t\t<\/div>\n\t\t<\/section>\n\t\t\t\t<section class=\"elementor-section elementor-top-section elementor-element elementor-element-c657a67 elementor-section-boxed elementor-section-height-default elementor-section-height-default\" data-id=\"c657a67\" data-element_type=\"section\">\n\t\t\t\t\t\t<div class=\"elementor-container elementor-column-gap-default\">\n\t\t\t\t\t\t\t<div class=\"elementor-row\">\n\t\t\t\t\t<div class=\"elementor-column elementor-col-33 elementor-top-column elementor-element elementor-element-bb8862b\" data-id=\"bb8862b\" data-element_type=\"column\">\n\t\t\t<div class=\"elementor-column-wrap\">\n\t\t\t\t\t\t\t<div class=\"elementor-widget-wrap\">\n\t\t\t\t\t\t\t\t<\/div>\n\t\t\t\t\t<\/div>\n\t\t<\/div>\n\t\t\t\t<div class=\"elementor-column elementor-col-33 elementor-top-column elementor-element elementor-element-0a7f5ee\" data-id=\"0a7f5ee\" data-element_type=\"column\">\n\t\t\t<div class=\"elementor-column-wrap elementor-element-populated\">\n\t\t\t\t\t\t\t<div class=\"elementor-widget-wrap\">\n\t\t\t\t\t\t<div class=\"elementor-element elementor-element-a5233cb elementor-widget elementor-widget-text-editor\" data-id=\"a5233cb\" data-element_type=\"widget\" data-widget_type=\"text-editor.default\">\n\t\t\t\t<div class=\"elementor-widget-container\">\n\t\t\t\t\t\t\t\t<div class=\"elementor-text-editor elementor-clearfix\">\n\t\t\t\t<p>Engag\u00e9e dans l\u2019\u00e9ducation artistique et culturelle depuis sa cr\u00e9ation, le Festival du Livre de Jeunesse Occitanie propose \u00e0 plus de 3000 \u00e9l\u00e8ves des rencontres d\u2019auteurs et des initiatives autour de la litt\u00e9rature de jeunesse sur le site de l\u2019\u00e9v\u00e8nement et lors d&#8217;initiatives hors-les-murs.<\/p>\t\t\t\t\t<\/div>\n\t\t\t\t\t\t<\/div>\n\t\t\t\t<\/div>\n\t\t\t\t\t\t<\/div>\n\t\t\t\t\t<\/div>\n\t\t<\/div>\n\t\t\t\t<div class=\"elementor-column elementor-col-33 elementor-top-column elementor-element elementor-element-715fb98\" data-id=\"715fb98\" data-element_type=\"column\">\n\t\t\t<div class=\"elementor-column-wrap\">\n\t\t\t\t\t\t\t<div class=\"elementor-widget-wrap\">\n\t\t\t\t\t\t\t\t<\/div>\n\t\t\t\t\t<\/div>\n\t\t<\/div>\n\t\t\t\t\t\t\t\t<\/div>\n\t\t\t\t\t<\/div>\n\t\t<\/section>\n\t\t\t\t<section class=\"elementor-section elementor-top-section elementor-element elementor-element-1330b01 elementor-section-boxed elementor-section-height-default elementor-section-height-default\" data-id=\"1330b01\" data-element_type=\"section\">\n\t\t\t\t\t\t<div class=\"elementor-container elementor-column-gap-default\">\n\t\t\t\t\t\t\t<div class=\"elementor-row\">\n\t\t\t\t\t<div class=\"elementor-column elementor-col-33 elementor-top-column elementor-element elementor-element-0f902b5\" data-id=\"0f902b5\" data-element_type=\"column\">\n\t\t\t<div class=\"elementor-column-wrap\">\n\t\t\t\t\t\t\t<div class=\"elementor-widget-wrap\">\n\t\t\t\t\t\t\t\t<\/div>\n\t\t\t\t\t<\/div>\n\t\t<\/div>\n\t\t\t\t<div class=\"elementor-column elementor-col-33 elementor-top-column elementor-element elementor-element-fd72640\" data-id=\"fd72640\" data-element_type=\"column\">\n\t\t\t<div class=\"elementor-column-wrap elementor-element-populated\">\n\t\t\t\t\t\t\t<div class=\"elementor-widget-wrap\">\n\t\t\t\t\t\t<div class=\"elementor-element elementor-element-fd573aa elementor-widget elementor-widget-image\" data-id=\"fd573aa\" data-element_type=\"widget\" data-widget_type=\"image.default\">\n\t\t\t\t<div class=\"elementor-widget-container\">\n\t\t\t\t\t\t\t\t<div class=\"elementor-image\">\n\t\t\t\t\t\t\t\t\t\t\t\t\t<a href=\"https:\/\/pedagogie.ac-toulouse.fr\/daac\/adage-application-dediee-la-generalisation-de-leac\">\n\t\t\t\t\t\t\t<img width=\"768\" height=\"768\" src=\"https:\/\/festival-livre-jeunesse.fr\/2023\/wp-content\/uploads\/2023\/09\/campagne-rencontres-scolaires-768x768.png\" class=\"attachment-medium_large size-medium_large wp-image-13949\" alt=\"\" loading=\"lazy\" srcset=\"https:\/\/festival-livre-jeunesse.fr\/2023\/wp-content\/uploads\/2023\/09\/campagne-rencontres-scolaires-768x768.png 768w, https:\/\/festival-livre-jeunesse.fr\/2023\/wp-content\/uploads\/2023\/09\/campagne-rencontres-scolaires-300x300.png 300w, https:\/\/festival-livre-jeunesse.fr\/2023\/wp-content\/uploads\/2023\/09\/campagne-rencontres-scolaires-1024x1024.png 1024w, https:\/\/festival-livre-jeunesse.fr\/2023\/wp-content\/uploads\/2023\/09\/campagne-rencontres-scolaires-150x150.png 150w, https:\/\/festival-livre-jeunesse.fr\/2023\/wp-content\/uploads\/2023\/09\/campagne-rencontres-scolaires.png 1080w\" sizes=\"(max-width: 768px) 100vw, 768px\" \/>\t\t\t\t\t\t\t\t<\/a>\n\t\t\t\t\t\t\t\t\t\t\t\t\t\t<\/div>\n\t\t\t\t\t\t<\/div>\n\t\t\t\t<\/div>\n\t\t\t\t\t\t<\/div>\n\t\t\t\t\t<\/div>\n\t\t<\/div>\n\t\t\t\t<div class=\"elementor-column elementor-col-33 elementor-top-column elementor-element elementor-element-1a25256\" data-id=\"1a25256\" data-element_type=\"column\">\n\t\t\t<div class=\"elementor-column-wrap\">\n\t\t\t\t\t\t\t<div class=\"elementor-widget-wrap\">\n\t\t\t\t\t\t\t\t<\/div>\n\t\t\t\t\t<\/div>\n\t\t<\/div>\n\t\t\t\t\t\t\t\t<\/div>\n\t\t\t\t\t<\/div>\n\t\t<\/section>\n\t\t\t\t<section class=\"elementor-section elementor-top-section elementor-element elementor-element-782e766 elementor-section-boxed elementor-section-height-default elementor-section-height-default\" data-id=\"782e766\" data-element_type=\"section\">\n\t\t\t\t\t\t<div class=\"elementor-container elementor-column-gap-default\">\n\t\t\t\t\t\t\t<div class=\"elementor-row\">\n\t\t\t\t\t<div class=\"elementor-column elementor-col-33 elementor-top-column elementor-element elementor-element-b931272\" data-id=\"b931272\" data-element_type=\"column\">\n\t\t\t<div class=\"elementor-column-wrap\">\n\t\t\t\t\t\t\t<div class=\"elementor-widget-wrap\">\n\t\t\t\t\t\t\t\t<\/div>\n\t\t\t\t\t<\/div>\n\t\t<\/div>\n\t\t\t\t<div class=\"elementor-column elementor-col-33 elementor-top-column elementor-element elementor-element-3208cda\" data-id=\"3208cda\" data-element_type=\"column\">\n\t\t\t<div class=\"elementor-column-wrap elementor-element-populated\">\n\t\t\t\t\t\t\t<div class=\"elementor-widget-wrap\">\n\t\t\t\t\t\t<div class=\"elementor-element elementor-element-ba90e4a elementor-widget elementor-widget-text-editor\" data-id=\"ba90e4a\" data-element_type=\"widget\" data-widget_type=\"text-editor.default\">\n\t\t\t\t<div class=\"elementor-widget-container\">\n\t\t\t\t\t\t\t\t<div class=\"elementor-text-editor elementor-clearfix\">\n\t\t\t\t<p><strong>Accueillant chaque ann\u00e9e fin janvier une trentaine d\u2019auteurs et illustrateurs jeunesse, le Festival du Livre de Jeunesse Occitanie met l\u2019accent sur les rencontres entre les lecteurs et les auteurs. A travers l\u2019ensemble de ces actions, l\u2019association soutient le livre comme moyen de compr\u00e9hension et d\u2019interrogation du monde, de construction et de d\u00e9veloppement d\u2019un individu\u2026 La rencontre d\u2019une classe avec un auteur (illustrateur, \u00e9crivain&#8230;) est toujours un temps fort du parcours culturel et artistique d\u2019un \u00e9l\u00e8ve.&nbsp;<\/strong><\/p>\n<p><strong><br><\/strong><\/p>\n<h4><strong>Le vendredi 26 janvier 2024&nbsp;<\/strong><strong style=\"color: var(--ast-global-color-5); font-size: 1.33333rem; font-style: inherit; background-color: var( --e-global-color-primary );\">est une journ\u00e9e d\u00e9di\u00e9e aux rencontres d\u2019auteur(rice) et\/ou illustrateur(rice) aupr\u00e8s des scolaires.<\/strong><\/h4>\t\t\t\t\t<\/div>\n\t\t\t\t\t\t<\/div>\n\t\t\t\t<\/div>\n\t\t\t\t\t\t<\/div>\n\t\t\t\t\t<\/div>\n\t\t<\/div>\n\t\t\t\t<div class=\"elementor-column elementor-col-33 elementor-top-column elementor-element elementor-element-37c4b0c\" data-id=\"37c4b0c\" data-element_type=\"column\">\n\t\t\t<div class=\"elementor-column-wrap\">\n\t\t\t\t\t\t\t<div class=\"elementor-widget-wrap\">\n\t\t\t\t\t\t\t\t<\/div>\n\t\t\t\t\t<\/div>\n\t\t<\/div>\n\t\t\t\t\t\t\t\t<\/div>\n\t\t\t\t\t<\/div>\n\t\t<\/section>\n\t\t\t\t<section class=\"elementor-section elementor-top-section elementor-element elementor-element-16a44fa elementor-section-boxed elementor-section-height-default elementor-section-height-default\" data-id=\"16a44fa\" data-element_type=\"section\">\n\t\t\t\t\t\t<div class=\"elementor-container elementor-column-gap-default\">\n\t\t\t\t\t\t\t<div class=\"elementor-row\">\n\t\t\t\t\t<div class=\"elementor-column elementor-col-25 elementor-top-column elementor-element elementor-element-059a198\" data-id=\"059a198\" data-element_type=\"column\">\n\t\t\t<div class=\"elementor-column-wrap\">\n\t\t\t\t\t\t\t<div class=\"elementor-widget-wrap\">\n\t\t\t\t\t\t\t\t<\/div>\n\t\t\t\t\t<\/div>\n\t\t<\/div>\n\t\t\t\t<div class=\"elementor-column elementor-col-25 elementor-top-column elementor-element elementor-element-3edc436\" data-id=\"3edc436\" data-element_type=\"column\">\n\t\t\t<div class=\"elementor-column-wrap elementor-element-populated\">\n\t\t\t\t\t\t\t<div class=\"elementor-widget-wrap\">\n\t\t\t\t\t\t<div class=\"elementor-element elementor-element-98b22ef elementor-widget elementor-widget-heading\" data-id=\"98b22ef\" data-element_type=\"widget\" data-widget_type=\"heading.default\">\n\t\t\t\t<div class=\"elementor-widget-container\">\n\t\t\t<h2 class=\"elementor-heading-title elementor-size-default\">maternelles et \u00e9l\u00e9mentaires<\/h2>\t\t<\/div>\n\t\t\t\t<\/div>\n\t\t\t\t<div class=\"elementor-element elementor-element-ecb800b elementor-widget elementor-widget-text-editor\" data-id=\"ecb800b\" data-element_type=\"widget\" data-widget_type=\"text-editor.default\">\n\t\t\t\t<div class=\"elementor-widget-container\">\n\t\t\t\t\t\t\t\t<div class=\"elementor-text-editor elementor-clearfix\">\n\t\t\t\t<p>Seules les classes de maternelles et d\u2019\u00e9l\u00e9mentaires s\u00e9lectionn\u00e9es b\u00e9n\u00e9ficieront de rencontres dans leur \u00e9tablissement. Pour des rencontres dans des conditions optimales, nous privil\u00e9gierons 1 classe par s\u00e9ance soit 2 s\u00e9ances par journ\u00e9e (dur\u00e9e de l\u2019intervention\u00a0: environ 2 heures). L\u2019association organisatrice prend en charge la r\u00e9mun\u00e9ration et les frais des auteurs (transport, h\u00e9bergement, \u2026). Reste \u00e0 la charge de l\u2019\u00e9tablissement scolaire un forfait de 50\u20ac ainsi que le d\u00e9jeuner de l\u2019auteur et du b\u00e9n\u00e9vole accompagnant.<\/p>\t\t\t\t\t<\/div>\n\t\t\t\t\t\t<\/div>\n\t\t\t\t<\/div>\n\t\t\t\t\t\t<\/div>\n\t\t\t\t\t<\/div>\n\t\t<\/div>\n\t\t\t\t<div class=\"elementor-column elementor-col-25 elementor-top-column elementor-element elementor-element-60c3344\" data-id=\"60c3344\" data-element_type=\"column\">\n\t\t\t<div class=\"elementor-column-wrap elementor-element-populated\">\n\t\t\t\t\t\t\t<div class=\"elementor-widget-wrap\">\n\t\t\t\t\t\t<div class=\"elementor-element elementor-element-2e4b04c elementor-widget elementor-widget-heading\" data-id=\"2e4b04c\" data-element_type=\"widget\" data-widget_type=\"heading.default\">\n\t\t\t\t<div class=\"elementor-widget-container\">\n\t\t\t<h2 class=\"elementor-heading-title elementor-size-default\">coll\u00e8ges et lyc\u00e9es<\/h2>\t\t<\/div>\n\t\t\t\t<\/div>\n\t\t\t\t<div class=\"elementor-element elementor-element-b72296a elementor-widget elementor-widget-text-editor\" data-id=\"b72296a\" data-element_type=\"widget\" data-widget_type=\"text-editor.default\">\n\t\t\t\t<div class=\"elementor-widget-container\">\n\t\t\t\t\t\t\t\t<div class=\"elementor-text-editor elementor-clearfix\">\n\t\t\t\t<p>Pour les \u00e9tablissements du secondaire, les rencontres (\u00e0 partir de la 6<sup>\u00e8me<\/sup>) se d\u00e9rouleront sur le site du Festival du Livre de Jeunesse Occitanie \u00a0dans un espace am\u00e9nag\u00e9 sp\u00e9cialement pour l\u2019occasion au Lyc\u00e9e Pierre-Paul Riquet \u00e0 Saint-Orens de Gameville. Elles se d\u00e9roulent en 2 temps\u00a0: une Rencontre avec l\u2019auteur ou l\u2019illustrateur (environ 1h), d\u2019une rencontre avec un libraire\u00a0 et\u00a0 de la visite de la librairie du festival. Cette offre n\u00e9cessite l\u2019utilisation du pass Culture-collective d\u2019un montant d\u2019environ 300\u20ac.<\/p>\t\t\t\t\t<\/div>\n\t\t\t\t\t\t<\/div>\n\t\t\t\t<\/div>\n\t\t\t\t\t\t<\/div>\n\t\t\t\t\t<\/div>\n\t\t<\/div>\n\t\t\t\t<div class=\"elementor-column elementor-col-25 elementor-top-column elementor-element elementor-element-9ee029a\" data-id=\"9ee029a\" data-element_type=\"column\">\n\t\t\t<div class=\"elementor-column-wrap\">\n\t\t\t\t\t\t\t<div class=\"elementor-widget-wrap\">\n\t\t\t\t\t\t\t\t<\/div>\n\t\t\t\t\t<\/div>\n\t\t<\/div>\n\t\t\t\t\t\t\t\t<\/div>\n\t\t\t\t\t<\/div>\n\t\t<\/section>\n\t\t\t\t<section class=\"elementor-section elementor-top-section elementor-element elementor-element-5461fac elementor-section-boxed elementor-section-height-default elementor-section-height-default\" data-id=\"5461fac\" data-element_type=\"section\">\n\t\t\t\t\t\t<div class=\"elementor-container elementor-column-gap-default\">\n\t\t\t\t\t\t\t<div class=\"elementor-row\">\n\t\t\t\t\t<div class=\"elementor-column elementor-col-33 elementor-top-column elementor-element elementor-element-a11b758\" data-id=\"a11b758\" data-element_type=\"column\">\n\t\t\t<div class=\"elementor-column-wrap\">\n\t\t\t\t\t\t\t<div class=\"elementor-widget-wrap\">\n\t\t\t\t\t\t\t\t<\/div>\n\t\t\t\t\t<\/div>\n\t\t<\/div>\n\t\t\t\t<div class=\"elementor-column elementor-col-33 elementor-top-column elementor-element elementor-element-854746e\" data-id=\"854746e\" data-element_type=\"column\">\n\t\t\t<div class=\"elementor-column-wrap elementor-element-populated\">\n\t\t\t\t\t\t\t<div class=\"elementor-widget-wrap\">\n\t\t\t\t\t\t<div class=\"elementor-element elementor-element-176a006 elementor-widget elementor-widget-text-editor\" data-id=\"176a006\" data-element_type=\"widget\" data-widget_type=\"text-editor.default\">\n\t\t\t\t<div class=\"elementor-widget-container\">\n\t\t\t\t\t\t\t\t<div class=\"elementor-text-editor elementor-clearfix\">\n\t\t\t\t<p><strong>Les inscriptions sont limit\u00e9es \u00e0<u> 2 classes \/\u00e9tablissement scolaire <\/u>pour l\u2019ensemble des actions. \u00c9tant donn\u00e9 le nombre de places limit\u00e9es, nous ne pouvons garantir une place \u00e0 chaque demande de participation.<\/strong><\/p><p><strong>\u00a0<\/strong><\/p><p><strong>Pour candidater, rendez-vous sur Adage.\u00a0<\/strong><\/p><p><span style=\"background-color: var( --e-global-color-primary );\">Pour acc\u00e9der \u00e0 l\u2019application ADAGE, vous devez vous connecter au portail ARENA.\u00a0\u00a0<\/span><\/p><p><span style=\"background-color: var( --e-global-color-primary );\">L&#8217;offre du Festival du Livre de Jeunesse Occitanie est offre Acad\u00e9mique 1er et 2nde degr\u00e9.<\/span><\/p>\t\t\t\t\t<\/div>\n\t\t\t\t\t\t<\/div>\n\t\t\t\t<\/div>\n\t\t\t\t\t\t<\/div>\n\t\t\t\t\t<\/div>\n\t\t<\/div>\n\t\t\t\t<div class=\"elementor-column elementor-col-33 elementor-top-column elementor-element elementor-element-ee4238f\" data-id=\"ee4238f\" data-element_type=\"column\">\n\t\t\t<div class=\"elementor-column-wrap\">\n\t\t\t\t\t\t\t<div class=\"elementor-widget-wrap\">\n\t\t\t\t\t\t\t\t<\/div>\n\t\t\t\t\t<\/div>\n\t\t<\/div>\n\t\t\t\t\t\t\t\t<\/div>\n\t\t\t\t\t<\/div>\n\t\t<\/section>\n\t\t\t\t<section class=\"elementor-section elementor-top-section elementor-element elementor-element-c6243b4 elementor-section-boxed elementor-section-height-default elementor-section-height-default\" data-id=\"c6243b4\" data-element_type=\"section\">\n\t\t\t\t\t\t<div class=\"elementor-container elementor-column-gap-default\">\n\t\t\t\t\t\t\t<div class=\"elementor-row\">\n\t\t\t\t\t<div class=\"elementor-column elementor-col-33 elementor-top-column elementor-element elementor-element-d8eba10\" data-id=\"d8eba10\" data-element_type=\"column\">\n\t\t\t<div class=\"elementor-column-wrap\">\n\t\t\t\t\t\t\t<div class=\"elementor-widget-wrap\">\n\t\t\t\t\t\t\t\t<\/div>\n\t\t\t\t\t<\/div>\n\t\t<\/div>\n\t\t\t\t<div class=\"elementor-column elementor-col-33 elementor-top-column elementor-element elementor-element-f52db9d\" data-id=\"f52db9d\" data-element_type=\"column\">\n\t\t\t<div class=\"elementor-column-wrap elementor-element-populated\">\n\t\t\t\t\t\t\t<div class=\"elementor-widget-wrap\">\n\t\t\t\t\t\t<div class=\"elementor-element elementor-element-7cff225 elementor-align-center elementor-widget elementor-widget-button\" data-id=\"7cff225\" data-element_type=\"widget\" data-widget_type=\"button.default\">\n\t\t\t\t<div class=\"elementor-widget-container\">\n\t\t\t\t\t<div class=\"elementor-button-wrapper\">\n\t\t\t<a class=\"elementor-button elementor-button-link elementor-size-lg\" href=\"https:\/\/pedagogie.ac-toulouse.fr\/daac\/adage-application-dediee-la-generalisation-de-leac\">\n\t\t\t\t\t\t<span class=\"elementor-button-content-wrapper\">\n\t\t\t\t\t\t<span class=\"elementor-button-text\">Cliquez ici<\/span>\n\t\t<\/span>\n\t\t\t\t\t<\/a>\n\t\t<\/div>\n\t\t\t\t<\/div>\n\t\t\t\t<\/div>\n\t\t\t\t\t\t<\/div>\n\t\t\t\t\t<\/div>\n\t\t<\/div>\n\t\t\t\t<div class=\"elementor-column elementor-col-33 elementor-top-column elementor-element elementor-element-e2be3ca\" data-id=\"e2be3ca\" data-element_type=\"column\">\n\t\t\t<div class=\"elementor-column-wrap\">\n\t\t\t\t\t\t\t<div class=\"elementor-widget-wrap\">\n\t\t\t\t\t\t\t\t<\/div>\n\t\t\t\t\t<\/div>\n\t\t<\/div>\n\t\t\t\t\t\t\t\t<\/div>\n\t\t\t\t\t<\/div>\n\t\t<\/section>\n\t\t\t\t<section class=\"elementor-section elementor-top-section elementor-element elementor-element-61417b32 elementor-section-full_width elementor-section-height-default elementor-section-height-default\" data-id=\"61417b32\" data-element_type=\"section\">\n\t\t\t\t\t\t<div class=\"elementor-container elementor-column-gap-default\">\n\t\t\t\t\t\t\t<div class=\"elementor-row\">\n\t\t\t\t\t<div class=\"elementor-column elementor-col-100 elementor-top-column elementor-element elementor-element-5acd0a02\" data-id=\"5acd0a02\" data-element_type=\"column\">\n\t\t\t<div class=\"elementor-column-wrap elementor-element-populated\">\n\t\t\t\t\t\t\t<div class=\"elementor-widget-wrap\">\n\t\t\t\t\t\t<div class=\"elementor-element elementor-element-9cfa908 elementor-widget elementor-widget-spacer\" data-id=\"9cfa908\" data-element_type=\"widget\" data-widget_type=\"spacer.default\">\n\t\t\t\t<div class=\"elementor-widget-container\">\n\t\t\t\t\t<div class=\"elementor-spacer\">\n\t\t\t<div class=\"elementor-spacer-inner\"><\/div>\n\t\t<\/div>\n\t\t\t\t<\/div>\n\t\t\t\t<\/div>\n\t\t\t\t<div class=\"elementor-element elementor-element-2d362066 elementor-pagination-position-inside elementor-arrows-position-inside elementor-widget elementor-widget-image-carousel\" data-id=\"2d362066\" data-element_type=\"widget\" data-settings=\"{&quot;slides_to_show&quot;:&quot;10&quot;,&quot;navigation&quot;:&quot;both&quot;,&quot;autoplay&quot;:&quot;yes&quot;,&quot;pause_on_hover&quot;:&quot;yes&quot;,&quot;pause_on_interaction&quot;:&quot;yes&quot;,&quot;autoplay_speed&quot;:5000,&quot;infinite&quot;:&quot;yes&quot;,&quot;speed&quot;:500}\" data-widget_type=\"image-carousel.default\">\n\t\t\t\t<div class=\"elementor-widget-container\">\n\t\t\t\t\t<div class=\"elementor-image-carousel-wrapper swiper-container\" dir=\"ltr\">\n\t\t\t<div class=\"elementor-image-carousel swiper-wrapper\" aria-live=\"off\">\n\t\t\t\t\t\t\t\t<div class=\"swiper-slide\" role=\"group\" aria-roledescription=\"slide\" aria-label=\"1 sur 19\"><a data-elementor-open-lightbox=\"yes\" data-elementor-lightbox-slideshow=\"2d362066\" data-elementor-lightbox-title=\"acad\u00e9mie toulouse\" data-e-action-hash=\"#elementor-action%3Aaction%3Dlightbox%26settings%3DeyJpZCI6MjY3MCwidXJsIjoiaHR0cHM6XC9cL2Zlc3RpdmFsLWxpdnJlLWpldW5lc3NlLmZyXC8yMDIzXC93cC1jb250ZW50XC91cGxvYWRzXC8yMDIxXC8wNVwvYWNhZGVtaWUtdG91bG91c2UucG5nIiwic2xpZGVzaG93IjoiMmQzNjIwNjYifQ%3D%3D\" href=\"https:\/\/festival-livre-jeunesse.fr\/2021_intermediaire\/partenaires\/\"><figure class=\"swiper-slide-inner\"><img class=\"swiper-slide-image\" src=\"https:\/\/festival-livre-jeunesse.fr\/2023\/wp-content\/uploads\/elementor\/thumbs\/academie-toulouse-p6ymfies1dtmsctwdqlth9fl9g8oon73n85apihtd4.png\" alt=\"Acad\u00e9mie de Toulouse\" \/><\/figure><\/a><\/div><div class=\"swiper-slide\" role=\"group\" aria-roledescription=\"slide\" aria-label=\"2 sur 19\"><a data-elementor-open-lightbox=\"yes\" data-elementor-lightbox-slideshow=\"2d362066\" data-elementor-lightbox-title=\"r\u00e9gion occitanie\" data-e-action-hash=\"#elementor-action%3Aaction%3Dlightbox%26settings%3DeyJpZCI6MjY3MSwidXJsIjoiaHR0cHM6XC9cL2Zlc3RpdmFsLWxpdnJlLWpldW5lc3NlLmZyXC8yMDIzXC93cC1jb250ZW50XC91cGxvYWRzXC8yMDIxXC8wNVwvcmVnaW9uLW9jY2l0YW5pZS5wbmciLCJzbGlkZXNob3ciOiIyZDM2MjA2NiJ9\" href=\"https:\/\/festival-livre-jeunesse.fr\/2021_intermediaire\/partenaires\/\"><figure class=\"swiper-slide-inner\"><img class=\"swiper-slide-image\" src=\"https:\/\/festival-livre-jeunesse.fr\/2023\/wp-content\/uploads\/elementor\/thumbs\/region-occitanie-p6ymfjcm87ux3ysj890g1r71uu41wcatzcss6sgf6w.png\" alt=\"R\u00e9gion Occitanie\" \/><\/figure><\/a><\/div><div class=\"swiper-slide\" role=\"group\" aria-roledescription=\"slide\" aria-label=\"3 sur 19\"><a data-elementor-open-lightbox=\"yes\" data-elementor-lightbox-slideshow=\"2d362066\" data-elementor-lightbox-title=\"cd31\" data-e-action-hash=\"#elementor-action%3Aaction%3Dlightbox%26settings%3DeyJpZCI6MjY3MywidXJsIjoiaHR0cHM6XC9cL2Zlc3RpdmFsLWxpdnJlLWpldW5lc3NlLmZyXC8yMDIzXC93cC1jb250ZW50XC91cGxvYWRzXC8yMDIxXC8wNVwvY2QzMS5wbmciLCJzbGlkZXNob3ciOiIyZDM2MjA2NiJ9\" href=\"https:\/\/festival-livre-jeunesse.fr\/2021_intermediaire\/partenaires\/\"><figure class=\"swiper-slide-inner\"><img class=\"swiper-slide-image\" src=\"https:\/\/festival-livre-jeunesse.fr\/2023\/wp-content\/uploads\/elementor\/thumbs\/cd31-p6ymt7w1pel63mx3c5wycawl4qodxqm6j2n7ns64mg.png\" alt=\"CD31\" \/><\/figure><\/a><\/div><div class=\"swiper-slide\" role=\"group\" aria-roledescription=\"slide\" aria-label=\"4 sur 19\"><a data-elementor-open-lightbox=\"yes\" data-elementor-lightbox-slideshow=\"2d362066\" data-elementor-lightbox-title=\"saint-orens\" data-e-action-hash=\"#elementor-action%3Aaction%3Dlightbox%26settings%3DeyJpZCI6MjY3NCwidXJsIjoiaHR0cHM6XC9cL2Zlc3RpdmFsLWxpdnJlLWpldW5lc3NlLmZyXC8yMDIzXC93cC1jb250ZW50XC91cGxvYWRzXC8yMDIxXC8wNVwvc2FpbnQtb3JlbnMucG5nIiwic2xpZGVzaG93IjoiMmQzNjIwNjYifQ%3D%3D\" href=\"https:\/\/festival-livre-jeunesse.fr\/2021_intermediaire\/partenaires\/\"><figure class=\"swiper-slide-inner\"><img class=\"swiper-slide-image\" src=\"https:\/\/festival-livre-jeunesse.fr\/2023\/wp-content\/uploads\/elementor\/thumbs\/saint-orens-p6ymt8tvw8mgf8vq6obkwso1q4jr5fpwv7ap524qg8.png\" alt=\"Ville de Saint-Orens de Gameville\" \/><\/figure><\/a><\/div><div class=\"swiper-slide\" role=\"group\" aria-roledescription=\"slide\" aria-label=\"5 sur 19\"><a data-elementor-open-lightbox=\"yes\" data-elementor-lightbox-slideshow=\"2d362066\" data-elementor-lightbox-title=\"toulouse m\u00e9tropole\" data-e-action-hash=\"#elementor-action%3Aaction%3Dlightbox%26settings%3DeyJpZCI6MjY3NSwidXJsIjoiaHR0cHM6XC9cL2Zlc3RpdmFsLWxpdnJlLWpldW5lc3NlLmZyXC8yMDIzXC93cC1jb250ZW50XC91cGxvYWRzXC8yMDIxXC8wNVwvdG91bG91c2UtbWV0cm9wb2xlLnBuZyIsInNsaWRlc2hvdyI6IjJkMzYyMDY2In0%3D\" href=\"https:\/\/festival-livre-jeunesse.fr\/2021_intermediaire\/partenaires\/\"><figure class=\"swiper-slide-inner\"><img class=\"swiper-slide-image\" src=\"https:\/\/festival-livre-jeunesse.fr\/2023\/wp-content\/uploads\/elementor\/thumbs\/toulouse-metropole-p6ymt9rq32nqquud16q7hafibif4d4tn7by6mc3ca0.png\" alt=\"Toulouse M\u00e9tropole\" \/><\/figure><\/a><\/div><div class=\"swiper-slide\" role=\"group\" aria-roledescription=\"slide\" aria-label=\"6 sur 19\"><a data-elementor-open-lightbox=\"yes\" data-elementor-lightbox-slideshow=\"2d362066\" data-elementor-lightbox-title=\"INSPE\" data-e-action-hash=\"#elementor-action%3Aaction%3Dlightbox%26settings%3DeyJpZCI6MjY4MCwidXJsIjoiaHR0cHM6XC9cL2Zlc3RpdmFsLWxpdnJlLWpldW5lc3NlLmZyXC8yMDIzXC93cC1jb250ZW50XC91cGxvYWRzXC8yMDIxXC8wNVwvSU5TUEUuanBnIiwic2xpZGVzaG93IjoiMmQzNjIwNjYifQ%3D%3D\" href=\"https:\/\/festival-livre-jeunesse.fr\/2021_intermediaire\/partenaires\/\"><figure class=\"swiper-slide-inner\"><img class=\"swiper-slide-image\" src=\"https:\/\/festival-livre-jeunesse.fr\/2023\/wp-content\/uploads\/elementor\/thumbs\/INSPE-p6ynspapp95udpdl502xyuk0fds7ieheep82utk3qg.jpg\" alt=\"Inspe Toulouse\" \/><\/figure><\/a><\/div><div class=\"swiper-slide\" role=\"group\" aria-roledescription=\"slide\" aria-label=\"7 sur 19\"><a data-elementor-open-lightbox=\"yes\" data-elementor-lightbox-slideshow=\"2d362066\" data-elementor-lightbox-title=\"universit\u00e9\" data-e-action-hash=\"#elementor-action%3Aaction%3Dlightbox%26settings%3DeyJpZCI6MjY4NywidXJsIjoiaHR0cHM6XC9cL2Zlc3RpdmFsLWxpdnJlLWpldW5lc3NlLmZyXC8yMDIzXC93cC1jb250ZW50XC91cGxvYWRzXC8yMDIxXC8wNVwvdW5pdmVyc2l0ZS5wbmciLCJzbGlkZXNob3ciOiIyZDM2MjA2NiJ9\" href=\"https:\/\/festival-livre-jeunesse.fr\/2021_intermediaire\/partenaires\/\"><figure class=\"swiper-slide-inner\"><img class=\"swiper-slide-image\" src=\"https:\/\/festival-livre-jeunesse.fr\/2023\/wp-content\/uploads\/elementor\/thumbs\/universite-p6yoqvpg7dy6j9qck9xl4q2e0rboe761fv6o20vrhk.png\" alt=\"Universit\u00e9 Jean Jaur\u00e8s\" \/><\/figure><\/a><\/div><div class=\"swiper-slide\" role=\"group\" aria-roledescription=\"slide\" aria-label=\"8 sur 19\"><a data-elementor-open-lightbox=\"yes\" data-elementor-lightbox-slideshow=\"2d362066\" data-elementor-lightbox-title=\"Logo Sofia\" data-e-action-hash=\"#elementor-action%3Aaction%3Dlightbox%26settings%3DeyJpZCI6MjY4OCwidXJsIjoiaHR0cHM6XC9cL2Zlc3RpdmFsLWxpdnJlLWpldW5lc3NlLmZyXC8yMDIzXC93cC1jb250ZW50XC91cGxvYWRzXC8yMDIxXC8wNVwvTG9nby1Tb2ZpYS5wbmciLCJzbGlkZXNob3ciOiIyZDM2MjA2NiJ9\" href=\"https:\/\/festival-livre-jeunesse.fr\/2021_intermediaire\/partenaires\/\"><figure class=\"swiper-slide-inner\"><img class=\"swiper-slide-image\" src=\"https:\/\/festival-livre-jeunesse.fr\/2023\/wp-content\/uploads\/elementor\/thumbs\/Logo-Sofia-p6yosagqgfvny7ombvvfvd9a3kdhxurjmuevyysi5k.png\" alt=\"SOFIA Action culturelle\" \/><\/figure><\/a><\/div><div class=\"swiper-slide\" role=\"group\" aria-roledescription=\"slide\" aria-label=\"9 sur 19\"><a data-elementor-open-lightbox=\"yes\" data-elementor-lightbox-slideshow=\"2d362066\" data-elementor-lightbox-title=\"copie priv\u00e9e\" data-e-action-hash=\"#elementor-action%3Aaction%3Dlightbox%26settings%3DeyJpZCI6MjY4NSwidXJsIjoiaHR0cHM6XC9cL2Zlc3RpdmFsLWxpdnJlLWpldW5lc3NlLmZyXC8yMDIzXC93cC1jb250ZW50XC91cGxvYWRzXC8yMDIxXC8wNVwvY29waWUtcHJpdmVlLnBuZyIsInNsaWRlc2hvdyI6IjJkMzYyMDY2In0%3D\" href=\"https:\/\/festival-livre-jeunesse.fr\/2021_intermediaire\/partenaires\/\"><figure class=\"swiper-slide-inner\"><img class=\"swiper-slide-image\" src=\"https:\/\/festival-livre-jeunesse.fr\/2023\/wp-content\/uploads\/elementor\/thumbs\/copie-privee-p6yoqttrtpvlw1t2v94bzqjgtzkxysykrlvp3gyju0.png\" alt=\"Copie Priv\u00e9e\" \/><\/figure><\/a><\/div><div class=\"swiper-slide\" role=\"group\" aria-roledescription=\"slide\" aria-label=\"10 sur 19\"><a data-elementor-open-lightbox=\"yes\" data-elementor-lightbox-slideshow=\"2d362066\" data-elementor-lightbox-title=\"saif\" data-e-action-hash=\"#elementor-action%3Aaction%3Dlightbox%26settings%3DeyJpZCI6MjY4NiwidXJsIjoiaHR0cHM6XC9cL2Zlc3RpdmFsLWxpdnJlLWpldW5lc3NlLmZyXC8yMDIzXC93cC1jb250ZW50XC91cGxvYWRzXC8yMDIxXC8wNVwvc2FpZi5wbmciLCJzbGlkZXNob3ciOiIyZDM2MjA2NiJ9\" href=\"https:\/\/festival-livre-jeunesse.fr\/2021_intermediaire\/partenaires\/\"><figure class=\"swiper-slide-inner\"><img class=\"swiper-slide-image\" src=\"https:\/\/festival-livre-jeunesse.fr\/2023\/wp-content\/uploads\/elementor\/thumbs\/saif-p6yoqurm0jww7nrppriyk8axfdgb6i2b3qj6kqx5ns.png\" alt=\"Saif Action culturelle\" \/><\/figure><\/a><\/div><div class=\"swiper-slide\" role=\"group\" aria-roledescription=\"slide\" aria-label=\"11 sur 19\"><a data-elementor-open-lightbox=\"yes\" data-elementor-lightbox-slideshow=\"2d362066\" data-elementor-lightbox-title=\"LOGO_CFC_2022-700x700px\" data-e-action-hash=\"#elementor-action%3Aaction%3Dlightbox%26settings%3DeyJpZCI6MTAxNjcsInVybCI6Imh0dHBzOlwvXC9mZXN0aXZhbC1saXZyZS1qZXVuZXNzZS5mclwvMjAyM1wvd3AtY29udGVudFwvdXBsb2Fkc1wvMjAyMlwvMTBcL0xPR09fQ0ZDXzIwMjItNzAweDcwMHB4LnBuZyIsInNsaWRlc2hvdyI6IjJkMzYyMDY2In0%3D\" href=\"https:\/\/festival-livre-jeunesse.fr\/2021_intermediaire\/partenaires\/\"><figure class=\"swiper-slide-inner\"><img class=\"swiper-slide-image\" src=\"https:\/\/festival-livre-jeunesse.fr\/2023\/wp-content\/uploads\/elementor\/thumbs\/LOGO_CFC_2022-700x700px-pw7by7ni524th96t7am4s4i6dke4vhrlv75g2momaw.png\" alt=\"Centre Fran\u00e7ais du droit de Copie\" \/><\/figure><\/a><\/div><div class=\"swiper-slide\" role=\"group\" aria-roledescription=\"slide\" aria-label=\"12 sur 19\"><a data-elementor-open-lightbox=\"yes\" data-elementor-lightbox-slideshow=\"2d362066\" data-elementor-lightbox-title=\"Logo_Tisseo-Collectivites\" data-e-action-hash=\"#elementor-action%3Aaction%3Dlightbox%26settings%3DeyJpZCI6MTIyMDIsInVybCI6Imh0dHBzOlwvXC9mZXN0aXZhbC1saXZyZS1qZXVuZXNzZS5mclwvMjAyM1wvd3AtY29udGVudFwvdXBsb2Fkc1wvMjAyMlwvMTJcL0xvZ29fVGlzc2VvLUNvbGxlY3Rpdml0ZXMucG5nIiwic2xpZGVzaG93IjoiMmQzNjIwNjYifQ%3D%3D\" href=\"https:\/\/festival-livre-jeunesse.fr\/2021_intermediaire\/partenaires\/\"><figure class=\"swiper-slide-inner\"><img class=\"swiper-slide-image\" src=\"https:\/\/festival-livre-jeunesse.fr\/2023\/wp-content\/uploads\/elementor\/thumbs\/Logo_Tisseo-Collectivites-pze67x3p229awhxbvzemmyh2crzu1i9llnhig7go2w.png\" alt=\"Tiss\u00e9o\" \/><\/figure><\/a><\/div><div class=\"swiper-slide\" role=\"group\" aria-roledescription=\"slide\" aria-label=\"13 sur 19\"><a data-elementor-open-lightbox=\"yes\" data-elementor-lightbox-slideshow=\"2d362066\" data-elementor-lightbox-title=\"FCM\" data-e-action-hash=\"#elementor-action%3Aaction%3Dlightbox%26settings%3DeyJpZCI6MTE4MjEsInVybCI6Imh0dHBzOlwvXC9mZXN0aXZhbC1saXZyZS1qZXVuZXNzZS5mclwvMjAyM1wvd3AtY29udGVudFwvdXBsb2Fkc1wvMjAyMlwvMTJcL0ZDTS5qcGciLCJzbGlkZXNob3ciOiIyZDM2MjA2NiJ9\" href=\"https:\/\/festival-livre-jeunesse.fr\/2021_intermediaire\/partenaires\/\"><figure class=\"swiper-slide-inner\"><img class=\"swiper-slide-image\" src=\"https:\/\/festival-livre-jeunesse.fr\/2023\/wp-content\/uploads\/elementor\/thumbs\/FCM-pyrxpmbh9e6fto43im50knl1ezq4kum54b9ijun5d4.jpg\" alt=\"Fondation Cr\u00e9dit Mutuel\" \/><\/figure><\/a><\/div><div class=\"swiper-slide\" role=\"group\" aria-roledescription=\"slide\" aria-label=\"14 sur 19\"><a data-elementor-open-lightbox=\"yes\" data-elementor-lightbox-slideshow=\"2d362066\" data-elementor-lightbox-title=\"FB-Occitanie-AVEC lisere web\" data-e-action-hash=\"#elementor-action%3Aaction%3Dlightbox%26settings%3DeyJpZCI6MTIyMDQsInVybCI6Imh0dHBzOlwvXC9mZXN0aXZhbC1saXZyZS1qZXVuZXNzZS5mclwvMjAyM1wvd3AtY29udGVudFwvdXBsb2Fkc1wvMjAyMlwvMTJcL0ZCLU9jY2l0YW5pZS1BVkVDLWxpc2VyZS13ZWIuanBnIiwic2xpZGVzaG93IjoiMmQzNjIwNjYifQ%3D%3D\" href=\"https:\/\/festival-livre-jeunesse.fr\/2021_intermediaire\/partenaires\/\"><figure class=\"swiper-slide-inner\"><img class=\"swiper-slide-image\" src=\"https:\/\/festival-livre-jeunesse.fr\/2023\/wp-content\/uploads\/elementor\/thumbs\/FB-Occitanie-AVEC-lisere-web-pze6dz693mjtq14kilo2pfg0664znabbrmu5sehbzc.jpg\" alt=\"France bleu\" \/><\/figure><\/a><\/div><div class=\"swiper-slide\" role=\"group\" aria-roledescription=\"slide\" aria-label=\"15 sur 19\"><a data-elementor-open-lightbox=\"yes\" data-elementor-lightbox-slideshow=\"2d362066\" data-elementor-lightbox-title=\"logo AMC VERT\" data-e-action-hash=\"#elementor-action%3Aaction%3Dlightbox%26settings%3DeyJpZCI6MTIyMDUsInVybCI6Imh0dHBzOlwvXC9mZXN0aXZhbC1saXZyZS1qZXVuZXNzZS5mclwvMjAyM1wvd3AtY29udGVudFwvdXBsb2Fkc1wvMjAyMlwvMTJcL2xvZ28tQU1DLVZFUlQucG5nIiwic2xpZGVzaG93IjoiMmQzNjIwNjYifQ%3D%3D\" href=\"https:\/\/festival-livre-jeunesse.fr\/2021_intermediaire\/partenaires\/\"><figure class=\"swiper-slide-inner\"><img class=\"swiper-slide-image\" src=\"https:\/\/festival-livre-jeunesse.fr\/2023\/wp-content\/uploads\/elementor\/thumbs\/logo-AMC-VERT-pze6ef5ibt5p7ehcxakqdteu9py8a52rhtxey3tn1k.png\" alt=\"AMC Midi Communication\" \/><\/figure><\/a><\/div><div class=\"swiper-slide\" role=\"group\" aria-roledescription=\"slide\" aria-label=\"16 sur 19\"><a data-elementor-open-lightbox=\"yes\" data-elementor-lightbox-slideshow=\"2d362066\" data-elementor-lightbox-title=\"mgen_Groupe_VYV\" data-e-action-hash=\"#elementor-action%3Aaction%3Dlightbox%26settings%3DeyJpZCI6MTIyMDYsInVybCI6Imh0dHBzOlwvXC9mZXN0aXZhbC1saXZyZS1qZXVuZXNzZS5mclwvMjAyM1wvd3AtY29udGVudFwvdXBsb2Fkc1wvMjAyMlwvMTJcL21nZW5fR3JvdXBlX1ZZVi53ZWJwIiwic2xpZGVzaG93IjoiMmQzNjIwNjYifQ%3D%3D\" href=\"https:\/\/festival-livre-jeunesse.fr\/2021_intermediaire\/partenaires\/\"><figure class=\"swiper-slide-inner\"><img class=\"swiper-slide-image\" src=\"https:\/\/festival-livre-jeunesse.fr\/2023\/wp-content\/uploads\/elementor\/thumbs\/mgen_Groupe_VYV-pze6erdesnmfebzlxxuvs8btzqa027f9vieq6pbiso.webp\" alt=\"Mgen\" \/><\/figure><\/a><\/div><div class=\"swiper-slide\" role=\"group\" aria-roledescription=\"slide\" aria-label=\"17 sur 19\"><a data-elementor-open-lightbox=\"yes\" data-elementor-lightbox-slideshow=\"2d362066\" data-elementor-lightbox-title=\"cnl\" data-e-action-hash=\"#elementor-action%3Aaction%3Dlightbox%26settings%3DeyJpZCI6MjY3OSwidXJsIjoiaHR0cHM6XC9cL2Zlc3RpdmFsLWxpdnJlLWpldW5lc3NlLmZyXC8yMDIzXC93cC1jb250ZW50XC91cGxvYWRzXC8yMDIxXC8wNVwvY25sLnBuZyIsInNsaWRlc2hvdyI6IjJkMzYyMDY2In0%3D\" href=\"https:\/\/festival-livre-jeunesse.fr\/2021_intermediaire\/partenaires\/\"><figure class=\"swiper-slide-inner\"><img class=\"swiper-slide-image\" src=\"https:\/\/festival-livre-jeunesse.fr\/2023\/wp-content\/uploads\/elementor\/thumbs\/cnl-p6ynsocvif4k23eyahobecsjtzwuapdo2kkldjlhwo.png\" alt=\"CNL\" \/><\/figure><\/a><\/div><div class=\"swiper-slide\" role=\"group\" aria-roledescription=\"slide\" aria-label=\"18 sur 19\"><a data-elementor-open-lightbox=\"yes\" data-elementor-lightbox-slideshow=\"2d362066\" data-elementor-lightbox-title=\"minist\u00e8re de la culture\" data-e-action-hash=\"#elementor-action%3Aaction%3Dlightbox%26settings%3DeyJpZCI6Mjc1OSwidXJsIjoiaHR0cHM6XC9cL2Zlc3RpdmFsLWxpdnJlLWpldW5lc3NlLmZyXC8yMDIzXC93cC1jb250ZW50XC91cGxvYWRzXC8yMDIxXC8wNVwvbWluaXN0ZXJlLWRlLWxhLWN1bHR1cmUucG5nIiwic2xpZGVzaG93IjoiMmQzNjIwNjYifQ%3D%3D\" href=\"https:\/\/festival-livre-jeunesse.fr\/2021_intermediaire\/partenaires\/\"><figure class=\"swiper-slide-inner\"><img class=\"swiper-slide-image\" src=\"https:\/\/festival-livre-jeunesse.fr\/2023\/wp-content\/uploads\/elementor\/thumbs\/ministere-de-la-culture-p6ytnp4htfzyikw82pf463rwu3tcch4b312tzupp0o.png\" alt=\"Minist\u00e8re de la culture\" \/><\/figure><\/a><\/div><div class=\"swiper-slide\" role=\"group\" aria-roledescription=\"slide\" aria-label=\"19 sur 19\"><a data-elementor-open-lightbox=\"yes\" data-elementor-lightbox-slideshow=\"2d362066\" data-elementor-lightbox-title=\"logo_fond_cred_mutuel\" data-e-action-hash=\"#elementor-action%3Aaction%3Dlightbox%26settings%3DeyJpZCI6MTIyMTIsInVybCI6Imh0dHBzOlwvXC9mZXN0aXZhbC1saXZyZS1qZXVuZXNzZS5mclwvMjAyM1wvd3AtY29udGVudFwvdXBsb2Fkc1wvMjAyMlwvMTJcL2xvZ29fZm9uZF9jcmVkX211dHVlbC0xLWUxNjcxNTI1Njc0OTU1LmpwZyIsInNsaWRlc2hvdyI6IjJkMzYyMDY2In0%3D\" href=\"https:\/\/festival-livre-jeunesse.fr\/2021_intermediaire\/partenaires\/\"><figure class=\"swiper-slide-inner\"><img class=\"swiper-slide-image\" src=\"https:\/\/festival-livre-jeunesse.fr\/2023\/wp-content\/uploads\/elementor\/thumbs\/logo_fond_cred_mutuel-1-e1671525674955-pzfm3mewv30434zdtb3r1ndez2bomgx2dxa39a78iw.jpg\" alt=\"fondation cr\u00e9dit Mutuel pour la lecture\" \/><\/figure><\/a><\/div>\t\t\t<\/div>\n\t\t\t\t\t\t\t\t\t\t\t\t<div class=\"elementor-swiper-button elementor-swiper-button-prev\" role=\"button\" tabindex=\"0\">\n\t\t\t\t\t\t<i aria-hidden=\"true\" class=\"eicon-chevron-left\"><\/i>\t\t\t\t\t<\/div>\n\t\t\t\t\t<div class=\"elementor-swiper-button elementor-swiper-button-next\" role=\"button\" tabindex=\"0\">\n\t\t\t\t\t\t<i aria-hidden=\"true\" class=\"eicon-chevron-right\"><\/i>\t\t\t\t\t<\/div>\n\t\t\t\t\n\t\t\t\t\t\t\t\t\t<div class=\"swiper-pagination\"><\/div>\n\t\t\t\t\t\t\t\t\t<\/div>\n\t\t\t\t<\/div>\n\t\t\t\t<\/div>\n\t\t\t\t\t\t<\/div>\n\t\t\t\t\t<\/div>\n\t\t<\/div>\n\t\t\t\t\t\t\t\t<\/div>\n\t\t\t\t\t<\/div>\n\t\t<\/section>\n\t\t\t\t<section class=\"elementor-section elementor-top-section elementor-element elementor-element-42d6696e elementor-section-full_width elementor-section-height-default elementor-section-height-default\" data-id=\"42d6696e\" data-element_type=\"section\">\n\t\t\t\t\t\t<div class=\"elementor-container elementor-column-gap-default\">\n\t\t\t\t\t\t\t<div class=\"elementor-row\">\n\t\t\t\t\t<div class=\"elementor-column elementor-col-100 elementor-top-column elementor-element elementor-element-2bc5076e\" data-id=\"2bc5076e\" data-element_type=\"column\">\n\t\t\t<div class=\"elementor-column-wrap elementor-element-populated\">\n\t\t\t\t\t\t\t<div class=\"elementor-widget-wrap\">\n\t\t\t\t\t\t<div class=\"elementor-element elementor-element-7c048469 elementor-widget elementor-widget-spacer\" data-id=\"7c048469\" data-element_type=\"widget\" data-widget_type=\"spacer.default\">\n\t\t\t\t<div class=\"elementor-widget-container\">\n\t\t\t\t\t<div class=\"elementor-spacer\">\n\t\t\t<div class=\"elementor-spacer-inner\"><\/div>\n\t\t<\/div>\n\t\t\t\t<\/div>\n\t\t\t\t<\/div>\n\t\t\t\t\t\t<\/div>\n\t\t\t\t\t<\/div>\n\t\t<\/div>\n\t\t\t\t\t\t\t\t<\/div>\n\t\t\t\t\t<\/div>\n\t\t<\/section>\n\t\t\t\t\t\t\t\t\t<\/div>\n\t\t\t<\/div>\n\t\t\t\t\t<\/div>\n\t\t","protected":false},"excerpt":{"rendered":"<p>OFFRES SCOLAIRES 2024 Engag\u00e9e dans l\u2019\u00e9ducation artistique et culturelle depuis sa cr\u00e9ation, le Festival du Livre de Jeunesse Occitanie propose \u00e0 plus de 3000 \u00e9l\u00e8ves des rencontres d\u2019auteurs et des initiatives autour de la litt\u00e9rature de jeunesse sur le site de l\u2019\u00e9v\u00e8nement et lors d&#8217;initiatives hors-les-murs. Accueillant chaque ann\u00e9e fin janvier une trentaine d\u2019auteurs et &hellip;<\/p>\n<p class=\"read-more\"> <a class=\"\" href=\"https:\/\/festival-livre-jeunesse.fr\/2023\/offres-scolaires-flj-2024\/\"> <span class=\"screen-reader-text\">Offres scolaires FLJ 2024<\/span> Lire la suite\u00a0\u00bb<\/a><\/p>\n","protected":false},"author":2,"featured_media":0,"parent":0,"menu_order":0,"comment_status":"closed","ping_status":"closed","template":"","meta":{"site-sidebar-layout":"no-sidebar","site-content-layout":"page-builder","ast-main-header-display":"","ast-hfb-above-header-display":"","ast-hfb-below-header-display":"","ast-hfb-mobile-header-display":"","site-post-title":"disabled","ast-breadcrumbs-content":"","ast-featured-img":"disabled","footer-sml-layout":"","theme-transparent-header-meta":"","adv-header-id-meta":"","stick-header-meta":"","header-above-stick-meta":"","header-main-stick-meta":"","header-below-stick-meta":""},"yoast_head":"<!-- This site is optimized with the Yoast SEO plugin v19.7.2 - https:\/\/yoast.com\/wordpress\/plugins\/seo\/ -->\n<title>Offres scolaires FLJ 2024 - Festival Livre Jeunesse Occitanie<\/title>\n<meta name=\"robots\" content=\"index, follow, max-snippet:-1, max-image-preview:large, max-video-preview:-1\" \/>\n<link rel=\"canonical\" href=\"https:\/\/festival-livre-jeunesse.fr\/2023\/offres-scolaires-flj-2024\/\" \/>\n<meta property=\"og:locale\" content=\"fr_FR\" \/>\n<meta property=\"og:type\" content=\"article\" \/>\n<meta property=\"og:title\" content=\"Offres scolaires FLJ 2024 - Festival Livre Jeunesse Occitanie\" \/>\n<meta property=\"og:description\" content=\"OFFRES SCOLAIRES 2024 Engag\u00e9e dans l\u2019\u00e9ducation artistique et culturelle depuis sa cr\u00e9ation, le Festival du Livre de Jeunesse Occitanie propose \u00e0 plus de 3000 \u00e9l\u00e8ves des rencontres d\u2019auteurs et des initiatives autour de la litt\u00e9rature de jeunesse sur le site de l\u2019\u00e9v\u00e8nement et lors d&#8217;initiatives hors-les-murs. Accueillant chaque ann\u00e9e fin janvier une trentaine d\u2019auteurs et &hellip; Offres scolaires FLJ 2024 Lire la suite\u00a0\u00bb\" \/>\n<meta property=\"og:url\" content=\"https:\/\/festival-livre-jeunesse.fr\/2023\/offres-scolaires-flj-2024\/\" \/>\n<meta property=\"og:site_name\" content=\"Festival Livre Jeunesse Occitanie\" \/>\n<meta property=\"article:publisher\" content=\"https:\/\/www.facebook.com\/FestivalLivreJeunesseOccitanie\" \/>\n<meta property=\"article:modified_time\" content=\"2023-09-08T16:18:51+00:00\" \/>\n<meta property=\"og:image\" content=\"https:\/\/festival-livre-jeunesse.fr\/2023\/wp-content\/uploads\/2023\/09\/campagne-rencontres-scolaires-768x768.png\" \/>\n<meta name=\"twitter:card\" content=\"summary_large_image\" \/>\n<meta name=\"twitter:site\" content=\"@FljOccitanie\" \/>\n<meta name=\"twitter:label1\" content=\"Dur\u00e9e de lecture estim\u00e9e\" \/>\n\t<meta name=\"twitter:data1\" content=\"2 minutes\" \/>\n<script type=\"application\/ld+json\" class=\"yoast-schema-graph\">{\"@context\":\"https:\/\/schema.org\",\"@graph\":[{\"@type\":\"WebPage\",\"@id\":\"https:\/\/festival-livre-jeunesse.fr\/2023\/offres-scolaires-flj-2024\/\",\"url\":\"https:\/\/festival-livre-jeunesse.fr\/2023\/offres-scolaires-flj-2024\/\",\"name\":\"Offres scolaires FLJ 2024 - Festival Livre Jeunesse Occitanie\",\"isPartOf\":{\"@id\":\"https:\/\/festival-livre-jeunesse.fr\/2023\/#website\"},\"datePublished\":\"2023-06-29T12:47:25+00:00\",\"dateModified\":\"2023-09-08T16:18:51+00:00\",\"breadcrumb\":{\"@id\":\"https:\/\/festival-livre-jeunesse.fr\/2023\/offres-scolaires-flj-2024\/#breadcrumb\"},\"inLanguage\":\"fr-FR\",\"potentialAction\":[{\"@type\":\"ReadAction\",\"target\":[\"https:\/\/festival-livre-jeunesse.fr\/2023\/offres-scolaires-flj-2024\/\"]}]},{\"@type\":\"BreadcrumbList\",\"@id\":\"https:\/\/festival-livre-jeunesse.fr\/2023\/offres-scolaires-flj-2024\/#breadcrumb\",\"itemListElement\":[{\"@type\":\"ListItem\",\"position\":1,\"name\":\"Accueil\",\"item\":\"https:\/\/festival-livre-jeunesse.fr\/2023\/\"},{\"@type\":\"ListItem\",\"position\":2,\"name\":\"Offres scolaires FLJ 2024\"}]},{\"@type\":\"WebSite\",\"@id\":\"https:\/\/festival-livre-jeunesse.fr\/2023\/#website\",\"url\":\"https:\/\/festival-livre-jeunesse.fr\/2023\/\",\"name\":\"Festival Livre Jeunesse Occitanie\",\"description\":\"21\u00e8me \u00e9dition - janvier 2023\",\"publisher\":{\"@id\":\"https:\/\/festival-livre-jeunesse.fr\/2023\/#organization\"},\"potentialAction\":[{\"@type\":\"SearchAction\",\"target\":{\"@type\":\"EntryPoint\",\"urlTemplate\":\"https:\/\/festival-livre-jeunesse.fr\/2023\/?s={search_term_string}\"},\"query-input\":\"required name=search_term_string\"}],\"inLanguage\":\"fr-FR\"},{\"@type\":\"Organization\",\"@id\":\"https:\/\/festival-livre-jeunesse.fr\/2023\/#organization\",\"name\":\"festival livre jeunesse occitanie\",\"url\":\"https:\/\/festival-livre-jeunesse.fr\/2023\/\",\"sameAs\":[\"https:\/\/www.facebook.com\/FestivalLivreJeunesseOccitanie\",\"https:\/\/twitter.com\/FljOccitanie\"],\"logo\":{\"@type\":\"ImageObject\",\"inLanguage\":\"fr-FR\",\"@id\":\"https:\/\/festival-livre-jeunesse.fr\/2023\/#\/schema\/logo\/image\/\",\"url\":\"https:\/\/festival-livre-jeunesse.fr\/2023\/wp-content\/uploads\/2021\/05\/Logo-FLJ-petit.png\",\"contentUrl\":\"https:\/\/festival-livre-jeunesse.fr\/2023\/wp-content\/uploads\/2021\/05\/Logo-FLJ-petit.png\",\"width\":204,\"height\":200,\"caption\":\"festival livre jeunesse occitanie\"},\"image\":{\"@id\":\"https:\/\/festival-livre-jeunesse.fr\/2023\/#\/schema\/logo\/image\/\"}}]}<\/script>\n<!-- \/ Yoast SEO plugin. -->","yoast_head_json":{"title":"Offres scolaires FLJ 2024 - Festival Livre Jeunesse Occitanie","robots":{"index":"index","follow":"follow","max-snippet":"max-snippet:-1","max-image-preview":"max-image-preview:large","max-video-preview":"max-video-preview:-1"},"canonical":"https:\/\/festival-livre-jeunesse.fr\/2023\/offres-scolaires-flj-2024\/","og_locale":"fr_FR","og_type":"article","og_title":"Offres scolaires FLJ 2024 - Festival Livre Jeunesse Occitanie","og_description":"OFFRES SCOLAIRES 2024 Engag\u00e9e dans l\u2019\u00e9ducation artistique et culturelle depuis sa cr\u00e9ation, le Festival du Livre de Jeunesse Occitanie propose \u00e0 plus de 3000 \u00e9l\u00e8ves des rencontres d\u2019auteurs et des initiatives autour de la litt\u00e9rature de jeunesse sur le site de l\u2019\u00e9v\u00e8nement et lors d&#8217;initiatives hors-les-murs. Accueillant chaque ann\u00e9e fin janvier une trentaine d\u2019auteurs et &hellip; Offres scolaires FLJ 2024 Lire la suite\u00a0\u00bb","og_url":"https:\/\/festival-livre-jeunesse.fr\/2023\/offres-scolaires-flj-2024\/","og_site_name":"Festival Livre Jeunesse Occitanie","article_publisher":"https:\/\/www.facebook.com\/FestivalLivreJeunesseOccitanie","article_modified_time":"2023-09-08T16:18:51+00:00","og_image":[{"url":"https:\/\/festival-livre-jeunesse.fr\/2023\/wp-content\/uploads\/2023\/09\/campagne-rencontres-scolaires-768x768.png"}],"twitter_card":"summary_large_image","twitter_site":"@FljOccitanie","twitter_misc":{"Dur\u00e9e de lecture estim\u00e9e":"2 minutes"},"schema":{"@context":"https:\/\/schema.org","@graph":[{"@type":"WebPage","@id":"https:\/\/festival-livre-jeunesse.fr\/2023\/offres-scolaires-flj-2024\/","url":"https:\/\/festival-livre-jeunesse.fr\/2023\/offres-scolaires-flj-2024\/","name":"Offres scolaires FLJ 2024 - Festival Livre Jeunesse Occitanie","isPartOf":{"@id":"https:\/\/festival-livre-jeunesse.fr\/2023\/#website"},"datePublished":"2023-06-29T12:47:25+00:00","dateModified":"2023-09-08T16:18:51+00:00","breadcrumb":{"@id":"https:\/\/festival-livre-jeunesse.fr\/2023\/offres-scolaires-flj-2024\/#breadcrumb"},"inLanguage":"fr-FR","potentialAction":[{"@type":"ReadAction","target":["https:\/\/festival-livre-jeunesse.fr\/2023\/offres-scolaires-flj-2024\/"]}]},{"@type":"BreadcrumbList","@id":"https:\/\/festival-livre-jeunesse.fr\/2023\/offres-scolaires-flj-2024\/#breadcrumb","itemListElement":[{"@type":"ListItem","position":1,"name":"Accueil","item":"https:\/\/festival-livre-jeunesse.fr\/2023\/"},{"@type":"ListItem","position":2,"name":"Offres scolaires FLJ 2024"}]},{"@type":"WebSite","@id":"https:\/\/festival-livre-jeunesse.fr\/2023\/#website","url":"https:\/\/festival-livre-jeunesse.fr\/2023\/","name":"Festival Livre Jeunesse Occitanie","description":"21\u00e8me \u00e9dition - janvier 2023","publisher":{"@id":"https:\/\/festival-livre-jeunesse.fr\/2023\/#organization"},"potentialAction":[{"@type":"SearchAction","target":{"@type":"EntryPoint","urlTemplate":"https:\/\/festival-livre-jeunesse.fr\/2023\/?s={search_term_string}"},"query-input":"required name=search_term_string"}],"inLanguage":"fr-FR"},{"@type":"Organization","@id":"https:\/\/festival-livre-jeunesse.fr\/2023\/#organization","name":"festival livre jeunesse occitanie","url":"https:\/\/festival-livre-jeunesse.fr\/2023\/","sameAs":["https:\/\/www.facebook.com\/FestivalLivreJeunesseOccitanie","https:\/\/twitter.com\/FljOccitanie"],"logo":{"@type":"ImageObject","inLanguage":"fr-FR","@id":"https:\/\/festival-livre-jeunesse.fr\/2023\/#\/schema\/logo\/image\/","url":"https:\/\/festival-livre-jeunesse.fr\/2023\/wp-content\/uploads\/2021\/05\/Logo-FLJ-petit.png","contentUrl":"https:\/\/festival-livre-jeunesse.fr\/2023\/wp-content\/uploads\/2021\/05\/Logo-FLJ-petit.png","width":204,"height":200,"caption":"festival livre jeunesse occitanie"},"image":{"@id":"https:\/\/festival-livre-jeunesse.fr\/2023\/#\/schema\/logo\/image\/"}}]}},"_links":{"self":[{"href":"https:\/\/festival-livre-jeunesse.fr\/2023\/wp-json\/wp\/v2\/pages\/13780"}],"collection":[{"href":"https:\/\/festival-livre-jeunesse.fr\/2023\/wp-json\/wp\/v2\/pages"}],"about":[{"href":"https:\/\/festival-livre-jeunesse.fr\/2023\/wp-json\/wp\/v2\/types\/page"}],"author":[{"embeddable":true,"href":"https:\/\/festival-livre-jeunesse.fr\/2023\/wp-json\/wp\/v2\/users\/2"}],"replies":[{"embeddable":true,"href":"https:\/\/festival-livre-jeunesse.fr\/2023\/wp-json\/wp\/v2\/comments?post=13780"}],"version-history":[{"count":70,"href":"https:\/\/festival-livre-jeunesse.fr\/2023\/wp-json\/wp\/v2\/pages\/13780\/revisions"}],"predecessor-version":[{"id":13998,"href":"https:\/\/festival-livre-jeunesse.fr\/2023\/wp-json\/wp\/v2\/pages\/13780\/revisions\/13998"}],"wp:attachment":[{"href":"https:\/\/festival-livre-jeunesse.fr\/2023\/wp-json\/wp\/v2\/media?parent=13780"}],"curies":[{"name":"wp","href":"https:\/\/api.w.org\/{rel}","templated":true}]}}