{"id":8596,"date":"2022-04-05T10:24:23","date_gmt":"2022-04-05T08:24:23","guid":{"rendered":"https:\/\/festival-livre-jeunesse.fr\/2022\/?page_id=8596"},"modified":"2022-04-05T11:02:15","modified_gmt":"2022-04-05T09:02:15","slug":"ressource-numerique-pedagogique-joanna-concejo","status":"publish","type":"page","link":"https:\/\/festival-livre-jeunesse.fr\/2023\/ressource-numerique-pedagogique-joanna-concejo\/","title":{"rendered":"Ressource num\u00e9rique p\u00e9dagogique Joanna CONCEJO"},"content":{"rendered":"\t\t<div data-elementor-type=\"wp-page\" data-elementor-id=\"8596\" class=\"elementor elementor-8596\">\n\t\t\t\t\t\t<div class=\"elementor-inner\">\n\t\t\t\t<div class=\"elementor-section-wrap\">\n\t\t\t\t\t\t\t\t\t<section class=\"elementor-section elementor-top-section elementor-element elementor-element-33290933 elementor-section-boxed elementor-section-height-default elementor-section-height-default\" data-id=\"33290933\" data-element_type=\"section\">\n\t\t\t\t\t\t<div class=\"elementor-container elementor-column-gap-default\">\n\t\t\t\t\t\t\t<div class=\"elementor-row\">\n\t\t\t\t\t<div class=\"elementor-column elementor-col-100 elementor-top-column elementor-element elementor-element-4b88ff48\" data-id=\"4b88ff48\" data-element_type=\"column\">\n\t\t\t<div class=\"elementor-column-wrap\">\n\t\t\t\t\t\t\t<div class=\"elementor-widget-wrap\">\n\t\t\t\t\t\t\t\t<\/div>\n\t\t\t\t\t<\/div>\n\t\t<\/div>\n\t\t\t\t\t\t\t\t<\/div>\n\t\t\t\t\t<\/div>\n\t\t<\/section>\n\t\t\t\t<section class=\"elementor-section elementor-top-section elementor-element elementor-element-24aa82d6 elementor-section-boxed elementor-section-height-default elementor-section-height-default\" data-id=\"24aa82d6\" data-element_type=\"section\">\n\t\t\t\t\t\t<div class=\"elementor-container elementor-column-gap-default\">\n\t\t\t\t\t\t\t<div class=\"elementor-row\">\n\t\t\t\t\t<div class=\"elementor-column elementor-col-100 elementor-top-column elementor-element elementor-element-1a0af164\" data-id=\"1a0af164\" data-element_type=\"column\">\n\t\t\t<div class=\"elementor-column-wrap elementor-element-populated\">\n\t\t\t\t\t\t\t<div class=\"elementor-widget-wrap\">\n\t\t\t\t\t\t<div class=\"elementor-element elementor-element-662f6e90 elementor-widget elementor-widget-image\" data-id=\"662f6e90\" data-element_type=\"widget\" data-widget_type=\"image.default\">\n\t\t\t\t<div class=\"elementor-widget-container\">\n\t\t\t\t\t\t\t\t<div class=\"elementor-image\">\n\t\t\t\t\t\t\t\t\t\t\t\t<img width=\"1024\" height=\"256\" src=\"https:\/\/festival-livre-jeunesse.fr\/2023\/wp-content\/uploads\/2022\/04\/fond-universite-1024x256.png\" class=\"attachment-large size-large wp-image-8591\" alt=\"\" loading=\"lazy\" srcset=\"https:\/\/festival-livre-jeunesse.fr\/2023\/wp-content\/uploads\/2022\/04\/fond-universite-1024x256.png 1024w, https:\/\/festival-livre-jeunesse.fr\/2023\/wp-content\/uploads\/2022\/04\/fond-universite-300x75.png 300w, https:\/\/festival-livre-jeunesse.fr\/2023\/wp-content\/uploads\/2022\/04\/fond-universite-768x192.png 768w, https:\/\/festival-livre-jeunesse.fr\/2023\/wp-content\/uploads\/2022\/04\/fond-universite-1536x384.png 1536w, https:\/\/festival-livre-jeunesse.fr\/2023\/wp-content\/uploads\/2022\/04\/fond-universite.png 1600w\" sizes=\"(max-width: 1024px) 100vw, 1024px\" \/>\t\t\t\t\t\t\t\t\t\t\t\t\t\t<\/div>\n\t\t\t\t\t\t<\/div>\n\t\t\t\t<\/div>\n\t\t\t\t\t\t<\/div>\n\t\t\t\t\t<\/div>\n\t\t<\/div>\n\t\t\t\t\t\t\t\t<\/div>\n\t\t\t\t\t<\/div>\n\t\t<\/section>\n\t\t\t\t<section class=\"elementor-section elementor-top-section elementor-element elementor-element-4aa87a70 elementor-section-boxed elementor-section-height-default elementor-section-height-default\" data-id=\"4aa87a70\" data-element_type=\"section\">\n\t\t\t\t\t\t<div class=\"elementor-container elementor-column-gap-default\">\n\t\t\t\t\t\t\t<div class=\"elementor-row\">\n\t\t\t\t\t<div class=\"elementor-column elementor-col-33 elementor-top-column elementor-element elementor-element-70d29521\" data-id=\"70d29521\" data-element_type=\"column\">\n\t\t\t<div class=\"elementor-column-wrap\">\n\t\t\t\t\t\t\t<div class=\"elementor-widget-wrap\">\n\t\t\t\t\t\t\t\t<\/div>\n\t\t\t\t\t<\/div>\n\t\t<\/div>\n\t\t\t\t<div class=\"elementor-column elementor-col-33 elementor-top-column elementor-element elementor-element-34c95b9e\" data-id=\"34c95b9e\" data-element_type=\"column\">\n\t\t\t<div class=\"elementor-column-wrap elementor-element-populated\">\n\t\t\t\t\t\t\t<div class=\"elementor-widget-wrap\">\n\t\t\t\t\t\t<div class=\"elementor-element elementor-element-7fdbf2fc elementor-widget elementor-widget-heading\" data-id=\"7fdbf2fc\" data-element_type=\"widget\" data-widget_type=\"heading.default\">\n\t\t\t\t<div class=\"elementor-widget-container\">\n\t\t\t<h1 class=\"elementor-heading-title elementor-size-xxl\">Joanna Concejo<\/h1>\t\t<\/div>\n\t\t\t\t<\/div>\n\t\t\t\t\t\t<\/div>\n\t\t\t\t\t<\/div>\n\t\t<\/div>\n\t\t\t\t<div class=\"elementor-column elementor-col-33 elementor-top-column elementor-element elementor-element-65fd8eec\" data-id=\"65fd8eec\" data-element_type=\"column\">\n\t\t\t<div class=\"elementor-column-wrap\">\n\t\t\t\t\t\t\t<div class=\"elementor-widget-wrap\">\n\t\t\t\t\t\t\t\t<\/div>\n\t\t\t\t\t<\/div>\n\t\t<\/div>\n\t\t\t\t\t\t\t\t<\/div>\n\t\t\t\t\t<\/div>\n\t\t<\/section>\n\t\t\t\t<section class=\"elementor-section elementor-top-section elementor-element elementor-element-7e1a8f2b elementor-section-boxed elementor-section-height-default elementor-section-height-default\" data-id=\"7e1a8f2b\" data-element_type=\"section\">\n\t\t\t\t\t\t<div class=\"elementor-container elementor-column-gap-default\">\n\t\t\t\t\t\t\t<div class=\"elementor-row\">\n\t\t\t\t\t<div class=\"elementor-column elementor-col-33 elementor-top-column elementor-element elementor-element-58748555\" data-id=\"58748555\" data-element_type=\"column\">\n\t\t\t<div class=\"elementor-column-wrap\">\n\t\t\t\t\t\t\t<div class=\"elementor-widget-wrap\">\n\t\t\t\t\t\t\t\t<\/div>\n\t\t\t\t\t<\/div>\n\t\t<\/div>\n\t\t\t\t<div class=\"elementor-column elementor-col-33 elementor-top-column elementor-element elementor-element-12512051\" data-id=\"12512051\" data-element_type=\"column\" data-settings=\"{&quot;background_background&quot;:&quot;classic&quot;}\">\n\t\t\t<div class=\"elementor-column-wrap elementor-element-populated\">\n\t\t\t\t\t\t\t<div class=\"elementor-widget-wrap\">\n\t\t\t\t\t\t<section class=\"elementor-section elementor-inner-section elementor-element elementor-element-79faa93c elementor-section-boxed elementor-section-height-default elementor-section-height-default\" data-id=\"79faa93c\" data-element_type=\"section\">\n\t\t\t\t\t\t<div class=\"elementor-container elementor-column-gap-default\">\n\t\t\t\t\t\t\t<div class=\"elementor-row\">\n\t\t\t\t\t<div class=\"elementor-column elementor-col-100 elementor-inner-column elementor-element elementor-element-66851b90\" data-id=\"66851b90\" data-element_type=\"column\">\n\t\t\t<div class=\"elementor-column-wrap elementor-element-populated\">\n\t\t\t\t\t\t\t<div class=\"elementor-widget-wrap\">\n\t\t\t\t\t\t<div class=\"elementor-element elementor-element-36ff7d70 elementor-widget elementor-widget-heading\" data-id=\"36ff7d70\" data-element_type=\"widget\" data-widget_type=\"heading.default\">\n\t\t\t\t<div class=\"elementor-widget-container\">\n\t\t\t<h2 class=\"elementor-heading-title elementor-size-default\">Ressource num\u00e9rique autour de l'univers de Joanna Concejo<\/h2>\t\t<\/div>\n\t\t\t\t<\/div>\n\t\t\t\t<div class=\"elementor-element elementor-element-4fbe634a elementor-widget elementor-widget-text-editor\" data-id=\"4fbe634a\" data-element_type=\"widget\" data-widget_type=\"text-editor.default\">\n\t\t\t\t<div class=\"elementor-widget-container\">\n\t\t\t\t\t\t\t\t<div class=\"elementor-text-editor elementor-clearfix\">\n\t\t\t\t<p class=\"MsoNormal\"><b>Ce projet a consist\u00e9 \u00e0 cr\u00e9er un support pr\u00e9sentant l\u2019autrice illustratrice, Joanna Concejo, et son travail au regard des \u00e9v\u00e9nements qui se sont d\u00e9roul\u00e9s \u00e0 l\u2019INSPE \u00e0 l\u2019occasion du 19<sup>\u00e8me<\/sup> Festival du Livre de Jeunesse Occitanie.\u00a0 Cette ressource a \u00e9t\u00e9 con\u00e7ue comme un dispositif de m\u00e9diation num\u00e9rique \u00e0 destination de m\u00e9diateurs du livre (enseignants, biblioth\u00e9caires, etc..) et comme la trace d\u2019un projet interdisciplinaire d\u2019\u00e9tudiants de Master MEEF Arts plastiques et Documentaliste<\/b>.\u00a0<\/p>\t\t\t\t\t<\/div>\n\t\t\t\t\t\t<\/div>\n\t\t\t\t<\/div>\n\t\t\t\t<div class=\"elementor-element elementor-element-6dd59fa elementor-widget elementor-widget-image\" data-id=\"6dd59fa\" data-element_type=\"widget\" data-widget_type=\"image.default\">\n\t\t\t\t<div class=\"elementor-widget-container\">\n\t\t\t\t\t\t\t\t<div class=\"elementor-image\">\n\t\t\t\t\t\t\t\t\t\t\t\t<img width=\"903\" height=\"522\" src=\"https:\/\/festival-livre-jeunesse.fr\/2023\/wp-content\/uploads\/2022\/04\/ressource-j-concejo.png\" class=\"attachment-large size-large wp-image-8588\" alt=\"\" loading=\"lazy\" srcset=\"https:\/\/festival-livre-jeunesse.fr\/2023\/wp-content\/uploads\/2022\/04\/ressource-j-concejo.png 903w, https:\/\/festival-livre-jeunesse.fr\/2023\/wp-content\/uploads\/2022\/04\/ressource-j-concejo-300x173.png 300w, https:\/\/festival-livre-jeunesse.fr\/2023\/wp-content\/uploads\/2022\/04\/ressource-j-concejo-768x444.png 768w\" sizes=\"(max-width: 903px) 100vw, 903px\" \/>\t\t\t\t\t\t\t\t\t\t\t\t\t\t<\/div>\n\t\t\t\t\t\t<\/div>\n\t\t\t\t<\/div>\n\t\t\t\t<div class=\"elementor-element elementor-element-584ff4b elementor-widget elementor-widget-text-editor\" data-id=\"584ff4b\" data-element_type=\"widget\" data-widget_type=\"text-editor.default\">\n\t\t\t\t<div class=\"elementor-widget-container\">\n\t\t\t\t\t\t\t\t<div class=\"elementor-text-editor elementor-clearfix\">\n\t\t\t\t<p>LIEN VERS <a href=\"https:\/\/view.genial.ly\/604f6a8881f77e0d75a3d623\"><u>LA RESSOURCE<\/u><\/a><\/p>\t\t\t\t\t<\/div>\n\t\t\t\t\t\t<\/div>\n\t\t\t\t<\/div>\n\t\t\t\t\t\t<\/div>\n\t\t\t\t\t<\/div>\n\t\t<\/div>\n\t\t\t\t\t\t\t\t<\/div>\n\t\t\t\t\t<\/div>\n\t\t<\/section>\n\t\t\t\t<div class=\"elementor-element elementor-element-23a2c8b elementor-tabs-view-horizontal elementor-widget elementor-widget-tabs\" data-id=\"23a2c8b\" data-element_type=\"widget\" data-widget_type=\"tabs.default\">\n\t\t\t\t<div class=\"elementor-widget-container\">\n\t\t\t\t\t<div class=\"elementor-tabs\">\n\t\t\t<div class=\"elementor-tabs-wrapper\" role=\"tablist\" >\n\t\t\t\t\t\t\t\t\t<div id=\"elementor-tab-title-3731\" class=\"elementor-tab-title elementor-tab-desktop-title\" aria-selected=\"true\" data-tab=\"1\" role=\"tab\" tabindex=\"0\" aria-controls=\"elementor-tab-content-3731\" aria-expanded=\"false\">R\u00e9sum\u00e9<\/div>\n\t\t\t\t\t\t\t\t\t<div id=\"elementor-tab-title-3732\" class=\"elementor-tab-title elementor-tab-desktop-title\" aria-selected=\"false\" data-tab=\"2\" role=\"tab\" tabindex=\"-1\" aria-controls=\"elementor-tab-content-3732\" aria-expanded=\"false\">Fiche Technique<\/div>\n\t\t\t\t\t\t\t<\/div>\n\t\t\t<div class=\"elementor-tabs-content-wrapper\" role=\"tablist\" aria-orientation=\"vertical\">\n\t\t\t\t\t\t\t\t\t<div class=\"elementor-tab-title elementor-tab-mobile-title\" aria-selected=\"true\" data-tab=\"1\" role=\"tab\" tabindex=\"0\" aria-controls=\"elementor-tab-content-3731\" aria-expanded=\"false\">R\u00e9sum\u00e9<\/div>\n\t\t\t\t\t<div id=\"elementor-tab-content-3731\" class=\"elementor-tab-content elementor-clearfix\" data-tab=\"1\" role=\"tabpanel\" aria-labelledby=\"elementor-tab-title-3731\" tabindex=\"0\" hidden=\"false\"><p>Depuis 2012, chaque ann\u00e9e en janvier, le Service de documentation Insp\u00e9 Toulouse Occitanie-Pyr\u00e9n\u00e9es participe au Festival du Livre Jeunesse Occitanie. Nous invitons un artiste \u00e0 travailler avec des \u00e9tudiants et formateurs et \u00e0 rencontrer le public du festival lors d\u2019une soir\u00e9e \u00e0 la biblioth\u00e8que, et depuis 2019, nous exposons des originaux de l\u2019invit\u00e9.<\/p><p>En 2021, c\u2019est l\u2019illustratrice et plasticienne mondialement reconnue Joanna Concejo qui a travaill\u00e9 avec des \u00e9tudiants du master MEEF Documentation, du master MEEF Arts plastiques, et du master Conception de ressources num\u00e9riques p\u00e9dagogiques.<\/p><p>Une ressource num\u00e9rique a \u00e9t\u00e9 con\u00e7ue et r\u00e9alis\u00e9e par trois \u00e9tudiantes du master Conception de ressources num\u00e9riques p\u00e9dagogiques, dans le cadre d\u2019un projet tutor\u00e9, avec la biblioth\u00e8que et le Festival, comme outil de m\u00e9diation pr\u00e9sentant\u00a0:<\/p><p>\u2013 une mise en regard des originaux et des pages des albums S\u00e9n\u00e9gal et Quand les groseilles seront m\u00fbres<\/p><p>\u2013 la rencontre tout public avec Joanna Concejo<\/p><p>\u2013 les masterclasses men\u00e9es par Joanna Concejo aupr\u00e8s des \u00e9tudiants du master MEEF Documentation et du master MEEF Arts plastiques<\/p><p>\u2013 une interview de l\u2019\u00e9diteur de Joanna Concejo, Olivier Belhomme, de L\u2019Atelier du Poisson soluble<\/p><p>\u2013 des jeux imagin\u00e9s par les \u00e9tudiantes.<\/p><\/div>\n\t\t\t\t\t\t\t\t\t<div class=\"elementor-tab-title elementor-tab-mobile-title\" aria-selected=\"false\" data-tab=\"2\" role=\"tab\" tabindex=\"-1\" aria-controls=\"elementor-tab-content-3732\" aria-expanded=\"false\">Fiche Technique<\/div>\n\t\t\t\t\t<div id=\"elementor-tab-content-3732\" class=\"elementor-tab-content elementor-clearfix\" data-tab=\"2\" role=\"tabpanel\" aria-labelledby=\"elementor-tab-title-3732\" tabindex=\"0\" hidden=\"hidden\"><p>Auteur(s) : Cl\u00e9mence Polle, M\u00e9lanie Gratr\u00e9aux, Sandie Campominosi, \u00e9tudiantes du master Conception de Ressources Num\u00e9riques p\u00e9dagogiques \/ Festival du Livre Jeunesse Occitanie \u2013 Service de Documentation de l\u2019Insp\u00e9 Toulouse Occitanie-Pyr\u00e9n\u00e9es \u2013 master MEEF Documentation \u2013 master MEEF Arts plastiques \u2013 master Conception de Ressources Num\u00e9riques p\u00e9dagogiques<\/p><p>\u00a0<\/p><p>Producteurs : Festival du Livre Jeunesse Occitanie \u2013 Service de Documentation de l\u2019Insp\u00e9 Toulouse Occitanie-Pyr\u00e9n\u00e9es<\/p><p>Niveau\u00a0: Grand public \u00e0 partir de 12 ans. Cette ressource est \u00e0 destination des adolescents et des adultes. Elle vise un public large, pas forc\u00e9ment sp\u00e9cialis\u00e9 dans ce domaine.<\/p><p>Disciplines\u00a0: arts plastiques, litt\u00e9rature, sciences de l\u2019\u00e9ducation<\/p><p>Editeur : INSPE \/ \u00a0Universit\u00e9 Toulouse \u2013 Jean Jaur\u00e8s<\/p><p>Date de r\u00e9alisation :\u00a0 2021<\/p><p>Langue : Fran\u00e7ais<\/p><p>Conditions d\u2019utilisation \/ Copyright : Tous droits r\u00e9serv\u00e9s \u00e0 Universit\u00e9 Toulouse \u2013 Jean Jaur\u00e8s et aux auteurs.<\/p><\/div>\n\t\t\t\t\t\t\t<\/div>\n\t\t<\/div>\n\t\t\t\t<\/div>\n\t\t\t\t<\/div>\n\t\t\t\t\t\t<\/div>\n\t\t\t\t\t<\/div>\n\t\t<\/div>\n\t\t\t\t<div class=\"elementor-column elementor-col-33 elementor-top-column elementor-element elementor-element-75f5f9f4\" data-id=\"75f5f9f4\" data-element_type=\"column\">\n\t\t\t<div class=\"elementor-column-wrap\">\n\t\t\t\t\t\t\t<div class=\"elementor-widget-wrap\">\n\t\t\t\t\t\t\t\t<\/div>\n\t\t\t\t\t<\/div>\n\t\t<\/div>\n\t\t\t\t\t\t\t\t<\/div>\n\t\t\t\t\t<\/div>\n\t\t<\/section>\n\t\t\t\t<section class=\"elementor-section elementor-top-section elementor-element elementor-element-be9192f elementor-section-boxed elementor-section-height-default elementor-section-height-default\" data-id=\"be9192f\" data-element_type=\"section\">\n\t\t\t\t\t\t<div class=\"elementor-container elementor-column-gap-default\">\n\t\t\t\t\t\t\t<div class=\"elementor-row\">\n\t\t\t\t\t<div class=\"elementor-column elementor-col-100 elementor-top-column elementor-element elementor-element-73a37c18\" data-id=\"73a37c18\" data-element_type=\"column\">\n\t\t\t<div class=\"elementor-column-wrap elementor-element-populated\">\n\t\t\t\t\t\t\t<div class=\"elementor-widget-wrap\">\n\t\t\t\t\t\t<div class=\"elementor-element elementor-element-37658fd8 elementor-pagination-position-inside elementor-arrows-position-inside elementor-widget elementor-widget-image-carousel\" data-id=\"37658fd8\" data-element_type=\"widget\" data-settings=\"{&quot;slides_to_show&quot;:&quot;8&quot;,&quot;navigation&quot;:&quot;both&quot;,&quot;autoplay&quot;:&quot;yes&quot;,&quot;pause_on_hover&quot;:&quot;yes&quot;,&quot;pause_on_interaction&quot;:&quot;yes&quot;,&quot;autoplay_speed&quot;:5000,&quot;infinite&quot;:&quot;yes&quot;,&quot;speed&quot;:500}\" data-widget_type=\"image-carousel.default\">\n\t\t\t\t<div class=\"elementor-widget-container\">\n\t\t\t\t\t<div class=\"elementor-image-carousel-wrapper swiper-container\" dir=\"ltr\">\n\t\t\t<div class=\"elementor-image-carousel swiper-wrapper\" aria-live=\"off\">\n\t\t\t\t\t\t\t\t<div class=\"swiper-slide\" role=\"group\" aria-roledescription=\"slide\" aria-label=\"1 sur 11\"><a data-elementor-open-lightbox=\"yes\" data-elementor-lightbox-slideshow=\"37658fd8\" data-elementor-lightbox-title=\"acad\u00e9mie toulouse\" data-e-action-hash=\"#elementor-action%3Aaction%3Dlightbox%26settings%3DeyJpZCI6MjY3MCwidXJsIjoiaHR0cHM6XC9cL2Zlc3RpdmFsLWxpdnJlLWpldW5lc3NlLmZyXC8yMDIzXC93cC1jb250ZW50XC91cGxvYWRzXC8yMDIxXC8wNVwvYWNhZGVtaWUtdG91bG91c2UucG5nIiwic2xpZGVzaG93IjoiMzc2NThmZDgifQ%3D%3D\" href=\"https:\/\/festival-livre-jeunesse.fr\/2021_intermediaire\/partenaires\/\"><figure class=\"swiper-slide-inner\"><img class=\"swiper-slide-image\" src=\"https:\/\/festival-livre-jeunesse.fr\/2023\/wp-content\/uploads\/2021\/05\/academie-toulouse-150x150.png\" alt=\"Acad\u00e9mie de Toulouse\" \/><\/figure><\/a><\/div><div class=\"swiper-slide\" role=\"group\" aria-roledescription=\"slide\" aria-label=\"2 sur 11\"><a data-elementor-open-lightbox=\"yes\" data-elementor-lightbox-slideshow=\"37658fd8\" data-elementor-lightbox-title=\"r\u00e9gion occitanie\" data-e-action-hash=\"#elementor-action%3Aaction%3Dlightbox%26settings%3DeyJpZCI6MjY3MSwidXJsIjoiaHR0cHM6XC9cL2Zlc3RpdmFsLWxpdnJlLWpldW5lc3NlLmZyXC8yMDIzXC93cC1jb250ZW50XC91cGxvYWRzXC8yMDIxXC8wNVwvcmVnaW9uLW9jY2l0YW5pZS5wbmciLCJzbGlkZXNob3ciOiIzNzY1OGZkOCJ9\" href=\"https:\/\/festival-livre-jeunesse.fr\/2021_intermediaire\/partenaires\/\"><figure class=\"swiper-slide-inner\"><img class=\"swiper-slide-image\" src=\"https:\/\/festival-livre-jeunesse.fr\/2023\/wp-content\/uploads\/2021\/05\/region-occitanie-150x150.png\" alt=\"R\u00e9gion Occitanie\" \/><\/figure><\/a><\/div><div class=\"swiper-slide\" role=\"group\" aria-roledescription=\"slide\" aria-label=\"3 sur 11\"><a data-elementor-open-lightbox=\"yes\" data-elementor-lightbox-slideshow=\"37658fd8\" data-elementor-lightbox-title=\"cd31\" data-e-action-hash=\"#elementor-action%3Aaction%3Dlightbox%26settings%3DeyJpZCI6MjY3MywidXJsIjoiaHR0cHM6XC9cL2Zlc3RpdmFsLWxpdnJlLWpldW5lc3NlLmZyXC8yMDIzXC93cC1jb250ZW50XC91cGxvYWRzXC8yMDIxXC8wNVwvY2QzMS5wbmciLCJzbGlkZXNob3ciOiIzNzY1OGZkOCJ9\" href=\"https:\/\/festival-livre-jeunesse.fr\/2021_intermediaire\/partenaires\/\"><figure class=\"swiper-slide-inner\"><img class=\"swiper-slide-image\" src=\"https:\/\/festival-livre-jeunesse.fr\/2023\/wp-content\/uploads\/2021\/05\/cd31-150x150.png\" alt=\"CD31\" \/><\/figure><\/a><\/div><div class=\"swiper-slide\" role=\"group\" aria-roledescription=\"slide\" aria-label=\"4 sur 11\"><a data-elementor-open-lightbox=\"yes\" data-elementor-lightbox-slideshow=\"37658fd8\" data-elementor-lightbox-title=\"saint-orens\" data-e-action-hash=\"#elementor-action%3Aaction%3Dlightbox%26settings%3DeyJpZCI6MjY3NCwidXJsIjoiaHR0cHM6XC9cL2Zlc3RpdmFsLWxpdnJlLWpldW5lc3NlLmZyXC8yMDIzXC93cC1jb250ZW50XC91cGxvYWRzXC8yMDIxXC8wNVwvc2FpbnQtb3JlbnMucG5nIiwic2xpZGVzaG93IjoiMzc2NThmZDgifQ%3D%3D\" href=\"https:\/\/festival-livre-jeunesse.fr\/2021_intermediaire\/partenaires\/\"><figure class=\"swiper-slide-inner\"><img class=\"swiper-slide-image\" src=\"https:\/\/festival-livre-jeunesse.fr\/2023\/wp-content\/uploads\/2021\/05\/saint-orens-150x150.png\" alt=\"Ville de Saint-Orens de Gameville\" \/><\/figure><\/a><\/div><div class=\"swiper-slide\" role=\"group\" aria-roledescription=\"slide\" aria-label=\"5 sur 11\"><a data-elementor-open-lightbox=\"yes\" data-elementor-lightbox-slideshow=\"37658fd8\" data-elementor-lightbox-title=\"toulouse m\u00e9tropole\" data-e-action-hash=\"#elementor-action%3Aaction%3Dlightbox%26settings%3DeyJpZCI6MjY3NSwidXJsIjoiaHR0cHM6XC9cL2Zlc3RpdmFsLWxpdnJlLWpldW5lc3NlLmZyXC8yMDIzXC93cC1jb250ZW50XC91cGxvYWRzXC8yMDIxXC8wNVwvdG91bG91c2UtbWV0cm9wb2xlLnBuZyIsInNsaWRlc2hvdyI6IjM3NjU4ZmQ4In0%3D\" href=\"https:\/\/festival-livre-jeunesse.fr\/2021_intermediaire\/partenaires\/\"><figure class=\"swiper-slide-inner\"><img class=\"swiper-slide-image\" src=\"https:\/\/festival-livre-jeunesse.fr\/2023\/wp-content\/uploads\/2021\/05\/toulouse-metropole-150x150.png\" alt=\"Toulouse M\u00e9tropole\" \/><\/figure><\/a><\/div><div class=\"swiper-slide\" role=\"group\" aria-roledescription=\"slide\" aria-label=\"6 sur 11\"><a data-elementor-open-lightbox=\"yes\" data-elementor-lightbox-slideshow=\"37658fd8\" data-elementor-lightbox-title=\"cnl\" data-e-action-hash=\"#elementor-action%3Aaction%3Dlightbox%26settings%3DeyJpZCI6MjY3OSwidXJsIjoiaHR0cHM6XC9cL2Zlc3RpdmFsLWxpdnJlLWpldW5lc3NlLmZyXC8yMDIzXC93cC1jb250ZW50XC91cGxvYWRzXC8yMDIxXC8wNVwvY25sLnBuZyIsInNsaWRlc2hvdyI6IjM3NjU4ZmQ4In0%3D\" href=\"https:\/\/festival-livre-jeunesse.fr\/2021_intermediaire\/partenaires\/\"><figure class=\"swiper-slide-inner\"><img class=\"swiper-slide-image\" src=\"https:\/\/festival-livre-jeunesse.fr\/2023\/wp-content\/uploads\/2021\/05\/cnl-150x150.png\" alt=\"CNL\" \/><\/figure><\/a><\/div><div class=\"swiper-slide\" role=\"group\" aria-roledescription=\"slide\" aria-label=\"7 sur 11\"><a data-elementor-open-lightbox=\"yes\" data-elementor-lightbox-slideshow=\"37658fd8\" data-elementor-lightbox-title=\"INSPE\" data-e-action-hash=\"#elementor-action%3Aaction%3Dlightbox%26settings%3DeyJpZCI6MjY4MCwidXJsIjoiaHR0cHM6XC9cL2Zlc3RpdmFsLWxpdnJlLWpldW5lc3NlLmZyXC8yMDIzXC93cC1jb250ZW50XC91cGxvYWRzXC8yMDIxXC8wNVwvSU5TUEUuanBnIiwic2xpZGVzaG93IjoiMzc2NThmZDgifQ%3D%3D\" href=\"https:\/\/festival-livre-jeunesse.fr\/2021_intermediaire\/partenaires\/\"><figure class=\"swiper-slide-inner\"><img class=\"swiper-slide-image\" src=\"https:\/\/festival-livre-jeunesse.fr\/2023\/wp-content\/uploads\/2021\/05\/INSPE-150x150.jpg\" alt=\"Inspe Toulouse\" \/><\/figure><\/a><\/div><div class=\"swiper-slide\" role=\"group\" aria-roledescription=\"slide\" aria-label=\"8 sur 11\"><a data-elementor-open-lightbox=\"yes\" data-elementor-lightbox-slideshow=\"37658fd8\" data-elementor-lightbox-title=\"copie priv\u00e9e\" data-e-action-hash=\"#elementor-action%3Aaction%3Dlightbox%26settings%3DeyJpZCI6MjY4NSwidXJsIjoiaHR0cHM6XC9cL2Zlc3RpdmFsLWxpdnJlLWpldW5lc3NlLmZyXC8yMDIzXC93cC1jb250ZW50XC91cGxvYWRzXC8yMDIxXC8wNVwvY29waWUtcHJpdmVlLnBuZyIsInNsaWRlc2hvdyI6IjM3NjU4ZmQ4In0%3D\" href=\"https:\/\/festival-livre-jeunesse.fr\/2021_intermediaire\/partenaires\/\"><figure class=\"swiper-slide-inner\"><img class=\"swiper-slide-image\" src=\"https:\/\/festival-livre-jeunesse.fr\/2023\/wp-content\/uploads\/2021\/05\/copie-privee-150x150.png\" alt=\"Copie Priv\u00e9e\" \/><\/figure><\/a><\/div><div class=\"swiper-slide\" role=\"group\" aria-roledescription=\"slide\" aria-label=\"9 sur 11\"><a data-elementor-open-lightbox=\"yes\" data-elementor-lightbox-slideshow=\"37658fd8\" data-elementor-lightbox-title=\"saif\" data-e-action-hash=\"#elementor-action%3Aaction%3Dlightbox%26settings%3DeyJpZCI6MjY4NiwidXJsIjoiaHR0cHM6XC9cL2Zlc3RpdmFsLWxpdnJlLWpldW5lc3NlLmZyXC8yMDIzXC93cC1jb250ZW50XC91cGxvYWRzXC8yMDIxXC8wNVwvc2FpZi5wbmciLCJzbGlkZXNob3ciOiIzNzY1OGZkOCJ9\" href=\"https:\/\/festival-livre-jeunesse.fr\/2021_intermediaire\/partenaires\/\"><figure class=\"swiper-slide-inner\"><img class=\"swiper-slide-image\" src=\"https:\/\/festival-livre-jeunesse.fr\/2023\/wp-content\/uploads\/2021\/05\/saif-150x150.png\" alt=\"Saif Action culturelle\" \/><\/figure><\/a><\/div><div class=\"swiper-slide\" role=\"group\" aria-roledescription=\"slide\" aria-label=\"10 sur 11\"><a data-elementor-open-lightbox=\"yes\" data-elementor-lightbox-slideshow=\"37658fd8\" data-elementor-lightbox-title=\"universit\u00e9\" data-e-action-hash=\"#elementor-action%3Aaction%3Dlightbox%26settings%3DeyJpZCI6MjY4NywidXJsIjoiaHR0cHM6XC9cL2Zlc3RpdmFsLWxpdnJlLWpldW5lc3NlLmZyXC8yMDIzXC93cC1jb250ZW50XC91cGxvYWRzXC8yMDIxXC8wNVwvdW5pdmVyc2l0ZS5wbmciLCJzbGlkZXNob3ciOiIzNzY1OGZkOCJ9\" href=\"https:\/\/festival-livre-jeunesse.fr\/2021_intermediaire\/partenaires\/\"><figure class=\"swiper-slide-inner\"><img class=\"swiper-slide-image\" src=\"https:\/\/festival-livre-jeunesse.fr\/2023\/wp-content\/uploads\/2021\/05\/universite-150x150.png\" alt=\"Universit\u00e9 Jean Jaur\u00e8s\" \/><\/figure><\/a><\/div><div class=\"swiper-slide\" role=\"group\" aria-roledescription=\"slide\" aria-label=\"11 sur 11\"><a data-elementor-open-lightbox=\"yes\" data-elementor-lightbox-slideshow=\"37658fd8\" data-elementor-lightbox-title=\"Logo Sofia\" data-e-action-hash=\"#elementor-action%3Aaction%3Dlightbox%26settings%3DeyJpZCI6MjY4OCwidXJsIjoiaHR0cHM6XC9cL2Zlc3RpdmFsLWxpdnJlLWpldW5lc3NlLmZyXC8yMDIzXC93cC1jb250ZW50XC91cGxvYWRzXC8yMDIxXC8wNVwvTG9nby1Tb2ZpYS5wbmciLCJzbGlkZXNob3ciOiIzNzY1OGZkOCJ9\" href=\"https:\/\/festival-livre-jeunesse.fr\/2021_intermediaire\/partenaires\/\"><figure class=\"swiper-slide-inner\"><img class=\"swiper-slide-image\" src=\"https:\/\/festival-livre-jeunesse.fr\/2023\/wp-content\/uploads\/2021\/05\/Logo-Sofia-150x150.png\" alt=\"SOFIA Action culturelle\" \/><\/figure><\/a><\/div>\t\t\t<\/div>\n\t\t\t\t\t\t\t\t\t\t\t\t<div class=\"elementor-swiper-button elementor-swiper-button-prev\" role=\"button\" tabindex=\"0\">\n\t\t\t\t\t\t<i aria-hidden=\"true\" class=\"eicon-chevron-left\"><\/i>\t\t\t\t\t<\/div>\n\t\t\t\t\t<div class=\"elementor-swiper-button elementor-swiper-button-next\" role=\"button\" tabindex=\"0\">\n\t\t\t\t\t\t<i aria-hidden=\"true\" class=\"eicon-chevron-right\"><\/i>\t\t\t\t\t<\/div>\n\t\t\t\t\n\t\t\t\t\t\t\t\t\t<div class=\"swiper-pagination\"><\/div>\n\t\t\t\t\t\t\t\t\t<\/div>\n\t\t\t\t<\/div>\n\t\t\t\t<\/div>\n\t\t\t\t\t\t<\/div>\n\t\t\t\t\t<\/div>\n\t\t<\/div>\n\t\t\t\t\t\t\t\t<\/div>\n\t\t\t\t\t<\/div>\n\t\t<\/section>\n\t\t\t\t\t\t\t\t\t<\/div>\n\t\t\t<\/div>\n\t\t\t\t\t<\/div>\n\t\t","protected":false},"excerpt":{"rendered":"<p>Joanna Concejo Ressource num\u00e9rique autour de l&#8217;univers de Joanna Concejo Ce projet a consist\u00e9 \u00e0 cr\u00e9er un support pr\u00e9sentant l\u2019autrice illustratrice, Joanna Concejo, et son travail au regard des \u00e9v\u00e9nements qui se sont d\u00e9roul\u00e9s \u00e0 l\u2019INSPE \u00e0 l\u2019occasion du 19\u00e8me Festival du Livre de Jeunesse Occitanie.\u00a0 Cette ressource a \u00e9t\u00e9 con\u00e7ue comme un dispositif de &hellip;<\/p>\n<p class=\"read-more\"> <a class=\"\" href=\"https:\/\/festival-livre-jeunesse.fr\/2023\/ressource-numerique-pedagogique-joanna-concejo\/\"> <span class=\"screen-reader-text\">Ressource num\u00e9rique p\u00e9dagogique Joanna CONCEJO<\/span> Lire la suite\u00a0\u00bb<\/a><\/p>\n","protected":false},"author":2,"featured_media":0,"parent":0,"menu_order":0,"comment_status":"closed","ping_status":"closed","template":"","meta":{"site-sidebar-layout":"no-sidebar","site-content-layout":"page-builder","ast-main-header-display":"","ast-hfb-above-header-display":"","ast-hfb-below-header-display":"","ast-hfb-mobile-header-display":"","site-post-title":"disabled","ast-breadcrumbs-content":"","ast-featured-img":"disabled","footer-sml-layout":"","theme-transparent-header-meta":"","adv-header-id-meta":"","stick-header-meta":"","header-above-stick-meta":"","header-main-stick-meta":"","header-below-stick-meta":""},"yoast_head":"<!-- This site is optimized with the Yoast SEO plugin v19.7.2 - https:\/\/yoast.com\/wordpress\/plugins\/seo\/ -->\n<title>Ressource num\u00e9rique p\u00e9dagogique Joanna CONCEJO - Festival Livre Jeunesse Occitanie<\/title>\n<meta name=\"robots\" content=\"index, follow, max-snippet:-1, max-image-preview:large, max-video-preview:-1\" \/>\n<link rel=\"canonical\" href=\"https:\/\/festival-livre-jeunesse.fr\/2023\/ressource-numerique-pedagogique-joanna-concejo\/\" \/>\n<meta property=\"og:locale\" content=\"fr_FR\" \/>\n<meta property=\"og:type\" content=\"article\" \/>\n<meta property=\"og:title\" content=\"Ressource num\u00e9rique p\u00e9dagogique Joanna CONCEJO - Festival Livre Jeunesse Occitanie\" \/>\n<meta property=\"og:description\" content=\"Joanna Concejo Ressource num\u00e9rique autour de l&#8217;univers de Joanna Concejo Ce projet a consist\u00e9 \u00e0 cr\u00e9er un support pr\u00e9sentant l\u2019autrice illustratrice, Joanna Concejo, et son travail au regard des \u00e9v\u00e9nements qui se sont d\u00e9roul\u00e9s \u00e0 l\u2019INSPE \u00e0 l\u2019occasion du 19\u00e8me Festival du Livre de Jeunesse Occitanie.\u00a0 Cette ressource a \u00e9t\u00e9 con\u00e7ue comme un dispositif de &hellip; Ressource num\u00e9rique p\u00e9dagogique Joanna CONCEJO Lire la suite\u00a0\u00bb\" \/>\n<meta property=\"og:url\" content=\"https:\/\/festival-livre-jeunesse.fr\/2023\/ressource-numerique-pedagogique-joanna-concejo\/\" \/>\n<meta property=\"og:site_name\" content=\"Festival Livre Jeunesse Occitanie\" \/>\n<meta property=\"article:publisher\" content=\"https:\/\/www.facebook.com\/FestivalLivreJeunesseOccitanie\" \/>\n<meta property=\"article:modified_time\" content=\"2022-04-05T09:02:15+00:00\" \/>\n<meta property=\"og:image\" content=\"https:\/\/festival-livre-jeunesse.fr\/2022\/wp-content\/uploads\/2022\/04\/fond-universite-1024x256.png\" \/>\n<meta name=\"twitter:card\" content=\"summary_large_image\" \/>\n<meta name=\"twitter:site\" content=\"@FljOccitanie\" \/>\n<meta name=\"twitter:label1\" content=\"Dur\u00e9e de lecture estim\u00e9e\" \/>\n\t<meta name=\"twitter:data1\" content=\"2 minutes\" \/>\n<script type=\"application\/ld+json\" class=\"yoast-schema-graph\">{\"@context\":\"https:\/\/schema.org\",\"@graph\":[{\"@type\":\"WebPage\",\"@id\":\"https:\/\/festival-livre-jeunesse.fr\/2023\/ressource-numerique-pedagogique-joanna-concejo\/\",\"url\":\"https:\/\/festival-livre-jeunesse.fr\/2023\/ressource-numerique-pedagogique-joanna-concejo\/\",\"name\":\"Ressource num\u00e9rique p\u00e9dagogique Joanna CONCEJO - Festival Livre Jeunesse Occitanie\",\"isPartOf\":{\"@id\":\"https:\/\/festival-livre-jeunesse.fr\/2023\/#website\"},\"datePublished\":\"2022-04-05T08:24:23+00:00\",\"dateModified\":\"2022-04-05T09:02:15+00:00\",\"breadcrumb\":{\"@id\":\"https:\/\/festival-livre-jeunesse.fr\/2023\/ressource-numerique-pedagogique-joanna-concejo\/#breadcrumb\"},\"inLanguage\":\"fr-FR\",\"potentialAction\":[{\"@type\":\"ReadAction\",\"target\":[\"https:\/\/festival-livre-jeunesse.fr\/2023\/ressource-numerique-pedagogique-joanna-concejo\/\"]}]},{\"@type\":\"BreadcrumbList\",\"@id\":\"https:\/\/festival-livre-jeunesse.fr\/2023\/ressource-numerique-pedagogique-joanna-concejo\/#breadcrumb\",\"itemListElement\":[{\"@type\":\"ListItem\",\"position\":1,\"name\":\"Accueil\",\"item\":\"https:\/\/festival-livre-jeunesse.fr\/2023\/\"},{\"@type\":\"ListItem\",\"position\":2,\"name\":\"Ressource num\u00e9rique p\u00e9dagogique Joanna CONCEJO\"}]},{\"@type\":\"WebSite\",\"@id\":\"https:\/\/festival-livre-jeunesse.fr\/2023\/#website\",\"url\":\"https:\/\/festival-livre-jeunesse.fr\/2023\/\",\"name\":\"Festival Livre Jeunesse Occitanie\",\"description\":\"21\u00e8me \u00e9dition - janvier 2023\",\"publisher\":{\"@id\":\"https:\/\/festival-livre-jeunesse.fr\/2023\/#organization\"},\"potentialAction\":[{\"@type\":\"SearchAction\",\"target\":{\"@type\":\"EntryPoint\",\"urlTemplate\":\"https:\/\/festival-livre-jeunesse.fr\/2023\/?s={search_term_string}\"},\"query-input\":\"required name=search_term_string\"}],\"inLanguage\":\"fr-FR\"},{\"@type\":\"Organization\",\"@id\":\"https:\/\/festival-livre-jeunesse.fr\/2023\/#organization\",\"name\":\"festival livre jeunesse occitanie\",\"url\":\"https:\/\/festival-livre-jeunesse.fr\/2023\/\",\"sameAs\":[\"https:\/\/www.facebook.com\/FestivalLivreJeunesseOccitanie\",\"https:\/\/twitter.com\/FljOccitanie\"],\"logo\":{\"@type\":\"ImageObject\",\"inLanguage\":\"fr-FR\",\"@id\":\"https:\/\/festival-livre-jeunesse.fr\/2023\/#\/schema\/logo\/image\/\",\"url\":\"https:\/\/festival-livre-jeunesse.fr\/2023\/wp-content\/uploads\/2021\/05\/Logo-FLJ-petit.png\",\"contentUrl\":\"https:\/\/festival-livre-jeunesse.fr\/2023\/wp-content\/uploads\/2021\/05\/Logo-FLJ-petit.png\",\"width\":204,\"height\":200,\"caption\":\"festival livre jeunesse occitanie\"},\"image\":{\"@id\":\"https:\/\/festival-livre-jeunesse.fr\/2023\/#\/schema\/logo\/image\/\"}}]}<\/script>\n<!-- \/ Yoast SEO plugin. -->","yoast_head_json":{"title":"Ressource num\u00e9rique p\u00e9dagogique Joanna CONCEJO - Festival Livre Jeunesse Occitanie","robots":{"index":"index","follow":"follow","max-snippet":"max-snippet:-1","max-image-preview":"max-image-preview:large","max-video-preview":"max-video-preview:-1"},"canonical":"https:\/\/festival-livre-jeunesse.fr\/2023\/ressource-numerique-pedagogique-joanna-concejo\/","og_locale":"fr_FR","og_type":"article","og_title":"Ressource num\u00e9rique p\u00e9dagogique Joanna CONCEJO - Festival Livre Jeunesse Occitanie","og_description":"Joanna Concejo Ressource num\u00e9rique autour de l&#8217;univers de Joanna Concejo Ce projet a consist\u00e9 \u00e0 cr\u00e9er un support pr\u00e9sentant l\u2019autrice illustratrice, Joanna Concejo, et son travail au regard des \u00e9v\u00e9nements qui se sont d\u00e9roul\u00e9s \u00e0 l\u2019INSPE \u00e0 l\u2019occasion du 19\u00e8me Festival du Livre de Jeunesse Occitanie.\u00a0 Cette ressource a \u00e9t\u00e9 con\u00e7ue comme un dispositif de &hellip; Ressource num\u00e9rique p\u00e9dagogique Joanna CONCEJO Lire la suite\u00a0\u00bb","og_url":"https:\/\/festival-livre-jeunesse.fr\/2023\/ressource-numerique-pedagogique-joanna-concejo\/","og_site_name":"Festival Livre Jeunesse Occitanie","article_publisher":"https:\/\/www.facebook.com\/FestivalLivreJeunesseOccitanie","article_modified_time":"2022-04-05T09:02:15+00:00","og_image":[{"url":"https:\/\/festival-livre-jeunesse.fr\/2022\/wp-content\/uploads\/2022\/04\/fond-universite-1024x256.png"}],"twitter_card":"summary_large_image","twitter_site":"@FljOccitanie","twitter_misc":{"Dur\u00e9e de lecture estim\u00e9e":"2 minutes"},"schema":{"@context":"https:\/\/schema.org","@graph":[{"@type":"WebPage","@id":"https:\/\/festival-livre-jeunesse.fr\/2023\/ressource-numerique-pedagogique-joanna-concejo\/","url":"https:\/\/festival-livre-jeunesse.fr\/2023\/ressource-numerique-pedagogique-joanna-concejo\/","name":"Ressource num\u00e9rique p\u00e9dagogique Joanna CONCEJO - Festival Livre Jeunesse Occitanie","isPartOf":{"@id":"https:\/\/festival-livre-jeunesse.fr\/2023\/#website"},"datePublished":"2022-04-05T08:24:23+00:00","dateModified":"2022-04-05T09:02:15+00:00","breadcrumb":{"@id":"https:\/\/festival-livre-jeunesse.fr\/2023\/ressource-numerique-pedagogique-joanna-concejo\/#breadcrumb"},"inLanguage":"fr-FR","potentialAction":[{"@type":"ReadAction","target":["https:\/\/festival-livre-jeunesse.fr\/2023\/ressource-numerique-pedagogique-joanna-concejo\/"]}]},{"@type":"BreadcrumbList","@id":"https:\/\/festival-livre-jeunesse.fr\/2023\/ressource-numerique-pedagogique-joanna-concejo\/#breadcrumb","itemListElement":[{"@type":"ListItem","position":1,"name":"Accueil","item":"https:\/\/festival-livre-jeunesse.fr\/2023\/"},{"@type":"ListItem","position":2,"name":"Ressource num\u00e9rique p\u00e9dagogique Joanna CONCEJO"}]},{"@type":"WebSite","@id":"https:\/\/festival-livre-jeunesse.fr\/2023\/#website","url":"https:\/\/festival-livre-jeunesse.fr\/2023\/","name":"Festival Livre Jeunesse Occitanie","description":"21\u00e8me \u00e9dition - janvier 2023","publisher":{"@id":"https:\/\/festival-livre-jeunesse.fr\/2023\/#organization"},"potentialAction":[{"@type":"SearchAction","target":{"@type":"EntryPoint","urlTemplate":"https:\/\/festival-livre-jeunesse.fr\/2023\/?s={search_term_string}"},"query-input":"required name=search_term_string"}],"inLanguage":"fr-FR"},{"@type":"Organization","@id":"https:\/\/festival-livre-jeunesse.fr\/2023\/#organization","name":"festival livre jeunesse occitanie","url":"https:\/\/festival-livre-jeunesse.fr\/2023\/","sameAs":["https:\/\/www.facebook.com\/FestivalLivreJeunesseOccitanie","https:\/\/twitter.com\/FljOccitanie"],"logo":{"@type":"ImageObject","inLanguage":"fr-FR","@id":"https:\/\/festival-livre-jeunesse.fr\/2023\/#\/schema\/logo\/image\/","url":"https:\/\/festival-livre-jeunesse.fr\/2023\/wp-content\/uploads\/2021\/05\/Logo-FLJ-petit.png","contentUrl":"https:\/\/festival-livre-jeunesse.fr\/2023\/wp-content\/uploads\/2021\/05\/Logo-FLJ-petit.png","width":204,"height":200,"caption":"festival livre jeunesse occitanie"},"image":{"@id":"https:\/\/festival-livre-jeunesse.fr\/2023\/#\/schema\/logo\/image\/"}}]}},"_links":{"self":[{"href":"https:\/\/festival-livre-jeunesse.fr\/2023\/wp-json\/wp\/v2\/pages\/8596"}],"collection":[{"href":"https:\/\/festival-livre-jeunesse.fr\/2023\/wp-json\/wp\/v2\/pages"}],"about":[{"href":"https:\/\/festival-livre-jeunesse.fr\/2023\/wp-json\/wp\/v2\/types\/page"}],"author":[{"embeddable":true,"href":"https:\/\/festival-livre-jeunesse.fr\/2023\/wp-json\/wp\/v2\/users\/2"}],"replies":[{"embeddable":true,"href":"https:\/\/festival-livre-jeunesse.fr\/2023\/wp-json\/wp\/v2\/comments?post=8596"}],"version-history":[{"count":16,"href":"https:\/\/festival-livre-jeunesse.fr\/2023\/wp-json\/wp\/v2\/pages\/8596\/revisions"}],"predecessor-version":[{"id":8625,"href":"https:\/\/festival-livre-jeunesse.fr\/2023\/wp-json\/wp\/v2\/pages\/8596\/revisions\/8625"}],"wp:attachment":[{"href":"https:\/\/festival-livre-jeunesse.fr\/2023\/wp-json\/wp\/v2\/media?parent=8596"}],"curies":[{"name":"wp","href":"https:\/\/api.w.org\/{rel}","templated":true}]}}