{"id":9504,"date":"2022-07-29T23:07:44","date_gmt":"2022-07-29T21:07:44","guid":{"rendered":"https:\/\/festival-livre-jeunesse.fr\/2023\/?page_id=9504"},"modified":"2022-10-26T16:30:48","modified_gmt":"2022-10-26T14:30:48","slug":"geraldine-alibeu","status":"publish","type":"page","link":"https:\/\/festival-livre-jeunesse.fr\/2023\/geraldine-alibeu\/","title":{"rendered":"G\u00e9raldine ALIBEU"},"content":{"rendered":"\t\t<div data-elementor-type=\"wp-page\" data-elementor-id=\"9504\" class=\"elementor elementor-9504\">\n\t\t\t\t\t\t<div class=\"elementor-inner\">\n\t\t\t\t<div class=\"elementor-section-wrap\">\n\t\t\t\t\t\t\t\t\t<section class=\"elementor-section elementor-top-section elementor-element elementor-element-651a852 elementor-section-boxed elementor-section-height-default elementor-section-height-default\" data-id=\"651a852\" data-element_type=\"section\">\n\t\t\t\t\t\t<div class=\"elementor-container elementor-column-gap-default\">\n\t\t\t\t\t\t\t<div class=\"elementor-row\">\n\t\t\t\t\t<div class=\"elementor-column elementor-col-100 elementor-top-column elementor-element elementor-element-d9a4b3f\" data-id=\"d9a4b3f\" data-element_type=\"column\">\n\t\t\t<div class=\"elementor-column-wrap elementor-element-populated\">\n\t\t\t\t\t\t\t<div class=\"elementor-widget-wrap\">\n\t\t\t\t\t\t<div class=\"elementor-element elementor-element-e213f0b elementor-widget elementor-widget-spacer\" data-id=\"e213f0b\" data-element_type=\"widget\" data-widget_type=\"spacer.default\">\n\t\t\t\t<div class=\"elementor-widget-container\">\n\t\t\t\t\t<div class=\"elementor-spacer\">\n\t\t\t<div class=\"elementor-spacer-inner\"><\/div>\n\t\t<\/div>\n\t\t\t\t<\/div>\n\t\t\t\t<\/div>\n\t\t\t\t<div class=\"elementor-element elementor-element-cd0d184 elementor-widget elementor-widget-spacer\" data-id=\"cd0d184\" data-element_type=\"widget\" data-widget_type=\"spacer.default\">\n\t\t\t\t<div class=\"elementor-widget-container\">\n\t\t\t\t\t<div class=\"elementor-spacer\">\n\t\t\t<div class=\"elementor-spacer-inner\"><\/div>\n\t\t<\/div>\n\t\t\t\t<\/div>\n\t\t\t\t<\/div>\n\t\t\t\t\t\t<\/div>\n\t\t\t\t\t<\/div>\n\t\t<\/div>\n\t\t\t\t\t\t\t\t<\/div>\n\t\t\t\t\t<\/div>\n\t\t<\/section>\n\t\t\t\t<section class=\"elementor-section elementor-top-section elementor-element elementor-element-11c9f43 elementor-section-boxed elementor-section-height-default elementor-section-height-default\" data-id=\"11c9f43\" data-element_type=\"section\">\n\t\t\t\t\t\t<div class=\"elementor-container elementor-column-gap-default\">\n\t\t\t\t\t\t\t<div class=\"elementor-row\">\n\t\t\t\t\t<div class=\"elementor-column elementor-col-33 elementor-top-column elementor-element elementor-element-f7b9e21\" data-id=\"f7b9e21\" data-element_type=\"column\">\n\t\t\t<div class=\"elementor-column-wrap\">\n\t\t\t\t\t\t\t<div class=\"elementor-widget-wrap\">\n\t\t\t\t\t\t\t\t<\/div>\n\t\t\t\t\t<\/div>\n\t\t<\/div>\n\t\t\t\t<div class=\"elementor-column elementor-col-33 elementor-top-column elementor-element elementor-element-3bd1f9b\" data-id=\"3bd1f9b\" data-element_type=\"column\" data-settings=\"{&quot;background_background&quot;:&quot;classic&quot;}\">\n\t\t\t<div class=\"elementor-column-wrap elementor-element-populated\">\n\t\t\t\t\t\t\t<div class=\"elementor-widget-wrap\">\n\t\t\t\t\t\t<div class=\"elementor-element elementor-element-c8e0ae0 elementor-widget elementor-widget-heading\" data-id=\"c8e0ae0\" data-element_type=\"widget\" data-widget_type=\"heading.default\">\n\t\t\t\t<div class=\"elementor-widget-container\">\n\t\t\t<h1 class=\"elementor-heading-title elementor-size-default\">G\u00e9raldine ALIBEU<\/h1>\t\t<\/div>\n\t\t\t\t<\/div>\n\t\t\t\t<section class=\"elementor-section elementor-inner-section elementor-element elementor-element-83e732e elementor-section-boxed elementor-section-height-default elementor-section-height-default\" data-id=\"83e732e\" data-element_type=\"section\">\n\t\t\t\t\t\t<div class=\"elementor-container elementor-column-gap-default\">\n\t\t\t\t\t\t\t<div class=\"elementor-row\">\n\t\t\t\t\t<div class=\"elementor-column elementor-col-50 elementor-inner-column elementor-element elementor-element-060c429\" data-id=\"060c429\" data-element_type=\"column\">\n\t\t\t<div class=\"elementor-column-wrap elementor-element-populated\">\n\t\t\t\t\t\t\t<div class=\"elementor-widget-wrap\">\n\t\t\t\t\t\t<div class=\"elementor-element elementor-element-8bc6fe1 elementor-widget elementor-widget-image\" data-id=\"8bc6fe1\" data-element_type=\"widget\" data-widget_type=\"image.default\">\n\t\t\t\t<div class=\"elementor-widget-container\">\n\t\t\t\t\t\t\t\t<div class=\"elementor-image\">\n\t\t\t\t\t\t\t\t\t\t\t\t\t<a href=\"http:\/\/geraldinealibeu.com\">\n\t\t\t\t\t\t\t<img width=\"241\" height=\"300\" src=\"https:\/\/festival-livre-jeunesse.fr\/2023\/wp-content\/uploads\/2022\/09\/Ge\u0301raldine_Alibeu-copyright-Antoine-Picard-241x300.jpg\" class=\"attachment-medium size-medium wp-image-9798\" alt=\"\" loading=\"lazy\" srcset=\"https:\/\/festival-livre-jeunesse.fr\/2023\/wp-content\/uploads\/2022\/09\/Ge\u0301raldine_Alibeu-copyright-Antoine-Picard-241x300.jpg 241w, https:\/\/festival-livre-jeunesse.fr\/2023\/wp-content\/uploads\/2022\/09\/Ge\u0301raldine_Alibeu-copyright-Antoine-Picard-824x1024.jpg 824w, https:\/\/festival-livre-jeunesse.fr\/2023\/wp-content\/uploads\/2022\/09\/Ge\u0301raldine_Alibeu-copyright-Antoine-Picard-768x955.jpg 768w, https:\/\/festival-livre-jeunesse.fr\/2023\/wp-content\/uploads\/2022\/09\/Ge\u0301raldine_Alibeu-copyright-Antoine-Picard-1236x1536.jpg 1236w, https:\/\/festival-livre-jeunesse.fr\/2023\/wp-content\/uploads\/2022\/09\/Ge\u0301raldine_Alibeu-copyright-Antoine-Picard-1647x2048.jpg 1647w, https:\/\/festival-livre-jeunesse.fr\/2023\/wp-content\/uploads\/2022\/09\/Ge\u0301raldine_Alibeu-copyright-Antoine-Picard.jpg 1896w\" sizes=\"(max-width: 241px) 100vw, 241px\" \/>\t\t\t\t\t\t\t\t<\/a>\n\t\t\t\t\t\t\t\t\t\t\t\t\t\t<\/div>\n\t\t\t\t\t\t<\/div>\n\t\t\t\t<\/div>\n\t\t\t\t\t\t<\/div>\n\t\t\t\t\t<\/div>\n\t\t<\/div>\n\t\t\t\t<div class=\"elementor-column elementor-col-50 elementor-inner-column elementor-element elementor-element-d5cb82b\" data-id=\"d5cb82b\" data-element_type=\"column\">\n\t\t\t<div class=\"elementor-column-wrap elementor-element-populated\">\n\t\t\t\t\t\t\t<div class=\"elementor-widget-wrap\">\n\t\t\t\t\t\t<div class=\"elementor-element elementor-element-7b98b04 elementor-widget elementor-widget-text-editor\" data-id=\"7b98b04\" data-element_type=\"widget\" data-widget_type=\"text-editor.default\">\n\t\t\t\t<div class=\"elementor-widget-container\">\n\t\t\t\t\t\t\t\t<div class=\"elementor-text-editor elementor-clearfix\">\n\t\t\t\t<p>Je suis n\u00e9e \u00e0 \u00c9chirolles dans les Alpes, et vis maintenant \u00e0 Crest dans la Dr\u00f4me. J\u2019ai \u00e9tudi\u00e9 au sein de l&#8217;atelier d&#8217;illustration des Arts d\u00e9coratifs de Strasbourg (HEAR).<\/p><p>Je travaille en collages, couture, feutres, c\u00e9ramique. Ma pratique du croquis influence mes images aux perspectives \u00e9tranges, aux couleurs tranch\u00e9es. J\u2019\u00e9cris parfois mes propres histoires et m\u2019attache aux personnages \u00e9quivoques.<\/p><p>Je publie des albums jeunesse depuis 2001, chez \u00c0 pas de loups, Actes Sud, Cambourakis, Seghers&#8230; Mon travail a \u00e9t\u00e9 r\u00e9guli\u00e8rement expos\u00e9, notamment \u00e0 la Foire du livre de Bologne, au Mus\u00e9e de Poche et \u00e0 la Galerie Robillard.<\/p>\t\t\t\t\t<\/div>\n\t\t\t\t\t\t<\/div>\n\t\t\t\t<\/div>\n\t\t\t\t\t\t<\/div>\n\t\t\t\t\t<\/div>\n\t\t<\/div>\n\t\t\t\t\t\t\t\t<\/div>\n\t\t\t\t\t<\/div>\n\t\t<\/section>\n\t\t\t\t<section class=\"elementor-section elementor-inner-section elementor-element elementor-element-51d55bf elementor-section-boxed elementor-section-height-default elementor-section-height-default\" data-id=\"51d55bf\" data-element_type=\"section\">\n\t\t\t\t\t\t<div class=\"elementor-container elementor-column-gap-default\">\n\t\t\t\t\t\t\t<div class=\"elementor-row\">\n\t\t\t\t\t<div class=\"elementor-column elementor-col-50 elementor-inner-column elementor-element elementor-element-f0b229b\" data-id=\"f0b229b\" data-element_type=\"column\">\n\t\t\t<div class=\"elementor-column-wrap\">\n\t\t\t\t\t\t\t<div class=\"elementor-widget-wrap\">\n\t\t\t\t\t\t\t\t<\/div>\n\t\t\t\t\t<\/div>\n\t\t<\/div>\n\t\t\t\t<div class=\"elementor-column elementor-col-50 elementor-inner-column elementor-element elementor-element-71497fa\" data-id=\"71497fa\" data-element_type=\"column\">\n\t\t\t<div class=\"elementor-column-wrap elementor-element-populated\">\n\t\t\t\t\t\t\t<div class=\"elementor-widget-wrap\">\n\t\t\t\t\t\t<div class=\"elementor-element elementor-element-a5a58e4 elementor-align-left elementor-widget elementor-widget-button\" data-id=\"a5a58e4\" data-element_type=\"widget\" data-widget_type=\"button.default\">\n\t\t\t\t<div class=\"elementor-widget-container\">\n\t\t\t\t\t<div class=\"elementor-button-wrapper\">\n\t\t\t<a class=\"elementor-button elementor-button-link elementor-size-sm\" href=\"http:\/\/geraldinealibeu.com\">\n\t\t\t\t\t\t<span class=\"elementor-button-content-wrapper\">\n\t\t\t\t\t\t<span class=\"elementor-button-text\">En savoir plus<\/span>\n\t\t<\/span>\n\t\t\t\t\t<\/a>\n\t\t<\/div>\n\t\t\t\t<\/div>\n\t\t\t\t<\/div>\n\t\t\t\t\t\t<\/div>\n\t\t\t\t\t<\/div>\n\t\t<\/div>\n\t\t\t\t\t\t\t\t<\/div>\n\t\t\t\t\t<\/div>\n\t\t<\/section>\n\t\t\t\t\t\t<\/div>\n\t\t\t\t\t<\/div>\n\t\t<\/div>\n\t\t\t\t<div class=\"elementor-column elementor-col-33 elementor-top-column elementor-element elementor-element-ffc9425\" data-id=\"ffc9425\" data-element_type=\"column\">\n\t\t\t<div class=\"elementor-column-wrap\">\n\t\t\t\t\t\t\t<div class=\"elementor-widget-wrap\">\n\t\t\t\t\t\t\t\t<\/div>\n\t\t\t\t\t<\/div>\n\t\t<\/div>\n\t\t\t\t\t\t\t\t<\/div>\n\t\t\t\t\t<\/div>\n\t\t<\/section>\n\t\t\t\t<section class=\"elementor-section elementor-top-section elementor-element elementor-element-9a1aada elementor-section-boxed elementor-section-height-default elementor-section-height-default\" data-id=\"9a1aada\" data-element_type=\"section\">\n\t\t\t\t\t\t<div class=\"elementor-container elementor-column-gap-default\">\n\t\t\t\t\t\t\t<div class=\"elementor-row\">\n\t\t\t\t\t<div class=\"elementor-column elementor-col-100 elementor-top-column elementor-element elementor-element-8789cf5\" data-id=\"8789cf5\" data-element_type=\"column\">\n\t\t\t<div class=\"elementor-column-wrap elementor-element-populated\">\n\t\t\t\t\t\t\t<div class=\"elementor-widget-wrap\">\n\t\t\t\t\t\t<div class=\"elementor-element elementor-element-0d74ac2 elementor-widget elementor-widget-spacer\" data-id=\"0d74ac2\" data-element_type=\"widget\" data-widget_type=\"spacer.default\">\n\t\t\t\t<div class=\"elementor-widget-container\">\n\t\t\t\t\t<div class=\"elementor-spacer\">\n\t\t\t<div class=\"elementor-spacer-inner\"><\/div>\n\t\t<\/div>\n\t\t\t\t<\/div>\n\t\t\t\t<\/div>\n\t\t\t\t\t\t<\/div>\n\t\t\t\t\t<\/div>\n\t\t<\/div>\n\t\t\t\t\t\t\t\t<\/div>\n\t\t\t\t\t<\/div>\n\t\t<\/section>\n\t\t\t\t\t\t\t\t\t<\/div>\n\t\t\t<\/div>\n\t\t\t\t\t<\/div>\n\t\t","protected":false},"excerpt":{"rendered":"<p>G\u00e9raldine ALIBEU Je suis n\u00e9e \u00e0 \u00c9chirolles dans les Alpes, et vis maintenant \u00e0 Crest dans la Dr\u00f4me. J\u2019ai \u00e9tudi\u00e9 au sein de l&#8217;atelier d&#8217;illustration des Arts d\u00e9coratifs de Strasbourg (HEAR). Je travaille en collages, couture, feutres, c\u00e9ramique. Ma pratique du croquis influence mes images aux perspectives \u00e9tranges, aux couleurs tranch\u00e9es. J\u2019\u00e9cris parfois mes propres &hellip;<\/p>\n<p class=\"read-more\"> <a class=\"\" href=\"https:\/\/festival-livre-jeunesse.fr\/2023\/geraldine-alibeu\/\"> <span class=\"screen-reader-text\">G\u00e9raldine ALIBEU<\/span> Lire la suite\u00a0\u00bb<\/a><\/p>\n","protected":false},"author":1,"featured_media":0,"parent":0,"menu_order":0,"comment_status":"closed","ping_status":"closed","template":"","meta":{"site-sidebar-layout":"no-sidebar","site-content-layout":"page-builder","ast-main-header-display":"","ast-hfb-above-header-display":"","ast-hfb-below-header-display":"","ast-hfb-mobile-header-display":"","site-post-title":"disabled","ast-breadcrumbs-content":"","ast-featured-img":"disabled","footer-sml-layout":"","theme-transparent-header-meta":"","adv-header-id-meta":"","stick-header-meta":"","header-above-stick-meta":"","header-main-stick-meta":"","header-below-stick-meta":""},"yoast_head":"<!-- This site is optimized with the Yoast SEO plugin v19.7.2 - https:\/\/yoast.com\/wordpress\/plugins\/seo\/ -->\n<title>G\u00e9raldine ALIBEU - Festival Livre Jeunesse Occitanie<\/title>\n<meta name=\"robots\" content=\"index, follow, max-snippet:-1, max-image-preview:large, max-video-preview:-1\" \/>\n<link rel=\"canonical\" href=\"https:\/\/festival-livre-jeunesse.fr\/2023\/geraldine-alibeu\/\" \/>\n<meta property=\"og:locale\" content=\"fr_FR\" \/>\n<meta property=\"og:type\" content=\"article\" \/>\n<meta property=\"og:title\" content=\"G\u00e9raldine ALIBEU - Festival Livre Jeunesse Occitanie\" \/>\n<meta property=\"og:description\" content=\"G\u00e9raldine ALIBEU Je suis n\u00e9e \u00e0 \u00c9chirolles dans les Alpes, et vis maintenant \u00e0 Crest dans la Dr\u00f4me. J\u2019ai \u00e9tudi\u00e9 au sein de l&#8217;atelier d&#8217;illustration des Arts d\u00e9coratifs de Strasbourg (HEAR). Je travaille en collages, couture, feutres, c\u00e9ramique. Ma pratique du croquis influence mes images aux perspectives \u00e9tranges, aux couleurs tranch\u00e9es. J\u2019\u00e9cris parfois mes propres &hellip; G\u00e9raldine ALIBEU Lire la suite\u00a0\u00bb\" \/>\n<meta property=\"og:url\" content=\"https:\/\/festival-livre-jeunesse.fr\/2023\/geraldine-alibeu\/\" \/>\n<meta property=\"og:site_name\" content=\"Festival Livre Jeunesse Occitanie\" \/>\n<meta property=\"article:publisher\" content=\"https:\/\/www.facebook.com\/FestivalLivreJeunesseOccitanie\" \/>\n<meta property=\"article:modified_time\" content=\"2022-10-26T14:30:48+00:00\" \/>\n<meta name=\"twitter:card\" content=\"summary_large_image\" \/>\n<meta name=\"twitter:site\" content=\"@FljOccitanie\" \/>\n<meta name=\"twitter:label1\" content=\"Dur\u00e9e de lecture estim\u00e9e\" \/>\n\t<meta name=\"twitter:data1\" content=\"1 minute\" \/>\n<script type=\"application\/ld+json\" class=\"yoast-schema-graph\">{\"@context\":\"https:\/\/schema.org\",\"@graph\":[{\"@type\":\"WebPage\",\"@id\":\"https:\/\/festival-livre-jeunesse.fr\/2023\/geraldine-alibeu\/\",\"url\":\"https:\/\/festival-livre-jeunesse.fr\/2023\/geraldine-alibeu\/\",\"name\":\"G\u00e9raldine ALIBEU - Festival Livre Jeunesse Occitanie\",\"isPartOf\":{\"@id\":\"https:\/\/festival-livre-jeunesse.fr\/2023\/#website\"},\"datePublished\":\"2022-07-29T21:07:44+00:00\",\"dateModified\":\"2022-10-26T14:30:48+00:00\",\"breadcrumb\":{\"@id\":\"https:\/\/festival-livre-jeunesse.fr\/2023\/geraldine-alibeu\/#breadcrumb\"},\"inLanguage\":\"fr-FR\",\"potentialAction\":[{\"@type\":\"ReadAction\",\"target\":[\"https:\/\/festival-livre-jeunesse.fr\/2023\/geraldine-alibeu\/\"]}]},{\"@type\":\"BreadcrumbList\",\"@id\":\"https:\/\/festival-livre-jeunesse.fr\/2023\/geraldine-alibeu\/#breadcrumb\",\"itemListElement\":[{\"@type\":\"ListItem\",\"position\":1,\"name\":\"Accueil\",\"item\":\"https:\/\/festival-livre-jeunesse.fr\/2023\/\"},{\"@type\":\"ListItem\",\"position\":2,\"name\":\"G\u00e9raldine ALIBEU\"}]},{\"@type\":\"WebSite\",\"@id\":\"https:\/\/festival-livre-jeunesse.fr\/2023\/#website\",\"url\":\"https:\/\/festival-livre-jeunesse.fr\/2023\/\",\"name\":\"Festival Livre Jeunesse Occitanie\",\"description\":\"21\u00e8me \u00e9dition - janvier 2023\",\"publisher\":{\"@id\":\"https:\/\/festival-livre-jeunesse.fr\/2023\/#organization\"},\"potentialAction\":[{\"@type\":\"SearchAction\",\"target\":{\"@type\":\"EntryPoint\",\"urlTemplate\":\"https:\/\/festival-livre-jeunesse.fr\/2023\/?s={search_term_string}\"},\"query-input\":\"required name=search_term_string\"}],\"inLanguage\":\"fr-FR\"},{\"@type\":\"Organization\",\"@id\":\"https:\/\/festival-livre-jeunesse.fr\/2023\/#organization\",\"name\":\"festival livre jeunesse occitanie\",\"url\":\"https:\/\/festival-livre-jeunesse.fr\/2023\/\",\"sameAs\":[\"https:\/\/www.facebook.com\/FestivalLivreJeunesseOccitanie\",\"https:\/\/twitter.com\/FljOccitanie\"],\"logo\":{\"@type\":\"ImageObject\",\"inLanguage\":\"fr-FR\",\"@id\":\"https:\/\/festival-livre-jeunesse.fr\/2023\/#\/schema\/logo\/image\/\",\"url\":\"https:\/\/festival-livre-jeunesse.fr\/2023\/wp-content\/uploads\/2021\/05\/Logo-FLJ-petit.png\",\"contentUrl\":\"https:\/\/festival-livre-jeunesse.fr\/2023\/wp-content\/uploads\/2021\/05\/Logo-FLJ-petit.png\",\"width\":204,\"height\":200,\"caption\":\"festival livre jeunesse occitanie\"},\"image\":{\"@id\":\"https:\/\/festival-livre-jeunesse.fr\/2023\/#\/schema\/logo\/image\/\"}}]}<\/script>\n<!-- \/ Yoast SEO plugin. -->","yoast_head_json":{"title":"G\u00e9raldine ALIBEU - Festival Livre Jeunesse Occitanie","robots":{"index":"index","follow":"follow","max-snippet":"max-snippet:-1","max-image-preview":"max-image-preview:large","max-video-preview":"max-video-preview:-1"},"canonical":"https:\/\/festival-livre-jeunesse.fr\/2023\/geraldine-alibeu\/","og_locale":"fr_FR","og_type":"article","og_title":"G\u00e9raldine ALIBEU - Festival Livre Jeunesse Occitanie","og_description":"G\u00e9raldine ALIBEU Je suis n\u00e9e \u00e0 \u00c9chirolles dans les Alpes, et vis maintenant \u00e0 Crest dans la Dr\u00f4me. J\u2019ai \u00e9tudi\u00e9 au sein de l&#8217;atelier d&#8217;illustration des Arts d\u00e9coratifs de Strasbourg (HEAR). Je travaille en collages, couture, feutres, c\u00e9ramique. Ma pratique du croquis influence mes images aux perspectives \u00e9tranges, aux couleurs tranch\u00e9es. J\u2019\u00e9cris parfois mes propres &hellip; G\u00e9raldine ALIBEU Lire la suite\u00a0\u00bb","og_url":"https:\/\/festival-livre-jeunesse.fr\/2023\/geraldine-alibeu\/","og_site_name":"Festival Livre Jeunesse Occitanie","article_publisher":"https:\/\/www.facebook.com\/FestivalLivreJeunesseOccitanie","article_modified_time":"2022-10-26T14:30:48+00:00","twitter_card":"summary_large_image","twitter_site":"@FljOccitanie","twitter_misc":{"Dur\u00e9e de lecture estim\u00e9e":"1 minute"},"schema":{"@context":"https:\/\/schema.org","@graph":[{"@type":"WebPage","@id":"https:\/\/festival-livre-jeunesse.fr\/2023\/geraldine-alibeu\/","url":"https:\/\/festival-livre-jeunesse.fr\/2023\/geraldine-alibeu\/","name":"G\u00e9raldine ALIBEU - Festival Livre Jeunesse Occitanie","isPartOf":{"@id":"https:\/\/festival-livre-jeunesse.fr\/2023\/#website"},"datePublished":"2022-07-29T21:07:44+00:00","dateModified":"2022-10-26T14:30:48+00:00","breadcrumb":{"@id":"https:\/\/festival-livre-jeunesse.fr\/2023\/geraldine-alibeu\/#breadcrumb"},"inLanguage":"fr-FR","potentialAction":[{"@type":"ReadAction","target":["https:\/\/festival-livre-jeunesse.fr\/2023\/geraldine-alibeu\/"]}]},{"@type":"BreadcrumbList","@id":"https:\/\/festival-livre-jeunesse.fr\/2023\/geraldine-alibeu\/#breadcrumb","itemListElement":[{"@type":"ListItem","position":1,"name":"Accueil","item":"https:\/\/festival-livre-jeunesse.fr\/2023\/"},{"@type":"ListItem","position":2,"name":"G\u00e9raldine ALIBEU"}]},{"@type":"WebSite","@id":"https:\/\/festival-livre-jeunesse.fr\/2023\/#website","url":"https:\/\/festival-livre-jeunesse.fr\/2023\/","name":"Festival Livre Jeunesse Occitanie","description":"21\u00e8me \u00e9dition - janvier 2023","publisher":{"@id":"https:\/\/festival-livre-jeunesse.fr\/2023\/#organization"},"potentialAction":[{"@type":"SearchAction","target":{"@type":"EntryPoint","urlTemplate":"https:\/\/festival-livre-jeunesse.fr\/2023\/?s={search_term_string}"},"query-input":"required name=search_term_string"}],"inLanguage":"fr-FR"},{"@type":"Organization","@id":"https:\/\/festival-livre-jeunesse.fr\/2023\/#organization","name":"festival livre jeunesse occitanie","url":"https:\/\/festival-livre-jeunesse.fr\/2023\/","sameAs":["https:\/\/www.facebook.com\/FestivalLivreJeunesseOccitanie","https:\/\/twitter.com\/FljOccitanie"],"logo":{"@type":"ImageObject","inLanguage":"fr-FR","@id":"https:\/\/festival-livre-jeunesse.fr\/2023\/#\/schema\/logo\/image\/","url":"https:\/\/festival-livre-jeunesse.fr\/2023\/wp-content\/uploads\/2021\/05\/Logo-FLJ-petit.png","contentUrl":"https:\/\/festival-livre-jeunesse.fr\/2023\/wp-content\/uploads\/2021\/05\/Logo-FLJ-petit.png","width":204,"height":200,"caption":"festival livre jeunesse occitanie"},"image":{"@id":"https:\/\/festival-livre-jeunesse.fr\/2023\/#\/schema\/logo\/image\/"}}]}},"_links":{"self":[{"href":"https:\/\/festival-livre-jeunesse.fr\/2023\/wp-json\/wp\/v2\/pages\/9504"}],"collection":[{"href":"https:\/\/festival-livre-jeunesse.fr\/2023\/wp-json\/wp\/v2\/pages"}],"about":[{"href":"https:\/\/festival-livre-jeunesse.fr\/2023\/wp-json\/wp\/v2\/types\/page"}],"author":[{"embeddable":true,"href":"https:\/\/festival-livre-jeunesse.fr\/2023\/wp-json\/wp\/v2\/users\/1"}],"replies":[{"embeddable":true,"href":"https:\/\/festival-livre-jeunesse.fr\/2023\/wp-json\/wp\/v2\/comments?post=9504"}],"version-history":[{"count":19,"href":"https:\/\/festival-livre-jeunesse.fr\/2023\/wp-json\/wp\/v2\/pages\/9504\/revisions"}],"predecessor-version":[{"id":10656,"href":"https:\/\/festival-livre-jeunesse.fr\/2023\/wp-json\/wp\/v2\/pages\/9504\/revisions\/10656"}],"wp:attachment":[{"href":"https:\/\/festival-livre-jeunesse.fr\/2023\/wp-json\/wp\/v2\/media?parent=9504"}],"curies":[{"name":"wp","href":"https:\/\/api.w.org\/{rel}","templated":true}]}}