{"version":"1.0","provider_name":"Festival Livre Jeunesse Occitanie","provider_url":"https:\/\/festival-livre-jeunesse.fr\/2024","author_name":"Katell Gabriel-Abgrall","author_url":"https:\/\/festival-livre-jeunesse.fr\/2024\/author\/coordinatrice\/","title":"Journ\u00e9e professionnelle - Festival Livre Jeunesse Occitanie","type":"rich","width":600,"height":338,"html":"<blockquote class=\"wp-embedded-content\" data-secret=\"ot8sPPOC9T\"><a href=\"https:\/\/festival-livre-jeunesse.fr\/2024\/journee-professionnelle-2\/\">Journ\u00e9e professionnelle<\/a><\/blockquote><iframe sandbox=\"allow-scripts\" security=\"restricted\" src=\"https:\/\/festival-livre-jeunesse.fr\/2024\/journee-professionnelle-2\/embed\/#?secret=ot8sPPOC9T\" width=\"600\" height=\"338\" title=\"\u00ab\u00a0Journ\u00e9e professionnelle\u00a0\u00bb &#8212; Festival Livre Jeunesse Occitanie\" data-secret=\"ot8sPPOC9T\" frameborder=\"0\" marginwidth=\"0\" marginheight=\"0\" scrolling=\"no\" class=\"wp-embedded-content\"><\/iframe><script>\n\/*! This file is auto-generated *\/\n!function(d,l){\"use strict\";l.querySelector&&d.addEventListener&&\"undefined\"!=typeof URL&&(d.wp=d.wp||{},d.wp.receiveEmbedMessage||(d.wp.receiveEmbedMessage=function(e){var t=e.data;if((t||t.secret||t.message||t.value)&&!\/[^a-zA-Z0-9]\/.test(t.secret)){for(var s,r,n,a=l.querySelectorAll('iframe[data-secret=\"'+t.secret+'\"]'),o=l.querySelectorAll('blockquote[data-secret=\"'+t.secret+'\"]'),c=new RegExp(\"^https?:$\",\"i\"),i=0;i<o.length;i++)o[i].style.display=\"none\";for(i=0;i<a.length;i++)s=a[i],e.source===s.contentWindow&&(s.removeAttribute(\"style\"),\"height\"===t.message?(1e3<(r=parseInt(t.value,10))?r=1e3:~~r<200&&(r=200),s.height=r):\"link\"===t.message&&(r=new URL(s.getAttribute(\"src\")),n=new URL(t.value),c.test(n.protocol))&&n.host===r.host&&l.activeElement===s&&(d.top.location.href=t.value))}},d.addEventListener(\"message\",d.wp.receiveEmbedMessage,!1),l.addEventListener(\"DOMContentLoaded\",function(){for(var e,t,s=l.querySelectorAll(\"iframe.wp-embedded-content\"),r=0;r<s.length;r++)(t=(e=s[r]).getAttribute(\"data-secret\"))||(t=Math.random().toString(36).substring(2,12),e.src+=\"#?secret=\"+t,e.setAttribute(\"data-secret\",t)),e.contentWindow.postMessage({message:\"ready\",secret:t},\"*\")},!1)))}(window,document);\n<\/script>\n","description":"Journ\u00e9e Professionnelle Vendredi 27 janvier 2023 Temps de formation et de r\u00e9flexion pour les professionnels du livre, de la culture, de l\u2019\u00e9ducation, de la petite enfance et de l\u2019animation autour d\u2019une th\u00e9matique d\u2019actualit\u00e9 dans la litt\u00e9rature jeunesse. Cette journ\u00e9e a pour ambition d\u2019ouvrir un espace \u00e0 de nombreux professionnels du monde de la culture, de &hellip;  Lire la suite\u00a0\u00bb","thumbnail_url":"https:\/\/festival-livre-jeunesse.fr\/2023\/wp-content\/uploads\/2022\/11\/Stephane-Bonnery.png"}