{"id":11106,"date":"2022-11-27T23:04:27","date_gmt":"2022-11-27T22:04:27","guid":{"rendered":"https:\/\/festival-livre-jeunesse.fr\/2023\/?page_id=11106"},"modified":"2023-01-18T20:08:32","modified_gmt":"2023-01-18T19:08:32","slug":"ateliers-dillustration-2","status":"publish","type":"page","link":"https:\/\/festival-livre-jeunesse.fr\/2024\/ateliers-dillustration-2\/","title":{"rendered":"Ateliers d&#8217;illustration"},"content":{"rendered":"\t\t<div data-elementor-type=\"wp-page\" data-elementor-id=\"11106\" class=\"elementor elementor-11106\">\n\t\t\t\t\t\t<section class=\"elementor-section elementor-top-section elementor-element elementor-element-c1f4367 elementor-section-boxed elementor-section-height-default elementor-section-height-default\" data-id=\"c1f4367\" data-element_type=\"section\">\n\t\t\t\t\t\t<div class=\"elementor-container elementor-column-gap-default\">\n\t\t\t\t\t<div class=\"elementor-column elementor-col-50 elementor-top-column elementor-element elementor-element-1efd8b4\" data-id=\"1efd8b4\" data-element_type=\"column\">\n\t\t\t<div class=\"elementor-widget-wrap\">\n\t\t\t\t\t\t\t<\/div>\n\t\t<\/div>\n\t\t\t\t<div class=\"elementor-column elementor-col-50 elementor-top-column elementor-element elementor-element-f8d302e\" data-id=\"f8d302e\" data-element_type=\"column\">\n\t\t\t<div class=\"elementor-widget-wrap elementor-element-populated\">\n\t\t\t\t\t\t<div class=\"elementor-element elementor-element-b777302 elementor-widget elementor-widget-spacer\" data-id=\"b777302\" data-element_type=\"widget\" data-widget_type=\"spacer.default\">\n\t\t\t\t<div class=\"elementor-widget-container\">\n\t\t\t\t\t\t\t<div class=\"elementor-spacer\">\n\t\t\t<div class=\"elementor-spacer-inner\"><\/div>\n\t\t<\/div>\n\t\t\t\t\t\t<\/div>\n\t\t\t\t<\/div>\n\t\t\t\t<div class=\"elementor-element elementor-element-ea2c722 elementor-widget-mobile__width-inherit elementor-widget elementor-widget-heading\" data-id=\"ea2c722\" data-element_type=\"widget\" data-widget_type=\"heading.default\">\n\t\t\t\t<div class=\"elementor-widget-container\">\n\t\t\t\t\t<h2 class=\"elementor-heading-title elementor-size-xl\">Ateliers d'illustrateurs<\/h2>\t\t\t\t<\/div>\n\t\t\t\t<\/div>\n\t\t\t\t\t<\/div>\n\t\t<\/div>\n\t\t\t\t\t<\/div>\n\t\t<\/section>\n\t\t\t\t<section class=\"elementor-section elementor-top-section elementor-element elementor-element-8167a1c elementor-section-boxed elementor-section-height-default elementor-section-height-default\" data-id=\"8167a1c\" data-element_type=\"section\" data-settings=\"{&quot;background_background&quot;:&quot;classic&quot;}\">\n\t\t\t\t\t\t<div class=\"elementor-container elementor-column-gap-default\">\n\t\t\t\t\t<div class=\"elementor-column elementor-col-16 elementor-top-column elementor-element elementor-element-7ff28f9\" data-id=\"7ff28f9\" data-element_type=\"column\">\n\t\t\t<div class=\"elementor-widget-wrap\">\n\t\t\t\t\t\t\t<\/div>\n\t\t<\/div>\n\t\t\t\t<div class=\"elementor-column elementor-col-16 elementor-top-column elementor-element elementor-element-78ea9f0\" data-id=\"78ea9f0\" data-element_type=\"column\" data-settings=\"{&quot;background_background&quot;:&quot;classic&quot;}\">\n\t\t\t<div class=\"elementor-widget-wrap elementor-element-populated\">\n\t\t\t\t\t\t<div class=\"elementor-element elementor-element-e536d7c elementor-position-top elementor-widget elementor-widget-image-box\" data-id=\"e536d7c\" data-element_type=\"widget\" data-widget_type=\"image-box.default\">\n\t\t\t\t<div class=\"elementor-widget-container\">\n\t\t\t\t\t<div class=\"elementor-image-box-wrapper\"><figure class=\"elementor-image-box-img\"><a href=\"https:\/\/festival-livre-jeunesse.fr\/2023\/adrien-poissier-3\/\" tabindex=\"-1\"><img fetchpriority=\"high\" decoding=\"async\" width=\"264\" height=\"300\" src=\"https:\/\/festival-livre-jeunesse.fr\/2024\/wp-content\/uploads\/2021\/12\/Adrien-Poissier-264x300.jpg\" class=\"attachment-medium size-medium wp-image-6958\" alt=\"\" srcset=\"https:\/\/festival-livre-jeunesse.fr\/2024\/wp-content\/uploads\/2021\/12\/Adrien-Poissier-264x300.jpg 264w, https:\/\/festival-livre-jeunesse.fr\/2024\/wp-content\/uploads\/2021\/12\/Adrien-Poissier.jpg 474w\" sizes=\"(max-width: 264px) 100vw, 264px\" \/><\/a><\/figure><div class=\"elementor-image-box-content\"><h3 class=\"elementor-image-box-title\"><a href=\"https:\/\/festival-livre-jeunesse.fr\/2023\/adrien-poissier-3\/\">AUCAMVILLE<\/a><\/h3><p class=\"elementor-image-box-description\">\n\nM\u00e9diath\u00e8que Luciano Sandron<br>\n\n14h - Samedi 21 Janvier<br>\n\nAtelier d\u2019illustration  <br>avec Adrien Poissier<br>\n 6 \u00e0 10 ans - 10 participants max.<\/p><\/div><\/div>\t\t\t\t<\/div>\n\t\t\t\t<\/div>\n\t\t\t\t\t<\/div>\n\t\t<\/div>\n\t\t\t\t<div class=\"elementor-column elementor-col-16 elementor-top-column elementor-element elementor-element-733411d\" data-id=\"733411d\" data-element_type=\"column\" data-settings=\"{&quot;background_background&quot;:&quot;classic&quot;}\">\n\t\t\t<div class=\"elementor-widget-wrap elementor-element-populated\">\n\t\t\t\t\t\t<div class=\"elementor-element elementor-element-09cddd3 elementor-position-top elementor-widget elementor-widget-image-box\" data-id=\"09cddd3\" data-element_type=\"widget\" data-widget_type=\"image-box.default\">\n\t\t\t\t<div class=\"elementor-widget-container\">\n\t\t\t\t\t<div class=\"elementor-image-box-wrapper\"><figure class=\"elementor-image-box-img\"><a href=\"https:\/\/festival-livre-jeunesse.fr\/2023\/liuna-virardi\/\" tabindex=\"-1\"><img decoding=\"async\" width=\"300\" height=\"300\" src=\"https:\/\/festival-livre-jeunesse.fr\/2024\/wp-content\/uploads\/2021\/09\/Virardi_Liuna-1-300x300.jpg\" class=\"attachment-medium size-medium wp-image-4990\" alt=\"\" srcset=\"https:\/\/festival-livre-jeunesse.fr\/2024\/wp-content\/uploads\/2021\/09\/Virardi_Liuna-1-300x300.jpg 300w, https:\/\/festival-livre-jeunesse.fr\/2024\/wp-content\/uploads\/2021\/09\/Virardi_Liuna-1-150x150.jpg 150w, https:\/\/festival-livre-jeunesse.fr\/2024\/wp-content\/uploads\/2021\/09\/Virardi_Liuna-1.jpg 520w\" sizes=\"(max-width: 300px) 100vw, 300px\" \/><\/a><\/figure><div class=\"elementor-image-box-content\"><h3 class=\"elementor-image-box-title\"><a href=\"https:\/\/festival-livre-jeunesse.fr\/2023\/liuna-virardi\/\">BRAX<\/a><\/h3><p class=\"elementor-image-box-description\">M\u00e9diath\u00e8que<br>\n10h - Sam. 21 Janvier<br>\nAtelier d\u2019illustration  <br>avec Liuna Virardi<br>\nPublic : >7 ans - 10 participants max.\n<br><br>\n<\/p><\/div><\/div>\t\t\t\t<\/div>\n\t\t\t\t<\/div>\n\t\t\t\t\t<\/div>\n\t\t<\/div>\n\t\t\t\t<div class=\"elementor-column elementor-col-16 elementor-top-column elementor-element elementor-element-df9124f\" data-id=\"df9124f\" data-element_type=\"column\">\n\t\t\t<div class=\"elementor-widget-wrap elementor-element-populated\">\n\t\t\t\t\t\t<div class=\"elementor-element elementor-element-1402209 elementor-position-top elementor-widget elementor-widget-image-box\" data-id=\"1402209\" data-element_type=\"widget\" data-widget_type=\"image-box.default\">\n\t\t\t\t<div class=\"elementor-widget-container\">\n\t\t\t\t\t<div class=\"elementor-image-box-wrapper\"><figure class=\"elementor-image-box-img\"><a href=\"https:\/\/festival-livre-jeunesse.fr\/2023\/liuna-virardi\/\" tabindex=\"-1\"><img decoding=\"async\" width=\"300\" height=\"300\" src=\"https:\/\/festival-livre-jeunesse.fr\/2024\/wp-content\/uploads\/2021\/09\/Virardi_Liuna-1-300x300.jpg\" class=\"attachment-medium size-medium wp-image-4990\" alt=\"\" srcset=\"https:\/\/festival-livre-jeunesse.fr\/2024\/wp-content\/uploads\/2021\/09\/Virardi_Liuna-1-300x300.jpg 300w, https:\/\/festival-livre-jeunesse.fr\/2024\/wp-content\/uploads\/2021\/09\/Virardi_Liuna-1-150x150.jpg 150w, https:\/\/festival-livre-jeunesse.fr\/2024\/wp-content\/uploads\/2021\/09\/Virardi_Liuna-1.jpg 520w\" sizes=\"(max-width: 300px) 100vw, 300px\" \/><\/a><\/figure><div class=\"elementor-image-box-content\"><h3 class=\"elementor-image-box-title\"><a href=\"https:\/\/festival-livre-jeunesse.fr\/2023\/liuna-virardi\/\">FENOUILLET<\/a><\/h3><p class=\"elementor-image-box-description\">\nM\u00e9diath\u00e8que Wolinski<br>\n15h - Sam. 21 janvier<br>\nAtelier d\u2019illustration<br> avec Liuna Virardi<br>\n\nPublic : >7 ans - 10 participants max.<\/p><\/div><\/div>\t\t\t\t<\/div>\n\t\t\t\t<\/div>\n\t\t\t\t\t<\/div>\n\t\t<\/div>\n\t\t\t\t<div class=\"elementor-column elementor-col-16 elementor-top-column elementor-element elementor-element-03166af\" data-id=\"03166af\" data-element_type=\"column\" data-settings=\"{&quot;background_background&quot;:&quot;classic&quot;}\">\n\t\t\t<div class=\"elementor-widget-wrap elementor-element-populated\">\n\t\t\t\t\t\t<div class=\"elementor-element elementor-element-74a21cf elementor-position-top elementor-widget elementor-widget-image-box\" data-id=\"74a21cf\" data-element_type=\"widget\" data-widget_type=\"image-box.default\">\n\t\t\t\t<div class=\"elementor-widget-container\">\n\t\t\t\t\t<div class=\"elementor-image-box-wrapper\"><figure class=\"elementor-image-box-img\"><a href=\"https:\/\/festival-livre-jeunesse.fr\/2023\/elis-wilk\" tabindex=\"-1\"><img decoding=\"async\" width=\"400\" height=\"400\" src=\"https:\/\/festival-livre-jeunesse.fr\/2024\/wp-content\/uploads\/2022\/07\/Elis-WILK.jpg\" class=\"attachment-medium_large size-medium_large wp-image-9407\" alt=\"\" srcset=\"https:\/\/festival-livre-jeunesse.fr\/2024\/wp-content\/uploads\/2022\/07\/Elis-WILK.jpg 400w, https:\/\/festival-livre-jeunesse.fr\/2024\/wp-content\/uploads\/2022\/07\/Elis-WILK-300x300.jpg 300w, https:\/\/festival-livre-jeunesse.fr\/2024\/wp-content\/uploads\/2022\/07\/Elis-WILK-150x150.jpg 150w\" sizes=\"(max-width: 400px) 100vw, 400px\" \/><\/a><\/figure><div class=\"elementor-image-box-content\"><h3 class=\"elementor-image-box-title\"><a href=\"https:\/\/festival-livre-jeunesse.fr\/2023\/elis-wilk\">GRATENTOUR<\/a><\/h3><p class=\"elementor-image-box-description\">Gratentour- M\u00e9diath\u00e8que\n10h - Sam. 21 janvier<br>\nAtelier d\u2019illustration avec Elis Wilk<br>\nPublic : A partir de 6 ans<\/p><\/div><\/div>\t\t\t\t<\/div>\n\t\t\t\t<\/div>\n\t\t\t\t\t<\/div>\n\t\t<\/div>\n\t\t\t\t<div class=\"elementor-column elementor-col-16 elementor-top-column elementor-element elementor-element-c171496\" data-id=\"c171496\" data-element_type=\"column\">\n\t\t\t<div class=\"elementor-widget-wrap\">\n\t\t\t\t\t\t\t<\/div>\n\t\t<\/div>\n\t\t\t\t\t<\/div>\n\t\t<\/section>\n\t\t\t\t<section class=\"elementor-section elementor-top-section elementor-element elementor-element-b532913 elementor-section-boxed elementor-section-height-default elementor-section-height-default\" data-id=\"b532913\" data-element_type=\"section\" data-settings=\"{&quot;background_background&quot;:&quot;classic&quot;}\">\n\t\t\t\t\t\t<div class=\"elementor-container elementor-column-gap-default\">\n\t\t\t\t\t<div class=\"elementor-column elementor-col-20 elementor-top-column elementor-element elementor-element-252cdcf\" data-id=\"252cdcf\" data-element_type=\"column\">\n\t\t\t<div class=\"elementor-widget-wrap\">\n\t\t\t\t\t\t\t<\/div>\n\t\t<\/div>\n\t\t\t\t<div class=\"elementor-column elementor-col-20 elementor-top-column elementor-element elementor-element-b4bd424\" data-id=\"b4bd424\" data-element_type=\"column\" data-settings=\"{&quot;background_background&quot;:&quot;classic&quot;}\">\n\t\t\t<div class=\"elementor-widget-wrap elementor-element-populated\">\n\t\t\t\t\t\t<div class=\"elementor-element elementor-element-2cc1937 elementor-position-top elementor-widget elementor-widget-image-box\" data-id=\"2cc1937\" data-element_type=\"widget\" data-widget_type=\"image-box.default\">\n\t\t\t\t<div class=\"elementor-widget-container\">\n\t\t\t\t\t<div class=\"elementor-image-box-wrapper\"><figure class=\"elementor-image-box-img\"><a href=\"https:\/\/festival-livre-jeunesse.fr\/2023\/max-ducos\/\" tabindex=\"-1\"><img loading=\"lazy\" decoding=\"async\" width=\"200\" height=\"200\" src=\"https:\/\/festival-livre-jeunesse.fr\/2024\/wp-content\/uploads\/2022\/07\/Max-DUCOS.jpg\" class=\"attachment-medium_large size-medium_large wp-image-9389\" alt=\"\" srcset=\"https:\/\/festival-livre-jeunesse.fr\/2024\/wp-content\/uploads\/2022\/07\/Max-DUCOS.jpg 200w, https:\/\/festival-livre-jeunesse.fr\/2024\/wp-content\/uploads\/2022\/07\/Max-DUCOS-150x150.jpg 150w\" sizes=\"(max-width: 200px) 100vw, 200px\" \/><\/a><\/figure><div class=\"elementor-image-box-content\"><h3 class=\"elementor-image-box-title\"><a href=\"https:\/\/festival-livre-jeunesse.fr\/2023\/max-ducos\/\"><br>CORNEBARRIEU<\/a><\/h3><p class=\"elementor-image-box-description\">\nM\u00e9diath\u00e8que<br>\n16h - <br>Mer. 25 janvier<br>\nAtelier cr\u00e9atif avec Max Ducos<br>\nPublic : > 6 ans\n10 participants max.<\/p><\/div><\/div>\t\t\t\t<\/div>\n\t\t\t\t<\/div>\n\t\t\t\t\t<\/div>\n\t\t<\/div>\n\t\t\t\t<div class=\"elementor-column elementor-col-20 elementor-top-column elementor-element elementor-element-a85e6c6\" data-id=\"a85e6c6\" data-element_type=\"column\" data-settings=\"{&quot;background_background&quot;:&quot;classic&quot;}\">\n\t\t\t<div class=\"elementor-widget-wrap elementor-element-populated\">\n\t\t\t\t\t\t<div class=\"elementor-element elementor-element-3fe81b7 elementor-position-top elementor-widget elementor-widget-image-box\" data-id=\"3fe81b7\" data-element_type=\"widget\" data-widget_type=\"image-box.default\">\n\t\t\t\t<div class=\"elementor-widget-container\">\n\t\t\t\t\t<div class=\"elementor-image-box-wrapper\"><figure class=\"elementor-image-box-img\"><a href=\"https:\/\/festival-livre-jeunesse.fr\/2023\/anouck-boisrobert\/\" tabindex=\"-1\"><img decoding=\"async\" src=\"https:\/\/festival-livre-jeunesse.fr\/2024\/wp-content\/uploads\/elementor\/thumbs\/Anouck-1-puov70cbzq4e50tx6s7eycrr1msb40bjr4tvlxlvh4.png\" title=\"Anouck (1)\" alt=\"Anouck (1)\" loading=\"lazy\" \/><\/a><\/figure><div class=\"elementor-image-box-content\"><h3 class=\"elementor-image-box-title\"><a href=\"https:\/\/festival-livre-jeunesse.fr\/2023\/anouck-boisrobert\/\">TOULOUSE<br><\/a><\/h3><p class=\"elementor-image-box-description\">Mus\u00e9um d\u2019Histoire\nNaturelle<br>\n14h30 - Mer. 25 janvier<br>\nAtelier carte Pop-up<br>avec Anouck BOISROBERT<br>\nA partir de 6 ans\n12 participants max.\nInscription en ligne sur le site\ndu Mus\u00e9um<\/p><\/div><\/div>\t\t\t\t<\/div>\n\t\t\t\t<\/div>\n\t\t\t\t\t<\/div>\n\t\t<\/div>\n\t\t\t\t<div class=\"elementor-column elementor-col-20 elementor-top-column elementor-element elementor-element-bfa9985\" data-id=\"bfa9985\" data-element_type=\"column\">\n\t\t\t<div class=\"elementor-widget-wrap elementor-element-populated\">\n\t\t\t\t\t\t<div class=\"elementor-element elementor-element-e70878c elementor-position-top elementor-widget elementor-widget-image-box\" data-id=\"e70878c\" data-element_type=\"widget\" data-widget_type=\"image-box.default\">\n\t\t\t\t<div class=\"elementor-widget-container\">\n\t\t\t\t\t<div class=\"elementor-image-box-wrapper\"><figure class=\"elementor-image-box-img\"><a href=\"https:\/\/festival-livre-jeunesse.fr\/2023\/anouck-boisrobert\/\" tabindex=\"-1\"><img decoding=\"async\" src=\"https:\/\/festival-livre-jeunesse.fr\/2024\/wp-content\/uploads\/elementor\/thumbs\/Anouck-1-puov70cbzq4e50tx6s7eycrr1msb40bjr4tvlxlvh4.png\" title=\"Anouck (1)\" alt=\"Anouck (1)\" loading=\"lazy\" \/><\/a><\/figure><div class=\"elementor-image-box-content\"><h3 class=\"elementor-image-box-title\"><a href=\"https:\/\/festival-livre-jeunesse.fr\/2023\/anouck-boisrobert\/\">St ORENS de GAMEVILLE<\/a><\/h3><p class=\"elementor-image-box-description\">M\u00e9diath\u00e8que Altigone<br>\n\n10h - Sam. 28 Janvier<br>\nAtelier Pop Up<br>avec Anouck BOISROBERT<br>\n> 6 ans \u2013 12 participants max<\/p><\/div><\/div>\t\t\t\t<\/div>\n\t\t\t\t<\/div>\n\t\t\t\t\t<\/div>\n\t\t<\/div>\n\t\t\t\t<div class=\"elementor-column elementor-col-20 elementor-top-column elementor-element elementor-element-ca746b9\" data-id=\"ca746b9\" data-element_type=\"column\">\n\t\t\t<div class=\"elementor-widget-wrap\">\n\t\t\t\t\t\t\t<\/div>\n\t\t<\/div>\n\t\t\t\t\t<\/div>\n\t\t<\/section>\n\t\t\t\t<section class=\"elementor-section elementor-top-section elementor-element elementor-element-1f2a4ed elementor-section-boxed elementor-section-height-default elementor-section-height-default\" data-id=\"1f2a4ed\" data-element_type=\"section\">\n\t\t\t\t\t\t<div class=\"elementor-container elementor-column-gap-default\">\n\t\t\t\t\t<div class=\"elementor-column elementor-col-100 elementor-top-column elementor-element elementor-element-121a6f6\" data-id=\"121a6f6\" data-element_type=\"column\">\n\t\t\t<div class=\"elementor-widget-wrap elementor-element-populated\">\n\t\t\t\t\t\t<div class=\"elementor-element elementor-element-df1b4fa elementor-widget elementor-widget-spacer\" data-id=\"df1b4fa\" data-element_type=\"widget\" data-widget_type=\"spacer.default\">\n\t\t\t\t<div class=\"elementor-widget-container\">\n\t\t\t\t\t\t\t<div class=\"elementor-spacer\">\n\t\t\t<div class=\"elementor-spacer-inner\"><\/div>\n\t\t<\/div>\n\t\t\t\t\t\t<\/div>\n\t\t\t\t<\/div>\n\t\t\t\t\t<\/div>\n\t\t<\/div>\n\t\t\t\t\t<\/div>\n\t\t<\/section>\n\t\t\t\t<section class=\"elementor-section elementor-top-section elementor-element elementor-element-1912928 elementor-section-full_width elementor-section-height-default elementor-section-height-default\" data-id=\"1912928\" data-element_type=\"section\">\n\t\t\t\t\t\t<div class=\"elementor-container elementor-column-gap-default\">\n\t\t\t\t\t<div class=\"elementor-column elementor-col-100 elementor-top-column elementor-element elementor-element-e39021d\" data-id=\"e39021d\" data-element_type=\"column\">\n\t\t\t<div class=\"elementor-widget-wrap elementor-element-populated\">\n\t\t\t\t\t\t<div class=\"elementor-element elementor-element-645d530 elementor-pagination-position-inside elementor-arrows-position-inside elementor-widget elementor-widget-image-carousel\" data-id=\"645d530\" data-element_type=\"widget\" data-settings=\"{&quot;slides_to_show&quot;:&quot;10&quot;,&quot;image_spacing_custom&quot;:{&quot;unit&quot;:&quot;px&quot;,&quot;size&quot;:0,&quot;sizes&quot;:[]},&quot;navigation&quot;:&quot;both&quot;,&quot;autoplay&quot;:&quot;yes&quot;,&quot;pause_on_hover&quot;:&quot;yes&quot;,&quot;pause_on_interaction&quot;:&quot;yes&quot;,&quot;autoplay_speed&quot;:5000,&quot;infinite&quot;:&quot;yes&quot;,&quot;speed&quot;:500,&quot;image_spacing_custom_tablet&quot;:{&quot;unit&quot;:&quot;px&quot;,&quot;size&quot;:&quot;&quot;,&quot;sizes&quot;:[]},&quot;image_spacing_custom_mobile&quot;:{&quot;unit&quot;:&quot;px&quot;,&quot;size&quot;:&quot;&quot;,&quot;sizes&quot;:[]}}\" data-widget_type=\"image-carousel.default\">\n\t\t\t\t<div class=\"elementor-widget-container\">\n\t\t\t\t\t\t\t<div class=\"elementor-image-carousel-wrapper swiper\" role=\"region\" aria-roledescription=\"carousel\" aria-label=\"Carrousel d\u2019images\" dir=\"ltr\">\n\t\t\t<div class=\"elementor-image-carousel swiper-wrapper\" aria-live=\"off\">\n\t\t\t\t\t\t\t\t<div class=\"swiper-slide\" role=\"group\" aria-roledescription=\"slide\" aria-label=\"1 sur 18\"><a data-elementor-open-lightbox=\"yes\" data-elementor-lightbox-slideshow=\"645d530\" data-elementor-lightbox-title=\"saint-orens\" data-e-action-hash=\"#elementor-action%3Aaction%3Dlightbox%26settings%3DeyJpZCI6MjY3NCwidXJsIjoiaHR0cHM6XC9cL2Zlc3RpdmFsLWxpdnJlLWpldW5lc3NlLmZyXC8yMDI0XC93cC1jb250ZW50XC91cGxvYWRzXC8yMDIxXC8wNVwvc2FpbnQtb3JlbnMucG5nIiwic2xpZGVzaG93IjoiNjQ1ZDUzMCJ9\" href=\"https:\/\/festival-livre-jeunesse.fr\/2023\/partenaires\/\"><figure class=\"swiper-slide-inner\"><img decoding=\"async\" class=\"swiper-slide-image\" src=\"https:\/\/festival-livre-jeunesse.fr\/2024\/wp-content\/uploads\/elementor\/thumbs\/saint-orens-p6ymt8tvw8mgf8vq6obkwso1q4jr5fpwv7ap524qg8.png\" alt=\"Ville de Saint-Orens de Gameville\" \/><\/figure><\/a><\/div><div class=\"swiper-slide\" role=\"group\" aria-roledescription=\"slide\" aria-label=\"2 sur 18\"><a data-elementor-open-lightbox=\"yes\" data-elementor-lightbox-slideshow=\"645d530\" data-elementor-lightbox-title=\"toulouse m\u00e9tropole\" data-e-action-hash=\"#elementor-action%3Aaction%3Dlightbox%26settings%3DeyJpZCI6MjY3NSwidXJsIjoiaHR0cHM6XC9cL2Zlc3RpdmFsLWxpdnJlLWpldW5lc3NlLmZyXC8yMDI0XC93cC1jb250ZW50XC91cGxvYWRzXC8yMDIxXC8wNVwvdG91bG91c2UtbWV0cm9wb2xlLnBuZyIsInNsaWRlc2hvdyI6IjY0NWQ1MzAifQ%3D%3D\" href=\"https:\/\/festival-livre-jeunesse.fr\/2023\/partenaires\/\"><figure class=\"swiper-slide-inner\"><img decoding=\"async\" class=\"swiper-slide-image\" src=\"https:\/\/festival-livre-jeunesse.fr\/2024\/wp-content\/uploads\/elementor\/thumbs\/toulouse-metropole-p6ymt9rq32nqquud16q7hafibif4d4tn7by6mc3ca0.png\" alt=\"Toulouse M\u00e9tropole\" \/><\/figure><\/a><\/div><div class=\"swiper-slide\" role=\"group\" aria-roledescription=\"slide\" aria-label=\"3 sur 18\"><a data-elementor-open-lightbox=\"yes\" data-elementor-lightbox-slideshow=\"645d530\" data-elementor-lightbox-title=\"cd31\" data-e-action-hash=\"#elementor-action%3Aaction%3Dlightbox%26settings%3DeyJpZCI6MjY3MywidXJsIjoiaHR0cHM6XC9cL2Zlc3RpdmFsLWxpdnJlLWpldW5lc3NlLmZyXC8yMDI0XC93cC1jb250ZW50XC91cGxvYWRzXC8yMDIxXC8wNVwvY2QzMS5wbmciLCJzbGlkZXNob3ciOiI2NDVkNTMwIn0%3D\" href=\"https:\/\/festival-livre-jeunesse.fr\/2023\/partenaires\/\"><figure class=\"swiper-slide-inner\"><img decoding=\"async\" class=\"swiper-slide-image\" src=\"https:\/\/festival-livre-jeunesse.fr\/2024\/wp-content\/uploads\/elementor\/thumbs\/cd31-p6ymt7w1pel63mx3c5wycawl4qodxqm6j2n7ns64mg.png\" alt=\"CD31\" \/><\/figure><\/a><\/div><div class=\"swiper-slide\" role=\"group\" aria-roledescription=\"slide\" aria-label=\"4 sur 18\"><a data-elementor-open-lightbox=\"yes\" data-elementor-lightbox-slideshow=\"645d530\" data-elementor-lightbox-title=\"r\u00e9gion occitanie\" data-e-action-hash=\"#elementor-action%3Aaction%3Dlightbox%26settings%3DeyJpZCI6MjY3MSwidXJsIjoiaHR0cHM6XC9cL2Zlc3RpdmFsLWxpdnJlLWpldW5lc3NlLmZyXC8yMDI0XC93cC1jb250ZW50XC91cGxvYWRzXC8yMDIxXC8wNVwvcmVnaW9uLW9jY2l0YW5pZS5wbmciLCJzbGlkZXNob3ciOiI2NDVkNTMwIn0%3D\" href=\"https:\/\/festival-livre-jeunesse.fr\/2023\/partenaires\/\"><figure class=\"swiper-slide-inner\"><img decoding=\"async\" class=\"swiper-slide-image\" src=\"https:\/\/festival-livre-jeunesse.fr\/2024\/wp-content\/uploads\/elementor\/thumbs\/region-occitanie-p6ymfjcm87ux3ysj890g1r71uu41wcatzcss6sgf6w.png\" alt=\"R\u00e9gion Occitanie\" \/><\/figure><\/a><\/div><div class=\"swiper-slide\" role=\"group\" aria-roledescription=\"slide\" aria-label=\"5 sur 18\"><a data-elementor-open-lightbox=\"yes\" data-elementor-lightbox-slideshow=\"645d530\" data-elementor-lightbox-title=\"cnl\" data-e-action-hash=\"#elementor-action%3Aaction%3Dlightbox%26settings%3DeyJpZCI6MjY3OSwidXJsIjoiaHR0cHM6XC9cL2Zlc3RpdmFsLWxpdnJlLWpldW5lc3NlLmZyXC8yMDI0XC93cC1jb250ZW50XC91cGxvYWRzXC8yMDIxXC8wNVwvY25sLnBuZyIsInNsaWRlc2hvdyI6IjY0NWQ1MzAifQ%3D%3D\" href=\"https:\/\/festival-livre-jeunesse.fr\/2023\/partenaires\/\"><figure class=\"swiper-slide-inner\"><img decoding=\"async\" class=\"swiper-slide-image\" src=\"https:\/\/festival-livre-jeunesse.fr\/2024\/wp-content\/uploads\/elementor\/thumbs\/cnl-p6ynsocvif4k23eyahobecsjtzwuapdo2kkldjlhwo.png\" alt=\"CNL\" \/><\/figure><\/a><\/div><div class=\"swiper-slide\" role=\"group\" aria-roledescription=\"slide\" aria-label=\"6 sur 18\"><a data-elementor-open-lightbox=\"yes\" data-elementor-lightbox-slideshow=\"645d530\" data-elementor-lightbox-title=\"Logo Sofia\" data-e-action-hash=\"#elementor-action%3Aaction%3Dlightbox%26settings%3DeyJpZCI6MjY4OCwidXJsIjoiaHR0cHM6XC9cL2Zlc3RpdmFsLWxpdnJlLWpldW5lc3NlLmZyXC8yMDI0XC93cC1jb250ZW50XC91cGxvYWRzXC8yMDIxXC8wNVwvTG9nby1Tb2ZpYS5wbmciLCJzbGlkZXNob3ciOiI2NDVkNTMwIn0%3D\" href=\"https:\/\/festival-livre-jeunesse.fr\/2023\/partenaires\/\"><figure class=\"swiper-slide-inner\"><img decoding=\"async\" class=\"swiper-slide-image\" src=\"https:\/\/festival-livre-jeunesse.fr\/2024\/wp-content\/uploads\/elementor\/thumbs\/Logo-Sofia-p6yosagqgfvny7ombvvfvd9a3kdhxurjmuevyysi5k.png\" alt=\"SOFIA Action culturelle\" \/><\/figure><\/a><\/div><div class=\"swiper-slide\" role=\"group\" aria-roledescription=\"slide\" aria-label=\"7 sur 18\"><a data-elementor-open-lightbox=\"yes\" data-elementor-lightbox-slideshow=\"645d530\" data-elementor-lightbox-title=\"copie priv\u00e9e\" data-e-action-hash=\"#elementor-action%3Aaction%3Dlightbox%26settings%3DeyJpZCI6MjY4NSwidXJsIjoiaHR0cHM6XC9cL2Zlc3RpdmFsLWxpdnJlLWpldW5lc3NlLmZyXC8yMDI0XC93cC1jb250ZW50XC91cGxvYWRzXC8yMDIxXC8wNVwvY29waWUtcHJpdmVlLnBuZyIsInNsaWRlc2hvdyI6IjY0NWQ1MzAifQ%3D%3D\" href=\"https:\/\/festival-livre-jeunesse.fr\/2023\/partenaires\/\"><figure class=\"swiper-slide-inner\"><img decoding=\"async\" class=\"swiper-slide-image\" src=\"https:\/\/festival-livre-jeunesse.fr\/2024\/wp-content\/uploads\/elementor\/thumbs\/copie-privee-p6yoqttrtpvlw1t2v94bzqjgtzkxysykrlvp3gyju0.png\" alt=\"Copie Priv\u00e9e\" \/><\/figure><\/a><\/div><div class=\"swiper-slide\" role=\"group\" aria-roledescription=\"slide\" aria-label=\"8 sur 18\"><a data-elementor-open-lightbox=\"yes\" data-elementor-lightbox-slideshow=\"645d530\" data-elementor-lightbox-title=\"saif\" data-e-action-hash=\"#elementor-action%3Aaction%3Dlightbox%26settings%3DeyJpZCI6MjY4NiwidXJsIjoiaHR0cHM6XC9cL2Zlc3RpdmFsLWxpdnJlLWpldW5lc3NlLmZyXC8yMDI0XC93cC1jb250ZW50XC91cGxvYWRzXC8yMDIxXC8wNVwvc2FpZi5wbmciLCJzbGlkZXNob3ciOiI2NDVkNTMwIn0%3D\" href=\"https:\/\/festival-livre-jeunesse.fr\/2023\/partenaires\/\"><figure class=\"swiper-slide-inner\"><img decoding=\"async\" class=\"swiper-slide-image\" src=\"https:\/\/festival-livre-jeunesse.fr\/2024\/wp-content\/uploads\/elementor\/thumbs\/saif-p6yoqurm0jww7nrppriyk8axfdgb6i2b3qj6kqx5ns.png\" alt=\"Saif Action culturelle\" \/><\/figure><\/a><\/div><div class=\"swiper-slide\" role=\"group\" aria-roledescription=\"slide\" aria-label=\"9 sur 18\"><a data-elementor-open-lightbox=\"yes\" data-elementor-lightbox-slideshow=\"645d530\" data-elementor-lightbox-title=\"LOGO_CFC_2022-700x700px\" data-e-action-hash=\"#elementor-action%3Aaction%3Dlightbox%26settings%3DeyJpZCI6MTAxNjcsInVybCI6Imh0dHBzOlwvXC9mZXN0aXZhbC1saXZyZS1qZXVuZXNzZS5mclwvMjAyNFwvd3AtY29udGVudFwvdXBsb2Fkc1wvMjAyMlwvMTBcL0xPR09fQ0ZDXzIwMjItNzAweDcwMHB4LnBuZyIsInNsaWRlc2hvdyI6IjY0NWQ1MzAifQ%3D%3D\" href=\"https:\/\/festival-livre-jeunesse.fr\/2023\/partenaires\/\"><figure class=\"swiper-slide-inner\"><img decoding=\"async\" class=\"swiper-slide-image\" src=\"https:\/\/festival-livre-jeunesse.fr\/2024\/wp-content\/uploads\/elementor\/thumbs\/LOGO_CFC_2022-700x700px-pw7by7ni524th96t7am4s4i6dke4vhrlv75g2momaw.png\" alt=\"Centre Fran\u00e7ais du droit de Copie\" \/><\/figure><\/a><\/div><div class=\"swiper-slide\" role=\"group\" aria-roledescription=\"slide\" aria-label=\"10 sur 18\"><a data-elementor-open-lightbox=\"yes\" data-elementor-lightbox-slideshow=\"645d530\" data-elementor-lightbox-title=\"FCM\" data-e-action-hash=\"#elementor-action%3Aaction%3Dlightbox%26settings%3DeyJpZCI6MTE4MjEsInVybCI6Imh0dHBzOlwvXC9mZXN0aXZhbC1saXZyZS1qZXVuZXNzZS5mclwvMjAyNFwvd3AtY29udGVudFwvdXBsb2Fkc1wvMjAyMlwvMTJcL0ZDTS5qcGciLCJzbGlkZXNob3ciOiI2NDVkNTMwIn0%3D\" href=\"https:\/\/festival-livre-jeunesse.fr\/2023\/partenaires\/\"><figure class=\"swiper-slide-inner\"><img decoding=\"async\" class=\"swiper-slide-image\" src=\"https:\/\/festival-livre-jeunesse.fr\/2024\/wp-content\/uploads\/elementor\/thumbs\/FCM-pyrxpmbh9e6fto43im50knl1ezq4kum54b9ijun5d4.jpg\" alt=\"Fondation Cr\u00e9dit Mutuel\" \/><\/figure><\/a><\/div><div class=\"swiper-slide\" role=\"group\" aria-roledescription=\"slide\" aria-label=\"11 sur 18\"><a data-elementor-open-lightbox=\"yes\" data-elementor-lightbox-slideshow=\"645d530\" data-elementor-lightbox-title=\"Logo_Tisseo-Collectivites\" data-e-action-hash=\"#elementor-action%3Aaction%3Dlightbox%26settings%3DeyJpZCI6MTIyMDIsInVybCI6Imh0dHBzOlwvXC9mZXN0aXZhbC1saXZyZS1qZXVuZXNzZS5mclwvMjAyNFwvd3AtY29udGVudFwvdXBsb2Fkc1wvMjAyMlwvMTJcL0xvZ29fVGlzc2VvLUNvbGxlY3Rpdml0ZXMucG5nIiwic2xpZGVzaG93IjoiNjQ1ZDUzMCJ9\" href=\"https:\/\/festival-livre-jeunesse.fr\/2023\/partenaires\/\"><figure class=\"swiper-slide-inner\"><img decoding=\"async\" class=\"swiper-slide-image\" src=\"https:\/\/festival-livre-jeunesse.fr\/2024\/wp-content\/uploads\/elementor\/thumbs\/Logo_Tisseo-Collectivites-pze67x3p229awhxbvzemmyh2crzu1i9llnhig7go2w.png\" alt=\"Tiss\u00e9o\" \/><\/figure><\/a><\/div><div class=\"swiper-slide\" role=\"group\" aria-roledescription=\"slide\" aria-label=\"12 sur 18\"><a data-elementor-open-lightbox=\"yes\" data-elementor-lightbox-slideshow=\"645d530\" data-elementor-lightbox-title=\"minist\u00e8re de la culture\" data-e-action-hash=\"#elementor-action%3Aaction%3Dlightbox%26settings%3DeyJpZCI6Mjc1OSwidXJsIjoiaHR0cHM6XC9cL2Zlc3RpdmFsLWxpdnJlLWpldW5lc3NlLmZyXC8yMDI0XC93cC1jb250ZW50XC91cGxvYWRzXC8yMDIxXC8wNVwvbWluaXN0ZXJlLWRlLWxhLWN1bHR1cmUucG5nIiwic2xpZGVzaG93IjoiNjQ1ZDUzMCJ9\" href=\"https:\/\/festival-livre-jeunesse.fr\/2023\/partenaires\/\"><figure class=\"swiper-slide-inner\"><img decoding=\"async\" class=\"swiper-slide-image\" src=\"https:\/\/festival-livre-jeunesse.fr\/2024\/wp-content\/uploads\/elementor\/thumbs\/ministere-de-la-culture-p6ytnp4htfzyikw82pf463rwu3tcch4b312tzupp0o.png\" alt=\"Minist\u00e8re de la culture\" \/><\/figure><\/a><\/div><div class=\"swiper-slide\" role=\"group\" aria-roledescription=\"slide\" aria-label=\"13 sur 18\"><a data-elementor-open-lightbox=\"yes\" data-elementor-lightbox-slideshow=\"645d530\" data-elementor-lightbox-title=\"acad\u00e9mie toulouse\" data-e-action-hash=\"#elementor-action%3Aaction%3Dlightbox%26settings%3DeyJpZCI6MjY3MCwidXJsIjoiaHR0cHM6XC9cL2Zlc3RpdmFsLWxpdnJlLWpldW5lc3NlLmZyXC8yMDI0XC93cC1jb250ZW50XC91cGxvYWRzXC8yMDIxXC8wNVwvYWNhZGVtaWUtdG91bG91c2UucG5nIiwic2xpZGVzaG93IjoiNjQ1ZDUzMCJ9\" href=\"https:\/\/festival-livre-jeunesse.fr\/2023\/partenaires\/\"><figure class=\"swiper-slide-inner\"><img decoding=\"async\" class=\"swiper-slide-image\" src=\"https:\/\/festival-livre-jeunesse.fr\/2024\/wp-content\/uploads\/elementor\/thumbs\/academie-toulouse-p6ymfies1dtmsctwdqlth9fl9g8oon73n85apihtd4.png\" alt=\"Acad\u00e9mie de Toulouse\" \/><\/figure><\/a><\/div><div class=\"swiper-slide\" role=\"group\" aria-roledescription=\"slide\" aria-label=\"14 sur 18\"><a data-elementor-open-lightbox=\"yes\" data-elementor-lightbox-slideshow=\"645d530\" data-elementor-lightbox-title=\"universit\u00e9\" data-e-action-hash=\"#elementor-action%3Aaction%3Dlightbox%26settings%3DeyJpZCI6MjY4NywidXJsIjoiaHR0cHM6XC9cL2Zlc3RpdmFsLWxpdnJlLWpldW5lc3NlLmZyXC8yMDI0XC93cC1jb250ZW50XC91cGxvYWRzXC8yMDIxXC8wNVwvdW5pdmVyc2l0ZS5wbmciLCJzbGlkZXNob3ciOiI2NDVkNTMwIn0%3D\" href=\"https:\/\/festival-livre-jeunesse.fr\/2023\/partenaires\/\"><figure class=\"swiper-slide-inner\"><img decoding=\"async\" class=\"swiper-slide-image\" src=\"https:\/\/festival-livre-jeunesse.fr\/2024\/wp-content\/uploads\/elementor\/thumbs\/universite-p6yoqvpg7dy6j9qck9xl4q2e0rboe761fv6o20vrhk.png\" alt=\"Universit\u00e9 Jean Jaur\u00e8s\" \/><\/figure><\/a><\/div><div class=\"swiper-slide\" role=\"group\" aria-roledescription=\"slide\" aria-label=\"15 sur 18\"><a data-elementor-open-lightbox=\"yes\" data-elementor-lightbox-slideshow=\"645d530\" data-elementor-lightbox-title=\"INSPE\" data-e-action-hash=\"#elementor-action%3Aaction%3Dlightbox%26settings%3DeyJpZCI6MjY4MCwidXJsIjoiaHR0cHM6XC9cL2Zlc3RpdmFsLWxpdnJlLWpldW5lc3NlLmZyXC8yMDI0XC93cC1jb250ZW50XC91cGxvYWRzXC8yMDIxXC8wNVwvSU5TUEUuanBnIiwic2xpZGVzaG93IjoiNjQ1ZDUzMCJ9\" href=\"https:\/\/festival-livre-jeunesse.fr\/2023\/partenaires\/\"><figure class=\"swiper-slide-inner\"><img decoding=\"async\" class=\"swiper-slide-image\" src=\"https:\/\/festival-livre-jeunesse.fr\/2024\/wp-content\/uploads\/elementor\/thumbs\/INSPE-p6ynspapp95udpdl502xyuk0fds7ieheep82utk3qg.jpg\" alt=\"Inspe Toulouse\" \/><\/figure><\/a><\/div><div class=\"swiper-slide\" role=\"group\" aria-roledescription=\"slide\" aria-label=\"16 sur 18\"><a data-elementor-open-lightbox=\"yes\" data-elementor-lightbox-slideshow=\"645d530\" data-elementor-lightbox-title=\"mgen_Groupe_VYV\" data-e-action-hash=\"#elementor-action%3Aaction%3Dlightbox%26settings%3DeyJpZCI6MTIyMDYsInVybCI6Imh0dHBzOlwvXC9mZXN0aXZhbC1saXZyZS1qZXVuZXNzZS5mclwvMjAyNFwvd3AtY29udGVudFwvdXBsb2Fkc1wvMjAyMlwvMTJcL21nZW5fR3JvdXBlX1ZZVi53ZWJwIiwic2xpZGVzaG93IjoiNjQ1ZDUzMCJ9\" href=\"https:\/\/festival-livre-jeunesse.fr\/2023\/partenaires\/\"><figure class=\"swiper-slide-inner\"><img decoding=\"async\" class=\"swiper-slide-image\" src=\"https:\/\/festival-livre-jeunesse.fr\/2024\/wp-content\/uploads\/elementor\/thumbs\/mgen_Groupe_VYV-pze6erdesnmfebzlxxuvs8btzqa027f9vieq6pbiso.webp\" alt=\"Mgen\" \/><\/figure><\/a><\/div><div class=\"swiper-slide\" role=\"group\" aria-roledescription=\"slide\" aria-label=\"17 sur 18\"><a data-elementor-open-lightbox=\"yes\" data-elementor-lightbox-slideshow=\"645d530\" data-elementor-lightbox-title=\"AMC_2\" data-e-action-hash=\"#elementor-action%3Aaction%3Dlightbox%26settings%3DeyJpZCI6MTIzMTYsInVybCI6Imh0dHBzOlwvXC9mZXN0aXZhbC1saXZyZS1qZXVuZXNzZS5mclwvMjAyNFwvd3AtY29udGVudFwvdXBsb2Fkc1wvMjAyMlwvMTJcL0FNQ18yLmpwZyIsInNsaWRlc2hvdyI6IjY0NWQ1MzAifQ%3D%3D\" href=\"https:\/\/festival-livre-jeunesse.fr\/2023\/partenaires\/\"><figure class=\"swiper-slide-inner\"><img decoding=\"async\" class=\"swiper-slide-image\" src=\"https:\/\/festival-livre-jeunesse.fr\/2024\/wp-content\/uploads\/elementor\/thumbs\/AMC_2-pzg8o6y6y5cmnqofz1o913lhzf9nqvrlrrvzhje7l4.jpg\" alt=\"AMC_2\" \/><\/figure><\/a><\/div><div class=\"swiper-slide\" role=\"group\" aria-roledescription=\"slide\" aria-label=\"18 sur 18\"><a data-elementor-open-lightbox=\"yes\" data-elementor-lightbox-slideshow=\"645d530\" data-elementor-lightbox-title=\"FB_occitanie_CMJN\" data-e-action-hash=\"#elementor-action%3Aaction%3Dlightbox%26settings%3DeyJpZCI6MTI3MjcsInVybCI6Imh0dHBzOlwvXC9mZXN0aXZhbC1saXZyZS1qZXVuZXNzZS5mclwvMjAyNFwvd3AtY29udGVudFwvdXBsb2Fkc1wvMjAyM1wvMDFcL0ZCX29jY2l0YW5pZV9DTUpOLmpwZyIsInNsaWRlc2hvdyI6IjY0NWQ1MzAifQ%3D%3D\" href=\"https:\/\/festival-livre-jeunesse.fr\/2023\/partenaires\/\"><figure class=\"swiper-slide-inner\"><img decoding=\"async\" class=\"swiper-slide-image\" src=\"https:\/\/festival-livre-jeunesse.fr\/2024\/wp-content\/uploads\/elementor\/thumbs\/FB_occitanie_CMJN-q09q3kt6jnutosidbmlqw38njy7qzrbeckjofkzrag.jpg\" alt=\"FB_occitanie_CMJN\" \/><\/figure><\/a><\/div>\t\t\t<\/div>\n\t\t\t\t\t\t\t\t\t\t\t\t<div class=\"elementor-swiper-button elementor-swiper-button-prev\" role=\"button\" tabindex=\"0\">\n\t\t\t\t\t\t<i aria-hidden=\"true\" class=\"eicon-chevron-left\"><\/i>\t\t\t\t\t<\/div>\n\t\t\t\t\t<div class=\"elementor-swiper-button elementor-swiper-button-next\" role=\"button\" tabindex=\"0\">\n\t\t\t\t\t\t<i aria-hidden=\"true\" class=\"eicon-chevron-right\"><\/i>\t\t\t\t\t<\/div>\n\t\t\t\t\n\t\t\t\t\t\t\t\t\t<div class=\"swiper-pagination\"><\/div>\n\t\t\t\t\t\t\t\t\t<\/div>\n\t\t\t\t\t\t<\/div>\n\t\t\t\t<\/div>\n\t\t\t\t\t<\/div>\n\t\t<\/div>\n\t\t\t\t\t<\/div>\n\t\t<\/section>\n\t\t\t\t<\/div>\n\t\t","protected":false},"excerpt":{"rendered":"<p>Ateliers d&rsquo;illustrateurs AUCAMVILLE M\u00e9diath\u00e8que Luciano Sandron 14h &#8211; Samedi 21 Janvier Atelier d\u2019illustration avec Adrien Poissier 6 \u00e0 10 ans &#8211; 10 participants max. BRAX M\u00e9diath\u00e8que 10h &#8211; Sam. 21 Janvier Atelier d\u2019illustration avec Liuna Virardi Public : >7 ans &#8211; 10 participants max. FENOUILLET M\u00e9diath\u00e8que Wolinski 15h &#8211; Sam. 21 janvier Atelier d\u2019illustration avec &hellip;<\/p>\n<p class=\"read-more\"> <a class=\"\" href=\"https:\/\/festival-livre-jeunesse.fr\/2024\/ateliers-dillustration-2\/\"> <span class=\"screen-reader-text\">Ateliers d&#8217;illustration<\/span> Lire la suite\u00a0\u00bb<\/a><\/p>\n","protected":false},"author":1,"featured_media":0,"parent":0,"menu_order":0,"comment_status":"closed","ping_status":"closed","template":"","meta":{"site-sidebar-layout":"no-sidebar","site-content-layout":"page-builder","ast-site-content-layout":"","site-content-style":"default","site-sidebar-style":"default","ast-global-header-display":"","ast-banner-title-visibility":"","ast-main-header-display":"","ast-hfb-above-header-display":"","ast-hfb-below-header-display":"","ast-hfb-mobile-header-display":"","site-post-title":"disabled","ast-breadcrumbs-content":"","ast-featured-img":"disabled","footer-sml-layout":"","theme-transparent-header-meta":"","adv-header-id-meta":"","stick-header-meta":"","header-above-stick-meta":"","header-main-stick-meta":"","header-below-stick-meta":"","astra-migrate-meta-layouts":"","footnotes":""},"class_list":["post-11106","page","type-page","status-publish","hentry"],"yoast_head":"<!-- This site is optimized with the Yoast SEO plugin v21.4 - https:\/\/yoast.com\/wordpress\/plugins\/seo\/ -->\n<title>Ateliers d&#8217;illustration - Festival Livre Jeunesse Occitanie<\/title>\n<meta name=\"robots\" content=\"index, follow, max-snippet:-1, max-image-preview:large, max-video-preview:-1\" \/>\n<link rel=\"canonical\" href=\"https:\/\/festival-livre-jeunesse.fr\/2024\/ateliers-dillustration-2\/\" \/>\n<meta property=\"og:locale\" content=\"fr_FR\" \/>\n<meta property=\"og:type\" content=\"article\" \/>\n<meta property=\"og:title\" content=\"Ateliers d&#8217;illustration - Festival Livre Jeunesse Occitanie\" \/>\n<meta property=\"og:description\" content=\"Ateliers d&rsquo;illustrateurs AUCAMVILLE M\u00e9diath\u00e8que Luciano Sandron 14h &#8211; Samedi 21 Janvier Atelier d\u2019illustration avec Adrien Poissier 6 \u00e0 10 ans &#8211; 10 participants max. BRAX M\u00e9diath\u00e8que 10h &#8211; Sam. 21 Janvier Atelier d\u2019illustration avec Liuna Virardi Public : &gt;7 ans &#8211; 10 participants max. FENOUILLET M\u00e9diath\u00e8que Wolinski 15h &#8211; Sam. 21 janvier Atelier d\u2019illustration avec &hellip; Ateliers d&#8217;illustration Lire la suite\u00a0\u00bb\" \/>\n<meta property=\"og:url\" content=\"https:\/\/festival-livre-jeunesse.fr\/2024\/ateliers-dillustration-2\/\" \/>\n<meta property=\"og:site_name\" content=\"Festival Livre Jeunesse Occitanie\" \/>\n<meta property=\"article:publisher\" content=\"https:\/\/www.facebook.com\/FestivalLivreJeunesseOccitanie\" \/>\n<meta property=\"article:modified_time\" content=\"2023-01-18T19:08:32+00:00\" \/>\n<meta property=\"og:image\" content=\"https:\/\/festival-livre-jeunesse.fr\/2023\/wp-content\/uploads\/2021\/12\/Adrien-Poissier-264x300.jpg\" \/>\n<meta name=\"twitter:card\" content=\"summary_large_image\" \/>\n<meta name=\"twitter:site\" content=\"@FljOccitanie\" \/>\n<meta name=\"twitter:label1\" content=\"Dur\u00e9e de lecture estim\u00e9e\" \/>\n\t<meta name=\"twitter:data1\" content=\"1 minute\" \/>\n<script type=\"application\/ld+json\" class=\"yoast-schema-graph\">{\"@context\":\"https:\/\/schema.org\",\"@graph\":[{\"@type\":\"WebPage\",\"@id\":\"https:\/\/festival-livre-jeunesse.fr\/2024\/ateliers-dillustration-2\/\",\"url\":\"https:\/\/festival-livre-jeunesse.fr\/2024\/ateliers-dillustration-2\/\",\"name\":\"Ateliers d&#8217;illustration - Festival Livre Jeunesse Occitanie\",\"isPartOf\":{\"@id\":\"https:\/\/festival-livre-jeunesse.fr\/2024\/#website\"},\"datePublished\":\"2022-11-27T22:04:27+00:00\",\"dateModified\":\"2023-01-18T19:08:32+00:00\",\"breadcrumb\":{\"@id\":\"https:\/\/festival-livre-jeunesse.fr\/2024\/ateliers-dillustration-2\/#breadcrumb\"},\"inLanguage\":\"fr-FR\",\"potentialAction\":[{\"@type\":\"ReadAction\",\"target\":[\"https:\/\/festival-livre-jeunesse.fr\/2024\/ateliers-dillustration-2\/\"]}]},{\"@type\":\"BreadcrumbList\",\"@id\":\"https:\/\/festival-livre-jeunesse.fr\/2024\/ateliers-dillustration-2\/#breadcrumb\",\"itemListElement\":[{\"@type\":\"ListItem\",\"position\":1,\"name\":\"Accueil\",\"item\":\"https:\/\/festival-livre-jeunesse.fr\/2024\/\"},{\"@type\":\"ListItem\",\"position\":2,\"name\":\"Ateliers d&#8217;illustration\"}]},{\"@type\":\"WebSite\",\"@id\":\"https:\/\/festival-livre-jeunesse.fr\/2024\/#website\",\"url\":\"https:\/\/festival-livre-jeunesse.fr\/2024\/\",\"name\":\"Festival Livre Jeunesse Occitanie\",\"description\":\"23\u00e8me \u00e9dition - janvier 2025\",\"publisher\":{\"@id\":\"https:\/\/festival-livre-jeunesse.fr\/2024\/#organization\"},\"potentialAction\":[{\"@type\":\"SearchAction\",\"target\":{\"@type\":\"EntryPoint\",\"urlTemplate\":\"https:\/\/festival-livre-jeunesse.fr\/2024\/?s={search_term_string}\"},\"query-input\":\"required name=search_term_string\"}],\"inLanguage\":\"fr-FR\"},{\"@type\":\"Organization\",\"@id\":\"https:\/\/festival-livre-jeunesse.fr\/2024\/#organization\",\"name\":\"festival livre jeunesse occitanie\",\"url\":\"https:\/\/festival-livre-jeunesse.fr\/2024\/\",\"logo\":{\"@type\":\"ImageObject\",\"inLanguage\":\"fr-FR\",\"@id\":\"https:\/\/festival-livre-jeunesse.fr\/2024\/#\/schema\/logo\/image\/\",\"url\":\"https:\/\/festival-livre-jeunesse.fr\/2024\/wp-content\/uploads\/2021\/05\/Logo-FLJ-petit.png\",\"contentUrl\":\"https:\/\/festival-livre-jeunesse.fr\/2024\/wp-content\/uploads\/2021\/05\/Logo-FLJ-petit.png\",\"width\":204,\"height\":200,\"caption\":\"festival livre jeunesse occitanie\"},\"image\":{\"@id\":\"https:\/\/festival-livre-jeunesse.fr\/2024\/#\/schema\/logo\/image\/\"},\"sameAs\":[\"https:\/\/www.facebook.com\/FestivalLivreJeunesseOccitanie\",\"https:\/\/twitter.com\/FljOccitanie\"]}]}<\/script>\n<!-- \/ Yoast SEO plugin. -->","yoast_head_json":{"title":"Ateliers d&#8217;illustration - Festival Livre Jeunesse Occitanie","robots":{"index":"index","follow":"follow","max-snippet":"max-snippet:-1","max-image-preview":"max-image-preview:large","max-video-preview":"max-video-preview:-1"},"canonical":"https:\/\/festival-livre-jeunesse.fr\/2024\/ateliers-dillustration-2\/","og_locale":"fr_FR","og_type":"article","og_title":"Ateliers d&#8217;illustration - Festival Livre Jeunesse Occitanie","og_description":"Ateliers d&rsquo;illustrateurs AUCAMVILLE M\u00e9diath\u00e8que Luciano Sandron 14h &#8211; Samedi 21 Janvier Atelier d\u2019illustration avec Adrien Poissier 6 \u00e0 10 ans &#8211; 10 participants max. BRAX M\u00e9diath\u00e8que 10h &#8211; Sam. 21 Janvier Atelier d\u2019illustration avec Liuna Virardi Public : >7 ans &#8211; 10 participants max. FENOUILLET M\u00e9diath\u00e8que Wolinski 15h &#8211; Sam. 21 janvier Atelier d\u2019illustration avec &hellip; Ateliers d&#8217;illustration Lire la suite\u00a0\u00bb","og_url":"https:\/\/festival-livre-jeunesse.fr\/2024\/ateliers-dillustration-2\/","og_site_name":"Festival Livre Jeunesse Occitanie","article_publisher":"https:\/\/www.facebook.com\/FestivalLivreJeunesseOccitanie","article_modified_time":"2023-01-18T19:08:32+00:00","og_image":[{"url":"https:\/\/festival-livre-jeunesse.fr\/2023\/wp-content\/uploads\/2021\/12\/Adrien-Poissier-264x300.jpg"}],"twitter_card":"summary_large_image","twitter_site":"@FljOccitanie","twitter_misc":{"Dur\u00e9e de lecture estim\u00e9e":"1 minute"},"schema":{"@context":"https:\/\/schema.org","@graph":[{"@type":"WebPage","@id":"https:\/\/festival-livre-jeunesse.fr\/2024\/ateliers-dillustration-2\/","url":"https:\/\/festival-livre-jeunesse.fr\/2024\/ateliers-dillustration-2\/","name":"Ateliers d&#8217;illustration - Festival Livre Jeunesse Occitanie","isPartOf":{"@id":"https:\/\/festival-livre-jeunesse.fr\/2024\/#website"},"datePublished":"2022-11-27T22:04:27+00:00","dateModified":"2023-01-18T19:08:32+00:00","breadcrumb":{"@id":"https:\/\/festival-livre-jeunesse.fr\/2024\/ateliers-dillustration-2\/#breadcrumb"},"inLanguage":"fr-FR","potentialAction":[{"@type":"ReadAction","target":["https:\/\/festival-livre-jeunesse.fr\/2024\/ateliers-dillustration-2\/"]}]},{"@type":"BreadcrumbList","@id":"https:\/\/festival-livre-jeunesse.fr\/2024\/ateliers-dillustration-2\/#breadcrumb","itemListElement":[{"@type":"ListItem","position":1,"name":"Accueil","item":"https:\/\/festival-livre-jeunesse.fr\/2024\/"},{"@type":"ListItem","position":2,"name":"Ateliers d&#8217;illustration"}]},{"@type":"WebSite","@id":"https:\/\/festival-livre-jeunesse.fr\/2024\/#website","url":"https:\/\/festival-livre-jeunesse.fr\/2024\/","name":"Festival Livre Jeunesse Occitanie","description":"23\u00e8me \u00e9dition - janvier 2025","publisher":{"@id":"https:\/\/festival-livre-jeunesse.fr\/2024\/#organization"},"potentialAction":[{"@type":"SearchAction","target":{"@type":"EntryPoint","urlTemplate":"https:\/\/festival-livre-jeunesse.fr\/2024\/?s={search_term_string}"},"query-input":"required name=search_term_string"}],"inLanguage":"fr-FR"},{"@type":"Organization","@id":"https:\/\/festival-livre-jeunesse.fr\/2024\/#organization","name":"festival livre jeunesse occitanie","url":"https:\/\/festival-livre-jeunesse.fr\/2024\/","logo":{"@type":"ImageObject","inLanguage":"fr-FR","@id":"https:\/\/festival-livre-jeunesse.fr\/2024\/#\/schema\/logo\/image\/","url":"https:\/\/festival-livre-jeunesse.fr\/2024\/wp-content\/uploads\/2021\/05\/Logo-FLJ-petit.png","contentUrl":"https:\/\/festival-livre-jeunesse.fr\/2024\/wp-content\/uploads\/2021\/05\/Logo-FLJ-petit.png","width":204,"height":200,"caption":"festival livre jeunesse occitanie"},"image":{"@id":"https:\/\/festival-livre-jeunesse.fr\/2024\/#\/schema\/logo\/image\/"},"sameAs":["https:\/\/www.facebook.com\/FestivalLivreJeunesseOccitanie","https:\/\/twitter.com\/FljOccitanie"]}]}},"_links":{"self":[{"href":"https:\/\/festival-livre-jeunesse.fr\/2024\/wp-json\/wp\/v2\/pages\/11106"}],"collection":[{"href":"https:\/\/festival-livre-jeunesse.fr\/2024\/wp-json\/wp\/v2\/pages"}],"about":[{"href":"https:\/\/festival-livre-jeunesse.fr\/2024\/wp-json\/wp\/v2\/types\/page"}],"author":[{"embeddable":true,"href":"https:\/\/festival-livre-jeunesse.fr\/2024\/wp-json\/wp\/v2\/users\/1"}],"replies":[{"embeddable":true,"href":"https:\/\/festival-livre-jeunesse.fr\/2024\/wp-json\/wp\/v2\/comments?post=11106"}],"version-history":[{"count":146,"href":"https:\/\/festival-livre-jeunesse.fr\/2024\/wp-json\/wp\/v2\/pages\/11106\/revisions"}],"predecessor-version":[{"id":13069,"href":"https:\/\/festival-livre-jeunesse.fr\/2024\/wp-json\/wp\/v2\/pages\/11106\/revisions\/13069"}],"wp:attachment":[{"href":"https:\/\/festival-livre-jeunesse.fr\/2024\/wp-json\/wp\/v2\/media?parent=11106"}],"curies":[{"name":"wp","href":"https:\/\/api.w.org\/{rel}","templated":true}]}}