{"id":14261,"date":"2023-09-16T11:45:46","date_gmt":"2023-09-16T09:45:46","guid":{"rendered":"https:\/\/festival-livre-jeunesse.fr\/2024\/?page_id=14261"},"modified":"2023-10-25T13:50:24","modified_gmt":"2023-10-25T11:50:24","slug":"remi-courgeon","status":"publish","type":"page","link":"https:\/\/festival-livre-jeunesse.fr\/2024\/remi-courgeon\/","title":{"rendered":"R\u00e9mi Courgeon"},"content":{"rendered":"\t\t<div data-elementor-type=\"wp-page\" data-elementor-id=\"14261\" class=\"elementor elementor-14261\">\n\t\t\t\t\t\t<section class=\"elementor-section elementor-top-section elementor-element elementor-element-558edb7 elementor-section-boxed elementor-section-height-default elementor-section-height-default\" data-id=\"558edb7\" data-element_type=\"section\">\n\t\t\t\t\t\t<div class=\"elementor-container elementor-column-gap-default\">\n\t\t\t\t\t<div class=\"elementor-column elementor-col-100 elementor-top-column elementor-element elementor-element-5be11f4\" data-id=\"5be11f4\" data-element_type=\"column\">\n\t\t\t<div class=\"elementor-widget-wrap elementor-element-populated\">\n\t\t\t\t\t\t<div class=\"elementor-element elementor-element-fa00ab9 elementor-widget elementor-widget-spacer\" data-id=\"fa00ab9\" data-element_type=\"widget\" data-widget_type=\"spacer.default\">\n\t\t\t\t<div class=\"elementor-widget-container\">\n\t\t\t\t\t\t\t<div class=\"elementor-spacer\">\n\t\t\t<div class=\"elementor-spacer-inner\"><\/div>\n\t\t<\/div>\n\t\t\t\t\t\t<\/div>\n\t\t\t\t<\/div>\n\t\t\t\t<div class=\"elementor-element elementor-element-9884a99 elementor-widget elementor-widget-spacer\" data-id=\"9884a99\" data-element_type=\"widget\" data-widget_type=\"spacer.default\">\n\t\t\t\t<div class=\"elementor-widget-container\">\n\t\t\t\t\t\t\t<div class=\"elementor-spacer\">\n\t\t\t<div class=\"elementor-spacer-inner\"><\/div>\n\t\t<\/div>\n\t\t\t\t\t\t<\/div>\n\t\t\t\t<\/div>\n\t\t\t\t\t<\/div>\n\t\t<\/div>\n\t\t\t\t\t<\/div>\n\t\t<\/section>\n\t\t\t\t<section class=\"elementor-section elementor-top-section elementor-element elementor-element-baf9a74 elementor-section-boxed elementor-section-height-default elementor-section-height-default\" data-id=\"baf9a74\" data-element_type=\"section\">\n\t\t\t\t\t\t<div class=\"elementor-container elementor-column-gap-default\">\n\t\t\t\t\t<div class=\"elementor-column elementor-col-33 elementor-top-column elementor-element elementor-element-781bd24\" data-id=\"781bd24\" data-element_type=\"column\">\n\t\t\t<div class=\"elementor-widget-wrap\">\n\t\t\t\t\t\t\t<\/div>\n\t\t<\/div>\n\t\t\t\t<div class=\"elementor-column elementor-col-33 elementor-top-column elementor-element elementor-element-6d08ad5\" data-id=\"6d08ad5\" data-element_type=\"column\" data-settings=\"{&quot;background_background&quot;:&quot;classic&quot;}\">\n\t\t\t<div class=\"elementor-widget-wrap elementor-element-populated\">\n\t\t\t\t\t\t<div class=\"elementor-element elementor-element-8abb553 elementor-widget elementor-widget-heading\" data-id=\"8abb553\" data-element_type=\"widget\" data-widget_type=\"heading.default\">\n\t\t\t\t<div class=\"elementor-widget-container\">\n\t\t\t\t\t<h1 class=\"elementor-heading-title elementor-size-default\">R\u00e9mi Courgeon<\/h1>\t\t\t\t<\/div>\n\t\t\t\t<\/div>\n\t\t\t\t<section class=\"elementor-section elementor-inner-section elementor-element elementor-element-c0395e4 elementor-section-boxed elementor-section-height-default elementor-section-height-default\" data-id=\"c0395e4\" data-element_type=\"section\">\n\t\t\t\t\t\t<div class=\"elementor-container elementor-column-gap-default\">\n\t\t\t\t\t<div class=\"elementor-column elementor-col-50 elementor-inner-column elementor-element elementor-element-310d70f\" data-id=\"310d70f\" data-element_type=\"column\">\n\t\t\t<div class=\"elementor-widget-wrap elementor-element-populated\">\n\t\t\t\t\t\t<div class=\"elementor-element elementor-element-b443788 elementor-widget elementor-widget-image\" data-id=\"b443788\" data-element_type=\"widget\" data-widget_type=\"image.default\">\n\t\t\t\t<div class=\"elementor-widget-container\">\n\t\t\t\t\t\t\t\t\t\t\t\t\t\t\t\t<a href=\"http:\/\/remicourgeon.blogspot.fr\/\">\n\t\t\t\t\t\t\t<img fetchpriority=\"high\" decoding=\"async\" width=\"287\" height=\"300\" src=\"https:\/\/festival-livre-jeunesse.fr\/2024\/wp-content\/uploads\/2023\/10\/remi-Courgeon-287x300.webp\" class=\"attachment-medium size-medium wp-image-14844\" alt=\"\" srcset=\"https:\/\/festival-livre-jeunesse.fr\/2024\/wp-content\/uploads\/2023\/10\/remi-Courgeon-287x300.webp 287w, https:\/\/festival-livre-jeunesse.fr\/2024\/wp-content\/uploads\/2023\/10\/remi-Courgeon.webp 560w\" sizes=\"(max-width: 287px) 100vw, 287px\" \/>\t\t\t\t\t\t\t\t<\/a>\n\t\t\t\t\t\t\t\t\t\t\t\t\t\t\t<\/div>\n\t\t\t\t<\/div>\n\t\t\t\t\t<\/div>\n\t\t<\/div>\n\t\t\t\t<div class=\"elementor-column elementor-col-50 elementor-inner-column elementor-element elementor-element-a7cd284\" data-id=\"a7cd284\" data-element_type=\"column\">\n\t\t\t<div class=\"elementor-widget-wrap elementor-element-populated\">\n\t\t\t\t\t\t<div class=\"elementor-element elementor-element-2a8ab87 elementor-widget elementor-widget-text-editor\" data-id=\"2a8ab87\" data-element_type=\"widget\" data-widget_type=\"text-editor.default\">\n\t\t\t\t<div class=\"elementor-widget-container\">\n\t\t\t\t\t\t\t\t\tR\u00e9mi Courgeon est n\u00e9 \u00e0 Choisy-le-Roi, dans le Val-de-Marne. Dipl\u00f4m\u00e9 de l\u2019\u00e9cole Estienne, il a commenc\u00e9 \u00e0 travailler dans la publicit\u00e9, et a r\u00e9alis\u00e9 des reportages dessin\u00e9s pour des magazines et des ONG. Il est \u00e9galement peintre, et ses travaux ont fait l\u2019objet de plusieurs expositions en France et \u00e0 l\u2019\u00e9tranger.\n\n<br><br>\n\nIl est l\u2019auteur et illustrateur de nombreux albums. Aux \u00e9ditions Milan\u00a0: \u00ab\u00a0Le Myst\u00e8re Ferdinand\u00a0\u00bb, \u00ab\u00a0Passion et Patience\u00a0\u00bb et \u00ab\u00a0Ta peau contre la mienne\u00a0\u00bb. Pour \u00ab\u00a0Brindille\u00a0\u00bb, ouvrage recommand\u00e9 par l\u2019\u00c9ducation nationale, il re\u00e7oit le prix Chr\u00e9tien de Troyes 2013 et The Best Illustrated Children\u2019s Books Award, en 2017. L\u2019album \u00ab\u00a0Blancs comme neige\u00a0\u00bb lui a valu le prix Gayant Lecture 2015. \u00ab\u00a0Tiens-toi droite\u00a0\u00bb a re\u00e7u le prix Facile \u00e0 lire 2020. \n<br><br>\nIl vit actuellement aux Lilas, en r\u00e9gion parisienne.\t\t\t\t\t\t\t\t<\/div>\n\t\t\t\t<\/div>\n\t\t\t\t\t<\/div>\n\t\t<\/div>\n\t\t\t\t\t<\/div>\n\t\t<\/section>\n\t\t\t\t<section class=\"elementor-section elementor-inner-section elementor-element elementor-element-7d6665e elementor-section-boxed elementor-section-height-default elementor-section-height-default\" data-id=\"7d6665e\" data-element_type=\"section\">\n\t\t\t\t\t\t<div class=\"elementor-container elementor-column-gap-default\">\n\t\t\t\t\t<div class=\"elementor-column elementor-col-50 elementor-inner-column elementor-element elementor-element-4fc1763\" data-id=\"4fc1763\" data-element_type=\"column\">\n\t\t\t<div class=\"elementor-widget-wrap\">\n\t\t\t\t\t\t\t<\/div>\n\t\t<\/div>\n\t\t\t\t<div class=\"elementor-column elementor-col-50 elementor-inner-column elementor-element elementor-element-8ea1337\" data-id=\"8ea1337\" data-element_type=\"column\">\n\t\t\t<div class=\"elementor-widget-wrap elementor-element-populated\">\n\t\t\t\t\t\t<div class=\"elementor-element elementor-element-b7054ce elementor-align-left elementor-widget elementor-widget-button\" data-id=\"b7054ce\" data-element_type=\"widget\" data-widget_type=\"button.default\">\n\t\t\t\t<div class=\"elementor-widget-container\">\n\t\t\t\t\t\t\t\t\t<div class=\"elementor-button-wrapper\">\n\t\t\t\t\t<a class=\"elementor-button elementor-button-link elementor-size-sm\" href=\"https:\/\/www.instagram.com\/remicourgeon\/\">\n\t\t\t\t\t\t<span class=\"elementor-button-content-wrapper\">\n\t\t\t\t\t\t\t\t\t<span class=\"elementor-button-text\">En savoir plus<\/span>\n\t\t\t\t\t<\/span>\n\t\t\t\t\t<\/a>\n\t\t\t\t<\/div>\n\t\t\t\t\t\t\t\t<\/div>\n\t\t\t\t<\/div>\n\t\t\t\t\t<\/div>\n\t\t<\/div>\n\t\t\t\t\t<\/div>\n\t\t<\/section>\n\t\t\t\t\t<\/div>\n\t\t<\/div>\n\t\t\t\t<div class=\"elementor-column elementor-col-33 elementor-top-column elementor-element elementor-element-4b9800e\" data-id=\"4b9800e\" data-element_type=\"column\">\n\t\t\t<div class=\"elementor-widget-wrap\">\n\t\t\t\t\t\t\t<\/div>\n\t\t<\/div>\n\t\t\t\t\t<\/div>\n\t\t<\/section>\n\t\t\t\t<section class=\"elementor-section elementor-top-section elementor-element elementor-element-c199412 elementor-section-boxed elementor-section-height-default elementor-section-height-default\" data-id=\"c199412\" data-element_type=\"section\">\n\t\t\t\t\t\t<div class=\"elementor-container elementor-column-gap-default\">\n\t\t\t\t\t<div class=\"elementor-column elementor-col-100 elementor-top-column elementor-element elementor-element-279893f\" data-id=\"279893f\" data-element_type=\"column\">\n\t\t\t<div class=\"elementor-widget-wrap elementor-element-populated\">\n\t\t\t\t\t\t<div class=\"elementor-element elementor-element-05d6d1c elementor-widget elementor-widget-spacer\" data-id=\"05d6d1c\" data-element_type=\"widget\" data-widget_type=\"spacer.default\">\n\t\t\t\t<div class=\"elementor-widget-container\">\n\t\t\t\t\t\t\t<div class=\"elementor-spacer\">\n\t\t\t<div class=\"elementor-spacer-inner\"><\/div>\n\t\t<\/div>\n\t\t\t\t\t\t<\/div>\n\t\t\t\t<\/div>\n\t\t\t\t\t<\/div>\n\t\t<\/div>\n\t\t\t\t\t<\/div>\n\t\t<\/section>\n\t\t\t\t<\/div>\n\t\t","protected":false},"excerpt":{"rendered":"<p>R\u00e9mi Courgeon R\u00e9mi Courgeon est n\u00e9 \u00e0 Choisy-le-Roi, dans le Val-de-Marne. Dipl\u00f4m\u00e9 de l\u2019\u00e9cole Estienne, il a commenc\u00e9 \u00e0 travailler dans la publicit\u00e9, et a r\u00e9alis\u00e9 des reportages dessin\u00e9s pour des magazines et des ONG. Il est \u00e9galement peintre, et ses travaux ont fait l\u2019objet de plusieurs expositions en France et \u00e0 l\u2019\u00e9tranger. Il est &hellip;<\/p>\n<p class=\"read-more\"> <a class=\"\" href=\"https:\/\/festival-livre-jeunesse.fr\/2024\/remi-courgeon\/\"> <span class=\"screen-reader-text\">R\u00e9mi Courgeon<\/span> Lire la suite\u00a0\u00bb<\/a><\/p>\n","protected":false},"author":1,"featured_media":0,"parent":0,"menu_order":0,"comment_status":"closed","ping_status":"closed","template":"","meta":{"site-sidebar-layout":"no-sidebar","site-content-layout":"page-builder","ast-site-content-layout":"full-width-container","site-content-style":"default","site-sidebar-style":"default","ast-global-header-display":"","ast-banner-title-visibility":"","ast-main-header-display":"","ast-hfb-above-header-display":"","ast-hfb-below-header-display":"","ast-hfb-mobile-header-display":"","site-post-title":"disabled","ast-breadcrumbs-content":"","ast-featured-img":"disabled","footer-sml-layout":"","theme-transparent-header-meta":"","adv-header-id-meta":"","stick-header-meta":"","header-above-stick-meta":"","header-main-stick-meta":"","header-below-stick-meta":"","astra-migrate-meta-layouts":"set","footnotes":""},"class_list":["post-14261","page","type-page","status-publish","hentry"],"yoast_head":"<!-- This site is optimized with the Yoast SEO plugin v21.4 - https:\/\/yoast.com\/wordpress\/plugins\/seo\/ -->\n<title>R\u00e9mi Courgeon - Festival Livre Jeunesse Occitanie<\/title>\n<meta name=\"robots\" content=\"index, follow, max-snippet:-1, max-image-preview:large, max-video-preview:-1\" \/>\n<link rel=\"canonical\" href=\"https:\/\/festival-livre-jeunesse.fr\/2024\/remi-courgeon\/\" \/>\n<meta property=\"og:locale\" content=\"fr_FR\" \/>\n<meta property=\"og:type\" content=\"article\" \/>\n<meta property=\"og:title\" content=\"R\u00e9mi Courgeon - Festival Livre Jeunesse Occitanie\" \/>\n<meta property=\"og:description\" content=\"R\u00e9mi Courgeon R\u00e9mi Courgeon est n\u00e9 \u00e0 Choisy-le-Roi, dans le Val-de-Marne. Dipl\u00f4m\u00e9 de l\u2019\u00e9cole Estienne, il a commenc\u00e9 \u00e0 travailler dans la publicit\u00e9, et a r\u00e9alis\u00e9 des reportages dessin\u00e9s pour des magazines et des ONG. Il est \u00e9galement peintre, et ses travaux ont fait l\u2019objet de plusieurs expositions en France et \u00e0 l\u2019\u00e9tranger. Il est &hellip; R\u00e9mi Courgeon Lire la suite\u00a0\u00bb\" \/>\n<meta property=\"og:url\" content=\"https:\/\/festival-livre-jeunesse.fr\/2024\/remi-courgeon\/\" \/>\n<meta property=\"og:site_name\" content=\"Festival Livre Jeunesse Occitanie\" \/>\n<meta property=\"article:publisher\" content=\"https:\/\/www.facebook.com\/FestivalLivreJeunesseOccitanie\" \/>\n<meta property=\"article:modified_time\" content=\"2023-10-25T11:50:24+00:00\" \/>\n<meta property=\"og:image\" content=\"https:\/\/festival-livre-jeunesse.fr\/2024\/wp-content\/uploads\/2023\/10\/remi-Courgeon-287x300.webp\" \/>\n<meta name=\"twitter:card\" content=\"summary_large_image\" \/>\n<meta name=\"twitter:site\" content=\"@FljOccitanie\" \/>\n<meta name=\"twitter:label1\" content=\"Dur\u00e9e de lecture estim\u00e9e\" \/>\n\t<meta name=\"twitter:data1\" content=\"1 minute\" \/>\n<script type=\"application\/ld+json\" class=\"yoast-schema-graph\">{\"@context\":\"https:\/\/schema.org\",\"@graph\":[{\"@type\":\"WebPage\",\"@id\":\"https:\/\/festival-livre-jeunesse.fr\/2024\/remi-courgeon\/\",\"url\":\"https:\/\/festival-livre-jeunesse.fr\/2024\/remi-courgeon\/\",\"name\":\"R\u00e9mi Courgeon - Festival Livre Jeunesse Occitanie\",\"isPartOf\":{\"@id\":\"https:\/\/festival-livre-jeunesse.fr\/2024\/#website\"},\"datePublished\":\"2023-09-16T09:45:46+00:00\",\"dateModified\":\"2023-10-25T11:50:24+00:00\",\"breadcrumb\":{\"@id\":\"https:\/\/festival-livre-jeunesse.fr\/2024\/remi-courgeon\/#breadcrumb\"},\"inLanguage\":\"fr-FR\",\"potentialAction\":[{\"@type\":\"ReadAction\",\"target\":[\"https:\/\/festival-livre-jeunesse.fr\/2024\/remi-courgeon\/\"]}]},{\"@type\":\"BreadcrumbList\",\"@id\":\"https:\/\/festival-livre-jeunesse.fr\/2024\/remi-courgeon\/#breadcrumb\",\"itemListElement\":[{\"@type\":\"ListItem\",\"position\":1,\"name\":\"Accueil\",\"item\":\"https:\/\/festival-livre-jeunesse.fr\/2024\/\"},{\"@type\":\"ListItem\",\"position\":2,\"name\":\"R\u00e9mi Courgeon\"}]},{\"@type\":\"WebSite\",\"@id\":\"https:\/\/festival-livre-jeunesse.fr\/2024\/#website\",\"url\":\"https:\/\/festival-livre-jeunesse.fr\/2024\/\",\"name\":\"Festival Livre Jeunesse Occitanie\",\"description\":\"23\u00e8me \u00e9dition - janvier 2025\",\"publisher\":{\"@id\":\"https:\/\/festival-livre-jeunesse.fr\/2024\/#organization\"},\"potentialAction\":[{\"@type\":\"SearchAction\",\"target\":{\"@type\":\"EntryPoint\",\"urlTemplate\":\"https:\/\/festival-livre-jeunesse.fr\/2024\/?s={search_term_string}\"},\"query-input\":\"required name=search_term_string\"}],\"inLanguage\":\"fr-FR\"},{\"@type\":\"Organization\",\"@id\":\"https:\/\/festival-livre-jeunesse.fr\/2024\/#organization\",\"name\":\"festival livre jeunesse occitanie\",\"url\":\"https:\/\/festival-livre-jeunesse.fr\/2024\/\",\"logo\":{\"@type\":\"ImageObject\",\"inLanguage\":\"fr-FR\",\"@id\":\"https:\/\/festival-livre-jeunesse.fr\/2024\/#\/schema\/logo\/image\/\",\"url\":\"https:\/\/festival-livre-jeunesse.fr\/2024\/wp-content\/uploads\/2021\/05\/Logo-FLJ-petit.png\",\"contentUrl\":\"https:\/\/festival-livre-jeunesse.fr\/2024\/wp-content\/uploads\/2021\/05\/Logo-FLJ-petit.png\",\"width\":204,\"height\":200,\"caption\":\"festival livre jeunesse occitanie\"},\"image\":{\"@id\":\"https:\/\/festival-livre-jeunesse.fr\/2024\/#\/schema\/logo\/image\/\"},\"sameAs\":[\"https:\/\/www.facebook.com\/FestivalLivreJeunesseOccitanie\",\"https:\/\/twitter.com\/FljOccitanie\"]}]}<\/script>\n<!-- \/ Yoast SEO plugin. -->","yoast_head_json":{"title":"R\u00e9mi Courgeon - Festival Livre Jeunesse Occitanie","robots":{"index":"index","follow":"follow","max-snippet":"max-snippet:-1","max-image-preview":"max-image-preview:large","max-video-preview":"max-video-preview:-1"},"canonical":"https:\/\/festival-livre-jeunesse.fr\/2024\/remi-courgeon\/","og_locale":"fr_FR","og_type":"article","og_title":"R\u00e9mi Courgeon - Festival Livre Jeunesse Occitanie","og_description":"R\u00e9mi Courgeon R\u00e9mi Courgeon est n\u00e9 \u00e0 Choisy-le-Roi, dans le Val-de-Marne. Dipl\u00f4m\u00e9 de l\u2019\u00e9cole Estienne, il a commenc\u00e9 \u00e0 travailler dans la publicit\u00e9, et a r\u00e9alis\u00e9 des reportages dessin\u00e9s pour des magazines et des ONG. Il est \u00e9galement peintre, et ses travaux ont fait l\u2019objet de plusieurs expositions en France et \u00e0 l\u2019\u00e9tranger. Il est &hellip; R\u00e9mi Courgeon Lire la suite\u00a0\u00bb","og_url":"https:\/\/festival-livre-jeunesse.fr\/2024\/remi-courgeon\/","og_site_name":"Festival Livre Jeunesse Occitanie","article_publisher":"https:\/\/www.facebook.com\/FestivalLivreJeunesseOccitanie","article_modified_time":"2023-10-25T11:50:24+00:00","og_image":[{"url":"https:\/\/festival-livre-jeunesse.fr\/2024\/wp-content\/uploads\/2023\/10\/remi-Courgeon-287x300.webp"}],"twitter_card":"summary_large_image","twitter_site":"@FljOccitanie","twitter_misc":{"Dur\u00e9e de lecture estim\u00e9e":"1 minute"},"schema":{"@context":"https:\/\/schema.org","@graph":[{"@type":"WebPage","@id":"https:\/\/festival-livre-jeunesse.fr\/2024\/remi-courgeon\/","url":"https:\/\/festival-livre-jeunesse.fr\/2024\/remi-courgeon\/","name":"R\u00e9mi Courgeon - Festival Livre Jeunesse Occitanie","isPartOf":{"@id":"https:\/\/festival-livre-jeunesse.fr\/2024\/#website"},"datePublished":"2023-09-16T09:45:46+00:00","dateModified":"2023-10-25T11:50:24+00:00","breadcrumb":{"@id":"https:\/\/festival-livre-jeunesse.fr\/2024\/remi-courgeon\/#breadcrumb"},"inLanguage":"fr-FR","potentialAction":[{"@type":"ReadAction","target":["https:\/\/festival-livre-jeunesse.fr\/2024\/remi-courgeon\/"]}]},{"@type":"BreadcrumbList","@id":"https:\/\/festival-livre-jeunesse.fr\/2024\/remi-courgeon\/#breadcrumb","itemListElement":[{"@type":"ListItem","position":1,"name":"Accueil","item":"https:\/\/festival-livre-jeunesse.fr\/2024\/"},{"@type":"ListItem","position":2,"name":"R\u00e9mi Courgeon"}]},{"@type":"WebSite","@id":"https:\/\/festival-livre-jeunesse.fr\/2024\/#website","url":"https:\/\/festival-livre-jeunesse.fr\/2024\/","name":"Festival Livre Jeunesse Occitanie","description":"23\u00e8me \u00e9dition - janvier 2025","publisher":{"@id":"https:\/\/festival-livre-jeunesse.fr\/2024\/#organization"},"potentialAction":[{"@type":"SearchAction","target":{"@type":"EntryPoint","urlTemplate":"https:\/\/festival-livre-jeunesse.fr\/2024\/?s={search_term_string}"},"query-input":"required name=search_term_string"}],"inLanguage":"fr-FR"},{"@type":"Organization","@id":"https:\/\/festival-livre-jeunesse.fr\/2024\/#organization","name":"festival livre jeunesse occitanie","url":"https:\/\/festival-livre-jeunesse.fr\/2024\/","logo":{"@type":"ImageObject","inLanguage":"fr-FR","@id":"https:\/\/festival-livre-jeunesse.fr\/2024\/#\/schema\/logo\/image\/","url":"https:\/\/festival-livre-jeunesse.fr\/2024\/wp-content\/uploads\/2021\/05\/Logo-FLJ-petit.png","contentUrl":"https:\/\/festival-livre-jeunesse.fr\/2024\/wp-content\/uploads\/2021\/05\/Logo-FLJ-petit.png","width":204,"height":200,"caption":"festival livre jeunesse occitanie"},"image":{"@id":"https:\/\/festival-livre-jeunesse.fr\/2024\/#\/schema\/logo\/image\/"},"sameAs":["https:\/\/www.facebook.com\/FestivalLivreJeunesseOccitanie","https:\/\/twitter.com\/FljOccitanie"]}]}},"_links":{"self":[{"href":"https:\/\/festival-livre-jeunesse.fr\/2024\/wp-json\/wp\/v2\/pages\/14261"}],"collection":[{"href":"https:\/\/festival-livre-jeunesse.fr\/2024\/wp-json\/wp\/v2\/pages"}],"about":[{"href":"https:\/\/festival-livre-jeunesse.fr\/2024\/wp-json\/wp\/v2\/types\/page"}],"author":[{"embeddable":true,"href":"https:\/\/festival-livre-jeunesse.fr\/2024\/wp-json\/wp\/v2\/users\/1"}],"replies":[{"embeddable":true,"href":"https:\/\/festival-livre-jeunesse.fr\/2024\/wp-json\/wp\/v2\/comments?post=14261"}],"version-history":[{"count":25,"href":"https:\/\/festival-livre-jeunesse.fr\/2024\/wp-json\/wp\/v2\/pages\/14261\/revisions"}],"predecessor-version":[{"id":14856,"href":"https:\/\/festival-livre-jeunesse.fr\/2024\/wp-json\/wp\/v2\/pages\/14261\/revisions\/14856"}],"wp:attachment":[{"href":"https:\/\/festival-livre-jeunesse.fr\/2024\/wp-json\/wp\/v2\/media?parent=14261"}],"curies":[{"name":"wp","href":"https:\/\/api.w.org\/{rel}","templated":true}]}}