{"id":14342,"date":"2023-09-16T13:00:53","date_gmt":"2023-09-16T11:00:53","guid":{"rendered":"https:\/\/festival-livre-jeunesse.fr\/2024\/?page_id=14342"},"modified":"2023-10-26T09:48:46","modified_gmt":"2023-10-26T07:48:46","slug":"thomas-scotto","status":"publish","type":"page","link":"https:\/\/festival-livre-jeunesse.fr\/2024\/thomas-scotto\/","title":{"rendered":"Thomas Scotto"},"content":{"rendered":"\t\t<div data-elementor-type=\"wp-page\" data-elementor-id=\"14342\" class=\"elementor elementor-14342\">\n\t\t\t\t\t\t<section class=\"elementor-section elementor-top-section elementor-element elementor-element-90ae47e elementor-section-boxed elementor-section-height-default elementor-section-height-default\" data-id=\"90ae47e\" data-element_type=\"section\">\n\t\t\t\t\t\t<div class=\"elementor-container elementor-column-gap-default\">\n\t\t\t\t\t<div class=\"elementor-column elementor-col-100 elementor-top-column elementor-element elementor-element-df7139d\" data-id=\"df7139d\" data-element_type=\"column\">\n\t\t\t<div class=\"elementor-widget-wrap elementor-element-populated\">\n\t\t\t\t\t\t<div class=\"elementor-element elementor-element-dea3cea elementor-widget elementor-widget-spacer\" data-id=\"dea3cea\" data-element_type=\"widget\" data-widget_type=\"spacer.default\">\n\t\t\t\t<div class=\"elementor-widget-container\">\n\t\t\t\t\t\t\t<div class=\"elementor-spacer\">\n\t\t\t<div class=\"elementor-spacer-inner\"><\/div>\n\t\t<\/div>\n\t\t\t\t\t\t<\/div>\n\t\t\t\t<\/div>\n\t\t\t\t<div class=\"elementor-element elementor-element-c82d0b6 elementor-widget elementor-widget-spacer\" data-id=\"c82d0b6\" data-element_type=\"widget\" data-widget_type=\"spacer.default\">\n\t\t\t\t<div class=\"elementor-widget-container\">\n\t\t\t\t\t\t\t<div class=\"elementor-spacer\">\n\t\t\t<div class=\"elementor-spacer-inner\"><\/div>\n\t\t<\/div>\n\t\t\t\t\t\t<\/div>\n\t\t\t\t<\/div>\n\t\t\t\t\t<\/div>\n\t\t<\/div>\n\t\t\t\t\t<\/div>\n\t\t<\/section>\n\t\t\t\t<section class=\"elementor-section elementor-top-section elementor-element elementor-element-98fa20d elementor-section-boxed elementor-section-height-default elementor-section-height-default\" data-id=\"98fa20d\" data-element_type=\"section\">\n\t\t\t\t\t\t<div class=\"elementor-container elementor-column-gap-default\">\n\t\t\t\t\t<div class=\"elementor-column elementor-col-33 elementor-top-column elementor-element elementor-element-e6940ea\" data-id=\"e6940ea\" data-element_type=\"column\">\n\t\t\t<div class=\"elementor-widget-wrap\">\n\t\t\t\t\t\t\t<\/div>\n\t\t<\/div>\n\t\t\t\t<div class=\"elementor-column elementor-col-33 elementor-top-column elementor-element elementor-element-77792c1\" data-id=\"77792c1\" data-element_type=\"column\" data-settings=\"{&quot;background_background&quot;:&quot;classic&quot;}\">\n\t\t\t<div class=\"elementor-widget-wrap elementor-element-populated\">\n\t\t\t\t\t\t<div class=\"elementor-element elementor-element-fb2dc4d elementor-widget elementor-widget-heading\" data-id=\"fb2dc4d\" data-element_type=\"widget\" data-widget_type=\"heading.default\">\n\t\t\t\t<div class=\"elementor-widget-container\">\n\t\t\t\t\t<h1 class=\"elementor-heading-title elementor-size-default\">Thomas Scotto<\/h1>\t\t\t\t<\/div>\n\t\t\t\t<\/div>\n\t\t\t\t<section class=\"elementor-section elementor-inner-section elementor-element elementor-element-3f93316 elementor-section-boxed elementor-section-height-default elementor-section-height-default\" data-id=\"3f93316\" data-element_type=\"section\">\n\t\t\t\t\t\t<div class=\"elementor-container elementor-column-gap-default\">\n\t\t\t\t\t<div class=\"elementor-column elementor-col-50 elementor-inner-column elementor-element elementor-element-eaf4f85\" data-id=\"eaf4f85\" data-element_type=\"column\">\n\t\t\t<div class=\"elementor-widget-wrap elementor-element-populated\">\n\t\t\t\t\t\t<div class=\"elementor-element elementor-element-c231602 elementor-widget elementor-widget-image\" data-id=\"c231602\" data-element_type=\"widget\" data-widget_type=\"image.default\">\n\t\t\t\t<div class=\"elementor-widget-container\">\n\t\t\t\t\t\t\t\t\t\t\t\t\t\t\t\t<a href=\"https:\/\/thomas-scotto.net\/\">\n\t\t\t\t\t\t\t<img decoding=\"async\" width=\"300\" height=\"166\" src=\"https:\/\/festival-livre-jeunesse.fr\/2024\/wp-content\/uploads\/2023\/09\/Thomas-Scotto-300x166.png\" class=\"attachment-medium size-medium wp-image-13971\" alt=\"\" srcset=\"https:\/\/festival-livre-jeunesse.fr\/2024\/wp-content\/uploads\/2023\/09\/Thomas-Scotto-300x166.png 300w, https:\/\/festival-livre-jeunesse.fr\/2024\/wp-content\/uploads\/2023\/09\/Thomas-Scotto-1024x567.png 1024w, https:\/\/festival-livre-jeunesse.fr\/2024\/wp-content\/uploads\/2023\/09\/Thomas-Scotto-768x425.png 768w, https:\/\/festival-livre-jeunesse.fr\/2024\/wp-content\/uploads\/2023\/09\/Thomas-Scotto-1536x850.png 1536w, https:\/\/festival-livre-jeunesse.fr\/2024\/wp-content\/uploads\/2023\/09\/Thomas-Scotto.png 1680w\" sizes=\"(max-width: 300px) 100vw, 300px\" \/>\t\t\t\t\t\t\t\t<\/a>\n\t\t\t\t\t\t\t\t\t\t\t\t\t\t\t<\/div>\n\t\t\t\t<\/div>\n\t\t\t\t\t<\/div>\n\t\t<\/div>\n\t\t\t\t<div class=\"elementor-column elementor-col-50 elementor-inner-column elementor-element elementor-element-2503441\" data-id=\"2503441\" data-element_type=\"column\">\n\t\t\t<div class=\"elementor-widget-wrap elementor-element-populated\">\n\t\t\t\t\t\t<div class=\"elementor-element elementor-element-0edf9dd elementor-widget elementor-widget-text-editor\" data-id=\"0edf9dd\" data-element_type=\"widget\" data-widget_type=\"text-editor.default\">\n\t\t\t\t<div class=\"elementor-widget-container\">\n\t\t\t\t\t\t\t\t\tN\u00e9 en 1974, <strong>Thomas Scotto<\/strong> grandit au rythme des mots, aux rimes des Fabulettes d\u2019Anne Sylvestre.\nApr\u00e8s avoir \u00e9court\u00e9 de (longues) \u00e9tudes de lettres \u00e0 Tours, il profite de la naissance de sa premi\u00e8re fille pour devenir papa au foyer et commencer \u00e0 \u00e9crire\u2026\nUn bonheur reconduit tacitement \u00e0 la naissance de sa deuxi\u00e8me fille !<br> <br>\nUn premier livre sort en 1998.\n<br>\nAujourd\u2019hui :\n\u2013 Peut-\u00eatre chocolatier pour faire pousser d\u2019immenses for\u00eats noires o\u00f9 se perdre un peu.\n\u2013 Chanteur (en fran\u00e7ais) avec parfois des grognements ou des caresses de mots dans la voix.\n\u2013 Doubleur de dessins anim\u00e9s pour \u00eatre 1000 (et une) personnes \u00e0 la fois.\n\u2013 Photographe parce que les yeux sont curieux.\nOu chauffeur d\u2019une voiture chaude qui conduirait les gens n\u2019importe o\u00f9 (si c\u2019est demand\u00e9 gentiment!).\n\nVraiment, il ne sait pas encore ce qu\u2019il fera plus tard\u2026\n<br><br>\n<em>\u00ab J\u2019aime \u00e9crire comme on fabrique des souvenirs et parce qu\u2019il ne faut jamais taire ce qui nous \u00e9tonne, nous met en col\u00e8re, nous fait peur ou nous passionne. Tellement convaincu que les livres lus pendant l\u2019enfance r\u00e9sonnent longtemps dans nos vies d\u2019adultes. \u00bb<\/em>\t\t\t\t\t\t\t\t<\/div>\n\t\t\t\t<\/div>\n\t\t\t\t\t<\/div>\n\t\t<\/div>\n\t\t\t\t\t<\/div>\n\t\t<\/section>\n\t\t\t\t<section class=\"elementor-section elementor-inner-section elementor-element elementor-element-726bb4b elementor-section-boxed elementor-section-height-default elementor-section-height-default\" data-id=\"726bb4b\" data-element_type=\"section\">\n\t\t\t\t\t\t<div class=\"elementor-container elementor-column-gap-default\">\n\t\t\t\t\t<div class=\"elementor-column elementor-col-50 elementor-inner-column elementor-element elementor-element-102f5ad\" data-id=\"102f5ad\" data-element_type=\"column\">\n\t\t\t<div class=\"elementor-widget-wrap\">\n\t\t\t\t\t\t\t<\/div>\n\t\t<\/div>\n\t\t\t\t<div class=\"elementor-column elementor-col-50 elementor-inner-column elementor-element elementor-element-5ab7127\" data-id=\"5ab7127\" data-element_type=\"column\">\n\t\t\t<div class=\"elementor-widget-wrap elementor-element-populated\">\n\t\t\t\t\t\t<div class=\"elementor-element elementor-element-bc8033e elementor-align-left elementor-widget elementor-widget-button\" data-id=\"bc8033e\" data-element_type=\"widget\" data-widget_type=\"button.default\">\n\t\t\t\t<div class=\"elementor-widget-container\">\n\t\t\t\t\t\t\t\t\t<div class=\"elementor-button-wrapper\">\n\t\t\t\t\t<a class=\"elementor-button elementor-button-link elementor-size-sm\" href=\"https:\/\/thomas-scotto.net\/\">\n\t\t\t\t\t\t<span class=\"elementor-button-content-wrapper\">\n\t\t\t\t\t\t\t\t\t<span class=\"elementor-button-text\">En savoir plus<\/span>\n\t\t\t\t\t<\/span>\n\t\t\t\t\t<\/a>\n\t\t\t\t<\/div>\n\t\t\t\t\t\t\t\t<\/div>\n\t\t\t\t<\/div>\n\t\t\t\t\t<\/div>\n\t\t<\/div>\n\t\t\t\t\t<\/div>\n\t\t<\/section>\n\t\t\t\t\t<\/div>\n\t\t<\/div>\n\t\t\t\t<div class=\"elementor-column elementor-col-33 elementor-top-column elementor-element elementor-element-36442da\" data-id=\"36442da\" data-element_type=\"column\">\n\t\t\t<div class=\"elementor-widget-wrap\">\n\t\t\t\t\t\t\t<\/div>\n\t\t<\/div>\n\t\t\t\t\t<\/div>\n\t\t<\/section>\n\t\t\t\t<section class=\"elementor-section elementor-top-section elementor-element elementor-element-b20b634 elementor-section-boxed elementor-section-height-default elementor-section-height-default\" data-id=\"b20b634\" data-element_type=\"section\">\n\t\t\t\t\t\t<div class=\"elementor-container elementor-column-gap-default\">\n\t\t\t\t\t<div class=\"elementor-column elementor-col-100 elementor-top-column elementor-element elementor-element-9b73da1\" data-id=\"9b73da1\" data-element_type=\"column\">\n\t\t\t<div class=\"elementor-widget-wrap elementor-element-populated\">\n\t\t\t\t\t\t<div class=\"elementor-element elementor-element-abc6130 elementor-widget elementor-widget-spacer\" data-id=\"abc6130\" data-element_type=\"widget\" data-widget_type=\"spacer.default\">\n\t\t\t\t<div class=\"elementor-widget-container\">\n\t\t\t\t\t\t\t<div class=\"elementor-spacer\">\n\t\t\t<div class=\"elementor-spacer-inner\"><\/div>\n\t\t<\/div>\n\t\t\t\t\t\t<\/div>\n\t\t\t\t<\/div>\n\t\t\t\t\t<\/div>\n\t\t<\/div>\n\t\t\t\t\t<\/div>\n\t\t<\/section>\n\t\t\t\t<\/div>\n\t\t","protected":false},"excerpt":{"rendered":"<p>Thomas Scotto N\u00e9 en 1974, Thomas Scotto grandit au rythme des mots, aux rimes des Fabulettes d\u2019Anne Sylvestre. Apr\u00e8s avoir \u00e9court\u00e9 de (longues) \u00e9tudes de lettres \u00e0 Tours, il profite de la naissance de sa premi\u00e8re fille pour devenir papa au foyer et commencer \u00e0 \u00e9crire\u2026 Un bonheur reconduit tacitement \u00e0 la naissance de sa &hellip;<\/p>\n<p class=\"read-more\"> <a class=\"\" href=\"https:\/\/festival-livre-jeunesse.fr\/2024\/thomas-scotto\/\"> <span class=\"screen-reader-text\">Thomas Scotto<\/span> Lire la suite\u00a0\u00bb<\/a><\/p>\n","protected":false},"author":1,"featured_media":0,"parent":0,"menu_order":0,"comment_status":"closed","ping_status":"closed","template":"","meta":{"site-sidebar-layout":"no-sidebar","site-content-layout":"page-builder","ast-site-content-layout":"full-width-container","site-content-style":"default","site-sidebar-style":"default","ast-global-header-display":"","ast-banner-title-visibility":"","ast-main-header-display":"","ast-hfb-above-header-display":"","ast-hfb-below-header-display":"","ast-hfb-mobile-header-display":"","site-post-title":"disabled","ast-breadcrumbs-content":"","ast-featured-img":"disabled","footer-sml-layout":"","theme-transparent-header-meta":"","adv-header-id-meta":"","stick-header-meta":"","header-above-stick-meta":"","header-main-stick-meta":"","header-below-stick-meta":"","astra-migrate-meta-layouts":"set","footnotes":""},"class_list":["post-14342","page","type-page","status-publish","hentry"],"yoast_head":"<!-- This site is optimized with the Yoast SEO plugin v21.4 - https:\/\/yoast.com\/wordpress\/plugins\/seo\/ -->\n<title>Thomas Scotto - Festival Livre Jeunesse Occitanie<\/title>\n<meta name=\"robots\" content=\"index, follow, max-snippet:-1, max-image-preview:large, max-video-preview:-1\" \/>\n<link rel=\"canonical\" href=\"https:\/\/festival-livre-jeunesse.fr\/2024\/thomas-scotto\/\" \/>\n<meta property=\"og:locale\" content=\"fr_FR\" \/>\n<meta property=\"og:type\" content=\"article\" \/>\n<meta property=\"og:title\" content=\"Thomas Scotto - Festival Livre Jeunesse Occitanie\" \/>\n<meta property=\"og:description\" content=\"Thomas Scotto N\u00e9 en 1974, Thomas Scotto grandit au rythme des mots, aux rimes des Fabulettes d\u2019Anne Sylvestre. Apr\u00e8s avoir \u00e9court\u00e9 de (longues) \u00e9tudes de lettres \u00e0 Tours, il profite de la naissance de sa premi\u00e8re fille pour devenir papa au foyer et commencer \u00e0 \u00e9crire\u2026 Un bonheur reconduit tacitement \u00e0 la naissance de sa &hellip; Thomas Scotto Lire la suite\u00a0\u00bb\" \/>\n<meta property=\"og:url\" content=\"https:\/\/festival-livre-jeunesse.fr\/2024\/thomas-scotto\/\" \/>\n<meta property=\"og:site_name\" content=\"Festival Livre Jeunesse Occitanie\" \/>\n<meta property=\"article:publisher\" content=\"https:\/\/www.facebook.com\/FestivalLivreJeunesseOccitanie\" \/>\n<meta property=\"article:modified_time\" content=\"2023-10-26T07:48:46+00:00\" \/>\n<meta property=\"og:image\" content=\"https:\/\/festival-livre-jeunesse.fr\/2024\/wp-content\/uploads\/2023\/09\/Thomas-Scotto-300x166.png\" \/>\n<meta name=\"twitter:card\" content=\"summary_large_image\" \/>\n<meta name=\"twitter:site\" content=\"@FljOccitanie\" \/>\n<meta name=\"twitter:label1\" content=\"Dur\u00e9e de lecture estim\u00e9e\" \/>\n\t<meta name=\"twitter:data1\" content=\"1 minute\" \/>\n<script type=\"application\/ld+json\" class=\"yoast-schema-graph\">{\"@context\":\"https:\/\/schema.org\",\"@graph\":[{\"@type\":\"WebPage\",\"@id\":\"https:\/\/festival-livre-jeunesse.fr\/2024\/thomas-scotto\/\",\"url\":\"https:\/\/festival-livre-jeunesse.fr\/2024\/thomas-scotto\/\",\"name\":\"Thomas Scotto - Festival Livre Jeunesse Occitanie\",\"isPartOf\":{\"@id\":\"https:\/\/festival-livre-jeunesse.fr\/2024\/#website\"},\"datePublished\":\"2023-09-16T11:00:53+00:00\",\"dateModified\":\"2023-10-26T07:48:46+00:00\",\"breadcrumb\":{\"@id\":\"https:\/\/festival-livre-jeunesse.fr\/2024\/thomas-scotto\/#breadcrumb\"},\"inLanguage\":\"fr-FR\",\"potentialAction\":[{\"@type\":\"ReadAction\",\"target\":[\"https:\/\/festival-livre-jeunesse.fr\/2024\/thomas-scotto\/\"]}]},{\"@type\":\"BreadcrumbList\",\"@id\":\"https:\/\/festival-livre-jeunesse.fr\/2024\/thomas-scotto\/#breadcrumb\",\"itemListElement\":[{\"@type\":\"ListItem\",\"position\":1,\"name\":\"Accueil\",\"item\":\"https:\/\/festival-livre-jeunesse.fr\/2024\/\"},{\"@type\":\"ListItem\",\"position\":2,\"name\":\"Thomas Scotto\"}]},{\"@type\":\"WebSite\",\"@id\":\"https:\/\/festival-livre-jeunesse.fr\/2024\/#website\",\"url\":\"https:\/\/festival-livre-jeunesse.fr\/2024\/\",\"name\":\"Festival Livre Jeunesse Occitanie\",\"description\":\"23\u00e8me \u00e9dition - janvier 2025\",\"publisher\":{\"@id\":\"https:\/\/festival-livre-jeunesse.fr\/2024\/#organization\"},\"potentialAction\":[{\"@type\":\"SearchAction\",\"target\":{\"@type\":\"EntryPoint\",\"urlTemplate\":\"https:\/\/festival-livre-jeunesse.fr\/2024\/?s={search_term_string}\"},\"query-input\":\"required name=search_term_string\"}],\"inLanguage\":\"fr-FR\"},{\"@type\":\"Organization\",\"@id\":\"https:\/\/festival-livre-jeunesse.fr\/2024\/#organization\",\"name\":\"festival livre jeunesse occitanie\",\"url\":\"https:\/\/festival-livre-jeunesse.fr\/2024\/\",\"logo\":{\"@type\":\"ImageObject\",\"inLanguage\":\"fr-FR\",\"@id\":\"https:\/\/festival-livre-jeunesse.fr\/2024\/#\/schema\/logo\/image\/\",\"url\":\"https:\/\/festival-livre-jeunesse.fr\/2024\/wp-content\/uploads\/2021\/05\/Logo-FLJ-petit.png\",\"contentUrl\":\"https:\/\/festival-livre-jeunesse.fr\/2024\/wp-content\/uploads\/2021\/05\/Logo-FLJ-petit.png\",\"width\":204,\"height\":200,\"caption\":\"festival livre jeunesse occitanie\"},\"image\":{\"@id\":\"https:\/\/festival-livre-jeunesse.fr\/2024\/#\/schema\/logo\/image\/\"},\"sameAs\":[\"https:\/\/www.facebook.com\/FestivalLivreJeunesseOccitanie\",\"https:\/\/twitter.com\/FljOccitanie\"]}]}<\/script>\n<!-- \/ Yoast SEO plugin. -->","yoast_head_json":{"title":"Thomas Scotto - Festival Livre Jeunesse Occitanie","robots":{"index":"index","follow":"follow","max-snippet":"max-snippet:-1","max-image-preview":"max-image-preview:large","max-video-preview":"max-video-preview:-1"},"canonical":"https:\/\/festival-livre-jeunesse.fr\/2024\/thomas-scotto\/","og_locale":"fr_FR","og_type":"article","og_title":"Thomas Scotto - Festival Livre Jeunesse Occitanie","og_description":"Thomas Scotto N\u00e9 en 1974, Thomas Scotto grandit au rythme des mots, aux rimes des Fabulettes d\u2019Anne Sylvestre. Apr\u00e8s avoir \u00e9court\u00e9 de (longues) \u00e9tudes de lettres \u00e0 Tours, il profite de la naissance de sa premi\u00e8re fille pour devenir papa au foyer et commencer \u00e0 \u00e9crire\u2026 Un bonheur reconduit tacitement \u00e0 la naissance de sa &hellip; Thomas Scotto Lire la suite\u00a0\u00bb","og_url":"https:\/\/festival-livre-jeunesse.fr\/2024\/thomas-scotto\/","og_site_name":"Festival Livre Jeunesse Occitanie","article_publisher":"https:\/\/www.facebook.com\/FestivalLivreJeunesseOccitanie","article_modified_time":"2023-10-26T07:48:46+00:00","og_image":[{"url":"https:\/\/festival-livre-jeunesse.fr\/2024\/wp-content\/uploads\/2023\/09\/Thomas-Scotto-300x166.png"}],"twitter_card":"summary_large_image","twitter_site":"@FljOccitanie","twitter_misc":{"Dur\u00e9e de lecture estim\u00e9e":"1 minute"},"schema":{"@context":"https:\/\/schema.org","@graph":[{"@type":"WebPage","@id":"https:\/\/festival-livre-jeunesse.fr\/2024\/thomas-scotto\/","url":"https:\/\/festival-livre-jeunesse.fr\/2024\/thomas-scotto\/","name":"Thomas Scotto - Festival Livre Jeunesse Occitanie","isPartOf":{"@id":"https:\/\/festival-livre-jeunesse.fr\/2024\/#website"},"datePublished":"2023-09-16T11:00:53+00:00","dateModified":"2023-10-26T07:48:46+00:00","breadcrumb":{"@id":"https:\/\/festival-livre-jeunesse.fr\/2024\/thomas-scotto\/#breadcrumb"},"inLanguage":"fr-FR","potentialAction":[{"@type":"ReadAction","target":["https:\/\/festival-livre-jeunesse.fr\/2024\/thomas-scotto\/"]}]},{"@type":"BreadcrumbList","@id":"https:\/\/festival-livre-jeunesse.fr\/2024\/thomas-scotto\/#breadcrumb","itemListElement":[{"@type":"ListItem","position":1,"name":"Accueil","item":"https:\/\/festival-livre-jeunesse.fr\/2024\/"},{"@type":"ListItem","position":2,"name":"Thomas Scotto"}]},{"@type":"WebSite","@id":"https:\/\/festival-livre-jeunesse.fr\/2024\/#website","url":"https:\/\/festival-livre-jeunesse.fr\/2024\/","name":"Festival Livre Jeunesse Occitanie","description":"23\u00e8me \u00e9dition - janvier 2025","publisher":{"@id":"https:\/\/festival-livre-jeunesse.fr\/2024\/#organization"},"potentialAction":[{"@type":"SearchAction","target":{"@type":"EntryPoint","urlTemplate":"https:\/\/festival-livre-jeunesse.fr\/2024\/?s={search_term_string}"},"query-input":"required name=search_term_string"}],"inLanguage":"fr-FR"},{"@type":"Organization","@id":"https:\/\/festival-livre-jeunesse.fr\/2024\/#organization","name":"festival livre jeunesse occitanie","url":"https:\/\/festival-livre-jeunesse.fr\/2024\/","logo":{"@type":"ImageObject","inLanguage":"fr-FR","@id":"https:\/\/festival-livre-jeunesse.fr\/2024\/#\/schema\/logo\/image\/","url":"https:\/\/festival-livre-jeunesse.fr\/2024\/wp-content\/uploads\/2021\/05\/Logo-FLJ-petit.png","contentUrl":"https:\/\/festival-livre-jeunesse.fr\/2024\/wp-content\/uploads\/2021\/05\/Logo-FLJ-petit.png","width":204,"height":200,"caption":"festival livre jeunesse occitanie"},"image":{"@id":"https:\/\/festival-livre-jeunesse.fr\/2024\/#\/schema\/logo\/image\/"},"sameAs":["https:\/\/www.facebook.com\/FestivalLivreJeunesseOccitanie","https:\/\/twitter.com\/FljOccitanie"]}]}},"_links":{"self":[{"href":"https:\/\/festival-livre-jeunesse.fr\/2024\/wp-json\/wp\/v2\/pages\/14342"}],"collection":[{"href":"https:\/\/festival-livre-jeunesse.fr\/2024\/wp-json\/wp\/v2\/pages"}],"about":[{"href":"https:\/\/festival-livre-jeunesse.fr\/2024\/wp-json\/wp\/v2\/types\/page"}],"author":[{"embeddable":true,"href":"https:\/\/festival-livre-jeunesse.fr\/2024\/wp-json\/wp\/v2\/users\/1"}],"replies":[{"embeddable":true,"href":"https:\/\/festival-livre-jeunesse.fr\/2024\/wp-json\/wp\/v2\/comments?post=14342"}],"version-history":[{"count":7,"href":"https:\/\/festival-livre-jeunesse.fr\/2024\/wp-json\/wp\/v2\/pages\/14342\/revisions"}],"predecessor-version":[{"id":15040,"href":"https:\/\/festival-livre-jeunesse.fr\/2024\/wp-json\/wp\/v2\/pages\/14342\/revisions\/15040"}],"wp:attachment":[{"href":"https:\/\/festival-livre-jeunesse.fr\/2024\/wp-json\/wp\/v2\/media?parent=14342"}],"curies":[{"name":"wp","href":"https:\/\/api.w.org\/{rel}","templated":true}]}}