{"id":16805,"date":"2024-04-05T13:55:02","date_gmt":"2024-04-05T11:55:02","guid":{"rendered":"https:\/\/festival-livre-jeunesse.fr\/2024\/?page_id=16805"},"modified":"2024-05-27T11:58:07","modified_gmt":"2024-05-27T09:58:07","slug":"partir-en-livre-dans-les-communes-de-toulouse-metropole","status":"publish","type":"page","link":"https:\/\/festival-livre-jeunesse.fr\/2024\/partir-en-livre-dans-les-communes-de-toulouse-metropole\/","title":{"rendered":"Partir en Livre 2024"},"content":{"rendered":"\t\t<div data-elementor-type=\"wp-page\" data-elementor-id=\"16805\" class=\"elementor elementor-16805\">\n\t\t\t\t\t\t<section class=\"elementor-section elementor-top-section elementor-element elementor-element-72231a8f elementor-section-content-middle elementor-section-boxed elementor-section-height-default elementor-section-height-default\" data-id=\"72231a8f\" data-element_type=\"section\" data-settings=\"{&quot;background_background&quot;:&quot;classic&quot;}\">\n\t\t\t\t\t\t<div class=\"elementor-container elementor-column-gap-no\">\n\t\t\t\t\t<div class=\"elementor-column elementor-col-100 elementor-top-column elementor-element elementor-element-58b94c77\" data-id=\"58b94c77\" data-element_type=\"column\" data-settings=\"{&quot;background_background&quot;:&quot;classic&quot;}\">\n\t\t\t<div class=\"elementor-widget-wrap elementor-element-populated\">\n\t\t\t\t\t\t<div class=\"elementor-element elementor-element-56f21b9 elementor-widget elementor-widget-spacer\" data-id=\"56f21b9\" data-element_type=\"widget\" data-widget_type=\"spacer.default\">\n\t\t\t\t<div class=\"elementor-widget-container\">\n\t\t\t\t\t\t\t<div class=\"elementor-spacer\">\n\t\t\t<div class=\"elementor-spacer-inner\"><\/div>\n\t\t<\/div>\n\t\t\t\t\t\t<\/div>\n\t\t\t\t<\/div>\n\t\t\t\t<div class=\"elementor-element elementor-element-3de0a028 elementor-widget elementor-widget-image\" data-id=\"3de0a028\" data-element_type=\"widget\" data-widget_type=\"image.default\">\n\t\t\t\t<div class=\"elementor-widget-container\">\n\t\t\t\t\t\t\t\t\t\t\t\t\t\t\t<img fetchpriority=\"high\" decoding=\"async\" width=\"2560\" height=\"1270\" src=\"https:\/\/festival-livre-jeunesse.fr\/2024\/wp-content\/uploads\/2024\/04\/villeneuve-t-pageaud-24-1-scaled.jpg\" class=\"attachment-full size-full wp-image-16814\" alt=\"\" srcset=\"https:\/\/festival-livre-jeunesse.fr\/2024\/wp-content\/uploads\/2024\/04\/villeneuve-t-pageaud-24-1-scaled.jpg 2560w, https:\/\/festival-livre-jeunesse.fr\/2024\/wp-content\/uploads\/2024\/04\/villeneuve-t-pageaud-24-1-300x149.jpg 300w, https:\/\/festival-livre-jeunesse.fr\/2024\/wp-content\/uploads\/2024\/04\/villeneuve-t-pageaud-24-1-1024x508.jpg 1024w, https:\/\/festival-livre-jeunesse.fr\/2024\/wp-content\/uploads\/2024\/04\/villeneuve-t-pageaud-24-1-768x381.jpg 768w, https:\/\/festival-livre-jeunesse.fr\/2024\/wp-content\/uploads\/2024\/04\/villeneuve-t-pageaud-24-1-1536x762.jpg 1536w, https:\/\/festival-livre-jeunesse.fr\/2024\/wp-content\/uploads\/2024\/04\/villeneuve-t-pageaud-24-1-2048x1016.jpg 2048w\" sizes=\"(max-width: 2560px) 100vw, 2560px\" \/>\t\t\t\t\t\t\t\t\t\t\t\t\t\t\t<\/div>\n\t\t\t\t<\/div>\n\t\t\t\t<div class=\"elementor-element elementor-element-225a7430 elementor-widget elementor-widget-heading\" data-id=\"225a7430\" data-element_type=\"widget\" data-widget_type=\"heading.default\">\n\t\t\t\t<div class=\"elementor-widget-container\">\n\t\t\t\t\t<h3 class=\"elementor-heading-title elementor-size-default\">Partir en Livre dans les communes de Toulouse M\u00e9tropole<\/h3>\t\t\t\t<\/div>\n\t\t\t\t<\/div>\n\t\t\t\t<div class=\"elementor-element elementor-element-2d70157c elementor-widget elementor-widget-text-editor\" data-id=\"2d70157c\" data-element_type=\"widget\" data-widget_type=\"text-editor.default\">\n\t\t\t\t<div class=\"elementor-widget-container\">\n\t\t\t\t\t\t\t\t\t<p><strong>Organis\u00e9 par le Centre national du livre (CNL) sous l\u2019impulsion du minist\u00e8re de la Culture<\/strong><strong>, \u00ab\u00a0Partir en Livre\u00a0\u00bb sort les livres des \u00e9tag\u00e8res pour aller \u00e0 la rencontre des jeunes publics sur leurs lieux et temps de loisirs, afin de transmettre le plaisir de lire.<\/strong><\/p><p>\u00a0<\/p>\t\t\t\t\t\t\t\t<\/div>\n\t\t\t\t<\/div>\n\t\t\t\t<section class=\"elementor-section elementor-inner-section elementor-element elementor-element-37887c90 elementor-section-boxed elementor-section-height-default elementor-section-height-default\" data-id=\"37887c90\" data-element_type=\"section\">\n\t\t\t\t\t\t<div class=\"elementor-container elementor-column-gap-default\">\n\t\t\t\t\t<div class=\"elementor-column elementor-col-50 elementor-inner-column elementor-element elementor-element-98c96cd\" data-id=\"98c96cd\" data-element_type=\"column\">\n\t\t\t<div class=\"elementor-widget-wrap elementor-element-populated\">\n\t\t\t\t\t\t<div class=\"elementor-element elementor-element-3be4b7f4 elementor-widget elementor-widget-text-editor\" data-id=\"3be4b7f4\" data-element_type=\"widget\" data-widget_type=\"text-editor.default\">\n\t\t\t\t<div class=\"elementor-widget-container\">\n\t\t\t\t\t\t\t\t\t<p><strong>Une manifestation nationale\u2026 \u00e0&nbsp; l\u2019\u00e9chelle m\u00e9tropolitaine<\/strong><\/p>\n<p>Depuis 2021, l\u2019association du Festival du Livre Jeunesse Occitanie poursuit sa mission initiale de promotion de la litt\u00e9rature jeunesse en s\u2019associant \u00e0 l\u2019op\u00e9ration nationale&nbsp;&nbsp; \u00ab Partir en Livre \u00bb, en collaboration avec Toulouse M\u00e9tropole.<\/p>\n<p><\/p>\n<p><strong>Rendez-vous du 19 juin au 21 juillet 2024 dans une vingtaine de communes de Toulouse M\u00e9tropole.<\/strong><\/p>\t\t\t\t\t\t\t\t<\/div>\n\t\t\t\t<\/div>\n\t\t\t\t\t<\/div>\n\t\t<\/div>\n\t\t\t\t<div class=\"elementor-column elementor-col-50 elementor-inner-column elementor-element elementor-element-23f66ab0\" data-id=\"23f66ab0\" data-element_type=\"column\">\n\t\t\t<div class=\"elementor-widget-wrap elementor-element-populated\">\n\t\t\t\t\t\t<div class=\"elementor-element elementor-element-4b0fa206 elementor-widget elementor-widget-text-editor\" data-id=\"4b0fa206\" data-element_type=\"widget\" data-widget_type=\"text-editor.default\">\n\t\t\t\t<div class=\"elementor-widget-container\">\n\t\t\t\t\t\t\t\t\t<p>A l\u2019occasion des Jeux Olympiques et Paralympiques 2024, les 10 ans de Partir en Livre auront pour th\u00e8me \u00ab\u00a0<strong>sports et jeux<\/strong>\u00a0\u00bb. Du\u00a0<strong>19 juin au 21 juillet 2024<\/strong>, nous vous invitons \u00e0 explorer les liens entre le sport et la litt\u00e9rature. Petits ou grands, tout seul ou en \u00e9quipe, lecteurs comme sportifs pourront partager la m\u00eame envie d\u2019\u00e9vasion, de r\u00eave, de partage et de plaisir\u2026 tout en prenant soin de leur sant\u00e9 physique et mentale.<br \/><strong>\u00ab Lisez, bougez ! \u00bb sera donc le mot d\u2019ordre de cette dixi\u00e8me \u00e9dition de Partir en Livre !<\/strong><\/p>\t\t\t\t\t\t\t\t<\/div>\n\t\t\t\t<\/div>\n\t\t\t\t\t<\/div>\n\t\t<\/div>\n\t\t\t\t\t<\/div>\n\t\t<\/section>\n\t\t\t\t\t<\/div>\n\t\t<\/div>\n\t\t\t\t\t<\/div>\n\t\t<\/section>\n\t\t\t\t<section class=\"elementor-section elementor-top-section elementor-element elementor-element-76502d74 elementor-section-content-middle elementor-section-boxed elementor-section-height-default elementor-section-height-default\" data-id=\"76502d74\" data-element_type=\"section\" data-settings=\"{&quot;background_background&quot;:&quot;classic&quot;}\">\n\t\t\t\t\t\t<div class=\"elementor-container elementor-column-gap-no\">\n\t\t\t\t\t<div class=\"elementor-column elementor-col-25 elementor-top-column elementor-element elementor-element-249abd51\" data-id=\"249abd51\" data-element_type=\"column\">\n\t\t\t<div class=\"elementor-widget-wrap\">\n\t\t\t\t\t\t\t<\/div>\n\t\t<\/div>\n\t\t\t\t<div class=\"elementor-column elementor-col-25 elementor-top-column elementor-element elementor-element-92a33b7\" data-id=\"92a33b7\" data-element_type=\"column\">\n\t\t\t<div class=\"elementor-widget-wrap elementor-element-populated\">\n\t\t\t\t\t\t<div class=\"elementor-element elementor-element-20f1e4e7 elementor-widget elementor-widget-image\" data-id=\"20f1e4e7\" data-element_type=\"widget\" data-widget_type=\"image.default\">\n\t\t\t\t<div class=\"elementor-widget-container\">\n\t\t\t\t\t\t\t\t\t\t\t\t\t\t\t<img decoding=\"async\" width=\"768\" height=\"1086\" src=\"https:\/\/festival-livre-jeunesse.fr\/2024\/wp-content\/uploads\/2024\/04\/240308_CNL_PEL_AFFICHE_OFFICIELLE_V4-1_11zon-768x1086.png\" class=\"attachment-medium_large size-medium_large wp-image-16815\" alt=\"\" srcset=\"https:\/\/festival-livre-jeunesse.fr\/2024\/wp-content\/uploads\/2024\/04\/240308_CNL_PEL_AFFICHE_OFFICIELLE_V4-1_11zon-768x1086.png 768w, https:\/\/festival-livre-jeunesse.fr\/2024\/wp-content\/uploads\/2024\/04\/240308_CNL_PEL_AFFICHE_OFFICIELLE_V4-1_11zon-212x300.png 212w, https:\/\/festival-livre-jeunesse.fr\/2024\/wp-content\/uploads\/2024\/04\/240308_CNL_PEL_AFFICHE_OFFICIELLE_V4-1_11zon-724x1024.png 724w, https:\/\/festival-livre-jeunesse.fr\/2024\/wp-content\/uploads\/2024\/04\/240308_CNL_PEL_AFFICHE_OFFICIELLE_V4-1_11zon-1086x1536.png 1086w, https:\/\/festival-livre-jeunesse.fr\/2024\/wp-content\/uploads\/2024\/04\/240308_CNL_PEL_AFFICHE_OFFICIELLE_V4-1_11zon.png 1090w\" sizes=\"(max-width: 768px) 100vw, 768px\" \/>\t\t\t\t\t\t\t\t\t\t\t\t\t\t\t<\/div>\n\t\t\t\t<\/div>\n\t\t\t\t\t<\/div>\n\t\t<\/div>\n\t\t\t\t<div class=\"elementor-column elementor-col-25 elementor-top-column elementor-element elementor-element-5b9acc28\" data-id=\"5b9acc28\" data-element_type=\"column\">\n\t\t\t<div class=\"elementor-widget-wrap elementor-element-populated\">\n\t\t\t\t\t\t<div class=\"elementor-element elementor-element-547904f6 elementor-widget elementor-widget-heading\" data-id=\"547904f6\" data-element_type=\"widget\" data-widget_type=\"heading.default\">\n\t\t\t\t<div class=\"elementor-widget-container\">\n\t\t\t\t\t<h4 class=\"elementor-heading-title elementor-size-default\">Une affiche sign\u00e9e Claude Ponti<\/h4>\t\t\t\t<\/div>\n\t\t\t\t<\/div>\n\t\t\t\t<div class=\"elementor-element elementor-element-1977849d elementor-widget elementor-widget-text-editor\" data-id=\"1977849d\" data-element_type=\"widget\" data-widget_type=\"text-editor.default\">\n\t\t\t\t<div class=\"elementor-widget-container\">\n\t\t\t\t\t\t\t\t\t<h2>Claude Ponti signe l&rsquo;affiche des 10 ans de Partir en Livre<\/h2><p class=\"blue\">Cr\u00e9ateur incontournable d\u2019histoires pour enfants,\u00a0<strong>Claude Ponti\u00a0<\/strong>nous fait l\u2019honneur de r\u00e9aliser l\u2019affiche de l\u2019\u00e9dition anniversaire du festival national du livre pour la jeunesse, sur le th\u00e8me \u00ab sports et jeux \u00bb. Ses personnages nous invitent \u00e0 plonger dans la lecture en toutes circonstances : seul ou \u00e0 plusieurs, dans les airs ou les fonds marins\u2026 laissons-nous emporter par l&rsquo;imaginaire des livres.<\/p><p class=\"blue\">Claude Ponti est n\u00e9 en 1948 \u00e0 Lun\u00e9ville en Lorraine, d\u2019un fort d\u00e9sir de vivre. Il a pass\u00e9 six mois \u00e0 l&rsquo;\u00e9cole des beaux-arts d&rsquo;Aix-en-Provence et un trimestre \u00e0 la facult\u00e9 de Strasbourg en lettres modernes. \u00c0 partir de 1969, il vit \u00e0 Paris o\u00f9 il \u00e9tudie seul le dessin, la peinture et la gravure et o\u00f9 il exerce divers m\u00e9tiers d&rsquo;appoint. Il travaille dans la presse, notamment \u00e0 L\u2019Express o\u00f9 il a commenc\u00e9 comme coursier avant d&rsquo;y proposer des illustrations. Parall\u00e8lement, il peint et ses \u0153uvres sont expos\u00e9es dans des galeries au cours des ann\u00e9es 70. Directeur artistique \u00e0 l&rsquo;Imagerie d\u2019\u00c9pinal pendant deux ans, il rencontre de nombreux auteurs de bandes dessin\u00e9es et apprend les secrets de fabrication d&rsquo;un livre. En 1986, il cr\u00e9e son premier livre pour enfants,\u00a0<em>L\u2019Album d\u2019Ad\u00e8le<\/em>, publi\u00e9 chez Gallimard, pour sa fille Ad\u00e8le qui vient de na\u00eetre. Suivra Ad\u00e8le s\u2019en m\u00eale en 1987. En 1990, il rejoint l\u2019\u00e9cole des loisirs o\u00f9 il publie\u00a0<em>P\u00e9tronille et ses 120 petits\u00a0<\/em>et plus de\u00a0<strong>70 autres albums<\/strong>\u00a0de tous les formats et pour tous les \u00e2ges. Par ailleurs, il est l\u2019auteur de pi\u00e8ces de th\u00e9\u00e2tre pour la jeunesse,\u00a0<em>Bonjour, O\u00f9 sont les mamans ?<\/em>,\u00a0<em>La tente<\/em>, parues \u00e0 l\u2019\u00e9cole des loisirs et de trois romans pour adultes,\u00a0<em>Les Pieds-Bleus, Est-ce qu\u2019hier n\u2019est pas fini ?, Le monde<\/em>, et inversement aux \u00e9ditions de l\u2019Olivier. En 2009, Claude Ponti a cr\u00e9\u00e9, avec ses amis aussi passionn\u00e9s que lui,\u00a0<strong><a href=\"https:\/\/www.partir-en-livre.fr\/que-faire\/en-ce-moment\/www.lemuz.org\">Le Muz<\/a><\/strong>, mus\u00e9e en ligne d\u2019\u0153uvres r\u00e9alis\u00e9es par des enfants dans le monde entier. En 2013, 2014, 2015, il r\u00e9alise \u00e0 Nantes, en collaboration avec l\u2019\u00e9quipe des Espaces Verts et du Jardin des Plantes des cr\u00e9ations uniques et en plein air.<\/p><p class=\"blue\">\u00a0<\/p><p>Texte issu du site Internet <a href=\"https:\/\/www.partir-en-livre.fr\/\">Partir en livre<\/a><\/p>\t\t\t\t\t\t\t\t<\/div>\n\t\t\t\t<\/div>\n\t\t\t\t\t<\/div>\n\t\t<\/div>\n\t\t\t\t<div class=\"elementor-column elementor-col-25 elementor-top-column elementor-element elementor-element-e4029b6\" data-id=\"e4029b6\" data-element_type=\"column\">\n\t\t\t<div class=\"elementor-widget-wrap\">\n\t\t\t\t\t\t\t<\/div>\n\t\t<\/div>\n\t\t\t\t\t<\/div>\n\t\t<\/section>\n\t\t\t\t<section class=\"elementor-section elementor-top-section elementor-element elementor-element-20212b7 elementor-section-boxed elementor-section-height-default elementor-section-height-default\" data-id=\"20212b7\" data-element_type=\"section\" data-settings=\"{&quot;background_background&quot;:&quot;classic&quot;}\">\n\t\t\t\t\t\t<div class=\"elementor-container elementor-column-gap-default\">\n\t\t\t\t\t<div class=\"elementor-column elementor-col-33 elementor-top-column elementor-element elementor-element-f181048\" data-id=\"f181048\" data-element_type=\"column\">\n\t\t\t<div class=\"elementor-widget-wrap\">\n\t\t\t\t\t\t\t<\/div>\n\t\t<\/div>\n\t\t\t\t<div class=\"elementor-column elementor-col-33 elementor-top-column elementor-element elementor-element-15b31f7\" data-id=\"15b31f7\" data-element_type=\"column\">\n\t\t\t<div class=\"elementor-widget-wrap elementor-element-populated\">\n\t\t\t\t\t\t<div class=\"elementor-element elementor-element-0e302d8 elementor-widget elementor-widget-heading\" data-id=\"0e302d8\" data-element_type=\"widget\" data-widget_type=\"heading.default\">\n\t\t\t\t<div class=\"elementor-widget-container\">\n\t\t\t\t\t<h3 class=\"elementor-heading-title elementor-size-large\">D\u00e9couvrez  le programme !<\/h3>\t\t\t\t<\/div>\n\t\t\t\t<\/div>\n\t\t\t\t<div class=\"elementor-element elementor-element-990a33d elementor-view-framed elementor-shape-circle elementor-widget elementor-widget-icon\" data-id=\"990a33d\" data-element_type=\"widget\" data-widget_type=\"icon.default\">\n\t\t\t\t<div class=\"elementor-widget-container\">\n\t\t\t\t\t\t\t<div class=\"elementor-icon-wrapper\">\n\t\t\t<a class=\"elementor-icon\" href=\"https:\/\/festival-livre-jeunesse.fr\/2024\/wp-content\/uploads\/2024\/04\/partir-en-livre-2024.pdf\">\n\t\t\t<i aria-hidden=\"true\" class=\"fas fa-book-reader\"><\/i>\t\t\t<\/a>\n\t\t<\/div>\n\t\t\t\t\t\t<\/div>\n\t\t\t\t<\/div>\n\t\t\t\t\t<\/div>\n\t\t<\/div>\n\t\t\t\t<div class=\"elementor-column elementor-col-33 elementor-top-column elementor-element elementor-element-7179f2c\" data-id=\"7179f2c\" data-element_type=\"column\">\n\t\t\t<div class=\"elementor-widget-wrap\">\n\t\t\t\t\t\t\t<\/div>\n\t\t<\/div>\n\t\t\t\t\t<\/div>\n\t\t<\/section>\n\t\t\t\t<section class=\"elementor-section elementor-top-section elementor-element elementor-element-2c330a2 elementor-section-boxed elementor-section-height-default elementor-section-height-default\" data-id=\"2c330a2\" data-element_type=\"section\" data-settings=\"{&quot;background_background&quot;:&quot;classic&quot;}\">\n\t\t\t\t\t\t<div class=\"elementor-container elementor-column-gap-default\">\n\t\t\t\t\t<div class=\"elementor-column elementor-col-14 elementor-top-column elementor-element elementor-element-cdea9df\" data-id=\"cdea9df\" data-element_type=\"column\">\n\t\t\t<div class=\"elementor-widget-wrap\">\n\t\t\t\t\t\t\t<\/div>\n\t\t<\/div>\n\t\t\t\t<div class=\"elementor-column elementor-col-14 elementor-top-column elementor-element elementor-element-c5e435a\" data-id=\"c5e435a\" data-element_type=\"column\">\n\t\t\t<div class=\"elementor-widget-wrap elementor-element-populated\">\n\t\t\t\t\t\t<div class=\"elementor-element elementor-element-a1017bd elementor-view-default elementor-position-top elementor-mobile-position-top elementor-widget elementor-widget-icon-box\" data-id=\"a1017bd\" data-element_type=\"widget\" data-widget_type=\"icon-box.default\">\n\t\t\t\t<div class=\"elementor-widget-container\">\n\t\t\t\t\t\t\t<div class=\"elementor-icon-box-wrapper\">\n\n\t\t\t\t\t\t<div class=\"elementor-icon-box-icon\">\n\t\t\t\t<a href=\"https:\/\/festival-livre-jeunesse.fr\/2024\/les-auteurs-invites-pel-2024\/\" class=\"elementor-icon elementor-animation-grow\" tabindex=\"-1\" aria-label=\"Les Invit\u00e9(e)s\">\n\t\t\t\t<i aria-hidden=\"true\" class=\"fas fa-star\"><\/i>\t\t\t\t<\/a>\n\t\t\t<\/div>\n\t\t\t\n\t\t\t\t\t\t<div class=\"elementor-icon-box-content\">\n\n\t\t\t\t\t\t\t\t\t<h3 class=\"elementor-icon-box-title\">\n\t\t\t\t\t\t<a href=\"https:\/\/festival-livre-jeunesse.fr\/2024\/les-auteurs-invites-pel-2024\/\" >\n\t\t\t\t\t\t\tLes Invit\u00e9(e)s\t\t\t\t\t\t<\/a>\n\t\t\t\t\t<\/h3>\n\t\t\t\t\n\t\t\t\t\n\t\t\t<\/div>\n\t\t\t\n\t\t<\/div>\n\t\t\t\t\t\t<\/div>\n\t\t\t\t<\/div>\n\t\t\t\t\t<\/div>\n\t\t<\/div>\n\t\t\t\t<div class=\"elementor-column elementor-col-14 elementor-top-column elementor-element elementor-element-615f411\" data-id=\"615f411\" data-element_type=\"column\">\n\t\t\t<div class=\"elementor-widget-wrap elementor-element-populated\">\n\t\t\t\t\t\t<div class=\"elementor-element elementor-element-e4aff4d elementor-view-default elementor-position-top elementor-mobile-position-top elementor-widget elementor-widget-icon-box\" data-id=\"e4aff4d\" data-element_type=\"widget\" data-widget_type=\"icon-box.default\">\n\t\t\t\t<div class=\"elementor-widget-container\">\n\t\t\t\t\t\t\t<div class=\"elementor-icon-box-wrapper\">\n\n\t\t\t\t\t\t<div class=\"elementor-icon-box-icon\">\n\t\t\t\t<a href=\"https:\/\/festival-livre-jeunesse.fr\/2024\/lieux\/\" class=\"elementor-icon elementor-animation-grow\" tabindex=\"-1\" aria-label=\"Les lieux\">\n\t\t\t\t<i aria-hidden=\"true\" class=\"fas fa-home\"><\/i>\t\t\t\t<\/a>\n\t\t\t<\/div>\n\t\t\t\n\t\t\t\t\t\t<div class=\"elementor-icon-box-content\">\n\n\t\t\t\t\t\t\t\t\t<h3 class=\"elementor-icon-box-title\">\n\t\t\t\t\t\t<a href=\"https:\/\/festival-livre-jeunesse.fr\/2024\/lieux\/\" >\n\t\t\t\t\t\t\tLes lieux\t\t\t\t\t\t<\/a>\n\t\t\t\t\t<\/h3>\n\t\t\t\t\n\t\t\t\t\n\t\t\t<\/div>\n\t\t\t\n\t\t<\/div>\n\t\t\t\t\t\t<\/div>\n\t\t\t\t<\/div>\n\t\t\t\t\t<\/div>\n\t\t<\/div>\n\t\t\t\t<div class=\"elementor-column elementor-col-14 elementor-top-column elementor-element elementor-element-442ed10\" data-id=\"442ed10\" data-element_type=\"column\">\n\t\t\t<div class=\"elementor-widget-wrap elementor-element-populated\">\n\t\t\t\t\t\t<div class=\"elementor-element elementor-element-1580975 elementor-view-default elementor-position-top elementor-mobile-position-top elementor-widget elementor-widget-icon-box\" data-id=\"1580975\" data-element_type=\"widget\" data-widget_type=\"icon-box.default\">\n\t\t\t\t<div class=\"elementor-widget-container\">\n\t\t\t\t\t\t\t<div class=\"elementor-icon-box-wrapper\">\n\n\t\t\t\t\t\t<div class=\"elementor-icon-box-icon\">\n\t\t\t\t<a href=\"https:\/\/festival-livre-jeunesse.fr\/2024\/3-rencontres-professionnelles\/\" class=\"elementor-icon elementor-animation-grow\" tabindex=\"-1\" aria-label=\"3# Rencontre professionnelle\">\n\t\t\t\t<i aria-hidden=\"true\" class=\"far fa-handshake\"><\/i>\t\t\t\t<\/a>\n\t\t\t<\/div>\n\t\t\t\n\t\t\t\t\t\t<div class=\"elementor-icon-box-content\">\n\n\t\t\t\t\t\t\t\t\t<h3 class=\"elementor-icon-box-title\">\n\t\t\t\t\t\t<a href=\"https:\/\/festival-livre-jeunesse.fr\/2024\/3-rencontres-professionnelles\/\" >\n\t\t\t\t\t\t\t3# Rencontre professionnelle\t\t\t\t\t\t<\/a>\n\t\t\t\t\t<\/h3>\n\t\t\t\t\n\t\t\t\t\n\t\t\t<\/div>\n\t\t\t\n\t\t<\/div>\n\t\t\t\t\t\t<\/div>\n\t\t\t\t<\/div>\n\t\t\t\t\t<\/div>\n\t\t<\/div>\n\t\t\t\t<div class=\"elementor-column elementor-col-14 elementor-top-column elementor-element elementor-element-13fd626\" data-id=\"13fd626\" data-element_type=\"column\">\n\t\t\t<div class=\"elementor-widget-wrap elementor-element-populated\">\n\t\t\t\t\t\t<div class=\"elementor-element elementor-element-c50d637 elementor-view-default elementor-position-top elementor-mobile-position-top elementor-widget elementor-widget-icon-box\" data-id=\"c50d637\" data-element_type=\"widget\" data-widget_type=\"icon-box.default\">\n\t\t\t\t<div class=\"elementor-widget-container\">\n\t\t\t\t\t\t\t<div class=\"elementor-icon-box-wrapper\">\n\n\t\t\t\t\t\t<div class=\"elementor-icon-box-icon\">\n\t\t\t\t<a href=\"https:\/\/festival-livre-jeunesse.fr\/2024\/les-partenaires-culturels\" class=\"elementor-icon elementor-animation-grow\" tabindex=\"-1\" aria-label=\"Nos partenaires culturels\">\n\t\t\t\t<i aria-hidden=\"true\" class=\"fas fa-people-carry\"><\/i>\t\t\t\t<\/a>\n\t\t\t<\/div>\n\t\t\t\n\t\t\t\t\t\t<div class=\"elementor-icon-box-content\">\n\n\t\t\t\t\t\t\t\t\t<h3 class=\"elementor-icon-box-title\">\n\t\t\t\t\t\t<a href=\"https:\/\/festival-livre-jeunesse.fr\/2024\/les-partenaires-culturels\" >\n\t\t\t\t\t\t\tNos partenaires culturels\t\t\t\t\t\t<\/a>\n\t\t\t\t\t<\/h3>\n\t\t\t\t\n\t\t\t\t\n\t\t\t<\/div>\n\t\t\t\n\t\t<\/div>\n\t\t\t\t\t\t<\/div>\n\t\t\t\t<\/div>\n\t\t\t\t\t<\/div>\n\t\t<\/div>\n\t\t\t\t<div class=\"elementor-column elementor-col-14 elementor-top-column elementor-element elementor-element-eb3c30d\" data-id=\"eb3c30d\" data-element_type=\"column\">\n\t\t\t<div class=\"elementor-widget-wrap elementor-element-populated\">\n\t\t\t\t\t\t<div class=\"elementor-element elementor-element-f85130a elementor-view-default elementor-position-top elementor-mobile-position-top elementor-widget elementor-widget-icon-box\" data-id=\"f85130a\" data-element_type=\"widget\" data-widget_type=\"icon-box.default\">\n\t\t\t\t<div class=\"elementor-widget-container\">\n\t\t\t\t\t\t\t<div class=\"elementor-icon-box-wrapper\">\n\n\t\t\t\t\t\t<div class=\"elementor-icon-box-icon\">\n\t\t\t\t<a href=\"https:\/\/festival-livre-jeunesse.fr\/2024\/les-librairies-partenaires\/\" class=\"elementor-icon\" tabindex=\"-1\" aria-label=\"Les librairies partenaires\">\n\t\t\t\t<i aria-hidden=\"true\" class=\"fas fa-book-reader\"><\/i>\t\t\t\t<\/a>\n\t\t\t<\/div>\n\t\t\t\n\t\t\t\t\t\t<div class=\"elementor-icon-box-content\">\n\n\t\t\t\t\t\t\t\t\t<h3 class=\"elementor-icon-box-title\">\n\t\t\t\t\t\t<a href=\"https:\/\/festival-livre-jeunesse.fr\/2024\/les-librairies-partenaires\/\" >\n\t\t\t\t\t\t\tLes librairies partenaires\t\t\t\t\t\t<\/a>\n\t\t\t\t\t<\/h3>\n\t\t\t\t\n\t\t\t\t\n\t\t\t<\/div>\n\t\t\t\n\t\t<\/div>\n\t\t\t\t\t\t<\/div>\n\t\t\t\t<\/div>\n\t\t\t\t\t<\/div>\n\t\t<\/div>\n\t\t\t\t<div class=\"elementor-column elementor-col-14 elementor-top-column elementor-element elementor-element-39b46f5\" data-id=\"39b46f5\" data-element_type=\"column\">\n\t\t\t<div class=\"elementor-widget-wrap\">\n\t\t\t\t\t\t\t<\/div>\n\t\t<\/div>\n\t\t\t\t\t<\/div>\n\t\t<\/section>\n\t\t\t\t<section class=\"elementor-section elementor-top-section elementor-element elementor-element-ab42e30 elementor-section-boxed elementor-section-height-default elementor-section-height-default\" data-id=\"ab42e30\" data-element_type=\"section\">\n\t\t\t\t\t\t<div class=\"elementor-container elementor-column-gap-default\">\n\t\t\t\t\t<div class=\"elementor-column elementor-col-33 elementor-top-column elementor-element elementor-element-5494085\" data-id=\"5494085\" data-element_type=\"column\">\n\t\t\t<div class=\"elementor-widget-wrap\">\n\t\t\t\t\t\t\t<\/div>\n\t\t<\/div>\n\t\t\t\t<div class=\"elementor-column elementor-col-33 elementor-top-column elementor-element elementor-element-76563bc\" data-id=\"76563bc\" data-element_type=\"column\">\n\t\t\t<div class=\"elementor-widget-wrap elementor-element-populated\">\n\t\t\t\t\t\t<div class=\"elementor-element elementor-element-4d1c3a7 elementor-widget elementor-widget-heading\" data-id=\"4d1c3a7\" data-element_type=\"widget\" data-widget_type=\"heading.default\">\n\t\t\t\t<div class=\"elementor-widget-container\">\n\t\t\t\t\t<h2 class=\"elementor-heading-title elementor-size-default\">Ev\u00e8nement itin\u00e9rant et enti\u00e8rement gratuit<\/h2>\t\t\t\t<\/div>\n\t\t\t\t<\/div>\n\t\t\t\t<section class=\"elementor-section elementor-inner-section elementor-element elementor-element-41256c3 elementor-section-boxed elementor-section-height-default elementor-section-height-default\" data-id=\"41256c3\" data-element_type=\"section\">\n\t\t\t\t\t\t<div class=\"elementor-container elementor-column-gap-default\">\n\t\t\t\t\t<div class=\"elementor-column elementor-col-50 elementor-inner-column elementor-element elementor-element-c4489b9\" data-id=\"c4489b9\" data-element_type=\"column\">\n\t\t\t<div class=\"elementor-widget-wrap elementor-element-populated\">\n\t\t\t\t\t\t<div class=\"elementor-element elementor-element-3e1f870 elementor-widget elementor-widget-text-editor\" data-id=\"3e1f870\" data-element_type=\"widget\" data-widget_type=\"text-editor.default\">\n\t\t\t\t<div class=\"elementor-widget-container\">\n\t\t\t\t\t\t\t\t\t<p>Spectacle jeune public, rencontre d&rsquo;auteurs en librairie, ateliers d&rsquo;illustration, fresque participative, Escape game, atelier bruitages, &#8230; l&rsquo;association vous propose un programme original et ludique dans une vingtaine de communes de Toulouse M\u00e9tropole.<\/p>\t\t\t\t\t\t\t\t<\/div>\n\t\t\t\t<\/div>\n\t\t\t\t\t<\/div>\n\t\t<\/div>\n\t\t\t\t<div class=\"elementor-column elementor-col-50 elementor-inner-column elementor-element elementor-element-b6be1f5\" data-id=\"b6be1f5\" data-element_type=\"column\">\n\t\t\t<div class=\"elementor-widget-wrap elementor-element-populated\">\n\t\t\t\t\t\t<div class=\"elementor-element elementor-element-a73c1cf elementor-button-danger elementor-align-center elementor-widget elementor-widget-button\" data-id=\"a73c1cf\" data-element_type=\"widget\" data-widget_type=\"button.default\">\n\t\t\t\t<div class=\"elementor-widget-container\">\n\t\t\t\t\t\t\t\t\t<div class=\"elementor-button-wrapper\">\n\t\t\t\t\t<a class=\"elementor-button elementor-button-link elementor-size-sm\" href=\"https:\/\/festival-livre-jeunesse.fr\/2024\/wp-content\/uploads\/2024\/04\/COMMUNIQUE-DE-PRESSE-PEL-2024.docx\">\n\t\t\t\t\t\t<span class=\"elementor-button-content-wrapper\">\n\t\t\t\t\t\t\t\t\t<span class=\"elementor-button-text\">COMMUNIQU\u00c9 DE PRESSE<\/span>\n\t\t\t\t\t<\/span>\n\t\t\t\t\t<\/a>\n\t\t\t\t<\/div>\n\t\t\t\t\t\t\t\t<\/div>\n\t\t\t\t<\/div>\n\t\t\t\t<div class=\"elementor-element elementor-element-75de7aa elementor-button-danger elementor-align-center elementor-widget elementor-widget-button\" data-id=\"75de7aa\" data-element_type=\"widget\" data-widget_type=\"button.default\">\n\t\t\t\t<div class=\"elementor-widget-container\">\n\t\t\t\t\t\t\t\t\t<div class=\"elementor-button-wrapper\">\n\t\t\t\t\t<a class=\"elementor-button elementor-button-link elementor-size-sm\" href=\"https:\/\/festival-livre-jeunesse.fr\/2024\/presse\/\">\n\t\t\t\t\t\t<span class=\"elementor-button-content-wrapper\">\n\t\t\t\t\t\t\t\t\t<span class=\"elementor-button-text\">    ESPACE PRESSE    <\/span>\n\t\t\t\t\t<\/span>\n\t\t\t\t\t<\/a>\n\t\t\t\t<\/div>\n\t\t\t\t\t\t\t\t<\/div>\n\t\t\t\t<\/div>\n\t\t\t\t\t<\/div>\n\t\t<\/div>\n\t\t\t\t\t<\/div>\n\t\t<\/section>\n\t\t\t\t\t<\/div>\n\t\t<\/div>\n\t\t\t\t<div class=\"elementor-column elementor-col-33 elementor-top-column elementor-element elementor-element-facfb6f\" data-id=\"facfb6f\" data-element_type=\"column\">\n\t\t\t<div class=\"elementor-widget-wrap\">\n\t\t\t\t\t\t\t<\/div>\n\t\t<\/div>\n\t\t\t\t\t<\/div>\n\t\t<\/section>\n\t\t\t\t<section class=\"elementor-section elementor-top-section elementor-element elementor-element-a4c3444 elementor-section-boxed elementor-section-height-default elementor-section-height-default\" data-id=\"a4c3444\" data-element_type=\"section\" data-settings=\"{&quot;background_background&quot;:&quot;classic&quot;}\">\n\t\t\t\t\t\t<div class=\"elementor-container elementor-column-gap-default\">\n\t\t\t\t\t<div class=\"elementor-column elementor-col-50 elementor-top-column elementor-element elementor-element-97fc389\" data-id=\"97fc389\" data-element_type=\"column\">\n\t\t\t<div class=\"elementor-widget-wrap\">\n\t\t\t\t\t\t\t<\/div>\n\t\t<\/div>\n\t\t\t\t<div class=\"elementor-column elementor-col-50 elementor-top-column elementor-element elementor-element-c3f1cfe\" data-id=\"c3f1cfe\" data-element_type=\"column\">\n\t\t\t<div class=\"elementor-widget-wrap elementor-element-populated\">\n\t\t\t\t\t\t<div class=\"elementor-element elementor-element-f05ab92 elementor-widget elementor-widget-heading\" data-id=\"f05ab92\" data-element_type=\"widget\" data-widget_type=\"heading.default\">\n\t\t\t\t<div class=\"elementor-widget-container\">\n\t\t\t\t\t<h4 class=\"elementor-heading-title elementor-size-default\">Ils nous soutiennent<\/h4>\t\t\t\t<\/div>\n\t\t\t\t<\/div>\n\t\t\t\t\t<\/div>\n\t\t<\/div>\n\t\t\t\t\t<\/div>\n\t\t<\/section>\n\t\t\t\t<section class=\"elementor-section elementor-top-section elementor-element elementor-element-73d53ed elementor-section-boxed elementor-section-height-default elementor-section-height-default\" data-id=\"73d53ed\" data-element_type=\"section\" data-settings=\"{&quot;background_background&quot;:&quot;classic&quot;}\">\n\t\t\t\t\t\t<div class=\"elementor-container elementor-column-gap-default\">\n\t\t\t\t\t<div class=\"elementor-column elementor-col-100 elementor-top-column elementor-element elementor-element-652328c\" data-id=\"652328c\" data-element_type=\"column\">\n\t\t\t<div class=\"elementor-widget-wrap elementor-element-populated\">\n\t\t\t\t\t\t<div class=\"elementor-element elementor-element-1c15d27 elementor-widget__width-initial elementor-arrows-position-inside elementor-pagination-position-outside elementor-widget elementor-widget-image-carousel\" data-id=\"1c15d27\" data-element_type=\"widget\" data-settings=\"{&quot;slides_to_show&quot;:&quot;3&quot;,&quot;navigation&quot;:&quot;both&quot;,&quot;autoplay&quot;:&quot;yes&quot;,&quot;pause_on_hover&quot;:&quot;yes&quot;,&quot;pause_on_interaction&quot;:&quot;yes&quot;,&quot;autoplay_speed&quot;:5000,&quot;infinite&quot;:&quot;yes&quot;,&quot;speed&quot;:500}\" data-widget_type=\"image-carousel.default\">\n\t\t\t\t<div class=\"elementor-widget-container\">\n\t\t\t\t\t\t\t<div class=\"elementor-image-carousel-wrapper swiper\" role=\"region\" aria-roledescription=\"carousel\" aria-label=\"Carrousel d\u2019images\" dir=\"ltr\">\n\t\t\t<div class=\"elementor-image-carousel swiper-wrapper\" aria-live=\"off\">\n\t\t\t\t\t\t\t\t<div class=\"swiper-slide\" role=\"group\" aria-roledescription=\"slide\" aria-label=\"1 sur 4\"><figure class=\"swiper-slide-inner\"><img decoding=\"async\" class=\"swiper-slide-image\" src=\"https:\/\/festival-livre-jeunesse.fr\/2024\/wp-content\/uploads\/2023\/09\/toulouse-metropole.png\" alt=\"toulouse-metropole.png\" \/><\/figure><\/div><div class=\"swiper-slide\" role=\"group\" aria-roledescription=\"slide\" aria-label=\"2 sur 4\"><figure class=\"swiper-slide-inner\"><img decoding=\"async\" class=\"swiper-slide-image\" src=\"https:\/\/festival-livre-jeunesse.fr\/2024\/wp-content\/uploads\/2021\/05\/partir-en-livre-150x150.png\" alt=\"partir en livre\" \/><\/figure><\/div><div class=\"swiper-slide\" role=\"group\" aria-roledescription=\"slide\" aria-label=\"3 sur 4\"><figure class=\"swiper-slide-inner\"><img decoding=\"async\" class=\"swiper-slide-image\" src=\"https:\/\/festival-livre-jeunesse.fr\/2024\/wp-content\/uploads\/2023\/09\/cnl.png\" alt=\"cnl.png\" \/><\/figure><\/div><div class=\"swiper-slide\" role=\"group\" aria-roledescription=\"slide\" aria-label=\"4 sur 4\"><figure class=\"swiper-slide-inner\"><img decoding=\"async\" class=\"swiper-slide-image\" src=\"https:\/\/festival-livre-jeunesse.fr\/2024\/wp-content\/uploads\/2023\/01\/logo_flj-1-150x150.jpg\" alt=\"Logo FLJ-1\" \/><\/figure><\/div>\t\t\t<\/div>\n\t\t\t\t\t\t\t\t\t\t\t\t<div class=\"elementor-swiper-button elementor-swiper-button-prev\" role=\"button\" tabindex=\"0\">\n\t\t\t\t\t\t<i aria-hidden=\"true\" class=\"eicon-chevron-left\"><\/i>\t\t\t\t\t<\/div>\n\t\t\t\t\t<div class=\"elementor-swiper-button elementor-swiper-button-next\" role=\"button\" tabindex=\"0\">\n\t\t\t\t\t\t<i aria-hidden=\"true\" class=\"eicon-chevron-right\"><\/i>\t\t\t\t\t<\/div>\n\t\t\t\t\n\t\t\t\t\t\t\t\t\t<div class=\"swiper-pagination\"><\/div>\n\t\t\t\t\t\t\t\t\t<\/div>\n\t\t\t\t\t\t<\/div>\n\t\t\t\t<\/div>\n\t\t\t\t\t<\/div>\n\t\t<\/div>\n\t\t\t\t\t<\/div>\n\t\t<\/section>\n\t\t\t\t<\/div>\n\t\t","protected":false},"excerpt":{"rendered":"<p>Partir en Livre dans les communes de Toulouse M\u00e9tropole Organis\u00e9 par le Centre national du livre (CNL) sous l\u2019impulsion du minist\u00e8re de la Culture, \u00ab\u00a0Partir en Livre\u00a0\u00bb sort les livres des \u00e9tag\u00e8res pour aller \u00e0 la rencontre des jeunes publics sur leurs lieux et temps de loisirs, afin de transmettre le plaisir de lire. \u00a0 &hellip;<\/p>\n<p class=\"read-more\"> <a class=\"\" href=\"https:\/\/festival-livre-jeunesse.fr\/2024\/partir-en-livre-dans-les-communes-de-toulouse-metropole\/\"> <span class=\"screen-reader-text\">Partir en Livre 2024<\/span> Lire la suite\u00a0\u00bb<\/a><\/p>\n","protected":false},"author":2,"featured_media":0,"parent":0,"menu_order":0,"comment_status":"closed","ping_status":"closed","template":"","meta":{"site-sidebar-layout":"no-sidebar","site-content-layout":"page-builder","ast-site-content-layout":"full-width-container","site-content-style":"default","site-sidebar-style":"default","ast-global-header-display":"","ast-banner-title-visibility":"","ast-main-header-display":"","ast-hfb-above-header-display":"","ast-hfb-below-header-display":"","ast-hfb-mobile-header-display":"","site-post-title":"disabled","ast-breadcrumbs-content":"","ast-featured-img":"disabled","footer-sml-layout":"","theme-transparent-header-meta":"","adv-header-id-meta":"","stick-header-meta":"","header-above-stick-meta":"","header-main-stick-meta":"","header-below-stick-meta":"","astra-migrate-meta-layouts":"set","footnotes":""},"class_list":["post-16805","page","type-page","status-publish","hentry"],"yoast_head":"<!-- This site is optimized with the Yoast SEO plugin v21.4 - https:\/\/yoast.com\/wordpress\/plugins\/seo\/ -->\n<title>Partir en Livre 2024 - Festival Livre Jeunesse Occitanie<\/title>\n<meta name=\"robots\" content=\"index, follow, max-snippet:-1, max-image-preview:large, max-video-preview:-1\" \/>\n<link rel=\"canonical\" href=\"https:\/\/festival-livre-jeunesse.fr\/2024\/partir-en-livre-dans-les-communes-de-toulouse-metropole\/\" \/>\n<meta property=\"og:locale\" content=\"fr_FR\" \/>\n<meta property=\"og:type\" content=\"article\" \/>\n<meta property=\"og:title\" content=\"Partir en Livre 2024 - Festival Livre Jeunesse Occitanie\" \/>\n<meta property=\"og:description\" content=\"Partir en Livre dans les communes de Toulouse M\u00e9tropole Organis\u00e9 par le Centre national du livre (CNL) sous l\u2019impulsion du minist\u00e8re de la Culture, \u00ab\u00a0Partir en Livre\u00a0\u00bb sort les livres des \u00e9tag\u00e8res pour aller \u00e0 la rencontre des jeunes publics sur leurs lieux et temps de loisirs, afin de transmettre le plaisir de lire. \u00a0 &hellip; Partir en Livre 2024 Lire la suite\u00a0\u00bb\" \/>\n<meta property=\"og:url\" content=\"https:\/\/festival-livre-jeunesse.fr\/2024\/partir-en-livre-dans-les-communes-de-toulouse-metropole\/\" \/>\n<meta property=\"og:site_name\" content=\"Festival Livre Jeunesse Occitanie\" \/>\n<meta property=\"article:publisher\" content=\"https:\/\/www.facebook.com\/FestivalLivreJeunesseOccitanie\" \/>\n<meta property=\"article:modified_time\" content=\"2024-05-27T09:58:07+00:00\" \/>\n<meta property=\"og:image\" content=\"https:\/\/festival-livre-jeunesse.fr\/2024\/wp-content\/uploads\/2024\/04\/villeneuve-t-pageaud-24-1-scaled.jpg\" \/>\n<meta name=\"twitter:card\" content=\"summary_large_image\" \/>\n<meta name=\"twitter:site\" content=\"@FljOccitanie\" \/>\n<meta name=\"twitter:label1\" content=\"Dur\u00e9e de lecture estim\u00e9e\" \/>\n\t<meta name=\"twitter:data1\" content=\"3 minutes\" \/>\n<script type=\"application\/ld+json\" class=\"yoast-schema-graph\">{\"@context\":\"https:\/\/schema.org\",\"@graph\":[{\"@type\":\"WebPage\",\"@id\":\"https:\/\/festival-livre-jeunesse.fr\/2024\/partir-en-livre-dans-les-communes-de-toulouse-metropole\/\",\"url\":\"https:\/\/festival-livre-jeunesse.fr\/2024\/partir-en-livre-dans-les-communes-de-toulouse-metropole\/\",\"name\":\"Partir en Livre 2024 - Festival Livre Jeunesse Occitanie\",\"isPartOf\":{\"@id\":\"https:\/\/festival-livre-jeunesse.fr\/2024\/#website\"},\"datePublished\":\"2024-04-05T11:55:02+00:00\",\"dateModified\":\"2024-05-27T09:58:07+00:00\",\"breadcrumb\":{\"@id\":\"https:\/\/festival-livre-jeunesse.fr\/2024\/partir-en-livre-dans-les-communes-de-toulouse-metropole\/#breadcrumb\"},\"inLanguage\":\"fr-FR\",\"potentialAction\":[{\"@type\":\"ReadAction\",\"target\":[\"https:\/\/festival-livre-jeunesse.fr\/2024\/partir-en-livre-dans-les-communes-de-toulouse-metropole\/\"]}]},{\"@type\":\"BreadcrumbList\",\"@id\":\"https:\/\/festival-livre-jeunesse.fr\/2024\/partir-en-livre-dans-les-communes-de-toulouse-metropole\/#breadcrumb\",\"itemListElement\":[{\"@type\":\"ListItem\",\"position\":1,\"name\":\"Accueil\",\"item\":\"https:\/\/festival-livre-jeunesse.fr\/2024\/\"},{\"@type\":\"ListItem\",\"position\":2,\"name\":\"Partir en Livre 2024\"}]},{\"@type\":\"WebSite\",\"@id\":\"https:\/\/festival-livre-jeunesse.fr\/2024\/#website\",\"url\":\"https:\/\/festival-livre-jeunesse.fr\/2024\/\",\"name\":\"Festival Livre Jeunesse Occitanie\",\"description\":\"23\u00e8me \u00e9dition - janvier 2025\",\"publisher\":{\"@id\":\"https:\/\/festival-livre-jeunesse.fr\/2024\/#organization\"},\"potentialAction\":[{\"@type\":\"SearchAction\",\"target\":{\"@type\":\"EntryPoint\",\"urlTemplate\":\"https:\/\/festival-livre-jeunesse.fr\/2024\/?s={search_term_string}\"},\"query-input\":\"required name=search_term_string\"}],\"inLanguage\":\"fr-FR\"},{\"@type\":\"Organization\",\"@id\":\"https:\/\/festival-livre-jeunesse.fr\/2024\/#organization\",\"name\":\"festival livre jeunesse occitanie\",\"url\":\"https:\/\/festival-livre-jeunesse.fr\/2024\/\",\"logo\":{\"@type\":\"ImageObject\",\"inLanguage\":\"fr-FR\",\"@id\":\"https:\/\/festival-livre-jeunesse.fr\/2024\/#\/schema\/logo\/image\/\",\"url\":\"https:\/\/festival-livre-jeunesse.fr\/2024\/wp-content\/uploads\/2021\/05\/Logo-FLJ-petit.png\",\"contentUrl\":\"https:\/\/festival-livre-jeunesse.fr\/2024\/wp-content\/uploads\/2021\/05\/Logo-FLJ-petit.png\",\"width\":204,\"height\":200,\"caption\":\"festival livre jeunesse occitanie\"},\"image\":{\"@id\":\"https:\/\/festival-livre-jeunesse.fr\/2024\/#\/schema\/logo\/image\/\"},\"sameAs\":[\"https:\/\/www.facebook.com\/FestivalLivreJeunesseOccitanie\",\"https:\/\/twitter.com\/FljOccitanie\"]}]}<\/script>\n<!-- \/ Yoast SEO plugin. -->","yoast_head_json":{"title":"Partir en Livre 2024 - Festival Livre Jeunesse Occitanie","robots":{"index":"index","follow":"follow","max-snippet":"max-snippet:-1","max-image-preview":"max-image-preview:large","max-video-preview":"max-video-preview:-1"},"canonical":"https:\/\/festival-livre-jeunesse.fr\/2024\/partir-en-livre-dans-les-communes-de-toulouse-metropole\/","og_locale":"fr_FR","og_type":"article","og_title":"Partir en Livre 2024 - Festival Livre Jeunesse Occitanie","og_description":"Partir en Livre dans les communes de Toulouse M\u00e9tropole Organis\u00e9 par le Centre national du livre (CNL) sous l\u2019impulsion du minist\u00e8re de la Culture, \u00ab\u00a0Partir en Livre\u00a0\u00bb sort les livres des \u00e9tag\u00e8res pour aller \u00e0 la rencontre des jeunes publics sur leurs lieux et temps de loisirs, afin de transmettre le plaisir de lire. \u00a0 &hellip; Partir en Livre 2024 Lire la suite\u00a0\u00bb","og_url":"https:\/\/festival-livre-jeunesse.fr\/2024\/partir-en-livre-dans-les-communes-de-toulouse-metropole\/","og_site_name":"Festival Livre Jeunesse Occitanie","article_publisher":"https:\/\/www.facebook.com\/FestivalLivreJeunesseOccitanie","article_modified_time":"2024-05-27T09:58:07+00:00","og_image":[{"url":"https:\/\/festival-livre-jeunesse.fr\/2024\/wp-content\/uploads\/2024\/04\/villeneuve-t-pageaud-24-1-scaled.jpg"}],"twitter_card":"summary_large_image","twitter_site":"@FljOccitanie","twitter_misc":{"Dur\u00e9e de lecture estim\u00e9e":"3 minutes"},"schema":{"@context":"https:\/\/schema.org","@graph":[{"@type":"WebPage","@id":"https:\/\/festival-livre-jeunesse.fr\/2024\/partir-en-livre-dans-les-communes-de-toulouse-metropole\/","url":"https:\/\/festival-livre-jeunesse.fr\/2024\/partir-en-livre-dans-les-communes-de-toulouse-metropole\/","name":"Partir en Livre 2024 - Festival Livre Jeunesse Occitanie","isPartOf":{"@id":"https:\/\/festival-livre-jeunesse.fr\/2024\/#website"},"datePublished":"2024-04-05T11:55:02+00:00","dateModified":"2024-05-27T09:58:07+00:00","breadcrumb":{"@id":"https:\/\/festival-livre-jeunesse.fr\/2024\/partir-en-livre-dans-les-communes-de-toulouse-metropole\/#breadcrumb"},"inLanguage":"fr-FR","potentialAction":[{"@type":"ReadAction","target":["https:\/\/festival-livre-jeunesse.fr\/2024\/partir-en-livre-dans-les-communes-de-toulouse-metropole\/"]}]},{"@type":"BreadcrumbList","@id":"https:\/\/festival-livre-jeunesse.fr\/2024\/partir-en-livre-dans-les-communes-de-toulouse-metropole\/#breadcrumb","itemListElement":[{"@type":"ListItem","position":1,"name":"Accueil","item":"https:\/\/festival-livre-jeunesse.fr\/2024\/"},{"@type":"ListItem","position":2,"name":"Partir en Livre 2024"}]},{"@type":"WebSite","@id":"https:\/\/festival-livre-jeunesse.fr\/2024\/#website","url":"https:\/\/festival-livre-jeunesse.fr\/2024\/","name":"Festival Livre Jeunesse Occitanie","description":"23\u00e8me \u00e9dition - janvier 2025","publisher":{"@id":"https:\/\/festival-livre-jeunesse.fr\/2024\/#organization"},"potentialAction":[{"@type":"SearchAction","target":{"@type":"EntryPoint","urlTemplate":"https:\/\/festival-livre-jeunesse.fr\/2024\/?s={search_term_string}"},"query-input":"required name=search_term_string"}],"inLanguage":"fr-FR"},{"@type":"Organization","@id":"https:\/\/festival-livre-jeunesse.fr\/2024\/#organization","name":"festival livre jeunesse occitanie","url":"https:\/\/festival-livre-jeunesse.fr\/2024\/","logo":{"@type":"ImageObject","inLanguage":"fr-FR","@id":"https:\/\/festival-livre-jeunesse.fr\/2024\/#\/schema\/logo\/image\/","url":"https:\/\/festival-livre-jeunesse.fr\/2024\/wp-content\/uploads\/2021\/05\/Logo-FLJ-petit.png","contentUrl":"https:\/\/festival-livre-jeunesse.fr\/2024\/wp-content\/uploads\/2021\/05\/Logo-FLJ-petit.png","width":204,"height":200,"caption":"festival livre jeunesse occitanie"},"image":{"@id":"https:\/\/festival-livre-jeunesse.fr\/2024\/#\/schema\/logo\/image\/"},"sameAs":["https:\/\/www.facebook.com\/FestivalLivreJeunesseOccitanie","https:\/\/twitter.com\/FljOccitanie"]}]}},"_links":{"self":[{"href":"https:\/\/festival-livre-jeunesse.fr\/2024\/wp-json\/wp\/v2\/pages\/16805"}],"collection":[{"href":"https:\/\/festival-livre-jeunesse.fr\/2024\/wp-json\/wp\/v2\/pages"}],"about":[{"href":"https:\/\/festival-livre-jeunesse.fr\/2024\/wp-json\/wp\/v2\/types\/page"}],"author":[{"embeddable":true,"href":"https:\/\/festival-livre-jeunesse.fr\/2024\/wp-json\/wp\/v2\/users\/2"}],"replies":[{"embeddable":true,"href":"https:\/\/festival-livre-jeunesse.fr\/2024\/wp-json\/wp\/v2\/comments?post=16805"}],"version-history":[{"count":93,"href":"https:\/\/festival-livre-jeunesse.fr\/2024\/wp-json\/wp\/v2\/pages\/16805\/revisions"}],"predecessor-version":[{"id":17358,"href":"https:\/\/festival-livre-jeunesse.fr\/2024\/wp-json\/wp\/v2\/pages\/16805\/revisions\/17358"}],"wp:attachment":[{"href":"https:\/\/festival-livre-jeunesse.fr\/2024\/wp-json\/wp\/v2\/media?parent=16805"}],"curies":[{"name":"wp","href":"https:\/\/api.w.org\/{rel}","templated":true}]}}