{"id":17462,"date":"2024-05-29T09:29:48","date_gmt":"2024-05-29T07:29:48","guid":{"rendered":"https:\/\/festival-livre-jeunesse.fr\/2024\/?page_id=17462"},"modified":"2024-07-16T14:50:56","modified_gmt":"2024-07-16T12:50:56","slug":"1-rencontre-dauteur-jeunesse-quai-des-petits","status":"publish","type":"page","link":"https:\/\/festival-livre-jeunesse.fr\/2024\/1-rencontre-dauteur-jeunesse-quai-des-petits\/","title":{"rendered":"1# Rencontre d\u2019auteur jeunesse &#8211; Quai des petits"},"content":{"rendered":"\t\t<div data-elementor-type=\"wp-page\" data-elementor-id=\"17462\" class=\"elementor elementor-17462\">\n\t\t\t\t\t\t<section class=\"elementor-section elementor-top-section elementor-element elementor-element-55ec36c3 elementor-section-content-middle elementor-section-boxed elementor-section-height-default elementor-section-height-default\" data-id=\"55ec36c3\" data-element_type=\"section\">\n\t\t\t\t\t\t<div class=\"elementor-container elementor-column-gap-no\">\n\t\t\t\t\t<div class=\"elementor-column elementor-col-33 elementor-top-column elementor-element elementor-element-4c1727f6\" data-id=\"4c1727f6\" data-element_type=\"column\">\n\t\t\t<div class=\"elementor-widget-wrap elementor-element-populated\">\n\t\t\t\t\t\t<div class=\"elementor-element elementor-element-be661b7 elementor-widget elementor-widget-heading\" data-id=\"be661b7\" data-element_type=\"widget\" data-widget_type=\"heading.default\">\n\t\t\t\t<div class=\"elementor-widget-container\">\n\t\t\t\t\t<h2 class=\"elementor-heading-title elementor-size-default\"><a href=\"https:\/\/festival-livre-jeunesse.fr\/2024\/education-artistique-et-culturelle\/\">&gt; EDUCATION ARTISTIQUE ET CULTURELLE<\/a><\/h2>\t\t\t\t<\/div>\n\t\t\t\t<\/div>\n\t\t\t\t<div class=\"elementor-element elementor-element-33dd599f elementor-widget elementor-widget-heading\" data-id=\"33dd599f\" data-element_type=\"widget\" data-widget_type=\"heading.default\">\n\t\t\t\t<div class=\"elementor-widget-container\">\n\t\t\t\t\t<h3 class=\"elementor-heading-title elementor-size-default\">1# Rencontre d\u2019auteur jeunesse - Quai des petits<\/h3>\t\t\t\t<\/div>\n\t\t\t\t<\/div>\n\t\t\t\t<div class=\"elementor-element elementor-element-2de0f5b8 elementor-widget-divider--view-line elementor-widget elementor-widget-divider\" data-id=\"2de0f5b8\" data-element_type=\"widget\" data-widget_type=\"divider.default\">\n\t\t\t\t<div class=\"elementor-widget-container\">\n\t\t\t\t\t\t\t<div class=\"elementor-divider\">\n\t\t\t<span class=\"elementor-divider-separator\">\n\t\t\t\t\t\t<\/span>\n\t\t<\/div>\n\t\t\t\t\t\t<\/div>\n\t\t\t\t<\/div>\n\t\t\t\t\t<\/div>\n\t\t<\/div>\n\t\t\t\t<div class=\"elementor-column elementor-col-33 elementor-top-column elementor-element elementor-element-539f660a\" data-id=\"539f660a\" data-element_type=\"column\">\n\t\t\t<div class=\"elementor-widget-wrap elementor-element-populated\">\n\t\t\t\t\t\t<div class=\"elementor-element elementor-element-5b2ea2c0 elementor-widget elementor-widget-heading\" data-id=\"5b2ea2c0\" data-element_type=\"widget\" data-widget_type=\"heading.default\">\n\t\t\t\t<div class=\"elementor-widget-container\">\n\t\t\t\t\t<h2 class=\"elementor-heading-title elementor-size-default\">th\u00e8me&nbsp;: LITT\u00c9RATURE JEUNESSE \/ CULTURE SCIENTIFIQUE<\/h2>\t\t\t\t<\/div>\n\t\t\t\t<\/div>\n\t\t\t\t<div class=\"elementor-element elementor-element-9dd9bd4 elementor-position-left elementor-view-default elementor-mobile-position-top elementor-widget elementor-widget-icon-box\" data-id=\"9dd9bd4\" data-element_type=\"widget\" data-widget_type=\"icon-box.default\">\n\t\t\t\t<div class=\"elementor-widget-container\">\n\t\t\t\t\t\t\t<div class=\"elementor-icon-box-wrapper\">\n\n\t\t\t\t\t\t<div class=\"elementor-icon-box-icon\">\n\t\t\t\t<span  class=\"elementor-icon\">\n\t\t\t\t<i aria-hidden=\"true\" class=\"fas fa-map-marker-alt\"><\/i>\t\t\t\t<\/span>\n\t\t\t<\/div>\n\t\t\t\n\t\t\t\t\t\t<div class=\"elementor-icon-box-content\">\n\n\t\t\t\t\t\t\t\t\t<h3 class=\"elementor-icon-box-title\">\n\t\t\t\t\t\t<span  >\n\t\t\t\t\t\t\tQuai des Savoirs\t\t\t\t\t\t<\/span>\n\t\t\t\t\t<\/h3>\n\t\t\t\t\n\t\t\t\t\t\t\t\t\t<p class=\"elementor-icon-box-description\">\n\t\t\t\t\t\t39 all Jules Guesde, 31000 Toulouse<br><br>\n05 67 73 84 84<br><br>https:\/\/quaidessavoirs.toulouse-metropole.fr\/\t\t\t\t\t<\/p>\n\t\t\t\t\n\t\t\t<\/div>\n\t\t\t\n\t\t<\/div>\n\t\t\t\t\t\t<\/div>\n\t\t\t\t<\/div>\n\t\t\t\t<div class=\"elementor-element elementor-element-1a6597cf elementor-widget elementor-widget-text-editor\" data-id=\"1a6597cf\" data-element_type=\"widget\" data-widget_type=\"text-editor.default\">\n\t\t\t\t<div class=\"elementor-widget-container\">\n\t\t\t\t\t\t\t\t\t<p><strong>Dates&nbsp;: jeudi 24 et vendredi 25 janvier 2025<\/strong><\/p>\n<p>Public cible : GS \/ CP<\/p>\n<p>Offre r\u00e9serv\u00e9e \u00e0 un \u00e9tablissement situ\u00e9 dans l\u2019agglom\u00e9ration Toulouse M\u00e9tropole<\/p>\n<p><strong>Nombre de classes concern\u00e9es&nbsp;: 4 <\/strong><\/p>\t\t\t\t\t\t\t\t<\/div>\n\t\t\t\t<\/div>\n\t\t\t\t<div class=\"elementor-element elementor-element-3b9a20c elementor-widget-divider--view-line elementor-widget elementor-widget-divider\" data-id=\"3b9a20c\" data-element_type=\"widget\" data-widget_type=\"divider.default\">\n\t\t\t\t<div class=\"elementor-widget-container\">\n\t\t\t\t\t\t\t<div class=\"elementor-divider\">\n\t\t\t<span class=\"elementor-divider-separator\">\n\t\t\t\t\t\t<\/span>\n\t\t<\/div>\n\t\t\t\t\t\t<\/div>\n\t\t\t\t<\/div>\n\t\t\t\t<div class=\"elementor-element elementor-element-07e138f elementor-widget elementor-widget-text-editor\" data-id=\"07e138f\" data-element_type=\"widget\" data-widget_type=\"text-editor.default\">\n\t\t\t\t<div class=\"elementor-widget-container\">\n\t\t\t\t\t\t\t\t\t<p>Dans l\u2019espace d\u2019exposition le Quai des Petits, quatre classes de la maternelle \/ CP rencontrent un(e) auteur(rice) de litt\u00e9rature jeunesse et visitent l\u2019espace d\u2019exposition accompagn\u00e9 de m\u00e9diateur(rice)s scientifiques. La dur\u00e9e de la rencontre est de 1h30.<\/p>\t\t\t\t\t\t\t\t<\/div>\n\t\t\t\t<\/div>\n\t\t\t\t\t<\/div>\n\t\t<\/div>\n\t\t\t\t<div class=\"elementor-column elementor-col-33 elementor-top-column elementor-element elementor-element-6ac423d9\" data-id=\"6ac423d9\" data-element_type=\"column\">\n\t\t\t<div class=\"elementor-widget-wrap elementor-element-populated\">\n\t\t\t\t\t\t<div class=\"elementor-element elementor-element-e781384 elementor-widget elementor-widget-spacer\" data-id=\"e781384\" data-element_type=\"widget\" data-widget_type=\"spacer.default\">\n\t\t\t\t<div class=\"elementor-widget-container\">\n\t\t\t\t\t\t\t<div class=\"elementor-spacer\">\n\t\t\t<div class=\"elementor-spacer-inner\"><\/div>\n\t\t<\/div>\n\t\t\t\t\t\t<\/div>\n\t\t\t\t<\/div>\n\t\t\t\t<div class=\"elementor-element elementor-element-612509d elementor-widget elementor-widget-image\" data-id=\"612509d\" data-element_type=\"widget\" data-widget_type=\"image.default\">\n\t\t\t\t<div class=\"elementor-widget-container\">\n\t\t\t\t\t\t\t\t\t\t\t\t\t\t\t<img fetchpriority=\"high\" decoding=\"async\" width=\"948\" height=\"593\" src=\"https:\/\/festival-livre-jeunesse.fr\/2024\/wp-content\/uploads\/2024\/05\/IMG_20220127_100752-scaled-e1716881558473-1024x640.jpg\" class=\"attachment-large size-large wp-image-17365\" alt=\"\" srcset=\"https:\/\/festival-livre-jeunesse.fr\/2024\/wp-content\/uploads\/2024\/05\/IMG_20220127_100752-scaled-e1716881558473-1024x640.jpg 1024w, https:\/\/festival-livre-jeunesse.fr\/2024\/wp-content\/uploads\/2024\/05\/IMG_20220127_100752-scaled-e1716881558473-300x188.jpg 300w, https:\/\/festival-livre-jeunesse.fr\/2024\/wp-content\/uploads\/2024\/05\/IMG_20220127_100752-scaled-e1716881558473-768x480.jpg 768w, https:\/\/festival-livre-jeunesse.fr\/2024\/wp-content\/uploads\/2024\/05\/IMG_20220127_100752-scaled-e1716881558473-1536x960.jpg 1536w, https:\/\/festival-livre-jeunesse.fr\/2024\/wp-content\/uploads\/2024\/05\/IMG_20220127_100752-scaled-e1716881558473-2048x1280.jpg 2048w\" sizes=\"(max-width: 948px) 100vw, 948px\" \/>\t\t\t\t\t\t\t\t\t\t\t\t\t\t\t<\/div>\n\t\t\t\t<\/div>\n\t\t\t\t<div class=\"elementor-element elementor-element-7e8cf877 elementor-widget elementor-widget-text-editor\" data-id=\"7e8cf877\" data-element_type=\"widget\" data-widget_type=\"text-editor.default\">\n\t\t\t\t<div class=\"elementor-widget-container\">\n\t\t\t\t\t\t\t\t\t<p><strong style=\"font-style: inherit; color: var( --e-global-color-text );\">Cr\u00e9neaux\u00a0:<\/strong><\/p><p>Jeu. 23\/01\/2024 &#8211; De 10h \u00e0 11h30 (une classe)<\/p><p>Jeu. 23\/01\/2024 &#8211; De 14h \u00e0 15h30 (une classe)<\/p><p>Ven. 24\/01\/2024 &#8211; De 10h \u00e0 11h30 (une classe)<\/p><p>Ven. 24\/01\/2024 &#8211; De 14h \u00e0 15h30 (une classe)<\/p><p>La rencontre avec l\u2019auteur s\u2019\u00e9tend sur 45 minutes ainsi que la visite au Quai des Petits. Chaque classe est divis\u00e9e en 2 groupes. Un groupe visitera le quai des petits pendant 45 min pendant que le 2\u00e8me groupe rencontre l\u2019auteur(rice), puis inversement.<\/p><p><strong><u>Les plus<\/u>\u00a0:<\/strong><\/p><p>L\u2019association organisatrice prend en charge la r\u00e9mun\u00e9ration et les frais de l\u2019auteur.<\/p><p>Gratuit\u00e9 de la rencontre ainsi que la visite accompagn\u00e9e du Quai des Petits par un m\u00e9diateur<\/p><p>Un album offert par l\u2019association Festival du Livre de Jeunesse Occitanie<\/p><p><strong><u>A la charge de l\u2019\u00e9tablissement scolaire<\/u><\/strong>\u00a0:<\/p><p>Transport entre l\u2019\u00e9tablissement scolaire et le Quai des Savoirs<\/p><p><strong><em>Les inscriptions sont limit\u00e9es \u00e0 2 classes \/\u00e9tablissement scolaire pour l\u2019ensemble des actions. <\/em><\/strong><\/p>\t\t\t\t\t\t\t\t<\/div>\n\t\t\t\t<\/div>\n\t\t\t\t\t<\/div>\n\t\t<\/div>\n\t\t\t\t\t<\/div>\n\t\t<\/section>\n\t\t\t\t<section class=\"elementor-section elementor-top-section elementor-element elementor-element-32438133 elementor-section-content-middle elementor-section-boxed elementor-section-height-default elementor-section-height-default\" data-id=\"32438133\" data-element_type=\"section\">\n\t\t\t\t\t\t<div class=\"elementor-container elementor-column-gap-no\">\n\t\t\t\t\t<div class=\"elementor-column elementor-col-33 elementor-top-column elementor-element elementor-element-18cb904c\" data-id=\"18cb904c\" data-element_type=\"column\">\n\t\t\t<div class=\"elementor-widget-wrap elementor-element-populated\">\n\t\t\t\t\t\t<div class=\"elementor-element elementor-element-213f49e5 elementor-widget elementor-widget-heading\" data-id=\"213f49e5\" data-element_type=\"widget\" data-widget_type=\"heading.default\">\n\t\t\t\t<div class=\"elementor-widget-container\">\n\t\t\t\t\t<h3 class=\"elementor-heading-title elementor-size-default\">L'auteur invit\u00e9<\/h3>\t\t\t\t<\/div>\n\t\t\t\t<\/div>\n\t\t\t\t<div class=\"elementor-element elementor-element-581c446a elementor-widget-divider--view-line elementor-widget elementor-widget-divider\" data-id=\"581c446a\" data-element_type=\"widget\" data-widget_type=\"divider.default\">\n\t\t\t\t<div class=\"elementor-widget-container\">\n\t\t\t\t\t\t\t<div class=\"elementor-divider\">\n\t\t\t<span class=\"elementor-divider-separator\">\n\t\t\t\t\t\t<\/span>\n\t\t<\/div>\n\t\t\t\t\t\t<\/div>\n\t\t\t\t<\/div>\n\t\t\t\t\t<\/div>\n\t\t<\/div>\n\t\t\t\t<div class=\"elementor-column elementor-col-33 elementor-top-column elementor-element elementor-element-31a24857\" data-id=\"31a24857\" data-element_type=\"column\">\n\t\t\t<div class=\"elementor-widget-wrap elementor-element-populated\">\n\t\t\t\t\t\t<div class=\"elementor-element elementor-element-24b3e28 elementor-widget elementor-widget-heading\" data-id=\"24b3e28\" data-element_type=\"widget\" data-widget_type=\"heading.default\">\n\t\t\t\t<div class=\"elementor-widget-container\">\n\t\t\t\t\t<h2 class=\"elementor-heading-title elementor-size-default\">Claire D\u00e9<\/h2>\t\t\t\t<\/div>\n\t\t\t\t<\/div>\n\t\t\t\t<div class=\"elementor-element elementor-element-75c30ac5 elementor-widget elementor-widget-text-editor\" data-id=\"75c30ac5\" data-element_type=\"widget\" data-widget_type=\"text-editor.default\">\n\t\t\t\t<div class=\"elementor-widget-container\">\n\t\t\t\t\t\t\t\t\t<p>Photographe et plasticienne,\u00a0<a href=\"https:\/\/claire-de.fr\/\">Claire D\u00e9<\/a>\u00a0cr\u00e9e des livres adapt\u00e9s aux plus jeunes enfants.\u00a0Elle transforme le quotidien en exp\u00e9rience artistique par des mises en sc\u00e8ne joyeuses\u00a0et vitamin\u00e9es. Ses photos jouent sur les contrastes et les couleurs dans des albums aux multiples\u00a0formats qui interpellent les sens des tout-petits.<\/p><p>\u00a0<\/p><p>D\u00e9clin\u00e9s sous forme d\u2019expos, ses livres invitent \u00e0 faire rimer jeu, imagination\u00a0et observation du monde. Son regard sur l\u2019enfance et son exp\u00e9rience avec le jeune public l\u2019ont amen\u00e9e \u00e0 collaborer\u00a0avec La Villette, le Centre Pompidou et\u00a0<em>Lib\u00e9ration<\/em>.<\/p>\t\t\t\t\t\t\t\t<\/div>\n\t\t\t\t<\/div>\n\t\t\t\t\t<\/div>\n\t\t<\/div>\n\t\t\t\t<div class=\"elementor-column elementor-col-33 elementor-top-column elementor-element elementor-element-2437ff2e\" data-id=\"2437ff2e\" data-element_type=\"column\">\n\t\t\t<div class=\"elementor-widget-wrap elementor-element-populated\">\n\t\t\t\t\t\t<div class=\"elementor-element elementor-element-73465a9f elementor-arrows-position-outside elementor-pagination-position-outside elementor-widget elementor-widget-image-carousel\" data-id=\"73465a9f\" data-element_type=\"widget\" data-settings=\"{&quot;slides_to_show&quot;:&quot;1&quot;,&quot;navigation&quot;:&quot;both&quot;,&quot;autoplay&quot;:&quot;yes&quot;,&quot;pause_on_hover&quot;:&quot;yes&quot;,&quot;pause_on_interaction&quot;:&quot;yes&quot;,&quot;autoplay_speed&quot;:5000,&quot;infinite&quot;:&quot;yes&quot;,&quot;effect&quot;:&quot;slide&quot;,&quot;speed&quot;:500}\" data-widget_type=\"image-carousel.default\">\n\t\t\t\t<div class=\"elementor-widget-container\">\n\t\t\t\t\t\t\t<div class=\"elementor-image-carousel-wrapper swiper\" role=\"region\" aria-roledescription=\"carousel\" aria-label=\"Carrousel d\u2019images\" dir=\"ltr\">\n\t\t\t<div class=\"elementor-image-carousel swiper-wrapper\" aria-live=\"off\">\n\t\t\t\t\t\t\t\t<div class=\"swiper-slide\" role=\"group\" aria-roledescription=\"slide\" aria-label=\"1 sur 4\"><figure class=\"swiper-slide-inner\"><img decoding=\"async\" class=\"swiper-slide-image\" src=\"https:\/\/festival-livre-jeunesse.fr\/2024\/wp-content\/uploads\/2024\/07\/Portrait-Claire-De_400x400-300x300.jpg\" alt=\"Portrait Claire De\u0301_400x400\" \/><\/figure><\/div><div class=\"swiper-slide\" role=\"group\" aria-roledescription=\"slide\" aria-label=\"2 sur 4\"><figure class=\"swiper-slide-inner\"><img decoding=\"async\" class=\"swiper-slide-image\" src=\"https:\/\/festival-livre-jeunesse.fr\/2024\/wp-content\/uploads\/2024\/07\/compte-sur-tes-doigts-couv-copie-300x283.jpg\" alt=\"compte-sur-tes-doigts-couv-copie\" \/><\/figure><\/div><div class=\"swiper-slide\" role=\"group\" aria-roledescription=\"slide\" aria-label=\"3 sur 4\"><figure class=\"swiper-slide-inner\"><img decoding=\"async\" class=\"swiper-slide-image\" src=\"https:\/\/festival-livre-jeunesse.fr\/2024\/wp-content\/uploads\/2024\/07\/couv1-e1523958312243-247x300.jpg\" alt=\"couv1-e1523958312243\" \/><\/figure><\/div><div class=\"swiper-slide\" role=\"group\" aria-roledescription=\"slide\" aria-label=\"4 sur 4\"><figure class=\"swiper-slide-inner\"><img decoding=\"async\" class=\"swiper-slide-image\" src=\"https:\/\/festival-livre-jeunesse.fr\/2024\/wp-content\/uploads\/2024\/07\/couv-a-quoi-on-joue21-couv-e1645440610915-300x219.png\" alt=\"couv-a-quoi-on-joue21-couv-e1645440610915\" \/><\/figure><\/div>\t\t\t<\/div>\n\t\t\t\t\t\t\t\t\t\t\t\t<div class=\"elementor-swiper-button elementor-swiper-button-prev\" role=\"button\" tabindex=\"0\">\n\t\t\t\t\t\t<i aria-hidden=\"true\" class=\"eicon-chevron-left\"><\/i>\t\t\t\t\t<\/div>\n\t\t\t\t\t<div class=\"elementor-swiper-button elementor-swiper-button-next\" role=\"button\" tabindex=\"0\">\n\t\t\t\t\t\t<i aria-hidden=\"true\" class=\"eicon-chevron-right\"><\/i>\t\t\t\t\t<\/div>\n\t\t\t\t\n\t\t\t\t\t\t\t\t\t<div class=\"swiper-pagination\"><\/div>\n\t\t\t\t\t\t\t\t\t<\/div>\n\t\t\t\t\t\t<\/div>\n\t\t\t\t<\/div>\n\t\t\t\t\t<\/div>\n\t\t<\/div>\n\t\t\t\t\t<\/div>\n\t\t<\/section>\n\t\t\t\t<section class=\"elementor-section elementor-top-section elementor-element elementor-element-5103380 elementor-section-boxed elementor-section-height-default elementor-section-height-default\" data-id=\"5103380\" data-element_type=\"section\">\n\t\t\t\t\t\t<div class=\"elementor-container elementor-column-gap-default\">\n\t\t\t\t\t<div class=\"elementor-column elementor-col-100 elementor-top-column elementor-element elementor-element-82cdcaf\" data-id=\"82cdcaf\" data-element_type=\"column\">\n\t\t\t<div class=\"elementor-widget-wrap elementor-element-populated\">\n\t\t\t\t\t\t<div class=\"elementor-element elementor-element-a1b33da elementor-widget elementor-widget-spacer\" data-id=\"a1b33da\" data-element_type=\"widget\" data-widget_type=\"spacer.default\">\n\t\t\t\t<div class=\"elementor-widget-container\">\n\t\t\t\t\t\t\t<div class=\"elementor-spacer\">\n\t\t\t<div class=\"elementor-spacer-inner\"><\/div>\n\t\t<\/div>\n\t\t\t\t\t\t<\/div>\n\t\t\t\t<\/div>\n\t\t\t\t\t<\/div>\n\t\t<\/div>\n\t\t\t\t\t<\/div>\n\t\t<\/section>\n\t\t\t\t<section class=\"elementor-section elementor-top-section elementor-element elementor-element-674e871 elementor-section-boxed elementor-section-height-default elementor-section-height-default\" data-id=\"674e871\" data-element_type=\"section\">\n\t\t\t\t\t\t<div class=\"elementor-container elementor-column-gap-default\">\n\t\t\t\t\t<div class=\"elementor-column elementor-col-100 elementor-top-column elementor-element elementor-element-8e6d8fc\" data-id=\"8e6d8fc\" data-element_type=\"column\">\n\t\t\t<div class=\"elementor-widget-wrap\">\n\t\t\t\t\t\t\t<\/div>\n\t\t<\/div>\n\t\t\t\t\t<\/div>\n\t\t<\/section>\n\t\t\t\t<section class=\"elementor-section elementor-top-section elementor-element elementor-element-18ff6ba elementor-section-boxed elementor-section-height-default elementor-section-height-default\" data-id=\"18ff6ba\" data-element_type=\"section\">\n\t\t\t\t\t\t<div class=\"elementor-container elementor-column-gap-default\">\n\t\t\t\t\t<div class=\"elementor-column elementor-col-100 elementor-top-column elementor-element elementor-element-1424138\" data-id=\"1424138\" data-element_type=\"column\">\n\t\t\t<div class=\"elementor-widget-wrap elementor-element-populated\">\n\t\t\t\t\t\t<div class=\"elementor-element elementor-element-004d1a1 elementor-align-center elementor-widget elementor-widget-button\" data-id=\"004d1a1\" data-element_type=\"widget\" data-widget_type=\"button.default\">\n\t\t\t\t<div class=\"elementor-widget-container\">\n\t\t\t\t\t\t\t\t\t<div class=\"elementor-button-wrapper\">\n\t\t\t\t\t<a class=\"elementor-button elementor-button-link elementor-size-xl elementor-animation-grow\" href=\"https:\/\/festival-livre-jeunesse.fr\/2024\/elementor-14506\/\">\n\t\t\t\t\t\t<span class=\"elementor-button-content-wrapper\">\n\t\t\t\t\t\t<span class=\"elementor-button-icon\">\n\t\t\t\t<i aria-hidden=\"true\" class=\"fas fa-arrow-right\"><\/i>\t\t\t<\/span>\n\t\t\t\t\t\t\t\t\t<span class=\"elementor-button-text\">Pour inscrire vos classes, c'est ici<\/span>\n\t\t\t\t\t<\/span>\n\t\t\t\t\t<\/a>\n\t\t\t\t<\/div>\n\t\t\t\t\t\t\t\t<\/div>\n\t\t\t\t<\/div>\n\t\t\t\t<div class=\"elementor-element elementor-element-a450236 elementor-widget elementor-widget-spacer\" data-id=\"a450236\" data-element_type=\"widget\" data-widget_type=\"spacer.default\">\n\t\t\t\t<div class=\"elementor-widget-container\">\n\t\t\t\t\t\t\t<div class=\"elementor-spacer\">\n\t\t\t<div class=\"elementor-spacer-inner\"><\/div>\n\t\t<\/div>\n\t\t\t\t\t\t<\/div>\n\t\t\t\t<\/div>\n\t\t\t\t\t<\/div>\n\t\t<\/div>\n\t\t\t\t\t<\/div>\n\t\t<\/section>\n\t\t\t\t<\/div>\n\t\t","protected":false},"excerpt":{"rendered":"<p>> EDUCATION ARTISTIQUE ET CULTURELLE 1# Rencontre d\u2019auteur jeunesse &#8211; Quai des petits th\u00e8me&nbsp;: LITT\u00c9RATURE JEUNESSE \/ CULTURE SCIENTIFIQUE Quai des Savoirs 39 all Jules Guesde, 31000 Toulouse 05 67 73 84 84 https:\/\/quaidessavoirs.toulouse-metropole.fr\/ Dates&nbsp;: jeudi 24 et vendredi 25 janvier 2025 Public cible : GS \/ CP Offre r\u00e9serv\u00e9e \u00e0 un \u00e9tablissement situ\u00e9 dans &hellip;<\/p>\n<p class=\"read-more\"> <a class=\"\" href=\"https:\/\/festival-livre-jeunesse.fr\/2024\/1-rencontre-dauteur-jeunesse-quai-des-petits\/\"> <span class=\"screen-reader-text\">1# Rencontre d\u2019auteur jeunesse &#8211; Quai des petits<\/span> Lire la suite\u00a0\u00bb<\/a><\/p>\n","protected":false},"author":2,"featured_media":0,"parent":0,"menu_order":0,"comment_status":"closed","ping_status":"closed","template":"","meta":{"site-sidebar-layout":"no-sidebar","site-content-layout":"page-builder","ast-site-content-layout":"full-width-container","site-content-style":"default","site-sidebar-style":"default","ast-global-header-display":"","ast-banner-title-visibility":"","ast-main-header-display":"","ast-hfb-above-header-display":"","ast-hfb-below-header-display":"","ast-hfb-mobile-header-display":"","site-post-title":"disabled","ast-breadcrumbs-content":"","ast-featured-img":"disabled","footer-sml-layout":"","theme-transparent-header-meta":"","adv-header-id-meta":"","stick-header-meta":"","header-above-stick-meta":"","header-main-stick-meta":"","header-below-stick-meta":"","astra-migrate-meta-layouts":"set","footnotes":""},"class_list":["post-17462","page","type-page","status-publish","hentry"],"yoast_head":"<!-- This site is optimized with the Yoast SEO plugin v21.4 - https:\/\/yoast.com\/wordpress\/plugins\/seo\/ -->\n<title>1# Rencontre d\u2019auteur jeunesse &#8211; Quai des petits - Festival Livre Jeunesse Occitanie<\/title>\n<meta name=\"robots\" content=\"index, follow, max-snippet:-1, max-image-preview:large, max-video-preview:-1\" \/>\n<link rel=\"canonical\" href=\"https:\/\/festival-livre-jeunesse.fr\/2024\/1-rencontre-dauteur-jeunesse-quai-des-petits\/\" \/>\n<meta property=\"og:locale\" content=\"fr_FR\" \/>\n<meta property=\"og:type\" content=\"article\" \/>\n<meta property=\"og:title\" content=\"1# Rencontre d\u2019auteur jeunesse &#8211; Quai des petits - Festival Livre Jeunesse Occitanie\" \/>\n<meta property=\"og:description\" content=\"&gt; EDUCATION ARTISTIQUE ET CULTURELLE 1# Rencontre d\u2019auteur jeunesse &#8211; Quai des petits th\u00e8me&nbsp;: LITT\u00c9RATURE JEUNESSE \/ CULTURE SCIENTIFIQUE Quai des Savoirs 39 all Jules Guesde, 31000 Toulouse 05 67 73 84 84 https:\/\/quaidessavoirs.toulouse-metropole.fr\/ Dates&nbsp;: jeudi 24 et vendredi 25 janvier 2025 Public cible : GS \/ CP Offre r\u00e9serv\u00e9e \u00e0 un \u00e9tablissement situ\u00e9 dans &hellip; 1# Rencontre d\u2019auteur jeunesse &#8211; Quai des petits Lire la suite\u00a0\u00bb\" \/>\n<meta property=\"og:url\" content=\"https:\/\/festival-livre-jeunesse.fr\/2024\/1-rencontre-dauteur-jeunesse-quai-des-petits\/\" \/>\n<meta property=\"og:site_name\" content=\"Festival Livre Jeunesse Occitanie\" \/>\n<meta property=\"article:publisher\" content=\"https:\/\/www.facebook.com\/FestivalLivreJeunesseOccitanie\" \/>\n<meta property=\"article:modified_time\" content=\"2024-07-16T12:50:56+00:00\" \/>\n<meta property=\"og:image\" content=\"https:\/\/festival-livre-jeunesse.fr\/2024\/wp-content\/uploads\/2024\/05\/IMG_20220127_100752-scaled-e1716881558473-1024x640.jpg\" \/>\n<meta name=\"twitter:card\" content=\"summary_large_image\" \/>\n<meta name=\"twitter:site\" content=\"@FljOccitanie\" \/>\n<meta name=\"twitter:label1\" content=\"Dur\u00e9e de lecture estim\u00e9e\" \/>\n\t<meta name=\"twitter:data1\" content=\"2 minutes\" \/>\n<script type=\"application\/ld+json\" class=\"yoast-schema-graph\">{\"@context\":\"https:\/\/schema.org\",\"@graph\":[{\"@type\":\"WebPage\",\"@id\":\"https:\/\/festival-livre-jeunesse.fr\/2024\/1-rencontre-dauteur-jeunesse-quai-des-petits\/\",\"url\":\"https:\/\/festival-livre-jeunesse.fr\/2024\/1-rencontre-dauteur-jeunesse-quai-des-petits\/\",\"name\":\"1# Rencontre d\u2019auteur jeunesse &#8211; Quai des petits - Festival Livre Jeunesse Occitanie\",\"isPartOf\":{\"@id\":\"https:\/\/festival-livre-jeunesse.fr\/2024\/#website\"},\"datePublished\":\"2024-05-29T07:29:48+00:00\",\"dateModified\":\"2024-07-16T12:50:56+00:00\",\"breadcrumb\":{\"@id\":\"https:\/\/festival-livre-jeunesse.fr\/2024\/1-rencontre-dauteur-jeunesse-quai-des-petits\/#breadcrumb\"},\"inLanguage\":\"fr-FR\",\"potentialAction\":[{\"@type\":\"ReadAction\",\"target\":[\"https:\/\/festival-livre-jeunesse.fr\/2024\/1-rencontre-dauteur-jeunesse-quai-des-petits\/\"]}]},{\"@type\":\"BreadcrumbList\",\"@id\":\"https:\/\/festival-livre-jeunesse.fr\/2024\/1-rencontre-dauteur-jeunesse-quai-des-petits\/#breadcrumb\",\"itemListElement\":[{\"@type\":\"ListItem\",\"position\":1,\"name\":\"Accueil\",\"item\":\"https:\/\/festival-livre-jeunesse.fr\/2024\/\"},{\"@type\":\"ListItem\",\"position\":2,\"name\":\"1# Rencontre d\u2019auteur jeunesse &#8211; Quai des petits\"}]},{\"@type\":\"WebSite\",\"@id\":\"https:\/\/festival-livre-jeunesse.fr\/2024\/#website\",\"url\":\"https:\/\/festival-livre-jeunesse.fr\/2024\/\",\"name\":\"Festival Livre Jeunesse Occitanie\",\"description\":\"23\u00e8me \u00e9dition - janvier 2025\",\"publisher\":{\"@id\":\"https:\/\/festival-livre-jeunesse.fr\/2024\/#organization\"},\"potentialAction\":[{\"@type\":\"SearchAction\",\"target\":{\"@type\":\"EntryPoint\",\"urlTemplate\":\"https:\/\/festival-livre-jeunesse.fr\/2024\/?s={search_term_string}\"},\"query-input\":\"required name=search_term_string\"}],\"inLanguage\":\"fr-FR\"},{\"@type\":\"Organization\",\"@id\":\"https:\/\/festival-livre-jeunesse.fr\/2024\/#organization\",\"name\":\"festival livre jeunesse occitanie\",\"url\":\"https:\/\/festival-livre-jeunesse.fr\/2024\/\",\"logo\":{\"@type\":\"ImageObject\",\"inLanguage\":\"fr-FR\",\"@id\":\"https:\/\/festival-livre-jeunesse.fr\/2024\/#\/schema\/logo\/image\/\",\"url\":\"https:\/\/festival-livre-jeunesse.fr\/2024\/wp-content\/uploads\/2021\/05\/Logo-FLJ-petit.png\",\"contentUrl\":\"https:\/\/festival-livre-jeunesse.fr\/2024\/wp-content\/uploads\/2021\/05\/Logo-FLJ-petit.png\",\"width\":204,\"height\":200,\"caption\":\"festival livre jeunesse occitanie\"},\"image\":{\"@id\":\"https:\/\/festival-livre-jeunesse.fr\/2024\/#\/schema\/logo\/image\/\"},\"sameAs\":[\"https:\/\/www.facebook.com\/FestivalLivreJeunesseOccitanie\",\"https:\/\/twitter.com\/FljOccitanie\"]}]}<\/script>\n<!-- \/ Yoast SEO plugin. -->","yoast_head_json":{"title":"1# Rencontre d\u2019auteur jeunesse &#8211; Quai des petits - Festival Livre Jeunesse Occitanie","robots":{"index":"index","follow":"follow","max-snippet":"max-snippet:-1","max-image-preview":"max-image-preview:large","max-video-preview":"max-video-preview:-1"},"canonical":"https:\/\/festival-livre-jeunesse.fr\/2024\/1-rencontre-dauteur-jeunesse-quai-des-petits\/","og_locale":"fr_FR","og_type":"article","og_title":"1# Rencontre d\u2019auteur jeunesse &#8211; Quai des petits - Festival Livre Jeunesse Occitanie","og_description":"> EDUCATION ARTISTIQUE ET CULTURELLE 1# Rencontre d\u2019auteur jeunesse &#8211; Quai des petits th\u00e8me&nbsp;: LITT\u00c9RATURE JEUNESSE \/ CULTURE SCIENTIFIQUE Quai des Savoirs 39 all Jules Guesde, 31000 Toulouse 05 67 73 84 84 https:\/\/quaidessavoirs.toulouse-metropole.fr\/ Dates&nbsp;: jeudi 24 et vendredi 25 janvier 2025 Public cible : GS \/ CP Offre r\u00e9serv\u00e9e \u00e0 un \u00e9tablissement situ\u00e9 dans &hellip; 1# Rencontre d\u2019auteur jeunesse &#8211; Quai des petits Lire la suite\u00a0\u00bb","og_url":"https:\/\/festival-livre-jeunesse.fr\/2024\/1-rencontre-dauteur-jeunesse-quai-des-petits\/","og_site_name":"Festival Livre Jeunesse Occitanie","article_publisher":"https:\/\/www.facebook.com\/FestivalLivreJeunesseOccitanie","article_modified_time":"2024-07-16T12:50:56+00:00","og_image":[{"url":"https:\/\/festival-livre-jeunesse.fr\/2024\/wp-content\/uploads\/2024\/05\/IMG_20220127_100752-scaled-e1716881558473-1024x640.jpg"}],"twitter_card":"summary_large_image","twitter_site":"@FljOccitanie","twitter_misc":{"Dur\u00e9e de lecture estim\u00e9e":"2 minutes"},"schema":{"@context":"https:\/\/schema.org","@graph":[{"@type":"WebPage","@id":"https:\/\/festival-livre-jeunesse.fr\/2024\/1-rencontre-dauteur-jeunesse-quai-des-petits\/","url":"https:\/\/festival-livre-jeunesse.fr\/2024\/1-rencontre-dauteur-jeunesse-quai-des-petits\/","name":"1# Rencontre d\u2019auteur jeunesse &#8211; Quai des petits - Festival Livre Jeunesse Occitanie","isPartOf":{"@id":"https:\/\/festival-livre-jeunesse.fr\/2024\/#website"},"datePublished":"2024-05-29T07:29:48+00:00","dateModified":"2024-07-16T12:50:56+00:00","breadcrumb":{"@id":"https:\/\/festival-livre-jeunesse.fr\/2024\/1-rencontre-dauteur-jeunesse-quai-des-petits\/#breadcrumb"},"inLanguage":"fr-FR","potentialAction":[{"@type":"ReadAction","target":["https:\/\/festival-livre-jeunesse.fr\/2024\/1-rencontre-dauteur-jeunesse-quai-des-petits\/"]}]},{"@type":"BreadcrumbList","@id":"https:\/\/festival-livre-jeunesse.fr\/2024\/1-rencontre-dauteur-jeunesse-quai-des-petits\/#breadcrumb","itemListElement":[{"@type":"ListItem","position":1,"name":"Accueil","item":"https:\/\/festival-livre-jeunesse.fr\/2024\/"},{"@type":"ListItem","position":2,"name":"1# Rencontre d\u2019auteur jeunesse &#8211; Quai des petits"}]},{"@type":"WebSite","@id":"https:\/\/festival-livre-jeunesse.fr\/2024\/#website","url":"https:\/\/festival-livre-jeunesse.fr\/2024\/","name":"Festival Livre Jeunesse Occitanie","description":"23\u00e8me \u00e9dition - janvier 2025","publisher":{"@id":"https:\/\/festival-livre-jeunesse.fr\/2024\/#organization"},"potentialAction":[{"@type":"SearchAction","target":{"@type":"EntryPoint","urlTemplate":"https:\/\/festival-livre-jeunesse.fr\/2024\/?s={search_term_string}"},"query-input":"required name=search_term_string"}],"inLanguage":"fr-FR"},{"@type":"Organization","@id":"https:\/\/festival-livre-jeunesse.fr\/2024\/#organization","name":"festival livre jeunesse occitanie","url":"https:\/\/festival-livre-jeunesse.fr\/2024\/","logo":{"@type":"ImageObject","inLanguage":"fr-FR","@id":"https:\/\/festival-livre-jeunesse.fr\/2024\/#\/schema\/logo\/image\/","url":"https:\/\/festival-livre-jeunesse.fr\/2024\/wp-content\/uploads\/2021\/05\/Logo-FLJ-petit.png","contentUrl":"https:\/\/festival-livre-jeunesse.fr\/2024\/wp-content\/uploads\/2021\/05\/Logo-FLJ-petit.png","width":204,"height":200,"caption":"festival livre jeunesse occitanie"},"image":{"@id":"https:\/\/festival-livre-jeunesse.fr\/2024\/#\/schema\/logo\/image\/"},"sameAs":["https:\/\/www.facebook.com\/FestivalLivreJeunesseOccitanie","https:\/\/twitter.com\/FljOccitanie"]}]}},"_links":{"self":[{"href":"https:\/\/festival-livre-jeunesse.fr\/2024\/wp-json\/wp\/v2\/pages\/17462"}],"collection":[{"href":"https:\/\/festival-livre-jeunesse.fr\/2024\/wp-json\/wp\/v2\/pages"}],"about":[{"href":"https:\/\/festival-livre-jeunesse.fr\/2024\/wp-json\/wp\/v2\/types\/page"}],"author":[{"embeddable":true,"href":"https:\/\/festival-livre-jeunesse.fr\/2024\/wp-json\/wp\/v2\/users\/2"}],"replies":[{"embeddable":true,"href":"https:\/\/festival-livre-jeunesse.fr\/2024\/wp-json\/wp\/v2\/comments?post=17462"}],"version-history":[{"count":30,"href":"https:\/\/festival-livre-jeunesse.fr\/2024\/wp-json\/wp\/v2\/pages\/17462\/revisions"}],"predecessor-version":[{"id":17984,"href":"https:\/\/festival-livre-jeunesse.fr\/2024\/wp-json\/wp\/v2\/pages\/17462\/revisions\/17984"}],"wp:attachment":[{"href":"https:\/\/festival-livre-jeunesse.fr\/2024\/wp-json\/wp\/v2\/media?parent=17462"}],"curies":[{"name":"wp","href":"https:\/\/api.w.org\/{rel}","templated":true}]}}