{"id":17500,"date":"2024-05-29T10:01:56","date_gmt":"2024-05-29T08:01:56","guid":{"rendered":"https:\/\/festival-livre-jeunesse.fr\/2024\/?page_id=17500"},"modified":"2024-08-19T15:29:01","modified_gmt":"2024-08-19T13:29:01","slug":"2-rencontre-dauteur-jeunesse-au-festival-a-saint-orens-de-gameville-visite-au-museum-dhistoire-naturelle","status":"publish","type":"page","link":"https:\/\/festival-livre-jeunesse.fr\/2024\/2-rencontre-dauteur-jeunesse-au-festival-a-saint-orens-de-gameville-visite-au-museum-dhistoire-naturelle\/","title":{"rendered":"2# Rencontre d\u2019auteur jeunesse au Festival \u00e0 Saint-Orens de Gameville + visite au Mus\u00e9um d\u2019Histoire Naturelle"},"content":{"rendered":"\t\t<div data-elementor-type=\"wp-page\" data-elementor-id=\"17500\" class=\"elementor elementor-17500\">\n\t\t\t\t\t\t<section class=\"elementor-section elementor-top-section elementor-element elementor-element-9606065 elementor-section-content-middle elementor-section-boxed elementor-section-height-default elementor-section-height-default\" data-id=\"9606065\" data-element_type=\"section\">\n\t\t\t\t\t\t<div class=\"elementor-container elementor-column-gap-no\">\n\t\t\t\t\t<div class=\"elementor-column elementor-col-33 elementor-top-column elementor-element elementor-element-462063f2\" data-id=\"462063f2\" data-element_type=\"column\">\n\t\t\t<div class=\"elementor-widget-wrap elementor-element-populated\">\n\t\t\t\t\t\t<div class=\"elementor-element elementor-element-8b4a205 elementor-widget elementor-widget-heading\" data-id=\"8b4a205\" data-element_type=\"widget\" data-widget_type=\"heading.default\">\n\t\t\t\t<div class=\"elementor-widget-container\">\n\t\t\t\t\t<h2 class=\"elementor-heading-title elementor-size-default\"><a href=\"https:\/\/festival-livre-jeunesse.fr\/2024\/education-artistique-et-culturelle\/\">&gt; EDUCATION ARTISTIQUE ET CULTURELLE<\/a><\/h2>\t\t\t\t<\/div>\n\t\t\t\t<\/div>\n\t\t\t\t<div class=\"elementor-element elementor-element-3003233 elementor-widget elementor-widget-heading\" data-id=\"3003233\" data-element_type=\"widget\" data-widget_type=\"heading.default\">\n\t\t\t\t<div class=\"elementor-widget-container\">\n\t\t\t\t\t<h3 class=\"elementor-heading-title elementor-size-default\">2# Rencontre d\u2019auteur jeunesse au Festival \u00e0 Saint-Orens de Gameville + visite au Mus\u00e9um d\u2019Histoire Naturelle<\/h3>\t\t\t\t<\/div>\n\t\t\t\t<\/div>\n\t\t\t\t<div class=\"elementor-element elementor-element-9a82333 elementor-widget-divider--view-line elementor-widget elementor-widget-divider\" data-id=\"9a82333\" data-element_type=\"widget\" data-widget_type=\"divider.default\">\n\t\t\t\t<div class=\"elementor-widget-container\">\n\t\t\t\t\t\t\t<div class=\"elementor-divider\">\n\t\t\t<span class=\"elementor-divider-separator\">\n\t\t\t\t\t\t<\/span>\n\t\t<\/div>\n\t\t\t\t\t\t<\/div>\n\t\t\t\t<\/div>\n\t\t\t\t\t<\/div>\n\t\t<\/div>\n\t\t\t\t<div class=\"elementor-column elementor-col-33 elementor-top-column elementor-element elementor-element-63e67d9f\" data-id=\"63e67d9f\" data-element_type=\"column\">\n\t\t\t<div class=\"elementor-widget-wrap elementor-element-populated\">\n\t\t\t\t\t\t<div class=\"elementor-element elementor-element-9d1122b elementor-widget elementor-widget-spacer\" data-id=\"9d1122b\" data-element_type=\"widget\" data-widget_type=\"spacer.default\">\n\t\t\t\t<div class=\"elementor-widget-container\">\n\t\t\t\t\t\t\t<div class=\"elementor-spacer\">\n\t\t\t<div class=\"elementor-spacer-inner\"><\/div>\n\t\t<\/div>\n\t\t\t\t\t\t<\/div>\n\t\t\t\t<\/div>\n\t\t\t\t<div class=\"elementor-element elementor-element-7def4c87 elementor-widget elementor-widget-heading\" data-id=\"7def4c87\" data-element_type=\"widget\" data-widget_type=\"heading.default\">\n\t\t\t\t<div class=\"elementor-widget-container\">\n\t\t\t\t\t<h2 class=\"elementor-heading-title elementor-size-default\">th\u00e8me&nbsp;: LITT\u00c9RATURE JEUNESSE \/ CULTURE SCIENTIFIQUE<\/h2>\t\t\t\t<\/div>\n\t\t\t\t<\/div>\n\t\t\t\t<div class=\"elementor-element elementor-element-39295a70 elementor-position-left elementor-view-default elementor-mobile-position-top elementor-widget elementor-widget-icon-box\" data-id=\"39295a70\" data-element_type=\"widget\" data-widget_type=\"icon-box.default\">\n\t\t\t\t<div class=\"elementor-widget-container\">\n\t\t\t\t\t\t\t<div class=\"elementor-icon-box-wrapper\">\n\n\t\t\t\t\t\t<div class=\"elementor-icon-box-icon\">\n\t\t\t\t<span  class=\"elementor-icon\">\n\t\t\t\t<i aria-hidden=\"true\" class=\"fas fa-map-marker-alt\"><\/i>\t\t\t\t<\/span>\n\t\t\t<\/div>\n\t\t\t\n\t\t\t\t\t\t<div class=\"elementor-icon-box-content\">\n\n\t\t\t\t\t\t\t\t\t<h3 class=\"elementor-icon-box-title\">\n\t\t\t\t\t\t<span  >\n\t\t\t\t\t\t\tMus\u00e9um d\u2019Histoire Naturelle \t\t\t\t\t\t<\/span>\n\t\t\t\t\t<\/h3>\n\t\t\t\t\n\t\t\t\t\t\t\t\t\t<p class=\"elementor-icon-box-description\">\n\t\t\t\t\t\t35 all Jules Guesde, 31000 Toulouse<br><br>\n05 67 73 84 84<br><br>https:\/\/museum.toulouse-metropole.fr\/\t\t\t\t\t<\/p>\n\t\t\t\t\n\t\t\t<\/div>\n\t\t\t\n\t\t<\/div>\n\t\t\t\t\t\t<\/div>\n\t\t\t\t<\/div>\n\t\t\t\t<div class=\"elementor-element elementor-element-889c21b elementor-position-left elementor-view-default elementor-mobile-position-top elementor-widget elementor-widget-icon-box\" data-id=\"889c21b\" data-element_type=\"widget\" data-widget_type=\"icon-box.default\">\n\t\t\t\t<div class=\"elementor-widget-container\">\n\t\t\t\t\t\t\t<div class=\"elementor-icon-box-wrapper\">\n\n\t\t\t\t\t\t<div class=\"elementor-icon-box-icon\">\n\t\t\t\t<span  class=\"elementor-icon\">\n\t\t\t\t<i aria-hidden=\"true\" class=\"fas fa-map-marker-alt\"><\/i>\t\t\t\t<\/span>\n\t\t\t<\/div>\n\t\t\t\n\t\t\t\t\t\t<div class=\"elementor-icon-box-content\">\n\n\t\t\t\t\t\t\t\t\t<h3 class=\"elementor-icon-box-title\">\n\t\t\t\t\t\t<span  >\n\t\t\t\t\t\t\tFestival du Livre de Jeunesse\t\t\t\t\t\t<\/span>\n\t\t\t\t\t<\/h3>\n\t\t\t\t\n\t\t\t\t\t\t\t\t\t<p class=\"elementor-icon-box-description\">\n\t\t\t\t\t\t2 avenue du Lyc\u00e9e, 31650 Saint-Orens de Gameville<br>\t\t\t\t\t<\/p>\n\t\t\t\t\n\t\t\t<\/div>\n\t\t\t\n\t\t<\/div>\n\t\t\t\t\t\t<\/div>\n\t\t\t\t<\/div>\n\t\t\t\t<div class=\"elementor-element elementor-element-1dd85247 elementor-widget elementor-widget-text-editor\" data-id=\"1dd85247\" data-element_type=\"widget\" data-widget_type=\"text-editor.default\">\n\t\t\t\t<div class=\"elementor-widget-container\">\n\t\t\t\t\t\t\t\t\t<p><strong>Dates : vendredi 24 janvier 2025<\/strong><\/p>\n<p>Public cible : El\u00e9mentaires<\/p>\n<p>Offre r\u00e9serv\u00e9e \u00e0 un \u00e9tablissement situ\u00e9 dans l\u2019agglom\u00e9ration Toulouse M\u00e9tropole<\/p>\n<p><strong>Nombre de classes concern\u00e9es&nbsp;: 4<\/strong><\/p>\t\t\t\t\t\t\t\t<\/div>\n\t\t\t\t<\/div>\n\t\t\t\t<div class=\"elementor-element elementor-element-469fd309 elementor-widget-divider--view-line elementor-widget elementor-widget-divider\" data-id=\"469fd309\" data-element_type=\"widget\" data-widget_type=\"divider.default\">\n\t\t\t\t<div class=\"elementor-widget-container\">\n\t\t\t\t\t\t\t<div class=\"elementor-divider\">\n\t\t\t<span class=\"elementor-divider-separator\">\n\t\t\t\t\t\t<\/span>\n\t\t<\/div>\n\t\t\t\t\t\t<\/div>\n\t\t\t\t<\/div>\n\t\t\t\t<div class=\"elementor-element elementor-element-108f39aa elementor-widget elementor-widget-text-editor\" data-id=\"108f39aa\" data-element_type=\"widget\" data-widget_type=\"text-editor.default\">\n\t\t\t\t<div class=\"elementor-widget-container\">\n\t\t\t\t\t\t\t\t\t<p>Il s\u2019agit d\u2019une offre d\u2019EAC associant deux structures culturelles (Mus\u00e9um et FLJO), qui se d\u00e9roule toute la journ\u00e9e sur les deux sites.<\/p><p>\u00a0<\/p><p><strong>Au Festival<\/strong>\u00a0: Elles se d\u00e9roulent en 2 temps :<\/p><ol><li>Rencontre avec l\u2019auteur ou l\u2019illustrateur (environ 1h),<\/li><li>Rencontre avec un libraire et une visite de la librairie du festival (1\/2h)<\/li><\/ol><p><strong>Au Mus\u00e9um<\/strong>\u00a0: Cette offre comprend un accueil \u00e0 la m\u00e9diath\u00e8que \u00ab Pourquoi pas ? \u00bb, une visite des r\u00e9serves et des collections permanentes ainsi qu\u2019une visite libre de l\u2019exposition temporaire.<\/p>\t\t\t\t\t\t\t\t<\/div>\n\t\t\t\t<\/div>\n\t\t\t\t\t<\/div>\n\t\t<\/div>\n\t\t\t\t<div class=\"elementor-column elementor-col-33 elementor-top-column elementor-element elementor-element-5e28445\" data-id=\"5e28445\" data-element_type=\"column\">\n\t\t\t<div class=\"elementor-widget-wrap elementor-element-populated\">\n\t\t\t\t\t\t<div class=\"elementor-element elementor-element-598588bf elementor-widget elementor-widget-spacer\" data-id=\"598588bf\" data-element_type=\"widget\" data-widget_type=\"spacer.default\">\n\t\t\t\t<div class=\"elementor-widget-container\">\n\t\t\t\t\t\t\t<div class=\"elementor-spacer\">\n\t\t\t<div class=\"elementor-spacer-inner\"><\/div>\n\t\t<\/div>\n\t\t\t\t\t\t<\/div>\n\t\t\t\t<\/div>\n\t\t\t\t<div class=\"elementor-element elementor-element-7f6515be elementor-widget elementor-widget-image\" data-id=\"7f6515be\" data-element_type=\"widget\" data-widget_type=\"image.default\">\n\t\t\t\t<div class=\"elementor-widget-container\">\n\t\t\t\t\t\t\t\t\t\t\t\t\t\t\t<img fetchpriority=\"high\" decoding=\"async\" width=\"948\" height=\"593\" src=\"https:\/\/festival-livre-jeunesse.fr\/2024\/wp-content\/uploads\/2024\/05\/326073586_887502259259774_4177478756800653980_n-e1716884029541-1024x641.jpg\" class=\"attachment-large size-large wp-image-17454\" alt=\"\" srcset=\"https:\/\/festival-livre-jeunesse.fr\/2024\/wp-content\/uploads\/2024\/05\/326073586_887502259259774_4177478756800653980_n-e1716884029541-1024x641.jpg 1024w, https:\/\/festival-livre-jeunesse.fr\/2024\/wp-content\/uploads\/2024\/05\/326073586_887502259259774_4177478756800653980_n-e1716884029541-300x188.jpg 300w, https:\/\/festival-livre-jeunesse.fr\/2024\/wp-content\/uploads\/2024\/05\/326073586_887502259259774_4177478756800653980_n-e1716884029541-768x481.jpg 768w, https:\/\/festival-livre-jeunesse.fr\/2024\/wp-content\/uploads\/2024\/05\/326073586_887502259259774_4177478756800653980_n-e1716884029541.jpg 1080w\" sizes=\"(max-width: 948px) 100vw, 948px\" \/>\t\t\t\t\t\t\t\t\t\t\t\t\t\t\t<\/div>\n\t\t\t\t<\/div>\n\t\t\t\t<div class=\"elementor-element elementor-element-40010649 elementor-widget elementor-widget-text-editor\" data-id=\"40010649\" data-element_type=\"widget\" data-widget_type=\"text-editor.default\">\n\t\t\t\t<div class=\"elementor-widget-container\">\n\t\t\t\t\t\t\t\t\t<p><strong style=\"font-style: inherit; color: var( --e-global-color-text );\">Cr\u00e9neaux\u00a0:<\/strong><\/p><p>\u00a0<\/p><p>Ven. 24\/01\/2025 &#8211; De 10h \u00e0 11h30 (Mus\u00e9um) et 13h45 \u00e0 16h (FLJ Occ \u2013 Saint-Orens)<\/p><p>Ven. 24\/01\/2025 &#8211; De 10h \u00e0 11h30 (FLJ Occ \u2013 Saint-Orens) et 13h45 \u00e0 16h (Mus\u00e9um).<\/p><p>\u00a0<\/p><p><strong><u>Les plus<\/u>\u00a0:<\/strong><\/p><p>L\u2019association organisatrice prend en charge la r\u00e9mun\u00e9ration et les frais de l\u2019auteur.<\/p><p>Gratuit\u00e9 de la rencontre ainsi que la visite accompagn\u00e9e au Mus\u00e9um d\u2019Histoire Naturelle de Toulouse<\/p><p>Un album\/roman de l\u2019auteur(rice) offert par l\u2019association Festival du Livre de Jeunesse Occitanie.<\/p><p>\u00a0<\/p><p><strong><u>A la charge de l\u2019\u00e9tablissement scolaire<\/u><\/strong>\u00a0:<\/p><p>Transport entre l\u2019\u00e9tablissement scolaire \/ Saint-Orens de Gameville et le Mus\u00e9um<\/p><p>\u00a0<\/p>\t\t\t\t\t\t\t\t<\/div>\n\t\t\t\t<\/div>\n\t\t\t\t<div class=\"elementor-element elementor-element-4866143 elementor-widget elementor-widget-text-editor\" data-id=\"4866143\" data-element_type=\"widget\" data-widget_type=\"text-editor.default\">\n\t\t\t\t<div class=\"elementor-widget-container\">\n\t\t\t\t\t\t\t\t\t<p>Les inscriptions sont limit\u00e9es \u00e0 2 classes \/Etablissement scolaire pour l\u2019ensemble des actions. Nous vous informerons des suites donn\u00e9es \u00e0 votre inscription et de l\u2019auteur que nous vous proposons de rencontrer \u00e0 la mi-novembre.<\/p>\t\t\t\t\t\t\t\t<\/div>\n\t\t\t\t<\/div>\n\t\t\t\t\t<\/div>\n\t\t<\/div>\n\t\t\t\t\t<\/div>\n\t\t<\/section>\n\t\t\t\t<section class=\"elementor-section elementor-top-section elementor-element elementor-element-a408787 elementor-section-boxed elementor-section-height-default elementor-section-height-default\" data-id=\"a408787\" data-element_type=\"section\">\n\t\t\t\t\t\t<div class=\"elementor-container elementor-column-gap-default\">\n\t\t\t\t\t<div class=\"elementor-column elementor-col-100 elementor-top-column elementor-element elementor-element-035a6de\" data-id=\"035a6de\" data-element_type=\"column\">\n\t\t\t<div class=\"elementor-widget-wrap elementor-element-populated\">\n\t\t\t\t\t\t<div class=\"elementor-element elementor-element-d1f780e elementor-align-center elementor-widget elementor-widget-button\" data-id=\"d1f780e\" data-element_type=\"widget\" data-widget_type=\"button.default\">\n\t\t\t\t<div class=\"elementor-widget-container\">\n\t\t\t\t\t\t\t\t\t<div class=\"elementor-button-wrapper\">\n\t\t\t\t\t<a class=\"elementor-button elementor-button-link elementor-size-xl elementor-animation-grow\" href=\"https:\/\/festival-livre-jeunesse.fr\/2024\/elementor-14506\/\">\n\t\t\t\t\t\t<span class=\"elementor-button-content-wrapper\">\n\t\t\t\t\t\t<span class=\"elementor-button-icon\">\n\t\t\t\t<i aria-hidden=\"true\" class=\"fas fa-arrow-right\"><\/i>\t\t\t<\/span>\n\t\t\t\t\t\t\t\t\t<span class=\"elementor-button-text\">Pour inscrire vos classes, c'est ici<\/span>\n\t\t\t\t\t<\/span>\n\t\t\t\t\t<\/a>\n\t\t\t\t<\/div>\n\t\t\t\t\t\t\t\t<\/div>\n\t\t\t\t<\/div>\n\t\t\t\t<div class=\"elementor-element elementor-element-6735796 elementor-widget elementor-widget-spacer\" data-id=\"6735796\" data-element_type=\"widget\" data-widget_type=\"spacer.default\">\n\t\t\t\t<div class=\"elementor-widget-container\">\n\t\t\t\t\t\t\t<div class=\"elementor-spacer\">\n\t\t\t<div class=\"elementor-spacer-inner\"><\/div>\n\t\t<\/div>\n\t\t\t\t\t\t<\/div>\n\t\t\t\t<\/div>\n\t\t\t\t\t<\/div>\n\t\t<\/div>\n\t\t\t\t\t<\/div>\n\t\t<\/section>\n\t\t\t\t<\/div>\n\t\t","protected":false},"excerpt":{"rendered":"<p>> EDUCATION ARTISTIQUE ET CULTURELLE 2# Rencontre d\u2019auteur jeunesse au Festival \u00e0 Saint-Orens de Gameville + visite au Mus\u00e9um d\u2019Histoire Naturelle th\u00e8me&nbsp;: LITT\u00c9RATURE JEUNESSE \/ CULTURE SCIENTIFIQUE Mus\u00e9um d\u2019Histoire Naturelle 35 all Jules Guesde, 31000 Toulouse 05 67 73 84 84 https:\/\/museum.toulouse-metropole.fr\/ Festival du Livre de Jeunesse 2 avenue du Lyc\u00e9e, 31650 Saint-Orens de Gameville &hellip;<\/p>\n<p class=\"read-more\"> <a class=\"\" href=\"https:\/\/festival-livre-jeunesse.fr\/2024\/2-rencontre-dauteur-jeunesse-au-festival-a-saint-orens-de-gameville-visite-au-museum-dhistoire-naturelle\/\"> <span class=\"screen-reader-text\">2# Rencontre d\u2019auteur jeunesse au Festival \u00e0 Saint-Orens de Gameville + visite au Mus\u00e9um d\u2019Histoire Naturelle<\/span> Lire la suite\u00a0\u00bb<\/a><\/p>\n","protected":false},"author":2,"featured_media":0,"parent":0,"menu_order":0,"comment_status":"closed","ping_status":"closed","template":"","meta":{"site-sidebar-layout":"no-sidebar","site-content-layout":"page-builder","ast-site-content-layout":"full-width-container","site-content-style":"default","site-sidebar-style":"default","ast-global-header-display":"","ast-banner-title-visibility":"","ast-main-header-display":"","ast-hfb-above-header-display":"","ast-hfb-below-header-display":"","ast-hfb-mobile-header-display":"","site-post-title":"disabled","ast-breadcrumbs-content":"","ast-featured-img":"disabled","footer-sml-layout":"","theme-transparent-header-meta":"","adv-header-id-meta":"","stick-header-meta":"","header-above-stick-meta":"","header-main-stick-meta":"","header-below-stick-meta":"","astra-migrate-meta-layouts":"set","footnotes":""},"class_list":["post-17500","page","type-page","status-publish","hentry"],"yoast_head":"<!-- This site is optimized with the Yoast SEO plugin v21.4 - https:\/\/yoast.com\/wordpress\/plugins\/seo\/ -->\n<title>2# Rencontre d\u2019auteur jeunesse au Festival \u00e0 Saint-Orens de Gameville + visite au Mus\u00e9um d\u2019Histoire Naturelle - Festival Livre Jeunesse Occitanie<\/title>\n<meta name=\"robots\" content=\"index, follow, max-snippet:-1, max-image-preview:large, max-video-preview:-1\" \/>\n<link rel=\"canonical\" href=\"https:\/\/festival-livre-jeunesse.fr\/2024\/2-rencontre-dauteur-jeunesse-au-festival-a-saint-orens-de-gameville-visite-au-museum-dhistoire-naturelle\/\" \/>\n<meta property=\"og:locale\" content=\"fr_FR\" \/>\n<meta property=\"og:type\" content=\"article\" \/>\n<meta property=\"og:title\" content=\"2# Rencontre d\u2019auteur jeunesse au Festival \u00e0 Saint-Orens de Gameville + visite au Mus\u00e9um d\u2019Histoire Naturelle - Festival Livre Jeunesse Occitanie\" \/>\n<meta property=\"og:description\" content=\"&gt; EDUCATION ARTISTIQUE ET CULTURELLE 2# Rencontre d\u2019auteur jeunesse au Festival \u00e0 Saint-Orens de Gameville + visite au Mus\u00e9um d\u2019Histoire Naturelle th\u00e8me&nbsp;: LITT\u00c9RATURE JEUNESSE \/ CULTURE SCIENTIFIQUE Mus\u00e9um d\u2019Histoire Naturelle 35 all Jules Guesde, 31000 Toulouse 05 67 73 84 84 https:\/\/museum.toulouse-metropole.fr\/ Festival du Livre de Jeunesse 2 avenue du Lyc\u00e9e, 31650 Saint-Orens de Gameville &hellip; 2# Rencontre d\u2019auteur jeunesse au Festival \u00e0 Saint-Orens de Gameville + visite au Mus\u00e9um d\u2019Histoire Naturelle Lire la suite\u00a0\u00bb\" \/>\n<meta property=\"og:url\" content=\"https:\/\/festival-livre-jeunesse.fr\/2024\/2-rencontre-dauteur-jeunesse-au-festival-a-saint-orens-de-gameville-visite-au-museum-dhistoire-naturelle\/\" \/>\n<meta property=\"og:site_name\" content=\"Festival Livre Jeunesse Occitanie\" \/>\n<meta property=\"article:publisher\" content=\"https:\/\/www.facebook.com\/FestivalLivreJeunesseOccitanie\" \/>\n<meta property=\"article:modified_time\" content=\"2024-08-19T13:29:01+00:00\" \/>\n<meta property=\"og:image\" content=\"https:\/\/festival-livre-jeunesse.fr\/2024\/wp-content\/uploads\/2024\/05\/326073586_887502259259774_4177478756800653980_n-e1716884029541-1024x641.jpg\" \/>\n<meta name=\"twitter:card\" content=\"summary_large_image\" \/>\n<meta name=\"twitter:site\" content=\"@FljOccitanie\" \/>\n<meta name=\"twitter:label1\" content=\"Dur\u00e9e de lecture estim\u00e9e\" \/>\n\t<meta name=\"twitter:data1\" content=\"2 minutes\" \/>\n<script type=\"application\/ld+json\" class=\"yoast-schema-graph\">{\"@context\":\"https:\/\/schema.org\",\"@graph\":[{\"@type\":\"WebPage\",\"@id\":\"https:\/\/festival-livre-jeunesse.fr\/2024\/2-rencontre-dauteur-jeunesse-au-festival-a-saint-orens-de-gameville-visite-au-museum-dhistoire-naturelle\/\",\"url\":\"https:\/\/festival-livre-jeunesse.fr\/2024\/2-rencontre-dauteur-jeunesse-au-festival-a-saint-orens-de-gameville-visite-au-museum-dhistoire-naturelle\/\",\"name\":\"2# Rencontre d\u2019auteur jeunesse au Festival \u00e0 Saint-Orens de Gameville + visite au Mus\u00e9um d\u2019Histoire Naturelle - Festival Livre Jeunesse Occitanie\",\"isPartOf\":{\"@id\":\"https:\/\/festival-livre-jeunesse.fr\/2024\/#website\"},\"datePublished\":\"2024-05-29T08:01:56+00:00\",\"dateModified\":\"2024-08-19T13:29:01+00:00\",\"breadcrumb\":{\"@id\":\"https:\/\/festival-livre-jeunesse.fr\/2024\/2-rencontre-dauteur-jeunesse-au-festival-a-saint-orens-de-gameville-visite-au-museum-dhistoire-naturelle\/#breadcrumb\"},\"inLanguage\":\"fr-FR\",\"potentialAction\":[{\"@type\":\"ReadAction\",\"target\":[\"https:\/\/festival-livre-jeunesse.fr\/2024\/2-rencontre-dauteur-jeunesse-au-festival-a-saint-orens-de-gameville-visite-au-museum-dhistoire-naturelle\/\"]}]},{\"@type\":\"BreadcrumbList\",\"@id\":\"https:\/\/festival-livre-jeunesse.fr\/2024\/2-rencontre-dauteur-jeunesse-au-festival-a-saint-orens-de-gameville-visite-au-museum-dhistoire-naturelle\/#breadcrumb\",\"itemListElement\":[{\"@type\":\"ListItem\",\"position\":1,\"name\":\"Accueil\",\"item\":\"https:\/\/festival-livre-jeunesse.fr\/2024\/\"},{\"@type\":\"ListItem\",\"position\":2,\"name\":\"2# Rencontre d\u2019auteur jeunesse au Festival \u00e0 Saint-Orens de Gameville + visite au Mus\u00e9um d\u2019Histoire Naturelle\"}]},{\"@type\":\"WebSite\",\"@id\":\"https:\/\/festival-livre-jeunesse.fr\/2024\/#website\",\"url\":\"https:\/\/festival-livre-jeunesse.fr\/2024\/\",\"name\":\"Festival Livre Jeunesse Occitanie\",\"description\":\"23\u00e8me \u00e9dition - janvier 2025\",\"publisher\":{\"@id\":\"https:\/\/festival-livre-jeunesse.fr\/2024\/#organization\"},\"potentialAction\":[{\"@type\":\"SearchAction\",\"target\":{\"@type\":\"EntryPoint\",\"urlTemplate\":\"https:\/\/festival-livre-jeunesse.fr\/2024\/?s={search_term_string}\"},\"query-input\":\"required name=search_term_string\"}],\"inLanguage\":\"fr-FR\"},{\"@type\":\"Organization\",\"@id\":\"https:\/\/festival-livre-jeunesse.fr\/2024\/#organization\",\"name\":\"festival livre jeunesse occitanie\",\"url\":\"https:\/\/festival-livre-jeunesse.fr\/2024\/\",\"logo\":{\"@type\":\"ImageObject\",\"inLanguage\":\"fr-FR\",\"@id\":\"https:\/\/festival-livre-jeunesse.fr\/2024\/#\/schema\/logo\/image\/\",\"url\":\"https:\/\/festival-livre-jeunesse.fr\/2024\/wp-content\/uploads\/2021\/05\/Logo-FLJ-petit.png\",\"contentUrl\":\"https:\/\/festival-livre-jeunesse.fr\/2024\/wp-content\/uploads\/2021\/05\/Logo-FLJ-petit.png\",\"width\":204,\"height\":200,\"caption\":\"festival livre jeunesse occitanie\"},\"image\":{\"@id\":\"https:\/\/festival-livre-jeunesse.fr\/2024\/#\/schema\/logo\/image\/\"},\"sameAs\":[\"https:\/\/www.facebook.com\/FestivalLivreJeunesseOccitanie\",\"https:\/\/twitter.com\/FljOccitanie\"]}]}<\/script>\n<!-- \/ Yoast SEO plugin. -->","yoast_head_json":{"title":"2# Rencontre d\u2019auteur jeunesse au Festival \u00e0 Saint-Orens de Gameville + visite au Mus\u00e9um d\u2019Histoire Naturelle - Festival Livre Jeunesse Occitanie","robots":{"index":"index","follow":"follow","max-snippet":"max-snippet:-1","max-image-preview":"max-image-preview:large","max-video-preview":"max-video-preview:-1"},"canonical":"https:\/\/festival-livre-jeunesse.fr\/2024\/2-rencontre-dauteur-jeunesse-au-festival-a-saint-orens-de-gameville-visite-au-museum-dhistoire-naturelle\/","og_locale":"fr_FR","og_type":"article","og_title":"2# Rencontre d\u2019auteur jeunesse au Festival \u00e0 Saint-Orens de Gameville + visite au Mus\u00e9um d\u2019Histoire Naturelle - Festival Livre Jeunesse Occitanie","og_description":"> EDUCATION ARTISTIQUE ET CULTURELLE 2# Rencontre d\u2019auteur jeunesse au Festival \u00e0 Saint-Orens de Gameville + visite au Mus\u00e9um d\u2019Histoire Naturelle th\u00e8me&nbsp;: LITT\u00c9RATURE JEUNESSE \/ CULTURE SCIENTIFIQUE Mus\u00e9um d\u2019Histoire Naturelle 35 all Jules Guesde, 31000 Toulouse 05 67 73 84 84 https:\/\/museum.toulouse-metropole.fr\/ Festival du Livre de Jeunesse 2 avenue du Lyc\u00e9e, 31650 Saint-Orens de Gameville &hellip; 2# Rencontre d\u2019auteur jeunesse au Festival \u00e0 Saint-Orens de Gameville + visite au Mus\u00e9um d\u2019Histoire Naturelle Lire la suite\u00a0\u00bb","og_url":"https:\/\/festival-livre-jeunesse.fr\/2024\/2-rencontre-dauteur-jeunesse-au-festival-a-saint-orens-de-gameville-visite-au-museum-dhistoire-naturelle\/","og_site_name":"Festival Livre Jeunesse Occitanie","article_publisher":"https:\/\/www.facebook.com\/FestivalLivreJeunesseOccitanie","article_modified_time":"2024-08-19T13:29:01+00:00","og_image":[{"url":"https:\/\/festival-livre-jeunesse.fr\/2024\/wp-content\/uploads\/2024\/05\/326073586_887502259259774_4177478756800653980_n-e1716884029541-1024x641.jpg"}],"twitter_card":"summary_large_image","twitter_site":"@FljOccitanie","twitter_misc":{"Dur\u00e9e de lecture estim\u00e9e":"2 minutes"},"schema":{"@context":"https:\/\/schema.org","@graph":[{"@type":"WebPage","@id":"https:\/\/festival-livre-jeunesse.fr\/2024\/2-rencontre-dauteur-jeunesse-au-festival-a-saint-orens-de-gameville-visite-au-museum-dhistoire-naturelle\/","url":"https:\/\/festival-livre-jeunesse.fr\/2024\/2-rencontre-dauteur-jeunesse-au-festival-a-saint-orens-de-gameville-visite-au-museum-dhistoire-naturelle\/","name":"2# Rencontre d\u2019auteur jeunesse au Festival \u00e0 Saint-Orens de Gameville + visite au Mus\u00e9um d\u2019Histoire Naturelle - Festival Livre Jeunesse Occitanie","isPartOf":{"@id":"https:\/\/festival-livre-jeunesse.fr\/2024\/#website"},"datePublished":"2024-05-29T08:01:56+00:00","dateModified":"2024-08-19T13:29:01+00:00","breadcrumb":{"@id":"https:\/\/festival-livre-jeunesse.fr\/2024\/2-rencontre-dauteur-jeunesse-au-festival-a-saint-orens-de-gameville-visite-au-museum-dhistoire-naturelle\/#breadcrumb"},"inLanguage":"fr-FR","potentialAction":[{"@type":"ReadAction","target":["https:\/\/festival-livre-jeunesse.fr\/2024\/2-rencontre-dauteur-jeunesse-au-festival-a-saint-orens-de-gameville-visite-au-museum-dhistoire-naturelle\/"]}]},{"@type":"BreadcrumbList","@id":"https:\/\/festival-livre-jeunesse.fr\/2024\/2-rencontre-dauteur-jeunesse-au-festival-a-saint-orens-de-gameville-visite-au-museum-dhistoire-naturelle\/#breadcrumb","itemListElement":[{"@type":"ListItem","position":1,"name":"Accueil","item":"https:\/\/festival-livre-jeunesse.fr\/2024\/"},{"@type":"ListItem","position":2,"name":"2# Rencontre d\u2019auteur jeunesse au Festival \u00e0 Saint-Orens de Gameville + visite au Mus\u00e9um d\u2019Histoire Naturelle"}]},{"@type":"WebSite","@id":"https:\/\/festival-livre-jeunesse.fr\/2024\/#website","url":"https:\/\/festival-livre-jeunesse.fr\/2024\/","name":"Festival Livre Jeunesse Occitanie","description":"23\u00e8me \u00e9dition - janvier 2025","publisher":{"@id":"https:\/\/festival-livre-jeunesse.fr\/2024\/#organization"},"potentialAction":[{"@type":"SearchAction","target":{"@type":"EntryPoint","urlTemplate":"https:\/\/festival-livre-jeunesse.fr\/2024\/?s={search_term_string}"},"query-input":"required name=search_term_string"}],"inLanguage":"fr-FR"},{"@type":"Organization","@id":"https:\/\/festival-livre-jeunesse.fr\/2024\/#organization","name":"festival livre jeunesse occitanie","url":"https:\/\/festival-livre-jeunesse.fr\/2024\/","logo":{"@type":"ImageObject","inLanguage":"fr-FR","@id":"https:\/\/festival-livre-jeunesse.fr\/2024\/#\/schema\/logo\/image\/","url":"https:\/\/festival-livre-jeunesse.fr\/2024\/wp-content\/uploads\/2021\/05\/Logo-FLJ-petit.png","contentUrl":"https:\/\/festival-livre-jeunesse.fr\/2024\/wp-content\/uploads\/2021\/05\/Logo-FLJ-petit.png","width":204,"height":200,"caption":"festival livre jeunesse occitanie"},"image":{"@id":"https:\/\/festival-livre-jeunesse.fr\/2024\/#\/schema\/logo\/image\/"},"sameAs":["https:\/\/www.facebook.com\/FestivalLivreJeunesseOccitanie","https:\/\/twitter.com\/FljOccitanie"]}]}},"_links":{"self":[{"href":"https:\/\/festival-livre-jeunesse.fr\/2024\/wp-json\/wp\/v2\/pages\/17500"}],"collection":[{"href":"https:\/\/festival-livre-jeunesse.fr\/2024\/wp-json\/wp\/v2\/pages"}],"about":[{"href":"https:\/\/festival-livre-jeunesse.fr\/2024\/wp-json\/wp\/v2\/types\/page"}],"author":[{"embeddable":true,"href":"https:\/\/festival-livre-jeunesse.fr\/2024\/wp-json\/wp\/v2\/users\/2"}],"replies":[{"embeddable":true,"href":"https:\/\/festival-livre-jeunesse.fr\/2024\/wp-json\/wp\/v2\/comments?post=17500"}],"version-history":[{"count":23,"href":"https:\/\/festival-livre-jeunesse.fr\/2024\/wp-json\/wp\/v2\/pages\/17500\/revisions"}],"predecessor-version":[{"id":18054,"href":"https:\/\/festival-livre-jeunesse.fr\/2024\/wp-json\/wp\/v2\/pages\/17500\/revisions\/18054"}],"wp:attachment":[{"href":"https:\/\/festival-livre-jeunesse.fr\/2024\/wp-json\/wp\/v2\/media?parent=17500"}],"curies":[{"name":"wp","href":"https:\/\/api.w.org\/{rel}","templated":true}]}}