{"id":17614,"date":"2024-05-29T12:02:55","date_gmt":"2024-05-29T10:02:55","guid":{"rendered":"https:\/\/festival-livre-jeunesse.fr\/2024\/?page_id=17614"},"modified":"2024-08-30T10:16:24","modified_gmt":"2024-08-30T08:16:24","slug":"5-rencontres-dauteur-decouverte-de-la-chaine-du-livre-et-visite-dune-librairie-jeunesse","status":"publish","type":"page","link":"https:\/\/festival-livre-jeunesse.fr\/2024\/5-rencontres-dauteur-decouverte-de-la-chaine-du-livre-et-visite-dune-librairie-jeunesse\/","title":{"rendered":"5# Rencontres d\u2019auteur, d\u00e9couverte de la cha\u00eene du Livre et visite d\u2019une librairie jeunesse"},"content":{"rendered":"\t\t<div data-elementor-type=\"wp-page\" data-elementor-id=\"17614\" class=\"elementor elementor-17614\">\n\t\t\t\t\t\t<section class=\"elementor-section elementor-top-section elementor-element elementor-element-6d618e1 elementor-section-content-middle elementor-section-boxed elementor-section-height-default elementor-section-height-default\" data-id=\"6d618e1\" data-element_type=\"section\">\n\t\t\t\t\t\t<div class=\"elementor-container elementor-column-gap-no\">\n\t\t\t\t\t<div class=\"elementor-column elementor-col-33 elementor-top-column elementor-element elementor-element-4da85ba6\" data-id=\"4da85ba6\" data-element_type=\"column\">\n\t\t\t<div class=\"elementor-widget-wrap elementor-element-populated\">\n\t\t\t\t\t\t<div class=\"elementor-element elementor-element-056bb69 elementor-widget elementor-widget-heading\" data-id=\"056bb69\" data-element_type=\"widget\" data-widget_type=\"heading.default\">\n\t\t\t\t<div class=\"elementor-widget-container\">\n\t\t\t\t\t<h2 class=\"elementor-heading-title elementor-size-default\"><a href=\"https:\/\/festival-livre-jeunesse.fr\/2024\/education-artistique-et-culturelle\/\">&gt; EDUCATION ARTISTIQUE ET CULTURELLE<\/a><\/h2>\t\t\t\t<\/div>\n\t\t\t\t<\/div>\n\t\t\t\t<div class=\"elementor-element elementor-element-a659a2e elementor-widget elementor-widget-heading\" data-id=\"a659a2e\" data-element_type=\"widget\" data-widget_type=\"heading.default\">\n\t\t\t\t<div class=\"elementor-widget-container\">\n\t\t\t\t\t<h3 class=\"elementor-heading-title elementor-size-default\">5# Rencontres d\u2019auteur, d\u00e9couverte de la cha\u00eene du Livre et visite d\u2019une librairie jeunesse<\/h3>\t\t\t\t<\/div>\n\t\t\t\t<\/div>\n\t\t\t\t<div class=\"elementor-element elementor-element-5ef8ec93 elementor-widget-divider--view-line elementor-widget elementor-widget-divider\" data-id=\"5ef8ec93\" data-element_type=\"widget\" data-widget_type=\"divider.default\">\n\t\t\t\t<div class=\"elementor-widget-container\">\n\t\t\t\t\t\t\t<div class=\"elementor-divider\">\n\t\t\t<span class=\"elementor-divider-separator\">\n\t\t\t\t\t\t<\/span>\n\t\t<\/div>\n\t\t\t\t\t\t<\/div>\n\t\t\t\t<\/div>\n\t\t\t\t\t<\/div>\n\t\t<\/div>\n\t\t\t\t<div class=\"elementor-column elementor-col-33 elementor-top-column elementor-element elementor-element-4487cb9e\" data-id=\"4487cb9e\" data-element_type=\"column\">\n\t\t\t<div class=\"elementor-widget-wrap elementor-element-populated\">\n\t\t\t\t\t\t<div class=\"elementor-element elementor-element-32d82e82 elementor-widget elementor-widget-heading\" data-id=\"32d82e82\" data-element_type=\"widget\" data-widget_type=\"heading.default\">\n\t\t\t\t<div class=\"elementor-widget-container\">\n\t\t\t\t\t<h2 class=\"elementor-heading-title elementor-size-default\">LITT\u00c9RATURE JEUNESSE \/ D\u00c9COUVERTE DES M\u00c9TIERS DU LIVRE<\/h2>\t\t\t\t<\/div>\n\t\t\t\t<\/div>\n\t\t\t\t<div class=\"elementor-element elementor-element-2b876cd5 elementor-position-left elementor-view-default elementor-mobile-position-top elementor-widget elementor-widget-icon-box\" data-id=\"2b876cd5\" data-element_type=\"widget\" data-widget_type=\"icon-box.default\">\n\t\t\t\t<div class=\"elementor-widget-container\">\n\t\t\t\t\t\t\t<div class=\"elementor-icon-box-wrapper\">\n\n\t\t\t\t\t\t<div class=\"elementor-icon-box-icon\">\n\t\t\t\t<span  class=\"elementor-icon\">\n\t\t\t\t<i aria-hidden=\"true\" class=\"fas fa-map-marker-alt\"><\/i>\t\t\t\t<\/span>\n\t\t\t<\/div>\n\t\t\t\n\t\t\t\t\t\t<div class=\"elementor-icon-box-content\">\n\n\t\t\t\t\t\t\t\t\t<h3 class=\"elementor-icon-box-title\">\n\t\t\t\t\t\t<span  >\n\t\t\t\t\t\t\tFestival du Livre de Jeunesse\t\t\t\t\t\t<\/span>\n\t\t\t\t\t<\/h3>\n\t\t\t\t\n\t\t\t\t\t\t\t\t\t<p class=\"elementor-icon-box-description\">\n\t\t\t\t\t\t2 avenue du Lyc\u00e9e, 31650 Saint-Orens de Gameville\nEspace am\u00e9nag\u00e9 (Gymnase)\t\t\t\t\t<\/p>\n\t\t\t\t\n\t\t\t<\/div>\n\t\t\t\n\t\t<\/div>\n\t\t\t\t\t\t<\/div>\n\t\t\t\t<\/div>\n\t\t\t\t<div class=\"elementor-element elementor-element-5aabecd9 elementor-widget elementor-widget-text-editor\" data-id=\"5aabecd9\" data-element_type=\"widget\" data-widget_type=\"text-editor.default\">\n\t\t\t\t<div class=\"elementor-widget-container\">\n\t\t\t\t\t\t\t\t\t<p><strong>Dates : vendredi 24 janvier 2025<\/strong><\/p>\n<p>Public cible : Lyc\u00e9es (LGT, LP), Coll\u00e8ge<\/p>\n<p><strong>Nombre de classes concern\u00e9es : 16<\/strong><\/p>\t\t\t\t\t\t\t\t<\/div>\n\t\t\t\t<\/div>\n\t\t\t\t<div class=\"elementor-element elementor-element-56027937 elementor-widget-divider--view-line elementor-widget elementor-widget-divider\" data-id=\"56027937\" data-element_type=\"widget\" data-widget_type=\"divider.default\">\n\t\t\t\t<div class=\"elementor-widget-container\">\n\t\t\t\t\t\t\t<div class=\"elementor-divider\">\n\t\t\t<span class=\"elementor-divider-separator\">\n\t\t\t\t\t\t<\/span>\n\t\t<\/div>\n\t\t\t\t\t\t<\/div>\n\t\t\t\t<\/div>\n\t\t\t\t<div class=\"elementor-element elementor-element-49d645ae elementor-widget elementor-widget-text-editor\" data-id=\"49d645ae\" data-element_type=\"widget\" data-widget_type=\"text-editor.default\">\n\t\t\t\t<div class=\"elementor-widget-container\">\n\t\t\t\t\t\t\t\t\t<p>Dans l\u2019espace am\u00e9nag\u00e9 au gymnase du LGT PP Riquet, huit classes divis\u00e9es en \u00bd groupe rencontrent des auteur(rice)s de litt\u00e9rature jeunesse d\u00e9sign\u00e9s par l\u2019association. Chaque \u00bd groupe rencontrera un auteur, b\u00e9n\u00e9ficiera d\u2019une rencontre \u00ab\u00a0D\u00e9couverte de la cha\u00eene du Livre\u00a0\u00bb et pourra visiter librement l\u2019espace Librairie du Festival. La dur\u00e9e de la rencontre est de 1h40 (1h de rencontre auteur + 20 min de d\u00e9couverte cha\u00eene du Livre + 20 min de visite libre de la librairie).<\/p>\t\t\t\t\t\t\t\t<\/div>\n\t\t\t\t<\/div>\n\t\t\t\t<div class=\"elementor-element elementor-element-f975301 elementor-widget elementor-widget-text-editor\" data-id=\"f975301\" data-element_type=\"widget\" data-widget_type=\"text-editor.default\">\n\t\t\t\t<div class=\"elementor-widget-container\">\n\t\t\t\t\t\t\t\t\t<p><strong>Cr\u00e9neaux\u00a0:<\/strong><\/p><p>Ven. 24\/01\/2025 &#8211; De 9h15 \u00e0 10h15 (auteur) + visite librairie<\/p><p>Ven. 24\/01\/2025 &#8211; De 10h30 \u00e0 11h30 + visite librairie<\/p><p>Ven. 24\/01\/2025 &#8211; De 13h45 \u00e0 14h45 + visite librairie<\/p><p>Ven. 24\/01\/2025 &#8211; De 15h \u00e0 16h \u00a0+ visite librairie<\/p>\t\t\t\t\t\t\t\t<\/div>\n\t\t\t\t<\/div>\n\t\t\t\t\t<\/div>\n\t\t<\/div>\n\t\t\t\t<div class=\"elementor-column elementor-col-33 elementor-top-column elementor-element elementor-element-17b5c4d5\" data-id=\"17b5c4d5\" data-element_type=\"column\">\n\t\t\t<div class=\"elementor-widget-wrap elementor-element-populated\">\n\t\t\t\t\t\t<div class=\"elementor-element elementor-element-4aab9ddf elementor-widget elementor-widget-spacer\" data-id=\"4aab9ddf\" data-element_type=\"widget\" data-widget_type=\"spacer.default\">\n\t\t\t\t<div class=\"elementor-widget-container\">\n\t\t\t\t\t\t\t<div class=\"elementor-spacer\">\n\t\t\t<div class=\"elementor-spacer-inner\"><\/div>\n\t\t<\/div>\n\t\t\t\t\t\t<\/div>\n\t\t\t\t<\/div>\n\t\t\t\t<div class=\"elementor-element elementor-element-12c43782 elementor-widget elementor-widget-image\" data-id=\"12c43782\" data-element_type=\"widget\" data-widget_type=\"image.default\">\n\t\t\t\t<div class=\"elementor-widget-container\">\n\t\t\t\t\t\t\t\t\t\t\t\t\t\t\t<img fetchpriority=\"high\" decoding=\"async\" width=\"948\" height=\"642\" src=\"https:\/\/festival-livre-jeunesse.fr\/2024\/wp-content\/uploads\/2024\/05\/23205-scaled-e1716977051844-1024x694.jpg\" class=\"attachment-large size-large wp-image-17617\" alt=\"\" srcset=\"https:\/\/festival-livre-jeunesse.fr\/2024\/wp-content\/uploads\/2024\/05\/23205-scaled-e1716977051844-1024x694.jpg 1024w, https:\/\/festival-livre-jeunesse.fr\/2024\/wp-content\/uploads\/2024\/05\/23205-scaled-e1716977051844-300x203.jpg 300w, https:\/\/festival-livre-jeunesse.fr\/2024\/wp-content\/uploads\/2024\/05\/23205-scaled-e1716977051844-768x521.jpg 768w, https:\/\/festival-livre-jeunesse.fr\/2024\/wp-content\/uploads\/2024\/05\/23205-scaled-e1716977051844-1536x1042.jpg 1536w, https:\/\/festival-livre-jeunesse.fr\/2024\/wp-content\/uploads\/2024\/05\/23205-scaled-e1716977051844.jpg 1774w\" sizes=\"(max-width: 948px) 100vw, 948px\" \/>\t\t\t\t\t\t\t\t\t\t\t\t\t\t\t<\/div>\n\t\t\t\t<\/div>\n\t\t\t\t<div class=\"elementor-element elementor-element-90be7d1 elementor-widget elementor-widget-text-editor\" data-id=\"90be7d1\" data-element_type=\"widget\" data-widget_type=\"text-editor.default\">\n\t\t\t\t<div class=\"elementor-widget-container\">\n\t\t\t\t\t\t\t\t\t<p><strong style=\"font-style: inherit; color: var( --e-global-color-text );\">CALENDRIER<\/strong><\/p><ul><li>30 septembre 2024 : date limite d\u2019envoi de la fiche d\u2019inscription. L\u2019inscription est limit\u00e9e \u00e0 2 classes par \u00e9tablissement scolaire.<\/li><li>Fin octobre \u2013 d\u00e9but novembre 2024 : R\u00e9sultat des candidatures.<\/li><li>Vendredi 24 janvier 2025 : Rencontre avec l\u2019auteur<\/li><\/ul><p><strong>LES PLUS\u00a0:<\/strong><\/p><p>L\u2019association organisatrice prend en charge la r\u00e9mun\u00e9ration et les frais de l\u2019auteur.<\/p><p>Le roman de l\u2019auteur(rice) offert par l\u2019association Festival du Livre de Jeunesse Occitanie<\/p><p>\u00a0<\/p><p><strong>A LA CHARGE DE L\u2019ETABLISSEMENT SCOLAIRE<\/strong>\u00a0:<\/p><p>Transport entre l\u2019\u00e9tablissement scolaire \/ Saint-Orens de Gameville<\/p>\t\t\t\t\t\t\t\t<\/div>\n\t\t\t\t<\/div>\n\t\t\t\t<div class=\"elementor-element elementor-element-06ea7f0 elementor-widget elementor-widget-text-editor\" data-id=\"06ea7f0\" data-element_type=\"widget\" data-widget_type=\"text-editor.default\">\n\t\t\t\t<div class=\"elementor-widget-container\">\n\t\t\t\t\t\t\t\t\t<p><strong>Le pass Culture-part collective est \u00e0 engager pour un montant de 310\u20ac\/\u00e9tablissement scolaire (R\u00e9mun\u00e9ration auteur) .<\/strong><\/p>\t\t\t\t\t\t\t\t<\/div>\n\t\t\t\t<\/div>\n\t\t\t\t\t<\/div>\n\t\t<\/div>\n\t\t\t\t\t<\/div>\n\t\t<\/section>\n\t\t\t\t<section class=\"elementor-section elementor-top-section elementor-element elementor-element-5e7a844 elementor-section-boxed elementor-section-height-default elementor-section-height-default\" data-id=\"5e7a844\" data-element_type=\"section\">\n\t\t\t\t\t\t<div class=\"elementor-container elementor-column-gap-default\">\n\t\t\t\t\t<div class=\"elementor-column elementor-col-100 elementor-top-column elementor-element elementor-element-534f293\" data-id=\"534f293\" data-element_type=\"column\">\n\t\t\t<div class=\"elementor-widget-wrap elementor-element-populated\">\n\t\t\t\t\t\t<div class=\"elementor-element elementor-element-28d3fc4 elementor-align-center elementor-widget elementor-widget-button\" data-id=\"28d3fc4\" data-element_type=\"widget\" data-widget_type=\"button.default\">\n\t\t\t\t<div class=\"elementor-widget-container\">\n\t\t\t\t\t\t\t\t\t<div class=\"elementor-button-wrapper\">\n\t\t\t\t\t<a class=\"elementor-button elementor-button-link elementor-size-xl elementor-animation-grow\" href=\"https:\/\/festival-livre-jeunesse.fr\/2024\/elementor-14506\/\">\n\t\t\t\t\t\t<span class=\"elementor-button-content-wrapper\">\n\t\t\t\t\t\t<span class=\"elementor-button-icon\">\n\t\t\t\t<i aria-hidden=\"true\" class=\"fas fa-arrow-right\"><\/i>\t\t\t<\/span>\n\t\t\t\t\t\t\t\t\t<span class=\"elementor-button-text\">Pour inscrire vos classes, c'est ici<\/span>\n\t\t\t\t\t<\/span>\n\t\t\t\t\t<\/a>\n\t\t\t\t<\/div>\n\t\t\t\t\t\t\t\t<\/div>\n\t\t\t\t<\/div>\n\t\t\t\t<div class=\"elementor-element elementor-element-99fc4fc elementor-widget elementor-widget-spacer\" data-id=\"99fc4fc\" data-element_type=\"widget\" data-widget_type=\"spacer.default\">\n\t\t\t\t<div class=\"elementor-widget-container\">\n\t\t\t\t\t\t\t<div class=\"elementor-spacer\">\n\t\t\t<div class=\"elementor-spacer-inner\"><\/div>\n\t\t<\/div>\n\t\t\t\t\t\t<\/div>\n\t\t\t\t<\/div>\n\t\t\t\t\t<\/div>\n\t\t<\/div>\n\t\t\t\t\t<\/div>\n\t\t<\/section>\n\t\t\t\t<\/div>\n\t\t","protected":false},"excerpt":{"rendered":"<p>> EDUCATION ARTISTIQUE ET CULTURELLE 5# Rencontres d\u2019auteur, d\u00e9couverte de la cha\u00eene du Livre et visite d\u2019une librairie jeunesse LITT\u00c9RATURE JEUNESSE \/ D\u00c9COUVERTE DES M\u00c9TIERS DU LIVRE Festival du Livre de Jeunesse 2 avenue du Lyc\u00e9e, 31650 Saint-Orens de Gameville Espace am\u00e9nag\u00e9 (Gymnase) Dates : vendredi 24 janvier 2025 Public cible : Lyc\u00e9es (LGT, LP), &hellip;<\/p>\n<p class=\"read-more\"> <a class=\"\" href=\"https:\/\/festival-livre-jeunesse.fr\/2024\/5-rencontres-dauteur-decouverte-de-la-chaine-du-livre-et-visite-dune-librairie-jeunesse\/\"> <span class=\"screen-reader-text\">5# Rencontres d\u2019auteur, d\u00e9couverte de la cha\u00eene du Livre et visite d\u2019une librairie jeunesse<\/span> Lire la suite\u00a0\u00bb<\/a><\/p>\n","protected":false},"author":2,"featured_media":0,"parent":0,"menu_order":0,"comment_status":"closed","ping_status":"closed","template":"","meta":{"site-sidebar-layout":"no-sidebar","site-content-layout":"page-builder","ast-site-content-layout":"full-width-container","site-content-style":"default","site-sidebar-style":"default","ast-global-header-display":"","ast-banner-title-visibility":"","ast-main-header-display":"","ast-hfb-above-header-display":"","ast-hfb-below-header-display":"","ast-hfb-mobile-header-display":"","site-post-title":"disabled","ast-breadcrumbs-content":"","ast-featured-img":"disabled","footer-sml-layout":"","theme-transparent-header-meta":"","adv-header-id-meta":"","stick-header-meta":"","header-above-stick-meta":"","header-main-stick-meta":"","header-below-stick-meta":"","astra-migrate-meta-layouts":"set","footnotes":""},"class_list":["post-17614","page","type-page","status-publish","hentry"],"yoast_head":"<!-- This site is optimized with the Yoast SEO plugin v21.4 - https:\/\/yoast.com\/wordpress\/plugins\/seo\/ -->\n<title>5# Rencontres d\u2019auteur, d\u00e9couverte de la cha\u00eene du Livre et visite d\u2019une librairie jeunesse - Festival Livre Jeunesse Occitanie<\/title>\n<meta name=\"robots\" content=\"index, follow, max-snippet:-1, max-image-preview:large, max-video-preview:-1\" \/>\n<link rel=\"canonical\" href=\"https:\/\/festival-livre-jeunesse.fr\/2024\/5-rencontres-dauteur-decouverte-de-la-chaine-du-livre-et-visite-dune-librairie-jeunesse\/\" \/>\n<meta property=\"og:locale\" content=\"fr_FR\" \/>\n<meta property=\"og:type\" content=\"article\" \/>\n<meta property=\"og:title\" content=\"5# Rencontres d\u2019auteur, d\u00e9couverte de la cha\u00eene du Livre et visite d\u2019une librairie jeunesse - Festival Livre Jeunesse Occitanie\" \/>\n<meta property=\"og:description\" content=\"&gt; EDUCATION ARTISTIQUE ET CULTURELLE 5# Rencontres d\u2019auteur, d\u00e9couverte de la cha\u00eene du Livre et visite d\u2019une librairie jeunesse LITT\u00c9RATURE JEUNESSE \/ D\u00c9COUVERTE DES M\u00c9TIERS DU LIVRE Festival du Livre de Jeunesse 2 avenue du Lyc\u00e9e, 31650 Saint-Orens de Gameville Espace am\u00e9nag\u00e9 (Gymnase) Dates : vendredi 24 janvier 2025 Public cible : Lyc\u00e9es (LGT, LP), &hellip; 5# Rencontres d\u2019auteur, d\u00e9couverte de la cha\u00eene du Livre et visite d\u2019une librairie jeunesse Lire la suite\u00a0\u00bb\" \/>\n<meta property=\"og:url\" content=\"https:\/\/festival-livre-jeunesse.fr\/2024\/5-rencontres-dauteur-decouverte-de-la-chaine-du-livre-et-visite-dune-librairie-jeunesse\/\" \/>\n<meta property=\"og:site_name\" content=\"Festival Livre Jeunesse Occitanie\" \/>\n<meta property=\"article:publisher\" content=\"https:\/\/www.facebook.com\/FestivalLivreJeunesseOccitanie\" \/>\n<meta property=\"article:modified_time\" content=\"2024-08-30T08:16:24+00:00\" \/>\n<meta property=\"og:image\" content=\"https:\/\/festival-livre-jeunesse.fr\/2024\/wp-content\/uploads\/2024\/05\/23205-scaled-e1716977051844-1024x694.jpg\" \/>\n<meta name=\"twitter:card\" content=\"summary_large_image\" \/>\n<meta name=\"twitter:site\" content=\"@FljOccitanie\" \/>\n<meta name=\"twitter:label1\" content=\"Dur\u00e9e de lecture estim\u00e9e\" \/>\n\t<meta name=\"twitter:data1\" content=\"1 minute\" \/>\n<script type=\"application\/ld+json\" class=\"yoast-schema-graph\">{\"@context\":\"https:\/\/schema.org\",\"@graph\":[{\"@type\":\"WebPage\",\"@id\":\"https:\/\/festival-livre-jeunesse.fr\/2024\/5-rencontres-dauteur-decouverte-de-la-chaine-du-livre-et-visite-dune-librairie-jeunesse\/\",\"url\":\"https:\/\/festival-livre-jeunesse.fr\/2024\/5-rencontres-dauteur-decouverte-de-la-chaine-du-livre-et-visite-dune-librairie-jeunesse\/\",\"name\":\"5# Rencontres d\u2019auteur, d\u00e9couverte de la cha\u00eene du Livre et visite d\u2019une librairie jeunesse - Festival Livre Jeunesse Occitanie\",\"isPartOf\":{\"@id\":\"https:\/\/festival-livre-jeunesse.fr\/2024\/#website\"},\"datePublished\":\"2024-05-29T10:02:55+00:00\",\"dateModified\":\"2024-08-30T08:16:24+00:00\",\"breadcrumb\":{\"@id\":\"https:\/\/festival-livre-jeunesse.fr\/2024\/5-rencontres-dauteur-decouverte-de-la-chaine-du-livre-et-visite-dune-librairie-jeunesse\/#breadcrumb\"},\"inLanguage\":\"fr-FR\",\"potentialAction\":[{\"@type\":\"ReadAction\",\"target\":[\"https:\/\/festival-livre-jeunesse.fr\/2024\/5-rencontres-dauteur-decouverte-de-la-chaine-du-livre-et-visite-dune-librairie-jeunesse\/\"]}]},{\"@type\":\"BreadcrumbList\",\"@id\":\"https:\/\/festival-livre-jeunesse.fr\/2024\/5-rencontres-dauteur-decouverte-de-la-chaine-du-livre-et-visite-dune-librairie-jeunesse\/#breadcrumb\",\"itemListElement\":[{\"@type\":\"ListItem\",\"position\":1,\"name\":\"Accueil\",\"item\":\"https:\/\/festival-livre-jeunesse.fr\/2024\/\"},{\"@type\":\"ListItem\",\"position\":2,\"name\":\"5# Rencontres d\u2019auteur, d\u00e9couverte de la cha\u00eene du Livre et visite d\u2019une librairie jeunesse\"}]},{\"@type\":\"WebSite\",\"@id\":\"https:\/\/festival-livre-jeunesse.fr\/2024\/#website\",\"url\":\"https:\/\/festival-livre-jeunesse.fr\/2024\/\",\"name\":\"Festival Livre Jeunesse Occitanie\",\"description\":\"23\u00e8me \u00e9dition - janvier 2025\",\"publisher\":{\"@id\":\"https:\/\/festival-livre-jeunesse.fr\/2024\/#organization\"},\"potentialAction\":[{\"@type\":\"SearchAction\",\"target\":{\"@type\":\"EntryPoint\",\"urlTemplate\":\"https:\/\/festival-livre-jeunesse.fr\/2024\/?s={search_term_string}\"},\"query-input\":\"required name=search_term_string\"}],\"inLanguage\":\"fr-FR\"},{\"@type\":\"Organization\",\"@id\":\"https:\/\/festival-livre-jeunesse.fr\/2024\/#organization\",\"name\":\"festival livre jeunesse occitanie\",\"url\":\"https:\/\/festival-livre-jeunesse.fr\/2024\/\",\"logo\":{\"@type\":\"ImageObject\",\"inLanguage\":\"fr-FR\",\"@id\":\"https:\/\/festival-livre-jeunesse.fr\/2024\/#\/schema\/logo\/image\/\",\"url\":\"https:\/\/festival-livre-jeunesse.fr\/2024\/wp-content\/uploads\/2021\/05\/Logo-FLJ-petit.png\",\"contentUrl\":\"https:\/\/festival-livre-jeunesse.fr\/2024\/wp-content\/uploads\/2021\/05\/Logo-FLJ-petit.png\",\"width\":204,\"height\":200,\"caption\":\"festival livre jeunesse occitanie\"},\"image\":{\"@id\":\"https:\/\/festival-livre-jeunesse.fr\/2024\/#\/schema\/logo\/image\/\"},\"sameAs\":[\"https:\/\/www.facebook.com\/FestivalLivreJeunesseOccitanie\",\"https:\/\/twitter.com\/FljOccitanie\"]}]}<\/script>\n<!-- \/ Yoast SEO plugin. -->","yoast_head_json":{"title":"5# Rencontres d\u2019auteur, d\u00e9couverte de la cha\u00eene du Livre et visite d\u2019une librairie jeunesse - Festival Livre Jeunesse Occitanie","robots":{"index":"index","follow":"follow","max-snippet":"max-snippet:-1","max-image-preview":"max-image-preview:large","max-video-preview":"max-video-preview:-1"},"canonical":"https:\/\/festival-livre-jeunesse.fr\/2024\/5-rencontres-dauteur-decouverte-de-la-chaine-du-livre-et-visite-dune-librairie-jeunesse\/","og_locale":"fr_FR","og_type":"article","og_title":"5# Rencontres d\u2019auteur, d\u00e9couverte de la cha\u00eene du Livre et visite d\u2019une librairie jeunesse - Festival Livre Jeunesse Occitanie","og_description":"> EDUCATION ARTISTIQUE ET CULTURELLE 5# Rencontres d\u2019auteur, d\u00e9couverte de la cha\u00eene du Livre et visite d\u2019une librairie jeunesse LITT\u00c9RATURE JEUNESSE \/ D\u00c9COUVERTE DES M\u00c9TIERS DU LIVRE Festival du Livre de Jeunesse 2 avenue du Lyc\u00e9e, 31650 Saint-Orens de Gameville Espace am\u00e9nag\u00e9 (Gymnase) Dates : vendredi 24 janvier 2025 Public cible : Lyc\u00e9es (LGT, LP), &hellip; 5# Rencontres d\u2019auteur, d\u00e9couverte de la cha\u00eene du Livre et visite d\u2019une librairie jeunesse Lire la suite\u00a0\u00bb","og_url":"https:\/\/festival-livre-jeunesse.fr\/2024\/5-rencontres-dauteur-decouverte-de-la-chaine-du-livre-et-visite-dune-librairie-jeunesse\/","og_site_name":"Festival Livre Jeunesse Occitanie","article_publisher":"https:\/\/www.facebook.com\/FestivalLivreJeunesseOccitanie","article_modified_time":"2024-08-30T08:16:24+00:00","og_image":[{"url":"https:\/\/festival-livre-jeunesse.fr\/2024\/wp-content\/uploads\/2024\/05\/23205-scaled-e1716977051844-1024x694.jpg"}],"twitter_card":"summary_large_image","twitter_site":"@FljOccitanie","twitter_misc":{"Dur\u00e9e de lecture estim\u00e9e":"1 minute"},"schema":{"@context":"https:\/\/schema.org","@graph":[{"@type":"WebPage","@id":"https:\/\/festival-livre-jeunesse.fr\/2024\/5-rencontres-dauteur-decouverte-de-la-chaine-du-livre-et-visite-dune-librairie-jeunesse\/","url":"https:\/\/festival-livre-jeunesse.fr\/2024\/5-rencontres-dauteur-decouverte-de-la-chaine-du-livre-et-visite-dune-librairie-jeunesse\/","name":"5# Rencontres d\u2019auteur, d\u00e9couverte de la cha\u00eene du Livre et visite d\u2019une librairie jeunesse - Festival Livre Jeunesse Occitanie","isPartOf":{"@id":"https:\/\/festival-livre-jeunesse.fr\/2024\/#website"},"datePublished":"2024-05-29T10:02:55+00:00","dateModified":"2024-08-30T08:16:24+00:00","breadcrumb":{"@id":"https:\/\/festival-livre-jeunesse.fr\/2024\/5-rencontres-dauteur-decouverte-de-la-chaine-du-livre-et-visite-dune-librairie-jeunesse\/#breadcrumb"},"inLanguage":"fr-FR","potentialAction":[{"@type":"ReadAction","target":["https:\/\/festival-livre-jeunesse.fr\/2024\/5-rencontres-dauteur-decouverte-de-la-chaine-du-livre-et-visite-dune-librairie-jeunesse\/"]}]},{"@type":"BreadcrumbList","@id":"https:\/\/festival-livre-jeunesse.fr\/2024\/5-rencontres-dauteur-decouverte-de-la-chaine-du-livre-et-visite-dune-librairie-jeunesse\/#breadcrumb","itemListElement":[{"@type":"ListItem","position":1,"name":"Accueil","item":"https:\/\/festival-livre-jeunesse.fr\/2024\/"},{"@type":"ListItem","position":2,"name":"5# Rencontres d\u2019auteur, d\u00e9couverte de la cha\u00eene du Livre et visite d\u2019une librairie jeunesse"}]},{"@type":"WebSite","@id":"https:\/\/festival-livre-jeunesse.fr\/2024\/#website","url":"https:\/\/festival-livre-jeunesse.fr\/2024\/","name":"Festival Livre Jeunesse Occitanie","description":"23\u00e8me \u00e9dition - janvier 2025","publisher":{"@id":"https:\/\/festival-livre-jeunesse.fr\/2024\/#organization"},"potentialAction":[{"@type":"SearchAction","target":{"@type":"EntryPoint","urlTemplate":"https:\/\/festival-livre-jeunesse.fr\/2024\/?s={search_term_string}"},"query-input":"required name=search_term_string"}],"inLanguage":"fr-FR"},{"@type":"Organization","@id":"https:\/\/festival-livre-jeunesse.fr\/2024\/#organization","name":"festival livre jeunesse occitanie","url":"https:\/\/festival-livre-jeunesse.fr\/2024\/","logo":{"@type":"ImageObject","inLanguage":"fr-FR","@id":"https:\/\/festival-livre-jeunesse.fr\/2024\/#\/schema\/logo\/image\/","url":"https:\/\/festival-livre-jeunesse.fr\/2024\/wp-content\/uploads\/2021\/05\/Logo-FLJ-petit.png","contentUrl":"https:\/\/festival-livre-jeunesse.fr\/2024\/wp-content\/uploads\/2021\/05\/Logo-FLJ-petit.png","width":204,"height":200,"caption":"festival livre jeunesse occitanie"},"image":{"@id":"https:\/\/festival-livre-jeunesse.fr\/2024\/#\/schema\/logo\/image\/"},"sameAs":["https:\/\/www.facebook.com\/FestivalLivreJeunesseOccitanie","https:\/\/twitter.com\/FljOccitanie"]}]}},"_links":{"self":[{"href":"https:\/\/festival-livre-jeunesse.fr\/2024\/wp-json\/wp\/v2\/pages\/17614"}],"collection":[{"href":"https:\/\/festival-livre-jeunesse.fr\/2024\/wp-json\/wp\/v2\/pages"}],"about":[{"href":"https:\/\/festival-livre-jeunesse.fr\/2024\/wp-json\/wp\/v2\/types\/page"}],"author":[{"embeddable":true,"href":"https:\/\/festival-livre-jeunesse.fr\/2024\/wp-json\/wp\/v2\/users\/2"}],"replies":[{"embeddable":true,"href":"https:\/\/festival-livre-jeunesse.fr\/2024\/wp-json\/wp\/v2\/comments?post=17614"}],"version-history":[{"count":29,"href":"https:\/\/festival-livre-jeunesse.fr\/2024\/wp-json\/wp\/v2\/pages\/17614\/revisions"}],"predecessor-version":[{"id":18198,"href":"https:\/\/festival-livre-jeunesse.fr\/2024\/wp-json\/wp\/v2\/pages\/17614\/revisions\/18198"}],"wp:attachment":[{"href":"https:\/\/festival-livre-jeunesse.fr\/2024\/wp-json\/wp\/v2\/media?parent=17614"}],"curies":[{"name":"wp","href":"https:\/\/api.w.org\/{rel}","templated":true}]}}