{"id":2849,"date":"2021-05-11T21:22:29","date_gmt":"2021-05-11T19:22:29","guid":{"rendered":"https:\/\/festival-livre-jeunesse.fr\/2021_intermediaire\/?page_id=2849"},"modified":"2021-06-18T19:46:45","modified_gmt":"2021-06-18T17:46:45","slug":"tournefeuille","status":"publish","type":"page","link":"https:\/\/festival-livre-jeunesse.fr\/2024\/tournefeuille\/","title":{"rendered":"Tournefeuille"},"content":{"rendered":"\t\t<div data-elementor-type=\"wp-page\" data-elementor-id=\"2849\" class=\"elementor elementor-2849\">\n\t\t\t\t\t\t<section class=\"elementor-section elementor-top-section elementor-element elementor-element-a6b24d6 elementor-section-full_width elementor-section-height-default elementor-section-height-default\" data-id=\"a6b24d6\" data-element_type=\"section\">\n\t\t\t\t\t\t<div class=\"elementor-container elementor-column-gap-no\">\n\t\t\t\t\t<div class=\"elementor-column elementor-col-100 elementor-top-column elementor-element elementor-element-855edea\" data-id=\"855edea\" data-element_type=\"column\">\n\t\t\t<div class=\"elementor-widget-wrap elementor-element-populated\">\n\t\t\t\t\t\t<div class=\"elementor-element elementor-element-730812a elementor-widget__width-inherit elementor-widget elementor-widget-spacer\" data-id=\"730812a\" data-element_type=\"widget\" data-widget_type=\"spacer.default\">\n\t\t\t\t<div class=\"elementor-widget-container\">\n\t\t\t\t\t\t\t<div class=\"elementor-spacer\">\n\t\t\t<div class=\"elementor-spacer-inner\"><\/div>\n\t\t<\/div>\n\t\t\t\t\t\t<\/div>\n\t\t\t\t<\/div>\n\t\t\t\t\t<\/div>\n\t\t<\/div>\n\t\t\t\t\t<\/div>\n\t\t<\/section>\n\t\t\t\t<section class=\"elementor-section elementor-top-section elementor-element elementor-element-5dc81c9 elementor-section-full_width elementor-section-height-default elementor-section-height-default\" data-id=\"5dc81c9\" data-element_type=\"section\">\n\t\t\t\t\t\t<div class=\"elementor-container elementor-column-gap-default\">\n\t\t\t\t\t<div class=\"elementor-column elementor-col-100 elementor-top-column elementor-element elementor-element-d28155d\" data-id=\"d28155d\" data-element_type=\"column\" data-settings=\"{&quot;background_background&quot;:&quot;classic&quot;}\">\n\t\t\t<div class=\"elementor-widget-wrap elementor-element-populated\">\n\t\t\t\t\t<div class=\"elementor-background-overlay\"><\/div>\n\t\t\t\t\t\t<div class=\"elementor-element elementor-element-d4e380b elementor-widget__width-inherit elementor-widget elementor-widget-image\" data-id=\"d4e380b\" data-element_type=\"widget\" data-widget_type=\"image.default\">\n\t\t\t\t<div class=\"elementor-widget-container\">\n\t\t\t\t\t\t\t\t\t\t\t\t\t\t\t<img decoding=\"async\" src=\"https:\/\/festival-livre-jeunesse.fr\/2021_inter\/wp-content\/uploads\/2021\/05\/FOND-partir-en-livre01-1.png\" title=\"\" alt=\"\" loading=\"lazy\" \/>\t\t\t\t\t\t\t\t\t\t\t\t\t\t\t<\/div>\n\t\t\t\t<\/div>\n\t\t\t\t\t<\/div>\n\t\t<\/div>\n\t\t\t\t\t<\/div>\n\t\t<\/section>\n\t\t\t\t<section class=\"elementor-section elementor-top-section elementor-element elementor-element-3732482 elementor-section-stretched elementor-section-boxed elementor-section-height-default elementor-section-height-default\" data-id=\"3732482\" data-element_type=\"section\" data-settings=\"{&quot;stretch_section&quot;:&quot;section-stretched&quot;}\">\n\t\t\t\t\t\t<div class=\"elementor-container elementor-column-gap-default\">\n\t\t\t\t\t<div class=\"elementor-column elementor-col-100 elementor-top-column elementor-element elementor-element-b78626e\" data-id=\"b78626e\" data-element_type=\"column\">\n\t\t\t<div class=\"elementor-widget-wrap elementor-element-populated\">\n\t\t\t\t\t\t<div class=\"elementor-element elementor-element-530251a elementor-widget elementor-widget-heading\" data-id=\"530251a\" data-element_type=\"widget\" data-widget_type=\"heading.default\">\n\t\t\t\t<div class=\"elementor-widget-container\">\n\t\t\t\t\t<h1 class=\"elementor-heading-title elementor-size-xxl\">Mer et merveilles<\/h1>\t\t\t\t<\/div>\n\t\t\t\t<\/div>\n\t\t\t\t\t<\/div>\n\t\t<\/div>\n\t\t\t\t\t<\/div>\n\t\t<\/section>\n\t\t\t\t<section class=\"elementor-section elementor-top-section elementor-element elementor-element-6a23db0 elementor-section-boxed elementor-section-height-default elementor-section-height-default\" data-id=\"6a23db0\" data-element_type=\"section\">\n\t\t\t\t\t\t<div class=\"elementor-container elementor-column-gap-default\">\n\t\t\t\t\t<div class=\"elementor-column elementor-col-100 elementor-top-column elementor-element elementor-element-e54b186\" data-id=\"e54b186\" data-element_type=\"column\">\n\t\t\t<div class=\"elementor-widget-wrap\">\n\t\t\t\t\t\t\t<\/div>\n\t\t<\/div>\n\t\t\t\t\t<\/div>\n\t\t<\/section>\n\t\t\t\t<section class=\"elementor-section elementor-top-section elementor-element elementor-element-d9156f8 elementor-section-boxed elementor-section-height-default elementor-section-height-default\" data-id=\"d9156f8\" data-element_type=\"section\">\n\t\t\t\t\t\t<div class=\"elementor-container elementor-column-gap-default\">\n\t\t\t\t\t<div class=\"elementor-column elementor-col-33 elementor-top-column elementor-element elementor-element-fe8cadb\" data-id=\"fe8cadb\" data-element_type=\"column\">\n\t\t\t<div class=\"elementor-widget-wrap elementor-element-populated\">\n\t\t\t\t\t\t<div class=\"elementor-element elementor-element-7a2adeb elementor-widget elementor-widget-spacer\" data-id=\"7a2adeb\" data-element_type=\"widget\" data-widget_type=\"spacer.default\">\n\t\t\t\t<div class=\"elementor-widget-container\">\n\t\t\t\t\t\t\t<div class=\"elementor-spacer\">\n\t\t\t<div class=\"elementor-spacer-inner\"><\/div>\n\t\t<\/div>\n\t\t\t\t\t\t<\/div>\n\t\t\t\t<\/div>\n\t\t\t\t\t<\/div>\n\t\t<\/div>\n\t\t\t\t<div class=\"elementor-column elementor-col-33 elementor-top-column elementor-element elementor-element-7e052ff\" data-id=\"7e052ff\" data-element_type=\"column\">\n\t\t\t<div class=\"elementor-widget-wrap elementor-element-populated\">\n\t\t\t\t\t\t<div class=\"elementor-element elementor-element-772a56e elementor-invisible elementor-widget elementor-widget-heading\" data-id=\"772a56e\" data-element_type=\"widget\" data-settings=\"{&quot;_animation&quot;:&quot;fadeInRight&quot;}\" data-widget_type=\"heading.default\">\n\t\t\t\t<div class=\"elementor-widget-container\">\n\t\t\t\t\t<h2 class=\"elementor-heading-title elementor-size-default\">Partir en livre dans les communes de Toulouse M\u00e9tropole<\/h2>\t\t\t\t<\/div>\n\t\t\t\t<\/div>\n\t\t\t\t<div class=\"elementor-element elementor-element-076aea1 elementor-widget elementor-widget-text-editor\" data-id=\"076aea1\" data-element_type=\"widget\" data-settings=\"{&quot;_animation&quot;:&quot;none&quot;}\" data-widget_type=\"text-editor.default\">\n\t\t\t\t<div class=\"elementor-widget-container\">\n\t\t\t\t\t\t\t\t\t<p>Du 30 juin au 25 juillet 2021<\/p>\t\t\t\t\t\t\t\t<\/div>\n\t\t\t\t<\/div>\n\t\t\t\t\t<\/div>\n\t\t<\/div>\n\t\t\t\t<div class=\"elementor-column elementor-col-33 elementor-top-column elementor-element elementor-element-cde2dd7\" data-id=\"cde2dd7\" data-element_type=\"column\">\n\t\t\t<div class=\"elementor-widget-wrap\">\n\t\t\t\t\t\t\t<\/div>\n\t\t<\/div>\n\t\t\t\t\t<\/div>\n\t\t<\/section>\n\t\t\t\t<section class=\"elementor-section elementor-top-section elementor-element elementor-element-ba3d36c elementor-section-boxed elementor-section-height-default elementor-section-height-default\" data-id=\"ba3d36c\" data-element_type=\"section\" data-settings=\"{&quot;background_background&quot;:&quot;classic&quot;}\">\n\t\t\t\t\t\t<div class=\"elementor-container elementor-column-gap-default\">\n\t\t\t\t\t<div class=\"elementor-column elementor-col-50 elementor-top-column elementor-element elementor-element-1d2a4b6\" data-id=\"1d2a4b6\" data-element_type=\"column\" data-settings=\"{&quot;background_background&quot;:&quot;classic&quot;}\">\n\t\t\t<div class=\"elementor-widget-wrap elementor-element-populated\">\n\t\t\t\t\t\t<div class=\"elementor-element elementor-element-428ec1c elementor-widget elementor-widget-heading\" data-id=\"428ec1c\" data-element_type=\"widget\" data-widget_type=\"heading.default\">\n\t\t\t\t<div class=\"elementor-widget-container\">\n\t\t\t\t\t<h1 class=\"elementor-heading-title elementor-size-large\">les Rendez-vous de Tournefeuille<\/h1>\t\t\t\t<\/div>\n\t\t\t\t<\/div>\n\t\t\t\t<div class=\"elementor-element elementor-element-a27a2fe elementor-widget-divider--view-line elementor-widget elementor-widget-divider\" data-id=\"a27a2fe\" data-element_type=\"widget\" data-widget_type=\"divider.default\">\n\t\t\t\t<div class=\"elementor-widget-container\">\n\t\t\t\t\t\t\t<div class=\"elementor-divider\">\n\t\t\t<span class=\"elementor-divider-separator\">\n\t\t\t\t\t\t<\/span>\n\t\t<\/div>\n\t\t\t\t\t\t<\/div>\n\t\t\t\t<\/div>\n\t\t\t\t<div class=\"elementor-element elementor-element-6c10e06 elementor-widget elementor-widget-heading\" data-id=\"6c10e06\" data-element_type=\"widget\" data-widget_type=\"heading.default\">\n\t\t\t\t<div class=\"elementor-widget-container\">\n\t\t\t\t\t<h2 class=\"elementor-heading-title elementor-size-medium\">ESPACES VERTS\nDE LA M\u00c9DIATH\u00c8QUE<br>\n3 Impasse Max Baylac\n<br>\n\n<\/h2>\t\t\t\t<\/div>\n\t\t\t\t<\/div>\n\t\t\t\t<div class=\"elementor-element elementor-element-2b757e0 elementor-position-left elementor-view-default elementor-mobile-position-top elementor-widget elementor-widget-icon-box\" data-id=\"2b757e0\" data-element_type=\"widget\" data-widget_type=\"icon-box.default\">\n\t\t\t\t<div class=\"elementor-widget-container\">\n\t\t\t\t\t\t\t<div class=\"elementor-icon-box-wrapper\">\n\n\t\t\t\t\t\t<div class=\"elementor-icon-box-icon\">\n\t\t\t\t<span  class=\"elementor-icon\">\n\t\t\t\t<i aria-hidden=\"true\" class=\"far fa-calendar-check\"><\/i>\t\t\t\t<\/span>\n\t\t\t<\/div>\n\t\t\t\n\t\t\t\t\t\t<div class=\"elementor-icon-box-content\">\n\n\t\t\t\t\t\t\t\t\t<h3 class=\"elementor-icon-box-title\">\n\t\t\t\t\t\t<span  >\n\t\t\t\t\t\t\tSAMEDI 3 JUILLET 10 h 30 - 15 h\t\t\t\t\t\t<\/span>\n\t\t\t\t\t<\/h3>\n\t\t\t\t\n\t\t\t\t\t\t\t\t\t<p class=\"elementor-icon-box-description\">\n\t\t\t\t\t\t <span style=\"font-family: Oswald, sans-serif;font-size: 16px;font-style: normal;font-weight: 400\"><b>Le RV des Jeux<\/b><br>\nTemps d\u00e9di\u00e9 aux jeux en ext\u00e9rieur : jeux\nsurdimensionn\u00e9s et espace pour les tout-petits.\nPensez \u00e0 apporter votre pique-nique !<\/span><br>\nPublic familial, acc\u00e8s libre\t\t\t\t\t<\/p>\n\t\t\t\t\n\t\t\t<\/div>\n\t\t\t\n\t\t<\/div>\n\t\t\t\t\t\t<\/div>\n\t\t\t\t<\/div>\n\t\t\t\t<div class=\"elementor-element elementor-element-078a3e9 elementor-widget-divider--view-line elementor-widget elementor-widget-divider\" data-id=\"078a3e9\" data-element_type=\"widget\" data-widget_type=\"divider.default\">\n\t\t\t\t<div class=\"elementor-widget-container\">\n\t\t\t\t\t\t\t<div class=\"elementor-divider\">\n\t\t\t<span class=\"elementor-divider-separator\">\n\t\t\t\t\t\t<\/span>\n\t\t<\/div>\n\t\t\t\t\t\t<\/div>\n\t\t\t\t<\/div>\n\t\t\t\t<div class=\"elementor-element elementor-element-6a5b41c elementor-widget elementor-widget-heading\" data-id=\"6a5b41c\" data-element_type=\"widget\" data-widget_type=\"heading.default\">\n\t\t\t\t<div class=\"elementor-widget-container\">\n\t\t\t\t\t<h3 class=\"elementor-heading-title elementor-size-medium\">LAC DES P\u00caCHEURS<br>\n1 Rond-Point Henry Dunant\n<br>\n\n<\/h3>\t\t\t\t<\/div>\n\t\t\t\t<\/div>\n\t\t\t\t<div class=\"elementor-element elementor-element-27f8eac elementor-position-left elementor-view-default elementor-mobile-position-top elementor-widget elementor-widget-icon-box\" data-id=\"27f8eac\" data-element_type=\"widget\" data-widget_type=\"icon-box.default\">\n\t\t\t\t<div class=\"elementor-widget-container\">\n\t\t\t\t\t\t\t<div class=\"elementor-icon-box-wrapper\">\n\n\t\t\t\t\t\t<div class=\"elementor-icon-box-icon\">\n\t\t\t\t<span  class=\"elementor-icon\">\n\t\t\t\t<i aria-hidden=\"true\" class=\"far fa-calendar-check\"><\/i>\t\t\t\t<\/span>\n\t\t\t<\/div>\n\t\t\t\n\t\t\t\t\t\t<div class=\"elementor-icon-box-content\">\n\n\t\t\t\t\t\t\t\t\t<h3 class=\"elementor-icon-box-title\">\n\t\t\t\t\t\t<span  >\n\t\t\t\t\t\t\tJEUDI 8 JUILLET 15 h\t\t\t\t\t\t<\/span>\n\t\t\t\t\t<\/h3>\n\t\t\t\t\n\t\t\t\t\t\t\t\t\t<p class=\"elementor-icon-box-description\">\n\t\t\t\t\t\t<span style=\"font-family: Oswald, sans-serif;font-size: 16px;font-style: normal;font-weight: 400\"><b>Lectures au fil de l\u2019eau<\/b><br>\nPetits et grands sont les bienvenus afin de\nvenir \u00e9couter au bord de l\u2019eau les contes et\nhistoires s\u00e9lectionn\u00e9s \u00e0 cette occasion par les\nbiblioth\u00e9caires.<\/span><br><span style=\"font-size: 16px\">\n\nPublic familial, acc\u00e8s libre<\/span>\t\t\t\t\t<\/p>\n\t\t\t\t\n\t\t\t<\/div>\n\t\t\t\n\t\t<\/div>\n\t\t\t\t\t\t<\/div>\n\t\t\t\t<\/div>\n\t\t\t\t<div class=\"elementor-element elementor-element-1f890b2 elementor-align-center elementor-widget elementor-widget-button\" data-id=\"1f890b2\" data-element_type=\"widget\" data-widget_type=\"button.default\">\n\t\t\t\t<div class=\"elementor-widget-container\">\n\t\t\t\t\t\t\t\t\t<div class=\"elementor-button-wrapper\">\n\t\t\t\t\t<a class=\"elementor-button elementor-button-link elementor-size-xs\" href=\"https:\/\/tournefeuille-pom.c3rb.org\/\">\n\t\t\t\t\t\t<span class=\"elementor-button-content-wrapper\">\n\t\t\t\t\t\t\t\t\t<span class=\"elementor-button-text\">Pour en savoir +<\/span>\n\t\t\t\t\t<\/span>\n\t\t\t\t\t<\/a>\n\t\t\t\t<\/div>\n\t\t\t\t\t\t\t\t<\/div>\n\t\t\t\t<\/div>\n\t\t\t\t\t<\/div>\n\t\t<\/div>\n\t\t\t\t<div class=\"elementor-column elementor-col-50 elementor-top-column elementor-element elementor-element-c4bb5ce\" data-id=\"c4bb5ce\" data-element_type=\"column\" data-settings=\"{&quot;background_background&quot;:&quot;classic&quot;}\">\n\t\t\t<div class=\"elementor-widget-wrap elementor-element-populated\">\n\t\t\t\t\t\t<div class=\"elementor-element elementor-element-efa8206 elementor-widget elementor-widget-text-editor\" data-id=\"efa8206\" data-element_type=\"widget\" data-widget_type=\"text-editor.default\">\n\t\t\t\t<div class=\"elementor-widget-container\">\n\t\t\t\t\t\t\t\t\t<p style=\"text-align: right;\"><strong>Renseignements<\/strong><br \/>M\u00e9diath\u00e8que :\u00a0 05 62 13 21 60 &#8211; mediatheque@mairie-tournefeuille.fr<\/p>\t\t\t\t\t\t\t\t<\/div>\n\t\t\t\t<\/div>\n\t\t\t\t<div class=\"elementor-element elementor-element-b77b053 elementor-arrows-position-inside elementor-pagination-position-outside elementor-widget elementor-widget-image-carousel\" data-id=\"b77b053\" data-element_type=\"widget\" data-settings=\"{&quot;slides_to_show&quot;:&quot;1&quot;,&quot;navigation&quot;:&quot;both&quot;,&quot;autoplay&quot;:&quot;yes&quot;,&quot;pause_on_hover&quot;:&quot;yes&quot;,&quot;pause_on_interaction&quot;:&quot;yes&quot;,&quot;autoplay_speed&quot;:5000,&quot;infinite&quot;:&quot;yes&quot;,&quot;effect&quot;:&quot;slide&quot;,&quot;speed&quot;:500}\" data-widget_type=\"image-carousel.default\">\n\t\t\t\t<div class=\"elementor-widget-container\">\n\t\t\t\t\t\t\t<div class=\"elementor-image-carousel-wrapper swiper\" role=\"region\" aria-roledescription=\"carousel\" aria-label=\"Carrousel d\u2019images\" dir=\"ltr\">\n\t\t\t<div class=\"elementor-image-carousel swiper-wrapper\" aria-live=\"off\">\n\t\t\t\t\t\t\t\t<div class=\"swiper-slide\" role=\"group\" aria-roledescription=\"slide\" aria-label=\"1 sur 4\"><figure class=\"swiper-slide-inner\"><img decoding=\"async\" class=\"swiper-slide-image\" src=\"https:\/\/festival-livre-jeunesse.fr\/2024\/wp-content\/uploads\/2021\/05\/bricoleuses-1-768x564.png\" alt=\"Les bricoleuses - PEL 2021\" \/><\/figure><\/div><div class=\"swiper-slide\" role=\"group\" aria-roledescription=\"slide\" aria-label=\"2 sur 4\"><figure class=\"swiper-slide-inner\"><img decoding=\"async\" class=\"swiper-slide-image\" src=\"https:\/\/festival-livre-jeunesse.fr\/2024\/wp-content\/uploads\/2021\/05\/gaya-bison-2-1-768x511.jpg\" alt=\"Atelier d&#039;illustration Gaya Wisniewski PEL 2021\" \/><\/figure><\/div><div class=\"swiper-slide\" role=\"group\" aria-roledescription=\"slide\" aria-label=\"3 sur 4\"><figure class=\"swiper-slide-inner\"><img decoding=\"async\" class=\"swiper-slide-image\" src=\"https:\/\/festival-livre-jeunesse.fr\/2024\/wp-content\/uploads\/2021\/05\/gaya-chnourka-1-768x576.jpg\" alt=\"atelier d&#039;illustration PEL 2021\" \/><\/figure><\/div><div class=\"swiper-slide\" role=\"group\" aria-roledescription=\"slide\" aria-label=\"4 sur 4\"><figure class=\"swiper-slide-inner\"><img decoding=\"async\" class=\"swiper-slide-image\" src=\"https:\/\/festival-livre-jeunesse.fr\/2024\/wp-content\/uploads\/2021\/05\/lectur-a-la-piscine-1-768x564.png\" alt=\"Zoiseaux livre PEL 2021\" \/><\/figure><\/div>\t\t\t<\/div>\n\t\t\t\t\t\t\t\t\t\t\t\t<div class=\"elementor-swiper-button elementor-swiper-button-prev\" role=\"button\" tabindex=\"0\">\n\t\t\t\t\t\t<i aria-hidden=\"true\" class=\"eicon-chevron-left\"><\/i>\t\t\t\t\t<\/div>\n\t\t\t\t\t<div class=\"elementor-swiper-button elementor-swiper-button-next\" role=\"button\" tabindex=\"0\">\n\t\t\t\t\t\t<i aria-hidden=\"true\" class=\"eicon-chevron-right\"><\/i>\t\t\t\t\t<\/div>\n\t\t\t\t\n\t\t\t\t\t\t\t\t\t<div class=\"swiper-pagination\"><\/div>\n\t\t\t\t\t\t\t\t\t<\/div>\n\t\t\t\t\t\t<\/div>\n\t\t\t\t<\/div>\n\t\t\t\t\t<\/div>\n\t\t<\/div>\n\t\t\t\t\t<\/div>\n\t\t<\/section>\n\t\t\t\t<section class=\"elementor-section elementor-top-section elementor-element elementor-element-6095823 elementor-section-boxed elementor-section-height-default elementor-section-height-default\" data-id=\"6095823\" data-element_type=\"section\">\n\t\t\t\t\t\t<div class=\"elementor-container elementor-column-gap-default\">\n\t\t\t\t\t<div class=\"elementor-column elementor-col-100 elementor-top-column elementor-element elementor-element-3a3d069\" data-id=\"3a3d069\" data-element_type=\"column\">\n\t\t\t<div class=\"elementor-widget-wrap\">\n\t\t\t\t\t\t\t<\/div>\n\t\t<\/div>\n\t\t\t\t\t<\/div>\n\t\t<\/section>\n\t\t\t\t<section class=\"elementor-section elementor-top-section elementor-element elementor-element-7c98cf1 elementor-section-boxed elementor-section-height-default elementor-section-height-default\" data-id=\"7c98cf1\" data-element_type=\"section\">\n\t\t\t\t\t\t<div class=\"elementor-container elementor-column-gap-default\">\n\t\t\t\t\t<div class=\"elementor-column elementor-col-100 elementor-top-column elementor-element elementor-element-0e05f57\" data-id=\"0e05f57\" data-element_type=\"column\">\n\t\t\t<div class=\"elementor-widget-wrap\">\n\t\t\t\t\t\t\t<\/div>\n\t\t<\/div>\n\t\t\t\t\t<\/div>\n\t\t<\/section>\n\t\t\t\t<section class=\"elementor-section elementor-top-section elementor-element elementor-element-0018b4b elementor-section-full_width elementor-section-height-default elementor-section-height-default\" data-id=\"0018b4b\" data-element_type=\"section\">\n\t\t\t\t\t\t\t<div class=\"elementor-background-overlay\"><\/div>\n\t\t\t\t\t\t\t<div class=\"elementor-container elementor-column-gap-narrow\">\n\t\t\t\t\t<div class=\"elementor-column elementor-col-10 elementor-top-column elementor-element elementor-element-f517cf4\" data-id=\"f517cf4\" data-element_type=\"column\">\n\t\t\t<div class=\"elementor-widget-wrap\">\n\t\t\t\t\t\t\t<\/div>\n\t\t<\/div>\n\t\t\t\t<div class=\"elementor-column elementor-col-10 elementor-top-column elementor-element elementor-element-aeecd6b\" data-id=\"aeecd6b\" data-element_type=\"column\">\n\t\t\t<div class=\"elementor-widget-wrap elementor-element-populated\">\n\t\t\t\t\t\t<div class=\"elementor-element elementor-element-7846844 elementor-widget elementor-widget-image\" data-id=\"7846844\" data-element_type=\"widget\" data-widget_type=\"image.default\">\n\t\t\t\t<div class=\"elementor-widget-container\">\n\t\t\t\t\t\t\t\t\t\t\t\t\t\t\t<img decoding=\"async\" src=\"https:\/\/festival-livre-jeunesse.fr\/2021_inter\/wp-content\/uploads\/2021\/05\/LogoMCHP.png\" title=\"\" alt=\"\" loading=\"lazy\" \/>\t\t\t\t\t\t\t\t\t\t\t\t\t\t\t<\/div>\n\t\t\t\t<\/div>\n\t\t\t\t\t<\/div>\n\t\t<\/div>\n\t\t\t\t<div class=\"elementor-column elementor-col-10 elementor-top-column elementor-element elementor-element-f76de04\" data-id=\"f76de04\" data-element_type=\"column\">\n\t\t\t<div class=\"elementor-widget-wrap\">\n\t\t\t\t\t\t\t<\/div>\n\t\t<\/div>\n\t\t\t\t<div class=\"elementor-column elementor-col-10 elementor-top-column elementor-element elementor-element-0551dd1\" data-id=\"0551dd1\" data-element_type=\"column\">\n\t\t\t<div class=\"elementor-widget-wrap elementor-element-populated\">\n\t\t\t\t\t\t<div class=\"elementor-element elementor-element-a6cc4aa elementor-widget elementor-widget-image\" data-id=\"a6cc4aa\" data-element_type=\"widget\" data-widget_type=\"image.default\">\n\t\t\t\t<div class=\"elementor-widget-container\">\n\t\t\t\t\t\t\t\t\t\t\t\t\t\t\t<img decoding=\"async\" src=\"https:\/\/festival-livre-jeunesse.fr\/2021_inter\/wp-content\/uploads\/2020\/09\/CNL-1.jpg\" title=\"\" alt=\"\" loading=\"lazy\" \/>\t\t\t\t\t\t\t\t\t\t\t\t\t\t\t<\/div>\n\t\t\t\t<\/div>\n\t\t\t\t\t<\/div>\n\t\t<\/div>\n\t\t\t\t<div class=\"elementor-column elementor-col-10 elementor-top-column elementor-element elementor-element-404929c\" data-id=\"404929c\" data-element_type=\"column\">\n\t\t\t<div class=\"elementor-widget-wrap\">\n\t\t\t\t\t\t\t<\/div>\n\t\t<\/div>\n\t\t\t\t<div class=\"elementor-column elementor-col-10 elementor-top-column elementor-element elementor-element-40e49b4\" data-id=\"40e49b4\" data-element_type=\"column\">\n\t\t\t<div class=\"elementor-widget-wrap elementor-element-populated\">\n\t\t\t\t\t\t<div class=\"elementor-element elementor-element-150bb62 elementor-widget elementor-widget-image\" data-id=\"150bb62\" data-element_type=\"widget\" data-widget_type=\"image.default\">\n\t\t\t\t<div class=\"elementor-widget-container\">\n\t\t\t\t\t\t\t\t\t\t\t\t\t\t\t<img decoding=\"async\" src=\"https:\/\/festival-livre-jeunesse.fr\/2021_inter\/wp-content\/uploads\/2020\/09\/1-TLSE-METROPOLE-logo-couleur-positif-1.png\" title=\"\" alt=\"\" loading=\"lazy\" \/>\t\t\t\t\t\t\t\t\t\t\t\t\t\t\t<\/div>\n\t\t\t\t<\/div>\n\t\t\t\t\t<\/div>\n\t\t<\/div>\n\t\t\t\t<div class=\"elementor-column elementor-col-10 elementor-top-column elementor-element elementor-element-9f50db9\" data-id=\"9f50db9\" data-element_type=\"column\">\n\t\t\t<div class=\"elementor-widget-wrap\">\n\t\t\t\t\t\t\t<\/div>\n\t\t<\/div>\n\t\t\t\t<div class=\"elementor-column elementor-col-10 elementor-top-column elementor-element elementor-element-9435063\" data-id=\"9435063\" data-element_type=\"column\">\n\t\t\t<div class=\"elementor-widget-wrap elementor-element-populated\">\n\t\t\t\t\t\t<div class=\"elementor-element elementor-element-fb9105e elementor-widget elementor-widget-image\" data-id=\"fb9105e\" data-element_type=\"widget\" data-widget_type=\"image.default\">\n\t\t\t\t<div class=\"elementor-widget-container\">\n\t\t\t\t\t\t\t\t\t\t\t\t\t\t\t<img decoding=\"async\" src=\"https:\/\/festival-livre-jeunesse.fr\/2021_inter\/wp-content\/uploads\/2020\/09\/Logo-FLJ-petit-1.png\" title=\"\" alt=\"\" loading=\"lazy\" \/>\t\t\t\t\t\t\t\t\t\t\t\t\t\t\t<\/div>\n\t\t\t\t<\/div>\n\t\t\t\t\t<\/div>\n\t\t<\/div>\n\t\t\t\t<div class=\"elementor-column elementor-col-10 elementor-top-column elementor-element elementor-element-bbaaeba\" data-id=\"bbaaeba\" data-element_type=\"column\">\n\t\t\t<div class=\"elementor-widget-wrap\">\n\t\t\t\t\t\t\t<\/div>\n\t\t<\/div>\n\t\t\t\t<div class=\"elementor-column elementor-col-10 elementor-top-column elementor-element elementor-element-bbc80ff\" data-id=\"bbc80ff\" data-element_type=\"column\">\n\t\t\t<div class=\"elementor-widget-wrap elementor-element-populated\">\n\t\t\t\t\t\t<div class=\"elementor-element elementor-element-da066bb elementor-widget elementor-widget-image\" data-id=\"da066bb\" data-element_type=\"widget\" data-widget_type=\"image.default\">\n\t\t\t\t<div class=\"elementor-widget-container\">\n\t\t\t\t\t\t\t\t\t\t\t\t\t\t\t\t<a href=\"https:\/\/www.partir-en-livre.fr\/\">\n\t\t\t\t\t\t\t<img decoding=\"async\" src=\"https:\/\/festival-livre-jeunesse.fr\/2021_inter\/wp-content\/uploads\/2021\/04\/PartirenLivre_CNL_Logo-rouge-vif.png\" title=\"\" alt=\"\" loading=\"lazy\" \/>\t\t\t\t\t\t\t\t<\/a>\n\t\t\t\t\t\t\t\t\t\t\t\t\t\t\t<\/div>\n\t\t\t\t<\/div>\n\t\t\t\t\t<\/div>\n\t\t<\/div>\n\t\t\t\t\t<\/div>\n\t\t<\/section>\n\t\t\t\t<\/div>\n\t\t","protected":false},"excerpt":{"rendered":"<p>Mer et merveilles Partir en livre dans les communes de Toulouse M\u00e9tropole Du 30 juin au 25 juillet 2021 les Rendez-vous de Tournefeuille ESPACES VERTS DE LA M\u00c9DIATH\u00c8QUE 3 Impasse Max Baylac SAMEDI 3 JUILLET 10 h 30 &#8211; 15 h Le RV des Jeux Temps d\u00e9di\u00e9 aux jeux en ext\u00e9rieur : jeux surdimensionn\u00e9s et &hellip;<\/p>\n<p class=\"read-more\"> <a class=\"\" href=\"https:\/\/festival-livre-jeunesse.fr\/2024\/tournefeuille\/\"> <span class=\"screen-reader-text\">Tournefeuille<\/span> Lire la suite\u00a0\u00bb<\/a><\/p>\n","protected":false},"author":1,"featured_media":0,"parent":0,"menu_order":0,"comment_status":"closed","ping_status":"closed","template":"","meta":{"site-sidebar-layout":"no-sidebar","site-content-layout":"page-builder","ast-site-content-layout":"","site-content-style":"default","site-sidebar-style":"default","ast-global-header-display":"","ast-banner-title-visibility":"","ast-main-header-display":"","ast-hfb-above-header-display":"","ast-hfb-below-header-display":"","ast-hfb-mobile-header-display":"","site-post-title":"disabled","ast-breadcrumbs-content":"","ast-featured-img":"disabled","footer-sml-layout":"","theme-transparent-header-meta":"default","adv-header-id-meta":"","stick-header-meta":"","header-above-stick-meta":"","header-main-stick-meta":"","header-below-stick-meta":"","astra-migrate-meta-layouts":"","footnotes":""},"class_list":["post-2849","page","type-page","status-publish","hentry"],"yoast_head":"<!-- This site is optimized with the Yoast SEO plugin v21.4 - https:\/\/yoast.com\/wordpress\/plugins\/seo\/ -->\n<title>Tournefeuille - Festival Livre Jeunesse Occitanie<\/title>\n<meta name=\"robots\" content=\"index, follow, max-snippet:-1, max-image-preview:large, max-video-preview:-1\" \/>\n<link rel=\"canonical\" href=\"https:\/\/festival-livre-jeunesse.fr\/2024\/tournefeuille\/\" \/>\n<meta property=\"og:locale\" content=\"fr_FR\" \/>\n<meta property=\"og:type\" content=\"article\" \/>\n<meta property=\"og:title\" content=\"Tournefeuille - Festival Livre Jeunesse Occitanie\" \/>\n<meta property=\"og:description\" content=\"Mer et merveilles Partir en livre dans les communes de Toulouse M\u00e9tropole Du 30 juin au 25 juillet 2021 les Rendez-vous de Tournefeuille ESPACES VERTS DE LA M\u00c9DIATH\u00c8QUE 3 Impasse Max Baylac SAMEDI 3 JUILLET 10 h 30 &#8211; 15 h Le RV des Jeux Temps d\u00e9di\u00e9 aux jeux en ext\u00e9rieur : jeux surdimensionn\u00e9s et &hellip; Tournefeuille Lire la suite\u00a0\u00bb\" \/>\n<meta property=\"og:url\" content=\"https:\/\/festival-livre-jeunesse.fr\/2024\/tournefeuille\/\" \/>\n<meta property=\"og:site_name\" content=\"Festival Livre Jeunesse Occitanie\" \/>\n<meta property=\"article:publisher\" content=\"https:\/\/www.facebook.com\/FestivalLivreJeunesseOccitanie\" \/>\n<meta property=\"article:modified_time\" content=\"2021-06-18T17:46:45+00:00\" \/>\n<meta property=\"og:image\" content=\"https:\/\/festival-livre-jeunesse.fr\/2021_inter\/wp-content\/uploads\/2021\/05\/FOND-partir-en-livre01-1.png\" \/>\n<meta name=\"twitter:card\" content=\"summary_large_image\" \/>\n<meta name=\"twitter:site\" content=\"@FljOccitanie\" \/>\n<meta name=\"twitter:label1\" content=\"Dur\u00e9e de lecture estim\u00e9e\" \/>\n\t<meta name=\"twitter:data1\" content=\"1 minute\" \/>\n<script type=\"application\/ld+json\" class=\"yoast-schema-graph\">{\"@context\":\"https:\/\/schema.org\",\"@graph\":[{\"@type\":\"WebPage\",\"@id\":\"https:\/\/festival-livre-jeunesse.fr\/2024\/tournefeuille\/\",\"url\":\"https:\/\/festival-livre-jeunesse.fr\/2024\/tournefeuille\/\",\"name\":\"Tournefeuille - Festival Livre Jeunesse Occitanie\",\"isPartOf\":{\"@id\":\"https:\/\/festival-livre-jeunesse.fr\/2024\/#website\"},\"datePublished\":\"2021-05-11T19:22:29+00:00\",\"dateModified\":\"2021-06-18T17:46:45+00:00\",\"breadcrumb\":{\"@id\":\"https:\/\/festival-livre-jeunesse.fr\/2024\/tournefeuille\/#breadcrumb\"},\"inLanguage\":\"fr-FR\",\"potentialAction\":[{\"@type\":\"ReadAction\",\"target\":[\"https:\/\/festival-livre-jeunesse.fr\/2024\/tournefeuille\/\"]}]},{\"@type\":\"BreadcrumbList\",\"@id\":\"https:\/\/festival-livre-jeunesse.fr\/2024\/tournefeuille\/#breadcrumb\",\"itemListElement\":[{\"@type\":\"ListItem\",\"position\":1,\"name\":\"Accueil\",\"item\":\"https:\/\/festival-livre-jeunesse.fr\/2024\/\"},{\"@type\":\"ListItem\",\"position\":2,\"name\":\"Tournefeuille\"}]},{\"@type\":\"WebSite\",\"@id\":\"https:\/\/festival-livre-jeunesse.fr\/2024\/#website\",\"url\":\"https:\/\/festival-livre-jeunesse.fr\/2024\/\",\"name\":\"Festival Livre Jeunesse Occitanie\",\"description\":\"23\u00e8me \u00e9dition - janvier 2025\",\"publisher\":{\"@id\":\"https:\/\/festival-livre-jeunesse.fr\/2024\/#organization\"},\"potentialAction\":[{\"@type\":\"SearchAction\",\"target\":{\"@type\":\"EntryPoint\",\"urlTemplate\":\"https:\/\/festival-livre-jeunesse.fr\/2024\/?s={search_term_string}\"},\"query-input\":\"required name=search_term_string\"}],\"inLanguage\":\"fr-FR\"},{\"@type\":\"Organization\",\"@id\":\"https:\/\/festival-livre-jeunesse.fr\/2024\/#organization\",\"name\":\"festival livre jeunesse occitanie\",\"url\":\"https:\/\/festival-livre-jeunesse.fr\/2024\/\",\"logo\":{\"@type\":\"ImageObject\",\"inLanguage\":\"fr-FR\",\"@id\":\"https:\/\/festival-livre-jeunesse.fr\/2024\/#\/schema\/logo\/image\/\",\"url\":\"https:\/\/festival-livre-jeunesse.fr\/2024\/wp-content\/uploads\/2021\/05\/Logo-FLJ-petit.png\",\"contentUrl\":\"https:\/\/festival-livre-jeunesse.fr\/2024\/wp-content\/uploads\/2021\/05\/Logo-FLJ-petit.png\",\"width\":204,\"height\":200,\"caption\":\"festival livre jeunesse occitanie\"},\"image\":{\"@id\":\"https:\/\/festival-livre-jeunesse.fr\/2024\/#\/schema\/logo\/image\/\"},\"sameAs\":[\"https:\/\/www.facebook.com\/FestivalLivreJeunesseOccitanie\",\"https:\/\/twitter.com\/FljOccitanie\"]}]}<\/script>\n<!-- \/ Yoast SEO plugin. -->","yoast_head_json":{"title":"Tournefeuille - Festival Livre Jeunesse Occitanie","robots":{"index":"index","follow":"follow","max-snippet":"max-snippet:-1","max-image-preview":"max-image-preview:large","max-video-preview":"max-video-preview:-1"},"canonical":"https:\/\/festival-livre-jeunesse.fr\/2024\/tournefeuille\/","og_locale":"fr_FR","og_type":"article","og_title":"Tournefeuille - Festival Livre Jeunesse Occitanie","og_description":"Mer et merveilles Partir en livre dans les communes de Toulouse M\u00e9tropole Du 30 juin au 25 juillet 2021 les Rendez-vous de Tournefeuille ESPACES VERTS DE LA M\u00c9DIATH\u00c8QUE 3 Impasse Max Baylac SAMEDI 3 JUILLET 10 h 30 &#8211; 15 h Le RV des Jeux Temps d\u00e9di\u00e9 aux jeux en ext\u00e9rieur : jeux surdimensionn\u00e9s et &hellip; Tournefeuille Lire la suite\u00a0\u00bb","og_url":"https:\/\/festival-livre-jeunesse.fr\/2024\/tournefeuille\/","og_site_name":"Festival Livre Jeunesse Occitanie","article_publisher":"https:\/\/www.facebook.com\/FestivalLivreJeunesseOccitanie","article_modified_time":"2021-06-18T17:46:45+00:00","og_image":[{"url":"https:\/\/festival-livre-jeunesse.fr\/2021_inter\/wp-content\/uploads\/2021\/05\/FOND-partir-en-livre01-1.png"}],"twitter_card":"summary_large_image","twitter_site":"@FljOccitanie","twitter_misc":{"Dur\u00e9e de lecture estim\u00e9e":"1 minute"},"schema":{"@context":"https:\/\/schema.org","@graph":[{"@type":"WebPage","@id":"https:\/\/festival-livre-jeunesse.fr\/2024\/tournefeuille\/","url":"https:\/\/festival-livre-jeunesse.fr\/2024\/tournefeuille\/","name":"Tournefeuille - Festival Livre Jeunesse Occitanie","isPartOf":{"@id":"https:\/\/festival-livre-jeunesse.fr\/2024\/#website"},"datePublished":"2021-05-11T19:22:29+00:00","dateModified":"2021-06-18T17:46:45+00:00","breadcrumb":{"@id":"https:\/\/festival-livre-jeunesse.fr\/2024\/tournefeuille\/#breadcrumb"},"inLanguage":"fr-FR","potentialAction":[{"@type":"ReadAction","target":["https:\/\/festival-livre-jeunesse.fr\/2024\/tournefeuille\/"]}]},{"@type":"BreadcrumbList","@id":"https:\/\/festival-livre-jeunesse.fr\/2024\/tournefeuille\/#breadcrumb","itemListElement":[{"@type":"ListItem","position":1,"name":"Accueil","item":"https:\/\/festival-livre-jeunesse.fr\/2024\/"},{"@type":"ListItem","position":2,"name":"Tournefeuille"}]},{"@type":"WebSite","@id":"https:\/\/festival-livre-jeunesse.fr\/2024\/#website","url":"https:\/\/festival-livre-jeunesse.fr\/2024\/","name":"Festival Livre Jeunesse Occitanie","description":"23\u00e8me \u00e9dition - janvier 2025","publisher":{"@id":"https:\/\/festival-livre-jeunesse.fr\/2024\/#organization"},"potentialAction":[{"@type":"SearchAction","target":{"@type":"EntryPoint","urlTemplate":"https:\/\/festival-livre-jeunesse.fr\/2024\/?s={search_term_string}"},"query-input":"required name=search_term_string"}],"inLanguage":"fr-FR"},{"@type":"Organization","@id":"https:\/\/festival-livre-jeunesse.fr\/2024\/#organization","name":"festival livre jeunesse occitanie","url":"https:\/\/festival-livre-jeunesse.fr\/2024\/","logo":{"@type":"ImageObject","inLanguage":"fr-FR","@id":"https:\/\/festival-livre-jeunesse.fr\/2024\/#\/schema\/logo\/image\/","url":"https:\/\/festival-livre-jeunesse.fr\/2024\/wp-content\/uploads\/2021\/05\/Logo-FLJ-petit.png","contentUrl":"https:\/\/festival-livre-jeunesse.fr\/2024\/wp-content\/uploads\/2021\/05\/Logo-FLJ-petit.png","width":204,"height":200,"caption":"festival livre jeunesse occitanie"},"image":{"@id":"https:\/\/festival-livre-jeunesse.fr\/2024\/#\/schema\/logo\/image\/"},"sameAs":["https:\/\/www.facebook.com\/FestivalLivreJeunesseOccitanie","https:\/\/twitter.com\/FljOccitanie"]}]}},"_links":{"self":[{"href":"https:\/\/festival-livre-jeunesse.fr\/2024\/wp-json\/wp\/v2\/pages\/2849"}],"collection":[{"href":"https:\/\/festival-livre-jeunesse.fr\/2024\/wp-json\/wp\/v2\/pages"}],"about":[{"href":"https:\/\/festival-livre-jeunesse.fr\/2024\/wp-json\/wp\/v2\/types\/page"}],"author":[{"embeddable":true,"href":"https:\/\/festival-livre-jeunesse.fr\/2024\/wp-json\/wp\/v2\/users\/1"}],"replies":[{"embeddable":true,"href":"https:\/\/festival-livre-jeunesse.fr\/2024\/wp-json\/wp\/v2\/comments?post=2849"}],"version-history":[{"count":49,"href":"https:\/\/festival-livre-jeunesse.fr\/2024\/wp-json\/wp\/v2\/pages\/2849\/revisions"}],"predecessor-version":[{"id":4413,"href":"https:\/\/festival-livre-jeunesse.fr\/2024\/wp-json\/wp\/v2\/pages\/2849\/revisions\/4413"}],"wp:attachment":[{"href":"https:\/\/festival-livre-jeunesse.fr\/2024\/wp-json\/wp\/v2\/media?parent=2849"}],"curies":[{"name":"wp","href":"https:\/\/api.w.org\/{rel}","templated":true}]}}