{"id":4641,"date":"2021-09-14T16:44:47","date_gmt":"2021-09-14T14:44:47","guid":{"rendered":"https:\/\/festival-livre-jeunesse.fr\/2022\/?page_id=4641"},"modified":"2021-12-12T23:30:08","modified_gmt":"2021-12-12T22:30:08","slug":"guillaume-gueraud","status":"publish","type":"page","link":"https:\/\/festival-livre-jeunesse.fr\/2024\/guillaume-gueraud\/","title":{"rendered":"Guillaume Gu\u00e9raud"},"content":{"rendered":"\t\t<div data-elementor-type=\"wp-page\" data-elementor-id=\"4641\" class=\"elementor elementor-4641\">\n\t\t\t\t\t\t<section class=\"elementor-section elementor-top-section elementor-element elementor-element-5ff698b elementor-section-boxed elementor-section-height-default elementor-section-height-default\" data-id=\"5ff698b\" data-element_type=\"section\">\n\t\t\t\t\t\t<div class=\"elementor-container elementor-column-gap-default\">\n\t\t\t\t\t<div class=\"elementor-column elementor-col-100 elementor-top-column elementor-element elementor-element-e7a56bb\" data-id=\"e7a56bb\" data-element_type=\"column\">\n\t\t\t<div class=\"elementor-widget-wrap elementor-element-populated\">\n\t\t\t\t\t\t<div class=\"elementor-element elementor-element-62a9cfb elementor-widget elementor-widget-spacer\" data-id=\"62a9cfb\" data-element_type=\"widget\" data-widget_type=\"spacer.default\">\n\t\t\t\t<div class=\"elementor-widget-container\">\n\t\t\t\t\t\t\t<div class=\"elementor-spacer\">\n\t\t\t<div class=\"elementor-spacer-inner\"><\/div>\n\t\t<\/div>\n\t\t\t\t\t\t<\/div>\n\t\t\t\t<\/div>\n\t\t\t\t\t<\/div>\n\t\t<\/div>\n\t\t\t\t\t<\/div>\n\t\t<\/section>\n\t\t\t\t<section class=\"elementor-section elementor-top-section elementor-element elementor-element-0762fd2 elementor-section-boxed elementor-section-height-default elementor-section-height-default\" data-id=\"0762fd2\" data-element_type=\"section\">\n\t\t\t\t\t\t<div class=\"elementor-container elementor-column-gap-default\">\n\t\t\t\t\t<div class=\"elementor-column elementor-col-33 elementor-top-column elementor-element elementor-element-92c87e8\" data-id=\"92c87e8\" data-element_type=\"column\">\n\t\t\t<div class=\"elementor-widget-wrap\">\n\t\t\t\t\t\t\t<\/div>\n\t\t<\/div>\n\t\t\t\t<div class=\"elementor-column elementor-col-33 elementor-top-column elementor-element elementor-element-13d4210\" data-id=\"13d4210\" data-element_type=\"column\" data-settings=\"{&quot;background_background&quot;:&quot;classic&quot;}\">\n\t\t\t<div class=\"elementor-widget-wrap elementor-element-populated\">\n\t\t\t\t\t\t<div class=\"elementor-element elementor-element-6526efc elementor-widget elementor-widget-heading\" data-id=\"6526efc\" data-element_type=\"widget\" data-widget_type=\"heading.default\">\n\t\t\t\t<div class=\"elementor-widget-container\">\n\t\t\t\t\t<h1 class=\"elementor-heading-title elementor-size-default\">Guillaume Gu\u00e9raud<\/h1>\t\t\t\t<\/div>\n\t\t\t\t<\/div>\n\t\t\t\t<section class=\"elementor-section elementor-inner-section elementor-element elementor-element-809299e elementor-section-boxed elementor-section-height-default elementor-section-height-default\" data-id=\"809299e\" data-element_type=\"section\">\n\t\t\t\t\t\t<div class=\"elementor-container elementor-column-gap-default\">\n\t\t\t\t\t<div class=\"elementor-column elementor-col-50 elementor-inner-column elementor-element elementor-element-82497cc\" data-id=\"82497cc\" data-element_type=\"column\">\n\t\t\t<div class=\"elementor-widget-wrap elementor-element-populated\">\n\t\t\t\t\t\t<div class=\"elementor-element elementor-element-1ec8043 elementor-widget elementor-widget-image\" data-id=\"1ec8043\" data-element_type=\"widget\" data-widget_type=\"image.default\">\n\t\t\t\t<div class=\"elementor-widget-container\">\n\t\t\t\t\t\t\t\t\t\t\t\t\t\t\t\t<a href=\"https:\/\/www.ricochet-jeunes.org\/auteurs\/guillaume-gueraud\">\n\t\t\t\t\t\t\t<img fetchpriority=\"high\" decoding=\"async\" width=\"300\" height=\"258\" src=\"https:\/\/festival-livre-jeunesse.fr\/2024\/wp-content\/uploads\/2021\/11\/GUILLAUME-GUERAUD-300x258.png\" class=\"attachment-medium size-medium wp-image-5617\" alt=\"\" srcset=\"https:\/\/festival-livre-jeunesse.fr\/2024\/wp-content\/uploads\/2021\/11\/GUILLAUME-GUERAUD-300x258.png 300w, https:\/\/festival-livre-jeunesse.fr\/2024\/wp-content\/uploads\/2021\/11\/GUILLAUME-GUERAUD-768x661.png 768w, https:\/\/festival-livre-jeunesse.fr\/2024\/wp-content\/uploads\/2021\/11\/GUILLAUME-GUERAUD.png 795w\" sizes=\"(max-width: 300px) 100vw, 300px\" \/>\t\t\t\t\t\t\t\t<\/a>\n\t\t\t\t\t\t\t\t\t\t\t\t\t\t\t<\/div>\n\t\t\t\t<\/div>\n\t\t\t\t\t<\/div>\n\t\t<\/div>\n\t\t\t\t<div class=\"elementor-column elementor-col-50 elementor-inner-column elementor-element elementor-element-ba7e024\" data-id=\"ba7e024\" data-element_type=\"column\">\n\t\t\t<div class=\"elementor-widget-wrap elementor-element-populated\">\n\t\t\t\t\t\t<div class=\"elementor-element elementor-element-d86140f elementor-widget elementor-widget-text-editor\" data-id=\"d86140f\" data-element_type=\"widget\" data-widget_type=\"text-editor.default\">\n\t\t\t\t<div class=\"elementor-widget-container\">\n\t\t\t\t\t\t\t\t\t<p><span style=\"color: #000000;\">Initi\u00e9 tr\u00e8s jeune au cin\u00e9ma gr\u00e2ce \u00e0 sa m\u00e8re qui l&rsquo;y emmenait tr\u00e8s r\u00e9guli\u00e8rement, Guillaume Gu\u00e9raud a voulu devenir critique de cin\u00e9ma. Il a d&rsquo;abord suivi des \u00e9tudes de journalisme et a travaill\u00e9 dans divers quotidiens r\u00e9gionaux. Durant une p\u00e9riode de ch\u00f4mage, \u00e0 24 ans, il a choisi de devenir \u00e9crivain.<\/span><\/p><p><span style=\"color: #000000;\">En 2005, il publie le roman noir jeunesse\u00a0<i>Je mourrai pas gibier<\/i>, qui remporte le\u00a0<a style=\"color: #000000;\" title=\"Prix Sorci\u00e8res\" href=\"https:\/\/fr.wikipedia.org\/wiki\/Prix_Sorci%C3%A8res\">Prix Sorci\u00e8res<\/a>\u00a02007, cat\u00e9gorie Roman adolescent. L&rsquo;ouvrage est adapt\u00e9 en 2009 par\u00a0<a style=\"color: #000000;\" title=\"Alfred (auteur)\" href=\"https:\/\/fr.wikipedia.org\/wiki\/Alfred_(auteur)\">Alfred<\/a>\u00a0en bande dessin\u00e9e, sous le m\u00eame titre. Par la suite, ils travaillent ensemble pour deux ouvrages, que Guillaume Gu\u00e9raud sc\u00e9narise, et Alfred illustre\u00a0:\u00a0<i>Bob le rat\u00e9<\/i>\u00a0en 2013, et\u00a0<i>La Rage du dragon<\/i>\u00a0en 2015.<\/span><\/p><p><span style=\"color: #000000;\">Son\u00a0<a style=\"color: #000000;\" title=\"Roman (litt\u00e9rature)\" href=\"https:\/\/fr.wikipedia.org\/wiki\/Roman_(litt%C3%A9rature)\">roman<\/a>\u00a0<a style=\"color: #000000;\" title=\"Police (institution)\" href=\"https:\/\/fr.wikipedia.org\/wiki\/Police_(institution)\">policier<\/a>\u00a0<i>Affreux, sales et gentils<\/i>\u00a0remporte\u00a0<span class=\"need_ref\" title=\"Ce passage n\u00e9cessite une r\u00e9f\u00e9rence.\">le prix Fnac des jeunes lecteurs en\u00a0<a style=\"color: #000000;\" title=\"2006\" href=\"https:\/\/fr.wikipedia.org\/wiki\/2006\">2006<\/a>.<\/span><sup class=\"need_ref_tag\"><a style=\"color: #000000;\" title=\"Aide:R\u00e9f\u00e9rence n\u00e9cessaire\" href=\"https:\/\/fr.wikipedia.org\/wiki\/Aide:R%C3%A9f%C3%A9rence_n%C3%A9cessaire\">[r\u00e9f.\u00a0n\u00e9cessaire]<\/a><\/sup><\/span><\/p><p><span style=\"color: #000000;\">Ses personnages principaux sont souvent des anti-h\u00e9ros vivant dans un milieu social d\u00e9favoris\u00e9. Tr\u00e8s inspir\u00e9 par le cin\u00e9ma, son type d&rsquo;\u00e9criture est tr\u00e8s visuel<sup id=\"cite_ref-1\" class=\"reference\"><a style=\"color: #000000;\" href=\"https:\/\/fr.wikipedia.org\/wiki\/Guillaume_Gu%C3%A9raud#cite_note-1\">1<\/a><\/sup>.<\/span><\/p><p><span style=\"color: #000000;\">Il r\u00e9alise aussi de petites le\u00e7ons d&rsquo;\u00e9criture \u00ab\u00a0impertinentes\u00a0\u00bb qu&rsquo;il appelle des autofilms, r\u00e9alis\u00e9s avec son t\u00e9l\u00e9phone portable. Il les publie sur le site de partage de vid\u00e9o\u00a0<a style=\"color: #000000;\" title=\"YouTube\" href=\"https:\/\/fr.wikipedia.org\/wiki\/YouTube\">YouTube<\/a>.<\/span><\/p>\t\t\t\t\t\t\t\t<\/div>\n\t\t\t\t<\/div>\n\t\t\t\t\t<\/div>\n\t\t<\/div>\n\t\t\t\t\t<\/div>\n\t\t<\/section>\n\t\t\t\t<section class=\"elementor-section elementor-inner-section elementor-element elementor-element-172398e elementor-section-boxed elementor-section-height-default elementor-section-height-default\" data-id=\"172398e\" data-element_type=\"section\">\n\t\t\t\t\t\t<div class=\"elementor-container elementor-column-gap-default\">\n\t\t\t\t\t<div class=\"elementor-column elementor-col-50 elementor-inner-column elementor-element elementor-element-bd781ee\" data-id=\"bd781ee\" data-element_type=\"column\">\n\t\t\t<div class=\"elementor-widget-wrap\">\n\t\t\t\t\t\t\t<\/div>\n\t\t<\/div>\n\t\t\t\t<div class=\"elementor-column elementor-col-50 elementor-inner-column elementor-element elementor-element-4f7d59c\" data-id=\"4f7d59c\" data-element_type=\"column\">\n\t\t\t<div class=\"elementor-widget-wrap elementor-element-populated\">\n\t\t\t\t\t\t<div class=\"elementor-element elementor-element-54fff14 elementor-align-left elementor-widget elementor-widget-button\" data-id=\"54fff14\" data-element_type=\"widget\" data-widget_type=\"button.default\">\n\t\t\t\t<div class=\"elementor-widget-container\">\n\t\t\t\t\t\t\t\t\t<div class=\"elementor-button-wrapper\">\n\t\t\t\t\t<a class=\"elementor-button elementor-button-link elementor-size-sm\" href=\"https:\/\/www.ricochet-jeunes.org\/auteurs\/bibliographie\/323607\">\n\t\t\t\t\t\t<span class=\"elementor-button-content-wrapper\">\n\t\t\t\t\t\t\t\t\t<span class=\"elementor-button-text\">En savoir plus<\/span>\n\t\t\t\t\t<\/span>\n\t\t\t\t\t<\/a>\n\t\t\t\t<\/div>\n\t\t\t\t\t\t\t\t<\/div>\n\t\t\t\t<\/div>\n\t\t\t\t\t<\/div>\n\t\t<\/div>\n\t\t\t\t\t<\/div>\n\t\t<\/section>\n\t\t\t\t\t<\/div>\n\t\t<\/div>\n\t\t\t\t<div class=\"elementor-column elementor-col-33 elementor-top-column elementor-element elementor-element-06310a3\" data-id=\"06310a3\" data-element_type=\"column\">\n\t\t\t<div class=\"elementor-widget-wrap\">\n\t\t\t\t\t\t\t<\/div>\n\t\t<\/div>\n\t\t\t\t\t<\/div>\n\t\t<\/section>\n\t\t\t\t<section class=\"elementor-section elementor-top-section elementor-element elementor-element-7f4b7d0 elementor-section-boxed elementor-section-height-default elementor-section-height-default\" data-id=\"7f4b7d0\" data-element_type=\"section\">\n\t\t\t\t\t\t<div class=\"elementor-container elementor-column-gap-default\">\n\t\t\t\t\t<div class=\"elementor-column elementor-col-100 elementor-top-column elementor-element elementor-element-dbbff2b\" data-id=\"dbbff2b\" data-element_type=\"column\">\n\t\t\t<div class=\"elementor-widget-wrap elementor-element-populated\">\n\t\t\t\t\t\t<div class=\"elementor-element elementor-element-8aa49a5 elementor-widget elementor-widget-spacer\" data-id=\"8aa49a5\" data-element_type=\"widget\" data-widget_type=\"spacer.default\">\n\t\t\t\t<div class=\"elementor-widget-container\">\n\t\t\t\t\t\t\t<div class=\"elementor-spacer\">\n\t\t\t<div class=\"elementor-spacer-inner\"><\/div>\n\t\t<\/div>\n\t\t\t\t\t\t<\/div>\n\t\t\t\t<\/div>\n\t\t\t\t\t<\/div>\n\t\t<\/div>\n\t\t\t\t\t<\/div>\n\t\t<\/section>\n\t\t\t\t<\/div>\n\t\t","protected":false},"excerpt":{"rendered":"<p>Guillaume Gu\u00e9raud Initi\u00e9 tr\u00e8s jeune au cin\u00e9ma gr\u00e2ce \u00e0 sa m\u00e8re qui l&rsquo;y emmenait tr\u00e8s r\u00e9guli\u00e8rement, Guillaume Gu\u00e9raud a voulu devenir critique de cin\u00e9ma. Il a d&rsquo;abord suivi des \u00e9tudes de journalisme et a travaill\u00e9 dans divers quotidiens r\u00e9gionaux. Durant une p\u00e9riode de ch\u00f4mage, \u00e0 24 ans, il a choisi de devenir \u00e9crivain. En 2005, &hellip;<\/p>\n<p class=\"read-more\"> <a class=\"\" href=\"https:\/\/festival-livre-jeunesse.fr\/2024\/guillaume-gueraud\/\"> <span class=\"screen-reader-text\">Guillaume Gu\u00e9raud<\/span> Lire la suite\u00a0\u00bb<\/a><\/p>\n","protected":false},"author":1,"featured_media":0,"parent":0,"menu_order":0,"comment_status":"closed","ping_status":"closed","template":"","meta":{"site-sidebar-layout":"default","site-content-layout":"default","ast-site-content-layout":"","site-content-style":"default","site-sidebar-style":"default","ast-global-header-display":"","ast-banner-title-visibility":"","ast-main-header-display":"","ast-hfb-above-header-display":"","ast-hfb-below-header-display":"","ast-hfb-mobile-header-display":"","site-post-title":"","ast-breadcrumbs-content":"","ast-featured-img":"","footer-sml-layout":"","theme-transparent-header-meta":"default","adv-header-id-meta":"","stick-header-meta":"","header-above-stick-meta":"","header-main-stick-meta":"","header-below-stick-meta":"","astra-migrate-meta-layouts":"","footnotes":""},"class_list":["post-4641","page","type-page","status-publish","hentry"],"yoast_head":"<!-- This site is optimized with the Yoast SEO plugin v21.4 - https:\/\/yoast.com\/wordpress\/plugins\/seo\/ -->\n<title>Guillaume Gu\u00e9raud - Festival Livre Jeunesse Occitanie<\/title>\n<meta name=\"robots\" content=\"index, follow, max-snippet:-1, max-image-preview:large, max-video-preview:-1\" \/>\n<link rel=\"canonical\" href=\"https:\/\/festival-livre-jeunesse.fr\/2024\/guillaume-gueraud\/\" \/>\n<meta property=\"og:locale\" content=\"fr_FR\" \/>\n<meta property=\"og:type\" content=\"article\" \/>\n<meta property=\"og:title\" content=\"Guillaume Gu\u00e9raud - Festival Livre Jeunesse Occitanie\" \/>\n<meta property=\"og:description\" content=\"Guillaume Gu\u00e9raud Initi\u00e9 tr\u00e8s jeune au cin\u00e9ma gr\u00e2ce \u00e0 sa m\u00e8re qui l&rsquo;y emmenait tr\u00e8s r\u00e9guli\u00e8rement, Guillaume Gu\u00e9raud a voulu devenir critique de cin\u00e9ma. Il a d&rsquo;abord suivi des \u00e9tudes de journalisme et a travaill\u00e9 dans divers quotidiens r\u00e9gionaux. Durant une p\u00e9riode de ch\u00f4mage, \u00e0 24 ans, il a choisi de devenir \u00e9crivain. En 2005, &hellip; Guillaume Gu\u00e9raud Lire la suite\u00a0\u00bb\" \/>\n<meta property=\"og:url\" content=\"https:\/\/festival-livre-jeunesse.fr\/2024\/guillaume-gueraud\/\" \/>\n<meta property=\"og:site_name\" content=\"Festival Livre Jeunesse Occitanie\" \/>\n<meta property=\"article:publisher\" content=\"https:\/\/www.facebook.com\/FestivalLivreJeunesseOccitanie\" \/>\n<meta property=\"article:modified_time\" content=\"2021-12-12T22:30:08+00:00\" \/>\n<meta property=\"og:image\" content=\"https:\/\/festival-livre-jeunesse.fr\/2022\/wp-content\/uploads\/2021\/11\/GUILLAUME-GUERAUD-300x258.png\" \/>\n<meta name=\"twitter:card\" content=\"summary_large_image\" \/>\n<meta name=\"twitter:site\" content=\"@FljOccitanie\" \/>\n<meta name=\"twitter:label1\" content=\"Dur\u00e9e de lecture estim\u00e9e\" \/>\n\t<meta name=\"twitter:data1\" content=\"1 minute\" \/>\n<script type=\"application\/ld+json\" class=\"yoast-schema-graph\">{\"@context\":\"https:\/\/schema.org\",\"@graph\":[{\"@type\":\"WebPage\",\"@id\":\"https:\/\/festival-livre-jeunesse.fr\/2024\/guillaume-gueraud\/\",\"url\":\"https:\/\/festival-livre-jeunesse.fr\/2024\/guillaume-gueraud\/\",\"name\":\"Guillaume Gu\u00e9raud - Festival Livre Jeunesse Occitanie\",\"isPartOf\":{\"@id\":\"https:\/\/festival-livre-jeunesse.fr\/2024\/#website\"},\"datePublished\":\"2021-09-14T14:44:47+00:00\",\"dateModified\":\"2021-12-12T22:30:08+00:00\",\"breadcrumb\":{\"@id\":\"https:\/\/festival-livre-jeunesse.fr\/2024\/guillaume-gueraud\/#breadcrumb\"},\"inLanguage\":\"fr-FR\",\"potentialAction\":[{\"@type\":\"ReadAction\",\"target\":[\"https:\/\/festival-livre-jeunesse.fr\/2024\/guillaume-gueraud\/\"]}]},{\"@type\":\"BreadcrumbList\",\"@id\":\"https:\/\/festival-livre-jeunesse.fr\/2024\/guillaume-gueraud\/#breadcrumb\",\"itemListElement\":[{\"@type\":\"ListItem\",\"position\":1,\"name\":\"Accueil\",\"item\":\"https:\/\/festival-livre-jeunesse.fr\/2024\/\"},{\"@type\":\"ListItem\",\"position\":2,\"name\":\"Guillaume Gu\u00e9raud\"}]},{\"@type\":\"WebSite\",\"@id\":\"https:\/\/festival-livre-jeunesse.fr\/2024\/#website\",\"url\":\"https:\/\/festival-livre-jeunesse.fr\/2024\/\",\"name\":\"Festival Livre Jeunesse Occitanie\",\"description\":\"23\u00e8me \u00e9dition - janvier 2025\",\"publisher\":{\"@id\":\"https:\/\/festival-livre-jeunesse.fr\/2024\/#organization\"},\"potentialAction\":[{\"@type\":\"SearchAction\",\"target\":{\"@type\":\"EntryPoint\",\"urlTemplate\":\"https:\/\/festival-livre-jeunesse.fr\/2024\/?s={search_term_string}\"},\"query-input\":\"required name=search_term_string\"}],\"inLanguage\":\"fr-FR\"},{\"@type\":\"Organization\",\"@id\":\"https:\/\/festival-livre-jeunesse.fr\/2024\/#organization\",\"name\":\"festival livre jeunesse occitanie\",\"url\":\"https:\/\/festival-livre-jeunesse.fr\/2024\/\",\"logo\":{\"@type\":\"ImageObject\",\"inLanguage\":\"fr-FR\",\"@id\":\"https:\/\/festival-livre-jeunesse.fr\/2024\/#\/schema\/logo\/image\/\",\"url\":\"https:\/\/festival-livre-jeunesse.fr\/2024\/wp-content\/uploads\/2021\/05\/Logo-FLJ-petit.png\",\"contentUrl\":\"https:\/\/festival-livre-jeunesse.fr\/2024\/wp-content\/uploads\/2021\/05\/Logo-FLJ-petit.png\",\"width\":204,\"height\":200,\"caption\":\"festival livre jeunesse occitanie\"},\"image\":{\"@id\":\"https:\/\/festival-livre-jeunesse.fr\/2024\/#\/schema\/logo\/image\/\"},\"sameAs\":[\"https:\/\/www.facebook.com\/FestivalLivreJeunesseOccitanie\",\"https:\/\/twitter.com\/FljOccitanie\"]}]}<\/script>\n<!-- \/ Yoast SEO plugin. -->","yoast_head_json":{"title":"Guillaume Gu\u00e9raud - Festival Livre Jeunesse Occitanie","robots":{"index":"index","follow":"follow","max-snippet":"max-snippet:-1","max-image-preview":"max-image-preview:large","max-video-preview":"max-video-preview:-1"},"canonical":"https:\/\/festival-livre-jeunesse.fr\/2024\/guillaume-gueraud\/","og_locale":"fr_FR","og_type":"article","og_title":"Guillaume Gu\u00e9raud - Festival Livre Jeunesse Occitanie","og_description":"Guillaume Gu\u00e9raud Initi\u00e9 tr\u00e8s jeune au cin\u00e9ma gr\u00e2ce \u00e0 sa m\u00e8re qui l&rsquo;y emmenait tr\u00e8s r\u00e9guli\u00e8rement, Guillaume Gu\u00e9raud a voulu devenir critique de cin\u00e9ma. Il a d&rsquo;abord suivi des \u00e9tudes de journalisme et a travaill\u00e9 dans divers quotidiens r\u00e9gionaux. Durant une p\u00e9riode de ch\u00f4mage, \u00e0 24 ans, il a choisi de devenir \u00e9crivain. En 2005, &hellip; Guillaume Gu\u00e9raud Lire la suite\u00a0\u00bb","og_url":"https:\/\/festival-livre-jeunesse.fr\/2024\/guillaume-gueraud\/","og_site_name":"Festival Livre Jeunesse Occitanie","article_publisher":"https:\/\/www.facebook.com\/FestivalLivreJeunesseOccitanie","article_modified_time":"2021-12-12T22:30:08+00:00","og_image":[{"url":"https:\/\/festival-livre-jeunesse.fr\/2022\/wp-content\/uploads\/2021\/11\/GUILLAUME-GUERAUD-300x258.png"}],"twitter_card":"summary_large_image","twitter_site":"@FljOccitanie","twitter_misc":{"Dur\u00e9e de lecture estim\u00e9e":"1 minute"},"schema":{"@context":"https:\/\/schema.org","@graph":[{"@type":"WebPage","@id":"https:\/\/festival-livre-jeunesse.fr\/2024\/guillaume-gueraud\/","url":"https:\/\/festival-livre-jeunesse.fr\/2024\/guillaume-gueraud\/","name":"Guillaume Gu\u00e9raud - Festival Livre Jeunesse Occitanie","isPartOf":{"@id":"https:\/\/festival-livre-jeunesse.fr\/2024\/#website"},"datePublished":"2021-09-14T14:44:47+00:00","dateModified":"2021-12-12T22:30:08+00:00","breadcrumb":{"@id":"https:\/\/festival-livre-jeunesse.fr\/2024\/guillaume-gueraud\/#breadcrumb"},"inLanguage":"fr-FR","potentialAction":[{"@type":"ReadAction","target":["https:\/\/festival-livre-jeunesse.fr\/2024\/guillaume-gueraud\/"]}]},{"@type":"BreadcrumbList","@id":"https:\/\/festival-livre-jeunesse.fr\/2024\/guillaume-gueraud\/#breadcrumb","itemListElement":[{"@type":"ListItem","position":1,"name":"Accueil","item":"https:\/\/festival-livre-jeunesse.fr\/2024\/"},{"@type":"ListItem","position":2,"name":"Guillaume Gu\u00e9raud"}]},{"@type":"WebSite","@id":"https:\/\/festival-livre-jeunesse.fr\/2024\/#website","url":"https:\/\/festival-livre-jeunesse.fr\/2024\/","name":"Festival Livre Jeunesse Occitanie","description":"23\u00e8me \u00e9dition - janvier 2025","publisher":{"@id":"https:\/\/festival-livre-jeunesse.fr\/2024\/#organization"},"potentialAction":[{"@type":"SearchAction","target":{"@type":"EntryPoint","urlTemplate":"https:\/\/festival-livre-jeunesse.fr\/2024\/?s={search_term_string}"},"query-input":"required name=search_term_string"}],"inLanguage":"fr-FR"},{"@type":"Organization","@id":"https:\/\/festival-livre-jeunesse.fr\/2024\/#organization","name":"festival livre jeunesse occitanie","url":"https:\/\/festival-livre-jeunesse.fr\/2024\/","logo":{"@type":"ImageObject","inLanguage":"fr-FR","@id":"https:\/\/festival-livre-jeunesse.fr\/2024\/#\/schema\/logo\/image\/","url":"https:\/\/festival-livre-jeunesse.fr\/2024\/wp-content\/uploads\/2021\/05\/Logo-FLJ-petit.png","contentUrl":"https:\/\/festival-livre-jeunesse.fr\/2024\/wp-content\/uploads\/2021\/05\/Logo-FLJ-petit.png","width":204,"height":200,"caption":"festival livre jeunesse occitanie"},"image":{"@id":"https:\/\/festival-livre-jeunesse.fr\/2024\/#\/schema\/logo\/image\/"},"sameAs":["https:\/\/www.facebook.com\/FestivalLivreJeunesseOccitanie","https:\/\/twitter.com\/FljOccitanie"]}]}},"_links":{"self":[{"href":"https:\/\/festival-livre-jeunesse.fr\/2024\/wp-json\/wp\/v2\/pages\/4641"}],"collection":[{"href":"https:\/\/festival-livre-jeunesse.fr\/2024\/wp-json\/wp\/v2\/pages"}],"about":[{"href":"https:\/\/festival-livre-jeunesse.fr\/2024\/wp-json\/wp\/v2\/types\/page"}],"author":[{"embeddable":true,"href":"https:\/\/festival-livre-jeunesse.fr\/2024\/wp-json\/wp\/v2\/users\/1"}],"replies":[{"embeddable":true,"href":"https:\/\/festival-livre-jeunesse.fr\/2024\/wp-json\/wp\/v2\/comments?post=4641"}],"version-history":[{"count":34,"href":"https:\/\/festival-livre-jeunesse.fr\/2024\/wp-json\/wp\/v2\/pages\/4641\/revisions"}],"predecessor-version":[{"id":7161,"href":"https:\/\/festival-livre-jeunesse.fr\/2024\/wp-json\/wp\/v2\/pages\/4641\/revisions\/7161"}],"wp:attachment":[{"href":"https:\/\/festival-livre-jeunesse.fr\/2024\/wp-json\/wp\/v2\/media?parent=4641"}],"curies":[{"name":"wp","href":"https:\/\/api.w.org\/{rel}","templated":true}]}}