{"id":6219,"date":"2021-11-27T15:58:53","date_gmt":"2021-11-27T14:58:53","guid":{"rendered":"https:\/\/festival-livre-jeunesse.fr\/2022\/?page_id=6219"},"modified":"2021-11-27T15:59:19","modified_gmt":"2021-11-27T14:59:19","slug":"chrysostome-gourio-3","status":"publish","type":"page","link":"https:\/\/festival-livre-jeunesse.fr\/2024\/chrysostome-gourio-3\/","title":{"rendered":"Chrysostome Gourio"},"content":{"rendered":"\t\t<div data-elementor-type=\"wp-page\" data-elementor-id=\"6219\" class=\"elementor elementor-6219\">\n\t\t\t\t\t\t<section class=\"elementor-section elementor-top-section elementor-element elementor-element-d15948a elementor-section-boxed elementor-section-height-default elementor-section-height-default\" data-id=\"d15948a\" data-element_type=\"section\">\n\t\t\t\t\t\t<div class=\"elementor-container elementor-column-gap-default\">\n\t\t\t\t\t<div class=\"elementor-column elementor-col-50 elementor-top-column elementor-element elementor-element-e8a49e2\" data-id=\"e8a49e2\" data-element_type=\"column\">\n\t\t\t<div class=\"elementor-widget-wrap elementor-element-populated\">\n\t\t\t\t\t\t<div class=\"elementor-element elementor-element-0965046 elementor-widget elementor-widget-image\" data-id=\"0965046\" data-element_type=\"widget\" data-widget_type=\"image.default\">\n\t\t\t\t<div class=\"elementor-widget-container\">\n\t\t\t\t\t\t\t\t\t\t\t\t\t\t\t\t<a href=\"https:\/\/www.ricochet-jeunes.org\/auteurs\/rachel-corenblit\">\n\t\t\t\t\t\t\t<img fetchpriority=\"high\" decoding=\"async\" width=\"225\" height=\"225\" src=\"https:\/\/festival-livre-jeunesse.fr\/2024\/wp-content\/uploads\/2021\/09\/Chrysostome-GOURIO.jpg\" class=\"attachment-full size-full wp-image-4637\" alt=\"\" srcset=\"https:\/\/festival-livre-jeunesse.fr\/2024\/wp-content\/uploads\/2021\/09\/Chrysostome-GOURIO.jpg 225w, https:\/\/festival-livre-jeunesse.fr\/2024\/wp-content\/uploads\/2021\/09\/Chrysostome-GOURIO-150x150.jpg 150w\" sizes=\"(max-width: 225px) 100vw, 225px\" \/>\t\t\t\t\t\t\t\t<\/a>\n\t\t\t\t\t\t\t\t\t\t\t\t\t\t\t<\/div>\n\t\t\t\t<\/div>\n\t\t\t\t\t<\/div>\n\t\t<\/div>\n\t\t\t\t<div class=\"elementor-column elementor-col-50 elementor-top-column elementor-element elementor-element-3843c7b\" data-id=\"3843c7b\" data-element_type=\"column\">\n\t\t\t<div class=\"elementor-widget-wrap elementor-element-populated\">\n\t\t\t\t\t\t<div class=\"elementor-element elementor-element-9992135 elementor-widget elementor-widget-heading\" data-id=\"9992135\" data-element_type=\"widget\" data-widget_type=\"heading.default\">\n\t\t\t\t<div class=\"elementor-widget-container\">\n\t\t\t\t\t<h1 class=\"elementor-heading-title elementor-size-xl\">Chrysostome GOURIO<\/h1>\t\t\t\t<\/div>\n\t\t\t\t<\/div>\n\t\t\t\t<div class=\"elementor-element elementor-element-9d1e287 elementor-widget elementor-widget-text-editor\" data-id=\"9d1e287\" data-element_type=\"widget\" data-widget_type=\"text-editor.default\">\n\t\t\t\t<div class=\"elementor-widget-container\">\n\t\t\t\t\t\t\t\t\t<p><span style=\"color: #000000;\">D&rsquo;abord \u00e9tudiant \u00e0\u00a0<a style=\"color: #000000;\" title=\"Nice\" href=\"https:\/\/fr.wikipedia.org\/wiki\/Nice\">Nice<\/a>, il obtient finalement un dipl\u00f4me en\u00a0<a style=\"color: #000000;\" title=\"Philosophie\" href=\"https:\/\/fr.wikipedia.org\/wiki\/Philosophie\">philosophie<\/a>\u00a0de l&rsquo;<a class=\"mw-redirect\" style=\"color: #000000;\" title=\"Universit\u00e9 Fran\u00e7ois Rabelais de Tours\" href=\"https:\/\/fr.wikipedia.org\/wiki\/Universit%C3%A9_Fran%C3%A7ois_Rabelais_de_Tours\">Universit\u00e9 Fran\u00e7ois Rabelais de Tours<\/a>.<\/span><\/p><p><span style=\"color: #000000;\">Ayant \u00e9chou\u00e9 par trois fois \u00e0 l&rsquo;agr\u00e9gation, il encha\u00eene les petits boulots alimentaires et, apr\u00e8s avoir \u00e9t\u00e9 enseignant au lyc\u00e9e agricole de Ch\u00e2teauroux, il devient libraire pendant quelques ann\u00e9es \u00e0\u00a0<a style=\"color: #000000;\" title=\"Paris\" href=\"https:\/\/fr.wikipedia.org\/wiki\/Paris\">Paris<\/a>, d&rsquo;abord \u00e0 la Procure<sup id=\"cite_ref-1\" class=\"reference\"><a style=\"color: #000000;\" href=\"https:\/\/fr.wikipedia.org\/wiki\/Chrysostome_Gourio#cite_note-1\">1<\/a><\/sup>, puis au Comptoir des Mots<sup id=\"cite_ref-2\" class=\"reference\"><a style=\"color: #000000;\" href=\"https:\/\/fr.wikipedia.org\/wiki\/Chrysostome_Gourio#cite_note-2\">2<\/a><\/sup>.<\/span><\/p><p><span style=\"color: #000000;\">Devenu interpr\u00e8te en\u00a0<a style=\"color: #000000;\" title=\"Langue des signes\" href=\"https:\/\/fr.wikipedia.org\/wiki\/Langue_des_signes\">langue des signes<\/a><sup id=\"cite_ref-3\" class=\"reference\"><a style=\"color: #000000;\" href=\"https:\/\/fr.wikipedia.org\/wiki\/Chrysostome_Gourio#cite_note-3\">3<\/a><\/sup>, il ne vit d\u00e9sormais plus \u00e0 Paris.<\/span><\/p><p><span style=\"color: #000000;\">Au d\u00e9but des\u00a0<a style=\"color: #000000;\" title=\"Ann\u00e9es 2000\" href=\"https:\/\/fr.wikipedia.org\/wiki\/Ann%C3%A9es_2000\">ann\u00e9es 2000<\/a>, il d\u00e9cide de se lancer dans l&rsquo;\u00e9criture. Apr\u00e8s un premier polar pass\u00e9 inaper\u00e7u,\u00a0<i>Flicosophes<\/i>, paru en 2002, il signe\u00a0<i>le Dolmen des Dieux<\/i>, un \u00e9pisode de la collection \u00ab\u00a0<a style=\"color: #000000;\" title=\"Le Poulpe (collection)\" href=\"https:\/\/fr.wikipedia.org\/wiki\/Le_Poulpe_(collection)\">Le Poulpe<\/a>\u00a0\u00bb dans lequel il revient aux sources de la s\u00e9rie, puis dans l&rsquo;esprit de\u00a0<a style=\"color: #000000;\" title=\"Jean-Bernard Pouy\" href=\"https:\/\/fr.wikipedia.org\/wiki\/Jean-Bernard_Pouy\">Jean-Bernard Pouy<\/a>, dont il revendique une certaine forme de filiation litt\u00e9raire, il commet\u00a0<i>le Cr\u00e9puscule des Guignols<\/i>, un western philosophique contemporain, vibrant hommage \u00e0\u00a0<i><a style=\"color: #000000;\" title=\"Spinoza encule Hegel\" href=\"https:\/\/fr.wikipedia.org\/wiki\/Spinoza_encule_Hegel\">Spinoza encule Hegel<\/a><\/i>. De ce roman, il a demand\u00e9 \u00e0 Jean-Bernard Pouy quand il ferait le quatri\u00e8me tome. celui-ci lui a r\u00e9pondu: \u00ab<i>\u00a0J&rsquo;ai fait le tour avec ce h\u00e9ros, il ne manque plus qu&rsquo;\u00e0 \u00e9crire sa jeunesse. Tu n&rsquo;as qu&rsquo;\u00e0 le faire\u00a0<\/i>\u00bb.\u00a0<i>Dans les annales<\/i>, pr\u00e9quel de la s\u00e9rie, para\u00eetra prochainement<sup id=\"cite_ref-4\" class=\"reference\"><a style=\"color: #000000;\" href=\"https:\/\/fr.wikipedia.org\/wiki\/Chrysostome_Gourio#cite_note-4\">4<\/a><\/sup>.<\/span><\/p>\t\t\t\t\t\t\t\t<\/div>\n\t\t\t\t<\/div>\n\t\t\t\t\t<\/div>\n\t\t<\/div>\n\t\t\t\t\t<\/div>\n\t\t<\/section>\n\t\t\t\t<section class=\"elementor-section elementor-top-section elementor-element elementor-element-e2de5e9 elementor-section-boxed elementor-section-height-default elementor-section-height-default\" data-id=\"e2de5e9\" data-element_type=\"section\">\n\t\t\t\t\t\t<div class=\"elementor-container elementor-column-gap-wide\">\n\t\t\t\t\t<div class=\"elementor-column elementor-col-50 elementor-top-column elementor-element elementor-element-0feabfb\" data-id=\"0feabfb\" data-element_type=\"column\">\n\t\t\t<div class=\"elementor-widget-wrap\">\n\t\t\t\t\t\t\t<\/div>\n\t\t<\/div>\n\t\t\t\t<div class=\"elementor-column elementor-col-50 elementor-top-column elementor-element elementor-element-4fcdc74\" data-id=\"4fcdc74\" data-element_type=\"column\">\n\t\t\t<div class=\"elementor-widget-wrap elementor-element-populated\">\n\t\t\t\t\t\t<div class=\"elementor-element elementor-element-c276cd0 elementor-widget elementor-widget-text-editor\" data-id=\"c276cd0\" data-element_type=\"widget\" data-widget_type=\"text-editor.default\">\n\t\t\t\t<div class=\"elementor-widget-container\">\n\t\t\t\t\t\t\t\t\t<h5>Bibliographie<\/h5><ul><li style=\"list-style-type: none;\"><ul><li><span style=\"color: #000000;\"><i>Des muses et des mondes \u00e9nigmatiques<\/i>, nouvelle dans le recueil collectif\u00a0<i>Mus\u00e9es, des mondes \u00e9nigmatiques<\/i>,\u00a0<a style=\"color: #000000;\" title=\"\u00c9ditions Deno\u00ebl\" href=\"https:\/\/fr.wikipedia.org\/wiki\/%C3%89ditions_Deno%C3%ABl\">Deno\u00ebl<\/a>,\u00a0<abbr class=\"abbr\" title=\"collection\">coll.<\/abbr>\u00a0\u00ab\u00a0<a style=\"color: #000000;\" title=\"Pr\u00e9sence du futur\" href=\"https:\/\/fr.wikipedia.org\/wiki\/Pr%C3%A9sence_du_futur\">Pr\u00e9sence du futur<\/a>\u00a0\u00bb\u00a0<abbr class=\"abbr\" title=\"num\u00e9ro\">n<sup>o<\/sup><\/abbr>\u00a0600, 1999<sup id=\"cite_ref-5\" class=\"reference\"><\/sup><\/span><\/li><li><span style=\"color: #000000;\"><i>Flicosophes<\/i>, France Europe \u00e9ditions,\u00a0<a style=\"color: #000000;\" title=\"2002 en litt\u00e9rature\" href=\"https:\/\/fr.wikipedia.org\/wiki\/2002_en_litt%C3%A9rature\">2002<\/a><\/span><\/li><li><span style=\"color: #000000;\"><i>Le Dolmen des dieux<\/i>, \u00e9ditions Baleine,\u00a0<abbr class=\"abbr\" title=\"collection\">coll.<\/abbr>\u00a0\u00ab\u00a0<a style=\"color: #000000;\" title=\"Le Poulpe (collection)\" href=\"https:\/\/fr.wikipedia.org\/wiki\/Le_Poulpe_(collection)\">Le Poulpe<\/a>\u00a0\u00bb\u00a0<abbr class=\"abbr\" title=\"num\u00e9ro\">n<sup>o<\/sup><\/abbr>\u00a0268,\u00a0<a style=\"color: #000000;\" title=\"2010 en litt\u00e9rature\" href=\"https:\/\/fr.wikipedia.org\/wiki\/2010_en_litt%C3%A9rature\">2010<\/a><\/span><\/li><li><span style=\"color: #000000;\"><i>Le Cr\u00e9puscule des guignols<\/i>\u00a0(ou comment philosopher \u00e0 coup de Desert Eagle), \u00e9ditions Baleine,\u00a0<a style=\"color: #000000;\" title=\"2012 en litt\u00e9rature\" href=\"https:\/\/fr.wikipedia.org\/wiki\/2012_en_litt%C3%A9rature\">2012<\/a><\/span><\/li><li><span style=\"color: #000000;\"><i>Une fellation quasi nulle<\/i>, Les \u00e9ditions in8, 2014<\/span><\/li><li><span style=\"color: #000000;\"><i>Rufus le fant\u00f4me ou la gr\u00e8ve de la Mort<\/i>, Sarbacane \u00c9ditions, collection P\u00e9pix, 2017, Prix Junior Livre d\u2019Hiver 2018\u00a0 du Salon de Montgiscard<sup id=\"cite_ref-6\" class=\"reference\"><\/sup><\/span><\/li><li><span style=\"color: #000000;\"><i>Something evil&rsquo;s lurkin&rsquo; in the dark<\/i>, nouvelle dans le recueil collectif\u00a0<i>16 Nuances de Premi\u00e8re fois<\/i>, Eyrolles, 2017<\/span><\/li><li><span style=\"color: #000000;\"><i>La Brigade des Chasseurs d&rsquo;Ombres &#8211; Wendigo<\/i>, Sarbacane \u00c9ditions, collection Exprim, 2019<\/span><\/li><li><span style=\"color: #000000;\"><i>Wilma la vampire ou le concert de la Mort<\/i>, Sarbacane \u00c9ditions, collection P\u00e9pix, 2020<\/span><\/li><\/ul><\/li><\/ul>\t\t\t\t\t\t\t\t<\/div>\n\t\t\t\t<\/div>\n\t\t\t\t\t<\/div>\n\t\t<\/div>\n\t\t\t\t\t<\/div>\n\t\t<\/section>\n\t\t\t\t<\/div>\n\t\t","protected":false},"excerpt":{"rendered":"<p>Chrysostome GOURIO D&rsquo;abord \u00e9tudiant \u00e0\u00a0Nice, il obtient finalement un dipl\u00f4me en\u00a0philosophie\u00a0de l&rsquo;Universit\u00e9 Fran\u00e7ois Rabelais de Tours. Ayant \u00e9chou\u00e9 par trois fois \u00e0 l&rsquo;agr\u00e9gation, il encha\u00eene les petits boulots alimentaires et, apr\u00e8s avoir \u00e9t\u00e9 enseignant au lyc\u00e9e agricole de Ch\u00e2teauroux, il devient libraire pendant quelques ann\u00e9es \u00e0\u00a0Paris, d&rsquo;abord \u00e0 la Procure1, puis au Comptoir des Mots2. &hellip;<\/p>\n<p class=\"read-more\"> <a class=\"\" href=\"https:\/\/festival-livre-jeunesse.fr\/2024\/chrysostome-gourio-3\/\"> <span class=\"screen-reader-text\">Chrysostome Gourio<\/span> Lire la suite\u00a0\u00bb<\/a><\/p>\n","protected":false},"author":1,"featured_media":0,"parent":0,"menu_order":0,"comment_status":"closed","ping_status":"closed","template":"","meta":{"site-sidebar-layout":"no-sidebar","site-content-layout":"page-builder","ast-site-content-layout":"","site-content-style":"default","site-sidebar-style":"default","ast-global-header-display":"","ast-banner-title-visibility":"","ast-main-header-display":"","ast-hfb-above-header-display":"","ast-hfb-below-header-display":"","ast-hfb-mobile-header-display":"","site-post-title":"disabled","ast-breadcrumbs-content":"","ast-featured-img":"disabled","footer-sml-layout":"","theme-transparent-header-meta":"default","adv-header-id-meta":"","stick-header-meta":"","header-above-stick-meta":"","header-main-stick-meta":"","header-below-stick-meta":"","astra-migrate-meta-layouts":"","footnotes":""},"class_list":["post-6219","page","type-page","status-publish","hentry"],"yoast_head":"<!-- This site is optimized with the Yoast SEO plugin v21.4 - https:\/\/yoast.com\/wordpress\/plugins\/seo\/ -->\n<title>Chrysostome Gourio - Festival Livre Jeunesse Occitanie<\/title>\n<meta name=\"robots\" content=\"index, follow, max-snippet:-1, max-image-preview:large, max-video-preview:-1\" \/>\n<link rel=\"canonical\" href=\"https:\/\/festival-livre-jeunesse.fr\/2024\/chrysostome-gourio-3\/\" \/>\n<meta property=\"og:locale\" content=\"fr_FR\" \/>\n<meta property=\"og:type\" content=\"article\" \/>\n<meta property=\"og:title\" content=\"Chrysostome Gourio - Festival Livre Jeunesse Occitanie\" \/>\n<meta property=\"og:description\" content=\"Chrysostome GOURIO D&rsquo;abord \u00e9tudiant \u00e0\u00a0Nice, il obtient finalement un dipl\u00f4me en\u00a0philosophie\u00a0de l&rsquo;Universit\u00e9 Fran\u00e7ois Rabelais de Tours. Ayant \u00e9chou\u00e9 par trois fois \u00e0 l&rsquo;agr\u00e9gation, il encha\u00eene les petits boulots alimentaires et, apr\u00e8s avoir \u00e9t\u00e9 enseignant au lyc\u00e9e agricole de Ch\u00e2teauroux, il devient libraire pendant quelques ann\u00e9es \u00e0\u00a0Paris, d&rsquo;abord \u00e0 la Procure1, puis au Comptoir des Mots2. &hellip; Chrysostome Gourio Lire la suite\u00a0\u00bb\" \/>\n<meta property=\"og:url\" content=\"https:\/\/festival-livre-jeunesse.fr\/2024\/chrysostome-gourio-3\/\" \/>\n<meta property=\"og:site_name\" content=\"Festival Livre Jeunesse Occitanie\" \/>\n<meta property=\"article:publisher\" content=\"https:\/\/www.facebook.com\/FestivalLivreJeunesseOccitanie\" \/>\n<meta property=\"article:modified_time\" content=\"2021-11-27T14:59:19+00:00\" \/>\n<meta property=\"og:image\" content=\"https:\/\/festival-livre-jeunesse.fr\/2022\/wp-content\/uploads\/2021\/09\/Chrysostome-GOURIO.jpg\" \/>\n<meta name=\"twitter:card\" content=\"summary_large_image\" \/>\n<meta name=\"twitter:site\" content=\"@FljOccitanie\" \/>\n<meta name=\"twitter:label1\" content=\"Dur\u00e9e de lecture estim\u00e9e\" \/>\n\t<meta name=\"twitter:data1\" content=\"2 minutes\" \/>\n<script type=\"application\/ld+json\" class=\"yoast-schema-graph\">{\"@context\":\"https:\/\/schema.org\",\"@graph\":[{\"@type\":\"WebPage\",\"@id\":\"https:\/\/festival-livre-jeunesse.fr\/2024\/chrysostome-gourio-3\/\",\"url\":\"https:\/\/festival-livre-jeunesse.fr\/2024\/chrysostome-gourio-3\/\",\"name\":\"Chrysostome Gourio - Festival Livre Jeunesse Occitanie\",\"isPartOf\":{\"@id\":\"https:\/\/festival-livre-jeunesse.fr\/2024\/#website\"},\"datePublished\":\"2021-11-27T14:58:53+00:00\",\"dateModified\":\"2021-11-27T14:59:19+00:00\",\"breadcrumb\":{\"@id\":\"https:\/\/festival-livre-jeunesse.fr\/2024\/chrysostome-gourio-3\/#breadcrumb\"},\"inLanguage\":\"fr-FR\",\"potentialAction\":[{\"@type\":\"ReadAction\",\"target\":[\"https:\/\/festival-livre-jeunesse.fr\/2024\/chrysostome-gourio-3\/\"]}]},{\"@type\":\"BreadcrumbList\",\"@id\":\"https:\/\/festival-livre-jeunesse.fr\/2024\/chrysostome-gourio-3\/#breadcrumb\",\"itemListElement\":[{\"@type\":\"ListItem\",\"position\":1,\"name\":\"Accueil\",\"item\":\"https:\/\/festival-livre-jeunesse.fr\/2024\/\"},{\"@type\":\"ListItem\",\"position\":2,\"name\":\"Chrysostome Gourio\"}]},{\"@type\":\"WebSite\",\"@id\":\"https:\/\/festival-livre-jeunesse.fr\/2024\/#website\",\"url\":\"https:\/\/festival-livre-jeunesse.fr\/2024\/\",\"name\":\"Festival Livre Jeunesse Occitanie\",\"description\":\"23\u00e8me \u00e9dition - janvier 2025\",\"publisher\":{\"@id\":\"https:\/\/festival-livre-jeunesse.fr\/2024\/#organization\"},\"potentialAction\":[{\"@type\":\"SearchAction\",\"target\":{\"@type\":\"EntryPoint\",\"urlTemplate\":\"https:\/\/festival-livre-jeunesse.fr\/2024\/?s={search_term_string}\"},\"query-input\":\"required name=search_term_string\"}],\"inLanguage\":\"fr-FR\"},{\"@type\":\"Organization\",\"@id\":\"https:\/\/festival-livre-jeunesse.fr\/2024\/#organization\",\"name\":\"festival livre jeunesse occitanie\",\"url\":\"https:\/\/festival-livre-jeunesse.fr\/2024\/\",\"logo\":{\"@type\":\"ImageObject\",\"inLanguage\":\"fr-FR\",\"@id\":\"https:\/\/festival-livre-jeunesse.fr\/2024\/#\/schema\/logo\/image\/\",\"url\":\"https:\/\/festival-livre-jeunesse.fr\/2024\/wp-content\/uploads\/2021\/05\/Logo-FLJ-petit.png\",\"contentUrl\":\"https:\/\/festival-livre-jeunesse.fr\/2024\/wp-content\/uploads\/2021\/05\/Logo-FLJ-petit.png\",\"width\":204,\"height\":200,\"caption\":\"festival livre jeunesse occitanie\"},\"image\":{\"@id\":\"https:\/\/festival-livre-jeunesse.fr\/2024\/#\/schema\/logo\/image\/\"},\"sameAs\":[\"https:\/\/www.facebook.com\/FestivalLivreJeunesseOccitanie\",\"https:\/\/twitter.com\/FljOccitanie\"]}]}<\/script>\n<!-- \/ Yoast SEO plugin. -->","yoast_head_json":{"title":"Chrysostome Gourio - Festival Livre Jeunesse Occitanie","robots":{"index":"index","follow":"follow","max-snippet":"max-snippet:-1","max-image-preview":"max-image-preview:large","max-video-preview":"max-video-preview:-1"},"canonical":"https:\/\/festival-livre-jeunesse.fr\/2024\/chrysostome-gourio-3\/","og_locale":"fr_FR","og_type":"article","og_title":"Chrysostome Gourio - Festival Livre Jeunesse Occitanie","og_description":"Chrysostome GOURIO D&rsquo;abord \u00e9tudiant \u00e0\u00a0Nice, il obtient finalement un dipl\u00f4me en\u00a0philosophie\u00a0de l&rsquo;Universit\u00e9 Fran\u00e7ois Rabelais de Tours. Ayant \u00e9chou\u00e9 par trois fois \u00e0 l&rsquo;agr\u00e9gation, il encha\u00eene les petits boulots alimentaires et, apr\u00e8s avoir \u00e9t\u00e9 enseignant au lyc\u00e9e agricole de Ch\u00e2teauroux, il devient libraire pendant quelques ann\u00e9es \u00e0\u00a0Paris, d&rsquo;abord \u00e0 la Procure1, puis au Comptoir des Mots2. &hellip; Chrysostome Gourio Lire la suite\u00a0\u00bb","og_url":"https:\/\/festival-livre-jeunesse.fr\/2024\/chrysostome-gourio-3\/","og_site_name":"Festival Livre Jeunesse Occitanie","article_publisher":"https:\/\/www.facebook.com\/FestivalLivreJeunesseOccitanie","article_modified_time":"2021-11-27T14:59:19+00:00","og_image":[{"url":"https:\/\/festival-livre-jeunesse.fr\/2022\/wp-content\/uploads\/2021\/09\/Chrysostome-GOURIO.jpg"}],"twitter_card":"summary_large_image","twitter_site":"@FljOccitanie","twitter_misc":{"Dur\u00e9e de lecture estim\u00e9e":"2 minutes"},"schema":{"@context":"https:\/\/schema.org","@graph":[{"@type":"WebPage","@id":"https:\/\/festival-livre-jeunesse.fr\/2024\/chrysostome-gourio-3\/","url":"https:\/\/festival-livre-jeunesse.fr\/2024\/chrysostome-gourio-3\/","name":"Chrysostome Gourio - Festival Livre Jeunesse Occitanie","isPartOf":{"@id":"https:\/\/festival-livre-jeunesse.fr\/2024\/#website"},"datePublished":"2021-11-27T14:58:53+00:00","dateModified":"2021-11-27T14:59:19+00:00","breadcrumb":{"@id":"https:\/\/festival-livre-jeunesse.fr\/2024\/chrysostome-gourio-3\/#breadcrumb"},"inLanguage":"fr-FR","potentialAction":[{"@type":"ReadAction","target":["https:\/\/festival-livre-jeunesse.fr\/2024\/chrysostome-gourio-3\/"]}]},{"@type":"BreadcrumbList","@id":"https:\/\/festival-livre-jeunesse.fr\/2024\/chrysostome-gourio-3\/#breadcrumb","itemListElement":[{"@type":"ListItem","position":1,"name":"Accueil","item":"https:\/\/festival-livre-jeunesse.fr\/2024\/"},{"@type":"ListItem","position":2,"name":"Chrysostome Gourio"}]},{"@type":"WebSite","@id":"https:\/\/festival-livre-jeunesse.fr\/2024\/#website","url":"https:\/\/festival-livre-jeunesse.fr\/2024\/","name":"Festival Livre Jeunesse Occitanie","description":"23\u00e8me \u00e9dition - janvier 2025","publisher":{"@id":"https:\/\/festival-livre-jeunesse.fr\/2024\/#organization"},"potentialAction":[{"@type":"SearchAction","target":{"@type":"EntryPoint","urlTemplate":"https:\/\/festival-livre-jeunesse.fr\/2024\/?s={search_term_string}"},"query-input":"required name=search_term_string"}],"inLanguage":"fr-FR"},{"@type":"Organization","@id":"https:\/\/festival-livre-jeunesse.fr\/2024\/#organization","name":"festival livre jeunesse occitanie","url":"https:\/\/festival-livre-jeunesse.fr\/2024\/","logo":{"@type":"ImageObject","inLanguage":"fr-FR","@id":"https:\/\/festival-livre-jeunesse.fr\/2024\/#\/schema\/logo\/image\/","url":"https:\/\/festival-livre-jeunesse.fr\/2024\/wp-content\/uploads\/2021\/05\/Logo-FLJ-petit.png","contentUrl":"https:\/\/festival-livre-jeunesse.fr\/2024\/wp-content\/uploads\/2021\/05\/Logo-FLJ-petit.png","width":204,"height":200,"caption":"festival livre jeunesse occitanie"},"image":{"@id":"https:\/\/festival-livre-jeunesse.fr\/2024\/#\/schema\/logo\/image\/"},"sameAs":["https:\/\/www.facebook.com\/FestivalLivreJeunesseOccitanie","https:\/\/twitter.com\/FljOccitanie"]}]}},"_links":{"self":[{"href":"https:\/\/festival-livre-jeunesse.fr\/2024\/wp-json\/wp\/v2\/pages\/6219"}],"collection":[{"href":"https:\/\/festival-livre-jeunesse.fr\/2024\/wp-json\/wp\/v2\/pages"}],"about":[{"href":"https:\/\/festival-livre-jeunesse.fr\/2024\/wp-json\/wp\/v2\/types\/page"}],"author":[{"embeddable":true,"href":"https:\/\/festival-livre-jeunesse.fr\/2024\/wp-json\/wp\/v2\/users\/1"}],"replies":[{"embeddable":true,"href":"https:\/\/festival-livre-jeunesse.fr\/2024\/wp-json\/wp\/v2\/comments?post=6219"}],"version-history":[{"count":4,"href":"https:\/\/festival-livre-jeunesse.fr\/2024\/wp-json\/wp\/v2\/pages\/6219\/revisions"}],"predecessor-version":[{"id":6223,"href":"https:\/\/festival-livre-jeunesse.fr\/2024\/wp-json\/wp\/v2\/pages\/6219\/revisions\/6223"}],"wp:attachment":[{"href":"https:\/\/festival-livre-jeunesse.fr\/2024\/wp-json\/wp\/v2\/media?parent=6219"}],"curies":[{"name":"wp","href":"https:\/\/api.w.org\/{rel}","templated":true}]}}