{"id":6816,"date":"2021-12-09T09:13:54","date_gmt":"2021-12-09T08:13:54","guid":{"rendered":"https:\/\/festival-livre-jeunesse.fr\/2022\/?page_id=6816"},"modified":"2022-01-04T19:54:23","modified_gmt":"2022-01-04T18:54:23","slug":"prix-des-ados-2022-2","status":"publish","type":"page","link":"https:\/\/festival-livre-jeunesse.fr\/2024\/prix-des-ados-2022-2\/","title":{"rendered":"Prix des Ados"},"content":{"rendered":"\t\t<div data-elementor-type=\"wp-page\" data-elementor-id=\"6816\" class=\"elementor elementor-6816\">\n\t\t\t\t\t\t<section class=\"elementor-section elementor-top-section elementor-element elementor-element-7aac4a0 elementor-section-boxed elementor-section-height-default elementor-section-height-default\" data-id=\"7aac4a0\" data-element_type=\"section\">\n\t\t\t\t\t\t<div class=\"elementor-container elementor-column-gap-default\">\n\t\t\t\t\t<div class=\"elementor-column elementor-col-50 elementor-top-column elementor-element elementor-element-539c3f31\" data-id=\"539c3f31\" data-element_type=\"column\">\n\t\t\t<div class=\"elementor-widget-wrap elementor-element-populated\">\n\t\t\t\t\t\t<div class=\"elementor-element elementor-element-f4282d7 elementor-widget elementor-widget-spacer\" data-id=\"f4282d7\" data-element_type=\"widget\" data-widget_type=\"spacer.default\">\n\t\t\t\t<div class=\"elementor-widget-container\">\n\t\t\t\t\t\t\t<div class=\"elementor-spacer\">\n\t\t\t<div class=\"elementor-spacer-inner\"><\/div>\n\t\t<\/div>\n\t\t\t\t\t\t<\/div>\n\t\t\t\t<\/div>\n\t\t\t\t\t<\/div>\n\t\t<\/div>\n\t\t\t\t<div class=\"elementor-column elementor-col-50 elementor-top-column elementor-element elementor-element-30b3a66\" data-id=\"30b3a66\" data-element_type=\"column\">\n\t\t\t<div class=\"elementor-widget-wrap\">\n\t\t\t\t\t\t\t<\/div>\n\t\t<\/div>\n\t\t\t\t\t<\/div>\n\t\t<\/section>\n\t\t\t\t<section class=\"elementor-section elementor-top-section elementor-element elementor-element-7ea3f3b6 elementor-section-boxed elementor-section-height-default elementor-section-height-default\" data-id=\"7ea3f3b6\" data-element_type=\"section\">\n\t\t\t\t\t\t<div class=\"elementor-container elementor-column-gap-default\">\n\t\t\t\t\t<div class=\"elementor-column elementor-col-100 elementor-top-column elementor-element elementor-element-19ca3dfb\" data-id=\"19ca3dfb\" data-element_type=\"column\">\n\t\t\t<div class=\"elementor-widget-wrap elementor-element-populated\">\n\t\t\t\t\t\t<div class=\"elementor-element elementor-element-1b8a3cdb elementor-widget elementor-widget-image\" data-id=\"1b8a3cdb\" data-element_type=\"widget\" data-widget_type=\"image.default\">\n\t\t\t\t<div class=\"elementor-widget-container\">\n\t\t\t\t\t\t\t\t\t\t\t\t\t\t\t<img fetchpriority=\"high\" decoding=\"async\" width=\"904\" height=\"360\" src=\"https:\/\/festival-livre-jeunesse.fr\/2024\/wp-content\/uploads\/2021\/12\/rever-encore.jpg\" class=\"attachment-full size-full wp-image-6638\" alt=\"\" srcset=\"https:\/\/festival-livre-jeunesse.fr\/2024\/wp-content\/uploads\/2021\/12\/rever-encore.jpg 904w, https:\/\/festival-livre-jeunesse.fr\/2024\/wp-content\/uploads\/2021\/12\/rever-encore-300x119.jpg 300w, https:\/\/festival-livre-jeunesse.fr\/2024\/wp-content\/uploads\/2021\/12\/rever-encore-768x306.jpg 768w\" sizes=\"(max-width: 904px) 100vw, 904px\" \/>\t\t\t\t\t\t\t\t\t\t\t\t\t\t\t<\/div>\n\t\t\t\t<\/div>\n\t\t\t\t\t<\/div>\n\t\t<\/div>\n\t\t\t\t\t<\/div>\n\t\t<\/section>\n\t\t\t\t<section class=\"elementor-section elementor-top-section elementor-element elementor-element-f3aaef9 elementor-section-boxed elementor-section-height-default elementor-section-height-default\" data-id=\"f3aaef9\" data-element_type=\"section\">\n\t\t\t\t\t\t<div class=\"elementor-container elementor-column-gap-default\">\n\t\t\t\t\t<div class=\"elementor-column elementor-col-33 elementor-top-column elementor-element elementor-element-1bf092de\" data-id=\"1bf092de\" data-element_type=\"column\">\n\t\t\t<div class=\"elementor-widget-wrap\">\n\t\t\t\t\t\t\t<\/div>\n\t\t<\/div>\n\t\t\t\t<div class=\"elementor-column elementor-col-33 elementor-top-column elementor-element elementor-element-48099a16\" data-id=\"48099a16\" data-element_type=\"column\" data-settings=\"{&quot;background_background&quot;:&quot;classic&quot;}\">\n\t\t\t<div class=\"elementor-widget-wrap elementor-element-populated\">\n\t\t\t\t\t\t<div class=\"elementor-element elementor-element-37948541 elementor-widget elementor-widget-heading\" data-id=\"37948541\" data-element_type=\"widget\" data-widget_type=\"heading.default\">\n\t\t\t\t<div class=\"elementor-widget-container\">\n\t\t\t\t\t<h1 class=\"elementor-heading-title elementor-size-xxl\">Prix des Ados 2022<\/h1>\t\t\t\t<\/div>\n\t\t\t\t<\/div>\n\t\t\t\t\t<\/div>\n\t\t<\/div>\n\t\t\t\t<div class=\"elementor-column elementor-col-33 elementor-top-column elementor-element elementor-element-56b996fe\" data-id=\"56b996fe\" data-element_type=\"column\">\n\t\t\t<div class=\"elementor-widget-wrap\">\n\t\t\t\t\t\t\t<\/div>\n\t\t<\/div>\n\t\t\t\t\t<\/div>\n\t\t<\/section>\n\t\t\t\t<section class=\"elementor-section elementor-top-section elementor-element elementor-element-382b5e03 elementor-section-boxed elementor-section-height-default elementor-section-height-default\" data-id=\"382b5e03\" data-element_type=\"section\">\n\t\t\t\t\t\t<div class=\"elementor-container elementor-column-gap-default\">\n\t\t\t\t\t<div class=\"elementor-column elementor-col-33 elementor-top-column elementor-element elementor-element-1947e640\" data-id=\"1947e640\" data-element_type=\"column\">\n\t\t\t<div class=\"elementor-widget-wrap\">\n\t\t\t\t\t\t\t<\/div>\n\t\t<\/div>\n\t\t\t\t<div class=\"elementor-column elementor-col-33 elementor-top-column elementor-element elementor-element-63d10e88\" data-id=\"63d10e88\" data-element_type=\"column\" data-settings=\"{&quot;background_background&quot;:&quot;classic&quot;}\">\n\t\t\t<div class=\"elementor-widget-wrap elementor-element-populated\">\n\t\t\t\t\t\t<div class=\"elementor-element elementor-element-3fcb28bb elementor-widget elementor-widget-text-editor\" data-id=\"3fcb28bb\" data-element_type=\"widget\" data-widget_type=\"text-editor.default\">\n\t\t\t\t<div class=\"elementor-widget-container\">\n\t\t\t\t\t\t\t\t\t<p>Le jury du Prix des Ados est exclusivement compos\u00e9 de jeunes de 14 \u00e0 16 ans (coll\u00e9giens et lyc\u00e9ens). Encadr\u00e9s par des documentalistes du lyc\u00e9e et des coll\u00e8ges de Saint-Orens de Gameville et deux biblioth\u00e9caires, ils se r\u00e9uniront r\u00e9guli\u00e8rement pour discuter, \u00e9changer et critiquer les ouvrages en s\u00e9lection. Cette s\u00e9lection a \u00e9t\u00e9 r\u00e9alis\u00e9e par l\u2019association FLJ, organisatrice du festival, les documentalistes et les biblioth\u00e9caires de Saint-Orens de Gameville.<\/p>\t\t\t\t\t\t\t\t<\/div>\n\t\t\t\t<\/div>\n\t\t\t\t\t<\/div>\n\t\t<\/div>\n\t\t\t\t<div class=\"elementor-column elementor-col-33 elementor-top-column elementor-element elementor-element-54e35536\" data-id=\"54e35536\" data-element_type=\"column\">\n\t\t\t<div class=\"elementor-widget-wrap\">\n\t\t\t\t\t\t\t<\/div>\n\t\t<\/div>\n\t\t\t\t\t<\/div>\n\t\t<\/section>\n\t\t\t\t<section class=\"elementor-section elementor-top-section elementor-element elementor-element-6aaf3102 elementor-section-boxed elementor-section-height-default elementor-section-height-default\" data-id=\"6aaf3102\" data-element_type=\"section\">\n\t\t\t\t\t\t<div class=\"elementor-container elementor-column-gap-default\">\n\t\t\t\t\t<div class=\"elementor-column elementor-col-25 elementor-top-column elementor-element elementor-element-48ec8251\" data-id=\"48ec8251\" data-element_type=\"column\">\n\t\t\t<div class=\"elementor-widget-wrap\">\n\t\t\t\t\t\t\t<\/div>\n\t\t<\/div>\n\t\t\t\t<div class=\"elementor-column elementor-col-25 elementor-top-column elementor-element elementor-element-4296042\" data-id=\"4296042\" data-element_type=\"column\" data-settings=\"{&quot;background_background&quot;:&quot;classic&quot;}\">\n\t\t\t<div class=\"elementor-widget-wrap elementor-element-populated\">\n\t\t\t\t\t\t<div class=\"elementor-element elementor-element-11555852 elementor-position-top elementor-widget elementor-widget-image-box\" data-id=\"11555852\" data-element_type=\"widget\" data-widget_type=\"image-box.default\">\n\t\t\t\t<div class=\"elementor-widget-container\">\n\t\t\t\t\t<div class=\"elementor-image-box-wrapper\"><figure class=\"elementor-image-box-img\"><a href=\"https:\/\/www.telerama.fr\/enfants\/livre-pour-ados-miettes-humour-decale-un-roman-coup-de-poing-sur-le-harcelement-scolaire-6980809.php\" tabindex=\"-1\"><img decoding=\"async\" width=\"400\" height=\"600\" src=\"https:\/\/festival-livre-jeunesse.fr\/2024\/wp-content\/uploads\/2021\/09\/miettes.jpg\" class=\"attachment-full size-full wp-image-5097\" alt=\"\" srcset=\"https:\/\/festival-livre-jeunesse.fr\/2024\/wp-content\/uploads\/2021\/09\/miettes.jpg 400w, https:\/\/festival-livre-jeunesse.fr\/2024\/wp-content\/uploads\/2021\/09\/miettes-200x300.jpg 200w\" sizes=\"(max-width: 400px) 100vw, 400px\" \/><\/a><\/figure><div class=\"elementor-image-box-content\"><h4 class=\"elementor-image-box-title\"><a href=\"https:\/\/www.telerama.fr\/enfants\/livre-pour-ados-miettes-humour-decale-un-roman-coup-de-poing-sur-le-harcelement-scolaire-6980809.php\">\"Miettes (Humour d\u00e9cal\u00e9)\" , St\u00e9phane Servant, Editions Nathan<\/a><\/h4><p class=\"elementor-image-box-description\">\u00ab Au milieu de la cour, dans les couloirs du lyc\u00e9e, \u00e0 l\u2019arr\u00eat de bus, c\u2019est \u00e0 qui sera le plus viril. Moi \u00e9videmment, avec mes bras comme des bretzels et mes livres, je suis hors circuit. \u00bb\nC\u2019est la f\u00eate de fin d\u2019ann\u00e9e au lyc\u00e9e. Sur sc\u00e8ne, seul face aux \u00e9l\u00e8ves, professeurs et parents, un adolescent prend la parole, comme un num\u00e9ro de stand up. Avec beaucoup d\u2019humour et d\u2019intelligence, il raconte en une heure son histoire, celle d\u2019un gar\u00e7on rejet\u00e9, moqu\u00e9, harcel\u00e9 et agress\u00e9\u2026<\/p><\/div><\/div>\t\t\t\t<\/div>\n\t\t\t\t<\/div>\n\t\t\t\t\t<\/div>\n\t\t<\/div>\n\t\t\t\t<div class=\"elementor-column elementor-col-25 elementor-top-column elementor-element elementor-element-4f0c6ad2\" data-id=\"4f0c6ad2\" data-element_type=\"column\" data-settings=\"{&quot;background_background&quot;:&quot;classic&quot;}\">\n\t\t\t<div class=\"elementor-widget-wrap elementor-element-populated\">\n\t\t\t\t\t\t<div class=\"elementor-element elementor-element-73663a01 elementor-position-top elementor-widget elementor-widget-image-box\" data-id=\"73663a01\" data-element_type=\"widget\" data-widget_type=\"image-box.default\">\n\t\t\t\t<div class=\"elementor-widget-container\">\n\t\t\t\t\t<div class=\"elementor-image-box-wrapper\"><figure class=\"elementor-image-box-img\"><a href=\"https:\/\/www.telerama.fr\/enfants\/roman-pour-ados-guilty-un-thriller-haletant-sur-fond-de-vengeance-numerique-6883289.php\" tabindex=\"-1\"><img decoding=\"async\" width=\"600\" height=\"869\" src=\"https:\/\/festival-livre-jeunesse.fr\/2024\/wp-content\/uploads\/2021\/09\/guilty.jpeg\" class=\"attachment-full size-full wp-image-5096\" alt=\"\" srcset=\"https:\/\/festival-livre-jeunesse.fr\/2024\/wp-content\/uploads\/2021\/09\/guilty.jpeg 600w, https:\/\/festival-livre-jeunesse.fr\/2024\/wp-content\/uploads\/2021\/09\/guilty-207x300.jpeg 207w\" sizes=\"(max-width: 600px) 100vw, 600px\" \/><\/a><\/figure><div class=\"elementor-image-box-content\"><h4 class=\"elementor-image-box-title\"><a href=\"https:\/\/www.telerama.fr\/enfants\/roman-pour-ados-guilty-un-thriller-haletant-sur-fond-de-vengeance-numerique-6883289.php\">\"Guilty #L'affaire Diego Abrio\", Jean-Christophe Tixier, Editions Rageot<\/a><\/h4><p class=\"elementor-image-box-description\">Diego Abrio, 22 ans, purge sa peine de prison pour homicide volontaire.\nPourtant il va \u00eatre rel\u00e2ch\u00e9.\nSera-t-il libre ? Non  !\nLe peuple aura le droit de le tuer, ou de le prot\u00e9ger dans sa fuite.\nToi aussi. Vas-tu suivre son parcours sur l\u2019application Guilty  ? Participer \u00e0 sa traque  ?<\/p><\/div><\/div>\t\t\t\t<\/div>\n\t\t\t\t<\/div>\n\t\t\t\t\t<\/div>\n\t\t<\/div>\n\t\t\t\t<div class=\"elementor-column elementor-col-25 elementor-top-column elementor-element elementor-element-7054d3aa\" data-id=\"7054d3aa\" data-element_type=\"column\">\n\t\t\t<div class=\"elementor-widget-wrap\">\n\t\t\t\t\t\t\t<\/div>\n\t\t<\/div>\n\t\t\t\t\t<\/div>\n\t\t<\/section>\n\t\t\t\t<section class=\"elementor-section elementor-top-section elementor-element elementor-element-749d0a29 elementor-section-boxed elementor-section-height-default elementor-section-height-default\" data-id=\"749d0a29\" data-element_type=\"section\">\n\t\t\t\t\t\t<div class=\"elementor-container elementor-column-gap-default\">\n\t\t\t\t\t<div class=\"elementor-column elementor-col-25 elementor-top-column elementor-element elementor-element-acbb7d5\" data-id=\"acbb7d5\" data-element_type=\"column\">\n\t\t\t<div class=\"elementor-widget-wrap\">\n\t\t\t\t\t\t\t<\/div>\n\t\t<\/div>\n\t\t\t\t<div class=\"elementor-column elementor-col-25 elementor-top-column elementor-element elementor-element-587c7c39\" data-id=\"587c7c39\" data-element_type=\"column\" data-settings=\"{&quot;background_background&quot;:&quot;classic&quot;}\">\n\t\t\t<div class=\"elementor-widget-wrap elementor-element-populated\">\n\t\t\t\t\t\t<div class=\"elementor-element elementor-element-1262cadc elementor-position-top elementor-widget elementor-widget-image-box\" data-id=\"1262cadc\" data-element_type=\"widget\" data-widget_type=\"image-box.default\">\n\t\t\t\t<div class=\"elementor-widget-container\">\n\t\t\t\t\t<div class=\"elementor-image-box-wrapper\"><figure class=\"elementor-image-box-img\"><a href=\"https:\/\/www.lerouergue.com\/catalogue\/les-trois-enterrements-de-mon-chien\" tabindex=\"-1\"><img loading=\"lazy\" decoding=\"async\" width=\"1400\" height=\"2199\" src=\"https:\/\/festival-livre-jeunesse.fr\/2024\/wp-content\/uploads\/2021\/09\/6c826865-ba34-40e9-8d2b-322a8df67f5d.jpg\" class=\"attachment-full size-full wp-image-5093\" alt=\"\" srcset=\"https:\/\/festival-livre-jeunesse.fr\/2024\/wp-content\/uploads\/2021\/09\/6c826865-ba34-40e9-8d2b-322a8df67f5d.jpg 1400w, https:\/\/festival-livre-jeunesse.fr\/2024\/wp-content\/uploads\/2021\/09\/6c826865-ba34-40e9-8d2b-322a8df67f5d-191x300.jpg 191w, https:\/\/festival-livre-jeunesse.fr\/2024\/wp-content\/uploads\/2021\/09\/6c826865-ba34-40e9-8d2b-322a8df67f5d-652x1024.jpg 652w, https:\/\/festival-livre-jeunesse.fr\/2024\/wp-content\/uploads\/2021\/09\/6c826865-ba34-40e9-8d2b-322a8df67f5d-768x1206.jpg 768w, https:\/\/festival-livre-jeunesse.fr\/2024\/wp-content\/uploads\/2021\/09\/6c826865-ba34-40e9-8d2b-322a8df67f5d-978x1536.jpg 978w, https:\/\/festival-livre-jeunesse.fr\/2024\/wp-content\/uploads\/2021\/09\/6c826865-ba34-40e9-8d2b-322a8df67f5d-1304x2048.jpg 1304w\" sizes=\"(max-width: 1400px) 100vw, 1400px\" \/><\/a><\/figure><div class=\"elementor-image-box-content\"><h4 class=\"elementor-image-box-title\"><a href=\"https:\/\/www.lerouergue.com\/catalogue\/les-trois-enterrements-de-mon-chien\">\"Jeanne, Dieu, le diable et les autres\", Herv\u00e9 Giraud, Editions Thierry Magnier<\/a><\/h4><p class=\"elementor-image-box-description\">Alors qu\u2019on l\u2019a d\u00e9j\u00e0 \u00e9loign\u00e9e de force de son amoureux et emprisonn\u00e9e dans un couvent, Jeanne est s\u00e9par\u00e9e de l\u2019enfant qu\u2019elle vient de mettre au monde. \u00c7a ne se passera pas comme \u00e7a. Indomptable, Jeanne n\u2019a qu\u2019une id\u00e9e en t\u00eate\u202f: se venger au nom de sa libert\u00e9.\n\nUn roman hors du commun, m\u00ealant histoire d\u2019amour et sc\u00e8nes d\u2019action tonitruantes en plein XVIIe si\u00e8cle\u202f! <\/p><\/div><\/div>\t\t\t\t<\/div>\n\t\t\t\t<\/div>\n\t\t\t\t\t<\/div>\n\t\t<\/div>\n\t\t\t\t<div class=\"elementor-column elementor-col-25 elementor-top-column elementor-element elementor-element-63098a43\" data-id=\"63098a43\" data-element_type=\"column\" data-settings=\"{&quot;background_background&quot;:&quot;classic&quot;}\">\n\t\t\t<div class=\"elementor-widget-wrap elementor-element-populated\">\n\t\t\t\t\t\t<div class=\"elementor-element elementor-element-17bc9695 elementor-position-top elementor-widget elementor-widget-image-box\" data-id=\"17bc9695\" data-element_type=\"widget\" data-widget_type=\"image-box.default\">\n\t\t\t\t<div class=\"elementor-widget-container\">\n\t\t\t\t\t<div class=\"elementor-image-box-wrapper\"><figure class=\"elementor-image-box-img\"><a href=\"https:\/\/www.telerama.fr\/enfants\/roman-pour-ados-jai-14-ans-et-ce-nest-pas-une-bonne-nouvelle-un-puissant-cri-contre-les-mariages-6811820.php\" tabindex=\"-1\"><img loading=\"lazy\" decoding=\"async\" width=\"574\" height=\"914\" src=\"https:\/\/festival-livre-jeunesse.fr\/2024\/wp-content\/uploads\/2021\/09\/9782330145217_574x914.jpg\" class=\"attachment-full size-full wp-image-5095\" alt=\"\" srcset=\"https:\/\/festival-livre-jeunesse.fr\/2024\/wp-content\/uploads\/2021\/09\/9782330145217_574x914.jpg 574w, https:\/\/festival-livre-jeunesse.fr\/2024\/wp-content\/uploads\/2021\/09\/9782330145217_574x914-188x300.jpg 188w\" sizes=\"(max-width: 574px) 100vw, 574px\" \/><\/a><\/figure><div class=\"elementor-image-box-content\"><h4 class=\"elementor-image-box-title\"><a href=\"https:\/\/www.telerama.fr\/enfants\/roman-pour-ados-jai-14-ans-et-ce-nest-pas-une-bonne-nouvelle-un-puissant-cri-contre-les-mariages-6811820.php\">\"J'ai quatorze ans et ce n'est pas une bonne nouvelle\", Jo Witek, Editions Actes Sud Junior<\/a><\/h4><p class=\"elementor-image-box-description\">En rentrant du coll\u00e8ge pour les vacances scolaires, Efi est convaincue qu\u2019elle est une ado comme les autres et qu\u2019\u00e0 quatorze ans le monde lui appartient. Elle regagne son village, fi\u00e8re d\u2019un carnet de notes exemplaire. Mais cela ne compte plus pour les siens. Elle est une fille nubile \u00e0 pr\u00e9sent, c\u2019est-\u00e0-dire : bonne \u00e0 marier. Plus de libert\u00e9, plus d\u2019horizons, plus de livres ni de balades avec les copines. Son avenir est d\u00e9sormais entre les mains d\u2019un p\u00e8re, puis celles du mari qu\u2019on lui a choisi. Elle est devenue une marchandise, un cadeau que s\u2019offrent les familles. Arrach\u00e9e \u00e0 l\u2019enfance, ses r\u00eaves pi\u00e9tin\u00e9s, Efi entre dans l\u2019enfer du mariage forc\u00e9. Son destin serait-il au XXI\u00b0 si\u00e8cle de vivre \u00e0 jamais en servante emprisonn\u00e9e ? <\/p><\/div><\/div>\t\t\t\t<\/div>\n\t\t\t\t<\/div>\n\t\t\t\t\t<\/div>\n\t\t<\/div>\n\t\t\t\t<div class=\"elementor-column elementor-col-25 elementor-top-column elementor-element elementor-element-6bdbbe27\" data-id=\"6bdbbe27\" data-element_type=\"column\">\n\t\t\t<div class=\"elementor-widget-wrap\">\n\t\t\t\t\t\t\t<\/div>\n\t\t<\/div>\n\t\t\t\t\t<\/div>\n\t\t<\/section>\n\t\t\t\t<section class=\"elementor-section elementor-top-section elementor-element elementor-element-cc8fb04 elementor-section-boxed elementor-section-height-default elementor-section-height-default\" data-id=\"cc8fb04\" data-element_type=\"section\">\n\t\t\t\t\t\t<div class=\"elementor-container elementor-column-gap-default\">\n\t\t\t\t\t<div class=\"elementor-column elementor-col-100 elementor-top-column elementor-element elementor-element-dfbd348\" data-id=\"dfbd348\" data-element_type=\"column\">\n\t\t\t<div class=\"elementor-widget-wrap elementor-element-populated\">\n\t\t\t\t\t\t<div class=\"elementor-element elementor-element-1a31566 elementor-widget elementor-widget-spacer\" data-id=\"1a31566\" data-element_type=\"widget\" data-widget_type=\"spacer.default\">\n\t\t\t\t<div class=\"elementor-widget-container\">\n\t\t\t\t\t\t\t<div class=\"elementor-spacer\">\n\t\t\t<div class=\"elementor-spacer-inner\"><\/div>\n\t\t<\/div>\n\t\t\t\t\t\t<\/div>\n\t\t\t\t<\/div>\n\t\t\t\t\t<\/div>\n\t\t<\/div>\n\t\t\t\t\t<\/div>\n\t\t<\/section>\n\t\t\t\t<section class=\"elementor-section elementor-top-section elementor-element elementor-element-bf3c06c elementor-section-full_width elementor-section-height-default elementor-section-height-default\" data-id=\"bf3c06c\" data-element_type=\"section\">\n\t\t\t\t\t\t<div class=\"elementor-container elementor-column-gap-default\">\n\t\t\t\t\t<div class=\"elementor-column elementor-col-100 elementor-top-column elementor-element elementor-element-d7fd2b4\" data-id=\"d7fd2b4\" data-element_type=\"column\">\n\t\t\t<div class=\"elementor-widget-wrap elementor-element-populated\">\n\t\t\t\t\t\t<div class=\"elementor-element elementor-element-41e033f7 elementor-pagination-position-inside elementor-arrows-position-inside elementor-widget elementor-widget-image-carousel\" data-id=\"41e033f7\" data-element_type=\"widget\" data-settings=\"{&quot;slides_to_show&quot;:&quot;8&quot;,&quot;navigation&quot;:&quot;both&quot;,&quot;autoplay&quot;:&quot;yes&quot;,&quot;pause_on_hover&quot;:&quot;yes&quot;,&quot;pause_on_interaction&quot;:&quot;yes&quot;,&quot;autoplay_speed&quot;:5000,&quot;infinite&quot;:&quot;yes&quot;,&quot;speed&quot;:500}\" data-widget_type=\"image-carousel.default\">\n\t\t\t\t<div class=\"elementor-widget-container\">\n\t\t\t\t\t\t\t<div class=\"elementor-image-carousel-wrapper swiper\" role=\"region\" aria-roledescription=\"carousel\" aria-label=\"Carrousel d\u2019images\" dir=\"ltr\">\n\t\t\t<div class=\"elementor-image-carousel swiper-wrapper\" aria-live=\"off\">\n\t\t\t\t\t\t\t\t<div class=\"swiper-slide\" role=\"group\" aria-roledescription=\"slide\" aria-label=\"1 sur 11\"><a data-elementor-open-lightbox=\"yes\" data-elementor-lightbox-slideshow=\"41e033f7\" data-elementor-lightbox-title=\"acad\u00e9mie toulouse\" data-e-action-hash=\"#elementor-action%3Aaction%3Dlightbox%26settings%3DeyJpZCI6MjY3MCwidXJsIjoiaHR0cHM6XC9cL2Zlc3RpdmFsLWxpdnJlLWpldW5lc3NlLmZyXC8yMDI0XC93cC1jb250ZW50XC91cGxvYWRzXC8yMDIxXC8wNVwvYWNhZGVtaWUtdG91bG91c2UucG5nIiwic2xpZGVzaG93IjoiNDFlMDMzZjcifQ%3D%3D\" href=\"https:\/\/festival-livre-jeunesse.fr\/2021_intermediaire\/partenaires\/\"><figure class=\"swiper-slide-inner\"><img decoding=\"async\" class=\"swiper-slide-image\" src=\"https:\/\/festival-livre-jeunesse.fr\/2024\/wp-content\/uploads\/2021\/05\/academie-toulouse-150x150.png\" alt=\"Acad\u00e9mie de Toulouse\" \/><\/figure><\/a><\/div><div class=\"swiper-slide\" role=\"group\" aria-roledescription=\"slide\" aria-label=\"2 sur 11\"><a data-elementor-open-lightbox=\"yes\" data-elementor-lightbox-slideshow=\"41e033f7\" data-elementor-lightbox-title=\"r\u00e9gion occitanie\" data-e-action-hash=\"#elementor-action%3Aaction%3Dlightbox%26settings%3DeyJpZCI6MjY3MSwidXJsIjoiaHR0cHM6XC9cL2Zlc3RpdmFsLWxpdnJlLWpldW5lc3NlLmZyXC8yMDI0XC93cC1jb250ZW50XC91cGxvYWRzXC8yMDIxXC8wNVwvcmVnaW9uLW9jY2l0YW5pZS5wbmciLCJzbGlkZXNob3ciOiI0MWUwMzNmNyJ9\" href=\"https:\/\/festival-livre-jeunesse.fr\/2021_intermediaire\/partenaires\/\"><figure class=\"swiper-slide-inner\"><img decoding=\"async\" class=\"swiper-slide-image\" src=\"https:\/\/festival-livre-jeunesse.fr\/2024\/wp-content\/uploads\/2021\/05\/region-occitanie-150x150.png\" alt=\"R\u00e9gion Occitanie\" \/><\/figure><\/a><\/div><div class=\"swiper-slide\" role=\"group\" aria-roledescription=\"slide\" aria-label=\"3 sur 11\"><a data-elementor-open-lightbox=\"yes\" data-elementor-lightbox-slideshow=\"41e033f7\" data-elementor-lightbox-title=\"cd31\" data-e-action-hash=\"#elementor-action%3Aaction%3Dlightbox%26settings%3DeyJpZCI6MjY3MywidXJsIjoiaHR0cHM6XC9cL2Zlc3RpdmFsLWxpdnJlLWpldW5lc3NlLmZyXC8yMDI0XC93cC1jb250ZW50XC91cGxvYWRzXC8yMDIxXC8wNVwvY2QzMS5wbmciLCJzbGlkZXNob3ciOiI0MWUwMzNmNyJ9\" href=\"https:\/\/festival-livre-jeunesse.fr\/2021_intermediaire\/partenaires\/\"><figure class=\"swiper-slide-inner\"><img decoding=\"async\" class=\"swiper-slide-image\" src=\"https:\/\/festival-livre-jeunesse.fr\/2024\/wp-content\/uploads\/2021\/05\/cd31-150x150.png\" alt=\"CD31\" \/><\/figure><\/a><\/div><div class=\"swiper-slide\" role=\"group\" aria-roledescription=\"slide\" aria-label=\"4 sur 11\"><a data-elementor-open-lightbox=\"yes\" data-elementor-lightbox-slideshow=\"41e033f7\" data-elementor-lightbox-title=\"saint-orens\" data-e-action-hash=\"#elementor-action%3Aaction%3Dlightbox%26settings%3DeyJpZCI6MjY3NCwidXJsIjoiaHR0cHM6XC9cL2Zlc3RpdmFsLWxpdnJlLWpldW5lc3NlLmZyXC8yMDI0XC93cC1jb250ZW50XC91cGxvYWRzXC8yMDIxXC8wNVwvc2FpbnQtb3JlbnMucG5nIiwic2xpZGVzaG93IjoiNDFlMDMzZjcifQ%3D%3D\" href=\"https:\/\/festival-livre-jeunesse.fr\/2021_intermediaire\/partenaires\/\"><figure class=\"swiper-slide-inner\"><img decoding=\"async\" class=\"swiper-slide-image\" src=\"https:\/\/festival-livre-jeunesse.fr\/2024\/wp-content\/uploads\/2021\/05\/saint-orens-150x150.png\" alt=\"Ville de Saint-Orens de Gameville\" \/><\/figure><\/a><\/div><div class=\"swiper-slide\" role=\"group\" aria-roledescription=\"slide\" aria-label=\"5 sur 11\"><a data-elementor-open-lightbox=\"yes\" data-elementor-lightbox-slideshow=\"41e033f7\" data-elementor-lightbox-title=\"toulouse m\u00e9tropole\" data-e-action-hash=\"#elementor-action%3Aaction%3Dlightbox%26settings%3DeyJpZCI6MjY3NSwidXJsIjoiaHR0cHM6XC9cL2Zlc3RpdmFsLWxpdnJlLWpldW5lc3NlLmZyXC8yMDI0XC93cC1jb250ZW50XC91cGxvYWRzXC8yMDIxXC8wNVwvdG91bG91c2UtbWV0cm9wb2xlLnBuZyIsInNsaWRlc2hvdyI6IjQxZTAzM2Y3In0%3D\" href=\"https:\/\/festival-livre-jeunesse.fr\/2021_intermediaire\/partenaires\/\"><figure class=\"swiper-slide-inner\"><img decoding=\"async\" class=\"swiper-slide-image\" src=\"https:\/\/festival-livre-jeunesse.fr\/2024\/wp-content\/uploads\/2021\/05\/toulouse-metropole-150x150.png\" alt=\"Toulouse M\u00e9tropole\" \/><\/figure><\/a><\/div><div class=\"swiper-slide\" role=\"group\" aria-roledescription=\"slide\" aria-label=\"6 sur 11\"><a data-elementor-open-lightbox=\"yes\" data-elementor-lightbox-slideshow=\"41e033f7\" data-elementor-lightbox-title=\"cnl\" data-e-action-hash=\"#elementor-action%3Aaction%3Dlightbox%26settings%3DeyJpZCI6MjY3OSwidXJsIjoiaHR0cHM6XC9cL2Zlc3RpdmFsLWxpdnJlLWpldW5lc3NlLmZyXC8yMDI0XC93cC1jb250ZW50XC91cGxvYWRzXC8yMDIxXC8wNVwvY25sLnBuZyIsInNsaWRlc2hvdyI6IjQxZTAzM2Y3In0%3D\" href=\"https:\/\/festival-livre-jeunesse.fr\/2021_intermediaire\/partenaires\/\"><figure class=\"swiper-slide-inner\"><img decoding=\"async\" class=\"swiper-slide-image\" src=\"https:\/\/festival-livre-jeunesse.fr\/2024\/wp-content\/uploads\/2021\/05\/cnl-150x150.png\" alt=\"CNL\" \/><\/figure><\/a><\/div><div class=\"swiper-slide\" role=\"group\" aria-roledescription=\"slide\" aria-label=\"7 sur 11\"><a data-elementor-open-lightbox=\"yes\" data-elementor-lightbox-slideshow=\"41e033f7\" data-elementor-lightbox-title=\"INSPE\" data-e-action-hash=\"#elementor-action%3Aaction%3Dlightbox%26settings%3DeyJpZCI6MjY4MCwidXJsIjoiaHR0cHM6XC9cL2Zlc3RpdmFsLWxpdnJlLWpldW5lc3NlLmZyXC8yMDI0XC93cC1jb250ZW50XC91cGxvYWRzXC8yMDIxXC8wNVwvSU5TUEUuanBnIiwic2xpZGVzaG93IjoiNDFlMDMzZjcifQ%3D%3D\" href=\"https:\/\/festival-livre-jeunesse.fr\/2021_intermediaire\/partenaires\/\"><figure class=\"swiper-slide-inner\"><img decoding=\"async\" class=\"swiper-slide-image\" src=\"https:\/\/festival-livre-jeunesse.fr\/2024\/wp-content\/uploads\/2021\/05\/INSPE-150x150.jpg\" alt=\"Inspe Toulouse\" \/><\/figure><\/a><\/div><div class=\"swiper-slide\" role=\"group\" aria-roledescription=\"slide\" aria-label=\"8 sur 11\"><a data-elementor-open-lightbox=\"yes\" data-elementor-lightbox-slideshow=\"41e033f7\" data-elementor-lightbox-title=\"copie priv\u00e9e\" data-e-action-hash=\"#elementor-action%3Aaction%3Dlightbox%26settings%3DeyJpZCI6MjY4NSwidXJsIjoiaHR0cHM6XC9cL2Zlc3RpdmFsLWxpdnJlLWpldW5lc3NlLmZyXC8yMDI0XC93cC1jb250ZW50XC91cGxvYWRzXC8yMDIxXC8wNVwvY29waWUtcHJpdmVlLnBuZyIsInNsaWRlc2hvdyI6IjQxZTAzM2Y3In0%3D\" href=\"https:\/\/festival-livre-jeunesse.fr\/2021_intermediaire\/partenaires\/\"><figure class=\"swiper-slide-inner\"><img decoding=\"async\" class=\"swiper-slide-image\" src=\"https:\/\/festival-livre-jeunesse.fr\/2024\/wp-content\/uploads\/2021\/05\/copie-privee-150x150.png\" alt=\"Copie Priv\u00e9e\" \/><\/figure><\/a><\/div><div class=\"swiper-slide\" role=\"group\" aria-roledescription=\"slide\" aria-label=\"9 sur 11\"><a data-elementor-open-lightbox=\"yes\" data-elementor-lightbox-slideshow=\"41e033f7\" data-elementor-lightbox-title=\"saif\" data-e-action-hash=\"#elementor-action%3Aaction%3Dlightbox%26settings%3DeyJpZCI6MjY4NiwidXJsIjoiaHR0cHM6XC9cL2Zlc3RpdmFsLWxpdnJlLWpldW5lc3NlLmZyXC8yMDI0XC93cC1jb250ZW50XC91cGxvYWRzXC8yMDIxXC8wNVwvc2FpZi5wbmciLCJzbGlkZXNob3ciOiI0MWUwMzNmNyJ9\" href=\"https:\/\/festival-livre-jeunesse.fr\/2021_intermediaire\/partenaires\/\"><figure class=\"swiper-slide-inner\"><img decoding=\"async\" class=\"swiper-slide-image\" src=\"https:\/\/festival-livre-jeunesse.fr\/2024\/wp-content\/uploads\/2021\/05\/saif-150x150.png\" alt=\"Saif Action culturelle\" \/><\/figure><\/a><\/div><div class=\"swiper-slide\" role=\"group\" aria-roledescription=\"slide\" aria-label=\"10 sur 11\"><a data-elementor-open-lightbox=\"yes\" data-elementor-lightbox-slideshow=\"41e033f7\" data-elementor-lightbox-title=\"universit\u00e9\" data-e-action-hash=\"#elementor-action%3Aaction%3Dlightbox%26settings%3DeyJpZCI6MjY4NywidXJsIjoiaHR0cHM6XC9cL2Zlc3RpdmFsLWxpdnJlLWpldW5lc3NlLmZyXC8yMDI0XC93cC1jb250ZW50XC91cGxvYWRzXC8yMDIxXC8wNVwvdW5pdmVyc2l0ZS5wbmciLCJzbGlkZXNob3ciOiI0MWUwMzNmNyJ9\" href=\"https:\/\/festival-livre-jeunesse.fr\/2021_intermediaire\/partenaires\/\"><figure class=\"swiper-slide-inner\"><img decoding=\"async\" class=\"swiper-slide-image\" src=\"https:\/\/festival-livre-jeunesse.fr\/2024\/wp-content\/uploads\/2021\/05\/universite-150x150.png\" alt=\"Universit\u00e9 Jean Jaur\u00e8s\" \/><\/figure><\/a><\/div><div class=\"swiper-slide\" role=\"group\" aria-roledescription=\"slide\" aria-label=\"11 sur 11\"><a data-elementor-open-lightbox=\"yes\" data-elementor-lightbox-slideshow=\"41e033f7\" data-elementor-lightbox-title=\"Logo Sofia\" data-e-action-hash=\"#elementor-action%3Aaction%3Dlightbox%26settings%3DeyJpZCI6MjY4OCwidXJsIjoiaHR0cHM6XC9cL2Zlc3RpdmFsLWxpdnJlLWpldW5lc3NlLmZyXC8yMDI0XC93cC1jb250ZW50XC91cGxvYWRzXC8yMDIxXC8wNVwvTG9nby1Tb2ZpYS5wbmciLCJzbGlkZXNob3ciOiI0MWUwMzNmNyJ9\" href=\"https:\/\/festival-livre-jeunesse.fr\/2021_intermediaire\/partenaires\/\"><figure class=\"swiper-slide-inner\"><img decoding=\"async\" class=\"swiper-slide-image\" src=\"https:\/\/festival-livre-jeunesse.fr\/2024\/wp-content\/uploads\/2021\/05\/Logo-Sofia-150x150.png\" alt=\"SOFIA Action culturelle\" \/><\/figure><\/a><\/div>\t\t\t<\/div>\n\t\t\t\t\t\t\t\t\t\t\t\t<div class=\"elementor-swiper-button elementor-swiper-button-prev\" role=\"button\" tabindex=\"0\">\n\t\t\t\t\t\t<i aria-hidden=\"true\" class=\"eicon-chevron-left\"><\/i>\t\t\t\t\t<\/div>\n\t\t\t\t\t<div class=\"elementor-swiper-button elementor-swiper-button-next\" role=\"button\" tabindex=\"0\">\n\t\t\t\t\t\t<i aria-hidden=\"true\" class=\"eicon-chevron-right\"><\/i>\t\t\t\t\t<\/div>\n\t\t\t\t\n\t\t\t\t\t\t\t\t\t<div class=\"swiper-pagination\"><\/div>\n\t\t\t\t\t\t\t\t\t<\/div>\n\t\t\t\t\t\t<\/div>\n\t\t\t\t<\/div>\n\t\t\t\t\t<\/div>\n\t\t<\/div>\n\t\t\t\t\t<\/div>\n\t\t<\/section>\n\t\t\t\t<\/div>\n\t\t","protected":false},"excerpt":{"rendered":"<p>Prix des Ados 2022 Le jury du Prix des Ados est exclusivement compos\u00e9 de jeunes de 14 \u00e0 16 ans (coll\u00e9giens et lyc\u00e9ens). Encadr\u00e9s par des documentalistes du lyc\u00e9e et des coll\u00e8ges de Saint-Orens de Gameville et deux biblioth\u00e9caires, ils se r\u00e9uniront r\u00e9guli\u00e8rement pour discuter, \u00e9changer et critiquer les ouvrages en s\u00e9lection. Cette s\u00e9lection a &hellip;<\/p>\n<p class=\"read-more\"> <a class=\"\" href=\"https:\/\/festival-livre-jeunesse.fr\/2024\/prix-des-ados-2022-2\/\"> <span class=\"screen-reader-text\">Prix des Ados<\/span> Lire la suite\u00a0\u00bb<\/a><\/p>\n","protected":false},"author":2,"featured_media":0,"parent":0,"menu_order":0,"comment_status":"closed","ping_status":"closed","template":"","meta":{"site-sidebar-layout":"no-sidebar","site-content-layout":"page-builder","ast-site-content-layout":"","site-content-style":"default","site-sidebar-style":"default","ast-global-header-display":"","ast-banner-title-visibility":"","ast-main-header-display":"","ast-hfb-above-header-display":"","ast-hfb-below-header-display":"","ast-hfb-mobile-header-display":"","site-post-title":"disabled","ast-breadcrumbs-content":"","ast-featured-img":"disabled","footer-sml-layout":"","theme-transparent-header-meta":"default","adv-header-id-meta":"","stick-header-meta":"","header-above-stick-meta":"","header-main-stick-meta":"","header-below-stick-meta":"","astra-migrate-meta-layouts":"","footnotes":""},"class_list":["post-6816","page","type-page","status-publish","hentry"],"yoast_head":"<!-- This site is optimized with the Yoast SEO plugin v21.4 - https:\/\/yoast.com\/wordpress\/plugins\/seo\/ -->\n<title>Prix des Ados - Festival Livre Jeunesse Occitanie<\/title>\n<meta name=\"robots\" content=\"index, follow, max-snippet:-1, max-image-preview:large, max-video-preview:-1\" \/>\n<link rel=\"canonical\" href=\"https:\/\/festival-livre-jeunesse.fr\/2024\/prix-des-ados-2022-2\/\" \/>\n<meta property=\"og:locale\" content=\"fr_FR\" \/>\n<meta property=\"og:type\" content=\"article\" \/>\n<meta property=\"og:title\" content=\"Prix des Ados - Festival Livre Jeunesse Occitanie\" \/>\n<meta property=\"og:description\" content=\"Prix des Ados 2022 Le jury du Prix des Ados est exclusivement compos\u00e9 de jeunes de 14 \u00e0 16 ans (coll\u00e9giens et lyc\u00e9ens). Encadr\u00e9s par des documentalistes du lyc\u00e9e et des coll\u00e8ges de Saint-Orens de Gameville et deux biblioth\u00e9caires, ils se r\u00e9uniront r\u00e9guli\u00e8rement pour discuter, \u00e9changer et critiquer les ouvrages en s\u00e9lection. Cette s\u00e9lection a &hellip; Prix des Ados Lire la suite\u00a0\u00bb\" \/>\n<meta property=\"og:url\" content=\"https:\/\/festival-livre-jeunesse.fr\/2024\/prix-des-ados-2022-2\/\" \/>\n<meta property=\"og:site_name\" content=\"Festival Livre Jeunesse Occitanie\" \/>\n<meta property=\"article:publisher\" content=\"https:\/\/www.facebook.com\/FestivalLivreJeunesseOccitanie\" \/>\n<meta property=\"article:modified_time\" content=\"2022-01-04T18:54:23+00:00\" \/>\n<meta property=\"og:image\" content=\"https:\/\/festival-livre-jeunesse.fr\/2022\/wp-content\/uploads\/2021\/12\/rever-encore.jpg\" \/>\n<meta name=\"twitter:card\" content=\"summary_large_image\" \/>\n<meta name=\"twitter:site\" content=\"@FljOccitanie\" \/>\n<meta name=\"twitter:label1\" content=\"Dur\u00e9e de lecture estim\u00e9e\" \/>\n\t<meta name=\"twitter:data1\" content=\"2 minutes\" \/>\n<script type=\"application\/ld+json\" class=\"yoast-schema-graph\">{\"@context\":\"https:\/\/schema.org\",\"@graph\":[{\"@type\":\"WebPage\",\"@id\":\"https:\/\/festival-livre-jeunesse.fr\/2024\/prix-des-ados-2022-2\/\",\"url\":\"https:\/\/festival-livre-jeunesse.fr\/2024\/prix-des-ados-2022-2\/\",\"name\":\"Prix des Ados - Festival Livre Jeunesse Occitanie\",\"isPartOf\":{\"@id\":\"https:\/\/festival-livre-jeunesse.fr\/2024\/#website\"},\"datePublished\":\"2021-12-09T08:13:54+00:00\",\"dateModified\":\"2022-01-04T18:54:23+00:00\",\"breadcrumb\":{\"@id\":\"https:\/\/festival-livre-jeunesse.fr\/2024\/prix-des-ados-2022-2\/#breadcrumb\"},\"inLanguage\":\"fr-FR\",\"potentialAction\":[{\"@type\":\"ReadAction\",\"target\":[\"https:\/\/festival-livre-jeunesse.fr\/2024\/prix-des-ados-2022-2\/\"]}]},{\"@type\":\"BreadcrumbList\",\"@id\":\"https:\/\/festival-livre-jeunesse.fr\/2024\/prix-des-ados-2022-2\/#breadcrumb\",\"itemListElement\":[{\"@type\":\"ListItem\",\"position\":1,\"name\":\"Accueil\",\"item\":\"https:\/\/festival-livre-jeunesse.fr\/2024\/\"},{\"@type\":\"ListItem\",\"position\":2,\"name\":\"Prix des Ados\"}]},{\"@type\":\"WebSite\",\"@id\":\"https:\/\/festival-livre-jeunesse.fr\/2024\/#website\",\"url\":\"https:\/\/festival-livre-jeunesse.fr\/2024\/\",\"name\":\"Festival Livre Jeunesse Occitanie\",\"description\":\"23\u00e8me \u00e9dition - janvier 2025\",\"publisher\":{\"@id\":\"https:\/\/festival-livre-jeunesse.fr\/2024\/#organization\"},\"potentialAction\":[{\"@type\":\"SearchAction\",\"target\":{\"@type\":\"EntryPoint\",\"urlTemplate\":\"https:\/\/festival-livre-jeunesse.fr\/2024\/?s={search_term_string}\"},\"query-input\":\"required name=search_term_string\"}],\"inLanguage\":\"fr-FR\"},{\"@type\":\"Organization\",\"@id\":\"https:\/\/festival-livre-jeunesse.fr\/2024\/#organization\",\"name\":\"festival livre jeunesse occitanie\",\"url\":\"https:\/\/festival-livre-jeunesse.fr\/2024\/\",\"logo\":{\"@type\":\"ImageObject\",\"inLanguage\":\"fr-FR\",\"@id\":\"https:\/\/festival-livre-jeunesse.fr\/2024\/#\/schema\/logo\/image\/\",\"url\":\"https:\/\/festival-livre-jeunesse.fr\/2024\/wp-content\/uploads\/2021\/05\/Logo-FLJ-petit.png\",\"contentUrl\":\"https:\/\/festival-livre-jeunesse.fr\/2024\/wp-content\/uploads\/2021\/05\/Logo-FLJ-petit.png\",\"width\":204,\"height\":200,\"caption\":\"festival livre jeunesse occitanie\"},\"image\":{\"@id\":\"https:\/\/festival-livre-jeunesse.fr\/2024\/#\/schema\/logo\/image\/\"},\"sameAs\":[\"https:\/\/www.facebook.com\/FestivalLivreJeunesseOccitanie\",\"https:\/\/twitter.com\/FljOccitanie\"]}]}<\/script>\n<!-- \/ Yoast SEO plugin. -->","yoast_head_json":{"title":"Prix des Ados - Festival Livre Jeunesse Occitanie","robots":{"index":"index","follow":"follow","max-snippet":"max-snippet:-1","max-image-preview":"max-image-preview:large","max-video-preview":"max-video-preview:-1"},"canonical":"https:\/\/festival-livre-jeunesse.fr\/2024\/prix-des-ados-2022-2\/","og_locale":"fr_FR","og_type":"article","og_title":"Prix des Ados - Festival Livre Jeunesse Occitanie","og_description":"Prix des Ados 2022 Le jury du Prix des Ados est exclusivement compos\u00e9 de jeunes de 14 \u00e0 16 ans (coll\u00e9giens et lyc\u00e9ens). Encadr\u00e9s par des documentalistes du lyc\u00e9e et des coll\u00e8ges de Saint-Orens de Gameville et deux biblioth\u00e9caires, ils se r\u00e9uniront r\u00e9guli\u00e8rement pour discuter, \u00e9changer et critiquer les ouvrages en s\u00e9lection. Cette s\u00e9lection a &hellip; Prix des Ados Lire la suite\u00a0\u00bb","og_url":"https:\/\/festival-livre-jeunesse.fr\/2024\/prix-des-ados-2022-2\/","og_site_name":"Festival Livre Jeunesse Occitanie","article_publisher":"https:\/\/www.facebook.com\/FestivalLivreJeunesseOccitanie","article_modified_time":"2022-01-04T18:54:23+00:00","og_image":[{"url":"https:\/\/festival-livre-jeunesse.fr\/2022\/wp-content\/uploads\/2021\/12\/rever-encore.jpg"}],"twitter_card":"summary_large_image","twitter_site":"@FljOccitanie","twitter_misc":{"Dur\u00e9e de lecture estim\u00e9e":"2 minutes"},"schema":{"@context":"https:\/\/schema.org","@graph":[{"@type":"WebPage","@id":"https:\/\/festival-livre-jeunesse.fr\/2024\/prix-des-ados-2022-2\/","url":"https:\/\/festival-livre-jeunesse.fr\/2024\/prix-des-ados-2022-2\/","name":"Prix des Ados - Festival Livre Jeunesse Occitanie","isPartOf":{"@id":"https:\/\/festival-livre-jeunesse.fr\/2024\/#website"},"datePublished":"2021-12-09T08:13:54+00:00","dateModified":"2022-01-04T18:54:23+00:00","breadcrumb":{"@id":"https:\/\/festival-livre-jeunesse.fr\/2024\/prix-des-ados-2022-2\/#breadcrumb"},"inLanguage":"fr-FR","potentialAction":[{"@type":"ReadAction","target":["https:\/\/festival-livre-jeunesse.fr\/2024\/prix-des-ados-2022-2\/"]}]},{"@type":"BreadcrumbList","@id":"https:\/\/festival-livre-jeunesse.fr\/2024\/prix-des-ados-2022-2\/#breadcrumb","itemListElement":[{"@type":"ListItem","position":1,"name":"Accueil","item":"https:\/\/festival-livre-jeunesse.fr\/2024\/"},{"@type":"ListItem","position":2,"name":"Prix des Ados"}]},{"@type":"WebSite","@id":"https:\/\/festival-livre-jeunesse.fr\/2024\/#website","url":"https:\/\/festival-livre-jeunesse.fr\/2024\/","name":"Festival Livre Jeunesse Occitanie","description":"23\u00e8me \u00e9dition - janvier 2025","publisher":{"@id":"https:\/\/festival-livre-jeunesse.fr\/2024\/#organization"},"potentialAction":[{"@type":"SearchAction","target":{"@type":"EntryPoint","urlTemplate":"https:\/\/festival-livre-jeunesse.fr\/2024\/?s={search_term_string}"},"query-input":"required name=search_term_string"}],"inLanguage":"fr-FR"},{"@type":"Organization","@id":"https:\/\/festival-livre-jeunesse.fr\/2024\/#organization","name":"festival livre jeunesse occitanie","url":"https:\/\/festival-livre-jeunesse.fr\/2024\/","logo":{"@type":"ImageObject","inLanguage":"fr-FR","@id":"https:\/\/festival-livre-jeunesse.fr\/2024\/#\/schema\/logo\/image\/","url":"https:\/\/festival-livre-jeunesse.fr\/2024\/wp-content\/uploads\/2021\/05\/Logo-FLJ-petit.png","contentUrl":"https:\/\/festival-livre-jeunesse.fr\/2024\/wp-content\/uploads\/2021\/05\/Logo-FLJ-petit.png","width":204,"height":200,"caption":"festival livre jeunesse occitanie"},"image":{"@id":"https:\/\/festival-livre-jeunesse.fr\/2024\/#\/schema\/logo\/image\/"},"sameAs":["https:\/\/www.facebook.com\/FestivalLivreJeunesseOccitanie","https:\/\/twitter.com\/FljOccitanie"]}]}},"_links":{"self":[{"href":"https:\/\/festival-livre-jeunesse.fr\/2024\/wp-json\/wp\/v2\/pages\/6816"}],"collection":[{"href":"https:\/\/festival-livre-jeunesse.fr\/2024\/wp-json\/wp\/v2\/pages"}],"about":[{"href":"https:\/\/festival-livre-jeunesse.fr\/2024\/wp-json\/wp\/v2\/types\/page"}],"author":[{"embeddable":true,"href":"https:\/\/festival-livre-jeunesse.fr\/2024\/wp-json\/wp\/v2\/users\/2"}],"replies":[{"embeddable":true,"href":"https:\/\/festival-livre-jeunesse.fr\/2024\/wp-json\/wp\/v2\/comments?post=6816"}],"version-history":[{"count":8,"href":"https:\/\/festival-livre-jeunesse.fr\/2024\/wp-json\/wp\/v2\/pages\/6816\/revisions"}],"predecessor-version":[{"id":7275,"href":"https:\/\/festival-livre-jeunesse.fr\/2024\/wp-json\/wp\/v2\/pages\/6816\/revisions\/7275"}],"wp:attachment":[{"href":"https:\/\/festival-livre-jeunesse.fr\/2024\/wp-json\/wp\/v2\/media?parent=6816"}],"curies":[{"name":"wp","href":"https:\/\/api.w.org\/{rel}","templated":true}]}}