{"id":7338,"date":"2022-01-05T10:56:31","date_gmt":"2022-01-05T09:56:31","guid":{"rendered":"https:\/\/festival-livre-jeunesse.fr\/2022\/?page_id=7338"},"modified":"2023-01-03T15:54:32","modified_gmt":"2023-01-03T14:54:32","slug":"ateliers-jeunesse","status":"publish","type":"page","link":"https:\/\/festival-livre-jeunesse.fr\/2024\/ateliers-jeunesse\/","title":{"rendered":"Ateliers jeunesse"},"content":{"rendered":"\t\t<div data-elementor-type=\"wp-page\" data-elementor-id=\"7338\" class=\"elementor elementor-7338\">\n\t\t\t\t\t\t<section class=\"elementor-section elementor-top-section elementor-element elementor-element-6f1f833f elementor-section-boxed elementor-section-height-default elementor-section-height-default\" data-id=\"6f1f833f\" data-element_type=\"section\">\n\t\t\t\t\t\t<div class=\"elementor-container elementor-column-gap-default\">\n\t\t\t\t\t<div class=\"elementor-column elementor-col-100 elementor-top-column elementor-element elementor-element-198d5b1d\" data-id=\"198d5b1d\" data-element_type=\"column\">\n\t\t\t<div class=\"elementor-widget-wrap elementor-element-populated\">\n\t\t\t\t\t\t<div class=\"elementor-element elementor-element-4f49e57 elementor-widget elementor-widget-text-editor\" data-id=\"4f49e57\" data-element_type=\"widget\" data-widget_type=\"text-editor.default\">\n\t\t\t\t<div class=\"elementor-widget-container\">\n\t\t\t\t\t\t\t\t\t\n<p><\/p>\n\n\n\n<p><\/p>\n\t\t\t\t\t\t\t\t<\/div>\n\t\t\t\t<\/div>\n\t\t\t\t<div class=\"elementor-element elementor-element-2cd8c3c elementor-widget elementor-widget-heading\" data-id=\"2cd8c3c\" data-element_type=\"widget\" data-widget_type=\"heading.default\">\n\t\t\t\t<div class=\"elementor-widget-container\">\n\t\t\t\t\t<h2 class=\"elementor-heading-title elementor-size-default\">ATELIERS Jeunesse<\/h2>\t\t\t\t<\/div>\n\t\t\t\t<\/div>\n\t\t\t\t<div class=\"elementor-element elementor-element-2c06ee9 elementor-widget elementor-widget-heading\" data-id=\"2c06ee9\" data-element_type=\"widget\" data-widget_type=\"heading.default\">\n\t\t\t\t<div class=\"elementor-widget-container\">\n\t\t\t\t\t<h3 class=\"elementor-heading-title elementor-size-default\">inscription gratuite dans la limite des places disponibles \u00e0 l'accueil du festival<\/h3>\t\t\t\t<\/div>\n\t\t\t\t<\/div>\n\t\t\t\t<div class=\"elementor-element elementor-element-327ddcc elementor-widget elementor-widget-spacer\" data-id=\"327ddcc\" data-element_type=\"widget\" data-widget_type=\"spacer.default\">\n\t\t\t\t<div class=\"elementor-widget-container\">\n\t\t\t\t\t\t\t<div class=\"elementor-spacer\">\n\t\t\t<div class=\"elementor-spacer-inner\"><\/div>\n\t\t<\/div>\n\t\t\t\t\t\t<\/div>\n\t\t\t\t<\/div>\n\t\t\t\t<div class=\"elementor-element elementor-element-78387ad elementor-widget elementor-widget-heading\" data-id=\"78387ad\" data-element_type=\"widget\" data-widget_type=\"heading.default\">\n\t\t\t\t<div class=\"elementor-widget-container\">\n\t\t\t\t\t<h2 class=\"elementor-heading-title elementor-size-default\">Samedi 28 janvier<\/h2>\t\t\t\t<\/div>\n\t\t\t\t<\/div>\n\t\t\t\t\t<\/div>\n\t\t<\/div>\n\t\t\t\t\t<\/div>\n\t\t<\/section>\n\t\t\t\t<section class=\"elementor-section elementor-top-section elementor-element elementor-element-361266e elementor-section-boxed elementor-section-height-default elementor-section-height-default\" data-id=\"361266e\" data-element_type=\"section\" data-settings=\"{&quot;background_background&quot;:&quot;classic&quot;}\">\n\t\t\t\t\t\t<div class=\"elementor-container elementor-column-gap-default\">\n\t\t\t\t\t<div class=\"elementor-column elementor-col-25 elementor-top-column elementor-element elementor-element-6cad438\" data-id=\"6cad438\" data-element_type=\"column\" data-settings=\"{&quot;background_background&quot;:&quot;classic&quot;}\">\n\t\t\t<div class=\"elementor-widget-wrap elementor-element-populated\">\n\t\t\t\t\t\t<div class=\"elementor-element elementor-element-2ee04e9 elementor-position-top elementor-widget elementor-widget-image-box\" data-id=\"2ee04e9\" data-element_type=\"widget\" data-widget_type=\"image-box.default\">\n\t\t\t\t<div class=\"elementor-widget-container\">\n\t\t\t\t\t<div class=\"elementor-image-box-wrapper\"><figure class=\"elementor-image-box-img\"><a href=\"https:\/\/festival-livre-jeunesse.fr\/2023\/marie-dorleans\/\/\" tabindex=\"-1\"><img fetchpriority=\"high\" decoding=\"async\" width=\"225\" height=\"225\" src=\"https:\/\/festival-livre-jeunesse.fr\/2024\/wp-content\/uploads\/2022\/07\/Marie-DORLEANS.jpg\" class=\"attachment-medium_large size-medium_large wp-image-9388\" alt=\"\" srcset=\"https:\/\/festival-livre-jeunesse.fr\/2024\/wp-content\/uploads\/2022\/07\/Marie-DORLEANS.jpg 225w, https:\/\/festival-livre-jeunesse.fr\/2024\/wp-content\/uploads\/2022\/07\/Marie-DORLEANS-150x150.jpg 150w\" sizes=\"(max-width: 225px) 100vw, 225px\" \/><\/a><\/figure><div class=\"elementor-image-box-content\"><h3 class=\"elementor-image-box-title\"><a href=\"https:\/\/festival-livre-jeunesse.fr\/2023\/marie-dorleans\/\/\"> \u00ab A croquer ! \u00bb <br>atelier d'illustration<\/a><\/h3><p class=\"elementor-image-box-description\">10 h 30 -Atelier d\u2019illustration avec <b>Marie Dorl\u00e9ans.<\/b><br>\nA partir de 6 ans - 12 participants max.\nInspir\u00e9 de l\u2019album Odile, chaque enfant choisira un animal dans\nlequel il pourra se cacher ! Alors, \u00e9l\u00e9phant, hippopotame, lion\nou buffle\u2026 lequel vous croquera ?<\/p><\/div><\/div>\t\t\t\t<\/div>\n\t\t\t\t<\/div>\n\t\t\t\t<div class=\"elementor-element elementor-element-b6d433e elementor-align-center elementor-widget elementor-widget-button\" data-id=\"b6d433e\" data-element_type=\"widget\" data-widget_type=\"button.default\">\n\t\t\t\t<div class=\"elementor-widget-container\">\n\t\t\t\t\t\t\t\t\t<div class=\"elementor-button-wrapper\">\n\t\t\t\t\t<a class=\"elementor-button elementor-button-link elementor-size-sm\" href=\"https:\/\/festival-livre-jeunesse.fr\/2023\/marie-dorleans\">\n\t\t\t\t\t\t<span class=\"elementor-button-content-wrapper\">\n\t\t\t\t\t\t\t\t\t<span class=\"elementor-button-text\">En savoir plus<\/span>\n\t\t\t\t\t<\/span>\n\t\t\t\t\t<\/a>\n\t\t\t\t<\/div>\n\t\t\t\t\t\t\t\t<\/div>\n\t\t\t\t<\/div>\n\t\t\t\t\t<\/div>\n\t\t<\/div>\n\t\t\t\t<div class=\"elementor-column elementor-col-25 elementor-top-column elementor-element elementor-element-f9ebbac\" data-id=\"f9ebbac\" data-element_type=\"column\">\n\t\t\t<div class=\"elementor-widget-wrap elementor-element-populated\">\n\t\t\t\t\t\t<div class=\"elementor-element elementor-element-eb196f4 elementor-position-top elementor-widget elementor-widget-image-box\" data-id=\"eb196f4\" data-element_type=\"widget\" data-widget_type=\"image-box.default\">\n\t\t\t\t<div class=\"elementor-widget-container\">\n\t\t\t\t\t<div class=\"elementor-image-box-wrapper\"><figure class=\"elementor-image-box-img\"><a href=\"https:\/\/www.museum.toulouse.fr\/lire?p_p_id=101&#038;p_p_lifecycle=0&#038;p_p_state=maximized&#038;p_p_mode=view&#038;_101_struts_action=%2Fasset_publisher%2Fview_content&#038;_101_assetEntryId=8530664&#038;_101_type=content&#038;_101_urlTitle=bibliotheque-mediatheque-pourquoi-pas&#038;inheritRedirect=false\" tabindex=\"-1\"><img decoding=\"async\" width=\"768\" height=\"511\" src=\"https:\/\/festival-livre-jeunesse.fr\/2024\/wp-content\/uploads\/2021\/05\/gaya-bison-2-1-768x511.jpg\" class=\"attachment-medium_large size-medium_large wp-image-89\" alt=\"\" srcset=\"https:\/\/festival-livre-jeunesse.fr\/2024\/wp-content\/uploads\/2021\/05\/gaya-bison-2-1-768x511.jpg 768w, https:\/\/festival-livre-jeunesse.fr\/2024\/wp-content\/uploads\/2021\/05\/gaya-bison-2-1-300x200.jpg 300w, https:\/\/festival-livre-jeunesse.fr\/2024\/wp-content\/uploads\/2021\/05\/gaya-bison-2-1.jpg 960w\" sizes=\"(max-width: 768px) 100vw, 768px\" \/><\/a><\/figure><div class=\"elementor-image-box-content\"><h3 class=\"elementor-image-box-title\"><a href=\"https:\/\/www.museum.toulouse.fr\/lire?p_p_id=101&#038;p_p_lifecycle=0&#038;p_p_state=maximized&#038;p_p_mode=view&#038;_101_struts_action=%2Fasset_publisher%2Fview_content&#038;_101_assetEntryId=8530664&#038;_101_type=content&#038;_101_urlTitle=bibliotheque-mediatheque-pourquoi-pas&#038;inheritRedirect=false\">Archipop-Up <br>atelier Pop-Up<\/a><\/h3><p class=\"elementor-image-box-description\">14 h 30 -\n6\/10 ans, 8 enfants max.<br>\nLes enfants pourront appr\u00e9hender quelques techniques simples\npour r\u00e9aliser une carte pop-up, ces images en relief qui surgissent \u00e0\nl\u2019ouverture de la page. Chacun concevra une construction pop-up en\npapier en laissant libre cours \u00e0 son imagination.<br>\nEn partenariat avec la <b>m\u00e9diath\u00e8que jeunesse du mus\u00e9e des Abattoirs.<\/b><\/p><\/div><\/div>\t\t\t\t<\/div>\n\t\t\t\t<\/div>\n\t\t\t\t<div class=\"elementor-element elementor-element-ab98897 elementor-align-center elementor-widget elementor-widget-button\" data-id=\"ab98897\" data-element_type=\"widget\" data-widget_type=\"button.default\">\n\t\t\t\t<div class=\"elementor-widget-container\">\n\t\t\t\t\t\t\t\t\t<div class=\"elementor-button-wrapper\">\n\t\t\t\t\t<a class=\"elementor-button elementor-button-link elementor-size-sm\" href=\"https:\/\/www.lesabattoirs.org\/\">\n\t\t\t\t\t\t<span class=\"elementor-button-content-wrapper\">\n\t\t\t\t\t\t\t\t\t<span class=\"elementor-button-text\">En savoir plus<\/span>\n\t\t\t\t\t<\/span>\n\t\t\t\t\t<\/a>\n\t\t\t\t<\/div>\n\t\t\t\t\t\t\t\t<\/div>\n\t\t\t\t<\/div>\n\t\t\t\t\t<\/div>\n\t\t<\/div>\n\t\t\t\t<div class=\"elementor-column elementor-col-25 elementor-top-column elementor-element elementor-element-d097572\" data-id=\"d097572\" data-element_type=\"column\" data-settings=\"{&quot;background_background&quot;:&quot;classic&quot;}\">\n\t\t\t<div class=\"elementor-widget-wrap elementor-element-populated\">\n\t\t\t\t\t\t<div class=\"elementor-element elementor-element-b931f58 elementor-position-top elementor-widget elementor-widget-image-box\" data-id=\"b931f58\" data-element_type=\"widget\" data-widget_type=\"image-box.default\">\n\t\t\t\t<div class=\"elementor-widget-container\">\n\t\t\t\t\t<div class=\"elementor-image-box-wrapper\"><figure class=\"elementor-image-box-img\"><a href=\"https:\/\/www.museum.toulouse.fr\/lire?p_p_id=101&#038;p_p_lifecycle=0&#038;p_p_state=maximized&#038;p_p_mode=view&#038;_101_struts_action=%2Fasset_publisher%2Fview_content&#038;_101_assetEntryId=8530664&#038;_101_type=content&#038;_101_urlTitle=bibliotheque-mediatheque-pourquoi-pas&#038;inheritRedirect=false\" tabindex=\"-1\"><img decoding=\"async\" width=\"768\" height=\"511\" src=\"https:\/\/festival-livre-jeunesse.fr\/2024\/wp-content\/uploads\/2021\/05\/gaya-bison-2-1-768x511.jpg\" class=\"attachment-medium_large size-medium_large wp-image-89\" alt=\"\" srcset=\"https:\/\/festival-livre-jeunesse.fr\/2024\/wp-content\/uploads\/2021\/05\/gaya-bison-2-1-768x511.jpg 768w, https:\/\/festival-livre-jeunesse.fr\/2024\/wp-content\/uploads\/2021\/05\/gaya-bison-2-1-300x200.jpg 300w, https:\/\/festival-livre-jeunesse.fr\/2024\/wp-content\/uploads\/2021\/05\/gaya-bison-2-1.jpg 960w\" sizes=\"(max-width: 768px) 100vw, 768px\" \/><\/a><\/figure><div class=\"elementor-image-box-content\"><h3 class=\"elementor-image-box-title\"><a href=\"https:\/\/www.museum.toulouse.fr\/lire?p_p_id=101&#038;p_p_lifecycle=0&#038;p_p_state=maximized&#038;p_p_mode=view&#038;_101_struts_action=%2Fasset_publisher%2Fview_content&#038;_101_assetEntryId=8530664&#038;_101_type=content&#038;_101_urlTitle=bibliotheque-mediatheque-pourquoi-pas&#038;inheritRedirect=false\">Et si on construisait une image Tact-Illustr\u00e9e ?<\/a><\/h3><p class=\"elementor-image-box-description\">14 h 30 et 16h - atelier d'illustration<br>\n7\/12 ans - 8 participants max.<br>\nDes mat\u00e9riaux de toutes sortes, une bonne dose d\u2019imagination et\nde cr\u00e9ativit\u00e9, un soup\u00e7on d\u2019inventivit\u00e9, telle est la recette pour cr\u00e9er une illustration \u00e0 toucher.<br> En partenariat avec la<b> m\u00e9diath\u00e8que\njeunesse \u00ab Pourquoi pas ?\" du Mus\u00e9um d\u2019Histoire Naturelle.<\/b><\/p><\/div><\/div>\t\t\t\t<\/div>\n\t\t\t\t<\/div>\n\t\t\t\t<div class=\"elementor-element elementor-element-bd71f9a elementor-align-center elementor-widget elementor-widget-button\" data-id=\"bd71f9a\" data-element_type=\"widget\" data-widget_type=\"button.default\">\n\t\t\t\t<div class=\"elementor-widget-container\">\n\t\t\t\t\t\t\t\t\t<div class=\"elementor-button-wrapper\">\n\t\t\t\t\t<a class=\"elementor-button elementor-button-link elementor-size-sm\" href=\"https:\/\/www.museum.toulouse.fr\/lire?p_p_id=101&#038;p_p_lifecycle=0&#038;p_p_state=maximized&#038;p_p_mode=view&#038;_101_struts_action=%2Fasset_publisher%2Fview_content&#038;_101_assetEntryId=8530664&#038;_101_type=content&#038;_101_urlTitle=bibliotheque-mediatheque-pourquoi-pas&#038;inheritRedirect=false\">\n\t\t\t\t\t\t<span class=\"elementor-button-content-wrapper\">\n\t\t\t\t\t\t\t\t\t<span class=\"elementor-button-text\">En savoir plus<\/span>\n\t\t\t\t\t<\/span>\n\t\t\t\t\t<\/a>\n\t\t\t\t<\/div>\n\t\t\t\t\t\t\t\t<\/div>\n\t\t\t\t<\/div>\n\t\t\t\t\t<\/div>\n\t\t<\/div>\n\t\t\t\t<div class=\"elementor-column elementor-col-25 elementor-top-column elementor-element elementor-element-1479002\" data-id=\"1479002\" data-element_type=\"column\">\n\t\t\t<div class=\"elementor-widget-wrap elementor-element-populated\">\n\t\t\t\t\t\t<div class=\"elementor-element elementor-element-c4c4eed elementor-position-top elementor-widget elementor-widget-image-box\" data-id=\"c4c4eed\" data-element_type=\"widget\" data-widget_type=\"image-box.default\">\n\t\t\t\t<div class=\"elementor-widget-container\">\n\t\t\t\t\t<div class=\"elementor-image-box-wrapper\"><figure class=\"elementor-image-box-img\"><img decoding=\"async\" width=\"768\" height=\"512\" src=\"https:\/\/festival-livre-jeunesse.fr\/2024\/wp-content\/uploads\/2022\/10\/290122-Rencontres-prix-web@AudreyMompo-9253-768x512.jpg\" class=\"attachment-medium_large size-medium_large wp-image-10695\" alt=\"\" srcset=\"https:\/\/festival-livre-jeunesse.fr\/2024\/wp-content\/uploads\/2022\/10\/290122-Rencontres-prix-web@AudreyMompo-9253-768x512.jpg 768w, https:\/\/festival-livre-jeunesse.fr\/2024\/wp-content\/uploads\/2022\/10\/290122-Rencontres-prix-web@AudreyMompo-9253-300x200.jpg 300w, https:\/\/festival-livre-jeunesse.fr\/2024\/wp-content\/uploads\/2022\/10\/290122-Rencontres-prix-web@AudreyMompo-9253-1024x683.jpg 1024w, https:\/\/festival-livre-jeunesse.fr\/2024\/wp-content\/uploads\/2022\/10\/290122-Rencontres-prix-web@AudreyMompo-9253.jpg 1500w\" sizes=\"(max-width: 768px) 100vw, 768px\" \/><\/figure><div class=\"elementor-image-box-content\"><h3 class=\"elementor-image-box-title\">Atelier Pop-Up<\/h3><p class=\"elementor-image-box-description\">10 h 30 et 14 h 30 - Atelier Pop-Up<br>\n6\/10 ans - 10 participants max.<br>\nDans cet atelier, tu vas dessiner, colorier, d\u00e9couper et coller pour r\u00e9aliser une carte en 3D. <br>Des mod\u00e8les sont propos\u00e9s mais libre cours\nest donn\u00e9 \u00e0 la cr\u00e9ation et l\u2019imagination.<\/p><\/div><\/div>\t\t\t\t<\/div>\n\t\t\t\t<\/div>\n\t\t\t\t<div class=\"elementor-element elementor-element-1ceeb39 elementor-align-center elementor-widget elementor-widget-button\" data-id=\"1ceeb39\" data-element_type=\"widget\" data-widget_type=\"button.default\">\n\t\t\t\t<div class=\"elementor-widget-container\">\n\t\t\t\t\t\t\t\t\t<div class=\"elementor-button-wrapper\">\n\t\t\t\t\t<a class=\"elementor-button elementor-size-sm\" role=\"button\">\n\t\t\t\t\t\t<span class=\"elementor-button-content-wrapper\">\n\t\t\t\t\t\t\t\t\t<span class=\"elementor-button-text\">En savoir plus<\/span>\n\t\t\t\t\t<\/span>\n\t\t\t\t\t<\/a>\n\t\t\t\t<\/div>\n\t\t\t\t\t\t\t\t<\/div>\n\t\t\t\t<\/div>\n\t\t\t\t\t<\/div>\n\t\t<\/div>\n\t\t\t\t\t<\/div>\n\t\t<\/section>\n\t\t\t\t<section class=\"elementor-section elementor-top-section elementor-element elementor-element-868c268 elementor-section-boxed elementor-section-height-default elementor-section-height-default\" data-id=\"868c268\" data-element_type=\"section\">\n\t\t\t\t\t\t<div class=\"elementor-container elementor-column-gap-default\">\n\t\t\t\t\t<div class=\"elementor-column elementor-col-100 elementor-top-column elementor-element elementor-element-474e7dc\" data-id=\"474e7dc\" data-element_type=\"column\">\n\t\t\t<div class=\"elementor-widget-wrap elementor-element-populated\">\n\t\t\t\t\t\t<div class=\"elementor-element elementor-element-3830aeb elementor-widget-divider--view-line elementor-widget elementor-widget-divider\" data-id=\"3830aeb\" data-element_type=\"widget\" data-widget_type=\"divider.default\">\n\t\t\t\t<div class=\"elementor-widget-container\">\n\t\t\t\t\t\t\t<div class=\"elementor-divider\">\n\t\t\t<span class=\"elementor-divider-separator\">\n\t\t\t\t\t\t<\/span>\n\t\t<\/div>\n\t\t\t\t\t\t<\/div>\n\t\t\t\t<\/div>\n\t\t\t\t<div class=\"elementor-element elementor-element-e71f4df elementor-widget elementor-widget-heading\" data-id=\"e71f4df\" data-element_type=\"widget\" data-widget_type=\"heading.default\">\n\t\t\t\t<div class=\"elementor-widget-container\">\n\t\t\t\t\t<h2 class=\"elementor-heading-title elementor-size-default\">Dimanche 29 janvier<\/h2>\t\t\t\t<\/div>\n\t\t\t\t<\/div>\n\t\t\t\t\t<\/div>\n\t\t<\/div>\n\t\t\t\t\t<\/div>\n\t\t<\/section>\n\t\t\t\t<section class=\"elementor-section elementor-top-section elementor-element elementor-element-ae93418 elementor-section-boxed elementor-section-height-default elementor-section-height-default\" data-id=\"ae93418\" data-element_type=\"section\" data-settings=\"{&quot;background_background&quot;:&quot;classic&quot;}\">\n\t\t\t\t\t\t<div class=\"elementor-container elementor-column-gap-default\">\n\t\t\t\t\t<div class=\"elementor-column elementor-col-25 elementor-top-column elementor-element elementor-element-a1194d4\" data-id=\"a1194d4\" data-element_type=\"column\" data-settings=\"{&quot;background_background&quot;:&quot;classic&quot;}\">\n\t\t\t<div class=\"elementor-widget-wrap elementor-element-populated\">\n\t\t\t\t\t\t<div class=\"elementor-element elementor-element-1fd4b42 elementor-position-top elementor-widget elementor-widget-image-box\" data-id=\"1fd4b42\" data-element_type=\"widget\" data-widget_type=\"image-box.default\">\n\t\t\t\t<div class=\"elementor-widget-container\">\n\t\t\t\t\t<div class=\"elementor-image-box-wrapper\"><figure class=\"elementor-image-box-img\"><a href=\"https:\/\/festival-livre-jeunesse.fr\/2023\/inbar-heller-algazi\/\" tabindex=\"-1\"><img loading=\"lazy\" decoding=\"async\" width=\"567\" height=\"660\" src=\"https:\/\/festival-livre-jeunesse.fr\/2024\/wp-content\/uploads\/2022\/12\/Algazi-Inbar_NB-567x660-1.jpg\" class=\"attachment-medium_large size-medium_large wp-image-11790\" alt=\"\" srcset=\"https:\/\/festival-livre-jeunesse.fr\/2024\/wp-content\/uploads\/2022\/12\/Algazi-Inbar_NB-567x660-1.jpg 567w, https:\/\/festival-livre-jeunesse.fr\/2024\/wp-content\/uploads\/2022\/12\/Algazi-Inbar_NB-567x660-1-258x300.jpg 258w\" sizes=\"(max-width: 567px) 100vw, 567px\" \/><\/a><\/figure><div class=\"elementor-image-box-content\"><h3 class=\"elementor-image-box-title\"><a href=\"https:\/\/festival-livre-jeunesse.fr\/2023\/inbar-heller-algazi\/\">atelier d'illustration<br>Inbar Heller Algazi<\/a><\/h3><p class=\"elementor-image-box-description\">\n\n10 h 30 - Atelier illustrations.<br>\nAvec Inbar Heller Algazi<br>4\/8 ans  15 enfants max\n<br>\n\n\n<\/p><\/div><\/div>\t\t\t\t<\/div>\n\t\t\t\t<\/div>\n\t\t\t\t<div class=\"elementor-element elementor-element-7e03f98 elementor-align-center elementor-widget elementor-widget-button\" data-id=\"7e03f98\" data-element_type=\"widget\" data-widget_type=\"button.default\">\n\t\t\t\t<div class=\"elementor-widget-container\">\n\t\t\t\t\t\t\t\t\t<div class=\"elementor-button-wrapper\">\n\t\t\t\t\t<a class=\"elementor-button elementor-button-link elementor-size-sm\" href=\"https:\/\/festival-livre-jeunesse.fr\/2023\/inbar-heller-algazi\">\n\t\t\t\t\t\t<span class=\"elementor-button-content-wrapper\">\n\t\t\t\t\t\t\t\t\t<span class=\"elementor-button-text\">En savoir plus<\/span>\n\t\t\t\t\t<\/span>\n\t\t\t\t\t<\/a>\n\t\t\t\t<\/div>\n\t\t\t\t\t\t\t\t<\/div>\n\t\t\t\t<\/div>\n\t\t\t\t\t<\/div>\n\t\t<\/div>\n\t\t\t\t<div class=\"elementor-column elementor-col-25 elementor-top-column elementor-element elementor-element-b19b37a\" data-id=\"b19b37a\" data-element_type=\"column\">\n\t\t\t<div class=\"elementor-widget-wrap elementor-element-populated\">\n\t\t\t\t\t\t<div class=\"elementor-element elementor-element-cba4aa0 elementor-position-top elementor-widget elementor-widget-image-box\" data-id=\"cba4aa0\" data-element_type=\"widget\" data-widget_type=\"image-box.default\">\n\t\t\t\t<div class=\"elementor-widget-container\">\n\t\t\t\t\t<div class=\"elementor-image-box-wrapper\"><figure class=\"elementor-image-box-img\"><a href=\"https:\/\/festival-livre-jeunesse.fr\/2023\/max-ducos\/\" tabindex=\"-1\"><img loading=\"lazy\" decoding=\"async\" width=\"200\" height=\"200\" src=\"https:\/\/festival-livre-jeunesse.fr\/2024\/wp-content\/uploads\/2022\/07\/Max-DUCOS.jpg\" class=\"attachment-medium_large size-medium_large wp-image-9389\" alt=\"\" srcset=\"https:\/\/festival-livre-jeunesse.fr\/2024\/wp-content\/uploads\/2022\/07\/Max-DUCOS.jpg 200w, https:\/\/festival-livre-jeunesse.fr\/2024\/wp-content\/uploads\/2022\/07\/Max-DUCOS-150x150.jpg 150w\" sizes=\"(max-width: 200px) 100vw, 200px\" \/><\/a><\/figure><div class=\"elementor-image-box-content\"><h3 class=\"elementor-image-box-title\"><a href=\"https:\/\/festival-livre-jeunesse.fr\/2023\/max-ducos\/\"> \u00ab Mon passage secret \u00bb<br>atelier d\u2019illustration<\/a><\/h3><p class=\"elementor-image-box-description\">14 h 30 -\n\navec Max Ducos<br>\nDessinez un tunnel\nen perspective avec\nun personnage surpris.<br>\nPublic : 7 \u00e0 12 ans<br>\n12 participants max.<\/p><\/div><\/div>\t\t\t\t<\/div>\n\t\t\t\t<\/div>\n\t\t\t\t<div class=\"elementor-element elementor-element-bd0f1d8 elementor-align-center elementor-widget elementor-widget-button\" data-id=\"bd0f1d8\" data-element_type=\"widget\" data-widget_type=\"button.default\">\n\t\t\t\t<div class=\"elementor-widget-container\">\n\t\t\t\t\t\t\t\t\t<div class=\"elementor-button-wrapper\">\n\t\t\t\t\t<a class=\"elementor-button elementor-button-link elementor-size-sm\" href=\"https:\/\/festival-livre-jeunesse.fr\/2023\/max-ducos\">\n\t\t\t\t\t\t<span class=\"elementor-button-content-wrapper\">\n\t\t\t\t\t\t\t\t\t<span class=\"elementor-button-text\">En savoir plus<\/span>\n\t\t\t\t\t<\/span>\n\t\t\t\t\t<\/a>\n\t\t\t\t<\/div>\n\t\t\t\t\t\t\t\t<\/div>\n\t\t\t\t<\/div>\n\t\t\t\t\t<\/div>\n\t\t<\/div>\n\t\t\t\t<div class=\"elementor-column elementor-col-25 elementor-top-column elementor-element elementor-element-22e02ea\" data-id=\"22e02ea\" data-element_type=\"column\" data-settings=\"{&quot;background_background&quot;:&quot;classic&quot;}\">\n\t\t\t<div class=\"elementor-widget-wrap elementor-element-populated\">\n\t\t\t\t\t\t<div class=\"elementor-element elementor-element-884c902 elementor-position-top elementor-widget elementor-widget-image-box\" data-id=\"884c902\" data-element_type=\"widget\" data-widget_type=\"image-box.default\">\n\t\t\t\t<div class=\"elementor-widget-container\">\n\t\t\t\t\t<div class=\"elementor-image-box-wrapper\"><figure class=\"elementor-image-box-img\"><a href=\"https:\/\/www.museum.toulouse.fr\/lire?p_p_id=101&#038;p_p_lifecycle=0&#038;p_p_state=maximized&#038;p_p_mode=view&#038;_101_struts_action=%2Fasset_publisher%2Fview_content&#038;_101_assetEntryId=8530664&#038;_101_type=content&#038;_101_urlTitle=bibliotheque-mediatheque-pourquoi-pas&#038;inheritRedirect=false\" tabindex=\"-1\"><img decoding=\"async\" width=\"768\" height=\"511\" src=\"https:\/\/festival-livre-jeunesse.fr\/2024\/wp-content\/uploads\/2021\/05\/gaya-bison-2-1-768x511.jpg\" class=\"attachment-medium_large size-medium_large wp-image-89\" alt=\"\" srcset=\"https:\/\/festival-livre-jeunesse.fr\/2024\/wp-content\/uploads\/2021\/05\/gaya-bison-2-1-768x511.jpg 768w, https:\/\/festival-livre-jeunesse.fr\/2024\/wp-content\/uploads\/2021\/05\/gaya-bison-2-1-300x200.jpg 300w, https:\/\/festival-livre-jeunesse.fr\/2024\/wp-content\/uploads\/2021\/05\/gaya-bison-2-1.jpg 960w\" sizes=\"(max-width: 768px) 100vw, 768px\" \/><\/a><\/figure><div class=\"elementor-image-box-content\"><h3 class=\"elementor-image-box-title\"><a href=\"https:\/\/www.museum.toulouse.fr\/lire?p_p_id=101&#038;p_p_lifecycle=0&#038;p_p_state=maximized&#038;p_p_mode=view&#038;_101_struts_action=%2Fasset_publisher%2Fview_content&#038;_101_assetEntryId=8530664&#038;_101_type=content&#038;_101_urlTitle=bibliotheque-mediatheque-pourquoi-pas&#038;inheritRedirect=false\">Et si on construisait une image Tact-Illustr\u00e9e ?<\/a><\/h3><p class=\"elementor-image-box-description\">14 h 30 et 16h - atelier d'illustration<br>\n7\/12 ans - 8 participants max.<br>\nDes mat\u00e9riaux de toutes sortes, une bonne dose d\u2019imagination et\nde cr\u00e9ativit\u00e9, un soup\u00e7on d\u2019inventivit\u00e9, telle est la recette pour cr\u00e9er une illustration \u00e0 toucher.<br> En partenariat avec la<b> m\u00e9diath\u00e8que\njeunesse \u00ab Pourquoi pas ? du Mus\u00e9um d\u2019Histoire Naturelle.<\/b><\/p><\/div><\/div>\t\t\t\t<\/div>\n\t\t\t\t<\/div>\n\t\t\t\t<div class=\"elementor-element elementor-element-76158bb elementor-align-center elementor-widget elementor-widget-button\" data-id=\"76158bb\" data-element_type=\"widget\" data-widget_type=\"button.default\">\n\t\t\t\t<div class=\"elementor-widget-container\">\n\t\t\t\t\t\t\t\t\t<div class=\"elementor-button-wrapper\">\n\t\t\t\t\t<a class=\"elementor-button elementor-button-link elementor-size-sm\" href=\"https:\/\/www.museum.toulouse.fr\/lire?p_p_id=101&#038;p_p_lifecycle=0&#038;p_p_state=maximized&#038;p_p_mode=view&#038;_101_struts_action=%2Fasset_publisher%2Fview_content&#038;_101_assetEntryId=8530664&#038;_101_type=content&#038;_101_urlTitle=bibliotheque-mediatheque-pourquoi-pas&#038;inheritRedirect=false\">\n\t\t\t\t\t\t<span class=\"elementor-button-content-wrapper\">\n\t\t\t\t\t\t\t\t\t<span class=\"elementor-button-text\">En savoir plus<\/span>\n\t\t\t\t\t<\/span>\n\t\t\t\t\t<\/a>\n\t\t\t\t<\/div>\n\t\t\t\t\t\t\t\t<\/div>\n\t\t\t\t<\/div>\n\t\t\t\t\t<\/div>\n\t\t<\/div>\n\t\t\t\t<div class=\"elementor-column elementor-col-25 elementor-top-column elementor-element elementor-element-a833f0a\" data-id=\"a833f0a\" data-element_type=\"column\">\n\t\t\t<div class=\"elementor-widget-wrap elementor-element-populated\">\n\t\t\t\t\t\t<div class=\"elementor-element elementor-element-7612555 elementor-position-top elementor-widget elementor-widget-image-box\" data-id=\"7612555\" data-element_type=\"widget\" data-widget_type=\"image-box.default\">\n\t\t\t\t<div class=\"elementor-widget-container\">\n\t\t\t\t\t<div class=\"elementor-image-box-wrapper\"><figure class=\"elementor-image-box-img\"><img decoding=\"async\" width=\"768\" height=\"512\" src=\"https:\/\/festival-livre-jeunesse.fr\/2024\/wp-content\/uploads\/2022\/10\/290122-Rencontres-prix-web@AudreyMompo-9253-768x512.jpg\" class=\"attachment-medium_large size-medium_large wp-image-10695\" alt=\"\" srcset=\"https:\/\/festival-livre-jeunesse.fr\/2024\/wp-content\/uploads\/2022\/10\/290122-Rencontres-prix-web@AudreyMompo-9253-768x512.jpg 768w, https:\/\/festival-livre-jeunesse.fr\/2024\/wp-content\/uploads\/2022\/10\/290122-Rencontres-prix-web@AudreyMompo-9253-300x200.jpg 300w, https:\/\/festival-livre-jeunesse.fr\/2024\/wp-content\/uploads\/2022\/10\/290122-Rencontres-prix-web@AudreyMompo-9253-1024x683.jpg 1024w, https:\/\/festival-livre-jeunesse.fr\/2024\/wp-content\/uploads\/2022\/10\/290122-Rencontres-prix-web@AudreyMompo-9253.jpg 1500w\" sizes=\"(max-width: 768px) 100vw, 768px\" \/><\/figure><div class=\"elementor-image-box-content\"><h3 class=\"elementor-image-box-title\">Atelier Pop-Up<\/h3><p class=\"elementor-image-box-description\">10 h 30 et 14 h 30 - Atelier Pop-Up<br>\n6\/10 ans - 10 participants max.<br>\nDans cet atelier, tu vas dessiner, colorier, d\u00e9couper et coller pour r\u00e9aliser une carte en 3D. <br>Des mod\u00e8les sont propos\u00e9s mais libre cours\nest donn\u00e9 \u00e0 la cr\u00e9ation et l\u2019imagination.<\/p><\/div><\/div>\t\t\t\t<\/div>\n\t\t\t\t<\/div>\n\t\t\t\t<div class=\"elementor-element elementor-element-73cee95 elementor-align-center elementor-widget elementor-widget-button\" data-id=\"73cee95\" data-element_type=\"widget\" data-widget_type=\"button.default\">\n\t\t\t\t<div class=\"elementor-widget-container\">\n\t\t\t\t\t\t\t\t\t<div class=\"elementor-button-wrapper\">\n\t\t\t\t\t<a class=\"elementor-button elementor-size-sm\" role=\"button\">\n\t\t\t\t\t\t<span class=\"elementor-button-content-wrapper\">\n\t\t\t\t\t\t\t\t\t<span class=\"elementor-button-text\">En savoir plus<\/span>\n\t\t\t\t\t<\/span>\n\t\t\t\t\t<\/a>\n\t\t\t\t<\/div>\n\t\t\t\t\t\t\t\t<\/div>\n\t\t\t\t<\/div>\n\t\t\t\t\t<\/div>\n\t\t<\/div>\n\t\t\t\t\t<\/div>\n\t\t<\/section>\n\t\t\t\t<\/div>\n\t\t","protected":false},"excerpt":{"rendered":"<p>ATELIERS Jeunesse inscription gratuite dans la limite des places disponibles \u00e0 l&rsquo;accueil du festival Samedi 28 janvier \u00ab A croquer ! \u00bb atelier d&rsquo;illustration 10 h 30 -Atelier d\u2019illustration avec Marie Dorl\u00e9ans. A partir de 6 ans &#8211; 12 participants max. Inspir\u00e9 de l\u2019album Odile, chaque enfant choisira un animal dans lequel il pourra se &hellip;<\/p>\n<p class=\"read-more\"> <a class=\"\" href=\"https:\/\/festival-livre-jeunesse.fr\/2024\/ateliers-jeunesse\/\"> <span class=\"screen-reader-text\">Ateliers jeunesse<\/span> Lire la suite\u00a0\u00bb<\/a><\/p>\n","protected":false},"author":1,"featured_media":0,"parent":0,"menu_order":0,"comment_status":"closed","ping_status":"closed","template":"","meta":{"site-sidebar-layout":"default","site-content-layout":"","ast-site-content-layout":"","site-content-style":"default","site-sidebar-style":"default","ast-global-header-display":"","ast-banner-title-visibility":"","ast-main-header-display":"","ast-hfb-above-header-display":"","ast-hfb-below-header-display":"","ast-hfb-mobile-header-display":"","site-post-title":"","ast-breadcrumbs-content":"","ast-featured-img":"","footer-sml-layout":"","theme-transparent-header-meta":"","adv-header-id-meta":"","stick-header-meta":"","header-above-stick-meta":"","header-main-stick-meta":"","header-below-stick-meta":"","astra-migrate-meta-layouts":"","footnotes":""},"class_list":["post-7338","page","type-page","status-publish","hentry"],"yoast_head":"<!-- This site is optimized with the Yoast SEO plugin v21.4 - https:\/\/yoast.com\/wordpress\/plugins\/seo\/ -->\n<title>Ateliers jeunesse - Festival Livre Jeunesse Occitanie<\/title>\n<meta name=\"robots\" content=\"index, follow, max-snippet:-1, max-image-preview:large, max-video-preview:-1\" \/>\n<link rel=\"canonical\" href=\"https:\/\/festival-livre-jeunesse.fr\/2024\/ateliers-jeunesse\/\" \/>\n<meta property=\"og:locale\" content=\"fr_FR\" \/>\n<meta property=\"og:type\" content=\"article\" \/>\n<meta property=\"og:title\" content=\"Ateliers jeunesse - Festival Livre Jeunesse Occitanie\" \/>\n<meta property=\"og:description\" content=\"ATELIERS Jeunesse inscription gratuite dans la limite des places disponibles \u00e0 l&rsquo;accueil du festival Samedi 28 janvier \u00ab A croquer ! \u00bb atelier d&rsquo;illustration 10 h 30 -Atelier d\u2019illustration avec Marie Dorl\u00e9ans. A partir de 6 ans &#8211; 12 participants max. Inspir\u00e9 de l\u2019album Odile, chaque enfant choisira un animal dans lequel il pourra se &hellip; Ateliers jeunesse Lire la suite\u00a0\u00bb\" \/>\n<meta property=\"og:url\" content=\"https:\/\/festival-livre-jeunesse.fr\/2024\/ateliers-jeunesse\/\" \/>\n<meta property=\"og:site_name\" content=\"Festival Livre Jeunesse Occitanie\" \/>\n<meta property=\"article:publisher\" content=\"https:\/\/www.facebook.com\/FestivalLivreJeunesseOccitanie\" \/>\n<meta property=\"article:modified_time\" content=\"2023-01-03T14:54:32+00:00\" \/>\n<meta property=\"og:image\" content=\"https:\/\/festival-livre-jeunesse.fr\/2023\/wp-content\/uploads\/2022\/07\/Marie-DORLEANS.jpg\" \/>\n<meta name=\"twitter:card\" content=\"summary_large_image\" \/>\n<meta name=\"twitter:site\" content=\"@FljOccitanie\" \/>\n<meta name=\"twitter:label1\" content=\"Dur\u00e9e de lecture estim\u00e9e\" \/>\n\t<meta name=\"twitter:data1\" content=\"2 minutes\" \/>\n<script type=\"application\/ld+json\" class=\"yoast-schema-graph\">{\"@context\":\"https:\/\/schema.org\",\"@graph\":[{\"@type\":\"WebPage\",\"@id\":\"https:\/\/festival-livre-jeunesse.fr\/2024\/ateliers-jeunesse\/\",\"url\":\"https:\/\/festival-livre-jeunesse.fr\/2024\/ateliers-jeunesse\/\",\"name\":\"Ateliers jeunesse - Festival Livre Jeunesse Occitanie\",\"isPartOf\":{\"@id\":\"https:\/\/festival-livre-jeunesse.fr\/2024\/#website\"},\"datePublished\":\"2022-01-05T09:56:31+00:00\",\"dateModified\":\"2023-01-03T14:54:32+00:00\",\"breadcrumb\":{\"@id\":\"https:\/\/festival-livre-jeunesse.fr\/2024\/ateliers-jeunesse\/#breadcrumb\"},\"inLanguage\":\"fr-FR\",\"potentialAction\":[{\"@type\":\"ReadAction\",\"target\":[\"https:\/\/festival-livre-jeunesse.fr\/2024\/ateliers-jeunesse\/\"]}]},{\"@type\":\"BreadcrumbList\",\"@id\":\"https:\/\/festival-livre-jeunesse.fr\/2024\/ateliers-jeunesse\/#breadcrumb\",\"itemListElement\":[{\"@type\":\"ListItem\",\"position\":1,\"name\":\"Accueil\",\"item\":\"https:\/\/festival-livre-jeunesse.fr\/2024\/\"},{\"@type\":\"ListItem\",\"position\":2,\"name\":\"Ateliers jeunesse\"}]},{\"@type\":\"WebSite\",\"@id\":\"https:\/\/festival-livre-jeunesse.fr\/2024\/#website\",\"url\":\"https:\/\/festival-livre-jeunesse.fr\/2024\/\",\"name\":\"Festival Livre Jeunesse Occitanie\",\"description\":\"23\u00e8me \u00e9dition - janvier 2025\",\"publisher\":{\"@id\":\"https:\/\/festival-livre-jeunesse.fr\/2024\/#organization\"},\"potentialAction\":[{\"@type\":\"SearchAction\",\"target\":{\"@type\":\"EntryPoint\",\"urlTemplate\":\"https:\/\/festival-livre-jeunesse.fr\/2024\/?s={search_term_string}\"},\"query-input\":\"required name=search_term_string\"}],\"inLanguage\":\"fr-FR\"},{\"@type\":\"Organization\",\"@id\":\"https:\/\/festival-livre-jeunesse.fr\/2024\/#organization\",\"name\":\"festival livre jeunesse occitanie\",\"url\":\"https:\/\/festival-livre-jeunesse.fr\/2024\/\",\"logo\":{\"@type\":\"ImageObject\",\"inLanguage\":\"fr-FR\",\"@id\":\"https:\/\/festival-livre-jeunesse.fr\/2024\/#\/schema\/logo\/image\/\",\"url\":\"https:\/\/festival-livre-jeunesse.fr\/2024\/wp-content\/uploads\/2021\/05\/Logo-FLJ-petit.png\",\"contentUrl\":\"https:\/\/festival-livre-jeunesse.fr\/2024\/wp-content\/uploads\/2021\/05\/Logo-FLJ-petit.png\",\"width\":204,\"height\":200,\"caption\":\"festival livre jeunesse occitanie\"},\"image\":{\"@id\":\"https:\/\/festival-livre-jeunesse.fr\/2024\/#\/schema\/logo\/image\/\"},\"sameAs\":[\"https:\/\/www.facebook.com\/FestivalLivreJeunesseOccitanie\",\"https:\/\/twitter.com\/FljOccitanie\"]}]}<\/script>\n<!-- \/ Yoast SEO plugin. -->","yoast_head_json":{"title":"Ateliers jeunesse - Festival Livre Jeunesse Occitanie","robots":{"index":"index","follow":"follow","max-snippet":"max-snippet:-1","max-image-preview":"max-image-preview:large","max-video-preview":"max-video-preview:-1"},"canonical":"https:\/\/festival-livre-jeunesse.fr\/2024\/ateliers-jeunesse\/","og_locale":"fr_FR","og_type":"article","og_title":"Ateliers jeunesse - Festival Livre Jeunesse Occitanie","og_description":"ATELIERS Jeunesse inscription gratuite dans la limite des places disponibles \u00e0 l&rsquo;accueil du festival Samedi 28 janvier \u00ab A croquer ! \u00bb atelier d&rsquo;illustration 10 h 30 -Atelier d\u2019illustration avec Marie Dorl\u00e9ans. A partir de 6 ans &#8211; 12 participants max. Inspir\u00e9 de l\u2019album Odile, chaque enfant choisira un animal dans lequel il pourra se &hellip; Ateliers jeunesse Lire la suite\u00a0\u00bb","og_url":"https:\/\/festival-livre-jeunesse.fr\/2024\/ateliers-jeunesse\/","og_site_name":"Festival Livre Jeunesse Occitanie","article_publisher":"https:\/\/www.facebook.com\/FestivalLivreJeunesseOccitanie","article_modified_time":"2023-01-03T14:54:32+00:00","og_image":[{"url":"https:\/\/festival-livre-jeunesse.fr\/2023\/wp-content\/uploads\/2022\/07\/Marie-DORLEANS.jpg"}],"twitter_card":"summary_large_image","twitter_site":"@FljOccitanie","twitter_misc":{"Dur\u00e9e de lecture estim\u00e9e":"2 minutes"},"schema":{"@context":"https:\/\/schema.org","@graph":[{"@type":"WebPage","@id":"https:\/\/festival-livre-jeunesse.fr\/2024\/ateliers-jeunesse\/","url":"https:\/\/festival-livre-jeunesse.fr\/2024\/ateliers-jeunesse\/","name":"Ateliers jeunesse - Festival Livre Jeunesse Occitanie","isPartOf":{"@id":"https:\/\/festival-livre-jeunesse.fr\/2024\/#website"},"datePublished":"2022-01-05T09:56:31+00:00","dateModified":"2023-01-03T14:54:32+00:00","breadcrumb":{"@id":"https:\/\/festival-livre-jeunesse.fr\/2024\/ateliers-jeunesse\/#breadcrumb"},"inLanguage":"fr-FR","potentialAction":[{"@type":"ReadAction","target":["https:\/\/festival-livre-jeunesse.fr\/2024\/ateliers-jeunesse\/"]}]},{"@type":"BreadcrumbList","@id":"https:\/\/festival-livre-jeunesse.fr\/2024\/ateliers-jeunesse\/#breadcrumb","itemListElement":[{"@type":"ListItem","position":1,"name":"Accueil","item":"https:\/\/festival-livre-jeunesse.fr\/2024\/"},{"@type":"ListItem","position":2,"name":"Ateliers jeunesse"}]},{"@type":"WebSite","@id":"https:\/\/festival-livre-jeunesse.fr\/2024\/#website","url":"https:\/\/festival-livre-jeunesse.fr\/2024\/","name":"Festival Livre Jeunesse Occitanie","description":"23\u00e8me \u00e9dition - janvier 2025","publisher":{"@id":"https:\/\/festival-livre-jeunesse.fr\/2024\/#organization"},"potentialAction":[{"@type":"SearchAction","target":{"@type":"EntryPoint","urlTemplate":"https:\/\/festival-livre-jeunesse.fr\/2024\/?s={search_term_string}"},"query-input":"required name=search_term_string"}],"inLanguage":"fr-FR"},{"@type":"Organization","@id":"https:\/\/festival-livre-jeunesse.fr\/2024\/#organization","name":"festival livre jeunesse occitanie","url":"https:\/\/festival-livre-jeunesse.fr\/2024\/","logo":{"@type":"ImageObject","inLanguage":"fr-FR","@id":"https:\/\/festival-livre-jeunesse.fr\/2024\/#\/schema\/logo\/image\/","url":"https:\/\/festival-livre-jeunesse.fr\/2024\/wp-content\/uploads\/2021\/05\/Logo-FLJ-petit.png","contentUrl":"https:\/\/festival-livre-jeunesse.fr\/2024\/wp-content\/uploads\/2021\/05\/Logo-FLJ-petit.png","width":204,"height":200,"caption":"festival livre jeunesse occitanie"},"image":{"@id":"https:\/\/festival-livre-jeunesse.fr\/2024\/#\/schema\/logo\/image\/"},"sameAs":["https:\/\/www.facebook.com\/FestivalLivreJeunesseOccitanie","https:\/\/twitter.com\/FljOccitanie"]}]}},"_links":{"self":[{"href":"https:\/\/festival-livre-jeunesse.fr\/2024\/wp-json\/wp\/v2\/pages\/7338"}],"collection":[{"href":"https:\/\/festival-livre-jeunesse.fr\/2024\/wp-json\/wp\/v2\/pages"}],"about":[{"href":"https:\/\/festival-livre-jeunesse.fr\/2024\/wp-json\/wp\/v2\/types\/page"}],"author":[{"embeddable":true,"href":"https:\/\/festival-livre-jeunesse.fr\/2024\/wp-json\/wp\/v2\/users\/1"}],"replies":[{"embeddable":true,"href":"https:\/\/festival-livre-jeunesse.fr\/2024\/wp-json\/wp\/v2\/comments?post=7338"}],"version-history":[{"count":115,"href":"https:\/\/festival-livre-jeunesse.fr\/2024\/wp-json\/wp\/v2\/pages\/7338\/revisions"}],"predecessor-version":[{"id":12616,"href":"https:\/\/festival-livre-jeunesse.fr\/2024\/wp-json\/wp\/v2\/pages\/7338\/revisions\/12616"}],"wp:attachment":[{"href":"https:\/\/festival-livre-jeunesse.fr\/2024\/wp-json\/wp\/v2\/media?parent=7338"}],"curies":[{"name":"wp","href":"https:\/\/api.w.org\/{rel}","templated":true}]}}