{"id":9287,"date":"2022-07-27T15:55:31","date_gmt":"2022-07-27T13:55:31","guid":{"rendered":"https:\/\/festival-livre-jeunesse.fr\/2023\/?page_id=9287"},"modified":"2024-07-07T10:01:11","modified_gmt":"2024-07-07T08:01:11","slug":"auteurs-illustrateurs","status":"publish","type":"page","link":"https:\/\/festival-livre-jeunesse.fr\/2024\/auteurs-illustrateurs\/","title":{"rendered":"Auteurs-illustrateurs"},"content":{"rendered":"\t\t<div data-elementor-type=\"wp-page\" data-elementor-id=\"9287\" class=\"elementor elementor-9287\">\n\t\t\t\t\t\t<section class=\"elementor-section elementor-top-section elementor-element elementor-element-54a5411 elementor-section-boxed elementor-section-height-default elementor-section-height-default\" data-id=\"54a5411\" data-element_type=\"section\">\n\t\t\t\t\t\t<div class=\"elementor-container elementor-column-gap-default\">\n\t\t\t\t\t<div class=\"elementor-column elementor-col-50 elementor-top-column elementor-element elementor-element-cbabdd6\" data-id=\"cbabdd6\" data-element_type=\"column\">\n\t\t\t<div class=\"elementor-widget-wrap\">\n\t\t\t\t\t\t\t<\/div>\n\t\t<\/div>\n\t\t\t\t<div class=\"elementor-column elementor-col-50 elementor-top-column elementor-element elementor-element-ba747c4\" data-id=\"ba747c4\" data-element_type=\"column\">\n\t\t\t<div class=\"elementor-widget-wrap elementor-element-populated\">\n\t\t\t\t\t\t<div class=\"elementor-element elementor-element-087b059 elementor-widget elementor-widget-spacer\" data-id=\"087b059\" data-element_type=\"widget\" data-widget_type=\"spacer.default\">\n\t\t\t\t<div class=\"elementor-widget-container\">\n\t\t\t\t\t\t\t<div class=\"elementor-spacer\">\n\t\t\t<div class=\"elementor-spacer-inner\"><\/div>\n\t\t<\/div>\n\t\t\t\t\t\t<\/div>\n\t\t\t\t<\/div>\n\t\t\t\t<div class=\"elementor-element elementor-element-fb5c8ac elementor-widget elementor-widget-heading\" data-id=\"fb5c8ac\" data-element_type=\"widget\" data-widget_type=\"heading.default\">\n\t\t\t\t<div class=\"elementor-widget-container\">\n\t\t\t\t\t<h4 class=\"elementor-heading-title elementor-size-xl\">Auteur\u00b7trices, illustrateur\u00b7trices, po\u00e8tes invit\u00e9\u00b7es<\/h4>\t\t\t\t<\/div>\n\t\t\t\t<\/div>\n\t\t\t\t\t<\/div>\n\t\t<\/div>\n\t\t\t\t\t<\/div>\n\t\t<\/section>\n\t\t\t\t<section class=\"elementor-section elementor-top-section elementor-element elementor-element-7f9b370 elementor-section-boxed elementor-section-height-default elementor-section-height-default\" data-id=\"7f9b370\" data-element_type=\"section\">\n\t\t\t\t\t\t<div class=\"elementor-container elementor-column-gap-default\">\n\t\t\t\t\t<div class=\"elementor-column elementor-col-50 elementor-top-column elementor-element elementor-element-c19d064\" data-id=\"c19d064\" data-element_type=\"column\">\n\t\t\t<div class=\"elementor-widget-wrap\">\n\t\t\t\t\t\t\t<\/div>\n\t\t<\/div>\n\t\t\t\t<div class=\"elementor-column elementor-col-50 elementor-top-column elementor-element elementor-element-5ace1bc\" data-id=\"5ace1bc\" data-element_type=\"column\">\n\t\t\t<div class=\"elementor-widget-wrap elementor-element-populated\">\n\t\t\t\t\t\t<div class=\"elementor-element elementor-element-a40fbe0 elementor-widget__width-initial elementor-widget elementor-widget-text-editor\" data-id=\"a40fbe0\" data-element_type=\"widget\" data-widget_type=\"text-editor.default\">\n\t\t\t\t<div class=\"elementor-widget-container\">\n\t\t\t\t\t\t\t\t\t<p>BARONNET Denis ,\u00a0 BENJELLOUN Sa\u00efd,\u00a0 BONBON C\u00e9cile, BONDOUX Anne-Laure, BRECARD\u00a0 Rozenn, BRUEL Christian, CAUSSE Manu, CHENOUF Yvanne, CHEVEAU Sarah, COURGEON\u00a0 R\u00e9mi, CORTEY Anne , DELACROIX Sibylle, DOBI K\u00e4my, DOREMUS Ga\u00ebtan, DREYER Fanny, GARCIA Coline, GAVIOLI Sara, GOURIO Chrysostome, DE GUIBERT Fran\u00e7oise,\u00a0<span style=\"font-style: inherit; font-weight: inherit;\">GUILLAUMOT Christophe, LE BESCOND Rose, LEJONC\u00a0 R\u00e9gis, LEYMARIE Marie, MEUNIER Henri, PAGEAUD\u00a0 Fanny, POIRIER Marie, RAMSTEIN Anne-Margot, ROMAN Ghislaine, SCOTTO Thomas, SOLETTI \u00a0Pierre, VIGNAL H\u00e9l\u00e8ne &#8230;<\/span><\/p>\t\t\t\t\t\t\t\t<\/div>\n\t\t\t\t<\/div>\n\t\t\t\t\t<\/div>\n\t\t<\/div>\n\t\t\t\t\t<\/div>\n\t\t<\/section>\n\t\t\t\t<section class=\"elementor-section elementor-top-section elementor-element elementor-element-9e3c9fc elementor-section-boxed elementor-section-height-default elementor-section-height-default\" data-id=\"9e3c9fc\" data-element_type=\"section\">\n\t\t\t\t\t\t<div class=\"elementor-container elementor-column-gap-default\">\n\t\t\t\t\t<div class=\"elementor-column elementor-col-100 elementor-top-column elementor-element elementor-element-ea4671a\" data-id=\"ea4671a\" data-element_type=\"column\">\n\t\t\t<div class=\"elementor-widget-wrap\">\n\t\t\t\t\t\t\t<\/div>\n\t\t<\/div>\n\t\t\t\t\t<\/div>\n\t\t<\/section>\n\t\t\t\t<section class=\"elementor-section elementor-top-section elementor-element elementor-element-46b1787 elementor-section-boxed elementor-section-height-default elementor-section-height-default\" data-id=\"46b1787\" data-element_type=\"section\">\n\t\t\t\t\t\t<div class=\"elementor-container elementor-column-gap-default\">\n\t\t\t\t\t<div class=\"elementor-column elementor-col-14 elementor-top-column elementor-element elementor-element-ff89c25\" data-id=\"ff89c25\" data-element_type=\"column\">\n\t\t\t<div class=\"elementor-widget-wrap\">\n\t\t\t\t\t\t\t<\/div>\n\t\t<\/div>\n\t\t\t\t<div class=\"elementor-column elementor-col-14 elementor-top-column elementor-element elementor-element-07b8d97\" data-id=\"07b8d97\" data-element_type=\"column\" data-settings=\"{&quot;background_background&quot;:&quot;classic&quot;}\">\n\t\t\t<div class=\"elementor-widget-wrap elementor-element-populated\">\n\t\t\t\t\t\t<div class=\"elementor-element elementor-element-bfa7333 elementor-position-top elementor-widget elementor-widget-image-box\" data-id=\"bfa7333\" data-element_type=\"widget\" data-widget_type=\"image-box.default\">\n\t\t\t\t<div class=\"elementor-widget-container\">\n\t\t\t\t\t<div class=\"elementor-image-box-wrapper\"><figure class=\"elementor-image-box-img\"><a href=\"https:\/\/festival-livre-jeunesse.fr\/2024\/denis-baronnet\" tabindex=\"-1\"><img decoding=\"async\" width=\"150\" height=\"150\" src=\"https:\/\/festival-livre-jeunesse.fr\/2024\/wp-content\/uploads\/2022\/07\/Denis_Barronet-150x150.jpg\" class=\"attachment-thumbnail size-thumbnail wp-image-9377\" alt=\"\" \/><\/a><\/figure><div class=\"elementor-image-box-content\"><h3 class=\"elementor-image-box-title\"><a href=\"https:\/\/festival-livre-jeunesse.fr\/2024\/denis-baronnet\">Denis BARONNET<\/a><\/h3><\/div><\/div>\t\t\t\t<\/div>\n\t\t\t\t<\/div>\n\t\t\t\t\t<\/div>\n\t\t<\/div>\n\t\t\t\t<div class=\"elementor-column elementor-col-14 elementor-top-column elementor-element elementor-element-bc02b04\" data-id=\"bc02b04\" data-element_type=\"column\">\n\t\t\t<div class=\"elementor-widget-wrap elementor-element-populated\">\n\t\t\t\t\t\t<div class=\"elementor-element elementor-element-54e2027 elementor-position-top elementor-widget elementor-widget-image-box\" data-id=\"54e2027\" data-element_type=\"widget\" data-widget_type=\"image-box.default\">\n\t\t\t\t<div class=\"elementor-widget-container\">\n\t\t\t\t\t<div class=\"elementor-image-box-wrapper\"><figure class=\"elementor-image-box-img\"><a href=\"https:\/\/festival-livre-jeunesse.fr\/2024\/said-benjelloun\/\" tabindex=\"-1\"><img decoding=\"async\" width=\"150\" height=\"150\" src=\"https:\/\/festival-livre-jeunesse.fr\/2024\/wp-content\/uploads\/2021\/11\/Benjelloun_S1\u00a9DR-150x150.jpg\" class=\"attachment-thumbnail size-thumbnail wp-image-5592\" alt=\"Sa\u00efd Benjelloun\" \/><\/a><\/figure><div class=\"elementor-image-box-content\"><h3 class=\"elementor-image-box-title\"><a href=\"https:\/\/festival-livre-jeunesse.fr\/2024\/said-benjelloun\/\">Sa\u00efd BENJELLOUN<\/a><\/h3><\/div><\/div>\t\t\t\t<\/div>\n\t\t\t\t<\/div>\n\t\t\t\t\t<\/div>\n\t\t<\/div>\n\t\t\t\t<div class=\"elementor-column elementor-col-14 elementor-top-column elementor-element elementor-element-5d4758b\" data-id=\"5d4758b\" data-element_type=\"column\">\n\t\t\t<div class=\"elementor-widget-wrap elementor-element-populated\">\n\t\t\t\t\t\t<div class=\"elementor-element elementor-element-da526a1 elementor-position-top elementor-widget elementor-widget-image-box\" data-id=\"da526a1\" data-element_type=\"widget\" data-widget_type=\"image-box.default\">\n\t\t\t\t<div class=\"elementor-widget-container\">\n\t\t\t\t\t<div class=\"elementor-image-box-wrapper\"><figure class=\"elementor-image-box-img\"><a href=\"https:\/\/festival-livre-jeunesse.fr\/2024\/anne-laure-bondoux\/\" tabindex=\"-1\"><img decoding=\"async\" width=\"150\" height=\"150\" src=\"https:\/\/festival-livre-jeunesse.fr\/2024\/wp-content\/uploads\/2023\/10\/Bondoux-Anne-Laure\u00a9Chloe-Vollmer-Lo-703x1024-1-150x150.jpg\" class=\"attachment-thumbnail size-thumbnail wp-image-14991\" alt=\"\" \/><\/a><\/figure><div class=\"elementor-image-box-content\"><h3 class=\"elementor-image-box-title\"><a href=\"https:\/\/festival-livre-jeunesse.fr\/2024\/anne-laure-bondoux\/\">Anne-Laure BONDOUX<\/a><\/h3><\/div><\/div>\t\t\t\t<\/div>\n\t\t\t\t<\/div>\n\t\t\t\t\t<\/div>\n\t\t<\/div>\n\t\t\t\t<div class=\"elementor-column elementor-col-14 elementor-top-column elementor-element elementor-element-f6895c1\" data-id=\"f6895c1\" data-element_type=\"column\">\n\t\t\t<div class=\"elementor-widget-wrap elementor-element-populated\">\n\t\t\t\t\t\t<div class=\"elementor-element elementor-element-3f9e603 elementor-position-top elementor-widget elementor-widget-image-box\" data-id=\"3f9e603\" data-element_type=\"widget\" data-widget_type=\"image-box.default\">\n\t\t\t\t<div class=\"elementor-widget-container\">\n\t\t\t\t\t<div class=\"elementor-image-box-wrapper\"><figure class=\"elementor-image-box-img\"><a href=\"https:\/\/festival-livre-jeunesse.fr\/2024\/cecile-bonbon\" tabindex=\"-1\"><img loading=\"lazy\" decoding=\"async\" width=\"150\" height=\"150\" src=\"https:\/\/festival-livre-jeunesse.fr\/2024\/wp-content\/uploads\/2023\/09\/cecile_bonbon\u00a9-Marianne-Bissuel-Mutsinzi-Copie-150x150.jpg\" class=\"attachment-thumbnail size-thumbnail wp-image-13958\" alt=\"\" \/><\/a><\/figure><div class=\"elementor-image-box-content\"><h3 class=\"elementor-image-box-title\"><a href=\"https:\/\/festival-livre-jeunesse.fr\/2024\/cecile-bonbon\">C\u00e9cile BONBON<\/a><\/h3><\/div><\/div>\t\t\t\t<\/div>\n\t\t\t\t<\/div>\n\t\t\t\t\t<\/div>\n\t\t<\/div>\n\t\t\t\t<div class=\"elementor-column elementor-col-14 elementor-top-column elementor-element elementor-element-d3f8c13\" data-id=\"d3f8c13\" data-element_type=\"column\">\n\t\t\t<div class=\"elementor-widget-wrap elementor-element-populated\">\n\t\t\t\t\t\t<div class=\"elementor-element elementor-element-5f2b0b9 elementor-position-top elementor-widget elementor-widget-image-box\" data-id=\"5f2b0b9\" data-element_type=\"widget\" data-widget_type=\"image-box.default\">\n\t\t\t\t<div class=\"elementor-widget-container\">\n\t\t\t\t\t<div class=\"elementor-image-box-wrapper\"><figure class=\"elementor-image-box-img\"><a href=\"https:\/\/festival-livre-jeunesse.fr\/2024\/rozenn-brecard\" tabindex=\"-1\"><img loading=\"lazy\" decoding=\"async\" width=\"150\" height=\"150\" src=\"https:\/\/festival-livre-jeunesse.fr\/2024\/wp-content\/uploads\/2023\/09\/Rozenn-Brecard-150x150.jpg\" class=\"attachment-thumbnail size-thumbnail wp-image-14277\" alt=\"\" \/><\/a><\/figure><div class=\"elementor-image-box-content\"><h3 class=\"elementor-image-box-title\"><a href=\"https:\/\/festival-livre-jeunesse.fr\/2024\/rozenn-brecard\">Rozenn BRECARD<\/a><\/h3><\/div><\/div>\t\t\t\t<\/div>\n\t\t\t\t<\/div>\n\t\t\t\t\t<\/div>\n\t\t<\/div>\n\t\t\t\t<div class=\"elementor-column elementor-col-14 elementor-top-column elementor-element elementor-element-3f853b7\" data-id=\"3f853b7\" data-element_type=\"column\">\n\t\t\t<div class=\"elementor-widget-wrap\">\n\t\t\t\t\t\t\t<\/div>\n\t\t<\/div>\n\t\t\t\t\t<\/div>\n\t\t<\/section>\n\t\t\t\t<section class=\"elementor-section elementor-top-section elementor-element elementor-element-31d0b9d elementor-section-boxed elementor-section-height-default elementor-section-height-default\" data-id=\"31d0b9d\" data-element_type=\"section\">\n\t\t\t\t\t\t<div class=\"elementor-container elementor-column-gap-default\">\n\t\t\t\t\t<div class=\"elementor-column elementor-col-14 elementor-top-column elementor-element elementor-element-7a159f5\" data-id=\"7a159f5\" data-element_type=\"column\">\n\t\t\t<div class=\"elementor-widget-wrap\">\n\t\t\t\t\t\t\t<\/div>\n\t\t<\/div>\n\t\t\t\t<div class=\"elementor-column elementor-col-14 elementor-top-column elementor-element elementor-element-b041991\" data-id=\"b041991\" data-element_type=\"column\">\n\t\t\t<div class=\"elementor-widget-wrap elementor-element-populated\">\n\t\t\t\t\t\t<div class=\"elementor-element elementor-element-d9f013e elementor-position-top elementor-widget elementor-widget-image-box\" data-id=\"d9f013e\" data-element_type=\"widget\" data-widget_type=\"image-box.default\">\n\t\t\t\t<div class=\"elementor-widget-container\">\n\t\t\t\t\t<div class=\"elementor-image-box-wrapper\"><figure class=\"elementor-image-box-img\"><a href=\"https:\/\/festival-livre-jeunesse.fr\/2024\/christian-bruel\/\" tabindex=\"-1\"><img loading=\"lazy\" decoding=\"async\" width=\"150\" height=\"150\" src=\"https:\/\/festival-livre-jeunesse.fr\/2024\/wp-content\/uploads\/2023\/10\/BRUEL-Christian-150x150.webp\" class=\"attachment-thumbnail size-thumbnail wp-image-14999\" alt=\"\" \/><\/a><\/figure><div class=\"elementor-image-box-content\"><h3 class=\"elementor-image-box-title\"><a href=\"https:\/\/festival-livre-jeunesse.fr\/2024\/christian-bruel\/\">Christian BRUEL<\/a><\/h3><\/div><\/div>\t\t\t\t<\/div>\n\t\t\t\t<\/div>\n\t\t\t\t\t<\/div>\n\t\t<\/div>\n\t\t\t\t<div class=\"elementor-column elementor-col-14 elementor-top-column elementor-element elementor-element-3b07c03\" data-id=\"3b07c03\" data-element_type=\"column\">\n\t\t\t<div class=\"elementor-widget-wrap elementor-element-populated\">\n\t\t\t\t\t\t<div class=\"elementor-element elementor-element-ff8640c elementor-position-top elementor-widget elementor-widget-image-box\" data-id=\"ff8640c\" data-element_type=\"widget\" data-widget_type=\"image-box.default\">\n\t\t\t\t<div class=\"elementor-widget-container\">\n\t\t\t\t\t<div class=\"elementor-image-box-wrapper\"><figure class=\"elementor-image-box-img\"><a href=\"https:\/\/festival-livre-jeunesse.fr\/2024\/manu-causse\/\" tabindex=\"-1\"><img loading=\"lazy\" decoding=\"async\" width=\"150\" height=\"150\" src=\"https:\/\/festival-livre-jeunesse.fr\/2024\/wp-content\/uploads\/2023\/10\/causse-plisson_manu-150x150.webp\" class=\"attachment-thumbnail size-thumbnail wp-image-15004\" alt=\"\" srcset=\"https:\/\/festival-livre-jeunesse.fr\/2024\/wp-content\/uploads\/2023\/10\/causse-plisson_manu-150x150.webp 150w, https:\/\/festival-livre-jeunesse.fr\/2024\/wp-content\/uploads\/2023\/10\/causse-plisson_manu-300x300.webp 300w, https:\/\/festival-livre-jeunesse.fr\/2024\/wp-content\/uploads\/2023\/10\/causse-plisson_manu.webp 380w\" sizes=\"(max-width: 150px) 100vw, 150px\" \/><\/a><\/figure><div class=\"elementor-image-box-content\"><h3 class=\"elementor-image-box-title\"><a href=\"https:\/\/festival-livre-jeunesse.fr\/2024\/manu-causse\/\">Manu CAUSSE<\/a><\/h3><\/div><\/div>\t\t\t\t<\/div>\n\t\t\t\t<\/div>\n\t\t\t\t\t<\/div>\n\t\t<\/div>\n\t\t\t\t<div class=\"elementor-column elementor-col-14 elementor-top-column elementor-element elementor-element-7fc25b3\" data-id=\"7fc25b3\" data-element_type=\"column\">\n\t\t\t<div class=\"elementor-widget-wrap elementor-element-populated\">\n\t\t\t\t\t\t<div class=\"elementor-element elementor-element-270fe97 elementor-position-top elementor-widget elementor-widget-image-box\" data-id=\"270fe97\" data-element_type=\"widget\" data-widget_type=\"image-box.default\">\n\t\t\t\t<div class=\"elementor-widget-container\">\n\t\t\t\t\t<div class=\"elementor-image-box-wrapper\"><figure class=\"elementor-image-box-img\"><a href=\"https:\/\/festival-livre-jeunesse.fr\/2024\/yvanne-chenouf\" tabindex=\"-1\"><img loading=\"lazy\" decoding=\"async\" width=\"150\" height=\"150\" src=\"https:\/\/festival-livre-jeunesse.fr\/2024\/wp-content\/uploads\/2023\/09\/Yvanne-Chenouf-150x150.jpg\" class=\"attachment-thumbnail size-thumbnail wp-image-14282\" alt=\"\" \/><\/a><\/figure><div class=\"elementor-image-box-content\"><h3 class=\"elementor-image-box-title\"><a href=\"https:\/\/festival-livre-jeunesse.fr\/2024\/yvanne-chenouf\">Yvanne CHENOUF<\/a><\/h3><\/div><\/div>\t\t\t\t<\/div>\n\t\t\t\t<\/div>\n\t\t\t\t\t<\/div>\n\t\t<\/div>\n\t\t\t\t<div class=\"elementor-column elementor-col-14 elementor-top-column elementor-element elementor-element-d5d748f\" data-id=\"d5d748f\" data-element_type=\"column\">\n\t\t\t<div class=\"elementor-widget-wrap elementor-element-populated\">\n\t\t\t\t\t\t<div class=\"elementor-element elementor-element-4bbf461 elementor-position-top elementor-widget elementor-widget-image-box\" data-id=\"4bbf461\" data-element_type=\"widget\" data-widget_type=\"image-box.default\">\n\t\t\t\t<div class=\"elementor-widget-container\">\n\t\t\t\t\t<div class=\"elementor-image-box-wrapper\"><figure class=\"elementor-image-box-img\"><a href=\"https:\/\/festival-livre-jeunesse.fr\/2024\/sarah-cheveau\/\" tabindex=\"-1\"><img loading=\"lazy\" decoding=\"async\" width=\"150\" height=\"150\" src=\"https:\/\/festival-livre-jeunesse.fr\/2024\/wp-content\/uploads\/2023\/09\/SarahCheveau-credit_ClaireVandamme-4-copie-150x150.jpg\" class=\"attachment-thumbnail size-thumbnail wp-image-14601\" alt=\"\" \/><\/a><\/figure><div class=\"elementor-image-box-content\"><h3 class=\"elementor-image-box-title\"><a href=\"https:\/\/festival-livre-jeunesse.fr\/2024\/sarah-cheveau\/\">Sarah CHEVEAU<\/a><\/h3><\/div><\/div>\t\t\t\t<\/div>\n\t\t\t\t<\/div>\n\t\t\t\t\t<\/div>\n\t\t<\/div>\n\t\t\t\t<div class=\"elementor-column elementor-col-14 elementor-top-column elementor-element elementor-element-1eb69fb\" data-id=\"1eb69fb\" data-element_type=\"column\">\n\t\t\t<div class=\"elementor-widget-wrap elementor-element-populated\">\n\t\t\t\t\t\t<div class=\"elementor-element elementor-element-744b9fc elementor-position-top elementor-widget elementor-widget-image-box\" data-id=\"744b9fc\" data-element_type=\"widget\" data-widget_type=\"image-box.default\">\n\t\t\t\t<div class=\"elementor-widget-container\">\n\t\t\t\t\t<div class=\"elementor-image-box-wrapper\"><figure class=\"elementor-image-box-img\"><a href=\"https:\/\/festival-livre-jeunesse.fr\/2024\/anne-cortey\" tabindex=\"-1\"><img loading=\"lazy\" decoding=\"async\" width=\"150\" height=\"150\" src=\"https:\/\/festival-livre-jeunesse.fr\/2024\/wp-content\/uploads\/2023\/09\/anne-cortey\u00a9alexandra-delaminne-HD-10-150x150.jpeg\" class=\"attachment-thumbnail size-thumbnail wp-image-13952\" alt=\"\" \/><\/a><\/figure><div class=\"elementor-image-box-content\"><h3 class=\"elementor-image-box-title\"><a href=\"https:\/\/festival-livre-jeunesse.fr\/2024\/anne-cortey\">Anne CORTEY<\/a><\/h3><\/div><\/div>\t\t\t\t<\/div>\n\t\t\t\t<\/div>\n\t\t\t\t\t<\/div>\n\t\t<\/div>\n\t\t\t\t<div class=\"elementor-column elementor-col-14 elementor-top-column elementor-element elementor-element-05d67c4\" data-id=\"05d67c4\" data-element_type=\"column\">\n\t\t\t<div class=\"elementor-widget-wrap\">\n\t\t\t\t\t\t\t<\/div>\n\t\t<\/div>\n\t\t\t\t\t<\/div>\n\t\t<\/section>\n\t\t\t\t<section class=\"elementor-section elementor-top-section elementor-element elementor-element-c98eb7e elementor-section-boxed elementor-section-height-default elementor-section-height-default\" data-id=\"c98eb7e\" data-element_type=\"section\">\n\t\t\t\t\t\t<div class=\"elementor-container elementor-column-gap-default\">\n\t\t\t\t\t<div class=\"elementor-column elementor-col-14 elementor-top-column elementor-element elementor-element-7c73e31\" data-id=\"7c73e31\" data-element_type=\"column\">\n\t\t\t<div class=\"elementor-widget-wrap\">\n\t\t\t\t\t\t\t<\/div>\n\t\t<\/div>\n\t\t\t\t<div class=\"elementor-column elementor-col-14 elementor-top-column elementor-element elementor-element-701e8f8\" data-id=\"701e8f8\" data-element_type=\"column\">\n\t\t\t<div class=\"elementor-widget-wrap elementor-element-populated\">\n\t\t\t\t\t\t<div class=\"elementor-element elementor-element-d285d9b elementor-position-top elementor-widget elementor-widget-image-box\" data-id=\"d285d9b\" data-element_type=\"widget\" data-widget_type=\"image-box.default\">\n\t\t\t\t<div class=\"elementor-widget-container\">\n\t\t\t\t\t<div class=\"elementor-image-box-wrapper\"><figure class=\"elementor-image-box-img\"><a href=\"https:\/\/festival-livre-jeunesse.fr\/2024\/remi-courgeon\" tabindex=\"-1\"><img loading=\"lazy\" decoding=\"async\" width=\"150\" height=\"150\" src=\"https:\/\/festival-livre-jeunesse.fr\/2024\/wp-content\/uploads\/2023\/10\/remi-Courgeon-150x150.webp\" class=\"attachment-thumbnail size-thumbnail wp-image-14844\" alt=\"\" \/><\/a><\/figure><div class=\"elementor-image-box-content\"><h3 class=\"elementor-image-box-title\"><a href=\"https:\/\/festival-livre-jeunesse.fr\/2024\/remi-courgeon\">R\u00e9mi COURGEON<\/a><\/h3><\/div><\/div>\t\t\t\t<\/div>\n\t\t\t\t<\/div>\n\t\t\t\t\t<\/div>\n\t\t<\/div>\n\t\t\t\t<div class=\"elementor-column elementor-col-14 elementor-top-column elementor-element elementor-element-86c7d18\" data-id=\"86c7d18\" data-element_type=\"column\">\n\t\t\t<div class=\"elementor-widget-wrap elementor-element-populated\">\n\t\t\t\t\t\t<div class=\"elementor-element elementor-element-b5b4adb elementor-position-top elementor-widget elementor-widget-image-box\" data-id=\"b5b4adb\" data-element_type=\"widget\" data-widget_type=\"image-box.default\">\n\t\t\t\t<div class=\"elementor-widget-container\">\n\t\t\t\t\t<div class=\"elementor-image-box-wrapper\"><figure class=\"elementor-image-box-img\"><a href=\"https:\/\/festival-livre-jeunesse.fr\/2024\/sybille-delacroix\" tabindex=\"-1\"><img loading=\"lazy\" decoding=\"async\" width=\"150\" height=\"150\" src=\"https:\/\/festival-livre-jeunesse.fr\/2024\/wp-content\/uploads\/2023\/10\/sibylledelacroix-150x150.jpg\" class=\"attachment-thumbnail size-thumbnail wp-image-14872\" alt=\"\" \/><\/a><\/figure><div class=\"elementor-image-box-content\"><h3 class=\"elementor-image-box-title\"><a href=\"https:\/\/festival-livre-jeunesse.fr\/2024\/sybille-delacroix\">Sibylle DELACROIX<\/a><\/h3><\/div><\/div>\t\t\t\t<\/div>\n\t\t\t\t<\/div>\n\t\t\t\t\t<\/div>\n\t\t<\/div>\n\t\t\t\t<div class=\"elementor-column elementor-col-14 elementor-top-column elementor-element elementor-element-af8f903\" data-id=\"af8f903\" data-element_type=\"column\">\n\t\t\t<div class=\"elementor-widget-wrap elementor-element-populated\">\n\t\t\t\t\t\t<div class=\"elementor-element elementor-element-2bcff39 elementor-position-top elementor-widget elementor-widget-image-box\" data-id=\"2bcff39\" data-element_type=\"widget\" data-widget_type=\"image-box.default\">\n\t\t\t\t<div class=\"elementor-widget-container\">\n\t\t\t\t\t<div class=\"elementor-image-box-wrapper\"><figure class=\"elementor-image-box-img\"><a href=\"https:\/\/festival-livre-jeunesse.fr\/2024\/kamy-dobi\" tabindex=\"-1\"><img loading=\"lazy\" decoding=\"async\" width=\"150\" height=\"150\" src=\"https:\/\/festival-livre-jeunesse.fr\/2024\/wp-content\/uploads\/2023\/09\/Kami-Dobi-150x150.jpg\" class=\"attachment-thumbnail size-thumbnail wp-image-14233\" alt=\"\" \/><\/a><\/figure><div class=\"elementor-image-box-content\"><h3 class=\"elementor-image-box-title\"><a href=\"https:\/\/festival-livre-jeunesse.fr\/2024\/kamy-dobi\">K\u00e4my DOBI<\/a><\/h3><\/div><\/div>\t\t\t\t<\/div>\n\t\t\t\t<\/div>\n\t\t\t\t\t<\/div>\n\t\t<\/div>\n\t\t\t\t<div class=\"elementor-column elementor-col-14 elementor-top-column elementor-element elementor-element-4a321b8\" data-id=\"4a321b8\" data-element_type=\"column\">\n\t\t\t<div class=\"elementor-widget-wrap elementor-element-populated\">\n\t\t\t\t\t\t<div class=\"elementor-element elementor-element-d75daf8 elementor-position-top elementor-widget elementor-widget-image-box\" data-id=\"d75daf8\" data-element_type=\"widget\" data-widget_type=\"image-box.default\">\n\t\t\t\t<div class=\"elementor-widget-container\">\n\t\t\t\t\t<div class=\"elementor-image-box-wrapper\"><figure class=\"elementor-image-box-img\"><a href=\"https:\/\/festival-livre-jeunesse.fr\/2024\/gaetan-doremus\" tabindex=\"-1\"><img loading=\"lazy\" decoding=\"async\" width=\"150\" height=\"150\" src=\"https:\/\/festival-livre-jeunesse.fr\/2024\/wp-content\/uploads\/2022\/09\/Gaetan-Doremus-\u00a9-Lise-Gaudaire-1-150x150.webp\" class=\"attachment-thumbnail size-thumbnail wp-image-9800\" alt=\"\" \/><\/a><\/figure><div class=\"elementor-image-box-content\"><h3 class=\"elementor-image-box-title\"><a href=\"https:\/\/festival-livre-jeunesse.fr\/2024\/gaetan-doremus\">Ga\u00ebtan DOREMUS<\/a><\/h3><\/div><\/div>\t\t\t\t<\/div>\n\t\t\t\t<\/div>\n\t\t\t\t\t<\/div>\n\t\t<\/div>\n\t\t\t\t<div class=\"elementor-column elementor-col-14 elementor-top-column elementor-element elementor-element-65ad374\" data-id=\"65ad374\" data-element_type=\"column\">\n\t\t\t<div class=\"elementor-widget-wrap elementor-element-populated\">\n\t\t\t\t\t\t<div class=\"elementor-element elementor-element-1a34355 elementor-position-top elementor-widget elementor-widget-image-box\" data-id=\"1a34355\" data-element_type=\"widget\" data-widget_type=\"image-box.default\">\n\t\t\t\t<div class=\"elementor-widget-container\">\n\t\t\t\t\t<div class=\"elementor-image-box-wrapper\"><figure class=\"elementor-image-box-img\"><a href=\"https:\/\/festival-livre-jeunesse.fr\/2024\/fanny-dreyer\/\" tabindex=\"-1\"><img loading=\"lazy\" decoding=\"async\" width=\"150\" height=\"150\" src=\"https:\/\/festival-livre-jeunesse.fr\/2024\/wp-content\/uploads\/2023\/09\/202303_Fanny_AnneLutz_74-150x150.jpg\" class=\"attachment-thumbnail size-thumbnail wp-image-14602\" alt=\"\" \/><\/a><\/figure><div class=\"elementor-image-box-content\"><h3 class=\"elementor-image-box-title\"><a href=\"https:\/\/festival-livre-jeunesse.fr\/2024\/fanny-dreyer\/\">Fanny DREYER<\/a><\/h3><\/div><\/div>\t\t\t\t<\/div>\n\t\t\t\t<\/div>\n\t\t\t\t\t<\/div>\n\t\t<\/div>\n\t\t\t\t<div class=\"elementor-column elementor-col-14 elementor-top-column elementor-element elementor-element-afc8cff\" data-id=\"afc8cff\" data-element_type=\"column\">\n\t\t\t<div class=\"elementor-widget-wrap\">\n\t\t\t\t\t\t\t<\/div>\n\t\t<\/div>\n\t\t\t\t\t<\/div>\n\t\t<\/section>\n\t\t\t\t<section class=\"elementor-section elementor-top-section elementor-element elementor-element-f12a4cb elementor-section-boxed elementor-section-height-default elementor-section-height-default\" data-id=\"f12a4cb\" data-element_type=\"section\">\n\t\t\t\t\t\t<div class=\"elementor-container elementor-column-gap-default\">\n\t\t\t\t\t<div class=\"elementor-column elementor-col-14 elementor-top-column elementor-element elementor-element-35c58f8\" data-id=\"35c58f8\" data-element_type=\"column\">\n\t\t\t<div class=\"elementor-widget-wrap\">\n\t\t\t\t\t\t\t<\/div>\n\t\t<\/div>\n\t\t\t\t<div class=\"elementor-column elementor-col-14 elementor-top-column elementor-element elementor-element-d7756c2\" data-id=\"d7756c2\" data-element_type=\"column\">\n\t\t\t<div class=\"elementor-widget-wrap elementor-element-populated\">\n\t\t\t\t\t\t<div class=\"elementor-element elementor-element-d64a6f8 elementor-position-top elementor-widget elementor-widget-image-box\" data-id=\"d64a6f8\" data-element_type=\"widget\" data-widget_type=\"image-box.default\">\n\t\t\t\t<div class=\"elementor-widget-container\">\n\t\t\t\t\t<div class=\"elementor-image-box-wrapper\"><figure class=\"elementor-image-box-img\"><a href=\"https:\/\/festival-livre-jeunesse.fr\/2024\/coline-garcia\" tabindex=\"-1\"><img loading=\"lazy\" decoding=\"async\" width=\"150\" height=\"150\" src=\"https:\/\/festival-livre-jeunesse.fr\/2024\/wp-content\/uploads\/2023\/09\/Portrait-Coline-Garcia-Cie-SCOM-150x150.png\" class=\"attachment-thumbnail size-thumbnail wp-image-13966\" alt=\"\" srcset=\"https:\/\/festival-livre-jeunesse.fr\/2024\/wp-content\/uploads\/2023\/09\/Portrait-Coline-Garcia-Cie-SCOM-150x150.png 150w, https:\/\/festival-livre-jeunesse.fr\/2024\/wp-content\/uploads\/2023\/09\/Portrait-Coline-Garcia-Cie-SCOM-300x300.png 300w, https:\/\/festival-livre-jeunesse.fr\/2024\/wp-content\/uploads\/2023\/09\/Portrait-Coline-Garcia-Cie-SCOM-768x764.png 768w, https:\/\/festival-livre-jeunesse.fr\/2024\/wp-content\/uploads\/2023\/09\/Portrait-Coline-Garcia-Cie-SCOM.png 841w\" sizes=\"(max-width: 150px) 100vw, 150px\" \/><\/a><\/figure><div class=\"elementor-image-box-content\"><h3 class=\"elementor-image-box-title\"><a href=\"https:\/\/festival-livre-jeunesse.fr\/2024\/coline-garcia\">Coline GARCIA<\/a><\/h3><\/div><\/div>\t\t\t\t<\/div>\n\t\t\t\t<\/div>\n\t\t\t\t\t<\/div>\n\t\t<\/div>\n\t\t\t\t<div class=\"elementor-column elementor-col-14 elementor-top-column elementor-element elementor-element-53ddf69\" data-id=\"53ddf69\" data-element_type=\"column\">\n\t\t\t<div class=\"elementor-widget-wrap elementor-element-populated\">\n\t\t\t\t\t\t<div class=\"elementor-element elementor-element-b037db6 elementor-position-top elementor-widget elementor-widget-image-box\" data-id=\"b037db6\" data-element_type=\"widget\" data-widget_type=\"image-box.default\">\n\t\t\t\t<div class=\"elementor-widget-container\">\n\t\t\t\t\t<div class=\"elementor-image-box-wrapper\"><figure class=\"elementor-image-box-img\"><a href=\"https:\/\/festival-livre-jeunesse.fr\/2024\/sara-gavioli\" tabindex=\"-1\"><img loading=\"lazy\" decoding=\"async\" width=\"150\" height=\"150\" src=\"https:\/\/festival-livre-jeunesse.fr\/2024\/wp-content\/uploads\/2023\/09\/portrait-Sara.Gavioli.carre_-150x150.jpg\" class=\"attachment-thumbnail size-thumbnail wp-image-13969\" alt=\"\" srcset=\"https:\/\/festival-livre-jeunesse.fr\/2024\/wp-content\/uploads\/2023\/09\/portrait-Sara.Gavioli.carre_-150x150.jpg 150w, https:\/\/festival-livre-jeunesse.fr\/2024\/wp-content\/uploads\/2023\/09\/portrait-Sara.Gavioli.carre_-300x300.jpg 300w, https:\/\/festival-livre-jeunesse.fr\/2024\/wp-content\/uploads\/2023\/09\/portrait-Sara.Gavioli.carre_-1024x1024.jpg 1024w, https:\/\/festival-livre-jeunesse.fr\/2024\/wp-content\/uploads\/2023\/09\/portrait-Sara.Gavioli.carre_-768x768.jpg 768w, https:\/\/festival-livre-jeunesse.fr\/2024\/wp-content\/uploads\/2023\/09\/portrait-Sara.Gavioli.carre_-1536x1536.jpg 1536w, https:\/\/festival-livre-jeunesse.fr\/2024\/wp-content\/uploads\/2023\/09\/portrait-Sara.Gavioli.carre_.jpg 1772w\" sizes=\"(max-width: 150px) 100vw, 150px\" \/><\/a><\/figure><div class=\"elementor-image-box-content\"><h3 class=\"elementor-image-box-title\"><a href=\"https:\/\/festival-livre-jeunesse.fr\/2024\/sara-gavioli\">Sara GAVIOLI<\/a><\/h3><\/div><\/div>\t\t\t\t<\/div>\n\t\t\t\t<\/div>\n\t\t\t\t\t<\/div>\n\t\t<\/div>\n\t\t\t\t<div class=\"elementor-column elementor-col-14 elementor-top-column elementor-element elementor-element-b55ebf8\" data-id=\"b55ebf8\" data-element_type=\"column\">\n\t\t\t<div class=\"elementor-widget-wrap elementor-element-populated\">\n\t\t\t\t\t\t<div class=\"elementor-element elementor-element-5f100bb elementor-position-top elementor-widget elementor-widget-image-box\" data-id=\"5f100bb\" data-element_type=\"widget\" data-widget_type=\"image-box.default\">\n\t\t\t\t<div class=\"elementor-widget-container\">\n\t\t\t\t\t<div class=\"elementor-image-box-wrapper\"><figure class=\"elementor-image-box-img\"><a href=\"https:\/\/festival-livre-jeunesse.fr\/2024\/chrysostome-gourio\" tabindex=\"-1\"><img loading=\"lazy\" decoding=\"async\" width=\"150\" height=\"150\" src=\"https:\/\/festival-livre-jeunesse.fr\/2024\/wp-content\/uploads\/2023\/09\/Photo-CG-Copie-150x150.jpg\" class=\"attachment-thumbnail size-thumbnail wp-image-13964\" alt=\"\" \/><\/a><\/figure><div class=\"elementor-image-box-content\"><h3 class=\"elementor-image-box-title\"><a href=\"https:\/\/festival-livre-jeunesse.fr\/2024\/chrysostome-gourio\">Chrysostome GOURIO<\/a><\/h3><\/div><\/div>\t\t\t\t<\/div>\n\t\t\t\t<\/div>\n\t\t\t\t\t<\/div>\n\t\t<\/div>\n\t\t\t\t<div class=\"elementor-column elementor-col-14 elementor-top-column elementor-element elementor-element-6690a31\" data-id=\"6690a31\" data-element_type=\"column\">\n\t\t\t<div class=\"elementor-widget-wrap elementor-element-populated\">\n\t\t\t\t\t\t<div class=\"elementor-element elementor-element-56d8778 elementor-position-top elementor-widget elementor-widget-image-box\" data-id=\"56d8778\" data-element_type=\"widget\" data-widget_type=\"image-box.default\">\n\t\t\t\t<div class=\"elementor-widget-container\">\n\t\t\t\t\t<div class=\"elementor-image-box-wrapper\"><figure class=\"elementor-image-box-img\"><a href=\"https:\/\/festival-livre-jeunesse.fr\/2024\/francoise-de-guibert-2\/\" tabindex=\"-1\"><img loading=\"lazy\" decoding=\"async\" width=\"150\" height=\"150\" src=\"https:\/\/festival-livre-jeunesse.fr\/2024\/wp-content\/uploads\/2024\/01\/Francoise-de-Guibert-150x150.jpg\" class=\"attachment-thumbnail size-thumbnail wp-image-15987\" alt=\"\" srcset=\"https:\/\/festival-livre-jeunesse.fr\/2024\/wp-content\/uploads\/2024\/01\/Francoise-de-Guibert-150x150.jpg 150w, https:\/\/festival-livre-jeunesse.fr\/2024\/wp-content\/uploads\/2024\/01\/elementor\/thumbs\/Francoise-de-Guibert-qhpsql7tkm0v96xhnobpcw38jprssvnuu7k0f8qw9c.jpg 200w, https:\/\/festival-livre-jeunesse.fr\/2024\/wp-content\/uploads\/2024\/01\/Francoise-de-Guibert.jpg 244w\" sizes=\"(max-width: 150px) 100vw, 150px\" \/><\/a><\/figure><div class=\"elementor-image-box-content\"><h3 class=\"elementor-image-box-title\"><a href=\"https:\/\/festival-livre-jeunesse.fr\/2024\/francoise-de-guibert-2\/\">Fran\u00e7oise de GUIBERT<\/a><\/h3><\/div><\/div>\t\t\t\t<\/div>\n\t\t\t\t<\/div>\n\t\t\t\t\t<\/div>\n\t\t<\/div>\n\t\t\t\t<div class=\"elementor-column elementor-col-14 elementor-top-column elementor-element elementor-element-94d8f82\" data-id=\"94d8f82\" data-element_type=\"column\">\n\t\t\t<div class=\"elementor-widget-wrap elementor-element-populated\">\n\t\t\t\t\t\t<div class=\"elementor-element elementor-element-b6d6333 elementor-position-top elementor-widget elementor-widget-image-box\" data-id=\"b6d6333\" data-element_type=\"widget\" data-widget_type=\"image-box.default\">\n\t\t\t\t<div class=\"elementor-widget-container\">\n\t\t\t\t\t<div class=\"elementor-image-box-wrapper\"><figure class=\"elementor-image-box-img\"><a href=\"https:\/\/festival-livre-jeunesse.fr\/2024\/christophe-guillaumot\" tabindex=\"-1\"><img loading=\"lazy\" decoding=\"async\" width=\"150\" height=\"150\" src=\"https:\/\/festival-livre-jeunesse.fr\/2024\/wp-content\/uploads\/2023\/09\/Christophe-Guillaumot-c-Patrick-Gaillardin-Copie-150x150.jpg\" class=\"attachment-thumbnail size-thumbnail wp-image-13959\" alt=\"\" \/><\/a><\/figure><div class=\"elementor-image-box-content\"><h3 class=\"elementor-image-box-title\"><a href=\"https:\/\/festival-livre-jeunesse.fr\/2024\/christophe-guillaumot\">Christophe GUILLAUMOT<\/a><\/h3><\/div><\/div>\t\t\t\t<\/div>\n\t\t\t\t<\/div>\n\t\t\t\t\t<\/div>\n\t\t<\/div>\n\t\t\t\t<div class=\"elementor-column elementor-col-14 elementor-top-column elementor-element elementor-element-89b269f\" data-id=\"89b269f\" data-element_type=\"column\">\n\t\t\t<div class=\"elementor-widget-wrap\">\n\t\t\t\t\t\t\t<\/div>\n\t\t<\/div>\n\t\t\t\t\t<\/div>\n\t\t<\/section>\n\t\t\t\t<section class=\"elementor-section elementor-top-section elementor-element elementor-element-320ac61 elementor-section-boxed elementor-section-height-default elementor-section-height-default\" data-id=\"320ac61\" data-element_type=\"section\" data-settings=\"{&quot;background_background&quot;:&quot;classic&quot;}\">\n\t\t\t\t\t\t<div class=\"elementor-container elementor-column-gap-default\">\n\t\t\t\t\t<div class=\"elementor-column elementor-col-14 elementor-top-column elementor-element elementor-element-00de7f0\" data-id=\"00de7f0\" data-element_type=\"column\">\n\t\t\t<div class=\"elementor-widget-wrap\">\n\t\t\t\t\t\t\t<\/div>\n\t\t<\/div>\n\t\t\t\t<div class=\"elementor-column elementor-col-14 elementor-top-column elementor-element elementor-element-6c7a7ab\" data-id=\"6c7a7ab\" data-element_type=\"column\">\n\t\t\t<div class=\"elementor-widget-wrap elementor-element-populated\">\n\t\t\t\t\t\t<div class=\"elementor-element elementor-element-0670e4a elementor-position-top elementor-widget elementor-widget-image-box\" data-id=\"0670e4a\" data-element_type=\"widget\" data-widget_type=\"image-box.default\">\n\t\t\t\t<div class=\"elementor-widget-container\">\n\t\t\t\t\t<div class=\"elementor-image-box-wrapper\"><figure class=\"elementor-image-box-img\"><a href=\"https:\/\/festival-livre-jeunesse.fr\/2024\/rose-le-bescond\" tabindex=\"-1\"><img loading=\"lazy\" decoding=\"async\" width=\"150\" height=\"150\" src=\"https:\/\/festival-livre-jeunesse.fr\/2024\/wp-content\/uploads\/2023\/09\/Rose-Lebescond-150x150.jpg\" class=\"attachment-thumbnail size-thumbnail wp-image-14304\" alt=\"\" \/><\/a><\/figure><div class=\"elementor-image-box-content\"><h3 class=\"elementor-image-box-title\"><a href=\"https:\/\/festival-livre-jeunesse.fr\/2024\/rose-le-bescond\">Rose LE BESCOND<\/a><\/h3><\/div><\/div>\t\t\t\t<\/div>\n\t\t\t\t<\/div>\n\t\t\t\t\t<\/div>\n\t\t<\/div>\n\t\t\t\t<div class=\"elementor-column elementor-col-14 elementor-top-column elementor-element elementor-element-0cc39ba\" data-id=\"0cc39ba\" data-element_type=\"column\">\n\t\t\t<div class=\"elementor-widget-wrap elementor-element-populated\">\n\t\t\t\t\t\t<div class=\"elementor-element elementor-element-42debfb elementor-position-top elementor-widget elementor-widget-image-box\" data-id=\"42debfb\" data-element_type=\"widget\" data-widget_type=\"image-box.default\">\n\t\t\t\t<div class=\"elementor-widget-container\">\n\t\t\t\t\t<div class=\"elementor-image-box-wrapper\"><figure class=\"elementor-image-box-img\"><a href=\"https:\/\/festival-livre-jeunesse.fr\/2024\/regis-lejonc\" tabindex=\"-1\"><img loading=\"lazy\" decoding=\"async\" width=\"150\" height=\"150\" src=\"https:\/\/festival-livre-jeunesse.fr\/2024\/wp-content\/uploads\/2023\/09\/RegisLejonc-150x150.webp\" class=\"attachment-thumbnail size-thumbnail wp-image-14468\" alt=\"\" \/><\/a><\/figure><div class=\"elementor-image-box-content\"><h3 class=\"elementor-image-box-title\"><a href=\"https:\/\/festival-livre-jeunesse.fr\/2024\/regis-lejonc\">Regis LEJONC<\/a><\/h3><\/div><\/div>\t\t\t\t<\/div>\n\t\t\t\t<\/div>\n\t\t\t\t\t<\/div>\n\t\t<\/div>\n\t\t\t\t<div class=\"elementor-column elementor-col-14 elementor-top-column elementor-element elementor-element-10bc8c9\" data-id=\"10bc8c9\" data-element_type=\"column\">\n\t\t\t<div class=\"elementor-widget-wrap elementor-element-populated\">\n\t\t\t\t\t\t<div class=\"elementor-element elementor-element-5d00032 elementor-position-top elementor-widget elementor-widget-image-box\" data-id=\"5d00032\" data-element_type=\"widget\" data-widget_type=\"image-box.default\">\n\t\t\t\t<div class=\"elementor-widget-container\">\n\t\t\t\t\t<div class=\"elementor-image-box-wrapper\"><figure class=\"elementor-image-box-img\"><a href=\"https:\/\/festival-livre-jeunesse.fr\/2024\/marie-leymarie\" tabindex=\"-1\"><img loading=\"lazy\" decoding=\"async\" width=\"150\" height=\"150\" src=\"https:\/\/festival-livre-jeunesse.fr\/2024\/wp-content\/uploads\/2023\/09\/Marie-Leymarie01.jpg-150x150.png\" class=\"attachment-thumbnail size-thumbnail wp-image-14645\" alt=\"\" \/><\/a><\/figure><div class=\"elementor-image-box-content\"><h3 class=\"elementor-image-box-title\"><a href=\"https:\/\/festival-livre-jeunesse.fr\/2024\/marie-leymarie\">Marie LEYMARIE<\/a><\/h3><\/div><\/div>\t\t\t\t<\/div>\n\t\t\t\t<\/div>\n\t\t\t\t\t<\/div>\n\t\t<\/div>\n\t\t\t\t<div class=\"elementor-column elementor-col-14 elementor-top-column elementor-element elementor-element-17eabc8\" data-id=\"17eabc8\" data-element_type=\"column\">\n\t\t\t<div class=\"elementor-widget-wrap elementor-element-populated\">\n\t\t\t\t\t\t<div class=\"elementor-element elementor-element-6f85b0a elementor-position-top elementor-widget elementor-widget-image-box\" data-id=\"6f85b0a\" data-element_type=\"widget\" data-widget_type=\"image-box.default\">\n\t\t\t\t<div class=\"elementor-widget-container\">\n\t\t\t\t\t<div class=\"elementor-image-box-wrapper\"><figure class=\"elementor-image-box-img\"><a href=\"https:\/\/festival-livre-jeunesse.fr\/2024\/henri-meunier\" tabindex=\"-1\"><img loading=\"lazy\" decoding=\"async\" width=\"150\" height=\"150\" src=\"https:\/\/festival-livre-jeunesse.fr\/2024\/wp-content\/uploads\/2023\/09\/bobine2023henri1-Copie-150x150.jpg\" class=\"attachment-thumbnail size-thumbnail wp-image-13957\" alt=\"\" \/><\/a><\/figure><div class=\"elementor-image-box-content\"><h3 class=\"elementor-image-box-title\"><a href=\"https:\/\/festival-livre-jeunesse.fr\/2024\/henri-meunier\">Henri Meunier<\/a><\/h3><\/div><\/div>\t\t\t\t<\/div>\n\t\t\t\t<\/div>\n\t\t\t\t\t<\/div>\n\t\t<\/div>\n\t\t\t\t<div class=\"elementor-column elementor-col-14 elementor-top-column elementor-element elementor-element-cf151fb\" data-id=\"cf151fb\" data-element_type=\"column\">\n\t\t\t<div class=\"elementor-widget-wrap elementor-element-populated\">\n\t\t\t\t\t\t<div class=\"elementor-element elementor-element-15942a2 elementor-position-top elementor-widget elementor-widget-image-box\" data-id=\"15942a2\" data-element_type=\"widget\" data-widget_type=\"image-box.default\">\n\t\t\t\t<div class=\"elementor-widget-container\">\n\t\t\t\t\t<div class=\"elementor-image-box-wrapper\"><figure class=\"elementor-image-box-img\"><a href=\"https:\/\/festival-livre-jeunesse.fr\/2024\/fanny-pageaud\" tabindex=\"-1\"><img loading=\"lazy\" decoding=\"async\" width=\"150\" height=\"150\" src=\"https:\/\/festival-livre-jeunesse.fr\/2024\/wp-content\/uploads\/2023\/09\/portrait-pageaud-1-150x150.jpg\" class=\"attachment-thumbnail size-thumbnail wp-image-13968\" alt=\"\" \/><\/a><\/figure><div class=\"elementor-image-box-content\"><h3 class=\"elementor-image-box-title\"><a href=\"https:\/\/festival-livre-jeunesse.fr\/2024\/fanny-pageaud\">Fanny PAGEAUD<\/a><\/h3><\/div><\/div>\t\t\t\t<\/div>\n\t\t\t\t<\/div>\n\t\t\t\t\t<\/div>\n\t\t<\/div>\n\t\t\t\t<div class=\"elementor-column elementor-col-14 elementor-top-column elementor-element elementor-element-91a0240\" data-id=\"91a0240\" data-element_type=\"column\">\n\t\t\t<div class=\"elementor-widget-wrap\">\n\t\t\t\t\t\t\t<\/div>\n\t\t<\/div>\n\t\t\t\t\t<\/div>\n\t\t<\/section>\n\t\t\t\t<section class=\"elementor-section elementor-top-section elementor-element elementor-element-1753e28 elementor-section-boxed elementor-section-height-default elementor-section-height-default\" data-id=\"1753e28\" data-element_type=\"section\" data-settings=\"{&quot;background_background&quot;:&quot;classic&quot;}\">\n\t\t\t\t\t\t<div class=\"elementor-container elementor-column-gap-default\">\n\t\t\t\t\t<div class=\"elementor-column elementor-col-14 elementor-top-column elementor-element elementor-element-aa5b44f\" data-id=\"aa5b44f\" data-element_type=\"column\">\n\t\t\t<div class=\"elementor-widget-wrap\">\n\t\t\t\t\t\t\t<\/div>\n\t\t<\/div>\n\t\t\t\t<div class=\"elementor-column elementor-col-14 elementor-top-column elementor-element elementor-element-ab20726\" data-id=\"ab20726\" data-element_type=\"column\">\n\t\t\t<div class=\"elementor-widget-wrap elementor-element-populated\">\n\t\t\t\t\t\t<div class=\"elementor-element elementor-element-e593f3d elementor-position-top elementor-widget elementor-widget-image-box\" data-id=\"e593f3d\" data-element_type=\"widget\" data-widget_type=\"image-box.default\">\n\t\t\t\t<div class=\"elementor-widget-container\">\n\t\t\t\t\t<div class=\"elementor-image-box-wrapper\"><figure class=\"elementor-image-box-img\"><a href=\"https:\/\/festival-livre-jeunesse.fr\/2024\/marie-poirier\" tabindex=\"-1\"><img loading=\"lazy\" decoding=\"async\" width=\"150\" height=\"150\" src=\"https:\/\/festival-livre-jeunesse.fr\/2024\/wp-content\/uploads\/2023\/09\/Mpoirier-photo22-Copie-150x150.jpeg\" class=\"attachment-thumbnail size-thumbnail wp-image-13963\" alt=\"\" \/><\/a><\/figure><div class=\"elementor-image-box-content\"><h3 class=\"elementor-image-box-title\"><a href=\"https:\/\/festival-livre-jeunesse.fr\/2024\/marie-poirier\">Marie POIRIER    a r\u00e9alis\u00e9 l'affiche 2024<\/a><\/h3><\/div><\/div>\t\t\t\t<\/div>\n\t\t\t\t<\/div>\n\t\t\t\t\t<\/div>\n\t\t<\/div>\n\t\t\t\t<div class=\"elementor-column elementor-col-14 elementor-top-column elementor-element elementor-element-627a05b\" data-id=\"627a05b\" data-element_type=\"column\">\n\t\t\t<div class=\"elementor-widget-wrap elementor-element-populated\">\n\t\t\t\t\t\t<div class=\"elementor-element elementor-element-30f8570 elementor-position-top elementor-widget elementor-widget-image-box\" data-id=\"30f8570\" data-element_type=\"widget\" data-widget_type=\"image-box.default\">\n\t\t\t\t<div class=\"elementor-widget-container\">\n\t\t\t\t\t<div class=\"elementor-image-box-wrapper\"><figure class=\"elementor-image-box-img\"><a href=\"https:\/\/festival-livre-jeunesse.fr\/2024\/anne-margot-ramstein\" tabindex=\"-1\"><img loading=\"lazy\" decoding=\"async\" width=\"150\" height=\"150\" src=\"https:\/\/festival-livre-jeunesse.fr\/2024\/wp-content\/uploads\/2023\/09\/Anne-Margot-Ramstein-Copie-150x150.jpg\" class=\"attachment-thumbnail size-thumbnail wp-image-13956\" alt=\"\" \/><\/a><\/figure><div class=\"elementor-image-box-content\"><h3 class=\"elementor-image-box-title\"><a href=\"https:\/\/festival-livre-jeunesse.fr\/2024\/anne-margot-ramstein\">Anne-Margot RAMSTEIN<\/a><\/h3><\/div><\/div>\t\t\t\t<\/div>\n\t\t\t\t<\/div>\n\t\t\t\t\t<\/div>\n\t\t<\/div>\n\t\t\t\t<div class=\"elementor-column elementor-col-14 elementor-top-column elementor-element elementor-element-0bd97b1\" data-id=\"0bd97b1\" data-element_type=\"column\">\n\t\t\t<div class=\"elementor-widget-wrap elementor-element-populated\">\n\t\t\t\t\t\t<div class=\"elementor-element elementor-element-3087ce7 elementor-position-top elementor-widget elementor-widget-image-box\" data-id=\"3087ce7\" data-element_type=\"widget\" data-widget_type=\"image-box.default\">\n\t\t\t\t<div class=\"elementor-widget-container\">\n\t\t\t\t\t<div class=\"elementor-image-box-wrapper\"><figure class=\"elementor-image-box-img\"><a href=\"https:\/\/festival-livre-jeunesse.fr\/2024\/ghislaine-roman\" tabindex=\"-1\"><img loading=\"lazy\" decoding=\"async\" width=\"150\" height=\"150\" src=\"https:\/\/festival-livre-jeunesse.fr\/2024\/wp-content\/uploads\/2023\/09\/Roman_Ghislaine-150x150.jpg\" class=\"attachment-thumbnail size-thumbnail wp-image-13970\" alt=\"\" srcset=\"https:\/\/festival-livre-jeunesse.fr\/2024\/wp-content\/uploads\/2023\/09\/Roman_Ghislaine-150x150.jpg 150w, https:\/\/festival-livre-jeunesse.fr\/2024\/wp-content\/uploads\/2023\/09\/Roman_Ghislaine-300x300.jpg 300w, https:\/\/festival-livre-jeunesse.fr\/2024\/wp-content\/uploads\/2023\/09\/Roman_Ghislaine-768x768.jpg 768w, https:\/\/festival-livre-jeunesse.fr\/2024\/wp-content\/uploads\/2023\/09\/Roman_Ghislaine.jpg 793w\" sizes=\"(max-width: 150px) 100vw, 150px\" \/><\/a><\/figure><div class=\"elementor-image-box-content\"><h3 class=\"elementor-image-box-title\"><a href=\"https:\/\/festival-livre-jeunesse.fr\/2024\/ghislaine-roman\">Ghislaine ROMAN<\/a><\/h3><\/div><\/div>\t\t\t\t<\/div>\n\t\t\t\t<\/div>\n\t\t\t\t\t<\/div>\n\t\t<\/div>\n\t\t\t\t<div class=\"elementor-column elementor-col-14 elementor-top-column elementor-element elementor-element-a5aba6b\" data-id=\"a5aba6b\" data-element_type=\"column\">\n\t\t\t<div class=\"elementor-widget-wrap elementor-element-populated\">\n\t\t\t\t\t\t<div class=\"elementor-element elementor-element-8871e1c elementor-position-top elementor-widget elementor-widget-image-box\" data-id=\"8871e1c\" data-element_type=\"widget\" data-widget_type=\"image-box.default\">\n\t\t\t\t<div class=\"elementor-widget-container\">\n\t\t\t\t\t<div class=\"elementor-image-box-wrapper\"><figure class=\"elementor-image-box-img\"><a href=\"https:\/\/festival-livre-jeunesse.fr\/2024\/thomas-scotto\" tabindex=\"-1\"><img loading=\"lazy\" decoding=\"async\" width=\"150\" height=\"150\" src=\"https:\/\/festival-livre-jeunesse.fr\/2024\/wp-content\/uploads\/2023\/09\/Thomas-Scotto-150x150.png\" class=\"attachment-thumbnail size-thumbnail wp-image-13971\" alt=\"\" \/><\/a><\/figure><div class=\"elementor-image-box-content\"><h3 class=\"elementor-image-box-title\"><a href=\"https:\/\/festival-livre-jeunesse.fr\/2024\/thomas-scotto\">Thomas SCOTTO<\/a><\/h3><\/div><\/div>\t\t\t\t<\/div>\n\t\t\t\t<\/div>\n\t\t\t\t\t<\/div>\n\t\t<\/div>\n\t\t\t\t<div class=\"elementor-column elementor-col-14 elementor-top-column elementor-element elementor-element-61ac412\" data-id=\"61ac412\" data-element_type=\"column\">\n\t\t\t<div class=\"elementor-widget-wrap elementor-element-populated\">\n\t\t\t\t\t\t<div class=\"elementor-element elementor-element-e297a92 elementor-position-top elementor-widget elementor-widget-image-box\" data-id=\"e297a92\" data-element_type=\"widget\" data-widget_type=\"image-box.default\">\n\t\t\t\t<div class=\"elementor-widget-container\">\n\t\t\t\t\t<div class=\"elementor-image-box-wrapper\"><figure class=\"elementor-image-box-img\"><a href=\"https:\/\/festival-livre-jeunesse.fr\/2024\/pierre-soletti\" tabindex=\"-1\"><img loading=\"lazy\" decoding=\"async\" width=\"150\" height=\"150\" src=\"https:\/\/festival-livre-jeunesse.fr\/2024\/wp-content\/uploads\/2022\/07\/Pierre-SOLETTI-1-150x150.jpg\" class=\"attachment-thumbnail size-thumbnail wp-image-9416\" alt=\"\" \/><\/a><\/figure><div class=\"elementor-image-box-content\"><h3 class=\"elementor-image-box-title\"><a href=\"https:\/\/festival-livre-jeunesse.fr\/2024\/pierre-soletti\">Pierre SOLETTI<\/a><\/h3><\/div><\/div>\t\t\t\t<\/div>\n\t\t\t\t<\/div>\n\t\t\t\t\t<\/div>\n\t\t<\/div>\n\t\t\t\t<div class=\"elementor-column elementor-col-14 elementor-top-column elementor-element elementor-element-acb77b4\" data-id=\"acb77b4\" data-element_type=\"column\">\n\t\t\t<div class=\"elementor-widget-wrap\">\n\t\t\t\t\t\t\t<\/div>\n\t\t<\/div>\n\t\t\t\t\t<\/div>\n\t\t<\/section>\n\t\t\t\t<section class=\"elementor-section elementor-top-section elementor-element elementor-element-74d519b elementor-section-boxed elementor-section-height-default elementor-section-height-default\" data-id=\"74d519b\" data-element_type=\"section\" data-settings=\"{&quot;background_background&quot;:&quot;classic&quot;}\">\n\t\t\t\t\t\t<div class=\"elementor-container elementor-column-gap-default\">\n\t\t\t\t\t<div class=\"elementor-column elementor-col-33 elementor-top-column elementor-element elementor-element-3861988\" data-id=\"3861988\" data-element_type=\"column\">\n\t\t\t<div class=\"elementor-widget-wrap\">\n\t\t\t\t\t\t\t<\/div>\n\t\t<\/div>\n\t\t\t\t<div class=\"elementor-column elementor-col-33 elementor-top-column elementor-element elementor-element-162ebb2\" data-id=\"162ebb2\" data-element_type=\"column\">\n\t\t\t<div class=\"elementor-widget-wrap elementor-element-populated\">\n\t\t\t\t\t\t<div class=\"elementor-element elementor-element-45b5b77 elementor-position-top elementor-widget elementor-widget-image-box\" data-id=\"45b5b77\" data-element_type=\"widget\" data-widget_type=\"image-box.default\">\n\t\t\t\t<div class=\"elementor-widget-container\">\n\t\t\t\t\t<div class=\"elementor-image-box-wrapper\"><figure class=\"elementor-image-box-img\"><a href=\"https:\/\/festival-livre-jeunesse.fr\/2024\/helene-vignal\" tabindex=\"-1\"><img loading=\"lazy\" decoding=\"async\" width=\"150\" height=\"150\" src=\"https:\/\/festival-livre-jeunesse.fr\/2024\/wp-content\/uploads\/2023\/09\/IMG_3206-Copie-150x150.jpg\" class=\"attachment-thumbnail size-thumbnail wp-image-13962\" alt=\"\" \/><\/a><\/figure><div class=\"elementor-image-box-content\"><h3 class=\"elementor-image-box-title\"><a href=\"https:\/\/festival-livre-jeunesse.fr\/2024\/helene-vignal\">H\u00e9l\u00e8ne VIGNAL<\/a><\/h3><\/div><\/div>\t\t\t\t<\/div>\n\t\t\t\t<\/div>\n\t\t\t\t\t<\/div>\n\t\t<\/div>\n\t\t\t\t<div class=\"elementor-column elementor-col-33 elementor-top-column elementor-element elementor-element-2be0aaf\" data-id=\"2be0aaf\" data-element_type=\"column\">\n\t\t\t<div class=\"elementor-widget-wrap\">\n\t\t\t\t\t\t\t<\/div>\n\t\t<\/div>\n\t\t\t\t\t<\/div>\n\t\t<\/section>\n\t\t\t\t<section class=\"elementor-section elementor-top-section elementor-element elementor-element-7538516 elementor-section-boxed elementor-section-height-default elementor-section-height-default\" data-id=\"7538516\" data-element_type=\"section\">\n\t\t\t\t\t\t<div class=\"elementor-container elementor-column-gap-default\">\n\t\t\t\t\t<div class=\"elementor-column elementor-col-100 elementor-top-column elementor-element elementor-element-e06ee8d\" data-id=\"e06ee8d\" data-element_type=\"column\">\n\t\t\t<div class=\"elementor-widget-wrap\">\n\t\t\t\t\t\t\t<\/div>\n\t\t<\/div>\n\t\t\t\t\t<\/div>\n\t\t<\/section>\n\t\t\t\t<section class=\"elementor-section elementor-top-section elementor-element elementor-element-d8a3e5e elementor-section-full_width elementor-section-height-default elementor-section-height-default\" data-id=\"d8a3e5e\" data-element_type=\"section\">\n\t\t\t\t\t\t<div class=\"elementor-container elementor-column-gap-default\">\n\t\t\t\t\t<div class=\"elementor-column elementor-col-100 elementor-top-column elementor-element elementor-element-9f20fea\" data-id=\"9f20fea\" data-element_type=\"column\">\n\t\t\t<div class=\"elementor-widget-wrap elementor-element-populated\">\n\t\t\t\t\t\t<div class=\"elementor-element elementor-element-d523b32 elementor-pagination-position-inside elementor-arrows-position-inside elementor-widget elementor-widget-image-carousel\" data-id=\"d523b32\" data-element_type=\"widget\" data-settings=\"{&quot;slides_to_show&quot;:&quot;9&quot;,&quot;autoplay_speed&quot;:3000,&quot;speed&quot;:250,&quot;image_spacing_custom&quot;:{&quot;unit&quot;:&quot;px&quot;,&quot;size&quot;:25,&quot;sizes&quot;:[]},&quot;navigation&quot;:&quot;both&quot;,&quot;autoplay&quot;:&quot;yes&quot;,&quot;pause_on_hover&quot;:&quot;yes&quot;,&quot;pause_on_interaction&quot;:&quot;yes&quot;,&quot;infinite&quot;:&quot;yes&quot;,&quot;image_spacing_custom_tablet&quot;:{&quot;unit&quot;:&quot;px&quot;,&quot;size&quot;:&quot;&quot;,&quot;sizes&quot;:[]},&quot;image_spacing_custom_mobile&quot;:{&quot;unit&quot;:&quot;px&quot;,&quot;size&quot;:&quot;&quot;,&quot;sizes&quot;:[]}}\" data-widget_type=\"image-carousel.default\">\n\t\t\t\t<div class=\"elementor-widget-container\">\n\t\t\t\t\t\t\t<div class=\"elementor-image-carousel-wrapper swiper\" role=\"region\" aria-roledescription=\"carousel\" aria-label=\"Carrousel d\u2019images\" dir=\"ltr\">\n\t\t\t<div class=\"elementor-image-carousel swiper-wrapper\" aria-live=\"off\">\n\t\t\t\t\t\t\t\t<div class=\"swiper-slide\" role=\"group\" aria-roledescription=\"slide\" aria-label=\"1 sur 18\"><a data-elementor-open-lightbox=\"yes\" data-elementor-lightbox-slideshow=\"d523b32\" data-elementor-lightbox-title=\"saint-orens\" data-e-action-hash=\"#elementor-action%3Aaction%3Dlightbox%26settings%3DeyJpZCI6MjY3NCwidXJsIjoiaHR0cHM6XC9cL2Zlc3RpdmFsLWxpdnJlLWpldW5lc3NlLmZyXC8yMDI0XC93cC1jb250ZW50XC91cGxvYWRzXC8yMDIxXC8wNVwvc2FpbnQtb3JlbnMucG5nIiwic2xpZGVzaG93IjoiZDUyM2IzMiJ9\" href=\"https:\/\/festival-livre-jeunesse.fr\/2021_intermediaire\/partenaires\/\"><figure class=\"swiper-slide-inner\"><img decoding=\"async\" class=\"swiper-slide-image\" src=\"https:\/\/festival-livre-jeunesse.fr\/2024\/wp-content\/uploads\/2021\/05\/saint-orens.png\" alt=\"Ville de Saint-Orens de Gameville\" \/><\/figure><\/a><\/div><div class=\"swiper-slide\" role=\"group\" aria-roledescription=\"slide\" aria-label=\"2 sur 18\"><a data-elementor-open-lightbox=\"yes\" data-elementor-lightbox-slideshow=\"d523b32\" data-elementor-lightbox-title=\"toulouse m\u00e9tropole\" data-e-action-hash=\"#elementor-action%3Aaction%3Dlightbox%26settings%3DeyJpZCI6MjY3NSwidXJsIjoiaHR0cHM6XC9cL2Zlc3RpdmFsLWxpdnJlLWpldW5lc3NlLmZyXC8yMDI0XC93cC1jb250ZW50XC91cGxvYWRzXC8yMDIxXC8wNVwvdG91bG91c2UtbWV0cm9wb2xlLnBuZyIsInNsaWRlc2hvdyI6ImQ1MjNiMzIifQ%3D%3D\" href=\"https:\/\/festival-livre-jeunesse.fr\/2021_intermediaire\/partenaires\/\"><figure class=\"swiper-slide-inner\"><img decoding=\"async\" class=\"swiper-slide-image\" src=\"https:\/\/festival-livre-jeunesse.fr\/2024\/wp-content\/uploads\/2021\/05\/toulouse-metropole.png\" alt=\"Toulouse M\u00e9tropole\" \/><\/figure><\/a><\/div><div class=\"swiper-slide\" role=\"group\" aria-roledescription=\"slide\" aria-label=\"3 sur 18\"><a data-elementor-open-lightbox=\"yes\" data-elementor-lightbox-slideshow=\"d523b32\" data-elementor-lightbox-title=\"cnl\" data-e-action-hash=\"#elementor-action%3Aaction%3Dlightbox%26settings%3DeyJpZCI6MjY3OSwidXJsIjoiaHR0cHM6XC9cL2Zlc3RpdmFsLWxpdnJlLWpldW5lc3NlLmZyXC8yMDI0XC93cC1jb250ZW50XC91cGxvYWRzXC8yMDIxXC8wNVwvY25sLnBuZyIsInNsaWRlc2hvdyI6ImQ1MjNiMzIifQ%3D%3D\" href=\"https:\/\/festival-livre-jeunesse.fr\/2021_intermediaire\/partenaires\/\"><figure class=\"swiper-slide-inner\"><img decoding=\"async\" class=\"swiper-slide-image\" src=\"https:\/\/festival-livre-jeunesse.fr\/2024\/wp-content\/uploads\/2021\/05\/cnl.png\" alt=\"CNL\" \/><\/figure><\/a><\/div><div class=\"swiper-slide\" role=\"group\" aria-roledescription=\"slide\" aria-label=\"4 sur 18\"><a data-elementor-open-lightbox=\"yes\" data-elementor-lightbox-slideshow=\"d523b32\" data-elementor-lightbox-title=\"cd31\" data-e-action-hash=\"#elementor-action%3Aaction%3Dlightbox%26settings%3DeyJpZCI6MjY3MywidXJsIjoiaHR0cHM6XC9cL2Zlc3RpdmFsLWxpdnJlLWpldW5lc3NlLmZyXC8yMDI0XC93cC1jb250ZW50XC91cGxvYWRzXC8yMDIxXC8wNVwvY2QzMS5wbmciLCJzbGlkZXNob3ciOiJkNTIzYjMyIn0%3D\" href=\"https:\/\/festival-livre-jeunesse.fr\/2021_intermediaire\/partenaires\/\"><figure class=\"swiper-slide-inner\"><img decoding=\"async\" class=\"swiper-slide-image\" src=\"https:\/\/festival-livre-jeunesse.fr\/2024\/wp-content\/uploads\/2021\/05\/cd31.png\" alt=\"CD31\" \/><\/figure><\/a><\/div><div class=\"swiper-slide\" role=\"group\" aria-roledescription=\"slide\" aria-label=\"5 sur 18\"><a data-elementor-open-lightbox=\"yes\" data-elementor-lightbox-slideshow=\"d523b32\" data-elementor-lightbox-title=\"r\u00e9gion occitanie\" data-e-action-hash=\"#elementor-action%3Aaction%3Dlightbox%26settings%3DeyJpZCI6MjY3MSwidXJsIjoiaHR0cHM6XC9cL2Zlc3RpdmFsLWxpdnJlLWpldW5lc3NlLmZyXC8yMDI0XC93cC1jb250ZW50XC91cGxvYWRzXC8yMDIxXC8wNVwvcmVnaW9uLW9jY2l0YW5pZS5wbmciLCJzbGlkZXNob3ciOiJkNTIzYjMyIn0%3D\" href=\"https:\/\/festival-livre-jeunesse.fr\/2021_intermediaire\/partenaires\/\"><figure class=\"swiper-slide-inner\"><img decoding=\"async\" class=\"swiper-slide-image\" src=\"https:\/\/festival-livre-jeunesse.fr\/2024\/wp-content\/uploads\/2021\/05\/region-occitanie.png\" alt=\"R\u00e9gion Occitanie\" \/><\/figure><\/a><\/div><div class=\"swiper-slide\" role=\"group\" aria-roledescription=\"slide\" aria-label=\"6 sur 18\"><a data-elementor-open-lightbox=\"yes\" data-elementor-lightbox-slideshow=\"d523b32\" data-elementor-lightbox-title=\"minist\u00e8re de la culture\" data-e-action-hash=\"#elementor-action%3Aaction%3Dlightbox%26settings%3DeyJpZCI6Mjc1OSwidXJsIjoiaHR0cHM6XC9cL2Zlc3RpdmFsLWxpdnJlLWpldW5lc3NlLmZyXC8yMDI0XC93cC1jb250ZW50XC91cGxvYWRzXC8yMDIxXC8wNVwvbWluaXN0ZXJlLWRlLWxhLWN1bHR1cmUucG5nIiwic2xpZGVzaG93IjoiZDUyM2IzMiJ9\" href=\"https:\/\/festival-livre-jeunesse.fr\/2021_intermediaire\/partenaires\/\"><figure class=\"swiper-slide-inner\"><img decoding=\"async\" class=\"swiper-slide-image\" src=\"https:\/\/festival-livre-jeunesse.fr\/2024\/wp-content\/uploads\/2021\/05\/ministere-de-la-culture.png\" alt=\"Minist\u00e8re de la culture\" \/><\/figure><\/a><\/div><div class=\"swiper-slide\" role=\"group\" aria-roledescription=\"slide\" aria-label=\"7 sur 18\"><a data-elementor-open-lightbox=\"yes\" data-elementor-lightbox-slideshow=\"d523b32\" data-elementor-lightbox-title=\"acad\u00e9mie toulouse\" data-e-action-hash=\"#elementor-action%3Aaction%3Dlightbox%26settings%3DeyJpZCI6MjY3MCwidXJsIjoiaHR0cHM6XC9cL2Zlc3RpdmFsLWxpdnJlLWpldW5lc3NlLmZyXC8yMDI0XC93cC1jb250ZW50XC91cGxvYWRzXC8yMDIxXC8wNVwvYWNhZGVtaWUtdG91bG91c2UucG5nIiwic2xpZGVzaG93IjoiZDUyM2IzMiJ9\" href=\"https:\/\/festival-livre-jeunesse.fr\/2021_intermediaire\/partenaires\/\"><figure class=\"swiper-slide-inner\"><img decoding=\"async\" class=\"swiper-slide-image\" src=\"https:\/\/festival-livre-jeunesse.fr\/2024\/wp-content\/uploads\/2021\/05\/academie-toulouse.png\" alt=\"Acad\u00e9mie de Toulouse\" \/><\/figure><\/a><\/div><div class=\"swiper-slide\" role=\"group\" aria-roledescription=\"slide\" aria-label=\"8 sur 18\"><a data-elementor-open-lightbox=\"yes\" data-elementor-lightbox-slideshow=\"d523b32\" data-elementor-lightbox-title=\"INSPE\" data-e-action-hash=\"#elementor-action%3Aaction%3Dlightbox%26settings%3DeyJpZCI6MjY4MCwidXJsIjoiaHR0cHM6XC9cL2Zlc3RpdmFsLWxpdnJlLWpldW5lc3NlLmZyXC8yMDI0XC93cC1jb250ZW50XC91cGxvYWRzXC8yMDIxXC8wNVwvSU5TUEUuanBnIiwic2xpZGVzaG93IjoiZDUyM2IzMiJ9\" href=\"https:\/\/festival-livre-jeunesse.fr\/2021_intermediaire\/partenaires\/\"><figure class=\"swiper-slide-inner\"><img decoding=\"async\" class=\"swiper-slide-image\" src=\"https:\/\/festival-livre-jeunesse.fr\/2024\/wp-content\/uploads\/2021\/05\/INSPE.jpg\" alt=\"Inspe Toulouse\" \/><\/figure><\/a><\/div><div class=\"swiper-slide\" role=\"group\" aria-roledescription=\"slide\" aria-label=\"9 sur 18\"><a data-elementor-open-lightbox=\"yes\" data-elementor-lightbox-slideshow=\"d523b32\" data-elementor-lightbox-title=\"universit\u00e9\" data-e-action-hash=\"#elementor-action%3Aaction%3Dlightbox%26settings%3DeyJpZCI6MjY4NywidXJsIjoiaHR0cHM6XC9cL2Zlc3RpdmFsLWxpdnJlLWpldW5lc3NlLmZyXC8yMDI0XC93cC1jb250ZW50XC91cGxvYWRzXC8yMDIxXC8wNVwvdW5pdmVyc2l0ZS5wbmciLCJzbGlkZXNob3ciOiJkNTIzYjMyIn0%3D\" href=\"https:\/\/festival-livre-jeunesse.fr\/2021_intermediaire\/partenaires\/\"><figure class=\"swiper-slide-inner\"><img decoding=\"async\" class=\"swiper-slide-image\" src=\"https:\/\/festival-livre-jeunesse.fr\/2024\/wp-content\/uploads\/2021\/05\/universite.png\" alt=\"Universit\u00e9 Jean Jaur\u00e8s\" \/><\/figure><\/a><\/div><div class=\"swiper-slide\" role=\"group\" aria-roledescription=\"slide\" aria-label=\"10 sur 18\"><a data-elementor-open-lightbox=\"yes\" data-elementor-lightbox-slideshow=\"d523b32\" data-elementor-lightbox-title=\"Logo Sofia\" data-e-action-hash=\"#elementor-action%3Aaction%3Dlightbox%26settings%3DeyJpZCI6MjY4OCwidXJsIjoiaHR0cHM6XC9cL2Zlc3RpdmFsLWxpdnJlLWpldW5lc3NlLmZyXC8yMDI0XC93cC1jb250ZW50XC91cGxvYWRzXC8yMDIxXC8wNVwvTG9nby1Tb2ZpYS5wbmciLCJzbGlkZXNob3ciOiJkNTIzYjMyIn0%3D\" href=\"https:\/\/festival-livre-jeunesse.fr\/2021_intermediaire\/partenaires\/\"><figure class=\"swiper-slide-inner\"><img decoding=\"async\" class=\"swiper-slide-image\" src=\"https:\/\/festival-livre-jeunesse.fr\/2024\/wp-content\/uploads\/2021\/05\/Logo-Sofia.png\" alt=\"SOFIA Action culturelle\" \/><\/figure><\/a><\/div><div class=\"swiper-slide\" role=\"group\" aria-roledescription=\"slide\" aria-label=\"11 sur 18\"><a data-elementor-open-lightbox=\"yes\" data-elementor-lightbox-slideshow=\"d523b32\" data-elementor-lightbox-title=\"copie priv\u00e9e\" data-e-action-hash=\"#elementor-action%3Aaction%3Dlightbox%26settings%3DeyJpZCI6MjY4NSwidXJsIjoiaHR0cHM6XC9cL2Zlc3RpdmFsLWxpdnJlLWpldW5lc3NlLmZyXC8yMDI0XC93cC1jb250ZW50XC91cGxvYWRzXC8yMDIxXC8wNVwvY29waWUtcHJpdmVlLnBuZyIsInNsaWRlc2hvdyI6ImQ1MjNiMzIifQ%3D%3D\" href=\"https:\/\/festival-livre-jeunesse.fr\/2021_intermediaire\/partenaires\/\"><figure class=\"swiper-slide-inner\"><img decoding=\"async\" class=\"swiper-slide-image\" src=\"https:\/\/festival-livre-jeunesse.fr\/2024\/wp-content\/uploads\/2021\/05\/copie-privee.png\" alt=\"Copie Priv\u00e9e\" \/><\/figure><\/a><\/div><div class=\"swiper-slide\" role=\"group\" aria-roledescription=\"slide\" aria-label=\"12 sur 18\"><a data-elementor-open-lightbox=\"yes\" data-elementor-lightbox-slideshow=\"d523b32\" data-elementor-lightbox-title=\"CFC\" data-elementor-lightbox-description=\"CFCopies  Savoir partager les savoirs\" data-e-action-hash=\"#elementor-action%3Aaction%3Dlightbox%26settings%3DeyJpZCI6MTY1OTcsInVybCI6Imh0dHBzOlwvXC9mZXN0aXZhbC1saXZyZS1qZXVuZXNzZS5mclwvMjAyNFwvd3AtY29udGVudFwvdXBsb2Fkc1wvMjAyNFwvMDFcL0NGQy0yLmpwZyIsInNsaWRlc2hvdyI6ImQ1MjNiMzIifQ%3D%3D\" href=\"https:\/\/festival-livre-jeunesse.fr\/2021_intermediaire\/partenaires\/\"><figure class=\"swiper-slide-inner\"><img decoding=\"async\" class=\"swiper-slide-image\" src=\"https:\/\/festival-livre-jeunesse.fr\/2024\/wp-content\/uploads\/2024\/01\/CFC-2.jpg\" alt=\"CFC\" \/><\/figure><\/a><\/div><div class=\"swiper-slide\" role=\"group\" aria-roledescription=\"slide\" aria-label=\"13 sur 18\"><a data-elementor-open-lightbox=\"yes\" data-elementor-lightbox-slideshow=\"d523b32\" data-elementor-lightbox-title=\"Logo_Tisseo-Collectivites\" data-e-action-hash=\"#elementor-action%3Aaction%3Dlightbox%26settings%3DeyJpZCI6MTIyMDIsInVybCI6Imh0dHBzOlwvXC9mZXN0aXZhbC1saXZyZS1qZXVuZXNzZS5mclwvMjAyNFwvd3AtY29udGVudFwvdXBsb2Fkc1wvMjAyMlwvMTJcL0xvZ29fVGlzc2VvLUNvbGxlY3Rpdml0ZXMucG5nIiwic2xpZGVzaG93IjoiZDUyM2IzMiJ9\" href=\"https:\/\/festival-livre-jeunesse.fr\/2021_intermediaire\/partenaires\/\"><figure class=\"swiper-slide-inner\"><img decoding=\"async\" class=\"swiper-slide-image\" src=\"https:\/\/festival-livre-jeunesse.fr\/2024\/wp-content\/uploads\/2022\/12\/Logo_Tisseo-Collectivites.png\" alt=\"Tiss\u00e9o\" \/><\/figure><\/a><\/div><div class=\"swiper-slide\" role=\"group\" aria-roledescription=\"slide\" aria-label=\"14 sur 18\"><a data-elementor-open-lightbox=\"yes\" data-elementor-lightbox-slideshow=\"d523b32\" data-elementor-lightbox-title=\"FCM\" data-e-action-hash=\"#elementor-action%3Aaction%3Dlightbox%26settings%3DeyJpZCI6MTE4MjEsInVybCI6Imh0dHBzOlwvXC9mZXN0aXZhbC1saXZyZS1qZXVuZXNzZS5mclwvMjAyNFwvd3AtY29udGVudFwvdXBsb2Fkc1wvMjAyMlwvMTJcL0ZDTS5qcGciLCJzbGlkZXNob3ciOiJkNTIzYjMyIn0%3D\" href=\"https:\/\/festival-livre-jeunesse.fr\/2021_intermediaire\/partenaires\/\"><figure class=\"swiper-slide-inner\"><img decoding=\"async\" class=\"swiper-slide-image\" src=\"https:\/\/festival-livre-jeunesse.fr\/2024\/wp-content\/uploads\/2022\/12\/FCM.jpg\" alt=\"Fondation Cr\u00e9dit Mutuel\" \/><\/figure><\/a><\/div><div class=\"swiper-slide\" role=\"group\" aria-roledescription=\"slide\" aria-label=\"15 sur 18\"><a data-elementor-open-lightbox=\"yes\" data-elementor-lightbox-slideshow=\"d523b32\" data-elementor-lightbox-title=\"FB-Occitanie-AVEC lisere web\" data-e-action-hash=\"#elementor-action%3Aaction%3Dlightbox%26settings%3DeyJpZCI6MTIyMDQsInVybCI6Imh0dHBzOlwvXC9mZXN0aXZhbC1saXZyZS1qZXVuZXNzZS5mclwvMjAyNFwvd3AtY29udGVudFwvdXBsb2Fkc1wvMjAyMlwvMTJcL0ZCLU9jY2l0YW5pZS1BVkVDLWxpc2VyZS13ZWIuanBnIiwic2xpZGVzaG93IjoiZDUyM2IzMiJ9\" href=\"https:\/\/festival-livre-jeunesse.fr\/2021_intermediaire\/partenaires\/\"><figure class=\"swiper-slide-inner\"><img decoding=\"async\" class=\"swiper-slide-image\" src=\"https:\/\/festival-livre-jeunesse.fr\/2024\/wp-content\/uploads\/2022\/12\/FB-Occitanie-AVEC-lisere-web.jpg\" alt=\"France bleu\" \/><\/figure><\/a><\/div><div class=\"swiper-slide\" role=\"group\" aria-roledescription=\"slide\" aria-label=\"16 sur 18\"><a data-elementor-open-lightbox=\"yes\" data-elementor-lightbox-slideshow=\"d523b32\" data-elementor-lightbox-title=\"logo AMC VERT\" data-e-action-hash=\"#elementor-action%3Aaction%3Dlightbox%26settings%3DeyJpZCI6MTIyMDUsInVybCI6Imh0dHBzOlwvXC9mZXN0aXZhbC1saXZyZS1qZXVuZXNzZS5mclwvMjAyNFwvd3AtY29udGVudFwvdXBsb2Fkc1wvMjAyMlwvMTJcL2xvZ28tQU1DLVZFUlQucG5nIiwic2xpZGVzaG93IjoiZDUyM2IzMiJ9\" href=\"https:\/\/festival-livre-jeunesse.fr\/2021_intermediaire\/partenaires\/\"><figure class=\"swiper-slide-inner\"><img decoding=\"async\" class=\"swiper-slide-image\" src=\"https:\/\/festival-livre-jeunesse.fr\/2024\/wp-content\/uploads\/2022\/12\/logo-AMC-VERT.png\" alt=\"AMC Midi Communication\" \/><\/figure><\/a><\/div><div class=\"swiper-slide\" role=\"group\" aria-roledescription=\"slide\" aria-label=\"17 sur 18\"><a data-elementor-open-lightbox=\"yes\" data-elementor-lightbox-slideshow=\"d523b32\" data-elementor-lightbox-title=\"mgen_Groupe_VYV\" data-e-action-hash=\"#elementor-action%3Aaction%3Dlightbox%26settings%3DeyJpZCI6MTIyMDYsInVybCI6Imh0dHBzOlwvXC9mZXN0aXZhbC1saXZyZS1qZXVuZXNzZS5mclwvMjAyNFwvd3AtY29udGVudFwvdXBsb2Fkc1wvMjAyMlwvMTJcL21nZW5fR3JvdXBlX1ZZVi53ZWJwIiwic2xpZGVzaG93IjoiZDUyM2IzMiJ9\" href=\"https:\/\/festival-livre-jeunesse.fr\/2021_intermediaire\/partenaires\/\"><figure class=\"swiper-slide-inner\"><img decoding=\"async\" class=\"swiper-slide-image\" src=\"https:\/\/festival-livre-jeunesse.fr\/2024\/wp-content\/uploads\/2022\/12\/mgen_Groupe_VYV.webp\" alt=\"Mgen\" \/><\/figure><\/a><\/div><div class=\"swiper-slide\" role=\"group\" aria-roledescription=\"slide\" aria-label=\"18 sur 18\"><a data-elementor-open-lightbox=\"yes\" data-elementor-lightbox-slideshow=\"d523b32\" data-elementor-lightbox-title=\"Logo-laRenaissance Anniversaire\" data-e-action-hash=\"#elementor-action%3Aaction%3Dlightbox%26settings%3DeyJpZCI6MTYyMjEsInVybCI6Imh0dHBzOlwvXC9mZXN0aXZhbC1saXZyZS1qZXVuZXNzZS5mclwvMjAyNFwvd3AtY29udGVudFwvdXBsb2Fkc1wvMjAyNFwvMDFcL0xvZ28tbGFSZW5haXNzYW5jZS1Bbm5pdmVyc2FpcmUucG5nIiwic2xpZGVzaG93IjoiZDUyM2IzMiJ9\" href=\"https:\/\/festival-livre-jeunesse.fr\/2021_intermediaire\/partenaires\/\"><figure class=\"swiper-slide-inner\"><img decoding=\"async\" class=\"swiper-slide-image\" src=\"https:\/\/festival-livre-jeunesse.fr\/2024\/wp-content\/uploads\/2024\/01\/Logo-laRenaissance-Anniversaire.png\" alt=\"Logo-laRenaissance Anniversaire\" \/><\/figure><\/a><\/div>\t\t\t<\/div>\n\t\t\t\t\t\t\t\t\t\t\t\t<div class=\"elementor-swiper-button elementor-swiper-button-prev\" role=\"button\" tabindex=\"0\">\n\t\t\t\t\t\t<i aria-hidden=\"true\" class=\"eicon-chevron-left\"><\/i>\t\t\t\t\t<\/div>\n\t\t\t\t\t<div class=\"elementor-swiper-button elementor-swiper-button-next\" role=\"button\" tabindex=\"0\">\n\t\t\t\t\t\t<i aria-hidden=\"true\" class=\"eicon-chevron-right\"><\/i>\t\t\t\t\t<\/div>\n\t\t\t\t\n\t\t\t\t\t\t\t\t\t<div class=\"swiper-pagination\"><\/div>\n\t\t\t\t\t\t\t\t\t<\/div>\n\t\t\t\t\t\t<\/div>\n\t\t\t\t<\/div>\n\t\t\t\t\t<\/div>\n\t\t<\/div>\n\t\t\t\t\t<\/div>\n\t\t<\/section>\n\t\t\t\t<\/div>\n\t\t","protected":false},"excerpt":{"rendered":"<p>Auteur\u00b7trices, illustrateur\u00b7trices, po\u00e8tes invit\u00e9\u00b7es BARONNET Denis ,\u00a0 BENJELLOUN Sa\u00efd,\u00a0 BONBON C\u00e9cile, BONDOUX Anne-Laure, BRECARD\u00a0 Rozenn, BRUEL Christian, CAUSSE Manu, CHENOUF Yvanne, CHEVEAU Sarah, COURGEON\u00a0 R\u00e9mi, CORTEY Anne , DELACROIX Sibylle, DOBI K\u00e4my, DOREMUS Ga\u00ebtan, DREYER Fanny, GARCIA Coline, GAVIOLI Sara, GOURIO Chrysostome, DE GUIBERT Fran\u00e7oise,\u00a0GUILLAUMOT Christophe, LE BESCOND Rose, LEJONC\u00a0 R\u00e9gis, LEYMARIE Marie, MEUNIER Henri, &hellip;<\/p>\n<p class=\"read-more\"> <a class=\"\" href=\"https:\/\/festival-livre-jeunesse.fr\/2024\/auteurs-illustrateurs\/\"> <span class=\"screen-reader-text\">Auteurs-illustrateurs<\/span> Lire la suite\u00a0\u00bb<\/a><\/p>\n","protected":false},"author":1,"featured_media":0,"parent":0,"menu_order":0,"comment_status":"closed","ping_status":"closed","template":"","meta":{"site-sidebar-layout":"no-sidebar","site-content-layout":"page-builder","ast-site-content-layout":"","site-content-style":"default","site-sidebar-style":"default","ast-global-header-display":"","ast-banner-title-visibility":"","ast-main-header-display":"","ast-hfb-above-header-display":"","ast-hfb-below-header-display":"","ast-hfb-mobile-header-display":"","site-post-title":"disabled","ast-breadcrumbs-content":"","ast-featured-img":"disabled","footer-sml-layout":"","theme-transparent-header-meta":"","adv-header-id-meta":"","stick-header-meta":"","header-above-stick-meta":"","header-main-stick-meta":"","header-below-stick-meta":"","astra-migrate-meta-layouts":"","footnotes":""},"class_list":["post-9287","page","type-page","status-publish","hentry"],"yoast_head":"<!-- This site is optimized with the Yoast SEO plugin v21.4 - https:\/\/yoast.com\/wordpress\/plugins\/seo\/ -->\n<title>Auteurs-illustrateurs - Festival Livre Jeunesse Occitanie<\/title>\n<meta name=\"robots\" content=\"index, follow, max-snippet:-1, max-image-preview:large, max-video-preview:-1\" \/>\n<link rel=\"canonical\" href=\"https:\/\/festival-livre-jeunesse.fr\/2024\/auteurs-illustrateurs\/\" \/>\n<meta property=\"og:locale\" content=\"fr_FR\" \/>\n<meta property=\"og:type\" content=\"article\" \/>\n<meta property=\"og:title\" content=\"Auteurs-illustrateurs - Festival Livre Jeunesse Occitanie\" \/>\n<meta property=\"og:description\" content=\"Auteur\u00b7trices, illustrateur\u00b7trices, po\u00e8tes invit\u00e9\u00b7es BARONNET Denis ,\u00a0 BENJELLOUN Sa\u00efd,\u00a0 BONBON C\u00e9cile, BONDOUX Anne-Laure, BRECARD\u00a0 Rozenn, BRUEL Christian, CAUSSE Manu, CHENOUF Yvanne, CHEVEAU Sarah, COURGEON\u00a0 R\u00e9mi, CORTEY Anne , DELACROIX Sibylle, DOBI K\u00e4my, DOREMUS Ga\u00ebtan, DREYER Fanny, GARCIA Coline, GAVIOLI Sara, GOURIO Chrysostome, DE GUIBERT Fran\u00e7oise,\u00a0GUILLAUMOT Christophe, LE BESCOND Rose, LEJONC\u00a0 R\u00e9gis, LEYMARIE Marie, MEUNIER Henri, &hellip; Auteurs-illustrateurs Lire la suite\u00a0\u00bb\" \/>\n<meta property=\"og:url\" content=\"https:\/\/festival-livre-jeunesse.fr\/2024\/auteurs-illustrateurs\/\" \/>\n<meta property=\"og:site_name\" content=\"Festival Livre Jeunesse Occitanie\" \/>\n<meta property=\"article:publisher\" content=\"https:\/\/www.facebook.com\/FestivalLivreJeunesseOccitanie\" \/>\n<meta property=\"article:modified_time\" content=\"2024-07-07T08:01:11+00:00\" \/>\n<meta property=\"og:image\" content=\"https:\/\/festival-livre-jeunesse.fr\/2024\/wp-content\/uploads\/2022\/07\/Denis_Barronet-150x150.jpg\" \/>\n<meta name=\"twitter:card\" content=\"summary_large_image\" \/>\n<meta name=\"twitter:site\" content=\"@FljOccitanie\" \/>\n<meta name=\"twitter:label1\" content=\"Dur\u00e9e de lecture estim\u00e9e\" \/>\n\t<meta name=\"twitter:data1\" content=\"11 minutes\" \/>\n<script type=\"application\/ld+json\" class=\"yoast-schema-graph\">{\"@context\":\"https:\/\/schema.org\",\"@graph\":[{\"@type\":\"WebPage\",\"@id\":\"https:\/\/festival-livre-jeunesse.fr\/2024\/auteurs-illustrateurs\/\",\"url\":\"https:\/\/festival-livre-jeunesse.fr\/2024\/auteurs-illustrateurs\/\",\"name\":\"Auteurs-illustrateurs - Festival Livre Jeunesse Occitanie\",\"isPartOf\":{\"@id\":\"https:\/\/festival-livre-jeunesse.fr\/2024\/#website\"},\"datePublished\":\"2022-07-27T13:55:31+00:00\",\"dateModified\":\"2024-07-07T08:01:11+00:00\",\"breadcrumb\":{\"@id\":\"https:\/\/festival-livre-jeunesse.fr\/2024\/auteurs-illustrateurs\/#breadcrumb\"},\"inLanguage\":\"fr-FR\",\"potentialAction\":[{\"@type\":\"ReadAction\",\"target\":[\"https:\/\/festival-livre-jeunesse.fr\/2024\/auteurs-illustrateurs\/\"]}]},{\"@type\":\"BreadcrumbList\",\"@id\":\"https:\/\/festival-livre-jeunesse.fr\/2024\/auteurs-illustrateurs\/#breadcrumb\",\"itemListElement\":[{\"@type\":\"ListItem\",\"position\":1,\"name\":\"Accueil\",\"item\":\"https:\/\/festival-livre-jeunesse.fr\/2024\/\"},{\"@type\":\"ListItem\",\"position\":2,\"name\":\"Auteurs-illustrateurs\"}]},{\"@type\":\"WebSite\",\"@id\":\"https:\/\/festival-livre-jeunesse.fr\/2024\/#website\",\"url\":\"https:\/\/festival-livre-jeunesse.fr\/2024\/\",\"name\":\"Festival Livre Jeunesse Occitanie\",\"description\":\"23\u00e8me \u00e9dition - janvier 2025\",\"publisher\":{\"@id\":\"https:\/\/festival-livre-jeunesse.fr\/2024\/#organization\"},\"potentialAction\":[{\"@type\":\"SearchAction\",\"target\":{\"@type\":\"EntryPoint\",\"urlTemplate\":\"https:\/\/festival-livre-jeunesse.fr\/2024\/?s={search_term_string}\"},\"query-input\":\"required name=search_term_string\"}],\"inLanguage\":\"fr-FR\"},{\"@type\":\"Organization\",\"@id\":\"https:\/\/festival-livre-jeunesse.fr\/2024\/#organization\",\"name\":\"festival livre jeunesse occitanie\",\"url\":\"https:\/\/festival-livre-jeunesse.fr\/2024\/\",\"logo\":{\"@type\":\"ImageObject\",\"inLanguage\":\"fr-FR\",\"@id\":\"https:\/\/festival-livre-jeunesse.fr\/2024\/#\/schema\/logo\/image\/\",\"url\":\"https:\/\/festival-livre-jeunesse.fr\/2024\/wp-content\/uploads\/2021\/05\/Logo-FLJ-petit.png\",\"contentUrl\":\"https:\/\/festival-livre-jeunesse.fr\/2024\/wp-content\/uploads\/2021\/05\/Logo-FLJ-petit.png\",\"width\":204,\"height\":200,\"caption\":\"festival livre jeunesse occitanie\"},\"image\":{\"@id\":\"https:\/\/festival-livre-jeunesse.fr\/2024\/#\/schema\/logo\/image\/\"},\"sameAs\":[\"https:\/\/www.facebook.com\/FestivalLivreJeunesseOccitanie\",\"https:\/\/twitter.com\/FljOccitanie\"]}]}<\/script>\n<!-- \/ Yoast SEO plugin. -->","yoast_head_json":{"title":"Auteurs-illustrateurs - Festival Livre Jeunesse Occitanie","robots":{"index":"index","follow":"follow","max-snippet":"max-snippet:-1","max-image-preview":"max-image-preview:large","max-video-preview":"max-video-preview:-1"},"canonical":"https:\/\/festival-livre-jeunesse.fr\/2024\/auteurs-illustrateurs\/","og_locale":"fr_FR","og_type":"article","og_title":"Auteurs-illustrateurs - Festival Livre Jeunesse Occitanie","og_description":"Auteur\u00b7trices, illustrateur\u00b7trices, po\u00e8tes invit\u00e9\u00b7es BARONNET Denis ,\u00a0 BENJELLOUN Sa\u00efd,\u00a0 BONBON C\u00e9cile, BONDOUX Anne-Laure, BRECARD\u00a0 Rozenn, BRUEL Christian, CAUSSE Manu, CHENOUF Yvanne, CHEVEAU Sarah, COURGEON\u00a0 R\u00e9mi, CORTEY Anne , DELACROIX Sibylle, DOBI K\u00e4my, DOREMUS Ga\u00ebtan, DREYER Fanny, GARCIA Coline, GAVIOLI Sara, GOURIO Chrysostome, DE GUIBERT Fran\u00e7oise,\u00a0GUILLAUMOT Christophe, LE BESCOND Rose, LEJONC\u00a0 R\u00e9gis, LEYMARIE Marie, MEUNIER Henri, &hellip; Auteurs-illustrateurs Lire la suite\u00a0\u00bb","og_url":"https:\/\/festival-livre-jeunesse.fr\/2024\/auteurs-illustrateurs\/","og_site_name":"Festival Livre Jeunesse Occitanie","article_publisher":"https:\/\/www.facebook.com\/FestivalLivreJeunesseOccitanie","article_modified_time":"2024-07-07T08:01:11+00:00","og_image":[{"url":"https:\/\/festival-livre-jeunesse.fr\/2024\/wp-content\/uploads\/2022\/07\/Denis_Barronet-150x150.jpg"}],"twitter_card":"summary_large_image","twitter_site":"@FljOccitanie","twitter_misc":{"Dur\u00e9e de lecture estim\u00e9e":"11 minutes"},"schema":{"@context":"https:\/\/schema.org","@graph":[{"@type":"WebPage","@id":"https:\/\/festival-livre-jeunesse.fr\/2024\/auteurs-illustrateurs\/","url":"https:\/\/festival-livre-jeunesse.fr\/2024\/auteurs-illustrateurs\/","name":"Auteurs-illustrateurs - Festival Livre Jeunesse Occitanie","isPartOf":{"@id":"https:\/\/festival-livre-jeunesse.fr\/2024\/#website"},"datePublished":"2022-07-27T13:55:31+00:00","dateModified":"2024-07-07T08:01:11+00:00","breadcrumb":{"@id":"https:\/\/festival-livre-jeunesse.fr\/2024\/auteurs-illustrateurs\/#breadcrumb"},"inLanguage":"fr-FR","potentialAction":[{"@type":"ReadAction","target":["https:\/\/festival-livre-jeunesse.fr\/2024\/auteurs-illustrateurs\/"]}]},{"@type":"BreadcrumbList","@id":"https:\/\/festival-livre-jeunesse.fr\/2024\/auteurs-illustrateurs\/#breadcrumb","itemListElement":[{"@type":"ListItem","position":1,"name":"Accueil","item":"https:\/\/festival-livre-jeunesse.fr\/2024\/"},{"@type":"ListItem","position":2,"name":"Auteurs-illustrateurs"}]},{"@type":"WebSite","@id":"https:\/\/festival-livre-jeunesse.fr\/2024\/#website","url":"https:\/\/festival-livre-jeunesse.fr\/2024\/","name":"Festival Livre Jeunesse Occitanie","description":"23\u00e8me \u00e9dition - janvier 2025","publisher":{"@id":"https:\/\/festival-livre-jeunesse.fr\/2024\/#organization"},"potentialAction":[{"@type":"SearchAction","target":{"@type":"EntryPoint","urlTemplate":"https:\/\/festival-livre-jeunesse.fr\/2024\/?s={search_term_string}"},"query-input":"required name=search_term_string"}],"inLanguage":"fr-FR"},{"@type":"Organization","@id":"https:\/\/festival-livre-jeunesse.fr\/2024\/#organization","name":"festival livre jeunesse occitanie","url":"https:\/\/festival-livre-jeunesse.fr\/2024\/","logo":{"@type":"ImageObject","inLanguage":"fr-FR","@id":"https:\/\/festival-livre-jeunesse.fr\/2024\/#\/schema\/logo\/image\/","url":"https:\/\/festival-livre-jeunesse.fr\/2024\/wp-content\/uploads\/2021\/05\/Logo-FLJ-petit.png","contentUrl":"https:\/\/festival-livre-jeunesse.fr\/2024\/wp-content\/uploads\/2021\/05\/Logo-FLJ-petit.png","width":204,"height":200,"caption":"festival livre jeunesse occitanie"},"image":{"@id":"https:\/\/festival-livre-jeunesse.fr\/2024\/#\/schema\/logo\/image\/"},"sameAs":["https:\/\/www.facebook.com\/FestivalLivreJeunesseOccitanie","https:\/\/twitter.com\/FljOccitanie"]}]}},"_links":{"self":[{"href":"https:\/\/festival-livre-jeunesse.fr\/2024\/wp-json\/wp\/v2\/pages\/9287"}],"collection":[{"href":"https:\/\/festival-livre-jeunesse.fr\/2024\/wp-json\/wp\/v2\/pages"}],"about":[{"href":"https:\/\/festival-livre-jeunesse.fr\/2024\/wp-json\/wp\/v2\/types\/page"}],"author":[{"embeddable":true,"href":"https:\/\/festival-livre-jeunesse.fr\/2024\/wp-json\/wp\/v2\/users\/1"}],"replies":[{"embeddable":true,"href":"https:\/\/festival-livre-jeunesse.fr\/2024\/wp-json\/wp\/v2\/comments?post=9287"}],"version-history":[{"count":590,"href":"https:\/\/festival-livre-jeunesse.fr\/2024\/wp-json\/wp\/v2\/pages\/9287\/revisions"}],"predecessor-version":[{"id":17920,"href":"https:\/\/festival-livre-jeunesse.fr\/2024\/wp-json\/wp\/v2\/pages\/9287\/revisions\/17920"}],"wp:attachment":[{"href":"https:\/\/festival-livre-jeunesse.fr\/2024\/wp-json\/wp\/v2\/media?parent=9287"}],"curies":[{"name":"wp","href":"https:\/\/api.w.org\/{rel}","templated":true}]}}