{"version":"1.0","provider_name":"Festival du Livre de Jeunesse Occitanie","provider_url":"https:\/\/festival-livre-jeunesse.fr\/2025","author_name":"Audrey","author_url":"https:\/\/festival-livre-jeunesse.fr\/2025\/author\/coordinatrice\/","title":"Les invit\u00e9(e)s 2025 - Festival du Livre de Jeunesse Occitanie","type":"rich","width":600,"height":338,"html":"<blockquote class=\"wp-embedded-content\" data-secret=\"LqVAqfiWd2\"><a href=\"https:\/\/festival-livre-jeunesse.fr\/2025\/les-invitees-2025\/\">Les invit\u00e9(e)s 2025<\/a><\/blockquote><iframe sandbox=\"allow-scripts\" security=\"restricted\" src=\"https:\/\/festival-livre-jeunesse.fr\/2025\/les-invitees-2025\/embed\/#?secret=LqVAqfiWd2\" width=\"600\" height=\"338\" title=\"\u00ab\u00a0Les invit\u00e9(e)s 2025\u00a0\u00bb &#8212; Festival du Livre de Jeunesse Occitanie\" data-secret=\"LqVAqfiWd2\" frameborder=\"0\" marginwidth=\"0\" marginheight=\"0\" scrolling=\"no\" class=\"wp-embedded-content\"><\/iframe><script>\n\/*! This file is auto-generated *\/\n!function(d,l){\"use strict\";l.querySelector&&d.addEventListener&&\"undefined\"!=typeof URL&&(d.wp=d.wp||{},d.wp.receiveEmbedMessage||(d.wp.receiveEmbedMessage=function(e){var t=e.data;if((t||t.secret||t.message||t.value)&&!\/[^a-zA-Z0-9]\/.test(t.secret)){for(var s,r,n,a=l.querySelectorAll('iframe[data-secret=\"'+t.secret+'\"]'),o=l.querySelectorAll('blockquote[data-secret=\"'+t.secret+'\"]'),c=new RegExp(\"^https?:$\",\"i\"),i=0;i<o.length;i++)o[i].style.display=\"none\";for(i=0;i<a.length;i++)s=a[i],e.source===s.contentWindow&&(s.removeAttribute(\"style\"),\"height\"===t.message?(1e3<(r=parseInt(t.value,10))?r=1e3:~~r<200&&(r=200),s.height=r):\"link\"===t.message&&(r=new URL(s.getAttribute(\"src\")),n=new URL(t.value),c.test(n.protocol))&&n.host===r.host&&l.activeElement===s&&(d.top.location.href=t.value))}},d.addEventListener(\"message\",d.wp.receiveEmbedMessage,!1),l.addEventListener(\"DOMContentLoaded\",function(){for(var e,t,s=l.querySelectorAll(\"iframe.wp-embedded-content\"),r=0;r<s.length;r++)(t=(e=s[r]).getAttribute(\"data-secret\"))||(t=Math.random().toString(36).substring(2,12),e.src+=\"#?secret=\"+t,e.setAttribute(\"data-secret\",t)),e.contentWindow.postMessage({message:\"ready\",secret:t},\"*\")},!1)))}(window,document);\n<\/script>\n","description":"Les invit\u00e9(e)s 2025 Ga\u00ebl AYMON Gilles BACHELET Magali BARDOS Sa\u00efd BENJELLOUN Judtih CHOMEL Julien CUEILLE Lo\u00efc CL\u00c9MENT Rachel CORENBLIT Cruschiform Claire D\u00e9 S\u00e9verine DUCHESNE Gazhole Fran\u00e7oise de GUIBERT Inbar HELLER ALGAZI Ghislaine HERBERA Victor HUSSENOT Mayana ITO\u00cfZ Philippe JALBERT Sophie LAMOUREUX Fr\u00e9d\u00e9ric MAUPOM\u00c9 Juliette MAS Marie MIRGAINE H\u00e9l\u00e8ne MONTARDRE Anne MONTEL Jean-Claude MOURLEVAT Maria POBLETE [&hellip;]","thumbnail_url":"https:\/\/festival-livre-jeunesse.fr\/2025\/wp-content\/uploads\/2024\/09\/Gilles-Bachelet-300x300.png"}