{"id":15957,"date":"2023-12-30T22:41:13","date_gmt":"2023-12-30T21:41:13","guid":{"rendered":"https:\/\/festival-livre-jeunesse.fr\/2024\/?page_id=15957"},"modified":"2025-01-17T14:53:21","modified_gmt":"2025-01-17T13:53:21","slug":"lectures-et-spectacles","status":"publish","type":"page","link":"https:\/\/festival-livre-jeunesse.fr\/2025\/lectures-et-spectacles\/","title":{"rendered":"Lectures et spectacles"},"content":{"rendered":"\t\t<div data-elementor-type=\"wp-page\" data-elementor-id=\"15957\" class=\"elementor elementor-15957\">\n\t\t\t\t\t\t<section class=\"elementor-section elementor-top-section elementor-element elementor-element-42600eb elementor-section-boxed elementor-section-height-default elementor-section-height-default\" data-id=\"42600eb\" data-element_type=\"section\">\n\t\t\t\t\t\t<div class=\"elementor-container elementor-column-gap-default\">\n\t\t\t\t\t<div class=\"elementor-column elementor-col-50 elementor-top-column elementor-element elementor-element-68bc792\" data-id=\"68bc792\" data-element_type=\"column\">\n\t\t\t<div class=\"elementor-widget-wrap\">\n\t\t\t\t\t\t\t<\/div>\n\t\t<\/div>\n\t\t\t\t<div class=\"elementor-column elementor-col-50 elementor-top-column elementor-element elementor-element-f23a0fb\" data-id=\"f23a0fb\" data-element_type=\"column\">\n\t\t\t<div class=\"elementor-widget-wrap elementor-element-populated\">\n\t\t\t\t\t\t<div class=\"elementor-element elementor-element-34138d5 elementor-widget elementor-widget-spacer\" data-id=\"34138d5\" data-element_type=\"widget\" data-widget_type=\"spacer.default\">\n\t\t\t\t<div class=\"elementor-widget-container\">\n\t\t\t\t\t\t\t<div class=\"elementor-spacer\">\n\t\t\t<div class=\"elementor-spacer-inner\"><\/div>\n\t\t<\/div>\n\t\t\t\t\t\t<\/div>\n\t\t\t\t<\/div>\n\t\t\t\t\t<\/div>\n\t\t<\/div>\n\t\t\t\t\t<\/div>\n\t\t<\/section>\n\t\t\t\t<section class=\"elementor-section elementor-top-section elementor-element elementor-element-fef0404 elementor-section-boxed elementor-section-height-default elementor-section-height-default\" data-id=\"fef0404\" data-element_type=\"section\">\n\t\t\t\t\t\t<div class=\"elementor-container elementor-column-gap-default\">\n\t\t\t\t\t<div class=\"elementor-column elementor-col-100 elementor-top-column elementor-element elementor-element-1f0161b\" data-id=\"1f0161b\" data-element_type=\"column\">\n\t\t\t<div class=\"elementor-widget-wrap elementor-element-populated\">\n\t\t\t\t\t\t<div class=\"elementor-element elementor-element-4df6675 elementor-widget elementor-widget-spacer\" data-id=\"4df6675\" data-element_type=\"widget\" data-widget_type=\"spacer.default\">\n\t\t\t\t<div class=\"elementor-widget-container\">\n\t\t\t\t\t\t\t<div class=\"elementor-spacer\">\n\t\t\t<div class=\"elementor-spacer-inner\"><\/div>\n\t\t<\/div>\n\t\t\t\t\t\t<\/div>\n\t\t\t\t<\/div>\n\t\t\t\t\t<\/div>\n\t\t<\/div>\n\t\t\t\t\t<\/div>\n\t\t<\/section>\n\t\t\t\t<section class=\"elementor-section elementor-top-section elementor-element elementor-element-66385cd2 elementor-section-boxed elementor-section-height-default elementor-section-height-default\" data-id=\"66385cd2\" data-element_type=\"section\">\n\t\t\t\t\t\t<div class=\"elementor-container elementor-column-gap-default\">\n\t\t\t\t\t<div class=\"elementor-column elementor-col-33 elementor-top-column elementor-element elementor-element-6dba6d5f\" data-id=\"6dba6d5f\" data-element_type=\"column\">\n\t\t\t<div class=\"elementor-widget-wrap\">\n\t\t\t\t\t\t\t<\/div>\n\t\t<\/div>\n\t\t\t\t<div class=\"elementor-column elementor-col-33 elementor-top-column elementor-element elementor-element-18105f90\" data-id=\"18105f90\" data-element_type=\"column\" data-settings=\"{&quot;background_background&quot;:&quot;classic&quot;}\">\n\t\t\t<div class=\"elementor-widget-wrap elementor-element-populated\">\n\t\t\t\t\t\t<div class=\"elementor-element elementor-element-59e57a3e elementor-widget elementor-widget-heading\" data-id=\"59e57a3e\" data-element_type=\"widget\" data-widget_type=\"heading.default\">\n\t\t\t\t<div class=\"elementor-widget-container\">\n\t\t\t\t\t<h1 class=\"elementor-heading-title elementor-size-default\">LECTURES ET SPECTACLES<\/h1>\t\t\t\t<\/div>\n\t\t\t\t<\/div>\n\t\t\t\t<div class=\"elementor-element elementor-element-e536549 elementor-widget elementor-widget-text-editor\" data-id=\"e536549\" data-element_type=\"widget\" data-widget_type=\"text-editor.default\">\n\t\t\t\t<div class=\"elementor-widget-container\">\n\t\t\t\t\t\t\t\t\t<h2>Grand nombre d\u2019auteurs et d\u2019illustrateurs jeunesse d\u00e9veloppent aujourd\u2019hui des formes extra-livresques. Ces lectures ou performances permettent d\u2019offrir une programmation riche et diverse durant l\u2019\u00e9v\u00e8nement et d\u2019ouvrir le Festival \u00e0 de nouveaux publics. Mais c\u2019est \u00e9galement l\u2019occasion de valoriser ces cr\u00e9ations singuli\u00e8res et transdisciplinaires qui participent \u00e0 la diffusion de la litt\u00e9rature jeunesse et forment les lecteurs adultes de demain.<\/h2>\t\t\t\t\t\t\t\t<\/div>\n\t\t\t\t<\/div>\n\t\t\t\t\t<\/div>\n\t\t<\/div>\n\t\t\t\t<div class=\"elementor-column elementor-col-33 elementor-top-column elementor-element elementor-element-9508d58\" data-id=\"9508d58\" data-element_type=\"column\">\n\t\t\t<div class=\"elementor-widget-wrap\">\n\t\t\t\t\t\t\t<\/div>\n\t\t<\/div>\n\t\t\t\t\t<\/div>\n\t\t<\/section>\n\t\t\t\t<section class=\"elementor-section elementor-top-section elementor-element elementor-element-1ae1076 elementor-section-boxed elementor-section-height-default elementor-section-height-default\" data-id=\"1ae1076\" data-element_type=\"section\">\n\t\t\t\t\t\t<div class=\"elementor-container elementor-column-gap-default\">\n\t\t\t\t\t<div class=\"elementor-column elementor-col-33 elementor-top-column elementor-element elementor-element-36d6a4f\" data-id=\"36d6a4f\" data-element_type=\"column\">\n\t\t\t<div class=\"elementor-widget-wrap\">\n\t\t\t\t\t\t\t<\/div>\n\t\t<\/div>\n\t\t\t\t<div class=\"elementor-column elementor-col-33 elementor-top-column elementor-element elementor-element-23c50c1\" data-id=\"23c50c1\" data-element_type=\"column\" data-settings=\"{&quot;background_background&quot;:&quot;classic&quot;}\">\n\t\t\t<div class=\"elementor-widget-wrap elementor-element-populated\">\n\t\t\t\t\t\t<section class=\"elementor-section elementor-inner-section elementor-element elementor-element-7ca166ce elementor-section-boxed elementor-section-height-default elementor-section-height-default\" data-id=\"7ca166ce\" data-element_type=\"section\">\n\t\t\t\t\t\t<div class=\"elementor-container elementor-column-gap-default\">\n\t\t\t\t\t<div class=\"elementor-column elementor-col-50 elementor-inner-column elementor-element elementor-element-cca338b\" data-id=\"cca338b\" data-element_type=\"column\">\n\t\t\t<div class=\"elementor-widget-wrap elementor-element-populated\">\n\t\t\t\t\t\t<div class=\"elementor-element elementor-element-7914b04e elementor-widget elementor-widget-heading\" data-id=\"7914b04e\" data-element_type=\"widget\" data-widget_type=\"heading.default\">\n\t\t\t\t<div class=\"elementor-widget-container\">\n\t\t\t\t\t<h2 class=\"elementor-heading-title elementor-size-default\"><b><i>Le presque petit chaperon rouge<\/i><\/b><br> \n<\/h2>\t\t\t\t<\/div>\n\t\t\t\t<\/div>\n\t\t\t\t<div class=\"elementor-element elementor-element-fcbaf9b elementor-position-top elementor-widget elementor-widget-image-box\" data-id=\"fcbaf9b\" data-element_type=\"widget\" data-widget_type=\"image-box.default\">\n\t\t\t\t<div class=\"elementor-widget-container\">\n\t\t\t\t\t<div class=\"elementor-image-box-wrapper\"><figure class=\"elementor-image-box-img\"><img fetchpriority=\"high\" decoding=\"async\" width=\"300\" height=\"200\" src=\"https:\/\/festival-livre-jeunesse.fr\/2025\/wp-content\/uploads\/2024\/12\/28724410568_ec680592f2_z-300x200.jpg\" class=\"elementor-animation-shrink attachment-medium size-medium wp-image-19724\" alt=\"\" srcset=\"https:\/\/festival-livre-jeunesse.fr\/2025\/wp-content\/uploads\/2024\/12\/28724410568_ec680592f2_z-300x200.jpg 300w, https:\/\/festival-livre-jeunesse.fr\/2025\/wp-content\/uploads\/2024\/12\/28724410568_ec680592f2_z.jpg 640w\" sizes=\"(max-width: 300px) 100vw, 300px\" \/><\/figure><div class=\"elementor-image-box-content\"><h5 class=\"elementor-image-box-title\"><b>Fonbeauzard | salle Andr\u00e9 Gentillet<\/b><br>3 rue des \u00e9coles <br>15h - Mer. 15 jan.<\/h5><p class=\"elementor-image-box-description\">\u00c0 partir de 5 ans. Dur\u00e9e : 45 min.<br><b>Une r\u00e9\u00e9criture de conte d\u00e9jant\u00e9e<br>Cie Nansouk<\/b><br>\n\nDes cr\u00e9anciers impitoyables viennent chercher leur d\u00fb chez Charles Perrault. Apr\u00e8s ses meubles ils s'en prennent \u00e0 ses histoires. Le probl\u00e8me, c'est que Perrault a perdu l'inspiration... Nous assistons \u00e0 la construction de l'histoire du Petit Chaperon Rouge, ballot\u00e9s entre les incoh\u00e9rences de l'auteur et ses id\u00e9es folles. Les personnages participent \u00e0 la naissance du conte, parfois s'insurgeant contre leur cr\u00e9ateur : un cochon pour effrayer le Petit Chaperon Rouge ? Enfin Charles, ce n'est pas s\u00e9rieux, qui aurait peur d'un cochon ! Le Loup, et bien le Loup il a d\u00e9j\u00e0 bien mang\u00e9 et n'a gu\u00e8re plus faim pour avaler le Petit Chaperon Rouge. Voltige rocambolesque o\u00f9 Charly Blanche en raconteuse farfelue trame l'histoire gr\u00e2ce aux marionnettes, au chant et au livre Pop-Up.<br><br><i>\n\nGratuit - Sans inscription<\/i><\/p><\/div><\/div>\t\t\t\t<\/div>\n\t\t\t\t<\/div>\n\t\t\t\t\t<\/div>\n\t\t<\/div>\n\t\t\t\t<div class=\"elementor-column elementor-col-50 elementor-inner-column elementor-element elementor-element-6ddec035\" data-id=\"6ddec035\" data-element_type=\"column\">\n\t\t\t<div class=\"elementor-widget-wrap elementor-element-populated\">\n\t\t\t\t\t\t<div class=\"elementor-element elementor-element-67da4389 elementor-widget elementor-widget-heading\" data-id=\"67da4389\" data-element_type=\"widget\" data-widget_type=\"heading.default\">\n\t\t\t\t<div class=\"elementor-widget-container\">\n\t\t\t\t\t<h2 class=\"elementor-heading-title elementor-size-default\"><b><i>Dix de plus, dix de moins<\/i><\/b><\/h2>\t\t\t\t<\/div>\n\t\t\t\t<\/div>\n\t\t\t\t<div class=\"elementor-element elementor-element-19a1332 elementor-position-top elementor-widget elementor-widget-image-box\" data-id=\"19a1332\" data-element_type=\"widget\" data-widget_type=\"image-box.default\">\n\t\t\t\t<div class=\"elementor-widget-container\">\n\t\t\t\t\t<div class=\"elementor-image-box-wrapper\"><figure class=\"elementor-image-box-img\"><img decoding=\"async\" width=\"218\" height=\"300\" src=\"https:\/\/festival-livre-jeunesse.fr\/2025\/wp-content\/uploads\/2024\/12\/9782226460257-j-e1733235870210-218x300.jpg\" class=\"elementor-animation-shrink attachment-medium size-medium wp-image-19725\" alt=\"\" srcset=\"https:\/\/festival-livre-jeunesse.fr\/2025\/wp-content\/uploads\/2024\/12\/9782226460257-j-e1733235870210-218x300.jpg 218w, https:\/\/festival-livre-jeunesse.fr\/2025\/wp-content\/uploads\/2024\/12\/9782226460257-j-e1733235870210.jpg 502w\" sizes=\"(max-width: 218px) 100vw, 218px\" \/><\/figure><div class=\"elementor-image-box-content\"><h5 class=\"elementor-image-box-title\">Toulouse | Centre culturel Bonnefoy<br>4 rue du faubourg Bonnefoy<br>16h30 - Mer. 22 jan.<\/h5><p class=\"elementor-image-box-description\">\u00c0 partir de 4 ans. Dur\u00e9e : 30 min.<br><b>Lecture-spectacle immersive<\/b><br>\n<b>Marie Mirgaine<\/b>, textes, voix<br><b>Anne-Lise Herrera<\/b>, violoncelle<br><b>Caroline Savi<\/b>, danse<br><br>Mouche vivait heureuse et tranquille dans sa maison ch\u00e9rie. Un jour, dix chiens \u00e0 la recherche d'un toit viennent toquer \u00e0 sa porte... Pas fine bouche, Mouche les accueille \u00e0 bras ouverts : \"dix de plus dix de moins, il y a toujours de la place \u00e0 la maison\".<br>L'accueil g\u00e9n\u00e9reux de l'autre et le partage de la diversit\u00e9 est au centre de cette histoire bienveillante et tendre.<br>L'autrice, Marie Mirgaine, raconte l'histoire. Guid\u00e9s par la danseuse et port\u00e9s par les variations sonores du violoncelle, les enfants spectateurs sont peu \u00e0 peu invit\u00e9s \u00e0 incarner les personnages.\n\n<i>Tarif : 3\u20ac - Sur inscription : billetterie en ligne centresculturels.toulouse.fr l spectacle propos\u00e9 par le Centre Culturel Bonnefoy<\/i>\n<\/p><\/div><\/div>\t\t\t\t<\/div>\n\t\t\t\t<\/div>\n\t\t\t\t\t<\/div>\n\t\t<\/div>\n\t\t\t\t\t<\/div>\n\t\t<\/section>\n\t\t\t\t<section class=\"elementor-section elementor-inner-section elementor-element elementor-element-6c594724 elementor-section-boxed elementor-section-height-default elementor-section-height-default\" data-id=\"6c594724\" data-element_type=\"section\">\n\t\t\t\t\t\t<div class=\"elementor-container elementor-column-gap-default\">\n\t\t\t\t\t<div class=\"elementor-column elementor-col-50 elementor-inner-column elementor-element elementor-element-1d13e6cd\" data-id=\"1d13e6cd\" data-element_type=\"column\">\n\t\t\t<div class=\"elementor-widget-wrap elementor-element-populated\">\n\t\t\t\t\t\t<div class=\"elementor-element elementor-element-2c950bf1 elementor-widget elementor-widget-heading\" data-id=\"2c950bf1\" data-element_type=\"widget\" data-widget_type=\"heading.default\">\n\t\t\t\t<div class=\"elementor-widget-container\">\n\t\t\t\t\t<h2 class=\"elementor-heading-title elementor-size-default\"><a href=\"https:\/\/ciescom.fr\/la-compagnie\/\"><b><i>Performance dessin\u00e9e et rencontre avec Gilles Bachelet<\/i><\/b><\/a><\/h2>\t\t\t\t<\/div>\n\t\t\t\t<\/div>\n\t\t\t\t<div class=\"elementor-element elementor-element-335948d elementor-widget__width-initial elementor-position-top elementor-widget elementor-widget-image-box\" data-id=\"335948d\" data-element_type=\"widget\" data-widget_type=\"image-box.default\">\n\t\t\t\t<div class=\"elementor-widget-container\">\n\t\t\t\t\t<div class=\"elementor-image-box-wrapper\"><figure class=\"elementor-image-box-img\"><img decoding=\"async\" width=\"219\" height=\"300\" src=\"https:\/\/festival-livre-jeunesse.fr\/2025\/wp-content\/uploads\/2024\/12\/hypermarquete-219x300.jpg\" class=\"elementor-animation-shrink attachment-medium size-medium wp-image-19575\" alt=\"\" srcset=\"https:\/\/festival-livre-jeunesse.fr\/2025\/wp-content\/uploads\/2024\/12\/hypermarquete-219x300.jpg 219w, https:\/\/festival-livre-jeunesse.fr\/2025\/wp-content\/uploads\/2024\/12\/hypermarquete-746x1024.jpg 746w, https:\/\/festival-livre-jeunesse.fr\/2025\/wp-content\/uploads\/2024\/12\/hypermarquete-768x1053.jpg 768w, https:\/\/festival-livre-jeunesse.fr\/2025\/wp-content\/uploads\/2024\/12\/hypermarquete-1120x1536.jpg 1120w, https:\/\/festival-livre-jeunesse.fr\/2025\/wp-content\/uploads\/2024\/12\/hypermarquete.jpg 1458w\" sizes=\"(max-width: 219px) 100vw, 219px\" \/><\/figure><div class=\"elementor-image-box-content\"><h5 class=\"elementor-image-box-title\">Toulouse | M\u00e9diath\u00e8que Grand M <br>rue Raymond Lizop<br>17h30 - Mer. 22 jan. <\/h5><p class=\"elementor-image-box-description\"><br>De et par <b>Gilles Bachelet<\/b>.<br><br>\nGilles Bachelet met \u00e0 l'honneur les h\u00e9ros d'hier et d'aujourd'hui lors d'une performance visuelle in\u00e9dite.<br>Apr\u00e8s avoir domestiqu\u00e9 le chat le plus b\u00eate du monde, \u00eatre entr\u00e9 dans les coulisses du livre jeunesse, l'auteur qui a su croquer Madame le Lapin Blanc s'empare de ses feutres pour animer en direct nos personnages et h\u00e9ros pr\u00e9f\u00e9r\u00e9s.<br><i>Gratuit - Sans inscription - Rencontre suivie d'une vente d\u00e9dicace avec la librairie de la Renaissance<\/i><\/p><\/div><\/div>\t\t\t\t<\/div>\n\t\t\t\t<\/div>\n\t\t\t\t\t<\/div>\n\t\t<\/div>\n\t\t\t\t<div class=\"elementor-column elementor-col-50 elementor-inner-column elementor-element elementor-element-6d36ee85\" data-id=\"6d36ee85\" data-element_type=\"column\">\n\t\t\t<div class=\"elementor-widget-wrap elementor-element-populated\">\n\t\t\t\t\t\t<div class=\"elementor-element elementor-element-3dfa7d5f elementor-widget elementor-widget-heading\" data-id=\"3dfa7d5f\" data-element_type=\"widget\" data-widget_type=\"heading.default\">\n\t\t\t\t<div class=\"elementor-widget-container\">\n\t\t\t\t\t<h2 class=\"elementor-heading-title elementor-size-default\"><b><i>Lectures \/ rencontre avec Jean-Claude Mourlevat<\/i><\/b>\n<\/h2>\t\t\t\t<\/div>\n\t\t\t\t<\/div>\n\t\t\t\t<div class=\"elementor-element elementor-element-1f478a7 elementor-position-top elementor-widget elementor-widget-image-box\" data-id=\"1f478a7\" data-element_type=\"widget\" data-widget_type=\"image-box.default\">\n\t\t\t\t<div class=\"elementor-widget-container\">\n\t\t\t\t\t<div class=\"elementor-image-box-wrapper\"><figure class=\"elementor-image-box-img\"><img loading=\"lazy\" decoding=\"async\" width=\"183\" height=\"300\" src=\"https:\/\/festival-livre-jeunesse.fr\/2025\/wp-content\/uploads\/2024\/12\/la_riviere_a_l_envers_volume_1_tomek-183x300.jpg\" class=\"elementor-animation-shrink attachment-medium size-medium wp-image-19730\" alt=\"\" srcset=\"https:\/\/festival-livre-jeunesse.fr\/2025\/wp-content\/uploads\/2024\/12\/la_riviere_a_l_envers_volume_1_tomek-183x300.jpg 183w, https:\/\/festival-livre-jeunesse.fr\/2025\/wp-content\/uploads\/2024\/12\/la_riviere_a_l_envers_volume_1_tomek.jpg 300w\" sizes=\"(max-width: 183px) 100vw, 183px\" \/><\/figure><div class=\"elementor-image-box-content\"><h5 class=\"elementor-image-box-title\">Toulouse |<span style=\"font-style: inherit\"> M\u00e9diath\u00e8que Jos\u00e9 Cabanis<\/span><br>Grand auditorium (niveau -1)<br>18h - Jeu. 23 Jan.<\/h5><p class=\"elementor-image-box-description\">Dur\u00e9e : 1h30.<br><b>Lecture<\/b>\nde et par <b>Jean-Claude Mourlevat<\/b>.<br><br>Jean-Claude Mourlevat propose pour tout public une lecture A voix haute de ses ouvrages. Il affectionne particuli\u00e8rement cet exercice qui r\u00e9v\u00e8le la nature des textes et donne vie aux personnages. Extraits de romans, nouvelles, textes courts... Il s'agit dans tous les cas de faire le lien entre le spectacle vivant et la litt\u00e9rature. Et de partager.<br><br><i>Gratuit - Sans inscription - Vente et d\u00e9dicace \u00e0 l'issue du spectacle. Partenariat avec le r\u00e9seau des biblioth\u00e8ques de Toulouse dans le cadre des saisons Imaginaires.<\/i><\/p><\/div><\/div>\t\t\t\t<\/div>\n\t\t\t\t<\/div>\n\t\t\t\t\t<\/div>\n\t\t<\/div>\n\t\t\t\t\t<\/div>\n\t\t<\/section>\n\t\t\t\t<section class=\"elementor-section elementor-inner-section elementor-element elementor-element-5b71069 elementor-section-boxed elementor-section-height-default elementor-section-height-default\" data-id=\"5b71069\" data-element_type=\"section\">\n\t\t\t\t\t\t<div class=\"elementor-container elementor-column-gap-default\">\n\t\t\t\t\t<div class=\"elementor-column elementor-col-50 elementor-inner-column elementor-element elementor-element-38f5388\" data-id=\"38f5388\" data-element_type=\"column\">\n\t\t\t<div class=\"elementor-widget-wrap elementor-element-populated\">\n\t\t\t\t\t\t<div class=\"elementor-element elementor-element-514ef66 elementor-widget elementor-widget-heading\" data-id=\"514ef66\" data-element_type=\"widget\" data-widget_type=\"heading.default\">\n\t\t\t\t<div class=\"elementor-widget-container\">\n\t\t\t\t\t<h2 class=\"elementor-heading-title elementor-size-default\"><a href=\"https:\/\/ciescom.fr\/la-compagnie\/\"><b><i>Le myst\u00e8re L\u00e9on Plouhinec<\/i><\/b><br> <\/a><\/h2>\t\t\t\t<\/div>\n\t\t\t\t<\/div>\n\t\t\t\t<div class=\"elementor-element elementor-element-645fc08 elementor-position-top elementor-widget elementor-widget-image-box\" data-id=\"645fc08\" data-element_type=\"widget\" data-widget_type=\"image-box.default\">\n\t\t\t\t<div class=\"elementor-widget-container\">\n\t\t\t\t\t<div class=\"elementor-image-box-wrapper\"><figure class=\"elementor-image-box-img\"><img loading=\"lazy\" decoding=\"async\" width=\"300\" height=\"300\" src=\"https:\/\/festival-livre-jeunesse.fr\/2025\/wp-content\/uploads\/2024\/12\/format-carre-300x300.jpg\" class=\"elementor-animation-shrink attachment-medium size-medium wp-image-19728\" alt=\"\" srcset=\"https:\/\/festival-livre-jeunesse.fr\/2025\/wp-content\/uploads\/2024\/12\/format-carre-300x300.jpg 300w, https:\/\/festival-livre-jeunesse.fr\/2025\/wp-content\/uploads\/2024\/12\/format-carre-1024x1024.jpg 1024w, https:\/\/festival-livre-jeunesse.fr\/2025\/wp-content\/uploads\/2024\/12\/format-carre-150x150.jpg 150w, https:\/\/festival-livre-jeunesse.fr\/2025\/wp-content\/uploads\/2024\/12\/format-carre-768x768.jpg 768w, https:\/\/festival-livre-jeunesse.fr\/2025\/wp-content\/uploads\/2024\/12\/format-carre.jpg 1181w\" sizes=\"(max-width: 300px) 100vw, 300px\" \/><\/figure><div class=\"elementor-image-box-content\"><h5 class=\"elementor-image-box-title\">Cugnaux | Quai des Arts<br>Place L\u00e9o Lagrange<br>18h30 - Ven. 24 jan.<br><br>Saint-Orens de Gameville | Lyc\u00e9e Pierre Paul Riquet <br>avenue du Lyc\u00e9e - Auditorium<br>16h30- Sam. 25 jan.<\/h5><p class=\"elementor-image-box-description\">A partir de 6 ans \u2013 dur\u00e9e : 50 min.<br><b>Spectacle<\/b><br><b>Cie des Etourneaux<\/b><br><br>\nSpectacle loufoque et po\u00e9tique de papiers d\u00e9coup\u00e9s, d'effets sp\u00e9ciaux artisanaux et de compositions musicales in\u00e9dites pour tous les publics \u00e0 partir de 6 ans. L\u00e9on Plouhinec est gardien de phare. Il a guid\u00e9 des marins perdus dans les brumes, brav\u00e9 des temp\u00eates, recueilli des oiseaux bless\u00e9s. Mais sur son \u00eelot rocheux, L\u00e9on capte aussi les fr\u00e9quences radio M\u00e9duse, seul lien pour lui avec le continent. Ainsi, sans jamais quitter son phare, L\u00e9on raconte la vie tr\u00e9pidante qu'il m\u00e8ne ; une vie incroyable, pass\u00e9e dans un phare avec la mer pour unique horizon. Un spectacle de papiers d\u00e9coup\u00e9s, musical, loufoque et po\u00e9tique, garni d'effets sp\u00e9ciaux artisanaux.<br><br><i>Gratuit - Sans inscription - Ce spectacle est programm\u00e9 dans le cadre de la diffusion de la bourse de cr\u00e9ation \"Art et litt\u00e9rature jeunesse\" de Toulouse M\u00e9tropole.<\/i><\/p><\/div><\/div>\t\t\t\t<\/div>\n\t\t\t\t<\/div>\n\t\t\t\t\t<\/div>\n\t\t<\/div>\n\t\t\t\t<div class=\"elementor-column elementor-col-50 elementor-inner-column elementor-element elementor-element-af42271\" data-id=\"af42271\" data-element_type=\"column\">\n\t\t\t<div class=\"elementor-widget-wrap elementor-element-populated\">\n\t\t\t\t\t\t<div class=\"elementor-element elementor-element-b9a6fcc elementor-widget elementor-widget-heading\" data-id=\"b9a6fcc\" data-element_type=\"widget\" data-widget_type=\"heading.default\">\n\t\t\t\t<div class=\"elementor-widget-container\">\n\t\t\t\t\t<h2 class=\"elementor-heading-title elementor-size-default\"><b><i>Lecture musicale avec Jean-Claude Mourlevat  et des \u00e9l\u00e8ves de l'\u00e9cole de musique de Saint-Orens de Gameville<\/i><\/b>\n<\/h2>\t\t\t\t<\/div>\n\t\t\t\t<\/div>\n\t\t\t\t<div class=\"elementor-element elementor-element-8a41120 elementor-widget__width-initial elementor-position-top elementor-widget elementor-widget-image-box\" data-id=\"8a41120\" data-element_type=\"widget\" data-widget_type=\"image-box.default\">\n\t\t\t\t<div class=\"elementor-widget-container\">\n\t\t\t\t\t<div class=\"elementor-image-box-wrapper\"><figure class=\"elementor-image-box-img\"><img loading=\"lazy\" decoding=\"async\" width=\"179\" height=\"300\" src=\"https:\/\/festival-livre-jeunesse.fr\/2025\/wp-content\/uploads\/2024\/12\/CVT_Silhouette_7678-179x300.jpg\" class=\"elementor-animation-shrink attachment-medium size-medium wp-image-19729\" alt=\"\" srcset=\"https:\/\/festival-livre-jeunesse.fr\/2025\/wp-content\/uploads\/2024\/12\/CVT_Silhouette_7678-179x300.jpg 179w, https:\/\/festival-livre-jeunesse.fr\/2025\/wp-content\/uploads\/2024\/12\/CVT_Silhouette_7678.jpg 220w\" sizes=\"(max-width: 179px) 100vw, 179px\" \/><\/figure><div class=\"elementor-image-box-content\"><h5 class=\"elementor-image-box-title\">Saint-Orens de Gameville | Lyc\u00e9e Pierre Paul Riquet <br> avenue du Lyc\u00e9e - Auditorium<br>11h- Sam. 25 jan. <\/h5><p class=\"elementor-image-box-description\"><b>Lecture musicale<\/b><br><br><b>Jean-Claude Mourlevat<\/b>, textes, voix<br><b>El\u00e8ves de l'\u00e9cole de musique de Saint-Orens de Gameville<\/b>, divers instruments \n<br>Attach\u00e9 \u00e0 aborder le livre dans sa transversalit\u00e9, le Festival du Livre de Jeunesse a demand\u00e9 \u00e0 l'auteur, Jean-Claude Mourlevat de croiser litt\u00e9rature et musique avec des \u00e9l\u00e8ves de l'\u00e9cole de musique de Saint-Orens de Gameville.<br>L'auteur offrira au public une lecture de ses propres textes litt\u00e9raires en les pr\u00e9sentant un \u00e0 un, avec des interludes musicaux interpr\u00e9t\u00e9s par des \u00e9l\u00e8ves de l'\u00e9cole de musique.<br><br><i>Gratuit - Sans inscription<\/i><\/p><\/div><\/div>\t\t\t\t<\/div>\n\t\t\t\t<\/div>\n\t\t\t\t\t<\/div>\n\t\t<\/div>\n\t\t\t\t\t<\/div>\n\t\t<\/section>\n\t\t\t\t<section class=\"elementor-section elementor-inner-section elementor-element elementor-element-7f3844b elementor-section-boxed elementor-section-height-default elementor-section-height-default\" data-id=\"7f3844b\" data-element_type=\"section\">\n\t\t\t\t\t\t<div class=\"elementor-container elementor-column-gap-default\">\n\t\t\t\t\t<div class=\"elementor-column elementor-col-50 elementor-inner-column elementor-element elementor-element-0e529ed\" data-id=\"0e529ed\" data-element_type=\"column\">\n\t\t\t<div class=\"elementor-widget-wrap elementor-element-populated\">\n\t\t\t\t\t\t<div class=\"elementor-element elementor-element-bd56528 elementor-widget elementor-widget-heading\" data-id=\"bd56528\" data-element_type=\"widget\" data-widget_type=\"heading.default\">\n\t\t\t\t<div class=\"elementor-widget-container\">\n\t\t\t\t\t<h2 class=\"elementor-heading-title elementor-size-default\"><a href=\"https:\/\/ciescom.fr\/la-compagnie\/\"><b><i>A la page<\/i><\/b><\/a><\/h2>\t\t\t\t<\/div>\n\t\t\t\t<\/div>\n\t\t\t\t<div class=\"elementor-element elementor-element-0adc0be elementor-position-top elementor-widget elementor-widget-image-box\" data-id=\"0adc0be\" data-element_type=\"widget\" data-widget_type=\"image-box.default\">\n\t\t\t\t<div class=\"elementor-widget-container\">\n\t\t\t\t\t<div class=\"elementor-image-box-wrapper\"><figure class=\"elementor-image-box-img\"><img loading=\"lazy\" decoding=\"async\" width=\"200\" height=\"300\" src=\"https:\/\/festival-livre-jeunesse.fr\/2025\/wp-content\/uploads\/2024\/12\/AlaPage_09-200x300.jpg\" class=\"elementor-animation-shrink attachment-medium size-medium wp-image-19731\" alt=\"\" srcset=\"https:\/\/festival-livre-jeunesse.fr\/2025\/wp-content\/uploads\/2024\/12\/AlaPage_09-200x300.jpg 200w, https:\/\/festival-livre-jeunesse.fr\/2025\/wp-content\/uploads\/2024\/12\/AlaPage_09-683x1024.jpg 683w, https:\/\/festival-livre-jeunesse.fr\/2025\/wp-content\/uploads\/2024\/12\/AlaPage_09.jpg 720w\" sizes=\"(max-width: 200px) 100vw, 200px\" \/><\/figure><div class=\"elementor-image-box-content\"><h5 class=\"elementor-image-box-title\">Saint-Orens de Gameville | Lyc\u00e9e Pierre Paul Riquet avenue du Lyc\u00e9e - Auditorium<br>10h 30- Dim. 26 jan. <\/h5><p class=\"elementor-image-box-description\">A partir de 1 ans<br>\n<b>Spectacle<\/b><br>\n<b>Compagnie rouge virgule<\/b><br><br>\nUne d\u00e9claration d'amour gourmande aux livres et aux albums.<br>Et si vous embarquiez \u00e0 bord d'une pile de livres qui prennent vie, se transforment et s'envolent ?<br>Deux personnages intr\u00e9pides vous invitent \u00e0 la red\u00e9couverte des LIVRES ! Oui ! Ces objets \u00e9tonnants, bizarres, myst\u00e9rieux, singuliers qui proposent \u00e0 nos exploratrices un terrain de jeu jubilatoire. Sur le fil de leur marabout-bout de ficelle, elles construisent des situations dr\u00f4les ou tendres qui font la part belle \u00e0 l'imaginaire, \u00e0 l'humour et \u00e0 la po\u00e9sie. Une \u00e9pop\u00e9e fantasque et libresque ! <br><br><i>Gratuit pour les enfants- 5\u20ac\/adulte - Sans inscription<\/i><\/p><\/div><\/div>\t\t\t\t<\/div>\n\t\t\t\t<\/div>\n\t\t\t\t\t<\/div>\n\t\t<\/div>\n\t\t\t\t<div class=\"elementor-column elementor-col-50 elementor-inner-column elementor-element elementor-element-80ccfd4\" data-id=\"80ccfd4\" data-element_type=\"column\">\n\t\t\t<div class=\"elementor-widget-wrap elementor-element-populated\">\n\t\t\t\t\t\t<div class=\"elementor-element elementor-element-07031ec elementor-widget elementor-widget-heading\" data-id=\"07031ec\" data-element_type=\"widget\" data-widget_type=\"heading.default\">\n\t\t\t\t<div class=\"elementor-widget-container\">\n\t\t\t\t\t<h2 class=\"elementor-heading-title elementor-size-default\"><i><b>La tribu q\u0336u\u0336i\u0336 \u0336p\u0336u\u0336e\u0336 qui pousse<\/b><\/i><\/h2>\t\t\t\t<\/div>\n\t\t\t\t<\/div>\n\t\t\t\t<div class=\"elementor-element elementor-element-886cfdf elementor-position-top elementor-widget elementor-widget-image-box\" data-id=\"886cfdf\" data-element_type=\"widget\" data-widget_type=\"image-box.default\">\n\t\t\t\t<div class=\"elementor-widget-container\">\n\t\t\t\t\t<div class=\"elementor-image-box-wrapper\"><figure class=\"elementor-image-box-img\"><img loading=\"lazy\" decoding=\"async\" width=\"236\" height=\"300\" src=\"https:\/\/festival-livre-jeunesse.fr\/2025\/wp-content\/uploads\/2024\/12\/Tribu-_-PPotelleDSC09150_01-236x300.jpg\" class=\"elementor-animation-shrink attachment-medium size-medium wp-image-19732\" alt=\"\" srcset=\"https:\/\/festival-livre-jeunesse.fr\/2025\/wp-content\/uploads\/2024\/12\/Tribu-_-PPotelleDSC09150_01-236x300.jpg 236w, https:\/\/festival-livre-jeunesse.fr\/2025\/wp-content\/uploads\/2024\/12\/Tribu-_-PPotelleDSC09150_01-805x1024.jpg 805w, https:\/\/festival-livre-jeunesse.fr\/2025\/wp-content\/uploads\/2024\/12\/Tribu-_-PPotelleDSC09150_01-768x977.jpg 768w, https:\/\/festival-livre-jeunesse.fr\/2025\/wp-content\/uploads\/2024\/12\/Tribu-_-PPotelleDSC09150_01-1207x1536.jpg 1207w, https:\/\/festival-livre-jeunesse.fr\/2025\/wp-content\/uploads\/2024\/12\/Tribu-_-PPotelleDSC09150_01-1610x2048.jpg 1610w, https:\/\/festival-livre-jeunesse.fr\/2025\/wp-content\/uploads\/2024\/12\/Tribu-_-PPotelleDSC09150_01-scaled.jpg 2012w\" sizes=\"(max-width: 236px) 100vw, 236px\" \/><\/figure><div class=\"elementor-image-box-content\"><h5 class=\"elementor-image-box-title\">Saint-Orens de Gameville | Lyc\u00e9e Pierre Paul Riquet avenue du Lyc\u00e9e - Auditorium<br>16h30 - Dim. 26 jan. <\/h5><p class=\"elementor-image-box-description\">A partir de 6 ans<br>\n<b>Cie la Collective<\/b>.<br>D'apr\u00e8s <i>La tribu qui pue<\/i>, d'<b>Elise Gravel<\/b> et <b>Magali Le Huche<\/b>, publi\u00e9 aux \u00e9ditions <i>Les fourmis rouges<\/i> et septembre 2017<br>\nCl\u00e9mence et Clothilde, deux scientifiques naturalistes et exploratrices, accomplissent leur premi\u00e8re mission pour la Haute Facult\u00e9 d'Ethnologie des Tribus d'enfants sauvages. Elles sont adultes depuis tellement longtemps qu'elles ont oubli\u00e9 ce que c'\u00e9tait un enfant. Savantes et d\u00e9sorient\u00e9es, elles se perdent le temps d'une nuit dans une for\u00eat inconnue, o\u00f9 elles d\u00e9couvrent les traces d'une communaut\u00e9 d'enfants. Jusqu'au lev\u00e9 du jour, la fouille arch\u00e9ologique se transforme progressivement en terrain de jeu pour Cl\u00e9mence et Clothilde qui r\u00e9 inventent l'histoire de la Tribu qui pue : celle d'une horde d'enfants sales, sauvages et d\u00e9brouillards. Un e tribu qui pousse, une histoire qui sort de terre et de l'imagination de ces deux adultes qui se red\u00e9couvrent et se rencontrent dans la fantaisie, le ludisme et la joie d'inventer, de jouer ensemble, sur fond de fable \u00e9cologique et humaniste.\n<br><br><i><i>Gratuit pour les enfants - 5\u20ac\/adulte - Sans inscription<\/i><\/i><\/p><\/div><\/div>\t\t\t\t<\/div>\n\t\t\t\t<\/div>\n\t\t\t\t\t<\/div>\n\t\t<\/div>\n\t\t\t\t\t<\/div>\n\t\t<\/section>\n\t\t\t\t<div class=\"elementor-element elementor-element-aaf435f elementor-widget-divider--view-line elementor-widget elementor-widget-divider\" data-id=\"aaf435f\" data-element_type=\"widget\" data-widget_type=\"divider.default\">\n\t\t\t\t<div class=\"elementor-widget-container\">\n\t\t\t\t\t\t\t<div class=\"elementor-divider\">\n\t\t\t<span class=\"elementor-divider-separator\">\n\t\t\t\t\t\t<\/span>\n\t\t<\/div>\n\t\t\t\t\t\t<\/div>\n\t\t\t\t<\/div>\n\t\t\t\t<div class=\"elementor-element elementor-element-de0d179 elementor-widget elementor-widget-heading\" data-id=\"de0d179\" data-element_type=\"widget\" data-widget_type=\"heading.default\">\n\t\t\t\t<div class=\"elementor-widget-container\">\n\t\t\t\t\t<h2 class=\"elementor-heading-title elementor-size-default\">REPRESENTATIONS SCOLAIRES<\/h2>\t\t\t\t<\/div>\n\t\t\t\t<\/div>\n\t\t\t\t<section class=\"elementor-section elementor-inner-section elementor-element elementor-element-bb2ec17 elementor-section-boxed elementor-section-height-default elementor-section-height-default\" data-id=\"bb2ec17\" data-element_type=\"section\" data-settings=\"{&quot;background_background&quot;:&quot;classic&quot;}\">\n\t\t\t\t\t\t<div class=\"elementor-container elementor-column-gap-default\">\n\t\t\t\t\t<div class=\"elementor-column elementor-col-50 elementor-inner-column elementor-element elementor-element-aa1d982\" data-id=\"aa1d982\" data-element_type=\"column\">\n\t\t\t<div class=\"elementor-widget-wrap elementor-element-populated\">\n\t\t\t\t\t\t<div class=\"elementor-element elementor-element-05c31c2 elementor-widget elementor-widget-heading\" data-id=\"05c31c2\" data-element_type=\"widget\" data-widget_type=\"heading.default\">\n\t\t\t\t<div class=\"elementor-widget-container\">\n\t\t\t\t\t<h2 class=\"elementor-heading-title elementor-size-default\"><a href=\"https:\/\/ciescom.fr\/la-compagnie\/\"><b><i>Lecture \u00e0 voix haute : Rachel Corenblit<\/i><\/b><\/a><\/h2>\t\t\t\t<\/div>\n\t\t\t\t<\/div>\n\t\t\t\t<div class=\"elementor-element elementor-element-e395749 elementor-position-top elementor-widget elementor-widget-image-box\" data-id=\"e395749\" data-element_type=\"widget\" data-widget_type=\"image-box.default\">\n\t\t\t\t<div class=\"elementor-widget-container\">\n\t\t\t\t\t<div class=\"elementor-image-box-wrapper\"><figure class=\"elementor-image-box-img\"><img loading=\"lazy\" decoding=\"async\" width=\"206\" height=\"300\" src=\"https:\/\/festival-livre-jeunesse.fr\/2025\/wp-content\/uploads\/2024\/12\/9782092495001-206x300.jpg\" class=\"attachment-medium size-medium wp-image-19680\" alt=\"\" srcset=\"https:\/\/festival-livre-jeunesse.fr\/2025\/wp-content\/uploads\/2024\/12\/9782092495001-206x300.jpg 206w, https:\/\/festival-livre-jeunesse.fr\/2025\/wp-content\/uploads\/2024\/12\/9782092495001.jpg 400w\" sizes=\"(max-width: 206px) 100vw, 206px\" \/><\/figure><div class=\"elementor-image-box-content\"><h3 class=\"elementor-image-box-title\">Saint-Orens de Gameville | Lyc\u00e9e Pierre-Paul Riquet <br>avenue du lyc\u00e9e<br>13h45 - Ven. 24 jan.<\/h3><p class=\"elementor-image-box-description\">Classes de 2nd et 1\u00e8re \u2013 dur\u00e9e : 1h30<br><br>Les lyc\u00e9ens du Lyc\u00e9e Raymond Naves de Toulouse assisteront \u00e0 une lecture des ouvrages \"Comme une famille\" et \"Celle qui reste\" par l'autrice Rachel Corenblit.<br><br><b>Lecture <\/b><br>\nDe et par <b>Rachel Corenblit<\/b><\/p><\/div><\/div>\t\t\t\t<\/div>\n\t\t\t\t<\/div>\n\t\t\t\t\t<\/div>\n\t\t<\/div>\n\t\t\t\t<div class=\"elementor-column elementor-col-50 elementor-inner-column elementor-element elementor-element-772cf72\" data-id=\"772cf72\" data-element_type=\"column\">\n\t\t\t<div class=\"elementor-widget-wrap elementor-element-populated\">\n\t\t\t\t\t\t<div class=\"elementor-element elementor-element-89a3a23 elementor-widget elementor-widget-heading\" data-id=\"89a3a23\" data-element_type=\"widget\" data-widget_type=\"heading.default\">\n\t\t\t\t<div class=\"elementor-widget-container\">\n\t\t\t\t\t<h2 class=\"elementor-heading-title elementor-size-default\"><b><i>Lectures \u00e0 voix haute : Ga\u00ebl Aymon<\/i><\/b><br> <\/h2>\t\t\t\t<\/div>\n\t\t\t\t<\/div>\n\t\t\t\t<div class=\"elementor-element elementor-element-e4a0863 elementor-position-top elementor-widget elementor-widget-image-box\" data-id=\"e4a0863\" data-element_type=\"widget\" data-widget_type=\"image-box.default\">\n\t\t\t\t<div class=\"elementor-widget-container\">\n\t\t\t\t\t<div class=\"elementor-image-box-wrapper\"><figure class=\"elementor-image-box-img\"><img loading=\"lazy\" decoding=\"async\" width=\"198\" height=\"300\" src=\"https:\/\/festival-livre-jeunesse.fr\/2025\/wp-content\/uploads\/2024\/12\/conteur-198x300.jpg\" class=\"attachment-medium size-medium wp-image-19739\" alt=\"\" srcset=\"https:\/\/festival-livre-jeunesse.fr\/2025\/wp-content\/uploads\/2024\/12\/conteur-198x300.jpg 198w, https:\/\/festival-livre-jeunesse.fr\/2025\/wp-content\/uploads\/2024\/12\/conteur.jpg 340w\" sizes=\"(max-width: 198px) 100vw, 198px\" \/><\/figure><div class=\"elementor-image-box-content\"><h5 class=\"elementor-image-box-title\">Saint-Orens de Gameville | Lyc\u00e9e Pierre Paul Riquet <br>avenue du Lyc\u00e9e <br>9h15 &amp; 11h- Ven. 24 jan.<\/h5><p class=\"elementor-image-box-description\">Classes de 6\u00e8me et 5\u00e8me \u2013 dur\u00e9e : 1h30<br><br>Les coll\u00e9giens des \u00e9tablissements de Beauzelle et de Bessi\u00e8res  assisteront \u00e0 une lecture de  l'ouvrage \"L'apprenti conteur\" par l'auteur Ga\u00ebl Aymon.<br><br><b>Lecture<\/b><br>\nDe et par <b>Ga\u00ebl Aymon<\/b>.<br><br>\n\n <\/p><\/div><\/div>\t\t\t\t<\/div>\n\t\t\t\t<\/div>\n\t\t\t\t\t<\/div>\n\t\t<\/div>\n\t\t\t\t\t<\/div>\n\t\t<\/section>\n\t\t\t\t\t<\/div>\n\t\t<\/div>\n\t\t\t\t<div class=\"elementor-column elementor-col-33 elementor-top-column elementor-element elementor-element-7d97c45\" data-id=\"7d97c45\" data-element_type=\"column\">\n\t\t\t<div class=\"elementor-widget-wrap\">\n\t\t\t\t\t\t\t<\/div>\n\t\t<\/div>\n\t\t\t\t\t<\/div>\n\t\t<\/section>\n\t\t\t\t<section class=\"elementor-section elementor-top-section elementor-element elementor-element-e6923fb elementor-section-full_width elementor-section-height-default elementor-section-height-default\" data-id=\"e6923fb\" data-element_type=\"section\">\n\t\t\t\t\t\t<div class=\"elementor-container elementor-column-gap-default\">\n\t\t\t\t\t<div class=\"elementor-column elementor-col-100 elementor-top-column elementor-element elementor-element-00ea8bb\" data-id=\"00ea8bb\" data-element_type=\"column\">\n\t\t\t<div class=\"elementor-widget-wrap elementor-element-populated\">\n\t\t\t\t\t\t<div class=\"elementor-element elementor-element-c1a2270 elementor-widget elementor-widget-spacer\" data-id=\"c1a2270\" data-element_type=\"widget\" data-widget_type=\"spacer.default\">\n\t\t\t\t<div class=\"elementor-widget-container\">\n\t\t\t\t\t\t\t<div class=\"elementor-spacer\">\n\t\t\t<div class=\"elementor-spacer-inner\"><\/div>\n\t\t<\/div>\n\t\t\t\t\t\t<\/div>\n\t\t\t\t<\/div>\n\t\t\t\t<div class=\"elementor-element elementor-element-e21a5c0 elementor-pagination-position-inside elementor-arrows-position-inside elementor-widget elementor-widget-image-carousel\" data-id=\"e21a5c0\" data-element_type=\"widget\" data-settings=\"{&quot;slides_to_show&quot;:&quot;9&quot;,&quot;autoplay_speed&quot;:3000,&quot;speed&quot;:250,&quot;image_spacing_custom&quot;:{&quot;unit&quot;:&quot;px&quot;,&quot;size&quot;:25,&quot;sizes&quot;:[]},&quot;navigation&quot;:&quot;both&quot;,&quot;autoplay&quot;:&quot;yes&quot;,&quot;pause_on_hover&quot;:&quot;yes&quot;,&quot;pause_on_interaction&quot;:&quot;yes&quot;,&quot;infinite&quot;:&quot;yes&quot;,&quot;image_spacing_custom_tablet&quot;:{&quot;unit&quot;:&quot;px&quot;,&quot;size&quot;:&quot;&quot;,&quot;sizes&quot;:[]},&quot;image_spacing_custom_mobile&quot;:{&quot;unit&quot;:&quot;px&quot;,&quot;size&quot;:&quot;&quot;,&quot;sizes&quot;:[]}}\" data-widget_type=\"image-carousel.default\">\n\t\t\t\t<div class=\"elementor-widget-container\">\n\t\t\t\t\t\t\t<div class=\"elementor-image-carousel-wrapper swiper\" role=\"region\" aria-roledescription=\"carousel\" aria-label=\"Carrousel d\u2019images\" dir=\"ltr\">\n\t\t\t<div class=\"elementor-image-carousel swiper-wrapper\" aria-live=\"off\">\n\t\t\t\t\t\t\t\t<div class=\"swiper-slide\" role=\"group\" aria-roledescription=\"slide\" aria-label=\"1 sur 18\"><a data-elementor-open-lightbox=\"yes\" data-elementor-lightbox-slideshow=\"e21a5c0\" data-elementor-lightbox-title=\"saint-orens\" data-e-action-hash=\"#elementor-action%3Aaction%3Dlightbox%26settings%3DeyJpZCI6MjY3NCwidXJsIjoiaHR0cHM6XC9cL2Zlc3RpdmFsLWxpdnJlLWpldW5lc3NlLmZyXC8yMDI1XC93cC1jb250ZW50XC91cGxvYWRzXC8yMDIxXC8wNVwvc2FpbnQtb3JlbnMucG5nIiwic2xpZGVzaG93IjoiZTIxYTVjMCJ9\" href=\"https:\/\/festival-livre-jeunesse.fr\/2021_intermediaire\/partenaires\/\"><figure class=\"swiper-slide-inner\"><img decoding=\"async\" class=\"swiper-slide-image\" src=\"https:\/\/festival-livre-jeunesse.fr\/2025\/wp-content\/uploads\/2021\/05\/saint-orens.png\" alt=\"Ville de Saint-Orens de Gameville\" \/><\/figure><\/a><\/div><div class=\"swiper-slide\" role=\"group\" aria-roledescription=\"slide\" aria-label=\"2 sur 18\"><a data-elementor-open-lightbox=\"yes\" data-elementor-lightbox-slideshow=\"e21a5c0\" data-elementor-lightbox-title=\"toulouse m\u00e9tropole\" data-e-action-hash=\"#elementor-action%3Aaction%3Dlightbox%26settings%3DeyJpZCI6MjY3NSwidXJsIjoiaHR0cHM6XC9cL2Zlc3RpdmFsLWxpdnJlLWpldW5lc3NlLmZyXC8yMDI1XC93cC1jb250ZW50XC91cGxvYWRzXC8yMDIxXC8wNVwvdG91bG91c2UtbWV0cm9wb2xlLnBuZyIsInNsaWRlc2hvdyI6ImUyMWE1YzAifQ%3D%3D\" href=\"https:\/\/festival-livre-jeunesse.fr\/2021_intermediaire\/partenaires\/\"><figure class=\"swiper-slide-inner\"><img decoding=\"async\" class=\"swiper-slide-image\" src=\"https:\/\/festival-livre-jeunesse.fr\/2025\/wp-content\/uploads\/2021\/05\/toulouse-metropole.png\" alt=\"Toulouse M\u00e9tropole\" \/><\/figure><\/a><\/div><div class=\"swiper-slide\" role=\"group\" aria-roledescription=\"slide\" aria-label=\"3 sur 18\"><a data-elementor-open-lightbox=\"yes\" data-elementor-lightbox-slideshow=\"e21a5c0\" data-elementor-lightbox-title=\"cnl\" data-e-action-hash=\"#elementor-action%3Aaction%3Dlightbox%26settings%3DeyJpZCI6MjY3OSwidXJsIjoiaHR0cHM6XC9cL2Zlc3RpdmFsLWxpdnJlLWpldW5lc3NlLmZyXC8yMDI1XC93cC1jb250ZW50XC91cGxvYWRzXC8yMDIxXC8wNVwvY25sLnBuZyIsInNsaWRlc2hvdyI6ImUyMWE1YzAifQ%3D%3D\" href=\"https:\/\/festival-livre-jeunesse.fr\/2021_intermediaire\/partenaires\/\"><figure class=\"swiper-slide-inner\"><img decoding=\"async\" class=\"swiper-slide-image\" src=\"https:\/\/festival-livre-jeunesse.fr\/2025\/wp-content\/uploads\/2021\/05\/cnl.png\" alt=\"CNL\" \/><\/figure><\/a><\/div><div class=\"swiper-slide\" role=\"group\" aria-roledescription=\"slide\" aria-label=\"4 sur 18\"><a data-elementor-open-lightbox=\"yes\" data-elementor-lightbox-slideshow=\"e21a5c0\" data-elementor-lightbox-title=\"cd31\" data-e-action-hash=\"#elementor-action%3Aaction%3Dlightbox%26settings%3DeyJpZCI6MjY3MywidXJsIjoiaHR0cHM6XC9cL2Zlc3RpdmFsLWxpdnJlLWpldW5lc3NlLmZyXC8yMDI1XC93cC1jb250ZW50XC91cGxvYWRzXC8yMDIxXC8wNVwvY2QzMS5wbmciLCJzbGlkZXNob3ciOiJlMjFhNWMwIn0%3D\" href=\"https:\/\/festival-livre-jeunesse.fr\/2021_intermediaire\/partenaires\/\"><figure class=\"swiper-slide-inner\"><img decoding=\"async\" class=\"swiper-slide-image\" src=\"https:\/\/festival-livre-jeunesse.fr\/2025\/wp-content\/uploads\/2021\/05\/cd31.png\" alt=\"CD31\" \/><\/figure><\/a><\/div><div class=\"swiper-slide\" role=\"group\" aria-roledescription=\"slide\" aria-label=\"5 sur 18\"><a data-elementor-open-lightbox=\"yes\" data-elementor-lightbox-slideshow=\"e21a5c0\" data-elementor-lightbox-title=\"r\u00e9gion occitanie\" data-e-action-hash=\"#elementor-action%3Aaction%3Dlightbox%26settings%3DeyJpZCI6MjY3MSwidXJsIjoiaHR0cHM6XC9cL2Zlc3RpdmFsLWxpdnJlLWpldW5lc3NlLmZyXC8yMDI1XC93cC1jb250ZW50XC91cGxvYWRzXC8yMDIxXC8wNVwvcmVnaW9uLW9jY2l0YW5pZS5wbmciLCJzbGlkZXNob3ciOiJlMjFhNWMwIn0%3D\" href=\"https:\/\/festival-livre-jeunesse.fr\/2021_intermediaire\/partenaires\/\"><figure class=\"swiper-slide-inner\"><img decoding=\"async\" class=\"swiper-slide-image\" src=\"https:\/\/festival-livre-jeunesse.fr\/2025\/wp-content\/uploads\/2021\/05\/region-occitanie.png\" alt=\"R\u00e9gion Occitanie\" \/><\/figure><\/a><\/div><div class=\"swiper-slide\" role=\"group\" aria-roledescription=\"slide\" aria-label=\"6 sur 18\"><a data-elementor-open-lightbox=\"yes\" data-elementor-lightbox-slideshow=\"e21a5c0\" data-elementor-lightbox-title=\"minist\u00e8re de la culture\" data-e-action-hash=\"#elementor-action%3Aaction%3Dlightbox%26settings%3DeyJpZCI6Mjc1OSwidXJsIjoiaHR0cHM6XC9cL2Zlc3RpdmFsLWxpdnJlLWpldW5lc3NlLmZyXC8yMDI1XC93cC1jb250ZW50XC91cGxvYWRzXC8yMDIxXC8wNVwvbWluaXN0ZXJlLWRlLWxhLWN1bHR1cmUucG5nIiwic2xpZGVzaG93IjoiZTIxYTVjMCJ9\" href=\"https:\/\/festival-livre-jeunesse.fr\/2021_intermediaire\/partenaires\/\"><figure class=\"swiper-slide-inner\"><img decoding=\"async\" class=\"swiper-slide-image\" src=\"https:\/\/festival-livre-jeunesse.fr\/2025\/wp-content\/uploads\/2021\/05\/ministere-de-la-culture.png\" alt=\"Minist\u00e8re de la culture\" \/><\/figure><\/a><\/div><div class=\"swiper-slide\" role=\"group\" aria-roledescription=\"slide\" aria-label=\"7 sur 18\"><a data-elementor-open-lightbox=\"yes\" data-elementor-lightbox-slideshow=\"e21a5c0\" data-elementor-lightbox-title=\"acad\u00e9mie toulouse\" data-e-action-hash=\"#elementor-action%3Aaction%3Dlightbox%26settings%3DeyJpZCI6MjY3MCwidXJsIjoiaHR0cHM6XC9cL2Zlc3RpdmFsLWxpdnJlLWpldW5lc3NlLmZyXC8yMDI1XC93cC1jb250ZW50XC91cGxvYWRzXC8yMDIxXC8wNVwvYWNhZGVtaWUtdG91bG91c2UucG5nIiwic2xpZGVzaG93IjoiZTIxYTVjMCJ9\" href=\"https:\/\/festival-livre-jeunesse.fr\/2021_intermediaire\/partenaires\/\"><figure class=\"swiper-slide-inner\"><img decoding=\"async\" class=\"swiper-slide-image\" src=\"https:\/\/festival-livre-jeunesse.fr\/2025\/wp-content\/uploads\/2021\/05\/academie-toulouse.png\" alt=\"Acad\u00e9mie de Toulouse\" \/><\/figure><\/a><\/div><div class=\"swiper-slide\" role=\"group\" aria-roledescription=\"slide\" aria-label=\"8 sur 18\"><a data-elementor-open-lightbox=\"yes\" data-elementor-lightbox-slideshow=\"e21a5c0\" data-elementor-lightbox-title=\"INSPE\" data-e-action-hash=\"#elementor-action%3Aaction%3Dlightbox%26settings%3DeyJpZCI6MjY4MCwidXJsIjoiaHR0cHM6XC9cL2Zlc3RpdmFsLWxpdnJlLWpldW5lc3NlLmZyXC8yMDI1XC93cC1jb250ZW50XC91cGxvYWRzXC8yMDIxXC8wNVwvSU5TUEUuanBnIiwic2xpZGVzaG93IjoiZTIxYTVjMCJ9\" href=\"https:\/\/festival-livre-jeunesse.fr\/2021_intermediaire\/partenaires\/\"><figure class=\"swiper-slide-inner\"><img decoding=\"async\" class=\"swiper-slide-image\" src=\"https:\/\/festival-livre-jeunesse.fr\/2025\/wp-content\/uploads\/2021\/05\/INSPE.jpg\" alt=\"Inspe Toulouse\" \/><\/figure><\/a><\/div><div class=\"swiper-slide\" role=\"group\" aria-roledescription=\"slide\" aria-label=\"9 sur 18\"><a data-elementor-open-lightbox=\"yes\" data-elementor-lightbox-slideshow=\"e21a5c0\" data-elementor-lightbox-title=\"universit\u00e9\" data-e-action-hash=\"#elementor-action%3Aaction%3Dlightbox%26settings%3DeyJpZCI6MjY4NywidXJsIjoiaHR0cHM6XC9cL2Zlc3RpdmFsLWxpdnJlLWpldW5lc3NlLmZyXC8yMDI1XC93cC1jb250ZW50XC91cGxvYWRzXC8yMDIxXC8wNVwvdW5pdmVyc2l0ZS5wbmciLCJzbGlkZXNob3ciOiJlMjFhNWMwIn0%3D\" href=\"https:\/\/festival-livre-jeunesse.fr\/2021_intermediaire\/partenaires\/\"><figure class=\"swiper-slide-inner\"><img decoding=\"async\" class=\"swiper-slide-image\" src=\"https:\/\/festival-livre-jeunesse.fr\/2025\/wp-content\/uploads\/2021\/05\/universite.png\" alt=\"Universit\u00e9 Jean Jaur\u00e8s\" \/><\/figure><\/a><\/div><div class=\"swiper-slide\" role=\"group\" aria-roledescription=\"slide\" aria-label=\"10 sur 18\"><a data-elementor-open-lightbox=\"yes\" data-elementor-lightbox-slideshow=\"e21a5c0\" data-elementor-lightbox-title=\"Logo Sofia\" data-e-action-hash=\"#elementor-action%3Aaction%3Dlightbox%26settings%3DeyJpZCI6MjY4OCwidXJsIjoiaHR0cHM6XC9cL2Zlc3RpdmFsLWxpdnJlLWpldW5lc3NlLmZyXC8yMDI1XC93cC1jb250ZW50XC91cGxvYWRzXC8yMDIxXC8wNVwvTG9nby1Tb2ZpYS5wbmciLCJzbGlkZXNob3ciOiJlMjFhNWMwIn0%3D\" href=\"https:\/\/festival-livre-jeunesse.fr\/2021_intermediaire\/partenaires\/\"><figure class=\"swiper-slide-inner\"><img decoding=\"async\" class=\"swiper-slide-image\" src=\"https:\/\/festival-livre-jeunesse.fr\/2025\/wp-content\/uploads\/2021\/05\/Logo-Sofia.png\" alt=\"SOFIA Action culturelle\" \/><\/figure><\/a><\/div><div class=\"swiper-slide\" role=\"group\" aria-roledescription=\"slide\" aria-label=\"11 sur 18\"><a data-elementor-open-lightbox=\"yes\" data-elementor-lightbox-slideshow=\"e21a5c0\" data-elementor-lightbox-title=\"copie priv\u00e9e\" data-e-action-hash=\"#elementor-action%3Aaction%3Dlightbox%26settings%3DeyJpZCI6MjY4NSwidXJsIjoiaHR0cHM6XC9cL2Zlc3RpdmFsLWxpdnJlLWpldW5lc3NlLmZyXC8yMDI1XC93cC1jb250ZW50XC91cGxvYWRzXC8yMDIxXC8wNVwvY29waWUtcHJpdmVlLnBuZyIsInNsaWRlc2hvdyI6ImUyMWE1YzAifQ%3D%3D\" href=\"https:\/\/festival-livre-jeunesse.fr\/2021_intermediaire\/partenaires\/\"><figure class=\"swiper-slide-inner\"><img decoding=\"async\" class=\"swiper-slide-image\" src=\"https:\/\/festival-livre-jeunesse.fr\/2025\/wp-content\/uploads\/2021\/05\/copie-privee.png\" alt=\"Copie Priv\u00e9e\" \/><\/figure><\/a><\/div><div class=\"swiper-slide\" role=\"group\" aria-roledescription=\"slide\" aria-label=\"12 sur 18\"><a data-elementor-open-lightbox=\"yes\" data-elementor-lightbox-slideshow=\"e21a5c0\" data-elementor-lightbox-title=\"CFC\" data-elementor-lightbox-description=\"CFCopies  Savoir partager les savoirs\" data-e-action-hash=\"#elementor-action%3Aaction%3Dlightbox%26settings%3DeyJpZCI6MTY1OTcsInVybCI6Imh0dHBzOlwvXC9mZXN0aXZhbC1saXZyZS1qZXVuZXNzZS5mclwvMjAyNVwvd3AtY29udGVudFwvdXBsb2Fkc1wvMjAyNFwvMDFcL0NGQy0yLmpwZyIsInNsaWRlc2hvdyI6ImUyMWE1YzAifQ%3D%3D\" href=\"https:\/\/festival-livre-jeunesse.fr\/2021_intermediaire\/partenaires\/\"><figure class=\"swiper-slide-inner\"><img decoding=\"async\" class=\"swiper-slide-image\" src=\"https:\/\/festival-livre-jeunesse.fr\/2025\/wp-content\/uploads\/2024\/01\/CFC-2.jpg\" alt=\"CFC\" \/><\/figure><\/a><\/div><div class=\"swiper-slide\" role=\"group\" aria-roledescription=\"slide\" aria-label=\"13 sur 18\"><a data-elementor-open-lightbox=\"yes\" data-elementor-lightbox-slideshow=\"e21a5c0\" data-elementor-lightbox-title=\"Logo_Tisseo-Collectivites\" data-e-action-hash=\"#elementor-action%3Aaction%3Dlightbox%26settings%3DeyJpZCI6MTIyMDIsInVybCI6Imh0dHBzOlwvXC9mZXN0aXZhbC1saXZyZS1qZXVuZXNzZS5mclwvMjAyNVwvd3AtY29udGVudFwvdXBsb2Fkc1wvMjAyMlwvMTJcL0xvZ29fVGlzc2VvLUNvbGxlY3Rpdml0ZXMucG5nIiwic2xpZGVzaG93IjoiZTIxYTVjMCJ9\" href=\"https:\/\/festival-livre-jeunesse.fr\/2021_intermediaire\/partenaires\/\"><figure class=\"swiper-slide-inner\"><img decoding=\"async\" class=\"swiper-slide-image\" src=\"https:\/\/festival-livre-jeunesse.fr\/2025\/wp-content\/uploads\/2022\/12\/Logo_Tisseo-Collectivites.png\" alt=\"Tiss\u00e9o\" \/><\/figure><\/a><\/div><div class=\"swiper-slide\" role=\"group\" aria-roledescription=\"slide\" aria-label=\"14 sur 18\"><a data-elementor-open-lightbox=\"yes\" data-elementor-lightbox-slideshow=\"e21a5c0\" data-elementor-lightbox-title=\"FCM\" data-e-action-hash=\"#elementor-action%3Aaction%3Dlightbox%26settings%3DeyJpZCI6MTE4MjEsInVybCI6Imh0dHBzOlwvXC9mZXN0aXZhbC1saXZyZS1qZXVuZXNzZS5mclwvMjAyNVwvd3AtY29udGVudFwvdXBsb2Fkc1wvMjAyMlwvMTJcL0ZDTS5qcGciLCJzbGlkZXNob3ciOiJlMjFhNWMwIn0%3D\" href=\"https:\/\/festival-livre-jeunesse.fr\/2021_intermediaire\/partenaires\/\"><figure class=\"swiper-slide-inner\"><img decoding=\"async\" class=\"swiper-slide-image\" src=\"https:\/\/festival-livre-jeunesse.fr\/2025\/wp-content\/uploads\/2022\/12\/FCM.jpg\" alt=\"Fondation Cr\u00e9dit Mutuel\" \/><\/figure><\/a><\/div><div class=\"swiper-slide\" role=\"group\" aria-roledescription=\"slide\" aria-label=\"15 sur 18\"><a data-elementor-open-lightbox=\"yes\" data-elementor-lightbox-slideshow=\"e21a5c0\" data-elementor-lightbox-title=\"FB-Occitanie-AVEC lisere web\" data-e-action-hash=\"#elementor-action%3Aaction%3Dlightbox%26settings%3DeyJpZCI6MTIyMDQsInVybCI6Imh0dHBzOlwvXC9mZXN0aXZhbC1saXZyZS1qZXVuZXNzZS5mclwvMjAyNVwvd3AtY29udGVudFwvdXBsb2Fkc1wvMjAyMlwvMTJcL0ZCLU9jY2l0YW5pZS1BVkVDLWxpc2VyZS13ZWIuanBnIiwic2xpZGVzaG93IjoiZTIxYTVjMCJ9\" href=\"https:\/\/festival-livre-jeunesse.fr\/2021_intermediaire\/partenaires\/\"><figure class=\"swiper-slide-inner\"><img decoding=\"async\" class=\"swiper-slide-image\" src=\"https:\/\/festival-livre-jeunesse.fr\/2025\/wp-content\/uploads\/2022\/12\/FB-Occitanie-AVEC-lisere-web.jpg\" alt=\"France bleu\" \/><\/figure><\/a><\/div><div class=\"swiper-slide\" role=\"group\" aria-roledescription=\"slide\" aria-label=\"16 sur 18\"><a data-elementor-open-lightbox=\"yes\" data-elementor-lightbox-slideshow=\"e21a5c0\" data-elementor-lightbox-title=\"logo AMC VERT\" data-e-action-hash=\"#elementor-action%3Aaction%3Dlightbox%26settings%3DeyJpZCI6MTIyMDUsInVybCI6Imh0dHBzOlwvXC9mZXN0aXZhbC1saXZyZS1qZXVuZXNzZS5mclwvMjAyNVwvd3AtY29udGVudFwvdXBsb2Fkc1wvMjAyMlwvMTJcL2xvZ28tQU1DLVZFUlQucG5nIiwic2xpZGVzaG93IjoiZTIxYTVjMCJ9\" href=\"https:\/\/festival-livre-jeunesse.fr\/2021_intermediaire\/partenaires\/\"><figure class=\"swiper-slide-inner\"><img decoding=\"async\" class=\"swiper-slide-image\" src=\"https:\/\/festival-livre-jeunesse.fr\/2025\/wp-content\/uploads\/2022\/12\/logo-AMC-VERT.png\" alt=\"AMC Midi Communication\" \/><\/figure><\/a><\/div><div class=\"swiper-slide\" role=\"group\" aria-roledescription=\"slide\" aria-label=\"17 sur 18\"><a data-elementor-open-lightbox=\"yes\" data-elementor-lightbox-slideshow=\"e21a5c0\" data-elementor-lightbox-title=\"mgen_Groupe_VYV\" data-e-action-hash=\"#elementor-action%3Aaction%3Dlightbox%26settings%3DeyJpZCI6MTIyMDYsInVybCI6Imh0dHBzOlwvXC9mZXN0aXZhbC1saXZyZS1qZXVuZXNzZS5mclwvMjAyNVwvd3AtY29udGVudFwvdXBsb2Fkc1wvMjAyMlwvMTJcL21nZW5fR3JvdXBlX1ZZVi53ZWJwIiwic2xpZGVzaG93IjoiZTIxYTVjMCJ9\" href=\"https:\/\/festival-livre-jeunesse.fr\/2021_intermediaire\/partenaires\/\"><figure class=\"swiper-slide-inner\"><img decoding=\"async\" class=\"swiper-slide-image\" src=\"https:\/\/festival-livre-jeunesse.fr\/2025\/wp-content\/uploads\/2022\/12\/mgen_Groupe_VYV.webp\" alt=\"Mgen\" \/><\/figure><\/a><\/div><div class=\"swiper-slide\" role=\"group\" aria-roledescription=\"slide\" aria-label=\"18 sur 18\"><a data-elementor-open-lightbox=\"yes\" data-elementor-lightbox-slideshow=\"e21a5c0\" data-elementor-lightbox-title=\"Logo-laRenaissance Anniversaire\" data-e-action-hash=\"#elementor-action%3Aaction%3Dlightbox%26settings%3DeyJpZCI6MTYyMjEsInVybCI6Imh0dHBzOlwvXC9mZXN0aXZhbC1saXZyZS1qZXVuZXNzZS5mclwvMjAyNVwvd3AtY29udGVudFwvdXBsb2Fkc1wvMjAyNFwvMDFcL0xvZ28tbGFSZW5haXNzYW5jZS1Bbm5pdmVyc2FpcmUucG5nIiwic2xpZGVzaG93IjoiZTIxYTVjMCJ9\" href=\"https:\/\/festival-livre-jeunesse.fr\/2021_intermediaire\/partenaires\/\"><figure class=\"swiper-slide-inner\"><img decoding=\"async\" class=\"swiper-slide-image\" src=\"https:\/\/festival-livre-jeunesse.fr\/2025\/wp-content\/uploads\/2024\/01\/Logo-laRenaissance-Anniversaire.png\" alt=\"Logo-laRenaissance Anniversaire\" \/><\/figure><\/a><\/div>\t\t\t<\/div>\n\t\t\t\t\t\t\t\t\t\t\t\t<div class=\"elementor-swiper-button elementor-swiper-button-prev\" role=\"button\" tabindex=\"0\">\n\t\t\t\t\t\t<i aria-hidden=\"true\" class=\"eicon-chevron-left\"><\/i>\t\t\t\t\t<\/div>\n\t\t\t\t\t<div class=\"elementor-swiper-button elementor-swiper-button-next\" role=\"button\" tabindex=\"0\">\n\t\t\t\t\t\t<i aria-hidden=\"true\" class=\"eicon-chevron-right\"><\/i>\t\t\t\t\t<\/div>\n\t\t\t\t\n\t\t\t\t\t\t\t\t\t<div class=\"swiper-pagination\"><\/div>\n\t\t\t\t\t\t\t\t\t<\/div>\n\t\t\t\t\t\t<\/div>\n\t\t\t\t<\/div>\n\t\t\t\t\t<\/div>\n\t\t<\/div>\n\t\t\t\t\t<\/div>\n\t\t<\/section>\n\t\t\t\t<\/div>\n\t\t","protected":false},"excerpt":{"rendered":"<p>LECTURES ET SPECTACLES Grand nombre d\u2019auteurs et d\u2019illustrateurs jeunesse d\u00e9veloppent aujourd\u2019hui des formes extra-livresques. Ces lectures ou performances permettent d\u2019offrir une programmation riche et diverse durant l\u2019\u00e9v\u00e8nement et d\u2019ouvrir le Festival \u00e0 de nouveaux publics. Mais c\u2019est \u00e9galement l\u2019occasion de valoriser ces cr\u00e9ations singuli\u00e8res et transdisciplinaires qui participent \u00e0 la diffusion de la litt\u00e9rature jeunesse [&hellip;]<\/p>\n","protected":false},"author":1,"featured_media":0,"parent":0,"menu_order":0,"comment_status":"closed","ping_status":"closed","template":"","meta":{"site-sidebar-layout":"no-sidebar","site-content-layout":"page-builder","ast-site-content-layout":"full-width-container","site-content-style":"default","site-sidebar-style":"default","ast-global-header-display":"","ast-banner-title-visibility":"","ast-main-header-display":"","ast-hfb-above-header-display":"","ast-hfb-below-header-display":"","ast-hfb-mobile-header-display":"","site-post-title":"disabled","ast-breadcrumbs-content":"","ast-featured-img":"disabled","footer-sml-layout":"","theme-transparent-header-meta":"","adv-header-id-meta":"","stick-header-meta":"","header-above-stick-meta":"","header-main-stick-meta":"","header-below-stick-meta":"","astra-migrate-meta-layouts":"set","ast-page-background-enabled":"default","ast-page-background-meta":{"desktop":{"background-color":"","background-image":"","background-repeat":"repeat","background-position":"center center","background-size":"auto","background-attachment":"scroll","background-type":"","background-media":"","overlay-type":"","overlay-color":"","overlay-opacity":"","overlay-gradient":""},"tablet":{"background-color":"","background-image":"","background-repeat":"repeat","background-position":"center center","background-size":"auto","background-attachment":"scroll","background-type":"","background-media":"","overlay-type":"","overlay-color":"","overlay-opacity":"","overlay-gradient":""},"mobile":{"background-color":"","background-image":"","background-repeat":"repeat","background-position":"center center","background-size":"auto","background-attachment":"scroll","background-type":"","background-media":"","overlay-type":"","overlay-color":"","overlay-opacity":"","overlay-gradient":""}},"ast-content-background-meta":{"desktop":{"background-color":"var(--ast-global-color-5)","background-image":"","background-repeat":"repeat","background-position":"center center","background-size":"auto","background-attachment":"scroll","background-type":"","background-media":"","overlay-type":"","overlay-color":"","overlay-opacity":"","overlay-gradient":""},"tablet":{"background-color":"var(--ast-global-color-5)","background-image":"","background-repeat":"repeat","background-position":"center center","background-size":"auto","background-attachment":"scroll","background-type":"","background-media":"","overlay-type":"","overlay-color":"","overlay-opacity":"","overlay-gradient":""},"mobile":{"background-color":"var(--ast-global-color-5)","background-image":"","background-repeat":"repeat","background-position":"center center","background-size":"auto","background-attachment":"scroll","background-type":"","background-media":"","overlay-type":"","overlay-color":"","overlay-opacity":"","overlay-gradient":""}},"footnotes":""},"class_list":["post-15957","page","type-page","status-publish","hentry"],"yoast_head":"<!-- This site is optimized with the Yoast SEO plugin v25.9 - https:\/\/yoast.com\/wordpress\/plugins\/seo\/ -->\n<title>Lectures et spectacles - Festival du Livre de Jeunesse Occitanie<\/title>\n<meta name=\"robots\" content=\"index, follow, max-snippet:-1, max-image-preview:large, max-video-preview:-1\" \/>\n<link rel=\"canonical\" href=\"https:\/\/festival-livre-jeunesse.fr\/2025\/lectures-et-spectacles\/\" \/>\n<meta property=\"og:locale\" content=\"fr_FR\" \/>\n<meta property=\"og:type\" content=\"article\" \/>\n<meta property=\"og:title\" content=\"Lectures et spectacles - Festival du Livre de Jeunesse Occitanie\" \/>\n<meta property=\"og:description\" content=\"LECTURES ET SPECTACLES Grand nombre d\u2019auteurs et d\u2019illustrateurs jeunesse d\u00e9veloppent aujourd\u2019hui des formes extra-livresques. Ces lectures ou performances permettent d\u2019offrir une programmation riche et diverse durant l\u2019\u00e9v\u00e8nement et d\u2019ouvrir le Festival \u00e0 de nouveaux publics. Mais c\u2019est \u00e9galement l\u2019occasion de valoriser ces cr\u00e9ations singuli\u00e8res et transdisciplinaires qui participent \u00e0 la diffusion de la litt\u00e9rature jeunesse [&hellip;]\" \/>\n<meta property=\"og:url\" content=\"https:\/\/festival-livre-jeunesse.fr\/2025\/lectures-et-spectacles\/\" \/>\n<meta property=\"og:site_name\" content=\"Festival du Livre de Jeunesse Occitanie\" \/>\n<meta property=\"article:publisher\" content=\"https:\/\/www.facebook.com\/FestivalLivreJeunesseOccitanie\" \/>\n<meta property=\"article:modified_time\" content=\"2025-01-17T13:53:21+00:00\" \/>\n<meta property=\"og:image\" content=\"https:\/\/festival-livre-jeunesse.fr\/2025\/wp-content\/uploads\/2024\/12\/28724410568_ec680592f2_z-300x200.jpg\" \/>\n<meta name=\"twitter:card\" content=\"summary_large_image\" \/>\n<meta name=\"twitter:site\" content=\"@FljOccitanie\" \/>\n<meta name=\"twitter:label1\" content=\"Dur\u00e9e de lecture estim\u00e9e\" \/>\n\t<meta name=\"twitter:data1\" content=\"7 minutes\" \/>\n<script type=\"application\/ld+json\" class=\"yoast-schema-graph\">{\"@context\":\"https:\/\/schema.org\",\"@graph\":[{\"@type\":\"WebPage\",\"@id\":\"https:\/\/festival-livre-jeunesse.fr\/2025\/lectures-et-spectacles\/\",\"url\":\"https:\/\/festival-livre-jeunesse.fr\/2025\/lectures-et-spectacles\/\",\"name\":\"Lectures et spectacles - Festival du Livre de Jeunesse Occitanie\",\"isPartOf\":{\"@id\":\"https:\/\/festival-livre-jeunesse.fr\/2025\/#website\"},\"primaryImageOfPage\":{\"@id\":\"https:\/\/festival-livre-jeunesse.fr\/2025\/lectures-et-spectacles\/#primaryimage\"},\"image\":{\"@id\":\"https:\/\/festival-livre-jeunesse.fr\/2025\/lectures-et-spectacles\/#primaryimage\"},\"thumbnailUrl\":\"https:\/\/festival-livre-jeunesse.fr\/2025\/wp-content\/uploads\/2024\/12\/28724410568_ec680592f2_z-300x200.jpg\",\"datePublished\":\"2023-12-30T21:41:13+00:00\",\"dateModified\":\"2025-01-17T13:53:21+00:00\",\"breadcrumb\":{\"@id\":\"https:\/\/festival-livre-jeunesse.fr\/2025\/lectures-et-spectacles\/#breadcrumb\"},\"inLanguage\":\"fr-FR\",\"potentialAction\":[{\"@type\":\"ReadAction\",\"target\":[\"https:\/\/festival-livre-jeunesse.fr\/2025\/lectures-et-spectacles\/\"]}]},{\"@type\":\"ImageObject\",\"inLanguage\":\"fr-FR\",\"@id\":\"https:\/\/festival-livre-jeunesse.fr\/2025\/lectures-et-spectacles\/#primaryimage\",\"url\":\"https:\/\/festival-livre-jeunesse.fr\/2025\/wp-content\/uploads\/2024\/12\/28724410568_ec680592f2_z.jpg\",\"contentUrl\":\"https:\/\/festival-livre-jeunesse.fr\/2025\/wp-content\/uploads\/2024\/12\/28724410568_ec680592f2_z.jpg\",\"width\":640,\"height\":427},{\"@type\":\"BreadcrumbList\",\"@id\":\"https:\/\/festival-livre-jeunesse.fr\/2025\/lectures-et-spectacles\/#breadcrumb\",\"itemListElement\":[{\"@type\":\"ListItem\",\"position\":1,\"name\":\"Accueil\",\"item\":\"https:\/\/festival-livre-jeunesse.fr\/2025\/\"},{\"@type\":\"ListItem\",\"position\":2,\"name\":\"Lectures et spectacles\"}]},{\"@type\":\"WebSite\",\"@id\":\"https:\/\/festival-livre-jeunesse.fr\/2025\/#website\",\"url\":\"https:\/\/festival-livre-jeunesse.fr\/2025\/\",\"name\":\"Festival du Livre de Jeunesse Occitanie\",\"description\":\"23\u00e8me \u00e9dition - janvier 2025\",\"publisher\":{\"@id\":\"https:\/\/festival-livre-jeunesse.fr\/2025\/#organization\"},\"potentialAction\":[{\"@type\":\"SearchAction\",\"target\":{\"@type\":\"EntryPoint\",\"urlTemplate\":\"https:\/\/festival-livre-jeunesse.fr\/2025\/?s={search_term_string}\"},\"query-input\":{\"@type\":\"PropertyValueSpecification\",\"valueRequired\":true,\"valueName\":\"search_term_string\"}}],\"inLanguage\":\"fr-FR\"},{\"@type\":\"Organization\",\"@id\":\"https:\/\/festival-livre-jeunesse.fr\/2025\/#organization\",\"name\":\"festival livre jeunesse occitanie\",\"url\":\"https:\/\/festival-livre-jeunesse.fr\/2025\/\",\"logo\":{\"@type\":\"ImageObject\",\"inLanguage\":\"fr-FR\",\"@id\":\"https:\/\/festival-livre-jeunesse.fr\/2025\/#\/schema\/logo\/image\/\",\"url\":\"https:\/\/festival-livre-jeunesse.fr\/2025\/wp-content\/uploads\/2021\/05\/Logo-FLJ-petit.png\",\"contentUrl\":\"https:\/\/festival-livre-jeunesse.fr\/2025\/wp-content\/uploads\/2021\/05\/Logo-FLJ-petit.png\",\"width\":204,\"height\":200,\"caption\":\"festival livre jeunesse occitanie\"},\"image\":{\"@id\":\"https:\/\/festival-livre-jeunesse.fr\/2025\/#\/schema\/logo\/image\/\"},\"sameAs\":[\"https:\/\/www.facebook.com\/FestivalLivreJeunesseOccitanie\",\"https:\/\/x.com\/FljOccitanie\"]}]}<\/script>\n<!-- \/ Yoast SEO plugin. -->","yoast_head_json":{"title":"Lectures et spectacles - Festival du Livre de Jeunesse Occitanie","robots":{"index":"index","follow":"follow","max-snippet":"max-snippet:-1","max-image-preview":"max-image-preview:large","max-video-preview":"max-video-preview:-1"},"canonical":"https:\/\/festival-livre-jeunesse.fr\/2025\/lectures-et-spectacles\/","og_locale":"fr_FR","og_type":"article","og_title":"Lectures et spectacles - Festival du Livre de Jeunesse Occitanie","og_description":"LECTURES ET SPECTACLES Grand nombre d\u2019auteurs et d\u2019illustrateurs jeunesse d\u00e9veloppent aujourd\u2019hui des formes extra-livresques. Ces lectures ou performances permettent d\u2019offrir une programmation riche et diverse durant l\u2019\u00e9v\u00e8nement et d\u2019ouvrir le Festival \u00e0 de nouveaux publics. Mais c\u2019est \u00e9galement l\u2019occasion de valoriser ces cr\u00e9ations singuli\u00e8res et transdisciplinaires qui participent \u00e0 la diffusion de la litt\u00e9rature jeunesse [&hellip;]","og_url":"https:\/\/festival-livre-jeunesse.fr\/2025\/lectures-et-spectacles\/","og_site_name":"Festival du Livre de Jeunesse Occitanie","article_publisher":"https:\/\/www.facebook.com\/FestivalLivreJeunesseOccitanie","article_modified_time":"2025-01-17T13:53:21+00:00","og_image":[{"url":"https:\/\/festival-livre-jeunesse.fr\/2025\/wp-content\/uploads\/2024\/12\/28724410568_ec680592f2_z-300x200.jpg","type":"","width":"","height":""}],"twitter_card":"summary_large_image","twitter_site":"@FljOccitanie","twitter_misc":{"Dur\u00e9e de lecture estim\u00e9e":"7 minutes"},"schema":{"@context":"https:\/\/schema.org","@graph":[{"@type":"WebPage","@id":"https:\/\/festival-livre-jeunesse.fr\/2025\/lectures-et-spectacles\/","url":"https:\/\/festival-livre-jeunesse.fr\/2025\/lectures-et-spectacles\/","name":"Lectures et spectacles - Festival du Livre de Jeunesse Occitanie","isPartOf":{"@id":"https:\/\/festival-livre-jeunesse.fr\/2025\/#website"},"primaryImageOfPage":{"@id":"https:\/\/festival-livre-jeunesse.fr\/2025\/lectures-et-spectacles\/#primaryimage"},"image":{"@id":"https:\/\/festival-livre-jeunesse.fr\/2025\/lectures-et-spectacles\/#primaryimage"},"thumbnailUrl":"https:\/\/festival-livre-jeunesse.fr\/2025\/wp-content\/uploads\/2024\/12\/28724410568_ec680592f2_z-300x200.jpg","datePublished":"2023-12-30T21:41:13+00:00","dateModified":"2025-01-17T13:53:21+00:00","breadcrumb":{"@id":"https:\/\/festival-livre-jeunesse.fr\/2025\/lectures-et-spectacles\/#breadcrumb"},"inLanguage":"fr-FR","potentialAction":[{"@type":"ReadAction","target":["https:\/\/festival-livre-jeunesse.fr\/2025\/lectures-et-spectacles\/"]}]},{"@type":"ImageObject","inLanguage":"fr-FR","@id":"https:\/\/festival-livre-jeunesse.fr\/2025\/lectures-et-spectacles\/#primaryimage","url":"https:\/\/festival-livre-jeunesse.fr\/2025\/wp-content\/uploads\/2024\/12\/28724410568_ec680592f2_z.jpg","contentUrl":"https:\/\/festival-livre-jeunesse.fr\/2025\/wp-content\/uploads\/2024\/12\/28724410568_ec680592f2_z.jpg","width":640,"height":427},{"@type":"BreadcrumbList","@id":"https:\/\/festival-livre-jeunesse.fr\/2025\/lectures-et-spectacles\/#breadcrumb","itemListElement":[{"@type":"ListItem","position":1,"name":"Accueil","item":"https:\/\/festival-livre-jeunesse.fr\/2025\/"},{"@type":"ListItem","position":2,"name":"Lectures et spectacles"}]},{"@type":"WebSite","@id":"https:\/\/festival-livre-jeunesse.fr\/2025\/#website","url":"https:\/\/festival-livre-jeunesse.fr\/2025\/","name":"Festival du Livre de Jeunesse Occitanie","description":"23\u00e8me \u00e9dition - janvier 2025","publisher":{"@id":"https:\/\/festival-livre-jeunesse.fr\/2025\/#organization"},"potentialAction":[{"@type":"SearchAction","target":{"@type":"EntryPoint","urlTemplate":"https:\/\/festival-livre-jeunesse.fr\/2025\/?s={search_term_string}"},"query-input":{"@type":"PropertyValueSpecification","valueRequired":true,"valueName":"search_term_string"}}],"inLanguage":"fr-FR"},{"@type":"Organization","@id":"https:\/\/festival-livre-jeunesse.fr\/2025\/#organization","name":"festival livre jeunesse occitanie","url":"https:\/\/festival-livre-jeunesse.fr\/2025\/","logo":{"@type":"ImageObject","inLanguage":"fr-FR","@id":"https:\/\/festival-livre-jeunesse.fr\/2025\/#\/schema\/logo\/image\/","url":"https:\/\/festival-livre-jeunesse.fr\/2025\/wp-content\/uploads\/2021\/05\/Logo-FLJ-petit.png","contentUrl":"https:\/\/festival-livre-jeunesse.fr\/2025\/wp-content\/uploads\/2021\/05\/Logo-FLJ-petit.png","width":204,"height":200,"caption":"festival livre jeunesse occitanie"},"image":{"@id":"https:\/\/festival-livre-jeunesse.fr\/2025\/#\/schema\/logo\/image\/"},"sameAs":["https:\/\/www.facebook.com\/FestivalLivreJeunesseOccitanie","https:\/\/x.com\/FljOccitanie"]}]}},"_links":{"self":[{"href":"https:\/\/festival-livre-jeunesse.fr\/2025\/wp-json\/wp\/v2\/pages\/15957","targetHints":{"allow":["GET"]}}],"collection":[{"href":"https:\/\/festival-livre-jeunesse.fr\/2025\/wp-json\/wp\/v2\/pages"}],"about":[{"href":"https:\/\/festival-livre-jeunesse.fr\/2025\/wp-json\/wp\/v2\/types\/page"}],"author":[{"embeddable":true,"href":"https:\/\/festival-livre-jeunesse.fr\/2025\/wp-json\/wp\/v2\/users\/1"}],"replies":[{"embeddable":true,"href":"https:\/\/festival-livre-jeunesse.fr\/2025\/wp-json\/wp\/v2\/comments?post=15957"}],"version-history":[{"count":107,"href":"https:\/\/festival-livre-jeunesse.fr\/2025\/wp-json\/wp\/v2\/pages\/15957\/revisions"}],"predecessor-version":[{"id":20100,"href":"https:\/\/festival-livre-jeunesse.fr\/2025\/wp-json\/wp\/v2\/pages\/15957\/revisions\/20100"}],"wp:attachment":[{"href":"https:\/\/festival-livre-jeunesse.fr\/2025\/wp-json\/wp\/v2\/media?parent=15957"}],"curies":[{"name":"wp","href":"https:\/\/api.w.org\/{rel}","templated":true}]}}