{"id":18025,"date":"2024-07-19T11:20:31","date_gmt":"2024-07-19T09:20:31","guid":{"rendered":"https:\/\/festival-livre-jeunesse.fr\/2024\/?page_id=18025"},"modified":"2025-01-10T10:36:08","modified_gmt":"2025-01-10T09:36:08","slug":"les-invitees-2025","status":"publish","type":"page","link":"https:\/\/festival-livre-jeunesse.fr\/2025\/les-invitees-2025\/","title":{"rendered":"Les invit\u00e9(e)s 2025"},"content":{"rendered":"\t\t<div data-elementor-type=\"wp-page\" data-elementor-id=\"18025\" class=\"elementor elementor-18025\">\n\t\t\t\t\t\t<section class=\"elementor-section elementor-top-section elementor-element elementor-element-49991f78 elementor-section-full_width elementor-section-height-min-height elementor-section-content-middle elementor-section-height-default elementor-section-items-middle\" data-id=\"49991f78\" data-element_type=\"section\">\n\t\t\t\t\t\t<div class=\"elementor-container elementor-column-gap-no\">\n\t\t\t\t\t<div class=\"elementor-column elementor-col-100 elementor-top-column elementor-element elementor-element-285e7982\" data-id=\"285e7982\" data-element_type=\"column\">\n\t\t\t<div class=\"elementor-widget-wrap elementor-element-populated\">\n\t\t\t\t\t\t<div class=\"elementor-element elementor-element-98ea7a9 elementor-widget elementor-widget-spacer\" data-id=\"98ea7a9\" data-element_type=\"widget\" data-widget_type=\"spacer.default\">\n\t\t\t\t<div class=\"elementor-widget-container\">\n\t\t\t\t\t\t\t<div class=\"elementor-spacer\">\n\t\t\t<div class=\"elementor-spacer-inner\"><\/div>\n\t\t<\/div>\n\t\t\t\t\t\t<\/div>\n\t\t\t\t<\/div>\n\t\t\t\t\t<\/div>\n\t\t<\/div>\n\t\t\t\t\t<\/div>\n\t\t<\/section>\n\t\t\t\t<section class=\"elementor-section elementor-top-section elementor-element elementor-element-42a0dcad elementor-section-full_width elementor-section-content-middle elementor-section-height-default elementor-section-height-default\" data-id=\"42a0dcad\" data-element_type=\"section\">\n\t\t\t\t\t\t<div class=\"elementor-container elementor-column-gap-no\">\n\t\t\t\t\t<div class=\"elementor-column elementor-col-50 elementor-top-column elementor-element elementor-element-10c349f4\" data-id=\"10c349f4\" data-element_type=\"column\">\n\t\t\t<div class=\"elementor-widget-wrap elementor-element-populated\">\n\t\t\t\t\t\t<div class=\"elementor-element elementor-element-24fd3bc0 elementor-widget__width-initial elementor-widget elementor-widget-heading\" data-id=\"24fd3bc0\" data-element_type=\"widget\" data-widget_type=\"heading.default\">\n\t\t\t\t<div class=\"elementor-widget-container\">\n\t\t\t\t\t<h1 class=\"elementor-heading-title elementor-size-default\">Les invit\u00e9(e)s 2025<\/h1>\t\t\t\t<\/div>\n\t\t\t\t<\/div>\n\t\t\t\t\t<\/div>\n\t\t<\/div>\n\t\t\t\t<div class=\"elementor-column elementor-col-50 elementor-top-column elementor-element elementor-element-ff453c3\" data-id=\"ff453c3\" data-element_type=\"column\">\n\t\t\t<div class=\"elementor-widget-wrap\">\n\t\t\t\t\t\t\t<\/div>\n\t\t<\/div>\n\t\t\t\t\t<\/div>\n\t\t<\/section>\n\t\t\t\t<section class=\"elementor-section elementor-top-section elementor-element elementor-element-6d13e90 elementor-section-boxed elementor-section-height-default elementor-section-height-default\" data-id=\"6d13e90\" data-element_type=\"section\">\n\t\t\t\t\t\t<div class=\"elementor-container elementor-column-gap-default\">\n\t\t\t\t\t<div class=\"elementor-column elementor-col-100 elementor-top-column elementor-element elementor-element-3d57188\" data-id=\"3d57188\" data-element_type=\"column\">\n\t\t\t<div class=\"elementor-widget-wrap elementor-element-populated\">\n\t\t\t\t\t\t<div class=\"elementor-element elementor-element-bec414b elementor-widget elementor-widget-spacer\" data-id=\"bec414b\" data-element_type=\"widget\" data-widget_type=\"spacer.default\">\n\t\t\t\t<div class=\"elementor-widget-container\">\n\t\t\t\t\t\t\t<div class=\"elementor-spacer\">\n\t\t\t<div class=\"elementor-spacer-inner\"><\/div>\n\t\t<\/div>\n\t\t\t\t\t\t<\/div>\n\t\t\t\t<\/div>\n\t\t\t\t\t<\/div>\n\t\t<\/div>\n\t\t\t\t\t<\/div>\n\t\t<\/section>\n\t\t\t\t<section class=\"elementor-section elementor-top-section elementor-element elementor-element-55e83fff elementor-section-full_width elementor-section-height-default elementor-section-height-default\" data-id=\"55e83fff\" data-element_type=\"section\">\n\t\t\t\t\t\t<div class=\"elementor-container elementor-column-gap-no\">\n\t\t\t\t\t<div class=\"elementor-column elementor-col-25 elementor-top-column elementor-element elementor-element-4f3b77bf\" data-id=\"4f3b77bf\" data-element_type=\"column\">\n\t\t\t<div class=\"elementor-widget-wrap elementor-element-populated\">\n\t\t\t\t\t\t<div class=\"elementor-element elementor-element-9ed363f elementor-position-top elementor-widget elementor-widget-image-box\" data-id=\"9ed363f\" data-element_type=\"widget\" data-widget_type=\"image-box.default\">\n\t\t\t\t<div class=\"elementor-widget-container\">\n\t\t\t\t\t<div class=\"elementor-image-box-wrapper\"><figure class=\"elementor-image-box-img\"><a href=\"https:\/\/festival-livre-jeunesse.fr\/2025\/gael-aymon\/\" tabindex=\"-1\"><img fetchpriority=\"high\" decoding=\"async\" width=\"300\" height=\"300\" src=\"https:\/\/festival-livre-jeunesse.fr\/2025\/wp-content\/uploads\/2024\/09\/Gael-Aymon-\u00a9-Aurelien-Salvucci-carre-300x300.png\" class=\"elementor-animation-shrink attachment-medium size-medium wp-image-18235\" alt=\"\" srcset=\"https:\/\/festival-livre-jeunesse.fr\/2025\/wp-content\/uploads\/2024\/09\/Gael-Aymon-\u00a9-Aurelien-Salvucci-carre-300x300.png 300w, https:\/\/festival-livre-jeunesse.fr\/2025\/wp-content\/uploads\/2024\/09\/Gael-Aymon-\u00a9-Aurelien-Salvucci-carre-150x150.png 150w, https:\/\/festival-livre-jeunesse.fr\/2025\/wp-content\/uploads\/2024\/09\/Gael-Aymon-\u00a9-Aurelien-Salvucci-carre-768x770.png 768w, https:\/\/festival-livre-jeunesse.fr\/2025\/wp-content\/uploads\/2024\/09\/Gael-Aymon-\u00a9-Aurelien-Salvucci-carre.png 996w\" sizes=\"(max-width: 300px) 100vw, 300px\" \/><\/a><\/figure><div class=\"elementor-image-box-content\"><h3 class=\"elementor-image-box-title\"><a href=\"https:\/\/festival-livre-jeunesse.fr\/2025\/gael-aymon\/\">Ga\u00ebl AYMON<\/a><\/h3><\/div><\/div>\t\t\t\t<\/div>\n\t\t\t\t<\/div>\n\t\t\t\t\t<\/div>\n\t\t<\/div>\n\t\t\t\t<div class=\"elementor-column elementor-col-25 elementor-top-column elementor-element elementor-element-45f21197\" data-id=\"45f21197\" data-element_type=\"column\">\n\t\t\t<div class=\"elementor-widget-wrap elementor-element-populated\">\n\t\t\t\t\t\t<div class=\"elementor-element elementor-element-691285f elementor-position-top elementor-widget elementor-widget-image-box\" data-id=\"691285f\" data-element_type=\"widget\" data-widget_type=\"image-box.default\">\n\t\t\t\t<div class=\"elementor-widget-container\">\n\t\t\t\t\t<div class=\"elementor-image-box-wrapper\"><figure class=\"elementor-image-box-img\"><a href=\"https:\/\/festival-livre-jeunesse.fr\/2025\/gilles-bachelet\/\" tabindex=\"-1\"><img decoding=\"async\" width=\"300\" height=\"300\" src=\"https:\/\/festival-livre-jeunesse.fr\/2025\/wp-content\/uploads\/2024\/09\/Gilles-Bachelet-300x300.png\" class=\"elementor-animation-shrink attachment-medium size-medium wp-image-18243\" alt=\"Portrait Gilles Bachelet\" srcset=\"https:\/\/festival-livre-jeunesse.fr\/2025\/wp-content\/uploads\/2024\/09\/Gilles-Bachelet-300x300.png 300w, https:\/\/festival-livre-jeunesse.fr\/2025\/wp-content\/uploads\/2024\/09\/Gilles-Bachelet-150x150.png 150w, https:\/\/festival-livre-jeunesse.fr\/2025\/wp-content\/uploads\/2024\/09\/Gilles-Bachelet-768x768.png 768w, https:\/\/festival-livre-jeunesse.fr\/2025\/wp-content\/uploads\/2024\/09\/Gilles-Bachelet.png 922w\" sizes=\"(max-width: 300px) 100vw, 300px\" \/><\/a><\/figure><div class=\"elementor-image-box-content\"><h3 class=\"elementor-image-box-title\"><a href=\"https:\/\/festival-livre-jeunesse.fr\/2025\/gilles-bachelet\/\">Gilles BACHELET<\/a><\/h3><\/div><\/div>\t\t\t\t<\/div>\n\t\t\t\t<\/div>\n\t\t\t\t\t<\/div>\n\t\t<\/div>\n\t\t\t\t<div class=\"elementor-column elementor-col-25 elementor-top-column elementor-element elementor-element-7e1669b\" data-id=\"7e1669b\" data-element_type=\"column\">\n\t\t\t<div class=\"elementor-widget-wrap elementor-element-populated\">\n\t\t\t\t\t\t<div class=\"elementor-element elementor-element-f8ffe52 elementor-widget-mobile__width-auto elementor-position-top elementor-widget elementor-widget-image-box\" data-id=\"f8ffe52\" data-element_type=\"widget\" data-widget_type=\"image-box.default\">\n\t\t\t\t<div class=\"elementor-widget-container\">\n\t\t\t\t\t<div class=\"elementor-image-box-wrapper\"><figure class=\"elementor-image-box-img\"><a href=\"https:\/\/festival-livre-jeunesse.fr\/2025\/magali-bardos-2\/\" tabindex=\"-1\"><img decoding=\"async\" width=\"300\" height=\"300\" src=\"https:\/\/festival-livre-jeunesse.fr\/2025\/wp-content\/uploads\/2024\/09\/Photo-Bonjour-Magali-Bardos-1-800x800-1-300x300.jpg\" class=\"elementor-animation-shrink attachment-medium size-medium wp-image-18244\" alt=\"portrait Magali Bardos\" srcset=\"https:\/\/festival-livre-jeunesse.fr\/2025\/wp-content\/uploads\/2024\/09\/Photo-Bonjour-Magali-Bardos-1-800x800-1-300x300.jpg 300w, https:\/\/festival-livre-jeunesse.fr\/2025\/wp-content\/uploads\/2024\/09\/Photo-Bonjour-Magali-Bardos-1-800x800-1-150x150.jpg 150w, https:\/\/festival-livre-jeunesse.fr\/2025\/wp-content\/uploads\/2024\/09\/Photo-Bonjour-Magali-Bardos-1-800x800-1-768x768.jpg 768w, https:\/\/festival-livre-jeunesse.fr\/2025\/wp-content\/uploads\/2024\/09\/Photo-Bonjour-Magali-Bardos-1-800x800-1.jpg 800w\" sizes=\"(max-width: 300px) 100vw, 300px\" \/><\/a><\/figure><div class=\"elementor-image-box-content\"><h3 class=\"elementor-image-box-title\"><a href=\"https:\/\/festival-livre-jeunesse.fr\/2025\/magali-bardos-2\/\">Magali BARDOS<\/a><\/h3><\/div><\/div>\t\t\t\t<\/div>\n\t\t\t\t<\/div>\n\t\t\t\t\t<\/div>\n\t\t<\/div>\n\t\t\t\t<div class=\"elementor-column elementor-col-25 elementor-top-column elementor-element elementor-element-e0bfbd2\" data-id=\"e0bfbd2\" data-element_type=\"column\">\n\t\t\t<div class=\"elementor-widget-wrap elementor-element-populated\">\n\t\t\t\t\t\t<div class=\"elementor-element elementor-element-36498eb elementor-position-top elementor-widget elementor-widget-image-box\" data-id=\"36498eb\" data-element_type=\"widget\" data-widget_type=\"image-box.default\">\n\t\t\t\t<div class=\"elementor-widget-container\">\n\t\t\t\t\t<div class=\"elementor-image-box-wrapper\"><figure class=\"elementor-image-box-img\"><a href=\"https:\/\/festival-livre-jeunesse.fr\/2025\/said-benjelloun-2\/\" tabindex=\"-1\"><img loading=\"lazy\" decoding=\"async\" width=\"300\" height=\"300\" src=\"https:\/\/festival-livre-jeunesse.fr\/2025\/wp-content\/uploads\/2021\/11\/Benjelloun_S1\u00a9DR-e1726845405615-300x300.jpg\" class=\"elementor-animation-shrink attachment-medium size-medium wp-image-5592\" alt=\"Sa\u00efd Benjelloun\" srcset=\"https:\/\/festival-livre-jeunesse.fr\/2025\/wp-content\/uploads\/2021\/11\/Benjelloun_S1\u00a9DR-e1726845405615-300x300.jpg 300w, https:\/\/festival-livre-jeunesse.fr\/2025\/wp-content\/uploads\/2021\/11\/Benjelloun_S1\u00a9DR-e1726845405615-150x150.jpg 150w, https:\/\/festival-livre-jeunesse.fr\/2025\/wp-content\/uploads\/2021\/11\/Benjelloun_S1\u00a9DR-e1726845405615.jpg 600w\" sizes=\"(max-width: 300px) 100vw, 300px\" \/><\/a><\/figure><div class=\"elementor-image-box-content\"><h3 class=\"elementor-image-box-title\"><a href=\"https:\/\/festival-livre-jeunesse.fr\/2025\/said-benjelloun-2\/\">Sa\u00efd BENJELLOUN<\/a><\/h3><\/div><\/div>\t\t\t\t<\/div>\n\t\t\t\t<\/div>\n\t\t\t\t\t<\/div>\n\t\t<\/div>\n\t\t\t\t\t<\/div>\n\t\t<\/section>\n\t\t\t\t<section class=\"elementor-section elementor-top-section elementor-element elementor-element-75571aa elementor-section-full_width elementor-section-height-default elementor-section-height-default\" data-id=\"75571aa\" data-element_type=\"section\">\n\t\t\t\t\t\t<div class=\"elementor-container elementor-column-gap-no\">\n\t\t\t\t\t<div class=\"elementor-column elementor-col-25 elementor-top-column elementor-element elementor-element-4e5c769\" data-id=\"4e5c769\" data-element_type=\"column\">\n\t\t\t<div class=\"elementor-widget-wrap elementor-element-populated\">\n\t\t\t\t\t\t<div class=\"elementor-element elementor-element-d44f53d elementor-position-top elementor-widget elementor-widget-image-box\" data-id=\"d44f53d\" data-element_type=\"widget\" data-widget_type=\"image-box.default\">\n\t\t\t\t<div class=\"elementor-widget-container\">\n\t\t\t\t\t<div class=\"elementor-image-box-wrapper\"><figure class=\"elementor-image-box-img\"><a href=\"https:\/\/festival-livre-jeunesse.fr\/2025\/judith-chomel\/\" tabindex=\"-1\"><img loading=\"lazy\" decoding=\"async\" width=\"300\" height=\"298\" src=\"https:\/\/festival-livre-jeunesse.fr\/2025\/wp-content\/uploads\/2024\/09\/Judith-Chaumel-300x298.png\" class=\"elementor-animation-shrink attachment-medium size-medium wp-image-18246\" alt=\"portrait Judith Chaumel\" srcset=\"https:\/\/festival-livre-jeunesse.fr\/2025\/wp-content\/uploads\/2024\/09\/Judith-Chaumel-300x298.png 300w, https:\/\/festival-livre-jeunesse.fr\/2025\/wp-content\/uploads\/2024\/09\/Judith-Chaumel-150x150.png 150w, https:\/\/festival-livre-jeunesse.fr\/2025\/wp-content\/uploads\/2024\/09\/Judith-Chaumel.png 502w\" sizes=\"(max-width: 300px) 100vw, 300px\" \/><\/a><\/figure><div class=\"elementor-image-box-content\"><h3 class=\"elementor-image-box-title\"><a href=\"https:\/\/festival-livre-jeunesse.fr\/2025\/judith-chomel\/\">Judtih CHOMEL<\/a><\/h3><\/div><\/div>\t\t\t\t<\/div>\n\t\t\t\t<\/div>\n\t\t\t\t\t<\/div>\n\t\t<\/div>\n\t\t\t\t<div class=\"elementor-column elementor-col-25 elementor-top-column elementor-element elementor-element-5b808b8\" data-id=\"5b808b8\" data-element_type=\"column\">\n\t\t\t<div class=\"elementor-widget-wrap elementor-element-populated\">\n\t\t\t\t\t\t<div class=\"elementor-element elementor-element-b6ae647 elementor-position-top elementor-widget elementor-widget-image-box\" data-id=\"b6ae647\" data-element_type=\"widget\" data-widget_type=\"image-box.default\">\n\t\t\t\t<div class=\"elementor-widget-container\">\n\t\t\t\t\t<div class=\"elementor-image-box-wrapper\"><figure class=\"elementor-image-box-img\"><a href=\"https:\/\/festival-livre-jeunesse.fr\/2025\/julien-ceuille\/\" tabindex=\"-1\"><img loading=\"lazy\" decoding=\"async\" width=\"300\" height=\"300\" src=\"https:\/\/festival-livre-jeunesse.fr\/2025\/wp-content\/uploads\/2024\/09\/202004031924identite-e1728306038932-300x300.jpg\" class=\"elementor-animation-shrink attachment-medium size-medium wp-image-18247\" alt=\"portrait Julien CUEILLE\" srcset=\"https:\/\/festival-livre-jeunesse.fr\/2025\/wp-content\/uploads\/2024\/09\/202004031924identite-e1728306038932-300x300.jpg 300w, https:\/\/festival-livre-jeunesse.fr\/2025\/wp-content\/uploads\/2024\/09\/202004031924identite-e1728306038932-150x150.jpg 150w, https:\/\/festival-livre-jeunesse.fr\/2025\/wp-content\/uploads\/2024\/09\/202004031924identite-e1728306038932-768x768.jpg 768w, https:\/\/festival-livre-jeunesse.fr\/2025\/wp-content\/uploads\/2024\/09\/202004031924identite-e1728306038932.jpg 961w\" sizes=\"(max-width: 300px) 100vw, 300px\" \/><\/a><\/figure><div class=\"elementor-image-box-content\"><h3 class=\"elementor-image-box-title\"><a href=\"https:\/\/festival-livre-jeunesse.fr\/2025\/julien-ceuille\/\">Julien CUEILLE<\/a><\/h3><\/div><\/div>\t\t\t\t<\/div>\n\t\t\t\t<\/div>\n\t\t\t\t\t<\/div>\n\t\t<\/div>\n\t\t\t\t<div class=\"elementor-column elementor-col-25 elementor-top-column elementor-element elementor-element-7bd0df2\" data-id=\"7bd0df2\" data-element_type=\"column\">\n\t\t\t<div class=\"elementor-widget-wrap elementor-element-populated\">\n\t\t\t\t\t\t<div class=\"elementor-element elementor-element-c81b840 elementor-widget-mobile__width-auto elementor-position-top elementor-widget elementor-widget-image-box\" data-id=\"c81b840\" data-element_type=\"widget\" data-widget_type=\"image-box.default\">\n\t\t\t\t<div class=\"elementor-widget-container\">\n\t\t\t\t\t<div class=\"elementor-image-box-wrapper\"><figure class=\"elementor-image-box-img\"><a href=\"https:\/\/festival-livre-jeunesse.fr\/2025\/loic-clement\/\" tabindex=\"-1\"><img loading=\"lazy\" decoding=\"async\" width=\"298\" height=\"300\" src=\"https:\/\/festival-livre-jeunesse.fr\/2025\/wp-content\/uploads\/2024\/10\/CLEMENT-298x300.jpg\" class=\"elementor-animation-shrink attachment-medium size-medium wp-image-18894\" alt=\"\" srcset=\"https:\/\/festival-livre-jeunesse.fr\/2025\/wp-content\/uploads\/2024\/10\/CLEMENT-298x300.jpg 298w, https:\/\/festival-livre-jeunesse.fr\/2025\/wp-content\/uploads\/2024\/10\/CLEMENT-150x150.jpg 150w, https:\/\/festival-livre-jeunesse.fr\/2025\/wp-content\/uploads\/2024\/10\/CLEMENT.jpg 300w\" sizes=\"(max-width: 298px) 100vw, 298px\" \/><\/a><\/figure><div class=\"elementor-image-box-content\"><h3 class=\"elementor-image-box-title\"><a href=\"https:\/\/festival-livre-jeunesse.fr\/2025\/loic-clement\/\">Lo\u00efc CL\u00c9MENT<\/a><\/h3><\/div><\/div>\t\t\t\t<\/div>\n\t\t\t\t<\/div>\n\t\t\t\t\t<\/div>\n\t\t<\/div>\n\t\t\t\t<div class=\"elementor-column elementor-col-25 elementor-top-column elementor-element elementor-element-5443d1c\" data-id=\"5443d1c\" data-element_type=\"column\">\n\t\t\t<div class=\"elementor-widget-wrap elementor-element-populated\">\n\t\t\t\t\t\t<div class=\"elementor-element elementor-element-83ee543 elementor-position-top elementor-widget elementor-widget-image-box\" data-id=\"83ee543\" data-element_type=\"widget\" data-widget_type=\"image-box.default\">\n\t\t\t\t<div class=\"elementor-widget-container\">\n\t\t\t\t\t<div class=\"elementor-image-box-wrapper\"><figure class=\"elementor-image-box-img\"><a href=\"https:\/\/festival-livre-jeunesse.fr\/2025\/rachel-corenblit-2\/\" tabindex=\"-1\"><img loading=\"lazy\" decoding=\"async\" width=\"300\" height=\"300\" src=\"https:\/\/festival-livre-jeunesse.fr\/2025\/wp-content\/uploads\/2024\/10\/Rachel-Corenblit-300x300.jpg\" class=\"elementor-animation-shrink attachment-medium size-medium wp-image-18889\" alt=\"\" srcset=\"https:\/\/festival-livre-jeunesse.fr\/2025\/wp-content\/uploads\/2024\/10\/Rachel-Corenblit-300x300.jpg 300w, https:\/\/festival-livre-jeunesse.fr\/2025\/wp-content\/uploads\/2024\/10\/Rachel-Corenblit-150x150.jpg 150w, https:\/\/festival-livre-jeunesse.fr\/2025\/wp-content\/uploads\/2024\/10\/Rachel-Corenblit-768x768.jpg 768w, https:\/\/festival-livre-jeunesse.fr\/2025\/wp-content\/uploads\/2024\/10\/Rachel-Corenblit.jpg 960w\" sizes=\"(max-width: 300px) 100vw, 300px\" \/><\/a><\/figure><div class=\"elementor-image-box-content\"><h3 class=\"elementor-image-box-title\"><a href=\"https:\/\/festival-livre-jeunesse.fr\/2025\/rachel-corenblit-2\/\">Rachel CORENBLIT<\/a><\/h3><\/div><\/div>\t\t\t\t<\/div>\n\t\t\t\t<\/div>\n\t\t\t\t\t<\/div>\n\t\t<\/div>\n\t\t\t\t\t<\/div>\n\t\t<\/section>\n\t\t\t\t<section class=\"elementor-section elementor-top-section elementor-element elementor-element-26ac0c5 elementor-section-full_width elementor-section-height-default elementor-section-height-default\" data-id=\"26ac0c5\" data-element_type=\"section\">\n\t\t\t\t\t\t<div class=\"elementor-container elementor-column-gap-no\">\n\t\t\t\t\t<div class=\"elementor-column elementor-col-25 elementor-top-column elementor-element elementor-element-424da83\" data-id=\"424da83\" data-element_type=\"column\">\n\t\t\t<div class=\"elementor-widget-wrap elementor-element-populated\">\n\t\t\t\t\t\t<div class=\"elementor-element elementor-element-429b4bf elementor-position-top elementor-widget elementor-widget-image-box\" data-id=\"429b4bf\" data-element_type=\"widget\" data-widget_type=\"image-box.default\">\n\t\t\t\t<div class=\"elementor-widget-container\">\n\t\t\t\t\t<div class=\"elementor-image-box-wrapper\"><figure class=\"elementor-image-box-img\"><a href=\"https:\/\/festival-livre-jeunesse.fr\/2025\/cruschiform\/\" tabindex=\"-1\"><img loading=\"lazy\" decoding=\"async\" width=\"288\" height=\"300\" src=\"https:\/\/festival-livre-jeunesse.fr\/2025\/wp-content\/uploads\/2024\/09\/CRUSCHIFORM\u00a9Chloe-Vollmer-Lo-e1725606376209-288x300.png\" class=\"elementor-animation-shrink attachment-medium size-medium wp-image-18251\" alt=\"\" srcset=\"https:\/\/festival-livre-jeunesse.fr\/2025\/wp-content\/uploads\/2024\/09\/CRUSCHIFORM\u00a9Chloe-Vollmer-Lo-e1725606376209-288x300.png 288w, https:\/\/festival-livre-jeunesse.fr\/2025\/wp-content\/uploads\/2024\/09\/CRUSCHIFORM\u00a9Chloe-Vollmer-Lo-e1725606376209.png 658w\" sizes=\"(max-width: 288px) 100vw, 288px\" \/><\/a><\/figure><div class=\"elementor-image-box-content\"><h3 class=\"elementor-image-box-title\"><a href=\"https:\/\/festival-livre-jeunesse.fr\/2025\/cruschiform\/\">Cruschiform<\/a><\/h3><\/div><\/div>\t\t\t\t<\/div>\n\t\t\t\t<\/div>\n\t\t\t\t\t<\/div>\n\t\t<\/div>\n\t\t\t\t<div class=\"elementor-column elementor-col-25 elementor-top-column elementor-element elementor-element-e9040d0\" data-id=\"e9040d0\" data-element_type=\"column\">\n\t\t\t<div class=\"elementor-widget-wrap elementor-element-populated\">\n\t\t\t\t\t\t<div class=\"elementor-element elementor-element-a88ad4b elementor-position-top elementor-widget elementor-widget-image-box\" data-id=\"a88ad4b\" data-element_type=\"widget\" data-widget_type=\"image-box.default\">\n\t\t\t\t<div class=\"elementor-widget-container\">\n\t\t\t\t\t<div class=\"elementor-image-box-wrapper\"><figure class=\"elementor-image-box-img\"><a href=\"https:\/\/festival-livre-jeunesse.fr\/2025\/claire-de\/\" tabindex=\"-1\"><img loading=\"lazy\" decoding=\"async\" width=\"400\" height=\"400\" src=\"https:\/\/festival-livre-jeunesse.fr\/2025\/wp-content\/uploads\/2024\/09\/Portrait-Claire-De_400x400.jpg\" class=\"elementor-animation-shrink attachment-full size-full wp-image-18252\" alt=\"portrait Claire D\u00e9\" srcset=\"https:\/\/festival-livre-jeunesse.fr\/2025\/wp-content\/uploads\/2024\/09\/Portrait-Claire-De_400x400.jpg 400w, https:\/\/festival-livre-jeunesse.fr\/2025\/wp-content\/uploads\/2024\/09\/Portrait-Claire-De_400x400-300x300.jpg 300w, https:\/\/festival-livre-jeunesse.fr\/2025\/wp-content\/uploads\/2024\/09\/Portrait-Claire-De_400x400-150x150.jpg 150w\" sizes=\"(max-width: 400px) 100vw, 400px\" \/><\/a><\/figure><div class=\"elementor-image-box-content\"><h3 class=\"elementor-image-box-title\"><a href=\"https:\/\/festival-livre-jeunesse.fr\/2025\/claire-de\/\">Claire D\u00e9<\/a><\/h3><\/div><\/div>\t\t\t\t<\/div>\n\t\t\t\t<\/div>\n\t\t\t\t\t<\/div>\n\t\t<\/div>\n\t\t\t\t<div class=\"elementor-column elementor-col-25 elementor-top-column elementor-element elementor-element-f0a01fc\" data-id=\"f0a01fc\" data-element_type=\"column\">\n\t\t\t<div class=\"elementor-widget-wrap elementor-element-populated\">\n\t\t\t\t\t\t<div class=\"elementor-element elementor-element-7cada23 elementor-position-top elementor-widget elementor-widget-image-box\" data-id=\"7cada23\" data-element_type=\"widget\" data-widget_type=\"image-box.default\">\n\t\t\t\t<div class=\"elementor-widget-container\">\n\t\t\t\t\t<div class=\"elementor-image-box-wrapper\"><figure class=\"elementor-image-box-img\"><a href=\"https:\/\/festival-livre-jeunesse.fr\/2025\/severine-duchesne\/\" tabindex=\"-1\"><img loading=\"lazy\" decoding=\"async\" width=\"500\" height=\"500\" src=\"https:\/\/festival-livre-jeunesse.fr\/2025\/wp-content\/uploads\/2024\/09\/sev_labio-e1726835239326.png\" class=\"elementor-animation-shrink attachment-full size-full wp-image-18439\" alt=\"\" srcset=\"https:\/\/festival-livre-jeunesse.fr\/2025\/wp-content\/uploads\/2024\/09\/sev_labio-e1726835239326.png 500w, https:\/\/festival-livre-jeunesse.fr\/2025\/wp-content\/uploads\/2024\/09\/sev_labio-e1726835239326-300x300.png 300w, https:\/\/festival-livre-jeunesse.fr\/2025\/wp-content\/uploads\/2024\/09\/sev_labio-e1726835239326-150x150.png 150w\" sizes=\"(max-width: 500px) 100vw, 500px\" \/><\/a><\/figure><div class=\"elementor-image-box-content\"><h3 class=\"elementor-image-box-title\"><a href=\"https:\/\/festival-livre-jeunesse.fr\/2025\/severine-duchesne\/\">S\u00e9verine DUCHESNE<\/a><\/h3><\/div><\/div>\t\t\t\t<\/div>\n\t\t\t\t<\/div>\n\t\t\t\t\t<\/div>\n\t\t<\/div>\n\t\t\t\t<div class=\"elementor-column elementor-col-25 elementor-top-column elementor-element elementor-element-44c2c85\" data-id=\"44c2c85\" data-element_type=\"column\">\n\t\t\t<div class=\"elementor-widget-wrap elementor-element-populated\">\n\t\t\t\t\t\t<div class=\"elementor-element elementor-element-ee5bcee elementor-position-top elementor-widget elementor-widget-image-box\" data-id=\"ee5bcee\" data-element_type=\"widget\" data-widget_type=\"image-box.default\">\n\t\t\t\t<div class=\"elementor-widget-container\">\n\t\t\t\t\t<div class=\"elementor-image-box-wrapper\"><figure class=\"elementor-image-box-img\"><a href=\"https:\/\/festival-livre-jeunesse.fr\/2025\/gazhole\/\" tabindex=\"-1\"><img loading=\"lazy\" decoding=\"async\" width=\"853\" height=\"853\" src=\"https:\/\/festival-livre-jeunesse.fr\/2025\/wp-content\/uploads\/2024\/09\/Gazhole\u00a9Melania_Avanzato-e1725606720181.jpeg\" class=\"elementor-animation-shrink attachment-full size-full wp-image-18253\" alt=\"portrait Gazhole\" srcset=\"https:\/\/festival-livre-jeunesse.fr\/2025\/wp-content\/uploads\/2024\/09\/Gazhole\u00a9Melania_Avanzato-e1725606720181.jpeg 853w, https:\/\/festival-livre-jeunesse.fr\/2025\/wp-content\/uploads\/2024\/09\/Gazhole\u00a9Melania_Avanzato-e1725606720181-300x300.jpeg 300w, https:\/\/festival-livre-jeunesse.fr\/2025\/wp-content\/uploads\/2024\/09\/Gazhole\u00a9Melania_Avanzato-e1725606720181-150x150.jpeg 150w, https:\/\/festival-livre-jeunesse.fr\/2025\/wp-content\/uploads\/2024\/09\/Gazhole\u00a9Melania_Avanzato-e1725606720181-768x768.jpeg 768w\" sizes=\"(max-width: 853px) 100vw, 853px\" \/><\/a><\/figure><div class=\"elementor-image-box-content\"><h3 class=\"elementor-image-box-title\"><a href=\"https:\/\/festival-livre-jeunesse.fr\/2025\/gazhole\/\">Gazhole<\/a><\/h3><\/div><\/div>\t\t\t\t<\/div>\n\t\t\t\t<\/div>\n\t\t\t\t\t<\/div>\n\t\t<\/div>\n\t\t\t\t\t<\/div>\n\t\t<\/section>\n\t\t\t\t<section class=\"elementor-section elementor-top-section elementor-element elementor-element-bd27ccb elementor-section-full_width elementor-section-height-default elementor-section-height-default\" data-id=\"bd27ccb\" data-element_type=\"section\">\n\t\t\t\t\t\t<div class=\"elementor-container elementor-column-gap-no\">\n\t\t\t\t\t<div class=\"elementor-column elementor-col-25 elementor-top-column elementor-element elementor-element-774514d\" data-id=\"774514d\" data-element_type=\"column\">\n\t\t\t<div class=\"elementor-widget-wrap elementor-element-populated\">\n\t\t\t\t\t\t<div class=\"elementor-element elementor-element-bdf3e51 elementor-position-top elementor-widget elementor-widget-image-box\" data-id=\"bdf3e51\" data-element_type=\"widget\" data-widget_type=\"image-box.default\">\n\t\t\t\t<div class=\"elementor-widget-container\">\n\t\t\t\t\t<div class=\"elementor-image-box-wrapper\"><figure class=\"elementor-image-box-img\"><a href=\"https:\/\/festival-livre-jeunesse.fr\/2025\/francoise-de-guibert-3\/\" tabindex=\"-1\"><img loading=\"lazy\" decoding=\"async\" width=\"799\" height=\"799\" src=\"https:\/\/festival-livre-jeunesse.fr\/2025\/wp-content\/uploads\/2024\/09\/Francoise-de-Guibert-e1725606813885.jpg\" class=\"elementor-animation-shrink attachment-full size-full wp-image-18254\" alt=\"portrait Fran\u00e7oise de Guibert\" srcset=\"https:\/\/festival-livre-jeunesse.fr\/2025\/wp-content\/uploads\/2024\/09\/Francoise-de-Guibert-e1725606813885.jpg 799w, https:\/\/festival-livre-jeunesse.fr\/2025\/wp-content\/uploads\/2024\/09\/Francoise-de-Guibert-e1725606813885-300x300.jpg 300w, https:\/\/festival-livre-jeunesse.fr\/2025\/wp-content\/uploads\/2024\/09\/Francoise-de-Guibert-e1725606813885-150x150.jpg 150w, https:\/\/festival-livre-jeunesse.fr\/2025\/wp-content\/uploads\/2024\/09\/Francoise-de-Guibert-e1725606813885-768x768.jpg 768w\" sizes=\"(max-width: 799px) 100vw, 799px\" \/><\/a><\/figure><div class=\"elementor-image-box-content\"><h3 class=\"elementor-image-box-title\"><a href=\"https:\/\/festival-livre-jeunesse.fr\/2025\/francoise-de-guibert-3\/\">Fran\u00e7oise de GUIBERT<\/a><\/h3><\/div><\/div>\t\t\t\t<\/div>\n\t\t\t\t<\/div>\n\t\t\t\t\t<\/div>\n\t\t<\/div>\n\t\t\t\t<div class=\"elementor-column elementor-col-25 elementor-top-column elementor-element elementor-element-0059a82\" data-id=\"0059a82\" data-element_type=\"column\">\n\t\t\t<div class=\"elementor-widget-wrap elementor-element-populated\">\n\t\t\t\t\t\t<div class=\"elementor-element elementor-element-872db1d elementor-position-top elementor-widget elementor-widget-image-box\" data-id=\"872db1d\" data-element_type=\"widget\" data-widget_type=\"image-box.default\">\n\t\t\t\t<div class=\"elementor-widget-container\">\n\t\t\t\t\t<div class=\"elementor-image-box-wrapper\"><figure class=\"elementor-image-box-img\"><a href=\"https:\/\/festival-livre-jeunesse.fr\/2025\/inbar-heller-algazi-2\/\" tabindex=\"-1\"><img loading=\"lazy\" decoding=\"async\" width=\"290\" height=\"290\" src=\"https:\/\/festival-livre-jeunesse.fr\/2025\/wp-content\/uploads\/2024\/09\/inbar_heller_algazi-e1725607055844.jpg\" class=\"elementor-animation-shrink attachment-full size-full wp-image-18255\" alt=\"portrait Inbar Heller Algazi\" srcset=\"https:\/\/festival-livre-jeunesse.fr\/2025\/wp-content\/uploads\/2024\/09\/inbar_heller_algazi-e1725607055844.jpg 290w, https:\/\/festival-livre-jeunesse.fr\/2025\/wp-content\/uploads\/2024\/09\/inbar_heller_algazi-e1725607055844-150x150.jpg 150w\" sizes=\"(max-width: 290px) 100vw, 290px\" \/><\/a><\/figure><div class=\"elementor-image-box-content\"><h3 class=\"elementor-image-box-title\"><a href=\"https:\/\/festival-livre-jeunesse.fr\/2025\/inbar-heller-algazi-2\/\">Inbar HELLER ALGAZI<\/a><\/h3><\/div><\/div>\t\t\t\t<\/div>\n\t\t\t\t<\/div>\n\t\t\t\t\t<\/div>\n\t\t<\/div>\n\t\t\t\t<div class=\"elementor-column elementor-col-25 elementor-top-column elementor-element elementor-element-33f4190\" data-id=\"33f4190\" data-element_type=\"column\">\n\t\t\t<div class=\"elementor-widget-wrap elementor-element-populated\">\n\t\t\t\t\t\t<div class=\"elementor-element elementor-element-b046160 elementor-position-top elementor-widget elementor-widget-image-box\" data-id=\"b046160\" data-element_type=\"widget\" data-widget_type=\"image-box.default\">\n\t\t\t\t<div class=\"elementor-widget-container\">\n\t\t\t\t\t<div class=\"elementor-image-box-wrapper\"><figure class=\"elementor-image-box-img\"><a href=\"https:\/\/festival-livre-jeunesse.fr\/2025\/ghislaine-herbera\/\" tabindex=\"-1\"><img loading=\"lazy\" decoding=\"async\" width=\"768\" height=\"768\" src=\"https:\/\/festival-livre-jeunesse.fr\/2025\/wp-content\/uploads\/2024\/09\/Ghislaine-Herbera-768x1024-1-e1725607181485.jpg\" class=\"elementor-animation-shrink attachment-full size-full wp-image-18256\" alt=\"portrait Ghislaine Herb\u00e9ra\" srcset=\"https:\/\/festival-livre-jeunesse.fr\/2025\/wp-content\/uploads\/2024\/09\/Ghislaine-Herbera-768x1024-1-e1725607181485.jpg 768w, https:\/\/festival-livre-jeunesse.fr\/2025\/wp-content\/uploads\/2024\/09\/Ghislaine-Herbera-768x1024-1-e1725607181485-300x300.jpg 300w, https:\/\/festival-livre-jeunesse.fr\/2025\/wp-content\/uploads\/2024\/09\/Ghislaine-Herbera-768x1024-1-e1725607181485-150x150.jpg 150w\" sizes=\"(max-width: 768px) 100vw, 768px\" \/><\/a><\/figure><div class=\"elementor-image-box-content\"><h3 class=\"elementor-image-box-title\"><a href=\"https:\/\/festival-livre-jeunesse.fr\/2025\/ghislaine-herbera\/\">Ghislaine HERBERA<\/a><\/h3><\/div><\/div>\t\t\t\t<\/div>\n\t\t\t\t<\/div>\n\t\t\t\t\t<\/div>\n\t\t<\/div>\n\t\t\t\t<div class=\"elementor-column elementor-col-25 elementor-top-column elementor-element elementor-element-3e0ce53\" data-id=\"3e0ce53\" data-element_type=\"column\">\n\t\t\t<div class=\"elementor-widget-wrap elementor-element-populated\">\n\t\t\t\t\t\t<div class=\"elementor-element elementor-element-9b7d57d elementor-position-top elementor-widget elementor-widget-image-box\" data-id=\"9b7d57d\" data-element_type=\"widget\" data-widget_type=\"image-box.default\">\n\t\t\t\t<div class=\"elementor-widget-container\">\n\t\t\t\t\t<div class=\"elementor-image-box-wrapper\"><figure class=\"elementor-image-box-img\"><a href=\"https:\/\/festival-livre-jeunesse.fr\/2025\/victor-hussenot\/\" tabindex=\"-1\"><img loading=\"lazy\" decoding=\"async\" width=\"768\" height=\"768\" src=\"https:\/\/festival-livre-jeunesse.fr\/2025\/wp-content\/uploads\/2024\/09\/Portrait-768x1152-1-e1726834632897.jpg\" class=\"elementor-animation-shrink attachment-full size-full wp-image-18434\" alt=\"\" srcset=\"https:\/\/festival-livre-jeunesse.fr\/2025\/wp-content\/uploads\/2024\/09\/Portrait-768x1152-1-e1726834632897.jpg 768w, https:\/\/festival-livre-jeunesse.fr\/2025\/wp-content\/uploads\/2024\/09\/Portrait-768x1152-1-e1726834632897-300x300.jpg 300w, https:\/\/festival-livre-jeunesse.fr\/2025\/wp-content\/uploads\/2024\/09\/Portrait-768x1152-1-e1726834632897-150x150.jpg 150w\" sizes=\"(max-width: 768px) 100vw, 768px\" \/><\/a><\/figure><div class=\"elementor-image-box-content\"><h3 class=\"elementor-image-box-title\"><a href=\"https:\/\/festival-livre-jeunesse.fr\/2025\/victor-hussenot\/\">Victor HUSSENOT<\/a><\/h3><\/div><\/div>\t\t\t\t<\/div>\n\t\t\t\t<\/div>\n\t\t\t\t\t<\/div>\n\t\t<\/div>\n\t\t\t\t\t<\/div>\n\t\t<\/section>\n\t\t\t\t<section class=\"elementor-section elementor-top-section elementor-element elementor-element-25981ed elementor-section-full_width elementor-section-height-default elementor-section-height-default\" data-id=\"25981ed\" data-element_type=\"section\">\n\t\t\t\t\t\t<div class=\"elementor-container elementor-column-gap-no\">\n\t\t\t\t\t<div class=\"elementor-column elementor-col-25 elementor-top-column elementor-element elementor-element-bae4d23\" data-id=\"bae4d23\" data-element_type=\"column\">\n\t\t\t<div class=\"elementor-widget-wrap elementor-element-populated\">\n\t\t\t\t\t\t<div class=\"elementor-element elementor-element-ec4122e elementor-position-top elementor-widget elementor-widget-image-box\" data-id=\"ec4122e\" data-element_type=\"widget\" data-widget_type=\"image-box.default\">\n\t\t\t\t<div class=\"elementor-widget-container\">\n\t\t\t\t\t<div class=\"elementor-image-box-wrapper\"><figure class=\"elementor-image-box-img\"><a href=\"https:\/\/festival-livre-jeunesse.fr\/2025\/mayana-itoiz\/\" tabindex=\"-1\"><img loading=\"lazy\" decoding=\"async\" width=\"500\" height=\"500\" src=\"https:\/\/festival-livre-jeunesse.fr\/2025\/wp-content\/uploads\/2024\/09\/000000148301-INT.jpg\" class=\"elementor-animation-shrink attachment-full size-full wp-image-18257\" alt=\"portrait Mayana Ito\u00efz\" srcset=\"https:\/\/festival-livre-jeunesse.fr\/2025\/wp-content\/uploads\/2024\/09\/000000148301-INT.jpg 500w, https:\/\/festival-livre-jeunesse.fr\/2025\/wp-content\/uploads\/2024\/09\/000000148301-INT-300x300.jpg 300w, https:\/\/festival-livre-jeunesse.fr\/2025\/wp-content\/uploads\/2024\/09\/000000148301-INT-150x150.jpg 150w\" sizes=\"(max-width: 500px) 100vw, 500px\" \/><\/a><\/figure><div class=\"elementor-image-box-content\"><h3 class=\"elementor-image-box-title\"><a href=\"https:\/\/festival-livre-jeunesse.fr\/2025\/mayana-itoiz\/\">Mayana ITO\u00cfZ<\/a><\/h3><\/div><\/div>\t\t\t\t<\/div>\n\t\t\t\t<\/div>\n\t\t\t\t\t<\/div>\n\t\t<\/div>\n\t\t\t\t<div class=\"elementor-column elementor-col-25 elementor-top-column elementor-element elementor-element-c811713\" data-id=\"c811713\" data-element_type=\"column\">\n\t\t\t<div class=\"elementor-widget-wrap elementor-element-populated\">\n\t\t\t\t\t\t<div class=\"elementor-element elementor-element-7d6294b elementor-position-top elementor-widget elementor-widget-image-box\" data-id=\"7d6294b\" data-element_type=\"widget\" data-widget_type=\"image-box.default\">\n\t\t\t\t<div class=\"elementor-widget-container\">\n\t\t\t\t\t<div class=\"elementor-image-box-wrapper\"><figure class=\"elementor-image-box-img\"><a href=\"https:\/\/festival-livre-jeunesse.fr\/2025\/philippe-jalbert\/\" tabindex=\"-1\"><img loading=\"lazy\" decoding=\"async\" width=\"1920\" height=\"1949\" src=\"https:\/\/festival-livre-jeunesse.fr\/2025\/wp-content\/uploads\/2024\/09\/PHILIPPE_JALBERT_PORTRAIT-scaled-e1725607496667.jpg\" class=\"elementor-animation-shrink attachment-full size-full wp-image-18258\" alt=\"portrait Philippe Jalbert\" srcset=\"https:\/\/festival-livre-jeunesse.fr\/2025\/wp-content\/uploads\/2024\/09\/PHILIPPE_JALBERT_PORTRAIT-scaled-e1725607496667.jpg 1920w, https:\/\/festival-livre-jeunesse.fr\/2025\/wp-content\/uploads\/2024\/09\/PHILIPPE_JALBERT_PORTRAIT-scaled-e1725607496667-296x300.jpg 296w, https:\/\/festival-livre-jeunesse.fr\/2025\/wp-content\/uploads\/2024\/09\/PHILIPPE_JALBERT_PORTRAIT-scaled-e1725607496667-1009x1024.jpg 1009w, https:\/\/festival-livre-jeunesse.fr\/2025\/wp-content\/uploads\/2024\/09\/PHILIPPE_JALBERT_PORTRAIT-scaled-e1725607496667-768x780.jpg 768w, https:\/\/festival-livre-jeunesse.fr\/2025\/wp-content\/uploads\/2024\/09\/PHILIPPE_JALBERT_PORTRAIT-scaled-e1725607496667-1513x1536.jpg 1513w\" sizes=\"(max-width: 1920px) 100vw, 1920px\" \/><\/a><\/figure><div class=\"elementor-image-box-content\"><h3 class=\"elementor-image-box-title\"><a href=\"https:\/\/festival-livre-jeunesse.fr\/2025\/philippe-jalbert\/\">Philippe JALBERT<\/a><\/h3><\/div><\/div>\t\t\t\t<\/div>\n\t\t\t\t<\/div>\n\t\t\t\t\t<\/div>\n\t\t<\/div>\n\t\t\t\t<div class=\"elementor-column elementor-col-25 elementor-top-column elementor-element elementor-element-a64f582\" data-id=\"a64f582\" data-element_type=\"column\">\n\t\t\t<div class=\"elementor-widget-wrap elementor-element-populated\">\n\t\t\t\t\t\t<div class=\"elementor-element elementor-element-9951f28 elementor-position-top elementor-widget elementor-widget-image-box\" data-id=\"9951f28\" data-element_type=\"widget\" data-widget_type=\"image-box.default\">\n\t\t\t\t<div class=\"elementor-widget-container\">\n\t\t\t\t\t<div class=\"elementor-image-box-wrapper\"><figure class=\"elementor-image-box-img\"><a href=\"https:\/\/festival-livre-jeunesse.fr\/2025\/sophie-lamoureux\/\" tabindex=\"-1\"><img loading=\"lazy\" decoding=\"async\" width=\"639\" height=\"639\" src=\"https:\/\/festival-livre-jeunesse.fr\/2025\/wp-content\/uploads\/2024\/10\/Sophie-Lamoureux-e1729167285682.jpg\" class=\"elementor-animation-shrink attachment-full size-full wp-image-19374\" alt=\"\" srcset=\"https:\/\/festival-livre-jeunesse.fr\/2025\/wp-content\/uploads\/2024\/10\/Sophie-Lamoureux-e1729167285682.jpg 639w, https:\/\/festival-livre-jeunesse.fr\/2025\/wp-content\/uploads\/2024\/10\/Sophie-Lamoureux-e1729167285682-300x300.jpg 300w, https:\/\/festival-livre-jeunesse.fr\/2025\/wp-content\/uploads\/2024\/10\/Sophie-Lamoureux-e1729167285682-150x150.jpg 150w\" sizes=\"(max-width: 639px) 100vw, 639px\" \/><\/a><\/figure><div class=\"elementor-image-box-content\"><h3 class=\"elementor-image-box-title\"><a href=\"https:\/\/festival-livre-jeunesse.fr\/2025\/sophie-lamoureux\/\">Sophie LAMOUREUX<\/a><\/h3><\/div><\/div>\t\t\t\t<\/div>\n\t\t\t\t<\/div>\n\t\t\t\t\t<\/div>\n\t\t<\/div>\n\t\t\t\t<div class=\"elementor-column elementor-col-25 elementor-top-column elementor-element elementor-element-b34e3d1\" data-id=\"b34e3d1\" data-element_type=\"column\">\n\t\t\t<div class=\"elementor-widget-wrap elementor-element-populated\">\n\t\t\t\t\t\t<div class=\"elementor-element elementor-element-968e297 elementor-position-top elementor-widget elementor-widget-image-box\" data-id=\"968e297\" data-element_type=\"widget\" data-widget_type=\"image-box.default\">\n\t\t\t\t<div class=\"elementor-widget-container\">\n\t\t\t\t\t<div class=\"elementor-image-box-wrapper\"><figure class=\"elementor-image-box-img\"><a href=\"https:\/\/festival-livre-jeunesse.fr\/2025\/frederic-maupome-2\/\" tabindex=\"-1\"><img loading=\"lazy\" decoding=\"async\" width=\"668\" height=\"668\" src=\"https:\/\/festival-livre-jeunesse.fr\/2025\/wp-content\/uploads\/2024\/09\/Photographie-Frederic-Maupome-BD-e1725607754828.jpg\" class=\"elementor-animation-shrink attachment-full size-full wp-image-18260\" alt=\"portrait Fr\u00e9d\u00e9ric Maupom\u00e9\" srcset=\"https:\/\/festival-livre-jeunesse.fr\/2025\/wp-content\/uploads\/2024\/09\/Photographie-Frederic-Maupome-BD-e1725607754828.jpg 668w, https:\/\/festival-livre-jeunesse.fr\/2025\/wp-content\/uploads\/2024\/09\/Photographie-Frederic-Maupome-BD-e1725607754828-300x300.jpg 300w, https:\/\/festival-livre-jeunesse.fr\/2025\/wp-content\/uploads\/2024\/09\/Photographie-Frederic-Maupome-BD-e1725607754828-150x150.jpg 150w\" sizes=\"(max-width: 668px) 100vw, 668px\" \/><\/a><\/figure><div class=\"elementor-image-box-content\"><h3 class=\"elementor-image-box-title\"><a href=\"https:\/\/festival-livre-jeunesse.fr\/2025\/frederic-maupome-2\/\">Fr\u00e9d\u00e9ric MAUPOM\u00c9<\/a><\/h3><\/div><\/div>\t\t\t\t<\/div>\n\t\t\t\t<\/div>\n\t\t\t\t\t<\/div>\n\t\t<\/div>\n\t\t\t\t\t<\/div>\n\t\t<\/section>\n\t\t\t\t<section class=\"elementor-section elementor-top-section elementor-element elementor-element-d015942 elementor-section-full_width elementor-section-height-default elementor-section-height-default\" data-id=\"d015942\" data-element_type=\"section\">\n\t\t\t\t\t\t<div class=\"elementor-container elementor-column-gap-no\">\n\t\t\t\t\t<div class=\"elementor-column elementor-col-25 elementor-top-column elementor-element elementor-element-9380ede\" data-id=\"9380ede\" data-element_type=\"column\">\n\t\t\t<div class=\"elementor-widget-wrap elementor-element-populated\">\n\t\t\t\t\t\t<div class=\"elementor-element elementor-element-552f3d8 elementor-position-top elementor-widget elementor-widget-image-box\" data-id=\"552f3d8\" data-element_type=\"widget\" data-widget_type=\"image-box.default\">\n\t\t\t\t<div class=\"elementor-widget-container\">\n\t\t\t\t\t<div class=\"elementor-image-box-wrapper\"><figure class=\"elementor-image-box-img\"><a href=\"https:\/\/festival-livre-jeunesse.fr\/2025\/juliette-mas\" tabindex=\"-1\"><img loading=\"lazy\" decoding=\"async\" width=\"425\" height=\"432\" src=\"https:\/\/festival-livre-jeunesse.fr\/2025\/wp-content\/uploads\/2024\/12\/Juliette_Mas_2024-web.png\" class=\"elementor-animation-shrink attachment-full size-full wp-image-19897\" alt=\"\" srcset=\"https:\/\/festival-livre-jeunesse.fr\/2025\/wp-content\/uploads\/2024\/12\/Juliette_Mas_2024-web.png 425w, https:\/\/festival-livre-jeunesse.fr\/2025\/wp-content\/uploads\/2024\/12\/Juliette_Mas_2024-web-295x300.png 295w\" sizes=\"(max-width: 425px) 100vw, 425px\" \/><\/a><\/figure><div class=\"elementor-image-box-content\"><h3 class=\"elementor-image-box-title\"><a href=\"https:\/\/festival-livre-jeunesse.fr\/2025\/juliette-mas\">Juliette MAS<\/a><\/h3><\/div><\/div>\t\t\t\t<\/div>\n\t\t\t\t<\/div>\n\t\t\t\t\t<\/div>\n\t\t<\/div>\n\t\t\t\t<div class=\"elementor-column elementor-col-25 elementor-top-column elementor-element elementor-element-d745948\" data-id=\"d745948\" data-element_type=\"column\">\n\t\t\t<div class=\"elementor-widget-wrap elementor-element-populated\">\n\t\t\t\t\t\t<div class=\"elementor-element elementor-element-4a0e9c2 elementor-position-top elementor-widget elementor-widget-image-box\" data-id=\"4a0e9c2\" data-element_type=\"widget\" data-widget_type=\"image-box.default\">\n\t\t\t\t<div class=\"elementor-widget-container\">\n\t\t\t\t\t<div class=\"elementor-image-box-wrapper\"><figure class=\"elementor-image-box-img\"><a href=\"https:\/\/festival-livre-jeunesse.fr\/2025\/marie-mirgaine\/\" tabindex=\"-1\"><img loading=\"lazy\" decoding=\"async\" width=\"1920\" height=\"1920\" src=\"https:\/\/festival-livre-jeunesse.fr\/2025\/wp-content\/uploads\/2024\/09\/MarieMirgaine2-scaled-e1725607866539.jpg\" class=\"elementor-animation-shrink attachment-full size-full wp-image-18261\" alt=\"portrait Marie Mirgaine\" srcset=\"https:\/\/festival-livre-jeunesse.fr\/2025\/wp-content\/uploads\/2024\/09\/MarieMirgaine2-scaled-e1725607866539.jpg 1920w, https:\/\/festival-livre-jeunesse.fr\/2025\/wp-content\/uploads\/2024\/09\/MarieMirgaine2-scaled-e1725607866539-300x300.jpg 300w, https:\/\/festival-livre-jeunesse.fr\/2025\/wp-content\/uploads\/2024\/09\/MarieMirgaine2-scaled-e1725607866539-1024x1024.jpg 1024w, https:\/\/festival-livre-jeunesse.fr\/2025\/wp-content\/uploads\/2024\/09\/MarieMirgaine2-scaled-e1725607866539-150x150.jpg 150w, https:\/\/festival-livre-jeunesse.fr\/2025\/wp-content\/uploads\/2024\/09\/MarieMirgaine2-scaled-e1725607866539-768x768.jpg 768w, https:\/\/festival-livre-jeunesse.fr\/2025\/wp-content\/uploads\/2024\/09\/MarieMirgaine2-scaled-e1725607866539-1536x1536.jpg 1536w\" sizes=\"(max-width: 1920px) 100vw, 1920px\" \/><\/a><\/figure><div class=\"elementor-image-box-content\"><h3 class=\"elementor-image-box-title\"><a href=\"https:\/\/festival-livre-jeunesse.fr\/2025\/marie-mirgaine\/\">Marie MIRGAINE<\/a><\/h3><\/div><\/div>\t\t\t\t<\/div>\n\t\t\t\t<\/div>\n\t\t\t\t\t<\/div>\n\t\t<\/div>\n\t\t\t\t<div class=\"elementor-column elementor-col-25 elementor-top-column elementor-element elementor-element-2dab5dc\" data-id=\"2dab5dc\" data-element_type=\"column\">\n\t\t\t<div class=\"elementor-widget-wrap elementor-element-populated\">\n\t\t\t\t\t\t<div class=\"elementor-element elementor-element-1481e51 elementor-position-top elementor-widget elementor-widget-image-box\" data-id=\"1481e51\" data-element_type=\"widget\" data-widget_type=\"image-box.default\">\n\t\t\t\t<div class=\"elementor-widget-container\">\n\t\t\t\t\t<div class=\"elementor-image-box-wrapper\"><figure class=\"elementor-image-box-img\"><a href=\"https:\/\/festival-livre-jeunesse.fr\/2025\/hel\/\" tabindex=\"-1\"><img loading=\"lazy\" decoding=\"async\" width=\"400\" height=\"400\" src=\"https:\/\/festival-livre-jeunesse.fr\/2025\/wp-content\/uploads\/2024\/10\/photo-helene-montardre.jpg\" class=\"elementor-animation-shrink attachment-full size-full wp-image-19340\" alt=\"\" srcset=\"https:\/\/festival-livre-jeunesse.fr\/2025\/wp-content\/uploads\/2024\/10\/photo-helene-montardre.jpg 400w, https:\/\/festival-livre-jeunesse.fr\/2025\/wp-content\/uploads\/2024\/10\/photo-helene-montardre-300x300.jpg 300w, https:\/\/festival-livre-jeunesse.fr\/2025\/wp-content\/uploads\/2024\/10\/photo-helene-montardre-150x150.jpg 150w\" sizes=\"(max-width: 400px) 100vw, 400px\" \/><\/a><\/figure><div class=\"elementor-image-box-content\"><h3 class=\"elementor-image-box-title\"><a href=\"https:\/\/festival-livre-jeunesse.fr\/2025\/hel\/\">H\u00e9l\u00e8ne MONTARDRE<\/a><\/h3><\/div><\/div>\t\t\t\t<\/div>\n\t\t\t\t<\/div>\n\t\t\t\t\t<\/div>\n\t\t<\/div>\n\t\t\t\t<div class=\"elementor-column elementor-col-25 elementor-top-column elementor-element elementor-element-b1329b9\" data-id=\"b1329b9\" data-element_type=\"column\">\n\t\t\t<div class=\"elementor-widget-wrap elementor-element-populated\">\n\t\t\t\t\t\t<div class=\"elementor-element elementor-element-890ad0c elementor-position-top elementor-widget elementor-widget-image-box\" data-id=\"890ad0c\" data-element_type=\"widget\" data-widget_type=\"image-box.default\">\n\t\t\t\t<div class=\"elementor-widget-container\">\n\t\t\t\t\t<div class=\"elementor-image-box-wrapper\"><figure class=\"elementor-image-box-img\"><a href=\"https:\/\/festival-livre-jeunesse.fr\/2025\/a\/\" tabindex=\"-1\"><img loading=\"lazy\" decoding=\"async\" width=\"1280\" height=\"1280\" src=\"https:\/\/festival-livre-jeunesse.fr\/2025\/wp-content\/uploads\/2024\/09\/anne-montel-e1725608004418.png\" class=\"elementor-animation-shrink attachment-full size-full wp-image-18262\" alt=\"portrait Anne Montel\" srcset=\"https:\/\/festival-livre-jeunesse.fr\/2025\/wp-content\/uploads\/2024\/09\/anne-montel-e1725608004418.png 1280w, https:\/\/festival-livre-jeunesse.fr\/2025\/wp-content\/uploads\/2024\/09\/anne-montel-e1725608004418-300x300.png 300w, https:\/\/festival-livre-jeunesse.fr\/2025\/wp-content\/uploads\/2024\/09\/anne-montel-e1725608004418-1024x1024.png 1024w, https:\/\/festival-livre-jeunesse.fr\/2025\/wp-content\/uploads\/2024\/09\/anne-montel-e1725608004418-150x150.png 150w, https:\/\/festival-livre-jeunesse.fr\/2025\/wp-content\/uploads\/2024\/09\/anne-montel-e1725608004418-768x768.png 768w\" sizes=\"(max-width: 1280px) 100vw, 1280px\" \/><\/a><\/figure><div class=\"elementor-image-box-content\"><h3 class=\"elementor-image-box-title\"><a href=\"https:\/\/festival-livre-jeunesse.fr\/2025\/a\/\">Anne MONTEL<\/a><\/h3><\/div><\/div>\t\t\t\t<\/div>\n\t\t\t\t<\/div>\n\t\t\t\t\t<\/div>\n\t\t<\/div>\n\t\t\t\t\t<\/div>\n\t\t<\/section>\n\t\t\t\t<section class=\"elementor-section elementor-top-section elementor-element elementor-element-57448f6 elementor-section-full_width elementor-section-height-default elementor-section-height-default\" data-id=\"57448f6\" data-element_type=\"section\">\n\t\t\t\t\t\t<div class=\"elementor-container elementor-column-gap-no\">\n\t\t\t\t\t<div class=\"elementor-column elementor-col-25 elementor-top-column elementor-element elementor-element-dce5d03\" data-id=\"dce5d03\" data-element_type=\"column\">\n\t\t\t<div class=\"elementor-widget-wrap elementor-element-populated\">\n\t\t\t\t\t\t<div class=\"elementor-element elementor-element-b6032fa elementor-position-top elementor-widget elementor-widget-image-box\" data-id=\"b6032fa\" data-element_type=\"widget\" data-widget_type=\"image-box.default\">\n\t\t\t\t<div class=\"elementor-widget-container\">\n\t\t\t\t\t<div class=\"elementor-image-box-wrapper\"><figure class=\"elementor-image-box-img\"><a href=\"https:\/\/festival-livre-jeunesse.fr\/2025\/jean-claude-mourlevat\/\" tabindex=\"-1\"><img loading=\"lazy\" decoding=\"async\" width=\"1024\" height=\"1024\" src=\"https:\/\/festival-livre-jeunesse.fr\/2025\/wp-content\/uploads\/2024\/09\/Photo-2021-par-Susanne-Kronholm-e1725608127420.jpg\" class=\"elementor-animation-shrink attachment-full size-full wp-image-18263\" alt=\"portrait Jean Claude Mourlevat\" srcset=\"https:\/\/festival-livre-jeunesse.fr\/2025\/wp-content\/uploads\/2024\/09\/Photo-2021-par-Susanne-Kronholm-e1725608127420.jpg 1024w, https:\/\/festival-livre-jeunesse.fr\/2025\/wp-content\/uploads\/2024\/09\/Photo-2021-par-Susanne-Kronholm-e1725608127420-300x300.jpg 300w, https:\/\/festival-livre-jeunesse.fr\/2025\/wp-content\/uploads\/2024\/09\/Photo-2021-par-Susanne-Kronholm-e1725608127420-150x150.jpg 150w, https:\/\/festival-livre-jeunesse.fr\/2025\/wp-content\/uploads\/2024\/09\/Photo-2021-par-Susanne-Kronholm-e1725608127420-768x768.jpg 768w\" sizes=\"(max-width: 1024px) 100vw, 1024px\" \/><\/a><\/figure><div class=\"elementor-image-box-content\"><h3 class=\"elementor-image-box-title\"><a href=\"https:\/\/festival-livre-jeunesse.fr\/2025\/jean-claude-mourlevat\/\">Jean-Claude MOURLEVAT<\/a><\/h3><\/div><\/div>\t\t\t\t<\/div>\n\t\t\t\t<\/div>\n\t\t\t\t\t<\/div>\n\t\t<\/div>\n\t\t\t\t<div class=\"elementor-column elementor-col-25 elementor-top-column elementor-element elementor-element-39b3279\" data-id=\"39b3279\" data-element_type=\"column\">\n\t\t\t<div class=\"elementor-widget-wrap elementor-element-populated\">\n\t\t\t\t\t\t<div class=\"elementor-element elementor-element-0dab284 elementor-position-top elementor-widget elementor-widget-image-box\" data-id=\"0dab284\" data-element_type=\"widget\" data-widget_type=\"image-box.default\">\n\t\t\t\t<div class=\"elementor-widget-container\">\n\t\t\t\t\t<div class=\"elementor-image-box-wrapper\"><figure class=\"elementor-image-box-img\"><a href=\"https:\/\/festival-livre-jeunesse.fr\/2025\/maria-poblete\/\" tabindex=\"-1\"><img loading=\"lazy\" decoding=\"async\" width=\"2560\" height=\"2560\" src=\"https:\/\/festival-livre-jeunesse.fr\/2025\/wp-content\/uploads\/2024\/09\/MariaPoblete-Copyrigth-Florence-Levillain-scaled.jpg\" class=\"elementor-animation-shrink attachment-full size-full wp-image-18267\" alt=\"\" srcset=\"https:\/\/festival-livre-jeunesse.fr\/2025\/wp-content\/uploads\/2024\/09\/MariaPoblete-Copyrigth-Florence-Levillain-scaled.jpg 2560w, https:\/\/festival-livre-jeunesse.fr\/2025\/wp-content\/uploads\/2024\/09\/MariaPoblete-Copyrigth-Florence-Levillain-300x300.jpg 300w, https:\/\/festival-livre-jeunesse.fr\/2025\/wp-content\/uploads\/2024\/09\/MariaPoblete-Copyrigth-Florence-Levillain-1024x1024.jpg 1024w, https:\/\/festival-livre-jeunesse.fr\/2025\/wp-content\/uploads\/2024\/09\/MariaPoblete-Copyrigth-Florence-Levillain-150x150.jpg 150w, https:\/\/festival-livre-jeunesse.fr\/2025\/wp-content\/uploads\/2024\/09\/MariaPoblete-Copyrigth-Florence-Levillain-768x768.jpg 768w, https:\/\/festival-livre-jeunesse.fr\/2025\/wp-content\/uploads\/2024\/09\/MariaPoblete-Copyrigth-Florence-Levillain-1536x1536.jpg 1536w, https:\/\/festival-livre-jeunesse.fr\/2025\/wp-content\/uploads\/2024\/09\/MariaPoblete-Copyrigth-Florence-Levillain-2048x2048.jpg 2048w\" sizes=\"(max-width: 2560px) 100vw, 2560px\" \/><\/a><\/figure><div class=\"elementor-image-box-content\"><h3 class=\"elementor-image-box-title\"><a href=\"https:\/\/festival-livre-jeunesse.fr\/2025\/maria-poblete\/\">Maria POBLETE<\/a><\/h3><\/div><\/div>\t\t\t\t<\/div>\n\t\t\t\t<\/div>\n\t\t\t\t\t<\/div>\n\t\t<\/div>\n\t\t\t\t<div class=\"elementor-column elementor-col-25 elementor-top-column elementor-element elementor-element-deff3d4\" data-id=\"deff3d4\" data-element_type=\"column\">\n\t\t\t<div class=\"elementor-widget-wrap elementor-element-populated\">\n\t\t\t\t\t\t<div class=\"elementor-element elementor-element-313636b elementor-position-top elementor-widget elementor-widget-image-box\" data-id=\"313636b\" data-element_type=\"widget\" data-widget_type=\"image-box.default\">\n\t\t\t\t<div class=\"elementor-widget-container\">\n\t\t\t\t\t<div class=\"elementor-image-box-wrapper\"><figure class=\"elementor-image-box-img\"><a href=\"https:\/\/festival-livre-jeunesse.fr\/2025\/marion-puech\/\" tabindex=\"-1\"><img loading=\"lazy\" decoding=\"async\" width=\"1440\" height=\"1557\" src=\"https:\/\/festival-livre-jeunesse.fr\/2025\/wp-content\/uploads\/2024\/10\/Puech.Marion-1440x2168-1-e1728296593520.jpg\" class=\"elementor-animation-shrink attachment-full size-full wp-image-19209\" alt=\"\" srcset=\"https:\/\/festival-livre-jeunesse.fr\/2025\/wp-content\/uploads\/2024\/10\/Puech.Marion-1440x2168-1-e1728296593520.jpg 1440w, https:\/\/festival-livre-jeunesse.fr\/2025\/wp-content\/uploads\/2024\/10\/Puech.Marion-1440x2168-1-e1728296593520-277x300.jpg 277w, https:\/\/festival-livre-jeunesse.fr\/2025\/wp-content\/uploads\/2024\/10\/Puech.Marion-1440x2168-1-e1728296593520-947x1024.jpg 947w, https:\/\/festival-livre-jeunesse.fr\/2025\/wp-content\/uploads\/2024\/10\/Puech.Marion-1440x2168-1-e1728296593520-768x830.jpg 768w, https:\/\/festival-livre-jeunesse.fr\/2025\/wp-content\/uploads\/2024\/10\/Puech.Marion-1440x2168-1-e1728296593520-1421x1536.jpg 1421w\" sizes=\"(max-width: 1440px) 100vw, 1440px\" \/><\/a><\/figure><div class=\"elementor-image-box-content\"><h3 class=\"elementor-image-box-title\"><a href=\"https:\/\/festival-livre-jeunesse.fr\/2025\/marion-puech\/\">Marion PUECH<\/a><\/h3><\/div><\/div>\t\t\t\t<\/div>\n\t\t\t\t<\/div>\n\t\t\t\t\t<\/div>\n\t\t<\/div>\n\t\t\t\t<div class=\"elementor-column elementor-col-25 elementor-top-column elementor-element elementor-element-47649c9\" data-id=\"47649c9\" data-element_type=\"column\">\n\t\t\t<div class=\"elementor-widget-wrap elementor-element-populated\">\n\t\t\t\t\t\t<div class=\"elementor-element elementor-element-4895aa8 elementor-position-top elementor-widget elementor-widget-image-box\" data-id=\"4895aa8\" data-element_type=\"widget\" data-widget_type=\"image-box.default\">\n\t\t\t\t<div class=\"elementor-widget-container\">\n\t\t\t\t\t<div class=\"elementor-image-box-wrapper\"><figure class=\"elementor-image-box-img\"><a href=\"https:\/\/festival-livre-jeunesse.fr\/2025\/ma\/\" tabindex=\"-1\"><img loading=\"lazy\" decoding=\"async\" width=\"640\" height=\"640\" src=\"https:\/\/festival-livre-jeunesse.fr\/2025\/wp-content\/uploads\/2024\/10\/photo-Margo-e1728392639253.jpg\" class=\"elementor-animation-shrink attachment-full size-full wp-image-19235\" alt=\"\" srcset=\"https:\/\/festival-livre-jeunesse.fr\/2025\/wp-content\/uploads\/2024\/10\/photo-Margo-e1728392639253.jpg 640w, https:\/\/festival-livre-jeunesse.fr\/2025\/wp-content\/uploads\/2024\/10\/photo-Margo-e1728392639253-300x300.jpg 300w, https:\/\/festival-livre-jeunesse.fr\/2025\/wp-content\/uploads\/2024\/10\/photo-Margo-e1728392639253-150x150.jpg 150w\" sizes=\"(max-width: 640px) 100vw, 640px\" \/><\/a><\/figure><div class=\"elementor-image-box-content\"><h3 class=\"elementor-image-box-title\"><a href=\"https:\/\/festival-livre-jeunesse.fr\/2025\/ma\/\">Margo RENARD<\/a><\/h3><\/div><\/div>\t\t\t\t<\/div>\n\t\t\t\t<\/div>\n\t\t\t\t\t<\/div>\n\t\t<\/div>\n\t\t\t\t\t<\/div>\n\t\t<\/section>\n\t\t\t\t<section class=\"elementor-section elementor-top-section elementor-element elementor-element-f4a9b7b elementor-section-full_width elementor-section-height-default elementor-section-height-default\" data-id=\"f4a9b7b\" data-element_type=\"section\">\n\t\t\t\t\t\t<div class=\"elementor-container elementor-column-gap-no\">\n\t\t\t\t\t<div class=\"elementor-column elementor-col-25 elementor-top-column elementor-element elementor-element-fa75fbc\" data-id=\"fa75fbc\" data-element_type=\"column\">\n\t\t\t<div class=\"elementor-widget-wrap elementor-element-populated\">\n\t\t\t\t\t\t<div class=\"elementor-element elementor-element-48bba47 elementor-position-top elementor-widget elementor-widget-image-box\" data-id=\"48bba47\" data-element_type=\"widget\" data-widget_type=\"image-box.default\">\n\t\t\t\t<div class=\"elementor-widget-container\">\n\t\t\t\t\t<div class=\"elementor-image-box-wrapper\"><figure class=\"elementor-image-box-img\"><a href=\"https:\/\/festival-livre-jeunesse.fr\/2025\/matthieu-sylvander\/\" tabindex=\"-1\"><img loading=\"lazy\" decoding=\"async\" width=\"1152\" height=\"1257\" src=\"https:\/\/festival-livre-jeunesse.fr\/2025\/wp-content\/uploads\/2024\/10\/photo_MS1-e1729168029475.jpg\" class=\"elementor-animation-shrink attachment-full size-full wp-image-19383\" alt=\"\" srcset=\"https:\/\/festival-livre-jeunesse.fr\/2025\/wp-content\/uploads\/2024\/10\/photo_MS1-e1729168029475.jpg 1152w, https:\/\/festival-livre-jeunesse.fr\/2025\/wp-content\/uploads\/2024\/10\/photo_MS1-e1729168029475-275x300.jpg 275w, https:\/\/festival-livre-jeunesse.fr\/2025\/wp-content\/uploads\/2024\/10\/photo_MS1-e1729168029475-938x1024.jpg 938w, https:\/\/festival-livre-jeunesse.fr\/2025\/wp-content\/uploads\/2024\/10\/photo_MS1-e1729168029475-768x838.jpg 768w\" sizes=\"(max-width: 1152px) 100vw, 1152px\" \/><\/a><\/figure><div class=\"elementor-image-box-content\"><h3 class=\"elementor-image-box-title\"><a href=\"https:\/\/festival-livre-jeunesse.fr\/2025\/matthieu-sylvander\/\">Matthieu SYLVANDER<\/a><\/h3><\/div><\/div>\t\t\t\t<\/div>\n\t\t\t\t<\/div>\n\t\t\t\t\t<\/div>\n\t\t<\/div>\n\t\t\t\t<div class=\"elementor-column elementor-col-25 elementor-top-column elementor-element elementor-element-7cf230e\" data-id=\"7cf230e\" data-element_type=\"column\">\n\t\t\t<div class=\"elementor-widget-wrap elementor-element-populated\">\n\t\t\t\t\t\t<div class=\"elementor-element elementor-element-2a1c1a3 elementor-position-top elementor-widget elementor-widget-image-box\" data-id=\"2a1c1a3\" data-element_type=\"widget\" data-widget_type=\"image-box.default\">\n\t\t\t\t<div class=\"elementor-widget-container\">\n\t\t\t\t\t<div class=\"elementor-image-box-wrapper\"><figure class=\"elementor-image-box-img\"><a href=\"https:\/\/festival-livre-jeunesse.fr\/2025\/florence-thinard-2\/\" tabindex=\"-1\"><img loading=\"lazy\" decoding=\"async\" width=\"500\" height=\"500\" src=\"https:\/\/festival-livre-jeunesse.fr\/2025\/wp-content\/uploads\/2024\/09\/Thinard-Florence-e1725619597900.jpg\" class=\"elementor-animation-shrink attachment-full size-full wp-image-18270\" alt=\"\" srcset=\"https:\/\/festival-livre-jeunesse.fr\/2025\/wp-content\/uploads\/2024\/09\/Thinard-Florence-e1725619597900.jpg 500w, https:\/\/festival-livre-jeunesse.fr\/2025\/wp-content\/uploads\/2024\/09\/Thinard-Florence-e1725619597900-300x300.jpg 300w, https:\/\/festival-livre-jeunesse.fr\/2025\/wp-content\/uploads\/2024\/09\/Thinard-Florence-e1725619597900-150x150.jpg 150w\" sizes=\"(max-width: 500px) 100vw, 500px\" \/><\/a><\/figure><div class=\"elementor-image-box-content\"><h3 class=\"elementor-image-box-title\"><a href=\"https:\/\/festival-livre-jeunesse.fr\/2025\/florence-thinard-2\/\">Florence THINARD<\/a><\/h3><\/div><\/div>\t\t\t\t<\/div>\n\t\t\t\t<\/div>\n\t\t\t\t\t<\/div>\n\t\t<\/div>\n\t\t\t\t<div class=\"elementor-column elementor-col-25 elementor-top-column elementor-element elementor-element-7ad2f05\" data-id=\"7ad2f05\" data-element_type=\"column\">\n\t\t\t<div class=\"elementor-widget-wrap elementor-element-populated\">\n\t\t\t\t\t\t<div class=\"elementor-element elementor-element-4ace3e3 elementor-position-top elementor-widget elementor-widget-image-box\" data-id=\"4ace3e3\" data-element_type=\"widget\" data-widget_type=\"image-box.default\">\n\t\t\t\t<div class=\"elementor-widget-container\">\n\t\t\t\t\t<div class=\"elementor-image-box-wrapper\"><figure class=\"elementor-image-box-img\"><a href=\"https:\/\/festival-livre-jeunesse.fr\/2025\/jo-witek-2\/\" tabindex=\"-1\"><img loading=\"lazy\" decoding=\"async\" width=\"853\" height=\"853\" src=\"https:\/\/festival-livre-jeunesse.fr\/2025\/wp-content\/uploads\/2024\/10\/JO_WITEK_WEB-9-e1728994472897.jpeg\" class=\"elementor-animation-shrink attachment-full size-full wp-image-19366\" alt=\"\" srcset=\"https:\/\/festival-livre-jeunesse.fr\/2025\/wp-content\/uploads\/2024\/10\/JO_WITEK_WEB-9-e1728994472897.jpeg 853w, https:\/\/festival-livre-jeunesse.fr\/2025\/wp-content\/uploads\/2024\/10\/JO_WITEK_WEB-9-e1728994472897-300x300.jpeg 300w, https:\/\/festival-livre-jeunesse.fr\/2025\/wp-content\/uploads\/2024\/10\/JO_WITEK_WEB-9-e1728994472897-150x150.jpeg 150w, https:\/\/festival-livre-jeunesse.fr\/2025\/wp-content\/uploads\/2024\/10\/JO_WITEK_WEB-9-e1728994472897-768x768.jpeg 768w\" sizes=\"(max-width: 853px) 100vw, 853px\" \/><\/a><\/figure><div class=\"elementor-image-box-content\"><h3 class=\"elementor-image-box-title\"><a href=\"https:\/\/festival-livre-jeunesse.fr\/2025\/jo-witek-2\/\">Jo WITEK<\/a><\/h3><\/div><\/div>\t\t\t\t<\/div>\n\t\t\t\t<\/div>\n\t\t\t\t\t<\/div>\n\t\t<\/div>\n\t\t\t\t<div class=\"elementor-column elementor-col-25 elementor-top-column elementor-element elementor-element-e5ef26f\" data-id=\"e5ef26f\" data-element_type=\"column\">\n\t\t\t<div class=\"elementor-widget-wrap\">\n\t\t\t\t\t\t\t<\/div>\n\t\t<\/div>\n\t\t\t\t\t<\/div>\n\t\t<\/section>\n\t\t\t\t<section class=\"elementor-section elementor-top-section elementor-element elementor-element-ffbf010 elementor-section-boxed elementor-section-height-default elementor-section-height-default\" data-id=\"ffbf010\" data-element_type=\"section\">\n\t\t\t\t\t\t<div class=\"elementor-container elementor-column-gap-default\">\n\t\t\t\t\t<div class=\"elementor-column elementor-col-100 elementor-top-column elementor-element elementor-element-703cdf7\" data-id=\"703cdf7\" data-element_type=\"column\">\n\t\t\t<div class=\"elementor-widget-wrap\">\n\t\t\t\t\t\t\t<\/div>\n\t\t<\/div>\n\t\t\t\t\t<\/div>\n\t\t<\/section>\n\t\t\t\t<\/div>\n\t\t","protected":false},"excerpt":{"rendered":"<p>Les invit\u00e9(e)s 2025 Ga\u00ebl AYMON Gilles BACHELET Magali BARDOS Sa\u00efd BENJELLOUN Judtih CHOMEL Julien CUEILLE Lo\u00efc CL\u00c9MENT Rachel CORENBLIT Cruschiform Claire D\u00e9 S\u00e9verine DUCHESNE Gazhole Fran\u00e7oise de GUIBERT Inbar HELLER ALGAZI Ghislaine HERBERA Victor HUSSENOT Mayana ITO\u00cfZ Philippe JALBERT Sophie LAMOUREUX Fr\u00e9d\u00e9ric MAUPOM\u00c9 Juliette MAS Marie MIRGAINE H\u00e9l\u00e8ne MONTARDRE Anne MONTEL Jean-Claude MOURLEVAT Maria POBLETE [&hellip;]<\/p>\n","protected":false},"author":2,"featured_media":0,"parent":0,"menu_order":0,"comment_status":"closed","ping_status":"closed","template":"","meta":{"site-sidebar-layout":"no-sidebar","site-content-layout":"page-builder","ast-site-content-layout":"full-width-container","site-content-style":"unboxed","site-sidebar-style":"unboxed","ast-global-header-display":"","ast-banner-title-visibility":"","ast-main-header-display":"","ast-hfb-above-header-display":"","ast-hfb-below-header-display":"","ast-hfb-mobile-header-display":"","site-post-title":"disabled","ast-breadcrumbs-content":"","ast-featured-img":"disabled","footer-sml-layout":"","theme-transparent-header-meta":"","adv-header-id-meta":"","stick-header-meta":"","header-above-stick-meta":"","header-main-stick-meta":"","header-below-stick-meta":"","astra-migrate-meta-layouts":"set","ast-page-background-enabled":"default","ast-page-background-meta":{"desktop":{"background-color":"","background-image":"","background-repeat":"repeat","background-position":"center center","background-size":"auto","background-attachment":"scroll","background-type":"","background-media":"","overlay-type":"","overlay-color":"","overlay-opacity":"","overlay-gradient":""},"tablet":{"background-color":"","background-image":"","background-repeat":"repeat","background-position":"center center","background-size":"auto","background-attachment":"scroll","background-type":"","background-media":"","overlay-type":"","overlay-color":"","overlay-opacity":"","overlay-gradient":""},"mobile":{"background-color":"","background-image":"","background-repeat":"repeat","background-position":"center center","background-size":"auto","background-attachment":"scroll","background-type":"","background-media":"","overlay-type":"","overlay-color":"","overlay-opacity":"","overlay-gradient":""}},"ast-content-background-meta":{"desktop":{"background-color":"var(--ast-global-color-5)","background-image":"","background-repeat":"repeat","background-position":"center center","background-size":"auto","background-attachment":"scroll","background-type":"","background-media":"","overlay-type":"","overlay-color":"","overlay-opacity":"","overlay-gradient":""},"tablet":{"background-color":"var(--ast-global-color-5)","background-image":"","background-repeat":"repeat","background-position":"center center","background-size":"auto","background-attachment":"scroll","background-type":"","background-media":"","overlay-type":"","overlay-color":"","overlay-opacity":"","overlay-gradient":""},"mobile":{"background-color":"var(--ast-global-color-5)","background-image":"","background-repeat":"repeat","background-position":"center center","background-size":"auto","background-attachment":"scroll","background-type":"","background-media":"","overlay-type":"","overlay-color":"","overlay-opacity":"","overlay-gradient":""}},"footnotes":""},"class_list":["post-18025","page","type-page","status-publish","hentry"],"yoast_head":"<!-- This site is optimized with the Yoast SEO plugin v25.9 - https:\/\/yoast.com\/wordpress\/plugins\/seo\/ -->\n<title>Les invit\u00e9(e)s 2025 - Festival du Livre de Jeunesse Occitanie<\/title>\n<meta name=\"robots\" content=\"index, follow, max-snippet:-1, max-image-preview:large, max-video-preview:-1\" \/>\n<link rel=\"canonical\" href=\"https:\/\/festival-livre-jeunesse.fr\/2025\/les-invitees-2025\/\" \/>\n<meta property=\"og:locale\" content=\"fr_FR\" \/>\n<meta property=\"og:type\" content=\"article\" \/>\n<meta property=\"og:title\" content=\"Les invit\u00e9(e)s 2025 - Festival du Livre de Jeunesse Occitanie\" \/>\n<meta property=\"og:description\" content=\"Les invit\u00e9(e)s 2025 Ga\u00ebl AYMON Gilles BACHELET Magali BARDOS Sa\u00efd BENJELLOUN Judtih CHOMEL Julien CUEILLE Lo\u00efc CL\u00c9MENT Rachel CORENBLIT Cruschiform Claire D\u00e9 S\u00e9verine DUCHESNE Gazhole Fran\u00e7oise de GUIBERT Inbar HELLER ALGAZI Ghislaine HERBERA Victor HUSSENOT Mayana ITO\u00cfZ Philippe JALBERT Sophie LAMOUREUX Fr\u00e9d\u00e9ric MAUPOM\u00c9 Juliette MAS Marie MIRGAINE H\u00e9l\u00e8ne MONTARDRE Anne MONTEL Jean-Claude MOURLEVAT Maria POBLETE [&hellip;]\" \/>\n<meta property=\"og:url\" content=\"https:\/\/festival-livre-jeunesse.fr\/2025\/les-invitees-2025\/\" \/>\n<meta property=\"og:site_name\" content=\"Festival du Livre de Jeunesse Occitanie\" \/>\n<meta property=\"article:publisher\" content=\"https:\/\/www.facebook.com\/FestivalLivreJeunesseOccitanie\" \/>\n<meta property=\"article:modified_time\" content=\"2025-01-10T09:36:08+00:00\" \/>\n<meta property=\"og:image\" content=\"https:\/\/festival-livre-jeunesse.fr\/2025\/wp-content\/uploads\/2024\/09\/Gilles-Bachelet-300x300.png\" \/>\n<meta name=\"twitter:card\" content=\"summary_large_image\" \/>\n<meta name=\"twitter:site\" content=\"@FljOccitanie\" \/>\n<script type=\"application\/ld+json\" class=\"yoast-schema-graph\">{\"@context\":\"https:\/\/schema.org\",\"@graph\":[{\"@type\":\"WebPage\",\"@id\":\"https:\/\/festival-livre-jeunesse.fr\/2025\/les-invitees-2025\/\",\"url\":\"https:\/\/festival-livre-jeunesse.fr\/2025\/les-invitees-2025\/\",\"name\":\"Les invit\u00e9(e)s 2025 - Festival du Livre de Jeunesse Occitanie\",\"isPartOf\":{\"@id\":\"https:\/\/festival-livre-jeunesse.fr\/2025\/#website\"},\"primaryImageOfPage\":{\"@id\":\"https:\/\/festival-livre-jeunesse.fr\/2025\/les-invitees-2025\/#primaryimage\"},\"image\":{\"@id\":\"https:\/\/festival-livre-jeunesse.fr\/2025\/les-invitees-2025\/#primaryimage\"},\"thumbnailUrl\":\"https:\/\/festival-livre-jeunesse.fr\/2025\/wp-content\/uploads\/2024\/09\/Gilles-Bachelet-300x300.png\",\"datePublished\":\"2024-07-19T09:20:31+00:00\",\"dateModified\":\"2025-01-10T09:36:08+00:00\",\"breadcrumb\":{\"@id\":\"https:\/\/festival-livre-jeunesse.fr\/2025\/les-invitees-2025\/#breadcrumb\"},\"inLanguage\":\"fr-FR\",\"potentialAction\":[{\"@type\":\"ReadAction\",\"target\":[\"https:\/\/festival-livre-jeunesse.fr\/2025\/les-invitees-2025\/\"]}]},{\"@type\":\"ImageObject\",\"inLanguage\":\"fr-FR\",\"@id\":\"https:\/\/festival-livre-jeunesse.fr\/2025\/les-invitees-2025\/#primaryimage\",\"url\":\"https:\/\/festival-livre-jeunesse.fr\/2025\/wp-content\/uploads\/2024\/09\/Gilles-Bachelet.png\",\"contentUrl\":\"https:\/\/festival-livre-jeunesse.fr\/2025\/wp-content\/uploads\/2024\/09\/Gilles-Bachelet.png\",\"width\":922,\"height\":922,\"caption\":\"Portrait Gilles Bachelet\"},{\"@type\":\"BreadcrumbList\",\"@id\":\"https:\/\/festival-livre-jeunesse.fr\/2025\/les-invitees-2025\/#breadcrumb\",\"itemListElement\":[{\"@type\":\"ListItem\",\"position\":1,\"name\":\"Accueil\",\"item\":\"https:\/\/festival-livre-jeunesse.fr\/2025\/\"},{\"@type\":\"ListItem\",\"position\":2,\"name\":\"Les invit\u00e9(e)s 2025\"}]},{\"@type\":\"WebSite\",\"@id\":\"https:\/\/festival-livre-jeunesse.fr\/2025\/#website\",\"url\":\"https:\/\/festival-livre-jeunesse.fr\/2025\/\",\"name\":\"Festival du Livre de Jeunesse Occitanie\",\"description\":\"23\u00e8me \u00e9dition - janvier 2025\",\"publisher\":{\"@id\":\"https:\/\/festival-livre-jeunesse.fr\/2025\/#organization\"},\"potentialAction\":[{\"@type\":\"SearchAction\",\"target\":{\"@type\":\"EntryPoint\",\"urlTemplate\":\"https:\/\/festival-livre-jeunesse.fr\/2025\/?s={search_term_string}\"},\"query-input\":{\"@type\":\"PropertyValueSpecification\",\"valueRequired\":true,\"valueName\":\"search_term_string\"}}],\"inLanguage\":\"fr-FR\"},{\"@type\":\"Organization\",\"@id\":\"https:\/\/festival-livre-jeunesse.fr\/2025\/#organization\",\"name\":\"festival livre jeunesse occitanie\",\"url\":\"https:\/\/festival-livre-jeunesse.fr\/2025\/\",\"logo\":{\"@type\":\"ImageObject\",\"inLanguage\":\"fr-FR\",\"@id\":\"https:\/\/festival-livre-jeunesse.fr\/2025\/#\/schema\/logo\/image\/\",\"url\":\"https:\/\/festival-livre-jeunesse.fr\/2025\/wp-content\/uploads\/2021\/05\/Logo-FLJ-petit.png\",\"contentUrl\":\"https:\/\/festival-livre-jeunesse.fr\/2025\/wp-content\/uploads\/2021\/05\/Logo-FLJ-petit.png\",\"width\":204,\"height\":200,\"caption\":\"festival livre jeunesse occitanie\"},\"image\":{\"@id\":\"https:\/\/festival-livre-jeunesse.fr\/2025\/#\/schema\/logo\/image\/\"},\"sameAs\":[\"https:\/\/www.facebook.com\/FestivalLivreJeunesseOccitanie\",\"https:\/\/x.com\/FljOccitanie\"]}]}<\/script>\n<!-- \/ Yoast SEO plugin. -->","yoast_head_json":{"title":"Les invit\u00e9(e)s 2025 - Festival du Livre de Jeunesse Occitanie","robots":{"index":"index","follow":"follow","max-snippet":"max-snippet:-1","max-image-preview":"max-image-preview:large","max-video-preview":"max-video-preview:-1"},"canonical":"https:\/\/festival-livre-jeunesse.fr\/2025\/les-invitees-2025\/","og_locale":"fr_FR","og_type":"article","og_title":"Les invit\u00e9(e)s 2025 - Festival du Livre de Jeunesse Occitanie","og_description":"Les invit\u00e9(e)s 2025 Ga\u00ebl AYMON Gilles BACHELET Magali BARDOS Sa\u00efd BENJELLOUN Judtih CHOMEL Julien CUEILLE Lo\u00efc CL\u00c9MENT Rachel CORENBLIT Cruschiform Claire D\u00e9 S\u00e9verine DUCHESNE Gazhole Fran\u00e7oise de GUIBERT Inbar HELLER ALGAZI Ghislaine HERBERA Victor HUSSENOT Mayana ITO\u00cfZ Philippe JALBERT Sophie LAMOUREUX Fr\u00e9d\u00e9ric MAUPOM\u00c9 Juliette MAS Marie MIRGAINE H\u00e9l\u00e8ne MONTARDRE Anne MONTEL Jean-Claude MOURLEVAT Maria POBLETE [&hellip;]","og_url":"https:\/\/festival-livre-jeunesse.fr\/2025\/les-invitees-2025\/","og_site_name":"Festival du Livre de Jeunesse Occitanie","article_publisher":"https:\/\/www.facebook.com\/FestivalLivreJeunesseOccitanie","article_modified_time":"2025-01-10T09:36:08+00:00","og_image":[{"url":"https:\/\/festival-livre-jeunesse.fr\/2025\/wp-content\/uploads\/2024\/09\/Gilles-Bachelet-300x300.png","type":"","width":"","height":""}],"twitter_card":"summary_large_image","twitter_site":"@FljOccitanie","schema":{"@context":"https:\/\/schema.org","@graph":[{"@type":"WebPage","@id":"https:\/\/festival-livre-jeunesse.fr\/2025\/les-invitees-2025\/","url":"https:\/\/festival-livre-jeunesse.fr\/2025\/les-invitees-2025\/","name":"Les invit\u00e9(e)s 2025 - Festival du Livre de Jeunesse Occitanie","isPartOf":{"@id":"https:\/\/festival-livre-jeunesse.fr\/2025\/#website"},"primaryImageOfPage":{"@id":"https:\/\/festival-livre-jeunesse.fr\/2025\/les-invitees-2025\/#primaryimage"},"image":{"@id":"https:\/\/festival-livre-jeunesse.fr\/2025\/les-invitees-2025\/#primaryimage"},"thumbnailUrl":"https:\/\/festival-livre-jeunesse.fr\/2025\/wp-content\/uploads\/2024\/09\/Gilles-Bachelet-300x300.png","datePublished":"2024-07-19T09:20:31+00:00","dateModified":"2025-01-10T09:36:08+00:00","breadcrumb":{"@id":"https:\/\/festival-livre-jeunesse.fr\/2025\/les-invitees-2025\/#breadcrumb"},"inLanguage":"fr-FR","potentialAction":[{"@type":"ReadAction","target":["https:\/\/festival-livre-jeunesse.fr\/2025\/les-invitees-2025\/"]}]},{"@type":"ImageObject","inLanguage":"fr-FR","@id":"https:\/\/festival-livre-jeunesse.fr\/2025\/les-invitees-2025\/#primaryimage","url":"https:\/\/festival-livre-jeunesse.fr\/2025\/wp-content\/uploads\/2024\/09\/Gilles-Bachelet.png","contentUrl":"https:\/\/festival-livre-jeunesse.fr\/2025\/wp-content\/uploads\/2024\/09\/Gilles-Bachelet.png","width":922,"height":922,"caption":"Portrait Gilles Bachelet"},{"@type":"BreadcrumbList","@id":"https:\/\/festival-livre-jeunesse.fr\/2025\/les-invitees-2025\/#breadcrumb","itemListElement":[{"@type":"ListItem","position":1,"name":"Accueil","item":"https:\/\/festival-livre-jeunesse.fr\/2025\/"},{"@type":"ListItem","position":2,"name":"Les invit\u00e9(e)s 2025"}]},{"@type":"WebSite","@id":"https:\/\/festival-livre-jeunesse.fr\/2025\/#website","url":"https:\/\/festival-livre-jeunesse.fr\/2025\/","name":"Festival du Livre de Jeunesse Occitanie","description":"23\u00e8me \u00e9dition - janvier 2025","publisher":{"@id":"https:\/\/festival-livre-jeunesse.fr\/2025\/#organization"},"potentialAction":[{"@type":"SearchAction","target":{"@type":"EntryPoint","urlTemplate":"https:\/\/festival-livre-jeunesse.fr\/2025\/?s={search_term_string}"},"query-input":{"@type":"PropertyValueSpecification","valueRequired":true,"valueName":"search_term_string"}}],"inLanguage":"fr-FR"},{"@type":"Organization","@id":"https:\/\/festival-livre-jeunesse.fr\/2025\/#organization","name":"festival livre jeunesse occitanie","url":"https:\/\/festival-livre-jeunesse.fr\/2025\/","logo":{"@type":"ImageObject","inLanguage":"fr-FR","@id":"https:\/\/festival-livre-jeunesse.fr\/2025\/#\/schema\/logo\/image\/","url":"https:\/\/festival-livre-jeunesse.fr\/2025\/wp-content\/uploads\/2021\/05\/Logo-FLJ-petit.png","contentUrl":"https:\/\/festival-livre-jeunesse.fr\/2025\/wp-content\/uploads\/2021\/05\/Logo-FLJ-petit.png","width":204,"height":200,"caption":"festival livre jeunesse occitanie"},"image":{"@id":"https:\/\/festival-livre-jeunesse.fr\/2025\/#\/schema\/logo\/image\/"},"sameAs":["https:\/\/www.facebook.com\/FestivalLivreJeunesseOccitanie","https:\/\/x.com\/FljOccitanie"]}]}},"_links":{"self":[{"href":"https:\/\/festival-livre-jeunesse.fr\/2025\/wp-json\/wp\/v2\/pages\/18025","targetHints":{"allow":["GET"]}}],"collection":[{"href":"https:\/\/festival-livre-jeunesse.fr\/2025\/wp-json\/wp\/v2\/pages"}],"about":[{"href":"https:\/\/festival-livre-jeunesse.fr\/2025\/wp-json\/wp\/v2\/types\/page"}],"author":[{"embeddable":true,"href":"https:\/\/festival-livre-jeunesse.fr\/2025\/wp-json\/wp\/v2\/users\/2"}],"replies":[{"embeddable":true,"href":"https:\/\/festival-livre-jeunesse.fr\/2025\/wp-json\/wp\/v2\/comments?post=18025"}],"version-history":[{"count":233,"href":"https:\/\/festival-livre-jeunesse.fr\/2025\/wp-json\/wp\/v2\/pages\/18025\/revisions"}],"predecessor-version":[{"id":20088,"href":"https:\/\/festival-livre-jeunesse.fr\/2025\/wp-json\/wp\/v2\/pages\/18025\/revisions\/20088"}],"wp:attachment":[{"href":"https:\/\/festival-livre-jeunesse.fr\/2025\/wp-json\/wp\/v2\/media?parent=18025"}],"curies":[{"name":"wp","href":"https:\/\/api.w.org\/{rel}","templated":true}]}}