{"id":4552,"date":"2021-09-14T15:25:41","date_gmt":"2021-09-14T13:25:41","guid":{"rendered":"https:\/\/festival-livre-jeunesse.fr\/2022\/?page_id=4552"},"modified":"2022-01-13T13:27:49","modified_gmt":"2022-01-13T12:27:49","slug":"anne-brouillard","status":"publish","type":"page","link":"https:\/\/festival-livre-jeunesse.fr\/2025\/anne-brouillard\/","title":{"rendered":"Anne Brouillard"},"content":{"rendered":"\t\t<div data-elementor-type=\"wp-page\" data-elementor-id=\"4552\" class=\"elementor elementor-4552\">\n\t\t\t\t\t\t<section class=\"elementor-section elementor-top-section elementor-element elementor-element-8a0da8a elementor-section-boxed elementor-section-height-default elementor-section-height-default\" data-id=\"8a0da8a\" data-element_type=\"section\">\n\t\t\t\t\t\t<div class=\"elementor-container elementor-column-gap-default\">\n\t\t\t\t\t<div class=\"elementor-column elementor-col-33 elementor-top-column elementor-element elementor-element-038ba24\" data-id=\"038ba24\" data-element_type=\"column\">\n\t\t\t<div class=\"elementor-widget-wrap\">\n\t\t\t\t\t\t\t<\/div>\n\t\t<\/div>\n\t\t\t\t<div class=\"elementor-column elementor-col-33 elementor-top-column elementor-element elementor-element-773c0df\" data-id=\"773c0df\" data-element_type=\"column\" data-settings=\"{&quot;background_background&quot;:&quot;classic&quot;}\">\n\t\t\t<div class=\"elementor-widget-wrap elementor-element-populated\">\n\t\t\t\t\t\t<div class=\"elementor-element elementor-element-9c6175d elementor-widget elementor-widget-heading\" data-id=\"9c6175d\" data-element_type=\"widget\" data-widget_type=\"heading.default\">\n\t\t\t\t<div class=\"elementor-widget-container\">\n\t\t\t\t\t<h1 class=\"elementor-heading-title elementor-size-default\">Anne BROUILLARD<\/h1>\t\t\t\t<\/div>\n\t\t\t\t<\/div>\n\t\t\t\t<section class=\"elementor-section elementor-inner-section elementor-element elementor-element-3314a9b elementor-section-boxed elementor-section-height-default elementor-section-height-default\" data-id=\"3314a9b\" data-element_type=\"section\">\n\t\t\t\t\t\t<div class=\"elementor-container elementor-column-gap-default\">\n\t\t\t\t\t<div class=\"elementor-column elementor-col-50 elementor-inner-column elementor-element elementor-element-23b32f1\" data-id=\"23b32f1\" data-element_type=\"column\">\n\t\t\t<div class=\"elementor-widget-wrap elementor-element-populated\">\n\t\t\t\t\t\t<div class=\"elementor-element elementor-element-22d0704 elementor-widget elementor-widget-image\" data-id=\"22d0704\" data-element_type=\"widget\" data-widget_type=\"image.default\">\n\t\t\t\t<div class=\"elementor-widget-container\">\n\t\t\t\t\t\t\t\t\t\t\t\t\t\t\t\t<a href=\"https:\/\/www.ricochet-jeunes.org\/auteurs\/bibliographie\/321421\">\n\t\t\t\t\t\t\t<img fetchpriority=\"high\" decoding=\"async\" width=\"300\" height=\"300\" src=\"https:\/\/festival-livre-jeunesse.fr\/2025\/wp-content\/uploads\/2021\/09\/brouillard_anne-300x300.jpg\" class=\"attachment-medium size-medium wp-image-4967\" alt=\"\" srcset=\"https:\/\/festival-livre-jeunesse.fr\/2025\/wp-content\/uploads\/2021\/09\/brouillard_anne.jpg 300w, https:\/\/festival-livre-jeunesse.fr\/2025\/wp-content\/uploads\/2021\/09\/brouillard_anne-150x150.jpg 150w\" sizes=\"(max-width: 300px) 100vw, 300px\" \/>\t\t\t\t\t\t\t\t<\/a>\n\t\t\t\t\t\t\t\t\t\t\t\t\t\t\t<\/div>\n\t\t\t\t<\/div>\n\t\t\t\t<div class=\"elementor-element elementor-element-7a1a484 elementor-widget elementor-widget-heading\" data-id=\"7a1a484\" data-element_type=\"widget\" data-widget_type=\"heading.default\">\n\t\t\t\t<div class=\"elementor-widget-container\">\n\t\t\t\t\t<h3 class=\"elementor-heading-title elementor-size-default\">Pr\u00e9sence annul\u00e9e<\/h3>\t\t\t\t<\/div>\n\t\t\t\t<\/div>\n\t\t\t\t\t<\/div>\n\t\t<\/div>\n\t\t\t\t<div class=\"elementor-column elementor-col-50 elementor-inner-column elementor-element elementor-element-3a92015\" data-id=\"3a92015\" data-element_type=\"column\">\n\t\t\t<div class=\"elementor-widget-wrap elementor-element-populated\">\n\t\t\t\t\t\t<div class=\"elementor-element elementor-element-3430a6c elementor-widget elementor-widget-text-editor\" data-id=\"3430a6c\" data-element_type=\"widget\" data-widget_type=\"text-editor.default\">\n\t\t\t\t<div class=\"elementor-widget-container\">\n\t\t\t\t\t\t\t\t\t<p>Anne Brouillard est auteur-illustratrice. N\u00e9e en Belgique en 1967 \u00e0 Leuven, d&rsquo;une m\u00e8re su\u00e9doise et d&rsquo;un p\u00e8re belge, elle y grandit et suit quelques ann\u00e9es plus tard des \u00e9tudes artistiques \u00e0 l&rsquo;Institut Saint-Luc \u00e0 Bruxelles. Elle publie son premier album en 1990. Cet ouvrage intitul\u00e9 <em>Les trois chats<\/em> est tr\u00e8s vite reconnu. Il est annonciateur du talent d&rsquo;Anne Brouillard et se voit rapidement \u00e9dit\u00e9 en Allemagne et aux Etats-Unis.<\/p><p>En 1993, <em>Le sourire au loup<\/em>, son quatri\u00e8me livre, est couronn\u00e9 au salon de Bologne et obtient ensuite le prix de la Pomme d&rsquo;Or \u00e0 la biennale de Bratislava. Enfin en 1994 il obtient le prix Maeterlink.<\/p><p>Elle est reconnue par la critique par la singularit\u00e9 de son univers et ses livres inclassables (entre l&rsquo;album, la BD ou le conte). Certains th\u00e8mes sont r\u00e9currents dans son oeuvre\u00a0: le voyage, la nature et les \u00eatres vivants<sup id=\"cite_ref-pays_2-1\" class=\"reference\"><a href=\"https:\/\/fr.wikipedia.org\/wiki\/Anne_Brouillard#cite_note-pays-2\">2<\/a><\/sup><sup class=\"reference cite_virgule\">,<\/sup><sup id=\"cite_ref-:1_7-1\" class=\"reference\"><a href=\"https:\/\/fr.wikipedia.org\/wiki\/Anne_Brouillard#cite_note-:1-7\">7<\/a><\/sup><sup class=\"reference cite_virgule\">,<\/sup><sup id=\"cite_ref-:2_9-0\" class=\"reference\"><a href=\"https:\/\/fr.wikipedia.org\/wiki\/Anne_Brouillard#cite_note-:2-9\">9<\/a><\/sup><sup class=\"reference cite_virgule\">,<\/sup><sup id=\"cite_ref-10\" class=\"reference\"><a href=\"https:\/\/fr.wikipedia.org\/wiki\/Anne_Brouillard#cite_note-10\">10<\/a><\/sup>.<\/p><p>En 2020, elle est s\u00e9lectionn\u00e9e pour le prestigieux prix international su\u00e9dois, le\u00a0<a title=\"Prix comm\u00e9moratif Astrid-Lindgren\" href=\"https:\/\/fr.wikipedia.org\/wiki\/Prix_comm%C3%A9moratif_Astrid-Lindgren\">Prix comm\u00e9moratif Astrid-Lindgren<\/a><sup id=\"cite_ref-almase_11-0\" class=\"reference\"><a href=\"https:\/\/fr.wikipedia.org\/wiki\/Anne_Brouillard#cite_note-almase-11\">11<\/a><\/sup>, et est \u00e9galement l&rsquo;artiste s\u00e9lectionn\u00e9e pour repr\u00e9senter son pays, la Belgique, pour le\u00a0<a title=\"Prix Hans-Christian-Andersen\" href=\"https:\/\/fr.wikipedia.org\/wiki\/Prix_Hans-Christian-Andersen\">Prix Hans-Christian-Andersen<\/a>\u00a02020, dans la cat\u00e9gorie Illustration<sup id=\"cite_ref-prixhca2020_12-0\" class=\"reference\"><a href=\"https:\/\/fr.wikipedia.org\/wiki\/Anne_Brouillard#cite_note-prixhca2020-12\">12<\/a><\/sup>, prix international danois.<\/p>\t\t\t\t\t\t\t\t<\/div>\n\t\t\t\t<\/div>\n\t\t\t\t\t<\/div>\n\t\t<\/div>\n\t\t\t\t\t<\/div>\n\t\t<\/section>\n\t\t\t\t<section class=\"elementor-section elementor-inner-section elementor-element elementor-element-9065a75 elementor-section-boxed elementor-section-height-default elementor-section-height-default\" data-id=\"9065a75\" data-element_type=\"section\">\n\t\t\t\t\t\t<div class=\"elementor-container elementor-column-gap-default\">\n\t\t\t\t\t<div class=\"elementor-column elementor-col-50 elementor-inner-column elementor-element elementor-element-1734d70\" data-id=\"1734d70\" data-element_type=\"column\">\n\t\t\t<div class=\"elementor-widget-wrap\">\n\t\t\t\t\t\t\t<\/div>\n\t\t<\/div>\n\t\t\t\t<div class=\"elementor-column elementor-col-50 elementor-inner-column elementor-element elementor-element-4effd79\" data-id=\"4effd79\" data-element_type=\"column\">\n\t\t\t<div class=\"elementor-widget-wrap elementor-element-populated\">\n\t\t\t\t\t\t<div class=\"elementor-element elementor-element-e798eb2 elementor-widget elementor-widget-button\" data-id=\"e798eb2\" data-element_type=\"widget\" data-widget_type=\"button.default\">\n\t\t\t\t<div class=\"elementor-widget-container\">\n\t\t\t\t\t\t\t\t\t<div class=\"elementor-button-wrapper\">\n\t\t\t\t\t<a class=\"elementor-button elementor-button-link elementor-size-sm\" href=\"https:\/\/www.ricochet-jeunes.org\/auteurs\/bibliographie\/321421\">\n\t\t\t\t\t\t<span class=\"elementor-button-content-wrapper\">\n\t\t\t\t\t\t\t\t\t<span class=\"elementor-button-text\">En savoir plus<\/span>\n\t\t\t\t\t<\/span>\n\t\t\t\t\t<\/a>\n\t\t\t\t<\/div>\n\t\t\t\t\t\t\t\t<\/div>\n\t\t\t\t<\/div>\n\t\t\t\t\t<\/div>\n\t\t<\/div>\n\t\t\t\t\t<\/div>\n\t\t<\/section>\n\t\t\t\t\t<\/div>\n\t\t<\/div>\n\t\t\t\t<div class=\"elementor-column elementor-col-33 elementor-top-column elementor-element elementor-element-a58b003\" data-id=\"a58b003\" data-element_type=\"column\">\n\t\t\t<div class=\"elementor-widget-wrap\">\n\t\t\t\t\t\t\t<\/div>\n\t\t<\/div>\n\t\t\t\t\t<\/div>\n\t\t<\/section>\n\t\t\t\t<section class=\"elementor-section elementor-top-section elementor-element elementor-element-d241e3d elementor-section-boxed elementor-section-height-default elementor-section-height-default\" data-id=\"d241e3d\" data-element_type=\"section\">\n\t\t\t\t\t\t<div class=\"elementor-container elementor-column-gap-default\">\n\t\t\t\t\t<div class=\"elementor-column elementor-col-100 elementor-top-column elementor-element elementor-element-3543efb\" data-id=\"3543efb\" data-element_type=\"column\">\n\t\t\t<div class=\"elementor-widget-wrap elementor-element-populated\">\n\t\t\t\t\t\t<div class=\"elementor-element elementor-element-557a236 elementor-widget elementor-widget-spacer\" data-id=\"557a236\" data-element_type=\"widget\" data-widget_type=\"spacer.default\">\n\t\t\t\t<div class=\"elementor-widget-container\">\n\t\t\t\t\t\t\t<div class=\"elementor-spacer\">\n\t\t\t<div class=\"elementor-spacer-inner\"><\/div>\n\t\t<\/div>\n\t\t\t\t\t\t<\/div>\n\t\t\t\t<\/div>\n\t\t\t\t\t<\/div>\n\t\t<\/div>\n\t\t\t\t\t<\/div>\n\t\t<\/section>\n\t\t\t\t<section class=\"elementor-section elementor-top-section elementor-element elementor-element-c0c8826 elementor-section-boxed elementor-section-height-default elementor-section-height-default\" data-id=\"c0c8826\" data-element_type=\"section\">\n\t\t\t\t\t\t<div class=\"elementor-container elementor-column-gap-default\">\n\t\t\t\t\t<div class=\"elementor-column elementor-col-100 elementor-top-column elementor-element elementor-element-3f01f95\" data-id=\"3f01f95\" data-element_type=\"column\">\n\t\t\t<div class=\"elementor-widget-wrap elementor-element-populated\">\n\t\t\t\t\t\t<div class=\"elementor-element elementor-element-3c22078 elementor-widget elementor-widget-spacer\" data-id=\"3c22078\" data-element_type=\"widget\" data-widget_type=\"spacer.default\">\n\t\t\t\t<div class=\"elementor-widget-container\">\n\t\t\t\t\t\t\t<div class=\"elementor-spacer\">\n\t\t\t<div class=\"elementor-spacer-inner\"><\/div>\n\t\t<\/div>\n\t\t\t\t\t\t<\/div>\n\t\t\t\t<\/div>\n\t\t\t\t\t<\/div>\n\t\t<\/div>\n\t\t\t\t\t<\/div>\n\t\t<\/section>\n\t\t\t\t<\/div>\n\t\t","protected":false},"excerpt":{"rendered":"<p>Anne BROUILLARD Pr\u00e9sence annul\u00e9e Anne Brouillard est auteur-illustratrice. N\u00e9e en Belgique en 1967 \u00e0 Leuven, d&rsquo;une m\u00e8re su\u00e9doise et d&rsquo;un p\u00e8re belge, elle y grandit et suit quelques ann\u00e9es plus tard des \u00e9tudes artistiques \u00e0 l&rsquo;Institut Saint-Luc \u00e0 Bruxelles. Elle publie son premier album en 1990. Cet ouvrage intitul\u00e9 Les trois chats est tr\u00e8s vite [&hellip;]<\/p>\n","protected":false},"author":1,"featured_media":0,"parent":0,"menu_order":0,"comment_status":"closed","ping_status":"closed","template":"","meta":{"site-sidebar-layout":"no-sidebar","site-content-layout":"page-builder","ast-site-content-layout":"default","site-content-style":"default","site-sidebar-style":"default","ast-global-header-display":"","ast-banner-title-visibility":"","ast-main-header-display":"","ast-hfb-above-header-display":"","ast-hfb-below-header-display":"","ast-hfb-mobile-header-display":"","site-post-title":"disabled","ast-breadcrumbs-content":"","ast-featured-img":"disabled","footer-sml-layout":"","theme-transparent-header-meta":"default","adv-header-id-meta":"","stick-header-meta":"","header-above-stick-meta":"","header-main-stick-meta":"","header-below-stick-meta":"","astra-migrate-meta-layouts":"default","ast-page-background-enabled":"default","ast-page-background-meta":{"desktop":{"background-color":"","background-image":"","background-repeat":"repeat","background-position":"center center","background-size":"auto","background-attachment":"scroll","background-type":"","background-media":"","overlay-type":"","overlay-color":"","overlay-opacity":"","overlay-gradient":""},"tablet":{"background-color":"","background-image":"","background-repeat":"repeat","background-position":"center center","background-size":"auto","background-attachment":"scroll","background-type":"","background-media":"","overlay-type":"","overlay-color":"","overlay-opacity":"","overlay-gradient":""},"mobile":{"background-color":"","background-image":"","background-repeat":"repeat","background-position":"center center","background-size":"auto","background-attachment":"scroll","background-type":"","background-media":"","overlay-type":"","overlay-color":"","overlay-opacity":"","overlay-gradient":""}},"ast-content-background-meta":{"desktop":{"background-color":"var(--ast-global-color-5)","background-image":"","background-repeat":"repeat","background-position":"center center","background-size":"auto","background-attachment":"scroll","background-type":"","background-media":"","overlay-type":"","overlay-color":"","overlay-opacity":"","overlay-gradient":""},"tablet":{"background-color":"var(--ast-global-color-5)","background-image":"","background-repeat":"repeat","background-position":"center center","background-size":"auto","background-attachment":"scroll","background-type":"","background-media":"","overlay-type":"","overlay-color":"","overlay-opacity":"","overlay-gradient":""},"mobile":{"background-color":"var(--ast-global-color-5)","background-image":"","background-repeat":"repeat","background-position":"center center","background-size":"auto","background-attachment":"scroll","background-type":"","background-media":"","overlay-type":"","overlay-color":"","overlay-opacity":"","overlay-gradient":""}},"footnotes":""},"class_list":["post-4552","page","type-page","status-publish","hentry"],"yoast_head":"<!-- This site is optimized with the Yoast SEO plugin v25.9 - https:\/\/yoast.com\/wordpress\/plugins\/seo\/ -->\n<title>Anne Brouillard - Festival du Livre de Jeunesse Occitanie<\/title>\n<meta name=\"robots\" content=\"index, follow, max-snippet:-1, max-image-preview:large, max-video-preview:-1\" \/>\n<link rel=\"canonical\" href=\"https:\/\/festival-livre-jeunesse.fr\/2025\/anne-brouillard\/\" \/>\n<meta property=\"og:locale\" content=\"fr_FR\" \/>\n<meta property=\"og:type\" content=\"article\" \/>\n<meta property=\"og:title\" content=\"Anne Brouillard - Festival du Livre de Jeunesse Occitanie\" \/>\n<meta property=\"og:description\" content=\"Anne BROUILLARD Pr\u00e9sence annul\u00e9e Anne Brouillard est auteur-illustratrice. N\u00e9e en Belgique en 1967 \u00e0 Leuven, d&rsquo;une m\u00e8re su\u00e9doise et d&rsquo;un p\u00e8re belge, elle y grandit et suit quelques ann\u00e9es plus tard des \u00e9tudes artistiques \u00e0 l&rsquo;Institut Saint-Luc \u00e0 Bruxelles. Elle publie son premier album en 1990. Cet ouvrage intitul\u00e9 Les trois chats est tr\u00e8s vite [&hellip;]\" \/>\n<meta property=\"og:url\" content=\"https:\/\/festival-livre-jeunesse.fr\/2025\/anne-brouillard\/\" \/>\n<meta property=\"og:site_name\" content=\"Festival du Livre de Jeunesse Occitanie\" \/>\n<meta property=\"article:publisher\" content=\"https:\/\/www.facebook.com\/FestivalLivreJeunesseOccitanie\" \/>\n<meta property=\"article:modified_time\" content=\"2022-01-13T12:27:49+00:00\" \/>\n<meta property=\"og:image\" content=\"https:\/\/festival-livre-jeunesse.fr\/2022\/wp-content\/uploads\/2021\/09\/brouillard_anne-300x300.jpg\" \/>\n<meta name=\"twitter:card\" content=\"summary_large_image\" \/>\n<meta name=\"twitter:site\" content=\"@FljOccitanie\" \/>\n<meta name=\"twitter:label1\" content=\"Dur\u00e9e de lecture estim\u00e9e\" \/>\n\t<meta name=\"twitter:data1\" content=\"1 minute\" \/>\n<script type=\"application\/ld+json\" class=\"yoast-schema-graph\">{\"@context\":\"https:\/\/schema.org\",\"@graph\":[{\"@type\":\"WebPage\",\"@id\":\"https:\/\/festival-livre-jeunesse.fr\/2025\/anne-brouillard\/\",\"url\":\"https:\/\/festival-livre-jeunesse.fr\/2025\/anne-brouillard\/\",\"name\":\"Anne Brouillard - Festival du Livre de Jeunesse Occitanie\",\"isPartOf\":{\"@id\":\"https:\/\/festival-livre-jeunesse.fr\/2025\/#website\"},\"primaryImageOfPage\":{\"@id\":\"https:\/\/festival-livre-jeunesse.fr\/2025\/anne-brouillard\/#primaryimage\"},\"image\":{\"@id\":\"https:\/\/festival-livre-jeunesse.fr\/2025\/anne-brouillard\/#primaryimage\"},\"thumbnailUrl\":\"https:\/\/festival-livre-jeunesse.fr\/2022\/wp-content\/uploads\/2021\/09\/brouillard_anne-300x300.jpg\",\"datePublished\":\"2021-09-14T13:25:41+00:00\",\"dateModified\":\"2022-01-13T12:27:49+00:00\",\"breadcrumb\":{\"@id\":\"https:\/\/festival-livre-jeunesse.fr\/2025\/anne-brouillard\/#breadcrumb\"},\"inLanguage\":\"fr-FR\",\"potentialAction\":[{\"@type\":\"ReadAction\",\"target\":[\"https:\/\/festival-livre-jeunesse.fr\/2025\/anne-brouillard\/\"]}]},{\"@type\":\"ImageObject\",\"inLanguage\":\"fr-FR\",\"@id\":\"https:\/\/festival-livre-jeunesse.fr\/2025\/anne-brouillard\/#primaryimage\",\"url\":\"https:\/\/festival-livre-jeunesse.fr\/2022\/wp-content\/uploads\/2021\/09\/brouillard_anne-300x300.jpg\",\"contentUrl\":\"https:\/\/festival-livre-jeunesse.fr\/2022\/wp-content\/uploads\/2021\/09\/brouillard_anne-300x300.jpg\"},{\"@type\":\"BreadcrumbList\",\"@id\":\"https:\/\/festival-livre-jeunesse.fr\/2025\/anne-brouillard\/#breadcrumb\",\"itemListElement\":[{\"@type\":\"ListItem\",\"position\":1,\"name\":\"Accueil\",\"item\":\"https:\/\/festival-livre-jeunesse.fr\/2025\/\"},{\"@type\":\"ListItem\",\"position\":2,\"name\":\"Anne Brouillard\"}]},{\"@type\":\"WebSite\",\"@id\":\"https:\/\/festival-livre-jeunesse.fr\/2025\/#website\",\"url\":\"https:\/\/festival-livre-jeunesse.fr\/2025\/\",\"name\":\"Festival du Livre de Jeunesse Occitanie\",\"description\":\"23\u00e8me \u00e9dition - janvier 2025\",\"publisher\":{\"@id\":\"https:\/\/festival-livre-jeunesse.fr\/2025\/#organization\"},\"potentialAction\":[{\"@type\":\"SearchAction\",\"target\":{\"@type\":\"EntryPoint\",\"urlTemplate\":\"https:\/\/festival-livre-jeunesse.fr\/2025\/?s={search_term_string}\"},\"query-input\":{\"@type\":\"PropertyValueSpecification\",\"valueRequired\":true,\"valueName\":\"search_term_string\"}}],\"inLanguage\":\"fr-FR\"},{\"@type\":\"Organization\",\"@id\":\"https:\/\/festival-livre-jeunesse.fr\/2025\/#organization\",\"name\":\"festival livre jeunesse occitanie\",\"url\":\"https:\/\/festival-livre-jeunesse.fr\/2025\/\",\"logo\":{\"@type\":\"ImageObject\",\"inLanguage\":\"fr-FR\",\"@id\":\"https:\/\/festival-livre-jeunesse.fr\/2025\/#\/schema\/logo\/image\/\",\"url\":\"https:\/\/festival-livre-jeunesse.fr\/2025\/wp-content\/uploads\/2021\/05\/Logo-FLJ-petit.png\",\"contentUrl\":\"https:\/\/festival-livre-jeunesse.fr\/2025\/wp-content\/uploads\/2021\/05\/Logo-FLJ-petit.png\",\"width\":204,\"height\":200,\"caption\":\"festival livre jeunesse occitanie\"},\"image\":{\"@id\":\"https:\/\/festival-livre-jeunesse.fr\/2025\/#\/schema\/logo\/image\/\"},\"sameAs\":[\"https:\/\/www.facebook.com\/FestivalLivreJeunesseOccitanie\",\"https:\/\/x.com\/FljOccitanie\"]}]}<\/script>\n<!-- \/ Yoast SEO plugin. -->","yoast_head_json":{"title":"Anne Brouillard - Festival du Livre de Jeunesse Occitanie","robots":{"index":"index","follow":"follow","max-snippet":"max-snippet:-1","max-image-preview":"max-image-preview:large","max-video-preview":"max-video-preview:-1"},"canonical":"https:\/\/festival-livre-jeunesse.fr\/2025\/anne-brouillard\/","og_locale":"fr_FR","og_type":"article","og_title":"Anne Brouillard - Festival du Livre de Jeunesse Occitanie","og_description":"Anne BROUILLARD Pr\u00e9sence annul\u00e9e Anne Brouillard est auteur-illustratrice. N\u00e9e en Belgique en 1967 \u00e0 Leuven, d&rsquo;une m\u00e8re su\u00e9doise et d&rsquo;un p\u00e8re belge, elle y grandit et suit quelques ann\u00e9es plus tard des \u00e9tudes artistiques \u00e0 l&rsquo;Institut Saint-Luc \u00e0 Bruxelles. Elle publie son premier album en 1990. Cet ouvrage intitul\u00e9 Les trois chats est tr\u00e8s vite [&hellip;]","og_url":"https:\/\/festival-livre-jeunesse.fr\/2025\/anne-brouillard\/","og_site_name":"Festival du Livre de Jeunesse Occitanie","article_publisher":"https:\/\/www.facebook.com\/FestivalLivreJeunesseOccitanie","article_modified_time":"2022-01-13T12:27:49+00:00","og_image":[{"url":"https:\/\/festival-livre-jeunesse.fr\/2022\/wp-content\/uploads\/2021\/09\/brouillard_anne-300x300.jpg","type":"","width":"","height":""}],"twitter_card":"summary_large_image","twitter_site":"@FljOccitanie","twitter_misc":{"Dur\u00e9e de lecture estim\u00e9e":"1 minute"},"schema":{"@context":"https:\/\/schema.org","@graph":[{"@type":"WebPage","@id":"https:\/\/festival-livre-jeunesse.fr\/2025\/anne-brouillard\/","url":"https:\/\/festival-livre-jeunesse.fr\/2025\/anne-brouillard\/","name":"Anne Brouillard - Festival du Livre de Jeunesse Occitanie","isPartOf":{"@id":"https:\/\/festival-livre-jeunesse.fr\/2025\/#website"},"primaryImageOfPage":{"@id":"https:\/\/festival-livre-jeunesse.fr\/2025\/anne-brouillard\/#primaryimage"},"image":{"@id":"https:\/\/festival-livre-jeunesse.fr\/2025\/anne-brouillard\/#primaryimage"},"thumbnailUrl":"https:\/\/festival-livre-jeunesse.fr\/2022\/wp-content\/uploads\/2021\/09\/brouillard_anne-300x300.jpg","datePublished":"2021-09-14T13:25:41+00:00","dateModified":"2022-01-13T12:27:49+00:00","breadcrumb":{"@id":"https:\/\/festival-livre-jeunesse.fr\/2025\/anne-brouillard\/#breadcrumb"},"inLanguage":"fr-FR","potentialAction":[{"@type":"ReadAction","target":["https:\/\/festival-livre-jeunesse.fr\/2025\/anne-brouillard\/"]}]},{"@type":"ImageObject","inLanguage":"fr-FR","@id":"https:\/\/festival-livre-jeunesse.fr\/2025\/anne-brouillard\/#primaryimage","url":"https:\/\/festival-livre-jeunesse.fr\/2022\/wp-content\/uploads\/2021\/09\/brouillard_anne-300x300.jpg","contentUrl":"https:\/\/festival-livre-jeunesse.fr\/2022\/wp-content\/uploads\/2021\/09\/brouillard_anne-300x300.jpg"},{"@type":"BreadcrumbList","@id":"https:\/\/festival-livre-jeunesse.fr\/2025\/anne-brouillard\/#breadcrumb","itemListElement":[{"@type":"ListItem","position":1,"name":"Accueil","item":"https:\/\/festival-livre-jeunesse.fr\/2025\/"},{"@type":"ListItem","position":2,"name":"Anne Brouillard"}]},{"@type":"WebSite","@id":"https:\/\/festival-livre-jeunesse.fr\/2025\/#website","url":"https:\/\/festival-livre-jeunesse.fr\/2025\/","name":"Festival du Livre de Jeunesse Occitanie","description":"23\u00e8me \u00e9dition - janvier 2025","publisher":{"@id":"https:\/\/festival-livre-jeunesse.fr\/2025\/#organization"},"potentialAction":[{"@type":"SearchAction","target":{"@type":"EntryPoint","urlTemplate":"https:\/\/festival-livre-jeunesse.fr\/2025\/?s={search_term_string}"},"query-input":{"@type":"PropertyValueSpecification","valueRequired":true,"valueName":"search_term_string"}}],"inLanguage":"fr-FR"},{"@type":"Organization","@id":"https:\/\/festival-livre-jeunesse.fr\/2025\/#organization","name":"festival livre jeunesse occitanie","url":"https:\/\/festival-livre-jeunesse.fr\/2025\/","logo":{"@type":"ImageObject","inLanguage":"fr-FR","@id":"https:\/\/festival-livre-jeunesse.fr\/2025\/#\/schema\/logo\/image\/","url":"https:\/\/festival-livre-jeunesse.fr\/2025\/wp-content\/uploads\/2021\/05\/Logo-FLJ-petit.png","contentUrl":"https:\/\/festival-livre-jeunesse.fr\/2025\/wp-content\/uploads\/2021\/05\/Logo-FLJ-petit.png","width":204,"height":200,"caption":"festival livre jeunesse occitanie"},"image":{"@id":"https:\/\/festival-livre-jeunesse.fr\/2025\/#\/schema\/logo\/image\/"},"sameAs":["https:\/\/www.facebook.com\/FestivalLivreJeunesseOccitanie","https:\/\/x.com\/FljOccitanie"]}]}},"_links":{"self":[{"href":"https:\/\/festival-livre-jeunesse.fr\/2025\/wp-json\/wp\/v2\/pages\/4552","targetHints":{"allow":["GET"]}}],"collection":[{"href":"https:\/\/festival-livre-jeunesse.fr\/2025\/wp-json\/wp\/v2\/pages"}],"about":[{"href":"https:\/\/festival-livre-jeunesse.fr\/2025\/wp-json\/wp\/v2\/types\/page"}],"author":[{"embeddable":true,"href":"https:\/\/festival-livre-jeunesse.fr\/2025\/wp-json\/wp\/v2\/users\/1"}],"replies":[{"embeddable":true,"href":"https:\/\/festival-livre-jeunesse.fr\/2025\/wp-json\/wp\/v2\/comments?post=4552"}],"version-history":[{"count":58,"href":"https:\/\/festival-livre-jeunesse.fr\/2025\/wp-json\/wp\/v2\/pages\/4552\/revisions"}],"predecessor-version":[{"id":7928,"href":"https:\/\/festival-livre-jeunesse.fr\/2025\/wp-json\/wp\/v2\/pages\/4552\/revisions\/7928"}],"wp:attachment":[{"href":"https:\/\/festival-livre-jeunesse.fr\/2025\/wp-json\/wp\/v2\/media?parent=4552"}],"curies":[{"name":"wp","href":"https:\/\/api.w.org\/{rel}","templated":true}]}}