{"id":5671,"date":"2021-11-26T11:02:08","date_gmt":"2021-11-26T10:02:08","guid":{"rendered":"https:\/\/festival-livre-jeunesse.fr\/2022\/?page_id=5671"},"modified":"2022-11-06T22:25:59","modified_gmt":"2022-11-06T21:25:59","slug":"partir-en-livre-2022","status":"publish","type":"page","link":"https:\/\/festival-livre-jeunesse.fr\/2025\/partir-en-livre-2022\/","title":{"rendered":"Partir en livre 2022"},"content":{"rendered":"\t\t<div data-elementor-type=\"wp-page\" data-elementor-id=\"5671\" class=\"elementor elementor-5671\">\n\t\t\t\t\t\t<section class=\"elementor-section elementor-top-section elementor-element elementor-element-501c9a5 elementor-section-boxed elementor-section-height-default elementor-section-height-default\" data-id=\"501c9a5\" data-element_type=\"section\">\n\t\t\t\t\t\t<div class=\"elementor-container elementor-column-gap-default\">\n\t\t\t\t\t<div class=\"elementor-column elementor-col-100 elementor-top-column elementor-element elementor-element-0b59e3f\" data-id=\"0b59e3f\" data-element_type=\"column\">\n\t\t\t<div class=\"elementor-widget-wrap\">\n\t\t\t\t\t\t\t<\/div>\n\t\t<\/div>\n\t\t\t\t\t<\/div>\n\t\t<\/section>\n\t\t\t\t<section class=\"elementor-section elementor-top-section elementor-element elementor-element-6bf1f345 elementor-section-full_width elementor-section-height-default elementor-section-height-default\" data-id=\"6bf1f345\" data-element_type=\"section\">\n\t\t\t\t\t\t<div class=\"elementor-container elementor-column-gap-no\">\n\t\t\t\t\t<div class=\"elementor-column elementor-col-100 elementor-top-column elementor-element elementor-element-c0e3335\" data-id=\"c0e3335\" data-element_type=\"column\">\n\t\t\t<div class=\"elementor-widget-wrap elementor-element-populated\">\n\t\t\t\t\t\t<div class=\"elementor-element elementor-element-48053800 elementor-widget__width-inherit elementor-widget elementor-widget-spacer\" data-id=\"48053800\" data-element_type=\"widget\" data-widget_type=\"spacer.default\">\n\t\t\t\t<div class=\"elementor-widget-container\">\n\t\t\t\t\t\t\t<div class=\"elementor-spacer\">\n\t\t\t<div class=\"elementor-spacer-inner\"><\/div>\n\t\t<\/div>\n\t\t\t\t\t\t<\/div>\n\t\t\t\t<\/div>\n\t\t\t\t\t<\/div>\n\t\t<\/div>\n\t\t\t\t\t<\/div>\n\t\t<\/section>\n\t\t\t\t<section class=\"elementor-section elementor-top-section elementor-element elementor-element-5e74e889 elementor-section-stretched elementor-section-boxed elementor-section-height-default elementor-section-height-default\" data-id=\"5e74e889\" data-element_type=\"section\" data-settings=\"{&quot;stretch_section&quot;:&quot;section-stretched&quot;}\">\n\t\t\t\t\t\t<div class=\"elementor-container elementor-column-gap-default\">\n\t\t\t\t\t<div class=\"elementor-column elementor-col-100 elementor-top-column elementor-element elementor-element-412c152\" data-id=\"412c152\" data-element_type=\"column\">\n\t\t\t<div class=\"elementor-widget-wrap\">\n\t\t\t\t\t\t\t<\/div>\n\t\t<\/div>\n\t\t\t\t\t<\/div>\n\t\t<\/section>\n\t\t\t\t<section class=\"elementor-section elementor-top-section elementor-element elementor-element-d1e992a elementor-section-boxed elementor-section-height-default elementor-section-height-default\" data-id=\"d1e992a\" data-element_type=\"section\">\n\t\t\t\t\t\t<div class=\"elementor-container elementor-column-gap-default\">\n\t\t\t\t\t<div class=\"elementor-column elementor-col-100 elementor-top-column elementor-element elementor-element-54894dd\" data-id=\"54894dd\" data-element_type=\"column\">\n\t\t\t<div class=\"elementor-widget-wrap elementor-element-populated\">\n\t\t\t\t\t\t<div class=\"elementor-element elementor-element-114b813d elementor-widget elementor-widget-heading\" data-id=\"114b813d\" data-element_type=\"widget\" data-widget_type=\"heading.default\">\n\t\t\t\t<div class=\"elementor-widget-container\">\n\t\t\t\t\t<h1 class=\"elementor-heading-title elementor-size-xxl\">Partir en Livre avec les communes de Toulouse M\u00e9tropole <\/h1>\t\t\t\t<\/div>\n\t\t\t\t<\/div>\n\t\t\t\t<div class=\"elementor-element elementor-element-9cf05b9 elementor-widget-divider--view-line elementor-widget elementor-widget-divider\" data-id=\"9cf05b9\" data-element_type=\"widget\" data-widget_type=\"divider.default\">\n\t\t\t\t<div class=\"elementor-widget-container\">\n\t\t\t\t\t\t\t<div class=\"elementor-divider\">\n\t\t\t<span class=\"elementor-divider-separator\">\n\t\t\t\t\t\t<\/span>\n\t\t<\/div>\n\t\t\t\t\t\t<\/div>\n\t\t\t\t<\/div>\n\t\t\t\t\t<\/div>\n\t\t<\/div>\n\t\t\t\t\t<\/div>\n\t\t<\/section>\n\t\t\t\t<section class=\"elementor-section elementor-top-section elementor-element elementor-element-7850658e elementor-section-boxed elementor-section-height-default elementor-section-height-default\" data-id=\"7850658e\" data-element_type=\"section\" data-settings=\"{&quot;background_background&quot;:&quot;classic&quot;}\">\n\t\t\t\t\t\t<div class=\"elementor-container elementor-column-gap-default\">\n\t\t\t\t\t<div class=\"elementor-column elementor-col-33 elementor-top-column elementor-element elementor-element-913ff30\" data-id=\"913ff30\" data-element_type=\"column\" data-settings=\"{&quot;background_background&quot;:&quot;classic&quot;}\">\n\t\t\t<div class=\"elementor-widget-wrap elementor-element-populated\">\n\t\t\t\t\t\t<div class=\"elementor-element elementor-element-c2f0c64 elementor-widget elementor-widget-text-editor\" data-id=\"c2f0c64\" data-element_type=\"widget\" data-widget_type=\"text-editor.default\">\n\t\t\t\t<div class=\"elementor-widget-container\">\n\t\t\t\t\t\t\t\t\t<p><strong>Organis\u00e9 par le Centre national du livre (CNL) sous l\u2019impulsion du minist\u00e8re de la Culture<\/strong><strong>, \u00ab\u00a0Partir en Livre\u00a0\u00bb sort les livres des \u00e9tag\u00e8res pour aller \u00e0 la rencontre des jeunes publics sur leurs lieux et temps de loisirs, afin de transmettre le plaisir de lire.<\/strong><\/p><p><strong>Une manifestation nationale\u2026 \u00e0\u00a0 l\u2019\u00e9chelle m\u00e9tropolitaine<\/strong><\/p><p>Depuis 2021, l\u2019association du Festival du Livre Jeunesse Occitanie poursuit sa mission initiale de promotion de la litt\u00e9rature jeunesse en s\u2019associant pour la premi\u00e8re fois \u00e0 l\u2019op\u00e9ration nationale\u00a0\u00a0 \u00ab Partir en Livre \u00bb, en collaboration avec Toulouse M\u00e9tropole.<\/p>\t\t\t\t\t\t\t\t<\/div>\n\t\t\t\t<\/div>\n\t\t\t\t\t<\/div>\n\t\t<\/div>\n\t\t\t\t<div class=\"elementor-column elementor-col-33 elementor-top-column elementor-element elementor-element-e6cdfec\" data-id=\"e6cdfec\" data-element_type=\"column\" data-settings=\"{&quot;background_background&quot;:&quot;classic&quot;}\">\n\t\t\t<div class=\"elementor-widget-wrap elementor-element-populated\">\n\t\t\t\t\t\t<div class=\"elementor-element elementor-element-5d10c1f elementor-view-stacked elementor-shape-circle elementor-position-top elementor-mobile-position-top elementor-widget elementor-widget-icon-box\" data-id=\"5d10c1f\" data-element_type=\"widget\" data-widget_type=\"icon-box.default\">\n\t\t\t\t<div class=\"elementor-widget-container\">\n\t\t\t\t\t\t\t<div class=\"elementor-icon-box-wrapper\">\n\n\t\t\t\t\t\t<div class=\"elementor-icon-box-icon\">\n\t\t\t\t<a href=\"https:\/\/festival-livre-jeunesse.fr\/2023\/wp-content\/uploads\/2022\/05\/Aff-A3-Partir-en-livre-2022.pdf\" class=\"elementor-icon\" tabindex=\"-1\" aria-label=\"L&#039;affiche\">\n\t\t\t\t<i aria-hidden=\"true\" class=\"fas fa-sticky-note\"><\/i>\t\t\t\t<\/a>\n\t\t\t<\/div>\n\t\t\t\n\t\t\t\t\t\t<div class=\"elementor-icon-box-content\">\n\n\t\t\t\t\t\t\t\t\t<h3 class=\"elementor-icon-box-title\">\n\t\t\t\t\t\t<a href=\"https:\/\/festival-livre-jeunesse.fr\/2023\/wp-content\/uploads\/2022\/05\/Aff-A3-Partir-en-livre-2022.pdf\" >\n\t\t\t\t\t\t\tL'affiche\t\t\t\t\t\t<\/a>\n\t\t\t\t\t<\/h3>\n\t\t\t\t\n\t\t\t\t\n\t\t\t<\/div>\n\t\t\t\n\t\t<\/div>\n\t\t\t\t\t\t<\/div>\n\t\t\t\t<\/div>\n\t\t\t\t<div class=\"elementor-element elementor-element-7697cbb elementor-widget elementor-widget-heading\" data-id=\"7697cbb\" data-element_type=\"widget\" data-widget_type=\"heading.default\">\n\t\t\t\t<div class=\"elementor-widget-container\">\n\t\t\t\t\t<h3 class=\"elementor-heading-title elementor-size-default\">Rendez-vous du 22 juin au 24 juillet 2022 sur le th\u00e8me de l\u2019Amiti\u00e9.\u00bb<\/h3>\t\t\t\t<\/div>\n\t\t\t\t<\/div>\n\t\t\t\t<div class=\"elementor-element elementor-element-e9b5c67 elementor-view-stacked elementor-shape-circle elementor-position-top elementor-mobile-position-top elementor-widget elementor-widget-icon-box\" data-id=\"e9b5c67\" data-element_type=\"widget\" data-widget_type=\"icon-box.default\">\n\t\t\t\t<div class=\"elementor-widget-container\">\n\t\t\t\t\t\t\t<div class=\"elementor-icon-box-wrapper\">\n\n\t\t\t\t\t\t<div class=\"elementor-icon-box-icon\">\n\t\t\t\t<a href=\"https:\/\/festival-livre-jeunesse.fr\/2023\/wp-content\/uploads\/2022\/05\/COMMUNIQUE-DE-PRESSE-PEL-2022.docx\" class=\"elementor-icon\" tabindex=\"-1\" aria-label=\"communiqu\u00e9 de presse\">\n\t\t\t\t<i aria-hidden=\"true\" class=\"far fa-newspaper\"><\/i>\t\t\t\t<\/a>\n\t\t\t<\/div>\n\t\t\t\n\t\t\t\t\t\t<div class=\"elementor-icon-box-content\">\n\n\t\t\t\t\t\t\t\t\t<h3 class=\"elementor-icon-box-title\">\n\t\t\t\t\t\t<a href=\"https:\/\/festival-livre-jeunesse.fr\/2023\/wp-content\/uploads\/2022\/05\/COMMUNIQUE-DE-PRESSE-PEL-2022.docx\" >\n\t\t\t\t\t\t\tcommuniqu\u00e9 de presse\t\t\t\t\t\t<\/a>\n\t\t\t\t\t<\/h3>\n\t\t\t\t\n\t\t\t\t\n\t\t\t<\/div>\n\t\t\t\n\t\t<\/div>\n\t\t\t\t\t\t<\/div>\n\t\t\t\t<\/div>\n\t\t\t\t<div class=\"elementor-element elementor-element-56aad6d elementor-view-stacked elementor-position-top elementor-shape-circle elementor-mobile-position-top elementor-widget elementor-widget-icon-box\" data-id=\"56aad6d\" data-element_type=\"widget\" data-widget_type=\"icon-box.default\">\n\t\t\t\t<div class=\"elementor-widget-container\">\n\t\t\t\t\t\t\t<div class=\"elementor-icon-box-wrapper\">\n\n\t\t\t\t\t\t<div class=\"elementor-icon-box-icon\">\n\t\t\t\t<a href=\"https:\/\/festival-livre-jeunesse.fr\/2023\/wp-content\/uploads\/2022\/05\/PROG-Partir-en-Livre-2022-1-1.pdf\" class=\"elementor-icon\" tabindex=\"-1\" aria-label=\"Demandez le programme !\">\n\t\t\t\t<i aria-hidden=\"true\" class=\"fas fa-download\"><\/i>\t\t\t\t<\/a>\n\t\t\t<\/div>\n\t\t\t\n\t\t\t\t\t\t<div class=\"elementor-icon-box-content\">\n\n\t\t\t\t\t\t\t\t\t<h3 class=\"elementor-icon-box-title\">\n\t\t\t\t\t\t<a href=\"https:\/\/festival-livre-jeunesse.fr\/2023\/wp-content\/uploads\/2022\/05\/PROG-Partir-en-Livre-2022-1-1.pdf\" >\n\t\t\t\t\t\t\tDemandez le programme !\t\t\t\t\t\t<\/a>\n\t\t\t\t\t<\/h3>\n\t\t\t\t\n\t\t\t\t\n\t\t\t<\/div>\n\t\t\t\n\t\t<\/div>\n\t\t\t\t\t\t<\/div>\n\t\t\t\t<\/div>\n\t\t\t\t\t<\/div>\n\t\t<\/div>\n\t\t\t\t<div class=\"elementor-column elementor-col-33 elementor-top-column elementor-element elementor-element-735a6b26\" data-id=\"735a6b26\" data-element_type=\"column\" data-settings=\"{&quot;background_background&quot;:&quot;classic&quot;}\">\n\t\t\t<div class=\"elementor-widget-wrap elementor-element-populated\">\n\t\t\t\t\t\t<div class=\"elementor-element elementor-element-333baa93 elementor-arrows-position-inside elementor-pagination-position-outside elementor-widget elementor-widget-image-carousel\" data-id=\"333baa93\" data-element_type=\"widget\" data-settings=\"{&quot;slides_to_show&quot;:&quot;1&quot;,&quot;navigation&quot;:&quot;both&quot;,&quot;autoplay&quot;:&quot;yes&quot;,&quot;pause_on_hover&quot;:&quot;yes&quot;,&quot;pause_on_interaction&quot;:&quot;yes&quot;,&quot;autoplay_speed&quot;:5000,&quot;infinite&quot;:&quot;yes&quot;,&quot;effect&quot;:&quot;slide&quot;,&quot;speed&quot;:500}\" data-widget_type=\"image-carousel.default\">\n\t\t\t\t<div class=\"elementor-widget-container\">\n\t\t\t\t\t\t\t<div class=\"elementor-image-carousel-wrapper swiper\" role=\"region\" aria-roledescription=\"carousel\" aria-label=\"Carrousel d\u2019images\" dir=\"ltr\">\n\t\t\t<div class=\"elementor-image-carousel swiper-wrapper\" aria-live=\"off\">\n\t\t\t\t\t\t\t\t<div class=\"swiper-slide\" role=\"group\" aria-roledescription=\"slide\" aria-label=\"1 sur 5\"><figure class=\"swiper-slide-inner\"><img decoding=\"async\" class=\"swiper-slide-image\" src=\"https:\/\/festival-livre-jeunesse.fr\/2023\/wp-content\/uploads\/2022\/05\/vignette-site-Internet-Affiche-PEL22.jpg\" alt=\"\" \/><\/figure><\/div><div class=\"swiper-slide\" role=\"group\" aria-roledescription=\"slide\" aria-label=\"2 sur 5\"><figure class=\"swiper-slide-inner\"><img decoding=\"async\" class=\"swiper-slide-image\" src=\"https:\/\/festival-livre-jeunesse.fr\/2025\/wp-content\/uploads\/2021\/05\/bricoleuses-1-768x564.png\" alt=\"Les bricoleuses - PEL 2021\" \/><\/figure><\/div><div class=\"swiper-slide\" role=\"group\" aria-roledescription=\"slide\" aria-label=\"3 sur 5\"><figure class=\"swiper-slide-inner\"><img decoding=\"async\" class=\"swiper-slide-image\" src=\"https:\/\/festival-livre-jeunesse.fr\/2025\/wp-content\/uploads\/2021\/05\/gaya-bison-2-1-768x511.jpg\" alt=\"Atelier d&#039;illustration Gaya Wisniewski PEL 2021\" \/><\/figure><\/div><div class=\"swiper-slide\" role=\"group\" aria-roledescription=\"slide\" aria-label=\"4 sur 5\"><figure class=\"swiper-slide-inner\"><img decoding=\"async\" class=\"swiper-slide-image\" src=\"https:\/\/festival-livre-jeunesse.fr\/2025\/wp-content\/uploads\/2021\/05\/gaya-chnourka-1-768x576.jpg\" alt=\"atelier d&#039;illustration PEL 2021\" \/><\/figure><\/div><div class=\"swiper-slide\" role=\"group\" aria-roledescription=\"slide\" aria-label=\"5 sur 5\"><figure class=\"swiper-slide-inner\"><img decoding=\"async\" class=\"swiper-slide-image\" src=\"https:\/\/festival-livre-jeunesse.fr\/2025\/wp-content\/uploads\/2021\/05\/lectur-a-la-piscine-1-768x564.png\" alt=\"Zoiseaux livre PEL 2021\" \/><\/figure><\/div>\t\t\t<\/div>\n\t\t\t\t\t\t\t\t\t\t\t\t<div class=\"elementor-swiper-button elementor-swiper-button-prev\" role=\"button\" tabindex=\"0\">\n\t\t\t\t\t\t<i aria-hidden=\"true\" class=\"eicon-chevron-left\"><\/i>\t\t\t\t\t<\/div>\n\t\t\t\t\t<div class=\"elementor-swiper-button elementor-swiper-button-next\" role=\"button\" tabindex=\"0\">\n\t\t\t\t\t\t<i aria-hidden=\"true\" class=\"eicon-chevron-right\"><\/i>\t\t\t\t\t<\/div>\n\t\t\t\t\n\t\t\t\t\t\t\t\t\t<div class=\"swiper-pagination\"><\/div>\n\t\t\t\t\t\t\t\t\t<\/div>\n\t\t\t\t\t\t<\/div>\n\t\t\t\t<\/div>\n\t\t\t\t\t<\/div>\n\t\t<\/div>\n\t\t\t\t\t<\/div>\n\t\t<\/section>\n\t\t\t\t<section class=\"elementor-section elementor-top-section elementor-element elementor-element-110e4bd elementor-section-boxed elementor-section-height-default elementor-section-height-default\" data-id=\"110e4bd\" data-element_type=\"section\">\n\t\t\t\t\t\t<div class=\"elementor-container elementor-column-gap-default\">\n\t\t\t\t\t<div class=\"elementor-column elementor-col-100 elementor-top-column elementor-element elementor-element-7bd1491\" data-id=\"7bd1491\" data-element_type=\"column\">\n\t\t\t<div class=\"elementor-widget-wrap elementor-element-populated\">\n\t\t\t\t\t\t<div class=\"elementor-element elementor-element-1c09c2e elementor-widget-divider--view-line elementor-widget elementor-widget-divider\" data-id=\"1c09c2e\" data-element_type=\"widget\" data-widget_type=\"divider.default\">\n\t\t\t\t<div class=\"elementor-widget-container\">\n\t\t\t\t\t\t\t<div class=\"elementor-divider\">\n\t\t\t<span class=\"elementor-divider-separator\">\n\t\t\t\t\t\t<\/span>\n\t\t<\/div>\n\t\t\t\t\t\t<\/div>\n\t\t\t\t<\/div>\n\t\t\t\t<div class=\"elementor-element elementor-element-792fce3 elementor-widget elementor-widget-heading\" data-id=\"792fce3\" data-element_type=\"widget\" data-widget_type=\"heading.default\">\n\t\t\t\t<div class=\"elementor-widget-container\">\n\t\t\t\t\t<h2 class=\"elementor-heading-title elementor-size-default\">Les auteurs et illustrateurs jeunesse invit\u00e9s<\/h2>\t\t\t\t<\/div>\n\t\t\t\t<\/div>\n\t\t\t\t\t<\/div>\n\t\t<\/div>\n\t\t\t\t\t<\/div>\n\t\t<\/section>\n\t\t\t\t<section class=\"elementor-section elementor-top-section elementor-element elementor-element-bf2b88e elementor-section-boxed elementor-section-height-default elementor-section-height-default\" data-id=\"bf2b88e\" data-element_type=\"section\" data-settings=\"{&quot;background_background&quot;:&quot;classic&quot;}\">\n\t\t\t\t\t\t<div class=\"elementor-container elementor-column-gap-default\">\n\t\t\t\t\t<div class=\"elementor-column elementor-col-25 elementor-top-column elementor-element elementor-element-8ff5bb6\" data-id=\"8ff5bb6\" data-element_type=\"column\" data-settings=\"{&quot;background_background&quot;:&quot;classic&quot;}\">\n\t\t\t<div class=\"elementor-widget-wrap elementor-element-populated\">\n\t\t\t\t\t\t<div class=\"elementor-element elementor-element-f153408 elementor-position-top elementor-widget elementor-widget-image-box\" data-id=\"f153408\" data-element_type=\"widget\" data-widget_type=\"image-box.default\">\n\t\t\t\t<div class=\"elementor-widget-container\">\n\t\t\t\t\t<div class=\"elementor-image-box-wrapper\"><figure class=\"elementor-image-box-img\"><a href=\"https:\/\/festival-livre-jeunesse.fr\/2023\/anne-letuffe-2\/\" tabindex=\"-1\"><img fetchpriority=\"high\" decoding=\"async\" width=\"200\" height=\"300\" src=\"https:\/\/festival-livre-jeunesse.fr\/2025\/wp-content\/uploads\/2022\/02\/290122-auteur.e.s-web@AudreyMompo-8976-200x300.jpg\" class=\"elementor-animation-pulse attachment-medium size-medium wp-image-8202\" alt=\"\" srcset=\"https:\/\/festival-livre-jeunesse.fr\/2025\/wp-content\/uploads\/2022\/02\/290122-auteur.e.s-web@AudreyMompo-8976-200x300.jpg 200w, https:\/\/festival-livre-jeunesse.fr\/2025\/wp-content\/uploads\/2022\/02\/290122-auteur.e.s-web@AudreyMompo-8976-683x1024.jpg 683w, https:\/\/festival-livre-jeunesse.fr\/2025\/wp-content\/uploads\/2022\/02\/290122-auteur.e.s-web@AudreyMompo-8976-768x1152.jpg 768w, https:\/\/festival-livre-jeunesse.fr\/2025\/wp-content\/uploads\/2022\/02\/290122-auteur.e.s-web@AudreyMompo-8976.jpg 1000w\" sizes=\"(max-width: 200px) 100vw, 200px\" \/><\/a><\/figure><div class=\"elementor-image-box-content\"><h3 class=\"elementor-image-box-title\"><a href=\"https:\/\/festival-livre-jeunesse.fr\/2023\/anne-letuffe-2\/\">Anne Letuffe<\/a><\/h3><\/div><\/div>\t\t\t\t<\/div>\n\t\t\t\t<\/div>\n\t\t\t\t\t<\/div>\n\t\t<\/div>\n\t\t\t\t<div class=\"elementor-column elementor-col-25 elementor-top-column elementor-element elementor-element-6f86275\" data-id=\"6f86275\" data-element_type=\"column\" data-settings=\"{&quot;background_background&quot;:&quot;classic&quot;}\">\n\t\t\t<div class=\"elementor-widget-wrap elementor-element-populated\">\n\t\t\t\t\t\t<div class=\"elementor-element elementor-element-714628d elementor-position-top elementor-widget elementor-widget-image-box\" data-id=\"714628d\" data-element_type=\"widget\" data-widget_type=\"image-box.default\">\n\t\t\t\t<div class=\"elementor-widget-container\">\n\t\t\t\t\t<div class=\"elementor-image-box-wrapper\"><figure class=\"elementor-image-box-img\"><a href=\"https:\/\/festival-livre-jeunesse.fr\/2023\/chrysostome-gourio\" tabindex=\"-1\"><img decoding=\"async\" width=\"225\" height=\"225\" src=\"https:\/\/festival-livre-jeunesse.fr\/2025\/wp-content\/uploads\/2021\/09\/Chrysostome-GOURIO.jpg\" class=\"elementor-animation-pulse attachment-medium size-medium wp-image-4637\" alt=\"\" srcset=\"https:\/\/festival-livre-jeunesse.fr\/2025\/wp-content\/uploads\/2021\/09\/Chrysostome-GOURIO.jpg 225w, https:\/\/festival-livre-jeunesse.fr\/2025\/wp-content\/uploads\/2021\/09\/Chrysostome-GOURIO-150x150.jpg 150w\" sizes=\"(max-width: 225px) 100vw, 225px\" \/><\/a><\/figure><div class=\"elementor-image-box-content\"><h3 class=\"elementor-image-box-title\"><a href=\"https:\/\/festival-livre-jeunesse.fr\/2023\/chrysostome-gourio\">Chrysostome Gourio<\/a><\/h3><\/div><\/div>\t\t\t\t<\/div>\n\t\t\t\t<\/div>\n\t\t\t\t\t<\/div>\n\t\t<\/div>\n\t\t\t\t<div class=\"elementor-column elementor-col-25 elementor-top-column elementor-element elementor-element-82848f0\" data-id=\"82848f0\" data-element_type=\"column\" data-settings=\"{&quot;background_background&quot;:&quot;classic&quot;}\">\n\t\t\t<div class=\"elementor-widget-wrap elementor-element-populated\">\n\t\t\t\t\t\t<div class=\"elementor-element elementor-element-6eb319a elementor-position-top elementor-widget elementor-widget-image-box\" data-id=\"6eb319a\" data-element_type=\"widget\" data-widget_type=\"image-box.default\">\n\t\t\t\t<div class=\"elementor-widget-container\">\n\t\t\t\t\t<div class=\"elementor-image-box-wrapper\"><figure class=\"elementor-image-box-img\"><a href=\"https:\/\/festival-livre-jeunesse.fr\/2023\/fanny-pageaud\/\" tabindex=\"-1\"><img decoding=\"async\" width=\"212\" height=\"300\" src=\"https:\/\/festival-livre-jeunesse.fr\/2025\/wp-content\/uploads\/2022\/04\/thumbnail_portrait-fannypageaud-212x300.jpg\" class=\"elementor-animation-pulse attachment-medium size-medium wp-image-8803\" alt=\"\" srcset=\"https:\/\/festival-livre-jeunesse.fr\/2025\/wp-content\/uploads\/2022\/04\/thumbnail_portrait-fannypageaud-212x300.jpg 212w, https:\/\/festival-livre-jeunesse.fr\/2025\/wp-content\/uploads\/2022\/04\/thumbnail_portrait-fannypageaud-723x1024.jpg 723w, https:\/\/festival-livre-jeunesse.fr\/2025\/wp-content\/uploads\/2022\/04\/thumbnail_portrait-fannypageaud-768x1087.jpg 768w, https:\/\/festival-livre-jeunesse.fr\/2025\/wp-content\/uploads\/2022\/04\/thumbnail_portrait-fannypageaud.jpg 904w\" sizes=\"(max-width: 212px) 100vw, 212px\" \/><\/a><\/figure><div class=\"elementor-image-box-content\"><h3 class=\"elementor-image-box-title\"><a href=\"https:\/\/festival-livre-jeunesse.fr\/2023\/fanny-pageaud\/\"><font color=\"#ffffff\"><span style=\"font-size: 25px\">Fanny Pageaud<\/span><\/font><\/a><\/h3><\/div><\/div>\t\t\t\t<\/div>\n\t\t\t\t<\/div>\n\t\t\t\t\t<\/div>\n\t\t<\/div>\n\t\t\t\t<div class=\"elementor-column elementor-col-25 elementor-top-column elementor-element elementor-element-0c2835b\" data-id=\"0c2835b\" data-element_type=\"column\" data-settings=\"{&quot;background_background&quot;:&quot;classic&quot;}\">\n\t\t\t<div class=\"elementor-widget-wrap elementor-element-populated\">\n\t\t\t\t\t\t<div class=\"elementor-element elementor-element-b5c5783 elementor-position-top elementor-widget elementor-widget-image-box\" data-id=\"b5c5783\" data-element_type=\"widget\" data-widget_type=\"image-box.default\">\n\t\t\t\t<div class=\"elementor-widget-container\">\n\t\t\t\t\t<div class=\"elementor-image-box-wrapper\"><figure class=\"elementor-image-box-img\"><a href=\"https:\/\/festival-livre-jeunesse.fr\/2023\/frederic-maupome\/\" tabindex=\"-1\"><img loading=\"lazy\" decoding=\"async\" width=\"300\" height=\"200\" src=\"https:\/\/festival-livre-jeunesse.fr\/2025\/wp-content\/uploads\/2022\/04\/FredericMaupome-300x200.png\" class=\"elementor-animation-pulse attachment-medium size-medium wp-image-8804\" alt=\"\" srcset=\"https:\/\/festival-livre-jeunesse.fr\/2025\/wp-content\/uploads\/2022\/04\/FredericMaupome-300x200.png 300w, https:\/\/festival-livre-jeunesse.fr\/2025\/wp-content\/uploads\/2022\/04\/FredericMaupome.png 569w\" sizes=\"(max-width: 300px) 100vw, 300px\" \/><\/a><\/figure><div class=\"elementor-image-box-content\"><h3 class=\"elementor-image-box-title\"><a href=\"https:\/\/festival-livre-jeunesse.fr\/2023\/frederic-maupome\/\"><span style=\"font-family: Oswald, sans-serif;font-size: 1.66667rem\">Fr\u00e9d\u00e9ric Maupom\u00e9<\/span><\/a><\/h3><\/div><\/div>\t\t\t\t<\/div>\n\t\t\t\t<\/div>\n\t\t\t\t\t<\/div>\n\t\t<\/div>\n\t\t\t\t\t<\/div>\n\t\t<\/section>\n\t\t\t\t<section class=\"elementor-section elementor-top-section elementor-element elementor-element-c69980e elementor-section-boxed elementor-section-height-default elementor-section-height-default\" data-id=\"c69980e\" data-element_type=\"section\">\n\t\t\t\t\t\t<div class=\"elementor-container elementor-column-gap-default\">\n\t\t\t\t\t<div class=\"elementor-column elementor-col-100 elementor-top-column elementor-element elementor-element-175a9ee\" data-id=\"175a9ee\" data-element_type=\"column\">\n\t\t\t<div class=\"elementor-widget-wrap elementor-element-populated\">\n\t\t\t\t\t\t<div class=\"elementor-element elementor-element-0fc068e elementor-widget-divider--view-line elementor-widget elementor-widget-divider\" data-id=\"0fc068e\" data-element_type=\"widget\" data-widget_type=\"divider.default\">\n\t\t\t\t<div class=\"elementor-widget-container\">\n\t\t\t\t\t\t\t<div class=\"elementor-divider\">\n\t\t\t<span class=\"elementor-divider-separator\">\n\t\t\t\t\t\t<\/span>\n\t\t<\/div>\n\t\t\t\t\t\t<\/div>\n\t\t\t\t<\/div>\n\t\t\t\t<div class=\"elementor-element elementor-element-1152098 elementor-widget elementor-widget-heading\" data-id=\"1152098\" data-element_type=\"widget\" data-widget_type=\"heading.default\">\n\t\t\t\t<div class=\"elementor-widget-container\">\n\t\t\t\t\t<h2 class=\"elementor-heading-title elementor-size-default\">1# Rencontre professionnelle<\/h2>\t\t\t\t<\/div>\n\t\t\t\t<\/div>\n\t\t\t\t\t<\/div>\n\t\t<\/div>\n\t\t\t\t\t<\/div>\n\t\t<\/section>\n\t\t\t\t<section class=\"elementor-section elementor-top-section elementor-element elementor-element-37ff7fc elementor-section-boxed elementor-section-height-default elementor-section-height-default\" data-id=\"37ff7fc\" data-element_type=\"section\" data-settings=\"{&quot;background_background&quot;:&quot;classic&quot;}\">\n\t\t\t\t\t\t<div class=\"elementor-container elementor-column-gap-default\">\n\t\t\t\t\t<div class=\"elementor-column elementor-col-50 elementor-top-column elementor-element elementor-element-7a795ff\" data-id=\"7a795ff\" data-element_type=\"column\" data-settings=\"{&quot;background_background&quot;:&quot;classic&quot;}\">\n\t\t\t<div class=\"elementor-widget-wrap elementor-element-populated\">\n\t\t\t\t\t\t<div class=\"elementor-element elementor-element-99d9a1a elementor-widget elementor-widget-heading\" data-id=\"99d9a1a\" data-element_type=\"widget\" data-widget_type=\"heading.default\">\n\t\t\t\t<div class=\"elementor-widget-container\">\n\t\t\t\t\t<h2 class=\"elementor-heading-title elementor-size-default\">Le livre et la lecture en accueil de loisirs<\/h2>\t\t\t\t<\/div>\n\t\t\t\t<\/div>\n\t\t\t\t<div class=\"elementor-element elementor-element-4dcfdbd elementor-widget elementor-widget-heading\" data-id=\"4dcfdbd\" data-element_type=\"widget\" data-widget_type=\"heading.default\">\n\t\t\t\t<div class=\"elementor-widget-container\">\n\t\t\t\t\t<h2 class=\"elementor-heading-title elementor-size-default\">TOULOUSE | Arche Marengo - salle 804<\/h2>\t\t\t\t<\/div>\n\t\t\t\t<\/div>\n\t\t\t\t<div class=\"elementor-element elementor-element-68049a2 elementor-widget elementor-widget-heading\" data-id=\"68049a2\" data-element_type=\"widget\" data-widget_type=\"heading.default\">\n\t\t\t\t<div class=\"elementor-widget-container\">\n\t\t\t\t\t<h2 class=\"elementor-heading-title elementor-size-default\">Mer. 08 Juin 2022 | 9h - 12h<\/h2>\t\t\t\t<\/div>\n\t\t\t\t<\/div>\n\t\t\t\t<div class=\"elementor-element elementor-element-1d5a13f elementor-widget elementor-widget-text-editor\" data-id=\"1d5a13f\" data-element_type=\"widget\" data-widget_type=\"text-editor.default\">\n\t\t\t\t<div class=\"elementor-widget-container\">\n\t\t\t\t\t\t\t\t\t<h4><b style=\"font-size: 15px; font-style: inherit; color: var(--ast-global-color-3); font-family: Arial, Helvetica, Verdana, sans-serif;\"><span style=\"font-size: 12.0pt; line-height: 107%;\">Matin\u00e9e de r\u00e9flexion et lancement de Partir en Livre avec les communes de Toulouse M\u00e9tropole 2022, \u00e0 destination des professionnels de l\u2019animation<\/span><\/b><\/h4><p>Amener le livre l\u00e0 o\u00f9 on ne l\u2019attend pas avec un public qui n\u2019y a pas toujours acc\u00e8s, tel est l\u2019objectif principal de l\u2019op\u00e9ration nationale Partir en Livre. Pilot\u00e9 par l\u2019association du Festival du Livre Jeunesse Occitanie sur le territoire de Toulouse M\u00e9tropole, nous vous proposons une matin\u00e9e de r\u00e9flexion autour de la place du livre et de la lecture en accueil de loisirs.<\/p><p class=\"MsoNormal\" style=\"text-align: center;\" align=\"center\">\u00a0<\/p>\t\t\t\t\t\t\t\t<\/div>\n\t\t\t\t<\/div>\n\t\t\t\t<div class=\"elementor-element elementor-element-4954682 elementor-widget elementor-widget-button\" data-id=\"4954682\" data-element_type=\"widget\" data-widget_type=\"button.default\">\n\t\t\t\t<div class=\"elementor-widget-container\">\n\t\t\t\t\t\t\t\t\t<div class=\"elementor-button-wrapper\">\n\t\t\t\t\t<a class=\"elementor-button elementor-button-link elementor-size-sm\" href=\"https:\/\/festival-livre-jeunesse.fr\/2023\/inscription-1-rencontre-professionnelle\/\">\n\t\t\t\t\t\t<span class=\"elementor-button-content-wrapper\">\n\t\t\t\t\t\t\t\t\t<span class=\"elementor-button-text\">En savoir plus<\/span>\n\t\t\t\t\t<\/span>\n\t\t\t\t\t<\/a>\n\t\t\t\t<\/div>\n\t\t\t\t\t\t\t\t<\/div>\n\t\t\t\t<\/div>\n\t\t\t\t\t<\/div>\n\t\t<\/div>\n\t\t\t\t<div class=\"elementor-column elementor-col-50 elementor-top-column elementor-element elementor-element-40e20d8\" data-id=\"40e20d8\" data-element_type=\"column\" data-settings=\"{&quot;background_background&quot;:&quot;classic&quot;}\">\n\t\t\t<div class=\"elementor-widget-wrap elementor-element-populated\">\n\t\t\t\t\t\t<div class=\"elementor-element elementor-element-1cd1fe8 elementor-arrows-position-inside elementor-pagination-position-outside elementor-widget elementor-widget-image-carousel\" data-id=\"1cd1fe8\" data-element_type=\"widget\" data-settings=\"{&quot;slides_to_show&quot;:&quot;1&quot;,&quot;navigation&quot;:&quot;both&quot;,&quot;autoplay&quot;:&quot;yes&quot;,&quot;pause_on_hover&quot;:&quot;yes&quot;,&quot;pause_on_interaction&quot;:&quot;yes&quot;,&quot;autoplay_speed&quot;:5000,&quot;infinite&quot;:&quot;yes&quot;,&quot;effect&quot;:&quot;slide&quot;,&quot;speed&quot;:500}\" data-widget_type=\"image-carousel.default\">\n\t\t\t\t<div class=\"elementor-widget-container\">\n\t\t\t\t\t\t\t<div class=\"elementor-image-carousel-wrapper swiper\" role=\"region\" aria-roledescription=\"carousel\" aria-label=\"Carrousel d\u2019images\" dir=\"ltr\">\n\t\t\t<div class=\"elementor-image-carousel swiper-wrapper\" aria-live=\"off\">\n\t\t\t\t\t\t\t\t<div class=\"swiper-slide\" role=\"group\" aria-roledescription=\"slide\" aria-label=\"1 sur 1\"><figure class=\"swiper-slide-inner\"><img decoding=\"async\" class=\"swiper-slide-image\" src=\"https:\/\/festival-livre-jeunesse.fr\/2025\/wp-content\/uploads\/2022\/04\/213396576_4080951238640305_7066055448651239616_n-768x512.jpg\" alt=\"Cl\u00e9mence Sabbagh - centre de loisirs de Castelginest @Rapha\u00ebl Labro\" \/><figcaption class=\"elementor-image-carousel-caption\">Cl\u00e9mence Sabbagh - centre de loisirs de Castelginest @Rapha\u00ebl Labro<\/figcaption><\/figure><\/div>\t\t\t<\/div>\n\t\t\t\t\t<\/div>\n\t\t\t\t\t\t<\/div>\n\t\t\t\t<\/div>\n\t\t\t\t\t<\/div>\n\t\t<\/div>\n\t\t\t\t\t<\/div>\n\t\t<\/section>\n\t\t\t\t<section class=\"elementor-section elementor-top-section elementor-element elementor-element-fa2272e elementor-section-boxed elementor-section-height-default elementor-section-height-default\" data-id=\"fa2272e\" data-element_type=\"section\">\n\t\t\t\t\t\t<div class=\"elementor-container elementor-column-gap-default\">\n\t\t\t\t\t<div class=\"elementor-column elementor-col-100 elementor-top-column elementor-element elementor-element-1a61901\" data-id=\"1a61901\" data-element_type=\"column\">\n\t\t\t<div class=\"elementor-widget-wrap elementor-element-populated\">\n\t\t\t\t\t\t<div class=\"elementor-element elementor-element-190013f elementor-widget elementor-widget-spacer\" data-id=\"190013f\" data-element_type=\"widget\" data-widget_type=\"spacer.default\">\n\t\t\t\t<div class=\"elementor-widget-container\">\n\t\t\t\t\t\t\t<div class=\"elementor-spacer\">\n\t\t\t<div class=\"elementor-spacer-inner\"><\/div>\n\t\t<\/div>\n\t\t\t\t\t\t<\/div>\n\t\t\t\t<\/div>\n\t\t\t\t<div class=\"elementor-element elementor-element-3654066 elementor-widget elementor-widget-heading\" data-id=\"3654066\" data-element_type=\"widget\" data-widget_type=\"heading.default\">\n\t\t\t\t<div class=\"elementor-widget-container\">\n\t\t\t\t\t<h2 class=\"elementor-heading-title elementor-size-default\">Edition 2021 : Retour en images<\/h2>\t\t\t\t<\/div>\n\t\t\t\t<\/div>\n\t\t\t\t\t<\/div>\n\t\t<\/div>\n\t\t\t\t\t<\/div>\n\t\t<\/section>\n\t\t\t\t<section class=\"elementor-section elementor-top-section elementor-element elementor-element-7b7629f elementor-section-boxed elementor-section-height-default elementor-section-height-default\" data-id=\"7b7629f\" data-element_type=\"section\">\n\t\t\t\t\t\t<div class=\"elementor-container elementor-column-gap-default\">\n\t\t\t\t\t<div class=\"elementor-column elementor-col-100 elementor-top-column elementor-element elementor-element-0cae2e5\" data-id=\"0cae2e5\" data-element_type=\"column\">\n\t\t\t<div class=\"elementor-widget-wrap elementor-element-populated\">\n\t\t\t\t\t\t<div class=\"elementor-element elementor-element-f60189d elementor-widget elementor-widget-image-gallery\" data-id=\"f60189d\" data-element_type=\"widget\" data-widget_type=\"image-gallery.default\">\n\t\t\t\t<div class=\"elementor-widget-container\">\n\t\t\t\t\t\t\t<div class=\"elementor-image-gallery\">\n\t\t\t<div id='gallery-1' class='gallery galleryid-5671 gallery-columns-4 gallery-size-medium_large'><figure class='gallery-item'>\n\t\t\t<div class='gallery-icon landscape'>\n\t\t\t\t<a data-elementor-open-lightbox=\"yes\" data-elementor-lightbox-slideshow=\"f60189d\" data-elementor-lightbox-title=\"pradettes (2)\" data-e-action-hash=\"#elementor-action%3Aaction%3Dlightbox%26settings%3DeyJpZCI6NDQ1MywidXJsIjoiaHR0cHM6XC9cL2Zlc3RpdmFsLWxpdnJlLWpldW5lc3NlLmZyXC8yMDI1XC93cC1jb250ZW50XC91cGxvYWRzXC8yMDIxXC8wN1wvcHJhZGV0dGVzLTItc2NhbGVkLmpwZyIsInNsaWRlc2hvdyI6ImY2MDE4OWQifQ%3D%3D\" href='https:\/\/festival-livre-jeunesse.fr\/2025\/wp-content\/uploads\/2021\/07\/pradettes-2-scaled.jpg'><img loading=\"lazy\" decoding=\"async\" width=\"768\" height=\"512\" src=\"https:\/\/festival-livre-jeunesse.fr\/2025\/wp-content\/uploads\/2021\/07\/pradettes-2-768x512.jpg\" class=\"attachment-medium_large size-medium_large\" alt=\"\" srcset=\"https:\/\/festival-livre-jeunesse.fr\/2025\/wp-content\/uploads\/2021\/07\/pradettes-2-768x512.jpg 768w, https:\/\/festival-livre-jeunesse.fr\/2025\/wp-content\/uploads\/2021\/07\/pradettes-2-300x200.jpg 300w, https:\/\/festival-livre-jeunesse.fr\/2025\/wp-content\/uploads\/2021\/07\/pradettes-2-1024x683.jpg 1024w\" sizes=\"(max-width: 768px) 100vw, 768px\" \/><\/a>\n\t\t\t<\/div><\/figure><figure class='gallery-item'>\n\t\t\t<div class='gallery-icon landscape'>\n\t\t\t\t<a data-elementor-open-lightbox=\"yes\" data-elementor-lightbox-slideshow=\"f60189d\" data-elementor-lightbox-title=\"210732091_4076491985752897_4838919408057198666_n\" data-e-action-hash=\"#elementor-action%3Aaction%3Dlightbox%26settings%3DeyJpZCI6NDQ0OSwidXJsIjoiaHR0cHM6XC9cL2Zlc3RpdmFsLWxpdnJlLWpldW5lc3NlLmZyXC8yMDI1XC93cC1jb250ZW50XC91cGxvYWRzXC8yMDIxXC8wN1wvMjEwNzMyMDkxXzQwNzY0OTE5ODU3NTI4OTdfNDgzODkxOTQwODA1NzE5ODY2Nl9uLmpwZyIsInNsaWRlc2hvdyI6ImY2MDE4OWQifQ%3D%3D\" href='https:\/\/festival-livre-jeunesse.fr\/2025\/wp-content\/uploads\/2021\/07\/210732091_4076491985752897_4838919408057198666_n.jpg'><img loading=\"lazy\" decoding=\"async\" width=\"768\" height=\"512\" src=\"https:\/\/festival-livre-jeunesse.fr\/2025\/wp-content\/uploads\/2021\/07\/210732091_4076491985752897_4838919408057198666_n-768x512.jpg\" class=\"attachment-medium_large size-medium_large\" alt=\"\" srcset=\"https:\/\/festival-livre-jeunesse.fr\/2025\/wp-content\/uploads\/2021\/07\/210732091_4076491985752897_4838919408057198666_n-768x512.jpg 768w, https:\/\/festival-livre-jeunesse.fr\/2025\/wp-content\/uploads\/2021\/07\/210732091_4076491985752897_4838919408057198666_n-300x200.jpg 300w, https:\/\/festival-livre-jeunesse.fr\/2025\/wp-content\/uploads\/2021\/07\/210732091_4076491985752897_4838919408057198666_n-1024x683.jpg 1024w, https:\/\/festival-livre-jeunesse.fr\/2025\/wp-content\/uploads\/2021\/07\/210732091_4076491985752897_4838919408057198666_n-1536x1024.jpg 1536w, https:\/\/festival-livre-jeunesse.fr\/2025\/wp-content\/uploads\/2021\/07\/210732091_4076491985752897_4838919408057198666_n.jpg 2048w\" sizes=\"(max-width: 768px) 100vw, 768px\" \/><\/a>\n\t\t\t<\/div><\/figure><figure class='gallery-item'>\n\t\t\t<div class='gallery-icon landscape'>\n\t\t\t\t<a data-elementor-open-lightbox=\"yes\" data-elementor-lightbox-slideshow=\"f60189d\" data-elementor-lightbox-title=\"preface colomiers (15)\" data-e-action-hash=\"#elementor-action%3Aaction%3Dlightbox%26settings%3DeyJpZCI6NDQ1NCwidXJsIjoiaHR0cHM6XC9cL2Zlc3RpdmFsLWxpdnJlLWpldW5lc3NlLmZyXC8yMDI1XC93cC1jb250ZW50XC91cGxvYWRzXC8yMDIxXC8wN1wvcHJlZmFjZS1jb2xvbWllcnMtMTUtc2NhbGVkLmpwZyIsInNsaWRlc2hvdyI6ImY2MDE4OWQifQ%3D%3D\" href='https:\/\/festival-livre-jeunesse.fr\/2025\/wp-content\/uploads\/2021\/07\/preface-colomiers-15-scaled.jpg'><img loading=\"lazy\" decoding=\"async\" width=\"768\" height=\"512\" src=\"https:\/\/festival-livre-jeunesse.fr\/2025\/wp-content\/uploads\/2021\/07\/preface-colomiers-15-scaled.jpg\" class=\"attachment-medium_large size-medium_large\" alt=\"\" srcset=\"https:\/\/festival-livre-jeunesse.fr\/2025\/wp-content\/uploads\/2021\/07\/preface-colomiers-15-scaled.jpg 2560w, https:\/\/festival-livre-jeunesse.fr\/2025\/wp-content\/uploads\/2021\/07\/preface-colomiers-15-300x200.jpg 300w, https:\/\/festival-livre-jeunesse.fr\/2025\/wp-content\/uploads\/2021\/07\/preface-colomiers-15-1024x683.jpg 1024w\" sizes=\"(max-width: 768px) 100vw, 768px\" \/><\/a>\n\t\t\t<\/div><\/figure><figure class='gallery-item'>\n\t\t\t<div class='gallery-icon landscape'>\n\t\t\t\t<a data-elementor-open-lightbox=\"yes\" data-elementor-lightbox-slideshow=\"f60189d\" data-elementor-lightbox-title=\"212146606_4077781508957278_2888869759122190462_n\" data-e-action-hash=\"#elementor-action%3Aaction%3Dlightbox%26settings%3DeyJpZCI6NDQ1MSwidXJsIjoiaHR0cHM6XC9cL2Zlc3RpdmFsLWxpdnJlLWpldW5lc3NlLmZyXC8yMDI1XC93cC1jb250ZW50XC91cGxvYWRzXC8yMDIxXC8wN1wvMjEyMTQ2NjA2XzQwNzc3ODE1MDg5NTcyNzhfMjg4ODg2OTc1OTEyMjE5MDQ2Ml9uLmpwZyIsInNsaWRlc2hvdyI6ImY2MDE4OWQifQ%3D%3D\" href='https:\/\/festival-livre-jeunesse.fr\/2025\/wp-content\/uploads\/2021\/07\/212146606_4077781508957278_2888869759122190462_n.jpg'><img loading=\"lazy\" decoding=\"async\" width=\"768\" height=\"512\" src=\"https:\/\/festival-livre-jeunesse.fr\/2025\/wp-content\/uploads\/2021\/07\/212146606_4077781508957278_2888869759122190462_n-768x512.jpg\" class=\"attachment-medium_large size-medium_large\" alt=\"\" srcset=\"https:\/\/festival-livre-jeunesse.fr\/2025\/wp-content\/uploads\/2021\/07\/212146606_4077781508957278_2888869759122190462_n-768x512.jpg 768w, https:\/\/festival-livre-jeunesse.fr\/2025\/wp-content\/uploads\/2021\/07\/212146606_4077781508957278_2888869759122190462_n-300x200.jpg 300w, https:\/\/festival-livre-jeunesse.fr\/2025\/wp-content\/uploads\/2021\/07\/212146606_4077781508957278_2888869759122190462_n-1024x683.jpg 1024w, https:\/\/festival-livre-jeunesse.fr\/2025\/wp-content\/uploads\/2021\/07\/212146606_4077781508957278_2888869759122190462_n-1536x1024.jpg 1536w, https:\/\/festival-livre-jeunesse.fr\/2025\/wp-content\/uploads\/2021\/07\/212146606_4077781508957278_2888869759122190462_n.jpg 2048w\" sizes=\"(max-width: 768px) 100vw, 768px\" \/><\/a>\n\t\t\t<\/div><\/figure><figure class='gallery-item'>\n\t\t\t<div class='gallery-icon portrait'>\n\t\t\t\t<a data-elementor-open-lightbox=\"yes\" data-elementor-lightbox-slideshow=\"f60189d\" data-elementor-lightbox-title=\"st jean (50)\" data-e-action-hash=\"#elementor-action%3Aaction%3Dlightbox%26settings%3DeyJpZCI6NDQ1NSwidXJsIjoiaHR0cHM6XC9cL2Zlc3RpdmFsLWxpdnJlLWpldW5lc3NlLmZyXC8yMDI1XC93cC1jb250ZW50XC91cGxvYWRzXC8yMDIxXC8wN1wvc3QtamVhbi01MC1zY2FsZWQuanBnIiwic2xpZGVzaG93IjoiZjYwMTg5ZCJ9\" href='https:\/\/festival-livre-jeunesse.fr\/2025\/wp-content\/uploads\/2021\/07\/st-jean-50-scaled.jpg'><img loading=\"lazy\" decoding=\"async\" width=\"768\" height=\"1152\" src=\"https:\/\/festival-livre-jeunesse.fr\/2025\/wp-content\/uploads\/2021\/07\/st-jean-50-scaled.jpg\" class=\"attachment-medium_large size-medium_large\" alt=\"\" \/><\/a>\n\t\t\t<\/div><\/figure><figure class='gallery-item'>\n\t\t\t<div class='gallery-icon portrait'>\n\t\t\t\t<a data-elementor-open-lightbox=\"yes\" data-elementor-lightbox-slideshow=\"f60189d\" data-elementor-lightbox-title=\"Maourine izards (19)\" data-e-action-hash=\"#elementor-action%3Aaction%3Dlightbox%26settings%3DeyJpZCI6NDQ1MiwidXJsIjoiaHR0cHM6XC9cL2Zlc3RpdmFsLWxpdnJlLWpldW5lc3NlLmZyXC8yMDI1XC93cC1jb250ZW50XC91cGxvYWRzXC8yMDIxXC8wN1wvTWFvdXJpbmUtaXphcmRzLTE5LXNjYWxlZC5qcGciLCJzbGlkZXNob3ciOiJmNjAxODlkIn0%3D\" href='https:\/\/festival-livre-jeunesse.fr\/2025\/wp-content\/uploads\/2021\/07\/Maourine-izards-19-scaled.jpg'><img loading=\"lazy\" decoding=\"async\" width=\"768\" height=\"1152\" src=\"https:\/\/festival-livre-jeunesse.fr\/2025\/wp-content\/uploads\/2021\/07\/Maourine-izards-19-scaled.jpg\" class=\"attachment-medium_large size-medium_large\" alt=\"\" \/><\/a>\n\t\t\t<\/div><\/figure><figure class='gallery-item'>\n\t\t\t<div class='gallery-icon portrait'>\n\t\t\t\t<a data-elementor-open-lightbox=\"yes\" data-elementor-lightbox-slideshow=\"f60189d\" data-elementor-lightbox-title=\"launaguet duhesne\" data-e-action-hash=\"#elementor-action%3Aaction%3Dlightbox%26settings%3DeyJpZCI6NDQ2MywidXJsIjoiaHR0cHM6XC9cL2Zlc3RpdmFsLWxpdnJlLWpldW5lc3NlLmZyXC8yMDI1XC93cC1jb250ZW50XC91cGxvYWRzXC8yMDIxXC8wN1wvbGF1bmFndWV0LWR1aGVzbmUuanBnIiwic2xpZGVzaG93IjoiZjYwMTg5ZCJ9\" href='https:\/\/festival-livre-jeunesse.fr\/2025\/wp-content\/uploads\/2021\/07\/launaguet-duhesne.jpg'><img loading=\"lazy\" decoding=\"async\" width=\"720\" height=\"960\" src=\"https:\/\/festival-livre-jeunesse.fr\/2025\/wp-content\/uploads\/2021\/07\/launaguet-duhesne.jpg\" class=\"attachment-medium_large size-medium_large\" alt=\"\" srcset=\"https:\/\/festival-livre-jeunesse.fr\/2025\/wp-content\/uploads\/2021\/07\/launaguet-duhesne.jpg 720w, https:\/\/festival-livre-jeunesse.fr\/2025\/wp-content\/uploads\/2021\/07\/launaguet-duhesne-225x300.jpg 225w\" sizes=\"(max-width: 720px) 100vw, 720px\" \/><\/a>\n\t\t\t<\/div><\/figure><figure class='gallery-item'>\n\t\t\t<div class='gallery-icon portrait'>\n\t\t\t\t<a data-elementor-open-lightbox=\"yes\" data-elementor-lightbox-slideshow=\"f60189d\" data-elementor-lightbox-title=\"211450876_10158503283058789_4655282575295901416_n\" data-e-action-hash=\"#elementor-action%3Aaction%3Dlightbox%26settings%3DeyJpZCI6NDQ1MCwidXJsIjoiaHR0cHM6XC9cL2Zlc3RpdmFsLWxpdnJlLWpldW5lc3NlLmZyXC8yMDI1XC93cC1jb250ZW50XC91cGxvYWRzXC8yMDIxXC8wN1wvMjExNDUwODc2XzEwMTU4NTAzMjgzMDU4Nzg5XzQ2NTUyODI1NzUyOTU5MDE0MTZfbi5qcGciLCJzbGlkZXNob3ciOiJmNjAxODlkIn0%3D\" href='https:\/\/festival-livre-jeunesse.fr\/2025\/wp-content\/uploads\/2021\/07\/211450876_10158503283058789_4655282575295901416_n.jpg'><img loading=\"lazy\" decoding=\"async\" width=\"720\" height=\"960\" src=\"https:\/\/festival-livre-jeunesse.fr\/2025\/wp-content\/uploads\/2021\/07\/211450876_10158503283058789_4655282575295901416_n.jpg\" class=\"attachment-medium_large size-medium_large\" alt=\"\" srcset=\"https:\/\/festival-livre-jeunesse.fr\/2025\/wp-content\/uploads\/2021\/07\/211450876_10158503283058789_4655282575295901416_n.jpg 720w, https:\/\/festival-livre-jeunesse.fr\/2025\/wp-content\/uploads\/2021\/07\/211450876_10158503283058789_4655282575295901416_n-225x300.jpg 225w\" sizes=\"(max-width: 720px) 100vw, 720px\" \/><\/a>\n\t\t\t<\/div><\/figure><figure class='gallery-item'>\n\t\t\t<div class='gallery-icon landscape'>\n\t\t\t\t<a data-elementor-open-lightbox=\"yes\" data-elementor-lightbox-slideshow=\"f60189d\" data-elementor-lightbox-title=\"cornebarrieu (7)\" data-e-action-hash=\"#elementor-action%3Aaction%3Dlightbox%26settings%3DeyJpZCI6NDQ1NiwidXJsIjoiaHR0cHM6XC9cL2Zlc3RpdmFsLWxpdnJlLWpldW5lc3NlLmZyXC8yMDI1XC93cC1jb250ZW50XC91cGxvYWRzXC8yMDIxXC8wN1wvY29ybmViYXJyaWV1LTctc2NhbGVkLmpwZyIsInNsaWRlc2hvdyI6ImY2MDE4OWQifQ%3D%3D\" href='https:\/\/festival-livre-jeunesse.fr\/2025\/wp-content\/uploads\/2021\/07\/cornebarrieu-7-scaled.jpg'><img loading=\"lazy\" decoding=\"async\" width=\"768\" height=\"512\" src=\"https:\/\/festival-livre-jeunesse.fr\/2025\/wp-content\/uploads\/2021\/07\/cornebarrieu-7-768x512.jpg\" class=\"attachment-medium_large size-medium_large\" alt=\"\" srcset=\"https:\/\/festival-livre-jeunesse.fr\/2025\/wp-content\/uploads\/2021\/07\/cornebarrieu-7-768x512.jpg 768w, https:\/\/festival-livre-jeunesse.fr\/2025\/wp-content\/uploads\/2021\/07\/cornebarrieu-7-300x200.jpg 300w, https:\/\/festival-livre-jeunesse.fr\/2025\/wp-content\/uploads\/2021\/07\/cornebarrieu-7-1024x683.jpg 1024w, https:\/\/festival-livre-jeunesse.fr\/2025\/wp-content\/uploads\/2021\/07\/cornebarrieu-7-1536x1024.jpg 1536w, https:\/\/festival-livre-jeunesse.fr\/2025\/wp-content\/uploads\/2021\/07\/cornebarrieu-7-2048x1365.jpg 2048w\" sizes=\"(max-width: 768px) 100vw, 768px\" \/><\/a>\n\t\t\t<\/div><\/figure><figure class='gallery-item'>\n\t\t\t<div class='gallery-icon landscape'>\n\t\t\t\t<a data-elementor-open-lightbox=\"yes\" data-elementor-lightbox-slideshow=\"f60189d\" data-elementor-lightbox-title=\"villeneuve t2\" data-e-action-hash=\"#elementor-action%3Aaction%3Dlightbox%26settings%3DeyJpZCI6NDQ1NywidXJsIjoiaHR0cHM6XC9cL2Zlc3RpdmFsLWxpdnJlLWpldW5lc3NlLmZyXC8yMDI1XC93cC1jb250ZW50XC91cGxvYWRzXC8yMDIxXC8wN1wvdmlsbGVuZXV2ZS10Mi5qcGciLCJzbGlkZXNob3ciOiJmNjAxODlkIn0%3D\" href='https:\/\/festival-livre-jeunesse.fr\/2025\/wp-content\/uploads\/2021\/07\/villeneuve-t2.jpg'><img loading=\"lazy\" decoding=\"async\" width=\"768\" height=\"512\" src=\"https:\/\/festival-livre-jeunesse.fr\/2025\/wp-content\/uploads\/2021\/07\/villeneuve-t2-768x512.jpg\" class=\"attachment-medium_large size-medium_large\" alt=\"\" srcset=\"https:\/\/festival-livre-jeunesse.fr\/2025\/wp-content\/uploads\/2021\/07\/villeneuve-t2-768x512.jpg 768w, https:\/\/festival-livre-jeunesse.fr\/2025\/wp-content\/uploads\/2021\/07\/villeneuve-t2-300x200.jpg 300w, https:\/\/festival-livre-jeunesse.fr\/2025\/wp-content\/uploads\/2021\/07\/villeneuve-t2-1024x683.jpg 1024w, https:\/\/festival-livre-jeunesse.fr\/2025\/wp-content\/uploads\/2021\/07\/villeneuve-t2-1536x1024.jpg 1536w, https:\/\/festival-livre-jeunesse.fr\/2025\/wp-content\/uploads\/2021\/07\/villeneuve-t2.jpg 2048w\" sizes=\"(max-width: 768px) 100vw, 768px\" \/><\/a>\n\t\t\t<\/div><\/figure><figure class='gallery-item'>\n\t\t\t<div class='gallery-icon landscape'>\n\t\t\t\t<a data-elementor-open-lightbox=\"yes\" data-elementor-lightbox-slideshow=\"f60189d\" data-elementor-lightbox-title=\"st o piscine (51)\" data-e-action-hash=\"#elementor-action%3Aaction%3Dlightbox%26settings%3DeyJpZCI6NDQ1OCwidXJsIjoiaHR0cHM6XC9cL2Zlc3RpdmFsLWxpdnJlLWpldW5lc3NlLmZyXC8yMDI1XC93cC1jb250ZW50XC91cGxvYWRzXC8yMDIxXC8wN1wvc3Qtby1waXNjaW5lLTUxLXNjYWxlZC5qcGciLCJzbGlkZXNob3ciOiJmNjAxODlkIn0%3D\" href='https:\/\/festival-livre-jeunesse.fr\/2025\/wp-content\/uploads\/2021\/07\/st-o-piscine-51-scaled.jpg'><img loading=\"lazy\" decoding=\"async\" width=\"768\" height=\"512\" src=\"https:\/\/festival-livre-jeunesse.fr\/2025\/wp-content\/uploads\/2021\/07\/st-o-piscine-51-scaled.jpg\" class=\"attachment-medium_large size-medium_large\" alt=\"\" srcset=\"https:\/\/festival-livre-jeunesse.fr\/2025\/wp-content\/uploads\/2021\/07\/st-o-piscine-51-scaled.jpg 2560w, https:\/\/festival-livre-jeunesse.fr\/2025\/wp-content\/uploads\/2021\/07\/st-o-piscine-51-300x200.jpg 300w, https:\/\/festival-livre-jeunesse.fr\/2025\/wp-content\/uploads\/2021\/07\/st-o-piscine-51-1024x683.jpg 1024w\" sizes=\"(max-width: 768px) 100vw, 768px\" \/><\/a>\n\t\t\t<\/div><\/figure><figure class='gallery-item'>\n\t\t\t<div class='gallery-icon landscape'>\n\t\t\t\t<a data-elementor-open-lightbox=\"yes\" data-elementor-lightbox-slideshow=\"f60189d\" data-elementor-lightbox-title=\"212329976_4071872172881545_7441632839193460107_n\" data-e-action-hash=\"#elementor-action%3Aaction%3Dlightbox%26settings%3DeyJpZCI6NDQ2NSwidXJsIjoiaHR0cHM6XC9cL2Zlc3RpdmFsLWxpdnJlLWpldW5lc3NlLmZyXC8yMDI1XC93cC1jb250ZW50XC91cGxvYWRzXC8yMDIxXC8wN1wvMjEyMzI5OTc2XzQwNzE4NzIxNzI4ODE1NDVfNzQ0MTYzMjgzOTE5MzQ2MDEwN19uLmpwZyIsInNsaWRlc2hvdyI6ImY2MDE4OWQifQ%3D%3D\" href='https:\/\/festival-livre-jeunesse.fr\/2025\/wp-content\/uploads\/2021\/07\/212329976_4071872172881545_7441632839193460107_n.jpg'><img loading=\"lazy\" decoding=\"async\" width=\"768\" height=\"512\" src=\"https:\/\/festival-livre-jeunesse.fr\/2025\/wp-content\/uploads\/2021\/07\/212329976_4071872172881545_7441632839193460107_n-768x512.jpg\" class=\"attachment-medium_large size-medium_large\" alt=\"\" srcset=\"https:\/\/festival-livre-jeunesse.fr\/2025\/wp-content\/uploads\/2021\/07\/212329976_4071872172881545_7441632839193460107_n-768x512.jpg 768w, https:\/\/festival-livre-jeunesse.fr\/2025\/wp-content\/uploads\/2021\/07\/212329976_4071872172881545_7441632839193460107_n-300x200.jpg 300w, https:\/\/festival-livre-jeunesse.fr\/2025\/wp-content\/uploads\/2021\/07\/212329976_4071872172881545_7441632839193460107_n-1024x683.jpg 1024w, https:\/\/festival-livre-jeunesse.fr\/2025\/wp-content\/uploads\/2021\/07\/212329976_4071872172881545_7441632839193460107_n-1536x1024.jpg 1536w, https:\/\/festival-livre-jeunesse.fr\/2025\/wp-content\/uploads\/2021\/07\/212329976_4071872172881545_7441632839193460107_n.jpg 2048w\" sizes=\"(max-width: 768px) 100vw, 768px\" \/><\/a>\n\t\t\t<\/div><\/figure><figure class='gallery-item'>\n\t\t\t<div class='gallery-icon landscape'>\n\t\t\t\t<a data-elementor-open-lightbox=\"yes\" data-elementor-lightbox-slideshow=\"f60189d\" data-elementor-lightbox-title=\"villeneuve t7\" data-e-action-hash=\"#elementor-action%3Aaction%3Dlightbox%26settings%3DeyJpZCI6NDQ2OSwidXJsIjoiaHR0cHM6XC9cL2Zlc3RpdmFsLWxpdnJlLWpldW5lc3NlLmZyXC8yMDI1XC93cC1jb250ZW50XC91cGxvYWRzXC8yMDIxXC8wN1wvdmlsbGVuZXV2ZS10Ny5qcGciLCJzbGlkZXNob3ciOiJmNjAxODlkIn0%3D\" href='https:\/\/festival-livre-jeunesse.fr\/2025\/wp-content\/uploads\/2021\/07\/villeneuve-t7.jpg'><img loading=\"lazy\" decoding=\"async\" width=\"768\" height=\"512\" src=\"https:\/\/festival-livre-jeunesse.fr\/2025\/wp-content\/uploads\/2021\/07\/villeneuve-t7-768x512.jpg\" class=\"attachment-medium_large size-medium_large\" alt=\"\" srcset=\"https:\/\/festival-livre-jeunesse.fr\/2025\/wp-content\/uploads\/2021\/07\/villeneuve-t7-768x512.jpg 768w, https:\/\/festival-livre-jeunesse.fr\/2025\/wp-content\/uploads\/2021\/07\/villeneuve-t7-300x200.jpg 300w, https:\/\/festival-livre-jeunesse.fr\/2025\/wp-content\/uploads\/2021\/07\/villeneuve-t7-1024x683.jpg 1024w, https:\/\/festival-livre-jeunesse.fr\/2025\/wp-content\/uploads\/2021\/07\/villeneuve-t7-1536x1024.jpg 1536w, https:\/\/festival-livre-jeunesse.fr\/2025\/wp-content\/uploads\/2021\/07\/villeneuve-t7.jpg 2048w\" sizes=\"(max-width: 768px) 100vw, 768px\" \/><\/a>\n\t\t\t<\/div><\/figure><figure class='gallery-item'>\n\t\t\t<div class='gallery-icon landscape'>\n\t\t\t\t<a data-elementor-open-lightbox=\"yes\" data-elementor-lightbox-slideshow=\"f60189d\" data-elementor-lightbox-title=\"181343240_4076492342419528_5183802798584951787_n\" data-e-action-hash=\"#elementor-action%3Aaction%3Dlightbox%26settings%3DeyJpZCI6NDQ3MSwidXJsIjoiaHR0cHM6XC9cL2Zlc3RpdmFsLWxpdnJlLWpldW5lc3NlLmZyXC8yMDI1XC93cC1jb250ZW50XC91cGxvYWRzXC8yMDIxXC8wN1wvMTgxMzQzMjQwXzQwNzY0OTIzNDI0MTk1MjhfNTE4MzgwMjc5ODU4NDk1MTc4N19uLmpwZyIsInNsaWRlc2hvdyI6ImY2MDE4OWQifQ%3D%3D\" href='https:\/\/festival-livre-jeunesse.fr\/2025\/wp-content\/uploads\/2021\/07\/181343240_4076492342419528_5183802798584951787_n.jpg'><img loading=\"lazy\" decoding=\"async\" width=\"768\" height=\"512\" src=\"https:\/\/festival-livre-jeunesse.fr\/2025\/wp-content\/uploads\/2021\/07\/181343240_4076492342419528_5183802798584951787_n-768x512.jpg\" class=\"attachment-medium_large size-medium_large\" alt=\"\" srcset=\"https:\/\/festival-livre-jeunesse.fr\/2025\/wp-content\/uploads\/2021\/07\/181343240_4076492342419528_5183802798584951787_n-768x512.jpg 768w, https:\/\/festival-livre-jeunesse.fr\/2025\/wp-content\/uploads\/2021\/07\/181343240_4076492342419528_5183802798584951787_n-300x200.jpg 300w, https:\/\/festival-livre-jeunesse.fr\/2025\/wp-content\/uploads\/2021\/07\/181343240_4076492342419528_5183802798584951787_n-1024x683.jpg 1024w, https:\/\/festival-livre-jeunesse.fr\/2025\/wp-content\/uploads\/2021\/07\/181343240_4076492342419528_5183802798584951787_n-1536x1024.jpg 1536w, https:\/\/festival-livre-jeunesse.fr\/2025\/wp-content\/uploads\/2021\/07\/181343240_4076492342419528_5183802798584951787_n.jpg 2048w\" sizes=\"(max-width: 768px) 100vw, 768px\" \/><\/a>\n\t\t\t<\/div><\/figure><figure class='gallery-item'>\n\t\t\t<div class='gallery-icon landscape'>\n\t\t\t\t<a data-elementor-open-lightbox=\"yes\" data-elementor-lightbox-slideshow=\"f60189d\" data-elementor-lightbox-title=\"213049009_4076492122419550_82135562079688412_n\" data-e-action-hash=\"#elementor-action%3Aaction%3Dlightbox%26settings%3DeyJpZCI6NDQ3MiwidXJsIjoiaHR0cHM6XC9cL2Zlc3RpdmFsLWxpdnJlLWpldW5lc3NlLmZyXC8yMDI1XC93cC1jb250ZW50XC91cGxvYWRzXC8yMDIxXC8wN1wvMjEzMDQ5MDA5XzQwNzY0OTIxMjI0MTk1NTBfODIxMzU1NjIwNzk2ODg0MTJfbi5qcGciLCJzbGlkZXNob3ciOiJmNjAxODlkIn0%3D\" href='https:\/\/festival-livre-jeunesse.fr\/2025\/wp-content\/uploads\/2021\/07\/213049009_4076492122419550_82135562079688412_n.jpg'><img loading=\"lazy\" decoding=\"async\" width=\"768\" height=\"512\" src=\"https:\/\/festival-livre-jeunesse.fr\/2025\/wp-content\/uploads\/2021\/07\/213049009_4076492122419550_82135562079688412_n-768x512.jpg\" class=\"attachment-medium_large size-medium_large\" alt=\"\" srcset=\"https:\/\/festival-livre-jeunesse.fr\/2025\/wp-content\/uploads\/2021\/07\/213049009_4076492122419550_82135562079688412_n-768x512.jpg 768w, https:\/\/festival-livre-jeunesse.fr\/2025\/wp-content\/uploads\/2021\/07\/213049009_4076492122419550_82135562079688412_n-300x200.jpg 300w, https:\/\/festival-livre-jeunesse.fr\/2025\/wp-content\/uploads\/2021\/07\/213049009_4076492122419550_82135562079688412_n-1024x683.jpg 1024w, https:\/\/festival-livre-jeunesse.fr\/2025\/wp-content\/uploads\/2021\/07\/213049009_4076492122419550_82135562079688412_n-1536x1024.jpg 1536w, https:\/\/festival-livre-jeunesse.fr\/2025\/wp-content\/uploads\/2021\/07\/213049009_4076492122419550_82135562079688412_n.jpg 2048w\" sizes=\"(max-width: 768px) 100vw, 768px\" \/><\/a>\n\t\t\t<\/div><\/figure><figure class='gallery-item'>\n\t\t\t<div class='gallery-icon landscape'>\n\t\t\t\t<a data-elementor-open-lightbox=\"yes\" data-elementor-lightbox-slideshow=\"f60189d\" data-elementor-lightbox-title=\"215292754_4077781745623921_179465967825554027_n\" data-e-action-hash=\"#elementor-action%3Aaction%3Dlightbox%26settings%3DeyJpZCI6NDQ3NCwidXJsIjoiaHR0cHM6XC9cL2Zlc3RpdmFsLWxpdnJlLWpldW5lc3NlLmZyXC8yMDI1XC93cC1jb250ZW50XC91cGxvYWRzXC8yMDIxXC8wN1wvMjE1MjkyNzU0XzQwNzc3ODE3NDU2MjM5MjFfMTc5NDY1OTY3ODI1NTU0MDI3X24uanBnIiwic2xpZGVzaG93IjoiZjYwMTg5ZCJ9\" href='https:\/\/festival-livre-jeunesse.fr\/2025\/wp-content\/uploads\/2021\/07\/215292754_4077781745623921_179465967825554027_n.jpg'><img loading=\"lazy\" decoding=\"async\" width=\"768\" height=\"512\" src=\"https:\/\/festival-livre-jeunesse.fr\/2025\/wp-content\/uploads\/2021\/07\/215292754_4077781745623921_179465967825554027_n-768x512.jpg\" class=\"attachment-medium_large size-medium_large\" alt=\"\" srcset=\"https:\/\/festival-livre-jeunesse.fr\/2025\/wp-content\/uploads\/2021\/07\/215292754_4077781745623921_179465967825554027_n-768x512.jpg 768w, https:\/\/festival-livre-jeunesse.fr\/2025\/wp-content\/uploads\/2021\/07\/215292754_4077781745623921_179465967825554027_n-300x200.jpg 300w, https:\/\/festival-livre-jeunesse.fr\/2025\/wp-content\/uploads\/2021\/07\/215292754_4077781745623921_179465967825554027_n-1024x683.jpg 1024w, https:\/\/festival-livre-jeunesse.fr\/2025\/wp-content\/uploads\/2021\/07\/215292754_4077781745623921_179465967825554027_n-1536x1024.jpg 1536w, https:\/\/festival-livre-jeunesse.fr\/2025\/wp-content\/uploads\/2021\/07\/215292754_4077781745623921_179465967825554027_n.jpg 2048w\" sizes=\"(max-width: 768px) 100vw, 768px\" \/><\/a>\n\t\t\t<\/div><\/figure>\n\t\t<\/div>\n\t\t<\/div>\n\t\t\t\t\t\t<\/div>\n\t\t\t\t<\/div>\n\t\t\t\t<div class=\"elementor-element elementor-element-7d4f2d0 elementor-widget elementor-widget-spacer\" data-id=\"7d4f2d0\" data-element_type=\"widget\" data-widget_type=\"spacer.default\">\n\t\t\t\t<div class=\"elementor-widget-container\">\n\t\t\t\t\t\t\t<div class=\"elementor-spacer\">\n\t\t\t<div class=\"elementor-spacer-inner\"><\/div>\n\t\t<\/div>\n\t\t\t\t\t\t<\/div>\n\t\t\t\t<\/div>\n\t\t\t\t\t<\/div>\n\t\t<\/div>\n\t\t\t\t\t<\/div>\n\t\t<\/section>\n\t\t\t\t<section class=\"elementor-section elementor-top-section elementor-element elementor-element-6a966cae elementor-section-boxed elementor-section-height-default elementor-section-height-default\" data-id=\"6a966cae\" data-element_type=\"section\">\n\t\t\t\t\t\t<div class=\"elementor-container elementor-column-gap-default\">\n\t\t\t\t\t<div class=\"elementor-column elementor-col-100 elementor-top-column elementor-element elementor-element-26394241\" data-id=\"26394241\" data-element_type=\"column\">\n\t\t\t<div class=\"elementor-widget-wrap\">\n\t\t\t\t\t\t\t<\/div>\n\t\t<\/div>\n\t\t\t\t\t<\/div>\n\t\t<\/section>\n\t\t\t\t<section class=\"elementor-section elementor-top-section elementor-element elementor-element-5ca2e1ec elementor-section-full_width elementor-section-height-default elementor-section-height-default\" data-id=\"5ca2e1ec\" data-element_type=\"section\">\n\t\t\t\t\t\t\t<div class=\"elementor-background-overlay\"><\/div>\n\t\t\t\t\t\t\t<div class=\"elementor-container elementor-column-gap-narrow\">\n\t\t\t\t\t<div class=\"elementor-column elementor-col-10 elementor-top-column elementor-element elementor-element-60b4db7f\" data-id=\"60b4db7f\" data-element_type=\"column\">\n\t\t\t<div class=\"elementor-widget-wrap\">\n\t\t\t\t\t\t\t<\/div>\n\t\t<\/div>\n\t\t\t\t<div class=\"elementor-column elementor-col-10 elementor-top-column elementor-element elementor-element-f0db78f\" data-id=\"f0db78f\" data-element_type=\"column\">\n\t\t\t<div class=\"elementor-widget-wrap elementor-element-populated\">\n\t\t\t\t\t\t<div class=\"elementor-element elementor-element-742ef860 elementor-widget elementor-widget-image\" data-id=\"742ef860\" data-element_type=\"widget\" data-widget_type=\"image.default\">\n\t\t\t\t<div class=\"elementor-widget-container\">\n\t\t\t\t\t\t\t\t\t\t\t\t\t\t\t<img loading=\"lazy\" decoding=\"async\" width=\"702\" height=\"1024\" src=\"https:\/\/festival-livre-jeunesse.fr\/2025\/wp-content\/uploads\/2021\/05\/PartirenLivre_CNL_Medaillon-rougevif-702x1024.png\" class=\"attachment-large size-large wp-image-2760\" alt=\"\" srcset=\"https:\/\/festival-livre-jeunesse.fr\/2025\/wp-content\/uploads\/2021\/05\/PartirenLivre_CNL_Medaillon-rougevif-702x1024.png 702w, https:\/\/festival-livre-jeunesse.fr\/2025\/wp-content\/uploads\/2021\/05\/PartirenLivre_CNL_Medaillon-rougevif-206x300.png 206w, https:\/\/festival-livre-jeunesse.fr\/2025\/wp-content\/uploads\/2021\/05\/PartirenLivre_CNL_Medaillon-rougevif-768x1121.png 768w, https:\/\/festival-livre-jeunesse.fr\/2025\/wp-content\/uploads\/2021\/05\/PartirenLivre_CNL_Medaillon-rougevif.png 849w\" sizes=\"(max-width: 702px) 100vw, 702px\" \/>\t\t\t\t\t\t\t\t\t\t\t\t\t\t\t<\/div>\n\t\t\t\t<\/div>\n\t\t\t\t\t<\/div>\n\t\t<\/div>\n\t\t\t\t<div class=\"elementor-column elementor-col-10 elementor-top-column elementor-element elementor-element-213384a4\" data-id=\"213384a4\" data-element_type=\"column\">\n\t\t\t<div class=\"elementor-widget-wrap\">\n\t\t\t\t\t\t\t<\/div>\n\t\t<\/div>\n\t\t\t\t<div class=\"elementor-column elementor-col-10 elementor-top-column elementor-element elementor-element-4037f3f3\" data-id=\"4037f3f3\" data-element_type=\"column\">\n\t\t\t<div class=\"elementor-widget-wrap elementor-element-populated\">\n\t\t\t\t\t\t<div class=\"elementor-element elementor-element-15e591a4 elementor-widget elementor-widget-image\" data-id=\"15e591a4\" data-element_type=\"widget\" data-widget_type=\"image.default\">\n\t\t\t\t<div class=\"elementor-widget-container\">\n\t\t\t\t\t\t\t\t\t\t\t\t\t\t\t<img loading=\"lazy\" decoding=\"async\" width=\"150\" height=\"150\" src=\"https:\/\/festival-livre-jeunesse.fr\/2025\/wp-content\/uploads\/2021\/05\/cnl.png\" class=\"attachment-large size-large wp-image-2679\" alt=\"\" \/>\t\t\t\t\t\t\t\t\t\t\t\t\t\t\t<\/div>\n\t\t\t\t<\/div>\n\t\t\t\t\t<\/div>\n\t\t<\/div>\n\t\t\t\t<div class=\"elementor-column elementor-col-10 elementor-top-column elementor-element elementor-element-0f5a2f8\" data-id=\"0f5a2f8\" data-element_type=\"column\">\n\t\t\t<div class=\"elementor-widget-wrap\">\n\t\t\t\t\t\t\t<\/div>\n\t\t<\/div>\n\t\t\t\t<div class=\"elementor-column elementor-col-10 elementor-top-column elementor-element elementor-element-6dec7530\" data-id=\"6dec7530\" data-element_type=\"column\">\n\t\t\t<div class=\"elementor-widget-wrap elementor-element-populated\">\n\t\t\t\t\t\t<div class=\"elementor-element elementor-element-2d5f678 elementor-widget elementor-widget-image\" data-id=\"2d5f678\" data-element_type=\"widget\" data-widget_type=\"image.default\">\n\t\t\t\t<div class=\"elementor-widget-container\">\n\t\t\t\t\t\t\t\t\t\t\t\t\t\t\t<img loading=\"lazy\" decoding=\"async\" width=\"409\" height=\"316\" src=\"https:\/\/festival-livre-jeunesse.fr\/2025\/wp-content\/uploads\/2021\/11\/LogoMCHP.png\" class=\"attachment-large size-large wp-image-5525\" alt=\"\" srcset=\"https:\/\/festival-livre-jeunesse.fr\/2025\/wp-content\/uploads\/2021\/11\/LogoMCHP.png 409w, https:\/\/festival-livre-jeunesse.fr\/2025\/wp-content\/uploads\/2021\/11\/LogoMCHP-300x232.png 300w\" sizes=\"(max-width: 409px) 100vw, 409px\" \/>\t\t\t\t\t\t\t\t\t\t\t\t\t\t\t<\/div>\n\t\t\t\t<\/div>\n\t\t\t\t\t<\/div>\n\t\t<\/div>\n\t\t\t\t<div class=\"elementor-column elementor-col-10 elementor-top-column elementor-element elementor-element-4d3e0367\" data-id=\"4d3e0367\" data-element_type=\"column\">\n\t\t\t<div class=\"elementor-widget-wrap\">\n\t\t\t\t\t\t\t<\/div>\n\t\t<\/div>\n\t\t\t\t<div class=\"elementor-column elementor-col-10 elementor-top-column elementor-element elementor-element-393a0bfb\" data-id=\"393a0bfb\" data-element_type=\"column\">\n\t\t\t<div class=\"elementor-widget-wrap elementor-element-populated\">\n\t\t\t\t\t\t<div class=\"elementor-element elementor-element-ae659e6 elementor-widget elementor-widget-image\" data-id=\"ae659e6\" data-element_type=\"widget\" data-widget_type=\"image.default\">\n\t\t\t\t<div class=\"elementor-widget-container\">\n\t\t\t\t\t\t\t\t\t\t\t\t\t\t\t<img loading=\"lazy\" decoding=\"async\" width=\"150\" height=\"150\" src=\"https:\/\/festival-livre-jeunesse.fr\/2025\/wp-content\/uploads\/2021\/05\/toulouse-metropole.png\" class=\"attachment-large size-large wp-image-2675\" alt=\"\" \/>\t\t\t\t\t\t\t\t\t\t\t\t\t\t\t<\/div>\n\t\t\t\t<\/div>\n\t\t\t\t\t<\/div>\n\t\t<\/div>\n\t\t\t\t<div class=\"elementor-column elementor-col-10 elementor-top-column elementor-element elementor-element-1ee5b431\" data-id=\"1ee5b431\" data-element_type=\"column\">\n\t\t\t<div class=\"elementor-widget-wrap\">\n\t\t\t\t\t\t\t<\/div>\n\t\t<\/div>\n\t\t\t\t<div class=\"elementor-column elementor-col-10 elementor-top-column elementor-element elementor-element-3a0a843b\" data-id=\"3a0a843b\" data-element_type=\"column\">\n\t\t\t<div class=\"elementor-widget-wrap elementor-element-populated\">\n\t\t\t\t\t\t<div class=\"elementor-element elementor-element-f031f18 elementor-widget elementor-widget-image\" data-id=\"f031f18\" data-element_type=\"widget\" data-widget_type=\"image.default\">\n\t\t\t\t<div class=\"elementor-widget-container\">\n\t\t\t\t\t\t\t\t\t\t\t\t\t\t\t<img loading=\"lazy\" decoding=\"async\" width=\"204\" height=\"200\" src=\"https:\/\/festival-livre-jeunesse.fr\/2025\/wp-content\/uploads\/2021\/05\/Logo-FLJ-petit.png\" class=\"attachment-large size-large wp-image-2758\" alt=\"\" \/>\t\t\t\t\t\t\t\t\t\t\t\t\t\t\t<\/div>\n\t\t\t\t<\/div>\n\t\t\t\t\t<\/div>\n\t\t<\/div>\n\t\t\t\t\t<\/div>\n\t\t<\/section>\n\t\t\t\t<section class=\"elementor-section elementor-top-section elementor-element elementor-element-6183378 elementor-section-boxed elementor-section-height-default elementor-section-height-default\" data-id=\"6183378\" data-element_type=\"section\">\n\t\t\t\t\t\t<div class=\"elementor-container elementor-column-gap-default\">\n\t\t\t\t\t<div class=\"elementor-column elementor-col-100 elementor-top-column elementor-element elementor-element-eab7c12\" data-id=\"eab7c12\" data-element_type=\"column\">\n\t\t\t<div class=\"elementor-widget-wrap elementor-element-populated\">\n\t\t\t\t\t\t<div class=\"elementor-element elementor-element-74ad83f elementor-widget elementor-widget-text-editor\" data-id=\"74ad83f\" data-element_type=\"widget\" data-widget_type=\"text-editor.default\">\n\t\t\t\t<div class=\"elementor-widget-container\">\n\t\t\t\t\t\t\t\t\t<p><em>Toulouse M\u00e9tropole d\u00e9veloppe, dans le cadre de sa charte de Lecture publique&nbsp; son soutien \u00e0 la cr\u00e9ation litt\u00e9raire et \u00e0 la diffusion. Ainsi elle organise, chaque ann\u00e9e avec le Festival du Livre de Jeunesse Occitanie, un appel \u00e0 projets autour d\u2019une &nbsp;bourse de cr\u00e9ation dans la cat\u00e9gorie : Litt\u00e9rature jeunesse et arts de la sc\u00e8ne.&nbsp;<\/em><\/p>\t\t\t\t\t\t\t\t<\/div>\n\t\t\t\t<\/div>\n\t\t\t\t\t<\/div>\n\t\t<\/div>\n\t\t\t\t\t<\/div>\n\t\t<\/section>\n\t\t\t\t<\/div>\n\t\t","protected":false},"excerpt":{"rendered":"<p>Partir en Livre avec les communes de Toulouse M\u00e9tropole Organis\u00e9 par le Centre national du livre (CNL) sous l\u2019impulsion du minist\u00e8re de la Culture, \u00ab\u00a0Partir en Livre\u00a0\u00bb sort les livres des \u00e9tag\u00e8res pour aller \u00e0 la rencontre des jeunes publics sur leurs lieux et temps de loisirs, afin de transmettre le plaisir de lire. Une [&hellip;]<\/p>\n","protected":false},"author":2,"featured_media":0,"parent":0,"menu_order":0,"comment_status":"closed","ping_status":"closed","template":"","meta":{"site-sidebar-layout":"no-sidebar","site-content-layout":"page-builder","ast-site-content-layout":"default","site-content-style":"default","site-sidebar-style":"default","ast-global-header-display":"","ast-banner-title-visibility":"","ast-main-header-display":"","ast-hfb-above-header-display":"","ast-hfb-below-header-display":"","ast-hfb-mobile-header-display":"","site-post-title":"disabled","ast-breadcrumbs-content":"","ast-featured-img":"disabled","footer-sml-layout":"","theme-transparent-header-meta":"default","adv-header-id-meta":"","stick-header-meta":"","header-above-stick-meta":"","header-main-stick-meta":"","header-below-stick-meta":"","astra-migrate-meta-layouts":"default","ast-page-background-enabled":"default","ast-page-background-meta":{"desktop":{"background-color":"","background-image":"","background-repeat":"repeat","background-position":"center center","background-size":"auto","background-attachment":"scroll","background-type":"","background-media":"","overlay-type":"","overlay-color":"","overlay-opacity":"","overlay-gradient":""},"tablet":{"background-color":"","background-image":"","background-repeat":"repeat","background-position":"center center","background-size":"auto","background-attachment":"scroll","background-type":"","background-media":"","overlay-type":"","overlay-color":"","overlay-opacity":"","overlay-gradient":""},"mobile":{"background-color":"","background-image":"","background-repeat":"repeat","background-position":"center center","background-size":"auto","background-attachment":"scroll","background-type":"","background-media":"","overlay-type":"","overlay-color":"","overlay-opacity":"","overlay-gradient":""}},"ast-content-background-meta":{"desktop":{"background-color":"var(--ast-global-color-5)","background-image":"","background-repeat":"repeat","background-position":"center center","background-size":"auto","background-attachment":"scroll","background-type":"","background-media":"","overlay-type":"","overlay-color":"","overlay-opacity":"","overlay-gradient":""},"tablet":{"background-color":"var(--ast-global-color-5)","background-image":"","background-repeat":"repeat","background-position":"center center","background-size":"auto","background-attachment":"scroll","background-type":"","background-media":"","overlay-type":"","overlay-color":"","overlay-opacity":"","overlay-gradient":""},"mobile":{"background-color":"var(--ast-global-color-5)","background-image":"","background-repeat":"repeat","background-position":"center center","background-size":"auto","background-attachment":"scroll","background-type":"","background-media":"","overlay-type":"","overlay-color":"","overlay-opacity":"","overlay-gradient":""}},"footnotes":""},"class_list":["post-5671","page","type-page","status-publish","hentry"],"yoast_head":"<!-- This site is optimized with the Yoast SEO plugin v25.9 - https:\/\/yoast.com\/wordpress\/plugins\/seo\/ -->\n<title>Partir en livre 2022 - Festival du Livre de Jeunesse Occitanie<\/title>\n<meta name=\"robots\" content=\"index, follow, max-snippet:-1, max-image-preview:large, max-video-preview:-1\" \/>\n<link rel=\"canonical\" href=\"https:\/\/festival-livre-jeunesse.fr\/2025\/partir-en-livre-2022\/\" \/>\n<meta property=\"og:locale\" content=\"fr_FR\" \/>\n<meta property=\"og:type\" content=\"article\" \/>\n<meta property=\"og:title\" content=\"Partir en livre 2022 - Festival du Livre de Jeunesse Occitanie\" \/>\n<meta property=\"og:description\" content=\"Partir en Livre avec les communes de Toulouse M\u00e9tropole Organis\u00e9 par le Centre national du livre (CNL) sous l\u2019impulsion du minist\u00e8re de la Culture, \u00ab\u00a0Partir en Livre\u00a0\u00bb sort les livres des \u00e9tag\u00e8res pour aller \u00e0 la rencontre des jeunes publics sur leurs lieux et temps de loisirs, afin de transmettre le plaisir de lire. Une [&hellip;]\" \/>\n<meta property=\"og:url\" content=\"https:\/\/festival-livre-jeunesse.fr\/2025\/partir-en-livre-2022\/\" \/>\n<meta property=\"og:site_name\" content=\"Festival du Livre de Jeunesse Occitanie\" \/>\n<meta property=\"article:publisher\" content=\"https:\/\/www.facebook.com\/FestivalLivreJeunesseOccitanie\" \/>\n<meta property=\"article:modified_time\" content=\"2022-11-06T21:25:59+00:00\" \/>\n<meta property=\"og:image\" content=\"https:\/\/festival-livre-jeunesse.fr\/2023\/wp-content\/uploads\/2022\/05\/vignette-site-Internet-Affiche-PEL22.jpg\" \/>\n<meta name=\"twitter:card\" content=\"summary_large_image\" \/>\n<meta name=\"twitter:site\" content=\"@FljOccitanie\" \/>\n<meta name=\"twitter:label1\" content=\"Dur\u00e9e de lecture estim\u00e9e\" \/>\n\t<meta name=\"twitter:data1\" content=\"2 minutes\" \/>\n<script type=\"application\/ld+json\" class=\"yoast-schema-graph\">{\"@context\":\"https:\/\/schema.org\",\"@graph\":[{\"@type\":\"WebPage\",\"@id\":\"https:\/\/festival-livre-jeunesse.fr\/2025\/partir-en-livre-2022\/\",\"url\":\"https:\/\/festival-livre-jeunesse.fr\/2025\/partir-en-livre-2022\/\",\"name\":\"Partir en livre 2022 - Festival du Livre de Jeunesse Occitanie\",\"isPartOf\":{\"@id\":\"https:\/\/festival-livre-jeunesse.fr\/2025\/#website\"},\"primaryImageOfPage\":{\"@id\":\"https:\/\/festival-livre-jeunesse.fr\/2025\/partir-en-livre-2022\/#primaryimage\"},\"image\":{\"@id\":\"https:\/\/festival-livre-jeunesse.fr\/2025\/partir-en-livre-2022\/#primaryimage\"},\"thumbnailUrl\":\"https:\/\/festival-livre-jeunesse.fr\/2023\/wp-content\/uploads\/2022\/05\/vignette-site-Internet-Affiche-PEL22.jpg\",\"datePublished\":\"2021-11-26T10:02:08+00:00\",\"dateModified\":\"2022-11-06T21:25:59+00:00\",\"breadcrumb\":{\"@id\":\"https:\/\/festival-livre-jeunesse.fr\/2025\/partir-en-livre-2022\/#breadcrumb\"},\"inLanguage\":\"fr-FR\",\"potentialAction\":[{\"@type\":\"ReadAction\",\"target\":[\"https:\/\/festival-livre-jeunesse.fr\/2025\/partir-en-livre-2022\/\"]}]},{\"@type\":\"ImageObject\",\"inLanguage\":\"fr-FR\",\"@id\":\"https:\/\/festival-livre-jeunesse.fr\/2025\/partir-en-livre-2022\/#primaryimage\",\"url\":\"https:\/\/festival-livre-jeunesse.fr\/2023\/wp-content\/uploads\/2022\/05\/vignette-site-Internet-Affiche-PEL22.jpg\",\"contentUrl\":\"https:\/\/festival-livre-jeunesse.fr\/2023\/wp-content\/uploads\/2022\/05\/vignette-site-Internet-Affiche-PEL22.jpg\"},{\"@type\":\"BreadcrumbList\",\"@id\":\"https:\/\/festival-livre-jeunesse.fr\/2025\/partir-en-livre-2022\/#breadcrumb\",\"itemListElement\":[{\"@type\":\"ListItem\",\"position\":1,\"name\":\"Accueil\",\"item\":\"https:\/\/festival-livre-jeunesse.fr\/2025\/\"},{\"@type\":\"ListItem\",\"position\":2,\"name\":\"Partir en livre 2022\"}]},{\"@type\":\"WebSite\",\"@id\":\"https:\/\/festival-livre-jeunesse.fr\/2025\/#website\",\"url\":\"https:\/\/festival-livre-jeunesse.fr\/2025\/\",\"name\":\"Festival du Livre de Jeunesse Occitanie\",\"description\":\"23\u00e8me \u00e9dition - janvier 2025\",\"publisher\":{\"@id\":\"https:\/\/festival-livre-jeunesse.fr\/2025\/#organization\"},\"potentialAction\":[{\"@type\":\"SearchAction\",\"target\":{\"@type\":\"EntryPoint\",\"urlTemplate\":\"https:\/\/festival-livre-jeunesse.fr\/2025\/?s={search_term_string}\"},\"query-input\":{\"@type\":\"PropertyValueSpecification\",\"valueRequired\":true,\"valueName\":\"search_term_string\"}}],\"inLanguage\":\"fr-FR\"},{\"@type\":\"Organization\",\"@id\":\"https:\/\/festival-livre-jeunesse.fr\/2025\/#organization\",\"name\":\"festival livre jeunesse occitanie\",\"url\":\"https:\/\/festival-livre-jeunesse.fr\/2025\/\",\"logo\":{\"@type\":\"ImageObject\",\"inLanguage\":\"fr-FR\",\"@id\":\"https:\/\/festival-livre-jeunesse.fr\/2025\/#\/schema\/logo\/image\/\",\"url\":\"https:\/\/festival-livre-jeunesse.fr\/2025\/wp-content\/uploads\/2021\/05\/Logo-FLJ-petit.png\",\"contentUrl\":\"https:\/\/festival-livre-jeunesse.fr\/2025\/wp-content\/uploads\/2021\/05\/Logo-FLJ-petit.png\",\"width\":204,\"height\":200,\"caption\":\"festival livre jeunesse occitanie\"},\"image\":{\"@id\":\"https:\/\/festival-livre-jeunesse.fr\/2025\/#\/schema\/logo\/image\/\"},\"sameAs\":[\"https:\/\/www.facebook.com\/FestivalLivreJeunesseOccitanie\",\"https:\/\/x.com\/FljOccitanie\"]}]}<\/script>\n<!-- \/ Yoast SEO plugin. -->","yoast_head_json":{"title":"Partir en livre 2022 - Festival du Livre de Jeunesse Occitanie","robots":{"index":"index","follow":"follow","max-snippet":"max-snippet:-1","max-image-preview":"max-image-preview:large","max-video-preview":"max-video-preview:-1"},"canonical":"https:\/\/festival-livre-jeunesse.fr\/2025\/partir-en-livre-2022\/","og_locale":"fr_FR","og_type":"article","og_title":"Partir en livre 2022 - Festival du Livre de Jeunesse Occitanie","og_description":"Partir en Livre avec les communes de Toulouse M\u00e9tropole Organis\u00e9 par le Centre national du livre (CNL) sous l\u2019impulsion du minist\u00e8re de la Culture, \u00ab\u00a0Partir en Livre\u00a0\u00bb sort les livres des \u00e9tag\u00e8res pour aller \u00e0 la rencontre des jeunes publics sur leurs lieux et temps de loisirs, afin de transmettre le plaisir de lire. Une [&hellip;]","og_url":"https:\/\/festival-livre-jeunesse.fr\/2025\/partir-en-livre-2022\/","og_site_name":"Festival du Livre de Jeunesse Occitanie","article_publisher":"https:\/\/www.facebook.com\/FestivalLivreJeunesseOccitanie","article_modified_time":"2022-11-06T21:25:59+00:00","og_image":[{"url":"https:\/\/festival-livre-jeunesse.fr\/2023\/wp-content\/uploads\/2022\/05\/vignette-site-Internet-Affiche-PEL22.jpg","type":"","width":"","height":""}],"twitter_card":"summary_large_image","twitter_site":"@FljOccitanie","twitter_misc":{"Dur\u00e9e de lecture estim\u00e9e":"2 minutes"},"schema":{"@context":"https:\/\/schema.org","@graph":[{"@type":"WebPage","@id":"https:\/\/festival-livre-jeunesse.fr\/2025\/partir-en-livre-2022\/","url":"https:\/\/festival-livre-jeunesse.fr\/2025\/partir-en-livre-2022\/","name":"Partir en livre 2022 - Festival du Livre de Jeunesse Occitanie","isPartOf":{"@id":"https:\/\/festival-livre-jeunesse.fr\/2025\/#website"},"primaryImageOfPage":{"@id":"https:\/\/festival-livre-jeunesse.fr\/2025\/partir-en-livre-2022\/#primaryimage"},"image":{"@id":"https:\/\/festival-livre-jeunesse.fr\/2025\/partir-en-livre-2022\/#primaryimage"},"thumbnailUrl":"https:\/\/festival-livre-jeunesse.fr\/2023\/wp-content\/uploads\/2022\/05\/vignette-site-Internet-Affiche-PEL22.jpg","datePublished":"2021-11-26T10:02:08+00:00","dateModified":"2022-11-06T21:25:59+00:00","breadcrumb":{"@id":"https:\/\/festival-livre-jeunesse.fr\/2025\/partir-en-livre-2022\/#breadcrumb"},"inLanguage":"fr-FR","potentialAction":[{"@type":"ReadAction","target":["https:\/\/festival-livre-jeunesse.fr\/2025\/partir-en-livre-2022\/"]}]},{"@type":"ImageObject","inLanguage":"fr-FR","@id":"https:\/\/festival-livre-jeunesse.fr\/2025\/partir-en-livre-2022\/#primaryimage","url":"https:\/\/festival-livre-jeunesse.fr\/2023\/wp-content\/uploads\/2022\/05\/vignette-site-Internet-Affiche-PEL22.jpg","contentUrl":"https:\/\/festival-livre-jeunesse.fr\/2023\/wp-content\/uploads\/2022\/05\/vignette-site-Internet-Affiche-PEL22.jpg"},{"@type":"BreadcrumbList","@id":"https:\/\/festival-livre-jeunesse.fr\/2025\/partir-en-livre-2022\/#breadcrumb","itemListElement":[{"@type":"ListItem","position":1,"name":"Accueil","item":"https:\/\/festival-livre-jeunesse.fr\/2025\/"},{"@type":"ListItem","position":2,"name":"Partir en livre 2022"}]},{"@type":"WebSite","@id":"https:\/\/festival-livre-jeunesse.fr\/2025\/#website","url":"https:\/\/festival-livre-jeunesse.fr\/2025\/","name":"Festival du Livre de Jeunesse Occitanie","description":"23\u00e8me \u00e9dition - janvier 2025","publisher":{"@id":"https:\/\/festival-livre-jeunesse.fr\/2025\/#organization"},"potentialAction":[{"@type":"SearchAction","target":{"@type":"EntryPoint","urlTemplate":"https:\/\/festival-livre-jeunesse.fr\/2025\/?s={search_term_string}"},"query-input":{"@type":"PropertyValueSpecification","valueRequired":true,"valueName":"search_term_string"}}],"inLanguage":"fr-FR"},{"@type":"Organization","@id":"https:\/\/festival-livre-jeunesse.fr\/2025\/#organization","name":"festival livre jeunesse occitanie","url":"https:\/\/festival-livre-jeunesse.fr\/2025\/","logo":{"@type":"ImageObject","inLanguage":"fr-FR","@id":"https:\/\/festival-livre-jeunesse.fr\/2025\/#\/schema\/logo\/image\/","url":"https:\/\/festival-livre-jeunesse.fr\/2025\/wp-content\/uploads\/2021\/05\/Logo-FLJ-petit.png","contentUrl":"https:\/\/festival-livre-jeunesse.fr\/2025\/wp-content\/uploads\/2021\/05\/Logo-FLJ-petit.png","width":204,"height":200,"caption":"festival livre jeunesse occitanie"},"image":{"@id":"https:\/\/festival-livre-jeunesse.fr\/2025\/#\/schema\/logo\/image\/"},"sameAs":["https:\/\/www.facebook.com\/FestivalLivreJeunesseOccitanie","https:\/\/x.com\/FljOccitanie"]}]}},"_links":{"self":[{"href":"https:\/\/festival-livre-jeunesse.fr\/2025\/wp-json\/wp\/v2\/pages\/5671","targetHints":{"allow":["GET"]}}],"collection":[{"href":"https:\/\/festival-livre-jeunesse.fr\/2025\/wp-json\/wp\/v2\/pages"}],"about":[{"href":"https:\/\/festival-livre-jeunesse.fr\/2025\/wp-json\/wp\/v2\/types\/page"}],"author":[{"embeddable":true,"href":"https:\/\/festival-livre-jeunesse.fr\/2025\/wp-json\/wp\/v2\/users\/2"}],"replies":[{"embeddable":true,"href":"https:\/\/festival-livre-jeunesse.fr\/2025\/wp-json\/wp\/v2\/comments?post=5671"}],"version-history":[{"count":133,"href":"https:\/\/festival-livre-jeunesse.fr\/2025\/wp-json\/wp\/v2\/pages\/5671\/revisions"}],"predecessor-version":[{"id":10819,"href":"https:\/\/festival-livre-jeunesse.fr\/2025\/wp-json\/wp\/v2\/pages\/5671\/revisions\/10819"}],"wp:attachment":[{"href":"https:\/\/festival-livre-jeunesse.fr\/2025\/wp-json\/wp\/v2\/media?parent=5671"}],"curies":[{"name":"wp","href":"https:\/\/api.w.org\/{rel}","templated":true}]}}