{"id":6161,"date":"2021-11-26T23:33:46","date_gmt":"2021-11-26T22:33:46","guid":{"rendered":"https:\/\/festival-livre-jeunesse.fr\/2022\/?page_id=6161"},"modified":"2022-10-17T21:39:21","modified_gmt":"2022-10-17T19:39:21","slug":"stephane-servant-3","status":"publish","type":"page","link":"https:\/\/festival-livre-jeunesse.fr\/2025\/stephane-servant-3\/","title":{"rendered":"St\u00e9phane Servant"},"content":{"rendered":"\t\t<div data-elementor-type=\"wp-page\" data-elementor-id=\"6161\" class=\"elementor elementor-6161\">\n\t\t\t\t\t\t<section class=\"elementor-section elementor-top-section elementor-element elementor-element-c05c867 elementor-section-boxed elementor-section-height-default elementor-section-height-default\" data-id=\"c05c867\" data-element_type=\"section\">\n\t\t\t\t\t\t<div class=\"elementor-container elementor-column-gap-default\">\n\t\t\t\t\t<div class=\"elementor-column elementor-col-33 elementor-top-column elementor-element elementor-element-26beb00\" data-id=\"26beb00\" data-element_type=\"column\">\n\t\t\t<div class=\"elementor-widget-wrap\">\n\t\t\t\t\t\t\t<\/div>\n\t\t<\/div>\n\t\t\t\t<div class=\"elementor-column elementor-col-33 elementor-top-column elementor-element elementor-element-b6f506a\" data-id=\"b6f506a\" data-element_type=\"column\" data-settings=\"{&quot;background_background&quot;:&quot;classic&quot;}\">\n\t\t\t<div class=\"elementor-widget-wrap elementor-element-populated\">\n\t\t\t\t\t\t<div class=\"elementor-element elementor-element-2726296 elementor-widget elementor-widget-heading\" data-id=\"2726296\" data-element_type=\"widget\" data-widget_type=\"heading.default\">\n\t\t\t\t<div class=\"elementor-widget-container\">\n\t\t\t\t\t<h1 class=\"elementor-heading-title elementor-size-default\">St\u00e9phane SERVANT<\/h1>\t\t\t\t<\/div>\n\t\t\t\t<\/div>\n\t\t\t\t<section class=\"elementor-section elementor-inner-section elementor-element elementor-element-771f3dc elementor-section-boxed elementor-section-height-default elementor-section-height-default\" data-id=\"771f3dc\" data-element_type=\"section\">\n\t\t\t\t\t\t<div class=\"elementor-container elementor-column-gap-default\">\n\t\t\t\t\t<div class=\"elementor-column elementor-col-50 elementor-inner-column elementor-element elementor-element-0876feb\" data-id=\"0876feb\" data-element_type=\"column\">\n\t\t\t<div class=\"elementor-widget-wrap elementor-element-populated\">\n\t\t\t\t\t\t<div class=\"elementor-element elementor-element-f5c6491 elementor-widget elementor-widget-image\" data-id=\"f5c6491\" data-element_type=\"widget\" data-widget_type=\"image.default\">\n\t\t\t\t<div class=\"elementor-widget-container\">\n\t\t\t\t\t\t\t\t\t\t\t\t\t\t\t\t<a href=\"http:\/\/stephaneservant.over-blog.com\">\n\t\t\t\t\t\t\t<img fetchpriority=\"high\" decoding=\"async\" width=\"253\" height=\"300\" src=\"https:\/\/festival-livre-jeunesse.fr\/2025\/wp-content\/uploads\/2021\/11\/Stephane-Servant-253x300.jpg\" class=\"attachment-medium size-medium wp-image-5380\" alt=\"\" srcset=\"https:\/\/festival-livre-jeunesse.fr\/2025\/wp-content\/uploads\/2021\/11\/Stephane-Servant-253x300.jpg 253w, https:\/\/festival-livre-jeunesse.fr\/2025\/wp-content\/uploads\/2021\/11\/Stephane-Servant.jpg 320w\" sizes=\"(max-width: 253px) 100vw, 253px\" \/>\t\t\t\t\t\t\t\t<\/a>\n\t\t\t\t\t\t\t\t\t\t\t\t\t\t\t<\/div>\n\t\t\t\t<\/div>\n\t\t\t\t\t<\/div>\n\t\t<\/div>\n\t\t\t\t<div class=\"elementor-column elementor-col-50 elementor-inner-column elementor-element elementor-element-302b279\" data-id=\"302b279\" data-element_type=\"column\">\n\t\t\t<div class=\"elementor-widget-wrap elementor-element-populated\">\n\t\t\t\t\t\t<div class=\"elementor-element elementor-element-98082eb elementor-widget elementor-widget-text-editor\" data-id=\"98082eb\" data-element_type=\"widget\" data-widget_type=\"text-editor.default\">\n\t\t\t\t<div class=\"elementor-widget-container\">\n\t\t\t\t\t\t\t\t\t<p>St\u00e9phane Servant est n\u00e9 et a grandi \u00e0\u00a0Carcassonne. Il a suivi des \u00e9tudes de litt\u00e9rature anglophone<sup id=\"cite_ref-3\" class=\"reference\"><\/sup>, puis a \u00e9t\u00e9 intervenant artistique dans le milieu scolaire<sup id=\"cite_ref-4\" class=\"reference\"><\/sup>. Il vit dans le d\u00e9partement de l&rsquo;Aude.<\/p><p>Il publie ses premiers ouvrages jeunesse en 2007, dont l&rsquo;un de ses plus c\u00e9l\u00e8bres,\u00a0<i>Le Machin<\/i>, illustr\u00e9 par\u00a0C\u00e9cile Bonbon.<\/p><p>Il a \u00e9crit plusieurs dizaines d&rsquo;ouvrages, romans ou albums illustr\u00e9s, et il est publi\u00e9 par de nombreux \u00e9diteurs jeunesse r\u00e9put\u00e9s, dont les\u00a0\u00e9ditions du Rouergue, les\u00a0\u00e9ditions Thierry Magnier, Gallimard Jeunesse,\u00a0Actes sud\u00a0junior ou\u00a0Rue du monde.<\/p><p>Ses textes en albums jeunesse sont illustr\u00e9s par de multiples illustrateurs reconnus, dont\u00a0Anne Montel,\u00a0Beno\u00eet Morel,\u00a0Ilya Green<sup id=\"cite_ref-masquebnf_5-0\" class=\"reference\"><a href=\"https:\/\/fr.wikipedia.org\/wiki\/St%C3%A9phane_Servant#cite_note-masquebnf-5\">5<\/a><\/sup>,\u00a0Emmanuelle Houdart\u00a0ou\u00a0R\u00e9becca Dautremer<sup id=\"cite_ref-cavaleactualitte_6-0\" class=\"reference\"><a href=\"https:\/\/fr.wikipedia.org\/wiki\/St%C3%A9phane_Servant#cite_note-cavaleactualitte-6\">6<\/a><\/sup>.<\/p><p>Il est r\u00e9compens\u00e9 par plusieurs prix, dont le\u00a0Prix des incorruptibles\u00a0en 2013<sup id=\"cite_ref-inco_7-0\" class=\"reference\"><\/sup>\u00a0pour\u00a0<i>La Culotte du loup<\/i>\u00a0illustr\u00e9 par Laetitia Le Saux, ou le\u00a0Prix Sorci\u00e8res\u00a0en 2018<sup id=\"cite_ref-sorcieres2018_8-0\" class=\"reference\"><\/sup>\u00a0pour\u00a0<i>Sirius<\/i>.<\/p>\t\t\t\t\t\t\t\t<\/div>\n\t\t\t\t<\/div>\n\t\t\t\t\t<\/div>\n\t\t<\/div>\n\t\t\t\t\t<\/div>\n\t\t<\/section>\n\t\t\t\t<section class=\"elementor-section elementor-inner-section elementor-element elementor-element-2872510 elementor-section-boxed elementor-section-height-default elementor-section-height-default\" data-id=\"2872510\" data-element_type=\"section\">\n\t\t\t\t\t\t<div class=\"elementor-container elementor-column-gap-default\">\n\t\t\t\t\t<div class=\"elementor-column elementor-col-50 elementor-inner-column elementor-element elementor-element-86cce06\" data-id=\"86cce06\" data-element_type=\"column\">\n\t\t\t<div class=\"elementor-widget-wrap\">\n\t\t\t\t\t\t\t<\/div>\n\t\t<\/div>\n\t\t\t\t<div class=\"elementor-column elementor-col-50 elementor-inner-column elementor-element elementor-element-3b67f52\" data-id=\"3b67f52\" data-element_type=\"column\">\n\t\t\t<div class=\"elementor-widget-wrap elementor-element-populated\">\n\t\t\t\t\t\t<div class=\"elementor-element elementor-element-f969468 elementor-align-left elementor-widget elementor-widget-button\" data-id=\"f969468\" data-element_type=\"widget\" data-widget_type=\"button.default\">\n\t\t\t\t<div class=\"elementor-widget-container\">\n\t\t\t\t\t\t\t\t\t<div class=\"elementor-button-wrapper\">\n\t\t\t\t\t<a class=\"elementor-button elementor-button-link elementor-size-sm\" href=\"https:\/\/www.ricochet-jeunes.org\/auteurs\/bibliographie\/328765\">\n\t\t\t\t\t\t<span class=\"elementor-button-content-wrapper\">\n\t\t\t\t\t\t\t\t\t<span class=\"elementor-button-text\">En savoir plus<\/span>\n\t\t\t\t\t<\/span>\n\t\t\t\t\t<\/a>\n\t\t\t\t<\/div>\n\t\t\t\t\t\t\t\t<\/div>\n\t\t\t\t<\/div>\n\t\t\t\t\t<\/div>\n\t\t<\/div>\n\t\t\t\t\t<\/div>\n\t\t<\/section>\n\t\t\t\t\t<\/div>\n\t\t<\/div>\n\t\t\t\t<div class=\"elementor-column elementor-col-33 elementor-top-column elementor-element elementor-element-91fd02a\" data-id=\"91fd02a\" data-element_type=\"column\">\n\t\t\t<div class=\"elementor-widget-wrap\">\n\t\t\t\t\t\t\t<\/div>\n\t\t<\/div>\n\t\t\t\t\t<\/div>\n\t\t<\/section>\n\t\t\t\t<section class=\"elementor-section elementor-top-section elementor-element elementor-element-3f33f4b elementor-section-boxed elementor-section-height-default elementor-section-height-default\" data-id=\"3f33f4b\" data-element_type=\"section\">\n\t\t\t\t\t\t<div class=\"elementor-container elementor-column-gap-default\">\n\t\t\t\t\t<div class=\"elementor-column elementor-col-100 elementor-top-column elementor-element elementor-element-8a12408\" data-id=\"8a12408\" data-element_type=\"column\">\n\t\t\t<div class=\"elementor-widget-wrap elementor-element-populated\">\n\t\t\t\t\t\t<div class=\"elementor-element elementor-element-f471928 elementor-widget elementor-widget-spacer\" data-id=\"f471928\" data-element_type=\"widget\" data-widget_type=\"spacer.default\">\n\t\t\t\t<div class=\"elementor-widget-container\">\n\t\t\t\t\t\t\t<div class=\"elementor-spacer\">\n\t\t\t<div class=\"elementor-spacer-inner\"><\/div>\n\t\t<\/div>\n\t\t\t\t\t\t<\/div>\n\t\t\t\t<\/div>\n\t\t\t\t\t<\/div>\n\t\t<\/div>\n\t\t\t\t\t<\/div>\n\t\t<\/section>\n\t\t\t\t<\/div>\n\t\t","protected":false},"excerpt":{"rendered":"<p>St\u00e9phane SERVANT St\u00e9phane Servant est n\u00e9 et a grandi \u00e0\u00a0Carcassonne. Il a suivi des \u00e9tudes de litt\u00e9rature anglophone, puis a \u00e9t\u00e9 intervenant artistique dans le milieu scolaire. Il vit dans le d\u00e9partement de l&rsquo;Aude. Il publie ses premiers ouvrages jeunesse en 2007, dont l&rsquo;un de ses plus c\u00e9l\u00e8bres,\u00a0Le Machin, illustr\u00e9 par\u00a0C\u00e9cile Bonbon. Il a \u00e9crit [&hellip;]<\/p>\n","protected":false},"author":1,"featured_media":0,"parent":0,"menu_order":0,"comment_status":"closed","ping_status":"closed","template":"","meta":{"site-sidebar-layout":"no-sidebar","site-content-layout":"page-builder","ast-site-content-layout":"default","site-content-style":"default","site-sidebar-style":"default","ast-global-header-display":"","ast-banner-title-visibility":"","ast-main-header-display":"","ast-hfb-above-header-display":"","ast-hfb-below-header-display":"","ast-hfb-mobile-header-display":"","site-post-title":"disabled","ast-breadcrumbs-content":"","ast-featured-img":"disabled","footer-sml-layout":"","theme-transparent-header-meta":"default","adv-header-id-meta":"","stick-header-meta":"","header-above-stick-meta":"","header-main-stick-meta":"","header-below-stick-meta":"","astra-migrate-meta-layouts":"default","ast-page-background-enabled":"default","ast-page-background-meta":{"desktop":{"background-color":"","background-image":"","background-repeat":"repeat","background-position":"center center","background-size":"auto","background-attachment":"scroll","background-type":"","background-media":"","overlay-type":"","overlay-color":"","overlay-opacity":"","overlay-gradient":""},"tablet":{"background-color":"","background-image":"","background-repeat":"repeat","background-position":"center center","background-size":"auto","background-attachment":"scroll","background-type":"","background-media":"","overlay-type":"","overlay-color":"","overlay-opacity":"","overlay-gradient":""},"mobile":{"background-color":"","background-image":"","background-repeat":"repeat","background-position":"center center","background-size":"auto","background-attachment":"scroll","background-type":"","background-media":"","overlay-type":"","overlay-color":"","overlay-opacity":"","overlay-gradient":""}},"ast-content-background-meta":{"desktop":{"background-color":"var(--ast-global-color-5)","background-image":"","background-repeat":"repeat","background-position":"center center","background-size":"auto","background-attachment":"scroll","background-type":"","background-media":"","overlay-type":"","overlay-color":"","overlay-opacity":"","overlay-gradient":""},"tablet":{"background-color":"var(--ast-global-color-5)","background-image":"","background-repeat":"repeat","background-position":"center center","background-size":"auto","background-attachment":"scroll","background-type":"","background-media":"","overlay-type":"","overlay-color":"","overlay-opacity":"","overlay-gradient":""},"mobile":{"background-color":"var(--ast-global-color-5)","background-image":"","background-repeat":"repeat","background-position":"center center","background-size":"auto","background-attachment":"scroll","background-type":"","background-media":"","overlay-type":"","overlay-color":"","overlay-opacity":"","overlay-gradient":""}},"footnotes":""},"class_list":["post-6161","page","type-page","status-publish","hentry"],"yoast_head":"<!-- This site is optimized with the Yoast SEO plugin v25.9 - https:\/\/yoast.com\/wordpress\/plugins\/seo\/ -->\n<title>St\u00e9phane Servant - Festival du Livre de Jeunesse Occitanie<\/title>\n<meta name=\"robots\" content=\"index, follow, max-snippet:-1, max-image-preview:large, max-video-preview:-1\" \/>\n<link rel=\"canonical\" href=\"https:\/\/festival-livre-jeunesse.fr\/2025\/stephane-servant-3\/\" \/>\n<meta property=\"og:locale\" content=\"fr_FR\" \/>\n<meta property=\"og:type\" content=\"article\" \/>\n<meta property=\"og:title\" content=\"St\u00e9phane Servant - Festival du Livre de Jeunesse Occitanie\" \/>\n<meta property=\"og:description\" content=\"St\u00e9phane SERVANT St\u00e9phane Servant est n\u00e9 et a grandi \u00e0\u00a0Carcassonne. Il a suivi des \u00e9tudes de litt\u00e9rature anglophone, puis a \u00e9t\u00e9 intervenant artistique dans le milieu scolaire. Il vit dans le d\u00e9partement de l&rsquo;Aude. Il publie ses premiers ouvrages jeunesse en 2007, dont l&rsquo;un de ses plus c\u00e9l\u00e8bres,\u00a0Le Machin, illustr\u00e9 par\u00a0C\u00e9cile Bonbon. Il a \u00e9crit [&hellip;]\" \/>\n<meta property=\"og:url\" content=\"https:\/\/festival-livre-jeunesse.fr\/2025\/stephane-servant-3\/\" \/>\n<meta property=\"og:site_name\" content=\"Festival du Livre de Jeunesse Occitanie\" \/>\n<meta property=\"article:publisher\" content=\"https:\/\/www.facebook.com\/FestivalLivreJeunesseOccitanie\" \/>\n<meta property=\"article:modified_time\" content=\"2022-10-17T19:39:21+00:00\" \/>\n<meta property=\"og:image\" content=\"https:\/\/festival-livre-jeunesse.fr\/2023\/wp-content\/uploads\/2021\/11\/Stephane-Servant-253x300.jpg\" \/>\n<meta name=\"twitter:card\" content=\"summary_large_image\" \/>\n<meta name=\"twitter:site\" content=\"@FljOccitanie\" \/>\n<meta name=\"twitter:label1\" content=\"Dur\u00e9e de lecture estim\u00e9e\" \/>\n\t<meta name=\"twitter:data1\" content=\"1 minute\" \/>\n<script type=\"application\/ld+json\" class=\"yoast-schema-graph\">{\"@context\":\"https:\/\/schema.org\",\"@graph\":[{\"@type\":\"WebPage\",\"@id\":\"https:\/\/festival-livre-jeunesse.fr\/2025\/stephane-servant-3\/\",\"url\":\"https:\/\/festival-livre-jeunesse.fr\/2025\/stephane-servant-3\/\",\"name\":\"St\u00e9phane Servant - Festival du Livre de Jeunesse Occitanie\",\"isPartOf\":{\"@id\":\"https:\/\/festival-livre-jeunesse.fr\/2025\/#website\"},\"primaryImageOfPage\":{\"@id\":\"https:\/\/festival-livre-jeunesse.fr\/2025\/stephane-servant-3\/#primaryimage\"},\"image\":{\"@id\":\"https:\/\/festival-livre-jeunesse.fr\/2025\/stephane-servant-3\/#primaryimage\"},\"thumbnailUrl\":\"https:\/\/festival-livre-jeunesse.fr\/2023\/wp-content\/uploads\/2021\/11\/Stephane-Servant-253x300.jpg\",\"datePublished\":\"2021-11-26T22:33:46+00:00\",\"dateModified\":\"2022-10-17T19:39:21+00:00\",\"breadcrumb\":{\"@id\":\"https:\/\/festival-livre-jeunesse.fr\/2025\/stephane-servant-3\/#breadcrumb\"},\"inLanguage\":\"fr-FR\",\"potentialAction\":[{\"@type\":\"ReadAction\",\"target\":[\"https:\/\/festival-livre-jeunesse.fr\/2025\/stephane-servant-3\/\"]}]},{\"@type\":\"ImageObject\",\"inLanguage\":\"fr-FR\",\"@id\":\"https:\/\/festival-livre-jeunesse.fr\/2025\/stephane-servant-3\/#primaryimage\",\"url\":\"https:\/\/festival-livre-jeunesse.fr\/2023\/wp-content\/uploads\/2021\/11\/Stephane-Servant-253x300.jpg\",\"contentUrl\":\"https:\/\/festival-livre-jeunesse.fr\/2023\/wp-content\/uploads\/2021\/11\/Stephane-Servant-253x300.jpg\"},{\"@type\":\"BreadcrumbList\",\"@id\":\"https:\/\/festival-livre-jeunesse.fr\/2025\/stephane-servant-3\/#breadcrumb\",\"itemListElement\":[{\"@type\":\"ListItem\",\"position\":1,\"name\":\"Accueil\",\"item\":\"https:\/\/festival-livre-jeunesse.fr\/2025\/\"},{\"@type\":\"ListItem\",\"position\":2,\"name\":\"St\u00e9phane Servant\"}]},{\"@type\":\"WebSite\",\"@id\":\"https:\/\/festival-livre-jeunesse.fr\/2025\/#website\",\"url\":\"https:\/\/festival-livre-jeunesse.fr\/2025\/\",\"name\":\"Festival du Livre de Jeunesse Occitanie\",\"description\":\"23\u00e8me \u00e9dition - janvier 2025\",\"publisher\":{\"@id\":\"https:\/\/festival-livre-jeunesse.fr\/2025\/#organization\"},\"potentialAction\":[{\"@type\":\"SearchAction\",\"target\":{\"@type\":\"EntryPoint\",\"urlTemplate\":\"https:\/\/festival-livre-jeunesse.fr\/2025\/?s={search_term_string}\"},\"query-input\":{\"@type\":\"PropertyValueSpecification\",\"valueRequired\":true,\"valueName\":\"search_term_string\"}}],\"inLanguage\":\"fr-FR\"},{\"@type\":\"Organization\",\"@id\":\"https:\/\/festival-livre-jeunesse.fr\/2025\/#organization\",\"name\":\"festival livre jeunesse occitanie\",\"url\":\"https:\/\/festival-livre-jeunesse.fr\/2025\/\",\"logo\":{\"@type\":\"ImageObject\",\"inLanguage\":\"fr-FR\",\"@id\":\"https:\/\/festival-livre-jeunesse.fr\/2025\/#\/schema\/logo\/image\/\",\"url\":\"https:\/\/festival-livre-jeunesse.fr\/2025\/wp-content\/uploads\/2021\/05\/Logo-FLJ-petit.png\",\"contentUrl\":\"https:\/\/festival-livre-jeunesse.fr\/2025\/wp-content\/uploads\/2021\/05\/Logo-FLJ-petit.png\",\"width\":204,\"height\":200,\"caption\":\"festival livre jeunesse occitanie\"},\"image\":{\"@id\":\"https:\/\/festival-livre-jeunesse.fr\/2025\/#\/schema\/logo\/image\/\"},\"sameAs\":[\"https:\/\/www.facebook.com\/FestivalLivreJeunesseOccitanie\",\"https:\/\/x.com\/FljOccitanie\"]}]}<\/script>\n<!-- \/ Yoast SEO plugin. -->","yoast_head_json":{"title":"St\u00e9phane Servant - Festival du Livre de Jeunesse Occitanie","robots":{"index":"index","follow":"follow","max-snippet":"max-snippet:-1","max-image-preview":"max-image-preview:large","max-video-preview":"max-video-preview:-1"},"canonical":"https:\/\/festival-livre-jeunesse.fr\/2025\/stephane-servant-3\/","og_locale":"fr_FR","og_type":"article","og_title":"St\u00e9phane Servant - Festival du Livre de Jeunesse Occitanie","og_description":"St\u00e9phane SERVANT St\u00e9phane Servant est n\u00e9 et a grandi \u00e0\u00a0Carcassonne. Il a suivi des \u00e9tudes de litt\u00e9rature anglophone, puis a \u00e9t\u00e9 intervenant artistique dans le milieu scolaire. Il vit dans le d\u00e9partement de l&rsquo;Aude. Il publie ses premiers ouvrages jeunesse en 2007, dont l&rsquo;un de ses plus c\u00e9l\u00e8bres,\u00a0Le Machin, illustr\u00e9 par\u00a0C\u00e9cile Bonbon. Il a \u00e9crit [&hellip;]","og_url":"https:\/\/festival-livre-jeunesse.fr\/2025\/stephane-servant-3\/","og_site_name":"Festival du Livre de Jeunesse Occitanie","article_publisher":"https:\/\/www.facebook.com\/FestivalLivreJeunesseOccitanie","article_modified_time":"2022-10-17T19:39:21+00:00","og_image":[{"url":"https:\/\/festival-livre-jeunesse.fr\/2023\/wp-content\/uploads\/2021\/11\/Stephane-Servant-253x300.jpg","type":"","width":"","height":""}],"twitter_card":"summary_large_image","twitter_site":"@FljOccitanie","twitter_misc":{"Dur\u00e9e de lecture estim\u00e9e":"1 minute"},"schema":{"@context":"https:\/\/schema.org","@graph":[{"@type":"WebPage","@id":"https:\/\/festival-livre-jeunesse.fr\/2025\/stephane-servant-3\/","url":"https:\/\/festival-livre-jeunesse.fr\/2025\/stephane-servant-3\/","name":"St\u00e9phane Servant - Festival du Livre de Jeunesse Occitanie","isPartOf":{"@id":"https:\/\/festival-livre-jeunesse.fr\/2025\/#website"},"primaryImageOfPage":{"@id":"https:\/\/festival-livre-jeunesse.fr\/2025\/stephane-servant-3\/#primaryimage"},"image":{"@id":"https:\/\/festival-livre-jeunesse.fr\/2025\/stephane-servant-3\/#primaryimage"},"thumbnailUrl":"https:\/\/festival-livre-jeunesse.fr\/2023\/wp-content\/uploads\/2021\/11\/Stephane-Servant-253x300.jpg","datePublished":"2021-11-26T22:33:46+00:00","dateModified":"2022-10-17T19:39:21+00:00","breadcrumb":{"@id":"https:\/\/festival-livre-jeunesse.fr\/2025\/stephane-servant-3\/#breadcrumb"},"inLanguage":"fr-FR","potentialAction":[{"@type":"ReadAction","target":["https:\/\/festival-livre-jeunesse.fr\/2025\/stephane-servant-3\/"]}]},{"@type":"ImageObject","inLanguage":"fr-FR","@id":"https:\/\/festival-livre-jeunesse.fr\/2025\/stephane-servant-3\/#primaryimage","url":"https:\/\/festival-livre-jeunesse.fr\/2023\/wp-content\/uploads\/2021\/11\/Stephane-Servant-253x300.jpg","contentUrl":"https:\/\/festival-livre-jeunesse.fr\/2023\/wp-content\/uploads\/2021\/11\/Stephane-Servant-253x300.jpg"},{"@type":"BreadcrumbList","@id":"https:\/\/festival-livre-jeunesse.fr\/2025\/stephane-servant-3\/#breadcrumb","itemListElement":[{"@type":"ListItem","position":1,"name":"Accueil","item":"https:\/\/festival-livre-jeunesse.fr\/2025\/"},{"@type":"ListItem","position":2,"name":"St\u00e9phane Servant"}]},{"@type":"WebSite","@id":"https:\/\/festival-livre-jeunesse.fr\/2025\/#website","url":"https:\/\/festival-livre-jeunesse.fr\/2025\/","name":"Festival du Livre de Jeunesse Occitanie","description":"23\u00e8me \u00e9dition - janvier 2025","publisher":{"@id":"https:\/\/festival-livre-jeunesse.fr\/2025\/#organization"},"potentialAction":[{"@type":"SearchAction","target":{"@type":"EntryPoint","urlTemplate":"https:\/\/festival-livre-jeunesse.fr\/2025\/?s={search_term_string}"},"query-input":{"@type":"PropertyValueSpecification","valueRequired":true,"valueName":"search_term_string"}}],"inLanguage":"fr-FR"},{"@type":"Organization","@id":"https:\/\/festival-livre-jeunesse.fr\/2025\/#organization","name":"festival livre jeunesse occitanie","url":"https:\/\/festival-livre-jeunesse.fr\/2025\/","logo":{"@type":"ImageObject","inLanguage":"fr-FR","@id":"https:\/\/festival-livre-jeunesse.fr\/2025\/#\/schema\/logo\/image\/","url":"https:\/\/festival-livre-jeunesse.fr\/2025\/wp-content\/uploads\/2021\/05\/Logo-FLJ-petit.png","contentUrl":"https:\/\/festival-livre-jeunesse.fr\/2025\/wp-content\/uploads\/2021\/05\/Logo-FLJ-petit.png","width":204,"height":200,"caption":"festival livre jeunesse occitanie"},"image":{"@id":"https:\/\/festival-livre-jeunesse.fr\/2025\/#\/schema\/logo\/image\/"},"sameAs":["https:\/\/www.facebook.com\/FestivalLivreJeunesseOccitanie","https:\/\/x.com\/FljOccitanie"]}]}},"_links":{"self":[{"href":"https:\/\/festival-livre-jeunesse.fr\/2025\/wp-json\/wp\/v2\/pages\/6161","targetHints":{"allow":["GET"]}}],"collection":[{"href":"https:\/\/festival-livre-jeunesse.fr\/2025\/wp-json\/wp\/v2\/pages"}],"about":[{"href":"https:\/\/festival-livre-jeunesse.fr\/2025\/wp-json\/wp\/v2\/types\/page"}],"author":[{"embeddable":true,"href":"https:\/\/festival-livre-jeunesse.fr\/2025\/wp-json\/wp\/v2\/users\/1"}],"replies":[{"embeddable":true,"href":"https:\/\/festival-livre-jeunesse.fr\/2025\/wp-json\/wp\/v2\/comments?post=6161"}],"version-history":[{"count":40,"href":"https:\/\/festival-livre-jeunesse.fr\/2025\/wp-json\/wp\/v2\/pages\/6161\/revisions"}],"predecessor-version":[{"id":10485,"href":"https:\/\/festival-livre-jeunesse.fr\/2025\/wp-json\/wp\/v2\/pages\/6161\/revisions\/10485"}],"wp:attachment":[{"href":"https:\/\/festival-livre-jeunesse.fr\/2025\/wp-json\/wp\/v2\/media?parent=6161"}],"curies":[{"name":"wp","href":"https:\/\/api.w.org\/{rel}","templated":true}]}}