{"id":7318,"date":"2022-01-04T20:09:41","date_gmt":"2022-01-04T19:09:41","guid":{"rendered":"https:\/\/festival-livre-jeunesse.fr\/2022\/?page_id=7318"},"modified":"2025-05-30T10:24:46","modified_gmt":"2025-05-30T08:24:46","slug":"universite-2","status":"publish","type":"page","link":"https:\/\/festival-livre-jeunesse.fr\/2025\/universite-2\/","title":{"rendered":"Universit\u00e9"},"content":{"rendered":"\t\t<div data-elementor-type=\"wp-page\" data-elementor-id=\"7318\" class=\"elementor elementor-7318\">\n\t\t\t\t\t\t<section class=\"elementor-section elementor-top-section elementor-element elementor-element-60142b9 elementor-section-boxed elementor-section-height-default elementor-section-height-default\" data-id=\"60142b9\" data-element_type=\"section\">\n\t\t\t\t\t\t<div class=\"elementor-container elementor-column-gap-default\">\n\t\t\t\t\t<div class=\"elementor-column elementor-col-50 elementor-top-column elementor-element elementor-element-19c169b\" data-id=\"19c169b\" data-element_type=\"column\">\n\t\t\t<div class=\"elementor-widget-wrap\">\n\t\t\t\t\t\t\t<\/div>\n\t\t<\/div>\n\t\t\t\t<div class=\"elementor-column elementor-col-50 elementor-top-column elementor-element elementor-element-a383f7b\" data-id=\"a383f7b\" data-element_type=\"column\">\n\t\t\t<div class=\"elementor-widget-wrap elementor-element-populated\">\n\t\t\t\t\t\t\t<\/div>\n\t\t<\/div>\n\t\t\t\t\t<\/div>\n\t\t<\/section>\n\t\t\t\t<section class=\"elementor-section elementor-top-section elementor-element elementor-element-142bbbbb elementor-section-boxed elementor-section-height-default elementor-section-height-default\" data-id=\"142bbbbb\" data-element_type=\"section\">\n\t\t\t\t\t\t<div class=\"elementor-container elementor-column-gap-default\">\n\t\t\t\t\t<div class=\"elementor-column elementor-col-100 elementor-top-column elementor-element elementor-element-3946205e\" data-id=\"3946205e\" data-element_type=\"column\">\n\t\t\t<div class=\"elementor-widget-wrap elementor-element-populated\">\n\t\t\t\t\t\t<div class=\"elementor-element elementor-element-59ee344 elementor-widget elementor-widget-spacer\" data-id=\"59ee344\" data-element_type=\"widget\" data-widget_type=\"spacer.default\">\n\t\t\t\t<div class=\"elementor-widget-container\">\n\t\t\t\t\t\t\t<div class=\"elementor-spacer\">\n\t\t\t<div class=\"elementor-spacer-inner\"><\/div>\n\t\t<\/div>\n\t\t\t\t\t\t<\/div>\n\t\t\t\t<\/div>\n\t\t\t\t<div class=\"elementor-element elementor-element-f93a3c9 elementor-widget elementor-widget-spacer\" data-id=\"f93a3c9\" data-element_type=\"widget\" data-widget_type=\"spacer.default\">\n\t\t\t\t<div class=\"elementor-widget-container\">\n\t\t\t\t\t\t\t<div class=\"elementor-spacer\">\n\t\t\t<div class=\"elementor-spacer-inner\"><\/div>\n\t\t<\/div>\n\t\t\t\t\t\t<\/div>\n\t\t\t\t<\/div>\n\t\t\t\t\t<\/div>\n\t\t<\/div>\n\t\t\t\t\t<\/div>\n\t\t<\/section>\n\t\t\t\t<section class=\"elementor-section elementor-top-section elementor-element elementor-element-43d5299c elementor-section-full_width elementor-section-content-middle elementor-section-height-default elementor-section-height-default\" data-id=\"43d5299c\" data-element_type=\"section\">\n\t\t\t\t\t\t<div class=\"elementor-container elementor-column-gap-no\">\n\t\t\t\t\t<div class=\"elementor-column elementor-col-50 elementor-top-column elementor-element elementor-element-3b9cdeef\" data-id=\"3b9cdeef\" data-element_type=\"column\">\n\t\t\t<div class=\"elementor-widget-wrap elementor-element-populated\">\n\t\t\t\t\t\t<div class=\"elementor-element elementor-element-7551d07c elementor-widget__width-initial elementor-widget elementor-widget-heading\" data-id=\"7551d07c\" data-element_type=\"widget\" data-widget_type=\"heading.default\">\n\t\t\t\t<div class=\"elementor-widget-container\">\n\t\t\t\t\t<h1 class=\"elementor-heading-title elementor-size-default\">La litt\u00e9rature jeunesse s'invite \u00e0 l'Universit\u00e9<\/h1>\t\t\t\t<\/div>\n\t\t\t\t<\/div>\n\t\t\t\t\t<\/div>\n\t\t<\/div>\n\t\t\t\t<div class=\"elementor-column elementor-col-50 elementor-top-column elementor-element elementor-element-43f31366\" data-id=\"43f31366\" data-element_type=\"column\">\n\t\t\t<div class=\"elementor-widget-wrap\">\n\t\t\t\t\t\t\t<\/div>\n\t\t<\/div>\n\t\t\t\t\t<\/div>\n\t\t<\/section>\n\t\t\t\t<section class=\"elementor-section elementor-top-section elementor-element elementor-element-647737d4 elementor-section-boxed elementor-section-height-default elementor-section-height-default\" data-id=\"647737d4\" data-element_type=\"section\">\n\t\t\t\t\t\t<div class=\"elementor-container elementor-column-gap-default\">\n\t\t\t\t\t<div class=\"elementor-column elementor-col-33 elementor-top-column elementor-element elementor-element-2dc930bd\" data-id=\"2dc930bd\" data-element_type=\"column\">\n\t\t\t<div class=\"elementor-widget-wrap\">\n\t\t\t\t\t\t\t<\/div>\n\t\t<\/div>\n\t\t\t\t<div class=\"elementor-column elementor-col-33 elementor-top-column elementor-element elementor-element-7df9f7f2\" data-id=\"7df9f7f2\" data-element_type=\"column\" data-settings=\"{&quot;background_background&quot;:&quot;classic&quot;}\">\n\t\t\t<div class=\"elementor-widget-wrap elementor-element-populated\">\n\t\t\t\t\t\t<div class=\"elementor-element elementor-element-24de5cca elementor-widget elementor-widget-heading\" data-id=\"24de5cca\" data-element_type=\"widget\" data-widget_type=\"heading.default\">\n\t\t\t\t<div class=\"elementor-widget-container\">\n\t\t\t\t\t<h2 class=\"elementor-heading-title elementor-size-large\">Ressources Num\u00e9riques P\u00e9dagogiques<\/h2>\t\t\t\t<\/div>\n\t\t\t\t<\/div>\n\t\t\t\t<section class=\"elementor-section elementor-inner-section elementor-element elementor-element-18a156ee elementor-section-boxed elementor-section-height-default elementor-section-height-default\" data-id=\"18a156ee\" data-element_type=\"section\">\n\t\t\t\t\t\t<div class=\"elementor-container elementor-column-gap-default\">\n\t\t\t\t\t<div class=\"elementor-column elementor-col-100 elementor-inner-column elementor-element elementor-element-45b8e723\" data-id=\"45b8e723\" data-element_type=\"column\">\n\t\t\t<div class=\"elementor-widget-wrap elementor-element-populated\">\n\t\t\t\t\t\t<div class=\"elementor-element elementor-element-7b427310 elementor-widget elementor-widget-text-editor\" data-id=\"7b427310\" data-element_type=\"widget\" data-widget_type=\"text-editor.default\">\n\t\t\t\t<div class=\"elementor-widget-container\">\n\t\t\t\t\t\t\t\t\t<p><span style=\"font-style: inherit; font-weight: inherit; text-align: justify; color: var(--ast-global-color-3);\">Le Service de documentation de l\u2019<strong>Inspe Toulouse Occitanie-Pyr\u00e9n\u00e9es (Universit\u00e9 Jean Jaur\u00e8s)<\/strong><\/span><span style=\"font-style: inherit; font-weight: inherit; text-align: justify; color: var(--ast-global-color-3);\">\u00a0 <\/span><span style=\"font-style: inherit; font-weight: inherit; text-align: justify; color: var(--ast-global-color-3);\">et le Festival du Livre de Jeunesse Occitanie sont partenaires de longue date. Chaque ann\u00e9e, une programmation autour d\u2019un.e auteur.ice, illustrateur.ice, \u00e9diteur.ice de litt\u00e9rature jeunesse est propos\u00e9e \u00e0 la biblioth\u00e8que de l\u2019Inspe sur le site de Saint Agne. En 2021, le contexte de la pand\u00e9mie et l\u2019acc\u00e8s restreint de la biblioth\u00e8que nous a amen\u00e9s \u00e0 repenser la nature et la forme de notre collaboration, ainsi que l\u2019implication des \u00e9tudiants et \u00e9tudiantes dans le projet. Nous avons souhait\u00e9 investir le champ du num\u00e9rique pour accompagner des m\u00e9diateur.ice.s du livre dans leurs pratiques professionnelles et engager un travail de r\u00e9flexion par la cr\u00e9ation d\u2019une ressource num\u00e9rique autour de l\u2019auteur ou de l&rsquo;autrice invit\u00e9.<\/span><\/p>\t\t\t\t\t\t\t\t<\/div>\n\t\t\t\t<\/div>\n\t\t\t\t\t<\/div>\n\t\t<\/div>\n\t\t\t\t\t<\/div>\n\t\t<\/section>\n\t\t\t\t<section class=\"elementor-section elementor-inner-section elementor-element elementor-element-201440ca elementor-section-boxed elementor-section-height-default elementor-section-height-default\" data-id=\"201440ca\" data-element_type=\"section\">\n\t\t\t\t\t\t<div class=\"elementor-container elementor-column-gap-default\">\n\t\t\t\t\t<div class=\"elementor-column elementor-col-100 elementor-inner-column elementor-element elementor-element-419eb932\" data-id=\"419eb932\" data-element_type=\"column\">\n\t\t\t<div class=\"elementor-widget-wrap elementor-element-populated\">\n\t\t\t\t\t\t<div class=\"elementor-element elementor-element-75a9cb63 elementor-widget elementor-widget-heading\" data-id=\"75a9cb63\" data-element_type=\"widget\" data-widget_type=\"heading.default\">\n\t\t\t\t<div class=\"elementor-widget-container\">\n\t\t\t\t\t<h2 class=\"elementor-heading-title elementor-size-default\">2024<\/h2>\t\t\t\t<\/div>\n\t\t\t\t<\/div>\n\t\t\t\t<div class=\"elementor-element elementor-element-6a652c55 elementor-widget elementor-widget-image\" data-id=\"6a652c55\" data-element_type=\"widget\" data-widget_type=\"image.default\">\n\t\t\t\t<div class=\"elementor-widget-container\">\n\t\t\t\t\t\t\t\t\t\t\t\t\t\t\t\t<a href=\"https:\/\/festival-livre-jeunesse.fr\/2025\/collections-8211-fanny-dreyer\/\">\n\t\t\t\t\t\t\t<img fetchpriority=\"high\" decoding=\"async\" width=\"500\" height=\"265\" src=\"https:\/\/festival-livre-jeunesse.fr\/2025\/wp-content\/uploads\/2024\/11\/Rencontre.jpg\" class=\"elementor-animation-rotate attachment-large size-large wp-image-19524\" alt=\"\" srcset=\"https:\/\/festival-livre-jeunesse.fr\/2025\/wp-content\/uploads\/2024\/11\/Rencontre.jpg 500w, https:\/\/festival-livre-jeunesse.fr\/2025\/wp-content\/uploads\/2024\/11\/Rencontre-300x159.jpg 300w\" sizes=\"(max-width: 500px) 100vw, 500px\" \/>\t\t\t\t\t\t\t\t<\/a>\n\t\t\t\t\t\t\t\t\t\t\t\t\t\t\t<\/div>\n\t\t\t\t<\/div>\n\t\t\t\t\t<\/div>\n\t\t<\/div>\n\t\t\t\t\t<\/div>\n\t\t<\/section>\n\t\t\t\t<section class=\"elementor-section elementor-inner-section elementor-element elementor-element-63511b2a elementor-section-boxed elementor-section-height-default elementor-section-height-default\" data-id=\"63511b2a\" data-element_type=\"section\">\n\t\t\t\t\t\t<div class=\"elementor-container elementor-column-gap-default\">\n\t\t\t\t\t<div class=\"elementor-column elementor-col-33 elementor-inner-column elementor-element elementor-element-6b109ab\" data-id=\"6b109ab\" data-element_type=\"column\">\n\t\t\t<div class=\"elementor-widget-wrap elementor-element-populated\">\n\t\t\t\t\t\t<div class=\"elementor-element elementor-element-569deec1 elementor-widget elementor-widget-heading\" data-id=\"569deec1\" data-element_type=\"widget\" data-widget_type=\"heading.default\">\n\t\t\t\t<div class=\"elementor-widget-container\">\n\t\t\t\t\t<h2 class=\"elementor-heading-title elementor-size-default\">2023<\/h2>\t\t\t\t<\/div>\n\t\t\t\t<\/div>\n\t\t\t\t<div class=\"elementor-element elementor-element-4180f02d elementor-widget elementor-widget-image\" data-id=\"4180f02d\" data-element_type=\"widget\" data-widget_type=\"image.default\">\n\t\t\t\t<div class=\"elementor-widget-container\">\n\t\t\t\t\t\t\t\t\t\t\t\t\t\t\t\t<a href=\"https:\/\/festival-livre-jeunesse.fr\/2025\/pop-up-anouck-boisrobert-et-louis-rigaud\/\">\n\t\t\t\t\t\t\t<img decoding=\"async\" width=\"948\" height=\"519\" src=\"https:\/\/festival-livre-jeunesse.fr\/2025\/wp-content\/uploads\/2023\/09\/visuel-lecture-paresseux-1024x561.png\" class=\"elementor-animation-rotate attachment-large size-large wp-image-14532\" alt=\"\" srcset=\"https:\/\/festival-livre-jeunesse.fr\/2025\/wp-content\/uploads\/2023\/09\/visuel-lecture-paresseux-1024x561.png 1024w, https:\/\/festival-livre-jeunesse.fr\/2025\/wp-content\/uploads\/2023\/09\/visuel-lecture-paresseux-300x164.png 300w, https:\/\/festival-livre-jeunesse.fr\/2025\/wp-content\/uploads\/2023\/09\/visuel-lecture-paresseux-768x421.png 768w, https:\/\/festival-livre-jeunesse.fr\/2025\/wp-content\/uploads\/2023\/09\/visuel-lecture-paresseux.png 1083w\" sizes=\"(max-width: 948px) 100vw, 948px\" \/>\t\t\t\t\t\t\t\t<\/a>\n\t\t\t\t\t\t\t\t\t\t\t\t\t\t\t<\/div>\n\t\t\t\t<\/div>\n\t\t\t\t\t<\/div>\n\t\t<\/div>\n\t\t\t\t<div class=\"elementor-column elementor-col-33 elementor-inner-column elementor-element elementor-element-46f0ea1d\" data-id=\"46f0ea1d\" data-element_type=\"column\">\n\t\t\t<div class=\"elementor-widget-wrap elementor-element-populated\">\n\t\t\t\t\t\t<div class=\"elementor-element elementor-element-1e68b6e5 elementor-widget elementor-widget-heading\" data-id=\"1e68b6e5\" data-element_type=\"widget\" data-widget_type=\"heading.default\">\n\t\t\t\t<div class=\"elementor-widget-container\">\n\t\t\t\t\t<h2 class=\"elementor-heading-title elementor-size-default\">2022<\/h2>\t\t\t\t<\/div>\n\t\t\t\t<\/div>\n\t\t\t\t<div class=\"elementor-element elementor-element-5ae8947a elementor-widget elementor-widget-image\" data-id=\"5ae8947a\" data-element_type=\"widget\" data-widget_type=\"image.default\">\n\t\t\t\t<div class=\"elementor-widget-container\">\n\t\t\t\t\t\t\t\t\t\t\t\t\t\t\t\t<a href=\"https:\/\/festival-livre-jeunesse.fr\/2024\/les-deux-geants\/\">\n\t\t\t\t\t\t\t<img decoding=\"async\" width=\"768\" height=\"512\" src=\"https:\/\/festival-livre-jeunesse.fr\/2025\/wp-content\/uploads\/2022\/05\/vignette-site-Internet-2.jpg\" class=\"elementor-animation-rotate attachment-large size-large wp-image-9090\" alt=\"\" srcset=\"https:\/\/festival-livre-jeunesse.fr\/2025\/wp-content\/uploads\/2022\/05\/vignette-site-Internet-2.jpg 768w, https:\/\/festival-livre-jeunesse.fr\/2025\/wp-content\/uploads\/2022\/05\/vignette-site-Internet-2-300x200.jpg 300w\" sizes=\"(max-width: 768px) 100vw, 768px\" \/>\t\t\t\t\t\t\t\t<\/a>\n\t\t\t\t\t\t\t\t\t\t\t\t\t\t\t<\/div>\n\t\t\t\t<\/div>\n\t\t\t\t\t<\/div>\n\t\t<\/div>\n\t\t\t\t<div class=\"elementor-column elementor-col-33 elementor-inner-column elementor-element elementor-element-132201e9\" data-id=\"132201e9\" data-element_type=\"column\">\n\t\t\t<div class=\"elementor-widget-wrap elementor-element-populated\">\n\t\t\t\t\t\t<div class=\"elementor-element elementor-element-4c5374e0 elementor-widget elementor-widget-heading\" data-id=\"4c5374e0\" data-element_type=\"widget\" data-widget_type=\"heading.default\">\n\t\t\t\t<div class=\"elementor-widget-container\">\n\t\t\t\t\t<h2 class=\"elementor-heading-title elementor-size-default\">2021<\/h2>\t\t\t\t<\/div>\n\t\t\t\t<\/div>\n\t\t\t\t<div class=\"elementor-element elementor-element-36c61358 elementor-widget elementor-widget-image\" data-id=\"36c61358\" data-element_type=\"widget\" data-widget_type=\"image.default\">\n\t\t\t\t<div class=\"elementor-widget-container\">\n\t\t\t\t\t\t\t\t\t\t\t\t\t\t\t\t<a href=\"https:\/\/festival-livre-jeunesse.fr\/2024\/ressource-numerique-pedagogique-joanna-concejo\/\">\n\t\t\t\t\t\t\t<img loading=\"lazy\" decoding=\"async\" width=\"903\" height=\"522\" src=\"https:\/\/festival-livre-jeunesse.fr\/2025\/wp-content\/uploads\/2022\/04\/ressource-j-concejo.png\" class=\"elementor-animation-rotate attachment-large size-large wp-image-8588\" alt=\"\" srcset=\"https:\/\/festival-livre-jeunesse.fr\/2025\/wp-content\/uploads\/2022\/04\/ressource-j-concejo.png 903w, https:\/\/festival-livre-jeunesse.fr\/2025\/wp-content\/uploads\/2022\/04\/ressource-j-concejo-300x173.png 300w, https:\/\/festival-livre-jeunesse.fr\/2025\/wp-content\/uploads\/2022\/04\/ressource-j-concejo-768x444.png 768w\" sizes=\"(max-width: 903px) 100vw, 903px\" \/>\t\t\t\t\t\t\t\t<\/a>\n\t\t\t\t\t\t\t\t\t\t\t\t\t\t\t<\/div>\n\t\t\t\t<\/div>\n\t\t\t\t\t<\/div>\n\t\t<\/div>\n\t\t\t\t\t<\/div>\n\t\t<\/section>\n\t\t\t\t<div class=\"elementor-element elementor-element-14ead618 elementor-widget elementor-widget-spacer\" data-id=\"14ead618\" data-element_type=\"widget\" data-widget_type=\"spacer.default\">\n\t\t\t\t<div class=\"elementor-widget-container\">\n\t\t\t\t\t\t\t<div class=\"elementor-spacer\">\n\t\t\t<div class=\"elementor-spacer-inner\"><\/div>\n\t\t<\/div>\n\t\t\t\t\t\t<\/div>\n\t\t\t\t<\/div>\n\t\t\t\t<div class=\"elementor-element elementor-element-39ffb3d8 elementor-widget-divider--view-line elementor-widget elementor-widget-divider\" data-id=\"39ffb3d8\" data-element_type=\"widget\" data-widget_type=\"divider.default\">\n\t\t\t\t<div class=\"elementor-widget-container\">\n\t\t\t\t\t\t\t<div class=\"elementor-divider\">\n\t\t\t<span class=\"elementor-divider-separator\">\n\t\t\t\t\t\t<\/span>\n\t\t<\/div>\n\t\t\t\t\t\t<\/div>\n\t\t\t\t<\/div>\n\t\t\t\t<section class=\"elementor-section elementor-inner-section elementor-element elementor-element-567b20c3 elementor-section-boxed elementor-section-height-default elementor-section-height-default\" data-id=\"567b20c3\" data-element_type=\"section\">\n\t\t\t\t\t\t<div class=\"elementor-container elementor-column-gap-default\">\n\t\t\t\t\t<div class=\"elementor-column elementor-col-100 elementor-inner-column elementor-element elementor-element-550308c4\" data-id=\"550308c4\" data-element_type=\"column\">\n\t\t\t<div class=\"elementor-widget-wrap elementor-element-populated\">\n\t\t\t\t\t\t<div class=\"elementor-element elementor-element-20f3546f elementor-widget elementor-widget-heading\" data-id=\"20f3546f\" data-element_type=\"widget\" data-widget_type=\"heading.default\">\n\t\t\t\t<div class=\"elementor-widget-container\">\n\t\t\t\t\t<h2 class=\"elementor-heading-title elementor-size-large\">Accessibilit\u00e9 en langue des signes fran\u00e7aise<\/h2>\t\t\t\t<\/div>\n\t\t\t\t<\/div>\n\t\t\t\t<div class=\"elementor-element elementor-element-4f40db55 elementor-widget elementor-widget-text-editor\" data-id=\"4f40db55\" data-element_type=\"widget\" data-widget_type=\"text-editor.default\">\n\t\t\t\t<div class=\"elementor-widget-container\">\n\t\t\t\t\t\t\t\t\t<p><span style=\"color: #000000;\">Le Festival du Livre de Jeunesse Occitanie s&rsquo;est rapproch\u00e9 du D-TIM afin de rendre une partie de ses actions autour de la promotion de la lecture et de la litt\u00e9rature jeunesse accessible aux sourd.e.s en proposant des s\u00e9ances traduites en LSF. D<span style=\"font-style: inherit; font-weight: inherit; text-align: justify;\">ans le cadre du Master Traduction, Interpr\u00e9tation et M\u00e9diation linguistique formant des Interpr\u00e8tes fran\u00e7ais \/langue des signes fran\u00e7aise, des \u00e9tudiant.e.s ont particip\u00e9 \u00e0 des missions d\u2019interpr\u00e9tation afin de les mettre en situation r\u00e9elle de pratique sous la responsabilit\u00e9 de leur formateur et formatrice<\/span><\/span><\/p>\t\t\t\t\t\t\t\t<\/div>\n\t\t\t\t<\/div>\n\t\t\t\t<div class=\"elementor-element elementor-element-cef19ae elementor-widget elementor-widget-text-editor\" data-id=\"cef19ae\" data-element_type=\"widget\" data-widget_type=\"text-editor.default\">\n\t\t\t\t<div class=\"elementor-widget-container\">\n\t\t\t\t\t\t\t\t\t<p>Voici quelques exemples :<\/p>\t\t\t\t\t\t\t\t<\/div>\n\t\t\t\t<\/div>\n\t\t\t\t\t<\/div>\n\t\t<\/div>\n\t\t\t\t\t<\/div>\n\t\t<\/section>\n\t\t\t\t<section class=\"elementor-section elementor-inner-section elementor-element elementor-element-4bfaaa86 elementor-section-boxed elementor-section-height-default elementor-section-height-default\" data-id=\"4bfaaa86\" data-element_type=\"section\">\n\t\t\t\t\t\t<div class=\"elementor-container elementor-column-gap-default\">\n\t\t\t\t\t<div class=\"elementor-column elementor-col-50 elementor-inner-column elementor-element elementor-element-53e218bf\" data-id=\"53e218bf\" data-element_type=\"column\">\n\t\t\t<div class=\"elementor-widget-wrap elementor-element-populated\">\n\t\t\t\t\t\t<div class=\"elementor-element elementor-element-110a5f06 elementor-widget elementor-widget-heading\" data-id=\"110a5f06\" data-element_type=\"widget\" data-widget_type=\"heading.default\">\n\t\t\t\t<div class=\"elementor-widget-container\">\n\t\t\t\t\t<h2 class=\"elementor-heading-title elementor-size-default\">ITW Auteurs - Davide CALI<\/h2>\t\t\t\t<\/div>\n\t\t\t\t<\/div>\n\t\t\t\t<div class=\"elementor-element elementor-element-301ceaf5 elementor-widget elementor-widget-video\" data-id=\"301ceaf5\" data-element_type=\"widget\" data-settings=\"{&quot;youtube_url&quot;:&quot;https:\\\/\\\/www.youtube.com\\\/watch?v=1bCXLV60zGA&amp;t=9s&quot;,&quot;video_type&quot;:&quot;youtube&quot;,&quot;controls&quot;:&quot;yes&quot;}\" data-widget_type=\"video.default\">\n\t\t\t\t<div class=\"elementor-widget-container\">\n\t\t\t\t\t\t\t<div class=\"elementor-wrapper elementor-open-inline\">\n\t\t\t<div class=\"elementor-video\"><\/div>\t\t<\/div>\n\t\t\t\t\t\t<\/div>\n\t\t\t\t<\/div>\n\t\t\t\t\t<\/div>\n\t\t<\/div>\n\t\t\t\t<div class=\"elementor-column elementor-col-50 elementor-inner-column elementor-element elementor-element-3358ee94\" data-id=\"3358ee94\" data-element_type=\"column\">\n\t\t\t<div class=\"elementor-widget-wrap elementor-element-populated\">\n\t\t\t\t\t\t<div class=\"elementor-element elementor-element-2d4b4d85 elementor-widget elementor-widget-heading\" data-id=\"2d4b4d85\" data-element_type=\"widget\" data-widget_type=\"heading.default\">\n\t\t\t\t<div class=\"elementor-widget-container\">\n\t\t\t\t\t<h2 class=\"elementor-heading-title elementor-size-default\">ITW Auteurs - R\u00e9gis LEJONC<\/h2>\t\t\t\t<\/div>\n\t\t\t\t<\/div>\n\t\t\t\t<div class=\"elementor-element elementor-element-2aafd5ff elementor-widget elementor-widget-video\" data-id=\"2aafd5ff\" data-element_type=\"widget\" data-settings=\"{&quot;youtube_url&quot;:&quot;https:\\\/\\\/www.youtube.com\\\/watch?v=dCpvOjT3oRY&amp;t=27s&quot;,&quot;video_type&quot;:&quot;youtube&quot;,&quot;controls&quot;:&quot;yes&quot;}\" data-widget_type=\"video.default\">\n\t\t\t\t<div class=\"elementor-widget-container\">\n\t\t\t\t\t\t\t<div class=\"elementor-wrapper elementor-open-inline\">\n\t\t\t<div class=\"elementor-video\"><\/div>\t\t<\/div>\n\t\t\t\t\t\t<\/div>\n\t\t\t\t<\/div>\n\t\t\t\t\t<\/div>\n\t\t<\/div>\n\t\t\t\t\t<\/div>\n\t\t<\/section>\n\t\t\t\t<div class=\"elementor-element elementor-element-5eb9bd11 elementor-widget elementor-widget-spacer\" data-id=\"5eb9bd11\" data-element_type=\"widget\" data-widget_type=\"spacer.default\">\n\t\t\t\t<div class=\"elementor-widget-container\">\n\t\t\t\t\t\t\t<div class=\"elementor-spacer\">\n\t\t\t<div class=\"elementor-spacer-inner\"><\/div>\n\t\t<\/div>\n\t\t\t\t\t\t<\/div>\n\t\t\t\t<\/div>\n\t\t\t\t\t<\/div>\n\t\t<\/div>\n\t\t\t\t<div class=\"elementor-column elementor-col-33 elementor-top-column elementor-element elementor-element-75f968ac\" data-id=\"75f968ac\" data-element_type=\"column\">\n\t\t\t<div class=\"elementor-widget-wrap\">\n\t\t\t\t\t\t\t<\/div>\n\t\t<\/div>\n\t\t\t\t\t<\/div>\n\t\t<\/section>\n\t\t\t\t<section class=\"elementor-section elementor-top-section elementor-element elementor-element-2efd22f0 elementor-section-boxed elementor-section-height-default elementor-section-height-default\" data-id=\"2efd22f0\" data-element_type=\"section\">\n\t\t\t\t\t\t<div class=\"elementor-container elementor-column-gap-default\">\n\t\t\t\t\t<div class=\"elementor-column elementor-col-100 elementor-top-column elementor-element elementor-element-3b7ccfac\" data-id=\"3b7ccfac\" data-element_type=\"column\">\n\t\t\t<div class=\"elementor-widget-wrap\">\n\t\t\t\t\t\t\t<\/div>\n\t\t<\/div>\n\t\t\t\t\t<\/div>\n\t\t<\/section>\n\t\t\t\t<section class=\"elementor-section elementor-top-section elementor-element elementor-element-71fd0d98 elementor-section-boxed elementor-section-height-default elementor-section-height-default\" data-id=\"71fd0d98\" data-element_type=\"section\">\n\t\t\t\t\t\t<div class=\"elementor-container elementor-column-gap-default\">\n\t\t\t\t\t<div class=\"elementor-column elementor-col-100 elementor-top-column elementor-element elementor-element-521fddac\" data-id=\"521fddac\" data-element_type=\"column\">\n\t\t\t<div class=\"elementor-widget-wrap elementor-element-populated\">\n\t\t\t\t\t\t<div class=\"elementor-element elementor-element-6b821907 elementor-widget elementor-widget-spacer\" data-id=\"6b821907\" data-element_type=\"widget\" data-widget_type=\"spacer.default\">\n\t\t\t\t<div class=\"elementor-widget-container\">\n\t\t\t\t\t\t\t<div class=\"elementor-spacer\">\n\t\t\t<div class=\"elementor-spacer-inner\"><\/div>\n\t\t<\/div>\n\t\t\t\t\t\t<\/div>\n\t\t\t\t<\/div>\n\t\t\t\t\t<\/div>\n\t\t<\/div>\n\t\t\t\t\t<\/div>\n\t\t<\/section>\n\t\t\t\t<section class=\"elementor-section elementor-top-section elementor-element elementor-element-38d983cc elementor-section-full_width elementor-section-height-default elementor-section-height-default\" data-id=\"38d983cc\" data-element_type=\"section\">\n\t\t\t\t\t\t<div class=\"elementor-container elementor-column-gap-default\">\n\t\t\t\t\t<div class=\"elementor-column elementor-col-100 elementor-top-column elementor-element elementor-element-7bfa6091\" data-id=\"7bfa6091\" data-element_type=\"column\">\n\t\t\t<div class=\"elementor-widget-wrap elementor-element-populated\">\n\t\t\t\t\t\t<div class=\"elementor-element elementor-element-4fdeae5f elementor-pagination-position-inside elementor-arrows-position-inside elementor-widget elementor-widget-image-carousel\" data-id=\"4fdeae5f\" data-element_type=\"widget\" data-settings=\"{&quot;slides_to_show&quot;:&quot;9&quot;,&quot;autoplay_speed&quot;:3000,&quot;speed&quot;:250,&quot;image_spacing_custom&quot;:{&quot;unit&quot;:&quot;px&quot;,&quot;size&quot;:25,&quot;sizes&quot;:[]},&quot;navigation&quot;:&quot;both&quot;,&quot;autoplay&quot;:&quot;yes&quot;,&quot;pause_on_hover&quot;:&quot;yes&quot;,&quot;pause_on_interaction&quot;:&quot;yes&quot;,&quot;infinite&quot;:&quot;yes&quot;,&quot;image_spacing_custom_tablet&quot;:{&quot;unit&quot;:&quot;px&quot;,&quot;size&quot;:&quot;&quot;,&quot;sizes&quot;:[]},&quot;image_spacing_custom_mobile&quot;:{&quot;unit&quot;:&quot;px&quot;,&quot;size&quot;:&quot;&quot;,&quot;sizes&quot;:[]}}\" data-widget_type=\"image-carousel.default\">\n\t\t\t\t<div class=\"elementor-widget-container\">\n\t\t\t\t\t\t\t<div class=\"elementor-image-carousel-wrapper swiper\" role=\"region\" aria-roledescription=\"carousel\" aria-label=\"Carrousel d\u2019images\" dir=\"ltr\">\n\t\t\t<div class=\"elementor-image-carousel swiper-wrapper\" aria-live=\"off\">\n\t\t\t\t\t\t\t\t<div class=\"swiper-slide\" role=\"group\" aria-roledescription=\"slide\" aria-label=\"1 sur 18\"><a data-elementor-open-lightbox=\"yes\" data-elementor-lightbox-slideshow=\"4fdeae5f\" data-elementor-lightbox-title=\"saint-orens\" data-e-action-hash=\"#elementor-action%3Aaction%3Dlightbox%26settings%3DeyJpZCI6MjY3NCwidXJsIjoiaHR0cHM6XC9cL2Zlc3RpdmFsLWxpdnJlLWpldW5lc3NlLmZyXC8yMDI1XC93cC1jb250ZW50XC91cGxvYWRzXC8yMDIxXC8wNVwvc2FpbnQtb3JlbnMucG5nIiwic2xpZGVzaG93IjoiNGZkZWFlNWYifQ%3D%3D\" href=\"https:\/\/festival-livre-jeunesse.fr\/2021_intermediaire\/partenaires\/\"><figure class=\"swiper-slide-inner\"><img decoding=\"async\" class=\"swiper-slide-image\" src=\"https:\/\/festival-livre-jeunesse.fr\/2025\/wp-content\/uploads\/2021\/05\/saint-orens.png\" alt=\"Ville de Saint-Orens de Gameville\" \/><\/figure><\/a><\/div><div class=\"swiper-slide\" role=\"group\" aria-roledescription=\"slide\" aria-label=\"2 sur 18\"><a data-elementor-open-lightbox=\"yes\" data-elementor-lightbox-slideshow=\"4fdeae5f\" data-elementor-lightbox-title=\"toulouse m\u00e9tropole\" data-e-action-hash=\"#elementor-action%3Aaction%3Dlightbox%26settings%3DeyJpZCI6MjY3NSwidXJsIjoiaHR0cHM6XC9cL2Zlc3RpdmFsLWxpdnJlLWpldW5lc3NlLmZyXC8yMDI1XC93cC1jb250ZW50XC91cGxvYWRzXC8yMDIxXC8wNVwvdG91bG91c2UtbWV0cm9wb2xlLnBuZyIsInNsaWRlc2hvdyI6IjRmZGVhZTVmIn0%3D\" href=\"https:\/\/festival-livre-jeunesse.fr\/2021_intermediaire\/partenaires\/\"><figure class=\"swiper-slide-inner\"><img decoding=\"async\" class=\"swiper-slide-image\" src=\"https:\/\/festival-livre-jeunesse.fr\/2025\/wp-content\/uploads\/2021\/05\/toulouse-metropole.png\" alt=\"Toulouse M\u00e9tropole\" \/><\/figure><\/a><\/div><div class=\"swiper-slide\" role=\"group\" aria-roledescription=\"slide\" aria-label=\"3 sur 18\"><a data-elementor-open-lightbox=\"yes\" data-elementor-lightbox-slideshow=\"4fdeae5f\" data-elementor-lightbox-title=\"cnl\" data-e-action-hash=\"#elementor-action%3Aaction%3Dlightbox%26settings%3DeyJpZCI6MjY3OSwidXJsIjoiaHR0cHM6XC9cL2Zlc3RpdmFsLWxpdnJlLWpldW5lc3NlLmZyXC8yMDI1XC93cC1jb250ZW50XC91cGxvYWRzXC8yMDIxXC8wNVwvY25sLnBuZyIsInNsaWRlc2hvdyI6IjRmZGVhZTVmIn0%3D\" href=\"https:\/\/festival-livre-jeunesse.fr\/2021_intermediaire\/partenaires\/\"><figure class=\"swiper-slide-inner\"><img decoding=\"async\" class=\"swiper-slide-image\" src=\"https:\/\/festival-livre-jeunesse.fr\/2025\/wp-content\/uploads\/2021\/05\/cnl.png\" alt=\"CNL\" \/><\/figure><\/a><\/div><div class=\"swiper-slide\" role=\"group\" aria-roledescription=\"slide\" aria-label=\"4 sur 18\"><a data-elementor-open-lightbox=\"yes\" data-elementor-lightbox-slideshow=\"4fdeae5f\" data-elementor-lightbox-title=\"cd31\" data-e-action-hash=\"#elementor-action%3Aaction%3Dlightbox%26settings%3DeyJpZCI6MjY3MywidXJsIjoiaHR0cHM6XC9cL2Zlc3RpdmFsLWxpdnJlLWpldW5lc3NlLmZyXC8yMDI1XC93cC1jb250ZW50XC91cGxvYWRzXC8yMDIxXC8wNVwvY2QzMS5wbmciLCJzbGlkZXNob3ciOiI0ZmRlYWU1ZiJ9\" href=\"https:\/\/festival-livre-jeunesse.fr\/2021_intermediaire\/partenaires\/\"><figure class=\"swiper-slide-inner\"><img decoding=\"async\" class=\"swiper-slide-image\" src=\"https:\/\/festival-livre-jeunesse.fr\/2025\/wp-content\/uploads\/2021\/05\/cd31.png\" alt=\"CD31\" \/><\/figure><\/a><\/div><div class=\"swiper-slide\" role=\"group\" aria-roledescription=\"slide\" aria-label=\"5 sur 18\"><a data-elementor-open-lightbox=\"yes\" data-elementor-lightbox-slideshow=\"4fdeae5f\" data-elementor-lightbox-title=\"r\u00e9gion occitanie\" data-e-action-hash=\"#elementor-action%3Aaction%3Dlightbox%26settings%3DeyJpZCI6MjY3MSwidXJsIjoiaHR0cHM6XC9cL2Zlc3RpdmFsLWxpdnJlLWpldW5lc3NlLmZyXC8yMDI1XC93cC1jb250ZW50XC91cGxvYWRzXC8yMDIxXC8wNVwvcmVnaW9uLW9jY2l0YW5pZS5wbmciLCJzbGlkZXNob3ciOiI0ZmRlYWU1ZiJ9\" href=\"https:\/\/festival-livre-jeunesse.fr\/2021_intermediaire\/partenaires\/\"><figure class=\"swiper-slide-inner\"><img decoding=\"async\" class=\"swiper-slide-image\" src=\"https:\/\/festival-livre-jeunesse.fr\/2025\/wp-content\/uploads\/2021\/05\/region-occitanie.png\" alt=\"R\u00e9gion Occitanie\" \/><\/figure><\/a><\/div><div class=\"swiper-slide\" role=\"group\" aria-roledescription=\"slide\" aria-label=\"6 sur 18\"><a data-elementor-open-lightbox=\"yes\" data-elementor-lightbox-slideshow=\"4fdeae5f\" data-elementor-lightbox-title=\"minist\u00e8re de la culture\" data-e-action-hash=\"#elementor-action%3Aaction%3Dlightbox%26settings%3DeyJpZCI6Mjc1OSwidXJsIjoiaHR0cHM6XC9cL2Zlc3RpdmFsLWxpdnJlLWpldW5lc3NlLmZyXC8yMDI1XC93cC1jb250ZW50XC91cGxvYWRzXC8yMDIxXC8wNVwvbWluaXN0ZXJlLWRlLWxhLWN1bHR1cmUucG5nIiwic2xpZGVzaG93IjoiNGZkZWFlNWYifQ%3D%3D\" href=\"https:\/\/festival-livre-jeunesse.fr\/2021_intermediaire\/partenaires\/\"><figure class=\"swiper-slide-inner\"><img decoding=\"async\" class=\"swiper-slide-image\" src=\"https:\/\/festival-livre-jeunesse.fr\/2025\/wp-content\/uploads\/2021\/05\/ministere-de-la-culture.png\" alt=\"Minist\u00e8re de la culture\" \/><\/figure><\/a><\/div><div class=\"swiper-slide\" role=\"group\" aria-roledescription=\"slide\" aria-label=\"7 sur 18\"><a data-elementor-open-lightbox=\"yes\" data-elementor-lightbox-slideshow=\"4fdeae5f\" data-elementor-lightbox-title=\"acad\u00e9mie toulouse\" data-e-action-hash=\"#elementor-action%3Aaction%3Dlightbox%26settings%3DeyJpZCI6MjY3MCwidXJsIjoiaHR0cHM6XC9cL2Zlc3RpdmFsLWxpdnJlLWpldW5lc3NlLmZyXC8yMDI1XC93cC1jb250ZW50XC91cGxvYWRzXC8yMDIxXC8wNVwvYWNhZGVtaWUtdG91bG91c2UucG5nIiwic2xpZGVzaG93IjoiNGZkZWFlNWYifQ%3D%3D\" href=\"https:\/\/festival-livre-jeunesse.fr\/2021_intermediaire\/partenaires\/\"><figure class=\"swiper-slide-inner\"><img decoding=\"async\" class=\"swiper-slide-image\" src=\"https:\/\/festival-livre-jeunesse.fr\/2025\/wp-content\/uploads\/2021\/05\/academie-toulouse.png\" alt=\"Acad\u00e9mie de Toulouse\" \/><\/figure><\/a><\/div><div class=\"swiper-slide\" role=\"group\" aria-roledescription=\"slide\" aria-label=\"8 sur 18\"><a data-elementor-open-lightbox=\"yes\" data-elementor-lightbox-slideshow=\"4fdeae5f\" data-elementor-lightbox-title=\"INSPE\" data-e-action-hash=\"#elementor-action%3Aaction%3Dlightbox%26settings%3DeyJpZCI6MjY4MCwidXJsIjoiaHR0cHM6XC9cL2Zlc3RpdmFsLWxpdnJlLWpldW5lc3NlLmZyXC8yMDI1XC93cC1jb250ZW50XC91cGxvYWRzXC8yMDIxXC8wNVwvSU5TUEUuanBnIiwic2xpZGVzaG93IjoiNGZkZWFlNWYifQ%3D%3D\" href=\"https:\/\/festival-livre-jeunesse.fr\/2021_intermediaire\/partenaires\/\"><figure class=\"swiper-slide-inner\"><img decoding=\"async\" class=\"swiper-slide-image\" src=\"https:\/\/festival-livre-jeunesse.fr\/2025\/wp-content\/uploads\/2021\/05\/INSPE.jpg\" alt=\"Inspe Toulouse\" \/><\/figure><\/a><\/div><div class=\"swiper-slide\" role=\"group\" aria-roledescription=\"slide\" aria-label=\"9 sur 18\"><a data-elementor-open-lightbox=\"yes\" data-elementor-lightbox-slideshow=\"4fdeae5f\" data-elementor-lightbox-title=\"universit\u00e9\" data-e-action-hash=\"#elementor-action%3Aaction%3Dlightbox%26settings%3DeyJpZCI6MjY4NywidXJsIjoiaHR0cHM6XC9cL2Zlc3RpdmFsLWxpdnJlLWpldW5lc3NlLmZyXC8yMDI1XC93cC1jb250ZW50XC91cGxvYWRzXC8yMDIxXC8wNVwvdW5pdmVyc2l0ZS5wbmciLCJzbGlkZXNob3ciOiI0ZmRlYWU1ZiJ9\" href=\"https:\/\/festival-livre-jeunesse.fr\/2021_intermediaire\/partenaires\/\"><figure class=\"swiper-slide-inner\"><img decoding=\"async\" class=\"swiper-slide-image\" src=\"https:\/\/festival-livre-jeunesse.fr\/2025\/wp-content\/uploads\/2021\/05\/universite.png\" alt=\"Universit\u00e9 Jean Jaur\u00e8s\" \/><\/figure><\/a><\/div><div class=\"swiper-slide\" role=\"group\" aria-roledescription=\"slide\" aria-label=\"10 sur 18\"><a data-elementor-open-lightbox=\"yes\" data-elementor-lightbox-slideshow=\"4fdeae5f\" data-elementor-lightbox-title=\"Logo Sofia\" data-e-action-hash=\"#elementor-action%3Aaction%3Dlightbox%26settings%3DeyJpZCI6MjY4OCwidXJsIjoiaHR0cHM6XC9cL2Zlc3RpdmFsLWxpdnJlLWpldW5lc3NlLmZyXC8yMDI1XC93cC1jb250ZW50XC91cGxvYWRzXC8yMDIxXC8wNVwvTG9nby1Tb2ZpYS5wbmciLCJzbGlkZXNob3ciOiI0ZmRlYWU1ZiJ9\" href=\"https:\/\/festival-livre-jeunesse.fr\/2021_intermediaire\/partenaires\/\"><figure class=\"swiper-slide-inner\"><img decoding=\"async\" class=\"swiper-slide-image\" src=\"https:\/\/festival-livre-jeunesse.fr\/2025\/wp-content\/uploads\/2021\/05\/Logo-Sofia.png\" alt=\"SOFIA Action culturelle\" \/><\/figure><\/a><\/div><div class=\"swiper-slide\" role=\"group\" aria-roledescription=\"slide\" aria-label=\"11 sur 18\"><a data-elementor-open-lightbox=\"yes\" data-elementor-lightbox-slideshow=\"4fdeae5f\" data-elementor-lightbox-title=\"copie priv\u00e9e\" data-e-action-hash=\"#elementor-action%3Aaction%3Dlightbox%26settings%3DeyJpZCI6MjY4NSwidXJsIjoiaHR0cHM6XC9cL2Zlc3RpdmFsLWxpdnJlLWpldW5lc3NlLmZyXC8yMDI1XC93cC1jb250ZW50XC91cGxvYWRzXC8yMDIxXC8wNVwvY29waWUtcHJpdmVlLnBuZyIsInNsaWRlc2hvdyI6IjRmZGVhZTVmIn0%3D\" href=\"https:\/\/festival-livre-jeunesse.fr\/2021_intermediaire\/partenaires\/\"><figure class=\"swiper-slide-inner\"><img decoding=\"async\" class=\"swiper-slide-image\" src=\"https:\/\/festival-livre-jeunesse.fr\/2025\/wp-content\/uploads\/2021\/05\/copie-privee.png\" alt=\"Copie Priv\u00e9e\" \/><\/figure><\/a><\/div><div class=\"swiper-slide\" role=\"group\" aria-roledescription=\"slide\" aria-label=\"12 sur 18\"><a data-elementor-open-lightbox=\"yes\" data-elementor-lightbox-slideshow=\"4fdeae5f\" data-elementor-lightbox-title=\"CFC\" data-elementor-lightbox-description=\"CFCopies  Savoir partager les savoirs\" data-e-action-hash=\"#elementor-action%3Aaction%3Dlightbox%26settings%3DeyJpZCI6MTY1OTcsInVybCI6Imh0dHBzOlwvXC9mZXN0aXZhbC1saXZyZS1qZXVuZXNzZS5mclwvMjAyNVwvd3AtY29udGVudFwvdXBsb2Fkc1wvMjAyNFwvMDFcL0NGQy0yLmpwZyIsInNsaWRlc2hvdyI6IjRmZGVhZTVmIn0%3D\" href=\"https:\/\/festival-livre-jeunesse.fr\/2021_intermediaire\/partenaires\/\"><figure class=\"swiper-slide-inner\"><img decoding=\"async\" class=\"swiper-slide-image\" src=\"https:\/\/festival-livre-jeunesse.fr\/2025\/wp-content\/uploads\/2024\/01\/CFC-2.jpg\" alt=\"CFC\" \/><\/figure><\/a><\/div><div class=\"swiper-slide\" role=\"group\" aria-roledescription=\"slide\" aria-label=\"13 sur 18\"><a data-elementor-open-lightbox=\"yes\" data-elementor-lightbox-slideshow=\"4fdeae5f\" data-elementor-lightbox-title=\"Logo_Tisseo-Collectivites\" data-e-action-hash=\"#elementor-action%3Aaction%3Dlightbox%26settings%3DeyJpZCI6MTIyMDIsInVybCI6Imh0dHBzOlwvXC9mZXN0aXZhbC1saXZyZS1qZXVuZXNzZS5mclwvMjAyNVwvd3AtY29udGVudFwvdXBsb2Fkc1wvMjAyMlwvMTJcL0xvZ29fVGlzc2VvLUNvbGxlY3Rpdml0ZXMucG5nIiwic2xpZGVzaG93IjoiNGZkZWFlNWYifQ%3D%3D\" href=\"https:\/\/festival-livre-jeunesse.fr\/2021_intermediaire\/partenaires\/\"><figure class=\"swiper-slide-inner\"><img decoding=\"async\" class=\"swiper-slide-image\" src=\"https:\/\/festival-livre-jeunesse.fr\/2025\/wp-content\/uploads\/2022\/12\/Logo_Tisseo-Collectivites.png\" alt=\"Tiss\u00e9o\" \/><\/figure><\/a><\/div><div class=\"swiper-slide\" role=\"group\" aria-roledescription=\"slide\" aria-label=\"14 sur 18\"><a data-elementor-open-lightbox=\"yes\" data-elementor-lightbox-slideshow=\"4fdeae5f\" data-elementor-lightbox-title=\"FCM\" data-e-action-hash=\"#elementor-action%3Aaction%3Dlightbox%26settings%3DeyJpZCI6MTE4MjEsInVybCI6Imh0dHBzOlwvXC9mZXN0aXZhbC1saXZyZS1qZXVuZXNzZS5mclwvMjAyNVwvd3AtY29udGVudFwvdXBsb2Fkc1wvMjAyMlwvMTJcL0ZDTS5qcGciLCJzbGlkZXNob3ciOiI0ZmRlYWU1ZiJ9\" href=\"https:\/\/festival-livre-jeunesse.fr\/2021_intermediaire\/partenaires\/\"><figure class=\"swiper-slide-inner\"><img decoding=\"async\" class=\"swiper-slide-image\" src=\"https:\/\/festival-livre-jeunesse.fr\/2025\/wp-content\/uploads\/2022\/12\/FCM.jpg\" alt=\"Fondation Cr\u00e9dit Mutuel\" \/><\/figure><\/a><\/div><div class=\"swiper-slide\" role=\"group\" aria-roledescription=\"slide\" aria-label=\"15 sur 18\"><a data-elementor-open-lightbox=\"yes\" data-elementor-lightbox-slideshow=\"4fdeae5f\" data-elementor-lightbox-title=\"FB-Occitanie-AVEC lisere web\" data-e-action-hash=\"#elementor-action%3Aaction%3Dlightbox%26settings%3DeyJpZCI6MTIyMDQsInVybCI6Imh0dHBzOlwvXC9mZXN0aXZhbC1saXZyZS1qZXVuZXNzZS5mclwvMjAyNVwvd3AtY29udGVudFwvdXBsb2Fkc1wvMjAyMlwvMTJcL0ZCLU9jY2l0YW5pZS1BVkVDLWxpc2VyZS13ZWIuanBnIiwic2xpZGVzaG93IjoiNGZkZWFlNWYifQ%3D%3D\" href=\"https:\/\/festival-livre-jeunesse.fr\/2021_intermediaire\/partenaires\/\"><figure class=\"swiper-slide-inner\"><img decoding=\"async\" class=\"swiper-slide-image\" src=\"https:\/\/festival-livre-jeunesse.fr\/2025\/wp-content\/uploads\/2022\/12\/FB-Occitanie-AVEC-lisere-web.jpg\" alt=\"France bleu\" \/><\/figure><\/a><\/div><div class=\"swiper-slide\" role=\"group\" aria-roledescription=\"slide\" aria-label=\"16 sur 18\"><a data-elementor-open-lightbox=\"yes\" data-elementor-lightbox-slideshow=\"4fdeae5f\" data-elementor-lightbox-title=\"logo AMC VERT\" data-e-action-hash=\"#elementor-action%3Aaction%3Dlightbox%26settings%3DeyJpZCI6MTIyMDUsInVybCI6Imh0dHBzOlwvXC9mZXN0aXZhbC1saXZyZS1qZXVuZXNzZS5mclwvMjAyNVwvd3AtY29udGVudFwvdXBsb2Fkc1wvMjAyMlwvMTJcL2xvZ28tQU1DLVZFUlQucG5nIiwic2xpZGVzaG93IjoiNGZkZWFlNWYifQ%3D%3D\" href=\"https:\/\/festival-livre-jeunesse.fr\/2021_intermediaire\/partenaires\/\"><figure class=\"swiper-slide-inner\"><img decoding=\"async\" class=\"swiper-slide-image\" src=\"https:\/\/festival-livre-jeunesse.fr\/2025\/wp-content\/uploads\/2022\/12\/logo-AMC-VERT.png\" alt=\"AMC Midi Communication\" \/><\/figure><\/a><\/div><div class=\"swiper-slide\" role=\"group\" aria-roledescription=\"slide\" aria-label=\"17 sur 18\"><a data-elementor-open-lightbox=\"yes\" data-elementor-lightbox-slideshow=\"4fdeae5f\" data-elementor-lightbox-title=\"mgen_Groupe_VYV\" data-e-action-hash=\"#elementor-action%3Aaction%3Dlightbox%26settings%3DeyJpZCI6MTIyMDYsInVybCI6Imh0dHBzOlwvXC9mZXN0aXZhbC1saXZyZS1qZXVuZXNzZS5mclwvMjAyNVwvd3AtY29udGVudFwvdXBsb2Fkc1wvMjAyMlwvMTJcL21nZW5fR3JvdXBlX1ZZVi53ZWJwIiwic2xpZGVzaG93IjoiNGZkZWFlNWYifQ%3D%3D\" href=\"https:\/\/festival-livre-jeunesse.fr\/2021_intermediaire\/partenaires\/\"><figure class=\"swiper-slide-inner\"><img decoding=\"async\" class=\"swiper-slide-image\" src=\"https:\/\/festival-livre-jeunesse.fr\/2025\/wp-content\/uploads\/2022\/12\/mgen_Groupe_VYV.webp\" alt=\"Mgen\" \/><\/figure><\/a><\/div><div class=\"swiper-slide\" role=\"group\" aria-roledescription=\"slide\" aria-label=\"18 sur 18\"><a data-elementor-open-lightbox=\"yes\" data-elementor-lightbox-slideshow=\"4fdeae5f\" data-elementor-lightbox-title=\"Logo-laRenaissance Anniversaire\" data-e-action-hash=\"#elementor-action%3Aaction%3Dlightbox%26settings%3DeyJpZCI6MTYyMjEsInVybCI6Imh0dHBzOlwvXC9mZXN0aXZhbC1saXZyZS1qZXVuZXNzZS5mclwvMjAyNVwvd3AtY29udGVudFwvdXBsb2Fkc1wvMjAyNFwvMDFcL0xvZ28tbGFSZW5haXNzYW5jZS1Bbm5pdmVyc2FpcmUucG5nIiwic2xpZGVzaG93IjoiNGZkZWFlNWYifQ%3D%3D\" href=\"https:\/\/festival-livre-jeunesse.fr\/2021_intermediaire\/partenaires\/\"><figure class=\"swiper-slide-inner\"><img decoding=\"async\" class=\"swiper-slide-image\" src=\"https:\/\/festival-livre-jeunesse.fr\/2025\/wp-content\/uploads\/2024\/01\/Logo-laRenaissance-Anniversaire.png\" alt=\"Logo-laRenaissance Anniversaire\" \/><\/figure><\/a><\/div>\t\t\t<\/div>\n\t\t\t\t\t\t\t\t\t\t\t\t<div class=\"elementor-swiper-button elementor-swiper-button-prev\" role=\"button\" tabindex=\"0\">\n\t\t\t\t\t\t<i aria-hidden=\"true\" class=\"eicon-chevron-left\"><\/i>\t\t\t\t\t<\/div>\n\t\t\t\t\t<div class=\"elementor-swiper-button elementor-swiper-button-next\" role=\"button\" tabindex=\"0\">\n\t\t\t\t\t\t<i aria-hidden=\"true\" class=\"eicon-chevron-right\"><\/i>\t\t\t\t\t<\/div>\n\t\t\t\t\n\t\t\t\t\t\t\t\t\t<div class=\"swiper-pagination\"><\/div>\n\t\t\t\t\t\t\t\t\t<\/div>\n\t\t\t\t\t\t<\/div>\n\t\t\t\t<\/div>\n\t\t\t\t\t<\/div>\n\t\t<\/div>\n\t\t\t\t\t<\/div>\n\t\t<\/section>\n\t\t\t\t<section class=\"elementor-section elementor-top-section elementor-element elementor-element-29a05b9d elementor-section-full_width elementor-section-height-min-height elementor-section-content-middle elementor-section-height-default elementor-section-items-middle\" data-id=\"29a05b9d\" data-element_type=\"section\">\n\t\t\t\t\t\t<div class=\"elementor-container elementor-column-gap-no\">\n\t\t\t\t\t<div class=\"elementor-column elementor-col-100 elementor-top-column elementor-element elementor-element-1692bee0\" data-id=\"1692bee0\" data-element_type=\"column\">\n\t\t\t<div class=\"elementor-widget-wrap elementor-element-populated\">\n\t\t\t\t\t\t<div class=\"elementor-element elementor-element-69f671ac elementor-widget elementor-widget-spacer\" data-id=\"69f671ac\" data-element_type=\"widget\" data-widget_type=\"spacer.default\">\n\t\t\t\t<div class=\"elementor-widget-container\">\n\t\t\t\t\t\t\t<div class=\"elementor-spacer\">\n\t\t\t<div class=\"elementor-spacer-inner\"><\/div>\n\t\t<\/div>\n\t\t\t\t\t\t<\/div>\n\t\t\t\t<\/div>\n\t\t\t\t\t<\/div>\n\t\t<\/div>\n\t\t\t\t\t<\/div>\n\t\t<\/section>\n\t\t\t\t<\/div>\n\t\t","protected":false},"excerpt":{"rendered":"<p>La litt\u00e9rature jeunesse s&rsquo;invite \u00e0 l&rsquo;Universit\u00e9 Ressources Num\u00e9riques P\u00e9dagogiques Le Service de documentation de l\u2019Inspe Toulouse Occitanie-Pyr\u00e9n\u00e9es (Universit\u00e9 Jean Jaur\u00e8s)\u00a0 et le Festival du Livre de Jeunesse Occitanie sont partenaires de longue date. Chaque ann\u00e9e, une programmation autour d\u2019un.e auteur.ice, illustrateur.ice, \u00e9diteur.ice de litt\u00e9rature jeunesse est propos\u00e9e \u00e0 la biblioth\u00e8que de l\u2019Inspe sur le site [&hellip;]<\/p>\n","protected":false},"author":1,"featured_media":0,"parent":0,"menu_order":0,"comment_status":"closed","ping_status":"closed","template":"","meta":{"site-sidebar-layout":"no-sidebar","site-content-layout":"page-builder","ast-site-content-layout":"default","site-content-style":"default","site-sidebar-style":"default","ast-global-header-display":"","ast-banner-title-visibility":"","ast-main-header-display":"","ast-hfb-above-header-display":"","ast-hfb-below-header-display":"","ast-hfb-mobile-header-display":"","site-post-title":"disabled","ast-breadcrumbs-content":"","ast-featured-img":"disabled","footer-sml-layout":"","theme-transparent-header-meta":"","adv-header-id-meta":"","stick-header-meta":"","header-above-stick-meta":"","header-main-stick-meta":"","header-below-stick-meta":"","astra-migrate-meta-layouts":"default","ast-page-background-enabled":"default","ast-page-background-meta":{"desktop":{"background-color":"","background-image":"","background-repeat":"repeat","background-position":"center center","background-size":"auto","background-attachment":"scroll","background-type":"","background-media":"","overlay-type":"","overlay-color":"","overlay-opacity":"","overlay-gradient":""},"tablet":{"background-color":"","background-image":"","background-repeat":"repeat","background-position":"center center","background-size":"auto","background-attachment":"scroll","background-type":"","background-media":"","overlay-type":"","overlay-color":"","overlay-opacity":"","overlay-gradient":""},"mobile":{"background-color":"","background-image":"","background-repeat":"repeat","background-position":"center center","background-size":"auto","background-attachment":"scroll","background-type":"","background-media":"","overlay-type":"","overlay-color":"","overlay-opacity":"","overlay-gradient":""}},"ast-content-background-meta":{"desktop":{"background-color":"var(--ast-global-color-5)","background-image":"","background-repeat":"repeat","background-position":"center center","background-size":"auto","background-attachment":"scroll","background-type":"","background-media":"","overlay-type":"","overlay-color":"","overlay-opacity":"","overlay-gradient":""},"tablet":{"background-color":"var(--ast-global-color-5)","background-image":"","background-repeat":"repeat","background-position":"center center","background-size":"auto","background-attachment":"scroll","background-type":"","background-media":"","overlay-type":"","overlay-color":"","overlay-opacity":"","overlay-gradient":""},"mobile":{"background-color":"var(--ast-global-color-5)","background-image":"","background-repeat":"repeat","background-position":"center center","background-size":"auto","background-attachment":"scroll","background-type":"","background-media":"","overlay-type":"","overlay-color":"","overlay-opacity":"","overlay-gradient":""}},"footnotes":""},"class_list":["post-7318","page","type-page","status-publish","hentry"],"yoast_head":"<!-- This site is optimized with the Yoast SEO plugin v25.9 - https:\/\/yoast.com\/wordpress\/plugins\/seo\/ -->\n<title>Universit\u00e9 - Festival du Livre de Jeunesse Occitanie<\/title>\n<meta name=\"robots\" content=\"index, follow, max-snippet:-1, max-image-preview:large, max-video-preview:-1\" \/>\n<link rel=\"canonical\" href=\"https:\/\/festival-livre-jeunesse.fr\/2025\/universite-2\/\" \/>\n<meta property=\"og:locale\" content=\"fr_FR\" \/>\n<meta property=\"og:type\" content=\"article\" \/>\n<meta property=\"og:title\" content=\"Universit\u00e9 - Festival du Livre de Jeunesse Occitanie\" \/>\n<meta property=\"og:description\" content=\"La litt\u00e9rature jeunesse s&rsquo;invite \u00e0 l&rsquo;Universit\u00e9 Ressources Num\u00e9riques P\u00e9dagogiques Le Service de documentation de l\u2019Inspe Toulouse Occitanie-Pyr\u00e9n\u00e9es (Universit\u00e9 Jean Jaur\u00e8s)\u00a0 et le Festival du Livre de Jeunesse Occitanie sont partenaires de longue date. Chaque ann\u00e9e, une programmation autour d\u2019un.e auteur.ice, illustrateur.ice, \u00e9diteur.ice de litt\u00e9rature jeunesse est propos\u00e9e \u00e0 la biblioth\u00e8que de l\u2019Inspe sur le site [&hellip;]\" \/>\n<meta property=\"og:url\" content=\"https:\/\/festival-livre-jeunesse.fr\/2025\/universite-2\/\" \/>\n<meta property=\"og:site_name\" content=\"Festival du Livre de Jeunesse Occitanie\" \/>\n<meta property=\"article:publisher\" content=\"https:\/\/www.facebook.com\/FestivalLivreJeunesseOccitanie\" \/>\n<meta property=\"article:modified_time\" content=\"2025-05-30T08:24:46+00:00\" \/>\n<meta property=\"og:image\" content=\"https:\/\/festival-livre-jeunesse.fr\/2025\/wp-content\/uploads\/2024\/11\/Rencontre.jpg\" \/>\n<meta name=\"twitter:card\" content=\"summary_large_image\" \/>\n<meta name=\"twitter:site\" content=\"@FljOccitanie\" \/>\n<meta name=\"twitter:label1\" content=\"Dur\u00e9e de lecture estim\u00e9e\" \/>\n\t<meta name=\"twitter:data1\" content=\"1 minute\" \/>\n<script type=\"application\/ld+json\" class=\"yoast-schema-graph\">{\"@context\":\"https:\/\/schema.org\",\"@graph\":[{\"@type\":\"WebPage\",\"@id\":\"https:\/\/festival-livre-jeunesse.fr\/2025\/universite-2\/\",\"url\":\"https:\/\/festival-livre-jeunesse.fr\/2025\/universite-2\/\",\"name\":\"Universit\u00e9 - Festival du Livre de Jeunesse Occitanie\",\"isPartOf\":{\"@id\":\"https:\/\/festival-livre-jeunesse.fr\/2025\/#website\"},\"primaryImageOfPage\":{\"@id\":\"https:\/\/festival-livre-jeunesse.fr\/2025\/universite-2\/#primaryimage\"},\"image\":{\"@id\":\"https:\/\/festival-livre-jeunesse.fr\/2025\/universite-2\/#primaryimage\"},\"thumbnailUrl\":\"https:\/\/festival-livre-jeunesse.fr\/2025\/wp-content\/uploads\/2024\/11\/Rencontre.jpg\",\"datePublished\":\"2022-01-04T19:09:41+00:00\",\"dateModified\":\"2025-05-30T08:24:46+00:00\",\"breadcrumb\":{\"@id\":\"https:\/\/festival-livre-jeunesse.fr\/2025\/universite-2\/#breadcrumb\"},\"inLanguage\":\"fr-FR\",\"potentialAction\":[{\"@type\":\"ReadAction\",\"target\":[\"https:\/\/festival-livre-jeunesse.fr\/2025\/universite-2\/\"]}]},{\"@type\":\"ImageObject\",\"inLanguage\":\"fr-FR\",\"@id\":\"https:\/\/festival-livre-jeunesse.fr\/2025\/universite-2\/#primaryimage\",\"url\":\"https:\/\/festival-livre-jeunesse.fr\/2025\/wp-content\/uploads\/2024\/11\/Rencontre.jpg\",\"contentUrl\":\"https:\/\/festival-livre-jeunesse.fr\/2025\/wp-content\/uploads\/2024\/11\/Rencontre.jpg\",\"width\":500,\"height\":265},{\"@type\":\"BreadcrumbList\",\"@id\":\"https:\/\/festival-livre-jeunesse.fr\/2025\/universite-2\/#breadcrumb\",\"itemListElement\":[{\"@type\":\"ListItem\",\"position\":1,\"name\":\"Accueil\",\"item\":\"https:\/\/festival-livre-jeunesse.fr\/2025\/\"},{\"@type\":\"ListItem\",\"position\":2,\"name\":\"Universit\u00e9\"}]},{\"@type\":\"WebSite\",\"@id\":\"https:\/\/festival-livre-jeunesse.fr\/2025\/#website\",\"url\":\"https:\/\/festival-livre-jeunesse.fr\/2025\/\",\"name\":\"Festival du Livre de Jeunesse Occitanie\",\"description\":\"23\u00e8me \u00e9dition - janvier 2025\",\"publisher\":{\"@id\":\"https:\/\/festival-livre-jeunesse.fr\/2025\/#organization\"},\"potentialAction\":[{\"@type\":\"SearchAction\",\"target\":{\"@type\":\"EntryPoint\",\"urlTemplate\":\"https:\/\/festival-livre-jeunesse.fr\/2025\/?s={search_term_string}\"},\"query-input\":{\"@type\":\"PropertyValueSpecification\",\"valueRequired\":true,\"valueName\":\"search_term_string\"}}],\"inLanguage\":\"fr-FR\"},{\"@type\":\"Organization\",\"@id\":\"https:\/\/festival-livre-jeunesse.fr\/2025\/#organization\",\"name\":\"festival livre jeunesse occitanie\",\"url\":\"https:\/\/festival-livre-jeunesse.fr\/2025\/\",\"logo\":{\"@type\":\"ImageObject\",\"inLanguage\":\"fr-FR\",\"@id\":\"https:\/\/festival-livre-jeunesse.fr\/2025\/#\/schema\/logo\/image\/\",\"url\":\"https:\/\/festival-livre-jeunesse.fr\/2025\/wp-content\/uploads\/2021\/05\/Logo-FLJ-petit.png\",\"contentUrl\":\"https:\/\/festival-livre-jeunesse.fr\/2025\/wp-content\/uploads\/2021\/05\/Logo-FLJ-petit.png\",\"width\":204,\"height\":200,\"caption\":\"festival livre jeunesse occitanie\"},\"image\":{\"@id\":\"https:\/\/festival-livre-jeunesse.fr\/2025\/#\/schema\/logo\/image\/\"},\"sameAs\":[\"https:\/\/www.facebook.com\/FestivalLivreJeunesseOccitanie\",\"https:\/\/x.com\/FljOccitanie\"]}]}<\/script>\n<!-- \/ Yoast SEO plugin. -->","yoast_head_json":{"title":"Universit\u00e9 - Festival du Livre de Jeunesse Occitanie","robots":{"index":"index","follow":"follow","max-snippet":"max-snippet:-1","max-image-preview":"max-image-preview:large","max-video-preview":"max-video-preview:-1"},"canonical":"https:\/\/festival-livre-jeunesse.fr\/2025\/universite-2\/","og_locale":"fr_FR","og_type":"article","og_title":"Universit\u00e9 - Festival du Livre de Jeunesse Occitanie","og_description":"La litt\u00e9rature jeunesse s&rsquo;invite \u00e0 l&rsquo;Universit\u00e9 Ressources Num\u00e9riques P\u00e9dagogiques Le Service de documentation de l\u2019Inspe Toulouse Occitanie-Pyr\u00e9n\u00e9es (Universit\u00e9 Jean Jaur\u00e8s)\u00a0 et le Festival du Livre de Jeunesse Occitanie sont partenaires de longue date. Chaque ann\u00e9e, une programmation autour d\u2019un.e auteur.ice, illustrateur.ice, \u00e9diteur.ice de litt\u00e9rature jeunesse est propos\u00e9e \u00e0 la biblioth\u00e8que de l\u2019Inspe sur le site [&hellip;]","og_url":"https:\/\/festival-livre-jeunesse.fr\/2025\/universite-2\/","og_site_name":"Festival du Livre de Jeunesse Occitanie","article_publisher":"https:\/\/www.facebook.com\/FestivalLivreJeunesseOccitanie","article_modified_time":"2025-05-30T08:24:46+00:00","og_image":[{"url":"https:\/\/festival-livre-jeunesse.fr\/2025\/wp-content\/uploads\/2024\/11\/Rencontre.jpg","type":"","width":"","height":""}],"twitter_card":"summary_large_image","twitter_site":"@FljOccitanie","twitter_misc":{"Dur\u00e9e de lecture estim\u00e9e":"1 minute"},"schema":{"@context":"https:\/\/schema.org","@graph":[{"@type":"WebPage","@id":"https:\/\/festival-livre-jeunesse.fr\/2025\/universite-2\/","url":"https:\/\/festival-livre-jeunesse.fr\/2025\/universite-2\/","name":"Universit\u00e9 - Festival du Livre de Jeunesse Occitanie","isPartOf":{"@id":"https:\/\/festival-livre-jeunesse.fr\/2025\/#website"},"primaryImageOfPage":{"@id":"https:\/\/festival-livre-jeunesse.fr\/2025\/universite-2\/#primaryimage"},"image":{"@id":"https:\/\/festival-livre-jeunesse.fr\/2025\/universite-2\/#primaryimage"},"thumbnailUrl":"https:\/\/festival-livre-jeunesse.fr\/2025\/wp-content\/uploads\/2024\/11\/Rencontre.jpg","datePublished":"2022-01-04T19:09:41+00:00","dateModified":"2025-05-30T08:24:46+00:00","breadcrumb":{"@id":"https:\/\/festival-livre-jeunesse.fr\/2025\/universite-2\/#breadcrumb"},"inLanguage":"fr-FR","potentialAction":[{"@type":"ReadAction","target":["https:\/\/festival-livre-jeunesse.fr\/2025\/universite-2\/"]}]},{"@type":"ImageObject","inLanguage":"fr-FR","@id":"https:\/\/festival-livre-jeunesse.fr\/2025\/universite-2\/#primaryimage","url":"https:\/\/festival-livre-jeunesse.fr\/2025\/wp-content\/uploads\/2024\/11\/Rencontre.jpg","contentUrl":"https:\/\/festival-livre-jeunesse.fr\/2025\/wp-content\/uploads\/2024\/11\/Rencontre.jpg","width":500,"height":265},{"@type":"BreadcrumbList","@id":"https:\/\/festival-livre-jeunesse.fr\/2025\/universite-2\/#breadcrumb","itemListElement":[{"@type":"ListItem","position":1,"name":"Accueil","item":"https:\/\/festival-livre-jeunesse.fr\/2025\/"},{"@type":"ListItem","position":2,"name":"Universit\u00e9"}]},{"@type":"WebSite","@id":"https:\/\/festival-livre-jeunesse.fr\/2025\/#website","url":"https:\/\/festival-livre-jeunesse.fr\/2025\/","name":"Festival du Livre de Jeunesse Occitanie","description":"23\u00e8me \u00e9dition - janvier 2025","publisher":{"@id":"https:\/\/festival-livre-jeunesse.fr\/2025\/#organization"},"potentialAction":[{"@type":"SearchAction","target":{"@type":"EntryPoint","urlTemplate":"https:\/\/festival-livre-jeunesse.fr\/2025\/?s={search_term_string}"},"query-input":{"@type":"PropertyValueSpecification","valueRequired":true,"valueName":"search_term_string"}}],"inLanguage":"fr-FR"},{"@type":"Organization","@id":"https:\/\/festival-livre-jeunesse.fr\/2025\/#organization","name":"festival livre jeunesse occitanie","url":"https:\/\/festival-livre-jeunesse.fr\/2025\/","logo":{"@type":"ImageObject","inLanguage":"fr-FR","@id":"https:\/\/festival-livre-jeunesse.fr\/2025\/#\/schema\/logo\/image\/","url":"https:\/\/festival-livre-jeunesse.fr\/2025\/wp-content\/uploads\/2021\/05\/Logo-FLJ-petit.png","contentUrl":"https:\/\/festival-livre-jeunesse.fr\/2025\/wp-content\/uploads\/2021\/05\/Logo-FLJ-petit.png","width":204,"height":200,"caption":"festival livre jeunesse occitanie"},"image":{"@id":"https:\/\/festival-livre-jeunesse.fr\/2025\/#\/schema\/logo\/image\/"},"sameAs":["https:\/\/www.facebook.com\/FestivalLivreJeunesseOccitanie","https:\/\/x.com\/FljOccitanie"]}]}},"_links":{"self":[{"href":"https:\/\/festival-livre-jeunesse.fr\/2025\/wp-json\/wp\/v2\/pages\/7318","targetHints":{"allow":["GET"]}}],"collection":[{"href":"https:\/\/festival-livre-jeunesse.fr\/2025\/wp-json\/wp\/v2\/pages"}],"about":[{"href":"https:\/\/festival-livre-jeunesse.fr\/2025\/wp-json\/wp\/v2\/types\/page"}],"author":[{"embeddable":true,"href":"https:\/\/festival-livre-jeunesse.fr\/2025\/wp-json\/wp\/v2\/users\/1"}],"replies":[{"embeddable":true,"href":"https:\/\/festival-livre-jeunesse.fr\/2025\/wp-json\/wp\/v2\/comments?post=7318"}],"version-history":[{"count":91,"href":"https:\/\/festival-livre-jeunesse.fr\/2025\/wp-json\/wp\/v2\/pages\/7318\/revisions"}],"predecessor-version":[{"id":21528,"href":"https:\/\/festival-livre-jeunesse.fr\/2025\/wp-json\/wp\/v2\/pages\/7318\/revisions\/21528"}],"wp:attachment":[{"href":"https:\/\/festival-livre-jeunesse.fr\/2025\/wp-json\/wp\/v2\/media?parent=7318"}],"curies":[{"name":"wp","href":"https:\/\/api.w.org\/{rel}","templated":true}]}}