{"id":7799,"date":"2022-01-12T10:06:56","date_gmt":"2022-01-12T09:06:56","guid":{"rendered":"https:\/\/festival-livre-jeunesse.fr\/2022\/?page_id=7799"},"modified":"2023-09-10T17:31:04","modified_gmt":"2023-09-10T15:31:04","slug":"infos-pratiques","status":"publish","type":"page","link":"https:\/\/festival-livre-jeunesse.fr\/2025\/infos-pratiques\/","title":{"rendered":"infos pratiques"},"content":{"rendered":"\t\t<div data-elementor-type=\"wp-page\" data-elementor-id=\"7799\" class=\"elementor elementor-7799\">\n\t\t\t\t\t\t<section class=\"elementor-section elementor-top-section elementor-element elementor-element-0f10b43 elementor-section-boxed elementor-section-height-default elementor-section-height-default\" data-id=\"0f10b43\" data-element_type=\"section\">\n\t\t\t\t\t\t<div class=\"elementor-container elementor-column-gap-default\">\n\t\t\t\t\t<div class=\"elementor-column elementor-col-33 elementor-top-column elementor-element elementor-element-502b008\" data-id=\"502b008\" data-element_type=\"column\">\n\t\t\t<div class=\"elementor-widget-wrap\">\n\t\t\t\t\t\t\t<\/div>\n\t\t<\/div>\n\t\t\t\t<div class=\"elementor-column elementor-col-33 elementor-top-column elementor-element elementor-element-7d872a4\" data-id=\"7d872a4\" data-element_type=\"column\">\n\t\t\t<div class=\"elementor-widget-wrap elementor-element-populated\">\n\t\t\t\t\t\t<div class=\"elementor-element elementor-element-1e7ebb4 elementor-widget elementor-widget-heading\" data-id=\"1e7ebb4\" data-element_type=\"widget\" data-widget_type=\"heading.default\">\n\t\t\t\t<div class=\"elementor-widget-container\">\n\t\t\t\t\t<h2 class=\"elementor-heading-title elementor-size-medium\">Informations pratiques<\/h2>\t\t\t\t<\/div>\n\t\t\t\t<\/div>\n\t\t\t\t<div class=\"elementor-element elementor-element-8696834 elementor-widget elementor-widget-heading\" data-id=\"8696834\" data-element_type=\"widget\" data-widget_type=\"heading.default\">\n\t\t\t\t<div class=\"elementor-widget-container\">\n\t\t\t\t\t<h2 class=\"elementor-heading-title elementor-size-large\">Samedi 27 &amp; dimanche 28 Janvier 2024<\/h2>\t\t\t\t<\/div>\n\t\t\t\t<\/div>\n\t\t\t\t<div class=\"elementor-element elementor-element-e37ea3a elementor-widget__width-initial elementor-widget elementor-widget-text-editor\" data-id=\"e37ea3a\" data-element_type=\"widget\" data-widget_type=\"text-editor.default\">\n\t\t\t\t<div class=\"elementor-widget-container\">\n\t\t\t\t\t\t\t\t\t<p style=\"padding-left: 40px;\">Entr\u00e9e libre et gratuite \/ de 10h \u00e0 19h<\/p><p style=\"padding-left: 40px;\">Lyc\u00e9e Pierre-Paul Riquet \u2013 gymnase et auditorium &#8211; Saint-Orens de Gameville<\/p><h3>\u00a0<\/h3><p style=\"padding-left: 40px;\"><span style=\"text-decoration: underline;\">Petite restauration sur place<\/span><\/p><p style=\"padding-left: 40px;\">L&rsquo;\u00e9quipe des b\u00e9n\u00e9voles vous concocte des cr\u00eapes et des merveilleux sandwichs tout fait maison, pour l&rsquo;occasion.<\/p><p><style type=\"text\/css\">p { margin-bottom: 0.21cm; background: transparent }a:visited { color: #800000; text-decoration: underline }a:link { color: #000080; text-decoration: underline }<\/style><\/p>\t\t\t\t\t\t\t\t<\/div>\n\t\t\t\t<\/div>\n\t\t\t\t<section class=\"elementor-section elementor-inner-section elementor-element elementor-element-e51fae3 elementor-section-boxed elementor-section-height-default elementor-section-height-default\" data-id=\"e51fae3\" data-element_type=\"section\">\n\t\t\t\t\t\t<div class=\"elementor-container elementor-column-gap-default\">\n\t\t\t\t\t<div class=\"elementor-column elementor-col-100 elementor-inner-column elementor-element elementor-element-2fdf128\" data-id=\"2fdf128\" data-element_type=\"column\">\n\t\t\t<div class=\"elementor-widget-wrap elementor-element-populated\">\n\t\t\t\t\t\t<div class=\"elementor-element elementor-element-4943578 elementor-widget elementor-widget-heading\" data-id=\"4943578\" data-element_type=\"widget\" data-widget_type=\"heading.default\">\n\t\t\t\t<div class=\"elementor-widget-container\">\n\t\t\t\t\t<h2 class=\"elementor-heading-title elementor-size-large\">Acc\u00e8s<\/h2>\t\t\t\t<\/div>\n\t\t\t\t<\/div>\n\t\t\t\t<div class=\"elementor-element elementor-element-0549db1 elementor-widget elementor-widget-text-editor\" data-id=\"0549db1\" data-element_type=\"widget\" data-widget_type=\"text-editor.default\">\n\t\t\t\t<div class=\"elementor-widget-container\">\n\t\t\t\t\t\t\t\t\t<p style=\"padding-left: 40px;\">En bus :<\/p><ul><li style=\"list-style-type: none;\"><ul><li>lignes 78 (d\u00e9part Universit\u00e9 Paul-Sabatier)<\/li><li>ligne 83 (d\u00e9part Balma Gramont)<\/li><li>ligne 79 (d\u00e9part Ramonville Saint-Agne)<\/li><\/ul><\/li><\/ul><p style=\"padding-left: 40px;\">En voiture :<\/p><p style=\"padding-left: 80px;\">P\u00e9riph\u00e9rique ext\u00e9rieur \u2013 sortie n\u00b018 \u2013 \u201cSaint-Orens\/Revel\u201d. Le lyc\u00e9e se situe \u00e0 la sortie de la ville, sur l\u2019avenue de Revel. Suivre la signal\u00e9tique.<\/p>\t\t\t\t\t\t\t\t<\/div>\n\t\t\t\t<\/div>\n\t\t\t\t\t<\/div>\n\t\t<\/div>\n\t\t\t\t\t<\/div>\n\t\t<\/section>\n\t\t\t\t\t<\/div>\n\t\t<\/div>\n\t\t\t\t<div class=\"elementor-column elementor-col-33 elementor-top-column elementor-element elementor-element-9dffc6d\" data-id=\"9dffc6d\" data-element_type=\"column\">\n\t\t\t<div class=\"elementor-widget-wrap\">\n\t\t\t\t\t\t\t<\/div>\n\t\t<\/div>\n\t\t\t\t\t<\/div>\n\t\t<\/section>\n\t\t\t\t<\/div>\n\t\t","protected":false},"excerpt":{"rendered":"<p>Informations pratiques Samedi 27 &#038; dimanche 28 Janvier 2024 Entr\u00e9e libre et gratuite \/ de 10h \u00e0 19h Lyc\u00e9e Pierre-Paul Riquet \u2013 gymnase et auditorium &#8211; Saint-Orens de Gameville \u00a0 Petite restauration sur place L&rsquo;\u00e9quipe des b\u00e9n\u00e9voles vous concocte des cr\u00eapes et des merveilleux sandwichs tout fait maison, pour l&rsquo;occasion. Acc\u00e8s En bus : lignes [&hellip;]<\/p>\n","protected":false},"author":2,"featured_media":0,"parent":0,"menu_order":0,"comment_status":"closed","ping_status":"closed","template":"","meta":{"site-sidebar-layout":"no-sidebar","site-content-layout":"page-builder","ast-site-content-layout":"default","site-content-style":"default","site-sidebar-style":"default","ast-global-header-display":"","ast-banner-title-visibility":"","ast-main-header-display":"","ast-hfb-above-header-display":"","ast-hfb-below-header-display":"","ast-hfb-mobile-header-display":"","site-post-title":"disabled","ast-breadcrumbs-content":"","ast-featured-img":"disabled","footer-sml-layout":"","theme-transparent-header-meta":"","adv-header-id-meta":"","stick-header-meta":"","header-above-stick-meta":"","header-main-stick-meta":"","header-below-stick-meta":"","astra-migrate-meta-layouts":"default","ast-page-background-enabled":"default","ast-page-background-meta":{"desktop":{"background-color":"","background-image":"","background-repeat":"repeat","background-position":"center center","background-size":"auto","background-attachment":"scroll","background-type":"","background-media":"","overlay-type":"","overlay-color":"","overlay-opacity":"","overlay-gradient":""},"tablet":{"background-color":"","background-image":"","background-repeat":"repeat","background-position":"center center","background-size":"auto","background-attachment":"scroll","background-type":"","background-media":"","overlay-type":"","overlay-color":"","overlay-opacity":"","overlay-gradient":""},"mobile":{"background-color":"","background-image":"","background-repeat":"repeat","background-position":"center center","background-size":"auto","background-attachment":"scroll","background-type":"","background-media":"","overlay-type":"","overlay-color":"","overlay-opacity":"","overlay-gradient":""}},"ast-content-background-meta":{"desktop":{"background-color":"var(--ast-global-color-5)","background-image":"","background-repeat":"repeat","background-position":"center center","background-size":"auto","background-attachment":"scroll","background-type":"","background-media":"","overlay-type":"","overlay-color":"","overlay-opacity":"","overlay-gradient":""},"tablet":{"background-color":"var(--ast-global-color-5)","background-image":"","background-repeat":"repeat","background-position":"center center","background-size":"auto","background-attachment":"scroll","background-type":"","background-media":"","overlay-type":"","overlay-color":"","overlay-opacity":"","overlay-gradient":""},"mobile":{"background-color":"var(--ast-global-color-5)","background-image":"","background-repeat":"repeat","background-position":"center center","background-size":"auto","background-attachment":"scroll","background-type":"","background-media":"","overlay-type":"","overlay-color":"","overlay-opacity":"","overlay-gradient":""}},"footnotes":""},"class_list":["post-7799","page","type-page","status-publish","hentry"],"yoast_head":"<!-- This site is optimized with the Yoast SEO plugin v25.9 - https:\/\/yoast.com\/wordpress\/plugins\/seo\/ -->\n<title>infos pratiques - Festival du Livre de Jeunesse Occitanie<\/title>\n<meta name=\"robots\" content=\"index, follow, max-snippet:-1, max-image-preview:large, max-video-preview:-1\" \/>\n<link rel=\"canonical\" href=\"https:\/\/festival-livre-jeunesse.fr\/2025\/infos-pratiques\/\" \/>\n<meta property=\"og:locale\" content=\"fr_FR\" \/>\n<meta property=\"og:type\" content=\"article\" \/>\n<meta property=\"og:title\" content=\"infos pratiques - Festival du Livre de Jeunesse Occitanie\" \/>\n<meta property=\"og:description\" content=\"Informations pratiques Samedi 27 &#038; dimanche 28 Janvier 2024 Entr\u00e9e libre et gratuite \/ de 10h \u00e0 19h Lyc\u00e9e Pierre-Paul Riquet \u2013 gymnase et auditorium &#8211; Saint-Orens de Gameville \u00a0 Petite restauration sur place L&rsquo;\u00e9quipe des b\u00e9n\u00e9voles vous concocte des cr\u00eapes et des merveilleux sandwichs tout fait maison, pour l&rsquo;occasion. Acc\u00e8s En bus : lignes [&hellip;]\" \/>\n<meta property=\"og:url\" content=\"https:\/\/festival-livre-jeunesse.fr\/2025\/infos-pratiques\/\" \/>\n<meta property=\"og:site_name\" content=\"Festival du Livre de Jeunesse Occitanie\" \/>\n<meta property=\"article:publisher\" content=\"https:\/\/www.facebook.com\/FestivalLivreJeunesseOccitanie\" \/>\n<meta property=\"article:modified_time\" content=\"2023-09-10T15:31:04+00:00\" \/>\n<meta property=\"og:image\" content=\"https:\/\/festival-livre-jeunesse.fr\/2025\/wp-content\/uploads\/2024\/10\/affiche-2025-web.jpg\" \/>\n\t<meta property=\"og:image:width\" content=\"599\" \/>\n\t<meta property=\"og:image:height\" content=\"847\" \/>\n\t<meta property=\"og:image:type\" content=\"image\/jpeg\" \/>\n<meta name=\"twitter:card\" content=\"summary_large_image\" \/>\n<meta name=\"twitter:site\" content=\"@FljOccitanie\" \/>\n<script type=\"application\/ld+json\" class=\"yoast-schema-graph\">{\"@context\":\"https:\/\/schema.org\",\"@graph\":[{\"@type\":\"WebPage\",\"@id\":\"https:\/\/festival-livre-jeunesse.fr\/2025\/infos-pratiques\/\",\"url\":\"https:\/\/festival-livre-jeunesse.fr\/2025\/infos-pratiques\/\",\"name\":\"infos pratiques - Festival du Livre de Jeunesse Occitanie\",\"isPartOf\":{\"@id\":\"https:\/\/festival-livre-jeunesse.fr\/2025\/#website\"},\"datePublished\":\"2022-01-12T09:06:56+00:00\",\"dateModified\":\"2023-09-10T15:31:04+00:00\",\"breadcrumb\":{\"@id\":\"https:\/\/festival-livre-jeunesse.fr\/2025\/infos-pratiques\/#breadcrumb\"},\"inLanguage\":\"fr-FR\",\"potentialAction\":[{\"@type\":\"ReadAction\",\"target\":[\"https:\/\/festival-livre-jeunesse.fr\/2025\/infos-pratiques\/\"]}]},{\"@type\":\"BreadcrumbList\",\"@id\":\"https:\/\/festival-livre-jeunesse.fr\/2025\/infos-pratiques\/#breadcrumb\",\"itemListElement\":[{\"@type\":\"ListItem\",\"position\":1,\"name\":\"Accueil\",\"item\":\"https:\/\/festival-livre-jeunesse.fr\/2025\/\"},{\"@type\":\"ListItem\",\"position\":2,\"name\":\"infos pratiques\"}]},{\"@type\":\"WebSite\",\"@id\":\"https:\/\/festival-livre-jeunesse.fr\/2025\/#website\",\"url\":\"https:\/\/festival-livre-jeunesse.fr\/2025\/\",\"name\":\"Festival du Livre de Jeunesse Occitanie\",\"description\":\"23\u00e8me \u00e9dition - janvier 2025\",\"publisher\":{\"@id\":\"https:\/\/festival-livre-jeunesse.fr\/2025\/#organization\"},\"potentialAction\":[{\"@type\":\"SearchAction\",\"target\":{\"@type\":\"EntryPoint\",\"urlTemplate\":\"https:\/\/festival-livre-jeunesse.fr\/2025\/?s={search_term_string}\"},\"query-input\":{\"@type\":\"PropertyValueSpecification\",\"valueRequired\":true,\"valueName\":\"search_term_string\"}}],\"inLanguage\":\"fr-FR\"},{\"@type\":\"Organization\",\"@id\":\"https:\/\/festival-livre-jeunesse.fr\/2025\/#organization\",\"name\":\"festival livre jeunesse occitanie\",\"url\":\"https:\/\/festival-livre-jeunesse.fr\/2025\/\",\"logo\":{\"@type\":\"ImageObject\",\"inLanguage\":\"fr-FR\",\"@id\":\"https:\/\/festival-livre-jeunesse.fr\/2025\/#\/schema\/logo\/image\/\",\"url\":\"https:\/\/festival-livre-jeunesse.fr\/2025\/wp-content\/uploads\/2021\/05\/Logo-FLJ-petit.png\",\"contentUrl\":\"https:\/\/festival-livre-jeunesse.fr\/2025\/wp-content\/uploads\/2021\/05\/Logo-FLJ-petit.png\",\"width\":204,\"height\":200,\"caption\":\"festival livre jeunesse occitanie\"},\"image\":{\"@id\":\"https:\/\/festival-livre-jeunesse.fr\/2025\/#\/schema\/logo\/image\/\"},\"sameAs\":[\"https:\/\/www.facebook.com\/FestivalLivreJeunesseOccitanie\",\"https:\/\/x.com\/FljOccitanie\"]}]}<\/script>\n<!-- \/ Yoast SEO plugin. -->","yoast_head_json":{"title":"infos pratiques - Festival du Livre de Jeunesse Occitanie","robots":{"index":"index","follow":"follow","max-snippet":"max-snippet:-1","max-image-preview":"max-image-preview:large","max-video-preview":"max-video-preview:-1"},"canonical":"https:\/\/festival-livre-jeunesse.fr\/2025\/infos-pratiques\/","og_locale":"fr_FR","og_type":"article","og_title":"infos pratiques - Festival du Livre de Jeunesse Occitanie","og_description":"Informations pratiques Samedi 27 &#038; dimanche 28 Janvier 2024 Entr\u00e9e libre et gratuite \/ de 10h \u00e0 19h Lyc\u00e9e Pierre-Paul Riquet \u2013 gymnase et auditorium &#8211; Saint-Orens de Gameville \u00a0 Petite restauration sur place L&rsquo;\u00e9quipe des b\u00e9n\u00e9voles vous concocte des cr\u00eapes et des merveilleux sandwichs tout fait maison, pour l&rsquo;occasion. Acc\u00e8s En bus : lignes [&hellip;]","og_url":"https:\/\/festival-livre-jeunesse.fr\/2025\/infos-pratiques\/","og_site_name":"Festival du Livre de Jeunesse Occitanie","article_publisher":"https:\/\/www.facebook.com\/FestivalLivreJeunesseOccitanie","article_modified_time":"2023-09-10T15:31:04+00:00","og_image":[{"width":599,"height":847,"url":"https:\/\/festival-livre-jeunesse.fr\/2025\/wp-content\/uploads\/2024\/10\/affiche-2025-web.jpg","type":"image\/jpeg"}],"twitter_card":"summary_large_image","twitter_site":"@FljOccitanie","schema":{"@context":"https:\/\/schema.org","@graph":[{"@type":"WebPage","@id":"https:\/\/festival-livre-jeunesse.fr\/2025\/infos-pratiques\/","url":"https:\/\/festival-livre-jeunesse.fr\/2025\/infos-pratiques\/","name":"infos pratiques - Festival du Livre de Jeunesse Occitanie","isPartOf":{"@id":"https:\/\/festival-livre-jeunesse.fr\/2025\/#website"},"datePublished":"2022-01-12T09:06:56+00:00","dateModified":"2023-09-10T15:31:04+00:00","breadcrumb":{"@id":"https:\/\/festival-livre-jeunesse.fr\/2025\/infos-pratiques\/#breadcrumb"},"inLanguage":"fr-FR","potentialAction":[{"@type":"ReadAction","target":["https:\/\/festival-livre-jeunesse.fr\/2025\/infos-pratiques\/"]}]},{"@type":"BreadcrumbList","@id":"https:\/\/festival-livre-jeunesse.fr\/2025\/infos-pratiques\/#breadcrumb","itemListElement":[{"@type":"ListItem","position":1,"name":"Accueil","item":"https:\/\/festival-livre-jeunesse.fr\/2025\/"},{"@type":"ListItem","position":2,"name":"infos pratiques"}]},{"@type":"WebSite","@id":"https:\/\/festival-livre-jeunesse.fr\/2025\/#website","url":"https:\/\/festival-livre-jeunesse.fr\/2025\/","name":"Festival du Livre de Jeunesse Occitanie","description":"23\u00e8me \u00e9dition - janvier 2025","publisher":{"@id":"https:\/\/festival-livre-jeunesse.fr\/2025\/#organization"},"potentialAction":[{"@type":"SearchAction","target":{"@type":"EntryPoint","urlTemplate":"https:\/\/festival-livre-jeunesse.fr\/2025\/?s={search_term_string}"},"query-input":{"@type":"PropertyValueSpecification","valueRequired":true,"valueName":"search_term_string"}}],"inLanguage":"fr-FR"},{"@type":"Organization","@id":"https:\/\/festival-livre-jeunesse.fr\/2025\/#organization","name":"festival livre jeunesse occitanie","url":"https:\/\/festival-livre-jeunesse.fr\/2025\/","logo":{"@type":"ImageObject","inLanguage":"fr-FR","@id":"https:\/\/festival-livre-jeunesse.fr\/2025\/#\/schema\/logo\/image\/","url":"https:\/\/festival-livre-jeunesse.fr\/2025\/wp-content\/uploads\/2021\/05\/Logo-FLJ-petit.png","contentUrl":"https:\/\/festival-livre-jeunesse.fr\/2025\/wp-content\/uploads\/2021\/05\/Logo-FLJ-petit.png","width":204,"height":200,"caption":"festival livre jeunesse occitanie"},"image":{"@id":"https:\/\/festival-livre-jeunesse.fr\/2025\/#\/schema\/logo\/image\/"},"sameAs":["https:\/\/www.facebook.com\/FestivalLivreJeunesseOccitanie","https:\/\/x.com\/FljOccitanie"]}]}},"_links":{"self":[{"href":"https:\/\/festival-livre-jeunesse.fr\/2025\/wp-json\/wp\/v2\/pages\/7799","targetHints":{"allow":["GET"]}}],"collection":[{"href":"https:\/\/festival-livre-jeunesse.fr\/2025\/wp-json\/wp\/v2\/pages"}],"about":[{"href":"https:\/\/festival-livre-jeunesse.fr\/2025\/wp-json\/wp\/v2\/types\/page"}],"author":[{"embeddable":true,"href":"https:\/\/festival-livre-jeunesse.fr\/2025\/wp-json\/wp\/v2\/users\/2"}],"replies":[{"embeddable":true,"href":"https:\/\/festival-livre-jeunesse.fr\/2025\/wp-json\/wp\/v2\/comments?post=7799"}],"version-history":[{"count":44,"href":"https:\/\/festival-livre-jeunesse.fr\/2025\/wp-json\/wp\/v2\/pages\/7799\/revisions"}],"predecessor-version":[{"id":19555,"href":"https:\/\/festival-livre-jeunesse.fr\/2025\/wp-json\/wp\/v2\/pages\/7799\/revisions\/19555"}],"wp:attachment":[{"href":"https:\/\/festival-livre-jeunesse.fr\/2025\/wp-json\/wp\/v2\/media?parent=7799"}],"curies":[{"name":"wp","href":"https:\/\/api.w.org\/{rel}","templated":true}]}}