{"id":16,"date":"2021-05-07T11:23:39","date_gmt":"2021-05-07T09:23:39","guid":{"rendered":"https:\/\/festival-livre-jeunesse.fr\/2021_intermediaire\/?page_id=16"},"modified":"2026-03-19T15:18:14","modified_gmt":"2026-03-19T14:18:14","slug":"contact","status":"publish","type":"page","link":"https:\/\/festival-livre-jeunesse.fr\/2026\/contact\/","title":{"rendered":"Contact"},"content":{"rendered":"\t\t<div data-elementor-type=\"wp-page\" data-elementor-id=\"16\" class=\"elementor elementor-16\">\n\t\t\t\t\t\t<section class=\"elementor-section elementor-top-section elementor-element elementor-element-b7847ae elementor-section-boxed elementor-section-height-default elementor-section-height-default\" data-id=\"b7847ae\" data-element_type=\"section\" data-e-type=\"section\" data-settings=\"{&quot;background_background&quot;:&quot;classic&quot;}\">\n\t\t\t\t\t\t<div class=\"elementor-container elementor-column-gap-default\">\n\t\t\t\t\t<div class=\"elementor-column elementor-col-50 elementor-top-column elementor-element elementor-element-d3c2f5a\" data-id=\"d3c2f5a\" data-element_type=\"column\" data-e-type=\"column\" data-settings=\"{&quot;background_background&quot;:&quot;classic&quot;}\">\n\t\t\t<div class=\"elementor-widget-wrap elementor-element-populated\">\n\t\t\t\t\t\t<div class=\"elementor-element elementor-element-179c53f elementor-widget elementor-widget-text-editor\" data-id=\"179c53f\" data-element_type=\"widget\" data-e-type=\"widget\" data-widget_type=\"text-editor.default\">\n\t\t\t\t<div class=\"elementor-widget-container\">\n\t\t\t\t\t\t\t\t\t<h1><b>Festival du Livre de Jeunesse Occitanie<\/b><\/h1>\t\t\t\t\t\t\t\t<\/div>\n\t\t\t\t<\/div>\n\t\t\t\t<section class=\"elementor-section elementor-inner-section elementor-element elementor-element-da8ff1b elementor-section-boxed elementor-section-height-default elementor-section-height-default\" data-id=\"da8ff1b\" data-element_type=\"section\" data-e-type=\"section\">\n\t\t\t\t\t\t<div class=\"elementor-container elementor-column-gap-default\">\n\t\t\t\t\t<div class=\"elementor-column elementor-col-50 elementor-inner-column elementor-element elementor-element-34cae07\" data-id=\"34cae07\" data-element_type=\"column\" data-e-type=\"column\">\n\t\t\t<div class=\"elementor-widget-wrap elementor-element-populated\">\n\t\t\t\t\t\t<div class=\"elementor-element elementor-element-4aa31cf elementor-widget__width-initial elementor-widget elementor-widget-text-editor\" data-id=\"4aa31cf\" data-element_type=\"widget\" data-e-type=\"widget\" data-widget_type=\"text-editor.default\">\n\t\t\t\t<div class=\"elementor-widget-container\">\n\t\t\t\t\t\t\t\t\t<p>Adresse postale &#8211; si\u00e8ge social : 3 rue Georges Vivent,<br \/>BP 73657, 31036 Toulouse Cedex 01<\/p>\t\t\t\t\t\t\t\t<\/div>\n\t\t\t\t<\/div>\n\t\t\t\t<div class=\"elementor-element elementor-element-5ba8d6a elementor-widget elementor-widget-text-editor\" data-id=\"5ba8d6a\" data-element_type=\"widget\" data-e-type=\"widget\" data-widget_type=\"text-editor.default\">\n\t\t\t\t<div class=\"elementor-widget-container\">\n\t\t\t\t\t\t\t\t\t<h4>&nbsp;Prochain festival d\u00e8s le 5 janvier 2027 dans les communes de Toulouse M\u00e9tropole<\/h4>\n<h1><b>Temps forts les 30 et 31 janvier 2027 \u00e0 St Orens<\/b><\/h1>\n<p>Le festival se d\u00e9roule au gymnase&nbsp;<\/p>\n<p>du Lyc\u00e9e Pierre Paul Riquet&nbsp;<\/p>\n<p>2, Avenue du lyc\u00e9e &#8211; 31650 St Orens de Gameville<\/p>\t\t\t\t\t\t\t\t<\/div>\n\t\t\t\t<\/div>\n\t\t\t\t\t<\/div>\n\t\t<\/div>\n\t\t\t\t<div class=\"elementor-column elementor-col-50 elementor-inner-column elementor-element elementor-element-5f9148f\" data-id=\"5f9148f\" data-element_type=\"column\" data-e-type=\"column\">\n\t\t\t<div class=\"elementor-widget-wrap elementor-element-populated\">\n\t\t\t\t\t\t<div class=\"elementor-element elementor-element-c266cf1 elementor-view-stacked elementor-position-inline-start elementor-shape-circle elementor-mobile-position-block-start elementor-widget elementor-widget-icon-box\" data-id=\"c266cf1\" data-element_type=\"widget\" data-e-type=\"widget\" data-widget_type=\"icon-box.default\">\n\t\t\t\t<div class=\"elementor-widget-container\">\n\t\t\t\t\t\t\t<div class=\"elementor-icon-box-wrapper\">\n\n\t\t\t\t\t\t<div class=\"elementor-icon-box-icon\">\n\t\t\t\t<span  class=\"elementor-icon\">\n\t\t\t\t<i aria-hidden=\"true\" class=\"fas fa-mail-bulk\"><\/i>\t\t\t\t<\/span>\n\t\t\t<\/div>\n\t\t\t\n\t\t\t\t\t\t<div class=\"elementor-icon-box-content\">\n\n\t\t\t\t\t\t\t\t\t<h3 class=\"elementor-icon-box-title\">\n\t\t\t\t\t\t<span  >\n\t\t\t\t\t\t\tcontact[a]festival-livre-jeunesse.fr\t\t\t\t\t\t<\/span>\n\t\t\t\t\t<\/h3>\n\t\t\t\t\n\t\t\t\t\n\t\t\t<\/div>\n\t\t\t\n\t\t<\/div>\n\t\t\t\t\t\t<\/div>\n\t\t\t\t<\/div>\n\t\t\t\t<div class=\"elementor-element elementor-element-554f839 elementor-view-stacked elementor-position-inline-start elementor-shape-circle elementor-mobile-position-block-start elementor-widget elementor-widget-icon-box\" data-id=\"554f839\" data-element_type=\"widget\" data-e-type=\"widget\" data-widget_type=\"icon-box.default\">\n\t\t\t\t<div class=\"elementor-widget-container\">\n\t\t\t\t\t\t\t<div class=\"elementor-icon-box-wrapper\">\n\n\t\t\t\t\t\t<div class=\"elementor-icon-box-icon\">\n\t\t\t\t<span  class=\"elementor-icon\">\n\t\t\t\t<i aria-hidden=\"true\" class=\"fas fa-phone\"><\/i>\t\t\t\t<\/span>\n\t\t\t<\/div>\n\t\t\t\n\t\t\t\t\t\t<div class=\"elementor-icon-box-content\">\n\n\t\t\t\t\t\t\t\t\t<h3 class=\"elementor-icon-box-title\">\n\t\t\t\t\t\t<span  >\n\t\t\t\t\t\t\t05 34 63 98 83\t\t\t\t\t\t<\/span>\n\t\t\t\t\t<\/h3>\n\t\t\t\t\n\t\t\t\t\n\t\t\t<\/div>\n\t\t\t\n\t\t<\/div>\n\t\t\t\t\t\t<\/div>\n\t\t\t\t<\/div>\n\t\t\t\t<div class=\"elementor-element elementor-element-7b9a33a elementor-view-stacked elementor-position-inline-start elementor-shape-circle elementor-mobile-position-block-start elementor-widget elementor-widget-icon-box\" data-id=\"7b9a33a\" data-element_type=\"widget\" data-e-type=\"widget\" data-widget_type=\"icon-box.default\">\n\t\t\t\t<div class=\"elementor-widget-container\">\n\t\t\t\t\t\t\t<div class=\"elementor-icon-box-wrapper\">\n\n\t\t\t\t\t\t<div class=\"elementor-icon-box-icon\">\n\t\t\t\t<span  class=\"elementor-icon\">\n\t\t\t\t<i aria-hidden=\"true\" class=\"fas fa-phone\"><\/i>\t\t\t\t<\/span>\n\t\t\t<\/div>\n\t\t\t\n\t\t\t\t\t\t<div class=\"elementor-icon-box-content\">\n\n\t\t\t\t\t\t\t\t\t<h3 class=\"elementor-icon-box-title\">\n\t\t\t\t\t\t<span  >\n\t\t\t\t\t\t\t06 52 74 34 91\t\t\t\t\t\t<\/span>\n\t\t\t\t\t<\/h3>\n\t\t\t\t\n\t\t\t\t\n\t\t\t<\/div>\n\t\t\t\n\t\t<\/div>\n\t\t\t\t\t\t<\/div>\n\t\t\t\t<\/div>\n\t\t\t\t<div class=\"elementor-element elementor-element-68c2ccf elementor-shape-rounded elementor-grid-0 e-grid-align-center elementor-widget elementor-widget-social-icons\" data-id=\"68c2ccf\" data-element_type=\"widget\" data-e-type=\"widget\" data-widget_type=\"social-icons.default\">\n\t\t\t\t<div class=\"elementor-widget-container\">\n\t\t\t\t\t\t\t<div class=\"elementor-social-icons-wrapper elementor-grid\" role=\"list\">\n\t\t\t\t\t\t\t<span class=\"elementor-grid-item\" role=\"listitem\">\n\t\t\t\t\t<a class=\"elementor-icon elementor-social-icon elementor-social-icon-facebook elementor-repeater-item-8fc41aa\" href=\"https:\/\/www.facebook.com\/FestivalLivreJeunesseOccitanie\/\" target=\"_blank\">\n\t\t\t\t\t\t<span class=\"elementor-screen-only\">Facebook<\/span>\n\t\t\t\t\t\t<i aria-hidden=\"true\" class=\"fab fa-facebook\"><\/i>\t\t\t\t\t<\/a>\n\t\t\t\t<\/span>\n\t\t\t\t\t\t\t<span class=\"elementor-grid-item\" role=\"listitem\">\n\t\t\t\t\t<a class=\"elementor-icon elementor-social-icon elementor-social-icon-instagram elementor-repeater-item-375287a\" href=\"https:\/\/www.instagram.com\/festivallivrejeunesseocc\/\" target=\"_blank\">\n\t\t\t\t\t\t<span class=\"elementor-screen-only\">Instagram<\/span>\n\t\t\t\t\t\t<i aria-hidden=\"true\" class=\"fab fa-instagram\"><\/i>\t\t\t\t\t<\/a>\n\t\t\t\t<\/span>\n\t\t\t\t\t\t\t<span class=\"elementor-grid-item\" role=\"listitem\">\n\t\t\t\t\t<a class=\"elementor-icon elementor-social-icon elementor-social-icon-linkedin elementor-repeater-item-2422ed3\" href=\"https:\/\/www.linkedin.com\/company\/81717220\/admin\/dashboard\/\" target=\"_blank\">\n\t\t\t\t\t\t<span class=\"elementor-screen-only\">Linkedin<\/span>\n\t\t\t\t\t\t<i aria-hidden=\"true\" class=\"fab fa-linkedin\"><\/i>\t\t\t\t\t<\/a>\n\t\t\t\t<\/span>\n\t\t\t\t\t<\/div>\n\t\t\t\t\t\t<\/div>\n\t\t\t\t<\/div>\n\t\t\t\t\t<\/div>\n\t\t<\/div>\n\t\t\t\t\t<\/div>\n\t\t<\/section>\n\t\t\t\t\t<\/div>\n\t\t<\/div>\n\t\t\t\t<div class=\"elementor-column elementor-col-50 elementor-top-column elementor-element elementor-element-fe854cd\" data-id=\"fe854cd\" data-element_type=\"column\" data-e-type=\"column\" data-settings=\"{&quot;background_background&quot;:&quot;classic&quot;}\">\n\t\t\t<div class=\"elementor-widget-wrap elementor-element-populated\">\n\t\t\t\t\t\t<div class=\"elementor-element elementor-element-8223945 elementor-arrows-position-inside elementor-pagination-position-outside elementor-widget elementor-widget-image-carousel\" data-id=\"8223945\" data-element_type=\"widget\" data-e-type=\"widget\" data-settings=\"{&quot;slides_to_show&quot;:&quot;1&quot;,&quot;navigation&quot;:&quot;both&quot;,&quot;autoplay&quot;:&quot;yes&quot;,&quot;pause_on_hover&quot;:&quot;yes&quot;,&quot;pause_on_interaction&quot;:&quot;yes&quot;,&quot;autoplay_speed&quot;:5000,&quot;infinite&quot;:&quot;yes&quot;,&quot;effect&quot;:&quot;slide&quot;,&quot;speed&quot;:500}\" data-widget_type=\"image-carousel.default\">\n\t\t\t\t<div class=\"elementor-widget-container\">\n\t\t\t\t\t\t\t<div class=\"elementor-image-carousel-wrapper swiper\" role=\"region\" aria-roledescription=\"carousel\" aria-label=\"Carrousel d\u2019images\" dir=\"ltr\">\n\t\t\t<div class=\"elementor-image-carousel swiper-wrapper\" aria-live=\"off\">\n\t\t\t\t\t\t\t\t<div class=\"swiper-slide\" role=\"group\" aria-roledescription=\"slide\" aria-label=\"1 sur 10\"><figure class=\"swiper-slide-inner\"><img decoding=\"async\" class=\"swiper-slide-image\" src=\"https:\/\/festival-livre-jeunesse.fr\/2026\/wp-content\/uploads\/2025\/11\/GhislaineHerberaBD\u00a9AudreyMompo-7083-768x1152.jpg\" alt=\"GhislaineHerberaBD\u00a9AudreyMompo-7083\" \/><\/figure><\/div><div class=\"swiper-slide\" role=\"group\" aria-roledescription=\"slide\" aria-label=\"2 sur 10\"><figure class=\"swiper-slide-inner\"><img decoding=\"async\" class=\"swiper-slide-image\" src=\"https:\/\/festival-livre-jeunesse.fr\/2026\/wp-content\/uploads\/2025\/11\/JCMourlevatBD\u00a9AudreyMompo-7279-Copie-768x1204.jpg\" alt=\"JCMourlevatBD\u00a9AudreyMompo-7279 - Copie\" \/><\/figure><\/div><div class=\"swiper-slide\" role=\"group\" aria-roledescription=\"slide\" aria-label=\"3 sur 10\"><figure class=\"swiper-slide-inner\"><img decoding=\"async\" class=\"swiper-slide-image\" src=\"https:\/\/festival-livre-jeunesse.fr\/2026\/wp-content\/uploads\/2025\/11\/GillesBacheletBD\u00a9AudreyMompo-6666-1-Copie-768x1022.jpg\" alt=\"GillesBacheletBD\u00a9AudreyMompo-6666 (1) - Copie\" \/><\/figure><\/div><div class=\"swiper-slide\" role=\"group\" aria-roledescription=\"slide\" aria-label=\"4 sur 10\"><figure class=\"swiper-slide-inner\"><img decoding=\"async\" class=\"swiper-slide-image\" src=\"https:\/\/festival-livre-jeunesse.fr\/2026\/wp-content\/uploads\/2025\/11\/MarieMirgaine-BD\u00a9AudreyMompo-7033-768x1152.jpg\" alt=\"MarieMirgaine-BD\u00a9AudreyMompo-7033\" \/><\/figure><\/div><div class=\"swiper-slide\" role=\"group\" aria-roledescription=\"slide\" aria-label=\"5 sur 10\"><figure class=\"swiper-slide-inner\"><img decoding=\"async\" class=\"swiper-slide-image\" src=\"https:\/\/festival-livre-jeunesse.fr\/2026\/wp-content\/uploads\/2025\/11\/AteliersBD\u00a9AudreyMompo-28-768x1152.jpg\" alt=\"AteliersBD\u00a9AudreyMompo-28\" \/><\/figure><\/div><div class=\"swiper-slide\" role=\"group\" aria-roledescription=\"slide\" aria-label=\"6 sur 10\"><figure class=\"swiper-slide-inner\"><img decoding=\"async\" class=\"swiper-slide-image\" src=\"https:\/\/festival-livre-jeunesse.fr\/2026\/wp-content\/uploads\/2025\/11\/Auteur.rice_.sBD\u00a9AudreyMompo-42-768x1152.jpg\" alt=\"Auteur.rice.sBD\u00a9AudreyMompo-42\" \/><\/figure><\/div><div class=\"swiper-slide\" role=\"group\" aria-roledescription=\"slide\" aria-label=\"7 sur 10\"><figure class=\"swiper-slide-inner\"><img decoding=\"async\" class=\"swiper-slide-image\" src=\"https:\/\/festival-livre-jeunesse.fr\/2026\/wp-content\/uploads\/2025\/11\/AteliersBD\u00a9AudreyMompo-24-768x1152.jpg\" alt=\"AteliersBD\u00a9AudreyMompo-24\" \/><\/figure><\/div><div class=\"swiper-slide\" role=\"group\" aria-roledescription=\"slide\" aria-label=\"8 sur 10\"><figure class=\"swiper-slide-inner\"><img decoding=\"async\" class=\"swiper-slide-image\" src=\"https:\/\/festival-livre-jeunesse.fr\/2026\/wp-content\/uploads\/2025\/11\/280123-BD-SpectacleGeraldineAlibeu\u00a9AudreyMompo-12-768x1152.jpg\" alt=\"280123-BD-SpectacleGeraldineAlibeu\u00a9AudreyMompo-12\" \/><\/figure><\/div><div class=\"swiper-slide\" role=\"group\" aria-roledescription=\"slide\" aria-label=\"9 sur 10\"><figure class=\"swiper-slide-inner\"><img decoding=\"async\" class=\"swiper-slide-image\" src=\"https:\/\/festival-livre-jeunesse.fr\/2026\/wp-content\/uploads\/2025\/11\/270123-BD-JourneePro-\u00a9AudreyMompo-7-768x1152.jpg\" alt=\"270123-BD-JourneePro-\u00a9AudreyMompo-7\" \/><\/figure><\/div><div class=\"swiper-slide\" role=\"group\" aria-roledescription=\"slide\" aria-label=\"10 sur 10\"><figure class=\"swiper-slide-inner\"><img decoding=\"async\" class=\"swiper-slide-image\" src=\"https:\/\/festival-livre-jeunesse.fr\/2026\/wp-content\/uploads\/2025\/11\/290123-BD-Salon\u00a9AudreyMompo-6-768x1152.jpg\" alt=\"290123-BD-Salon\u00a9AudreyMompo-6\" \/><\/figure><\/div>\t\t\t<\/div>\n\t\t\t\t\t\t\t\t\t\t\t\t<div class=\"elementor-swiper-button elementor-swiper-button-prev\" role=\"button\" tabindex=\"0\">\n\t\t\t\t\t\t<i aria-hidden=\"true\" class=\"eicon-chevron-left\"><\/i>\t\t\t\t\t<\/div>\n\t\t\t\t\t<div class=\"elementor-swiper-button elementor-swiper-button-next\" role=\"button\" tabindex=\"0\">\n\t\t\t\t\t\t<i aria-hidden=\"true\" class=\"eicon-chevron-right\"><\/i>\t\t\t\t\t<\/div>\n\t\t\t\t\n\t\t\t\t\t\t\t\t\t<div class=\"swiper-pagination\"><\/div>\n\t\t\t\t\t\t\t\t\t<\/div>\n\t\t\t\t\t\t<\/div>\n\t\t\t\t<\/div>\n\t\t\t\t\t<\/div>\n\t\t<\/div>\n\t\t\t\t\t<\/div>\n\t\t<\/section>\n\t\t\t\t<section class=\"elementor-section elementor-top-section elementor-element elementor-element-7e92f0bd elementor-section-full_width elementor-section-height-default elementor-section-height-default\" data-id=\"7e92f0bd\" data-element_type=\"section\" data-e-type=\"section\">\n\t\t\t\t\t\t<div class=\"elementor-container elementor-column-gap-no\">\n\t\t\t\t\t<div class=\"elementor-column elementor-col-100 elementor-top-column elementor-element elementor-element-411fed7c\" data-id=\"411fed7c\" data-element_type=\"column\" data-e-type=\"column\">\n\t\t\t<div class=\"elementor-widget-wrap elementor-element-populated\">\n\t\t\t\t\t\t<div class=\"elementor-element elementor-element-635e242c elementor-pagination-position-inside elementor-arrows-position-inside elementor-widget elementor-widget-image-carousel\" data-id=\"635e242c\" data-element_type=\"widget\" data-e-type=\"widget\" data-settings=\"{&quot;slides_to_show&quot;:&quot;9&quot;,&quot;autoplay_speed&quot;:3000,&quot;speed&quot;:250,&quot;image_spacing_custom&quot;:{&quot;unit&quot;:&quot;px&quot;,&quot;size&quot;:25,&quot;sizes&quot;:[]},&quot;navigation&quot;:&quot;both&quot;,&quot;autoplay&quot;:&quot;yes&quot;,&quot;pause_on_hover&quot;:&quot;yes&quot;,&quot;pause_on_interaction&quot;:&quot;yes&quot;,&quot;infinite&quot;:&quot;yes&quot;,&quot;image_spacing_custom_tablet&quot;:{&quot;unit&quot;:&quot;px&quot;,&quot;size&quot;:&quot;&quot;,&quot;sizes&quot;:[]},&quot;image_spacing_custom_mobile&quot;:{&quot;unit&quot;:&quot;px&quot;,&quot;size&quot;:&quot;&quot;,&quot;sizes&quot;:[]}}\" data-widget_type=\"image-carousel.default\">\n\t\t\t\t<div class=\"elementor-widget-container\">\n\t\t\t\t\t\t\t<div class=\"elementor-image-carousel-wrapper swiper\" role=\"region\" aria-roledescription=\"carousel\" aria-label=\"Carrousel d\u2019images\" dir=\"ltr\">\n\t\t\t<div class=\"elementor-image-carousel swiper-wrapper\" aria-live=\"off\">\n\t\t\t\t\t\t\t\t<div class=\"swiper-slide\" role=\"group\" aria-roledescription=\"slide\" aria-label=\"1 sur 17\"><a data-elementor-open-lightbox=\"yes\" data-elementor-lightbox-slideshow=\"635e242c\" data-elementor-lightbox-title=\"minist\u00e8re de la culture\" data-e-action-hash=\"#elementor-action%3Aaction%3Dlightbox%26settings%3DeyJpZCI6Mjc1OSwidXJsIjoiaHR0cHM6XC9cL2Zlc3RpdmFsLWxpdnJlLWpldW5lc3NlLmZyXC8yMDI2XC93cC1jb250ZW50XC91cGxvYWRzXC8yMDIxXC8wNVwvbWluaXN0ZXJlLWRlLWxhLWN1bHR1cmUucG5nIiwic2xpZGVzaG93IjoiNjM1ZTI0MmMifQ%3D%3D\" href=\"https:\/\/festival-livre-jeunesse.fr\/2021_intermediaire\/partenaires\/\"><figure class=\"swiper-slide-inner\"><img decoding=\"async\" class=\"swiper-slide-image\" src=\"https:\/\/festival-livre-jeunesse.fr\/2026\/wp-content\/uploads\/2021\/05\/ministere-de-la-culture.png\" alt=\"Minist\u00e8re de la culture\" \/><\/figure><\/a><\/div><div class=\"swiper-slide\" role=\"group\" aria-roledescription=\"slide\" aria-label=\"2 sur 17\"><a data-elementor-open-lightbox=\"yes\" data-elementor-lightbox-slideshow=\"635e242c\" data-elementor-lightbox-title=\"acad\u00e9mie toulouse\" data-e-action-hash=\"#elementor-action%3Aaction%3Dlightbox%26settings%3DeyJpZCI6MjY3MCwidXJsIjoiaHR0cHM6XC9cL2Zlc3RpdmFsLWxpdnJlLWpldW5lc3NlLmZyXC8yMDI2XC93cC1jb250ZW50XC91cGxvYWRzXC8yMDIxXC8wNVwvYWNhZGVtaWUtdG91bG91c2UucG5nIiwic2xpZGVzaG93IjoiNjM1ZTI0MmMifQ%3D%3D\" href=\"https:\/\/festival-livre-jeunesse.fr\/2021_intermediaire\/partenaires\/\"><figure class=\"swiper-slide-inner\"><img decoding=\"async\" class=\"swiper-slide-image\" src=\"https:\/\/festival-livre-jeunesse.fr\/2026\/wp-content\/uploads\/2021\/05\/academie-toulouse.png\" alt=\"Acad\u00e9mie de Toulouse\" \/><\/figure><\/a><\/div><div class=\"swiper-slide\" role=\"group\" aria-roledescription=\"slide\" aria-label=\"3 sur 17\"><a data-elementor-open-lightbox=\"yes\" data-elementor-lightbox-slideshow=\"635e242c\" data-elementor-lightbox-title=\"cnl\" data-e-action-hash=\"#elementor-action%3Aaction%3Dlightbox%26settings%3DeyJpZCI6MjY3OSwidXJsIjoiaHR0cHM6XC9cL2Zlc3RpdmFsLWxpdnJlLWpldW5lc3NlLmZyXC8yMDI2XC93cC1jb250ZW50XC91cGxvYWRzXC8yMDIxXC8wNVwvY25sLnBuZyIsInNsaWRlc2hvdyI6IjYzNWUyNDJjIn0%3D\" href=\"https:\/\/festival-livre-jeunesse.fr\/2021_intermediaire\/partenaires\/\"><figure class=\"swiper-slide-inner\"><img decoding=\"async\" class=\"swiper-slide-image\" src=\"https:\/\/festival-livre-jeunesse.fr\/2026\/wp-content\/uploads\/2021\/05\/cnl.png\" alt=\"CNL\" \/><\/figure><\/a><\/div><div class=\"swiper-slide\" role=\"group\" aria-roledescription=\"slide\" aria-label=\"4 sur 17\"><a data-elementor-open-lightbox=\"yes\" data-elementor-lightbox-slideshow=\"635e242c\" data-elementor-lightbox-title=\"saint-orens\" data-e-action-hash=\"#elementor-action%3Aaction%3Dlightbox%26settings%3DeyJpZCI6MjY3NCwidXJsIjoiaHR0cHM6XC9cL2Zlc3RpdmFsLWxpdnJlLWpldW5lc3NlLmZyXC8yMDI2XC93cC1jb250ZW50XC91cGxvYWRzXC8yMDIxXC8wNVwvc2FpbnQtb3JlbnMucG5nIiwic2xpZGVzaG93IjoiNjM1ZTI0MmMifQ%3D%3D\" href=\"https:\/\/festival-livre-jeunesse.fr\/2021_intermediaire\/partenaires\/\"><figure class=\"swiper-slide-inner\"><img decoding=\"async\" class=\"swiper-slide-image\" src=\"https:\/\/festival-livre-jeunesse.fr\/2026\/wp-content\/uploads\/2021\/05\/saint-orens.png\" alt=\"Ville de Saint-Orens de Gameville\" \/><\/figure><\/a><\/div><div class=\"swiper-slide\" role=\"group\" aria-roledescription=\"slide\" aria-label=\"5 sur 17\"><a data-elementor-open-lightbox=\"yes\" data-elementor-lightbox-slideshow=\"635e242c\" data-elementor-lightbox-title=\"toulouse m\u00e9tropole\" data-e-action-hash=\"#elementor-action%3Aaction%3Dlightbox%26settings%3DeyJpZCI6MjY3NSwidXJsIjoiaHR0cHM6XC9cL2Zlc3RpdmFsLWxpdnJlLWpldW5lc3NlLmZyXC8yMDI2XC93cC1jb250ZW50XC91cGxvYWRzXC8yMDIxXC8wNVwvdG91bG91c2UtbWV0cm9wb2xlLnBuZyIsInNsaWRlc2hvdyI6IjYzNWUyNDJjIn0%3D\" href=\"https:\/\/festival-livre-jeunesse.fr\/2021_intermediaire\/partenaires\/\"><figure class=\"swiper-slide-inner\"><img decoding=\"async\" class=\"swiper-slide-image\" src=\"https:\/\/festival-livre-jeunesse.fr\/2026\/wp-content\/uploads\/2021\/05\/toulouse-metropole.png\" alt=\"Toulouse M\u00e9tropole\" \/><\/figure><\/a><\/div><div class=\"swiper-slide\" role=\"group\" aria-roledescription=\"slide\" aria-label=\"6 sur 17\"><a data-elementor-open-lightbox=\"yes\" data-elementor-lightbox-slideshow=\"635e242c\" data-elementor-lightbox-title=\"LOGO MAIRIE DE TLSE vertical cmjn-1\" data-e-action-hash=\"#elementor-action%3Aaction%3Dlightbox%26settings%3DeyJpZCI6MjIzMjUsInVybCI6Imh0dHBzOlwvXC9mZXN0aXZhbC1saXZyZS1qZXVuZXNzZS5mclwvMjAyNlwvd3AtY29udGVudFwvdXBsb2Fkc1wvMjAyNVwvMTFcL0xPR08tTUFJUklFLURFLVRMU0UtdmVydGljYWwtY21qbi0xLnBuZyIsInNsaWRlc2hvdyI6IjYzNWUyNDJjIn0%3D\" href=\"https:\/\/festival-livre-jeunesse.fr\/2021_intermediaire\/partenaires\/\"><figure class=\"swiper-slide-inner\"><img decoding=\"async\" class=\"swiper-slide-image\" src=\"https:\/\/festival-livre-jeunesse.fr\/2026\/wp-content\/uploads\/2025\/11\/LOGO-MAIRIE-DE-TLSE-vertical-cmjn-1.png\" alt=\"LOGO MAIRIE DE TLSE vertical cmjn-1\" \/><\/figure><\/a><\/div><div class=\"swiper-slide\" role=\"group\" aria-roledescription=\"slide\" aria-label=\"7 sur 17\"><a data-elementor-open-lightbox=\"yes\" data-elementor-lightbox-slideshow=\"635e242c\" data-elementor-lightbox-title=\"cd31\" data-e-action-hash=\"#elementor-action%3Aaction%3Dlightbox%26settings%3DeyJpZCI6MjY3MywidXJsIjoiaHR0cHM6XC9cL2Zlc3RpdmFsLWxpdnJlLWpldW5lc3NlLmZyXC8yMDI2XC93cC1jb250ZW50XC91cGxvYWRzXC8yMDIxXC8wNVwvY2QzMS5wbmciLCJzbGlkZXNob3ciOiI2MzVlMjQyYyJ9\" href=\"https:\/\/festival-livre-jeunesse.fr\/2021_intermediaire\/partenaires\/\"><figure class=\"swiper-slide-inner\"><img decoding=\"async\" class=\"swiper-slide-image\" src=\"https:\/\/festival-livre-jeunesse.fr\/2026\/wp-content\/uploads\/2021\/05\/cd31.png\" alt=\"CD31\" \/><\/figure><\/a><\/div><div class=\"swiper-slide\" role=\"group\" aria-roledescription=\"slide\" aria-label=\"8 sur 17\"><a data-elementor-open-lightbox=\"yes\" data-elementor-lightbox-slideshow=\"635e242c\" data-elementor-lightbox-title=\"r\u00e9gion occitanie\" data-e-action-hash=\"#elementor-action%3Aaction%3Dlightbox%26settings%3DeyJpZCI6MjY3MSwidXJsIjoiaHR0cHM6XC9cL2Zlc3RpdmFsLWxpdnJlLWpldW5lc3NlLmZyXC8yMDI2XC93cC1jb250ZW50XC91cGxvYWRzXC8yMDIxXC8wNVwvcmVnaW9uLW9jY2l0YW5pZS5wbmciLCJzbGlkZXNob3ciOiI2MzVlMjQyYyJ9\" href=\"https:\/\/festival-livre-jeunesse.fr\/2021_intermediaire\/partenaires\/\"><figure class=\"swiper-slide-inner\"><img decoding=\"async\" class=\"swiper-slide-image\" src=\"https:\/\/festival-livre-jeunesse.fr\/2026\/wp-content\/uploads\/2021\/05\/region-occitanie.png\" alt=\"R\u00e9gion Occitanie\" \/><\/figure><\/a><\/div><div class=\"swiper-slide\" role=\"group\" aria-roledescription=\"slide\" aria-label=\"9 sur 17\"><a data-elementor-open-lightbox=\"yes\" data-elementor-lightbox-slideshow=\"635e242c\" data-elementor-lightbox-title=\"INSPE\" data-e-action-hash=\"#elementor-action%3Aaction%3Dlightbox%26settings%3DeyJpZCI6MjY4MCwidXJsIjoiaHR0cHM6XC9cL2Zlc3RpdmFsLWxpdnJlLWpldW5lc3NlLmZyXC8yMDI2XC93cC1jb250ZW50XC91cGxvYWRzXC8yMDIxXC8wNVwvSU5TUEUuanBnIiwic2xpZGVzaG93IjoiNjM1ZTI0MmMifQ%3D%3D\" href=\"https:\/\/festival-livre-jeunesse.fr\/2021_intermediaire\/partenaires\/\"><figure class=\"swiper-slide-inner\"><img decoding=\"async\" class=\"swiper-slide-image\" src=\"https:\/\/festival-livre-jeunesse.fr\/2026\/wp-content\/uploads\/2021\/05\/INSPE.jpg\" alt=\"Inspe Toulouse\" \/><\/figure><\/a><\/div><div class=\"swiper-slide\" role=\"group\" aria-roledescription=\"slide\" aria-label=\"10 sur 17\"><a data-elementor-open-lightbox=\"yes\" data-elementor-lightbox-slideshow=\"635e242c\" data-elementor-lightbox-title=\"universit\u00e9\" data-e-action-hash=\"#elementor-action%3Aaction%3Dlightbox%26settings%3DeyJpZCI6MjY4NywidXJsIjoiaHR0cHM6XC9cL2Zlc3RpdmFsLWxpdnJlLWpldW5lc3NlLmZyXC8yMDI2XC93cC1jb250ZW50XC91cGxvYWRzXC8yMDIxXC8wNVwvdW5pdmVyc2l0ZS5wbmciLCJzbGlkZXNob3ciOiI2MzVlMjQyYyJ9\" href=\"https:\/\/festival-livre-jeunesse.fr\/2021_intermediaire\/partenaires\/\"><figure class=\"swiper-slide-inner\"><img decoding=\"async\" class=\"swiper-slide-image\" src=\"https:\/\/festival-livre-jeunesse.fr\/2026\/wp-content\/uploads\/2021\/05\/universite.png\" alt=\"Universit\u00e9 Jean Jaur\u00e8s\" \/><\/figure><\/a><\/div><div class=\"swiper-slide\" role=\"group\" aria-roledescription=\"slide\" aria-label=\"11 sur 17\"><a data-elementor-open-lightbox=\"yes\" data-elementor-lightbox-slideshow=\"635e242c\" data-elementor-lightbox-title=\"Logo Sofia\" data-e-action-hash=\"#elementor-action%3Aaction%3Dlightbox%26settings%3DeyJpZCI6MjY4OCwidXJsIjoiaHR0cHM6XC9cL2Zlc3RpdmFsLWxpdnJlLWpldW5lc3NlLmZyXC8yMDI2XC93cC1jb250ZW50XC91cGxvYWRzXC8yMDIxXC8wNVwvTG9nby1Tb2ZpYS5wbmciLCJzbGlkZXNob3ciOiI2MzVlMjQyYyJ9\" href=\"https:\/\/festival-livre-jeunesse.fr\/2021_intermediaire\/partenaires\/\"><figure class=\"swiper-slide-inner\"><img decoding=\"async\" class=\"swiper-slide-image\" src=\"https:\/\/festival-livre-jeunesse.fr\/2026\/wp-content\/uploads\/2021\/05\/Logo-Sofia.png\" alt=\"SOFIA Action culturelle\" \/><\/figure><\/a><\/div><div class=\"swiper-slide\" role=\"group\" aria-roledescription=\"slide\" aria-label=\"12 sur 17\"><a data-elementor-open-lightbox=\"yes\" data-elementor-lightbox-slideshow=\"635e242c\" data-elementor-lightbox-title=\"copie priv\u00e9e\" data-e-action-hash=\"#elementor-action%3Aaction%3Dlightbox%26settings%3DeyJpZCI6MjY4NSwidXJsIjoiaHR0cHM6XC9cL2Zlc3RpdmFsLWxpdnJlLWpldW5lc3NlLmZyXC8yMDI2XC93cC1jb250ZW50XC91cGxvYWRzXC8yMDIxXC8wNVwvY29waWUtcHJpdmVlLnBuZyIsInNsaWRlc2hvdyI6IjYzNWUyNDJjIn0%3D\" href=\"https:\/\/festival-livre-jeunesse.fr\/2021_intermediaire\/partenaires\/\"><figure class=\"swiper-slide-inner\"><img decoding=\"async\" class=\"swiper-slide-image\" src=\"https:\/\/festival-livre-jeunesse.fr\/2026\/wp-content\/uploads\/2021\/05\/copie-privee.png\" alt=\"Copie Priv\u00e9e\" \/><\/figure><\/a><\/div><div class=\"swiper-slide\" role=\"group\" aria-roledescription=\"slide\" aria-label=\"13 sur 17\"><a data-elementor-open-lightbox=\"yes\" data-elementor-lightbox-slideshow=\"635e242c\" data-elementor-lightbox-title=\"logo-saif-2l\" data-e-action-hash=\"#elementor-action%3Aaction%3Dlightbox%26settings%3DeyJpZCI6MjIzMjMsInVybCI6Imh0dHBzOlwvXC9mZXN0aXZhbC1saXZyZS1qZXVuZXNzZS5mclwvMjAyNlwvd3AtY29udGVudFwvdXBsb2Fkc1wvMjAyNVwvMTFcL2xvZ28tc2FpZi0ybC1zY2FsZWQucG5nIiwic2xpZGVzaG93IjoiNjM1ZTI0MmMifQ%3D%3D\" href=\"https:\/\/festival-livre-jeunesse.fr\/2021_intermediaire\/partenaires\/\"><figure class=\"swiper-slide-inner\"><img decoding=\"async\" class=\"swiper-slide-image\" src=\"https:\/\/festival-livre-jeunesse.fr\/2026\/wp-content\/uploads\/2025\/11\/logo-saif-2l-scaled.png\" alt=\"logo-saif-2l\" \/><\/figure><\/a><\/div><div class=\"swiper-slide\" role=\"group\" aria-roledescription=\"slide\" aria-label=\"14 sur 17\"><a data-elementor-open-lightbox=\"yes\" data-elementor-lightbox-slideshow=\"635e242c\" data-elementor-lightbox-title=\"10608266_1531916217072509_3264942615817337547_o\" data-e-action-hash=\"#elementor-action%3Aaction%3Dlightbox%26settings%3DeyJpZCI6MjIzMjEsInVybCI6Imh0dHBzOlwvXC9mZXN0aXZhbC1saXZyZS1qZXVuZXNzZS5mclwvMjAyNlwvd3AtY29udGVudFwvdXBsb2Fkc1wvMjAyNVwvMTFcLzEwNjA4MjY2XzE1MzE5MTYyMTcwNzI1MDlfMzI2NDk0MjYxNTgxNzMzNzU0N19vLmpwZyIsInNsaWRlc2hvdyI6IjYzNWUyNDJjIn0%3D\" href=\"https:\/\/festival-livre-jeunesse.fr\/2021_intermediaire\/partenaires\/\"><figure class=\"swiper-slide-inner\"><img decoding=\"async\" class=\"swiper-slide-image\" src=\"https:\/\/festival-livre-jeunesse.fr\/2026\/wp-content\/uploads\/2025\/11\/10608266_1531916217072509_3264942615817337547_o.jpg\" alt=\"10608266_1531916217072509_3264942615817337547_o\" \/><\/figure><\/a><\/div><div class=\"swiper-slide\" role=\"group\" aria-roledescription=\"slide\" aria-label=\"15 sur 17\"><a data-elementor-open-lightbox=\"yes\" data-elementor-lightbox-slideshow=\"635e242c\" data-elementor-lightbox-title=\"Logos AMC\" data-e-action-hash=\"#elementor-action%3Aaction%3Dlightbox%26settings%3DeyJpZCI6MjIzMTYsInVybCI6Imh0dHBzOlwvXC9mZXN0aXZhbC1saXZyZS1qZXVuZXNzZS5mclwvMjAyNlwvd3AtY29udGVudFwvdXBsb2Fkc1wvMjAyNVwvMTFcL0xvZ29zLUFNQy5wbmciLCJzbGlkZXNob3ciOiI2MzVlMjQyYyJ9\" href=\"https:\/\/festival-livre-jeunesse.fr\/2021_intermediaire\/partenaires\/\"><figure class=\"swiper-slide-inner\"><img decoding=\"async\" class=\"swiper-slide-image\" src=\"https:\/\/festival-livre-jeunesse.fr\/2026\/wp-content\/uploads\/2025\/11\/Logos-AMC.png\" alt=\"Logos AMC\" \/><\/figure><\/a><\/div><div class=\"swiper-slide\" role=\"group\" aria-roledescription=\"slide\" aria-label=\"16 sur 17\"><a data-elementor-open-lightbox=\"yes\" data-elementor-lightbox-slideshow=\"635e242c\" data-elementor-lightbox-title=\"Logo_Tisseo-Collectivites\" data-e-action-hash=\"#elementor-action%3Aaction%3Dlightbox%26settings%3DeyJpZCI6MTIyMDIsInVybCI6Imh0dHBzOlwvXC9mZXN0aXZhbC1saXZyZS1qZXVuZXNzZS5mclwvMjAyNlwvd3AtY29udGVudFwvdXBsb2Fkc1wvMjAyMlwvMTJcL0xvZ29fVGlzc2VvLUNvbGxlY3Rpdml0ZXMucG5nIiwic2xpZGVzaG93IjoiNjM1ZTI0MmMifQ%3D%3D\" href=\"https:\/\/festival-livre-jeunesse.fr\/2021_intermediaire\/partenaires\/\"><figure class=\"swiper-slide-inner\"><img decoding=\"async\" class=\"swiper-slide-image\" src=\"https:\/\/festival-livre-jeunesse.fr\/2026\/wp-content\/uploads\/2022\/12\/Logo_Tisseo-Collectivites.png\" alt=\"Tiss\u00e9o\" \/><\/figure><\/a><\/div><div class=\"swiper-slide\" role=\"group\" aria-roledescription=\"slide\" aria-label=\"17 sur 17\"><a data-elementor-open-lightbox=\"yes\" data-elementor-lightbox-slideshow=\"635e242c\" data-elementor-lightbox-title=\"ICI_Ge\u0301ne\u0301rique_Radio_TV_Digital_RVB_Couleur\" data-e-action-hash=\"#elementor-action%3Aaction%3Dlightbox%26settings%3DeyJpZCI6MjM3OTEsInVybCI6Imh0dHBzOlwvXC9mZXN0aXZhbC1saXZyZS1qZXVuZXNzZS5mclwvMjAyNlwvd3AtY29udGVudFwvdXBsb2Fkc1wvMjAyNlwvMDFcL0lDSV9HZW5lcmlxdWVfUmFkaW9fVFZfRGlnaXRhbF9SVkJfQ291bGV1ci0xLXNjYWxlZC5wbmciLCJzbGlkZXNob3ciOiI2MzVlMjQyYyJ9\" href=\"https:\/\/festival-livre-jeunesse.fr\/2021_intermediaire\/partenaires\/\"><figure class=\"swiper-slide-inner\"><img decoding=\"async\" class=\"swiper-slide-image\" src=\"https:\/\/festival-livre-jeunesse.fr\/2026\/wp-content\/uploads\/2026\/01\/ICI_Generique_Radio_TV_Digital_RVB_Couleur-1-scaled.png\" alt=\"ICI_Ge\u0301ne\u0301rique_Radio_TV_Digital_RVB_Couleur\" \/><\/figure><\/a><\/div>\t\t\t<\/div>\n\t\t\t\t\t\t\t\t\t\t\t\t<div class=\"elementor-swiper-button elementor-swiper-button-prev\" role=\"button\" tabindex=\"0\">\n\t\t\t\t\t\t<i aria-hidden=\"true\" class=\"eicon-chevron-left\"><\/i>\t\t\t\t\t<\/div>\n\t\t\t\t\t<div class=\"elementor-swiper-button elementor-swiper-button-next\" role=\"button\" tabindex=\"0\">\n\t\t\t\t\t\t<i aria-hidden=\"true\" class=\"eicon-chevron-right\"><\/i>\t\t\t\t\t<\/div>\n\t\t\t\t\n\t\t\t\t\t\t\t\t\t<div class=\"swiper-pagination\"><\/div>\n\t\t\t\t\t\t\t\t\t<\/div>\n\t\t\t\t\t\t<\/div>\n\t\t\t\t<\/div>\n\t\t\t\t\t<\/div>\n\t\t<\/div>\n\t\t\t\t\t<\/div>\n\t\t<\/section>\n\t\t\t\t<\/div>\n\t\t","protected":false},"excerpt":{"rendered":"<p>Festival du Livre de Jeunesse Occitanie Adresse postale &#8211; si\u00e8ge social : 3 rue Georges Vivent,BP 73657, 31036 Toulouse Cedex 01 &nbsp;Prochain festival d\u00e8s le 5 janvier 2027 dans les communes de Toulouse M\u00e9tropole Temps forts les 30 et 31 janvier 2027 \u00e0 St Orens Le festival se d\u00e9roule au gymnase&nbsp; du Lyc\u00e9e Pierre Paul [&hellip;]<\/p>\n","protected":false},"author":1,"featured_media":0,"parent":0,"menu_order":0,"comment_status":"closed","ping_status":"closed","template":"","meta":{"site-sidebar-layout":"no-sidebar","site-content-layout":"page-builder","ast-site-content-layout":"default","site-content-style":"default","site-sidebar-style":"default","ast-global-header-display":"","ast-banner-title-visibility":"","ast-main-header-display":"","ast-hfb-above-header-display":"","ast-hfb-below-header-display":"","ast-hfb-mobile-header-display":"","site-post-title":"disabled","ast-breadcrumbs-content":"","ast-featured-img":"disabled","footer-sml-layout":"","theme-transparent-header-meta":"default","adv-header-id-meta":"","stick-header-meta":"","header-above-stick-meta":"","header-main-stick-meta":"","header-below-stick-meta":"","astra-migrate-meta-layouts":"default","ast-page-background-enabled":"default","ast-page-background-meta":{"desktop":{"background-color":"","background-image":"","background-repeat":"repeat","background-position":"center center","background-size":"auto","background-attachment":"scroll","background-type":"","background-media":"","overlay-type":"","overlay-color":"","overlay-opacity":"","overlay-gradient":""},"tablet":{"background-color":"","background-image":"","background-repeat":"repeat","background-position":"center center","background-size":"auto","background-attachment":"scroll","background-type":"","background-media":"","overlay-type":"","overlay-color":"","overlay-opacity":"","overlay-gradient":""},"mobile":{"background-color":"","background-image":"","background-repeat":"repeat","background-position":"center center","background-size":"auto","background-attachment":"scroll","background-type":"","background-media":"","overlay-type":"","overlay-color":"","overlay-opacity":"","overlay-gradient":""}},"ast-content-background-meta":{"desktop":{"background-color":"var(--ast-global-color-5)","background-image":"","background-repeat":"repeat","background-position":"center center","background-size":"auto","background-attachment":"scroll","background-type":"","background-media":"","overlay-type":"","overlay-color":"","overlay-opacity":"","overlay-gradient":""},"tablet":{"background-color":"var(--ast-global-color-5)","background-image":"","background-repeat":"repeat","background-position":"center center","background-size":"auto","background-attachment":"scroll","background-type":"","background-media":"","overlay-type":"","overlay-color":"","overlay-opacity":"","overlay-gradient":""},"mobile":{"background-color":"var(--ast-global-color-5)","background-image":"","background-repeat":"repeat","background-position":"center center","background-size":"auto","background-attachment":"scroll","background-type":"","background-media":"","overlay-type":"","overlay-color":"","overlay-opacity":"","overlay-gradient":""}},"footnotes":""},"class_list":["post-16","page","type-page","status-publish","hentry"],"yoast_head":"<!-- This site is optimized with the Yoast SEO plugin v27.3 - https:\/\/yoast.com\/product\/yoast-seo-wordpress\/ -->\n<title>Contact - Festival du Livre de Jeunesse Occitanie : 29, 30, 31 janvier 2027<\/title>\n<meta name=\"robots\" content=\"index, follow, max-snippet:-1, max-image-preview:large, max-video-preview:-1\" \/>\n<link rel=\"canonical\" href=\"https:\/\/festival-livre-jeunesse.fr\/2026\/contact\/\" \/>\n<meta property=\"og:locale\" content=\"fr_FR\" \/>\n<meta property=\"og:type\" content=\"article\" \/>\n<meta property=\"og:title\" content=\"Contact - Festival du Livre de Jeunesse Occitanie : 29, 30, 31 janvier 2027\" \/>\n<meta property=\"og:description\" content=\"Festival du Livre de Jeunesse Occitanie Adresse postale &#8211; si\u00e8ge social : 3 rue Georges Vivent,BP 73657, 31036 Toulouse Cedex 01 &nbsp;Prochain festival d\u00e8s le 5 janvier 2027 dans les communes de Toulouse M\u00e9tropole Temps forts les 30 et 31 janvier 2027 \u00e0 St Orens Le festival se d\u00e9roule au gymnase&nbsp; du Lyc\u00e9e Pierre Paul [&hellip;]\" \/>\n<meta property=\"og:url\" content=\"https:\/\/festival-livre-jeunesse.fr\/2026\/contact\/\" \/>\n<meta property=\"og:site_name\" content=\"Festival du Livre de Jeunesse Occitanie : 29, 30, 31 janvier 2027\" \/>\n<meta property=\"article:publisher\" content=\"https:\/\/www.facebook.com\/FestivalLivreJeunesseOccitanie\" \/>\n<meta property=\"article:modified_time\" content=\"2026-03-19T14:18:14+00:00\" \/>\n<meta property=\"og:image\" content=\"https:\/\/festival-livre-jeunesse.fr\/2026\/wp-content\/uploads\/2021\/05\/ministere-de-la-culture.png\" \/>\n<meta name=\"twitter:card\" content=\"summary_large_image\" \/>\n<meta name=\"twitter:site\" content=\"@FljOccitanie\" \/>\n<script type=\"application\/ld+json\" class=\"yoast-schema-graph\">{\"@context\":\"https:\\\/\\\/schema.org\",\"@graph\":[{\"@type\":\"WebPage\",\"@id\":\"https:\\\/\\\/festival-livre-jeunesse.fr\\\/2026\\\/contact\\\/\",\"url\":\"https:\\\/\\\/festival-livre-jeunesse.fr\\\/2026\\\/contact\\\/\",\"name\":\"Contact - Festival du Livre de Jeunesse Occitanie : 29, 30, 31 janvier 2027\",\"isPartOf\":{\"@id\":\"https:\\\/\\\/festival-livre-jeunesse.fr\\\/2026\\\/#website\"},\"primaryImageOfPage\":{\"@id\":\"https:\\\/\\\/festival-livre-jeunesse.fr\\\/2026\\\/contact\\\/#primaryimage\"},\"image\":{\"@id\":\"https:\\\/\\\/festival-livre-jeunesse.fr\\\/2026\\\/contact\\\/#primaryimage\"},\"thumbnailUrl\":\"https:\\\/\\\/festival-livre-jeunesse.fr\\\/2026\\\/wp-content\\\/uploads\\\/2021\\\/05\\\/ministere-de-la-culture.png\",\"datePublished\":\"2021-05-07T09:23:39+00:00\",\"dateModified\":\"2026-03-19T14:18:14+00:00\",\"breadcrumb\":{\"@id\":\"https:\\\/\\\/festival-livre-jeunesse.fr\\\/2026\\\/contact\\\/#breadcrumb\"},\"inLanguage\":\"fr-FR\",\"potentialAction\":[{\"@type\":\"ReadAction\",\"target\":[\"https:\\\/\\\/festival-livre-jeunesse.fr\\\/2026\\\/contact\\\/\"]}]},{\"@type\":\"ImageObject\",\"inLanguage\":\"fr-FR\",\"@id\":\"https:\\\/\\\/festival-livre-jeunesse.fr\\\/2026\\\/contact\\\/#primaryimage\",\"url\":\"https:\\\/\\\/festival-livre-jeunesse.fr\\\/2026\\\/wp-content\\\/uploads\\\/2021\\\/05\\\/ministere-de-la-culture.png\",\"contentUrl\":\"https:\\\/\\\/festival-livre-jeunesse.fr\\\/2026\\\/wp-content\\\/uploads\\\/2021\\\/05\\\/ministere-de-la-culture.png\",\"width\":150,\"height\":150,\"caption\":\"Minist\u00e8re de la culture\"},{\"@type\":\"BreadcrumbList\",\"@id\":\"https:\\\/\\\/festival-livre-jeunesse.fr\\\/2026\\\/contact\\\/#breadcrumb\",\"itemListElement\":[{\"@type\":\"ListItem\",\"position\":1,\"name\":\"Accueil\",\"item\":\"https:\\\/\\\/festival-livre-jeunesse.fr\\\/2026\\\/\"},{\"@type\":\"ListItem\",\"position\":2,\"name\":\"Contact\"}]},{\"@type\":\"WebSite\",\"@id\":\"https:\\\/\\\/festival-livre-jeunesse.fr\\\/2026\\\/#website\",\"url\":\"https:\\\/\\\/festival-livre-jeunesse.fr\\\/2026\\\/\",\"name\":\"Festival du Livre de Jeunesse Occitanie\",\"description\":\" Partir en livre : 17 juin - 19 juillet 2026\",\"publisher\":{\"@id\":\"https:\\\/\\\/festival-livre-jeunesse.fr\\\/2026\\\/#organization\"},\"potentialAction\":[{\"@type\":\"SearchAction\",\"target\":{\"@type\":\"EntryPoint\",\"urlTemplate\":\"https:\\\/\\\/festival-livre-jeunesse.fr\\\/2026\\\/?s={search_term_string}\"},\"query-input\":{\"@type\":\"PropertyValueSpecification\",\"valueRequired\":true,\"valueName\":\"search_term_string\"}}],\"inLanguage\":\"fr-FR\"},{\"@type\":\"Organization\",\"@id\":\"https:\\\/\\\/festival-livre-jeunesse.fr\\\/2026\\\/#organization\",\"name\":\"festival livre jeunesse occitanie\",\"url\":\"https:\\\/\\\/festival-livre-jeunesse.fr\\\/2026\\\/\",\"logo\":{\"@type\":\"ImageObject\",\"inLanguage\":\"fr-FR\",\"@id\":\"https:\\\/\\\/festival-livre-jeunesse.fr\\\/2026\\\/#\\\/schema\\\/logo\\\/image\\\/\",\"url\":\"https:\\\/\\\/festival-livre-jeunesse.fr\\\/2026\\\/wp-content\\\/uploads\\\/2023\\\/10\\\/cropped-Logo-FLJ-NB.png\",\"contentUrl\":\"https:\\\/\\\/festival-livre-jeunesse.fr\\\/2026\\\/wp-content\\\/uploads\\\/2023\\\/10\\\/cropped-Logo-FLJ-NB.png\",\"width\":1209,\"height\":1191,\"caption\":\"festival livre jeunesse occitanie\"},\"image\":{\"@id\":\"https:\\\/\\\/festival-livre-jeunesse.fr\\\/2026\\\/#\\\/schema\\\/logo\\\/image\\\/\"},\"sameAs\":[\"https:\\\/\\\/www.facebook.com\\\/FestivalLivreJeunesseOccitanie\",\"https:\\\/\\\/x.com\\\/FljOccitanie\"]}]}<\/script>\n<!-- \/ Yoast SEO plugin. -->","yoast_head_json":{"title":"Contact - Festival du Livre de Jeunesse Occitanie : 29, 30, 31 janvier 2027","robots":{"index":"index","follow":"follow","max-snippet":"max-snippet:-1","max-image-preview":"max-image-preview:large","max-video-preview":"max-video-preview:-1"},"canonical":"https:\/\/festival-livre-jeunesse.fr\/2026\/contact\/","og_locale":"fr_FR","og_type":"article","og_title":"Contact - Festival du Livre de Jeunesse Occitanie : 29, 30, 31 janvier 2027","og_description":"Festival du Livre de Jeunesse Occitanie Adresse postale &#8211; si\u00e8ge social : 3 rue Georges Vivent,BP 73657, 31036 Toulouse Cedex 01 &nbsp;Prochain festival d\u00e8s le 5 janvier 2027 dans les communes de Toulouse M\u00e9tropole Temps forts les 30 et 31 janvier 2027 \u00e0 St Orens Le festival se d\u00e9roule au gymnase&nbsp; du Lyc\u00e9e Pierre Paul [&hellip;]","og_url":"https:\/\/festival-livre-jeunesse.fr\/2026\/contact\/","og_site_name":"Festival du Livre de Jeunesse Occitanie : 29, 30, 31 janvier 2027","article_publisher":"https:\/\/www.facebook.com\/FestivalLivreJeunesseOccitanie","article_modified_time":"2026-03-19T14:18:14+00:00","og_image":[{"url":"https:\/\/festival-livre-jeunesse.fr\/2026\/wp-content\/uploads\/2021\/05\/ministere-de-la-culture.png","type":"","width":"","height":""}],"twitter_card":"summary_large_image","twitter_site":"@FljOccitanie","schema":{"@context":"https:\/\/schema.org","@graph":[{"@type":"WebPage","@id":"https:\/\/festival-livre-jeunesse.fr\/2026\/contact\/","url":"https:\/\/festival-livre-jeunesse.fr\/2026\/contact\/","name":"Contact - Festival du Livre de Jeunesse Occitanie : 29, 30, 31 janvier 2027","isPartOf":{"@id":"https:\/\/festival-livre-jeunesse.fr\/2026\/#website"},"primaryImageOfPage":{"@id":"https:\/\/festival-livre-jeunesse.fr\/2026\/contact\/#primaryimage"},"image":{"@id":"https:\/\/festival-livre-jeunesse.fr\/2026\/contact\/#primaryimage"},"thumbnailUrl":"https:\/\/festival-livre-jeunesse.fr\/2026\/wp-content\/uploads\/2021\/05\/ministere-de-la-culture.png","datePublished":"2021-05-07T09:23:39+00:00","dateModified":"2026-03-19T14:18:14+00:00","breadcrumb":{"@id":"https:\/\/festival-livre-jeunesse.fr\/2026\/contact\/#breadcrumb"},"inLanguage":"fr-FR","potentialAction":[{"@type":"ReadAction","target":["https:\/\/festival-livre-jeunesse.fr\/2026\/contact\/"]}]},{"@type":"ImageObject","inLanguage":"fr-FR","@id":"https:\/\/festival-livre-jeunesse.fr\/2026\/contact\/#primaryimage","url":"https:\/\/festival-livre-jeunesse.fr\/2026\/wp-content\/uploads\/2021\/05\/ministere-de-la-culture.png","contentUrl":"https:\/\/festival-livre-jeunesse.fr\/2026\/wp-content\/uploads\/2021\/05\/ministere-de-la-culture.png","width":150,"height":150,"caption":"Minist\u00e8re de la culture"},{"@type":"BreadcrumbList","@id":"https:\/\/festival-livre-jeunesse.fr\/2026\/contact\/#breadcrumb","itemListElement":[{"@type":"ListItem","position":1,"name":"Accueil","item":"https:\/\/festival-livre-jeunesse.fr\/2026\/"},{"@type":"ListItem","position":2,"name":"Contact"}]},{"@type":"WebSite","@id":"https:\/\/festival-livre-jeunesse.fr\/2026\/#website","url":"https:\/\/festival-livre-jeunesse.fr\/2026\/","name":"Festival du Livre de Jeunesse Occitanie","description":" Partir en livre : 17 juin - 19 juillet 2026","publisher":{"@id":"https:\/\/festival-livre-jeunesse.fr\/2026\/#organization"},"potentialAction":[{"@type":"SearchAction","target":{"@type":"EntryPoint","urlTemplate":"https:\/\/festival-livre-jeunesse.fr\/2026\/?s={search_term_string}"},"query-input":{"@type":"PropertyValueSpecification","valueRequired":true,"valueName":"search_term_string"}}],"inLanguage":"fr-FR"},{"@type":"Organization","@id":"https:\/\/festival-livre-jeunesse.fr\/2026\/#organization","name":"festival livre jeunesse occitanie","url":"https:\/\/festival-livre-jeunesse.fr\/2026\/","logo":{"@type":"ImageObject","inLanguage":"fr-FR","@id":"https:\/\/festival-livre-jeunesse.fr\/2026\/#\/schema\/logo\/image\/","url":"https:\/\/festival-livre-jeunesse.fr\/2026\/wp-content\/uploads\/2023\/10\/cropped-Logo-FLJ-NB.png","contentUrl":"https:\/\/festival-livre-jeunesse.fr\/2026\/wp-content\/uploads\/2023\/10\/cropped-Logo-FLJ-NB.png","width":1209,"height":1191,"caption":"festival livre jeunesse occitanie"},"image":{"@id":"https:\/\/festival-livre-jeunesse.fr\/2026\/#\/schema\/logo\/image\/"},"sameAs":["https:\/\/www.facebook.com\/FestivalLivreJeunesseOccitanie","https:\/\/x.com\/FljOccitanie"]}]}},"_links":{"self":[{"href":"https:\/\/festival-livre-jeunesse.fr\/2026\/wp-json\/wp\/v2\/pages\/16","targetHints":{"allow":["GET"]}}],"collection":[{"href":"https:\/\/festival-livre-jeunesse.fr\/2026\/wp-json\/wp\/v2\/pages"}],"about":[{"href":"https:\/\/festival-livre-jeunesse.fr\/2026\/wp-json\/wp\/v2\/types\/page"}],"author":[{"embeddable":true,"href":"https:\/\/festival-livre-jeunesse.fr\/2026\/wp-json\/wp\/v2\/users\/1"}],"replies":[{"embeddable":true,"href":"https:\/\/festival-livre-jeunesse.fr\/2026\/wp-json\/wp\/v2\/comments?post=16"}],"version-history":[{"count":128,"href":"https:\/\/festival-livre-jeunesse.fr\/2026\/wp-json\/wp\/v2\/pages\/16\/revisions"}],"predecessor-version":[{"id":24007,"href":"https:\/\/festival-livre-jeunesse.fr\/2026\/wp-json\/wp\/v2\/pages\/16\/revisions\/24007"}],"wp:attachment":[{"href":"https:\/\/festival-livre-jeunesse.fr\/2026\/wp-json\/wp\/v2\/media?parent=16"}],"curies":[{"name":"wp","href":"https:\/\/api.w.org\/{rel}","templated":true}]}}