{"id":18632,"date":"2024-09-23T14:43:39","date_gmt":"2024-09-23T12:43:39","guid":{"rendered":"https:\/\/festival-livre-jeunesse.fr\/2025\/?page_id=18632"},"modified":"2026-01-09T11:58:36","modified_gmt":"2026-01-09T10:58:36","slug":"journee-professionnelle","status":"publish","type":"page","link":"https:\/\/festival-livre-jeunesse.fr\/2026\/journee-professionnelle\/","title":{"rendered":"Journ\u00e9e professionnelle"},"content":{"rendered":"\t\t<div data-elementor-type=\"wp-page\" data-elementor-id=\"18632\" class=\"elementor elementor-18632\">\n\t\t\t\t\t\t<section class=\"elementor-section elementor-top-section elementor-element elementor-element-b7523e3 elementor-section-content-middle elementor-section-boxed elementor-section-height-default elementor-section-height-default\" data-id=\"b7523e3\" data-element_type=\"section\" data-e-type=\"section\">\n\t\t\t\t\t\t<div class=\"elementor-container elementor-column-gap-no\">\n\t\t\t\t\t<div class=\"elementor-column elementor-col-100 elementor-top-column elementor-element elementor-element-16fdf9ab\" data-id=\"16fdf9ab\" data-element_type=\"column\" data-e-type=\"column\">\n\t\t\t<div class=\"elementor-widget-wrap elementor-element-populated\">\n\t\t\t\t\t\t<div class=\"elementor-element elementor-element-64864da6 elementor-widget elementor-widget-spacer\" data-id=\"64864da6\" data-element_type=\"widget\" data-e-type=\"widget\" data-widget_type=\"spacer.default\">\n\t\t\t\t<div class=\"elementor-widget-container\">\n\t\t\t\t\t\t\t<div class=\"elementor-spacer\">\n\t\t\t<div class=\"elementor-spacer-inner\"><\/div>\n\t\t<\/div>\n\t\t\t\t\t\t<\/div>\n\t\t\t\t<\/div>\n\t\t\t\t<div class=\"elementor-element elementor-element-03a4d51 elementor-widget elementor-widget-spacer\" data-id=\"03a4d51\" data-element_type=\"widget\" data-e-type=\"widget\" data-widget_type=\"spacer.default\">\n\t\t\t\t<div class=\"elementor-widget-container\">\n\t\t\t\t\t\t\t<div class=\"elementor-spacer\">\n\t\t\t<div class=\"elementor-spacer-inner\"><\/div>\n\t\t<\/div>\n\t\t\t\t\t\t<\/div>\n\t\t\t\t<\/div>\n\t\t\t\t<div class=\"elementor-element elementor-element-a9dab7a elementor-widget__width-initial elementor-absolute elementor-widget elementor-widget-heading\" data-id=\"a9dab7a\" data-element_type=\"widget\" data-e-type=\"widget\" data-settings=\"{&quot;_position&quot;:&quot;absolute&quot;}\" data-widget_type=\"heading.default\">\n\t\t\t\t<div class=\"elementor-widget-container\">\n\t\t\t\t\t<h3 class=\"elementor-heading-title elementor-size-default\">Journ\u00e9e professionnelle 2026<\/h3>\t\t\t\t<\/div>\n\t\t\t\t<\/div>\n\t\t\t\t<div class=\"elementor-element elementor-element-feb5bd3 elementor-widget-divider--view-line elementor-widget elementor-widget-divider\" data-id=\"feb5bd3\" data-element_type=\"widget\" data-e-type=\"widget\" data-widget_type=\"divider.default\">\n\t\t\t\t<div class=\"elementor-widget-container\">\n\t\t\t\t\t\t\t<div class=\"elementor-divider\">\n\t\t\t<span class=\"elementor-divider-separator\">\n\t\t\t\t\t\t<\/span>\n\t\t<\/div>\n\t\t\t\t\t\t<\/div>\n\t\t\t\t<\/div>\n\t\t\t\t<div class=\"elementor-element elementor-element-6e0ee59 elementor-widget elementor-widget-heading\" data-id=\"6e0ee59\" data-element_type=\"widget\" data-e-type=\"widget\" data-widget_type=\"heading.default\">\n\t\t\t\t<div class=\"elementor-widget-container\">\n\t\t\t\t\t<h2 class=\"elementor-heading-title elementor-size-default\">Vendredi 23 janvier 2026\n<\/h2>\t\t\t\t<\/div>\n\t\t\t\t<\/div>\n\t\t\t\t<div class=\"elementor-element elementor-element-0354d4e elementor-widget elementor-widget-text-editor\" data-id=\"0354d4e\" data-element_type=\"widget\" data-e-type=\"widget\" data-widget_type=\"text-editor.default\">\n\t\t\t\t<div class=\"elementor-widget-container\">\n\t\t\t\t\t\t\t\t\t<p>De 9h30 \u00e0 16h30 | Espace Lauragais &#8211; Saint-Orens de Gameville<\/p>\t\t\t\t\t\t\t\t<\/div>\n\t\t\t\t<\/div>\n\t\t\t\t\t<\/div>\n\t\t<\/div>\n\t\t\t\t\t<\/div>\n\t\t<\/section>\n\t\t\t\t<section class=\"elementor-section elementor-top-section elementor-element elementor-element-7db733c elementor-section-boxed elementor-section-height-default elementor-section-height-default\" data-id=\"7db733c\" data-element_type=\"section\" data-e-type=\"section\">\n\t\t\t\t\t\t<div class=\"elementor-container elementor-column-gap-default\">\n\t\t\t\t\t<div class=\"elementor-column elementor-col-100 elementor-top-column elementor-element elementor-element-c427e7d\" data-id=\"c427e7d\" data-element_type=\"column\" data-e-type=\"column\">\n\t\t\t<div class=\"elementor-widget-wrap elementor-element-populated\">\n\t\t\t\t\t\t<div class=\"elementor-element elementor-element-7b9c387 elementor-widget elementor-widget-spacer\" data-id=\"7b9c387\" data-element_type=\"widget\" data-e-type=\"widget\" data-widget_type=\"spacer.default\">\n\t\t\t\t<div class=\"elementor-widget-container\">\n\t\t\t\t\t\t\t<div class=\"elementor-spacer\">\n\t\t\t<div class=\"elementor-spacer-inner\"><\/div>\n\t\t<\/div>\n\t\t\t\t\t\t<\/div>\n\t\t\t\t<\/div>\n\t\t\t\t\t<\/div>\n\t\t<\/div>\n\t\t\t\t\t<\/div>\n\t\t<\/section>\n\t\t\t\t<section class=\"elementor-section elementor-top-section elementor-element elementor-element-2edb7e3 elementor-section-boxed elementor-section-height-default elementor-section-height-default\" data-id=\"2edb7e3\" data-element_type=\"section\" data-e-type=\"section\">\n\t\t\t\t\t\t<div class=\"elementor-container elementor-column-gap-default\">\n\t\t\t\t\t<div class=\"elementor-column elementor-col-100 elementor-top-column elementor-element elementor-element-4602cc42\" data-id=\"4602cc42\" data-element_type=\"column\" data-e-type=\"column\">\n\t\t\t<div class=\"elementor-widget-wrap elementor-element-populated\">\n\t\t\t\t\t\t<div class=\"elementor-element elementor-element-246fb26 elementor-widget__width-initial elementor-widget elementor-widget-text-editor\" data-id=\"246fb26\" data-element_type=\"widget\" data-e-type=\"widget\" data-widget_type=\"text-editor.default\">\n\t\t\t\t<div class=\"elementor-widget-container\">\n\t\t\t\t\t\t\t\t\t<p><b>Ouvert \u00e0 toutes et tous, cette journ\u00e9e professionnelle est un temps de formation et de r\u00e9flexion pour les professionnels du livre, de la culture, de l\u2019\u00e9ducation, de la petite enfance et de l\u2019animation autour d\u2019une th\u00e9matique d\u2019actualit\u00e9 dans la litt\u00e9rature jeunesse. Cette ann\u00e9e la journ\u00e9e professionnelle abordera la th\u00e9matique de la po\u00e9sie, dans l&rsquo;\u00e9dition jeunesse, comme dans ses rapports \u00e0 l&rsquo;enfant ainsi que dans le cadre scolaire.<\/b><\/p>\t\t\t\t\t\t\t\t<\/div>\n\t\t\t\t<\/div>\n\t\t\t\t\t<\/div>\n\t\t<\/div>\n\t\t\t\t\t<\/div>\n\t\t<\/section>\n\t\t\t\t<section class=\"elementor-section elementor-top-section elementor-element elementor-element-7f21c26 elementor-section-boxed elementor-section-height-default elementor-section-height-default\" data-id=\"7f21c26\" data-element_type=\"section\" data-e-type=\"section\" data-settings=\"{&quot;animation&quot;:&quot;none&quot;,&quot;animation_delay&quot;:0}\">\n\t\t\t\t\t\t<div class=\"elementor-container elementor-column-gap-default\">\n\t\t\t\t\t<div class=\"elementor-column elementor-col-100 elementor-top-column elementor-element elementor-element-d1400d0\" data-id=\"d1400d0\" data-element_type=\"column\" data-e-type=\"column\">\n\t\t\t<div class=\"elementor-widget-wrap elementor-element-populated\">\n\t\t\t\t\t\t<div class=\"elementor-element elementor-element-eb11b3e elementor-widget elementor-widget-spacer\" data-id=\"eb11b3e\" data-element_type=\"widget\" data-e-type=\"widget\" data-widget_type=\"spacer.default\">\n\t\t\t\t<div class=\"elementor-widget-container\">\n\t\t\t\t\t\t\t<div class=\"elementor-spacer\">\n\t\t\t<div class=\"elementor-spacer-inner\"><\/div>\n\t\t<\/div>\n\t\t\t\t\t\t<\/div>\n\t\t\t\t<\/div>\n\t\t\t\t\t<\/div>\n\t\t<\/div>\n\t\t\t\t\t<\/div>\n\t\t<\/section>\n\t\t\t\t<section class=\"elementor-section elementor-top-section elementor-element elementor-element-4357d82 elementor-section-boxed elementor-section-height-default elementor-section-height-default\" data-id=\"4357d82\" data-element_type=\"section\" data-e-type=\"section\" data-settings=\"{&quot;animation&quot;:&quot;none&quot;,&quot;animation_delay&quot;:0}\">\n\t\t\t\t\t\t<div class=\"elementor-container elementor-column-gap-default\">\n\t\t\t\t\t<div class=\"elementor-column elementor-col-50 elementor-top-column elementor-element elementor-element-99dd831\" data-id=\"99dd831\" data-element_type=\"column\" data-e-type=\"column\">\n\t\t\t<div class=\"elementor-widget-wrap elementor-element-populated\">\n\t\t\t\t\t\t<div class=\"elementor-element elementor-element-ff03a64 elementor-view-stacked elementor-shape-circle elementor-position-block-start elementor-mobile-position-block-start elementor-widget elementor-widget-icon-box\" data-id=\"ff03a64\" data-element_type=\"widget\" data-e-type=\"widget\" data-widget_type=\"icon-box.default\">\n\t\t\t\t<div class=\"elementor-widget-container\">\n\t\t\t\t\t\t\t<div class=\"elementor-icon-box-wrapper\">\n\n\t\t\t\t\t\t<div class=\"elementor-icon-box-icon\">\n\t\t\t\t<a href=\"https:\/\/festival-livre-jeunesse.fr\/2026\/wp-content\/uploads\/2025\/11\/FLJ-ProgrammeJourneeProVendredi23.01.2026.pdf\" class=\"elementor-icon elementor-animation-shrink\" tabindex=\"-1\" aria-label=\"T\u00e9l\u00e9charger le programme\">\n\t\t\t\t<i aria-hidden=\"true\" class=\"fas fa-file-download\"><\/i>\t\t\t\t<\/a>\n\t\t\t<\/div>\n\t\t\t\n\t\t\t\t\t\t<div class=\"elementor-icon-box-content\">\n\n\t\t\t\t\t\t\t\t\t<h3 class=\"elementor-icon-box-title\">\n\t\t\t\t\t\t<a href=\"https:\/\/festival-livre-jeunesse.fr\/2026\/wp-content\/uploads\/2025\/11\/FLJ-ProgrammeJourneeProVendredi23.01.2026.pdf\" >\n\t\t\t\t\t\t\tT\u00e9l\u00e9charger le programme\t\t\t\t\t\t<\/a>\n\t\t\t\t\t<\/h3>\n\t\t\t\t\n\t\t\t\t\n\t\t\t<\/div>\n\t\t\t\n\t\t<\/div>\n\t\t\t\t\t\t<\/div>\n\t\t\t\t<\/div>\n\t\t\t\t\t<\/div>\n\t\t<\/div>\n\t\t\t\t<div class=\"elementor-column elementor-col-50 elementor-top-column elementor-element elementor-element-6a0b081\" data-id=\"6a0b081\" data-element_type=\"column\" data-e-type=\"column\">\n\t\t\t<div class=\"elementor-widget-wrap elementor-element-populated\">\n\t\t\t\t\t\t<div class=\"elementor-element elementor-element-5dc84c5 elementor-view-stacked elementor-shape-circle elementor-position-block-start elementor-mobile-position-block-start elementor-widget elementor-widget-icon-box\" data-id=\"5dc84c5\" data-element_type=\"widget\" data-e-type=\"widget\" data-widget_type=\"icon-box.default\">\n\t\t\t\t<div class=\"elementor-widget-container\">\n\t\t\t\t\t\t\t<div class=\"elementor-icon-box-wrapper\">\n\n\t\t\t\t\t\t<div class=\"elementor-icon-box-icon\">\n\t\t\t\t<a href=\"https:\/\/festival-livre-jeunesse.fr\/2026\/inscription-journee-pro\/\" class=\"elementor-icon elementor-animation-shrink\" tabindex=\"-1\" aria-label=\"Inscription \u00e0 la journ\u00e9e professionnelle\">\n\t\t\t\t<i aria-hidden=\"true\" class=\"fas fa-list\"><\/i>\t\t\t\t<\/a>\n\t\t\t<\/div>\n\t\t\t\n\t\t\t\t\t\t<div class=\"elementor-icon-box-content\">\n\n\t\t\t\t\t\t\t\t\t<h3 class=\"elementor-icon-box-title\">\n\t\t\t\t\t\t<a href=\"https:\/\/festival-livre-jeunesse.fr\/2026\/inscription-journee-pro\/\" >\n\t\t\t\t\t\t\tInscription \u00e0 la journ\u00e9e professionnelle\t\t\t\t\t\t<\/a>\n\t\t\t\t\t<\/h3>\n\t\t\t\t\n\t\t\t\t\n\t\t\t<\/div>\n\t\t\t\n\t\t<\/div>\n\t\t\t\t\t\t<\/div>\n\t\t\t\t<\/div>\n\t\t\t\t\t<\/div>\n\t\t<\/div>\n\t\t\t\t\t<\/div>\n\t\t<\/section>\n\t\t\t\t<section class=\"elementor-section elementor-top-section elementor-element elementor-element-622b688 elementor-section-boxed elementor-section-height-default elementor-section-height-default\" data-id=\"622b688\" data-element_type=\"section\" data-e-type=\"section\" data-settings=\"{&quot;animation&quot;:&quot;none&quot;}\">\n\t\t\t\t\t\t<div class=\"elementor-container elementor-column-gap-default\">\n\t\t\t\t\t<div class=\"elementor-column elementor-col-100 elementor-top-column elementor-element elementor-element-9dc6992\" data-id=\"9dc6992\" data-element_type=\"column\" data-e-type=\"column\" data-settings=\"{&quot;background_background&quot;:&quot;classic&quot;,&quot;animation&quot;:&quot;none&quot;}\">\n\t\t\t<div class=\"elementor-widget-wrap elementor-element-populated\">\n\t\t\t\t\t\t<div class=\"elementor-element elementor-element-7590577 elementor-widget elementor-widget-heading\" data-id=\"7590577\" data-element_type=\"widget\" data-e-type=\"widget\" data-widget_type=\"heading.default\">\n\t\t\t\t<div class=\"elementor-widget-container\">\n\t\t\t\t\t<h2 class=\"elementor-heading-title elementor-size-default\">LE PROGRAMME<\/h2>\t\t\t\t<\/div>\n\t\t\t\t<\/div>\n\t\t\t\t<div class=\"elementor-element elementor-element-f65b0cb elementor-widget elementor-widget-text-editor\" data-id=\"f65b0cb\" data-element_type=\"widget\" data-e-type=\"widget\" data-widget_type=\"text-editor.default\">\n\t\t\t\t<div class=\"elementor-widget-container\">\n\t\t\t\t\t\t\t\t\t<p><strong>accueil des participantes et participants d\u00e8s 8h30, petit d\u00e9jeuner.<\/strong><\/p><p>\u00a0<\/p>\t\t\t\t\t\t\t\t<\/div>\n\t\t\t\t<\/div>\n\t\t\t\t<section class=\"elementor-section elementor-inner-section elementor-element elementor-element-57b4c5b elementor-section-boxed elementor-section-height-default elementor-section-height-default\" data-id=\"57b4c5b\" data-element_type=\"section\" data-e-type=\"section\">\n\t\t\t\t\t\t<div class=\"elementor-container elementor-column-gap-default\">\n\t\t\t\t\t<div class=\"elementor-column elementor-col-50 elementor-inner-column elementor-element elementor-element-7a1dc8c\" data-id=\"7a1dc8c\" data-element_type=\"column\" data-e-type=\"column\">\n\t\t\t<div class=\"elementor-widget-wrap elementor-element-populated\">\n\t\t\t\t\t\t<div class=\"elementor-element elementor-element-789de37 elementor-widget__width-initial elementor-widget-tablet__width-initial elementor-widget-mobile__width-initial elementor-widget elementor-widget-text-editor\" data-id=\"789de37\" data-element_type=\"widget\" data-e-type=\"widget\" data-widget_type=\"text-editor.default\">\n\t\t\t\t<div class=\"elementor-widget-container\">\n\t\t\t\t\t\t\t\t\t<p><strong>9h &#8211; Accueil et introduction de la journ\u00e9e par Mireille Chaudret du Festival du Livre de Jeunesse Occitanie<\/strong><\/p><p>La po\u00e9sie\u2026 est un Art, un genre litt\u00e9raire pratiqu\u00e9 depuis les civilisations les plus anciennes.<\/p><p>C\u2019est quoi la po\u00e9sie ?<\/p><p>\u00c0 la fois un jeu avec la langue, ses sons, son rythme, sa musique et un mode \u00e9crit, d&rsquo;\u00e9change, de r\u00e9flexion, de partage des r\u00e9alit\u00e9s, des r\u00eaves, des tourments, des \u00e9motions qui nous habitent, de ce qui fait notre <strong>\u00ab<\/strong> humanitude <strong>\u00bb<\/strong>.<\/p><p>Comment amener les jeunes \u00e0 aimer et s\u2019approprier cet outil qu&rsquo;est la po\u00e9sie, pour s&rsquo;exprimer ?<\/p>\t\t\t\t\t\t\t\t<\/div>\n\t\t\t\t<\/div>\n\t\t\t\t<div class=\"elementor-element elementor-element-89470ab elementor-widget elementor-widget-text-editor\" data-id=\"89470ab\" data-element_type=\"widget\" data-e-type=\"widget\" data-widget_type=\"text-editor.default\">\n\t\t\t\t<div class=\"elementor-widget-container\">\n\t\t\t\t\t\t\t\t\t<p><strong>9h30 \u2013 10h45 : Conf\u00e9rence de Jean Pierre Sim\u00e9on\u00a0: La po\u00e9sie, pour qui, pourquoi, comment ?<\/strong><\/p>\t\t\t\t\t\t\t\t<\/div>\n\t\t\t\t<\/div>\n\t\t\t\t<div class=\"elementor-element elementor-element-a33bd19 elementor-widget elementor-widget-text-editor\" data-id=\"a33bd19\" data-element_type=\"widget\" data-e-type=\"widget\" data-widget_type=\"text-editor.default\">\n\t\t\t\t<div class=\"elementor-widget-container\">\n\t\t\t\t\t\t\t\t\t<h6>Avons-nous vraiment besoin des po\u00e8tes et de la po\u00e9sie ? A cette question qu&rsquo;on ne prend m\u00eame pas le temps de se poser, Jean-Pierre Sim\u00e9on r\u00e9pond par un \u00ab\u00a0oui !\u00a0\u00bb enthousiaste et argument\u00e9.<br \/>Pour contrer l&rsquo;apathie de nos consciences et aiguiser l&rsquo;esprit de r\u00e9sistance, pour donner du souffle \u00e0 nos \u00e9motions et nous affranchir des carcans de la langue, il nous montre qu&rsquo;il est urgent de nous doper \u00e0 la vitamine Po\u00e9sie !<br \/>\u00ab\u00a0Je veux faire l&rsquo;\u00e9loge de la po\u00e9sie pour tous, non pas, voyez-vous, comme un agr\u00e9ment, un ornement de l&rsquo;existence ou le partage de je ne sais quelle distinction sup\u00e9rieure : comme une n\u00e9cessit\u00e9 vitale.\u00a0\u00bb<\/h6>\t\t\t\t\t\t\t\t<\/div>\n\t\t\t\t<\/div>\n\t\t\t\t\t<\/div>\n\t\t<\/div>\n\t\t\t\t<div class=\"elementor-column elementor-col-50 elementor-inner-column elementor-element elementor-element-b6cf1a4\" data-id=\"b6cf1a4\" data-element_type=\"column\" data-e-type=\"column\">\n\t\t\t<div class=\"elementor-widget-wrap elementor-element-populated\">\n\t\t\t\t\t\t<div class=\"elementor-element elementor-element-0406ff0 elementor-widget elementor-widget-image\" data-id=\"0406ff0\" data-element_type=\"widget\" data-e-type=\"widget\" data-widget_type=\"image.default\">\n\t\t\t\t<div class=\"elementor-widget-container\">\n\t\t\t\t\t\t\t\t\t\t\t\t<figure class=\"wp-caption\">\n\t\t\t\t\t\t\t\t\t\t<img fetchpriority=\"high\" decoding=\"async\" width=\"820\" height=\"820\" src=\"https:\/\/festival-livre-jeunesse.fr\/2026\/wp-content\/uploads\/2025\/08\/SIMEON_Jean_Pierre_photo_2021_Francesca_Mantovan\u00aeEditions_Gallimard_87A0024.jpg\" class=\"attachment-large size-large wp-image-21820\" alt=\"\" srcset=\"https:\/\/festival-livre-jeunesse.fr\/2026\/wp-content\/uploads\/2025\/08\/SIMEON_Jean_Pierre_photo_2021_Francesca_Mantovan\u00aeEditions_Gallimard_87A0024.jpg 1000w, https:\/\/festival-livre-jeunesse.fr\/2026\/wp-content\/uploads\/2025\/08\/SIMEON_Jean_Pierre_photo_2021_Francesca_Mantovan\u00aeEditions_Gallimard_87A0024-300x300.jpg 300w, https:\/\/festival-livre-jeunesse.fr\/2026\/wp-content\/uploads\/2025\/08\/SIMEON_Jean_Pierre_photo_2021_Francesca_Mantovan\u00aeEditions_Gallimard_87A0024-150x150.jpg 150w, https:\/\/festival-livre-jeunesse.fr\/2026\/wp-content\/uploads\/2025\/08\/SIMEON_Jean_Pierre_photo_2021_Francesca_Mantovan\u00aeEditions_Gallimard_87A0024-768x768.jpg 768w\" sizes=\"(max-width: 820px) 100vw, 820px\" \/>\t\t\t\t\t\t\t\t\t\t\t<figcaption class=\"widget-image-caption wp-caption-text\">Jean-Pierre Sim\u00e9on<\/figcaption>\n\t\t\t\t\t\t\t\t\t\t<\/figure>\n\t\t\t\t\t\t\t\t\t<\/div>\n\t\t\t\t<\/div>\n\t\t\t\t\t<\/div>\n\t\t<\/div>\n\t\t\t\t\t<\/div>\n\t\t<\/section>\n\t\t\t\t<section class=\"elementor-section elementor-inner-section elementor-element elementor-element-8777c0b elementor-section-boxed elementor-section-height-default elementor-section-height-default\" data-id=\"8777c0b\" data-element_type=\"section\" data-e-type=\"section\">\n\t\t\t\t\t\t<div class=\"elementor-container elementor-column-gap-default\">\n\t\t\t\t\t<div class=\"elementor-column elementor-col-25 elementor-inner-column elementor-element elementor-element-596619e\" data-id=\"596619e\" data-element_type=\"column\" data-e-type=\"column\">\n\t\t\t<div class=\"elementor-widget-wrap elementor-element-populated\">\n\t\t\t\t\t\t<div class=\"elementor-element elementor-element-d4f3332 elementor-widget__width-initial elementor-widget elementor-widget-image\" data-id=\"d4f3332\" data-element_type=\"widget\" data-e-type=\"widget\" data-widget_type=\"image.default\">\n\t\t\t\t<div class=\"elementor-widget-container\">\n\t\t\t\t\t\t\t\t\t\t\t\t\t\t\t<img decoding=\"async\" width=\"194\" height=\"320\" src=\"https:\/\/festival-livre-jeunesse.fr\/2026\/wp-content\/uploads\/2025\/11\/product_9782072893803_195x320.jpg\" class=\"attachment-large size-large wp-image-22200\" alt=\"\" srcset=\"https:\/\/festival-livre-jeunesse.fr\/2026\/wp-content\/uploads\/2025\/11\/product_9782072893803_195x320.jpg 194w, https:\/\/festival-livre-jeunesse.fr\/2026\/wp-content\/uploads\/2025\/11\/product_9782072893803_195x320-182x300.jpg 182w\" sizes=\"(max-width: 194px) 100vw, 194px\" \/>\t\t\t\t\t\t\t\t\t\t\t\t\t\t\t<\/div>\n\t\t\t\t<\/div>\n\t\t\t\t\t<\/div>\n\t\t<\/div>\n\t\t\t\t<div class=\"elementor-column elementor-col-25 elementor-inner-column elementor-element elementor-element-69ac163\" data-id=\"69ac163\" data-element_type=\"column\" data-e-type=\"column\">\n\t\t\t<div class=\"elementor-widget-wrap elementor-element-populated\">\n\t\t\t\t\t\t<div class=\"elementor-element elementor-element-ce72943 elementor-widget elementor-widget-image\" data-id=\"ce72943\" data-element_type=\"widget\" data-e-type=\"widget\" data-widget_type=\"image.default\">\n\t\t\t\t<div class=\"elementor-widget-container\">\n\t\t\t\t\t\t\t\t\t\t\t\t\t\t\t<img decoding=\"async\" width=\"328\" height=\"500\" src=\"https:\/\/festival-livre-jeunesse.fr\/2026\/wp-content\/uploads\/2025\/11\/9782385210236-475x500-1.jpg\" class=\"attachment-large size-large wp-image-22197\" alt=\"\" srcset=\"https:\/\/festival-livre-jeunesse.fr\/2026\/wp-content\/uploads\/2025\/11\/9782385210236-475x500-1.jpg 328w, https:\/\/festival-livre-jeunesse.fr\/2026\/wp-content\/uploads\/2025\/11\/9782385210236-475x500-1-197x300.jpg 197w\" sizes=\"(max-width: 328px) 100vw, 328px\" \/>\t\t\t\t\t\t\t\t\t\t\t\t\t\t\t<\/div>\n\t\t\t\t<\/div>\n\t\t\t\t\t<\/div>\n\t\t<\/div>\n\t\t\t\t<div class=\"elementor-column elementor-col-25 elementor-inner-column elementor-element elementor-element-a6312d1\" data-id=\"a6312d1\" data-element_type=\"column\" data-e-type=\"column\">\n\t\t\t<div class=\"elementor-widget-wrap elementor-element-populated\">\n\t\t\t\t\t\t<div class=\"elementor-element elementor-element-3ac4872 elementor-widget__width-initial elementor-widget elementor-widget-image\" data-id=\"3ac4872\" data-element_type=\"widget\" data-e-type=\"widget\" data-widget_type=\"image.default\">\n\t\t\t\t<div class=\"elementor-widget-container\">\n\t\t\t\t\t\t\t\t\t\t\t\t\t\t\t<img loading=\"lazy\" decoding=\"async\" width=\"400\" height=\"614\" src=\"https:\/\/festival-livre-jeunesse.fr\/2026\/wp-content\/uploads\/2025\/11\/La-vitamine-p.jpg\" class=\"attachment-large size-large wp-image-22198\" alt=\"\" srcset=\"https:\/\/festival-livre-jeunesse.fr\/2026\/wp-content\/uploads\/2025\/11\/La-vitamine-p.jpg 400w, https:\/\/festival-livre-jeunesse.fr\/2026\/wp-content\/uploads\/2025\/11\/La-vitamine-p-195x300.jpg 195w\" sizes=\"(max-width: 400px) 100vw, 400px\" \/>\t\t\t\t\t\t\t\t\t\t\t\t\t\t\t<\/div>\n\t\t\t\t<\/div>\n\t\t\t\t\t<\/div>\n\t\t<\/div>\n\t\t\t\t<div class=\"elementor-column elementor-col-25 elementor-inner-column elementor-element elementor-element-a188130\" data-id=\"a188130\" data-element_type=\"column\" data-e-type=\"column\">\n\t\t\t<div class=\"elementor-widget-wrap elementor-element-populated\">\n\t\t\t\t\t\t<div class=\"elementor-element elementor-element-4d8f866 elementor-widget elementor-widget-image\" data-id=\"4d8f866\" data-element_type=\"widget\" data-e-type=\"widget\" data-widget_type=\"image.default\">\n\t\t\t\t<div class=\"elementor-widget-container\">\n\t\t\t\t\t\t\t\t\t\t\t\t\t\t\t<img loading=\"lazy\" decoding=\"async\" width=\"400\" height=\"799\" src=\"https:\/\/festival-livre-jeunesse.fr\/2026\/wp-content\/uploads\/2025\/11\/OIP.jpg\" class=\"attachment-large size-large wp-image-22199\" alt=\"\" srcset=\"https:\/\/festival-livre-jeunesse.fr\/2026\/wp-content\/uploads\/2025\/11\/OIP.jpg 400w, https:\/\/festival-livre-jeunesse.fr\/2026\/wp-content\/uploads\/2025\/11\/OIP-150x300.jpg 150w\" sizes=\"(max-width: 400px) 100vw, 400px\" \/>\t\t\t\t\t\t\t\t\t\t\t\t\t\t\t<\/div>\n\t\t\t\t<\/div>\n\t\t\t\t\t<\/div>\n\t\t<\/div>\n\t\t\t\t\t<\/div>\n\t\t<\/section>\n\t\t\t\t<section class=\"elementor-section elementor-inner-section elementor-element elementor-element-3fbb0c7 elementor-section-boxed elementor-section-height-default elementor-section-height-default\" data-id=\"3fbb0c7\" data-element_type=\"section\" data-e-type=\"section\" data-settings=\"{&quot;animation&quot;:&quot;none&quot;}\">\n\t\t\t\t\t\t<div class=\"elementor-container elementor-column-gap-default\">\n\t\t\t\t\t<div class=\"elementor-column elementor-col-100 elementor-inner-column elementor-element elementor-element-6ba2b67\" data-id=\"6ba2b67\" data-element_type=\"column\" data-e-type=\"column\">\n\t\t\t<div class=\"elementor-widget-wrap elementor-element-populated\">\n\t\t\t\t\t\t<div class=\"elementor-element elementor-element-dff1a02 elementor-widget-divider--view-line elementor-widget elementor-widget-divider\" data-id=\"dff1a02\" data-element_type=\"widget\" data-e-type=\"widget\" data-widget_type=\"divider.default\">\n\t\t\t\t<div class=\"elementor-widget-container\">\n\t\t\t\t\t\t\t<div class=\"elementor-divider\">\n\t\t\t<span class=\"elementor-divider-separator\">\n\t\t\t\t\t\t<\/span>\n\t\t<\/div>\n\t\t\t\t\t\t<\/div>\n\t\t\t\t<\/div>\n\t\t\t\t<div class=\"elementor-element elementor-element-ae98a21 elementor-widget elementor-widget-text-editor\" data-id=\"ae98a21\" data-element_type=\"widget\" data-e-type=\"widget\" data-widget_type=\"text-editor.default\">\n\t\t\t\t<div class=\"elementor-widget-container\">\n\t\t\t\t\t\t\t\t\t<p><strong>11h \u2013 12h30 : La po\u00e9sie dans les catalogues des deux maisons d&rsquo;\u00e9ditions invit\u00e9es :\u00a0<\/strong><a href=\"https:\/\/www.ruedumonde.fr\/\" target=\"_blank\" rel=\"noopener\">Rue du Monde<\/a><strong style=\"font-style: inherit;\">\u00a0et\u00a0<\/strong><a style=\"background-color: #ffffff; font-family: Oswald, sans-serif;\" href=\"https:\/\/www.cotcotcot-editions.com\/\" target=\"_blank\" rel=\"noopener\">Cot Cot Cot<\/a><\/p>\t\t\t\t\t\t\t\t<\/div>\n\t\t\t\t<\/div>\n\t\t\t\t\t<\/div>\n\t\t<\/div>\n\t\t\t\t\t<\/div>\n\t\t<\/section>\n\t\t\t\t<section class=\"elementor-section elementor-inner-section elementor-element elementor-element-aabff93 elementor-section-boxed elementor-section-height-default elementor-section-height-default\" data-id=\"aabff93\" data-element_type=\"section\" data-e-type=\"section\">\n\t\t\t\t\t\t<div class=\"elementor-container elementor-column-gap-default\">\n\t\t\t\t\t<div class=\"elementor-column elementor-col-33 elementor-inner-column elementor-element elementor-element-09561a1\" data-id=\"09561a1\" data-element_type=\"column\" data-e-type=\"column\">\n\t\t\t<div class=\"elementor-widget-wrap elementor-element-populated\">\n\t\t\t\t\t\t<div class=\"elementor-element elementor-element-cbc51cd elementor-widget elementor-widget-text-editor\" data-id=\"cbc51cd\" data-element_type=\"widget\" data-e-type=\"widget\" data-widget_type=\"text-editor.default\">\n\t\t\t\t<div class=\"elementor-widget-container\">\n\t\t\t\t\t\t\t\t\t<p>Alain Serres pr\u00e9sentera le catalogue de la maison d&rsquo;\u00e9dition Rue du Monde, faisant une large place \u00e0 la po\u00e9sie.\u00a0<\/p>\t\t\t\t\t\t\t\t<\/div>\n\t\t\t\t<\/div>\n\t\t\t\t<div class=\"elementor-element elementor-element-b2955fa elementor-widget elementor-widget-image\" data-id=\"b2955fa\" data-element_type=\"widget\" data-e-type=\"widget\" data-widget_type=\"image.default\">\n\t\t\t\t<div class=\"elementor-widget-container\">\n\t\t\t\t\t\t\t\t\t\t\t\t\t\t\t\t<a href=\"https:\/\/www.ruedumonde.fr\/\">\n\t\t\t\t\t\t\t<img loading=\"lazy\" decoding=\"async\" width=\"820\" height=\"820\" src=\"https:\/\/festival-livre-jeunesse.fr\/2026\/wp-content\/uploads\/2025\/11\/94188444_435073487356942_624104407906123776_n-1024x1024.jpg\" class=\"attachment-large size-large wp-image-22205\" alt=\"\" srcset=\"https:\/\/festival-livre-jeunesse.fr\/2026\/wp-content\/uploads\/2025\/11\/94188444_435073487356942_624104407906123776_n-1024x1024.jpg 1024w, https:\/\/festival-livre-jeunesse.fr\/2026\/wp-content\/uploads\/2025\/11\/94188444_435073487356942_624104407906123776_n-300x300.jpg 300w, https:\/\/festival-livre-jeunesse.fr\/2026\/wp-content\/uploads\/2025\/11\/94188444_435073487356942_624104407906123776_n-150x150.jpg 150w, https:\/\/festival-livre-jeunesse.fr\/2026\/wp-content\/uploads\/2025\/11\/94188444_435073487356942_624104407906123776_n-768x768.jpg 768w, https:\/\/festival-livre-jeunesse.fr\/2026\/wp-content\/uploads\/2025\/11\/94188444_435073487356942_624104407906123776_n.jpg 1080w\" sizes=\"(max-width: 820px) 100vw, 820px\" \/>\t\t\t\t\t\t\t\t<\/a>\n\t\t\t\t\t\t\t\t\t\t\t\t\t\t\t<\/div>\n\t\t\t\t<\/div>\n\t\t\t\t\t<\/div>\n\t\t<\/div>\n\t\t\t\t<div class=\"elementor-column elementor-col-33 elementor-inner-column elementor-element elementor-element-6a4ccc2\" data-id=\"6a4ccc2\" data-element_type=\"column\" data-e-type=\"column\">\n\t\t\t<div class=\"elementor-widget-wrap elementor-element-populated\">\n\t\t\t\t\t\t<div class=\"elementor-element elementor-element-0fe2b9a elementor-widget elementor-widget-image\" data-id=\"0fe2b9a\" data-element_type=\"widget\" data-e-type=\"widget\" data-widget_type=\"image.default\">\n\t\t\t\t<div class=\"elementor-widget-container\">\n\t\t\t\t\t\t\t\t\t\t\t\t\t\t\t<img loading=\"lazy\" decoding=\"async\" width=\"526\" height=\"800\" src=\"https:\/\/festival-livre-jeunesse.fr\/2026\/wp-content\/uploads\/2025\/11\/68f74ea2268cf9a3afecf7a2_fables_pays_demain.jpg\" class=\"attachment-large size-large wp-image-22206\" alt=\"\" srcset=\"https:\/\/festival-livre-jeunesse.fr\/2026\/wp-content\/uploads\/2025\/11\/68f74ea2268cf9a3afecf7a2_fables_pays_demain.jpg 526w, https:\/\/festival-livre-jeunesse.fr\/2026\/wp-content\/uploads\/2025\/11\/68f74ea2268cf9a3afecf7a2_fables_pays_demain-197x300.jpg 197w\" sizes=\"(max-width: 526px) 100vw, 526px\" \/>\t\t\t\t\t\t\t\t\t\t\t\t\t\t\t<\/div>\n\t\t\t\t<\/div>\n\t\t\t\t\t<\/div>\n\t\t<\/div>\n\t\t\t\t<div class=\"elementor-column elementor-col-33 elementor-inner-column elementor-element elementor-element-01d5b2c\" data-id=\"01d5b2c\" data-element_type=\"column\" data-e-type=\"column\">\n\t\t\t<div class=\"elementor-widget-wrap elementor-element-populated\">\n\t\t\t\t\t\t<div class=\"elementor-element elementor-element-50af16b elementor-widget elementor-widget-image\" data-id=\"50af16b\" data-element_type=\"widget\" data-e-type=\"widget\" data-widget_type=\"image.default\">\n\t\t\t\t<div class=\"elementor-widget-container\">\n\t\t\t\t\t\t\t\t\t\t\t\t\t\t\t<img loading=\"lazy\" decoding=\"async\" width=\"606\" height=\"800\" src=\"https:\/\/festival-livre-jeunesse.fr\/2026\/wp-content\/uploads\/2025\/11\/68f754bddebd20e54a94def0_quelle_pomme_estu_rire-poires.jpg\" class=\"attachment-large size-large wp-image-22207\" alt=\"\" srcset=\"https:\/\/festival-livre-jeunesse.fr\/2026\/wp-content\/uploads\/2025\/11\/68f754bddebd20e54a94def0_quelle_pomme_estu_rire-poires.jpg 606w, https:\/\/festival-livre-jeunesse.fr\/2026\/wp-content\/uploads\/2025\/11\/68f754bddebd20e54a94def0_quelle_pomme_estu_rire-poires-227x300.jpg 227w\" sizes=\"(max-width: 606px) 100vw, 606px\" \/>\t\t\t\t\t\t\t\t\t\t\t\t\t\t\t<\/div>\n\t\t\t\t<\/div>\n\t\t\t\t\t<\/div>\n\t\t<\/div>\n\t\t\t\t\t<\/div>\n\t\t<\/section>\n\t\t\t\t<section class=\"elementor-section elementor-inner-section elementor-element elementor-element-fe466c2 elementor-section-boxed elementor-section-height-default elementor-section-height-default\" data-id=\"fe466c2\" data-element_type=\"section\" data-e-type=\"section\" data-settings=\"{&quot;animation&quot;:&quot;none&quot;}\">\n\t\t\t\t\t\t<div class=\"elementor-container elementor-column-gap-default\">\n\t\t\t\t\t<div class=\"elementor-column elementor-col-33 elementor-inner-column elementor-element elementor-element-26a4e5d\" data-id=\"26a4e5d\" data-element_type=\"column\" data-e-type=\"column\">\n\t\t\t<div class=\"elementor-widget-wrap elementor-element-populated\">\n\t\t\t\t\t\t<div class=\"elementor-element elementor-element-b4f12e2 elementor-widget elementor-widget-text-editor\" data-id=\"b4f12e2\" data-element_type=\"widget\" data-e-type=\"widget\" data-widget_type=\"text-editor.default\">\n\t\t\t\t<div class=\"elementor-widget-container\">\n\t\t\t\t\t\t\t\t\t<p>Odile Flament, directrice \u00e9ditoriale de CotCotCot, pr\u00e9sentera le catalogue et l&rsquo;axe po\u00e9tique de la maison d&rsquo;\u00e9dition belge.<\/p>\t\t\t\t\t\t\t\t<\/div>\n\t\t\t\t<\/div>\n\t\t\t\t<div class=\"elementor-element elementor-element-11e35e4 elementor-widget elementor-widget-image\" data-id=\"11e35e4\" data-element_type=\"widget\" data-e-type=\"widget\" data-widget_type=\"image.default\">\n\t\t\t\t<div class=\"elementor-widget-container\">\n\t\t\t\t\t\t\t\t\t\t\t\t\t\t\t\t<a href=\"https:\/\/www.cotcotcot-editions.com\/\">\n\t\t\t\t\t\t\t<img loading=\"lazy\" decoding=\"async\" width=\"820\" height=\"568\" src=\"https:\/\/festival-livre-jeunesse.fr\/2026\/wp-content\/uploads\/2025\/11\/LogoCotCotCot-1024x709.jpg\" class=\"attachment-large size-large wp-image-22208\" alt=\"\" srcset=\"https:\/\/festival-livre-jeunesse.fr\/2026\/wp-content\/uploads\/2025\/11\/LogoCotCotCot-1024x709.jpg 1024w, https:\/\/festival-livre-jeunesse.fr\/2026\/wp-content\/uploads\/2025\/11\/LogoCotCotCot-300x208.jpg 300w, https:\/\/festival-livre-jeunesse.fr\/2026\/wp-content\/uploads\/2025\/11\/LogoCotCotCot-768x532.jpg 768w, https:\/\/festival-livre-jeunesse.fr\/2026\/wp-content\/uploads\/2025\/11\/LogoCotCotCot.jpg 1535w\" sizes=\"(max-width: 820px) 100vw, 820px\" \/>\t\t\t\t\t\t\t\t<\/a>\n\t\t\t\t\t\t\t\t\t\t\t\t\t\t\t<\/div>\n\t\t\t\t<\/div>\n\t\t\t\t\t<\/div>\n\t\t<\/div>\n\t\t\t\t<div class=\"elementor-column elementor-col-33 elementor-inner-column elementor-element elementor-element-1091036\" data-id=\"1091036\" data-element_type=\"column\" data-e-type=\"column\">\n\t\t\t<div class=\"elementor-widget-wrap elementor-element-populated\">\n\t\t\t\t\t\t<div class=\"elementor-element elementor-element-fdd35ff elementor-widget elementor-widget-image\" data-id=\"fdd35ff\" data-element_type=\"widget\" data-e-type=\"widget\" data-widget_type=\"image.default\">\n\t\t\t\t<div class=\"elementor-widget-container\">\n\t\t\t\t\t\t\t\t\t\t\t\t\t\t\t<img loading=\"lazy\" decoding=\"async\" width=\"297\" height=\"385\" src=\"https:\/\/festival-livre-jeunesse.fr\/2026\/wp-content\/uploads\/2025\/11\/61rFAkmGogL._SY385_.jpg\" class=\"attachment-large size-large wp-image-22210\" alt=\"\" srcset=\"https:\/\/festival-livre-jeunesse.fr\/2026\/wp-content\/uploads\/2025\/11\/61rFAkmGogL._SY385_.jpg 297w, https:\/\/festival-livre-jeunesse.fr\/2026\/wp-content\/uploads\/2025\/11\/61rFAkmGogL._SY385_-231x300.jpg 231w\" sizes=\"(max-width: 297px) 100vw, 297px\" \/>\t\t\t\t\t\t\t\t\t\t\t\t\t\t\t<\/div>\n\t\t\t\t<\/div>\n\t\t\t\t\t<\/div>\n\t\t<\/div>\n\t\t\t\t<div class=\"elementor-column elementor-col-33 elementor-inner-column elementor-element elementor-element-64d0a11\" data-id=\"64d0a11\" data-element_type=\"column\" data-e-type=\"column\">\n\t\t\t<div class=\"elementor-widget-wrap elementor-element-populated\">\n\t\t\t\t\t\t<div class=\"elementor-element elementor-element-5f62738 elementor-widget elementor-widget-image\" data-id=\"5f62738\" data-element_type=\"widget\" data-e-type=\"widget\" data-widget_type=\"image.default\">\n\t\t\t\t<div class=\"elementor-widget-container\">\n\t\t\t\t\t\t\t\t\t\t\t\t\t\t\t<img loading=\"lazy\" decoding=\"async\" width=\"315\" height=\"445\" src=\"https:\/\/festival-livre-jeunesse.fr\/2026\/wp-content\/uploads\/2025\/11\/51L9OPnN7XL._SY445_SX342_ML2_.jpg\" class=\"attachment-large size-large wp-image-22209\" alt=\"\" srcset=\"https:\/\/festival-livre-jeunesse.fr\/2026\/wp-content\/uploads\/2025\/11\/51L9OPnN7XL._SY445_SX342_ML2_.jpg 315w, https:\/\/festival-livre-jeunesse.fr\/2026\/wp-content\/uploads\/2025\/11\/51L9OPnN7XL._SY445_SX342_ML2_-212x300.jpg 212w\" sizes=\"(max-width: 315px) 100vw, 315px\" \/>\t\t\t\t\t\t\t\t\t\t\t\t\t\t\t<\/div>\n\t\t\t\t<\/div>\n\t\t\t\t\t<\/div>\n\t\t<\/div>\n\t\t\t\t\t<\/div>\n\t\t<\/section>\n\t\t\t\t<div class=\"elementor-element elementor-element-7775698 elementor-widget-divider--view-line elementor-widget elementor-widget-divider\" data-id=\"7775698\" data-element_type=\"widget\" data-e-type=\"widget\" data-widget_type=\"divider.default\">\n\t\t\t\t<div class=\"elementor-widget-container\">\n\t\t\t\t\t\t\t<div class=\"elementor-divider\">\n\t\t\t<span class=\"elementor-divider-separator\">\n\t\t\t\t\t\t<\/span>\n\t\t<\/div>\n\t\t\t\t\t\t<\/div>\n\t\t\t\t<\/div>\n\t\t\t\t<div class=\"elementor-element elementor-element-ced4e17 elementor-widget__width-initial elementor-widget-tablet__width-initial elementor-widget-mobile__width-initial elementor-widget elementor-widget-text-editor\" data-id=\"ced4e17\" data-element_type=\"widget\" data-e-type=\"widget\" data-widget_type=\"text-editor.default\">\n\t\t\t\t<div class=\"elementor-widget-container\">\n\t\t\t\t\t\t\t\t\t<p><b>Apr\u00e8s-midi<\/b><\/p>\t\t\t\t\t\t\t\t<\/div>\n\t\t\t\t<\/div>\n\t\t\t\t<section class=\"elementor-section elementor-inner-section elementor-element elementor-element-f58ca16 elementor-section-boxed elementor-section-height-default elementor-section-height-default\" data-id=\"f58ca16\" data-element_type=\"section\" data-e-type=\"section\" data-settings=\"{&quot;animation&quot;:&quot;none&quot;}\">\n\t\t\t\t\t\t<div class=\"elementor-container elementor-column-gap-default\">\n\t\t\t\t\t<div class=\"elementor-column elementor-col-50 elementor-inner-column elementor-element elementor-element-3b4d0f7\" data-id=\"3b4d0f7\" data-element_type=\"column\" data-e-type=\"column\">\n\t\t\t<div class=\"elementor-widget-wrap elementor-element-populated\">\n\t\t\t\t\t\t<div class=\"elementor-element elementor-element-4211f2c elementor-widget elementor-widget-text-editor\" data-id=\"4211f2c\" data-element_type=\"widget\" data-e-type=\"widget\" data-widget_type=\"text-editor.default\">\n\t\t\t\t<div class=\"elementor-widget-container\">\n\t\t\t\t\t\t\t\t\t<p><strong>14h-15h : Fabienne Swiatly \u00ab La po\u00e9sie n\u2019est pas de la salade \u00bb<\/strong><\/p>\t\t\t\t\t\t\t\t<\/div>\n\t\t\t\t<\/div>\n\t\t\t\t<div class=\"elementor-element elementor-element-d4cc831 elementor-widget elementor-widget-text-editor\" data-id=\"d4cc831\" data-element_type=\"widget\" data-e-type=\"widget\" data-widget_type=\"text-editor.default\">\n\t\t\t\t<div class=\"elementor-widget-container\">\n\t\t\t\t\t\t\t\t\t<h6>De la contrainte aux formes libres, de l&rsquo;absurde \u00e0 la force du vouloir dire.\u00a0<\/h6><h6>Avec ou sans rime. Lyrique ou terre-\u00e0-terre.\u00a0<\/h6><h6>La po\u00e9sie offre un formidable territoire d&rsquo;exploration de la langue.\u00a0<\/h6><h6>\u00c9crire de la po\u00e9sie c&rsquo;est jouer avec les mots mais n&rsquo;oublions pas, qu&rsquo;avec les enfants, jouer c&rsquo;est du s\u00e9rieux.<\/h6>\t\t\t\t\t\t\t\t<\/div>\n\t\t\t\t<\/div>\n\t\t\t\t<div class=\"elementor-element elementor-element-0978802 elementor-widget elementor-widget-text-editor\" data-id=\"0978802\" data-element_type=\"widget\" data-e-type=\"widget\" data-widget_type=\"text-editor.default\">\n\t\t\t\t<div class=\"elementor-widget-container\">\n\t\t\t\t\t\t\t\t\t<p>Fabienne Swiatly est r\u00e9dactrice en chef du journal Gustave Junior : journal gratuit de po\u00e9sie contemporaine \u00e0 destination des enfants \u2013 15 num\u00e9ros en cours dont le dernier est enti\u00e8rement accessible aux sourd.es et malentendant.es.<br \/><a href=\"https:\/\/www.gustavejunior.com\/\" target=\"_blank\" rel=\"noopener\">https:\/\/www.gustavejunior.com\/<\/a><\/p>\t\t\t\t\t\t\t\t<\/div>\n\t\t\t\t<\/div>\n\t\t\t\t\t<\/div>\n\t\t<\/div>\n\t\t\t\t<div class=\"elementor-column elementor-col-50 elementor-inner-column elementor-element elementor-element-1a8e7b1\" data-id=\"1a8e7b1\" data-element_type=\"column\" data-e-type=\"column\">\n\t\t\t<div class=\"elementor-widget-wrap elementor-element-populated\">\n\t\t\t\t\t\t<div class=\"elementor-element elementor-element-5d9da21 elementor-widget elementor-widget-image\" data-id=\"5d9da21\" data-element_type=\"widget\" data-e-type=\"widget\" data-widget_type=\"image.default\">\n\t\t\t\t<div class=\"elementor-widget-container\">\n\t\t\t\t\t\t\t\t\t\t\t\t\t\t\t<img loading=\"lazy\" decoding=\"async\" width=\"592\" height=\"839\" src=\"https:\/\/festival-livre-jeunesse.fr\/2026\/wp-content\/uploads\/2025\/11\/gustavejunior2c.png\" class=\"attachment-large size-large wp-image-22217\" alt=\"\" srcset=\"https:\/\/festival-livre-jeunesse.fr\/2026\/wp-content\/uploads\/2025\/11\/gustavejunior2c.png 592w, https:\/\/festival-livre-jeunesse.fr\/2026\/wp-content\/uploads\/2025\/11\/gustavejunior2c-212x300.png 212w\" sizes=\"(max-width: 592px) 100vw, 592px\" \/>\t\t\t\t\t\t\t\t\t\t\t\t\t\t\t<\/div>\n\t\t\t\t<\/div>\n\t\t\t\t\t<\/div>\n\t\t<\/div>\n\t\t\t\t\t<\/div>\n\t\t<\/section>\n\t\t\t\t<section class=\"elementor-section elementor-inner-section elementor-element elementor-element-344abd2 elementor-section-boxed elementor-section-height-default elementor-section-height-default\" data-id=\"344abd2\" data-element_type=\"section\" data-e-type=\"section\" data-settings=\"{&quot;animation&quot;:&quot;none&quot;}\">\n\t\t\t\t\t\t<div class=\"elementor-container elementor-column-gap-default\">\n\t\t\t\t\t<div class=\"elementor-column elementor-col-100 elementor-inner-column elementor-element elementor-element-18f2d01\" data-id=\"18f2d01\" data-element_type=\"column\" data-e-type=\"column\">\n\t\t\t<div class=\"elementor-widget-wrap elementor-element-populated\">\n\t\t\t\t\t\t<div class=\"elementor-element elementor-element-45510cd elementor-widget elementor-widget-text-editor\" data-id=\"45510cd\" data-element_type=\"widget\" data-e-type=\"widget\" data-widget_type=\"text-editor.default\">\n\t\t\t\t<div class=\"elementor-widget-container\">\n\t\t\t\t\t\t\t\t\t<p><strong>15h-16h30 : Table ronde et lectures : Vivre en po\u00e9sie !\u00a0<\/strong><\/p><p>La po\u00e9sie k\u00e9sako ? Comme le titre du dernier livre de Thomas Vinau chez Gallimard Jeunesse, cette question m\u00e9rite r\u00e9flexion. Nos trois po\u00e8tes et po\u00e9tesses invit\u00e9s d\u00e9battront de la place de la po\u00e9sie dans notre vie quotidienne et dans celle des enfants, \u00e0 l\u2019\u00e9cole et ailleurs.<\/p>\t\t\t\t\t\t\t\t<\/div>\n\t\t\t\t<\/div>\n\t\t\t\t<div class=\"elementor-element elementor-element-30d43ad elementor-widget elementor-widget-text-editor\" data-id=\"30d43ad\" data-element_type=\"widget\" data-e-type=\"widget\" data-widget_type=\"text-editor.default\">\n\t\t\t\t<div class=\"elementor-widget-container\">\n\t\t\t\t\t\t\t\t\t<h6>Table ronde anim\u00e9e par Elisa Th\u00e9pot Da Silva, libraire jeunesse \u00e0 la librairie de la Renaissance, avec Pierre Soletti, Fabienne Swiatly et Thomas Vinau.<\/h6>\t\t\t\t\t\t\t\t<\/div>\n\t\t\t\t<\/div>\n\t\t\t\t\t<\/div>\n\t\t<\/div>\n\t\t\t\t\t<\/div>\n\t\t<\/section>\n\t\t\t\t<section class=\"elementor-section elementor-inner-section elementor-element elementor-element-7e99545 elementor-section-boxed elementor-section-height-default elementor-section-height-default\" data-id=\"7e99545\" data-element_type=\"section\" data-e-type=\"section\" data-settings=\"{&quot;animation&quot;:&quot;none&quot;}\">\n\t\t\t\t\t\t<div class=\"elementor-container elementor-column-gap-default\">\n\t\t\t\t\t<div class=\"elementor-column elementor-col-33 elementor-inner-column elementor-element elementor-element-2194c27\" data-id=\"2194c27\" data-element_type=\"column\" data-e-type=\"column\">\n\t\t\t<div class=\"elementor-widget-wrap elementor-element-populated\">\n\t\t\t\t\t\t<div class=\"elementor-element elementor-element-b7999e3 elementor-widget elementor-widget-image\" data-id=\"b7999e3\" data-element_type=\"widget\" data-e-type=\"widget\" data-widget_type=\"image.default\">\n\t\t\t\t<div class=\"elementor-widget-container\">\n\t\t\t\t\t\t\t\t\t\t\t\t<figure class=\"wp-caption\">\n\t\t\t\t\t\t\t\t\t\t<img loading=\"lazy\" decoding=\"async\" width=\"820\" height=\"820\" src=\"https:\/\/festival-livre-jeunesse.fr\/2026\/wp-content\/uploads\/2025\/11\/Pierre-Soletti_DPV1carre-1024x1024.jpg\" class=\"attachment-large size-large wp-image-22191\" alt=\"\" srcset=\"https:\/\/festival-livre-jeunesse.fr\/2026\/wp-content\/uploads\/2025\/11\/Pierre-Soletti_DPV1carre-1024x1024.jpg 1024w, https:\/\/festival-livre-jeunesse.fr\/2026\/wp-content\/uploads\/2025\/11\/Pierre-Soletti_DPV1carre-300x300.jpg 300w, https:\/\/festival-livre-jeunesse.fr\/2026\/wp-content\/uploads\/2025\/11\/Pierre-Soletti_DPV1carre-150x150.jpg 150w, https:\/\/festival-livre-jeunesse.fr\/2026\/wp-content\/uploads\/2025\/11\/Pierre-Soletti_DPV1carre-768x768.jpg 768w, https:\/\/festival-livre-jeunesse.fr\/2026\/wp-content\/uploads\/2025\/11\/Pierre-Soletti_DPV1carre-1536x1536.jpg 1536w, https:\/\/festival-livre-jeunesse.fr\/2026\/wp-content\/uploads\/2025\/11\/Pierre-Soletti_DPV1carre-2048x2048.jpg 2048w\" sizes=\"(max-width: 820px) 100vw, 820px\" \/>\t\t\t\t\t\t\t\t\t\t\t<figcaption class=\"widget-image-caption wp-caption-text\">Pierre Soletti<\/figcaption>\n\t\t\t\t\t\t\t\t\t\t<\/figure>\n\t\t\t\t\t\t\t\t\t<\/div>\n\t\t\t\t<\/div>\n\t\t\t\t\t<\/div>\n\t\t<\/div>\n\t\t\t\t<div class=\"elementor-column elementor-col-33 elementor-inner-column elementor-element elementor-element-8336f11\" data-id=\"8336f11\" data-element_type=\"column\" data-e-type=\"column\">\n\t\t\t<div class=\"elementor-widget-wrap elementor-element-populated\">\n\t\t\t\t\t\t<div class=\"elementor-element elementor-element-cbc6c80 elementor-widget elementor-widget-image\" data-id=\"cbc6c80\" data-element_type=\"widget\" data-e-type=\"widget\" data-widget_type=\"image.default\">\n\t\t\t\t<div class=\"elementor-widget-container\">\n\t\t\t\t\t\t\t\t\t\t\t\t<figure class=\"wp-caption\">\n\t\t\t\t\t\t\t\t\t\t<img loading=\"lazy\" decoding=\"async\" width=\"820\" height=\"820\" src=\"https:\/\/festival-livre-jeunesse.fr\/2026\/wp-content\/uploads\/2025\/08\/F-Swiatly-VaelrieCouteronOK.jpeg\" class=\"attachment-large size-large wp-image-21804\" alt=\"\" srcset=\"https:\/\/festival-livre-jeunesse.fr\/2026\/wp-content\/uploads\/2025\/08\/F-Swiatly-VaelrieCouteronOK.jpeg 886w, https:\/\/festival-livre-jeunesse.fr\/2026\/wp-content\/uploads\/2025\/08\/F-Swiatly-VaelrieCouteronOK-300x300.jpeg 300w, https:\/\/festival-livre-jeunesse.fr\/2026\/wp-content\/uploads\/2025\/08\/F-Swiatly-VaelrieCouteronOK-150x150.jpeg 150w, https:\/\/festival-livre-jeunesse.fr\/2026\/wp-content\/uploads\/2025\/08\/F-Swiatly-VaelrieCouteronOK-768x768.jpeg 768w\" sizes=\"(max-width: 820px) 100vw, 820px\" \/>\t\t\t\t\t\t\t\t\t\t\t<figcaption class=\"widget-image-caption wp-caption-text\">Fabienne Swiatly<\/figcaption>\n\t\t\t\t\t\t\t\t\t\t<\/figure>\n\t\t\t\t\t\t\t\t\t<\/div>\n\t\t\t\t<\/div>\n\t\t\t\t\t<\/div>\n\t\t<\/div>\n\t\t\t\t<div class=\"elementor-column elementor-col-33 elementor-inner-column elementor-element elementor-element-2312c2a\" data-id=\"2312c2a\" data-element_type=\"column\" data-e-type=\"column\">\n\t\t\t<div class=\"elementor-widget-wrap elementor-element-populated\">\n\t\t\t\t\t\t<div class=\"elementor-element elementor-element-a029ecc elementor-widget elementor-widget-image\" data-id=\"a029ecc\" data-element_type=\"widget\" data-e-type=\"widget\" data-widget_type=\"image.default\">\n\t\t\t\t<div class=\"elementor-widget-container\">\n\t\t\t\t\t\t\t\t\t\t\t\t<figure class=\"wp-caption\">\n\t\t\t\t\t\t\t\t\t\t<img loading=\"lazy\" decoding=\"async\" width=\"800\" height=\"800\" src=\"https:\/\/festival-livre-jeunesse.fr\/2026\/wp-content\/uploads\/2025\/08\/ThomasVinau.jpg\" class=\"attachment-large size-large wp-image-21649\" alt=\"ThomasVinau\" srcset=\"https:\/\/festival-livre-jeunesse.fr\/2026\/wp-content\/uploads\/2025\/08\/ThomasVinau.jpg 800w, https:\/\/festival-livre-jeunesse.fr\/2026\/wp-content\/uploads\/2025\/08\/ThomasVinau-300x300.jpg 300w, https:\/\/festival-livre-jeunesse.fr\/2026\/wp-content\/uploads\/2025\/08\/ThomasVinau-150x150.jpg 150w, https:\/\/festival-livre-jeunesse.fr\/2026\/wp-content\/uploads\/2025\/08\/ThomasVinau-768x768.jpg 768w\" sizes=\"(max-width: 800px) 100vw, 800px\" \/>\t\t\t\t\t\t\t\t\t\t\t<figcaption class=\"widget-image-caption wp-caption-text\">Thomas Vinau<\/figcaption>\n\t\t\t\t\t\t\t\t\t\t<\/figure>\n\t\t\t\t\t\t\t\t\t<\/div>\n\t\t\t\t<\/div>\n\t\t\t\t\t<\/div>\n\t\t<\/div>\n\t\t\t\t\t<\/div>\n\t\t<\/section>\n\t\t\t\t<div class=\"elementor-element elementor-element-5befe23 elementor-widget-divider--view-line elementor-widget elementor-widget-divider\" data-id=\"5befe23\" data-element_type=\"widget\" data-e-type=\"widget\" data-widget_type=\"divider.default\">\n\t\t\t\t<div class=\"elementor-widget-container\">\n\t\t\t\t\t\t\t<div class=\"elementor-divider\">\n\t\t\t<span class=\"elementor-divider-separator\">\n\t\t\t\t\t\t<\/span>\n\t\t<\/div>\n\t\t\t\t\t\t<\/div>\n\t\t\t\t<\/div>\n\t\t\t\t\t<\/div>\n\t\t<\/div>\n\t\t\t\t\t<\/div>\n\t\t<\/section>\n\t\t\t\t<section class=\"elementor-section elementor-top-section elementor-element elementor-element-af50cc4 elementor-section-boxed elementor-section-height-default elementor-section-height-default\" data-id=\"af50cc4\" data-element_type=\"section\" data-e-type=\"section\" data-settings=\"{&quot;animation&quot;:&quot;none&quot;}\">\n\t\t\t\t\t\t<div class=\"elementor-container elementor-column-gap-default\">\n\t\t\t\t\t<div class=\"elementor-column elementor-col-100 elementor-top-column elementor-element elementor-element-1d4cc97\" data-id=\"1d4cc97\" data-element_type=\"column\" data-e-type=\"column\">\n\t\t\t<div class=\"elementor-widget-wrap elementor-element-populated\">\n\t\t\t\t\t\t<div class=\"elementor-element elementor-element-54214aa elementor-widget elementor-widget-image\" data-id=\"54214aa\" data-element_type=\"widget\" data-e-type=\"widget\" data-widget_type=\"image.default\">\n\t\t\t\t<div class=\"elementor-widget-container\">\n\t\t\t\t\t\t\t\t\t\t\t\t<figure class=\"wp-caption\">\n\t\t\t\t\t\t\t\t\t\t\t<a href=\"https:\/\/www.librairie-renaissance.fr\/\" target=\"_blank\">\n\t\t\t\t\t\t\t<img loading=\"lazy\" decoding=\"async\" width=\"145\" height=\"95\" src=\"https:\/\/festival-livre-jeunesse.fr\/2026\/wp-content\/uploads\/2021\/12\/LogoRenaissance.jpg\" class=\"attachment-large size-large wp-image-6843\" alt=\"\" \/>\t\t\t\t\t\t\t\t<\/a>\n\t\t\t\t\t\t\t\t\t\t\t<figcaption class=\"widget-image-caption wp-caption-text\">Journ\u00e9e organis\u00e9e en partenariat avec la librairie la Renaissance\u200b<\/figcaption>\n\t\t\t\t\t\t\t\t\t\t<\/figure>\n\t\t\t\t\t\t\t\t\t<\/div>\n\t\t\t\t<\/div>\n\t\t\t\t\t<\/div>\n\t\t<\/div>\n\t\t\t\t\t<\/div>\n\t\t<\/section>\n\t\t\t\t<section class=\"elementor-section elementor-top-section elementor-element elementor-element-79c5e90 elementor-section-boxed elementor-section-height-default elementor-section-height-default\" data-id=\"79c5e90\" data-element_type=\"section\" data-e-type=\"section\">\n\t\t\t\t\t\t<div class=\"elementor-container elementor-column-gap-default\">\n\t\t\t\t\t<div class=\"elementor-column elementor-col-100 elementor-top-column elementor-element elementor-element-1dde27b\" data-id=\"1dde27b\" data-element_type=\"column\" data-e-type=\"column\">\n\t\t\t<div class=\"elementor-widget-wrap\">\n\t\t\t\t\t\t\t<\/div>\n\t\t<\/div>\n\t\t\t\t\t<\/div>\n\t\t<\/section>\n\t\t\t\t<section class=\"elementor-section elementor-top-section elementor-element elementor-element-354c7c7 elementor-section-full_width elementor-section-height-default elementor-section-height-default\" data-id=\"354c7c7\" data-element_type=\"section\" data-e-type=\"section\">\n\t\t\t\t\t\t<div class=\"elementor-container elementor-column-gap-no\">\n\t\t\t\t\t<div class=\"elementor-column elementor-col-100 elementor-top-column elementor-element elementor-element-778cb25\" data-id=\"778cb25\" data-element_type=\"column\" data-e-type=\"column\">\n\t\t\t<div class=\"elementor-widget-wrap elementor-element-populated\">\n\t\t\t\t\t\t<div class=\"elementor-element elementor-element-816ac60 elementor-pagination-position-inside elementor-arrows-position-inside elementor-widget elementor-widget-image-carousel\" data-id=\"816ac60\" data-element_type=\"widget\" data-e-type=\"widget\" data-settings=\"{&quot;slides_to_show&quot;:&quot;9&quot;,&quot;autoplay_speed&quot;:3000,&quot;speed&quot;:250,&quot;image_spacing_custom&quot;:{&quot;unit&quot;:&quot;px&quot;,&quot;size&quot;:25,&quot;sizes&quot;:[]},&quot;navigation&quot;:&quot;both&quot;,&quot;autoplay&quot;:&quot;yes&quot;,&quot;pause_on_hover&quot;:&quot;yes&quot;,&quot;pause_on_interaction&quot;:&quot;yes&quot;,&quot;infinite&quot;:&quot;yes&quot;,&quot;image_spacing_custom_tablet&quot;:{&quot;unit&quot;:&quot;px&quot;,&quot;size&quot;:&quot;&quot;,&quot;sizes&quot;:[]},&quot;image_spacing_custom_mobile&quot;:{&quot;unit&quot;:&quot;px&quot;,&quot;size&quot;:&quot;&quot;,&quot;sizes&quot;:[]}}\" data-widget_type=\"image-carousel.default\">\n\t\t\t\t<div class=\"elementor-widget-container\">\n\t\t\t\t\t\t\t<div class=\"elementor-image-carousel-wrapper swiper\" role=\"region\" aria-roledescription=\"carousel\" aria-label=\"Carrousel d\u2019images\" dir=\"ltr\">\n\t\t\t<div class=\"elementor-image-carousel swiper-wrapper\" aria-live=\"off\">\n\t\t\t\t\t\t\t\t<div class=\"swiper-slide\" role=\"group\" aria-roledescription=\"slide\" aria-label=\"1 sur 17\"><a data-elementor-open-lightbox=\"yes\" data-elementor-lightbox-slideshow=\"816ac60\" data-elementor-lightbox-title=\"minist\u00e8re de la culture\" data-e-action-hash=\"#elementor-action%3Aaction%3Dlightbox%26settings%3DeyJpZCI6Mjc1OSwidXJsIjoiaHR0cHM6XC9cL2Zlc3RpdmFsLWxpdnJlLWpldW5lc3NlLmZyXC8yMDI2XC93cC1jb250ZW50XC91cGxvYWRzXC8yMDIxXC8wNVwvbWluaXN0ZXJlLWRlLWxhLWN1bHR1cmUucG5nIiwic2xpZGVzaG93IjoiODE2YWM2MCJ9\" href=\"https:\/\/festival-livre-jeunesse.fr\/2021_intermediaire\/partenaires\/\"><figure class=\"swiper-slide-inner\"><img decoding=\"async\" class=\"swiper-slide-image\" src=\"https:\/\/festival-livre-jeunesse.fr\/2026\/wp-content\/uploads\/2021\/05\/ministere-de-la-culture.png\" alt=\"Minist\u00e8re de la culture\" \/><\/figure><\/a><\/div><div class=\"swiper-slide\" role=\"group\" aria-roledescription=\"slide\" aria-label=\"2 sur 17\"><a data-elementor-open-lightbox=\"yes\" data-elementor-lightbox-slideshow=\"816ac60\" data-elementor-lightbox-title=\"acad\u00e9mie toulouse\" data-e-action-hash=\"#elementor-action%3Aaction%3Dlightbox%26settings%3DeyJpZCI6MjY3MCwidXJsIjoiaHR0cHM6XC9cL2Zlc3RpdmFsLWxpdnJlLWpldW5lc3NlLmZyXC8yMDI2XC93cC1jb250ZW50XC91cGxvYWRzXC8yMDIxXC8wNVwvYWNhZGVtaWUtdG91bG91c2UucG5nIiwic2xpZGVzaG93IjoiODE2YWM2MCJ9\" href=\"https:\/\/festival-livre-jeunesse.fr\/2021_intermediaire\/partenaires\/\"><figure class=\"swiper-slide-inner\"><img decoding=\"async\" class=\"swiper-slide-image\" src=\"https:\/\/festival-livre-jeunesse.fr\/2026\/wp-content\/uploads\/2021\/05\/academie-toulouse.png\" alt=\"Acad\u00e9mie de Toulouse\" \/><\/figure><\/a><\/div><div class=\"swiper-slide\" role=\"group\" aria-roledescription=\"slide\" aria-label=\"3 sur 17\"><a data-elementor-open-lightbox=\"yes\" data-elementor-lightbox-slideshow=\"816ac60\" data-elementor-lightbox-title=\"cnl\" data-e-action-hash=\"#elementor-action%3Aaction%3Dlightbox%26settings%3DeyJpZCI6MjY3OSwidXJsIjoiaHR0cHM6XC9cL2Zlc3RpdmFsLWxpdnJlLWpldW5lc3NlLmZyXC8yMDI2XC93cC1jb250ZW50XC91cGxvYWRzXC8yMDIxXC8wNVwvY25sLnBuZyIsInNsaWRlc2hvdyI6IjgxNmFjNjAifQ%3D%3D\" href=\"https:\/\/festival-livre-jeunesse.fr\/2021_intermediaire\/partenaires\/\"><figure class=\"swiper-slide-inner\"><img decoding=\"async\" class=\"swiper-slide-image\" src=\"https:\/\/festival-livre-jeunesse.fr\/2026\/wp-content\/uploads\/2021\/05\/cnl.png\" alt=\"CNL\" \/><\/figure><\/a><\/div><div class=\"swiper-slide\" role=\"group\" aria-roledescription=\"slide\" aria-label=\"4 sur 17\"><a data-elementor-open-lightbox=\"yes\" data-elementor-lightbox-slideshow=\"816ac60\" data-elementor-lightbox-title=\"saint-orens\" data-e-action-hash=\"#elementor-action%3Aaction%3Dlightbox%26settings%3DeyJpZCI6MjY3NCwidXJsIjoiaHR0cHM6XC9cL2Zlc3RpdmFsLWxpdnJlLWpldW5lc3NlLmZyXC8yMDI2XC93cC1jb250ZW50XC91cGxvYWRzXC8yMDIxXC8wNVwvc2FpbnQtb3JlbnMucG5nIiwic2xpZGVzaG93IjoiODE2YWM2MCJ9\" href=\"https:\/\/festival-livre-jeunesse.fr\/2021_intermediaire\/partenaires\/\"><figure class=\"swiper-slide-inner\"><img decoding=\"async\" class=\"swiper-slide-image\" src=\"https:\/\/festival-livre-jeunesse.fr\/2026\/wp-content\/uploads\/2021\/05\/saint-orens.png\" alt=\"Ville de Saint-Orens de Gameville\" \/><\/figure><\/a><\/div><div class=\"swiper-slide\" role=\"group\" aria-roledescription=\"slide\" aria-label=\"5 sur 17\"><a data-elementor-open-lightbox=\"yes\" data-elementor-lightbox-slideshow=\"816ac60\" data-elementor-lightbox-title=\"toulouse m\u00e9tropole\" data-e-action-hash=\"#elementor-action%3Aaction%3Dlightbox%26settings%3DeyJpZCI6MjY3NSwidXJsIjoiaHR0cHM6XC9cL2Zlc3RpdmFsLWxpdnJlLWpldW5lc3NlLmZyXC8yMDI2XC93cC1jb250ZW50XC91cGxvYWRzXC8yMDIxXC8wNVwvdG91bG91c2UtbWV0cm9wb2xlLnBuZyIsInNsaWRlc2hvdyI6IjgxNmFjNjAifQ%3D%3D\" href=\"https:\/\/festival-livre-jeunesse.fr\/2021_intermediaire\/partenaires\/\"><figure class=\"swiper-slide-inner\"><img decoding=\"async\" class=\"swiper-slide-image\" src=\"https:\/\/festival-livre-jeunesse.fr\/2026\/wp-content\/uploads\/2021\/05\/toulouse-metropole.png\" alt=\"Toulouse M\u00e9tropole\" \/><\/figure><\/a><\/div><div class=\"swiper-slide\" role=\"group\" aria-roledescription=\"slide\" aria-label=\"6 sur 17\"><a data-elementor-open-lightbox=\"yes\" data-elementor-lightbox-slideshow=\"816ac60\" data-elementor-lightbox-title=\"LOGO MAIRIE DE TLSE vertical cmjn-1\" data-e-action-hash=\"#elementor-action%3Aaction%3Dlightbox%26settings%3DeyJpZCI6MjIzMjUsInVybCI6Imh0dHBzOlwvXC9mZXN0aXZhbC1saXZyZS1qZXVuZXNzZS5mclwvMjAyNlwvd3AtY29udGVudFwvdXBsb2Fkc1wvMjAyNVwvMTFcL0xPR08tTUFJUklFLURFLVRMU0UtdmVydGljYWwtY21qbi0xLnBuZyIsInNsaWRlc2hvdyI6IjgxNmFjNjAifQ%3D%3D\" href=\"https:\/\/festival-livre-jeunesse.fr\/2021_intermediaire\/partenaires\/\"><figure class=\"swiper-slide-inner\"><img decoding=\"async\" class=\"swiper-slide-image\" src=\"https:\/\/festival-livre-jeunesse.fr\/2026\/wp-content\/uploads\/2025\/11\/LOGO-MAIRIE-DE-TLSE-vertical-cmjn-1.png\" alt=\"LOGO MAIRIE DE TLSE vertical cmjn-1\" \/><\/figure><\/a><\/div><div class=\"swiper-slide\" role=\"group\" aria-roledescription=\"slide\" aria-label=\"7 sur 17\"><a data-elementor-open-lightbox=\"yes\" data-elementor-lightbox-slideshow=\"816ac60\" data-elementor-lightbox-title=\"cd31\" data-e-action-hash=\"#elementor-action%3Aaction%3Dlightbox%26settings%3DeyJpZCI6MjY3MywidXJsIjoiaHR0cHM6XC9cL2Zlc3RpdmFsLWxpdnJlLWpldW5lc3NlLmZyXC8yMDI2XC93cC1jb250ZW50XC91cGxvYWRzXC8yMDIxXC8wNVwvY2QzMS5wbmciLCJzbGlkZXNob3ciOiI4MTZhYzYwIn0%3D\" href=\"https:\/\/festival-livre-jeunesse.fr\/2021_intermediaire\/partenaires\/\"><figure class=\"swiper-slide-inner\"><img decoding=\"async\" class=\"swiper-slide-image\" src=\"https:\/\/festival-livre-jeunesse.fr\/2026\/wp-content\/uploads\/2021\/05\/cd31.png\" alt=\"CD31\" \/><\/figure><\/a><\/div><div class=\"swiper-slide\" role=\"group\" aria-roledescription=\"slide\" aria-label=\"8 sur 17\"><a data-elementor-open-lightbox=\"yes\" data-elementor-lightbox-slideshow=\"816ac60\" data-elementor-lightbox-title=\"r\u00e9gion occitanie\" data-e-action-hash=\"#elementor-action%3Aaction%3Dlightbox%26settings%3DeyJpZCI6MjY3MSwidXJsIjoiaHR0cHM6XC9cL2Zlc3RpdmFsLWxpdnJlLWpldW5lc3NlLmZyXC8yMDI2XC93cC1jb250ZW50XC91cGxvYWRzXC8yMDIxXC8wNVwvcmVnaW9uLW9jY2l0YW5pZS5wbmciLCJzbGlkZXNob3ciOiI4MTZhYzYwIn0%3D\" href=\"https:\/\/festival-livre-jeunesse.fr\/2021_intermediaire\/partenaires\/\"><figure class=\"swiper-slide-inner\"><img decoding=\"async\" class=\"swiper-slide-image\" src=\"https:\/\/festival-livre-jeunesse.fr\/2026\/wp-content\/uploads\/2021\/05\/region-occitanie.png\" alt=\"R\u00e9gion Occitanie\" \/><\/figure><\/a><\/div><div class=\"swiper-slide\" role=\"group\" aria-roledescription=\"slide\" aria-label=\"9 sur 17\"><a data-elementor-open-lightbox=\"yes\" data-elementor-lightbox-slideshow=\"816ac60\" data-elementor-lightbox-title=\"INSPE\" data-e-action-hash=\"#elementor-action%3Aaction%3Dlightbox%26settings%3DeyJpZCI6MjY4MCwidXJsIjoiaHR0cHM6XC9cL2Zlc3RpdmFsLWxpdnJlLWpldW5lc3NlLmZyXC8yMDI2XC93cC1jb250ZW50XC91cGxvYWRzXC8yMDIxXC8wNVwvSU5TUEUuanBnIiwic2xpZGVzaG93IjoiODE2YWM2MCJ9\" href=\"https:\/\/festival-livre-jeunesse.fr\/2021_intermediaire\/partenaires\/\"><figure class=\"swiper-slide-inner\"><img decoding=\"async\" class=\"swiper-slide-image\" src=\"https:\/\/festival-livre-jeunesse.fr\/2026\/wp-content\/uploads\/2021\/05\/INSPE.jpg\" alt=\"Inspe Toulouse\" \/><\/figure><\/a><\/div><div class=\"swiper-slide\" role=\"group\" aria-roledescription=\"slide\" aria-label=\"10 sur 17\"><a data-elementor-open-lightbox=\"yes\" data-elementor-lightbox-slideshow=\"816ac60\" data-elementor-lightbox-title=\"universit\u00e9\" data-e-action-hash=\"#elementor-action%3Aaction%3Dlightbox%26settings%3DeyJpZCI6MjY4NywidXJsIjoiaHR0cHM6XC9cL2Zlc3RpdmFsLWxpdnJlLWpldW5lc3NlLmZyXC8yMDI2XC93cC1jb250ZW50XC91cGxvYWRzXC8yMDIxXC8wNVwvdW5pdmVyc2l0ZS5wbmciLCJzbGlkZXNob3ciOiI4MTZhYzYwIn0%3D\" href=\"https:\/\/festival-livre-jeunesse.fr\/2021_intermediaire\/partenaires\/\"><figure class=\"swiper-slide-inner\"><img decoding=\"async\" class=\"swiper-slide-image\" src=\"https:\/\/festival-livre-jeunesse.fr\/2026\/wp-content\/uploads\/2021\/05\/universite.png\" alt=\"Universit\u00e9 Jean Jaur\u00e8s\" \/><\/figure><\/a><\/div><div class=\"swiper-slide\" role=\"group\" aria-roledescription=\"slide\" aria-label=\"11 sur 17\"><a data-elementor-open-lightbox=\"yes\" data-elementor-lightbox-slideshow=\"816ac60\" data-elementor-lightbox-title=\"Logo Sofia\" data-e-action-hash=\"#elementor-action%3Aaction%3Dlightbox%26settings%3DeyJpZCI6MjY4OCwidXJsIjoiaHR0cHM6XC9cL2Zlc3RpdmFsLWxpdnJlLWpldW5lc3NlLmZyXC8yMDI2XC93cC1jb250ZW50XC91cGxvYWRzXC8yMDIxXC8wNVwvTG9nby1Tb2ZpYS5wbmciLCJzbGlkZXNob3ciOiI4MTZhYzYwIn0%3D\" href=\"https:\/\/festival-livre-jeunesse.fr\/2021_intermediaire\/partenaires\/\"><figure class=\"swiper-slide-inner\"><img decoding=\"async\" class=\"swiper-slide-image\" src=\"https:\/\/festival-livre-jeunesse.fr\/2026\/wp-content\/uploads\/2021\/05\/Logo-Sofia.png\" alt=\"SOFIA Action culturelle\" \/><\/figure><\/a><\/div><div class=\"swiper-slide\" role=\"group\" aria-roledescription=\"slide\" aria-label=\"12 sur 17\"><a data-elementor-open-lightbox=\"yes\" data-elementor-lightbox-slideshow=\"816ac60\" data-elementor-lightbox-title=\"copie priv\u00e9e\" data-e-action-hash=\"#elementor-action%3Aaction%3Dlightbox%26settings%3DeyJpZCI6MjY4NSwidXJsIjoiaHR0cHM6XC9cL2Zlc3RpdmFsLWxpdnJlLWpldW5lc3NlLmZyXC8yMDI2XC93cC1jb250ZW50XC91cGxvYWRzXC8yMDIxXC8wNVwvY29waWUtcHJpdmVlLnBuZyIsInNsaWRlc2hvdyI6IjgxNmFjNjAifQ%3D%3D\" href=\"https:\/\/festival-livre-jeunesse.fr\/2021_intermediaire\/partenaires\/\"><figure class=\"swiper-slide-inner\"><img decoding=\"async\" class=\"swiper-slide-image\" src=\"https:\/\/festival-livre-jeunesse.fr\/2026\/wp-content\/uploads\/2021\/05\/copie-privee.png\" alt=\"Copie Priv\u00e9e\" \/><\/figure><\/a><\/div><div class=\"swiper-slide\" role=\"group\" aria-roledescription=\"slide\" aria-label=\"13 sur 17\"><a data-elementor-open-lightbox=\"yes\" data-elementor-lightbox-slideshow=\"816ac60\" data-elementor-lightbox-title=\"logo-saif-2l\" data-e-action-hash=\"#elementor-action%3Aaction%3Dlightbox%26settings%3DeyJpZCI6MjIzMjMsInVybCI6Imh0dHBzOlwvXC9mZXN0aXZhbC1saXZyZS1qZXVuZXNzZS5mclwvMjAyNlwvd3AtY29udGVudFwvdXBsb2Fkc1wvMjAyNVwvMTFcL2xvZ28tc2FpZi0ybC1zY2FsZWQucG5nIiwic2xpZGVzaG93IjoiODE2YWM2MCJ9\" href=\"https:\/\/festival-livre-jeunesse.fr\/2021_intermediaire\/partenaires\/\"><figure class=\"swiper-slide-inner\"><img decoding=\"async\" class=\"swiper-slide-image\" src=\"https:\/\/festival-livre-jeunesse.fr\/2026\/wp-content\/uploads\/2025\/11\/logo-saif-2l-scaled.png\" alt=\"logo-saif-2l\" \/><\/figure><\/a><\/div><div class=\"swiper-slide\" role=\"group\" aria-roledescription=\"slide\" aria-label=\"14 sur 17\"><a data-elementor-open-lightbox=\"yes\" data-elementor-lightbox-slideshow=\"816ac60\" data-elementor-lightbox-title=\"10608266_1531916217072509_3264942615817337547_o\" data-e-action-hash=\"#elementor-action%3Aaction%3Dlightbox%26settings%3DeyJpZCI6MjIzMjEsInVybCI6Imh0dHBzOlwvXC9mZXN0aXZhbC1saXZyZS1qZXVuZXNzZS5mclwvMjAyNlwvd3AtY29udGVudFwvdXBsb2Fkc1wvMjAyNVwvMTFcLzEwNjA4MjY2XzE1MzE5MTYyMTcwNzI1MDlfMzI2NDk0MjYxNTgxNzMzNzU0N19vLmpwZyIsInNsaWRlc2hvdyI6IjgxNmFjNjAifQ%3D%3D\" href=\"https:\/\/festival-livre-jeunesse.fr\/2021_intermediaire\/partenaires\/\"><figure class=\"swiper-slide-inner\"><img decoding=\"async\" class=\"swiper-slide-image\" src=\"https:\/\/festival-livre-jeunesse.fr\/2026\/wp-content\/uploads\/2025\/11\/10608266_1531916217072509_3264942615817337547_o.jpg\" alt=\"10608266_1531916217072509_3264942615817337547_o\" \/><\/figure><\/a><\/div><div class=\"swiper-slide\" role=\"group\" aria-roledescription=\"slide\" aria-label=\"15 sur 17\"><a data-elementor-open-lightbox=\"yes\" data-elementor-lightbox-slideshow=\"816ac60\" data-elementor-lightbox-title=\"Logos AMC\" data-e-action-hash=\"#elementor-action%3Aaction%3Dlightbox%26settings%3DeyJpZCI6MjIzMTYsInVybCI6Imh0dHBzOlwvXC9mZXN0aXZhbC1saXZyZS1qZXVuZXNzZS5mclwvMjAyNlwvd3AtY29udGVudFwvdXBsb2Fkc1wvMjAyNVwvMTFcL0xvZ29zLUFNQy5wbmciLCJzbGlkZXNob3ciOiI4MTZhYzYwIn0%3D\" href=\"https:\/\/festival-livre-jeunesse.fr\/2021_intermediaire\/partenaires\/\"><figure class=\"swiper-slide-inner\"><img decoding=\"async\" class=\"swiper-slide-image\" src=\"https:\/\/festival-livre-jeunesse.fr\/2026\/wp-content\/uploads\/2025\/11\/Logos-AMC.png\" alt=\"Logos AMC\" \/><\/figure><\/a><\/div><div class=\"swiper-slide\" role=\"group\" aria-roledescription=\"slide\" aria-label=\"16 sur 17\"><a data-elementor-open-lightbox=\"yes\" data-elementor-lightbox-slideshow=\"816ac60\" data-elementor-lightbox-title=\"Logo_Tisseo-Collectivites\" data-e-action-hash=\"#elementor-action%3Aaction%3Dlightbox%26settings%3DeyJpZCI6MTIyMDIsInVybCI6Imh0dHBzOlwvXC9mZXN0aXZhbC1saXZyZS1qZXVuZXNzZS5mclwvMjAyNlwvd3AtY29udGVudFwvdXBsb2Fkc1wvMjAyMlwvMTJcL0xvZ29fVGlzc2VvLUNvbGxlY3Rpdml0ZXMucG5nIiwic2xpZGVzaG93IjoiODE2YWM2MCJ9\" href=\"https:\/\/festival-livre-jeunesse.fr\/2021_intermediaire\/partenaires\/\"><figure class=\"swiper-slide-inner\"><img decoding=\"async\" class=\"swiper-slide-image\" src=\"https:\/\/festival-livre-jeunesse.fr\/2026\/wp-content\/uploads\/2022\/12\/Logo_Tisseo-Collectivites.png\" alt=\"Tiss\u00e9o\" \/><\/figure><\/a><\/div><div class=\"swiper-slide\" role=\"group\" aria-roledescription=\"slide\" aria-label=\"17 sur 17\"><a data-elementor-open-lightbox=\"yes\" data-elementor-lightbox-slideshow=\"816ac60\" data-elementor-lightbox-title=\"ICI_Ge\u0301ne\u0301rique_Radio_TV_Digital_RVB_Couleur\" data-e-action-hash=\"#elementor-action%3Aaction%3Dlightbox%26settings%3DeyJpZCI6MjM4MDMsInVybCI6Imh0dHBzOlwvXC9mZXN0aXZhbC1saXZyZS1qZXVuZXNzZS5mclwvMjAyNlwvd3AtY29udGVudFwvdXBsb2Fkc1wvMjAyNlwvMDFcL0lDSV9HZW5lcmlxdWVfUmFkaW9fVFZfRGlnaXRhbF9SVkJfQ291bGV1ci00LXNjYWxlZC5wbmciLCJzbGlkZXNob3ciOiI4MTZhYzYwIn0%3D\" href=\"https:\/\/festival-livre-jeunesse.fr\/2021_intermediaire\/partenaires\/\"><figure class=\"swiper-slide-inner\"><img decoding=\"async\" class=\"swiper-slide-image\" src=\"https:\/\/festival-livre-jeunesse.fr\/2026\/wp-content\/uploads\/2026\/01\/ICI_Generique_Radio_TV_Digital_RVB_Couleur-4-scaled.png\" alt=\"ICI_Ge\u0301ne\u0301rique_Radio_TV_Digital_RVB_Couleur\" \/><\/figure><\/a><\/div>\t\t\t<\/div>\n\t\t\t\t\t\t\t\t\t\t\t\t<div class=\"elementor-swiper-button elementor-swiper-button-prev\" role=\"button\" tabindex=\"0\">\n\t\t\t\t\t\t<i aria-hidden=\"true\" class=\"eicon-chevron-left\"><\/i>\t\t\t\t\t<\/div>\n\t\t\t\t\t<div class=\"elementor-swiper-button elementor-swiper-button-next\" role=\"button\" tabindex=\"0\">\n\t\t\t\t\t\t<i aria-hidden=\"true\" class=\"eicon-chevron-right\"><\/i>\t\t\t\t\t<\/div>\n\t\t\t\t\n\t\t\t\t\t\t\t\t\t<div class=\"swiper-pagination\"><\/div>\n\t\t\t\t\t\t\t\t\t<\/div>\n\t\t\t\t\t\t<\/div>\n\t\t\t\t<\/div>\n\t\t\t\t\t<\/div>\n\t\t<\/div>\n\t\t\t\t\t<\/div>\n\t\t<\/section>\n\t\t\t\t<section class=\"elementor-section elementor-top-section elementor-element elementor-element-3d56642 elementor-section-boxed elementor-section-height-default elementor-section-height-default\" data-id=\"3d56642\" data-element_type=\"section\" data-e-type=\"section\">\n\t\t\t\t\t\t<div class=\"elementor-container elementor-column-gap-default\">\n\t\t\t\t\t<div class=\"elementor-column elementor-col-100 elementor-top-column elementor-element elementor-element-65aa9c3\" data-id=\"65aa9c3\" data-element_type=\"column\" data-e-type=\"column\">\n\t\t\t<div class=\"elementor-widget-wrap\">\n\t\t\t\t\t\t\t<\/div>\n\t\t<\/div>\n\t\t\t\t\t<\/div>\n\t\t<\/section>\n\t\t\t\t<\/div>\n\t\t","protected":false},"excerpt":{"rendered":"<p>Journ\u00e9e professionnelle 2026 Vendredi 23 janvier 2026 De 9h30 \u00e0 16h30 | Espace Lauragais &#8211; Saint-Orens de Gameville Ouvert \u00e0 toutes et tous, cette journ\u00e9e professionnelle est un temps de formation et de r\u00e9flexion pour les professionnels du livre, de la culture, de l\u2019\u00e9ducation, de la petite enfance et de l\u2019animation autour d\u2019une th\u00e9matique d\u2019actualit\u00e9 [&hellip;]<\/p>\n","protected":false},"author":2,"featured_media":0,"parent":0,"menu_order":0,"comment_status":"closed","ping_status":"closed","template":"","meta":{"site-sidebar-layout":"no-sidebar","site-content-layout":"page-builder","ast-site-content-layout":"full-width-container","site-content-style":"default","site-sidebar-style":"default","ast-global-header-display":"","ast-banner-title-visibility":"","ast-main-header-display":"","ast-hfb-above-header-display":"","ast-hfb-below-header-display":"","ast-hfb-mobile-header-display":"","site-post-title":"disabled","ast-breadcrumbs-content":"","ast-featured-img":"disabled","footer-sml-layout":"","theme-transparent-header-meta":"","adv-header-id-meta":"","stick-header-meta":"","header-above-stick-meta":"","header-main-stick-meta":"","header-below-stick-meta":"","astra-migrate-meta-layouts":"set","ast-page-background-enabled":"default","ast-page-background-meta":{"desktop":{"background-color":"","background-image":"","background-repeat":"repeat","background-position":"center center","background-size":"auto","background-attachment":"scroll","background-type":"","background-media":"","overlay-type":"","overlay-color":"","overlay-opacity":"","overlay-gradient":""},"tablet":{"background-color":"","background-image":"","background-repeat":"repeat","background-position":"center center","background-size":"auto","background-attachment":"scroll","background-type":"","background-media":"","overlay-type":"","overlay-color":"","overlay-opacity":"","overlay-gradient":""},"mobile":{"background-color":"","background-image":"","background-repeat":"repeat","background-position":"center center","background-size":"auto","background-attachment":"scroll","background-type":"","background-media":"","overlay-type":"","overlay-color":"","overlay-opacity":"","overlay-gradient":""}},"ast-content-background-meta":{"desktop":{"background-color":"var(--ast-global-color-5)","background-image":"","background-repeat":"repeat","background-position":"center center","background-size":"auto","background-attachment":"scroll","background-type":"","background-media":"","overlay-type":"","overlay-color":"","overlay-opacity":"","overlay-gradient":""},"tablet":{"background-color":"var(--ast-global-color-5)","background-image":"","background-repeat":"repeat","background-position":"center center","background-size":"auto","background-attachment":"scroll","background-type":"","background-media":"","overlay-type":"","overlay-color":"","overlay-opacity":"","overlay-gradient":""},"mobile":{"background-color":"var(--ast-global-color-5)","background-image":"","background-repeat":"repeat","background-position":"center center","background-size":"auto","background-attachment":"scroll","background-type":"","background-media":"","overlay-type":"","overlay-color":"","overlay-opacity":"","overlay-gradient":""}},"footnotes":""},"class_list":["post-18632","page","type-page","status-publish","hentry"],"yoast_head":"<!-- This site is optimized with the Yoast SEO plugin v27.3 - https:\/\/yoast.com\/product\/yoast-seo-wordpress\/ -->\n<title>Journ\u00e9e professionnelle - Festival du Livre de Jeunesse Occitanie : 29, 30, 31 janvier 2027<\/title>\n<meta name=\"robots\" content=\"index, follow, max-snippet:-1, max-image-preview:large, max-video-preview:-1\" \/>\n<link rel=\"canonical\" href=\"https:\/\/festival-livre-jeunesse.fr\/2026\/journee-professionnelle\/\" \/>\n<meta property=\"og:locale\" content=\"fr_FR\" \/>\n<meta property=\"og:type\" content=\"article\" \/>\n<meta property=\"og:title\" content=\"Journ\u00e9e professionnelle - Festival du Livre de Jeunesse Occitanie : 29, 30, 31 janvier 2027\" \/>\n<meta property=\"og:description\" content=\"Journ\u00e9e professionnelle 2026 Vendredi 23 janvier 2026 De 9h30 \u00e0 16h30 | Espace Lauragais &#8211; Saint-Orens de Gameville Ouvert \u00e0 toutes et tous, cette journ\u00e9e professionnelle est un temps de formation et de r\u00e9flexion pour les professionnels du livre, de la culture, de l\u2019\u00e9ducation, de la petite enfance et de l\u2019animation autour d\u2019une th\u00e9matique d\u2019actualit\u00e9 [&hellip;]\" \/>\n<meta property=\"og:url\" content=\"https:\/\/festival-livre-jeunesse.fr\/2026\/journee-professionnelle\/\" \/>\n<meta property=\"og:site_name\" content=\"Festival du Livre de Jeunesse Occitanie : 29, 30, 31 janvier 2027\" \/>\n<meta property=\"article:publisher\" content=\"https:\/\/www.facebook.com\/FestivalLivreJeunesseOccitanie\" \/>\n<meta property=\"article:modified_time\" content=\"2026-01-09T10:58:36+00:00\" \/>\n<meta property=\"og:image\" content=\"https:\/\/festival-livre-jeunesse.fr\/2026\/wp-content\/uploads\/2025\/11\/product_9782072893803_195x320.jpg\" \/>\n<meta name=\"twitter:card\" content=\"summary_large_image\" \/>\n<meta name=\"twitter:site\" content=\"@FljOccitanie\" \/>\n<meta name=\"twitter:label1\" content=\"Dur\u00e9e de lecture estim\u00e9e\" \/>\n\t<meta name=\"twitter:data1\" content=\"3 minutes\" \/>\n<script type=\"application\/ld+json\" class=\"yoast-schema-graph\">{\"@context\":\"https:\\\/\\\/schema.org\",\"@graph\":[{\"@type\":\"WebPage\",\"@id\":\"https:\\\/\\\/festival-livre-jeunesse.fr\\\/2026\\\/journee-professionnelle\\\/\",\"url\":\"https:\\\/\\\/festival-livre-jeunesse.fr\\\/2026\\\/journee-professionnelle\\\/\",\"name\":\"Journ\u00e9e professionnelle - Festival du Livre de Jeunesse Occitanie : 29, 30, 31 janvier 2027\",\"isPartOf\":{\"@id\":\"https:\\\/\\\/festival-livre-jeunesse.fr\\\/2026\\\/#website\"},\"primaryImageOfPage\":{\"@id\":\"https:\\\/\\\/festival-livre-jeunesse.fr\\\/2026\\\/journee-professionnelle\\\/#primaryimage\"},\"image\":{\"@id\":\"https:\\\/\\\/festival-livre-jeunesse.fr\\\/2026\\\/journee-professionnelle\\\/#primaryimage\"},\"thumbnailUrl\":\"https:\\\/\\\/festival-livre-jeunesse.fr\\\/2026\\\/wp-content\\\/uploads\\\/2025\\\/11\\\/product_9782072893803_195x320.jpg\",\"datePublished\":\"2024-09-23T12:43:39+00:00\",\"dateModified\":\"2026-01-09T10:58:36+00:00\",\"breadcrumb\":{\"@id\":\"https:\\\/\\\/festival-livre-jeunesse.fr\\\/2026\\\/journee-professionnelle\\\/#breadcrumb\"},\"inLanguage\":\"fr-FR\",\"potentialAction\":[{\"@type\":\"ReadAction\",\"target\":[\"https:\\\/\\\/festival-livre-jeunesse.fr\\\/2026\\\/journee-professionnelle\\\/\"]}]},{\"@type\":\"ImageObject\",\"inLanguage\":\"fr-FR\",\"@id\":\"https:\\\/\\\/festival-livre-jeunesse.fr\\\/2026\\\/journee-professionnelle\\\/#primaryimage\",\"url\":\"https:\\\/\\\/festival-livre-jeunesse.fr\\\/2026\\\/wp-content\\\/uploads\\\/2025\\\/11\\\/product_9782072893803_195x320.jpg\",\"contentUrl\":\"https:\\\/\\\/festival-livre-jeunesse.fr\\\/2026\\\/wp-content\\\/uploads\\\/2025\\\/11\\\/product_9782072893803_195x320.jpg\",\"width\":194,\"height\":320},{\"@type\":\"BreadcrumbList\",\"@id\":\"https:\\\/\\\/festival-livre-jeunesse.fr\\\/2026\\\/journee-professionnelle\\\/#breadcrumb\",\"itemListElement\":[{\"@type\":\"ListItem\",\"position\":1,\"name\":\"Accueil\",\"item\":\"https:\\\/\\\/festival-livre-jeunesse.fr\\\/2026\\\/\"},{\"@type\":\"ListItem\",\"position\":2,\"name\":\"Journ\u00e9e professionnelle\"}]},{\"@type\":\"WebSite\",\"@id\":\"https:\\\/\\\/festival-livre-jeunesse.fr\\\/2026\\\/#website\",\"url\":\"https:\\\/\\\/festival-livre-jeunesse.fr\\\/2026\\\/\",\"name\":\"Festival du Livre de Jeunesse Occitanie\",\"description\":\" Partir en livre : 17 juin - 19 juillet 2026\",\"publisher\":{\"@id\":\"https:\\\/\\\/festival-livre-jeunesse.fr\\\/2026\\\/#organization\"},\"potentialAction\":[{\"@type\":\"SearchAction\",\"target\":{\"@type\":\"EntryPoint\",\"urlTemplate\":\"https:\\\/\\\/festival-livre-jeunesse.fr\\\/2026\\\/?s={search_term_string}\"},\"query-input\":{\"@type\":\"PropertyValueSpecification\",\"valueRequired\":true,\"valueName\":\"search_term_string\"}}],\"inLanguage\":\"fr-FR\"},{\"@type\":\"Organization\",\"@id\":\"https:\\\/\\\/festival-livre-jeunesse.fr\\\/2026\\\/#organization\",\"name\":\"festival livre jeunesse occitanie\",\"url\":\"https:\\\/\\\/festival-livre-jeunesse.fr\\\/2026\\\/\",\"logo\":{\"@type\":\"ImageObject\",\"inLanguage\":\"fr-FR\",\"@id\":\"https:\\\/\\\/festival-livre-jeunesse.fr\\\/2026\\\/#\\\/schema\\\/logo\\\/image\\\/\",\"url\":\"https:\\\/\\\/festival-livre-jeunesse.fr\\\/2026\\\/wp-content\\\/uploads\\\/2023\\\/10\\\/cropped-Logo-FLJ-NB.png\",\"contentUrl\":\"https:\\\/\\\/festival-livre-jeunesse.fr\\\/2026\\\/wp-content\\\/uploads\\\/2023\\\/10\\\/cropped-Logo-FLJ-NB.png\",\"width\":1209,\"height\":1191,\"caption\":\"festival livre jeunesse occitanie\"},\"image\":{\"@id\":\"https:\\\/\\\/festival-livre-jeunesse.fr\\\/2026\\\/#\\\/schema\\\/logo\\\/image\\\/\"},\"sameAs\":[\"https:\\\/\\\/www.facebook.com\\\/FestivalLivreJeunesseOccitanie\",\"https:\\\/\\\/x.com\\\/FljOccitanie\"]}]}<\/script>\n<!-- \/ Yoast SEO plugin. -->","yoast_head_json":{"title":"Journ\u00e9e professionnelle - Festival du Livre de Jeunesse Occitanie : 29, 30, 31 janvier 2027","robots":{"index":"index","follow":"follow","max-snippet":"max-snippet:-1","max-image-preview":"max-image-preview:large","max-video-preview":"max-video-preview:-1"},"canonical":"https:\/\/festival-livre-jeunesse.fr\/2026\/journee-professionnelle\/","og_locale":"fr_FR","og_type":"article","og_title":"Journ\u00e9e professionnelle - Festival du Livre de Jeunesse Occitanie : 29, 30, 31 janvier 2027","og_description":"Journ\u00e9e professionnelle 2026 Vendredi 23 janvier 2026 De 9h30 \u00e0 16h30 | Espace Lauragais &#8211; Saint-Orens de Gameville Ouvert \u00e0 toutes et tous, cette journ\u00e9e professionnelle est un temps de formation et de r\u00e9flexion pour les professionnels du livre, de la culture, de l\u2019\u00e9ducation, de la petite enfance et de l\u2019animation autour d\u2019une th\u00e9matique d\u2019actualit\u00e9 [&hellip;]","og_url":"https:\/\/festival-livre-jeunesse.fr\/2026\/journee-professionnelle\/","og_site_name":"Festival du Livre de Jeunesse Occitanie : 29, 30, 31 janvier 2027","article_publisher":"https:\/\/www.facebook.com\/FestivalLivreJeunesseOccitanie","article_modified_time":"2026-01-09T10:58:36+00:00","og_image":[{"url":"https:\/\/festival-livre-jeunesse.fr\/2026\/wp-content\/uploads\/2025\/11\/product_9782072893803_195x320.jpg","type":"","width":"","height":""}],"twitter_card":"summary_large_image","twitter_site":"@FljOccitanie","twitter_misc":{"Dur\u00e9e de lecture estim\u00e9e":"3 minutes"},"schema":{"@context":"https:\/\/schema.org","@graph":[{"@type":"WebPage","@id":"https:\/\/festival-livre-jeunesse.fr\/2026\/journee-professionnelle\/","url":"https:\/\/festival-livre-jeunesse.fr\/2026\/journee-professionnelle\/","name":"Journ\u00e9e professionnelle - Festival du Livre de Jeunesse Occitanie : 29, 30, 31 janvier 2027","isPartOf":{"@id":"https:\/\/festival-livre-jeunesse.fr\/2026\/#website"},"primaryImageOfPage":{"@id":"https:\/\/festival-livre-jeunesse.fr\/2026\/journee-professionnelle\/#primaryimage"},"image":{"@id":"https:\/\/festival-livre-jeunesse.fr\/2026\/journee-professionnelle\/#primaryimage"},"thumbnailUrl":"https:\/\/festival-livre-jeunesse.fr\/2026\/wp-content\/uploads\/2025\/11\/product_9782072893803_195x320.jpg","datePublished":"2024-09-23T12:43:39+00:00","dateModified":"2026-01-09T10:58:36+00:00","breadcrumb":{"@id":"https:\/\/festival-livre-jeunesse.fr\/2026\/journee-professionnelle\/#breadcrumb"},"inLanguage":"fr-FR","potentialAction":[{"@type":"ReadAction","target":["https:\/\/festival-livre-jeunesse.fr\/2026\/journee-professionnelle\/"]}]},{"@type":"ImageObject","inLanguage":"fr-FR","@id":"https:\/\/festival-livre-jeunesse.fr\/2026\/journee-professionnelle\/#primaryimage","url":"https:\/\/festival-livre-jeunesse.fr\/2026\/wp-content\/uploads\/2025\/11\/product_9782072893803_195x320.jpg","contentUrl":"https:\/\/festival-livre-jeunesse.fr\/2026\/wp-content\/uploads\/2025\/11\/product_9782072893803_195x320.jpg","width":194,"height":320},{"@type":"BreadcrumbList","@id":"https:\/\/festival-livre-jeunesse.fr\/2026\/journee-professionnelle\/#breadcrumb","itemListElement":[{"@type":"ListItem","position":1,"name":"Accueil","item":"https:\/\/festival-livre-jeunesse.fr\/2026\/"},{"@type":"ListItem","position":2,"name":"Journ\u00e9e professionnelle"}]},{"@type":"WebSite","@id":"https:\/\/festival-livre-jeunesse.fr\/2026\/#website","url":"https:\/\/festival-livre-jeunesse.fr\/2026\/","name":"Festival du Livre de Jeunesse Occitanie","description":" Partir en livre : 17 juin - 19 juillet 2026","publisher":{"@id":"https:\/\/festival-livre-jeunesse.fr\/2026\/#organization"},"potentialAction":[{"@type":"SearchAction","target":{"@type":"EntryPoint","urlTemplate":"https:\/\/festival-livre-jeunesse.fr\/2026\/?s={search_term_string}"},"query-input":{"@type":"PropertyValueSpecification","valueRequired":true,"valueName":"search_term_string"}}],"inLanguage":"fr-FR"},{"@type":"Organization","@id":"https:\/\/festival-livre-jeunesse.fr\/2026\/#organization","name":"festival livre jeunesse occitanie","url":"https:\/\/festival-livre-jeunesse.fr\/2026\/","logo":{"@type":"ImageObject","inLanguage":"fr-FR","@id":"https:\/\/festival-livre-jeunesse.fr\/2026\/#\/schema\/logo\/image\/","url":"https:\/\/festival-livre-jeunesse.fr\/2026\/wp-content\/uploads\/2023\/10\/cropped-Logo-FLJ-NB.png","contentUrl":"https:\/\/festival-livre-jeunesse.fr\/2026\/wp-content\/uploads\/2023\/10\/cropped-Logo-FLJ-NB.png","width":1209,"height":1191,"caption":"festival livre jeunesse occitanie"},"image":{"@id":"https:\/\/festival-livre-jeunesse.fr\/2026\/#\/schema\/logo\/image\/"},"sameAs":["https:\/\/www.facebook.com\/FestivalLivreJeunesseOccitanie","https:\/\/x.com\/FljOccitanie"]}]}},"_links":{"self":[{"href":"https:\/\/festival-livre-jeunesse.fr\/2026\/wp-json\/wp\/v2\/pages\/18632","targetHints":{"allow":["GET"]}}],"collection":[{"href":"https:\/\/festival-livre-jeunesse.fr\/2026\/wp-json\/wp\/v2\/pages"}],"about":[{"href":"https:\/\/festival-livre-jeunesse.fr\/2026\/wp-json\/wp\/v2\/types\/page"}],"author":[{"embeddable":true,"href":"https:\/\/festival-livre-jeunesse.fr\/2026\/wp-json\/wp\/v2\/users\/2"}],"replies":[{"embeddable":true,"href":"https:\/\/festival-livre-jeunesse.fr\/2026\/wp-json\/wp\/v2\/comments?post=18632"}],"version-history":[{"count":213,"href":"https:\/\/festival-livre-jeunesse.fr\/2026\/wp-json\/wp\/v2\/pages\/18632\/revisions"}],"predecessor-version":[{"id":23806,"href":"https:\/\/festival-livre-jeunesse.fr\/2026\/wp-json\/wp\/v2\/pages\/18632\/revisions\/23806"}],"wp:attachment":[{"href":"https:\/\/festival-livre-jeunesse.fr\/2026\/wp-json\/wp\/v2\/media?parent=18632"}],"curies":[{"name":"wp","href":"https:\/\/api.w.org\/{rel}","templated":true}]}}