{"id":22398,"date":"2025-11-09T19:36:48","date_gmt":"2025-11-09T18:36:48","guid":{"rendered":"https:\/\/festival-livre-jeunesse.fr\/2026\/?page_id=22398"},"modified":"2026-02-10T10:54:38","modified_gmt":"2026-02-10T09:54:38","slug":"ateliers","status":"publish","type":"page","link":"https:\/\/festival-livre-jeunesse.fr\/2026\/ateliers\/","title":{"rendered":"Atelier 2026"},"content":{"rendered":"\t\t<div data-elementor-type=\"wp-page\" data-elementor-id=\"22398\" class=\"elementor elementor-22398\">\n\t\t\t\t\t\t<section class=\"elementor-section elementor-top-section elementor-element elementor-element-303a201 elementor-section-boxed elementor-section-height-default elementor-section-height-default\" data-id=\"303a201\" data-element_type=\"section\" data-e-type=\"section\">\n\t\t\t\t\t\t<div class=\"elementor-container elementor-column-gap-default\">\n\t\t\t\t\t<div class=\"elementor-column elementor-col-100 elementor-top-column elementor-element elementor-element-0e27c31\" data-id=\"0e27c31\" data-element_type=\"column\" data-e-type=\"column\">\n\t\t\t<div class=\"elementor-widget-wrap elementor-element-populated\">\n\t\t\t\t\t\t<div class=\"elementor-element elementor-element-82e9507 elementor-widget elementor-widget-heading\" data-id=\"82e9507\" data-element_type=\"widget\" data-e-type=\"widget\" data-widget_type=\"heading.default\">\n\t\t\t\t<div class=\"elementor-widget-container\">\n\t\t\t\t\t<h1 class=\"elementor-heading-title elementor-size-default\">Les Ateliers \"hors les murs\"<\/h1>\t\t\t\t<\/div>\n\t\t\t\t<\/div>\n\t\t\t\t\t<\/div>\n\t\t<\/div>\n\t\t\t\t\t<\/div>\n\t\t<\/section>\n\t\t\t\t<section class=\"elementor-section elementor-top-section elementor-element elementor-element-e92987c elementor-section-boxed elementor-section-height-default elementor-section-height-default\" data-id=\"e92987c\" data-element_type=\"section\" data-e-type=\"section\">\n\t\t\t\t\t\t<div class=\"elementor-container elementor-column-gap-default\">\n\t\t\t\t\t<div class=\"elementor-column elementor-col-100 elementor-top-column elementor-element elementor-element-1acdb52\" data-id=\"1acdb52\" data-element_type=\"column\" data-e-type=\"column\">\n\t\t\t<div class=\"elementor-widget-wrap elementor-element-populated\">\n\t\t\t\t\t\t<div class=\"elementor-element elementor-element-3918fc8 elementor-widget elementor-widget-text-editor\" data-id=\"3918fc8\" data-element_type=\"widget\" data-e-type=\"widget\" data-widget_type=\"text-editor.default\">\n\t\t\t\t<div class=\"elementor-widget-container\">\n\t\t\t\t\t\t\t\t\t<p>Dans le cadre du 24e Festival du Livre de Jeunesse Occitanie de nombreux ateliers avec des illustrateurs et illustratrices ont lieu dans des m\u00e9diath\u00e8ques ou des librairies. Pensez \u00e0 r\u00e9server votre place !<\/p>\t\t\t\t\t\t\t\t<\/div>\n\t\t\t\t<\/div>\n\t\t\t\t<div class=\"elementor-element elementor-element-eec2590 elementor-widget elementor-widget-heading\" data-id=\"eec2590\" data-element_type=\"widget\" data-e-type=\"widget\" data-widget_type=\"heading.default\">\n\t\t\t\t<div class=\"elementor-widget-container\">\n\t\t\t\t\t<h2 class=\"elementor-heading-title elementor-size-default\"><b>Mercredi 14 janvier 2026<\/b><\/h2>\t\t\t\t<\/div>\n\t\t\t\t<\/div>\n\t\t\t\t\t<\/div>\n\t\t<\/div>\n\t\t\t\t\t<\/div>\n\t\t<\/section>\n\t\t\t\t<section class=\"elementor-section elementor-top-section elementor-element elementor-element-1731837 elementor-section-boxed elementor-section-height-default elementor-section-height-default\" data-id=\"1731837\" data-element_type=\"section\" data-e-type=\"section\">\n\t\t\t\t\t\t<div class=\"elementor-container elementor-column-gap-default\">\n\t\t\t\t\t<div class=\"elementor-column elementor-col-33 elementor-top-column elementor-element elementor-element-03e1d8b\" data-id=\"03e1d8b\" data-element_type=\"column\" data-e-type=\"column\">\n\t\t\t<div class=\"elementor-widget-wrap elementor-element-populated\">\n\t\t\t\t\t\t<div class=\"elementor-element elementor-element-4acbcc8 elementor-widget elementor-widget-heading\" data-id=\"4acbcc8\" data-element_type=\"widget\" data-e-type=\"widget\" data-widget_type=\"heading.default\">\n\t\t\t\t<div class=\"elementor-widget-container\">\n\t\t\t\t\t<h2 class=\"elementor-heading-title elementor-size-default\"><b>Les insectes, qui s'en tamponne? <br>avec Guillaume Ruffault<br><\/b><u>Mercredi 14 janvier \u00e0 15h30 - 5-8 ans - 1h<\/u><b><br><\/b>M\u00e9diath\u00e8que de l'Union - Gratuit<br>R\u00e9servations : bibliothecaires@bibliolunion.com \/ 09.75.75.98.73<\/h2>\t\t\t\t<\/div>\n\t\t\t\t<\/div>\n\t\t\t\t<div class=\"elementor-element elementor-element-5964074 elementor-widget elementor-widget-image\" data-id=\"5964074\" data-element_type=\"widget\" data-e-type=\"widget\" data-widget_type=\"image.default\">\n\t\t\t\t<div class=\"elementor-widget-container\">\n\t\t\t\t\t\t\t\t\t\t\t\t\t\t\t<img fetchpriority=\"high\" decoding=\"async\" width=\"342\" height=\"342\" src=\"https:\/\/festival-livre-jeunesse.fr\/2026\/wp-content\/uploads\/2025\/11\/insectes-tampons2-GuillaumeRuffault.jpg\" class=\"attachment-large size-large wp-image-22400\" alt=\"\" srcset=\"https:\/\/festival-livre-jeunesse.fr\/2026\/wp-content\/uploads\/2025\/11\/insectes-tampons2-GuillaumeRuffault.jpg 342w, https:\/\/festival-livre-jeunesse.fr\/2026\/wp-content\/uploads\/2025\/11\/insectes-tampons2-GuillaumeRuffault-300x300.jpg 300w, https:\/\/festival-livre-jeunesse.fr\/2026\/wp-content\/uploads\/2025\/11\/insectes-tampons2-GuillaumeRuffault-150x150.jpg 150w\" sizes=\"(max-width: 342px) 100vw, 342px\" \/>\t\t\t\t\t\t\t\t\t\t\t\t\t\t\t<\/div>\n\t\t\t\t<\/div>\n\t\t\t\t\t<\/div>\n\t\t<\/div>\n\t\t\t\t<div class=\"elementor-column elementor-col-33 elementor-top-column elementor-element elementor-element-4e10004\" data-id=\"4e10004\" data-element_type=\"column\" data-e-type=\"column\">\n\t\t\t<div class=\"elementor-widget-wrap elementor-element-populated\">\n\t\t\t\t\t\t<div class=\"elementor-element elementor-element-caa93ed elementor-widget elementor-widget-heading\" data-id=\"caa93ed\" data-element_type=\"widget\" data-e-type=\"widget\" data-widget_type=\"heading.default\">\n\t\t\t\t<div class=\"elementor-widget-container\">\n\t\t\t\t\t<h2 class=\"elementor-heading-title elementor-size-default\"><b>Les insectes, qui s'en tamponne? <br>avec Guillaume Ruffault<br><\/b><u>Mercredi 14 janvier \u00e0 16h45 - 5-8 ans - 1h<\/u><b><br><\/b>M\u00e9diath\u00e8que de l'Union - Gratuit<br>R\u00e9servations : bibliothecaires@bibliolunion.com \/ 09.75.75.98.73<\/h2>\t\t\t\t<\/div>\n\t\t\t\t<\/div>\n\t\t\t\t<div class=\"elementor-element elementor-element-f7c1206 elementor-widget elementor-widget-image\" data-id=\"f7c1206\" data-element_type=\"widget\" data-e-type=\"widget\" data-widget_type=\"image.default\">\n\t\t\t\t<div class=\"elementor-widget-container\">\n\t\t\t\t\t\t\t\t\t\t\t\t\t\t\t<img decoding=\"async\" width=\"491\" height=\"491\" src=\"https:\/\/festival-livre-jeunesse.fr\/2026\/wp-content\/uploads\/2025\/11\/insectes-tamponsGuillaumeRuffault.jpg\" class=\"attachment-large size-large wp-image-22401\" alt=\"\" srcset=\"https:\/\/festival-livre-jeunesse.fr\/2026\/wp-content\/uploads\/2025\/11\/insectes-tamponsGuillaumeRuffault.jpg 491w, https:\/\/festival-livre-jeunesse.fr\/2026\/wp-content\/uploads\/2025\/11\/insectes-tamponsGuillaumeRuffault-300x300.jpg 300w, https:\/\/festival-livre-jeunesse.fr\/2026\/wp-content\/uploads\/2025\/11\/insectes-tamponsGuillaumeRuffault-150x150.jpg 150w\" sizes=\"(max-width: 491px) 100vw, 491px\" \/>\t\t\t\t\t\t\t\t\t\t\t\t\t\t\t<\/div>\n\t\t\t\t<\/div>\n\t\t\t\t\t<\/div>\n\t\t<\/div>\n\t\t\t\t<div class=\"elementor-column elementor-col-33 elementor-top-column elementor-element elementor-element-e7d6c93\" data-id=\"e7d6c93\" data-element_type=\"column\" data-e-type=\"column\">\n\t\t\t<div class=\"elementor-widget-wrap\">\n\t\t\t\t\t\t\t<\/div>\n\t\t<\/div>\n\t\t\t\t\t<\/div>\n\t\t<\/section>\n\t\t\t\t<section class=\"elementor-section elementor-top-section elementor-element elementor-element-0f098aa elementor-section-boxed elementor-section-height-default elementor-section-height-default\" data-id=\"0f098aa\" data-element_type=\"section\" data-e-type=\"section\">\n\t\t\t\t\t\t<div class=\"elementor-container elementor-column-gap-default\">\n\t\t\t\t\t<div class=\"elementor-column elementor-col-50 elementor-top-column elementor-element elementor-element-69a9251\" data-id=\"69a9251\" data-element_type=\"column\" data-e-type=\"column\">\n\t\t\t<div class=\"elementor-widget-wrap elementor-element-populated\">\n\t\t\t\t\t\t<div class=\"elementor-element elementor-element-e7cf24e elementor-widget elementor-widget-heading\" data-id=\"e7cf24e\" data-element_type=\"widget\" data-e-type=\"widget\" data-widget_type=\"heading.default\">\n\t\t\t\t<div class=\"elementor-widget-container\">\n\t\t\t\t\t<h2 class=\"elementor-heading-title elementor-size-default\"><b>Samedi 17 janvier 2026<\/b><\/h2>\t\t\t\t<\/div>\n\t\t\t\t<\/div>\n\t\t\t\t\t<\/div>\n\t\t<\/div>\n\t\t\t\t<div class=\"elementor-column elementor-col-50 elementor-top-column elementor-element elementor-element-a4324b5\" data-id=\"a4324b5\" data-element_type=\"column\" data-e-type=\"column\">\n\t\t\t<div class=\"elementor-widget-wrap\">\n\t\t\t\t\t\t\t<\/div>\n\t\t<\/div>\n\t\t\t\t\t<\/div>\n\t\t<\/section>\n\t\t\t\t<section class=\"elementor-section elementor-top-section elementor-element elementor-element-ef93c2c elementor-section-boxed elementor-section-height-default elementor-section-height-default\" data-id=\"ef93c2c\" data-element_type=\"section\" data-e-type=\"section\">\n\t\t\t\t\t\t<div class=\"elementor-container elementor-column-gap-default\">\n\t\t\t\t\t<div class=\"elementor-column elementor-col-33 elementor-top-column elementor-element elementor-element-a645141\" data-id=\"a645141\" data-element_type=\"column\" data-e-type=\"column\">\n\t\t\t<div class=\"elementor-widget-wrap elementor-element-populated\">\n\t\t\t\t\t\t<div class=\"elementor-element elementor-element-35ac108 elementor-widget elementor-widget-heading\" data-id=\"35ac108\" data-element_type=\"widget\" data-e-type=\"widget\" data-widget_type=\"heading.default\">\n\t\t\t\t<div class=\"elementor-widget-container\">\n\t\t\t\t\t<h2 class=\"elementor-heading-title elementor-size-default\"><b>Les insectes, qui s'en tamponne? <br>avec Guillaume Ruffault<br><\/b>S<u>amedi 17 janvier \u00e0 9h30 - 5-8 ans - 1h<\/u><b><br><\/b>M\u00e9diath\u00e8que de Gratentour - Gratuit<br>R\u00e9servations : mediatheque@gratentour.fr \/ 09.63.53.83.30<br><\/h2>\t\t\t\t<\/div>\n\t\t\t\t<\/div>\n\t\t\t\t<div class=\"elementor-element elementor-element-a30b4c8 elementor-widget elementor-widget-image\" data-id=\"a30b4c8\" data-element_type=\"widget\" data-e-type=\"widget\" data-widget_type=\"image.default\">\n\t\t\t\t<div class=\"elementor-widget-container\">\n\t\t\t\t\t\t\t\t\t\t\t\t\t\t\t<img fetchpriority=\"high\" decoding=\"async\" width=\"342\" height=\"342\" src=\"https:\/\/festival-livre-jeunesse.fr\/2026\/wp-content\/uploads\/2025\/11\/insectes-tampons2-GuillaumeRuffault.jpg\" class=\"attachment-large size-large wp-image-22400\" alt=\"\" srcset=\"https:\/\/festival-livre-jeunesse.fr\/2026\/wp-content\/uploads\/2025\/11\/insectes-tampons2-GuillaumeRuffault.jpg 342w, https:\/\/festival-livre-jeunesse.fr\/2026\/wp-content\/uploads\/2025\/11\/insectes-tampons2-GuillaumeRuffault-300x300.jpg 300w, https:\/\/festival-livre-jeunesse.fr\/2026\/wp-content\/uploads\/2025\/11\/insectes-tampons2-GuillaumeRuffault-150x150.jpg 150w\" sizes=\"(max-width: 342px) 100vw, 342px\" \/>\t\t\t\t\t\t\t\t\t\t\t\t\t\t\t<\/div>\n\t\t\t\t<\/div>\n\t\t\t\t\t<\/div>\n\t\t<\/div>\n\t\t\t\t<div class=\"elementor-column elementor-col-33 elementor-top-column elementor-element elementor-element-53213ca\" data-id=\"53213ca\" data-element_type=\"column\" data-e-type=\"column\">\n\t\t\t<div class=\"elementor-widget-wrap elementor-element-populated\">\n\t\t\t\t\t\t<div class=\"elementor-element elementor-element-8ee6745 elementor-widget elementor-widget-heading\" data-id=\"8ee6745\" data-element_type=\"widget\" data-e-type=\"widget\" data-widget_type=\"heading.default\">\n\t\t\t\t<div class=\"elementor-widget-container\">\n\t\t\t\t\t<h2 class=\"elementor-heading-title elementor-size-default\"><b>L'herbier philosophe, Aquarelle et po\u00e9sie<br>avec C\u00e9cile Hudrisier<br><\/b><u>Samedi 17 janvier \u00e0 14h30 - \u00e0 partir de 8 ans, adultes bienvenus - 1h30<\/u><b><br><\/b>M\u00e9diath\u00e8que d'Aucamville - Gratuit<br>R\u00e9servations : mediatheque@ville-aucamville.fr \/ 05.62.75.44.98\n<\/h2>\t\t\t\t<\/div>\n\t\t\t\t<\/div>\n\t\t\t\t<div class=\"elementor-element elementor-element-1ff5d17 elementor-widget elementor-widget-image\" data-id=\"1ff5d17\" data-element_type=\"widget\" data-e-type=\"widget\" data-widget_type=\"image.default\">\n\t\t\t\t<div class=\"elementor-widget-container\">\n\t\t\t\t\t\t\t\t\t\t\t\t\t\t\t<img decoding=\"async\" width=\"820\" height=\"820\" src=\"https:\/\/festival-livre-jeunesse.fr\/2026\/wp-content\/uploads\/2025\/11\/atelier-herbier1-1024x1024.jpg\" class=\"attachment-large size-large wp-image-22403\" alt=\"\" srcset=\"https:\/\/festival-livre-jeunesse.fr\/2026\/wp-content\/uploads\/2025\/11\/atelier-herbier1-1024x1024.jpg 1024w, https:\/\/festival-livre-jeunesse.fr\/2026\/wp-content\/uploads\/2025\/11\/atelier-herbier1-300x300.jpg 300w, https:\/\/festival-livre-jeunesse.fr\/2026\/wp-content\/uploads\/2025\/11\/atelier-herbier1-150x150.jpg 150w, https:\/\/festival-livre-jeunesse.fr\/2026\/wp-content\/uploads\/2025\/11\/atelier-herbier1-768x768.jpg 768w, https:\/\/festival-livre-jeunesse.fr\/2026\/wp-content\/uploads\/2025\/11\/atelier-herbier1-1536x1536.jpg 1536w, https:\/\/festival-livre-jeunesse.fr\/2026\/wp-content\/uploads\/2025\/11\/atelier-herbier1.jpg 1772w\" sizes=\"(max-width: 820px) 100vw, 820px\" \/>\t\t\t\t\t\t\t\t\t\t\t\t\t\t\t<\/div>\n\t\t\t\t<\/div>\n\t\t\t\t\t<\/div>\n\t\t<\/div>\n\t\t\t\t<div class=\"elementor-column elementor-col-33 elementor-top-column elementor-element elementor-element-a5a77cf\" data-id=\"a5a77cf\" data-element_type=\"column\" data-e-type=\"column\">\n\t\t\t<div class=\"elementor-widget-wrap elementor-element-populated\">\n\t\t\t\t\t\t<div class=\"elementor-element elementor-element-43fbeae elementor-widget elementor-widget-heading\" data-id=\"43fbeae\" data-element_type=\"widget\" data-e-type=\"widget\" data-widget_type=\"heading.default\">\n\t\t\t\t<div class=\"elementor-widget-container\">\n\t\t\t\t\t<h2 class=\"elementor-heading-title elementor-size-default\"><b>Les insectes de papier <br>avec Guillaume Ruffault<br><\/b><u>Samedi 17 janvier \u00e0 14h - \u00e0 partir de 7 ans - 2h<\/u><b><br><\/b>M\u00e9diath\u00e8que d'Aussonne - Gratuit<br>R\u00e9servations : mediatheque@aussonne.fr \/ 05.62.13.48.66<br><\/h2>\t\t\t\t<\/div>\n\t\t\t\t<\/div>\n\t\t\t\t<div class=\"elementor-element elementor-element-196d73f elementor-widget elementor-widget-image\" data-id=\"196d73f\" data-element_type=\"widget\" data-e-type=\"widget\" data-widget_type=\"image.default\">\n\t\t\t\t<div class=\"elementor-widget-container\">\n\t\t\t\t\t\t\t\t\t\t\t\t\t\t\t<img loading=\"lazy\" decoding=\"async\" width=\"820\" height=\"820\" src=\"https:\/\/festival-livre-jeunesse.fr\/2026\/wp-content\/uploads\/2025\/11\/insectes-volum2-Guillaume-Ruffault-1024x1024.jpg\" class=\"attachment-large size-large wp-image-22402\" alt=\"\" srcset=\"https:\/\/festival-livre-jeunesse.fr\/2026\/wp-content\/uploads\/2025\/11\/insectes-volum2-Guillaume-Ruffault-1024x1024.jpg 1024w, https:\/\/festival-livre-jeunesse.fr\/2026\/wp-content\/uploads\/2025\/11\/insectes-volum2-Guillaume-Ruffault-300x300.jpg 300w, https:\/\/festival-livre-jeunesse.fr\/2026\/wp-content\/uploads\/2025\/11\/insectes-volum2-Guillaume-Ruffault-150x150.jpg 150w, https:\/\/festival-livre-jeunesse.fr\/2026\/wp-content\/uploads\/2025\/11\/insectes-volum2-Guillaume-Ruffault-768x768.jpg 768w, https:\/\/festival-livre-jeunesse.fr\/2026\/wp-content\/uploads\/2025\/11\/insectes-volum2-Guillaume-Ruffault.jpg 1512w\" sizes=\"(max-width: 820px) 100vw, 820px\" \/>\t\t\t\t\t\t\t\t\t\t\t\t\t\t\t<\/div>\n\t\t\t\t<\/div>\n\t\t\t\t\t<\/div>\n\t\t<\/div>\n\t\t\t\t\t<\/div>\n\t\t<\/section>\n\t\t\t\t<section class=\"elementor-section elementor-top-section elementor-element elementor-element-c486066 elementor-section-boxed elementor-section-height-default elementor-section-height-default\" data-id=\"c486066\" data-element_type=\"section\" data-e-type=\"section\">\n\t\t\t\t\t\t<div class=\"elementor-container elementor-column-gap-default\">\n\t\t\t\t\t<div class=\"elementor-column elementor-col-100 elementor-top-column elementor-element elementor-element-c35ef81\" data-id=\"c35ef81\" data-element_type=\"column\" data-e-type=\"column\">\n\t\t\t<div class=\"elementor-widget-wrap elementor-element-populated\">\n\t\t\t\t\t\t<div class=\"elementor-element elementor-element-5138621 elementor-widget elementor-widget-heading\" data-id=\"5138621\" data-element_type=\"widget\" data-e-type=\"widget\" data-widget_type=\"heading.default\">\n\t\t\t\t<div class=\"elementor-widget-container\">\n\t\t\t\t\t<h2 class=\"elementor-heading-title elementor-size-default\"><b>Mercredi 21 janvier 2026<\/b><\/h2>\t\t\t\t<\/div>\n\t\t\t\t<\/div>\n\t\t\t\t\t<\/div>\n\t\t<\/div>\n\t\t\t\t\t<\/div>\n\t\t<\/section>\n\t\t\t\t<section class=\"elementor-section elementor-top-section elementor-element elementor-element-ee23559 elementor-section-boxed elementor-section-height-default elementor-section-height-default\" data-id=\"ee23559\" data-element_type=\"section\" data-e-type=\"section\">\n\t\t\t\t\t\t<div class=\"elementor-container elementor-column-gap-default\">\n\t\t\t\t\t<div class=\"elementor-column elementor-col-25 elementor-top-column elementor-element elementor-element-ee9c2ea\" data-id=\"ee9c2ea\" data-element_type=\"column\" data-e-type=\"column\">\n\t\t\t<div class=\"elementor-widget-wrap elementor-element-populated\">\n\t\t\t\t\t\t<div class=\"elementor-element elementor-element-0ef4417 elementor-widget elementor-widget-heading\" data-id=\"0ef4417\" data-element_type=\"widget\" data-e-type=\"widget\" data-widget_type=\"heading.default\">\n\t\t\t\t<div class=\"elementor-widget-container\">\n\t\t\t\t\t<h2 class=\"elementor-heading-title elementor-size-default\"><b>La balade de Ko\u00efshi, aquarelle<br>avec C\u00e9cile Hudrisier<br><\/b><u>Mercredi<\/u><u> 21 janvier \u00e0 14h - \u00e0 partir de 7 ans <\/u><b><br><\/b>M\u00e9diath\u00e8que de Brax - Gratuit<br>R\u00e9servations : bibliotheque.brax@orange.fr \/ 05.61.86.55.59 \n<br><\/h2>\t\t\t\t<\/div>\n\t\t\t\t<\/div>\n\t\t\t\t<div class=\"elementor-element elementor-element-8ab4f3f elementor-widget elementor-widget-image\" data-id=\"8ab4f3f\" data-element_type=\"widget\" data-e-type=\"widget\" data-widget_type=\"image.default\">\n\t\t\t\t<div class=\"elementor-widget-container\">\n\t\t\t\t\t\t\t\t\t\t\t\t\t\t\t<img loading=\"lazy\" decoding=\"async\" width=\"820\" height=\"820\" src=\"https:\/\/festival-livre-jeunesse.fr\/2026\/wp-content\/uploads\/2025\/11\/9782246816201-001Koishi-X-1024x1024.webp\" class=\"attachment-large size-large wp-image-22417\" alt=\"\" srcset=\"https:\/\/festival-livre-jeunesse.fr\/2026\/wp-content\/uploads\/2025\/11\/9782246816201-001Koishi-X-1024x1024.webp 1024w, https:\/\/festival-livre-jeunesse.fr\/2026\/wp-content\/uploads\/2025\/11\/9782246816201-001Koishi-X-300x300.webp 300w, https:\/\/festival-livre-jeunesse.fr\/2026\/wp-content\/uploads\/2025\/11\/9782246816201-001Koishi-X-150x150.webp 150w, https:\/\/festival-livre-jeunesse.fr\/2026\/wp-content\/uploads\/2025\/11\/9782246816201-001Koishi-X-768x767.webp 768w, https:\/\/festival-livre-jeunesse.fr\/2026\/wp-content\/uploads\/2025\/11\/9782246816201-001Koishi-X.webp 1084w\" sizes=\"(max-width: 820px) 100vw, 820px\" \/>\t\t\t\t\t\t\t\t\t\t\t\t\t\t\t<\/div>\n\t\t\t\t<\/div>\n\t\t\t\t\t<\/div>\n\t\t<\/div>\n\t\t\t\t<div class=\"elementor-column elementor-col-25 elementor-top-column elementor-element elementor-element-b6cd929\" data-id=\"b6cd929\" data-element_type=\"column\" data-e-type=\"column\">\n\t\t\t<div class=\"elementor-widget-wrap elementor-element-populated\">\n\t\t\t\t\t\t<div class=\"elementor-element elementor-element-2a8af64 elementor-widget elementor-widget-heading\" data-id=\"2a8af64\" data-element_type=\"widget\" data-e-type=\"widget\" data-widget_type=\"heading.default\">\n\t\t\t\t<div class=\"elementor-widget-container\">\n\t\t\t\t\t<h2 class=\"elementor-heading-title elementor-size-default\"><b>Les insectes de papier <br>avec Guillaume Ruffault<br><\/b><u>Mercredi 21 janvier \u00e0 14h - \u00e0 partir de 7 ans<\/u><b><br><\/b>M\u00e9diath\u00e8que de Pibrac- Gratuit<br>R\u00e9servations : mediatheque@mairie-pibrac.fr \/ 05.61.86.09.69\n<br><\/h2>\t\t\t\t<\/div>\n\t\t\t\t<\/div>\n\t\t\t\t<div class=\"elementor-element elementor-element-44f89bb elementor-widget elementor-widget-image\" data-id=\"44f89bb\" data-element_type=\"widget\" data-e-type=\"widget\" data-widget_type=\"image.default\">\n\t\t\t\t<div class=\"elementor-widget-container\">\n\t\t\t\t\t\t\t\t\t\t\t\t\t\t\t<img loading=\"lazy\" decoding=\"async\" width=\"820\" height=\"820\" src=\"https:\/\/festival-livre-jeunesse.fr\/2026\/wp-content\/uploads\/2025\/11\/insectes-volum2-Guillaume-Ruffault-1024x1024.jpg\" class=\"attachment-large size-large wp-image-22402\" alt=\"\" srcset=\"https:\/\/festival-livre-jeunesse.fr\/2026\/wp-content\/uploads\/2025\/11\/insectes-volum2-Guillaume-Ruffault-1024x1024.jpg 1024w, https:\/\/festival-livre-jeunesse.fr\/2026\/wp-content\/uploads\/2025\/11\/insectes-volum2-Guillaume-Ruffault-300x300.jpg 300w, https:\/\/festival-livre-jeunesse.fr\/2026\/wp-content\/uploads\/2025\/11\/insectes-volum2-Guillaume-Ruffault-150x150.jpg 150w, https:\/\/festival-livre-jeunesse.fr\/2026\/wp-content\/uploads\/2025\/11\/insectes-volum2-Guillaume-Ruffault-768x768.jpg 768w, https:\/\/festival-livre-jeunesse.fr\/2026\/wp-content\/uploads\/2025\/11\/insectes-volum2-Guillaume-Ruffault.jpg 1512w\" sizes=\"(max-width: 820px) 100vw, 820px\" \/>\t\t\t\t\t\t\t\t\t\t\t\t\t\t\t<\/div>\n\t\t\t\t<\/div>\n\t\t\t\t\t<\/div>\n\t\t<\/div>\n\t\t\t\t<div class=\"elementor-column elementor-col-25 elementor-top-column elementor-element elementor-element-8255312\" data-id=\"8255312\" data-element_type=\"column\" data-e-type=\"column\">\n\t\t\t<div class=\"elementor-widget-wrap elementor-element-populated\">\n\t\t\t\t\t\t<div class=\"elementor-element elementor-element-5d69eb3 elementor-widget elementor-widget-heading\" data-id=\"5d69eb3\" data-element_type=\"widget\" data-e-type=\"widget\" data-widget_type=\"heading.default\">\n\t\t\t\t<div class=\"elementor-widget-container\">\n\t\t\t\t\t<h2 class=\"elementor-heading-title elementor-size-default\"><a href=\"https:\/\/billetterie.museum.toulouse-metropole.fr\/selection\/timeslotpass?productId=10229597052764\" target=\"_blank\"><b>Sous les jupes de fleurs<br>avec Fanny Pageaud<\/b><br><u>Mercredi 21 janvier \u00e0 14h - \u00e0 partir de 7 ans.<\/u> Mus\u00e9um d'Histoire Naturelle Toulouse - Gratuit<br>R\u00e9servation en ligne ici<\/a><\/h2>\t\t\t\t<\/div>\n\t\t\t\t<\/div>\n\t\t\t\t<div class=\"elementor-element elementor-element-73fba81 elementor-widget elementor-widget-image\" data-id=\"73fba81\" data-element_type=\"widget\" data-e-type=\"widget\" data-widget_type=\"image.default\">\n\t\t\t\t<div class=\"elementor-widget-container\">\n\t\t\t\t\t\t\t\t\t\t\t\t\t\t\t<img loading=\"lazy\" decoding=\"async\" width=\"756\" height=\"756\" src=\"https:\/\/festival-livre-jeunesse.fr\/2026\/wp-content\/uploads\/2025\/11\/flap_coquelicot.jpg\" class=\"attachment-large size-large wp-image-22418\" alt=\"\" srcset=\"https:\/\/festival-livre-jeunesse.fr\/2026\/wp-content\/uploads\/2025\/11\/flap_coquelicot.jpg 756w, https:\/\/festival-livre-jeunesse.fr\/2026\/wp-content\/uploads\/2025\/11\/flap_coquelicot-300x300.jpg 300w, https:\/\/festival-livre-jeunesse.fr\/2026\/wp-content\/uploads\/2025\/11\/flap_coquelicot-150x150.jpg 150w\" sizes=\"(max-width: 756px) 100vw, 756px\" \/>\t\t\t\t\t\t\t\t\t\t\t\t\t\t\t<\/div>\n\t\t\t\t<\/div>\n\t\t\t\t\t<\/div>\n\t\t<\/div>\n\t\t\t\t<div class=\"elementor-column elementor-col-25 elementor-top-column elementor-element elementor-element-8694349\" data-id=\"8694349\" data-element_type=\"column\" data-e-type=\"column\">\n\t\t\t<div class=\"elementor-widget-wrap elementor-element-populated\">\n\t\t\t\t\t\t<div class=\"elementor-element elementor-element-d295e82 elementor-widget elementor-widget-heading\" data-id=\"d295e82\" data-element_type=\"widget\" data-e-type=\"widget\" data-widget_type=\"heading.default\">\n\t\t\t\t<div class=\"elementor-widget-container\">\n\t\t\t\t\t<h2 class=\"elementor-heading-title elementor-size-default\"><b>Tractopelles<br>avec Fiona Meynier<br><\/b><u>Mercredi 21 janvier \u00e0 16h - \u00e0 partir de 5 ans.<\/u><b><br><\/b>Librairie Escalire - Escalquens<br>R\u00e9servations : contact@escalire.fr \/ 05.62.80.68.50<\/h2>\t\t\t\t<\/div>\n\t\t\t\t<\/div>\n\t\t\t\t<div class=\"elementor-element elementor-element-f762bdd elementor-widget elementor-widget-image\" data-id=\"f762bdd\" data-element_type=\"widget\" data-e-type=\"widget\" data-widget_type=\"image.default\">\n\t\t\t\t<div class=\"elementor-widget-container\">\n\t\t\t\t\t\t\t\t\t\t\t\t\t\t\t<img loading=\"lazy\" decoding=\"async\" width=\"240\" height=\"240\" src=\"https:\/\/festival-livre-jeunesse.fr\/2026\/wp-content\/uploads\/2025\/11\/PhotoAtelierTractopelle.jpg\" class=\"attachment-large size-large wp-image-22419\" alt=\"\" srcset=\"https:\/\/festival-livre-jeunesse.fr\/2026\/wp-content\/uploads\/2025\/11\/PhotoAtelierTractopelle.jpg 240w, https:\/\/festival-livre-jeunesse.fr\/2026\/wp-content\/uploads\/2025\/11\/PhotoAtelierTractopelle-150x150.jpg 150w\" sizes=\"(max-width: 240px) 100vw, 240px\" \/>\t\t\t\t\t\t\t\t\t\t\t\t\t\t\t<\/div>\n\t\t\t\t<\/div>\n\t\t\t\t\t<\/div>\n\t\t<\/div>\n\t\t\t\t\t<\/div>\n\t\t<\/section>\n\t\t\t\t<section class=\"elementor-section elementor-top-section elementor-element elementor-element-fd25cd7 elementor-section-boxed elementor-section-height-default elementor-section-height-default\" data-id=\"fd25cd7\" data-element_type=\"section\" data-e-type=\"section\">\n\t\t\t\t\t\t<div class=\"elementor-container elementor-column-gap-default\">\n\t\t\t\t\t<div class=\"elementor-column elementor-col-100 elementor-top-column elementor-element elementor-element-b255baf\" data-id=\"b255baf\" data-element_type=\"column\" data-e-type=\"column\">\n\t\t\t<div class=\"elementor-widget-wrap elementor-element-populated\">\n\t\t\t\t\t\t<div class=\"elementor-element elementor-element-8fba41e elementor-widget elementor-widget-heading\" data-id=\"8fba41e\" data-element_type=\"widget\" data-e-type=\"widget\" data-widget_type=\"heading.default\">\n\t\t\t\t<div class=\"elementor-widget-container\">\n\t\t\t\t\t<h2 class=\"elementor-heading-title elementor-size-default\"><b>Samedi 24 janvier 2026<\/b><\/h2>\t\t\t\t<\/div>\n\t\t\t\t<\/div>\n\t\t\t\t\t<\/div>\n\t\t<\/div>\n\t\t\t\t\t<\/div>\n\t\t<\/section>\n\t\t\t\t<section class=\"elementor-section elementor-top-section elementor-element elementor-element-499e34c elementor-section-boxed elementor-section-height-default elementor-section-height-default\" data-id=\"499e34c\" data-element_type=\"section\" data-e-type=\"section\">\n\t\t\t\t\t\t<div class=\"elementor-container elementor-column-gap-default\">\n\t\t\t\t\t<div class=\"elementor-column elementor-col-33 elementor-top-column elementor-element elementor-element-4a19816\" data-id=\"4a19816\" data-element_type=\"column\" data-e-type=\"column\">\n\t\t\t<div class=\"elementor-widget-wrap elementor-element-populated\">\n\t\t\t\t\t\t<div class=\"elementor-element elementor-element-3327634 elementor-widget elementor-widget-heading\" data-id=\"3327634\" data-element_type=\"widget\" data-e-type=\"widget\" data-widget_type=\"heading.default\">\n\t\t\t\t<div class=\"elementor-widget-container\">\n\t\t\t\t\t<h2 class=\"elementor-heading-title elementor-size-default\"><b>Entomologie de papier<br>avec Vanessa Hi\u00e9<br><\/b><u>Samedi<\/u><u> 24 janvier \u00e0 10h - de 7 \u00e0 12 ans <\/u><b><br><\/b>M\u00e9diath\u00e8que Altigone de St Orens - Gratuit<br>R\u00e9servations : mediatheque@mairie-saint-orens.fr \/ 05.61.39.27.39<br><\/h2>\t\t\t\t<\/div>\n\t\t\t\t<\/div>\n\t\t\t\t<div class=\"elementor-element elementor-element-a085ecc elementor-widget elementor-widget-image\" data-id=\"a085ecc\" data-element_type=\"widget\" data-e-type=\"widget\" data-widget_type=\"image.default\">\n\t\t\t\t<div class=\"elementor-widget-container\">\n\t\t\t\t\t\t\t\t\t\t\t\t\t\t\t<img loading=\"lazy\" decoding=\"async\" width=\"820\" height=\"820\" src=\"https:\/\/festival-livre-jeunesse.fr\/2026\/wp-content\/uploads\/2025\/11\/Atelier-EntomologieDePapier-1024x1024.jpg\" class=\"attachment-large size-large wp-image-22420\" alt=\"\" srcset=\"https:\/\/festival-livre-jeunesse.fr\/2026\/wp-content\/uploads\/2025\/11\/Atelier-EntomologieDePapier-1024x1024.jpg 1024w, https:\/\/festival-livre-jeunesse.fr\/2026\/wp-content\/uploads\/2025\/11\/Atelier-EntomologieDePapier-300x300.jpg 300w, https:\/\/festival-livre-jeunesse.fr\/2026\/wp-content\/uploads\/2025\/11\/Atelier-EntomologieDePapier-150x150.jpg 150w, https:\/\/festival-livre-jeunesse.fr\/2026\/wp-content\/uploads\/2025\/11\/Atelier-EntomologieDePapier-768x768.jpg 768w, https:\/\/festival-livre-jeunesse.fr\/2026\/wp-content\/uploads\/2025\/11\/Atelier-EntomologieDePapier-1536x1536.jpg 1536w, https:\/\/festival-livre-jeunesse.fr\/2026\/wp-content\/uploads\/2025\/11\/Atelier-EntomologieDePapier.jpg 2004w\" sizes=\"(max-width: 820px) 100vw, 820px\" \/>\t\t\t\t\t\t\t\t\t\t\t\t\t\t\t<\/div>\n\t\t\t\t<\/div>\n\t\t\t\t\t<\/div>\n\t\t<\/div>\n\t\t\t\t<div class=\"elementor-column elementor-col-33 elementor-top-column elementor-element elementor-element-096240a\" data-id=\"096240a\" data-element_type=\"column\" data-e-type=\"column\">\n\t\t\t<div class=\"elementor-widget-wrap elementor-element-populated\">\n\t\t\t\t\t\t<div class=\"elementor-element elementor-element-caf6174 elementor-widget elementor-widget-heading\" data-id=\"caf6174\" data-element_type=\"widget\" data-e-type=\"widget\" data-widget_type=\"heading.default\">\n\t\t\t\t<div class=\"elementor-widget-container\">\n\t\t\t\t\t<h2 class=\"elementor-heading-title elementor-size-default\"><b>Maison de la Petite Enfance<br><\/b><u>Samedi 24 janvier de 10h \u00e0 13h - de 0 \u00e0 6 ans<\/u><br>La Maison Petite Enfance de St-Orens ouvre ses portes \u00e0 l\u2019occasion du Festival. Des ateliers pour les 0-6 ans sont propos\u00e9s : bo\u00eetes myst\u00e8res, parcours sensoriels, parcours pieds nus, projection et lectures po\u00e9tiques, mais aussi des ateliers cr\u00e9atifs sur la couleur des \u00e9motions et un \u00ab&nbsp;raconte-tapis&nbsp;\u00bb de ha\u00efkus pour les b\u00e9b\u00e9s. <br>Gratuit, sans r\u00e9servation en continue toute la matin\u00e9e.<\/h2>\t\t\t\t<\/div>\n\t\t\t\t<\/div>\n\t\t\t\t<div class=\"elementor-element elementor-element-035fc46 elementor-widget elementor-widget-image\" data-id=\"035fc46\" data-element_type=\"widget\" data-e-type=\"widget\" data-widget_type=\"image.default\">\n\t\t\t\t<div class=\"elementor-widget-container\">\n\t\t\t\t\t\t\t\t\t\t\t\t\t\t\t<img loading=\"lazy\" decoding=\"async\" width=\"1500\" height=\"1000\" src=\"https:\/\/festival-livre-jeunesse.fr\/2026\/wp-content\/uploads\/2025\/11\/Salon-BD\u00a9AudreyMompo-7583.jpg\" class=\"attachment-full size-full wp-image-23037\" alt=\"\" srcset=\"https:\/\/festival-livre-jeunesse.fr\/2026\/wp-content\/uploads\/2025\/11\/Salon-BD\u00a9AudreyMompo-7583.jpg 1500w, https:\/\/festival-livre-jeunesse.fr\/2026\/wp-content\/uploads\/2025\/11\/Salon-BD\u00a9AudreyMompo-7583-300x200.jpg 300w, https:\/\/festival-livre-jeunesse.fr\/2026\/wp-content\/uploads\/2025\/11\/Salon-BD\u00a9AudreyMompo-7583-1024x683.jpg 1024w, https:\/\/festival-livre-jeunesse.fr\/2026\/wp-content\/uploads\/2025\/11\/Salon-BD\u00a9AudreyMompo-7583-768x512.jpg 768w\" sizes=\"(max-width: 1500px) 100vw, 1500px\" \/>\t\t\t\t\t\t\t\t\t\t\t\t\t\t\t<\/div>\n\t\t\t\t<\/div>\n\t\t\t\t\t<\/div>\n\t\t<\/div>\n\t\t\t\t<div class=\"elementor-column elementor-col-33 elementor-top-column elementor-element elementor-element-e8db326\" data-id=\"e8db326\" data-element_type=\"column\" data-e-type=\"column\">\n\t\t\t<div class=\"elementor-widget-wrap elementor-element-populated\">\n\t\t\t\t\t\t<div class=\"elementor-element elementor-element-acae543 elementor-widget elementor-widget-heading\" data-id=\"acae543\" data-element_type=\"widget\" data-e-type=\"widget\" data-widget_type=\"heading.default\">\n\t\t\t\t<div class=\"elementor-widget-container\">\n\t\t\t\t\t<h2 class=\"elementor-heading-title elementor-size-default\"><b>Atelier Aquarelle et po\u00e9sie<br>avec C\u00e9cile Hudrisier<br><\/b><u>Samedi 24 janvier \u00e0 10h30 - \u00e0 partir de 8 ans, ados et adultes bienvenus. <\/u>Librairie Ellipses - Toulouse<br>R\u00e9servations : librairie.ellipses@wanadoo.fr 05.61.55.49.67.<\/h2>\t\t\t\t<\/div>\n\t\t\t\t<\/div>\n\t\t\t\t<div class=\"elementor-element elementor-element-d97f4de elementor-widget elementor-widget-image\" data-id=\"d97f4de\" data-element_type=\"widget\" data-e-type=\"widget\" data-widget_type=\"image.default\">\n\t\t\t\t<div class=\"elementor-widget-container\">\n\t\t\t\t\t\t\t\t\t\t\t\t\t\t\t<img loading=\"lazy\" decoding=\"async\" width=\"820\" height=\"820\" src=\"https:\/\/festival-livre-jeunesse.fr\/2026\/wp-content\/uploads\/2025\/11\/couv_haikus-1024x1024.jpg\" class=\"attachment-large size-large wp-image-22421\" alt=\"\" srcset=\"https:\/\/festival-livre-jeunesse.fr\/2026\/wp-content\/uploads\/2025\/11\/couv_haikus-1024x1024.jpg 1024w, https:\/\/festival-livre-jeunesse.fr\/2026\/wp-content\/uploads\/2025\/11\/couv_haikus-300x300.jpg 300w, https:\/\/festival-livre-jeunesse.fr\/2026\/wp-content\/uploads\/2025\/11\/couv_haikus-150x150.jpg 150w, https:\/\/festival-livre-jeunesse.fr\/2026\/wp-content\/uploads\/2025\/11\/couv_haikus-768x768.jpg 768w, https:\/\/festival-livre-jeunesse.fr\/2026\/wp-content\/uploads\/2025\/11\/couv_haikus-1536x1536.jpg 1536w, https:\/\/festival-livre-jeunesse.fr\/2026\/wp-content\/uploads\/2025\/11\/couv_haikus.jpg 1906w\" sizes=\"(max-width: 820px) 100vw, 820px\" \/>\t\t\t\t\t\t\t\t\t\t\t\t\t\t\t<\/div>\n\t\t\t\t<\/div>\n\t\t\t\t\t<\/div>\n\t\t<\/div>\n\t\t\t\t\t<\/div>\n\t\t<\/section>\n\t\t\t\t<section class=\"elementor-section elementor-top-section elementor-element elementor-element-8d25c1a elementor-section-boxed elementor-section-height-default elementor-section-height-default\" data-id=\"8d25c1a\" data-element_type=\"section\" data-e-type=\"section\">\n\t\t\t\t\t\t<div class=\"elementor-container elementor-column-gap-default\">\n\t\t\t\t\t<div class=\"elementor-column elementor-col-33 elementor-top-column elementor-element elementor-element-ec193dc\" data-id=\"ec193dc\" data-element_type=\"column\" data-e-type=\"column\">\n\t\t\t<div class=\"elementor-widget-wrap elementor-element-populated\">\n\t\t\t\t\t\t<div class=\"elementor-element elementor-element-b10b9d4 elementor-widget elementor-widget-heading\" data-id=\"b10b9d4\" data-element_type=\"widget\" data-e-type=\"widget\" data-widget_type=\"heading.default\">\n\t\t\t\t<div class=\"elementor-widget-container\">\n\t\t\t\t\t<h2 class=\"elementor-heading-title elementor-size-default\"><span style=\"color:black\"><b>Retrouvez vos Esprits<\/b><\/span><b><br><\/b><span style=\"color:black\"><b>Atelier \u00e9criture et illustrations avec Gaya Wisniewski et St\u00e9phane Servant<\/b><\/span><br><u>Samedi<\/u><u> 24 janvier \u00e0 10h - <span style=\"color:black\">Atelier parents\/enfants \u00e0 partir de 8 ans&nbsp;<\/span> <\/u><b><br><\/b>M\u00e9diath\u00e8que Dani\u00e8le Damin - Toulouse - Gratuit<br>R\u00e9servations : mediatheque.daniele.damin@mairie-toulouse.fr \/ 05.34.24.50.42 <\/h2>\t\t\t\t<\/div>\n\t\t\t\t<\/div>\n\t\t\t\t<div class=\"elementor-element elementor-element-a054e10 elementor-widget elementor-widget-image\" data-id=\"a054e10\" data-element_type=\"widget\" data-e-type=\"widget\" data-widget_type=\"image.default\">\n\t\t\t\t<div class=\"elementor-widget-container\">\n\t\t\t\t\t\t\t\t\t\t\t\t\t\t\t<img loading=\"lazy\" decoding=\"async\" width=\"724\" height=\"1024\" src=\"https:\/\/festival-livre-jeunesse.fr\/2026\/wp-content\/uploads\/2025\/11\/Atelier-Esprits-dEnfance-1-724x1024.jpg\" class=\"attachment-large size-large wp-image-23577\" alt=\"\" srcset=\"https:\/\/festival-livre-jeunesse.fr\/2026\/wp-content\/uploads\/2025\/11\/Atelier-Esprits-dEnfance-1-724x1024.jpg 724w, https:\/\/festival-livre-jeunesse.fr\/2026\/wp-content\/uploads\/2025\/11\/Atelier-Esprits-dEnfance-1-212x300.jpg 212w, https:\/\/festival-livre-jeunesse.fr\/2026\/wp-content\/uploads\/2025\/11\/Atelier-Esprits-dEnfance-1-768x1086.jpg 768w, https:\/\/festival-livre-jeunesse.fr\/2026\/wp-content\/uploads\/2025\/11\/Atelier-Esprits-dEnfance-1-1086x1536.jpg 1086w, https:\/\/festival-livre-jeunesse.fr\/2026\/wp-content\/uploads\/2025\/11\/Atelier-Esprits-dEnfance-1.jpg 1181w\" sizes=\"(max-width: 724px) 100vw, 724px\" \/>\t\t\t\t\t\t\t\t\t\t\t\t\t\t\t<\/div>\n\t\t\t\t<\/div>\n\t\t\t\t\t<\/div>\n\t\t<\/div>\n\t\t\t\t<div class=\"elementor-column elementor-col-33 elementor-top-column elementor-element elementor-element-903aad5\" data-id=\"903aad5\" data-element_type=\"column\" data-e-type=\"column\">\n\t\t\t<div class=\"elementor-widget-wrap elementor-element-populated\">\n\t\t\t\t\t\t<div class=\"elementor-element elementor-element-6b9cdcb elementor-widget elementor-widget-heading\" data-id=\"6b9cdcb\" data-element_type=\"widget\" data-e-type=\"widget\" data-widget_type=\"heading.default\">\n\t\t\t\t<div class=\"elementor-widget-container\">\n\t\t\t\t\t<h2 class=\"elementor-heading-title elementor-size-default\"><b>Atelier Traverser les montagnes<\/b><br><b>avec Louise de Contes, illustratrice<\/b><br><u>Samedi 24 janvier \u00e0 10h - \u00e0 partir de 5 ans<\/u><br>M\u00e9diath\u00e8que de Quint Fonsegrives - Gratuit<br>R\u00e9servation : atout.lire@mairie-quint-fonsegrives.fr \/ 05.62.16.63.50<br>Chaque participant.e cr\u00e9era un livre accord\u00e9on, appel\u00e9 Leporello, repr\u00e9sentant un paysage, sa faune et sa flore en dessins et couleurs en lien avec l'univers graphique de l'autrice illustratrice Louise de Contes.<br> <\/h2>\t\t\t\t<\/div>\n\t\t\t\t<\/div>\n\t\t\t\t<div class=\"elementor-element elementor-element-35f7c6d elementor-widget elementor-widget-image\" data-id=\"35f7c6d\" data-element_type=\"widget\" data-e-type=\"widget\" data-widget_type=\"image.default\">\n\t\t\t\t<div class=\"elementor-widget-container\">\n\t\t\t\t\t\t\t\t\t\t\t\t\t\t\t<img loading=\"lazy\" decoding=\"async\" width=\"340\" height=\"340\" src=\"https:\/\/festival-livre-jeunesse.fr\/2026\/wp-content\/uploads\/2025\/11\/Traverser-les-montagnes.jpg\" class=\"attachment-large size-large wp-image-22424\" alt=\"\" srcset=\"https:\/\/festival-livre-jeunesse.fr\/2026\/wp-content\/uploads\/2025\/11\/Traverser-les-montagnes.jpg 340w, https:\/\/festival-livre-jeunesse.fr\/2026\/wp-content\/uploads\/2025\/11\/Traverser-les-montagnes-300x300.jpg 300w, https:\/\/festival-livre-jeunesse.fr\/2026\/wp-content\/uploads\/2025\/11\/Traverser-les-montagnes-150x150.jpg 150w\" sizes=\"(max-width: 340px) 100vw, 340px\" \/>\t\t\t\t\t\t\t\t\t\t\t\t\t\t\t<\/div>\n\t\t\t\t<\/div>\n\t\t\t\t\t<\/div>\n\t\t<\/div>\n\t\t\t\t<div class=\"elementor-column elementor-col-33 elementor-top-column elementor-element elementor-element-00b44e5\" data-id=\"00b44e5\" data-element_type=\"column\" data-e-type=\"column\">\n\t\t\t<div class=\"elementor-widget-wrap\">\n\t\t\t\t\t\t\t<\/div>\n\t\t<\/div>\n\t\t\t\t\t<\/div>\n\t\t<\/section>\n\t\t\t\t<section class=\"elementor-section elementor-top-section elementor-element elementor-element-0180883 elementor-section-boxed elementor-section-height-default elementor-section-height-default\" data-id=\"0180883\" data-element_type=\"section\" data-e-type=\"section\">\n\t\t\t\t\t\t<div class=\"elementor-container elementor-column-gap-default\">\n\t\t\t\t\t<div class=\"elementor-column elementor-col-100 elementor-top-column elementor-element elementor-element-19b2ecd\" data-id=\"19b2ecd\" data-element_type=\"column\" data-e-type=\"column\">\n\t\t\t<div class=\"elementor-widget-wrap elementor-element-populated\">\n\t\t\t\t\t\t<div class=\"elementor-element elementor-element-4c31e1b elementor-widget elementor-widget-heading\" data-id=\"4c31e1b\" data-element_type=\"widget\" data-e-type=\"widget\" data-widget_type=\"heading.default\">\n\t\t\t\t<div class=\"elementor-widget-container\">\n\t\t\t\t\t<h1 class=\"elementor-heading-title elementor-size-default\"><a href=\"https:\/\/festival-livre-jeunesse.fr\/2026\/week-end-fete\">Retrouvez d'autres propositions d'ateliers au Festival du Livre de Jeunesse <br>- Gymnase du Lyc\u00e9e Riquet de St-Orens de Gameville les 24 et 25 janvier 2026<br>Tout le programme ici<\/a><\/h1>\t\t\t\t<\/div>\n\t\t\t\t<\/div>\n\t\t\t\t\t<\/div>\n\t\t<\/div>\n\t\t\t\t\t<\/div>\n\t\t<\/section>\n\t\t\t\t<\/div>\n\t\t","protected":false},"excerpt":{"rendered":"<p>Les Ateliers \u00ab\u00a0hors les murs\u00a0\u00bb Dans le cadre du 24e Festival du Livre de Jeunesse Occitanie de nombreux ateliers avec des illustrateurs et illustratrices ont lieu dans des m\u00e9diath\u00e8ques ou des librairies. Pensez \u00e0 r\u00e9server votre place ! Mercredi 14 janvier 2026 Les insectes, qui s&rsquo;en tamponne? avec Guillaume RuffaultMercredi 14 janvier \u00e0 15h30 &#8211; [&hellip;]<\/p>\n","protected":false},"author":2,"featured_media":0,"parent":0,"menu_order":0,"comment_status":"closed","ping_status":"closed","template":"","meta":{"site-sidebar-layout":"no-sidebar","site-content-layout":"page-builder","ast-site-content-layout":"normal-width-container","site-content-style":"unboxed","site-sidebar-style":"unboxed","ast-global-header-display":"","ast-banner-title-visibility":"","ast-main-header-display":"","ast-hfb-above-header-display":"","ast-hfb-below-header-display":"","ast-hfb-mobile-header-display":"","site-post-title":"disabled","ast-breadcrumbs-content":"","ast-featured-img":"disabled","footer-sml-layout":"","theme-transparent-header-meta":"","adv-header-id-meta":"","stick-header-meta":"","header-above-stick-meta":"","header-main-stick-meta":"","header-below-stick-meta":"","astra-migrate-meta-layouts":"default","ast-page-background-enabled":"default","ast-page-background-meta":{"desktop":{"background-color":"","background-image":"","background-repeat":"repeat","background-position":"center center","background-size":"auto","background-attachment":"scroll","background-type":"","background-media":"","overlay-type":"","overlay-color":"","overlay-opacity":"","overlay-gradient":""},"tablet":{"background-color":"","background-image":"","background-repeat":"repeat","background-position":"center center","background-size":"auto","background-attachment":"scroll","background-type":"","background-media":"","overlay-type":"","overlay-color":"","overlay-opacity":"","overlay-gradient":""},"mobile":{"background-color":"","background-image":"","background-repeat":"repeat","background-position":"center center","background-size":"auto","background-attachment":"scroll","background-type":"","background-media":"","overlay-type":"","overlay-color":"","overlay-opacity":"","overlay-gradient":""}},"ast-content-background-meta":{"desktop":{"background-color":"var(--ast-global-color-5)","background-image":"","background-repeat":"repeat","background-position":"center center","background-size":"auto","background-attachment":"scroll","background-type":"","background-media":"","overlay-type":"","overlay-color":"","overlay-opacity":"","overlay-gradient":""},"tablet":{"background-color":"var(--ast-global-color-5)","background-image":"","background-repeat":"repeat","background-position":"center center","background-size":"auto","background-attachment":"scroll","background-type":"","background-media":"","overlay-type":"","overlay-color":"","overlay-opacity":"","overlay-gradient":""},"mobile":{"background-color":"var(--ast-global-color-5)","background-image":"","background-repeat":"repeat","background-position":"center center","background-size":"auto","background-attachment":"scroll","background-type":"","background-media":"","overlay-type":"","overlay-color":"","overlay-opacity":"","overlay-gradient":""}},"footnotes":""},"class_list":["post-22398","page","type-page","status-publish","hentry"],"yoast_head":"<!-- This site is optimized with the Yoast SEO plugin v27.3 - https:\/\/yoast.com\/product\/yoast-seo-wordpress\/ -->\n<title>Atelier 2026 - Festival du Livre de Jeunesse Occitanie : 29, 30, 31 janvier 2027<\/title>\n<meta name=\"robots\" content=\"index, follow, max-snippet:-1, max-image-preview:large, max-video-preview:-1\" \/>\n<link rel=\"canonical\" href=\"https:\/\/festival-livre-jeunesse.fr\/2026\/ateliers\/\" \/>\n<meta property=\"og:locale\" content=\"fr_FR\" \/>\n<meta property=\"og:type\" content=\"article\" \/>\n<meta property=\"og:title\" content=\"Atelier 2026 - Festival du Livre de Jeunesse Occitanie : 29, 30, 31 janvier 2027\" \/>\n<meta property=\"og:description\" content=\"Les Ateliers \u00ab\u00a0hors les murs\u00a0\u00bb Dans le cadre du 24e Festival du Livre de Jeunesse Occitanie de nombreux ateliers avec des illustrateurs et illustratrices ont lieu dans des m\u00e9diath\u00e8ques ou des librairies. Pensez \u00e0 r\u00e9server votre place ! Mercredi 14 janvier 2026 Les insectes, qui s&rsquo;en tamponne? avec Guillaume RuffaultMercredi 14 janvier \u00e0 15h30 &#8211; [&hellip;]\" \/>\n<meta property=\"og:url\" content=\"https:\/\/festival-livre-jeunesse.fr\/2026\/ateliers\/\" \/>\n<meta property=\"og:site_name\" content=\"Festival du Livre de Jeunesse Occitanie : 29, 30, 31 janvier 2027\" \/>\n<meta property=\"article:publisher\" content=\"https:\/\/www.facebook.com\/FestivalLivreJeunesseOccitanie\" \/>\n<meta property=\"article:modified_time\" content=\"2026-02-10T09:54:38+00:00\" \/>\n<meta property=\"og:image\" content=\"https:\/\/festival-livre-jeunesse.fr\/2026\/wp-content\/uploads\/2025\/11\/insectes-tampons2-GuillaumeRuffault.jpg\" \/>\n\t<meta property=\"og:image:width\" content=\"342\" \/>\n\t<meta property=\"og:image:height\" content=\"342\" \/>\n\t<meta property=\"og:image:type\" content=\"image\/jpeg\" \/>\n<meta name=\"twitter:card\" content=\"summary_large_image\" \/>\n<meta name=\"twitter:site\" content=\"@FljOccitanie\" \/>\n<meta name=\"twitter:label1\" content=\"Dur\u00e9e de lecture estim\u00e9e\" \/>\n\t<meta name=\"twitter:data1\" content=\"3 minutes\" \/>\n<script type=\"application\/ld+json\" class=\"yoast-schema-graph\">{\"@context\":\"https:\\\/\\\/schema.org\",\"@graph\":[{\"@type\":\"WebPage\",\"@id\":\"https:\\\/\\\/festival-livre-jeunesse.fr\\\/2026\\\/ateliers\\\/\",\"url\":\"https:\\\/\\\/festival-livre-jeunesse.fr\\\/2026\\\/ateliers\\\/\",\"name\":\"Atelier 2026 - Festival du Livre de Jeunesse Occitanie : 29, 30, 31 janvier 2027\",\"isPartOf\":{\"@id\":\"https:\\\/\\\/festival-livre-jeunesse.fr\\\/2026\\\/#website\"},\"primaryImageOfPage\":{\"@id\":\"https:\\\/\\\/festival-livre-jeunesse.fr\\\/2026\\\/ateliers\\\/#primaryimage\"},\"image\":{\"@id\":\"https:\\\/\\\/festival-livre-jeunesse.fr\\\/2026\\\/ateliers\\\/#primaryimage\"},\"thumbnailUrl\":\"https:\\\/\\\/festival-livre-jeunesse.fr\\\/2026\\\/wp-content\\\/uploads\\\/2025\\\/11\\\/insectes-tampons2-GuillaumeRuffault.jpg\",\"datePublished\":\"2025-11-09T18:36:48+00:00\",\"dateModified\":\"2026-02-10T09:54:38+00:00\",\"breadcrumb\":{\"@id\":\"https:\\\/\\\/festival-livre-jeunesse.fr\\\/2026\\\/ateliers\\\/#breadcrumb\"},\"inLanguage\":\"fr-FR\",\"potentialAction\":[{\"@type\":\"ReadAction\",\"target\":[\"https:\\\/\\\/festival-livre-jeunesse.fr\\\/2026\\\/ateliers\\\/\"]}]},{\"@type\":\"ImageObject\",\"inLanguage\":\"fr-FR\",\"@id\":\"https:\\\/\\\/festival-livre-jeunesse.fr\\\/2026\\\/ateliers\\\/#primaryimage\",\"url\":\"https:\\\/\\\/festival-livre-jeunesse.fr\\\/2026\\\/wp-content\\\/uploads\\\/2025\\\/11\\\/insectes-tampons2-GuillaumeRuffault.jpg\",\"contentUrl\":\"https:\\\/\\\/festival-livre-jeunesse.fr\\\/2026\\\/wp-content\\\/uploads\\\/2025\\\/11\\\/insectes-tampons2-GuillaumeRuffault.jpg\",\"width\":342,\"height\":342},{\"@type\":\"BreadcrumbList\",\"@id\":\"https:\\\/\\\/festival-livre-jeunesse.fr\\\/2026\\\/ateliers\\\/#breadcrumb\",\"itemListElement\":[{\"@type\":\"ListItem\",\"position\":1,\"name\":\"Accueil\",\"item\":\"https:\\\/\\\/festival-livre-jeunesse.fr\\\/2026\\\/\"},{\"@type\":\"ListItem\",\"position\":2,\"name\":\"Atelier 2026\"}]},{\"@type\":\"WebSite\",\"@id\":\"https:\\\/\\\/festival-livre-jeunesse.fr\\\/2026\\\/#website\",\"url\":\"https:\\\/\\\/festival-livre-jeunesse.fr\\\/2026\\\/\",\"name\":\"Festival du Livre de Jeunesse Occitanie\",\"description\":\" Partir en livre : 17 juin - 19 juillet 2026\",\"publisher\":{\"@id\":\"https:\\\/\\\/festival-livre-jeunesse.fr\\\/2026\\\/#organization\"},\"potentialAction\":[{\"@type\":\"SearchAction\",\"target\":{\"@type\":\"EntryPoint\",\"urlTemplate\":\"https:\\\/\\\/festival-livre-jeunesse.fr\\\/2026\\\/?s={search_term_string}\"},\"query-input\":{\"@type\":\"PropertyValueSpecification\",\"valueRequired\":true,\"valueName\":\"search_term_string\"}}],\"inLanguage\":\"fr-FR\"},{\"@type\":\"Organization\",\"@id\":\"https:\\\/\\\/festival-livre-jeunesse.fr\\\/2026\\\/#organization\",\"name\":\"festival livre jeunesse occitanie\",\"url\":\"https:\\\/\\\/festival-livre-jeunesse.fr\\\/2026\\\/\",\"logo\":{\"@type\":\"ImageObject\",\"inLanguage\":\"fr-FR\",\"@id\":\"https:\\\/\\\/festival-livre-jeunesse.fr\\\/2026\\\/#\\\/schema\\\/logo\\\/image\\\/\",\"url\":\"https:\\\/\\\/festival-livre-jeunesse.fr\\\/2026\\\/wp-content\\\/uploads\\\/2023\\\/10\\\/cropped-Logo-FLJ-NB.png\",\"contentUrl\":\"https:\\\/\\\/festival-livre-jeunesse.fr\\\/2026\\\/wp-content\\\/uploads\\\/2023\\\/10\\\/cropped-Logo-FLJ-NB.png\",\"width\":1209,\"height\":1191,\"caption\":\"festival livre jeunesse occitanie\"},\"image\":{\"@id\":\"https:\\\/\\\/festival-livre-jeunesse.fr\\\/2026\\\/#\\\/schema\\\/logo\\\/image\\\/\"},\"sameAs\":[\"https:\\\/\\\/www.facebook.com\\\/FestivalLivreJeunesseOccitanie\",\"https:\\\/\\\/x.com\\\/FljOccitanie\"]}]}<\/script>\n<!-- \/ Yoast SEO plugin. -->","yoast_head_json":{"title":"Atelier 2026 - Festival du Livre de Jeunesse Occitanie : 29, 30, 31 janvier 2027","robots":{"index":"index","follow":"follow","max-snippet":"max-snippet:-1","max-image-preview":"max-image-preview:large","max-video-preview":"max-video-preview:-1"},"canonical":"https:\/\/festival-livre-jeunesse.fr\/2026\/ateliers\/","og_locale":"fr_FR","og_type":"article","og_title":"Atelier 2026 - Festival du Livre de Jeunesse Occitanie : 29, 30, 31 janvier 2027","og_description":"Les Ateliers \u00ab\u00a0hors les murs\u00a0\u00bb Dans le cadre du 24e Festival du Livre de Jeunesse Occitanie de nombreux ateliers avec des illustrateurs et illustratrices ont lieu dans des m\u00e9diath\u00e8ques ou des librairies. Pensez \u00e0 r\u00e9server votre place ! Mercredi 14 janvier 2026 Les insectes, qui s&rsquo;en tamponne? avec Guillaume RuffaultMercredi 14 janvier \u00e0 15h30 &#8211; [&hellip;]","og_url":"https:\/\/festival-livre-jeunesse.fr\/2026\/ateliers\/","og_site_name":"Festival du Livre de Jeunesse Occitanie : 29, 30, 31 janvier 2027","article_publisher":"https:\/\/www.facebook.com\/FestivalLivreJeunesseOccitanie","article_modified_time":"2026-02-10T09:54:38+00:00","og_image":[{"width":342,"height":342,"url":"https:\/\/festival-livre-jeunesse.fr\/2026\/wp-content\/uploads\/2025\/11\/insectes-tampons2-GuillaumeRuffault.jpg","type":"image\/jpeg"}],"twitter_card":"summary_large_image","twitter_site":"@FljOccitanie","twitter_misc":{"Dur\u00e9e de lecture estim\u00e9e":"3 minutes"},"schema":{"@context":"https:\/\/schema.org","@graph":[{"@type":"WebPage","@id":"https:\/\/festival-livre-jeunesse.fr\/2026\/ateliers\/","url":"https:\/\/festival-livre-jeunesse.fr\/2026\/ateliers\/","name":"Atelier 2026 - Festival du Livre de Jeunesse Occitanie : 29, 30, 31 janvier 2027","isPartOf":{"@id":"https:\/\/festival-livre-jeunesse.fr\/2026\/#website"},"primaryImageOfPage":{"@id":"https:\/\/festival-livre-jeunesse.fr\/2026\/ateliers\/#primaryimage"},"image":{"@id":"https:\/\/festival-livre-jeunesse.fr\/2026\/ateliers\/#primaryimage"},"thumbnailUrl":"https:\/\/festival-livre-jeunesse.fr\/2026\/wp-content\/uploads\/2025\/11\/insectes-tampons2-GuillaumeRuffault.jpg","datePublished":"2025-11-09T18:36:48+00:00","dateModified":"2026-02-10T09:54:38+00:00","breadcrumb":{"@id":"https:\/\/festival-livre-jeunesse.fr\/2026\/ateliers\/#breadcrumb"},"inLanguage":"fr-FR","potentialAction":[{"@type":"ReadAction","target":["https:\/\/festival-livre-jeunesse.fr\/2026\/ateliers\/"]}]},{"@type":"ImageObject","inLanguage":"fr-FR","@id":"https:\/\/festival-livre-jeunesse.fr\/2026\/ateliers\/#primaryimage","url":"https:\/\/festival-livre-jeunesse.fr\/2026\/wp-content\/uploads\/2025\/11\/insectes-tampons2-GuillaumeRuffault.jpg","contentUrl":"https:\/\/festival-livre-jeunesse.fr\/2026\/wp-content\/uploads\/2025\/11\/insectes-tampons2-GuillaumeRuffault.jpg","width":342,"height":342},{"@type":"BreadcrumbList","@id":"https:\/\/festival-livre-jeunesse.fr\/2026\/ateliers\/#breadcrumb","itemListElement":[{"@type":"ListItem","position":1,"name":"Accueil","item":"https:\/\/festival-livre-jeunesse.fr\/2026\/"},{"@type":"ListItem","position":2,"name":"Atelier 2026"}]},{"@type":"WebSite","@id":"https:\/\/festival-livre-jeunesse.fr\/2026\/#website","url":"https:\/\/festival-livre-jeunesse.fr\/2026\/","name":"Festival du Livre de Jeunesse Occitanie","description":" Partir en livre : 17 juin - 19 juillet 2026","publisher":{"@id":"https:\/\/festival-livre-jeunesse.fr\/2026\/#organization"},"potentialAction":[{"@type":"SearchAction","target":{"@type":"EntryPoint","urlTemplate":"https:\/\/festival-livre-jeunesse.fr\/2026\/?s={search_term_string}"},"query-input":{"@type":"PropertyValueSpecification","valueRequired":true,"valueName":"search_term_string"}}],"inLanguage":"fr-FR"},{"@type":"Organization","@id":"https:\/\/festival-livre-jeunesse.fr\/2026\/#organization","name":"festival livre jeunesse occitanie","url":"https:\/\/festival-livre-jeunesse.fr\/2026\/","logo":{"@type":"ImageObject","inLanguage":"fr-FR","@id":"https:\/\/festival-livre-jeunesse.fr\/2026\/#\/schema\/logo\/image\/","url":"https:\/\/festival-livre-jeunesse.fr\/2026\/wp-content\/uploads\/2023\/10\/cropped-Logo-FLJ-NB.png","contentUrl":"https:\/\/festival-livre-jeunesse.fr\/2026\/wp-content\/uploads\/2023\/10\/cropped-Logo-FLJ-NB.png","width":1209,"height":1191,"caption":"festival livre jeunesse occitanie"},"image":{"@id":"https:\/\/festival-livre-jeunesse.fr\/2026\/#\/schema\/logo\/image\/"},"sameAs":["https:\/\/www.facebook.com\/FestivalLivreJeunesseOccitanie","https:\/\/x.com\/FljOccitanie"]}]}},"_links":{"self":[{"href":"https:\/\/festival-livre-jeunesse.fr\/2026\/wp-json\/wp\/v2\/pages\/22398","targetHints":{"allow":["GET"]}}],"collection":[{"href":"https:\/\/festival-livre-jeunesse.fr\/2026\/wp-json\/wp\/v2\/pages"}],"about":[{"href":"https:\/\/festival-livre-jeunesse.fr\/2026\/wp-json\/wp\/v2\/types\/page"}],"author":[{"embeddable":true,"href":"https:\/\/festival-livre-jeunesse.fr\/2026\/wp-json\/wp\/v2\/users\/2"}],"replies":[{"embeddable":true,"href":"https:\/\/festival-livre-jeunesse.fr\/2026\/wp-json\/wp\/v2\/comments?post=22398"}],"version-history":[{"count":165,"href":"https:\/\/festival-livre-jeunesse.fr\/2026\/wp-json\/wp\/v2\/pages\/22398\/revisions"}],"predecessor-version":[{"id":23893,"href":"https:\/\/festival-livre-jeunesse.fr\/2026\/wp-json\/wp\/v2\/pages\/22398\/revisions\/23893"}],"wp:attachment":[{"href":"https:\/\/festival-livre-jeunesse.fr\/2026\/wp-json\/wp\/v2\/media?parent=22398"}],"curies":[{"name":"wp","href":"https:\/\/api.w.org\/{rel}","templated":true}]}}