{"id":22670,"date":"2025-11-11T09:38:11","date_gmt":"2025-11-11T08:38:11","guid":{"rendered":"https:\/\/festival-livre-jeunesse.fr\/2026\/?page_id=22670"},"modified":"2026-01-19T14:08:24","modified_gmt":"2026-01-19T13:08:24","slug":"rencontres-dedicaces","status":"publish","type":"page","link":"https:\/\/festival-livre-jeunesse.fr\/2026\/rencontres-dedicaces\/","title":{"rendered":"Rencontres &#038; d\u00e9dicaces"},"content":{"rendered":"\t\t<div data-elementor-type=\"wp-page\" data-elementor-id=\"22670\" class=\"elementor elementor-22670\">\n\t\t\t\t\t\t<section class=\"elementor-section elementor-top-section elementor-element elementor-element-655c72d elementor-section-boxed elementor-section-height-default elementor-section-height-default\" data-id=\"655c72d\" data-element_type=\"section\" data-e-type=\"section\">\n\t\t\t\t\t\t<div class=\"elementor-container elementor-column-gap-default\">\n\t\t\t\t\t<div class=\"elementor-column elementor-col-100 elementor-top-column elementor-element elementor-element-4bb54cb\" data-id=\"4bb54cb\" data-element_type=\"column\" data-e-type=\"column\">\n\t\t\t<div class=\"elementor-widget-wrap elementor-element-populated\">\n\t\t\t\t\t\t<div class=\"elementor-element elementor-element-dd29dea elementor-widget elementor-widget-heading\" data-id=\"dd29dea\" data-element_type=\"widget\" data-e-type=\"widget\" data-widget_type=\"heading.default\">\n\t\t\t\t<div class=\"elementor-widget-container\">\n\t\t\t\t\t<h2 class=\"elementor-heading-title elementor-size-default\">Rencontres et d\u00e9dicaces<\/h2>\t\t\t\t<\/div>\n\t\t\t\t<\/div>\n\t\t\t\t\t<\/div>\n\t\t<\/div>\n\t\t\t\t\t<\/div>\n\t\t<\/section>\n\t\t\t\t<section class=\"elementor-section elementor-top-section elementor-element elementor-element-7a77a5a elementor-section-boxed elementor-section-height-default elementor-section-height-default\" data-id=\"7a77a5a\" data-element_type=\"section\" data-e-type=\"section\">\n\t\t\t\t\t\t<div class=\"elementor-container elementor-column-gap-default\">\n\t\t\t\t\t<div class=\"elementor-column elementor-col-33 elementor-top-column elementor-element elementor-element-42c44d5\" data-id=\"42c44d5\" data-element_type=\"column\" data-e-type=\"column\">\n\t\t\t<div class=\"elementor-widget-wrap elementor-element-populated\">\n\t\t\t\t\t\t<div class=\"elementor-element elementor-element-32a0683 elementor-widget elementor-widget-text-editor\" data-id=\"32a0683\" data-element_type=\"widget\" data-e-type=\"widget\" data-widget_type=\"text-editor.default\">\n\t\t\t\t<div class=\"elementor-widget-container\">\n\t\t\t\t\t\t\t\t\t<h2><b>Pour des raisons exceptionnelles la rencontre avec Rapha\u00eble Frier est annul\u00e9e<\/b><\/h2><h2><b>Rencontre avec Raph\u00eble Frier<\/b><\/h2><h2><span style=\"font-style: inherit;\">Librairie Buissonni\u00e8re<\/span><\/h2>\t\t\t\t\t\t\t\t<\/div>\n\t\t\t\t<\/div>\n\t\t\t\t<div class=\"elementor-element elementor-element-eb1b398 elementor-widget elementor-widget-image\" data-id=\"eb1b398\" data-element_type=\"widget\" data-e-type=\"widget\" data-widget_type=\"image.default\">\n\t\t\t\t<div class=\"elementor-widget-container\">\n\t\t\t\t\t\t\t\t\t\t\t\t\t\t\t<img fetchpriority=\"high\" decoding=\"async\" width=\"820\" height=\"820\" src=\"https:\/\/festival-livre-jeunesse.fr\/2026\/wp-content\/uploads\/2025\/08\/photo-portrait-raph-21-1024x1024.jpg\" class=\"attachment-large size-large wp-image-21796\" alt=\"\" srcset=\"https:\/\/festival-livre-jeunesse.fr\/2026\/wp-content\/uploads\/2025\/08\/photo-portrait-raph-21-1024x1024.jpg 1024w, https:\/\/festival-livre-jeunesse.fr\/2026\/wp-content\/uploads\/2025\/08\/photo-portrait-raph-21-300x300.jpg 300w, https:\/\/festival-livre-jeunesse.fr\/2026\/wp-content\/uploads\/2025\/08\/photo-portrait-raph-21-150x150.jpg 150w, https:\/\/festival-livre-jeunesse.fr\/2026\/wp-content\/uploads\/2025\/08\/photo-portrait-raph-21-768x768.jpg 768w, https:\/\/festival-livre-jeunesse.fr\/2026\/wp-content\/uploads\/2025\/08\/photo-portrait-raph-21-1536x1536.jpg 1536w, https:\/\/festival-livre-jeunesse.fr\/2026\/wp-content\/uploads\/2025\/08\/photo-portrait-raph-21.jpg 1841w\" sizes=\"(max-width: 820px) 100vw, 820px\" \/>\t\t\t\t\t\t\t\t\t\t\t\t\t\t\t<\/div>\n\t\t\t\t<\/div>\n\t\t\t\t<div class=\"elementor-element elementor-element-5db08ba elementor-widget elementor-widget-image\" data-id=\"5db08ba\" data-element_type=\"widget\" data-e-type=\"widget\" data-widget_type=\"image.default\">\n\t\t\t\t<div class=\"elementor-widget-container\">\n\t\t\t\t\t\t\t\t\t\t\t\t\t\t\t<img decoding=\"async\" width=\"330\" height=\"486\" src=\"https:\/\/festival-livre-jeunesse.fr\/2026\/wp-content\/uploads\/2025\/11\/1re-couv-Ti-Fol.jpg\" class=\"attachment-large size-large wp-image-22923\" alt=\"\" srcset=\"https:\/\/festival-livre-jeunesse.fr\/2026\/wp-content\/uploads\/2025\/11\/1re-couv-Ti-Fol.jpg 330w, https:\/\/festival-livre-jeunesse.fr\/2026\/wp-content\/uploads\/2025\/11\/1re-couv-Ti-Fol-204x300.jpg 204w\" sizes=\"(max-width: 330px) 100vw, 330px\" \/>\t\t\t\t\t\t\t\t\t\t\t\t\t\t\t<\/div>\n\t\t\t\t<\/div>\n\t\t\t\t\t<\/div>\n\t\t<\/div>\n\t\t\t\t<div class=\"elementor-column elementor-col-33 elementor-top-column elementor-element elementor-element-9e35e30\" data-id=\"9e35e30\" data-element_type=\"column\" data-e-type=\"column\">\n\t\t\t<div class=\"elementor-widget-wrap elementor-element-populated\">\n\t\t\t\t\t\t<div class=\"elementor-element elementor-element-536e086 elementor-widget elementor-widget-text-editor\" data-id=\"536e086\" data-element_type=\"widget\" data-e-type=\"widget\" data-widget_type=\"text-editor.default\">\n\t\t\t\t<div class=\"elementor-widget-container\">\n\t\t\t\t\t\t\t\t\t<h2><b>Rencontre avec Benjamin Chaud et Henri Meunier<\/b><\/h2><h2><u>Jeudi 22 janvier \u00e0 17h30<\/u><\/h2><h2>Librairie Tire-Lire\u00a0<span style=\"font-style: inherit;\">24 rue de la bourse 31000 Toulouse<\/span><\/h2>\t\t\t\t\t\t\t\t<\/div>\n\t\t\t\t<\/div>\n\t\t\t\t<div class=\"elementor-element elementor-element-89c8fad elementor-widget elementor-widget-image\" data-id=\"89c8fad\" data-element_type=\"widget\" data-e-type=\"widget\" data-widget_type=\"image.default\">\n\t\t\t\t<div class=\"elementor-widget-container\">\n\t\t\t\t\t\t\t\t\t\t\t\t\t\t\t<img decoding=\"async\" width=\"567\" height=\"567\" src=\"https:\/\/festival-livre-jeunesse.fr\/2026\/wp-content\/uploads\/2025\/08\/benjamin-chaud-500x500-crop-q90.jpg\" class=\"attachment-large size-large wp-image-21795\" alt=\"\" srcset=\"https:\/\/festival-livre-jeunesse.fr\/2026\/wp-content\/uploads\/2025\/08\/benjamin-chaud-500x500-crop-q90.jpg 567w, https:\/\/festival-livre-jeunesse.fr\/2026\/wp-content\/uploads\/2025\/08\/benjamin-chaud-500x500-crop-q90-300x300.jpg 300w, https:\/\/festival-livre-jeunesse.fr\/2026\/wp-content\/uploads\/2025\/08\/benjamin-chaud-500x500-crop-q90-150x150.jpg 150w\" sizes=\"(max-width: 567px) 100vw, 567px\" \/>\t\t\t\t\t\t\t\t\t\t\t\t\t\t\t<\/div>\n\t\t\t\t<\/div>\n\t\t\t\t<div class=\"elementor-element elementor-element-18e5cf7 elementor-widget__width-initial elementor-widget elementor-widget-image\" data-id=\"18e5cf7\" data-element_type=\"widget\" data-e-type=\"widget\" data-widget_type=\"image.default\">\n\t\t\t\t<div class=\"elementor-widget-container\">\n\t\t\t\t\t\t\t\t\t\t\t\t\t\t\t<img loading=\"lazy\" decoding=\"async\" width=\"688\" height=\"1024\" src=\"https:\/\/festival-livre-jeunesse.fr\/2026\/wp-content\/uploads\/2025\/08\/HenriMeunierbobinebis25-688x1024.jpg\" class=\"attachment-large size-large wp-image-21640\" alt=\"Henri Meunier\" srcset=\"https:\/\/festival-livre-jeunesse.fr\/2026\/wp-content\/uploads\/2025\/08\/HenriMeunierbobinebis25-688x1024.jpg 688w, https:\/\/festival-livre-jeunesse.fr\/2026\/wp-content\/uploads\/2025\/08\/HenriMeunierbobinebis25-202x300.jpg 202w, https:\/\/festival-livre-jeunesse.fr\/2026\/wp-content\/uploads\/2025\/08\/HenriMeunierbobinebis25-768x1142.jpg 768w, https:\/\/festival-livre-jeunesse.fr\/2026\/wp-content\/uploads\/2025\/08\/HenriMeunierbobinebis25-1033x1536.jpg 1033w, https:\/\/festival-livre-jeunesse.fr\/2026\/wp-content\/uploads\/2025\/08\/HenriMeunierbobinebis25-1377x2048.jpg 1377w, https:\/\/festival-livre-jeunesse.fr\/2026\/wp-content\/uploads\/2025\/08\/HenriMeunierbobinebis25.jpg 1692w\" sizes=\"(max-width: 688px) 100vw, 688px\" \/>\t\t\t\t\t\t\t\t\t\t\t\t\t\t\t<\/div>\n\t\t\t\t<\/div>\n\t\t\t\t\t<\/div>\n\t\t<\/div>\n\t\t\t\t<div class=\"elementor-column elementor-col-33 elementor-top-column elementor-element elementor-element-0bd4dda\" data-id=\"0bd4dda\" data-element_type=\"column\" data-e-type=\"column\">\n\t\t\t<div class=\"elementor-widget-wrap elementor-element-populated\">\n\t\t\t\t\t\t<div class=\"elementor-element elementor-element-654b6bc elementor-widget elementor-widget-text-editor\" data-id=\"654b6bc\" data-element_type=\"widget\" data-e-type=\"widget\" data-widget_type=\"text-editor.default\">\n\t\t\t\t<div class=\"elementor-widget-container\">\n\t\t\t\t\t\t\t\t\t<h2><b>Rencontre avec Ronald Curchod<\/b><\/h2><h2><u>Jeudi 22 janvier \u00e0 18h30<\/u><\/h2><h2>INSPE Site St Agne<\/h2><h2>56 avenue de l&rsquo;URSS 31400 Toulouse<\/h2>\t\t\t\t\t\t\t\t<\/div>\n\t\t\t\t<\/div>\n\t\t\t\t<div class=\"elementor-element elementor-element-a590d79 elementor-widget elementor-widget-image\" data-id=\"a590d79\" data-element_type=\"widget\" data-e-type=\"widget\" data-widget_type=\"image.default\">\n\t\t\t\t<div class=\"elementor-widget-container\">\n\t\t\t\t\t\t\t\t\t\t\t\t\t\t\t<img loading=\"lazy\" decoding=\"async\" width=\"820\" height=\"820\" src=\"https:\/\/festival-livre-jeunesse.fr\/2026\/wp-content\/uploads\/2025\/08\/autoportrait_CUR6169V1-1024x1024.jpg\" class=\"attachment-large size-large wp-image-21791\" alt=\"\" srcset=\"https:\/\/festival-livre-jeunesse.fr\/2026\/wp-content\/uploads\/2025\/08\/autoportrait_CUR6169V1-1024x1024.jpg 1024w, https:\/\/festival-livre-jeunesse.fr\/2026\/wp-content\/uploads\/2025\/08\/autoportrait_CUR6169V1-300x300.jpg 300w, https:\/\/festival-livre-jeunesse.fr\/2026\/wp-content\/uploads\/2025\/08\/autoportrait_CUR6169V1-150x150.jpg 150w, https:\/\/festival-livre-jeunesse.fr\/2026\/wp-content\/uploads\/2025\/08\/autoportrait_CUR6169V1-768x768.jpg 768w, https:\/\/festival-livre-jeunesse.fr\/2026\/wp-content\/uploads\/2025\/08\/autoportrait_CUR6169V1-1536x1536.jpg 1536w, https:\/\/festival-livre-jeunesse.fr\/2026\/wp-content\/uploads\/2025\/08\/autoportrait_CUR6169V1-2048x2048.jpg 2048w\" sizes=\"(max-width: 820px) 100vw, 820px\" \/>\t\t\t\t\t\t\t\t\t\t\t\t\t\t\t<\/div>\n\t\t\t\t<\/div>\n\t\t\t\t<div class=\"elementor-element elementor-element-5a0d253 elementor-widget__width-initial elementor-widget elementor-widget-image\" data-id=\"5a0d253\" data-element_type=\"widget\" data-e-type=\"widget\" data-widget_type=\"image.default\">\n\t\t\t\t<div class=\"elementor-widget-container\">\n\t\t\t\t\t\t\t\t\t\t\t\t\t\t\t<img loading=\"lazy\" decoding=\"async\" width=\"370\" height=\"451\" src=\"https:\/\/festival-livre-jeunesse.fr\/2026\/wp-content\/uploads\/2025\/11\/curchod9782812627668_1_75-1.jpg\" class=\"attachment-large size-large wp-image-22654\" alt=\"\" srcset=\"https:\/\/festival-livre-jeunesse.fr\/2026\/wp-content\/uploads\/2025\/11\/curchod9782812627668_1_75-1.jpg 370w, https:\/\/festival-livre-jeunesse.fr\/2026\/wp-content\/uploads\/2025\/11\/curchod9782812627668_1_75-1-246x300.jpg 246w\" sizes=\"(max-width: 370px) 100vw, 370px\" \/>\t\t\t\t\t\t\t\t\t\t\t\t\t\t\t<\/div>\n\t\t\t\t<\/div>\n\t\t\t\t\t<\/div>\n\t\t<\/div>\n\t\t\t\t\t<\/div>\n\t\t<\/section>\n\t\t\t\t<section class=\"elementor-section elementor-top-section elementor-element elementor-element-2dd4275 elementor-section-boxed elementor-section-height-default elementor-section-height-default\" data-id=\"2dd4275\" data-element_type=\"section\" data-e-type=\"section\">\n\t\t\t\t\t\t<div class=\"elementor-container elementor-column-gap-default\">\n\t\t\t\t\t<div class=\"elementor-column elementor-col-33 elementor-top-column elementor-element elementor-element-d77112c\" data-id=\"d77112c\" data-element_type=\"column\" data-e-type=\"column\">\n\t\t\t<div class=\"elementor-widget-wrap elementor-element-populated\">\n\t\t\t\t\t\t<div class=\"elementor-element elementor-element-0b82a7f elementor-widget elementor-widget-text-editor\" data-id=\"0b82a7f\" data-element_type=\"widget\" data-e-type=\"widget\" data-widget_type=\"text-editor.default\">\n\t\t\t\t<div class=\"elementor-widget-container\">\n\t\t\t\t\t\t\t\t\t<h2><b>Rencontre avec Guillaume Ruffault<\/b><\/h2><h2><u>Vendredi 23 janvier \u00e0 17h<\/u><\/h2><h2>Librairie Des livres et Vous\u00a0<\/h2><h2><span style=\"font-style: inherit;\">48, av. de Gameville, 31650 Saint-Orens\u00a0<\/span><\/h2>\t\t\t\t\t\t\t\t<\/div>\n\t\t\t\t<\/div>\n\t\t\t\t<div class=\"elementor-element elementor-element-5d22490 elementor-widget elementor-widget-image\" data-id=\"5d22490\" data-element_type=\"widget\" data-e-type=\"widget\" data-widget_type=\"image.default\">\n\t\t\t\t<div class=\"elementor-widget-container\">\n\t\t\t\t\t\t\t\t\t\t\t\t\t\t\t<img loading=\"lazy\" decoding=\"async\" width=\"820\" height=\"820\" src=\"https:\/\/festival-livre-jeunesse.fr\/2026\/wp-content\/uploads\/2025\/08\/portraitGuillaumeRuffault-1-1024x1024.jpg\" class=\"attachment-large size-large wp-image-21810\" alt=\"\" srcset=\"https:\/\/festival-livre-jeunesse.fr\/2026\/wp-content\/uploads\/2025\/08\/portraitGuillaumeRuffault-1-1024x1024.jpg 1024w, https:\/\/festival-livre-jeunesse.fr\/2026\/wp-content\/uploads\/2025\/08\/portraitGuillaumeRuffault-1-300x300.jpg 300w, https:\/\/festival-livre-jeunesse.fr\/2026\/wp-content\/uploads\/2025\/08\/portraitGuillaumeRuffault-1-150x150.jpg 150w, https:\/\/festival-livre-jeunesse.fr\/2026\/wp-content\/uploads\/2025\/08\/portraitGuillaumeRuffault-1-768x768.jpg 768w, https:\/\/festival-livre-jeunesse.fr\/2026\/wp-content\/uploads\/2025\/08\/portraitGuillaumeRuffault-1-1536x1536.jpg 1536w, https:\/\/festival-livre-jeunesse.fr\/2026\/wp-content\/uploads\/2025\/08\/portraitGuillaumeRuffault-1-2048x2048.jpg 2048w\" sizes=\"(max-width: 820px) 100vw, 820px\" \/>\t\t\t\t\t\t\t\t\t\t\t\t\t\t\t<\/div>\n\t\t\t\t<\/div>\n\t\t\t\t<div class=\"elementor-element elementor-element-40978a2 elementor-widget elementor-widget-image\" data-id=\"40978a2\" data-element_type=\"widget\" data-e-type=\"widget\" data-widget_type=\"image.default\">\n\t\t\t\t<div class=\"elementor-widget-container\">\n\t\t\t\t\t\t\t\t\t\t\t\t\t\t\t<img loading=\"lazy\" decoding=\"async\" width=\"400\" height=\"494\" src=\"https:\/\/festival-livre-jeunesse.fr\/2026\/wp-content\/uploads\/2025\/11\/ruffaultcouv.jpg\" class=\"attachment-large size-large wp-image-22672\" alt=\"\" srcset=\"https:\/\/festival-livre-jeunesse.fr\/2026\/wp-content\/uploads\/2025\/11\/ruffaultcouv.jpg 400w, https:\/\/festival-livre-jeunesse.fr\/2026\/wp-content\/uploads\/2025\/11\/ruffaultcouv-243x300.jpg 243w\" sizes=\"(max-width: 400px) 100vw, 400px\" \/>\t\t\t\t\t\t\t\t\t\t\t\t\t\t\t<\/div>\n\t\t\t\t<\/div>\n\t\t\t\t\t<\/div>\n\t\t<\/div>\n\t\t\t\t<div class=\"elementor-column elementor-col-33 elementor-top-column elementor-element elementor-element-7596405\" data-id=\"7596405\" data-element_type=\"column\" data-e-type=\"column\">\n\t\t\t<div class=\"elementor-widget-wrap elementor-element-populated\">\n\t\t\t\t\t\t<div class=\"elementor-element elementor-element-227f8ee elementor-widget elementor-widget-text-editor\" data-id=\"227f8ee\" data-element_type=\"widget\" data-e-type=\"widget\" data-widget_type=\"text-editor.default\">\n\t\t\t\t<div class=\"elementor-widget-container\">\n\t\t\t\t\t\t\t\t\t<h2><b>Rencontre-performance avec Gaya Wisniewski et St\u00e9phane Servant<\/b><\/h2><h2><u>Vendredi 23 janvier \u00e0 18h<\/u><\/h2><h2>Librairie Paysages Humains,\u00a0<\/h2><h2><span style=\"font-style: inherit;\">54 Rue du Faubourg Bonnefoy 31000 Toulouse<\/span><\/h2>\t\t\t\t\t\t\t\t<\/div>\n\t\t\t\t<\/div>\n\t\t\t\t<div class=\"elementor-element elementor-element-2938beb elementor-widget elementor-widget-image\" data-id=\"2938beb\" data-element_type=\"widget\" data-e-type=\"widget\" data-widget_type=\"image.default\">\n\t\t\t\t<div class=\"elementor-widget-container\">\n\t\t\t\t\t\t\t\t\t\t\t\t\t\t\t<img loading=\"lazy\" decoding=\"async\" width=\"290\" height=\"400\" src=\"https:\/\/festival-livre-jeunesse.fr\/2026\/wp-content\/uploads\/2025\/08\/wisniewski_gaya-1.jpg\" class=\"attachment-large size-large wp-image-21817\" alt=\"\" srcset=\"https:\/\/festival-livre-jeunesse.fr\/2026\/wp-content\/uploads\/2025\/08\/wisniewski_gaya-1.jpg 290w, https:\/\/festival-livre-jeunesse.fr\/2026\/wp-content\/uploads\/2025\/08\/wisniewski_gaya-1-218x300.jpg 218w\" sizes=\"(max-width: 290px) 100vw, 290px\" \/>\t\t\t\t\t\t\t\t\t\t\t\t\t\t\t<\/div>\n\t\t\t\t<\/div>\n\t\t\t\t<div class=\"elementor-element elementor-element-8f8ea7a elementor-widget elementor-widget-image\" data-id=\"8f8ea7a\" data-element_type=\"widget\" data-e-type=\"widget\" data-widget_type=\"image.default\">\n\t\t\t\t<div class=\"elementor-widget-container\">\n\t\t\t\t\t\t\t\t\t\t\t\t\t\t\t<img loading=\"lazy\" decoding=\"async\" width=\"370\" height=\"370\" src=\"https:\/\/festival-livre-jeunesse.fr\/2026\/wp-content\/uploads\/2025\/08\/Stephane-SERVANT-1.jpg\" class=\"attachment-large size-large wp-image-21814\" alt=\"\" srcset=\"https:\/\/festival-livre-jeunesse.fr\/2026\/wp-content\/uploads\/2025\/08\/Stephane-SERVANT-1.jpg 370w, https:\/\/festival-livre-jeunesse.fr\/2026\/wp-content\/uploads\/2025\/08\/Stephane-SERVANT-1-300x300.jpg 300w, https:\/\/festival-livre-jeunesse.fr\/2026\/wp-content\/uploads\/2025\/08\/Stephane-SERVANT-1-150x150.jpg 150w\" sizes=\"(max-width: 370px) 100vw, 370px\" \/>\t\t\t\t\t\t\t\t\t\t\t\t\t\t\t<\/div>\n\t\t\t\t<\/div>\n\t\t\t\t\t<\/div>\n\t\t<\/div>\n\t\t\t\t<div class=\"elementor-column elementor-col-33 elementor-top-column elementor-element elementor-element-4b1b9f6\" data-id=\"4b1b9f6\" data-element_type=\"column\" data-e-type=\"column\">\n\t\t\t<div class=\"elementor-widget-wrap\">\n\t\t\t\t\t\t\t<\/div>\n\t\t<\/div>\n\t\t\t\t\t<\/div>\n\t\t<\/section>\n\t\t\t\t<section class=\"elementor-section elementor-top-section elementor-element elementor-element-58662c3 elementor-section-boxed elementor-section-height-default elementor-section-height-default\" data-id=\"58662c3\" data-element_type=\"section\" data-e-type=\"section\">\n\t\t\t\t\t\t<div class=\"elementor-container elementor-column-gap-default\">\n\t\t\t\t\t<div class=\"elementor-column elementor-col-100 elementor-top-column elementor-element elementor-element-6513989\" data-id=\"6513989\" data-element_type=\"column\" data-e-type=\"column\">\n\t\t\t<div class=\"elementor-widget-wrap elementor-element-populated\">\n\t\t\t\t\t\t<div class=\"elementor-element elementor-element-2b89c1c elementor-widget elementor-widget-heading\" data-id=\"2b89c1c\" data-element_type=\"widget\" data-e-type=\"widget\" data-widget_type=\"heading.default\">\n\t\t\t\t<div class=\"elementor-widget-container\">\n\t\t\t\t\t<h2 class=\"elementor-heading-title elementor-size-default\">Les Samedi 24 et Dimanche 25 janvier sur le site du Festival du Livre de Jeunesse Occitanie au Gymnase du Lyc\u00e9e Pierre Paul Riquet, les auteurs et autrices invit\u00e9s d\u00e9dicacent leurs livres <\/h2>\t\t\t\t<\/div>\n\t\t\t\t<\/div>\n\t\t\t\t\t<\/div>\n\t\t<\/div>\n\t\t\t\t\t<\/div>\n\t\t<\/section>\n\t\t\t\t<section class=\"elementor-section elementor-top-section elementor-element elementor-element-8a13691 elementor-section-boxed elementor-section-height-default elementor-section-height-default\" data-id=\"8a13691\" data-element_type=\"section\" data-e-type=\"section\">\n\t\t\t\t\t\t<div class=\"elementor-container elementor-column-gap-default\">\n\t\t\t\t\t<div class=\"elementor-column elementor-col-100 elementor-top-column elementor-element elementor-element-7ee0b16\" data-id=\"7ee0b16\" data-element_type=\"column\" data-e-type=\"column\">\n\t\t\t<div class=\"elementor-widget-wrap elementor-element-populated\">\n\t\t\t\t\t\t<div class=\"elementor-element elementor-element-9bb43cb elementor-widget elementor-widget-image\" data-id=\"9bb43cb\" data-element_type=\"widget\" data-e-type=\"widget\" data-widget_type=\"image.default\">\n\t\t\t\t<div class=\"elementor-widget-container\">\n\t\t\t\t\t\t\t\t\t\t\t\t\t\t\t<img loading=\"lazy\" decoding=\"async\" width=\"794\" height=\"1123\" src=\"https:\/\/festival-livre-jeunesse.fr\/2026\/wp-content\/uploads\/2026\/01\/Dedicaces-Auteurs-2026_1.jpg\" class=\"attachment-full size-full wp-image-23819\" alt=\"\" srcset=\"https:\/\/festival-livre-jeunesse.fr\/2026\/wp-content\/uploads\/2026\/01\/Dedicaces-Auteurs-2026_1.jpg 794w, https:\/\/festival-livre-jeunesse.fr\/2026\/wp-content\/uploads\/2026\/01\/Dedicaces-Auteurs-2026_1-212x300.jpg 212w, https:\/\/festival-livre-jeunesse.fr\/2026\/wp-content\/uploads\/2026\/01\/Dedicaces-Auteurs-2026_1-724x1024.jpg 724w, https:\/\/festival-livre-jeunesse.fr\/2026\/wp-content\/uploads\/2026\/01\/Dedicaces-Auteurs-2026_1-768x1086.jpg 768w\" sizes=\"(max-width: 794px) 100vw, 794px\" \/>\t\t\t\t\t\t\t\t\t\t\t\t\t\t\t<\/div>\n\t\t\t\t<\/div>\n\t\t\t\t\t<\/div>\n\t\t<\/div>\n\t\t\t\t\t<\/div>\n\t\t<\/section>\n\t\t\t\t<section class=\"elementor-section elementor-top-section elementor-element elementor-element-d985919 elementor-section-boxed elementor-section-height-default elementor-section-height-default\" data-id=\"d985919\" data-element_type=\"section\" data-e-type=\"section\">\n\t\t\t\t\t\t<div class=\"elementor-container elementor-column-gap-default\">\n\t\t\t\t\t<div class=\"elementor-column elementor-col-100 elementor-top-column elementor-element elementor-element-06ea048\" data-id=\"06ea048\" data-element_type=\"column\" data-e-type=\"column\">\n\t\t\t<div class=\"elementor-widget-wrap elementor-element-populated\">\n\t\t\t\t\t\t<div class=\"elementor-element elementor-element-478b187 elementor-widget elementor-widget-image\" data-id=\"478b187\" data-element_type=\"widget\" data-e-type=\"widget\" data-widget_type=\"image.default\">\n\t\t\t\t<div class=\"elementor-widget-container\">\n\t\t\t\t\t\t\t\t\t\t\t\t\t\t\t<img loading=\"lazy\" decoding=\"async\" width=\"724\" height=\"1024\" src=\"https:\/\/festival-livre-jeunesse.fr\/2026\/wp-content\/uploads\/2026\/01\/Dedicaces-Auteurs-2026_2-724x1024.jpg\" class=\"attachment-large size-large wp-image-23820\" alt=\"\" srcset=\"https:\/\/festival-livre-jeunesse.fr\/2026\/wp-content\/uploads\/2026\/01\/Dedicaces-Auteurs-2026_2-724x1024.jpg 724w, https:\/\/festival-livre-jeunesse.fr\/2026\/wp-content\/uploads\/2026\/01\/Dedicaces-Auteurs-2026_2-212x300.jpg 212w, https:\/\/festival-livre-jeunesse.fr\/2026\/wp-content\/uploads\/2026\/01\/Dedicaces-Auteurs-2026_2-768x1086.jpg 768w, https:\/\/festival-livre-jeunesse.fr\/2026\/wp-content\/uploads\/2026\/01\/Dedicaces-Auteurs-2026_2.jpg 794w\" sizes=\"(max-width: 724px) 100vw, 724px\" \/>\t\t\t\t\t\t\t\t\t\t\t\t\t\t\t<\/div>\n\t\t\t\t<\/div>\n\t\t\t\t\t<\/div>\n\t\t<\/div>\n\t\t\t\t\t<\/div>\n\t\t<\/section>\n\t\t\t\t<section class=\"elementor-section elementor-top-section elementor-element elementor-element-1bb672b elementor-section-boxed elementor-section-height-default elementor-section-height-default\" data-id=\"1bb672b\" data-element_type=\"section\" data-e-type=\"section\">\n\t\t\t\t\t\t<div class=\"elementor-container elementor-column-gap-default\">\n\t\t\t\t\t<div class=\"elementor-column elementor-col-100 elementor-top-column elementor-element elementor-element-9501106\" data-id=\"9501106\" data-element_type=\"column\" data-e-type=\"column\">\n\t\t\t<div class=\"elementor-widget-wrap elementor-element-populated\">\n\t\t\t\t\t\t<div class=\"elementor-element elementor-element-bef8910 elementor-widget elementor-widget-image\" data-id=\"bef8910\" data-element_type=\"widget\" data-e-type=\"widget\" data-widget_type=\"image.default\">\n\t\t\t\t<div class=\"elementor-widget-container\">\n\t\t\t\t\t\t\t\t\t\t\t\t\t\t\t<img loading=\"lazy\" decoding=\"async\" width=\"724\" height=\"1024\" src=\"https:\/\/festival-livre-jeunesse.fr\/2026\/wp-content\/uploads\/2026\/01\/Dedicaces-Auteurs-2026_3-724x1024.jpg\" class=\"attachment-large size-large wp-image-23821\" alt=\"\" srcset=\"https:\/\/festival-livre-jeunesse.fr\/2026\/wp-content\/uploads\/2026\/01\/Dedicaces-Auteurs-2026_3-724x1024.jpg 724w, https:\/\/festival-livre-jeunesse.fr\/2026\/wp-content\/uploads\/2026\/01\/Dedicaces-Auteurs-2026_3-212x300.jpg 212w, https:\/\/festival-livre-jeunesse.fr\/2026\/wp-content\/uploads\/2026\/01\/Dedicaces-Auteurs-2026_3-768x1086.jpg 768w, https:\/\/festival-livre-jeunesse.fr\/2026\/wp-content\/uploads\/2026\/01\/Dedicaces-Auteurs-2026_3.jpg 794w\" sizes=\"(max-width: 724px) 100vw, 724px\" \/>\t\t\t\t\t\t\t\t\t\t\t\t\t\t\t<\/div>\n\t\t\t\t<\/div>\n\t\t\t\t\t<\/div>\n\t\t<\/div>\n\t\t\t\t\t<\/div>\n\t\t<\/section>\n\t\t\t\t<\/div>\n\t\t","protected":false},"excerpt":{"rendered":"<p>Rencontres et d\u00e9dicaces Pour des raisons exceptionnelles la rencontre avec Rapha\u00eble Frier est annul\u00e9e Rencontre avec Raph\u00eble Frier Librairie Buissonni\u00e8re Rencontre avec Benjamin Chaud et Henri Meunier Jeudi 22 janvier \u00e0 17h30 Librairie Tire-Lire\u00a024 rue de la bourse 31000 Toulouse Rencontre avec Ronald Curchod Jeudi 22 janvier \u00e0 18h30 INSPE Site St Agne 56 avenue [&hellip;]<\/p>\n","protected":false},"author":2,"featured_media":0,"parent":0,"menu_order":0,"comment_status":"closed","ping_status":"closed","template":"","meta":{"site-sidebar-layout":"no-sidebar","site-content-layout":"page-builder","ast-site-content-layout":"full-width-container","site-content-style":"default","site-sidebar-style":"default","ast-global-header-display":"","ast-banner-title-visibility":"","ast-main-header-display":"","ast-hfb-above-header-display":"","ast-hfb-below-header-display":"","ast-hfb-mobile-header-display":"","site-post-title":"disabled","ast-breadcrumbs-content":"","ast-featured-img":"disabled","footer-sml-layout":"","theme-transparent-header-meta":"","adv-header-id-meta":"","stick-header-meta":"","header-above-stick-meta":"","header-main-stick-meta":"","header-below-stick-meta":"","astra-migrate-meta-layouts":"default","ast-page-background-enabled":"default","ast-page-background-meta":{"desktop":{"background-color":"","background-image":"","background-repeat":"repeat","background-position":"center center","background-size":"auto","background-attachment":"scroll","background-type":"","background-media":"","overlay-type":"","overlay-color":"","overlay-opacity":"","overlay-gradient":""},"tablet":{"background-color":"","background-image":"","background-repeat":"repeat","background-position":"center center","background-size":"auto","background-attachment":"scroll","background-type":"","background-media":"","overlay-type":"","overlay-color":"","overlay-opacity":"","overlay-gradient":""},"mobile":{"background-color":"","background-image":"","background-repeat":"repeat","background-position":"center center","background-size":"auto","background-attachment":"scroll","background-type":"","background-media":"","overlay-type":"","overlay-color":"","overlay-opacity":"","overlay-gradient":""}},"ast-content-background-meta":{"desktop":{"background-color":"var(--ast-global-color-5)","background-image":"","background-repeat":"repeat","background-position":"center center","background-size":"auto","background-attachment":"scroll","background-type":"","background-media":"","overlay-type":"","overlay-color":"","overlay-opacity":"","overlay-gradient":""},"tablet":{"background-color":"var(--ast-global-color-5)","background-image":"","background-repeat":"repeat","background-position":"center center","background-size":"auto","background-attachment":"scroll","background-type":"","background-media":"","overlay-type":"","overlay-color":"","overlay-opacity":"","overlay-gradient":""},"mobile":{"background-color":"var(--ast-global-color-5)","background-image":"","background-repeat":"repeat","background-position":"center center","background-size":"auto","background-attachment":"scroll","background-type":"","background-media":"","overlay-type":"","overlay-color":"","overlay-opacity":"","overlay-gradient":""}},"footnotes":""},"class_list":["post-22670","page","type-page","status-publish","hentry"],"yoast_head":"<!-- This site is optimized with the Yoast SEO plugin v27.3 - https:\/\/yoast.com\/product\/yoast-seo-wordpress\/ -->\n<title>Rencontres &#038; d\u00e9dicaces - Festival du Livre de Jeunesse Occitanie : 29, 30, 31 janvier 2027<\/title>\n<meta name=\"robots\" content=\"index, follow, max-snippet:-1, max-image-preview:large, max-video-preview:-1\" \/>\n<link rel=\"canonical\" href=\"https:\/\/festival-livre-jeunesse.fr\/2026\/rencontres-dedicaces\/\" \/>\n<meta property=\"og:locale\" content=\"fr_FR\" \/>\n<meta property=\"og:type\" content=\"article\" \/>\n<meta property=\"og:title\" content=\"Rencontres &#038; d\u00e9dicaces - Festival du Livre de Jeunesse Occitanie : 29, 30, 31 janvier 2027\" \/>\n<meta property=\"og:description\" content=\"Rencontres et d\u00e9dicaces Pour des raisons exceptionnelles la rencontre avec Rapha\u00eble Frier est annul\u00e9e Rencontre avec Raph\u00eble Frier Librairie Buissonni\u00e8re Rencontre avec Benjamin Chaud et Henri Meunier Jeudi 22 janvier \u00e0 17h30 Librairie Tire-Lire\u00a024 rue de la bourse 31000 Toulouse Rencontre avec Ronald Curchod Jeudi 22 janvier \u00e0 18h30 INSPE Site St Agne 56 avenue [&hellip;]\" \/>\n<meta property=\"og:url\" content=\"https:\/\/festival-livre-jeunesse.fr\/2026\/rencontres-dedicaces\/\" \/>\n<meta property=\"og:site_name\" content=\"Festival du Livre de Jeunesse Occitanie : 29, 30, 31 janvier 2027\" \/>\n<meta property=\"article:publisher\" content=\"https:\/\/www.facebook.com\/FestivalLivreJeunesseOccitanie\" \/>\n<meta property=\"article:modified_time\" content=\"2026-01-19T13:08:24+00:00\" \/>\n<meta property=\"og:image\" content=\"https:\/\/festival-livre-jeunesse.fr\/2026\/wp-content\/uploads\/2025\/08\/photo-portrait-raph-21.jpg\" \/>\n\t<meta property=\"og:image:width\" content=\"1841\" \/>\n\t<meta property=\"og:image:height\" content=\"1841\" \/>\n\t<meta property=\"og:image:type\" content=\"image\/jpeg\" \/>\n<meta name=\"twitter:card\" content=\"summary_large_image\" \/>\n<meta name=\"twitter:site\" content=\"@FljOccitanie\" \/>\n<meta name=\"twitter:label1\" content=\"Dur\u00e9e de lecture estim\u00e9e\" \/>\n\t<meta name=\"twitter:data1\" content=\"1 minute\" \/>\n<script type=\"application\/ld+json\" class=\"yoast-schema-graph\">{\"@context\":\"https:\\\/\\\/schema.org\",\"@graph\":[{\"@type\":\"WebPage\",\"@id\":\"https:\\\/\\\/festival-livre-jeunesse.fr\\\/2026\\\/rencontres-dedicaces\\\/\",\"url\":\"https:\\\/\\\/festival-livre-jeunesse.fr\\\/2026\\\/rencontres-dedicaces\\\/\",\"name\":\"Rencontres &#038; d\u00e9dicaces - Festival du Livre de Jeunesse Occitanie : 29, 30, 31 janvier 2027\",\"isPartOf\":{\"@id\":\"https:\\\/\\\/festival-livre-jeunesse.fr\\\/2026\\\/#website\"},\"primaryImageOfPage\":{\"@id\":\"https:\\\/\\\/festival-livre-jeunesse.fr\\\/2026\\\/rencontres-dedicaces\\\/#primaryimage\"},\"image\":{\"@id\":\"https:\\\/\\\/festival-livre-jeunesse.fr\\\/2026\\\/rencontres-dedicaces\\\/#primaryimage\"},\"thumbnailUrl\":\"https:\\\/\\\/festival-livre-jeunesse.fr\\\/2026\\\/wp-content\\\/uploads\\\/2025\\\/08\\\/photo-portrait-raph-21-1024x1024.jpg\",\"datePublished\":\"2025-11-11T08:38:11+00:00\",\"dateModified\":\"2026-01-19T13:08:24+00:00\",\"breadcrumb\":{\"@id\":\"https:\\\/\\\/festival-livre-jeunesse.fr\\\/2026\\\/rencontres-dedicaces\\\/#breadcrumb\"},\"inLanguage\":\"fr-FR\",\"potentialAction\":[{\"@type\":\"ReadAction\",\"target\":[\"https:\\\/\\\/festival-livre-jeunesse.fr\\\/2026\\\/rencontres-dedicaces\\\/\"]}]},{\"@type\":\"ImageObject\",\"inLanguage\":\"fr-FR\",\"@id\":\"https:\\\/\\\/festival-livre-jeunesse.fr\\\/2026\\\/rencontres-dedicaces\\\/#primaryimage\",\"url\":\"https:\\\/\\\/festival-livre-jeunesse.fr\\\/2026\\\/wp-content\\\/uploads\\\/2025\\\/08\\\/photo-portrait-raph-21.jpg\",\"contentUrl\":\"https:\\\/\\\/festival-livre-jeunesse.fr\\\/2026\\\/wp-content\\\/uploads\\\/2025\\\/08\\\/photo-portrait-raph-21.jpg\",\"width\":1841,\"height\":1841},{\"@type\":\"BreadcrumbList\",\"@id\":\"https:\\\/\\\/festival-livre-jeunesse.fr\\\/2026\\\/rencontres-dedicaces\\\/#breadcrumb\",\"itemListElement\":[{\"@type\":\"ListItem\",\"position\":1,\"name\":\"Accueil\",\"item\":\"https:\\\/\\\/festival-livre-jeunesse.fr\\\/2026\\\/\"},{\"@type\":\"ListItem\",\"position\":2,\"name\":\"Rencontres &#038; d\u00e9dicaces\"}]},{\"@type\":\"WebSite\",\"@id\":\"https:\\\/\\\/festival-livre-jeunesse.fr\\\/2026\\\/#website\",\"url\":\"https:\\\/\\\/festival-livre-jeunesse.fr\\\/2026\\\/\",\"name\":\"Festival du Livre de Jeunesse Occitanie\",\"description\":\" Partir en livre : 17 juin - 19 juillet 2026\",\"publisher\":{\"@id\":\"https:\\\/\\\/festival-livre-jeunesse.fr\\\/2026\\\/#organization\"},\"potentialAction\":[{\"@type\":\"SearchAction\",\"target\":{\"@type\":\"EntryPoint\",\"urlTemplate\":\"https:\\\/\\\/festival-livre-jeunesse.fr\\\/2026\\\/?s={search_term_string}\"},\"query-input\":{\"@type\":\"PropertyValueSpecification\",\"valueRequired\":true,\"valueName\":\"search_term_string\"}}],\"inLanguage\":\"fr-FR\"},{\"@type\":\"Organization\",\"@id\":\"https:\\\/\\\/festival-livre-jeunesse.fr\\\/2026\\\/#organization\",\"name\":\"festival livre jeunesse occitanie\",\"url\":\"https:\\\/\\\/festival-livre-jeunesse.fr\\\/2026\\\/\",\"logo\":{\"@type\":\"ImageObject\",\"inLanguage\":\"fr-FR\",\"@id\":\"https:\\\/\\\/festival-livre-jeunesse.fr\\\/2026\\\/#\\\/schema\\\/logo\\\/image\\\/\",\"url\":\"https:\\\/\\\/festival-livre-jeunesse.fr\\\/2026\\\/wp-content\\\/uploads\\\/2023\\\/10\\\/cropped-Logo-FLJ-NB.png\",\"contentUrl\":\"https:\\\/\\\/festival-livre-jeunesse.fr\\\/2026\\\/wp-content\\\/uploads\\\/2023\\\/10\\\/cropped-Logo-FLJ-NB.png\",\"width\":1209,\"height\":1191,\"caption\":\"festival livre jeunesse occitanie\"},\"image\":{\"@id\":\"https:\\\/\\\/festival-livre-jeunesse.fr\\\/2026\\\/#\\\/schema\\\/logo\\\/image\\\/\"},\"sameAs\":[\"https:\\\/\\\/www.facebook.com\\\/FestivalLivreJeunesseOccitanie\",\"https:\\\/\\\/x.com\\\/FljOccitanie\"]}]}<\/script>\n<!-- \/ Yoast SEO plugin. -->","yoast_head_json":{"title":"Rencontres &#038; d\u00e9dicaces - Festival du Livre de Jeunesse Occitanie : 29, 30, 31 janvier 2027","robots":{"index":"index","follow":"follow","max-snippet":"max-snippet:-1","max-image-preview":"max-image-preview:large","max-video-preview":"max-video-preview:-1"},"canonical":"https:\/\/festival-livre-jeunesse.fr\/2026\/rencontres-dedicaces\/","og_locale":"fr_FR","og_type":"article","og_title":"Rencontres &#038; d\u00e9dicaces - Festival du Livre de Jeunesse Occitanie : 29, 30, 31 janvier 2027","og_description":"Rencontres et d\u00e9dicaces Pour des raisons exceptionnelles la rencontre avec Rapha\u00eble Frier est annul\u00e9e Rencontre avec Raph\u00eble Frier Librairie Buissonni\u00e8re Rencontre avec Benjamin Chaud et Henri Meunier Jeudi 22 janvier \u00e0 17h30 Librairie Tire-Lire\u00a024 rue de la bourse 31000 Toulouse Rencontre avec Ronald Curchod Jeudi 22 janvier \u00e0 18h30 INSPE Site St Agne 56 avenue [&hellip;]","og_url":"https:\/\/festival-livre-jeunesse.fr\/2026\/rencontres-dedicaces\/","og_site_name":"Festival du Livre de Jeunesse Occitanie : 29, 30, 31 janvier 2027","article_publisher":"https:\/\/www.facebook.com\/FestivalLivreJeunesseOccitanie","article_modified_time":"2026-01-19T13:08:24+00:00","og_image":[{"width":1841,"height":1841,"url":"https:\/\/festival-livre-jeunesse.fr\/2026\/wp-content\/uploads\/2025\/08\/photo-portrait-raph-21.jpg","type":"image\/jpeg"}],"twitter_card":"summary_large_image","twitter_site":"@FljOccitanie","twitter_misc":{"Dur\u00e9e de lecture estim\u00e9e":"1 minute"},"schema":{"@context":"https:\/\/schema.org","@graph":[{"@type":"WebPage","@id":"https:\/\/festival-livre-jeunesse.fr\/2026\/rencontres-dedicaces\/","url":"https:\/\/festival-livre-jeunesse.fr\/2026\/rencontres-dedicaces\/","name":"Rencontres &#038; d\u00e9dicaces - Festival du Livre de Jeunesse Occitanie : 29, 30, 31 janvier 2027","isPartOf":{"@id":"https:\/\/festival-livre-jeunesse.fr\/2026\/#website"},"primaryImageOfPage":{"@id":"https:\/\/festival-livre-jeunesse.fr\/2026\/rencontres-dedicaces\/#primaryimage"},"image":{"@id":"https:\/\/festival-livre-jeunesse.fr\/2026\/rencontres-dedicaces\/#primaryimage"},"thumbnailUrl":"https:\/\/festival-livre-jeunesse.fr\/2026\/wp-content\/uploads\/2025\/08\/photo-portrait-raph-21-1024x1024.jpg","datePublished":"2025-11-11T08:38:11+00:00","dateModified":"2026-01-19T13:08:24+00:00","breadcrumb":{"@id":"https:\/\/festival-livre-jeunesse.fr\/2026\/rencontres-dedicaces\/#breadcrumb"},"inLanguage":"fr-FR","potentialAction":[{"@type":"ReadAction","target":["https:\/\/festival-livre-jeunesse.fr\/2026\/rencontres-dedicaces\/"]}]},{"@type":"ImageObject","inLanguage":"fr-FR","@id":"https:\/\/festival-livre-jeunesse.fr\/2026\/rencontres-dedicaces\/#primaryimage","url":"https:\/\/festival-livre-jeunesse.fr\/2026\/wp-content\/uploads\/2025\/08\/photo-portrait-raph-21.jpg","contentUrl":"https:\/\/festival-livre-jeunesse.fr\/2026\/wp-content\/uploads\/2025\/08\/photo-portrait-raph-21.jpg","width":1841,"height":1841},{"@type":"BreadcrumbList","@id":"https:\/\/festival-livre-jeunesse.fr\/2026\/rencontres-dedicaces\/#breadcrumb","itemListElement":[{"@type":"ListItem","position":1,"name":"Accueil","item":"https:\/\/festival-livre-jeunesse.fr\/2026\/"},{"@type":"ListItem","position":2,"name":"Rencontres &#038; d\u00e9dicaces"}]},{"@type":"WebSite","@id":"https:\/\/festival-livre-jeunesse.fr\/2026\/#website","url":"https:\/\/festival-livre-jeunesse.fr\/2026\/","name":"Festival du Livre de Jeunesse Occitanie","description":" Partir en livre : 17 juin - 19 juillet 2026","publisher":{"@id":"https:\/\/festival-livre-jeunesse.fr\/2026\/#organization"},"potentialAction":[{"@type":"SearchAction","target":{"@type":"EntryPoint","urlTemplate":"https:\/\/festival-livre-jeunesse.fr\/2026\/?s={search_term_string}"},"query-input":{"@type":"PropertyValueSpecification","valueRequired":true,"valueName":"search_term_string"}}],"inLanguage":"fr-FR"},{"@type":"Organization","@id":"https:\/\/festival-livre-jeunesse.fr\/2026\/#organization","name":"festival livre jeunesse occitanie","url":"https:\/\/festival-livre-jeunesse.fr\/2026\/","logo":{"@type":"ImageObject","inLanguage":"fr-FR","@id":"https:\/\/festival-livre-jeunesse.fr\/2026\/#\/schema\/logo\/image\/","url":"https:\/\/festival-livre-jeunesse.fr\/2026\/wp-content\/uploads\/2023\/10\/cropped-Logo-FLJ-NB.png","contentUrl":"https:\/\/festival-livre-jeunesse.fr\/2026\/wp-content\/uploads\/2023\/10\/cropped-Logo-FLJ-NB.png","width":1209,"height":1191,"caption":"festival livre jeunesse occitanie"},"image":{"@id":"https:\/\/festival-livre-jeunesse.fr\/2026\/#\/schema\/logo\/image\/"},"sameAs":["https:\/\/www.facebook.com\/FestivalLivreJeunesseOccitanie","https:\/\/x.com\/FljOccitanie"]}]}},"_links":{"self":[{"href":"https:\/\/festival-livre-jeunesse.fr\/2026\/wp-json\/wp\/v2\/pages\/22670","targetHints":{"allow":["GET"]}}],"collection":[{"href":"https:\/\/festival-livre-jeunesse.fr\/2026\/wp-json\/wp\/v2\/pages"}],"about":[{"href":"https:\/\/festival-livre-jeunesse.fr\/2026\/wp-json\/wp\/v2\/types\/page"}],"author":[{"embeddable":true,"href":"https:\/\/festival-livre-jeunesse.fr\/2026\/wp-json\/wp\/v2\/users\/2"}],"replies":[{"embeddable":true,"href":"https:\/\/festival-livre-jeunesse.fr\/2026\/wp-json\/wp\/v2\/comments?post=22670"}],"version-history":[{"count":32,"href":"https:\/\/festival-livre-jeunesse.fr\/2026\/wp-json\/wp\/v2\/pages\/22670\/revisions"}],"predecessor-version":[{"id":23828,"href":"https:\/\/festival-livre-jeunesse.fr\/2026\/wp-json\/wp\/v2\/pages\/22670\/revisions\/23828"}],"wp:attachment":[{"href":"https:\/\/festival-livre-jeunesse.fr\/2026\/wp-json\/wp\/v2\/media?parent=22670"}],"curies":[{"name":"wp","href":"https:\/\/api.w.org\/{rel}","templated":true}]}}