{"id":22895,"date":"2025-11-13T15:42:10","date_gmt":"2025-11-13T14:42:10","guid":{"rendered":"https:\/\/festival-livre-jeunesse.fr\/2026\/?page_id=22895"},"modified":"2026-02-10T16:26:18","modified_gmt":"2026-02-10T15:26:18","slug":"prix2026","status":"publish","type":"page","link":"https:\/\/festival-livre-jeunesse.fr\/2026\/prix2026\/","title":{"rendered":"Prix 2026"},"content":{"rendered":"\t\t<div data-elementor-type=\"wp-page\" data-elementor-id=\"22895\" class=\"elementor elementor-22895\">\n\t\t\t\t\t\t<section class=\"elementor-section elementor-top-section elementor-element elementor-element-62759bd elementor-section-boxed elementor-section-height-default elementor-section-height-default\" data-id=\"62759bd\" data-element_type=\"section\" data-e-type=\"section\">\n\t\t\t\t\t\t<div class=\"elementor-container elementor-column-gap-default\">\n\t\t\t\t\t<div class=\"elementor-column elementor-col-100 elementor-top-column elementor-element elementor-element-4e6dad7\" data-id=\"4e6dad7\" data-element_type=\"column\" data-e-type=\"column\">\n\t\t\t<div class=\"elementor-widget-wrap elementor-element-populated\">\n\t\t\t\t\t\t<div class=\"elementor-element elementor-element-a7a380d elementor-widget elementor-widget-heading\" data-id=\"a7a380d\" data-element_type=\"widget\" data-e-type=\"widget\" data-widget_type=\"heading.default\">\n\t\t\t\t<div class=\"elementor-widget-container\">\n\t\t\t\t\t<h2 class=\"elementor-heading-title elementor-size-default\"><b>Les Prix Litt\u00e9rraires<\/b><\/h2>\t\t\t\t<\/div>\n\t\t\t\t<\/div>\n\t\t\t\t<div class=\"elementor-element elementor-element-27ee0cc elementor-widget elementor-widget-heading\" data-id=\"27ee0cc\" data-element_type=\"widget\" data-e-type=\"widget\" data-widget_type=\"heading.default\">\n\t\t\t\t<div class=\"elementor-widget-container\">\n\t\t\t\t\t<h1 class=\"elementor-heading-title elementor-size-default\">Les Laur\u00e9at\u00b7es des Prix du Festival 2026<\/h1>\t\t\t\t<\/div>\n\t\t\t\t<\/div>\n\t\t\t\t<div class=\"elementor-element elementor-element-4ac6811 elementor-widget elementor-widget-text-editor\" data-id=\"4ac6811\" data-element_type=\"widget\" data-e-type=\"widget\" data-widget_type=\"text-editor.default\">\n\t\t\t\t<div class=\"elementor-widget-container\">\n\t\t\t\t\t\t\t\t\t<h5>Les remises des prix se sont d\u00e9roul\u00e9es le samedi 24 janvier \u00e0 17h30 pour le prix des ados et le dimanche 25 janvier \u00e0 11h30 pour le prix des enfants.<\/h5>\t\t\t\t\t\t\t\t<\/div>\n\t\t\t\t<\/div>\n\t\t\t\t<section class=\"elementor-section elementor-inner-section elementor-element elementor-element-6a5165f elementor-section-boxed elementor-section-height-default elementor-section-height-default\" data-id=\"6a5165f\" data-element_type=\"section\" data-e-type=\"section\">\n\t\t\t\t\t\t<div class=\"elementor-container elementor-column-gap-default\">\n\t\t\t\t\t<div class=\"elementor-column elementor-col-50 elementor-inner-column elementor-element elementor-element-ca70b5f\" data-id=\"ca70b5f\" data-element_type=\"column\" data-e-type=\"column\">\n\t\t\t<div class=\"elementor-widget-wrap elementor-element-populated\">\n\t\t\t\t\t\t<div class=\"elementor-element elementor-element-1750e74 elementor-widget elementor-widget-heading\" data-id=\"1750e74\" data-element_type=\"widget\" data-e-type=\"widget\" data-widget_type=\"heading.default\">\n\t\t\t\t<div class=\"elementor-widget-container\">\n\t\t\t\t\t<h2 class=\"elementor-heading-title elementor-size-default\">Prix des Ados<\/h2>\t\t\t\t<\/div>\n\t\t\t\t<\/div>\n\t\t\t\t<div class=\"elementor-element elementor-element-8de0a0d elementor-widget__width-initial elementor-widget elementor-widget-image\" data-id=\"8de0a0d\" data-element_type=\"widget\" data-e-type=\"widget\" data-widget_type=\"image.default\">\n\t\t\t\t<div class=\"elementor-widget-container\">\n\t\t\t\t\t\t\t\t\t\t\t\t\t\t\t<img fetchpriority=\"high\" decoding=\"async\" width=\"210\" height=\"300\" src=\"https:\/\/festival-livre-jeunesse.fr\/2026\/wp-content\/uploads\/2025\/11\/1re-couv-Mori-e1763044956525-210x300.png\" class=\"attachment-medium size-medium wp-image-22922\" alt=\"\" srcset=\"https:\/\/festival-livre-jeunesse.fr\/2026\/wp-content\/uploads\/2025\/11\/1re-couv-Mori-e1763044956525-210x300.png 210w, https:\/\/festival-livre-jeunesse.fr\/2026\/wp-content\/uploads\/2025\/11\/1re-couv-Mori-e1763044956525.png 344w\" sizes=\"(max-width: 210px) 100vw, 210px\" \/>\t\t\t\t\t\t\t\t\t\t\t\t\t\t\t<\/div>\n\t\t\t\t<\/div>\n\t\t\t\t<div class=\"elementor-element elementor-element-4190a1f elementor-widget__width-initial elementor-widget elementor-widget-text-editor\" data-id=\"4190a1f\" data-element_type=\"widget\" data-e-type=\"widget\" data-widget_type=\"text-editor.default\">\n\t\t\t\t<div class=\"elementor-widget-container\">\n\t\t\t\t\t\t\t\t\t<h2>Le prix des ados a \u00e9t\u00e9 remis \u00e0 Marie Colot pour son livre\u00a0<i style=\"white-space-collapse: preserve;\">Mori &#8211; Graines de g\u00e9ants dans les for\u00eats urbaines d&rsquo;Akira Miyawaki <\/i><span style=\"white-space-collapse: preserve;\">aux <\/span><span style=\"white-space-collapse: preserve;\">\u00c9ditions CotCotCot.<\/span><\/h2>\t\t\t\t\t\t\t\t<\/div>\n\t\t\t\t<\/div>\n\t\t\t\t\t<\/div>\n\t\t<\/div>\n\t\t\t\t<div class=\"elementor-column elementor-col-50 elementor-inner-column elementor-element elementor-element-0b8cbc0\" data-id=\"0b8cbc0\" data-element_type=\"column\" data-e-type=\"column\">\n\t\t\t<div class=\"elementor-widget-wrap elementor-element-populated\">\n\t\t\t\t\t\t<div class=\"elementor-element elementor-element-34f287b elementor-widget elementor-widget-heading\" data-id=\"34f287b\" data-element_type=\"widget\" data-e-type=\"widget\" data-widget_type=\"heading.default\">\n\t\t\t\t<div class=\"elementor-widget-container\">\n\t\t\t\t\t<h2 class=\"elementor-heading-title elementor-size-default\">Prix des Enfants<\/h2>\t\t\t\t<\/div>\n\t\t\t\t<\/div>\n\t\t\t\t<div class=\"elementor-element elementor-element-645c5b0 elementor-widget__width-initial elementor-widget elementor-widget-image\" data-id=\"645c5b0\" data-element_type=\"widget\" data-e-type=\"widget\" data-widget_type=\"image.default\">\n\t\t\t\t<div class=\"elementor-widget-container\">\n\t\t\t\t\t\t\t\t\t\t\t\t\t\t\t<img decoding=\"async\" width=\"215\" height=\"300\" src=\"https:\/\/festival-livre-jeunesse.fr\/2026\/wp-content\/uploads\/2025\/11\/1re-couvert-Esprits-denfance-215x300.jpg\" class=\"attachment-medium size-medium wp-image-22912\" alt=\"\" srcset=\"https:\/\/festival-livre-jeunesse.fr\/2026\/wp-content\/uploads\/2025\/11\/1re-couvert-Esprits-denfance-215x300.jpg 215w, https:\/\/festival-livre-jeunesse.fr\/2026\/wp-content\/uploads\/2025\/11\/1re-couvert-Esprits-denfance.jpg 600w\" sizes=\"(max-width: 215px) 100vw, 215px\" \/>\t\t\t\t\t\t\t\t\t\t\t\t\t\t\t<\/div>\n\t\t\t\t<\/div>\n\t\t\t\t<div class=\"elementor-element elementor-element-016d855 elementor-widget__width-initial elementor-widget elementor-widget-text-editor\" data-id=\"016d855\" data-element_type=\"widget\" data-e-type=\"widget\" data-widget_type=\"text-editor.default\">\n\t\t\t\t<div class=\"elementor-widget-container\">\n\t\t\t\t\t\t\t\t\t<h2>Le prix des enfants a \u00e9t\u00e9 remis \u00e0 St\u00e9phane Servant et Gaya Wisniewski pour leur livre&nbsp;<i style=\"white-space-collapse: preserve;\">Esprits d&rsquo;enfance <\/i><span style=\"white-space-collapse: preserve;\">aux <\/span><span style=\"white-space-collapse: preserve;\">\u00c9ditions du Rouergue.<\/span><\/h2>\t\t\t\t\t\t\t\t<\/div>\n\t\t\t\t<\/div>\n\t\t\t\t\t<\/div>\n\t\t<\/div>\n\t\t\t\t\t<\/div>\n\t\t<\/section>\n\t\t\t\t<div class=\"elementor-element elementor-element-b6ae808 elementor-widget-divider--view-line elementor-widget elementor-widget-divider\" data-id=\"b6ae808\" data-element_type=\"widget\" data-e-type=\"widget\" data-widget_type=\"divider.default\">\n\t\t\t\t<div class=\"elementor-widget-container\">\n\t\t\t\t\t\t\t<div class=\"elementor-divider\">\n\t\t\t<span class=\"elementor-divider-separator\">\n\t\t\t\t\t\t<\/span>\n\t\t<\/div>\n\t\t\t\t\t\t<\/div>\n\t\t\t\t<\/div>\n\t\t\t\t\t<\/div>\n\t\t<\/div>\n\t\t\t\t\t<\/div>\n\t\t<\/section>\n\t\t\t\t<section class=\"elementor-section elementor-top-section elementor-element elementor-element-2cf75f6 elementor-section-boxed elementor-section-height-default elementor-section-height-default\" data-id=\"2cf75f6\" data-element_type=\"section\" data-e-type=\"section\">\n\t\t\t\t\t\t<div class=\"elementor-container elementor-column-gap-default\">\n\t\t\t\t\t<div class=\"elementor-column elementor-col-100 elementor-top-column elementor-element elementor-element-684b0c0\" data-id=\"684b0c0\" data-element_type=\"column\" data-e-type=\"column\">\n\t\t\t<div class=\"elementor-widget-wrap elementor-element-populated\">\n\t\t\t\t\t\t<div class=\"elementor-element elementor-element-8726bfe elementor-widget elementor-widget-heading\" data-id=\"8726bfe\" data-element_type=\"widget\" data-e-type=\"widget\" data-widget_type=\"heading.default\">\n\t\t\t\t<div class=\"elementor-widget-container\">\n\t\t\t\t\t<h5 class=\"elementor-heading-title elementor-size-default\">Prix des Enfants du Livre<\/h5>\t\t\t\t<\/div>\n\t\t\t\t<\/div>\n\t\t\t\t\t<\/div>\n\t\t<\/div>\n\t\t\t\t\t<\/div>\n\t\t<\/section>\n\t\t\t\t<section class=\"elementor-section elementor-top-section elementor-element elementor-element-7cf8e53 elementor-section-boxed elementor-section-height-default elementor-section-height-default\" data-id=\"7cf8e53\" data-element_type=\"section\" data-e-type=\"section\">\n\t\t\t\t\t\t<div class=\"elementor-container elementor-column-gap-default\">\n\t\t\t\t\t<div class=\"elementor-column elementor-col-100 elementor-top-column elementor-element elementor-element-ff7e6ae\" data-id=\"ff7e6ae\" data-element_type=\"column\" data-e-type=\"column\">\n\t\t\t<div class=\"elementor-widget-wrap elementor-element-populated\">\n\t\t\t\t\t\t<div class=\"elementor-element elementor-element-6623d0c elementor-widget elementor-widget-text-editor\" data-id=\"6623d0c\" data-element_type=\"widget\" data-e-type=\"widget\" data-widget_type=\"text-editor.default\">\n\t\t\t\t<div class=\"elementor-widget-container\">\n\t\t\t\t\t\t\t\t\t<h2>10 jeunes volontaires \u00e2g\u00e9s de 9 \u00e0 10 ans du Centre de Loisirs de la ville de Saint-Orens participent \u00e0 un jury de lecteurs. De novembre 2025 \u00e0 janvier 2026, ils se r\u00e9uniront tous les mercredis pour d\u00e9battre et \u00e9changer autour des livres en s\u00e9lection. Les jeunes sont les v\u00e9ritables acteurs et actrices des Prix en s\u00e9lectionnant et en remettant le Prix \u00e0 l\u2019auteur ou l&rsquo;autrice laur\u00e9at. La remise des Prix aura lieu le dimanche 25 janvier de 11h30 \u00e0 12h30 et sera anim\u00e9e par les membres du jury en pr\u00e9sence des auteurs et autrices des livres en s\u00e9lection. Chaque membre du jury se verra remettre un exemplaire de chacun des ouvrages en s\u00e9lection. Un exemplaire sera \u00e9galement offert au Centre de Loisirs.<\/h2><h2><em>En partenariat avec l\u2019Amicale La\u00efque.<\/em><\/h2>\t\t\t\t\t\t\t\t<\/div>\n\t\t\t\t<\/div>\n\t\t\t\t\t<\/div>\n\t\t<\/div>\n\t\t\t\t\t<\/div>\n\t\t<\/section>\n\t\t\t\t<section class=\"elementor-section elementor-top-section elementor-element elementor-element-266b711 elementor-section-boxed elementor-section-height-default elementor-section-height-default\" data-id=\"266b711\" data-element_type=\"section\" data-e-type=\"section\">\n\t\t\t\t\t\t<div class=\"elementor-container elementor-column-gap-default\">\n\t\t\t\t\t<div class=\"elementor-column elementor-col-100 elementor-top-column elementor-element elementor-element-c9151d8\" data-id=\"c9151d8\" data-element_type=\"column\" data-e-type=\"column\">\n\t\t\t<div class=\"elementor-widget-wrap elementor-element-populated\">\n\t\t\t\t\t\t<div class=\"elementor-element elementor-element-b8d0ad8 elementor-align-center elementor-widget__width-initial elementor-widget elementor-widget-button\" data-id=\"b8d0ad8\" data-element_type=\"widget\" data-e-type=\"widget\" data-widget_type=\"button.default\">\n\t\t\t\t<div class=\"elementor-widget-container\">\n\t\t\t\t\t\t\t\t\t<div class=\"elementor-button-wrapper\">\n\t\t\t\t\t<a class=\"elementor-button elementor-button-link elementor-size-sm\" href=\"https:\/\/festival-livre-jeunesse.fr\/2026\/wp-content\/uploads\/2026\/02\/Mag-Culturel-10-23-01-2025-1.mp3\">\n\t\t\t\t\t\t<span class=\"elementor-button-content-wrapper\">\n\t\t\t\t\t\t\t\t\t<span class=\"elementor-button-text\">\u00c9mission Radio Mon Pa\u00efs<\/span>\n\t\t\t\t\t<\/span>\n\t\t\t\t\t<\/a>\n\t\t\t\t<\/div>\n\t\t\t\t\t\t\t\t<\/div>\n\t\t\t\t<\/div>\n\t\t\t\t\t<\/div>\n\t\t<\/div>\n\t\t\t\t\t<\/div>\n\t\t<\/section>\n\t\t\t\t<section class=\"elementor-section elementor-top-section elementor-element elementor-element-a91abc2 elementor-section-boxed elementor-section-height-default elementor-section-height-default\" data-id=\"a91abc2\" data-element_type=\"section\" data-e-type=\"section\">\n\t\t\t\t\t\t<div class=\"elementor-container elementor-column-gap-default\">\n\t\t\t\t\t<div class=\"elementor-column elementor-col-100 elementor-top-column elementor-element elementor-element-e2139b6\" data-id=\"e2139b6\" data-element_type=\"column\" data-e-type=\"column\">\n\t\t\t<div class=\"elementor-widget-wrap elementor-element-populated\">\n\t\t\t\t\t\t<div class=\"elementor-element elementor-element-ea7afd3 elementor-widget elementor-widget-heading\" data-id=\"ea7afd3\" data-element_type=\"widget\" data-e-type=\"widget\" data-widget_type=\"heading.default\">\n\t\t\t\t<div class=\"elementor-widget-container\">\n\t\t\t\t\t<h5 class=\"elementor-heading-title elementor-size-default\">Les livres en comp\u00e9tition cette ann\u00e9e :<\/h5>\t\t\t\t<\/div>\n\t\t\t\t<\/div>\n\t\t\t\t\t<\/div>\n\t\t<\/div>\n\t\t\t\t\t<\/div>\n\t\t<\/section>\n\t\t\t\t<section class=\"elementor-section elementor-top-section elementor-element elementor-element-3b6cd9b elementor-section-boxed elementor-section-height-default elementor-section-height-default\" data-id=\"3b6cd9b\" data-element_type=\"section\" data-e-type=\"section\">\n\t\t\t\t\t\t<div class=\"elementor-container elementor-column-gap-default\">\n\t\t\t\t\t<div class=\"elementor-column elementor-col-50 elementor-top-column elementor-element elementor-element-c35e22b\" data-id=\"c35e22b\" data-element_type=\"column\" data-e-type=\"column\">\n\t\t\t<div class=\"elementor-widget-wrap elementor-element-populated\">\n\t\t\t\t\t\t<div class=\"elementor-element elementor-element-07a5acf elementor-widget elementor-widget-image\" data-id=\"07a5acf\" data-element_type=\"widget\" data-e-type=\"widget\" data-widget_type=\"image.default\">\n\t\t\t\t<div class=\"elementor-widget-container\">\n\t\t\t\t\t\t\t\t\t\t\t\t\t\t\t<img decoding=\"async\" width=\"201\" height=\"300\" src=\"https:\/\/festival-livre-jeunesse.fr\/2026\/wp-content\/uploads\/2025\/11\/1re-Couverture-La-confiture-de-Berberanza-201x300.webp\" class=\"attachment-medium size-medium wp-image-22898\" alt=\"\" srcset=\"https:\/\/festival-livre-jeunesse.fr\/2026\/wp-content\/uploads\/2025\/11\/1re-Couverture-La-confiture-de-Berberanza-201x300.webp 201w, https:\/\/festival-livre-jeunesse.fr\/2026\/wp-content\/uploads\/2025\/11\/1re-Couverture-La-confiture-de-Berberanza-688x1024.webp 688w, https:\/\/festival-livre-jeunesse.fr\/2026\/wp-content\/uploads\/2025\/11\/1re-Couverture-La-confiture-de-Berberanza-768x1144.webp 768w, https:\/\/festival-livre-jeunesse.fr\/2026\/wp-content\/uploads\/2025\/11\/1re-Couverture-La-confiture-de-Berberanza-1031x1536.webp 1031w, https:\/\/festival-livre-jeunesse.fr\/2026\/wp-content\/uploads\/2025\/11\/1re-Couverture-La-confiture-de-Berberanza-1375x2048.webp 1375w, https:\/\/festival-livre-jeunesse.fr\/2026\/wp-content\/uploads\/2025\/11\/1re-Couverture-La-confiture-de-Berberanza.webp 1400w\" sizes=\"(max-width: 201px) 100vw, 201px\" \/>\t\t\t\t\t\t\t\t\t\t\t\t\t\t\t<\/div>\n\t\t\t\t<\/div>\n\t\t\t\t<div class=\"elementor-element elementor-element-8f1d224 elementor-widget__width-initial elementor-widget elementor-widget-heading\" data-id=\"8f1d224\" data-element_type=\"widget\" data-e-type=\"widget\" data-widget_type=\"heading.default\">\n\t\t\t\t<div class=\"elementor-widget-container\">\n\t\t\t\t\t<h2 class=\"elementor-heading-title elementor-size-default\">Florence Medina, <i>La confiture de Berb\u00e9ranza, <\/i>\u00c9ditions Didier Jeunesse, 2024<br><br>R\u00e9sum\u00e9 :  Quentin et Roseline sont amoureux pour la vie, toute l\u2019\u00e9cole le sait. Ils s\u2019envoient des mots doux d\u00e8s que la ma\u00eetresse a le dos tourn\u00e9\u2026 jusqu\u2019au jour o\u00f9 Roseline griffonne, sans paillettes ni encre violette : \u00ab Quentin, je ne t\u2019aime pas. \u00bb.Comment surmonter un chagrin aussi soudain ? Mamie Lucette a la solution ! La confiture de Berb\u00e9ranza gu\u00e9rit tous les coeurs bris\u00e9s. Ni une, ni deux, les voil\u00e0 partis sur les routes d\u2019Occitanie en qu\u00eate de l\u2019ingr\u00e9dient miraculeux. C\u2019est le d\u00e9but d\u2019un p\u00e9riple aux mille et une surprises entre camping sauvage, rencontres impr\u00e9vues et souvenirs inoubliables !<\/h2>\t\t\t\t<\/div>\n\t\t\t\t<\/div>\n\t\t\t\t\t<\/div>\n\t\t<\/div>\n\t\t\t\t<div class=\"elementor-column elementor-col-50 elementor-top-column elementor-element elementor-element-a9e0636\" data-id=\"a9e0636\" data-element_type=\"column\" data-e-type=\"column\">\n\t\t\t<div class=\"elementor-widget-wrap elementor-element-populated\">\n\t\t\t\t\t\t<div class=\"elementor-element elementor-element-8d88331 elementor-widget elementor-widget-image\" data-id=\"8d88331\" data-element_type=\"widget\" data-e-type=\"widget\" data-widget_type=\"image.default\">\n\t\t\t\t<div class=\"elementor-widget-container\">\n\t\t\t\t\t\t\t\t\t\t\t\t\t\t\t<img decoding=\"async\" width=\"215\" height=\"300\" src=\"https:\/\/festival-livre-jeunesse.fr\/2026\/wp-content\/uploads\/2025\/11\/1re-couvert-Esprits-denfance-215x300.jpg\" class=\"attachment-medium size-medium wp-image-22912\" alt=\"\" srcset=\"https:\/\/festival-livre-jeunesse.fr\/2026\/wp-content\/uploads\/2025\/11\/1re-couvert-Esprits-denfance-215x300.jpg 215w, https:\/\/festival-livre-jeunesse.fr\/2026\/wp-content\/uploads\/2025\/11\/1re-couvert-Esprits-denfance.jpg 600w\" sizes=\"(max-width: 215px) 100vw, 215px\" \/>\t\t\t\t\t\t\t\t\t\t\t\t\t\t\t<\/div>\n\t\t\t\t<\/div>\n\t\t\t\t<div class=\"elementor-element elementor-element-2f52a7a elementor-widget elementor-widget-heading\" data-id=\"2f52a7a\" data-element_type=\"widget\" data-e-type=\"widget\" data-widget_type=\"heading.default\">\n\t\t\t\t<div class=\"elementor-widget-container\">\n\t\t\t\t\t<h2 class=\"elementor-heading-title elementor-size-default\">St\u00e9phane Servant et Gaya Wisniewski, <i>Esprits d'enfance, <\/i>\u00c9ditions du Rouergue, 2025<br><br>R\u00e9sum\u00e9 : Avez-vous d\u00e9j\u00e0 crois\u00e9 des esprits ? Soukapat et sa f\u00e2cheuse manie de mettre le bazar ? Et Boud'bois ? S\u00fbrement le plus vieil esprit du monde ! Ou encore Croque-chaussette qui ferait mieux d'arr\u00eater de faire ces satan\u00e9s trous au bout de nos chaussettes. Non ? Et Suce-pied, L\u00e8che-Mousse, La Reine de Papier, Pamoaki, Chante-Marmite ou l'Ombre des Toilettes ? Non plus ?! Alors, c'est que vous devez \u00eatre une vieille personne aigrie car les enfants, eux, les croisent souvent. Esteban et Gayouchka s'en souviennent, ils en voyaient tout le temps chez leur m\u00e9m\u00e9. Laissez-les vous raconter !<\/h2>\t\t\t\t<\/div>\n\t\t\t\t<\/div>\n\t\t\t\t\t<\/div>\n\t\t<\/div>\n\t\t\t\t\t<\/div>\n\t\t<\/section>\n\t\t\t\t<section class=\"elementor-section elementor-top-section elementor-element elementor-element-c558147 elementor-section-boxed elementor-section-height-default elementor-section-height-default\" data-id=\"c558147\" data-element_type=\"section\" data-e-type=\"section\">\n\t\t\t\t\t\t<div class=\"elementor-container elementor-column-gap-default\">\n\t\t\t\t\t<div class=\"elementor-column elementor-col-50 elementor-top-column elementor-element elementor-element-5a769ae\" data-id=\"5a769ae\" data-element_type=\"column\" data-e-type=\"column\">\n\t\t\t<div class=\"elementor-widget-wrap elementor-element-populated\">\n\t\t\t\t\t\t<div class=\"elementor-element elementor-element-6c3a148 elementor-widget elementor-widget-image\" data-id=\"6c3a148\" data-element_type=\"widget\" data-e-type=\"widget\" data-widget_type=\"image.default\">\n\t\t\t\t<div class=\"elementor-widget-container\">\n\t\t\t\t\t\t\t\t\t\t\t\t\t\t\t<img loading=\"lazy\" decoding=\"async\" width=\"212\" height=\"300\" src=\"https:\/\/festival-livre-jeunesse.fr\/2026\/wp-content\/uploads\/2025\/11\/1-re-couvert-dromeo-et-chuliette-212x300.jpg\" class=\"attachment-medium size-medium wp-image-22913\" alt=\"\" srcset=\"https:\/\/festival-livre-jeunesse.fr\/2026\/wp-content\/uploads\/2025\/11\/1-re-couvert-dromeo-et-chuliette-212x300.jpg 212w, https:\/\/festival-livre-jeunesse.fr\/2026\/wp-content\/uploads\/2025\/11\/1-re-couvert-dromeo-et-chuliette.jpg 370w\" sizes=\"(max-width: 212px) 100vw, 212px\" \/>\t\t\t\t\t\t\t\t\t\t\t\t\t\t\t<\/div>\n\t\t\t\t<\/div>\n\t\t\t\t<div class=\"elementor-element elementor-element-5bc4e13 elementor-widget__width-initial elementor-widget elementor-widget-heading\" data-id=\"5bc4e13\" data-element_type=\"widget\" data-e-type=\"widget\" data-widget_type=\"heading.default\">\n\t\t\t\t<div class=\"elementor-widget-container\">\n\t\t\t\t\t<h2 class=\"elementor-heading-title elementor-size-default\">Marcus Malte et Henri Meunier, <i>Drom\u00e9o et Chuliette, <\/i>\u00c9ditions du Rouergue, 2025<br><br>R\u00e9sum\u00e9 : <span style=\"font-style: inherit;font-weight: inherit\">Drom\u00e9o est le fils unique de la famille Dromadaire qui vit<\/span><p>dans le confortable pavillon d'un lotissement bien tranquille. Chuliette est la\ncadette de la famille Chameau qui vit dans la cit\u00e9 des grandes tours. Tout\nsocialement les s\u00e9pare et pourtant, gr\u00e2ce \u00e0 la trajectoire du bus 53 qui relie\nles deux espaces urbains, ils finissent par se rencontrer et conna\u00eetre une\nmerveilleuse histoire d'amour qui trouvera sa chute sur le Causse du Larzac !<\/p>\n\n<\/h2>\t\t\t\t<\/div>\n\t\t\t\t<\/div>\n\t\t\t\t\t<\/div>\n\t\t<\/div>\n\t\t\t\t<div class=\"elementor-column elementor-col-50 elementor-top-column elementor-element elementor-element-2451107\" data-id=\"2451107\" data-element_type=\"column\" data-e-type=\"column\">\n\t\t\t<div class=\"elementor-widget-wrap elementor-element-populated\">\n\t\t\t\t\t\t<div class=\"elementor-element elementor-element-d0a979e elementor-widget elementor-widget-image\" data-id=\"d0a979e\" data-element_type=\"widget\" data-e-type=\"widget\" data-widget_type=\"image.default\">\n\t\t\t\t<div class=\"elementor-widget-container\">\n\t\t\t\t\t\t\t\t\t\t\t\t\t\t\t<img loading=\"lazy\" decoding=\"async\" width=\"300\" height=\"300\" src=\"https:\/\/festival-livre-jeunesse.fr\/2026\/wp-content\/uploads\/2025\/11\/1re-couv-La-poesie-kesako-300x300.jpg\" class=\"attachment-medium size-medium wp-image-22914\" alt=\"\" srcset=\"https:\/\/festival-livre-jeunesse.fr\/2026\/wp-content\/uploads\/2025\/11\/1re-couv-La-poesie-kesako-300x300.jpg 300w, https:\/\/festival-livre-jeunesse.fr\/2026\/wp-content\/uploads\/2025\/11\/1re-couv-La-poesie-kesako-150x150.jpg 150w, https:\/\/festival-livre-jeunesse.fr\/2026\/wp-content\/uploads\/2025\/11\/1re-couv-La-poesie-kesako-768x767.jpg 768w, https:\/\/festival-livre-jeunesse.fr\/2026\/wp-content\/uploads\/2025\/11\/1re-couv-La-poesie-kesako.jpg 800w\" sizes=\"(max-width: 300px) 100vw, 300px\" \/>\t\t\t\t\t\t\t\t\t\t\t\t\t\t\t<\/div>\n\t\t\t\t<\/div>\n\t\t\t\t<div class=\"elementor-element elementor-element-7654017 elementor-widget__width-initial elementor-widget elementor-widget-heading\" data-id=\"7654017\" data-element_type=\"widget\" data-e-type=\"widget\" data-widget_type=\"heading.default\">\n\t\t\t\t<div class=\"elementor-widget-container\">\n\t\t\t\t\t<h2 class=\"elementor-heading-title elementor-size-default\">Thomas Vinau et Marc Majewski, <i>La po\u00e9sie, K\u00e9sako,<\/i> \u00c9ditions Gallimard Jeunesse, 2023<br><br>R\u00e9sum\u00e9 : Et si elle \u00e9tait un passage secret parfois raccourci, parfois d\u00e9tour pour apprendre \u00e0 se perdre? La po\u00e9sie pourrait ressembler \u00e0 un arch\u00e9ologue d\u00e9couvrant les vestiges de ce qui n'existe pas encore ou bien \u00e0 ce paysan qui travaille chaque jour \u00e0 r\u00e9colter les graines de rien qui nous nourrissent. La po\u00e9sie, k\u00e9sako? Peut-on la trouver dans la vie de tous les jours, la faire appara\u00eetre, la transmettre \u00e0 d'autres? Est-elle une question, un secret...?<\/h2>\t\t\t\t<\/div>\n\t\t\t\t<\/div>\n\t\t\t\t\t<\/div>\n\t\t<\/div>\n\t\t\t\t\t<\/div>\n\t\t<\/section>\n\t\t\t\t<section class=\"elementor-section elementor-top-section elementor-element elementor-element-974dbc7 elementor-section-boxed elementor-section-height-default elementor-section-height-default\" data-id=\"974dbc7\" data-element_type=\"section\" data-e-type=\"section\">\n\t\t\t\t\t\t<div class=\"elementor-container elementor-column-gap-default\">\n\t\t\t\t\t<div class=\"elementor-column elementor-col-100 elementor-top-column elementor-element elementor-element-ebb8b10\" data-id=\"ebb8b10\" data-element_type=\"column\" data-e-type=\"column\" data-settings=\"{&quot;background_background&quot;:&quot;classic&quot;}\">\n\t\t\t<div class=\"elementor-widget-wrap elementor-element-populated\">\n\t\t\t\t\t\t<div class=\"elementor-element elementor-element-10a4ac8 elementor-widget elementor-widget-text-editor\" data-id=\"10a4ac8\" data-element_type=\"widget\" data-e-type=\"widget\" data-widget_type=\"text-editor.default\">\n\t\t\t\t<div class=\"elementor-widget-container\">\n\t\t\t\t\t\t\t\t\t<p><strong><span style=\"color: #ffffff;\">Remise du prix des enfants du Livre :<\/span><\/strong><\/p><p><span style=\"color: #ffffff;\">Dimanche 25 janvier 2026<\/span><\/p><p><span style=\"font-style: inherit; color: #ffffff;\">11h30 \u00e0 12h30<\/span><\/p><p><span style=\"color: #ffffff;\">Gymnase du Lyc\u00e9e Pierre-Paul Riquet \u00e0 Saint-Orens de Gameville<\/span><\/p>\t\t\t\t\t\t\t\t<\/div>\n\t\t\t\t<\/div>\n\t\t\t\t\t<\/div>\n\t\t<\/div>\n\t\t\t\t\t<\/div>\n\t\t<\/section>\n\t\t\t\t<section class=\"elementor-section elementor-top-section elementor-element elementor-element-86c7e01 elementor-section-boxed elementor-section-height-default elementor-section-height-default\" data-id=\"86c7e01\" data-element_type=\"section\" data-e-type=\"section\">\n\t\t\t\t\t\t<div class=\"elementor-container elementor-column-gap-default\">\n\t\t\t\t\t<div class=\"elementor-column elementor-col-100 elementor-top-column elementor-element elementor-element-12b6947\" data-id=\"12b6947\" data-element_type=\"column\" data-e-type=\"column\">\n\t\t\t<div class=\"elementor-widget-wrap elementor-element-populated\">\n\t\t\t\t\t\t<div class=\"elementor-element elementor-element-a15eb81 elementor-widget elementor-widget-spacer\" data-id=\"a15eb81\" data-element_type=\"widget\" data-e-type=\"widget\" data-widget_type=\"spacer.default\">\n\t\t\t\t<div class=\"elementor-widget-container\">\n\t\t\t\t\t\t\t<div class=\"elementor-spacer\">\n\t\t\t<div class=\"elementor-spacer-inner\"><\/div>\n\t\t<\/div>\n\t\t\t\t\t\t<\/div>\n\t\t\t\t<\/div>\n\t\t\t\t<div class=\"elementor-element elementor-element-6af462b elementor-widget-divider--view-line elementor-widget elementor-widget-divider\" data-id=\"6af462b\" data-element_type=\"widget\" data-e-type=\"widget\" data-widget_type=\"divider.default\">\n\t\t\t\t<div class=\"elementor-widget-container\">\n\t\t\t\t\t\t\t<div class=\"elementor-divider\">\n\t\t\t<span class=\"elementor-divider-separator\">\n\t\t\t\t\t\t<\/span>\n\t\t<\/div>\n\t\t\t\t\t\t<\/div>\n\t\t\t\t<\/div>\n\t\t\t\t<div class=\"elementor-element elementor-element-67eb439 elementor-widget elementor-widget-spacer\" data-id=\"67eb439\" data-element_type=\"widget\" data-e-type=\"widget\" data-widget_type=\"spacer.default\">\n\t\t\t\t<div class=\"elementor-widget-container\">\n\t\t\t\t\t\t\t<div class=\"elementor-spacer\">\n\t\t\t<div class=\"elementor-spacer-inner\"><\/div>\n\t\t<\/div>\n\t\t\t\t\t\t<\/div>\n\t\t\t\t<\/div>\n\t\t\t\t\t<\/div>\n\t\t<\/div>\n\t\t\t\t\t<\/div>\n\t\t<\/section>\n\t\t\t\t<section class=\"elementor-section elementor-top-section elementor-element elementor-element-34d4a23 elementor-section-boxed elementor-section-height-default elementor-section-height-default\" data-id=\"34d4a23\" data-element_type=\"section\" data-e-type=\"section\">\n\t\t\t\t\t\t<div class=\"elementor-container elementor-column-gap-default\">\n\t\t\t\t\t<div class=\"elementor-column elementor-col-100 elementor-top-column elementor-element elementor-element-36d786d\" data-id=\"36d786d\" data-element_type=\"column\" data-e-type=\"column\">\n\t\t\t<div class=\"elementor-widget-wrap elementor-element-populated\">\n\t\t\t\t\t\t<div class=\"elementor-element elementor-element-41ccda9 elementor-widget elementor-widget-heading\" data-id=\"41ccda9\" data-element_type=\"widget\" data-e-type=\"widget\" data-widget_type=\"heading.default\">\n\t\t\t\t<div class=\"elementor-widget-container\">\n\t\t\t\t\t<h5 class=\"elementor-heading-title elementor-size-default\">Prix des Ados<\/h5>\t\t\t\t<\/div>\n\t\t\t\t<\/div>\n\t\t\t\t\t<\/div>\n\t\t<\/div>\n\t\t\t\t\t<\/div>\n\t\t<\/section>\n\t\t\t\t<section class=\"elementor-section elementor-top-section elementor-element elementor-element-99aceb8 elementor-section-boxed elementor-section-height-default elementor-section-height-default\" data-id=\"99aceb8\" data-element_type=\"section\" data-e-type=\"section\">\n\t\t\t\t\t\t<div class=\"elementor-container elementor-column-gap-default\">\n\t\t\t\t\t<div class=\"elementor-column elementor-col-100 elementor-top-column elementor-element elementor-element-ee621b4\" data-id=\"ee621b4\" data-element_type=\"column\" data-e-type=\"column\">\n\t\t\t<div class=\"elementor-widget-wrap elementor-element-populated\">\n\t\t\t\t\t\t<div class=\"elementor-element elementor-element-9689e3d elementor-widget elementor-widget-text-editor\" data-id=\"9689e3d\" data-element_type=\"widget\" data-e-type=\"widget\" data-widget_type=\"text-editor.default\">\n\t\t\t\t<div class=\"elementor-widget-container\">\n\t\t\t\t\t\t\t\t\t<h2>Le Festival de Livre Jeunesse en Occitanie organise un Prix des Ados, en partenariat avec la m\u00e9diath\u00e8que, les coll\u00e8gues R\u00e9n\u00e9 Cassin et Jacques Pr\u00e9vert et le Lyc\u00e9e Pierre Paul Riquet de Saint-Orens de Gameville. Son principe repose sur le travail d\u2019un jury compos\u00e9 exclusivement de coll\u00e9giens et de lyc\u00e9ens \u00e2g\u00e9s de 14 \u00e0 18 ans. Le jury\u00a0se r\u00e9unit r\u00e9guli\u00e8rement pour discuter, \u00e9changer et critiquer les ouvrages s\u00e9lectionn\u00e9s par l\u2019association organisatrice du festival. Cet \u00e9change critique autour des livres s\u00e9lectionn\u00e9s est co-construit avec les documentalistes et les biblioth\u00e9caires de Saint-Orens de Gameville, qui encadrent l\u2019ensemble des rencontres. Puis un rendez vous est donn\u00e9 un samedi \u00e0 la m\u00e9diath\u00e8que pour que tous les participant.es se rencontrent et \u00e9lisent le livre vainqueur.<\/h2>\t\t\t\t\t\t\t\t<\/div>\n\t\t\t\t<\/div>\n\t\t\t\t\t<\/div>\n\t\t<\/div>\n\t\t\t\t\t<\/div>\n\t\t<\/section>\n\t\t\t\t<section class=\"elementor-section elementor-top-section elementor-element elementor-element-968a6cd elementor-section-boxed elementor-section-height-default elementor-section-height-default\" data-id=\"968a6cd\" data-element_type=\"section\" data-e-type=\"section\">\n\t\t\t\t\t\t<div class=\"elementor-container elementor-column-gap-default\">\n\t\t\t\t\t<div class=\"elementor-column elementor-col-100 elementor-top-column elementor-element elementor-element-656cef4\" data-id=\"656cef4\" data-element_type=\"column\" data-e-type=\"column\">\n\t\t\t<div class=\"elementor-widget-wrap elementor-element-populated\">\n\t\t\t\t\t\t<div class=\"elementor-element elementor-element-2566b34 elementor-widget elementor-widget-heading\" data-id=\"2566b34\" data-element_type=\"widget\" data-e-type=\"widget\" data-widget_type=\"heading.default\">\n\t\t\t\t<div class=\"elementor-widget-container\">\n\t\t\t\t\t<h2 class=\"elementor-heading-title elementor-size-default\">Les livres en comp\u00e9tition cette ann\u00e9e :<\/h2>\t\t\t\t<\/div>\n\t\t\t\t<\/div>\n\t\t\t\t\t<\/div>\n\t\t<\/div>\n\t\t\t\t\t<\/div>\n\t\t<\/section>\n\t\t\t\t<section class=\"elementor-section elementor-top-section elementor-element elementor-element-18f0b31 elementor-section-boxed elementor-section-height-default elementor-section-height-default\" data-id=\"18f0b31\" data-element_type=\"section\" data-e-type=\"section\">\n\t\t\t\t\t\t<div class=\"elementor-container elementor-column-gap-default\">\n\t\t\t\t\t<div class=\"elementor-column elementor-col-50 elementor-top-column elementor-element elementor-element-3a91d9c\" data-id=\"3a91d9c\" data-element_type=\"column\" data-e-type=\"column\">\n\t\t\t<div class=\"elementor-widget-wrap elementor-element-populated\">\n\t\t\t\t\t\t<div class=\"elementor-element elementor-element-6a77a1f elementor-widget elementor-widget-image\" data-id=\"6a77a1f\" data-element_type=\"widget\" data-e-type=\"widget\" data-widget_type=\"image.default\">\n\t\t\t\t<div class=\"elementor-widget-container\">\n\t\t\t\t\t\t\t\t\t\t\t\t\t\t\t<img loading=\"lazy\" decoding=\"async\" width=\"205\" height=\"300\" src=\"https:\/\/festival-livre-jeunesse.fr\/2026\/wp-content\/uploads\/2025\/11\/1re-de-couvert-Jamais-dire-Toujours-205x300.webp\" class=\"attachment-medium size-medium wp-image-22918\" alt=\"\" srcset=\"https:\/\/festival-livre-jeunesse.fr\/2026\/wp-content\/uploads\/2025\/11\/1re-de-couvert-Jamais-dire-Toujours-205x300.webp 205w, https:\/\/festival-livre-jeunesse.fr\/2026\/wp-content\/uploads\/2025\/11\/1re-de-couvert-Jamais-dire-Toujours.webp 600w\" sizes=\"(max-width: 205px) 100vw, 205px\" \/>\t\t\t\t\t\t\t\t\t\t\t\t\t\t\t<\/div>\n\t\t\t\t<\/div>\n\t\t\t\t<div class=\"elementor-element elementor-element-bc2b0be elementor-widget__width-initial elementor-widget elementor-widget-heading\" data-id=\"bc2b0be\" data-element_type=\"widget\" data-e-type=\"widget\" data-widget_type=\"heading.default\">\n\t\t\t\t<div class=\"elementor-widget-container\">\n\t\t\t\t\t<h2 class=\"elementor-heading-title elementor-size-default\">S\u00e9bastien Joanniez, <i>Jamais dire Toujours, <\/i>\u00c9ditions La joie de lire, 2025<br><br>R\u00e9sum\u00e9 : L'adolescence est une p\u00e9riode o\u00f9 les \u00e9motions s'intensifient, se complexifient... Et quel meilleur espace que celui offert par la po\u00e9sie pour \u00e9vacuer ce trop-plein qui s'agite au plus profond de soi? Ce recueil alterne po\u00e8mes sur les interrogations des adolescents face au quotidien et r\u00e9flexions sur la po\u00e9sie, son caract\u00e8re fluide et universel, pour inviter les lecteurs \u00e0 la consid\u00e9rer comme un espace \u00e0 soi o\u00f9 d\u00e9poser ses tumultes int\u00e9rieurs. D\u00e9j\u00e0 dans son roman  <i>On a supermarch\u00e9 sur la lune <\/i>S\u00e9bastien Joanniez dressait le portrait d'une h\u00e9ro\u00efne qui faisait de ses chamboulements int\u00e9rieurs des textes en prose.&nbsp;<\/h2>\t\t\t\t<\/div>\n\t\t\t\t<\/div>\n\t\t\t\t\t<\/div>\n\t\t<\/div>\n\t\t\t\t<div class=\"elementor-column elementor-col-50 elementor-top-column elementor-element elementor-element-5b6aadc\" data-id=\"5b6aadc\" data-element_type=\"column\" data-e-type=\"column\">\n\t\t\t<div class=\"elementor-widget-wrap elementor-element-populated\">\n\t\t\t\t\t\t<div class=\"elementor-element elementor-element-0d19c72 elementor-widget elementor-widget-image\" data-id=\"0d19c72\" data-element_type=\"widget\" data-e-type=\"widget\" data-widget_type=\"image.default\">\n\t\t\t\t<div class=\"elementor-widget-container\">\n\t\t\t\t\t\t\t\t\t\t\t\t\t\t\t<img fetchpriority=\"high\" decoding=\"async\" width=\"210\" height=\"300\" src=\"https:\/\/festival-livre-jeunesse.fr\/2026\/wp-content\/uploads\/2025\/11\/1re-couv-Mori-e1763044956525-210x300.png\" class=\"attachment-medium size-medium wp-image-22922\" alt=\"\" srcset=\"https:\/\/festival-livre-jeunesse.fr\/2026\/wp-content\/uploads\/2025\/11\/1re-couv-Mori-e1763044956525-210x300.png 210w, https:\/\/festival-livre-jeunesse.fr\/2026\/wp-content\/uploads\/2025\/11\/1re-couv-Mori-e1763044956525.png 344w\" sizes=\"(max-width: 210px) 100vw, 210px\" \/>\t\t\t\t\t\t\t\t\t\t\t\t\t\t\t<\/div>\n\t\t\t\t<\/div>\n\t\t\t\t<div class=\"elementor-element elementor-element-a5b7d3d elementor-widget__width-initial elementor-widget elementor-widget-heading\" data-id=\"a5b7d3d\" data-element_type=\"widget\" data-e-type=\"widget\" data-widget_type=\"heading.default\">\n\t\t\t\t<div class=\"elementor-widget-container\">\n\t\t\t\t\t<h2 class=\"elementor-heading-title elementor-size-default\">Marie Colot, <i>Mori - Graines de g\u00e9ants dans les for\u00eats urbaines d'Akira Miyawaki, <\/i>\u00c9ditions CotCotCot, 2024<br><br>R\u00e9sum\u00e9 : \u00c0 Tokyo, la jeune Mikiko fait la connaissance du botaniste Akira Miyawaki, qui cr\u00e9e une for\u00eat urbaine en bas de chez elle, et de son neveu Kakuz\u014d... Une solution rapide pour cr\u00e9er des for\u00eats urbaines p\u00e9rennes, semblables aux for\u00eats primaires.<\/h2>\t\t\t\t<\/div>\n\t\t\t\t<\/div>\n\t\t\t\t\t<\/div>\n\t\t<\/div>\n\t\t\t\t\t<\/div>\n\t\t<\/section>\n\t\t\t\t<section class=\"elementor-section elementor-top-section elementor-element elementor-element-6624093 elementor-section-boxed elementor-section-height-default elementor-section-height-default\" data-id=\"6624093\" data-element_type=\"section\" data-e-type=\"section\">\n\t\t\t\t\t\t<div class=\"elementor-container elementor-column-gap-default\">\n\t\t\t\t\t<div class=\"elementor-column elementor-col-50 elementor-top-column elementor-element elementor-element-1c30633\" data-id=\"1c30633\" data-element_type=\"column\" data-e-type=\"column\">\n\t\t\t<div class=\"elementor-widget-wrap elementor-element-populated\">\n\t\t\t\t\t\t<div class=\"elementor-element elementor-element-4916797 elementor-widget elementor-widget-image\" data-id=\"4916797\" data-element_type=\"widget\" data-e-type=\"widget\" data-widget_type=\"image.default\">\n\t\t\t\t<div class=\"elementor-widget-container\">\n\t\t\t\t\t\t\t\t\t\t\t\t\t\t\t<img loading=\"lazy\" decoding=\"async\" width=\"204\" height=\"300\" src=\"https:\/\/festival-livre-jeunesse.fr\/2026\/wp-content\/uploads\/2025\/11\/1re-couv-Ti-Fol-204x300.jpg\" class=\"attachment-medium size-medium wp-image-22923\" alt=\"\" srcset=\"https:\/\/festival-livre-jeunesse.fr\/2026\/wp-content\/uploads\/2025\/11\/1re-couv-Ti-Fol-204x300.jpg 204w, https:\/\/festival-livre-jeunesse.fr\/2026\/wp-content\/uploads\/2025\/11\/1re-couv-Ti-Fol.jpg 330w\" sizes=\"(max-width: 204px) 100vw, 204px\" \/>\t\t\t\t\t\t\t\t\t\t\t\t\t\t\t<\/div>\n\t\t\t\t<\/div>\n\t\t\t\t<div class=\"elementor-element elementor-element-63898f4 elementor-widget__width-initial elementor-widget elementor-widget-heading\" data-id=\"63898f4\" data-element_type=\"widget\" data-e-type=\"widget\" data-widget_type=\"heading.default\">\n\t\t\t\t<div class=\"elementor-widget-container\">\n\t\t\t\t\t<h2 class=\"elementor-heading-title elementor-size-default\">Rapha\u00eble Frier, <i>Ti Fol, la fille du volcan, <\/i>\u00c9ditions \u00e9cole des Loisirs, 2024   \n     <br>                                                                                                         <br>R\u00e9sum\u00e9 : En Martinique, au pied de la montagne Pel\u00e9e, la vie est difficile dans les plantations de canne \u00e0 sucre. Et quand un enfant na\u00eet, c'est parfois une bouche de plus \u00e0 nourrir, dont on ne sait que faire. Tel est le destin de Louis Auguste Cyparis, abandonn\u00e9 aux bons soins d'un orphelinat religieux puis confi\u00e9 comme jouet vivant \u00e0 une riche famille de planteurs. Port\u00e9 par la r\u00e9volte et sa soif de libert\u00e9, il n'a de cesse d'\u00e9chapper par tous les moyens \u00e0 sa condition. Mais une autre col\u00e8re gronde, sourdement : celle du volcan de la montagne Pel\u00e9e, dont l'\u00e9ruption causera la d\u00e9solation dans la ville de Saint-Pierre. Cette col\u00e8re, la seule qui l'entende monter, c'est Pascaline, qui communique avec les insectes et pr\u00e9tend \u00eatre en contact avec les anc\u00eatres. Mais on pr\u00e9tend qu'elle n'a pas toute sa raison, et c'est pourquoi on la surnomme Ti-Fol. Si seulement on entendait sa voix, il serait peut-\u00eatre encore temps de fuir\u2026<\/h2>\t\t\t\t<\/div>\n\t\t\t\t<\/div>\n\t\t\t\t\t<\/div>\n\t\t<\/div>\n\t\t\t\t<div class=\"elementor-column elementor-col-50 elementor-top-column elementor-element elementor-element-28180d5\" data-id=\"28180d5\" data-element_type=\"column\" data-e-type=\"column\">\n\t\t\t<div class=\"elementor-widget-wrap\">\n\t\t\t\t\t\t\t<\/div>\n\t\t<\/div>\n\t\t\t\t\t<\/div>\n\t\t<\/section>\n\t\t\t\t<section class=\"elementor-section elementor-top-section elementor-element elementor-element-f1c0680 elementor-section-boxed elementor-section-height-default elementor-section-height-default\" data-id=\"f1c0680\" data-element_type=\"section\" data-e-type=\"section\">\n\t\t\t\t\t\t<div class=\"elementor-container elementor-column-gap-default\">\n\t\t\t\t\t<div class=\"elementor-column elementor-col-100 elementor-top-column elementor-element elementor-element-79893a5\" data-id=\"79893a5\" data-element_type=\"column\" data-e-type=\"column\" data-settings=\"{&quot;background_background&quot;:&quot;classic&quot;}\">\n\t\t\t<div class=\"elementor-widget-wrap elementor-element-populated\">\n\t\t\t\t\t\t<div class=\"elementor-element elementor-element-f3b5112 elementor-widget elementor-widget-text-editor\" data-id=\"f3b5112\" data-element_type=\"widget\" data-e-type=\"widget\" data-widget_type=\"text-editor.default\">\n\t\t\t\t<div class=\"elementor-widget-container\">\n\t\t\t\t\t\t\t\t\t<p style=\"font-size: 22px; font-style: normal; font-weight: 400;\"><span style=\"color: #ffffff;\"><strong>Remise du prix<\/strong>\u00a0des Ados:<\/span><\/p><p style=\"font-size: 22px; font-style: normal; font-weight: 400;\"><span style=\"color: #ffffff;\">Samedi 24 janvier 2026<\/span><\/p><p style=\"font-size: 22px; font-style: normal; font-weight: 400;\"><span style=\"font-style: inherit; color: #ffffff;\">17h30 \u00e0 18h30<\/span><\/p><p style=\"font-size: 22px; font-style: normal; font-weight: 400;\"><span style=\"color: #ffffff;\">Gymnase du Lyc\u00e9e Pierre-Paul Riquet \u00e0 Saint-Orens de Gameville<\/span><\/p>\t\t\t\t\t\t\t\t<\/div>\n\t\t\t\t<\/div>\n\t\t\t\t\t<\/div>\n\t\t<\/div>\n\t\t\t\t\t<\/div>\n\t\t<\/section>\n\t\t\t\t<section class=\"elementor-section elementor-top-section elementor-element elementor-element-753e053 elementor-section-boxed elementor-section-height-default elementor-section-height-default\" data-id=\"753e053\" data-element_type=\"section\" data-e-type=\"section\">\n\t\t\t\t\t\t<div class=\"elementor-container elementor-column-gap-default\">\n\t\t\t\t\t<div class=\"elementor-column elementor-col-100 elementor-top-column elementor-element elementor-element-44cdbd4\" data-id=\"44cdbd4\" data-element_type=\"column\" data-e-type=\"column\">\n\t\t\t<div class=\"elementor-widget-wrap elementor-element-populated\">\n\t\t\t\t\t\t<div class=\"elementor-element elementor-element-c938b64 elementor-widget elementor-widget-spacer\" data-id=\"c938b64\" data-element_type=\"widget\" data-e-type=\"widget\" data-widget_type=\"spacer.default\">\n\t\t\t\t<div class=\"elementor-widget-container\">\n\t\t\t\t\t\t\t<div class=\"elementor-spacer\">\n\t\t\t<div class=\"elementor-spacer-inner\"><\/div>\n\t\t<\/div>\n\t\t\t\t\t\t<\/div>\n\t\t\t\t<\/div>\n\t\t\t\t\t<\/div>\n\t\t<\/div>\n\t\t\t\t\t<\/div>\n\t\t<\/section>\n\t\t\t\t<section class=\"elementor-section elementor-top-section elementor-element elementor-element-970ebe6 elementor-section-boxed elementor-section-height-default elementor-section-height-default\" data-id=\"970ebe6\" data-element_type=\"section\" data-e-type=\"section\">\n\t\t\t\t\t\t<div class=\"elementor-container elementor-column-gap-default\">\n\t\t\t\t\t<div class=\"elementor-column elementor-col-100 elementor-top-column elementor-element elementor-element-7a88f89\" data-id=\"7a88f89\" data-element_type=\"column\" data-e-type=\"column\">\n\t\t\t<div class=\"elementor-widget-wrap elementor-element-populated\">\n\t\t\t\t\t\t<div class=\"elementor-element elementor-element-f000010 elementor-widget elementor-widget-image\" data-id=\"f000010\" data-element_type=\"widget\" data-e-type=\"widget\" data-widget_type=\"image.default\">\n\t\t\t\t<div class=\"elementor-widget-container\">\n\t\t\t\t\t\t\t\t\t\t\t\t\t\t\t<img loading=\"lazy\" decoding=\"async\" width=\"768\" height=\"255\" src=\"https:\/\/festival-livre-jeunesse.fr\/2026\/wp-content\/uploads\/2025\/11\/Logos-selection-Prix-2026-e1763130779734-768x255.png\" class=\"attachment-medium_large size-medium_large wp-image-23029\" alt=\"\" srcset=\"https:\/\/festival-livre-jeunesse.fr\/2026\/wp-content\/uploads\/2025\/11\/Logos-selection-Prix-2026-e1763130779734-768x255.png 768w, https:\/\/festival-livre-jeunesse.fr\/2026\/wp-content\/uploads\/2025\/11\/Logos-selection-Prix-2026-e1763130779734-300x99.png 300w, https:\/\/festival-livre-jeunesse.fr\/2026\/wp-content\/uploads\/2025\/11\/Logos-selection-Prix-2026-e1763130779734-1024x339.png 1024w, https:\/\/festival-livre-jeunesse.fr\/2026\/wp-content\/uploads\/2025\/11\/Logos-selection-Prix-2026-e1763130779734-1536x509.png 1536w, https:\/\/festival-livre-jeunesse.fr\/2026\/wp-content\/uploads\/2025\/11\/Logos-selection-Prix-2026-e1763130779734.png 1590w\" sizes=\"(max-width: 768px) 100vw, 768px\" \/>\t\t\t\t\t\t\t\t\t\t\t\t\t\t\t<\/div>\n\t\t\t\t<\/div>\n\t\t\t\t\t<\/div>\n\t\t<\/div>\n\t\t\t\t\t<\/div>\n\t\t<\/section>\n\t\t\t\t<section class=\"elementor-section elementor-top-section elementor-element elementor-element-9b36ee4 elementor-section-boxed elementor-section-height-default elementor-section-height-default\" data-id=\"9b36ee4\" data-element_type=\"section\" data-e-type=\"section\">\n\t\t\t\t\t\t<div class=\"elementor-container elementor-column-gap-default\">\n\t\t\t\t\t<div class=\"elementor-column elementor-col-100 elementor-top-column elementor-element elementor-element-50e629f\" data-id=\"50e629f\" data-element_type=\"column\" data-e-type=\"column\">\n\t\t\t<div class=\"elementor-widget-wrap elementor-element-populated\">\n\t\t\t\t\t\t<div class=\"elementor-element elementor-element-e3ab70e elementor-widget__width-initial elementor-widget elementor-widget-text-editor\" data-id=\"e3ab70e\" data-element_type=\"widget\" data-e-type=\"widget\" data-widget_type=\"text-editor.default\">\n\t\t\t\t<div class=\"elementor-widget-container\">\n\t\t\t\t\t\t\t\t\t<p>Nous remercions les maisons d&rsquo;\u00e9ditions pour leur g\u00e9n\u00e9rosit\u00e9. Ces dons permettent d&rsquo;offrir les livres s\u00e9lectionn\u00e9s aux participant.es du Prix des Enfants du Livre et du Prix des Ados.&nbsp;<\/p>\t\t\t\t\t\t\t\t<\/div>\n\t\t\t\t<\/div>\n\t\t\t\t\t<\/div>\n\t\t<\/div>\n\t\t\t\t\t<\/div>\n\t\t<\/section>\n\t\t\t\t<section class=\"elementor-section elementor-top-section elementor-element elementor-element-e9581b0 elementor-section-boxed elementor-section-height-default elementor-section-height-default\" data-id=\"e9581b0\" data-element_type=\"section\" data-e-type=\"section\">\n\t\t\t\t\t\t<div class=\"elementor-container elementor-column-gap-default\">\n\t\t\t\t\t<div class=\"elementor-column elementor-col-100 elementor-top-column elementor-element elementor-element-68e93ea\" data-id=\"68e93ea\" data-element_type=\"column\" data-e-type=\"column\">\n\t\t\t<div class=\"elementor-widget-wrap elementor-element-populated\">\n\t\t\t\t\t\t<div class=\"elementor-element elementor-element-96a56fd elementor-widget elementor-widget-spacer\" data-id=\"96a56fd\" data-element_type=\"widget\" data-e-type=\"widget\" data-widget_type=\"spacer.default\">\n\t\t\t\t<div class=\"elementor-widget-container\">\n\t\t\t\t\t\t\t<div class=\"elementor-spacer\">\n\t\t\t<div class=\"elementor-spacer-inner\"><\/div>\n\t\t<\/div>\n\t\t\t\t\t\t<\/div>\n\t\t\t\t<\/div>\n\t\t\t\t\t<\/div>\n\t\t<\/div>\n\t\t\t\t\t<\/div>\n\t\t<\/section>\n\t\t\t\t<\/div>\n\t\t","protected":false},"excerpt":{"rendered":"<p>Les Prix Litt\u00e9rraires Les Laur\u00e9at\u00b7es des Prix du Festival 2026 Les remises des prix se sont d\u00e9roul\u00e9es le samedi 24 janvier \u00e0 17h30 pour le prix des ados et le dimanche 25 janvier \u00e0 11h30 pour le prix des enfants. Prix des Ados Le prix des ados a \u00e9t\u00e9 remis \u00e0 Marie Colot pour son [&hellip;]<\/p>\n","protected":false},"author":1,"featured_media":0,"parent":0,"menu_order":0,"comment_status":"closed","ping_status":"closed","template":"","meta":{"site-sidebar-layout":"no-sidebar","site-content-layout":"page-builder","ast-site-content-layout":"full-width-container","site-content-style":"default","site-sidebar-style":"default","ast-global-header-display":"","ast-banner-title-visibility":"","ast-main-header-display":"","ast-hfb-above-header-display":"","ast-hfb-below-header-display":"","ast-hfb-mobile-header-display":"","site-post-title":"disabled","ast-breadcrumbs-content":"","ast-featured-img":"disabled","footer-sml-layout":"","theme-transparent-header-meta":"","adv-header-id-meta":"","stick-header-meta":"","header-above-stick-meta":"","header-main-stick-meta":"","header-below-stick-meta":"","astra-migrate-meta-layouts":"set","ast-page-background-enabled":"default","ast-page-background-meta":{"desktop":{"background-color":"","background-image":"","background-repeat":"repeat","background-position":"center center","background-size":"auto","background-attachment":"scroll","background-type":"","background-media":"","overlay-type":"","overlay-color":"","overlay-opacity":"","overlay-gradient":""},"tablet":{"background-color":"","background-image":"","background-repeat":"repeat","background-position":"center center","background-size":"auto","background-attachment":"scroll","background-type":"","background-media":"","overlay-type":"","overlay-color":"","overlay-opacity":"","overlay-gradient":""},"mobile":{"background-color":"","background-image":"","background-repeat":"repeat","background-position":"center center","background-size":"auto","background-attachment":"scroll","background-type":"","background-media":"","overlay-type":"","overlay-color":"","overlay-opacity":"","overlay-gradient":""}},"ast-content-background-meta":{"desktop":{"background-color":"var(--ast-global-color-5)","background-image":"","background-repeat":"repeat","background-position":"center center","background-size":"auto","background-attachment":"scroll","background-type":"","background-media":"","overlay-type":"","overlay-color":"","overlay-opacity":"","overlay-gradient":""},"tablet":{"background-color":"var(--ast-global-color-5)","background-image":"","background-repeat":"repeat","background-position":"center center","background-size":"auto","background-attachment":"scroll","background-type":"","background-media":"","overlay-type":"","overlay-color":"","overlay-opacity":"","overlay-gradient":""},"mobile":{"background-color":"var(--ast-global-color-5)","background-image":"","background-repeat":"repeat","background-position":"center center","background-size":"auto","background-attachment":"scroll","background-type":"","background-media":"","overlay-type":"","overlay-color":"","overlay-opacity":"","overlay-gradient":""}},"footnotes":""},"class_list":["post-22895","page","type-page","status-publish","hentry"],"yoast_head":"<!-- This site is optimized with the Yoast SEO plugin v27.3 - https:\/\/yoast.com\/product\/yoast-seo-wordpress\/ -->\n<title>Prix 2026 - Festival du Livre de Jeunesse Occitanie : 29, 30, 31 janvier 2027<\/title>\n<meta name=\"robots\" content=\"index, follow, max-snippet:-1, max-image-preview:large, max-video-preview:-1\" \/>\n<link rel=\"canonical\" href=\"https:\/\/festival-livre-jeunesse.fr\/2026\/prix2026\/\" \/>\n<meta property=\"og:locale\" content=\"fr_FR\" \/>\n<meta property=\"og:type\" content=\"article\" \/>\n<meta property=\"og:title\" content=\"Prix 2026 - Festival du Livre de Jeunesse Occitanie : 29, 30, 31 janvier 2027\" \/>\n<meta property=\"og:description\" content=\"Les Prix Litt\u00e9rraires Les Laur\u00e9at\u00b7es des Prix du Festival 2026 Les remises des prix se sont d\u00e9roul\u00e9es le samedi 24 janvier \u00e0 17h30 pour le prix des ados et le dimanche 25 janvier \u00e0 11h30 pour le prix des enfants. Prix des Ados Le prix des ados a \u00e9t\u00e9 remis \u00e0 Marie Colot pour son [&hellip;]\" \/>\n<meta property=\"og:url\" content=\"https:\/\/festival-livre-jeunesse.fr\/2026\/prix2026\/\" \/>\n<meta property=\"og:site_name\" content=\"Festival du Livre de Jeunesse Occitanie : 29, 30, 31 janvier 2027\" \/>\n<meta property=\"article:publisher\" content=\"https:\/\/www.facebook.com\/FestivalLivreJeunesseOccitanie\" \/>\n<meta property=\"article:modified_time\" content=\"2026-02-10T15:26:18+00:00\" \/>\n<meta property=\"og:image\" content=\"https:\/\/festival-livre-jeunesse.fr\/2026\/wp-content\/uploads\/2025\/11\/1re-couv-Mori-e1763044956525.png\" \/>\n\t<meta property=\"og:image:width\" content=\"344\" \/>\n\t<meta property=\"og:image:height\" content=\"491\" \/>\n\t<meta property=\"og:image:type\" content=\"image\/png\" \/>\n<meta name=\"twitter:card\" content=\"summary_large_image\" \/>\n<meta name=\"twitter:site\" content=\"@FljOccitanie\" \/>\n<meta name=\"twitter:label1\" content=\"Dur\u00e9e de lecture estim\u00e9e\" \/>\n\t<meta name=\"twitter:data1\" content=\"6 minutes\" \/>\n<script type=\"application\/ld+json\" class=\"yoast-schema-graph\">{\"@context\":\"https:\\\/\\\/schema.org\",\"@graph\":[{\"@type\":\"WebPage\",\"@id\":\"https:\\\/\\\/festival-livre-jeunesse.fr\\\/2026\\\/prix2026\\\/\",\"url\":\"https:\\\/\\\/festival-livre-jeunesse.fr\\\/2026\\\/prix2026\\\/\",\"name\":\"Prix 2026 - Festival du Livre de Jeunesse Occitanie : 29, 30, 31 janvier 2027\",\"isPartOf\":{\"@id\":\"https:\\\/\\\/festival-livre-jeunesse.fr\\\/2026\\\/#website\"},\"primaryImageOfPage\":{\"@id\":\"https:\\\/\\\/festival-livre-jeunesse.fr\\\/2026\\\/prix2026\\\/#primaryimage\"},\"image\":{\"@id\":\"https:\\\/\\\/festival-livre-jeunesse.fr\\\/2026\\\/prix2026\\\/#primaryimage\"},\"thumbnailUrl\":\"https:\\\/\\\/festival-livre-jeunesse.fr\\\/2026\\\/wp-content\\\/uploads\\\/2025\\\/11\\\/1re-couv-Mori-e1763044956525-210x300.png\",\"datePublished\":\"2025-11-13T14:42:10+00:00\",\"dateModified\":\"2026-02-10T15:26:18+00:00\",\"breadcrumb\":{\"@id\":\"https:\\\/\\\/festival-livre-jeunesse.fr\\\/2026\\\/prix2026\\\/#breadcrumb\"},\"inLanguage\":\"fr-FR\",\"potentialAction\":[{\"@type\":\"ReadAction\",\"target\":[\"https:\\\/\\\/festival-livre-jeunesse.fr\\\/2026\\\/prix2026\\\/\"]}]},{\"@type\":\"ImageObject\",\"inLanguage\":\"fr-FR\",\"@id\":\"https:\\\/\\\/festival-livre-jeunesse.fr\\\/2026\\\/prix2026\\\/#primaryimage\",\"url\":\"https:\\\/\\\/festival-livre-jeunesse.fr\\\/2026\\\/wp-content\\\/uploads\\\/2025\\\/11\\\/1re-couv-Mori-e1763044956525.png\",\"contentUrl\":\"https:\\\/\\\/festival-livre-jeunesse.fr\\\/2026\\\/wp-content\\\/uploads\\\/2025\\\/11\\\/1re-couv-Mori-e1763044956525.png\",\"width\":344,\"height\":491},{\"@type\":\"BreadcrumbList\",\"@id\":\"https:\\\/\\\/festival-livre-jeunesse.fr\\\/2026\\\/prix2026\\\/#breadcrumb\",\"itemListElement\":[{\"@type\":\"ListItem\",\"position\":1,\"name\":\"Accueil\",\"item\":\"https:\\\/\\\/festival-livre-jeunesse.fr\\\/2026\\\/\"},{\"@type\":\"ListItem\",\"position\":2,\"name\":\"Prix 2026\"}]},{\"@type\":\"WebSite\",\"@id\":\"https:\\\/\\\/festival-livre-jeunesse.fr\\\/2026\\\/#website\",\"url\":\"https:\\\/\\\/festival-livre-jeunesse.fr\\\/2026\\\/\",\"name\":\"Festival du Livre de Jeunesse Occitanie\",\"description\":\" Partir en livre : 17 juin - 19 juillet 2026\",\"publisher\":{\"@id\":\"https:\\\/\\\/festival-livre-jeunesse.fr\\\/2026\\\/#organization\"},\"potentialAction\":[{\"@type\":\"SearchAction\",\"target\":{\"@type\":\"EntryPoint\",\"urlTemplate\":\"https:\\\/\\\/festival-livre-jeunesse.fr\\\/2026\\\/?s={search_term_string}\"},\"query-input\":{\"@type\":\"PropertyValueSpecification\",\"valueRequired\":true,\"valueName\":\"search_term_string\"}}],\"inLanguage\":\"fr-FR\"},{\"@type\":\"Organization\",\"@id\":\"https:\\\/\\\/festival-livre-jeunesse.fr\\\/2026\\\/#organization\",\"name\":\"festival livre jeunesse occitanie\",\"url\":\"https:\\\/\\\/festival-livre-jeunesse.fr\\\/2026\\\/\",\"logo\":{\"@type\":\"ImageObject\",\"inLanguage\":\"fr-FR\",\"@id\":\"https:\\\/\\\/festival-livre-jeunesse.fr\\\/2026\\\/#\\\/schema\\\/logo\\\/image\\\/\",\"url\":\"https:\\\/\\\/festival-livre-jeunesse.fr\\\/2026\\\/wp-content\\\/uploads\\\/2023\\\/10\\\/cropped-Logo-FLJ-NB.png\",\"contentUrl\":\"https:\\\/\\\/festival-livre-jeunesse.fr\\\/2026\\\/wp-content\\\/uploads\\\/2023\\\/10\\\/cropped-Logo-FLJ-NB.png\",\"width\":1209,\"height\":1191,\"caption\":\"festival livre jeunesse occitanie\"},\"image\":{\"@id\":\"https:\\\/\\\/festival-livre-jeunesse.fr\\\/2026\\\/#\\\/schema\\\/logo\\\/image\\\/\"},\"sameAs\":[\"https:\\\/\\\/www.facebook.com\\\/FestivalLivreJeunesseOccitanie\",\"https:\\\/\\\/x.com\\\/FljOccitanie\"]}]}<\/script>\n<!-- \/ Yoast SEO plugin. -->","yoast_head_json":{"title":"Prix 2026 - Festival du Livre de Jeunesse Occitanie : 29, 30, 31 janvier 2027","robots":{"index":"index","follow":"follow","max-snippet":"max-snippet:-1","max-image-preview":"max-image-preview:large","max-video-preview":"max-video-preview:-1"},"canonical":"https:\/\/festival-livre-jeunesse.fr\/2026\/prix2026\/","og_locale":"fr_FR","og_type":"article","og_title":"Prix 2026 - Festival du Livre de Jeunesse Occitanie : 29, 30, 31 janvier 2027","og_description":"Les Prix Litt\u00e9rraires Les Laur\u00e9at\u00b7es des Prix du Festival 2026 Les remises des prix se sont d\u00e9roul\u00e9es le samedi 24 janvier \u00e0 17h30 pour le prix des ados et le dimanche 25 janvier \u00e0 11h30 pour le prix des enfants. Prix des Ados Le prix des ados a \u00e9t\u00e9 remis \u00e0 Marie Colot pour son [&hellip;]","og_url":"https:\/\/festival-livre-jeunesse.fr\/2026\/prix2026\/","og_site_name":"Festival du Livre de Jeunesse Occitanie : 29, 30, 31 janvier 2027","article_publisher":"https:\/\/www.facebook.com\/FestivalLivreJeunesseOccitanie","article_modified_time":"2026-02-10T15:26:18+00:00","og_image":[{"width":344,"height":491,"url":"https:\/\/festival-livre-jeunesse.fr\/2026\/wp-content\/uploads\/2025\/11\/1re-couv-Mori-e1763044956525.png","type":"image\/png"}],"twitter_card":"summary_large_image","twitter_site":"@FljOccitanie","twitter_misc":{"Dur\u00e9e de lecture estim\u00e9e":"6 minutes"},"schema":{"@context":"https:\/\/schema.org","@graph":[{"@type":"WebPage","@id":"https:\/\/festival-livre-jeunesse.fr\/2026\/prix2026\/","url":"https:\/\/festival-livre-jeunesse.fr\/2026\/prix2026\/","name":"Prix 2026 - Festival du Livre de Jeunesse Occitanie : 29, 30, 31 janvier 2027","isPartOf":{"@id":"https:\/\/festival-livre-jeunesse.fr\/2026\/#website"},"primaryImageOfPage":{"@id":"https:\/\/festival-livre-jeunesse.fr\/2026\/prix2026\/#primaryimage"},"image":{"@id":"https:\/\/festival-livre-jeunesse.fr\/2026\/prix2026\/#primaryimage"},"thumbnailUrl":"https:\/\/festival-livre-jeunesse.fr\/2026\/wp-content\/uploads\/2025\/11\/1re-couv-Mori-e1763044956525-210x300.png","datePublished":"2025-11-13T14:42:10+00:00","dateModified":"2026-02-10T15:26:18+00:00","breadcrumb":{"@id":"https:\/\/festival-livre-jeunesse.fr\/2026\/prix2026\/#breadcrumb"},"inLanguage":"fr-FR","potentialAction":[{"@type":"ReadAction","target":["https:\/\/festival-livre-jeunesse.fr\/2026\/prix2026\/"]}]},{"@type":"ImageObject","inLanguage":"fr-FR","@id":"https:\/\/festival-livre-jeunesse.fr\/2026\/prix2026\/#primaryimage","url":"https:\/\/festival-livre-jeunesse.fr\/2026\/wp-content\/uploads\/2025\/11\/1re-couv-Mori-e1763044956525.png","contentUrl":"https:\/\/festival-livre-jeunesse.fr\/2026\/wp-content\/uploads\/2025\/11\/1re-couv-Mori-e1763044956525.png","width":344,"height":491},{"@type":"BreadcrumbList","@id":"https:\/\/festival-livre-jeunesse.fr\/2026\/prix2026\/#breadcrumb","itemListElement":[{"@type":"ListItem","position":1,"name":"Accueil","item":"https:\/\/festival-livre-jeunesse.fr\/2026\/"},{"@type":"ListItem","position":2,"name":"Prix 2026"}]},{"@type":"WebSite","@id":"https:\/\/festival-livre-jeunesse.fr\/2026\/#website","url":"https:\/\/festival-livre-jeunesse.fr\/2026\/","name":"Festival du Livre de Jeunesse Occitanie","description":" Partir en livre : 17 juin - 19 juillet 2026","publisher":{"@id":"https:\/\/festival-livre-jeunesse.fr\/2026\/#organization"},"potentialAction":[{"@type":"SearchAction","target":{"@type":"EntryPoint","urlTemplate":"https:\/\/festival-livre-jeunesse.fr\/2026\/?s={search_term_string}"},"query-input":{"@type":"PropertyValueSpecification","valueRequired":true,"valueName":"search_term_string"}}],"inLanguage":"fr-FR"},{"@type":"Organization","@id":"https:\/\/festival-livre-jeunesse.fr\/2026\/#organization","name":"festival livre jeunesse occitanie","url":"https:\/\/festival-livre-jeunesse.fr\/2026\/","logo":{"@type":"ImageObject","inLanguage":"fr-FR","@id":"https:\/\/festival-livre-jeunesse.fr\/2026\/#\/schema\/logo\/image\/","url":"https:\/\/festival-livre-jeunesse.fr\/2026\/wp-content\/uploads\/2023\/10\/cropped-Logo-FLJ-NB.png","contentUrl":"https:\/\/festival-livre-jeunesse.fr\/2026\/wp-content\/uploads\/2023\/10\/cropped-Logo-FLJ-NB.png","width":1209,"height":1191,"caption":"festival livre jeunesse occitanie"},"image":{"@id":"https:\/\/festival-livre-jeunesse.fr\/2026\/#\/schema\/logo\/image\/"},"sameAs":["https:\/\/www.facebook.com\/FestivalLivreJeunesseOccitanie","https:\/\/x.com\/FljOccitanie"]}]}},"_links":{"self":[{"href":"https:\/\/festival-livre-jeunesse.fr\/2026\/wp-json\/wp\/v2\/pages\/22895","targetHints":{"allow":["GET"]}}],"collection":[{"href":"https:\/\/festival-livre-jeunesse.fr\/2026\/wp-json\/wp\/v2\/pages"}],"about":[{"href":"https:\/\/festival-livre-jeunesse.fr\/2026\/wp-json\/wp\/v2\/types\/page"}],"author":[{"embeddable":true,"href":"https:\/\/festival-livre-jeunesse.fr\/2026\/wp-json\/wp\/v2\/users\/1"}],"replies":[{"embeddable":true,"href":"https:\/\/festival-livre-jeunesse.fr\/2026\/wp-json\/wp\/v2\/comments?post=22895"}],"version-history":[{"count":53,"href":"https:\/\/festival-livre-jeunesse.fr\/2026\/wp-json\/wp\/v2\/pages\/22895\/revisions"}],"predecessor-version":[{"id":23953,"href":"https:\/\/festival-livre-jeunesse.fr\/2026\/wp-json\/wp\/v2\/pages\/22895\/revisions\/23953"}],"wp:attachment":[{"href":"https:\/\/festival-livre-jeunesse.fr\/2026\/wp-json\/wp\/v2\/media?parent=22895"}],"curies":[{"name":"wp","href":"https:\/\/api.w.org\/{rel}","templated":true}]}}