{"id":23672,"date":"2025-11-27T14:56:53","date_gmt":"2025-11-27T13:56:53","guid":{"rendered":"https:\/\/festival-livre-jeunesse.fr\/2026\/?page_id=23672"},"modified":"2026-04-03T15:34:12","modified_gmt":"2026-04-03T13:34:12","slug":"presse","status":"publish","type":"page","link":"https:\/\/festival-livre-jeunesse.fr\/2026\/presse\/","title":{"rendered":"Presse"},"content":{"rendered":"\t\t<div data-elementor-type=\"wp-page\" data-elementor-id=\"23672\" class=\"elementor elementor-23672\">\n\t\t\t\t\t\t<section class=\"elementor-section elementor-top-section elementor-element elementor-element-44e76bc elementor-section-boxed elementor-section-height-default elementor-section-height-default\" data-id=\"44e76bc\" data-element_type=\"section\" data-e-type=\"section\">\n\t\t\t\t\t\t<div class=\"elementor-container elementor-column-gap-default\">\n\t\t\t\t\t<div class=\"elementor-column elementor-col-100 elementor-top-column elementor-element elementor-element-4f762a4\" data-id=\"4f762a4\" data-element_type=\"column\" data-e-type=\"column\">\n\t\t\t<div class=\"elementor-widget-wrap\">\n\t\t\t\t\t\t\t<\/div>\n\t\t<\/div>\n\t\t\t\t\t<\/div>\n\t\t<\/section>\n\t\t\t\t<section class=\"elementor-section elementor-top-section elementor-element elementor-element-5b63291 elementor-section-boxed elementor-section-height-default elementor-section-height-default\" data-id=\"5b63291\" data-element_type=\"section\" data-e-type=\"section\">\n\t\t\t\t\t\t<div class=\"elementor-container elementor-column-gap-default\">\n\t\t\t\t\t<div class=\"elementor-column elementor-col-100 elementor-top-column elementor-element elementor-element-158c58a\" data-id=\"158c58a\" data-element_type=\"column\" data-e-type=\"column\">\n\t\t\t<div class=\"elementor-widget-wrap elementor-element-populated\">\n\t\t\t\t\t\t<div class=\"elementor-element elementor-element-18c239a elementor-widget elementor-widget-heading\" data-id=\"18c239a\" data-element_type=\"widget\" data-e-type=\"widget\" data-widget_type=\"heading.default\">\n\t\t\t\t<div class=\"elementor-widget-container\">\n\t\t\t\t\t<h2 class=\"elementor-heading-title elementor-size-default\"><b>KIT PRESSE<\/b><\/h2>\t\t\t\t<\/div>\n\t\t\t\t<\/div>\n\t\t\t\t\t<\/div>\n\t\t<\/div>\n\t\t\t\t\t<\/div>\n\t\t<\/section>\n\t\t\t\t<section class=\"elementor-section elementor-top-section elementor-element elementor-element-1c2487d elementor-section-boxed elementor-section-height-default elementor-section-height-default\" data-id=\"1c2487d\" data-element_type=\"section\" data-e-type=\"section\">\n\t\t\t\t\t\t<div class=\"elementor-container elementor-column-gap-default\">\n\t\t\t\t\t<div class=\"elementor-column elementor-col-100 elementor-top-column elementor-element elementor-element-effc428\" data-id=\"effc428\" data-element_type=\"column\" data-e-type=\"column\">\n\t\t\t<div class=\"elementor-widget-wrap elementor-element-populated\">\n\t\t\t\t\t\t<div class=\"elementor-element elementor-element-40a2837 elementor-widget elementor-widget-heading\" data-id=\"40a2837\" data-element_type=\"widget\" data-e-type=\"widget\" data-widget_type=\"heading.default\">\n\t\t\t\t<div class=\"elementor-widget-container\">\n\t\t\t\t\t<h1 class=\"elementor-heading-title elementor-size-default\">Festival Partir en Livre 2026<\/h1>\t\t\t\t<\/div>\n\t\t\t\t<\/div>\n\t\t\t\t\t<\/div>\n\t\t<\/div>\n\t\t\t\t\t<\/div>\n\t\t<\/section>\n\t\t\t\t<section class=\"elementor-section elementor-top-section elementor-element elementor-element-05d6c62 elementor-section-boxed elementor-section-height-default elementor-section-height-default\" data-id=\"05d6c62\" data-element_type=\"section\" data-e-type=\"section\">\n\t\t\t\t\t\t<div class=\"elementor-container elementor-column-gap-default\">\n\t\t\t\t\t<div class=\"elementor-column elementor-col-100 elementor-top-column elementor-element elementor-element-25fa6fd\" data-id=\"25fa6fd\" data-element_type=\"column\" data-e-type=\"column\">\n\t\t\t<div class=\"elementor-widget-wrap elementor-element-populated\">\n\t\t\t\t\t\t<div class=\"elementor-element elementor-element-6b6cc76 elementor-widget elementor-widget-text-editor\" data-id=\"6b6cc76\" data-element_type=\"widget\" data-e-type=\"widget\" data-widget_type=\"text-editor.default\">\n\t\t\t\t<div class=\"elementor-widget-container\">\n\t\t\t\t\t\t\t\t\t<h2 style=\"font-style: normal; line-height: 1.3em; text-align: center;\" data-elementor-setting-key=\"title\" data-pen-placeholder=\"\u00c9crivez ici...\">Nous restons \u00e0 votre disposition pour vous fournir d&rsquo;autres visuels ou renseignements concernant les auteurs et autrices invit\u00e9.es.<br \/>communication@festival-livre-jeunesse.fr<\/h2>\t\t\t\t\t\t\t\t<\/div>\n\t\t\t\t<\/div>\n\t\t\t\t\t<\/div>\n\t\t<\/div>\n\t\t\t\t\t<\/div>\n\t\t<\/section>\n\t\t\t\t<section class=\"elementor-section elementor-top-section elementor-element elementor-element-ec31f95 elementor-section-boxed elementor-section-height-default elementor-section-height-default\" data-id=\"ec31f95\" data-element_type=\"section\" data-e-type=\"section\">\n\t\t\t\t\t\t<div class=\"elementor-container elementor-column-gap-default\">\n\t\t\t\t\t<div class=\"elementor-column elementor-col-100 elementor-top-column elementor-element elementor-element-04b8851\" data-id=\"04b8851\" data-element_type=\"column\" data-e-type=\"column\">\n\t\t\t<div class=\"elementor-widget-wrap elementor-element-populated\">\n\t\t\t\t\t\t<div class=\"elementor-element elementor-element-9b560f0 elementor-widget elementor-widget-heading\" data-id=\"9b560f0\" data-element_type=\"widget\" data-e-type=\"widget\" data-widget_type=\"heading.default\">\n\t\t\t\t<div class=\"elementor-widget-container\">\n\t\t\t\t\t<h2 class=\"elementor-heading-title elementor-size-default\"><b>Documents en t\u00e9l\u00e9chargement<\/b><\/h2>\t\t\t\t<\/div>\n\t\t\t\t<\/div>\n\t\t\t\t\t<\/div>\n\t\t<\/div>\n\t\t\t\t\t<\/div>\n\t\t<\/section>\n\t\t\t\t<section class=\"elementor-section elementor-top-section elementor-element elementor-element-8964ab6 elementor-section-boxed elementor-section-height-default elementor-section-height-default\" data-id=\"8964ab6\" data-element_type=\"section\" data-e-type=\"section\">\n\t\t\t\t\t\t<div class=\"elementor-container elementor-column-gap-default\">\n\t\t\t\t\t<div class=\"elementor-column elementor-col-50 elementor-top-column elementor-element elementor-element-2b68bdb\" data-id=\"2b68bdb\" data-element_type=\"column\" data-e-type=\"column\">\n\t\t\t<div class=\"elementor-widget-wrap elementor-element-populated\">\n\t\t\t\t\t\t<div class=\"elementor-element elementor-element-d45b497 elementor-align-center elementor-widget__width-initial elementor-widget elementor-widget-button\" data-id=\"d45b497\" data-element_type=\"widget\" data-e-type=\"widget\" data-widget_type=\"button.default\">\n\t\t\t\t<div class=\"elementor-widget-container\">\n\t\t\t\t\t\t\t\t\t<div class=\"elementor-button-wrapper\">\n\t\t\t\t\t<a class=\"elementor-button elementor-button-link elementor-size-sm\" href=\"https:\/\/festival-livre-jeunesse.fr\/2026\/wp-content\/uploads\/2026\/03\/260302_AFFICHE-OFFICIELLE_A4_WEB.pdf\">\n\t\t\t\t\t\t<span class=\"elementor-button-content-wrapper\">\n\t\t\t\t\t\t\t\t\t<span class=\"elementor-button-text\">Affiche A4<\/span>\n\t\t\t\t\t<\/span>\n\t\t\t\t\t<\/a>\n\t\t\t\t<\/div>\n\t\t\t\t\t\t\t\t<\/div>\n\t\t\t\t<\/div>\n\t\t\t\t\t<\/div>\n\t\t<\/div>\n\t\t\t\t<div class=\"elementor-column elementor-col-50 elementor-top-column elementor-element elementor-element-efa3327\" data-id=\"efa3327\" data-element_type=\"column\" data-e-type=\"column\">\n\t\t\t<div class=\"elementor-widget-wrap elementor-element-populated\">\n\t\t\t\t\t\t<div class=\"elementor-element elementor-element-bfde7ee elementor-align-center elementor-widget__width-initial elementor-widget elementor-widget-button\" data-id=\"bfde7ee\" data-element_type=\"widget\" data-e-type=\"widget\" data-widget_type=\"button.default\">\n\t\t\t\t<div class=\"elementor-widget-container\">\n\t\t\t\t\t\t\t\t\t<div class=\"elementor-button-wrapper\">\n\t\t\t\t\t<a class=\"elementor-button elementor-button-link elementor-size-sm\" href=\"https:\/\/festival-livre-jeunesse.fr\/2026\/wp-content\/uploads\/2026\/03\/Site-Internet-Communique-de-presse-Partir-en-Livre-par-Lassociation-du-Festival-du-Livre-de-Jeunesse-Occitanie.pdf\">\n\t\t\t\t\t\t<span class=\"elementor-button-content-wrapper\">\n\t\t\t\t\t\t\t\t\t<span class=\"elementor-button-text\">Communiqu\u00e9 de presse 2026<\/span>\n\t\t\t\t\t<\/span>\n\t\t\t\t\t<\/a>\n\t\t\t\t<\/div>\n\t\t\t\t\t\t\t\t<\/div>\n\t\t\t\t<\/div>\n\t\t\t\t\t<\/div>\n\t\t<\/div>\n\t\t\t\t\t<\/div>\n\t\t<\/section>\n\t\t\t\t<section class=\"elementor-section elementor-top-section elementor-element elementor-element-d6a5683 elementor-section-boxed elementor-section-height-default elementor-section-height-default\" data-id=\"d6a5683\" data-element_type=\"section\" data-e-type=\"section\">\n\t\t\t\t\t\t<div class=\"elementor-container elementor-column-gap-default\">\n\t\t\t\t\t<div class=\"elementor-column elementor-col-50 elementor-top-column elementor-element elementor-element-30e9f95\" data-id=\"30e9f95\" data-element_type=\"column\" data-e-type=\"column\">\n\t\t\t<div class=\"elementor-widget-wrap elementor-element-populated\">\n\t\t\t\t\t\t<div class=\"elementor-element elementor-element-91798e9 elementor-align-center elementor-widget__width-initial elementor-widget elementor-widget-button\" data-id=\"91798e9\" data-element_type=\"widget\" data-e-type=\"widget\" data-widget_type=\"button.default\">\n\t\t\t\t<div class=\"elementor-widget-container\">\n\t\t\t\t\t\t\t\t\t<div class=\"elementor-button-wrapper\">\n\t\t\t\t\t<a class=\"elementor-button elementor-button-link elementor-size-sm\" href=\"https:\/\/festival-livre-jeunesse.fr\/2026\/wp-content\/uploads\/2026\/03\/260302_AFFICHE-OFFICIELLE_A3_WEB.pdf\">\n\t\t\t\t\t\t<span class=\"elementor-button-content-wrapper\">\n\t\t\t\t\t\t\t\t\t<span class=\"elementor-button-text\">Affiche A3<\/span>\n\t\t\t\t\t<\/span>\n\t\t\t\t\t<\/a>\n\t\t\t\t<\/div>\n\t\t\t\t\t\t\t\t<\/div>\n\t\t\t\t<\/div>\n\t\t\t\t\t<\/div>\n\t\t<\/div>\n\t\t\t\t<div class=\"elementor-column elementor-col-50 elementor-top-column elementor-element elementor-element-c26c473\" data-id=\"c26c473\" data-element_type=\"column\" data-e-type=\"column\">\n\t\t\t<div class=\"elementor-widget-wrap\">\n\t\t\t\t\t\t\t<\/div>\n\t\t<\/div>\n\t\t\t\t\t<\/div>\n\t\t<\/section>\n\t\t\t\t<section class=\"elementor-section elementor-top-section elementor-element elementor-element-a9a1e27 elementor-section-boxed elementor-section-height-default elementor-section-height-default\" data-id=\"a9a1e27\" data-element_type=\"section\" data-e-type=\"section\">\n\t\t\t\t\t\t<div class=\"elementor-container elementor-column-gap-default\">\n\t\t\t\t\t<div class=\"elementor-column elementor-col-100 elementor-top-column elementor-element elementor-element-b4f2fba\" data-id=\"b4f2fba\" data-element_type=\"column\" data-e-type=\"column\">\n\t\t\t<div class=\"elementor-widget-wrap elementor-element-populated\">\n\t\t\t\t\t\t<div class=\"elementor-element elementor-element-7d96f97 elementor-widget elementor-widget-image\" data-id=\"7d96f97\" data-element_type=\"widget\" data-e-type=\"widget\" data-widget_type=\"image.default\">\n\t\t\t\t<div class=\"elementor-widget-container\">\n\t\t\t\t\t\t\t\t\t\t\t\t\t\t\t<img fetchpriority=\"high\" decoding=\"async\" width=\"820\" height=\"304\" src=\"https:\/\/festival-livre-jeunesse.fr\/2026\/wp-content\/uploads\/2026\/03\/260217_couverture-facebook_851x315px-1.jpg\" class=\"attachment-large size-large wp-image-24263\" alt=\"\" srcset=\"https:\/\/festival-livre-jeunesse.fr\/2026\/wp-content\/uploads\/2026\/03\/260217_couverture-facebook_851x315px-1.jpg 851w, https:\/\/festival-livre-jeunesse.fr\/2026\/wp-content\/uploads\/2026\/03\/260217_couverture-facebook_851x315px-1-300x111.jpg 300w, https:\/\/festival-livre-jeunesse.fr\/2026\/wp-content\/uploads\/2026\/03\/260217_couverture-facebook_851x315px-1-768x284.jpg 768w\" sizes=\"(max-width: 820px) 100vw, 820px\" \/>\t\t\t\t\t\t\t\t\t\t\t\t\t\t\t<\/div>\n\t\t\t\t<\/div>\n\t\t\t\t\t<\/div>\n\t\t<\/div>\n\t\t\t\t\t<\/div>\n\t\t<\/section>\n\t\t\t\t<section class=\"elementor-section elementor-top-section elementor-element elementor-element-58fe621 elementor-section-boxed elementor-section-height-default elementor-section-height-default\" data-id=\"58fe621\" data-element_type=\"section\" data-e-type=\"section\">\n\t\t\t\t\t\t<div class=\"elementor-container elementor-column-gap-default\">\n\t\t\t\t\t<div class=\"elementor-column elementor-col-100 elementor-top-column elementor-element elementor-element-ddc66b0\" data-id=\"ddc66b0\" data-element_type=\"column\" data-e-type=\"column\">\n\t\t\t<div class=\"elementor-widget-wrap elementor-element-populated\">\n\t\t\t\t\t\t<div class=\"elementor-element elementor-element-175c05e elementor-widget elementor-widget-spacer\" data-id=\"175c05e\" data-element_type=\"widget\" data-e-type=\"widget\" data-widget_type=\"spacer.default\">\n\t\t\t\t<div class=\"elementor-widget-container\">\n\t\t\t\t\t\t\t<div class=\"elementor-spacer\">\n\t\t\t<div class=\"elementor-spacer-inner\"><\/div>\n\t\t<\/div>\n\t\t\t\t\t\t<\/div>\n\t\t\t\t<\/div>\n\t\t\t\t\t<\/div>\n\t\t<\/div>\n\t\t\t\t\t<\/div>\n\t\t<\/section>\n\t\t\t\t<section class=\"elementor-section elementor-top-section elementor-element elementor-element-6b88d52 elementor-section-boxed elementor-section-height-default elementor-section-height-default\" data-id=\"6b88d52\" data-element_type=\"section\" data-e-type=\"section\">\n\t\t\t\t\t\t<div class=\"elementor-container elementor-column-gap-default\">\n\t\t\t\t\t<div class=\"elementor-column elementor-col-100 elementor-top-column elementor-element elementor-element-c87996b\" data-id=\"c87996b\" data-element_type=\"column\" data-e-type=\"column\">\n\t\t\t<div class=\"elementor-widget-wrap elementor-element-populated\">\n\t\t\t\t\t\t<div class=\"elementor-element elementor-element-cf4be0d elementor-widget elementor-widget-heading\" data-id=\"cf4be0d\" data-element_type=\"widget\" data-e-type=\"widget\" data-widget_type=\"heading.default\">\n\t\t\t\t<div class=\"elementor-widget-container\">\n\t\t\t\t\t<h1 class=\"elementor-heading-title elementor-size-default\">Festival du Livre de Jeunesse Occitanie 24, 25 janvier 2026<\/h1>\t\t\t\t<\/div>\n\t\t\t\t<\/div>\n\t\t\t\t\t<\/div>\n\t\t<\/div>\n\t\t\t\t\t<\/div>\n\t\t<\/section>\n\t\t\t\t<section class=\"elementor-section elementor-top-section elementor-element elementor-element-603b5a0 elementor-section-boxed elementor-section-height-default elementor-section-height-default\" data-id=\"603b5a0\" data-element_type=\"section\" data-e-type=\"section\">\n\t\t\t\t\t\t<div class=\"elementor-container elementor-column-gap-default\">\n\t\t\t\t\t<div class=\"elementor-column elementor-col-100 elementor-top-column elementor-element elementor-element-fa30ab3\" data-id=\"fa30ab3\" data-element_type=\"column\" data-e-type=\"column\">\n\t\t\t<div class=\"elementor-widget-wrap elementor-element-populated\">\n\t\t\t\t\t\t<div class=\"elementor-element elementor-element-1a0a528 elementor-widget elementor-widget-heading\" data-id=\"1a0a528\" data-element_type=\"widget\" data-e-type=\"widget\" data-widget_type=\"heading.default\">\n\t\t\t\t<div class=\"elementor-widget-container\">\n\t\t\t\t\t<h2 class=\"elementor-heading-title elementor-size-default\">Nous restons \u00e0 votre disposition pour vous fournir d'autres visuels ou renseignements concernant les auteurs et autrices invit\u00e9.es.<br> contact@festival-livre-jeunesse.fr<\/h2>\t\t\t\t<\/div>\n\t\t\t\t<\/div>\n\t\t\t\t\t<\/div>\n\t\t<\/div>\n\t\t\t\t\t<\/div>\n\t\t<\/section>\n\t\t\t\t<section class=\"elementor-section elementor-top-section elementor-element elementor-element-b3541be elementor-section-boxed elementor-section-height-default elementor-section-height-default\" data-id=\"b3541be\" data-element_type=\"section\" data-e-type=\"section\">\n\t\t\t\t\t\t<div class=\"elementor-container elementor-column-gap-default\">\n\t\t\t\t\t<div class=\"elementor-column elementor-col-100 elementor-top-column elementor-element elementor-element-de4000e\" data-id=\"de4000e\" data-element_type=\"column\" data-e-type=\"column\">\n\t\t\t<div class=\"elementor-widget-wrap elementor-element-populated\">\n\t\t\t\t\t\t<div class=\"elementor-element elementor-element-50ef467 elementor-widget elementor-widget-heading\" data-id=\"50ef467\" data-element_type=\"widget\" data-e-type=\"widget\" data-widget_type=\"heading.default\">\n\t\t\t\t<div class=\"elementor-widget-container\">\n\t\t\t\t\t<h2 class=\"elementor-heading-title elementor-size-default\"><b>Documents en t\u00e9l\u00e9chargement<\/b><\/h2>\t\t\t\t<\/div>\n\t\t\t\t<\/div>\n\t\t\t\t\t<\/div>\n\t\t<\/div>\n\t\t\t\t\t<\/div>\n\t\t<\/section>\n\t\t\t\t<section class=\"elementor-section elementor-top-section elementor-element elementor-element-d1877d8 elementor-section-boxed elementor-section-height-default elementor-section-height-default\" data-id=\"d1877d8\" data-element_type=\"section\" data-e-type=\"section\">\n\t\t\t\t\t\t<div class=\"elementor-container elementor-column-gap-default\">\n\t\t\t\t\t<div class=\"elementor-column elementor-col-50 elementor-top-column elementor-element elementor-element-c050a04\" data-id=\"c050a04\" data-element_type=\"column\" data-e-type=\"column\">\n\t\t\t<div class=\"elementor-widget-wrap elementor-element-populated\">\n\t\t\t\t\t\t<div class=\"elementor-element elementor-element-042b653 elementor-align-center elementor-widget elementor-widget-button\" data-id=\"042b653\" data-element_type=\"widget\" data-e-type=\"widget\" data-widget_type=\"button.default\">\n\t\t\t\t<div class=\"elementor-widget-container\">\n\t\t\t\t\t\t\t\t\t<div class=\"elementor-button-wrapper\">\n\t\t\t\t\t<a class=\"elementor-button elementor-button-link elementor-size-sm\" href=\"https:\/\/festival-livre-jeunesse.fr\/2026\/wp-content\/uploads\/2025\/12\/FLJ2026-Programme-web-ptp.pdf\">\n\t\t\t\t\t\t<span class=\"elementor-button-content-wrapper\">\n\t\t\t\t\t\t\t\t\t<span class=\"elementor-button-text\">Programme 2026<\/span>\n\t\t\t\t\t<\/span>\n\t\t\t\t\t<\/a>\n\t\t\t\t<\/div>\n\t\t\t\t\t\t\t\t<\/div>\n\t\t\t\t<\/div>\n\t\t\t\t\t<\/div>\n\t\t<\/div>\n\t\t\t\t<div class=\"elementor-column elementor-col-50 elementor-top-column elementor-element elementor-element-2bdac44\" data-id=\"2bdac44\" data-element_type=\"column\" data-e-type=\"column\">\n\t\t\t<div class=\"elementor-widget-wrap elementor-element-populated\">\n\t\t\t\t\t\t<div class=\"elementor-element elementor-element-5aec52f elementor-align-center elementor-widget elementor-widget-button\" data-id=\"5aec52f\" data-element_type=\"widget\" data-e-type=\"widget\" data-widget_type=\"button.default\">\n\t\t\t\t<div class=\"elementor-widget-container\">\n\t\t\t\t\t\t\t\t\t<div class=\"elementor-button-wrapper\">\n\t\t\t\t\t<a class=\"elementor-button elementor-button-link elementor-size-sm\" href=\"https:\/\/festival-livre-jeunesse.fr\/2026\/wp-content\/uploads\/2026\/04\/FLJO-Bilan2026.pdf\">\n\t\t\t\t\t\t<span class=\"elementor-button-content-wrapper\">\n\t\t\t\t\t\t\t\t\t<span class=\"elementor-button-text\">Bilan du Festival 2026<\/span>\n\t\t\t\t\t<\/span>\n\t\t\t\t\t<\/a>\n\t\t\t\t<\/div>\n\t\t\t\t\t\t\t\t<\/div>\n\t\t\t\t<\/div>\n\t\t\t\t\t<\/div>\n\t\t<\/div>\n\t\t\t\t\t<\/div>\n\t\t<\/section>\n\t\t\t\t<section class=\"elementor-section elementor-top-section elementor-element elementor-element-5f647d0 elementor-section-boxed elementor-section-height-default elementor-section-height-default\" data-id=\"5f647d0\" data-element_type=\"section\" data-e-type=\"section\">\n\t\t\t\t\t\t<div class=\"elementor-container elementor-column-gap-default\">\n\t\t\t\t\t<div class=\"elementor-column elementor-col-100 elementor-top-column elementor-element elementor-element-6a76cbe\" data-id=\"6a76cbe\" data-element_type=\"column\" data-e-type=\"column\">\n\t\t\t<div class=\"elementor-widget-wrap elementor-element-populated\">\n\t\t\t\t\t\t<div class=\"elementor-element elementor-element-2e05aca elementor-widget elementor-widget-image\" data-id=\"2e05aca\" data-element_type=\"widget\" data-e-type=\"widget\" data-widget_type=\"image.default\">\n\t\t\t\t<div class=\"elementor-widget-container\">\n\t\t\t\t\t\t\t\t\t\t\t\t\t\t\t<img decoding=\"async\" width=\"820\" height=\"319\" src=\"https:\/\/festival-livre-jeunesse.fr\/2026\/wp-content\/uploads\/2025\/11\/tetiere-Horizontal-FLJ2026-1024x398.jpg\" class=\"attachment-large size-large wp-image-22311\" alt=\"\" srcset=\"https:\/\/festival-livre-jeunesse.fr\/2026\/wp-content\/uploads\/2025\/11\/tetiere-Horizontal-FLJ2026-1024x398.jpg 1024w, https:\/\/festival-livre-jeunesse.fr\/2026\/wp-content\/uploads\/2025\/11\/tetiere-Horizontal-FLJ2026-300x117.jpg 300w, https:\/\/festival-livre-jeunesse.fr\/2026\/wp-content\/uploads\/2025\/11\/tetiere-Horizontal-FLJ2026-768x299.jpg 768w, https:\/\/festival-livre-jeunesse.fr\/2026\/wp-content\/uploads\/2025\/11\/tetiere-Horizontal-FLJ2026-1536x597.jpg 1536w, https:\/\/festival-livre-jeunesse.fr\/2026\/wp-content\/uploads\/2025\/11\/tetiere-Horizontal-FLJ2026.jpg 1620w\" sizes=\"(max-width: 820px) 100vw, 820px\" \/>\t\t\t\t\t\t\t\t\t\t\t\t\t\t\t<\/div>\n\t\t\t\t<\/div>\n\t\t\t\t\t<\/div>\n\t\t<\/div>\n\t\t\t\t\t<\/div>\n\t\t<\/section>\n\t\t\t\t<\/div>\n\t\t","protected":false},"excerpt":{"rendered":"<p>KIT PRESSE Festival Partir en Livre 2026 Nous restons \u00e0 votre disposition pour vous fournir d&rsquo;autres visuels ou renseignements concernant les auteurs et autrices invit\u00e9.es.communication@festival-livre-jeunesse.fr Documents en t\u00e9l\u00e9chargement Affiche A4 Communiqu\u00e9 de presse 2026 Affiche A3 Festival du Livre de Jeunesse Occitanie 24, 25 janvier 2026 Nous restons \u00e0 votre disposition pour vous fournir d&rsquo;autres [&hellip;]<\/p>\n","protected":false},"author":2,"featured_media":0,"parent":0,"menu_order":0,"comment_status":"closed","ping_status":"closed","template":"","meta":{"site-sidebar-layout":"no-sidebar","site-content-layout":"page-builder","ast-site-content-layout":"full-width-container","site-content-style":"default","site-sidebar-style":"default","ast-global-header-display":"","ast-banner-title-visibility":"","ast-main-header-display":"","ast-hfb-above-header-display":"","ast-hfb-below-header-display":"","ast-hfb-mobile-header-display":"","site-post-title":"disabled","ast-breadcrumbs-content":"","ast-featured-img":"disabled","footer-sml-layout":"","theme-transparent-header-meta":"","adv-header-id-meta":"","stick-header-meta":"","header-above-stick-meta":"","header-main-stick-meta":"","header-below-stick-meta":"","astra-migrate-meta-layouts":"set","ast-page-background-enabled":"default","ast-page-background-meta":{"desktop":{"background-color":"","background-image":"","background-repeat":"repeat","background-position":"center center","background-size":"auto","background-attachment":"scroll","background-type":"","background-media":"","overlay-type":"","overlay-color":"","overlay-opacity":"","overlay-gradient":""},"tablet":{"background-color":"","background-image":"","background-repeat":"repeat","background-position":"center center","background-size":"auto","background-attachment":"scroll","background-type":"","background-media":"","overlay-type":"","overlay-color":"","overlay-opacity":"","overlay-gradient":""},"mobile":{"background-color":"","background-image":"","background-repeat":"repeat","background-position":"center center","background-size":"auto","background-attachment":"scroll","background-type":"","background-media":"","overlay-type":"","overlay-color":"","overlay-opacity":"","overlay-gradient":""}},"ast-content-background-meta":{"desktop":{"background-color":"var(--ast-global-color-5)","background-image":"","background-repeat":"repeat","background-position":"center center","background-size":"auto","background-attachment":"scroll","background-type":"","background-media":"","overlay-type":"","overlay-color":"","overlay-opacity":"","overlay-gradient":""},"tablet":{"background-color":"var(--ast-global-color-5)","background-image":"","background-repeat":"repeat","background-position":"center center","background-size":"auto","background-attachment":"scroll","background-type":"","background-media":"","overlay-type":"","overlay-color":"","overlay-opacity":"","overlay-gradient":""},"mobile":{"background-color":"var(--ast-global-color-5)","background-image":"","background-repeat":"repeat","background-position":"center center","background-size":"auto","background-attachment":"scroll","background-type":"","background-media":"","overlay-type":"","overlay-color":"","overlay-opacity":"","overlay-gradient":""}},"footnotes":""},"class_list":["post-23672","page","type-page","status-publish","hentry"],"yoast_head":"<!-- This site is optimized with the Yoast SEO plugin v27.3 - https:\/\/yoast.com\/product\/yoast-seo-wordpress\/ -->\n<title>Presse - Festival du Livre de Jeunesse Occitanie : 29, 30, 31 janvier 2027<\/title>\n<meta name=\"robots\" content=\"index, follow, max-snippet:-1, max-image-preview:large, max-video-preview:-1\" \/>\n<link rel=\"canonical\" href=\"https:\/\/festival-livre-jeunesse.fr\/2026\/presse\/\" \/>\n<meta property=\"og:locale\" content=\"fr_FR\" \/>\n<meta property=\"og:type\" content=\"article\" \/>\n<meta property=\"og:title\" content=\"Presse - Festival du Livre de Jeunesse Occitanie : 29, 30, 31 janvier 2027\" \/>\n<meta property=\"og:description\" content=\"KIT PRESSE Festival Partir en Livre 2026 Nous restons \u00e0 votre disposition pour vous fournir d&rsquo;autres visuels ou renseignements concernant les auteurs et autrices invit\u00e9.es.communication@festival-livre-jeunesse.fr Documents en t\u00e9l\u00e9chargement Affiche A4 Communiqu\u00e9 de presse 2026 Affiche A3 Festival du Livre de Jeunesse Occitanie 24, 25 janvier 2026 Nous restons \u00e0 votre disposition pour vous fournir d&rsquo;autres [&hellip;]\" \/>\n<meta property=\"og:url\" content=\"https:\/\/festival-livre-jeunesse.fr\/2026\/presse\/\" \/>\n<meta property=\"og:site_name\" content=\"Festival du Livre de Jeunesse Occitanie : 29, 30, 31 janvier 2027\" \/>\n<meta property=\"article:publisher\" content=\"https:\/\/www.facebook.com\/FestivalLivreJeunesseOccitanie\" \/>\n<meta property=\"article:modified_time\" content=\"2026-04-03T13:34:12+00:00\" \/>\n<meta property=\"og:image\" content=\"https:\/\/festival-livre-jeunesse.fr\/2026\/wp-content\/uploads\/2026\/03\/260217_couverture-facebook_851x315px-1.jpg\" \/>\n\t<meta property=\"og:image:width\" content=\"851\" \/>\n\t<meta property=\"og:image:height\" content=\"315\" \/>\n\t<meta property=\"og:image:type\" content=\"image\/jpeg\" \/>\n<meta name=\"twitter:card\" content=\"summary_large_image\" \/>\n<meta name=\"twitter:site\" content=\"@FljOccitanie\" \/>\n<script type=\"application\/ld+json\" class=\"yoast-schema-graph\">{\"@context\":\"https:\\\/\\\/schema.org\",\"@graph\":[{\"@type\":\"WebPage\",\"@id\":\"https:\\\/\\\/festival-livre-jeunesse.fr\\\/2026\\\/presse\\\/\",\"url\":\"https:\\\/\\\/festival-livre-jeunesse.fr\\\/2026\\\/presse\\\/\",\"name\":\"Presse - Festival du Livre de Jeunesse Occitanie : 29, 30, 31 janvier 2027\",\"isPartOf\":{\"@id\":\"https:\\\/\\\/festival-livre-jeunesse.fr\\\/2026\\\/#website\"},\"primaryImageOfPage\":{\"@id\":\"https:\\\/\\\/festival-livre-jeunesse.fr\\\/2026\\\/presse\\\/#primaryimage\"},\"image\":{\"@id\":\"https:\\\/\\\/festival-livre-jeunesse.fr\\\/2026\\\/presse\\\/#primaryimage\"},\"thumbnailUrl\":\"https:\\\/\\\/festival-livre-jeunesse.fr\\\/2026\\\/wp-content\\\/uploads\\\/2026\\\/03\\\/260217_couverture-facebook_851x315px-1.jpg\",\"datePublished\":\"2025-11-27T13:56:53+00:00\",\"dateModified\":\"2026-04-03T13:34:12+00:00\",\"breadcrumb\":{\"@id\":\"https:\\\/\\\/festival-livre-jeunesse.fr\\\/2026\\\/presse\\\/#breadcrumb\"},\"inLanguage\":\"fr-FR\",\"potentialAction\":[{\"@type\":\"ReadAction\",\"target\":[\"https:\\\/\\\/festival-livre-jeunesse.fr\\\/2026\\\/presse\\\/\"]}]},{\"@type\":\"ImageObject\",\"inLanguage\":\"fr-FR\",\"@id\":\"https:\\\/\\\/festival-livre-jeunesse.fr\\\/2026\\\/presse\\\/#primaryimage\",\"url\":\"https:\\\/\\\/festival-livre-jeunesse.fr\\\/2026\\\/wp-content\\\/uploads\\\/2026\\\/03\\\/260217_couverture-facebook_851x315px-1.jpg\",\"contentUrl\":\"https:\\\/\\\/festival-livre-jeunesse.fr\\\/2026\\\/wp-content\\\/uploads\\\/2026\\\/03\\\/260217_couverture-facebook_851x315px-1.jpg\",\"width\":851,\"height\":315},{\"@type\":\"BreadcrumbList\",\"@id\":\"https:\\\/\\\/festival-livre-jeunesse.fr\\\/2026\\\/presse\\\/#breadcrumb\",\"itemListElement\":[{\"@type\":\"ListItem\",\"position\":1,\"name\":\"Accueil\",\"item\":\"https:\\\/\\\/festival-livre-jeunesse.fr\\\/2026\\\/\"},{\"@type\":\"ListItem\",\"position\":2,\"name\":\"Presse\"}]},{\"@type\":\"WebSite\",\"@id\":\"https:\\\/\\\/festival-livre-jeunesse.fr\\\/2026\\\/#website\",\"url\":\"https:\\\/\\\/festival-livre-jeunesse.fr\\\/2026\\\/\",\"name\":\"Festival du Livre de Jeunesse Occitanie\",\"description\":\" Partir en livre : 17 juin - 19 juillet 2026\",\"publisher\":{\"@id\":\"https:\\\/\\\/festival-livre-jeunesse.fr\\\/2026\\\/#organization\"},\"potentialAction\":[{\"@type\":\"SearchAction\",\"target\":{\"@type\":\"EntryPoint\",\"urlTemplate\":\"https:\\\/\\\/festival-livre-jeunesse.fr\\\/2026\\\/?s={search_term_string}\"},\"query-input\":{\"@type\":\"PropertyValueSpecification\",\"valueRequired\":true,\"valueName\":\"search_term_string\"}}],\"inLanguage\":\"fr-FR\"},{\"@type\":\"Organization\",\"@id\":\"https:\\\/\\\/festival-livre-jeunesse.fr\\\/2026\\\/#organization\",\"name\":\"festival livre jeunesse occitanie\",\"url\":\"https:\\\/\\\/festival-livre-jeunesse.fr\\\/2026\\\/\",\"logo\":{\"@type\":\"ImageObject\",\"inLanguage\":\"fr-FR\",\"@id\":\"https:\\\/\\\/festival-livre-jeunesse.fr\\\/2026\\\/#\\\/schema\\\/logo\\\/image\\\/\",\"url\":\"https:\\\/\\\/festival-livre-jeunesse.fr\\\/2026\\\/wp-content\\\/uploads\\\/2023\\\/10\\\/cropped-Logo-FLJ-NB.png\",\"contentUrl\":\"https:\\\/\\\/festival-livre-jeunesse.fr\\\/2026\\\/wp-content\\\/uploads\\\/2023\\\/10\\\/cropped-Logo-FLJ-NB.png\",\"width\":1209,\"height\":1191,\"caption\":\"festival livre jeunesse occitanie\"},\"image\":{\"@id\":\"https:\\\/\\\/festival-livre-jeunesse.fr\\\/2026\\\/#\\\/schema\\\/logo\\\/image\\\/\"},\"sameAs\":[\"https:\\\/\\\/www.facebook.com\\\/FestivalLivreJeunesseOccitanie\",\"https:\\\/\\\/x.com\\\/FljOccitanie\"]}]}<\/script>\n<!-- \/ Yoast SEO plugin. -->","yoast_head_json":{"title":"Presse - Festival du Livre de Jeunesse Occitanie : 29, 30, 31 janvier 2027","robots":{"index":"index","follow":"follow","max-snippet":"max-snippet:-1","max-image-preview":"max-image-preview:large","max-video-preview":"max-video-preview:-1"},"canonical":"https:\/\/festival-livre-jeunesse.fr\/2026\/presse\/","og_locale":"fr_FR","og_type":"article","og_title":"Presse - Festival du Livre de Jeunesse Occitanie : 29, 30, 31 janvier 2027","og_description":"KIT PRESSE Festival Partir en Livre 2026 Nous restons \u00e0 votre disposition pour vous fournir d&rsquo;autres visuels ou renseignements concernant les auteurs et autrices invit\u00e9.es.communication@festival-livre-jeunesse.fr Documents en t\u00e9l\u00e9chargement Affiche A4 Communiqu\u00e9 de presse 2026 Affiche A3 Festival du Livre de Jeunesse Occitanie 24, 25 janvier 2026 Nous restons \u00e0 votre disposition pour vous fournir d&rsquo;autres [&hellip;]","og_url":"https:\/\/festival-livre-jeunesse.fr\/2026\/presse\/","og_site_name":"Festival du Livre de Jeunesse Occitanie : 29, 30, 31 janvier 2027","article_publisher":"https:\/\/www.facebook.com\/FestivalLivreJeunesseOccitanie","article_modified_time":"2026-04-03T13:34:12+00:00","og_image":[{"width":851,"height":315,"url":"https:\/\/festival-livre-jeunesse.fr\/2026\/wp-content\/uploads\/2026\/03\/260217_couverture-facebook_851x315px-1.jpg","type":"image\/jpeg"}],"twitter_card":"summary_large_image","twitter_site":"@FljOccitanie","schema":{"@context":"https:\/\/schema.org","@graph":[{"@type":"WebPage","@id":"https:\/\/festival-livre-jeunesse.fr\/2026\/presse\/","url":"https:\/\/festival-livre-jeunesse.fr\/2026\/presse\/","name":"Presse - Festival du Livre de Jeunesse Occitanie : 29, 30, 31 janvier 2027","isPartOf":{"@id":"https:\/\/festival-livre-jeunesse.fr\/2026\/#website"},"primaryImageOfPage":{"@id":"https:\/\/festival-livre-jeunesse.fr\/2026\/presse\/#primaryimage"},"image":{"@id":"https:\/\/festival-livre-jeunesse.fr\/2026\/presse\/#primaryimage"},"thumbnailUrl":"https:\/\/festival-livre-jeunesse.fr\/2026\/wp-content\/uploads\/2026\/03\/260217_couverture-facebook_851x315px-1.jpg","datePublished":"2025-11-27T13:56:53+00:00","dateModified":"2026-04-03T13:34:12+00:00","breadcrumb":{"@id":"https:\/\/festival-livre-jeunesse.fr\/2026\/presse\/#breadcrumb"},"inLanguage":"fr-FR","potentialAction":[{"@type":"ReadAction","target":["https:\/\/festival-livre-jeunesse.fr\/2026\/presse\/"]}]},{"@type":"ImageObject","inLanguage":"fr-FR","@id":"https:\/\/festival-livre-jeunesse.fr\/2026\/presse\/#primaryimage","url":"https:\/\/festival-livre-jeunesse.fr\/2026\/wp-content\/uploads\/2026\/03\/260217_couverture-facebook_851x315px-1.jpg","contentUrl":"https:\/\/festival-livre-jeunesse.fr\/2026\/wp-content\/uploads\/2026\/03\/260217_couverture-facebook_851x315px-1.jpg","width":851,"height":315},{"@type":"BreadcrumbList","@id":"https:\/\/festival-livre-jeunesse.fr\/2026\/presse\/#breadcrumb","itemListElement":[{"@type":"ListItem","position":1,"name":"Accueil","item":"https:\/\/festival-livre-jeunesse.fr\/2026\/"},{"@type":"ListItem","position":2,"name":"Presse"}]},{"@type":"WebSite","@id":"https:\/\/festival-livre-jeunesse.fr\/2026\/#website","url":"https:\/\/festival-livre-jeunesse.fr\/2026\/","name":"Festival du Livre de Jeunesse Occitanie","description":" Partir en livre : 17 juin - 19 juillet 2026","publisher":{"@id":"https:\/\/festival-livre-jeunesse.fr\/2026\/#organization"},"potentialAction":[{"@type":"SearchAction","target":{"@type":"EntryPoint","urlTemplate":"https:\/\/festival-livre-jeunesse.fr\/2026\/?s={search_term_string}"},"query-input":{"@type":"PropertyValueSpecification","valueRequired":true,"valueName":"search_term_string"}}],"inLanguage":"fr-FR"},{"@type":"Organization","@id":"https:\/\/festival-livre-jeunesse.fr\/2026\/#organization","name":"festival livre jeunesse occitanie","url":"https:\/\/festival-livre-jeunesse.fr\/2026\/","logo":{"@type":"ImageObject","inLanguage":"fr-FR","@id":"https:\/\/festival-livre-jeunesse.fr\/2026\/#\/schema\/logo\/image\/","url":"https:\/\/festival-livre-jeunesse.fr\/2026\/wp-content\/uploads\/2023\/10\/cropped-Logo-FLJ-NB.png","contentUrl":"https:\/\/festival-livre-jeunesse.fr\/2026\/wp-content\/uploads\/2023\/10\/cropped-Logo-FLJ-NB.png","width":1209,"height":1191,"caption":"festival livre jeunesse occitanie"},"image":{"@id":"https:\/\/festival-livre-jeunesse.fr\/2026\/#\/schema\/logo\/image\/"},"sameAs":["https:\/\/www.facebook.com\/FestivalLivreJeunesseOccitanie","https:\/\/x.com\/FljOccitanie"]}]}},"_links":{"self":[{"href":"https:\/\/festival-livre-jeunesse.fr\/2026\/wp-json\/wp\/v2\/pages\/23672","targetHints":{"allow":["GET"]}}],"collection":[{"href":"https:\/\/festival-livre-jeunesse.fr\/2026\/wp-json\/wp\/v2\/pages"}],"about":[{"href":"https:\/\/festival-livre-jeunesse.fr\/2026\/wp-json\/wp\/v2\/types\/page"}],"author":[{"embeddable":true,"href":"https:\/\/festival-livre-jeunesse.fr\/2026\/wp-json\/wp\/v2\/users\/2"}],"replies":[{"embeddable":true,"href":"https:\/\/festival-livre-jeunesse.fr\/2026\/wp-json\/wp\/v2\/comments?post=23672"}],"version-history":[{"count":47,"href":"https:\/\/festival-livre-jeunesse.fr\/2026\/wp-json\/wp\/v2\/pages\/23672\/revisions"}],"predecessor-version":[{"id":24365,"href":"https:\/\/festival-livre-jeunesse.fr\/2026\/wp-json\/wp\/v2\/pages\/23672\/revisions\/24365"}],"wp:attachment":[{"href":"https:\/\/festival-livre-jeunesse.fr\/2026\/wp-json\/wp\/v2\/media?parent=23672"}],"curies":[{"name":"wp","href":"https:\/\/api.w.org\/{rel}","templated":true}]}}